{"id":2,"date":"2021-06-18T08:42:00","date_gmt":"2021-06-18T07:42:00","guid":{"rendered":"https:\/\/euspaceforum.com\/2025\/?page_id=2"},"modified":"2025-08-20T08:54:16","modified_gmt":"2025-08-20T07:54:16","slug":"home","status":"publish","type":"page","link":"https:\/\/euspaceforum.com\/2025\/","title":{"rendered":"Home"},"content":{"rendered":"\t\t<div data-elementor-type=\"wp-post\" data-elementor-id=\"2\" class=\"elementor elementor-2\" data-elementor-post-type=\"page\">\n\t\t\t\t\t\t<section class=\"elementor-section elementor-top-section elementor-element elementor-element-711ddb2 animated-fast elementor-section-boxed elementor-section-height-default elementor-section-height-default\" data-id=\"711ddb2\" data-element_type=\"section\" data-settings=\"{&quot;background_background&quot;:&quot;classic&quot;,&quot;animation&quot;:&quot;none&quot;}\">\n\t\t\t\t\t\t\t<div class=\"elementor-background-overlay\"><\/div>\n\t\t\t\t\t\t\t<div class=\"elementor-container elementor-column-gap-default\">\n\t\t\t\t\t<div class=\"elementor-column elementor-col-100 elementor-top-column elementor-element elementor-element-3a4ba7f\" data-id=\"3a4ba7f\" data-element_type=\"column\">\n\t\t\t<div class=\"elementor-widget-wrap elementor-element-populated\">\n\t\t\t\t\t\t<div class=\"elementor-element elementor-element-c0ae00b elementor-widget elementor-widget-image\" data-id=\"c0ae00b\" data-element_type=\"widget\" data-widget_type=\"image.default\">\n\t\t\t\t<div class=\"elementor-widget-container\">\n\t\t\t\t\t\t\t\t\t\t\t\t\t\t\t<img fetchpriority=\"high\" decoding=\"async\" width=\"2111\" height=\"1092\" src=\"https:\/\/euspaceforum.com\/2025\/wp-content\/uploads\/2025\/04\/3246-EU-Space25-TITLE-PLACEHOLDER-EC-ESA-EUSPA-PL.png\" class=\"attachment-full size-full wp-image-7661\" alt=\"The European Space Forum 2025\" srcset=\"https:\/\/euspaceforum.com\/2025\/wp-content\/uploads\/2025\/04\/3246-EU-Space25-TITLE-PLACEHOLDER-EC-ESA-EUSPA-PL.png 2111w, https:\/\/euspaceforum.com\/2025\/wp-content\/uploads\/2025\/04\/3246-EU-Space25-TITLE-PLACEHOLDER-EC-ESA-EUSPA-PL-300x155.png 300w, https:\/\/euspaceforum.com\/2025\/wp-content\/uploads\/2025\/04\/3246-EU-Space25-TITLE-PLACEHOLDER-EC-ESA-EUSPA-PL-1024x530.png 1024w, https:\/\/euspaceforum.com\/2025\/wp-content\/uploads\/2025\/04\/3246-EU-Space25-TITLE-PLACEHOLDER-EC-ESA-EUSPA-PL-768x397.png 768w, https:\/\/euspaceforum.com\/2025\/wp-content\/uploads\/2025\/04\/3246-EU-Space25-TITLE-PLACEHOLDER-EC-ESA-EUSPA-PL-1536x795.png 1536w, https:\/\/euspaceforum.com\/2025\/wp-content\/uploads\/2025\/04\/3246-EU-Space25-TITLE-PLACEHOLDER-EC-ESA-EUSPA-PL-2048x1059.png 2048w\" sizes=\"(max-width: 2111px) 100vw, 2111px\" loading=\"eager\" \/>\t\t\t\t\t\t\t\t\t\t\t\t\t\t\t<\/div>\n\t\t\t\t<\/div>\n\t\t\t\t\t<\/div>\n\t\t<\/div>\n\t\t\t\t\t<\/div>\n\t\t<\/section>\n\t\t<div class=\"elementor-element elementor-element-9895c43 e-flex e-con-boxed e-con e-parent\" data-id=\"9895c43\" data-element_type=\"container\" id=\"about\" data-settings=\"{&quot;background_background&quot;:&quot;classic&quot;}\">\n\t\t\t\t\t<div class=\"e-con-inner\">\n\t\t\t\t<div class=\"elementor-element elementor-element-00b3141 elementor-widget__width-auto elementor-widget-mobile__width-inherit elementor-widget elementor-widget-heading\" data-id=\"00b3141\" data-element_type=\"widget\" data-widget_type=\"heading.default\">\n\t\t\t\t<div class=\"elementor-widget-container\">\n\t\t\t\t\t<h2 class=\"elementor-heading-title elementor-size-default\">This event has now taken place!<\/h2>\t\t\t\t<\/div>\n\t\t\t\t<\/div>\n\t\t\t\t<div class=\"elementor-element elementor-element-6d048bc elementor-widget elementor-widget-text-editor\" data-id=\"6d048bc\" data-element_type=\"widget\" data-widget_type=\"text-editor.default\">\n\t\t\t\t<div class=\"elementor-widget-container\">\n\t\t\t\t\t\t\t\t\t<p>Thank you to all speakers, sponsors, partners &amp; delegates who joined us. We look forward to seeing you at the 2026 edition. In the meantime, should you wish to find out more about speaking and sponsorship opportunities at next year\u2019s event, please contact<strong>\u00a0<span style=\"color: #ffffff;\"><a style=\"color: #ffffff;\" href=\"mailto:anne-lise.simon@forum-global.com\">anne-lise.simon@forum-global.com<\/a><\/span><\/strong><\/p>\t\t\t\t\t\t\t\t<\/div>\n\t\t\t\t<\/div>\n\t\t\t\t<div class=\"elementor-element elementor-element-c70b286 elementor-widget-mobile__width-inherit elementor-widget__width-auto premium-lq__none elementor-widget elementor-widget-premium-addon-button\" data-id=\"c70b286\" data-element_type=\"widget\" data-widget_type=\"premium-addon-button.default\">\n\t\t\t\t<div class=\"elementor-widget-container\">\n\t\t\t\t\t\r\n\r\n\t\t<a class=\"premium-button premium-button-none premium-btn-md premium-button-none\" href=\"https:\/\/euspaceforum.com\/2025\/keep-informed\/\" target=\"_blank\">\r\n\t\t\t<div class=\"premium-button-text-icon-wrapper\">\r\n\t\t\t\t\r\n\t\t\t\t\t\t\t\t\t<span >\r\n\t\t\t\t\t\tKeep Informed for 2026\t\t\t\t\t<\/span>\r\n\t\t\t\t\t\t\t<\/div>\r\n\r\n\t\t\t\r\n\t\t\t\r\n\t\t\t\r\n\t\t<\/a>\r\n\r\n\r\n\t\t\t\t\t\t<\/div>\n\t\t\t\t<\/div>\n\t\t\t\t<div class=\"elementor-element elementor-element-b08cdb7 elementor-widget__width-auto elementor-widget-mobile__width-inherit elementor-widget elementor-widget-heading\" data-id=\"b08cdb7\" data-element_type=\"widget\" data-widget_type=\"heading.default\">\n\t\t\t\t<div class=\"elementor-widget-container\">\n\t\t\t\t\t<h2 class=\"elementor-heading-title elementor-size-default\">Event Highlights<\/h2>\t\t\t\t<\/div>\n\t\t\t\t<\/div>\n\t\t\t\t<div class=\"elementor-element elementor-element-495c16e elementor-widget elementor-widget-video\" data-id=\"495c16e\" data-element_type=\"widget\" data-settings=\"{&quot;youtube_url&quot;:&quot;https:\\\/\\\/www.youtube.com\\\/watch?v=a_05Xc5sbhg&quot;,&quot;video_type&quot;:&quot;youtube&quot;,&quot;controls&quot;:&quot;yes&quot;}\" data-widget_type=\"video.default\">\n\t\t\t\t<div class=\"elementor-widget-container\">\n\t\t\t\t\t\t\t<div class=\"elementor-wrapper elementor-open-inline\">\n\t\t\t<div class=\"elementor-video\"><\/div>\t\t<\/div>\n\t\t\t\t\t\t<\/div>\n\t\t\t\t<\/div>\n\t\t\t\t<div class=\"elementor-element elementor-element-339833f elementor-widget__width-auto elementor-widget-mobile__width-inherit elementor-widget elementor-widget-heading\" data-id=\"339833f\" data-element_type=\"widget\" data-widget_type=\"heading.default\">\n\t\t\t\t<div class=\"elementor-widget-container\">\n\t\t\t\t\t<h2 class=\"elementor-heading-title elementor-size-default\">Event Photos<\/h2>\t\t\t\t<\/div>\n\t\t\t\t<\/div>\n\t\t\t\t<div class=\"elementor-element elementor-element-1f242b9 elementor-arrows-position-outside elementor-pagination-position-outside elementor-widget elementor-widget-image-carousel\" data-id=\"1f242b9\" data-element_type=\"widget\" data-settings=\"{&quot;image_spacing_custom&quot;:{&quot;unit&quot;:&quot;px&quot;,&quot;size&quot;:10,&quot;sizes&quot;:[]},&quot;navigation&quot;:&quot;both&quot;,&quot;autoplay&quot;:&quot;yes&quot;,&quot;pause_on_hover&quot;:&quot;yes&quot;,&quot;pause_on_interaction&quot;:&quot;yes&quot;,&quot;autoplay_speed&quot;:5000,&quot;infinite&quot;:&quot;yes&quot;,&quot;speed&quot;:500,&quot;image_spacing_custom_tablet&quot;:{&quot;unit&quot;:&quot;px&quot;,&quot;size&quot;:&quot;&quot;,&quot;sizes&quot;:[]},&quot;image_spacing_custom_mobile&quot;:{&quot;unit&quot;:&quot;px&quot;,&quot;size&quot;:&quot;&quot;,&quot;sizes&quot;:[]}}\" data-widget_type=\"image-carousel.default\">\n\t\t\t\t<div class=\"elementor-widget-container\">\n\t\t\t\t\t\t\t<div class=\"elementor-image-carousel-wrapper swiper\" role=\"region\" aria-roledescription=\"carousel\" aria-label=\"Image Carousel\" dir=\"ltr\">\n\t\t\t<div class=\"elementor-image-carousel swiper-wrapper\" aria-live=\"off\">\n\t\t\t\t\t\t\t\t<div class=\"swiper-slide\" role=\"group\" aria-roledescription=\"slide\" aria-label=\"1 of 12\"><figure class=\"swiper-slide-inner\"><img decoding=\"async\" class=\"swiper-slide-image\" src=\"https:\/\/euspaceforum.com\/2025\/wp-content\/uploads\/2025\/08\/S3ii.png\" alt=\"S3ii\" \/><\/figure><\/div><div class=\"swiper-slide\" role=\"group\" aria-roledescription=\"slide\" aria-label=\"2 of 12\"><figure class=\"swiper-slide-inner\"><img decoding=\"async\" class=\"swiper-slide-image\" src=\"https:\/\/euspaceforum.com\/2025\/wp-content\/uploads\/2025\/08\/S3i.png\" alt=\"S3i\" \/><\/figure><\/div><div class=\"swiper-slide\" role=\"group\" aria-roledescription=\"slide\" aria-label=\"3 of 12\"><figure class=\"swiper-slide-inner\"><img decoding=\"async\" class=\"swiper-slide-image\" src=\"https:\/\/euspaceforum.com\/2025\/wp-content\/uploads\/2025\/08\/S2.png\" alt=\"S2\" \/><\/figure><\/div><div class=\"swiper-slide\" role=\"group\" aria-roledescription=\"slide\" aria-label=\"4 of 12\"><figure class=\"swiper-slide-inner\"><img decoding=\"async\" class=\"swiper-slide-image\" src=\"https:\/\/euspaceforum.com\/2025\/wp-content\/uploads\/2025\/08\/S1.png\" alt=\"S1\" \/><\/figure><\/div><div class=\"swiper-slide\" role=\"group\" aria-roledescription=\"slide\" aria-label=\"5 of 12\"><figure class=\"swiper-slide-inner\"><img decoding=\"async\" class=\"swiper-slide-image\" src=\"https:\/\/euspaceforum.com\/2025\/wp-content\/uploads\/2025\/08\/S4.png\" alt=\"S4\" \/><\/figure><\/div><div class=\"swiper-slide\" role=\"group\" aria-roledescription=\"slide\" aria-label=\"6 of 12\"><figure class=\"swiper-slide-inner\"><img decoding=\"async\" class=\"swiper-slide-image\" src=\"https:\/\/euspaceforum.com\/2025\/wp-content\/uploads\/2025\/08\/IMG_4364-1.png\" alt=\"IMG_4364\" \/><\/figure><\/div><div class=\"swiper-slide\" role=\"group\" aria-roledescription=\"slide\" aria-label=\"7 of 12\"><figure class=\"swiper-slide-inner\"><img decoding=\"async\" class=\"swiper-slide-image\" src=\"https:\/\/euspaceforum.com\/2025\/wp-content\/uploads\/2025\/08\/IMG_4355-1.png\" alt=\"IMG_4355\" \/><\/figure><\/div><div class=\"swiper-slide\" role=\"group\" aria-roledescription=\"slide\" aria-label=\"8 of 12\"><figure class=\"swiper-slide-inner\"><img decoding=\"async\" class=\"swiper-slide-image\" src=\"https:\/\/euspaceforum.com\/2025\/wp-content\/uploads\/2025\/08\/Matja-1.png\" alt=\"Matja 1\" \/><\/figure><\/div><div class=\"swiper-slide\" role=\"group\" aria-roledescription=\"slide\" aria-label=\"9 of 12\"><figure class=\"swiper-slide-inner\"><img decoding=\"async\" class=\"swiper-slide-image\" src=\"https:\/\/euspaceforum.com\/2025\/wp-content\/uploads\/2025\/08\/Vincent-Brison.png\" alt=\"Vincent Brison\" \/><\/figure><\/div><div class=\"swiper-slide\" role=\"group\" aria-roledescription=\"slide\" aria-label=\"10 of 12\"><figure class=\"swiper-slide-inner\"><img decoding=\"async\" class=\"swiper-slide-image\" src=\"https:\/\/euspaceforum.com\/2025\/wp-content\/uploads\/2025\/08\/Eric-Morel-de-Westgaver.png\" alt=\"Eric Morel de Westgaver\" \/><\/figure><\/div><div class=\"swiper-slide\" role=\"group\" aria-roledescription=\"slide\" aria-label=\"11 of 12\"><figure class=\"swiper-slide-inner\"><img decoding=\"async\" class=\"swiper-slide-image\" src=\"https:\/\/euspaceforum.com\/2025\/wp-content\/uploads\/2025\/08\/Girish-Chandran-2.png\" alt=\"Girish Chandran 2\" \/><\/figure><\/div><div class=\"swiper-slide\" role=\"group\" aria-roledescription=\"slide\" aria-label=\"12 of 12\"><figure class=\"swiper-slide-inner\"><img decoding=\"async\" class=\"swiper-slide-image\" src=\"https:\/\/euspaceforum.com\/2025\/wp-content\/uploads\/2025\/08\/Isabelle-Mauro.png\" alt=\"Isabelle Mauro\" \/><\/figure><\/div>\t\t\t<\/div>\n\t\t\t\t\t\t\t\t\t\t\t\t<div class=\"elementor-swiper-button elementor-swiper-button-prev\" role=\"button\" tabindex=\"0\">\n\t\t\t\t\t\t<svg aria-hidden=\"true\" class=\"e-font-icon-svg e-eicon-chevron-left\" viewBox=\"0 0 1000 1000\" xmlns=\"http:\/\/www.w3.org\/2000\/svg\"><path d=\"M646 125C629 125 613 133 604 142L308 442C296 454 292 471 292 487 292 504 296 521 308 533L604 854C617 867 629 875 646 875 663 875 679 871 692 858 704 846 713 829 713 812 713 796 708 779 692 767L438 487 692 225C700 217 708 204 708 187 708 171 704 154 692 142 675 129 663 125 646 125Z\"><\/path><\/svg>\t\t\t\t\t<\/div>\n\t\t\t\t\t<div class=\"elementor-swiper-button elementor-swiper-button-next\" role=\"button\" tabindex=\"0\">\n\t\t\t\t\t\t<svg aria-hidden=\"true\" class=\"e-font-icon-svg e-eicon-chevron-right\" viewBox=\"0 0 1000 1000\" xmlns=\"http:\/\/www.w3.org\/2000\/svg\"><path d=\"M696 533C708 521 713 504 713 487 713 471 708 454 696 446L400 146C388 133 375 125 354 125 338 125 325 129 313 142 300 154 292 171 292 187 292 204 296 221 308 233L563 492 304 771C292 783 288 800 288 817 288 833 296 850 308 863 321 871 338 875 354 875 371 875 388 867 400 854L696 533Z\"><\/path><\/svg>\t\t\t\t\t<\/div>\n\t\t\t\t\n\t\t\t\t\t\t\t\t\t<div class=\"swiper-pagination\"><\/div>\n\t\t\t\t\t\t\t\t\t<\/div>\n\t\t\t\t\t\t<\/div>\n\t\t\t\t<\/div>\n\t\t\t\t<div class=\"elementor-element elementor-element-aee64ce elementor-widget__width-auto elementor-widget-mobile__width-inherit elementor-widget elementor-widget-heading\" data-id=\"aee64ce\" data-element_type=\"widget\" data-widget_type=\"heading.default\">\n\t\t\t\t<div class=\"elementor-widget-container\">\n\t\t\t\t\t<h2 class=\"elementor-heading-title elementor-size-default\">Event Overview <\/h2>\t\t\t\t<\/div>\n\t\t\t\t<\/div>\n\t\t<div class=\"elementor-element elementor-element-1feb453 e-con-full e-flex elementor-invisible e-con e-child\" data-id=\"1feb453\" data-element_type=\"container\" data-settings=\"{&quot;background_background&quot;:&quot;gradient&quot;,&quot;animation&quot;:&quot;fadeInUp&quot;}\">\n\t\t\t\t<div class=\"elementor-element elementor-element-6f8b8e9 elementor-widget__width-initial elementor-widget-mobile__width-inherit elementor-widget elementor-widget-text-editor\" data-id=\"6f8b8e9\" data-element_type=\"widget\" data-widget_type=\"text-editor.default\">\n\t\t\t\t<div class=\"elementor-widget-container\">\n\t\t\t\t\t\t\t\t\t<div><span style=\"color: #0c1615;\"><strong>The European Space Forum<\/strong> will return to Brussels on <strong>2-3 July 2025<\/strong> for its 5th edition, bringing together key industry leaders, policymakers, and experts for two full days of in-person, face-to-face discussions.\u00a0<\/span><\/div><div><span style=\"color: #0c1615;\">\u00a0<\/span><\/div><div><span style=\"color: #0c1615;\">The EU space sector stands at a critical juncture. Expanding <strong>international competition<\/strong> coupled with the rapid pace of <strong>technological innovation<\/strong> and <strong>a shifting geo-political landscape<\/strong>, underscores the need for Europe to bolster its strategic <strong>autonomy<\/strong> and develop a more resilient and <strong>competitive space industry<\/strong>.\u00a0<\/span><\/div><div><span style=\"color: #0c1615;\">\u00a0<\/span><\/div><div><span style=\"color: #0c1615;\">Against this backdrop, this year&#8217;s event will explore how to best shape a robust and <strong>innovative industry<\/strong> capable of <strong>competing on the global stage<\/strong> while <strong>safeguarding<\/strong> Europe\u2019s strategic interests and future ambitions.<\/span><\/div><div><span style=\"color: #0c1615;\">\u00a0<\/span><\/div><div><span style=\"color: #0c1615;\">Sessions will be highly interactive, fostering open dialogue and collaboration among speakers and attendees, encouraging the free exchange of ideas and constructive challenges.<\/span><\/div><div><span style=\"color: #0c1615;\">\u00a0<\/span><\/div><div><span style=\"color: #0c1615;\"><span style=\"text-decoration: underline;\"><strong><a style=\"text-decoration: underline; color: #0c1615;\" href=\"https:\/\/eu-ems.com\/register.asp?event_id=4876\" target=\"_blank\" rel=\"noopener\">Registration<\/a> <\/strong><\/span>is now open, so don\u2019t miss the opportunity to join us in Brussels and be part of these crucial conversations.\u00a0<\/span><\/div>\t\t\t\t\t\t\t\t<\/div>\n\t\t\t\t<\/div>\n\t\t\t\t<\/div>\n\t\t\t\t\t<\/div>\n\t\t\t\t<\/div>\n\t\t<div class=\"elementor-element elementor-element-a090ade e-con-full e-flex e-con e-parent\" data-id=\"a090ade\" data-element_type=\"container\" data-settings=\"{&quot;background_background&quot;:&quot;classic&quot;}\">\n\t\t\t\t<div class=\"elementor-element elementor-element-719bc797 elementor-widget elementor-widget-heading\" data-id=\"719bc797\" data-element_type=\"widget\" data-widget_type=\"heading.default\">\n\t\t\t\t<div class=\"elementor-widget-container\">\n\t\t\t\t\t<h2 class=\"elementor-heading-title elementor-size-default\">Also of Interest?<\/h2>\t\t\t\t<\/div>\n\t\t\t\t<\/div>\n\t\t<div class=\"elementor-element elementor-element-4b486e9 e-grid e-con-boxed e-con e-child\" data-id=\"4b486e9\" data-element_type=\"container\">\n\t\t\t\t\t<div class=\"e-con-inner\">\n\t\t<div class=\"elementor-element elementor-element-87fa6c5 e-con-full e-grid elementor-invisible e-con e-child\" data-id=\"87fa6c5\" data-element_type=\"container\" data-settings=\"{&quot;background_background&quot;:&quot;gradient&quot;,&quot;animation&quot;:&quot;fadeInUp&quot;}\">\n\t\t\t\t<div class=\"elementor-element elementor-element-9590b1e elementor-widget elementor-widget-image\" data-id=\"9590b1e\" data-element_type=\"widget\" data-widget_type=\"image.default\">\n\t\t\t\t<div class=\"elementor-widget-container\">\n\t\t\t\t\t\t\t\t\t\t\t\t\t\t\t\t<a href=\"https:\/\/d2dpolicy.eu\/\" target=\"_blank\">\n\t\t\t\t\t\t\t<img decoding=\"async\" width=\"800\" height=\"227\" src=\"https:\/\/euspaceforum.com\/2025\/wp-content\/uploads\/2025\/02\/3335-D2D25-Top-Logo-V1-1024x290.png\" class=\"attachment-large size-large wp-image-7402\" alt=\"\" srcset=\"https:\/\/euspaceforum.com\/2025\/wp-content\/uploads\/2025\/02\/3335-D2D25-Top-Logo-V1-1024x290.png 1024w, https:\/\/euspaceforum.com\/2025\/wp-content\/uploads\/2025\/02\/3335-D2D25-Top-Logo-V1-300x85.png 300w, https:\/\/euspaceforum.com\/2025\/wp-content\/uploads\/2025\/02\/3335-D2D25-Top-Logo-V1-768x218.png 768w, https:\/\/euspaceforum.com\/2025\/wp-content\/uploads\/2025\/02\/3335-D2D25-Top-Logo-V1-1536x436.png 1536w, https:\/\/euspaceforum.com\/2025\/wp-content\/uploads\/2025\/02\/3335-D2D25-Top-Logo-V1-350x100.png 350w, https:\/\/euspaceforum.com\/2025\/wp-content\/uploads\/2025\/02\/3335-D2D25-Top-Logo-V1.png 1960w\" sizes=\"(max-width: 800px) 100vw, 800px\" loading=\"eager\" \/>\t\t\t\t\t\t\t\t<\/a>\n\t\t\t\t\t\t\t\t\t\t\t\t\t\t\t<\/div>\n\t\t\t\t<\/div>\n\t\t\t\t<div class=\"elementor-element elementor-element-c562a9a elementor-widget__width-initial elementor-widget-mobile__width-inherit elementor-widget elementor-widget-text-editor\" data-id=\"c562a9a\" data-element_type=\"widget\" data-widget_type=\"text-editor.default\">\n\t\t\t\t<div class=\"elementor-widget-container\">\n\t\t\t\t\t\t\t\t\t<p><strong>Realising the Vision<\/strong><\/p><p><strong>Can Direct-to-Device Connectivity Fulfil Its Potential?<\/strong><\/p><p>Brussels | 1 July 2025 (Co-located with The European Space Forum)<\/p><p>Through interactive discussions on regulation, spectrum strategies, business models, and emerging use cases, this 1 day forum will explore how D2D can fulfil its potential and drive innovation across the connectivity landscape.<\/p><p>For more information and to access the event website, please visit<br \/><strong><span style=\"text-decoration: underline;\"><span style=\"color: #ffffff;\"><a style=\"color: #ffffff; text-decoration: underline;\" href=\"https:\/\/d2dpolicy.eu\/\" target=\"_blank\" rel=\"noopener\">D2D Policy Forum.<\/a><\/span><\/span><\/strong><\/p>\t\t\t\t\t\t\t\t<\/div>\n\t\t\t\t<\/div>\n\t\t\t\t<\/div>\n\t\t<div class=\"elementor-element elementor-element-70fc022 e-con-full e-grid elementor-invisible e-con e-child\" data-id=\"70fc022\" data-element_type=\"container\" data-settings=\"{&quot;background_background&quot;:&quot;gradient&quot;,&quot;animation&quot;:&quot;fadeInUp&quot;}\">\n\t\t\t\t<div class=\"elementor-element elementor-element-06930b5 elementor-widget elementor-widget-image\" data-id=\"06930b5\" data-element_type=\"widget\" data-widget_type=\"image.default\">\n\t\t\t\t<div class=\"elementor-widget-container\">\n\t\t\t\t\t\t\t\t\t\t\t\t\t\t\t\t<a href=\"https:\/\/americasspaceforum.com\/\" target=\"_blank\">\n\t\t\t\t\t\t\t<img decoding=\"async\" width=\"800\" height=\"409\" src=\"https:\/\/euspaceforum.com\/2025\/wp-content\/uploads\/2025\/02\/3265-US-SPACE-25-Title-updated-FALL-v2.png\" class=\"attachment-large size-large wp-image-7481\" alt=\"\" srcset=\"https:\/\/euspaceforum.com\/2025\/wp-content\/uploads\/2025\/02\/3265-US-SPACE-25-Title-updated-FALL-v2.png 884w, https:\/\/euspaceforum.com\/2025\/wp-content\/uploads\/2025\/02\/3265-US-SPACE-25-Title-updated-FALL-v2-300x153.png 300w, https:\/\/euspaceforum.com\/2025\/wp-content\/uploads\/2025\/02\/3265-US-SPACE-25-Title-updated-FALL-v2-768x393.png 768w\" sizes=\"(max-width: 800px) 100vw, 800px\" loading=\"eager\" \/>\t\t\t\t\t\t\t\t<\/a>\n\t\t\t\t\t\t\t\t\t\t\t\t\t\t\t<\/div>\n\t\t\t\t<\/div>\n\t\t\t\t<div class=\"elementor-element elementor-element-ec15593 elementor-widget__width-initial elementor-widget-mobile__width-inherit elementor-widget elementor-widget-text-editor\" data-id=\"ec15593\" data-element_type=\"widget\" data-widget_type=\"text-editor.default\">\n\t\t\t\t<div class=\"elementor-widget-container\">\n\t\t\t\t\t\t\t\t\t<p>Launching in Washington D.C. in Fall 2025, the inaugural <strong>Americas Space Forum<\/strong> will bring together stakeholders from across the Americas to shape the future of the space ecosystem around the region.<\/p><p>For more information and to access the event website, please visit<br \/><span style=\"text-decoration: underline;\"><strong><span style=\"color: #ffffff; text-decoration: underline;\"><a style=\"color: #ffffff; text-decoration: underline;\" href=\"https:\/\/americasspaceforum.com\/\" target=\"_blank\" rel=\"noopener\">Americas Space Forum<\/a><\/span><\/strong><\/span>.<\/p>\t\t\t\t\t\t\t\t<\/div>\n\t\t\t\t<\/div>\n\t\t\t\t<\/div>\n\t\t\t\t\t<\/div>\n\t\t\t\t<\/div>\n\t\t\t\t<div class=\"elementor-element elementor-element-c883f5b elementor-widget__width-auto elementor-widget-mobile__width-inherit elementor-widget elementor-widget-heading\" data-id=\"c883f5b\" data-element_type=\"widget\" data-widget_type=\"heading.default\">\n\t\t\t\t<div class=\"elementor-widget-container\">\n\t\t\t\t\t<h2 class=\"elementor-heading-title elementor-size-default\">THE EUROPEAN SPACE FORUM 2025<\/h2>\t\t\t\t<\/div>\n\t\t\t\t<\/div>\n\t\t\t\t<div class=\"elementor-element elementor-element-6a52fde elementor-widget elementor-widget-heading\" data-id=\"6a52fde\" data-element_type=\"widget\" data-widget_type=\"heading.default\">\n\t\t\t\t<div class=\"elementor-widget-container\">\n\t\t\t\t\t<h2 class=\"elementor-heading-title elementor-size-default\">Explore the Key Themes<\/h2>\t\t\t\t<\/div>\n\t\t\t\t<\/div>\n\t\t\t\t<div class=\"elementor-element elementor-element-02de2b8 elementor-widget elementor-widget-video\" data-id=\"02de2b8\" data-element_type=\"widget\" data-settings=\"{&quot;youtube_url&quot;:&quot;https:\\\/\\\/www.youtube.com\\\/watch?v=3LeAPimimOE&quot;,&quot;autoplay&quot;:&quot;yes&quot;,&quot;play_on_mobile&quot;:&quot;yes&quot;,&quot;loop&quot;:&quot;yes&quot;,&quot;video_type&quot;:&quot;youtube&quot;,&quot;controls&quot;:&quot;yes&quot;}\" data-widget_type=\"video.default\">\n\t\t\t\t<div class=\"elementor-widget-container\">\n\t\t\t\t\t\t\t<div class=\"elementor-wrapper elementor-open-inline\">\n\t\t\t<div class=\"elementor-video\"><\/div>\t\t<\/div>\n\t\t\t\t\t\t<\/div>\n\t\t\t\t<\/div>\n\t\t<div class=\"elementor-element elementor-element-b89d579 e-grid e-con-boxed e-con e-child\" data-id=\"b89d579\" data-element_type=\"container\">\n\t\t\t\t\t<div class=\"e-con-inner\">\n\t\t\t\t<div class=\"elementor-element elementor-element-5426cab5 elementor-widget elementor-widget-ucaddon_timeline_bullets\" data-id=\"5426cab5\" data-element_type=\"widget\" data-widget_type=\"ucaddon_timeline_bullets.default\">\n\t\t\t\t<div class=\"elementor-widget-container\">\n\t\t\t\t\t\n<!-- start Timeline Bullets -->\n\t\t<link id='font-awesome-css' href='https:\/\/euspaceforum.com\/2025\/wp-content\/plugins\/unlimited-elements-for-elementor-premium\/assets_libraries\/font-awesome6\/fontawesome-all.min.css' type='text\/css' rel='stylesheet' >\n\t\t<link id='font-awesome-4-shim-css' href='https:\/\/euspaceforum.com\/2025\/wp-content\/plugins\/unlimited-elements-for-elementor-premium\/assets_libraries\/font-awesome6\/fontawesome-v4-shims.min.css' type='text\/css' rel='stylesheet' >\n\n<style>\/* widget: Timeline Bullets *\/\n\n\r\n@keyframes uc_timeline_bullets_elementor_5426cab5__item-animation {\r\n  0% {\r\n            \r\n        \t        \tfilter: blur(4px);\r\n\t\t\t\r\n    \t    opacity: 0;\r\n  }\r\n  100% {\r\n            \r\n        \t            filter: blur(0px);\r\n            \r\n    \t\topacity: 1;\r\n  }\r\n}\r\n\r\n\r\n#uc_timeline_bullets_elementor_5426cab5 .ue_item{\r\n\topacity:0;\r\n}\r\n\r\n\r\n#uc_timeline_bullets_elementor_5426cab5 .uc-entrance-animate {\r\n  opacity:1;\r\n}\r\n\r\n#uc_timeline_bullets_elementor_5426cab5 .uc-entrance-animate {\r\n\tanimation: uc_timeline_bullets_elementor_5426cab5__item-animation 0.4s cubic-bezier(0.470, 0.000, 0.745, 0.715) both;\r\n}\r\n\r\n\t\t\t\n\n#uc_timeline_bullets_elementor_5426cab5 .ue_item{\n  display:flex;\n  position:relative;\n}\n\n#uc_timeline_bullets_elementor_5426cab5 .ue_item_icon{ \n  display:flex;\n  align-items:center;\n  justify-content:center;\n  flex-grow:0;\n  flex-shrink:0;\n  line-height:1em;\n  overflow:hidden;\n}\n\n#uc_timeline_bullets_elementor_5426cab5 .ue_item_icon img{\n  object-fit: cover;\n}\n\n#uc_timeline_bullets_elementor_5426cab5 .ue_item_icon svg{ \n  height:1em;\n  width:1em;\n}\n\n#uc_timeline_bullets_elementor_5426cab5 .ue_item_spacer{\n  flex-grow:0;\n  flex-shrink:0;\n}\n\n#uc_timeline_bullets_elementor_5426cab5 .ue_item_hr_line{\n  flex-grow:0;\n  flex-shrink:0;\n}\n\n#uc_timeline_bullets_elementor_5426cab5 .ue_item_vr_line{\n  height:100%;\n  position:absolute;\n  flex-grow:0;\n  flex-shrink:0;\n}\n\n#uc_timeline_bullets_elementor_5426cab5 .ue_item_title, \n#uc_timeline_bullets_elementor_5426cab5 .ue_item_text,\n#uc_timeline_bullets_elementor_5426cab5 .ue_item_icon{\n  transition: all .3s ease-out;\n}\n\n.ue_item_title{\n  font-size:21px;\n}\n\n#uc_timeline_bullets_elementor_5426cab5.uc-remote-parent .ue_item{\n  cursor:pointer;\n}\n\n<\/style>\n\n<div id=\"uc_timeline_bullets_elementor_5426cab5\" class=\"uc-items-wrapper  \"  >\n <div class=\"ue_item elementor-repeater-item-f373861\">\n    <div class=\"ue_item_vr_line\"><\/div>\n    <div class=\"ue_item_hr_line\"><\/div>\n    <div class=\"ue_item_icon\">\n      <svg xmlns=\"http:\/\/www.w3.org\/2000\/svg\" id=\"Layer_3\" data-name=\"Layer 3\" viewBox=\"0 0 64 64\" width=\"512\" height=\"512\"><path d=\"M3,32H1A31.034,31.034,0,0,0,32,63V61A29.034,29.034,0,0,1,3,32Z\"><\/path><path d=\"M32,1V3A29.034,29.034,0,0,1,61,32h2A31.034,31.034,0,0,0,32,1Z\"><\/path><path d=\"M55.613,36.267A24.028,24.028,0,1,0,36.267,55.613,13.99,13.99,0,1,0,55.613,36.267ZM48,34a13.891,13.891,0,0,0-7.132,1.975q.088-1.475.109-2.975h13a22.278,22.278,0,0,1-.217,2.253A13.889,13.889,0,0,0,48,34ZM26.431,45h7.9a13.9,13.9,0,0,0,.3,7.172A3.706,3.706,0,0,1,32,54C29.973,54,27.808,50.6,26.431,45Zm8.508-2h-8.95a57.374,57.374,0,0,1-.971-10H38.977c-.023,1.529-.092,3.041-.221,4.513A14.05,14.05,0,0,0,34.939,43ZM10.025,33H23.019a59.844,59.844,0,0,0,.9,10H12.96A21.849,21.849,0,0,1,10.025,33ZM32,10c2.027,0,4.192,3.4,5.569,9H26.431C27.808,13.4,29.973,10,32,10Zm6.011,11a57.374,57.374,0,0,1,.971,10H25.018a57.374,57.374,0,0,1,.971-10ZM53.975,31H40.981a59.844,59.844,0,0,0-.9-10H51.04A21.849,21.849,0,0,1,53.975,31ZM23.019,31H10.025A21.849,21.849,0,0,1,12.96,21H23.923A59.844,59.844,0,0,0,23.019,31ZM49.734,19H39.661a22.069,22.069,0,0,0-3.695-8.635A22.03,22.03,0,0,1,49.734,19Zm-21.7-8.635A22.069,22.069,0,0,0,24.339,19H14.266A22.03,22.03,0,0,1,28.034,10.365ZM14.266,45H24.339a22.069,22.069,0,0,0,3.7,8.635A22.03,22.03,0,0,1,14.266,45ZM48,60A12,12,0,1,1,60,48,12.013,12.013,0,0,1,48,60Z\"><\/path><path d=\"M52.293,41.293,46,47.586l-2.293-2.293a1,1,0,0,0-1.414,0l-3,3a1,1,0,0,0,0,1.414l6,6a1,1,0,0,0,1.414,0l10-10a1,1,0,0,0,0-1.414l-3-3A1,1,0,0,0,52.293,41.293ZM46,53.586,41.414,49,43,47.414l2.293,2.293a1,1,0,0,0,1.414,0L53,43.414,54.586,45Z\"><\/path><\/svg>                 <\/div>\n    <div class=\"ue_item_spacer\"><\/div>\n    <div class=\"ue_item_content\">\n      <div class=\"ue_item_title\">An Industrial Policy for Space Building a Competitive and Resilient Future<\/div>      <div class=\"ue_item_text\"><\/div>    <\/div>\n  <\/div>\n<div class=\"ue_item elementor-repeater-item-62d3425\">\n    <div class=\"ue_item_vr_line\"><\/div>\n    <div class=\"ue_item_hr_line\"><\/div>\n    <div class=\"ue_item_icon\">\n      <svg xmlns=\"http:\/\/www.w3.org\/2000\/svg\" xmlns:xlink=\"http:\/\/www.w3.org\/1999\/xlink\" id=\"Capa_1\" x=\"0px\" y=\"0px\" viewBox=\"0 0 511.998 511.998\" style=\"enable-background:new 0 0 511.998 511.998;\" xml:space=\"preserve\"><g>\t<g>\t\t<g>\t\t\t<path d=\"M255.999,145.152c-32.954,0-59.763,26.796-59.763,59.733c0,32.938,26.808,59.733,59.763,59.733    c32.954,0,59.763-26.796,59.763-59.733C315.762,171.948,288.953,145.152,255.999,145.152z M255.999,247.552    c-23.542,0-42.696-19.142-42.696-42.667c0-23.525,19.154-42.667,42.696-42.667c23.542,0,42.696,19.142,42.696,42.667    C298.695,228.41,279.541,247.552,255.999,247.552z\"><\/path>\t\t\t<path d=\"M358.259,256.145c0.025-1.824,0.14-3.638,0.14-5.464c0-97.529-35.142-188.008-96.417-248.237    c-3.325-3.258-8.642-3.258-11.967,0c-61.275,60.229-96.417,150.708-96.417,248.237c0,1.826,0.115,3.64,0.14,5.464    c-41.117,21.393-68.406,78.569-68.406,144.915c0,4.713,3.821,8.533,8.533,8.533h99.471c0.01,0,0.019,0.004,0.029,0.004h4.744    l-17.831,29.704c-1.583,2.638-1.625,5.921-0.108,8.596c1.513,2.675,4.35,4.329,7.425,4.329h136.562    c3.075,0,5.912-1.654,7.425-4.329c1.517-2.675,1.475-5.963-0.108-8.596l-17.834-29.704h4.992c0.01,0,0.019-0.004,0.029-0.004    h99.471c4.713,0,8.533-3.821,8.533-8.533C426.666,334.715,399.377,277.538,358.259,256.145z M255.999,20.69    c18.028,18.906,33.422,40.755,46.032,64.725h-92.065C222.577,61.444,237.971,39.595,255.999,20.69z M102.566,392.527    c2.033-51.552,22.373-96.79,51.906-116.986c2.572,40.837,11.461,80.647,26.116,116.986H102.566z M202.67,435.16l15.345-25.563    h75.718l15.349,25.563H202.67z M313.053,392.531H198.945c-18.512-43.25-28.279-92.167-28.279-141.85    c0-53.042,10.907-103.771,30.983-148.2h108.7c20.077,44.429,30.983,95.158,30.983,148.2    C341.332,300.365,331.566,349.281,313.053,392.531z M331.41,392.527c14.655-36.339,23.544-76.149,26.116-116.986    c29.533,20.196,49.873,65.434,51.906,116.986H331.41z\"><\/path>\t\t\t<path d=\"M255.999,460.806c-4.713,0-8.533,3.821-8.533,8.533v34.125c0,4.713,3.821,8.533,8.533,8.533    c4.713,0,8.533-3.821,8.533-8.533V469.34C264.532,464.627,260.712,460.806,255.999,460.806z\"><\/path>\t\t\t<path d=\"M213.287,460.806c-4.713,0-8.533,3.821-8.533,8.533v17.05c0,4.713,3.821,8.533,8.533,8.533s8.533-3.821,8.533-8.533    v-17.05C221.82,464.627,217.999,460.806,213.287,460.806z\"><\/path>\t\t\t<path d=\"M298.712,460.806c-4.713,0-8.533,3.821-8.533,8.533v17.05c0,4.713,3.821,8.533,8.533,8.533s8.533-3.821,8.533-8.533    v-17.05C307.245,464.627,303.424,460.806,298.712,460.806z\"><\/path>\t\t<\/g>\t<\/g><\/g><g><\/g><g><\/g><g><\/g><g><\/g><g><\/g><g><\/g><g><\/g><g><\/g><g><\/g><g><\/g><g><\/g><g><\/g><g><\/g><g><\/g><g><\/g><\/svg>                 <\/div>\n    <div class=\"ue_item_spacer\"><\/div>\n    <div class=\"ue_item_content\">\n      <div class=\"ue_item_title\">Copernicus, Galileo, and IRIS2 Where Next for Europe\u2019s Flagship Programs<\/div>      <div class=\"ue_item_text\"><\/div>    <\/div>\n  <\/div>\n<div class=\"ue_item elementor-repeater-item-09734ae\">\n    <div class=\"ue_item_vr_line\"><\/div>\n    <div class=\"ue_item_hr_line\"><\/div>\n    <div class=\"ue_item_icon\">\n      <svg xmlns=\"http:\/\/www.w3.org\/2000\/svg\" id=\"Layer_1\" viewBox=\"0 0 512 512\" data-name=\"Layer 1\"><path d=\"m234.9 49.823-4.152 18.496c-.525 2.339.39 4.766 2.328 6.176s4.528 1.534 6.592.314l16.333-9.646 16.333 9.646c.946.559 2.002.836 3.056.836 1.245 0 2.487-.387 3.536-1.15 1.938-1.41 2.853-3.837 2.328-6.176l-4.152-18.496 14.223-12.528c1.798-1.584 2.483-4.085 1.744-6.365-.74-2.279-2.763-3.901-5.148-4.127l-18.883-1.791-7.519-17.4c-.951-2.201-3.119-3.626-5.517-3.626s-4.565 1.425-5.517 3.626l-7.519 17.4-18.883 1.791c-2.386.226-4.409 1.848-5.148 4.127-.74 2.28-.055 4.781 1.744 6.365l14.224 12.528zm12.738-13.182c2.183-.207 4.08-1.586 4.949-3.599l3.413-7.897 3.413 7.897c.87 2.013 2.767 3.392 4.949 3.599l8.595.815-6.472 5.7c-1.647 1.451-2.372 3.685-1.891 5.826l1.888 8.412-7.426-4.386c-.943-.558-2-.836-3.056-.836s-2.114.278-3.056.836l-7.425 4.386 1.888-8.412c.481-2.142-.244-4.375-1.891-5.826l-6.472-5.7zm40.28 422.502-18.883-1.791-7.519-17.401c-.951-2.2-3.119-3.626-5.517-3.626s-4.565 1.426-5.517 3.626l-7.519 17.401-18.883 1.791c-2.386.226-4.409 1.848-5.148 4.127-.74 2.28-.055 4.781 1.744 6.365l14.224 12.529-4.153 18.525c-.524 2.339.392 4.767 2.331 6.176 1.939 1.41 4.531 1.53 6.595.31l16.327-9.667 16.327 9.667c.947.561 2.006.839 3.062.839 1.244 0 2.484-.386 3.533-1.148 1.939-1.409 2.855-3.837 2.331-6.176l-4.153-18.525 14.224-12.529c1.798-1.584 2.483-4.085 1.744-6.365-.74-2.279-2.763-3.901-5.148-4.127zm-21.434 16.354c-1.646 1.451-2.372 3.684-1.892 5.824l1.889 8.425-7.42-4.394c-.944-.559-2.003-.839-3.062-.839s-2.118.28-3.062.839l-7.419 4.394 1.889-8.425c.48-2.141-.245-4.373-1.892-5.824l-6.472-5.7 8.594-.815c2.183-.207 4.08-1.586 4.949-3.599l3.413-7.898 3.413 7.898c.87 2.013 2.767 3.392 4.949 3.599l8.595.815zm241.222-228.397c-.74-2.279-2.763-3.901-5.148-4.127l-18.883-1.791-7.519-17.401c-.951-2.2-3.119-3.626-5.517-3.626s-4.565 1.426-5.517 3.626l-7.519 17.401-18.883 1.791c-2.386.226-4.409 1.848-5.148 4.127-.74 2.28-.055 4.781 1.744 6.365l14.224 12.528-4.152 18.495c-.525 2.339.39 4.766 2.327 6.176 1.938 1.409 4.529 1.533 6.592.315l16.333-9.646 16.333 9.646c.946.559 2.002.835 3.056.835 1.245 0 2.487-.387 3.537-1.15 1.938-1.41 2.853-3.837 2.327-6.176l-4.152-18.495 14.224-12.528c1.798-1.584 2.483-4.085 1.744-6.365zm-26.583 12.228c-1.647 1.451-2.372 3.685-1.891 5.826l1.888 8.411-7.425-4.386c-1.886-1.113-4.227-1.113-6.112 0l-7.426 4.387 1.888-8.412c.481-2.142-.244-4.375-1.891-5.826l-6.472-5.7 8.595-.815c2.183-.207 4.08-1.586 4.949-3.599l3.413-7.898 3.413 7.898c.87 2.013 2.767 3.392 4.949 3.599l8.594.815zm-423.431 31.652c.946.559 2.002.835 3.056.835 1.245 0 2.487-.387 3.537-1.15 1.938-1.41 2.853-3.837 2.327-6.176l-4.152-18.495 14.224-12.528c1.798-1.584 2.483-4.085 1.744-6.365-.74-2.279-2.763-3.901-5.148-4.127l-18.883-1.791-7.519-17.401c-.951-2.2-3.119-3.626-5.517-3.626s-4.565 1.426-5.517 3.626l-7.519 17.401-18.883 1.791c-2.386.226-4.409 1.848-5.148 4.127-.74 2.28-.055 4.781 1.744 6.365l14.223 12.528-4.152 18.495c-.525 2.339.39 4.766 2.327 6.176 1.938 1.409 4.528 1.533 6.592.315l16.333-9.646 16.333 9.646zm-26.814-17.414 1.888-8.412c.481-2.142-.244-4.375-1.891-5.826l-6.472-5.7 8.595-.815c2.183-.207 4.08-1.586 4.949-3.599l3.413-7.898 3.413 7.898c.87 2.013 2.767 3.392 4.949 3.599l8.594.815-6.472 5.7c-1.647 1.451-2.372 3.685-1.891 5.826l1.888 8.411-7.425-4.386c-1.886-1.113-4.227-1.113-6.112 0zm71.08-138.962-18.875-1.766-7.518-17.422c-.95-2.202-3.119-3.629-5.518-3.629s-4.567 1.427-5.518 3.629l-7.518 17.422-18.875 1.766c-2.388.224-4.414 1.845-5.155 4.125s-.057 4.783 1.743 6.368l14.224 12.529-4.154 18.525c-.525 2.339.392 4.767 2.331 6.176s4.531 1.531 6.595.31l16.327-9.668 16.327 9.668c.947.561 2.006.839 3.062.839 1.244 0 2.484-.386 3.533-1.148 1.939-1.409 2.856-3.837 2.331-6.176l-4.154-18.525 14.224-12.529c1.799-1.585 2.484-4.088 1.743-6.368s-2.768-3.901-5.155-4.125zm-21.426 16.355c-1.646 1.451-2.372 3.684-1.892 5.824l1.889 8.425-7.42-4.394c-.944-.559-2.003-.839-3.062-.839s-2.118.28-3.062.839l-7.42 4.394 1.889-8.425c.48-2.141-.245-4.373-1.892-5.824l-6.454-5.685 8.569-.802c2.187-.205 4.088-1.586 4.958-3.603l3.412-7.905 3.412 7.905c.87 2.017 2.771 3.397 4.958 3.603l8.569.802zm40.278-76.332-4.13 18.503c-.522 2.34.396 4.767 2.336 6.174 1.049.761 2.287 1.146 3.529 1.146 1.057 0 2.117-.278 3.064-.841l16.298-9.664 16.325 9.666c2.062 1.22 4.652 1.1 6.592-.308 1.939-1.408 2.857-3.834 2.335-6.173l-4.13-18.503 14.232-12.561c1.797-1.586 2.479-4.088 1.737-6.367s-2.768-3.898-5.154-4.122l-18.882-1.767-7.543-17.402c-.953-2.198-3.119-3.62-5.514-3.62h-.003c-2.396.002-4.562 1.427-5.513 3.626l-7.517 17.397-18.877 1.766c-2.387.224-4.412 1.843-5.154 4.122s-.06 4.781 1.737 6.367zm12.726-13.181c2.186-.204 4.086-1.585 4.957-3.6l3.421-7.918 3.435 7.924c.872 2.013 2.771 3.39 4.954 3.594l8.586.804-6.476 5.715c-1.642 1.449-2.366 3.678-1.889 5.815l1.877 8.41-7.435-4.402c-.944-.56-2.003-.839-3.062-.839s-2.12.28-3.065.841l-7.402 4.389 1.875-8.398c.477-2.138-.247-4.366-1.889-5.815l-6.476-5.715 8.587-.804zm279.904 114.705c-.524 2.339.392 4.767 2.331 6.176 1.94 1.409 4.531 1.531 6.595.31l16.327-9.667 16.327 9.667c.947.561 2.006.839 3.062.839 1.244 0 2.484-.386 3.533-1.148 1.939-1.409 2.855-3.837 2.331-6.176l-4.153-18.525 14.224-12.529c1.799-1.585 2.484-4.088 1.743-6.368s-2.768-3.901-5.155-4.125l-18.875-1.766-7.518-17.422c-.95-2.202-3.119-3.629-5.518-3.629s-4.567 1.427-5.518 3.629l-7.518 17.422-18.875 1.766c-2.388.224-4.414 1.845-5.155 4.125s-.057 4.783 1.743 6.368l14.224 12.529-4.153 18.525zm16.883-31.679c2.187-.205 4.088-1.586 4.958-3.603l3.412-7.905 3.412 7.905c.87 2.017 2.771 3.397 4.958 3.603l8.569.802-6.454 5.685c-1.646 1.451-2.372 3.684-1.892 5.824l1.889 8.425-7.42-4.394c-.944-.559-2.003-.839-3.062-.839s-2.118.28-3.062.839l-7.419 4.394 1.889-8.425c.48-2.141-.245-4.373-1.892-5.824l-6.454-5.685 8.569-.802zm-84.588-69.846-4.152 18.496c-.525 2.34.391 4.768 2.33 6.178 1.94 1.41 4.531 1.53 6.595.31l16.325-9.666 16.298 9.664c.948.562 2.007.841 3.064.841 1.242 0 2.481-.385 3.529-1.146 1.94-1.407 2.858-3.834 2.336-6.174l-4.13-18.503 14.232-12.561c1.797-1.586 2.479-4.088 1.737-6.367s-2.768-3.898-5.154-4.122l-18.877-1.766-7.517-17.397c-.951-2.199-3.117-3.624-5.513-3.626h-.003c-2.395 0-4.561 1.423-5.514 3.62l-7.543 17.402-18.882 1.767c-2.387.224-4.414 1.845-5.155 4.124-.742 2.28-.057 4.783 1.742 6.368zm12.702-13.181c2.184-.204 4.082-1.581 4.954-3.594l3.435-7.924 3.421 7.918c.871 2.015 2.771 3.396 4.957 3.6l8.587.804-6.476 5.715c-1.642 1.449-2.366 3.678-1.889 5.815l1.875 8.398-7.401-4.389c-1.888-1.12-4.237-1.12-6.127-.002l-7.416 4.391 1.884-8.392c.481-2.142-.244-4.375-1.891-5.825l-6.485-5.714 8.571-.802zm-179.178 365.439-18.877-1.766-7.517-17.396c-.951-2.199-3.117-3.624-5.513-3.626h-.003c-2.395 0-4.561 1.422-5.514 3.62l-7.543 17.401-18.882 1.767c-2.387.224-4.414 1.845-5.155 4.125-.742 2.279-.057 4.782 1.742 6.367l14.252 12.558-4.153 18.496c-.525 2.34.39 4.768 2.33 6.178 1.049.763 2.29 1.148 3.534 1.148 1.056 0 2.114-.278 3.062-.839l16.325-9.666 16.298 9.664c2.061 1.224 4.653 1.104 6.594-.305 1.94-1.407 2.858-3.834 2.336-6.174l-4.131-18.503 14.232-12.561c1.797-1.586 2.479-4.088 1.737-6.367s-2.768-3.898-5.154-4.122zm-21.431 16.388c-1.642 1.449-2.366 3.678-1.889 5.815l1.875 8.398-7.401-4.389c-1.889-1.121-4.237-1.119-6.127-.002l-7.415 4.391 1.884-8.392c.481-2.142-.244-4.375-1.891-5.825l-6.485-5.714 8.571-.802c2.184-.204 4.082-1.581 4.954-3.594l3.435-7.924 3.421 7.918c.871 2.015 2.771 3.396 4.957 3.6l8.586.804-6.476 5.715zm-56.599-99.385-18.888-1.791-7.545-17.407c-.953-2.198-3.119-3.62-5.514-3.62h-.003c-2.396.002-4.562 1.427-5.513 3.626l-7.519 17.401-18.883 1.791c-2.386.226-4.409 1.848-5.148 4.127-.74 2.28-.055 4.781 1.744 6.365l14.227 12.532-4.129 18.499c-.522 2.34.396 4.767 2.336 6.174 1.049.761 2.287 1.146 3.529 1.146 1.057 0 2.117-.278 3.064-.841l16.298-9.664 16.325 9.666c2.062 1.221 4.652 1.1 6.592-.308 1.939-1.408 2.857-3.834 2.335-6.173l-4.129-18.499 14.227-12.532c1.798-1.584 2.483-4.085 1.744-6.365-.74-2.279-2.763-3.901-5.148-4.127zm-21.434 16.354c-1.645 1.449-2.371 3.68-1.893 5.819l1.877 8.41-7.435-4.402c-.944-.56-2.003-.839-3.062-.839s-2.12.28-3.065.841l-7.402 4.389 1.875-8.398c.478-2.14-.248-4.37-1.893-5.819l-6.472-5.7 8.595-.815c2.183-.207 4.08-1.586 4.949-3.599l3.421-7.918 3.435 7.924c.871 2.01 2.766 3.387 4.946 3.593l8.595.815-6.472 5.7zm317.165 66.643-18.882-1.767-7.543-17.401c-.953-2.198-3.119-3.62-5.514-3.62h-.003c-2.396.002-4.562 1.427-5.513 3.626l-7.517 17.396-18.877 1.766c-2.387.224-4.412 1.843-5.154 4.122s-.06 4.781 1.737 6.367l14.232 12.561-4.13 18.503c-.522 2.34.396 4.767 2.336 6.174 1.049.761 2.287 1.146 3.529 1.146 1.057 0 2.117-.278 3.064-.841l16.298-9.664 16.325 9.666c2.062 1.22 4.652 1.1 6.592-.308 1.939-1.408 2.857-3.834 2.335-6.173l-4.13-18.503 14.232-12.561c1.797-1.586 2.479-4.088 1.737-6.367s-2.768-3.898-5.154-4.122zm-21.43 16.388c-1.642 1.449-2.366 3.678-1.889 5.815l1.877 8.41-7.436-4.402c-.944-.559-2.003-.839-3.062-.839s-2.12.28-3.065.841l-7.401 4.389 1.875-8.398c.477-2.138-.247-4.366-1.889-5.815l-6.476-5.715 8.586-.804c2.186-.204 4.086-1.585 4.957-3.6l3.421-7.918 3.435 7.924c.872 2.013 2.771 3.39 4.954 3.594l8.587.804-6.476 5.715zm99.476-99.385-18.883-1.791-7.519-17.401c-.951-2.199-3.117-3.624-5.513-3.626h-.003c-2.395 0-4.561 1.422-5.514 3.62l-7.545 17.407-18.888 1.791c-2.387.227-4.41 1.85-5.149 4.13s-.052 4.782 1.749 6.365l14.247 12.529-4.151 18.492c-.525 2.34.391 4.768 2.33 6.178s4.532 1.531 6.595.31l16.325-9.666 16.298 9.664c.948.562 2.007.841 3.064.841 1.242 0 2.481-.385 3.529-1.146 1.94-1.407 2.858-3.834 2.336-6.174l-4.129-18.499 14.227-12.532c1.798-1.584 2.483-4.085 1.744-6.365-.74-2.279-2.763-3.901-5.148-4.127zm-21.434 16.354c-1.645 1.449-2.371 3.68-1.893 5.819l1.875 8.398-7.401-4.389c-1.888-1.12-4.237-1.12-6.127-.002l-7.416 4.391 1.884-8.392c.481-2.144-.245-4.379-1.895-5.829l-6.48-5.699 8.579-.813c2.18-.206 4.075-1.583 4.946-3.593l3.435-7.925 3.421 7.919c.87 2.013 2.767 3.392 4.949 3.599l8.594.815-6.472 5.7zm-79.582-198.077c-.212-2.835-2.381-5.133-5.198-5.509-45.423-6.062-84.162-20.182-109.08-39.758-2.177-1.71-5.243-1.711-7.422-.002-24.953 19.582-63.692 33.703-109.082 39.76-2.817.376-4.985 2.674-5.198 5.509-4.281 57.173 1.885 105.419 18.325 143.398 19.037 43.977 51.899 74.42 97.674 90.483.644.227 1.317.34 1.99.34s1.346-.113 1.99-.34c45.765-16.064 78.624-46.508 97.664-90.483 16.447-37.986 22.616-86.232 18.336-143.398zm-117.99 221.83c-78.071-28.401-113.837-101.085-106.341-216.107 43.271-6.376 80.673-20.004 106.34-38.729 25.64 18.724 63.039 32.35 106.344 38.729 7.496 115.015-28.271 187.698-106.343 216.107zm86.355-203.351c-32.077-6.385-60.868-16.862-83.263-30.3-1.903-1.141-4.28-1.141-6.184 0-22.401 13.441-51.202 23.919-83.29 30.299-2.753.548-4.761 2.929-4.835 5.734-2.476 92.976 27.423 153.371 88.864 179.511.751.319 1.552.479 2.353.479s1.601-.16 2.353-.479c61.46-26.147 91.349-86.544 88.836-179.513-.076-2.805-2.083-5.184-4.834-5.731zm-86.354 173.158c-54.605-24.397-80.577-77.564-79.302-162.346 30.107-6.417 57.356-16.378 79.302-28.99 21.939 12.608 49.179 22.569 79.275 28.989 1.31 84.774-24.654 137.943-79.275 162.347zm39.114-124.914c2.348 2.347 2.349 6.151.002 8.499l-49.861 49.89c-1.134 1.135-2.667 1.762-4.25 1.762-.26 0-.521-.018-.783-.052-1.852-.243-3.486-1.334-4.421-2.951l-19.899-34.441c-1.661-2.874-.677-6.55 2.197-8.21 2.876-1.66 6.55-.676 8.21 2.196l15.981 27.661 44.325-44.351c2.346-2.347 6.151-2.348 8.499-.003z\"><\/path><\/svg>                 <\/div>\n    <div class=\"ue_item_spacer\"><\/div>\n    <div class=\"ue_item_content\">\n      <div class=\"ue_item_title\">Defence and Security Advancing the Vision of a \u2018European Space Shield\u2019<\/div>      <div class=\"ue_item_text\"><\/div>    <\/div>\n  <\/div>\n<div class=\"ue_item elementor-repeater-item-9d5853e\">\n    <div class=\"ue_item_vr_line\"><\/div>\n    <div class=\"ue_item_hr_line\"><\/div>\n    <div class=\"ue_item_icon\">\n      <svg xmlns=\"http:\/\/www.w3.org\/2000\/svg\" id=\"Layer_1\" viewBox=\"0 0 512 512\"><path d=\"m106.104 454.448c0 3.866-3.134 7-7 7h-21.818c-3.866 0-7-3.134-7-7s3.134-7 7-7h21.818c3.867 0 7 3.134 7 7zm-48.551 12.734c-3.866 0-7 3.134-7 7v21.818c0 3.866 3.134 7 7 7s7-3.134 7-7v-21.818c0-3.866-3.134-7-7-7zm-19.735-19.734h-21.818c-3.866 0-7 3.134-7 7s3.134 7 7 7h21.818c3.866 0 7-3.134 7-7s-3.133-7-7-7zm19.735-41.552c-3.866 0-7 3.134-7 7v21.818c0 3.866 3.134 7 7 7s7-3.134 7-7v-21.818c0-3.866-3.134-7-7-7zm445.447 20.555c0 42.209-34.34 76.549-76.549 76.549-37.123 0-68.147-26.565-75.088-61.681-29.92 13.925-61.957 20.995-95.363 20.995-60.542 0-117.46-23.577-160.271-66.386-42.81-42.81-66.387-99.729-66.387-160.271 0-56.708 21.053-110.982 59.279-152.826 2.607-2.854 7.035-3.054 9.89-.447 2.854 2.607 3.054 7.035.446 9.889-35.864 39.258-55.615 90.179-55.615 143.384 0 90.16 56.404 167.386 135.775 198.27v-78.659c0-4.477-1.352-8.151-4.254-11.561l-104.27-122.494c-5.909-6.941-8.749-15.808-7.997-24.964.757-9.201 5.034-17.532 12.047-23.458 6.983-5.901 15.873-8.729 25.041-7.959 9.164.77 17.461 5.04 23.362 12.024l69.257 81.957c3.546 4.196 8.129 6.324 13.622 6.324h100.15c5.493 0 10.076-2.127 13.622-6.324l69.256-81.957c12.225-14.464 33.939-16.289 48.404-4.064 7.013 5.925 11.29 14.255 12.047 23.456.753 9.157-2.087 18.024-7.997 24.966l-104.271 122.493c-2.902 3.41-4.254 7.083-4.254 11.561v78.721c5.752-2.24 11.427-4.74 17.021-7.5 0-.013-.001-.025-.001-.038 0-42.209 34.34-76.549 76.55-76.549 2.914 0 5.786.179 8.616.498 21.979-34.225 33.59-73.839 33.59-114.743-.001-117.26-95.398-212.657-212.658-212.657-23.364 0-46.322 3.762-68.236 11.183-3.664 1.238-7.635-.724-8.875-4.385-1.24-3.662.723-7.635 4.385-8.875 23.363-7.912 47.831-11.923 72.726-11.923 60.542 0 117.46 23.577 160.271 66.387 42.81 42.81 66.387 99.729 66.387 160.271 0 41.829-11.391 82.399-33.011 117.847 30.903 9.848 53.353 38.82 53.353 72.946zm-247 21.863c21.654 0 42.689-3.171 62.882-9.429v-83.618c0-7.773 2.555-14.715 7.594-20.635l104.271-122.494c3.479-4.088 5.15-9.324 4.704-14.745-.449-5.464-2.98-10.404-7.129-13.909-8.571-7.241-21.435-6.162-28.676 2.407l-69.256 81.957c-6.24 7.384-14.648 11.288-24.315 11.288h-100.15c-9.667 0-18.075-3.903-24.315-11.288l-69.257-81.957c-3.488-4.128-8.403-6.653-13.841-7.109-5.431-.457-10.705 1.213-14.834 4.702-4.147 3.505-6.68 8.446-7.129 13.911-.445 5.42 1.226 10.657 4.704 14.744l104.271 122.494c5.039 5.92 7.594 12.863 7.594 20.635v83.555c19.882 6.166 41 9.491 62.882 9.491zm233-21.863c0-34.49-28.06-62.549-62.549-62.549-34.49 0-62.55 28.059-62.55 62.549s28.06 62.549 62.55 62.549c34.489 0 62.549-28.06 62.549-62.549zm-18.513-26.735c-2.589-2.872-7.017-3.101-9.886-.513l-50.237 45.279-21.857-27.082c-2.428-3.008-6.835-3.479-9.844-1.051-3.008 2.428-3.479 6.835-1.051 9.844l26.5 32.834c1.208 1.496 2.978 2.43 4.895 2.582.185.015.369.022.553.022 1.725 0 3.396-.637 4.687-1.8l55.729-50.229c2.871-2.588 3.1-7.014.511-9.886zm-278.995-224.84c0-35.569 28.938-64.507 64.507-64.507s64.508 28.938 64.508 64.507-28.938 64.507-64.508 64.507-64.507-28.938-64.507-64.507zm14 0c0 27.85 22.657 50.507 50.507 50.507 27.851 0 50.508-22.657 50.508-50.507s-22.657-50.507-50.508-50.507c-27.85 0-50.507 22.657-50.507 50.507zm-56.59-110.324h21.818c3.866 0 7-3.134 7-7s-3.134-7-7-7h-21.818c-3.866 0-7 3.134-7 7s3.134 7 7 7zm-19.733-19.733c3.866 0 7-3.134 7-7v-21.819c0-3.866-3.134-7-7-7s-7 3.134-7 7v21.819c0 3.866 3.134 7 7 7zm0 61.286c3.866 0 7-3.134 7-7v-21.818c0-3.866-3.134-7-7-7s-7 3.134-7 7v21.818c0 3.866 3.134 7 7 7zm-41.553-41.553h21.818c3.866 0 7-3.134 7-7s-3.134-7-7-7h-21.818c-3.866 0-7 3.134-7 7s3.134 7 7 7z\"><\/path><\/svg>                 <\/div>\n    <div class=\"ue_item_spacer\"><\/div>\n    <div class=\"ue_item_content\">\n      <div class=\"ue_item_title\">Delivering Autonomy Ensuring Europe\u2019s Space Independence<\/div>      <div class=\"ue_item_text\"><\/div>    <\/div>\n  <\/div>\n<div class=\"ue_item elementor-repeater-item-77a7875\">\n    <div class=\"ue_item_vr_line\"><\/div>\n    <div class=\"ue_item_hr_line\"><\/div>\n    <div class=\"ue_item_icon\">\n      <svg xmlns=\"http:\/\/www.w3.org\/2000\/svg\" viewBox=\"0 0 64 64\" width=\"512\" height=\"512\"><g id=\"Go_Green-2\" data-name=\"Go Green\"><path d=\"M59.67139,34.32861a4.53492,4.53492,0,0,0-6.41407,0l-7.76361,7.76361A3.987,3.987,0,0,0,42,40H30.64355a11.018,11.018,0,0,0-16.28466-.773L10,43.58594,8.707,42.293a.99962.99962,0,0,0-1.41406,0l-4,4a.99962.99962,0,0,0,0,1.41406l16,16a.99963.99963,0,0,0,1.41406,0l4-4a.99962.99962,0,0,0,0-1.41406L23.41406,57l1.12158-1.12158A3.022,3.022,0,0,1,26.65674,55H41.272a9.933,9.933,0,0,0,7.07129-2.9292L59.67139,40.74268a4.53492,4.53492,0,0,0,0-6.41407ZM20,61.58594,5.41406,47,8,44.41406,22.58594,59ZM58.25732,39.32861,46.9292,50.65674A7.94832,7.94832,0,0,1,41.272,53H26.65674a4.96656,4.96656,0,0,0-3.53516,1.46436L22,55.58594,11.41406,45,15.773,40.64111a9.0183,9.0183,0,0,1,13.45068.78369l.15381.19483A.99911.99911,0,0,0,30.16211,42H42a2,2,0,0,1,0,4H28a1,1,0,0,0,0,2H42a3.99169,3.99169,0,0,0,3.95343-3.53937l8.718-8.718a2.59634,2.59634,0,0,1,3.58593,0,2.53561,2.53561,0,0,1,0,3.58593Z\"><\/path><path d=\"M19.744,20.37775c-.014.01953-.035.03064-.04773.05145-.0033.00543-.00305.01172-.00623.01721A21.88447,21.88447,0,0,0,15,34c0,.16357.001.32617.01221.48926a1.00017,1.00017,0,0,0,.99658.93066c.02344,0,.04687-.001.07031-.00244a.99979.99979,0,0,0,.92822-1.06689C16.999,34.2334,17,34.1167,17,34a19.86711,19.86711,0,0,1,3.80994-11.69495c2.82806,1.84656,4.48333,3.63056,4.55139,4.9596a8.119,8.119,0,0,1-1.166,3.56836c-.29443.60791-.60351,1.24756-.88867,1.93262a1.00011,1.00011,0,1,0,1.84668.76855c.27-.64844.56348-1.25391.84229-1.82959a9.53237,9.53237,0,0,0,1.36279-4.5459c-.1034-2.017-1.89484-4.1737-5.29028-6.418a20.11291,20.11291,0,0,1,5.37561-4.30432c1.94769,3.79535,4.29126,5.79852,6.85022,5.79852a4.97972,4.97972,0,0,0,.55712-.03125A8.4423,8.4423,0,0,0,39.68652,20.291c.88037-.68067,1.24512-.96192,3.26368-.25684,1.88531.65637,3.87268-.1665,5.67321-2.30194a20.0178,20.0178,0,0,1,4.12738,3.96289A13.83458,13.83458,0,0,0,49.96,26.125c-.853,1.8623-1.42969,3.00928-2.49023,3.10889a15.59858,15.59858,0,0,1-2.06836-.00879c-2.63867-.12989-5.92041-.28369-8.26465,4.3247a10.6372,10.6372,0,0,0-1.05713,3.31153.9999.9999,0,0,0,.85156,1.1289A.97015.97015,0,0,0,37.07129,38a.99964.99964,0,0,0,.98877-.86133,8.52949,8.52949,0,0,1,.86084-2.68506c1.75586-3.45215,3.80078-3.35107,6.38525-3.23095a17.11739,17.11739,0,0,0,2.34766.00293c2.26807-.21387,3.21191-2.27491,4.12451-4.26807a13.10757,13.10757,0,0,1,2.144-3.60126A19.82756,19.82756,0,0,1,56.647,30.28369a.99991.99991,0,1,0,1.96582-.36719A21.98126,21.98126,0,0,0,38,12.04437V10.93945a2.987,2.987,0,0,1,1.67975-2.68524,5.92874,5.92874,0,0,0,4.497,2.06757,7.164,7.164,0,0,0,2.375-.42676A15.08409,15.08409,0,0,0,50.14844,8.064a3.4812,3.4812,0,0,1,3.603-.64746,1.00006,1.00006,0,0,0,1.03418-1.5874C54.57129,5.55664,49.47949-.82178,44.57813.09082c-4.73108.88184-5.28528,3.7514-5.51594,6.23993a4.98,4.98,0,0,0-2.06213,1.62543,4.9803,4.9803,0,0,0-2.06232-1.62574C34.707,3.842,34.15283.9726,29.42188.09082,24.52-.82666,19.42871,5.55713,19.21436,5.8291a1.00006,1.00006,0,0,0,1.03418,1.5874,3.48,3.48,0,0,1,3.603.64746A15.08409,15.08409,0,0,0,27.44824,9.895a7.14933,7.14933,0,0,0,2.375.42676,5.92925,5.92925,0,0,0,4.49707-2.06769A2.98713,2.98713,0,0,1,36,10.93945v1.08594A21.92939,21.92939,0,0,0,19.744,20.37775ZM44.94434,2.05664c2.19091-.41162,4.81005,1.49121,6.59326,3.19482A6.12561,6.12561,0,0,0,49.05176,6.3916a13.15788,13.15788,0,0,1-3.16211,1.61572,4.08309,4.08309,0,0,1-4.23535-.59625l2.64306-1.10931A.99989.99989,0,1,0,43.523,4.458l-2.342.98309C41.45892,3.73053,42.16119,2.57568,44.94434,2.05664Zm-16.834,5.95068A13.15788,13.15788,0,0,1,24.94824,6.3916,6.11593,6.11593,0,0,0,22.45947,5.251c1.78028-1.7041,4.3916-3.604,6.59619-3.19434,2.78315.51892,3.48529,1.674,3.76325,3.38428L30.47705,4.458a.99989.99989,0,1,0-.77441,1.84375l2.64349,1.10937A4.08664,4.08664,0,0,1,28.11035,8.00732Zm15.499,10.13819c-2.83008-.98731-3.87549-.41846-5.146.563a6.52361,6.52361,0,0,1-3.8335,1.50732c-2.36926.27155-4.27624-2.47589-5.39782-4.64508a19.99995,19.99995,0,0,1,17.69976,1.06879C46.06519,17.61523,44.84283,18.57642,43.60938,18.14551Z\"><\/path><\/g><\/svg>                 <\/div>\n    <div class=\"ue_item_spacer\"><\/div>\n    <div class=\"ue_item_content\">\n      <div class=\"ue_item_title\">Space Sustainability and Space Traffic Management<\/div>      <div class=\"ue_item_text\"><\/div>    <\/div>\n  <\/div>\n\n<\/div>\n\n<!-- -->\n<!-- end Timeline Bullets -->\t\t\t\t<\/div>\n\t\t\t\t<\/div>\n\t\t\t\t<div class=\"elementor-element elementor-element-5aedba5d elementor-widget elementor-widget-ucaddon_timeline_bullets\" data-id=\"5aedba5d\" data-element_type=\"widget\" data-widget_type=\"ucaddon_timeline_bullets.default\">\n\t\t\t\t<div class=\"elementor-widget-container\">\n\t\t\t\t\t\n<!-- start Timeline Bullets -->\n\n<style>\/* widget: Timeline Bullets *\/\n\n\r\n@keyframes uc_timeline_bullets_elementor_5aedba5d__item-animation {\r\n  0% {\r\n            \r\n        \t        \tfilter: blur(4px);\r\n\t\t\t\r\n    \t    opacity: 0;\r\n  }\r\n  100% {\r\n            \r\n        \t            filter: blur(0px);\r\n            \r\n    \t\topacity: 1;\r\n  }\r\n}\r\n\r\n\r\n#uc_timeline_bullets_elementor_5aedba5d .ue_item{\r\n\topacity:0;\r\n}\r\n\r\n\r\n#uc_timeline_bullets_elementor_5aedba5d .uc-entrance-animate {\r\n  opacity:1;\r\n}\r\n\r\n#uc_timeline_bullets_elementor_5aedba5d .uc-entrance-animate {\r\n\tanimation: uc_timeline_bullets_elementor_5aedba5d__item-animation 0.4s cubic-bezier(0.470, 0.000, 0.745, 0.715) both;\r\n}\r\n\r\n\t\t\t\n\n#uc_timeline_bullets_elementor_5aedba5d .ue_item{\n  display:flex;\n  position:relative;\n}\n\n#uc_timeline_bullets_elementor_5aedba5d .ue_item_icon{ \n  display:flex;\n  align-items:center;\n  justify-content:center;\n  flex-grow:0;\n  flex-shrink:0;\n  line-height:1em;\n  overflow:hidden;\n}\n\n#uc_timeline_bullets_elementor_5aedba5d .ue_item_icon img{\n  object-fit: cover;\n}\n\n#uc_timeline_bullets_elementor_5aedba5d .ue_item_icon svg{ \n  height:1em;\n  width:1em;\n}\n\n#uc_timeline_bullets_elementor_5aedba5d .ue_item_spacer{\n  flex-grow:0;\n  flex-shrink:0;\n}\n\n#uc_timeline_bullets_elementor_5aedba5d .ue_item_hr_line{\n  flex-grow:0;\n  flex-shrink:0;\n}\n\n#uc_timeline_bullets_elementor_5aedba5d .ue_item_vr_line{\n  height:100%;\n  position:absolute;\n  flex-grow:0;\n  flex-shrink:0;\n}\n\n#uc_timeline_bullets_elementor_5aedba5d .ue_item_title, \n#uc_timeline_bullets_elementor_5aedba5d .ue_item_text,\n#uc_timeline_bullets_elementor_5aedba5d .ue_item_icon{\n  transition: all .3s ease-out;\n}\n\n.ue_item_title{\n  font-size:21px;\n}\n\n#uc_timeline_bullets_elementor_5aedba5d.uc-remote-parent .ue_item{\n  cursor:pointer;\n}\n\n<\/style>\n\n<div id=\"uc_timeline_bullets_elementor_5aedba5d\" class=\"uc-items-wrapper  \"  >\n <div class=\"ue_item elementor-repeater-item-f373861\">\n    <div class=\"ue_item_vr_line\"><\/div>\n    <div class=\"ue_item_hr_line\"><\/div>\n    <div class=\"ue_item_icon\">\n      <svg xmlns=\"http:\/\/www.w3.org\/2000\/svg\" clip-rule=\"evenodd\" fill-rule=\"evenodd\" stroke-linejoin=\"round\" stroke-miterlimit=\"2\" viewBox=\"0 0 510 510\"><path d=\"m155.625 311.303c-16.835 8.721-31.855 15.454-44.319 19.127-21.226 6.253-36.102 3.306-42.896-8.461-5.702-9.877-5.369-23.008 1.296-38.173 8.406-19.13 27.097-42.162 53.517-65.767.537-12.361 2.776-24.282 6.488-35.533-14.92-8.823-27.188-16.784-36.237-24.287-19.396-16.081-24.96-31.045-16.044-46.488 5.675-9.829 17.126-16.093 33.463-17.937 20.596-2.325 49.635 2.229 83.026 13.13 18.26-9.558 39.038-14.964 61.081-14.964 22.035 0 42.811 5.407 61.073 14.967 33.393-10.903 62.434-15.458 83.032-13.134 16.338 1.844 27.79 8.108 33.465 17.938 8.916 15.443 3.352 30.407-16.044 46.488-9.049 7.503-21.319 15.465-36.24 24.289 3.714 11.25 5.954 23.17 6.491 35.531 26.42 23.605 45.111 46.637 53.517 65.767 6.665 15.165 6.998 28.296 1.296 38.173-6.794 11.767-21.67 14.714-42.896 8.461-12.464-3.673-27.484-10.406-44.319-19.127-10.657 18.227-20.84 42.096-24.478 85.405 9.063.911 16.148 8.57 16.148 17.871v9.395c0 4.125-1.394 7.927-3.736 10.961 2.342 3.033 3.736 6.836 3.736 10.961v9.395c0 9.913-8.048 17.961-17.961 17.961h-5.383v3.985c0 13.667-11.095 24.763-24.762 24.763h-85.878c-13.667 0-24.762-11.096-24.762-24.763v-3.985h-5.383c-9.913 0-17.961-8.048-17.961-17.961v-9.395c0-4.125 1.394-7.928 3.736-10.961-2.342-3.034-3.736-6.836-3.736-10.961v-9.395c0-9.301 7.085-16.96 16.148-17.871-3.638-43.309-13.821-67.178-24.478-85.405zm-32.022-74.585c-19.915 18.986-34.244 37.154-41.08 52.71-4.47 10.172-5.813 18.917-1.988 25.541 1.631 2.826 4.383 4.178 7.893 4.628 5.119.657 11.484-.406 18.921-2.597 11.609-3.42 25.459-9.562 40.939-17.518-2.044-3.171-4.055-6.249-5.986-9.334-9.171-14.647-16.722-29.445-18.699-53.43zm18.517-47.018c-3.267 10.811-5.023 22.278-5.023 34.153 0 10.652 1.074 19.484 2.921 27.166 4.268-1.521 9.606-3.567 11.285-4.838 3.363-2.548 6.731-4.446 9.551-6.604 2.605-1.992 4.479-4.328 4.432-8.917-.035-3.423 1.105-6.248 3.149-8.788 1.816-2.256 4.631-4.273 7.7-6.619s7.466-1.759 9.812 1.31c2.346 3.07 1.759 7.466-1.31 9.813-1.582 1.209-3.112 2.263-4.367 3.354-.336.291-.804.811-.983 1.013.043 10.216-4.089 15.489-9.927 19.955-2.837 2.169-6.221 4.081-9.604 6.643-2.533 1.919-9.717 4.968-15.385 7.04 4.355 10.465 10.221 19.043 16.333 28.531 24.276-13.175 51.817-29.852 80.591-47.021-6.096-3.586-12.223-7.165-18.364-10.71-30.746-17.752-58.191-32.551-80.811-45.481zm35.98-73.026c-26.189-7.627-48.891-10.869-65.637-8.979-10.939 1.235-19.109 4.444-22.909 11.026-5.703 9.878.449 18.424 12.855 28.71 8.24 6.832 19.202 14.032 32.436 21.928 9.598-21.128 24.606-39.28 43.255-52.685zm108.076-6.556c-9.931-2.717-20.385-4.168-31.176-4.168-31.418 0-59.962 12.288-81.092 32.316 4.419 2.694 8.484 6.792 10.055 12.185 1.023 3.511 3.173 3.832 4.828 5.007 2.873 2.04 5.619 4.685 7.272 10.755 1.178 4.329.603 8.215-.666 11.89-.542 1.568-1.216 3.087-1.833 4.589-.467 1.136-1.016 2.216-.983 3.386.012.405.048.793.104 1.166.571 3.821-2.068 7.387-5.889 7.958-3.821.57-7.387-2.069-7.958-5.89-.135-.905-.222-1.846-.251-2.83-.097-3.348.965-6.587 2.335-9.85.881-2.099 2.332-4.171 1.632-6.741-.927-3.407-3.011-3.701-4.637-4.848-2.863-2.021-5.641-4.654-7.395-10.676-.572-1.965-2.326-3.213-3.951-4.18-.792-.472-1.75-.89-2.635-1.228-6.83 8.295-12.548 17.538-16.927 27.503 22.905 13.137 51.134 28.241 82.922 46.594 8.399 4.85 16.771 9.767 25.069 14.683 8.298-4.916 16.67-9.833 25.069-14.683 31.786-18.352 60.015-33.455 82.919-46.592-4.97-11.304-11.663-21.681-19.746-30.796-4.853 3.791-11.158 7.634-17.328 10.084-7.112 2.824-14.112 3.621-19.15 1.855-3.675-1.289-7.538.169-11.596 1.575-6.216 2.154-12.686 4.789-19.188 5.248-7.977.563-28.33-3.093-35.395-3.439-8.221-.403-24.491-4.074-21.522-21.46 2.615-15.312 17.556-23.433 25.265-24.882 4.773-.896 8.921-.44 13.121.393 4.338.86 8.747 2.317 14.839 1.428 1.798-.262 4.568-1.563 7.635-3.073 2.046-1.007 4.181-2.138 6.253-3.279zm88.975 59.243c13.236-7.896 24.199-15.097 32.44-21.93 12.406-10.286 18.558-18.832 12.855-28.71-3.801-6.582-11.971-9.791-22.911-11.026-16.748-1.89-39.453 1.353-65.645 8.981 5.956 4.281 11.541 9.047 16.697 14.238.043.044.086.087.129.131 10.931 11.036 19.926 23.992 26.435 38.316zm11.246 67.357c-1.977 23.985-9.528 38.783-18.699 53.43-1.931 3.085-3.942 6.163-5.986 9.334 15.48 7.956 29.33 14.098 40.939 17.518 7.437 2.191 13.802 3.254 18.921 2.597 3.51-.45 6.262-1.802 7.893-4.628 3.825-6.624 2.482-15.369-1.988-25.541-6.836-15.556-21.165-33.724-41.08-52.71zm-37.101 56.194c12.305-19.101 23.607-34.509 23.607-69.059 0-11.875-1.757-23.341-5.025-34.152-22.62 12.929-50.064 27.729-80.809 45.48-6.141 3.545-12.268 7.124-18.364 10.71 28.774 17.169 56.315 33.846 80.591 47.021zm-33.44 103.706c3.772-46.773 14.712-72.382 26.133-91.904-26.204-14.262-56.009-32.337-86.989-50.721-30.98 18.384-60.785 36.459-86.989 50.721 11.421 19.522 22.361 45.131 26.133 91.904zm12.228 31.317c2.186 0 3.961-1.775 3.961-3.961v-9.395c0-2.186-1.775-3.961-3.961-3.961h-146.168c-2.186 0-3.961 1.775-3.961 3.961v9.395c0 2.186 1.775 3.961 3.961 3.961zm-12.409 31.317h12.409c2.186 0 3.961-1.775 3.961-3.961v-9.395c0-2.186-1.775-3.961-3.961-3.961h-146.168c-2.186 0-3.961 1.775-3.961 3.961v9.395c0 2.186 1.775 3.961 3.961 3.961h12.409c.06-.001.12-.001.18 0h120.99c.06-.001.12-.001.18 0zm-114.376 14v3.985c0 5.94 4.822 10.763 10.762 10.763h85.878c5.94 0 10.762-4.823 10.762-10.763v-3.985zm131.985-337.553c-8.873-7.886-18.944-14.453-29.905-19.393-3.972 2.413-11.017 6.572-17.273 9.652-4.688 2.307-9.048 3.965-11.796 4.366-6.87 1.002-12.175.016-17.148-1.041-3.362-.715-6.49-1.581-10.249-.874-4.233.795-12.614 5.071-14.05 13.479-.176 1.029-.219 1.856.085 2.503.418.89 1.382 1.226 2.267 1.558 2.119.795 4.452.98 6.054 1.058 6.736.33 26.121 3.995 33.725 3.458 6.595-.465 13.065-3.881 19.276-5.701 5.929-1.737 11.674-2.28 17.126-.369 2.487.872 5.841-.261 9.352-1.655 4.395-1.745 8.901-4.367 12.536-7.041zm-146.997 136.877c.389 3.844-2.417 7.28-6.26 7.669-3.844.388-7.28-2.417-7.669-6.261-.489-4.831.876-9.094 2.724-11.722 4.278-6.085 13.269-9.28 20.606-9.333 2.474-.018 4.511.284 6.325.782 3.725 1.024 5.919 4.879 4.895 8.605-1.023 3.725-4.879 5.918-8.604 4.895-.721-.198-1.533-.289-2.515-.282-3.196.023-7.391.734-9.254 3.385-.35.497-.34 1.349-.248 2.262zm44.616 7.574c-2.497-2.948-2.131-7.369.818-9.866 2.948-2.496 7.368-2.13 9.865.818 1.569 1.853 2.814 3.873 4.158 5.867 1.174 1.743 2.417 3.524 4.827 4.712 2.332 1.149 4.483.671 6.692 1.013 2.97.461 6.029 1.441 9.373 4.1 5.178 4.118 8.839 12.29 5.832 22.205-2.342 7.721-6.327 11.793-10.529 13.929-4.092 2.08-8.656 2.358-13.068 1.53-5.127-.963-9.985-3.468-12.786-4.936-7.78-4.078-12.048-8.322-16.045-12.635-3.151-3.4-6.062-6.879-11.414-10.214-.338-.211-.678-.41-1.018-.597-3.386-1.861-4.624-6.12-2.763-9.506s6.121-4.624 9.507-2.763c.561.309 1.121.637 1.679.984 5.427 3.382 8.927 6.82 12.147 10.274 3.798 4.074 7.072 8.213 14.406 12.057 1.683.882 4.366 2.357 7.358 3.214 1.851.531 3.886 1.01 5.654.111 1.568-.797 2.601-2.63 3.475-5.512.952-3.142.492-5.879-1.149-7.184-1.855-1.475-3.543-1.324-5.167-1.456-2.733-.222-5.447-.614-8.374-2.057-4.249-2.095-6.955-4.879-9.164-7.897-1.502-2.052-2.67-4.249-4.314-6.191zm109.941-72.258c1.961-3.328 6.256-4.437 9.584-2.476 3.329 1.962 4.438 6.257 2.477 9.585-3.492 5.924-11.165 18.128-13.728 20.642-4.392 4.309-7.77 6.62-10.652 8.707-2.01 1.457-3.711 2.722-5.358 5.146-2.041 3.003-3.862 5.505-3.256 9.069.075.442.183.933.298 1.461.823 3.775-1.573 7.508-5.347 8.331-3.775.824-7.508-1.572-8.331-5.347-.166-.759-.314-1.464-.422-2.1-1.26-7.414 1.233-13.036 5.479-19.283 2.234-3.287 4.463-5.38 7.015-7.344 2.822-2.172 6.177-4.128 10.77-8.634 2.186-2.144 8.493-12.705 11.471-17.757zm-117.628-3.268c-.227 3.857-3.542 6.804-7.399 6.577-3.856-.227-6.803-3.543-6.576-7.4.157-2.676.906-5.331 2.514-7.883 3.024-4.802 12.116-12.35 20.673-14.721 9.662-2.678 21.873-4.01 31.895-4.568 4.197-.233 7.666.763 11.117 2.267 3.153 1.374 6.261 3.44 10.97 4.006 5.79.697 14.932 3.145 24.199.531 1.026-.289 1.268-.879 1.708-1.392.428-.501.883-1.012 1.407-1.532 1.249-1.241 2.851-2.535 5.354-3.767 5.189-2.555 13.786-5.103 21.257-4.281 3.84.423 6.614 3.884 6.192 7.724-.423 3.841-3.884 6.615-7.724 6.192-4.773-.525-10.226 1.293-13.542 2.925-2.176 1.071-2.69 2.349-3.593 3.304-1.622 1.714-3.539 3.253-7.259 4.302-11.361 3.204-22.575.749-29.672-.106-4.518-.544-8.057-1.915-11.25-3.383-2.832-1.303-5.122-2.993-8.386-2.812-9.089.506-20.172 1.652-28.933 4.081-5.152 1.428-10.746 5.8-12.567 8.692-.253.401-.36.823-.385 1.244zm29.294-189.624c0-3.863 3.136-7 7-7 3.863 0 7 3.137 7 7v41.39c0 3.863-3.137 7-7 7-3.864 0-7-3.137-7-7zm89.792 31.394c2.732-2.732 7.167-2.732 9.899 0s2.732 7.168 0 9.9l-29.267 29.267c-2.732 2.732-7.167 2.732-9.899 0s-2.732-7.168 0-9.9zm-175.484 9.9c-2.732-2.732-2.732-7.168 0-9.9s7.168-2.732 9.9 0l29.267 29.267c2.732 2.732 2.732 7.168 0 9.9s-7.168 2.732-9.9 0z\"><\/path><\/svg>                 <\/div>\n    <div class=\"ue_item_spacer\"><\/div>\n    <div class=\"ue_item_content\">\n      <div class=\"ue_item_title\">Delivering the Potential of The New Space Economy<\/div>      <div class=\"ue_item_text\"><\/div>    <\/div>\n  <\/div>\n<div class=\"ue_item elementor-repeater-item-62d3425\">\n    <div class=\"ue_item_vr_line\"><\/div>\n    <div class=\"ue_item_hr_line\"><\/div>\n    <div class=\"ue_item_icon\">\n      <svg xmlns=\"http:\/\/www.w3.org\/2000\/svg\" xmlns:xlink=\"http:\/\/www.w3.org\/1999\/xlink\" width=\"512\" height=\"512\" x=\"0\" y=\"0\" viewBox=\"0 0 682.667 682.667\" style=\"enable-background:new 0 0 512 512\" xml:space=\"preserve\"><g><defs><clipPath id=\"a\" clipPathUnits=\"userSpaceOnUse\"><path d=\"M0 512h512V0H0Z\" fill=\"#ffffff\" opacity=\"1\" data-original=\"#000000\"><\/path><\/clipPath><\/defs><g clip-path=\"url(#a)\" transform=\"matrix(1.33333 0 0 -1.33333 0 682.667)\"><path d=\"M0 0c-20.616 81.984 1.137 172.433 65.26 236.556 97.046 97.045 254.387 97.045 351.432 0a251.632 251.632 0 0 0 14.504-15.791l20.821 17.527c4.878 4.106 12.33.639 12.33-5.738v-84.07c0-4.653-4.194-8.183-8.779-7.39l-82.839 14.334c-6.283 1.087-8.429 9.021-3.551 13.128l21.088 17.752a197.775 197.775 0 0 1-11.404 12.418c-76.152 76.152-199.619 76.152-275.771 0C42.159 137.794 29.98 46.57 66.556-26.47\" style=\"stroke-width:15;stroke-linecap:round;stroke-linejoin:round;stroke-miterlimit:10;stroke-dasharray:none;stroke-opacity:1\" transform=\"translate(14.91 195.208)\" fill=\"none\" stroke=\"#ffffff\" stroke-width=\"15\" stroke-linecap=\"round\" stroke-linejoin=\"round\" stroke-miterlimit=\"10\" stroke-dasharray=\"none\" stroke-opacity=\"\" data-original=\"#000000\" opacity=\"1\"><\/path><path d=\"M0 0c77.034 77.034 92.919 192.06 47.655 284.763\" style=\"stroke-width:15;stroke-linecap:round;stroke-linejoin:round;stroke-miterlimit:10;stroke-dasharray:none;stroke-opacity:1\" transform=\"translate(431.602 80.332)\" fill=\"none\" stroke=\"#ffffff\" stroke-width=\"15\" stroke-linecap=\"round\" stroke-linejoin=\"round\" stroke-miterlimit=\"10\" stroke-dasharray=\"none\" stroke-opacity=\"\" data-original=\"#000000\" opacity=\"1\"><\/path><path d=\"M0 0c36.506-73.021 24.309-164.182-36.591-225.083-76.153-76.152-199.62-76.152-275.772 0a198.204 198.204 0 0 0-11.301 12.296l21.088 17.753c4.878 4.106 2.731 12.04-3.551 13.128l-82.839 14.333c-4.585.793-8.779-2.737-8.779-7.39v-84.07c0-6.376 7.452-9.844 12.33-5.738l20.821 17.528a251.764 251.764 0 0 1 14.401-15.67c89.658-89.658 230.784-96.483 328.277-20.473\" style=\"stroke-width:15;stroke-linecap:round;stroke-linejoin:round;stroke-miterlimit:10;stroke-dasharray:none;stroke-opacity:1\" transform=\"translate(430.363 343.244)\" fill=\"none\" stroke=\"#ffffff\" stroke-width=\"15\" stroke-linecap=\"round\" stroke-linejoin=\"round\" stroke-miterlimit=\"10\" stroke-dasharray=\"none\" stroke-opacity=\"\" data-original=\"#000000\" opacity=\"1\"><\/path><path d=\"M0 0c33.982 7.147 63.066 28.561 63.066 77.403 0 62.961-80.374 157.657-93.176 157.657-12.803 0-93.177-94.696-93.177-157.657 0-62.96 48.327-80.343 93.177-80.343\" style=\"stroke-width:15;stroke-linecap:round;stroke-linejoin:round;stroke-miterlimit:10;stroke-dasharray:none;stroke-opacity:1\" transform=\"translate(286.11 167.918)\" fill=\"none\" stroke=\"#ffffff\" stroke-width=\"15\" stroke-linecap=\"round\" stroke-linejoin=\"round\" stroke-miterlimit=\"10\" stroke-dasharray=\"none\" stroke-opacity=\"\" data-original=\"#000000\" opacity=\"1\"><\/path><path d=\"M0 0v-246.979\" style=\"stroke-width:15;stroke-linecap:round;stroke-linejoin:round;stroke-miterlimit:10;stroke-dasharray:none;stroke-opacity:1\" transform=\"translate(256 360.001)\" fill=\"none\" stroke=\"#ffffff\" stroke-width=\"15\" stroke-linecap=\"round\" stroke-linejoin=\"round\" stroke-miterlimit=\"10\" stroke-dasharray=\"none\" stroke-opacity=\"\" data-original=\"#000000\" opacity=\"1\"><\/path><path d=\"m0 0-57.249 57.248\" style=\"stroke-width:15;stroke-linecap:round;stroke-linejoin:round;stroke-miterlimit:10;stroke-dasharray:none;stroke-opacity:1\" transform=\"translate(256 204.01)\" fill=\"none\" stroke=\"#ffffff\" stroke-width=\"15\" stroke-linecap=\"round\" stroke-linejoin=\"round\" stroke-miterlimit=\"10\" stroke-dasharray=\"none\" stroke-opacity=\"\" data-original=\"#000000\" opacity=\"1\"><\/path><path d=\"m0 0-33.914 33.914\" style=\"stroke-width:15;stroke-linecap:round;stroke-linejoin:round;stroke-miterlimit:10;stroke-dasharray:none;stroke-opacity:1\" transform=\"translate(256 284.385)\" fill=\"none\" stroke=\"#ffffff\" stroke-width=\"15\" stroke-linecap=\"round\" stroke-linejoin=\"round\" stroke-miterlimit=\"10\" stroke-dasharray=\"none\" stroke-opacity=\"\" data-original=\"#000000\" opacity=\"1\"><\/path><path d=\"m0 0 57.249 57.248\" style=\"stroke-width:15;stroke-linecap:round;stroke-linejoin:round;stroke-miterlimit:10;stroke-dasharray:none;stroke-opacity:1\" transform=\"translate(256 204.01)\" fill=\"none\" stroke=\"#ffffff\" stroke-width=\"15\" stroke-linecap=\"round\" stroke-linejoin=\"round\" stroke-miterlimit=\"10\" stroke-dasharray=\"none\" stroke-opacity=\"\" data-original=\"#000000\" opacity=\"1\"><\/path><path d=\"m0 0 33.914 33.914\" style=\"stroke-width:15;stroke-linecap:round;stroke-linejoin:round;stroke-miterlimit:10;stroke-dasharray:none;stroke-opacity:1\" transform=\"translate(256 284.385)\" fill=\"none\" stroke=\"#ffffff\" stroke-width=\"15\" stroke-linecap=\"round\" stroke-linejoin=\"round\" stroke-miterlimit=\"10\" stroke-dasharray=\"none\" stroke-opacity=\"\" data-original=\"#000000\" opacity=\"1\"><\/path><\/g><\/g><\/svg>                 <\/div>\n    <div class=\"ue_item_spacer\"><\/div>\n    <div class=\"ue_item_content\">\n      <div class=\"ue_item_title\">EU Space Act  Shaping a Unified, Competitive & Sustainable Space Market<\/div>      <div class=\"ue_item_text\"><\/div>    <\/div>\n  <\/div>\n<div class=\"ue_item elementor-repeater-item-9d5853e\">\n    <div class=\"ue_item_vr_line\"><\/div>\n    <div class=\"ue_item_hr_line\"><\/div>\n    <div class=\"ue_item_icon\">\n      <svg xmlns=\"http:\/\/www.w3.org\/2000\/svg\" id=\"line\" viewBox=\"0 0 64 64\"><path d=\"m59.93208 4.99989a.9993.9993 0 0 0 -.99988-.99989c-.7919 0-19.50754.11132-29.18026 9.784a51.91923 51.91923 0 0 0 -6.01994 7.27911l-3.79437-1.78068a5.46958 5.46958 0 0 0 -7.15836 2.83269l-6.43286 13.00828a.99836.99836 0 0 0 .18943 1.15025l3.443 3.443a1 1 0 0 0 1.41384-1.414l-2.93616-2.93612 6.138-12.41459a3.49474 3.49474 0 0 1 4.52488-1.8455l3.5076 1.64691a75.52078 75.52078 0 0 0 -7.31288 15.15684 1.04761 1.04761 0 0 0 .55078 1.26053 16.24142 16.24142 0 0 1 8.97157 8.84378 1.01505 1.01505 0 0 0 1.29416.57135 75.88706 75.88706 0 0 0 15.0479-7.28268l1.63347 3.47733a3.49237 3.49237 0 0 1 -1.88162 4.57955l-12.3648 6.11356-2.93622-2.93521a1 1 0 0 0 -1.41384 1.4139l3.44291 3.443a1.0001 1.0001 0 0 0 1.15026.18944l12.95945-6.40943a5.48708 5.48708 0 0 0 2.86784-7.213l-1.7667-3.76288a51.8463 51.8463 0 0 0 7.27877-6.01921c9.67272-9.6728 9.78403-28.38843 9.78403-29.18033zm-2.02908 1.02917a58.96878 58.96878 0 0 1 -3.15819 16.71324 34.364 34.364 0 0 0 -13.30481-13.64425 59.23337 59.23337 0 0 1 16.463-3.06899zm-31.59439 40.34488a18.14248 18.14248 0 0 0 -8.78324-8.64409c4.74708-12.04141 10.726-22.93378 21.4699-27.66383a32.44805 32.44805 0 0 1 14.75722 15.11955c-4.76819 10.55415-15.5147 16.44978-27.44388 21.18837z\"><\/path><path d=\"m20.23838 48.60721c-.27536.29391-6.70724 7.24233-2.93619 11.08662a1 1 0 0 0 1.42751-1.40029c-2.3981-2.444 2.91379-8.26169 2.9675-8.3193a.99981.99981 0 0 0 -1.45882-1.36703z\"><\/path><path d=\"m15.46256 43.83023a.99989.99989 0 0 0 -1.368-1.45864c-.05856.05371-5.87239 5.36755-8.31937 2.96841a1 1 0 0 0 -1.40019 1.42757c3.39984 3.65095 10.47282-2.23332 11.08756-2.93734z\"><\/path><path d=\"m18.511 45.42007a.99952.99952 0 0 0 -1.4139 0l-3.95459 3.95463a.99978.99978 0 0 0 1.4139 1.4139l3.95459-3.9546a.99952.99952 0 0 0 0-1.41393z\"><\/path><path d=\"m45.81651 18.11557a11.01126 11.01126 0 0 0 -15.55486 0c-6.93207 6.83626-1.847 18.88145 7.77761 18.7702 9.62408.11095 14.70999-11.93541 7.77725-18.7702zm-1.4139 14.14a9.00868 9.00868 0 0 1 -12.72706 0c-5.67129-5.59342-1.51088-15.449 6.36371-15.35756 7.8741-.09131 12.03519 9.76529 6.36335 15.35755z\"><\/path><path d=\"m41.9234 21.4277a1 1 0 0 0 .89443-1.78886 7.00682 7.00682 0 0 0 -9.22862 2.82975h-1.88144a.99989.99989 0 1 0 0 1.99977h1.14965a6.64894 6.64894 0 0 0 .0003 2.84831h-1.15a1.00008 1.00008 0 0 0 .00006 1.99977h1.882a7.003 7.003 0 0 0 9.228 2.82976 1 1 0 0 0 -.89443-1.78886 4.99722 4.99722 0 0 1 -5.86621-1.041l2.64685.00006a.99989.99989 0 1 0 0-1.99977h-3.79212a4.93983 4.93983 0 0 1 -.00024-2.84831h3.79237a1.00008 1.00008 0 0 0 -.00006-1.99977h-2.64724a5.03533 5.03533 0 0 1 1.00983-.82217 4.95665 4.95665 0 0 1 4.85687-.21868z\"><\/path><\/svg>                 <\/div>\n    <div class=\"ue_item_spacer\"><\/div>\n    <div class=\"ue_item_content\">\n      <div class=\"ue_item_title\">Financing Europe\u2019s Future Space Ambitions<\/div>      <div class=\"ue_item_text\"><\/div>    <\/div>\n  <\/div>\n<div class=\"ue_item elementor-repeater-item-09734ae\">\n    <div class=\"ue_item_vr_line\"><\/div>\n    <div class=\"ue_item_hr_line\"><\/div>\n    <div class=\"ue_item_icon\">\n      <svg xmlns=\"http:\/\/www.w3.org\/2000\/svg\" id=\"Layer_1\" viewBox=\"0 0 512 512\" data-name=\"Layer 1\"><path d=\"m460.431 357.927-68.27-107.017a17.67 17.67 0 0 0 -24.371-5.388l-33.516 21.378a17.666 17.666 0 0 0 -7.648 19.015c-1.02-.009-2.062-.04-3.132-.1-7.19-.393-11.705-2.6-16.485-4.945-12.583-6.163-23.123-9.182-49.419 4.871-4.243-5.054-9.96-7.865-17.073-8.371-7.455-.532-15.489 1.465-24 3.578-10.6 2.632-21.494 5.336-31.486 3.249a17.665 17.665 0 0 0 -7.309-20.221l-33.512-21.376a17.669 17.669 0 0 0 -24.371 5.387l-68.27 107.013a17.669 17.669 0 0 0 5.388 24.371l33.515 21.38a17.486 17.486 0 0 0 9.438 2.766 17.943 17.943 0 0 0 3.861-.424 17.709 17.709 0 0 0 5.462-2.224 30.37 30.37 0 0 0 -3.528 16.751c.754 8.767 3.955 15.279 9.513 19.356 4.755 3.489 11.013 4.945 18.661 4.362 1.208 6.63 3.943 11.982 8.173 15.971 4.979 4.693 11.843 7.3 20.462 7.77a24.377 24.377 0 0 0 9.412 13.5c5.95 4.117 13.692 5.453 23.551 4.042 4.627 10.393 13.589 15.988 25.843 15.987.429 0 .865-.006 1.3-.02 6.651-.21 13.1-4.743 18.093-9.527 13.7 9.334 25.382 13.968 35.341 13.967a28.5 28.5 0 0 0 9.358-1.521c7.442-2.566 13.121-8.2 16.944-16.794 8.314 2.462 15.626 2.163 21.805-.907 6.739-3.349 11.763-9.836 14.984-19.326 7.991.668 14.584-.932 19.665-4.782 4.782-3.624 7.991-9.061 9.586-16.215 11.334 1.012 20.918-1.986 28.575-8.943a6.944 6.944 0 0 0 1.109-1.286c5.77-8.614 7.838-17.045 6.147-25.058a26.858 26.858 0 0 0 -1.309-4.306 17.691 17.691 0 0 0 5.309 2.128 17.88 17.88 0 0 0 3.861.424 17.492 17.492 0 0 0 9.437-2.765l33.518-21.377a17.669 17.669 0 0 0 5.388-24.373zm-159.58-64.48c5.279 2.585 11.849 5.8 21.879 6.351a73.38 73.38 0 0 0 11.455-.22l53.8 84.334a7.742 7.742 0 0 1 -1.787 1.381c-.335-.22-.661-.442-1.005-.659-4.665-2.905-11.714-7.926-19.876-13.741-43.34-30.876-75.105-51.813-89.193-39.93-34.25 28.893-52.628 33.031-58.082 30.924-.629-.243-1.683-.65-2.007-3.085-1.319-9.886 11.181-34.348 43.066-57.884 26.199-15.089 32.728-11.89 41.75-7.471zm-197.81 94.392a3.681 3.681 0 0 1 -5.041 1.114l-33.514-21.381a3.7 3.7 0 0 1 -1.114-5.039l68.269-107.017a3.686 3.686 0 0 1 3.109-1.671 3.583 3.583 0 0 1 1.931.556l33.519 21.382a3.7 3.7 0 0 1 1.114 5.038zm20.459 37.853c-2.159-1.584-3.453-4.7-3.846-9.269-.732-8.5 6.092-15.755 13.316-23.431 1.47-1.563 2.991-3.18 4.427-4.793a10.468 10.468 0 0 1 10.437-3.3 13.524 13.524 0 0 1 9.431 8.409c-2.062 6.158-7.35 17.436-20.862 33.614-5.93 1.038-10.371.629-12.903-1.23zm23.77 10.054c15.6-18.721 21.473-32.177 23.668-39.235 5.384-5.411 14.737-7.834 21.185-5.293 4.4 1.737 6.681 5.586 6.8 11.44l-34.397 48.482c-5.825-.123-10.159-1.458-12.87-4.014-2.535-2.391-4.004-6.216-4.387-11.38zm32.623 31.322c-2.095-1.45-3.508-3.87-4.307-7.323l34.363-48.436c7.326-1.131 12.989 0 15.744 3.224 2.993 3.5 3.066 9.94.249 17.759q-12.88 15.629-20.432 24.808c-4.232 5.141-7.47 9.076-9.2 11.173-7.476 1.476-13.128 1.071-16.418-1.205zm42.287 17.532c-7.545.252-11.862-2.245-14.243-8.421 1.6-1.938 4.174-5.065 8.382-10.178q6.914-8.4 18.306-22.23c5.1 1.625 10.072 4.22 11.129 8.284.679 2.609-1.491 10.459-8.438 19.743-6.516 8.702-12.773 12.724-15.136 12.802zm164.754-59.869c-5.475 4.608-12.6 5.968-21.7 4.162l-64.215-43.393-7.839 11.6 61.845 41.8c-.766 4.618-2.321 7.872-4.669 9.651-2.833 2.148-7.423 2.632-13.612 1.486l-49.466-32.276-7.65 11.725 46.358 30.248c-1.965 5.985-4.664 9.862-8.052 11.546-3.83 1.9-9.315 1.32-16.3-1.715l-29.207-20.762a7 7 0 0 0 -8.111 11.41l25.533 18.151c-2.224 5.288-5.237 8.622-9 9.919-6.842 2.361-17.731-1.169-30.991-9.939 4.141-5.924 12.193-19.237 9.444-29.806-2.049-7.88-8.232-13.719-18.416-17.416 2.428-10.365.884-19.314-4.552-25.675-5.306-6.21-13.652-9.122-23.951-8.471-1.639-8.883-6.907-15.532-15.127-18.773-9.563-3.771-21.317-2.082-30.407 3.735a27.15 27.15 0 0 0 -15.895-10.68 24.417 24.417 0 0 0 -23.74 7.351c-.3-.3-.631-.658-.991-1.072l51.537-80.787c14.6 4.631 29.711.883 42.135-2.2 13.866-3.444 21.21-4.708 25.758-.959-28.195 22.317-45.869 49.291-43.5 67.072.916 6.87 4.765 11.946 10.838 14.293 18.538 7.163 49.471-14.146 72.074-33.225.2-.1 5.159-2.34 27.544 10.7 14.589 8.5 31.218 20.349 44.579 29.868 8.353 5.952 15.567 11.091 20.556 14.195 7.432 4.709 11.734 9.621 12.785 14.6.856 4.041-.321 8.506-3.595 13.634zm62.166-56.531a3.632 3.632 0 0 1 -1.588 2.291l-33.512 21.385a3.68 3.68 0 0 1 -5.039-1.113l-68.271-107.018a3.7 3.7 0 0 1 1.113-5.039l33.516-21.381a3.7 3.7 0 0 1 5.039 1.114l68.27 107.018a3.632 3.632 0 0 1 .472 2.743zm-297.537-86.93-1.107 1.713a7 7 0 0 1 -11.757-7.6l1.107-1.712a7 7 0 1 1 11.757 7.6zm219.949-5.887a7 7 0 1 1 -11.757 7.6l-1.107-1.713a7 7 0 0 1 11.757-7.6zm-115.512-35.634a115.375 115.375 0 1 0 -115.375-115.374 115.505 115.505 0 0 0 115.375 115.374zm-101.112-108.113a33.585 33.585 0 0 0 9.912 1.564 8.006 8.006 0 0 0 1.325-.124c18.882-3.595 25.487 3.24 28.735 8.988 6.214 18.4 4.74 24.735 3.807 26.61a7.005 7.005 0 0 0 -.632 4.291 13.426 13.426 0 0 0 5.684 9.006c4.677 3.23 11.507 3.979 21.378 2.315 10.929 5.274 13.77 9.639 14.478 11.836.365 1.132.648 2.991-1.109 6.046a6.971 6.971 0 0 0 -.782 2.047c-1.831 8.7-4.671 14.854-8.274 17.991a101.6 101.6 0 0 1 -74.522-90.57zm165.228 71.2c-5.818-6.395-11.6-20.861 12.648-54.995 13.137-8.33 24.312-25.363 10.664-60.013a14.814 14.814 0 0 0 5.762-3.346 101.263 101.263 0 0 1 -29.074 118.354zm21.407-132.836c-.529 2.553-1.311 3.905-1.943 4.307-.6.38-2.188.483-4.868-.371a7 7 0 0 0 -8.415 9.736c19.616 40.272 3.395 49.775-1.935 52.9a7 7 0 0 0 -2.14 1.947c-12.461 17.289-19.276 31.924-20.833 44.743-1.3 10.676 1.25 20.077 7.378 27.641a100.758 100.758 0 0 1 -52.767 14.846 101.971 101.971 0 0 1 -11.126-.613 57.933 57.933 0 0 0 6.289-17.011c3.555-6.815 2.935-12.589 1.738-16.3-2.629-8.155-10.471-15.091-23.975-21.2a7.008 7.008 0 0 0 -4.233-.492c-7.074 1.386-10.5 1.069-12 .7 1.962-7.775.4-18.713-4.779-33.869a7.106 7.106 0 0 0 -.465-1.062c-5.519-10.222-17.49-21.363-43.216-16.711a21.951 21.951 0 0 1 -9.312-2.608 100.972 100.972 0 0 1 24.95-59.069 28.851 28.851 0 0 0 14.016 10.077 7 7 0 0 0 4.763-.137c14.209-5.612 28.415-5.1 43.433 1.578a6.99 6.99 0 0 0 1.329.438 13.988 13.988 0 0 0 3.042.332c7.644 0 16.437-6.091 27.878-19.221 3.851-1.23 8.1-.936 12.931.889a7 7 0 0 0 7.194-1.382 48.024 48.024 0 0 0 10.8-14.281 102.136 102.136 0 0 1 36.266 34.193zm-48.9-40.154a32.457 32.457 0 0 1 -4.844 7.112 30.977 30.977 0 0 0 -20.325 1.259 6.986 6.986 0 0 0 -2.577 1.892c-11.77 13.784-17 15.454-18.173 15.659-17.076-7.318-34.045-8.1-50.5-2.343a16.511 16.511 0 0 1 -6.244-5.9 101.235 101.235 0 0 1 102.66-17.678zm12 61.091c-2.713-4.9-5.055-9.14-10.667-10.141-4.3-.766-8.623.857-16.469 3.805-7.489 2.814-9.626 1.835-12.86.353-3.3-1.512-7.817-3.582-15.181-1.962-12.22 2.688-20.972 9.078-24.642 17.993-3.612 8.773-2.085 19.051 4.3 28.941 7.435 11.517 15.875 12.514 20.918 13.111a21.5 21.5 0 0 1 2.446.372 64.3 64.3 0 0 1 5.916 12.167c2.919 7.251 6.227 15.47 14.583 24.384 3.211 3.426 6.41 4.319 8.875 4.319a10.2 10.2 0 0 0 3.639-.669c9.5-3.666 10.359-20.134 10.362-20.3.281-17.042.835-17.733 3.91-21.565a83.8 83.8 0 0 0 9.177-13.84c3.478-6.4 2.83-25.138-.225-29.98-1.743-2.759-3.039-5.103-4.08-6.987zm-8.042 30.372a69.221 69.221 0 0 1 -7.747 11.675c-5.544 6.908-6.659 10.012-6.99 30.1a20.5 20.5 0 0 1 -.91 4.75c-4.945-6.01-7.2-11.6-9.563-17.483a75.52 75.52 0 0 0 -7.425-14.959c-3.532-5.223-8.8-5.845-12.282-6.257-4.028-.476-6.939-.82-10.8-6.8-3.824-5.923-4.93-11.611-3.116-16.019 1.9-4.614 6.985-7.951 14.7-9.649a9.832 9.832 0 0 1 2.113-.269 9.674 9.674 0 0 1 4.226 1.284c5.622 2.576 11.659 4.519 23.618.026 2.915-1.095 6.4-2.406 8.308-2.9.478.78 1.09 1.885 1.653 2.9 1.073 1.943 2.4 4.336 4.211 7.238.904 3.199 1.068 13.679.006 16.364z\"><\/path><\/svg>                 <\/div>\n    <div class=\"ue_item_spacer\"><\/div>\n    <div class=\"ue_item_content\">\n      <div class=\"ue_item_title\">International Space Diplomacy and Global Partnerships<\/div>      <div class=\"ue_item_text\"><\/div>    <\/div>\n  <\/div>\n<div class=\"ue_item elementor-repeater-item-e89c286\">\n    <div class=\"ue_item_vr_line\"><\/div>\n    <div class=\"ue_item_hr_line\"><\/div>\n    <div class=\"ue_item_icon\">\n      <svg xmlns=\"http:\/\/www.w3.org\/2000\/svg\" height=\"512\" viewBox=\"0 0 128 128\" width=\"512\"><g id=\"icon\"><g><path d=\"m14.193 47.576c-.982 0-1.778.795-1.778 1.779v27.125c0 .983.796 1.778 1.778 1.778.983 0 1.779-.795 1.779-1.778v-27.126c.001-.983-.795-1.778-1.779-1.778z\"><\/path><path d=\"m28.424 31.566c-.982 0-1.777.795-1.777 1.779v60.921c0 .983.795 1.779 1.777 1.779.984 0 1.78-.796 1.78-1.779v-60.921c0-.983-.796-1.779-1.78-1.779z\"><\/path><path d=\"m42.655 13.779c-.983 0-1.779.795-1.779 1.778v96.498c0 .984.796 1.779 1.779 1.779.982 0 1.777-.795 1.777-1.779v-96.498c.001-.983-.794-1.778-1.777-1.778z\"><\/path><path d=\"m56.886 25.336c-.983 0-1.779.795-1.779 1.778v73.383c0 .983.796 1.779 1.779 1.779s1.778-.796 1.778-1.779v-73.383c0-.983-.795-1.778-1.778-1.778z\"><\/path><path d=\"m71.115 41.124c-.983 0-1.778.796-1.778 1.78v41.806c0 .983.795 1.778 1.778 1.778s1.779-.795 1.779-1.778v-41.807c.001-.983-.795-1.779-1.779-1.779z\"><\/path><path d=\"m85.346 17.336c-.982 0-1.778.795-1.778 1.778v89.383c0 .983.796 1.779 1.778 1.779.983 0 1.778-.796 1.778-1.779v-89.383c0-.983-.795-1.778-1.778-1.778z\"><\/path><path d=\"m99.578 35.124c-.984 0-1.779.796-1.779 1.78v53.806c0 .983.795 1.778 1.779 1.778.982 0 1.777-.795 1.777-1.778v-53.807c0-.983-.794-1.779-1.777-1.779z\"><\/path><path d=\"m113.807 49.354c-.982 0-1.777.796-1.777 1.779v25.346c0 .983.795 1.778 1.777 1.778s1.779-.795 1.779-1.778v-25.346c0-.983-.797-1.779-1.779-1.779z\"><\/path><\/g><\/g><\/svg>                 <\/div>\n    <div class=\"ue_item_spacer\"><\/div>\n    <div class=\"ue_item_content\">\n      <div class=\"ue_item_title\">Spectrum, Licencing and the Evolution of NTNs<\/div>      <div class=\"ue_item_text\"><\/div>    <\/div>\n  <\/div>\n\n<\/div>\n\n<!-- -->\n<!-- end Timeline Bullets -->\t\t\t\t<\/div>\n\t\t\t\t<\/div>\n\t\t\t\t\t<\/div>\n\t\t\t\t<\/div>\n\t\t\t\t<\/div>\n\t\t<div class=\"elementor-element elementor-element-3138c5a elementor-hidden-desktop elementor-hidden-tablet elementor-hidden-mobile e-flex e-con-boxed e-con e-parent\" data-id=\"3138c5a\" data-element_type=\"container\" id=\"previous\" data-settings=\"{&quot;background_background&quot;:&quot;classic&quot;}\">\n\t\t\t\t\t<div class=\"e-con-inner\">\n\t\t\t\t<div class=\"elementor-element elementor-element-5fd933d elementor-widget__width-auto elementor-widget-mobile__width-inherit elementor-widget elementor-widget-heading\" data-id=\"5fd933d\" data-element_type=\"widget\" data-widget_type=\"heading.default\">\n\t\t\t\t<div class=\"elementor-widget-container\">\n\t\t\t\t\t<h2 class=\"elementor-heading-title elementor-size-default\">LAST YEAR'S EDITION<\/h2>\t\t\t\t<\/div>\n\t\t\t\t<\/div>\n\t\t\t\t<div class=\"elementor-element elementor-element-0f4e4e0 elementor-widget__width-auto elementor-widget-mobile__width-inherit elementor-widget elementor-widget-heading\" data-id=\"0f4e4e0\" data-element_type=\"widget\" data-widget_type=\"heading.default\">\n\t\t\t\t<div class=\"elementor-widget-container\">\n\t\t\t\t\t<h2 class=\"elementor-heading-title elementor-size-default\">The European Space Forum 2024<\/h2>\t\t\t\t<\/div>\n\t\t\t\t<\/div>\n\t\t\t\t<div class=\"elementor-element elementor-element-67e9301 elementor-align-center elementor-widget elementor-widget-button\" data-id=\"67e9301\" data-element_type=\"widget\" data-widget_type=\"button.default\">\n\t\t\t\t<div class=\"elementor-widget-container\">\n\t\t\t\t\t\t\t\t\t<div class=\"elementor-button-wrapper\">\n\t\t\t\t\t<a class=\"elementor-button elementor-button-link elementor-size-md\" href=\"https:\/\/euspaceforum.com\/2025\/2024\/\" target=\"_blank\">\n\t\t\t\t\t\t<span class=\"elementor-button-content-wrapper\">\n\t\t\t\t\t\t<span class=\"elementor-button-icon\">\n\t\t\t\t<svg aria-hidden=\"true\" class=\"e-font-icon-svg e-far-arrow-alt-circle-right\" viewBox=\"0 0 512 512\" xmlns=\"http:\/\/www.w3.org\/2000\/svg\"><path d=\"M504 256C504 119 393 8 256 8S8 119 8 256s111 248 248 248 248-111 248-248zm-448 0c0-110.5 89.5-200 200-200s200 89.5 200 200-89.5 200-200 200S56 366.5 56 256zm72 20v-40c0-6.6 5.4-12 12-12h116v-67c0-10.7 12.9-16 20.5-8.5l99 99c4.7 4.7 4.7 12.3 0 17l-99 99c-7.6 7.6-20.5 2.2-20.5-8.5v-67H140c-6.6 0-12-5.4-12-12z\"><\/path><\/svg>\t\t\t<\/span>\n\t\t\t\t\t\t\t\t\t<span class=\"elementor-button-text\">View 2024 Website<\/span>\n\t\t\t\t\t<\/span>\n\t\t\t\t\t<\/a>\n\t\t\t\t<\/div>\n\t\t\t\t\t\t\t\t<\/div>\n\t\t\t\t<\/div>\n\t\t<div class=\"elementor-element elementor-element-2c90b1b e-con-full e-flex e-con e-child\" data-id=\"2c90b1b\" data-element_type=\"container\">\n\t\t<div class=\"elementor-element elementor-element-dd5b148 e-con-full e-flex e-con e-child\" data-id=\"dd5b148\" data-element_type=\"container\">\n\t\t\t\t<div class=\"elementor-element elementor-element-616e6b7 elementor-widget elementor-widget-video\" data-id=\"616e6b7\" data-element_type=\"widget\" data-settings=\"{&quot;youtube_url&quot;:&quot;https:\\\/\\\/www.youtube.com\\\/watch?v=h9DUwHLp9CQ&quot;,&quot;mute&quot;:&quot;yes&quot;,&quot;video_type&quot;:&quot;youtube&quot;,&quot;controls&quot;:&quot;yes&quot;}\" data-widget_type=\"video.default\">\n\t\t\t\t<div class=\"elementor-widget-container\">\n\t\t\t\t\t\t\t<div class=\"elementor-wrapper elementor-open-inline\">\n\t\t\t<div class=\"elementor-video\"><\/div>\t\t<\/div>\n\t\t\t\t\t\t<\/div>\n\t\t\t\t<\/div>\n\t\t\t\t<\/div>\n\t\t<div class=\"elementor-element elementor-element-c6c7355 e-con-full e-flex e-con e-child\" data-id=\"c6c7355\" data-element_type=\"container\">\n\t\t\t\t<div class=\"elementor-element elementor-element-8c20fdf elementor-testimonial--align-left elementor-testimonial--skin-default elementor-testimonial--layout-image_inline elementor-widget elementor-widget-testimonial-carousel\" data-id=\"8c20fdf\" data-element_type=\"widget\" data-settings=\"{&quot;slides_per_view&quot;:&quot;1&quot;,&quot;slides_to_scroll&quot;:&quot;1&quot;,&quot;speed&quot;:400,&quot;autoplay_speed&quot;:4000,&quot;space_between&quot;:{&quot;unit&quot;:&quot;px&quot;,&quot;size&quot;:13,&quot;sizes&quot;:[]},&quot;autoplay&quot;:&quot;yes&quot;,&quot;loop&quot;:&quot;yes&quot;,&quot;pause_on_hover&quot;:&quot;yes&quot;,&quot;pause_on_interaction&quot;:&quot;yes&quot;,&quot;space_between_tablet&quot;:{&quot;unit&quot;:&quot;px&quot;,&quot;size&quot;:10,&quot;sizes&quot;:[]},&quot;space_between_mobile&quot;:{&quot;unit&quot;:&quot;px&quot;,&quot;size&quot;:10,&quot;sizes&quot;:[]}}\" data-widget_type=\"testimonial-carousel.default\">\n\t\t\t\t<div class=\"elementor-widget-container\">\n\t\t\t\t\t\t\t\t\t<div class=\"elementor-swiper\">\n\t\t\t\t\t<div class=\"elementor-main-swiper swiper\" role=\"region\" aria-roledescription=\"carousel\" aria-label=\"Slides\">\n\t\t\t\t<div class=\"swiper-wrapper\">\n\t\t\t\t\t\t\t\t\t\t\t<div class=\"swiper-slide\" role=\"group\" aria-roledescription=\"slide\">\n\t\t\t\t\t\t\t\t\t<div class=\"elementor-testimonial\">\n\t\t\t\t\t\t\t<div class=\"elementor-testimonial__content\">\n\t\t\t\t\t<div class=\"elementor-testimonial__text\">\n\t\t\t\t\t\t\u2018This conference had an ambitious agenda and was able to put together speakers freely exchanging ideas, challenging each other and debating on critical topics shaping a robust and sustainable European Space sector for the decades to come. I appreciated the professional efficiency and kindness of the organisers and valued both the enriching debates as well as the networking with key stakeholders.\u2018\n\t\t\t\t\t<\/div>\n\t\t\t\t\t\t\t\t\t<\/div>\n\t\t\t\t\t\t<div class=\"elementor-testimonial__footer\">\n\t\t\t\t\t\t\t\t\t<div class=\"elementor-testimonial__image\">\n\t\t\t\t\t\t<img decoding=\"async\" src=\"https:\/\/euspaceforum.com\/2025\/wp-content\/uploads\/2024\/12\/Christine_Leurquin-removebg-preview.png\" alt=\"Christine Leurquin\">\n\t\t\t\t\t\t\t\t\t\t\t<\/div>\n\t\t\t\t\t\t\t\t<cite class=\"elementor-testimonial__cite\"><span class=\"elementor-testimonial__name\">Christine Leurquin<\/span><span class=\"elementor-testimonial__title\">SVP, EU Space and Defence Strategy, PeriHelion <\/span><\/cite>\t\t\t<\/div>\n\t\t<\/div>\n\t\t\t\t\t\t\t\t<\/div>\n\t\t\t\t\t\t\t\t\t\t\t<div class=\"swiper-slide\" role=\"group\" aria-roledescription=\"slide\">\n\t\t\t\t\t\t\t\t\t<div class=\"elementor-testimonial\">\n\t\t\t\t\t\t\t<div class=\"elementor-testimonial__content\">\n\t\t\t\t\t<div class=\"elementor-testimonial__text\">\n\t\t\t\t\t\t'The Conference was organised beautifully and flawlessly. It was a real success and as far as I am concerned, a very pleasant and interesting Conference.' \t\t\t\t\t<\/div>\n\t\t\t\t\t\t\t\t\t<\/div>\n\t\t\t\t\t\t<div class=\"elementor-testimonial__footer\">\n\t\t\t\t\t\t\t\t\t<div class=\"elementor-testimonial__image\">\n\t\t\t\t\t\t<img decoding=\"async\" src=\"https:\/\/euspaceforum.com\/2025\/wp-content\/uploads\/2022\/08\/Geraldine-Naja-240_TRP-1.png\" alt=\"Geraldine Naja\">\n\t\t\t\t\t\t\t\t\t\t\t<\/div>\n\t\t\t\t\t\t\t\t<cite class=\"elementor-testimonial__cite\"><span class=\"elementor-testimonial__name\">Geraldine Naja<\/span><span class=\"elementor-testimonial__title\">Director for Commercialisation, Industry and Procurement, ESA<\/span><\/cite>\t\t\t<\/div>\n\t\t<\/div>\n\t\t\t\t\t\t\t\t<\/div>\n\t\t\t\t\t\t\t\t\t\t\t<div class=\"swiper-slide\" role=\"group\" aria-roledescription=\"slide\">\n\t\t\t\t\t\t\t\t\t<div class=\"elementor-testimonial\">\n\t\t\t\t\t\t\t<div class=\"elementor-testimonial__content\">\n\t\t\t\t\t<div class=\"elementor-testimonial__text\">\n\t\t\t\t\t\t'There's a big value. When I look at the lineup, all the people present here, all the companies behind, organisations, member states,  Belgian Presidency at the level of minister, Hungarian Presidency, European Space Agency. We are all in this together. It really underlines to me that we are in Europe defeated if we don't play the ball together.'\t\t\t\t\t<\/div>\n\t\t\t\t\t\t\t\t\t<\/div>\n\t\t\t\t\t\t<div class=\"elementor-testimonial__footer\">\n\t\t\t\t\t\t\t\t\t<div class=\"elementor-testimonial__image\">\n\t\t\t\t\t\t<img decoding=\"async\" src=\"https:\/\/euspaceforum.com\/2025\/wp-content\/uploads\/2025\/01\/Timo_Pesonen-TRP-240.png\" alt=\"Timo_Pesonen\">\n\t\t\t\t\t\t\t\t\t\t\t<\/div>\n\t\t\t\t\t\t\t\t<cite class=\"elementor-testimonial__cite\"><span class=\"elementor-testimonial__name\">Timo Pesonen<\/span><span class=\"elementor-testimonial__title\">Director-General for Defence Industry and Space (DG DEFIS), European Commission <\/span><\/cite>\t\t\t<\/div>\n\t\t<\/div>\n\t\t\t\t\t\t\t\t<\/div>\n\t\t\t\t\t\t\t\t\t\t\t<div class=\"swiper-slide\" role=\"group\" aria-roledescription=\"slide\">\n\t\t\t\t\t\t\t\t\t<div class=\"elementor-testimonial\">\n\t\t\t\t\t\t\t<div class=\"elementor-testimonial__content\">\n\t\t\t\t\t<div class=\"elementor-testimonial__text\">\n\t\t\t\t\t\t\u2018The focus of this year\u2019s European Space Forum on sustainability was well appreciated. Europe needs to lead when it comes to preserving Space for future generations!\u2019 \t\t\t\t\t<\/div>\n\t\t\t\t\t\t\t\t\t<\/div>\n\t\t\t\t\t\t<div class=\"elementor-testimonial__footer\">\n\t\t\t\t\t\t\t\t\t<div class=\"elementor-testimonial__image\">\n\t\t\t\t\t\t<img decoding=\"async\" src=\"https:\/\/euspaceforum.com\/2025\/wp-content\/uploads\/2022\/09\/Rolf-Densing-240-TRP.png\" alt=\"Rolf Densing\">\n\t\t\t\t\t\t\t\t\t\t\t<\/div>\n\t\t\t\t\t\t\t\t<cite class=\"elementor-testimonial__cite\"><span class=\"elementor-testimonial__name\">Rolf Densing <\/span><span class=\"elementor-testimonial__title\">Director of Operations, ESA <\/span><\/cite>\t\t\t<\/div>\n\t\t<\/div>\n\t\t\t\t\t\t\t\t<\/div>\n\t\t\t\t\t\t\t\t\t\t\t<div class=\"swiper-slide\" role=\"group\" aria-roledescription=\"slide\">\n\t\t\t\t\t\t\t\t\t<div class=\"elementor-testimonial\">\n\t\t\t\t\t\t\t<div class=\"elementor-testimonial__content\">\n\t\t\t\t\t<div class=\"elementor-testimonial__text\">\n\t\t\t\t\t\t\u2018We finally have 'real' round table with discussions and people saying things with actual content! I\u2019ve never seen that in the past 15 years in space!!! Congratulations. Excellent event. Very agreeable and efficient organisation. Brilliant interface. Bravo!\u2019 \t\t\t\t\t<\/div>\n\t\t\t\t\t\t\t\t\t<\/div>\n\t\t\t\t\t\t<div class=\"elementor-testimonial__footer\">\n\t\t\t\t\t\t\t\t\t<div class=\"elementor-testimonial__image\">\n\t\t\t\t\t\t<img decoding=\"async\" src=\"https:\/\/euspaceforum.com\/2025\/wp-content\/uploads\/2022\/09\/Olivier-Lemaitre-240-TRP.png\" alt=\"Olivier Lemaitre\">\n\t\t\t\t\t\t\t\t\t\t\t<\/div>\n\t\t\t\t\t\t\t\t<cite class=\"elementor-testimonial__cite\"><span class=\"elementor-testimonial__name\">Olivier Lemaitre<\/span><span class=\"elementor-testimonial__title\">Secretary General, Eurospace<\/span><\/cite>\t\t\t<\/div>\n\t\t<\/div>\n\t\t\t\t\t\t\t\t<\/div>\n\t\t\t\t\t\t\t\t\t<\/div>\n\t\t\t\t\t\t\t\t\t\t\t\t\t\t\t\t\t\t\t\t\t<\/div>\n\t\t\t\t<\/div>\n\t\t\t\t\t\t\t\t<\/div>\n\t\t\t\t<\/div>\n\t\t\t\t<\/div>\n\t\t\t\t<\/div>\n\t\t\t\t<div class=\"elementor-element elementor-element-209b9f3 elementor-arrows-position-inside elementor-pagination-position-outside elementor-widget elementor-widget-image-carousel\" data-id=\"209b9f3\" data-element_type=\"widget\" data-settings=\"{&quot;slides_to_show&quot;:&quot;4&quot;,&quot;navigation&quot;:&quot;both&quot;,&quot;autoplay&quot;:&quot;yes&quot;,&quot;pause_on_hover&quot;:&quot;yes&quot;,&quot;pause_on_interaction&quot;:&quot;yes&quot;,&quot;autoplay_speed&quot;:5000,&quot;infinite&quot;:&quot;yes&quot;,&quot;speed&quot;:500,&quot;image_spacing_custom&quot;:{&quot;unit&quot;:&quot;px&quot;,&quot;size&quot;:20,&quot;sizes&quot;:[]},&quot;image_spacing_custom_tablet&quot;:{&quot;unit&quot;:&quot;px&quot;,&quot;size&quot;:&quot;&quot;,&quot;sizes&quot;:[]},&quot;image_spacing_custom_mobile&quot;:{&quot;unit&quot;:&quot;px&quot;,&quot;size&quot;:&quot;&quot;,&quot;sizes&quot;:[]}}\" data-widget_type=\"image-carousel.default\">\n\t\t\t\t<div class=\"elementor-widget-container\">\n\t\t\t\t\t\t\t<div class=\"elementor-image-carousel-wrapper swiper\" role=\"region\" aria-roledescription=\"carousel\" aria-label=\"Image Carousel\" dir=\"ltr\">\n\t\t\t<div class=\"elementor-image-carousel swiper-wrapper\" aria-live=\"off\">\n\t\t\t\t\t\t\t\t<div class=\"swiper-slide\" role=\"group\" aria-roledescription=\"slide\" aria-label=\"1 of 8\"><a data-elementor-open-lightbox=\"yes\" data-elementor-lightbox-slideshow=\"209b9f3\" data-elementor-lightbox-title=\"DSCF2122-Enhanced-NR-2\" data-e-action-hash=\"#elementor-action%3Aaction%3Dlightbox%26settings%3DeyJpZCI6NjYyMCwidXJsIjoiaHR0cHM6XC9cL2V1c3BhY2Vmb3J1bS5jb21cLzIwMjVcL3dwLWNvbnRlbnRcL3VwbG9hZHNcLzIwMjRcLzA3XC9EU0NGMjEyMi1FbmhhbmNlZC1OUi0yLTEuanBnIiwic2xpZGVzaG93IjoiMjA5YjlmMyJ9\" href=\"https:\/\/drive.google.com\/drive\/folders\/19mTJ9ZHcyHX2gcnBJBoRLdM3mYzor1Zo?usp=drive_link\" target=\"_blank\"><figure class=\"swiper-slide-inner\"><img decoding=\"async\" class=\"swiper-slide-image\" src=\"https:\/\/euspaceforum.com\/2025\/wp-content\/uploads\/2024\/07\/DSCF2122-Enhanced-NR-2-1-768x512.jpg\" alt=\"DSCF2122-Enhanced-NR-2\" \/><\/figure><\/a><\/div><div class=\"swiper-slide\" role=\"group\" aria-roledescription=\"slide\" aria-label=\"2 of 8\"><a data-elementor-open-lightbox=\"yes\" data-elementor-lightbox-slideshow=\"209b9f3\" data-elementor-lightbox-title=\"DSCF2416-Enhanced-NR\" data-e-action-hash=\"#elementor-action%3Aaction%3Dlightbox%26settings%3DeyJpZCI6NjYyMiwidXJsIjoiaHR0cHM6XC9cL2V1c3BhY2Vmb3J1bS5jb21cLzIwMjVcL3dwLWNvbnRlbnRcL3VwbG9hZHNcLzIwMjRcLzA3XC9EU0NGMjQxNi1FbmhhbmNlZC1OUi5qcGciLCJzbGlkZXNob3ciOiIyMDliOWYzIn0%3D\" href=\"https:\/\/drive.google.com\/drive\/folders\/19mTJ9ZHcyHX2gcnBJBoRLdM3mYzor1Zo?usp=drive_link\" target=\"_blank\"><figure class=\"swiper-slide-inner\"><img decoding=\"async\" class=\"swiper-slide-image\" src=\"https:\/\/euspaceforum.com\/2025\/wp-content\/uploads\/2024\/07\/DSCF2416-Enhanced-NR-768x512.jpg\" alt=\"DSCF2416-Enhanced-NR\" \/><\/figure><\/a><\/div><div class=\"swiper-slide\" role=\"group\" aria-roledescription=\"slide\" aria-label=\"3 of 8\"><a data-elementor-open-lightbox=\"yes\" data-elementor-lightbox-slideshow=\"209b9f3\" data-elementor-lightbox-title=\"DSCF2299-Enhanced-NR\" data-e-action-hash=\"#elementor-action%3Aaction%3Dlightbox%26settings%3DeyJpZCI6NjYyMSwidXJsIjoiaHR0cHM6XC9cL2V1c3BhY2Vmb3J1bS5jb21cLzIwMjVcL3dwLWNvbnRlbnRcL3VwbG9hZHNcLzIwMjRcLzA3XC9EU0NGMjI5OS1FbmhhbmNlZC1OUi5qcGciLCJzbGlkZXNob3ciOiIyMDliOWYzIn0%3D\" href=\"https:\/\/drive.google.com\/drive\/folders\/19mTJ9ZHcyHX2gcnBJBoRLdM3mYzor1Zo?usp=drive_link\" target=\"_blank\"><figure class=\"swiper-slide-inner\"><img decoding=\"async\" class=\"swiper-slide-image\" src=\"https:\/\/euspaceforum.com\/2025\/wp-content\/uploads\/2024\/07\/DSCF2299-Enhanced-NR-768x512.jpg\" alt=\"DSCF2299-Enhanced-NR\" \/><\/figure><\/a><\/div><div class=\"swiper-slide\" role=\"group\" aria-roledescription=\"slide\" aria-label=\"4 of 8\"><a data-elementor-open-lightbox=\"yes\" data-elementor-lightbox-slideshow=\"209b9f3\" data-elementor-lightbox-title=\"DSCF2962-Enhanced-NR\" data-e-action-hash=\"#elementor-action%3Aaction%3Dlightbox%26settings%3DeyJpZCI6NjYyMywidXJsIjoiaHR0cHM6XC9cL2V1c3BhY2Vmb3J1bS5jb21cLzIwMjVcL3dwLWNvbnRlbnRcL3VwbG9hZHNcLzIwMjRcLzA3XC9EU0NGMjk2Mi1FbmhhbmNlZC1OUi5qcGciLCJzbGlkZXNob3ciOiIyMDliOWYzIn0%3D\" href=\"https:\/\/drive.google.com\/drive\/folders\/19mTJ9ZHcyHX2gcnBJBoRLdM3mYzor1Zo?usp=drive_link\" target=\"_blank\"><figure class=\"swiper-slide-inner\"><img decoding=\"async\" class=\"swiper-slide-image\" src=\"https:\/\/euspaceforum.com\/2025\/wp-content\/uploads\/2024\/07\/DSCF2962-Enhanced-NR-768x512.jpg\" alt=\"DSCF2962-Enhanced-NR\" \/><\/figure><\/a><\/div><div class=\"swiper-slide\" role=\"group\" aria-roledescription=\"slide\" aria-label=\"5 of 8\"><a data-elementor-open-lightbox=\"yes\" data-elementor-lightbox-slideshow=\"209b9f3\" data-elementor-lightbox-title=\"DSCF3552-Enhanced-NR\" data-e-action-hash=\"#elementor-action%3Aaction%3Dlightbox%26settings%3DeyJpZCI6NjYyNCwidXJsIjoiaHR0cHM6XC9cL2V1c3BhY2Vmb3J1bS5jb21cLzIwMjVcL3dwLWNvbnRlbnRcL3VwbG9hZHNcLzIwMjRcLzA3XC9EU0NGMzU1Mi1FbmhhbmNlZC1OUi5qcGciLCJzbGlkZXNob3ciOiIyMDliOWYzIn0%3D\" href=\"https:\/\/drive.google.com\/drive\/folders\/19mTJ9ZHcyHX2gcnBJBoRLdM3mYzor1Zo?usp=drive_link\" target=\"_blank\"><figure class=\"swiper-slide-inner\"><img decoding=\"async\" class=\"swiper-slide-image\" src=\"https:\/\/euspaceforum.com\/2025\/wp-content\/uploads\/2024\/07\/DSCF3552-Enhanced-NR-768x512.jpg\" alt=\"DSCF3552-Enhanced-NR\" \/><\/figure><\/a><\/div><div class=\"swiper-slide\" role=\"group\" aria-roledescription=\"slide\" aria-label=\"6 of 8\"><a data-elementor-open-lightbox=\"yes\" data-elementor-lightbox-slideshow=\"209b9f3\" data-elementor-lightbox-title=\"DSCF3670\" data-e-action-hash=\"#elementor-action%3Aaction%3Dlightbox%26settings%3DeyJpZCI6NjYyNiwidXJsIjoiaHR0cHM6XC9cL2V1c3BhY2Vmb3J1bS5jb21cLzIwMjVcL3dwLWNvbnRlbnRcL3VwbG9hZHNcLzIwMjRcLzA3XC9EU0NGMzY3MC5qcGciLCJzbGlkZXNob3ciOiIyMDliOWYzIn0%3D\" href=\"https:\/\/drive.google.com\/drive\/folders\/19mTJ9ZHcyHX2gcnBJBoRLdM3mYzor1Zo?usp=drive_link\" target=\"_blank\"><figure class=\"swiper-slide-inner\"><img decoding=\"async\" class=\"swiper-slide-image\" src=\"https:\/\/euspaceforum.com\/2025\/wp-content\/uploads\/2024\/07\/DSCF3670-768x512.jpg\" alt=\"DSCF3670\" \/><\/figure><\/a><\/div><div class=\"swiper-slide\" role=\"group\" aria-roledescription=\"slide\" aria-label=\"7 of 8\"><a data-elementor-open-lightbox=\"yes\" data-elementor-lightbox-slideshow=\"209b9f3\" data-elementor-lightbox-title=\"DSCF3825\" data-e-action-hash=\"#elementor-action%3Aaction%3Dlightbox%26settings%3DeyJpZCI6NjYyNywidXJsIjoiaHR0cHM6XC9cL2V1c3BhY2Vmb3J1bS5jb21cLzIwMjVcL3dwLWNvbnRlbnRcL3VwbG9hZHNcLzIwMjRcLzA3XC9EU0NGMzgyNS5qcGciLCJzbGlkZXNob3ciOiIyMDliOWYzIn0%3D\" href=\"https:\/\/drive.google.com\/drive\/folders\/19mTJ9ZHcyHX2gcnBJBoRLdM3mYzor1Zo?usp=drive_link\" target=\"_blank\"><figure class=\"swiper-slide-inner\"><img decoding=\"async\" class=\"swiper-slide-image\" src=\"https:\/\/euspaceforum.com\/2025\/wp-content\/uploads\/2024\/07\/DSCF3825-768x512.jpg\" alt=\"DSCF3825\" \/><\/figure><\/a><\/div><div class=\"swiper-slide\" role=\"group\" aria-roledescription=\"slide\" aria-label=\"8 of 8\"><a data-elementor-open-lightbox=\"yes\" data-elementor-lightbox-slideshow=\"209b9f3\" data-elementor-lightbox-title=\"DSCF3952\" data-e-action-hash=\"#elementor-action%3Aaction%3Dlightbox%26settings%3DeyJpZCI6NjYyOCwidXJsIjoiaHR0cHM6XC9cL2V1c3BhY2Vmb3J1bS5jb21cLzIwMjVcL3dwLWNvbnRlbnRcL3VwbG9hZHNcLzIwMjRcLzA3XC9EU0NGMzk1Mi5qcGciLCJzbGlkZXNob3ciOiIyMDliOWYzIn0%3D\" href=\"https:\/\/drive.google.com\/drive\/folders\/19mTJ9ZHcyHX2gcnBJBoRLdM3mYzor1Zo?usp=drive_link\" target=\"_blank\"><figure class=\"swiper-slide-inner\"><img decoding=\"async\" class=\"swiper-slide-image\" src=\"https:\/\/euspaceforum.com\/2025\/wp-content\/uploads\/2024\/07\/DSCF3952-768x512.jpg\" alt=\"DSCF3952\" \/><\/figure><\/a><\/div>\t\t\t<\/div>\n\t\t\t\t\t\t\t\t\t\t\t\t<div class=\"elementor-swiper-button elementor-swiper-button-prev\" role=\"button\" tabindex=\"0\">\n\t\t\t\t\t\t<svg aria-hidden=\"true\" class=\"e-font-icon-svg e-eicon-chevron-left\" viewBox=\"0 0 1000 1000\" xmlns=\"http:\/\/www.w3.org\/2000\/svg\"><path d=\"M646 125C629 125 613 133 604 142L308 442C296 454 292 471 292 487 292 504 296 521 308 533L604 854C617 867 629 875 646 875 663 875 679 871 692 858 704 846 713 829 713 812 713 796 708 779 692 767L438 487 692 225C700 217 708 204 708 187 708 171 704 154 692 142 675 129 663 125 646 125Z\"><\/path><\/svg>\t\t\t\t\t<\/div>\n\t\t\t\t\t<div class=\"elementor-swiper-button elementor-swiper-button-next\" role=\"button\" tabindex=\"0\">\n\t\t\t\t\t\t<svg aria-hidden=\"true\" class=\"e-font-icon-svg e-eicon-chevron-right\" viewBox=\"0 0 1000 1000\" xmlns=\"http:\/\/www.w3.org\/2000\/svg\"><path d=\"M696 533C708 521 713 504 713 487 713 471 708 454 696 446L400 146C388 133 375 125 354 125 338 125 325 129 313 142 300 154 292 171 292 187 292 204 296 221 308 233L563 492 304 771C292 783 288 800 288 817 288 833 296 850 308 863 321 871 338 875 354 875 371 875 388 867 400 854L696 533Z\"><\/path><\/svg>\t\t\t\t\t<\/div>\n\t\t\t\t\n\t\t\t\t\t\t\t\t\t<div class=\"swiper-pagination\"><\/div>\n\t\t\t\t\t\t\t\t\t<\/div>\n\t\t\t\t\t\t<\/div>\n\t\t\t\t<\/div>\n\t\t\t\t\t<\/div>\n\t\t\t\t<\/div>\n\t\t\t\t<section class=\"elementor-section elementor-top-section elementor-element elementor-element-8b138ba elementor-section-boxed elementor-section-height-default elementor-section-height-default\" data-id=\"8b138ba\" data-element_type=\"section\" id=\"speakers\" data-settings=\"{&quot;background_background&quot;:&quot;classic&quot;}\">\n\t\t\t\t\t\t\t<div class=\"elementor-background-overlay\"><\/div>\n\t\t\t\t\t\t\t<div class=\"elementor-container elementor-column-gap-default\">\n\t\t\t\t\t<div class=\"elementor-column elementor-col-100 elementor-top-column elementor-element elementor-element-abcc295\" data-id=\"abcc295\" data-element_type=\"column\">\n\t\t\t<div class=\"elementor-widget-wrap elementor-element-populated\">\n\t\t\t\t\t\t<div class=\"elementor-element elementor-element-9a5826b elementor-widget elementor-widget-heading\" data-id=\"9a5826b\" data-element_type=\"widget\" data-widget_type=\"heading.default\">\n\t\t\t\t<div class=\"elementor-widget-container\">\n\t\t\t\t\t<h2 class=\"elementor-heading-title elementor-size-default\">WHO WILL BE THERE?<\/h2>\t\t\t\t<\/div>\n\t\t\t\t<\/div>\n\t\t\t\t<div class=\"elementor-element elementor-element-2af6d3e elementor-widget__width-auto elementor-widget elementor-widget-heading\" data-id=\"2af6d3e\" data-element_type=\"widget\" data-widget_type=\"heading.default\">\n\t\t\t\t<div class=\"elementor-widget-container\">\n\t\t\t\t\t<h2 class=\"elementor-heading-title elementor-size-default\">Confirmed Speakers Include<\/h2>\t\t\t\t<\/div>\n\t\t\t\t<\/div>\n\t\t\t\t<div class=\"elementor-element elementor-element-f967a97 elementor-widget elementor-widget-template\" data-id=\"f967a97\" data-element_type=\"widget\" data-widget_type=\"template.default\">\n\t\t\t\t<div class=\"elementor-widget-container\">\n\t\t\t\t\t\t\t<div class=\"elementor-template\">\n\t\t\t\t\t<div data-elementor-type=\"section\" data-elementor-id=\"4028\" class=\"elementor elementor-4028\" data-elementor-post-type=\"elementor_library\">\n\t\t\t\t\t<section class=\"elementor-section elementor-top-section elementor-element elementor-element-31de77c5 elementor-section-boxed elementor-section-height-default elementor-section-height-default\" data-id=\"31de77c5\" data-element_type=\"section\" id=\"speakers\" data-settings=\"{&quot;background_background&quot;:&quot;classic&quot;}\">\n\t\t\t\t\t\t\t<div class=\"elementor-background-overlay\"><\/div>\n\t\t\t\t\t\t\t<div class=\"elementor-container elementor-column-gap-default\">\n\t\t\t\t\t<div class=\"elementor-column elementor-col-100 elementor-top-column elementor-element elementor-element-ed32214\" data-id=\"ed32214\" data-element_type=\"column\">\n\t\t\t<div class=\"elementor-widget-wrap elementor-element-populated\">\n\t\t\t\t\t\t<section class=\"elementor-section elementor-inner-section elementor-element elementor-element-b56c8a3 elementor-section-boxed elementor-section-height-default elementor-section-height-default\" data-id=\"b56c8a3\" data-element_type=\"section\">\n\t\t\t\t\t\t<div class=\"elementor-container elementor-column-gap-default\">\n\t\t\t\t\t<div class=\"elementor-column elementor-col-20 elementor-inner-column elementor-element elementor-element-4bcd268\" data-id=\"4bcd268\" data-element_type=\"column\">\n\t\t\t<div class=\"elementor-widget-wrap elementor-element-populated\">\n\t\t\t\t\t\t<div class=\"elementor-element elementor-element-a994b9f premium-modal-dismissible-yes elementor-widget elementor-widget-premium-addon-modal-box\" data-id=\"a994b9f\" data-element_type=\"widget\" data-settings=\"{&quot;premium_modal_box_animation&quot;:&quot;fadeInDown&quot;}\" data-widget_type=\"premium-addon-modal-box.default\">\n\t\t\t\t<div class=\"elementor-widget-container\">\n\t\t\t\t\t\r\n\t\t<div class=\"premium-modal-box-container\" data-settings=\"{&quot;trigger&quot;:&quot;image&quot;,&quot;show_on_exit&quot;:false}\">\r\n\t\t\t<div class=\"premium-modal-trigger-container\">\r\n\t\t\t\t\t\t\t\t\t<img decoding=\"async\" data-toggle=\"premium-modal\" data-target=\"#premium-modal-a994b9f\" class=\"premium-modal-trigger-img\" src=\"https:\/\/euspaceforum.com\/2025\/wp-content\/uploads\/2022\/09\/Josef-Aschbacher-Website-Image.png\" alt=\"Josef Aschbacher\">\r\n\t\t\t\t\t\t\t<\/div>\r\n\r\n\t\t\t<div id=\"premium-modal-a994b9f\" class=\"premium-modal-box-modal\"\r\n\t\t\trole=\"dialog\"\r\n\t\t\tstyle=\"display: none\"\r\n\t\t\t>\r\n\t\t\t\t<div class=\"premium-modal-box-modal-dialog\" data-delay-animation=\"\" data-modal-animation=\"fadeInDown animated-fast\">\r\n\t\t\t\t\t\t\t\t\t\t\t<div class=\"premium-modal-box-modal-header\">\r\n\t\t\t\t\t\t\t\t\t\t\t\t\t\t\t<h3 class=\"premium-modal-box-modal-title\">\r\n\t\t\t\t\t\t\t\t\t\t\t\t<img decoding=\"async\" src=\"https:\/\/euspaceforum.com\/2025\/wp-content\/uploads\/2022\/09\/Josef-Aschbacher-Website-Image.png\" alt=\"Josef Aschbacher\">\r\n\t\t\tJosef Aschbacher, Director General, European Space Agency (ESA)\t\t\t\t\t\t\t\t<\/h3>\r\n\t\t\t\t\t\t\t\t\t\t\t\t\t\t\t\t\t\t\t\t\t\t<div class=\"premium-modal-box-close-button-container\">\r\n\t\t\t\t\t\t\t\t\t<button type=\"button\" class=\"premium-modal-box-modal-close\" data-dismiss=\"premium-modal\">&times;<\/button>\r\n\t\t\t\t\t\t\t\t<\/div>\r\n\t\t\t\t\t\t\t\t\t\t\t\t\t<\/div>\r\n\t\t\t\t\t\t\t\t\t\t<div class=\"premium-modal-box-modal-body\">\r\n\t\t\t\t\t\t<p><span style=\"font-weight: 400;\">Josef Aschbacher, of Austrian nationality, is a geophysicist by education. He joined ESA in 1990. Throughout his career he held various positions in different locations. He also worked for the European Union. In 2016 he became ESA\u2019s Director of Earth Observation, and in 2021 he took office as ESA\u2019s Director General.<\/span><\/p>\t\t\t\t\t<\/div>\r\n\t\t\t\t\t\t\t\t\t\t\t<div class=\"premium-modal-box-modal-footer\">\r\n\t\t\t\t\t\t\t<button type=\"button\" class=\"premium-modal-box-modal-lower-close\" data-dismiss=\"premium-modal\">\r\n\t\t\t\t\t\t\t\tClose\t\t\t\t\t\t\t<\/button>\r\n\t\t\t\t\t\t<\/div>\r\n\t\t\t\t\t\t\t\t\t<\/div>\r\n\t\t\t<\/div>\r\n\t\t<\/div>\r\n\r\n\t\t\t\t\t\t<\/div>\n\t\t\t\t<\/div>\n\t\t\t\t<div class=\"elementor-element elementor-element-2188258 elementor-widget elementor-widget-heading\" data-id=\"2188258\" data-element_type=\"widget\" data-widget_type=\"heading.default\">\n\t\t\t\t<div class=\"elementor-widget-container\">\n\t\t\t\t\t<h3 class=\"elementor-heading-title elementor-size-default\">Josef Aschbacher<\/h3>\t\t\t\t<\/div>\n\t\t\t\t<\/div>\n\t\t\t\t<div class=\"elementor-element elementor-element-a57b385 elementor-widget elementor-widget-heading\" data-id=\"a57b385\" data-element_type=\"widget\" data-widget_type=\"heading.default\">\n\t\t\t\t<div class=\"elementor-widget-container\">\n\t\t\t\t\t<p class=\"elementor-heading-title elementor-size-default\">Director General<\/p>\t\t\t\t<\/div>\n\t\t\t\t<\/div>\n\t\t\t\t<div class=\"elementor-element elementor-element-9b68703 elementor-widget elementor-widget-heading\" data-id=\"9b68703\" data-element_type=\"widget\" data-widget_type=\"heading.default\">\n\t\t\t\t<div class=\"elementor-widget-container\">\n\t\t\t\t\t<p class=\"elementor-heading-title elementor-size-default\">European Space Agency (ESA)<\/p>\t\t\t\t<\/div>\n\t\t\t\t<\/div>\n\t\t\t\t\t<\/div>\n\t\t<\/div>\n\t\t\t\t<div class=\"elementor-column elementor-col-20 elementor-inner-column elementor-element elementor-element-2bed7cb8\" data-id=\"2bed7cb8\" data-element_type=\"column\">\n\t\t\t<div class=\"elementor-widget-wrap elementor-element-populated\">\n\t\t\t\t\t\t<div class=\"elementor-element elementor-element-4e6fd2a9 premium-modal-dismissible-yes elementor-widget elementor-widget-premium-addon-modal-box\" data-id=\"4e6fd2a9\" data-element_type=\"widget\" data-settings=\"{&quot;premium_modal_box_animation&quot;:&quot;fadeInDown&quot;}\" data-widget_type=\"premium-addon-modal-box.default\">\n\t\t\t\t<div class=\"elementor-widget-container\">\n\t\t\t\t\t\r\n\t\t<div class=\"premium-modal-box-container\" data-settings=\"{&quot;trigger&quot;:&quot;image&quot;,&quot;show_on_exit&quot;:false}\">\r\n\t\t\t<div class=\"premium-modal-trigger-container\">\r\n\t\t\t\t\t\t\t\t\t<img decoding=\"async\" data-toggle=\"premium-modal\" data-target=\"#premium-modal-4e6fd2a9\" class=\"premium-modal-trigger-img\" src=\"https:\/\/euspaceforum.com\/2025\/wp-content\/uploads\/2022\/09\/Aarti-Holla-Maini-website.png\" alt=\"\">\r\n\t\t\t\t\t\t\t<\/div>\r\n\r\n\t\t\t<div id=\"premium-modal-4e6fd2a9\" class=\"premium-modal-box-modal\"\r\n\t\t\trole=\"dialog\"\r\n\t\t\tstyle=\"display: none\"\r\n\t\t\t>\r\n\t\t\t\t<div class=\"premium-modal-box-modal-dialog\" data-delay-animation=\"\" data-modal-animation=\"fadeInDown animated-fast\">\r\n\t\t\t\t\t\t\t\t\t\t\t<div class=\"premium-modal-box-modal-header\">\r\n\t\t\t\t\t\t\t\t\t\t\t\t\t\t\t<h3 class=\"premium-modal-box-modal-title\">\r\n\t\t\t\t\t\t\t\t\t\t\t\t<img decoding=\"async\" src=\"https:\/\/euspaceforum.com\/2025\/wp-content\/uploads\/2022\/09\/Aarti-Holla-Maini-website.png\" alt=\"\">\r\n\t\t\tAarti Holla Maini, Director, United Nations Office for Outer Space Affairs (UNOOSA)\t\t\t\t\t\t\t\t<\/h3>\r\n\t\t\t\t\t\t\t\t\t\t\t\t\t\t\t\t\t\t\t\t\t\t<div class=\"premium-modal-box-close-button-container\">\r\n\t\t\t\t\t\t\t\t\t<button type=\"button\" class=\"premium-modal-box-modal-close\" data-dismiss=\"premium-modal\">&times;<\/button>\r\n\t\t\t\t\t\t\t\t<\/div>\r\n\t\t\t\t\t\t\t\t\t\t\t\t\t<\/div>\r\n\t\t\t\t\t\t\t\t\t\t<div class=\"premium-modal-box-modal-body\">\r\n\t\t\t\t\t\t<p><span style=\"font-weight: 400;\">United Nations Secretary-General Ant\u00f3nio Guterres announced on 26 June 2023 the appointment of Aarti Holla-Maini of the United Kingdom as Director of the United Nations Office for Outer Space Affairs (UNOOSA) in Vienna.<\/span><\/p><p><span style=\"font-weight: 400;\">She will succeed Simonetta Di Pippo of Italy, to whom the Secretary-General is grateful for her commitment and dedicated service to the Organization.\u00a0 The Secretary-General also wishes to extend his appreciation to the Chief, Committee, Policy and Legal Affairs Section, Niklas Hedman, who will continue to serve as Acting Director of UNOOSA until Ms. Holla-Maini assumes this position.<\/span><\/p><p><span style=\"font-weight: 400;\">UNOOSA works to promote international cooperation in the peaceful use and exploration of space, and in the utilisation of space science and technology for sustainable economic and social development.<\/span><\/p><p><span style=\"font-weight: 400;\">Ms. Holla-Maini brings to this position over 25 years of professional experience in the space sector including in managerial and advocacy functions.\u00a0 Most recently, she has held the role of Executive Vice-President Sustainability, Policy &amp; Impact at NorthStar Earth &amp; Space; prior to which she spent over 18 years as Secretary-General of the Global Satellite Operators Association.<\/span><\/p><p><span style=\"font-weight: 400;\">Ms. Holla-Maini\u2019s experience includes service as a member of the World Economic Forum&#8217;s Global Future Council on Space; member of the Advisory Group of the Space Sustainability Rating managed by eSpace at the \u00c9cole Polytechnique F\u00e9d\u00e9rale de Lausanne (EPFL) Space Center; member of the Advisory Board of the Satellite Industry Association of India; Senior Space Policy Adviser to Forum Europe and as Expert Adviser on Space Traffic Management for European Union studies 2021-2023.\u00a0 She was also one of the chief architects of the Crisis Connectivity Charter established in 2015 for emergency telecommunications via satellite with the UN World Food Program\u2019s Emergency Telecommunications Cluster.<\/span><\/p><p><span style=\"font-weight: 400;\">Ms. Holla-Maini holds a bachelor\u2019s degree in law with German law from Kings College London, UK, a master\u2019s degree in business administration from HEC Paris, France, and she is also an alumna of the International Space University. She is fluent in English, French, German and Punjabi and has moderate knowledge of Dutch.<\/span><\/p>\t\t\t\t\t<\/div>\r\n\t\t\t\t\t\t\t\t\t\t\t<div class=\"premium-modal-box-modal-footer\">\r\n\t\t\t\t\t\t\t<button type=\"button\" class=\"premium-modal-box-modal-lower-close\" data-dismiss=\"premium-modal\">\r\n\t\t\t\t\t\t\t\tClose\t\t\t\t\t\t\t<\/button>\r\n\t\t\t\t\t\t<\/div>\r\n\t\t\t\t\t\t\t\t\t<\/div>\r\n\t\t\t<\/div>\r\n\t\t<\/div>\r\n\r\n\t\t\t\t\t\t<\/div>\n\t\t\t\t<\/div>\n\t\t\t\t<div class=\"elementor-element elementor-element-54ff0fd6 elementor-widget elementor-widget-heading\" data-id=\"54ff0fd6\" data-element_type=\"widget\" data-widget_type=\"heading.default\">\n\t\t\t\t<div class=\"elementor-widget-container\">\n\t\t\t\t\t<h3 class=\"elementor-heading-title elementor-size-default\">Aarti Holla Maini<\/h3>\t\t\t\t<\/div>\n\t\t\t\t<\/div>\n\t\t\t\t<div class=\"elementor-element elementor-element-52637db7 elementor-widget elementor-widget-heading\" data-id=\"52637db7\" data-element_type=\"widget\" data-widget_type=\"heading.default\">\n\t\t\t\t<div class=\"elementor-widget-container\">\n\t\t\t\t\t<p class=\"elementor-heading-title elementor-size-default\">Director<\/p>\t\t\t\t<\/div>\n\t\t\t\t<\/div>\n\t\t\t\t<div class=\"elementor-element elementor-element-4bff0e28 elementor-widget elementor-widget-heading\" data-id=\"4bff0e28\" data-element_type=\"widget\" data-widget_type=\"heading.default\">\n\t\t\t\t<div class=\"elementor-widget-container\">\n\t\t\t\t\t<p class=\"elementor-heading-title elementor-size-default\">United Nations Office for Outer Space Affairs (UNOOSA) <\/p>\t\t\t\t<\/div>\n\t\t\t\t<\/div>\n\t\t\t\t\t<\/div>\n\t\t<\/div>\n\t\t\t\t<div class=\"elementor-column elementor-col-20 elementor-inner-column elementor-element elementor-element-2fca3ff\" data-id=\"2fca3ff\" data-element_type=\"column\">\n\t\t\t<div class=\"elementor-widget-wrap elementor-element-populated\">\n\t\t\t\t\t\t<div class=\"elementor-element elementor-element-7e1ea18 premium-modal-dismissible-yes elementor-widget elementor-widget-premium-addon-modal-box\" data-id=\"7e1ea18\" data-element_type=\"widget\" data-settings=\"{&quot;premium_modal_box_animation&quot;:&quot;fadeInDown&quot;}\" data-widget_type=\"premium-addon-modal-box.default\">\n\t\t\t\t<div class=\"elementor-widget-container\">\n\t\t\t\t\t\r\n\t\t<div class=\"premium-modal-box-container\" data-settings=\"{&quot;trigger&quot;:&quot;image&quot;,&quot;show_on_exit&quot;:false}\">\r\n\t\t\t<div class=\"premium-modal-trigger-container\">\r\n\t\t\t\t\t\t\t\t\t<img decoding=\"async\" data-toggle=\"premium-modal\" data-target=\"#premium-modal-7e1ea18\" class=\"premium-modal-trigger-img\" src=\"https:\/\/euspaceforum.com\/2025\/wp-content\/uploads\/2022\/09\/Regina-Peldszus-WebsiteMailing-1.png\" alt=\"Regina Peldszus\">\r\n\t\t\t\t\t\t\t<\/div>\r\n\r\n\t\t\t<div id=\"premium-modal-7e1ea18\" class=\"premium-modal-box-modal\"\r\n\t\t\trole=\"dialog\"\r\n\t\t\tstyle=\"display: none\"\r\n\t\t\t>\r\n\t\t\t\t<div class=\"premium-modal-box-modal-dialog\" data-delay-animation=\"\" data-modal-animation=\"fadeInDown animated-fast\">\r\n\t\t\t\t\t\t\t\t\t\t\t<div class=\"premium-modal-box-modal-header\">\r\n\t\t\t\t\t\t\t\t\t\t\t\t\t\t\t<h3 class=\"premium-modal-box-modal-title\">\r\n\t\t\t\t\t\t\t\t\t\t\t\t<img decoding=\"async\" src=\"https:\/\/euspaceforum.com\/2025\/wp-content\/uploads\/2022\/09\/Regina-Peldszus-WebsiteMailing-1.png\" alt=\"Regina Peldszus\">\r\n\t\t\tRegina Peldszus, Policy Officer, European External Action Service (EEAS)\t\t\t\t\t\t\t\t<\/h3>\r\n\t\t\t\t\t\t\t\t\t\t\t\t\t\t\t\t\t\t\t\t\t\t<div class=\"premium-modal-box-close-button-container\">\r\n\t\t\t\t\t\t\t\t\t<button type=\"button\" class=\"premium-modal-box-modal-close\" data-dismiss=\"premium-modal\">&times;<\/button>\r\n\t\t\t\t\t\t\t\t<\/div>\r\n\t\t\t\t\t\t\t\t\t\t\t\t\t<\/div>\r\n\t\t\t\t\t\t\t\t\t\t<div class=\"premium-modal-box-modal-body\">\r\n\t\t\t\t\t\t<p><span style=\"font-weight: 400;\">Dr Regina Peldszus is a specialist for space security with the European External Action Service, Security &amp; Defence Policy Directorate, where she has been serving on the team of the Special Envoy for Space since 2022. Her focus is on space threats, Space Situational Awareness, and Space Domain Awareness.<\/span><\/p><p><span style=\"font-weight: 400;\">Prior to joining EEAS, Regina advised the German Ministry of Economic Affairs on space security, including civil-military cooperation for SSA and transatlantic wargaming. Until 2020, at the German Space Agency at DLR, she was the Co-Chair of EU Space Surveillance &amp; Tracking (EUSST), and oversaw horizon-scanning studies at the intersection of global sensor architectures and geopolitics. From 2013-2015 she was an Internal Research Fellow at the special studies division at ESA\u2019s space operations centre, analysing high reliability in mission control, and earlier contributed to technical studies at ESA\u2019s astronaut centre on special skills and future systems. She holds a PhD from Kingston University, London, with stints in Kiruna and Mountain View, with a focus on human systems integration and extreme environment analogues for unprecedented space mission scenarios.<\/span><\/p><p><span style=\"font-weight: 400;\">Regina published on space foresight, resilience, and infrastructure from a complex systems perspective in, amongst others, the Handbook for Space Security, Journal of Space Safety Engineering, Palgrave Studies in the History of Science and Technology, New Scientist, and Wired UK. She is a Senior Member of the AIAA, and an affiliate of the IAF Space Security Committee. She occasionally reviews for Space Policy, and lectures including at the European Security &amp; Defence College. In 2024, she was an invited expert at the public hearing on space security strategy at the German Parliament\u2019s Defence Committee, and in 2025 joins the German Space Agency\u2019s inaugural programme board on space security. <\/span><\/p>\t\t\t\t\t<\/div>\r\n\t\t\t\t\t\t\t\t\t\t\t<div class=\"premium-modal-box-modal-footer\">\r\n\t\t\t\t\t\t\t<button type=\"button\" class=\"premium-modal-box-modal-lower-close\" data-dismiss=\"premium-modal\">\r\n\t\t\t\t\t\t\t\tClose\t\t\t\t\t\t\t<\/button>\r\n\t\t\t\t\t\t<\/div>\r\n\t\t\t\t\t\t\t\t\t<\/div>\r\n\t\t\t<\/div>\r\n\t\t<\/div>\r\n\r\n\t\t\t\t\t\t<\/div>\n\t\t\t\t<\/div>\n\t\t\t\t<div class=\"elementor-element elementor-element-eb18377 elementor-widget elementor-widget-heading\" data-id=\"eb18377\" data-element_type=\"widget\" data-widget_type=\"heading.default\">\n\t\t\t\t<div class=\"elementor-widget-container\">\n\t\t\t\t\t<h3 class=\"elementor-heading-title elementor-size-default\">Regina Peldszus<\/h3>\t\t\t\t<\/div>\n\t\t\t\t<\/div>\n\t\t\t\t<div class=\"elementor-element elementor-element-2ebc1b7 elementor-widget elementor-widget-heading\" data-id=\"2ebc1b7\" data-element_type=\"widget\" data-widget_type=\"heading.default\">\n\t\t\t\t<div class=\"elementor-widget-container\">\n\t\t\t\t\t<p class=\"elementor-heading-title elementor-size-default\">Policy Officer<\/p>\t\t\t\t<\/div>\n\t\t\t\t<\/div>\n\t\t\t\t<div class=\"elementor-element elementor-element-1474bda elementor-widget elementor-widget-heading\" data-id=\"1474bda\" data-element_type=\"widget\" data-widget_type=\"heading.default\">\n\t\t\t\t<div class=\"elementor-widget-container\">\n\t\t\t\t\t<p class=\"elementor-heading-title elementor-size-default\">European External Action Service (EEAS)<\/p>\t\t\t\t<\/div>\n\t\t\t\t<\/div>\n\t\t\t\t\t<\/div>\n\t\t<\/div>\n\t\t\t\t<div class=\"elementor-column elementor-col-20 elementor-inner-column elementor-element elementor-element-14e1f12\" data-id=\"14e1f12\" data-element_type=\"column\">\n\t\t\t<div class=\"elementor-widget-wrap elementor-element-populated\">\n\t\t\t\t\t\t<div class=\"elementor-element elementor-element-8ede0e3 premium-modal-dismissible-yes elementor-widget elementor-widget-premium-addon-modal-box\" data-id=\"8ede0e3\" data-element_type=\"widget\" data-settings=\"{&quot;premium_modal_box_animation&quot;:&quot;fadeInDown&quot;}\" data-widget_type=\"premium-addon-modal-box.default\">\n\t\t\t\t<div class=\"elementor-widget-container\">\n\t\t\t\t\t\r\n\t\t<div class=\"premium-modal-box-container\" data-settings=\"{&quot;trigger&quot;:&quot;image&quot;,&quot;show_on_exit&quot;:false}\">\r\n\t\t\t<div class=\"premium-modal-trigger-container\">\r\n\t\t\t\t\t\t\t\t\t<img decoding=\"async\" data-toggle=\"premium-modal\" data-target=\"#premium-modal-8ede0e3\" class=\"premium-modal-trigger-img\" src=\"https:\/\/euspaceforum.com\/2025\/wp-content\/uploads\/2024\/04\/Christophe-Grudler-website.png\" alt=\"Christophe Grudler\">\r\n\t\t\t\t\t\t\t<\/div>\r\n\r\n\t\t\t<div id=\"premium-modal-8ede0e3\" class=\"premium-modal-box-modal\"\r\n\t\t\trole=\"dialog\"\r\n\t\t\tstyle=\"display: none\"\r\n\t\t\t>\r\n\t\t\t\t<div class=\"premium-modal-box-modal-dialog\" data-delay-animation=\"\" data-modal-animation=\"fadeInDown animated-fast\">\r\n\t\t\t\t\t\t\t\t\t\t\t<div class=\"premium-modal-box-modal-header\">\r\n\t\t\t\t\t\t\t\t\t\t\t\t\t\t\t<h3 class=\"premium-modal-box-modal-title\">\r\n\t\t\t\t\t\t\t\t\t\t\t\t<img decoding=\"async\" src=\"https:\/\/euspaceforum.com\/2025\/wp-content\/uploads\/2024\/04\/Christophe-Grudler-website.png\" alt=\"Christophe Grudler\">\r\n\t\t\tChristophe Grudler, Member, European Parliament\t\t\t\t\t\t\t\t<\/h3>\r\n\t\t\t\t\t\t\t\t\t\t\t\t\t\t\t\t\t\t\t\t\t\t<div class=\"premium-modal-box-close-button-container\">\r\n\t\t\t\t\t\t\t\t\t<button type=\"button\" class=\"premium-modal-box-modal-close\" data-dismiss=\"premium-modal\">&times;<\/button>\r\n\t\t\t\t\t\t\t\t<\/div>\r\n\t\t\t\t\t\t\t\t\t\t\t\t\t<\/div>\r\n\t\t\t\t\t\t\t\t\t\t<div class=\"premium-modal-box-modal-body\">\r\n\t\t\t\t\t\t<p><span style=\"font-weight: 400;\">Christophe Grudler is a French Member of the European Parliament (MEP), member of the Renew Europe group.<\/span><\/p><p><span style=\"font-weight: 400;\">Historian and journalist by training, his political commitment started at an early stage of his career. He is particularly involved at the local level in his hometown, Belfort, where he has been elected as a local representative several times.<\/span><\/p><p><span style=\"font-weight: 400;\">Within the European Parliament, he is Vice-Coordinator of the ITRE Committee (Industry, research and energy) for the Renew Europe group. He is also a member of the Foreign Affairs (AFET) and Security and Defence (SEDE) committees. Furthermore, he is Vice President of the Sky &amp; Space Intergroup of the European Parliament.<\/span><\/p><p><span style=\"font-weight: 400;\">MEP Grudler is particularly involved in energy and industry related topics, as well as on space and defence policies. He has been appointed as rapporteur for the European Parliament on the Initiative report on Energy System Integration and recently on the future European secure connectivity. He is also shadow rapporteur for his group on the European Industrial Strategy, the revision of the Renewable Energy Directive (RED) and on the European Space Programme.<\/span><\/p>\t\t\t\t\t<\/div>\r\n\t\t\t\t\t\t\t\t\t\t\t<div class=\"premium-modal-box-modal-footer\">\r\n\t\t\t\t\t\t\t<button type=\"button\" class=\"premium-modal-box-modal-lower-close\" data-dismiss=\"premium-modal\">\r\n\t\t\t\t\t\t\t\tClose\t\t\t\t\t\t\t<\/button>\r\n\t\t\t\t\t\t<\/div>\r\n\t\t\t\t\t\t\t\t\t<\/div>\r\n\t\t\t<\/div>\r\n\t\t<\/div>\r\n\r\n\t\t\t\t\t\t<\/div>\n\t\t\t\t<\/div>\n\t\t\t\t<div class=\"elementor-element elementor-element-8cf4ce2 elementor-widget elementor-widget-heading\" data-id=\"8cf4ce2\" data-element_type=\"widget\" data-widget_type=\"heading.default\">\n\t\t\t\t<div class=\"elementor-widget-container\">\n\t\t\t\t\t<h3 class=\"elementor-heading-title elementor-size-default\">Christophe Grudler<\/h3>\t\t\t\t<\/div>\n\t\t\t\t<\/div>\n\t\t\t\t<div class=\"elementor-element elementor-element-b094a56 elementor-widget elementor-widget-heading\" data-id=\"b094a56\" data-element_type=\"widget\" data-widget_type=\"heading.default\">\n\t\t\t\t<div class=\"elementor-widget-container\">\n\t\t\t\t\t<p class=\"elementor-heading-title elementor-size-default\">Member<\/p>\t\t\t\t<\/div>\n\t\t\t\t<\/div>\n\t\t\t\t<div class=\"elementor-element elementor-element-7865ac8 elementor-widget elementor-widget-heading\" data-id=\"7865ac8\" data-element_type=\"widget\" data-widget_type=\"heading.default\">\n\t\t\t\t<div class=\"elementor-widget-container\">\n\t\t\t\t\t<p class=\"elementor-heading-title elementor-size-default\">European Parliament<\/p>\t\t\t\t<\/div>\n\t\t\t\t<\/div>\n\t\t\t\t\t<\/div>\n\t\t<\/div>\n\t\t\t\t<div class=\"elementor-column elementor-col-20 elementor-inner-column elementor-element elementor-element-710ba05\" data-id=\"710ba05\" data-element_type=\"column\">\n\t\t\t<div class=\"elementor-widget-wrap elementor-element-populated\">\n\t\t\t\t\t\t<div class=\"elementor-element elementor-element-b404c56 premium-modal-dismissible-yes elementor-widget elementor-widget-premium-addon-modal-box\" data-id=\"b404c56\" data-element_type=\"widget\" data-settings=\"{&quot;premium_modal_box_animation&quot;:&quot;fadeInDown&quot;}\" data-widget_type=\"premium-addon-modal-box.default\">\n\t\t\t\t<div class=\"elementor-widget-container\">\n\t\t\t\t\t\r\n\t\t<div class=\"premium-modal-box-container\" data-settings=\"{&quot;trigger&quot;:&quot;image&quot;,&quot;show_on_exit&quot;:false}\">\r\n\t\t\t<div class=\"premium-modal-trigger-container\">\r\n\t\t\t\t\t\t\t\t\t<img decoding=\"async\" data-toggle=\"premium-modal\" data-target=\"#premium-modal-b404c56\" class=\"premium-modal-trigger-img\" src=\"https:\/\/euspaceforum.com\/2025\/wp-content\/uploads\/2022\/09\/Paul-Flament-WebsiteMailing.png\" alt=\"Paul Flament\">\r\n\t\t\t\t\t\t\t<\/div>\r\n\r\n\t\t\t<div id=\"premium-modal-b404c56\" class=\"premium-modal-box-modal\"\r\n\t\t\trole=\"dialog\"\r\n\t\t\tstyle=\"display: none\"\r\n\t\t\t>\r\n\t\t\t\t<div class=\"premium-modal-box-modal-dialog\" data-delay-animation=\"\" data-modal-animation=\"fadeInDown animated-fast\">\r\n\t\t\t\t\t\t\t\t\t\t\t<div class=\"premium-modal-box-modal-header\">\r\n\t\t\t\t\t\t\t\t\t\t\t\t\t\t\t<h3 class=\"premium-modal-box-modal-title\">\r\n\t\t\t\t\t\t\t\t\t\t\t\t<img decoding=\"async\" src=\"https:\/\/euspaceforum.com\/2025\/wp-content\/uploads\/2022\/09\/Paul-Flament-WebsiteMailing.png\" alt=\"Paul Flament\">\r\n\t\t\tPaul Flament, Head of Unit, Satellite Navigation, DG DEFIS, European Commission\t\t\t\t\t\t\t\t<\/h3>\r\n\t\t\t\t\t\t\t\t\t\t\t\t\t\t\t\t\t\t\t\t\t\t<div class=\"premium-modal-box-close-button-container\">\r\n\t\t\t\t\t\t\t\t\t<button type=\"button\" class=\"premium-modal-box-modal-close\" data-dismiss=\"premium-modal\">&times;<\/button>\r\n\t\t\t\t\t\t\t\t<\/div>\r\n\t\t\t\t\t\t\t\t\t\t\t\t\t<\/div>\r\n\t\t\t\t\t\t\t\t\t\t<div class=\"premium-modal-box-modal-body\">\r\n\t\t\t\t\t\t<p><span style=\"font-weight: 400;\">Paul Flament is a Belgian Civil Engineer, specialised in Telecommunications. He has been working 11 years in the European Space Agency, for space missions control centres and for the design and development of telecommunication satellites. Following a Masters in European Studies, he joined the European Commission in 1998. Paul Flament is Head of the Unit &#8220;Satellite Navigation&#8221; in DG DEFIS. <\/span><\/p>\t\t\t\t\t<\/div>\r\n\t\t\t\t\t\t\t\t\t\t\t<div class=\"premium-modal-box-modal-footer\">\r\n\t\t\t\t\t\t\t<button type=\"button\" class=\"premium-modal-box-modal-lower-close\" data-dismiss=\"premium-modal\">\r\n\t\t\t\t\t\t\t\tClose\t\t\t\t\t\t\t<\/button>\r\n\t\t\t\t\t\t<\/div>\r\n\t\t\t\t\t\t\t\t\t<\/div>\r\n\t\t\t<\/div>\r\n\t\t<\/div>\r\n\r\n\t\t\t\t\t\t<\/div>\n\t\t\t\t<\/div>\n\t\t\t\t<div class=\"elementor-element elementor-element-7d99617 elementor-widget elementor-widget-heading\" data-id=\"7d99617\" data-element_type=\"widget\" data-widget_type=\"heading.default\">\n\t\t\t\t<div class=\"elementor-widget-container\">\n\t\t\t\t\t<h3 class=\"elementor-heading-title elementor-size-default\">Paul Flament<\/h3>\t\t\t\t<\/div>\n\t\t\t\t<\/div>\n\t\t\t\t<div class=\"elementor-element elementor-element-0af78d8 elementor-widget elementor-widget-heading\" data-id=\"0af78d8\" data-element_type=\"widget\" data-widget_type=\"heading.default\">\n\t\t\t\t<div class=\"elementor-widget-container\">\n\t\t\t\t\t<p class=\"elementor-heading-title elementor-size-default\">Head of Unit, Satellite Navigation, <br>DG DEFIS<\/p>\t\t\t\t<\/div>\n\t\t\t\t<\/div>\n\t\t\t\t<div class=\"elementor-element elementor-element-9d939dd elementor-widget elementor-widget-heading\" data-id=\"9d939dd\" data-element_type=\"widget\" data-widget_type=\"heading.default\">\n\t\t\t\t<div class=\"elementor-widget-container\">\n\t\t\t\t\t<p class=\"elementor-heading-title elementor-size-default\">European Commission<\/p>\t\t\t\t<\/div>\n\t\t\t\t<\/div>\n\t\t\t\t\t<\/div>\n\t\t<\/div>\n\t\t\t\t\t<\/div>\n\t\t<\/section>\n\t\t\t\t<section class=\"elementor-section elementor-inner-section elementor-element elementor-element-0039b0f elementor-section-boxed elementor-section-height-default elementor-section-height-default\" data-id=\"0039b0f\" data-element_type=\"section\">\n\t\t\t\t\t\t<div class=\"elementor-container elementor-column-gap-default\">\n\t\t\t\t\t<div class=\"elementor-column elementor-col-20 elementor-inner-column elementor-element elementor-element-2dde5e7\" data-id=\"2dde5e7\" data-element_type=\"column\">\n\t\t\t<div class=\"elementor-widget-wrap elementor-element-populated\">\n\t\t\t\t\t\t<div class=\"elementor-element elementor-element-6df71e7 premium-modal-dismissible-yes elementor-widget elementor-widget-premium-addon-modal-box\" data-id=\"6df71e7\" data-element_type=\"widget\" data-settings=\"{&quot;premium_modal_box_animation&quot;:&quot;fadeInDown&quot;}\" data-widget_type=\"premium-addon-modal-box.default\">\n\t\t\t\t<div class=\"elementor-widget-container\">\n\t\t\t\t\t\r\n\t\t<div class=\"premium-modal-box-container\" data-settings=\"{&quot;trigger&quot;:&quot;image&quot;,&quot;show_on_exit&quot;:false}\">\r\n\t\t\t<div class=\"premium-modal-trigger-container\">\r\n\t\t\t\t\t\t\t\t\t<img decoding=\"async\" data-toggle=\"premium-modal\" data-target=\"#premium-modal-6df71e7\" class=\"premium-modal-trigger-img\" src=\"https:\/\/euspaceforum.com\/2025\/wp-content\/uploads\/2022\/09\/Isabelle-Mauro-website.png\" alt=\"Isabelle Mauro\">\r\n\t\t\t\t\t\t\t<\/div>\r\n\r\n\t\t\t<div id=\"premium-modal-6df71e7\" class=\"premium-modal-box-modal\"\r\n\t\t\trole=\"dialog\"\r\n\t\t\tstyle=\"display: none\"\r\n\t\t\t>\r\n\t\t\t\t<div class=\"premium-modal-box-modal-dialog\" data-delay-animation=\"\" data-modal-animation=\"fadeInDown animated-fast\">\r\n\t\t\t\t\t\t\t\t\t\t\t<div class=\"premium-modal-box-modal-header\">\r\n\t\t\t\t\t\t\t\t\t\t\t\t\t\t\t<h3 class=\"premium-modal-box-modal-title\">\r\n\t\t\t\t\t\t\t\t\t\t\t\t<img decoding=\"async\" src=\"https:\/\/euspaceforum.com\/2025\/wp-content\/uploads\/2022\/09\/Isabelle-Mauro-website.png\" alt=\"Isabelle Mauro\">\r\n\t\t\tIsabelle Mauro, Director General, GSOA  \t\t\t\t\t\t\t\t<\/h3>\r\n\t\t\t\t\t\t\t\t\t\t\t\t\t\t\t\t\t\t\t\t\t\t<div class=\"premium-modal-box-close-button-container\">\r\n\t\t\t\t\t\t\t\t\t<button type=\"button\" class=\"premium-modal-box-modal-close\" data-dismiss=\"premium-modal\">&times;<\/button>\r\n\t\t\t\t\t\t\t\t<\/div>\r\n\t\t\t\t\t\t\t\t\t\t\t\t\t<\/div>\r\n\t\t\t\t\t\t\t\t\t\t<div class=\"premium-modal-box-modal-body\">\r\n\t\t\t\t\t\t<p><span style=\"font-weight: 400;\">Isabelle Mauro is Director General of the Global Satellite Operators Association (GSOA) that represents the interests of 29 global and regional satellite operators. She reports directly to their Chief Executives.<\/span><\/p><p><span style=\"font-weight: 400;\">Under Isabelle\u2019s leadership, GSOA and its member CEOs lead the effort to showcase the benefits of satellite communications for a more inclusive and secure society \u2013 vital to bridging the world\u2019s digital divide, achieving the UN\u2019s Sustainable Development Goals and realizing the 5G ecosystem.<\/span><\/p><p><span style=\"font-weight: 400;\">Isabelle has 25 years experience in the Telecoms and Technology sector, starting at the GSMA, where she was responsible for government and international Affairs. In 2015 she moved to New York to join the World Economic Forum as Head of\u00a0 Information, Communications and Technology Industries, managing the portfolio for 60+ Tech companies globally and leading initiatives on inclusive and sustainable digital transformation.<\/span><\/p><p><span style=\"font-weight: 400;\">Isabelle is passionate about inclusion and sustainability. She is Chair of the High-Level Advisory Board of the DigitalGoesGreen Foundation. She also sits on the Advisory Board of Women in Tech and is a member of the UNESCO Advisory Group for the Declaration on Connectivity for Education.<\/span><\/p><p><span style=\"font-weight: 400;\">Isabelle holds an MSc in European Politics and Policy from the London School of Economics. She is fluent in French, English, Italian and Spanish.<\/span><\/p>\t\t\t\t\t<\/div>\r\n\t\t\t\t\t\t\t\t\t\t\t<div class=\"premium-modal-box-modal-footer\">\r\n\t\t\t\t\t\t\t<button type=\"button\" class=\"premium-modal-box-modal-lower-close\" data-dismiss=\"premium-modal\">\r\n\t\t\t\t\t\t\t\tClose\t\t\t\t\t\t\t<\/button>\r\n\t\t\t\t\t\t<\/div>\r\n\t\t\t\t\t\t\t\t\t<\/div>\r\n\t\t\t<\/div>\r\n\t\t<\/div>\r\n\r\n\t\t\t\t\t\t<\/div>\n\t\t\t\t<\/div>\n\t\t\t\t<div class=\"elementor-element elementor-element-34383ee elementor-widget elementor-widget-heading\" data-id=\"34383ee\" data-element_type=\"widget\" data-widget_type=\"heading.default\">\n\t\t\t\t<div class=\"elementor-widget-container\">\n\t\t\t\t\t<h3 class=\"elementor-heading-title elementor-size-default\">Isabelle Mauro<\/h3>\t\t\t\t<\/div>\n\t\t\t\t<\/div>\n\t\t\t\t<div class=\"elementor-element elementor-element-435c5c3 elementor-widget elementor-widget-heading\" data-id=\"435c5c3\" data-element_type=\"widget\" data-widget_type=\"heading.default\">\n\t\t\t\t<div class=\"elementor-widget-container\">\n\t\t\t\t\t<p class=\"elementor-heading-title elementor-size-default\">Director General<\/p>\t\t\t\t<\/div>\n\t\t\t\t<\/div>\n\t\t\t\t<div class=\"elementor-element elementor-element-a53583a elementor-widget elementor-widget-heading\" data-id=\"a53583a\" data-element_type=\"widget\" data-widget_type=\"heading.default\">\n\t\t\t\t<div class=\"elementor-widget-container\">\n\t\t\t\t\t<p class=\"elementor-heading-title elementor-size-default\">GSOA<\/p>\t\t\t\t<\/div>\n\t\t\t\t<\/div>\n\t\t\t\t\t<\/div>\n\t\t<\/div>\n\t\t\t\t<div class=\"elementor-column elementor-col-20 elementor-inner-column elementor-element elementor-element-c27f74d\" data-id=\"c27f74d\" data-element_type=\"column\">\n\t\t\t<div class=\"elementor-widget-wrap elementor-element-populated\">\n\t\t\t\t\t\t<div class=\"elementor-element elementor-element-bf2db20 premium-modal-dismissible-yes elementor-widget elementor-widget-premium-addon-modal-box\" data-id=\"bf2db20\" data-element_type=\"widget\" data-settings=\"{&quot;premium_modal_box_animation&quot;:&quot;fadeInDown&quot;}\" data-widget_type=\"premium-addon-modal-box.default\">\n\t\t\t\t<div class=\"elementor-widget-container\">\n\t\t\t\t\t\r\n\t\t<div class=\"premium-modal-box-container\" data-settings=\"{&quot;trigger&quot;:&quot;image&quot;,&quot;show_on_exit&quot;:false}\">\r\n\t\t\t<div class=\"premium-modal-trigger-container\">\r\n\t\t\t\t\t\t\t\t\t<img decoding=\"async\" data-toggle=\"premium-modal\" data-target=\"#premium-modal-bf2db20\" class=\"premium-modal-trigger-img\" src=\"https:\/\/euspaceforum.com\/2025\/wp-content\/uploads\/2022\/09\/Marcin-Mazur-Website.png\" alt=\"Marcin Mazur\">\r\n\t\t\t\t\t\t\t<\/div>\r\n\r\n\t\t\t<div id=\"premium-modal-bf2db20\" class=\"premium-modal-box-modal\"\r\n\t\t\trole=\"dialog\"\r\n\t\t\tstyle=\"display: none\"\r\n\t\t\t>\r\n\t\t\t\t<div class=\"premium-modal-box-modal-dialog\" data-delay-animation=\"\" data-modal-animation=\"fadeInDown animated-fast\">\r\n\t\t\t\t\t\t\t\t\t\t\t<div class=\"premium-modal-box-modal-header\">\r\n\t\t\t\t\t\t\t\t\t\t\t\t\t\t\t<h3 class=\"premium-modal-box-modal-title\">\r\n\t\t\t\t\t\t\t\t\t\t\t\t<img decoding=\"async\" src=\"https:\/\/euspaceforum.com\/2025\/wp-content\/uploads\/2022\/09\/Marcin-Mazur-Website.png\" alt=\"Marcin Mazur\">\r\n\t\t\tMarcin Mazur, President, Polish Space Agency (POLSA)\t\t\t\t\t\t\t\t<\/h3>\r\n\t\t\t\t\t\t\t\t\t\t\t\t\t\t\t\t\t\t\t\t\t\t<div class=\"premium-modal-box-close-button-container\">\r\n\t\t\t\t\t\t\t\t\t<button type=\"button\" class=\"premium-modal-box-modal-close\" data-dismiss=\"premium-modal\">&times;<\/button>\r\n\t\t\t\t\t\t\t\t<\/div>\r\n\t\t\t\t\t\t\t\t\t\t\t\t\t<\/div>\r\n\t\t\t\t\t\t\t\t\t\t<div class=\"premium-modal-box-modal-body\">\r\n\t\t\t\t\t\t<p><span style=\"font-weight: 400;\">Colonel Marcin Mazur is the Vice President of the Polish Space Agency (POLSA) &#8211; an executive agency of the Ministry of Economic Development and Technology, est. 2014. POLSA supports the Polish space industry, cooperates with international agencies and public administration in the field of exploration and use of Outer Space.<\/span><\/p><p><span style=\"font-weight: 400;\">Col Mazur\u2019s goal is to execute the Polish Space Strategy issued in 2017, which is in compliance with both the Space Strategy for Europe 2016 and the NATO Overarching Space Policy 2019, and implement the National Space Programme 2022-2026.<\/span><\/p><p><span style=\"font-weight: 400;\">Col Mazur\u2019s responsibility in POLSA is to systematize security and defence activities, in particular the development of dual-use capabilities which may apply for military and civilian applications:<\/span><\/p><ul><li style=\"font-weight: 400;\" aria-level=\"1\"><span style=\"font-weight: 400;\">EO \u2013 Earth Observation satellite systems;<\/span><\/li><li style=\"font-weight: 400;\" aria-level=\"1\"><span style=\"font-weight: 400;\">SATCOM \u2013 Satellite Communications systems;<\/span><\/li><li style=\"font-weight: 400;\" aria-level=\"1\"><span style=\"font-weight: 400;\">SSA \/ SST &#8211; Space Situational Awareness \/ Space Surveillance and Tracking;<\/span><\/li><li style=\"font-weight: 400;\" aria-level=\"1\"><span style=\"font-weight: 400;\">Launching technologies.<\/span><\/li><\/ul><p><span style=\"font-weight: 400;\">Colonel Mazur was commissioned in 1998 and promoted to his first officer\u2019s rank, 2nd lieutenant, in 2002. He graduated from the Military University of Technology in Warsaw with a Master\u2019s Degree in Topography and Mapping. He started his career as a Geospatial Officer at the 6 th Independent Geographical Unit in Torun where he became the leader of Mobile Geospatial Support Team dedicated for NATO Response Forces. Following that Colonel Mazur served at the Joint Force Command Brunssum, the Netherlands, in the Geospatial Support Section, J2 Intelligence Division and as an IMINT Officer at the Military Geographical Centre in Warsaw from where he was assigned in 2012 to the General Staff of the Polish Armed Forces, P2 Intelligence Division, Imagery Intelligence Branch. As an Intelligence Officer, he was also appointed as a Part-time Inspector for Treaties on Conventional Arms Control in Europe (CFE) and Vienna Document 2011 (VD11) inspections. In August 2017 he became the IMINT Branch Head and in January 2019 was promoted to Colonel rank. As the IMINT Branch Head he was responsible for defining Earth Observation (EO) and Space Situational Awareness (SSA) military requirements. He was the co-chairman of the Polish-Italian Operational Working Group with regards to the COSMO SkyMed (CSK) and OPTSAT-3000 systems. Nationally he served the Chairman role of the Inter-ministerial Earth Observation Task Group.<\/span><\/p>\t\t\t\t\t<\/div>\r\n\t\t\t\t\t\t\t\t\t\t\t<div class=\"premium-modal-box-modal-footer\">\r\n\t\t\t\t\t\t\t<button type=\"button\" class=\"premium-modal-box-modal-lower-close\" data-dismiss=\"premium-modal\">\r\n\t\t\t\t\t\t\t\tClose\t\t\t\t\t\t\t<\/button>\r\n\t\t\t\t\t\t<\/div>\r\n\t\t\t\t\t\t\t\t\t<\/div>\r\n\t\t\t<\/div>\r\n\t\t<\/div>\r\n\r\n\t\t\t\t\t\t<\/div>\n\t\t\t\t<\/div>\n\t\t\t\t<div class=\"elementor-element elementor-element-84916bf elementor-widget elementor-widget-heading\" data-id=\"84916bf\" data-element_type=\"widget\" data-widget_type=\"heading.default\">\n\t\t\t\t<div class=\"elementor-widget-container\">\n\t\t\t\t\t<h3 class=\"elementor-heading-title elementor-size-default\">Marcin Mazur<\/h3>\t\t\t\t<\/div>\n\t\t\t\t<\/div>\n\t\t\t\t<div class=\"elementor-element elementor-element-6f2680a elementor-widget elementor-widget-heading\" data-id=\"6f2680a\" data-element_type=\"widget\" data-widget_type=\"heading.default\">\n\t\t\t\t<div class=\"elementor-widget-container\">\n\t\t\t\t\t<p class=\"elementor-heading-title elementor-size-default\">Vice President<\/p>\t\t\t\t<\/div>\n\t\t\t\t<\/div>\n\t\t\t\t<div class=\"elementor-element elementor-element-7bc3bf2 elementor-widget elementor-widget-heading\" data-id=\"7bc3bf2\" data-element_type=\"widget\" data-widget_type=\"heading.default\">\n\t\t\t\t<div class=\"elementor-widget-container\">\n\t\t\t\t\t<p class=\"elementor-heading-title elementor-size-default\">Polish Space Agency (POLSA)<\/p>\t\t\t\t<\/div>\n\t\t\t\t<\/div>\n\t\t\t\t\t<\/div>\n\t\t<\/div>\n\t\t\t\t<div class=\"elementor-column elementor-col-20 elementor-inner-column elementor-element elementor-element-22f85d8\" data-id=\"22f85d8\" data-element_type=\"column\">\n\t\t\t<div class=\"elementor-widget-wrap elementor-element-populated\">\n\t\t\t\t\t\t<div class=\"elementor-element elementor-element-41c1325 premium-modal-dismissible-yes elementor-widget elementor-widget-premium-addon-modal-box\" data-id=\"41c1325\" data-element_type=\"widget\" data-settings=\"{&quot;premium_modal_box_animation&quot;:&quot;fadeInDown&quot;}\" data-widget_type=\"premium-addon-modal-box.default\">\n\t\t\t\t<div class=\"elementor-widget-container\">\n\t\t\t\t\t\r\n\t\t<div class=\"premium-modal-box-container\" data-settings=\"{&quot;trigger&quot;:&quot;image&quot;,&quot;show_on_exit&quot;:false}\">\r\n\t\t\t<div class=\"premium-modal-trigger-container\">\r\n\t\t\t\t\t\t\t\t\t<img decoding=\"async\" data-toggle=\"premium-modal\" data-target=\"#premium-modal-41c1325\" class=\"premium-modal-trigger-img\" src=\"https:\/\/euspaceforum.com\/2025\/wp-content\/uploads\/2022\/09\/Kamila-Kloc-WebsiteMailing.png\" alt=\"Kamila Kloc\">\r\n\t\t\t\t\t\t\t<\/div>\r\n\r\n\t\t\t<div id=\"premium-modal-41c1325\" class=\"premium-modal-box-modal\"\r\n\t\t\trole=\"dialog\"\r\n\t\t\tstyle=\"display: none\"\r\n\t\t\t>\r\n\t\t\t\t<div class=\"premium-modal-box-modal-dialog\" data-delay-animation=\"\" data-modal-animation=\"fadeInDown animated-fast\">\r\n\t\t\t\t\t\t\t\t\t\t\t<div class=\"premium-modal-box-modal-header\">\r\n\t\t\t\t\t\t\t\t\t\t\t\t\t\t\t<h3 class=\"premium-modal-box-modal-title\">\r\n\t\t\t\t\t\t\t\t\t\t\t\t<img decoding=\"async\" src=\"https:\/\/euspaceforum.com\/2025\/wp-content\/uploads\/2022\/09\/Kamila-Kloc-WebsiteMailing.png\" alt=\"Kamila Kloc\">\r\n\t\t\tKamila Kloc, Director, Digital Decade and Connectivity, DG CONNECT, European Commission\t\t\t\t\t\t\t\t<\/h3>\r\n\t\t\t\t\t\t\t\t\t\t\t\t\t\t\t\t\t\t\t\t\t\t<div class=\"premium-modal-box-close-button-container\">\r\n\t\t\t\t\t\t\t\t\t<button type=\"button\" class=\"premium-modal-box-modal-close\" data-dismiss=\"premium-modal\">&times;<\/button>\r\n\t\t\t\t\t\t\t\t<\/div>\r\n\t\t\t\t\t\t\t\t\t\t\t\t\t<\/div>\r\n\t\t\t\t\t\t\t\t\t\t<div class=\"premium-modal-box-modal-body\">\r\n\t\t\t\t\t\t<p><span style=\"font-weight: 400;\">Dr Kamila Kloc joined the European Commission in December 2004.<\/span><\/p><p><span style=\"font-weight: 400;\">As of July 2023 Kamila was nominated as the Director of Directorate B Digital Decade and Connectivity of Directorate General for Communications Networks, Content and Technology (DG CONNECT) after acting in this position from February 2023. She held a position of the Head of Markets&#8217; Unit in the same Directorate from 2019.<\/span><\/p><p><span style=\"font-weight: 400;\">Previously she served as Deputy Head of Cabinet for Vice President Ansip responsible for Digital Single Market. Prior to joining the Cabinet, she worked at Directorate General for Energy coordinating exemptions from regulatory access rules for gas pipelines. During the Polish Presidency in 2011, she was seconded by the Commission to the President\u2019s office of the Polish Energy Regulatory Authority.<\/span><\/p><p><span style=\"font-weight: 400;\">Earlier, she worked for 5 years at the Directorate General for Competition dealing with merger and antitrust cases.<\/span><\/p><p><span style=\"font-weight: 400;\">Prior to joining the Commission, she was employed at the Office for Competition and Consumer Protection in Poland as Adviser to the President. Kamila Kloc started her professional career in academia and taught at the Warsaw School of Economics as Assistant Professor. She has written her PhD on the role of competition policy in the public utilities sector with a special emphasis on telecommunications. She was a Fulbright scholar at the University of California in Berkeley and a Chevening fellow at Oxford University.\u00a0<\/span><\/p>\t\t\t\t\t<\/div>\r\n\t\t\t\t\t\t\t\t\t\t\t<div class=\"premium-modal-box-modal-footer\">\r\n\t\t\t\t\t\t\t<button type=\"button\" class=\"premium-modal-box-modal-lower-close\" data-dismiss=\"premium-modal\">\r\n\t\t\t\t\t\t\t\tClose\t\t\t\t\t\t\t<\/button>\r\n\t\t\t\t\t\t<\/div>\r\n\t\t\t\t\t\t\t\t\t<\/div>\r\n\t\t\t<\/div>\r\n\t\t<\/div>\r\n\r\n\t\t\t\t\t\t<\/div>\n\t\t\t\t<\/div>\n\t\t\t\t<div class=\"elementor-element elementor-element-ef91a51 elementor-widget elementor-widget-heading\" data-id=\"ef91a51\" data-element_type=\"widget\" data-widget_type=\"heading.default\">\n\t\t\t\t<div class=\"elementor-widget-container\">\n\t\t\t\t\t<h3 class=\"elementor-heading-title elementor-size-default\">Kamila Kloc<\/h3>\t\t\t\t<\/div>\n\t\t\t\t<\/div>\n\t\t\t\t<div class=\"elementor-element elementor-element-8cffc44 elementor-widget elementor-widget-heading\" data-id=\"8cffc44\" data-element_type=\"widget\" data-widget_type=\"heading.default\">\n\t\t\t\t<div class=\"elementor-widget-container\">\n\t\t\t\t\t<p class=\"elementor-heading-title elementor-size-default\">Director, Digital Decade and Connectivity, DG CONNECT<\/p>\t\t\t\t<\/div>\n\t\t\t\t<\/div>\n\t\t\t\t<div class=\"elementor-element elementor-element-ea3ea51 elementor-widget elementor-widget-heading\" data-id=\"ea3ea51\" data-element_type=\"widget\" data-widget_type=\"heading.default\">\n\t\t\t\t<div class=\"elementor-widget-container\">\n\t\t\t\t\t<p class=\"elementor-heading-title elementor-size-default\">European Commission<\/p>\t\t\t\t<\/div>\n\t\t\t\t<\/div>\n\t\t\t\t\t<\/div>\n\t\t<\/div>\n\t\t\t\t<div class=\"elementor-column elementor-col-20 elementor-inner-column elementor-element elementor-element-1c00259\" data-id=\"1c00259\" data-element_type=\"column\">\n\t\t\t<div class=\"elementor-widget-wrap elementor-element-populated\">\n\t\t\t\t\t\t<div class=\"elementor-element elementor-element-2869463 premium-modal-dismissible-yes elementor-widget elementor-widget-premium-addon-modal-box\" data-id=\"2869463\" data-element_type=\"widget\" data-settings=\"{&quot;premium_modal_box_animation&quot;:&quot;fadeInDown&quot;}\" data-widget_type=\"premium-addon-modal-box.default\">\n\t\t\t\t<div class=\"elementor-widget-container\">\n\t\t\t\t\t\r\n\t\t<div class=\"premium-modal-box-container\" data-settings=\"{&quot;trigger&quot;:&quot;image&quot;,&quot;show_on_exit&quot;:false}\">\r\n\t\t\t<div class=\"premium-modal-trigger-container\">\r\n\t\t\t\t\t\t\t\t\t<img decoding=\"async\" data-toggle=\"premium-modal\" data-target=\"#premium-modal-2869463\" class=\"premium-modal-trigger-img\" src=\"https:\/\/euspaceforum.com\/2025\/wp-content\/uploads\/2022\/09\/Olivier-Lemaitre-WebsiteMailing.png\" alt=\"Olivier Lemaitre\">\r\n\t\t\t\t\t\t\t<\/div>\r\n\r\n\t\t\t<div id=\"premium-modal-2869463\" class=\"premium-modal-box-modal\"\r\n\t\t\trole=\"dialog\"\r\n\t\t\tstyle=\"display: none\"\r\n\t\t\t>\r\n\t\t\t\t<div class=\"premium-modal-box-modal-dialog\" data-delay-animation=\"\" data-modal-animation=\"fadeInDown animated-fast\">\r\n\t\t\t\t\t\t\t\t\t\t\t<div class=\"premium-modal-box-modal-header\">\r\n\t\t\t\t\t\t\t\t\t\t\t\t\t\t\t<h3 class=\"premium-modal-box-modal-title\">\r\n\t\t\t\t\t\t\t\t\t\t\t\t<img decoding=\"async\" src=\"https:\/\/euspaceforum.com\/2025\/wp-content\/uploads\/2022\/09\/Olivier-Lemaitre-WebsiteMailing.png\" alt=\"Olivier Lemaitre\">\r\n\t\t\tOlivier Lemaitre, Secretary General, Eurospace\t\t\t\t\t\t\t\t<\/h3>\r\n\t\t\t\t\t\t\t\t\t\t\t\t\t\t\t\t\t\t\t\t\t\t<div class=\"premium-modal-box-close-button-container\">\r\n\t\t\t\t\t\t\t\t\t<button type=\"button\" class=\"premium-modal-box-modal-close\" data-dismiss=\"premium-modal\">&times;<\/button>\r\n\t\t\t\t\t\t\t\t<\/div>\r\n\t\t\t\t\t\t\t\t\t\t\t\t\t<\/div>\r\n\t\t\t\t\t\t\t\t\t\t<div class=\"premium-modal-box-modal-body\">\r\n\t\t\t\t\t\t<p><span style=\"font-weight: 400;\">Olivier has a long-standing experience and a strong network in the European space policy sector, at the crossroads of the private and the public sector. <\/span><\/p><p><span style=\"font-weight: 400;\">He has been part of the Belgian delegation to the ESA Council and also advising the Belgian Permanent Representation on space matters, under the authority of E. Beka, High representative of Belgium for space policy. Olivier then moved to Eurospace, as Head of the Brussels Office until 2014, when he has been hired by Thales Alenia Space as director for EU affairs.<\/span><\/p>\t\t\t\t\t<\/div>\r\n\t\t\t\t\t\t\t\t\t\t\t<div class=\"premium-modal-box-modal-footer\">\r\n\t\t\t\t\t\t\t<button type=\"button\" class=\"premium-modal-box-modal-lower-close\" data-dismiss=\"premium-modal\">\r\n\t\t\t\t\t\t\t\tClose\t\t\t\t\t\t\t<\/button>\r\n\t\t\t\t\t\t<\/div>\r\n\t\t\t\t\t\t\t\t\t<\/div>\r\n\t\t\t<\/div>\r\n\t\t<\/div>\r\n\r\n\t\t\t\t\t\t<\/div>\n\t\t\t\t<\/div>\n\t\t\t\t<div class=\"elementor-element elementor-element-a310652 elementor-widget elementor-widget-heading\" data-id=\"a310652\" data-element_type=\"widget\" data-widget_type=\"heading.default\">\n\t\t\t\t<div class=\"elementor-widget-container\">\n\t\t\t\t\t<h3 class=\"elementor-heading-title elementor-size-default\">Olivier Lemaitre<\/h3>\t\t\t\t<\/div>\n\t\t\t\t<\/div>\n\t\t\t\t<div class=\"elementor-element elementor-element-2407bf5 elementor-widget elementor-widget-heading\" data-id=\"2407bf5\" data-element_type=\"widget\" data-widget_type=\"heading.default\">\n\t\t\t\t<div class=\"elementor-widget-container\">\n\t\t\t\t\t<p class=\"elementor-heading-title elementor-size-default\">Secretary General<\/p>\t\t\t\t<\/div>\n\t\t\t\t<\/div>\n\t\t\t\t<div class=\"elementor-element elementor-element-654397c elementor-widget elementor-widget-heading\" data-id=\"654397c\" data-element_type=\"widget\" data-widget_type=\"heading.default\">\n\t\t\t\t<div class=\"elementor-widget-container\">\n\t\t\t\t\t<p class=\"elementor-heading-title elementor-size-default\">Eurospace<\/p>\t\t\t\t<\/div>\n\t\t\t\t<\/div>\n\t\t\t\t\t<\/div>\n\t\t<\/div>\n\t\t\t\t<div class=\"elementor-column elementor-col-20 elementor-inner-column elementor-element elementor-element-6ee4687\" data-id=\"6ee4687\" data-element_type=\"column\">\n\t\t\t<div class=\"elementor-widget-wrap elementor-element-populated\">\n\t\t\t\t\t\t<div class=\"elementor-element elementor-element-ad81338 premium-modal-dismissible-yes elementor-widget elementor-widget-premium-addon-modal-box\" data-id=\"ad81338\" data-element_type=\"widget\" data-settings=\"{&quot;premium_modal_box_animation&quot;:&quot;fadeInDown&quot;}\" data-widget_type=\"premium-addon-modal-box.default\">\n\t\t\t\t<div class=\"elementor-widget-container\">\n\t\t\t\t\t\r\n\t\t<div class=\"premium-modal-box-container\" data-settings=\"{&quot;trigger&quot;:&quot;image&quot;,&quot;show_on_exit&quot;:false}\">\r\n\t\t\t<div class=\"premium-modal-trigger-container\">\r\n\t\t\t\t\t\t\t\t\t<img decoding=\"async\" data-toggle=\"premium-modal\" data-target=\"#premium-modal-ad81338\" class=\"premium-modal-trigger-img\" src=\"https:\/\/euspaceforum.com\/2025\/wp-content\/uploads\/2022\/09\/Hermann-Ludwig-Moeller-website.png\" alt=\"Hermann Ludwig Moeller\">\r\n\t\t\t\t\t\t\t<\/div>\r\n\r\n\t\t\t<div id=\"premium-modal-ad81338\" class=\"premium-modal-box-modal\"\r\n\t\t\trole=\"dialog\"\r\n\t\t\tstyle=\"display: none\"\r\n\t\t\t>\r\n\t\t\t\t<div class=\"premium-modal-box-modal-dialog\" data-delay-animation=\"\" data-modal-animation=\"fadeInDown animated-fast\">\r\n\t\t\t\t\t\t\t\t\t\t\t<div class=\"premium-modal-box-modal-header\">\r\n\t\t\t\t\t\t\t\t\t\t\t\t\t\t\t<h3 class=\"premium-modal-box-modal-title\">\r\n\t\t\t\t\t\t\t\t\t\t\t\t<img decoding=\"async\" src=\"https:\/\/euspaceforum.com\/2025\/wp-content\/uploads\/2022\/09\/Hermann-Ludwig-Moeller-website.png\" alt=\"Hermann Ludwig Moeller\">\r\n\t\t\tH. Ludwig Moeller, Director, European Space Policy Institute (ESPI)\t\t\t\t\t\t\t\t<\/h3>\r\n\t\t\t\t\t\t\t\t\t\t\t\t\t\t\t\t\t\t\t\t\t\t<div class=\"premium-modal-box-close-button-container\">\r\n\t\t\t\t\t\t\t\t\t<button type=\"button\" class=\"premium-modal-box-modal-close\" data-dismiss=\"premium-modal\">&times;<\/button>\r\n\t\t\t\t\t\t\t\t<\/div>\r\n\t\t\t\t\t\t\t\t\t\t\t\t\t<\/div>\r\n\t\t\t\t\t\t\t\t\t\t<div class=\"premium-modal-box-modal-body\">\r\n\t\t\t\t\t\t<p><span style=\"font-weight: 400;\">Hermann Ludwig Moeller is the Director of European Space Policy Institute since September 2022. Prior to joining ESPI, he held leading positions at ESA in the creation of EU Copernicus and in the preparation of the EU Secure Connectivity initiative as Head of Telecommunications Strategy, Programme and Transformation Office and as Head of Copernicus Space Segment Office. In these functions, Mr. Moeller has been operating with high level leadership in a complex multi-stakeholder policy environment in public-private partnerships with industry, at EU level, with EUMETSAT and with national space agencies and delegations. Prior to that he held the ESA Douglas Marsh Fellow at NASA and contributed to the creation of the European Internet backbone. He acquired early professional experience at the European Patent Office and with Siemens.<\/span><\/p>\t\t\t\t\t<\/div>\r\n\t\t\t\t\t\t\t\t\t\t\t<div class=\"premium-modal-box-modal-footer\">\r\n\t\t\t\t\t\t\t<button type=\"button\" class=\"premium-modal-box-modal-lower-close\" data-dismiss=\"premium-modal\">\r\n\t\t\t\t\t\t\t\tClose\t\t\t\t\t\t\t<\/button>\r\n\t\t\t\t\t\t<\/div>\r\n\t\t\t\t\t\t\t\t\t<\/div>\r\n\t\t\t<\/div>\r\n\t\t<\/div>\r\n\r\n\t\t\t\t\t\t<\/div>\n\t\t\t\t<\/div>\n\t\t\t\t<div class=\"elementor-element elementor-element-24b331c elementor-widget elementor-widget-heading\" data-id=\"24b331c\" data-element_type=\"widget\" data-widget_type=\"heading.default\">\n\t\t\t\t<div class=\"elementor-widget-container\">\n\t\t\t\t\t<h3 class=\"elementor-heading-title elementor-size-default\">H. Ludwig Moeller<\/h3>\t\t\t\t<\/div>\n\t\t\t\t<\/div>\n\t\t\t\t<div class=\"elementor-element elementor-element-374c817 elementor-widget elementor-widget-heading\" data-id=\"374c817\" data-element_type=\"widget\" data-widget_type=\"heading.default\">\n\t\t\t\t<div class=\"elementor-widget-container\">\n\t\t\t\t\t<p class=\"elementor-heading-title elementor-size-default\">Director<\/p>\t\t\t\t<\/div>\n\t\t\t\t<\/div>\n\t\t\t\t<div class=\"elementor-element elementor-element-8bacf53 elementor-widget elementor-widget-heading\" data-id=\"8bacf53\" data-element_type=\"widget\" data-widget_type=\"heading.default\">\n\t\t\t\t<div class=\"elementor-widget-container\">\n\t\t\t\t\t<p class=\"elementor-heading-title elementor-size-default\">European Space Policy Institute (ESPI)<\/p>\t\t\t\t<\/div>\n\t\t\t\t<\/div>\n\t\t\t\t\t<\/div>\n\t\t<\/div>\n\t\t\t\t\t<\/div>\n\t\t<\/section>\n\t\t\t\t<section class=\"elementor-section elementor-inner-section elementor-element elementor-element-ab57032 elementor-section-boxed elementor-section-height-default elementor-section-height-default\" data-id=\"ab57032\" data-element_type=\"section\">\n\t\t\t\t\t\t<div class=\"elementor-container elementor-column-gap-default\">\n\t\t\t\t\t<div class=\"elementor-column elementor-col-20 elementor-inner-column elementor-element elementor-element-23abc0d\" data-id=\"23abc0d\" data-element_type=\"column\">\n\t\t\t<div class=\"elementor-widget-wrap elementor-element-populated\">\n\t\t\t\t\t\t<div class=\"elementor-element elementor-element-3edf3b6 premium-modal-dismissible-yes elementor-widget elementor-widget-premium-addon-modal-box\" data-id=\"3edf3b6\" data-element_type=\"widget\" data-settings=\"{&quot;premium_modal_box_animation&quot;:&quot;fadeInDown&quot;}\" data-widget_type=\"premium-addon-modal-box.default\">\n\t\t\t\t<div class=\"elementor-widget-container\">\n\t\t\t\t\t\r\n\t\t<div class=\"premium-modal-box-container\" data-settings=\"{&quot;trigger&quot;:&quot;image&quot;,&quot;show_on_exit&quot;:false}\">\r\n\t\t\t<div class=\"premium-modal-trigger-container\">\r\n\t\t\t\t\t\t\t\t\t<img decoding=\"async\" data-toggle=\"premium-modal\" data-target=\"#premium-modal-3edf3b6\" class=\"premium-modal-trigger-img\" src=\"https:\/\/euspaceforum.com\/2025\/wp-content\/uploads\/2022\/09\/Jeremie-Godet-Website.png\" alt=\"Jeremie Godet\">\r\n\t\t\t\t\t\t\t<\/div>\r\n\r\n\t\t\t<div id=\"premium-modal-3edf3b6\" class=\"premium-modal-box-modal\"\r\n\t\t\trole=\"dialog\"\r\n\t\t\tstyle=\"display: none\"\r\n\t\t\t>\r\n\t\t\t\t<div class=\"premium-modal-box-modal-dialog\" data-delay-animation=\"\" data-modal-animation=\"fadeInDown animated-fast\">\r\n\t\t\t\t\t\t\t\t\t\t\t<div class=\"premium-modal-box-modal-header\">\r\n\t\t\t\t\t\t\t\t\t\t\t\t\t\t\t<h3 class=\"premium-modal-box-modal-title\">\r\n\t\t\t\t\t\t\t\t\t\t\t\t<img decoding=\"async\" src=\"https:\/\/euspaceforum.com\/2025\/wp-content\/uploads\/2022\/09\/Jeremie-Godet-Website.png\" alt=\"Jeremie Godet\">\r\n\t\t\tJ\u00e9r\u00e9mie Godet, Head of Unit, Secure Connectivity &amp; Space Surveillance, DG DEFIS, European Commission\t\t\t\t\t\t\t\t<\/h3>\r\n\t\t\t\t\t\t\t\t\t\t\t\t\t\t\t\t\t\t\t\t\t\t<div class=\"premium-modal-box-close-button-container\">\r\n\t\t\t\t\t\t\t\t\t<button type=\"button\" class=\"premium-modal-box-modal-close\" data-dismiss=\"premium-modal\">&times;<\/button>\r\n\t\t\t\t\t\t\t\t<\/div>\r\n\t\t\t\t\t\t\t\t\t\t\t\t\t<\/div>\r\n\t\t\t\t\t\t\t\t\t\t<div class=\"premium-modal-box-modal-body\">\r\n\t\t\t\t\t\t<p>Bio to follow<\/p>\t\t\t\t\t<\/div>\r\n\t\t\t\t\t\t\t\t\t\t\t<div class=\"premium-modal-box-modal-footer\">\r\n\t\t\t\t\t\t\t<button type=\"button\" class=\"premium-modal-box-modal-lower-close\" data-dismiss=\"premium-modal\">\r\n\t\t\t\t\t\t\t\tClose\t\t\t\t\t\t\t<\/button>\r\n\t\t\t\t\t\t<\/div>\r\n\t\t\t\t\t\t\t\t\t<\/div>\r\n\t\t\t<\/div>\r\n\t\t<\/div>\r\n\r\n\t\t\t\t\t\t<\/div>\n\t\t\t\t<\/div>\n\t\t\t\t<div class=\"elementor-element elementor-element-90526d1 elementor-widget elementor-widget-heading\" data-id=\"90526d1\" data-element_type=\"widget\" data-widget_type=\"heading.default\">\n\t\t\t\t<div class=\"elementor-widget-container\">\n\t\t\t\t\t<h3 class=\"elementor-heading-title elementor-size-default\">J\u00e9r\u00e9mie Godet<\/h3>\t\t\t\t<\/div>\n\t\t\t\t<\/div>\n\t\t\t\t<div class=\"elementor-element elementor-element-1a03ad6 elementor-widget elementor-widget-heading\" data-id=\"1a03ad6\" data-element_type=\"widget\" data-widget_type=\"heading.default\">\n\t\t\t\t<div class=\"elementor-widget-container\">\n\t\t\t\t\t<p class=\"elementor-heading-title elementor-size-default\">Head of Unit, Secure Connectivity &amp; Space Surveillance, DG DEFIS<\/p>\t\t\t\t<\/div>\n\t\t\t\t<\/div>\n\t\t\t\t<div class=\"elementor-element elementor-element-632e93d elementor-widget elementor-widget-heading\" data-id=\"632e93d\" data-element_type=\"widget\" data-widget_type=\"heading.default\">\n\t\t\t\t<div class=\"elementor-widget-container\">\n\t\t\t\t\t<p class=\"elementor-heading-title elementor-size-default\">European Commission<\/p>\t\t\t\t<\/div>\n\t\t\t\t<\/div>\n\t\t\t\t\t<\/div>\n\t\t<\/div>\n\t\t\t\t<div class=\"elementor-column elementor-col-20 elementor-inner-column elementor-element elementor-element-5468356\" data-id=\"5468356\" data-element_type=\"column\">\n\t\t\t<div class=\"elementor-widget-wrap elementor-element-populated\">\n\t\t\t\t\t\t<div class=\"elementor-element elementor-element-68a5553 premium-modal-dismissible-yes elementor-widget elementor-widget-premium-addon-modal-box\" data-id=\"68a5553\" data-element_type=\"widget\" data-settings=\"{&quot;premium_modal_box_animation&quot;:&quot;fadeInDown&quot;}\" data-widget_type=\"premium-addon-modal-box.default\">\n\t\t\t\t<div class=\"elementor-widget-container\">\n\t\t\t\t\t\r\n\t\t<div class=\"premium-modal-box-container\" data-settings=\"{&quot;trigger&quot;:&quot;image&quot;,&quot;show_on_exit&quot;:false}\">\r\n\t\t\t<div class=\"premium-modal-trigger-container\">\r\n\t\t\t\t\t\t\t\t\t<img decoding=\"async\" data-toggle=\"premium-modal\" data-target=\"#premium-modal-68a5553\" class=\"premium-modal-trigger-img\" src=\"https:\/\/euspaceforum.com\/2025\/wp-content\/uploads\/2022\/09\/Sara-Dalledone-website.png\" alt=\"Sara Dalledone\">\r\n\t\t\t\t\t\t\t<\/div>\r\n\r\n\t\t\t<div id=\"premium-modal-68a5553\" class=\"premium-modal-box-modal\"\r\n\t\t\trole=\"dialog\"\r\n\t\t\tstyle=\"display: none\"\r\n\t\t\t>\r\n\t\t\t\t<div class=\"premium-modal-box-modal-dialog\" data-delay-animation=\"\" data-modal-animation=\"fadeInDown animated-fast\">\r\n\t\t\t\t\t\t\t\t\t\t\t<div class=\"premium-modal-box-modal-header\">\r\n\t\t\t\t\t\t\t\t\t\t\t\t\t\t\t<h3 class=\"premium-modal-box-modal-title\">\r\n\t\t\t\t\t\t\t\t\t\t\t\t<img decoding=\"async\" src=\"https:\/\/euspaceforum.com\/2025\/wp-content\/uploads\/2022\/09\/Sara-Dalledone-website.png\" alt=\"Sara Dalledone\">\r\n\t\t\tSara Dalledonne, Research Fellow and Lead on EU Relations and Regulatory Affairs, ESPI\t\t\t\t\t\t\t\t<\/h3>\r\n\t\t\t\t\t\t\t\t\t\t\t\t\t\t\t\t\t\t\t\t\t\t<div class=\"premium-modal-box-close-button-container\">\r\n\t\t\t\t\t\t\t\t\t<button type=\"button\" class=\"premium-modal-box-modal-close\" data-dismiss=\"premium-modal\">&times;<\/button>\r\n\t\t\t\t\t\t\t\t<\/div>\r\n\t\t\t\t\t\t\t\t\t\t\t\t\t<\/div>\r\n\t\t\t\t\t\t\t\t\t\t<div class=\"premium-modal-box-modal-body\">\r\n\t\t\t\t\t\t<p><span style=\"font-weight: 400;\">Sara Dalledonne is a Research Fellow with the Lead on Regulatory Affairs at the European Space Policy Institute (ESPI), and she is the ESPI representative in Brussels. She is the Space Law expert reference at the University of Bologna in Italy, and a Member of the Support Committee for the Aviation &amp; Space Journal (ASJ). She is also the Lead for Networking &amp; Events at Women in Aerospace Europe (WIA-E) in Austria.\u00a0 Prior to joining ESPI, she worked as Research Assistant at the Institute of Air and Space Law at McGill University. She holds an L.L.M. in Air and Space Law from the McGill University, an L.L.M. in International Trade Law from ITCILO (University of Turin) and a 5-year Law degree from the University of Bologna. She also completed an ITU Training Course in Satellite Coordination Procedures and Filings.<\/span><\/p>\t\t\t\t\t<\/div>\r\n\t\t\t\t\t\t\t\t\t\t\t<div class=\"premium-modal-box-modal-footer\">\r\n\t\t\t\t\t\t\t<button type=\"button\" class=\"premium-modal-box-modal-lower-close\" data-dismiss=\"premium-modal\">\r\n\t\t\t\t\t\t\t\tClose\t\t\t\t\t\t\t<\/button>\r\n\t\t\t\t\t\t<\/div>\r\n\t\t\t\t\t\t\t\t\t<\/div>\r\n\t\t\t<\/div>\r\n\t\t<\/div>\r\n\r\n\t\t\t\t\t\t<\/div>\n\t\t\t\t<\/div>\n\t\t\t\t<div class=\"elementor-element elementor-element-46901cf elementor-widget elementor-widget-heading\" data-id=\"46901cf\" data-element_type=\"widget\" data-widget_type=\"heading.default\">\n\t\t\t\t<div class=\"elementor-widget-container\">\n\t\t\t\t\t<h3 class=\"elementor-heading-title elementor-size-default\">Sara Dalledonne<\/h3>\t\t\t\t<\/div>\n\t\t\t\t<\/div>\n\t\t\t\t<div class=\"elementor-element elementor-element-c4f5d7d elementor-widget elementor-widget-heading\" data-id=\"c4f5d7d\" data-element_type=\"widget\" data-widget_type=\"heading.default\">\n\t\t\t\t<div class=\"elementor-widget-container\">\n\t\t\t\t\t<p class=\"elementor-heading-title elementor-size-default\">Research Fellow and Lead on EU Relations and Regulatory Affairs<\/p>\t\t\t\t<\/div>\n\t\t\t\t<\/div>\n\t\t\t\t<div class=\"elementor-element elementor-element-552593a elementor-widget elementor-widget-heading\" data-id=\"552593a\" data-element_type=\"widget\" data-widget_type=\"heading.default\">\n\t\t\t\t<div class=\"elementor-widget-container\">\n\t\t\t\t\t<p class=\"elementor-heading-title elementor-size-default\">European Space Policy Institute (ESPI)<\/p>\t\t\t\t<\/div>\n\t\t\t\t<\/div>\n\t\t\t\t\t<\/div>\n\t\t<\/div>\n\t\t\t\t<div class=\"elementor-column elementor-col-20 elementor-inner-column elementor-element elementor-element-333a36d\" data-id=\"333a36d\" data-element_type=\"column\">\n\t\t\t<div class=\"elementor-widget-wrap elementor-element-populated\">\n\t\t\t\t\t\t<div class=\"elementor-element elementor-element-8145cba premium-modal-dismissible-yes elementor-widget elementor-widget-premium-addon-modal-box\" data-id=\"8145cba\" data-element_type=\"widget\" data-settings=\"{&quot;premium_modal_box_animation&quot;:&quot;fadeInDown&quot;}\" data-widget_type=\"premium-addon-modal-box.default\">\n\t\t\t\t<div class=\"elementor-widget-container\">\n\t\t\t\t\t\r\n\t\t<div class=\"premium-modal-box-container\" data-settings=\"{&quot;trigger&quot;:&quot;image&quot;,&quot;show_on_exit&quot;:false}\">\r\n\t\t\t<div class=\"premium-modal-trigger-container\">\r\n\t\t\t\t\t\t\t\t\t<img decoding=\"async\" data-toggle=\"premium-modal\" data-target=\"#premium-modal-8145cba\" class=\"premium-modal-trigger-img\" src=\"https:\/\/euspaceforum.com\/2025\/wp-content\/uploads\/2022\/09\/Gerasimos-Sofianatos-WebsiteMailing.png\" alt=\"Gerasimos Sofianatos\">\r\n\t\t\t\t\t\t\t<\/div>\r\n\r\n\t\t\t<div id=\"premium-modal-8145cba\" class=\"premium-modal-box-modal\"\r\n\t\t\trole=\"dialog\"\r\n\t\t\tstyle=\"display: none\"\r\n\t\t\t>\r\n\t\t\t\t<div class=\"premium-modal-box-modal-dialog\" data-delay-animation=\"\" data-modal-animation=\"fadeInDown animated-fast\">\r\n\t\t\t\t\t\t\t\t\t\t\t<div class=\"premium-modal-box-modal-header\">\r\n\t\t\t\t\t\t\t\t\t\t\t\t\t\t\t<h3 class=\"premium-modal-box-modal-title\">\r\n\t\t\t\t\t\t\t\t\t\t\t\t<img decoding=\"async\" src=\"https:\/\/euspaceforum.com\/2025\/wp-content\/uploads\/2022\/09\/Gerasimos-Sofianatos-WebsiteMailing.png\" alt=\"Gerasimos Sofianatos\">\r\n\t\t\tGerasimos Sofianatos, Head of Unit, Radio Spectrum Policy, DG CONNECT, European Commission\t\t\t\t\t\t\t\t<\/h3>\r\n\t\t\t\t\t\t\t\t\t\t\t\t\t\t\t\t\t\t\t\t\t\t<div class=\"premium-modal-box-close-button-container\">\r\n\t\t\t\t\t\t\t\t\t<button type=\"button\" class=\"premium-modal-box-modal-close\" data-dismiss=\"premium-modal\">&times;<\/button>\r\n\t\t\t\t\t\t\t\t<\/div>\r\n\t\t\t\t\t\t\t\t\t\t\t\t\t<\/div>\r\n\t\t\t\t\t\t\t\t\t\t<div class=\"premium-modal-box-modal-body\">\r\n\t\t\t\t\t\t<p><span style=\"font-weight: 400;\">Gerasimos Sofianatos is the newly appointed Head of Unit of Connect B5, Radio Spectrum Policy Unit. Previously, he was Deputy Head of DG Connect Unit Connect B5, \u201cInvestment in high-capacity networks\u201d. He has been working for the Commission since 2011, in different positions in DG Connect, in Directorate B, dealing with the policy and implementation of the EU Regulatory Framework for Electronic Communications. Gerasimos led the team monitoring and implementing EU law and in particular the European Electronic Communications Code, a piece of legislation in the drafting and negotiation of which he was actively involved. Prior to joining the Commission, Gerasimos worked as legal officer at the Cypriot National Regulatory Authority for Electronic Communications (OCECPR). Before joining the Commission, he was a Member of the Athens Bar Association and practiced competition law. He holds a Masters degree in Business Law and a PhD in competition law at the Paris 1- Sorbonne University. He holds a law degree from the Aristotle University of Thessaloniki and a post-graduate degree in Economics for Competition law from the King\u2019s College London. Gerasimos is of Greek nationality and speaks Greek, English, and French.<\/span><\/p>\t\t\t\t\t<\/div>\r\n\t\t\t\t\t\t\t\t\t\t\t<div class=\"premium-modal-box-modal-footer\">\r\n\t\t\t\t\t\t\t<button type=\"button\" class=\"premium-modal-box-modal-lower-close\" data-dismiss=\"premium-modal\">\r\n\t\t\t\t\t\t\t\tClose\t\t\t\t\t\t\t<\/button>\r\n\t\t\t\t\t\t<\/div>\r\n\t\t\t\t\t\t\t\t\t<\/div>\r\n\t\t\t<\/div>\r\n\t\t<\/div>\r\n\r\n\t\t\t\t\t\t<\/div>\n\t\t\t\t<\/div>\n\t\t\t\t<div class=\"elementor-element elementor-element-d94794d elementor-widget elementor-widget-heading\" data-id=\"d94794d\" data-element_type=\"widget\" data-widget_type=\"heading.default\">\n\t\t\t\t<div class=\"elementor-widget-container\">\n\t\t\t\t\t<h3 class=\"elementor-heading-title elementor-size-default\">Gerasimos Sofianatos<\/h3>\t\t\t\t<\/div>\n\t\t\t\t<\/div>\n\t\t\t\t<div class=\"elementor-element elementor-element-a84c7de elementor-widget elementor-widget-heading\" data-id=\"a84c7de\" data-element_type=\"widget\" data-widget_type=\"heading.default\">\n\t\t\t\t<div class=\"elementor-widget-container\">\n\t\t\t\t\t<p class=\"elementor-heading-title elementor-size-default\">Head of Unit, Radio Spectrum Policy, DG CONNECT<\/p>\t\t\t\t<\/div>\n\t\t\t\t<\/div>\n\t\t\t\t<div class=\"elementor-element elementor-element-4db2867 elementor-widget elementor-widget-heading\" data-id=\"4db2867\" data-element_type=\"widget\" data-widget_type=\"heading.default\">\n\t\t\t\t<div class=\"elementor-widget-container\">\n\t\t\t\t\t<p class=\"elementor-heading-title elementor-size-default\">European Commission<\/p>\t\t\t\t<\/div>\n\t\t\t\t<\/div>\n\t\t\t\t\t<\/div>\n\t\t<\/div>\n\t\t\t\t<div class=\"elementor-column elementor-col-20 elementor-inner-column elementor-element elementor-element-3c9ff29\" data-id=\"3c9ff29\" data-element_type=\"column\">\n\t\t\t<div class=\"elementor-widget-wrap elementor-element-populated\">\n\t\t\t\t\t\t<div class=\"elementor-element elementor-element-220ac16 premium-modal-dismissible-yes elementor-widget elementor-widget-premium-addon-modal-box\" data-id=\"220ac16\" data-element_type=\"widget\" data-settings=\"{&quot;premium_modal_box_animation&quot;:&quot;fadeInDown&quot;}\" data-widget_type=\"premium-addon-modal-box.default\">\n\t\t\t\t<div class=\"elementor-widget-container\">\n\t\t\t\t\t\r\n\t\t<div class=\"premium-modal-box-container\" data-settings=\"{&quot;trigger&quot;:&quot;image&quot;,&quot;show_on_exit&quot;:false}\">\r\n\t\t\t<div class=\"premium-modal-trigger-container\">\r\n\t\t\t\t\t\t\t\t\t<img decoding=\"async\" data-toggle=\"premium-modal\" data-target=\"#premium-modal-220ac16\" class=\"premium-modal-trigger-img\" src=\"https:\/\/euspaceforum.com\/2025\/wp-content\/uploads\/2022\/09\/Koen-Willems-website.png\" alt=\"Koen Willems\">\r\n\t\t\t\t\t\t\t<\/div>\r\n\r\n\t\t\t<div id=\"premium-modal-220ac16\" class=\"premium-modal-box-modal\"\r\n\t\t\trole=\"dialog\"\r\n\t\t\tstyle=\"display: none\"\r\n\t\t\t>\r\n\t\t\t\t<div class=\"premium-modal-box-modal-dialog\" data-delay-animation=\"\" data-modal-animation=\"fadeInDown animated-fast\">\r\n\t\t\t\t\t\t\t\t\t\t\t<div class=\"premium-modal-box-modal-header\">\r\n\t\t\t\t\t\t\t\t\t\t\t\t\t\t\t<h3 class=\"premium-modal-box-modal-title\">\r\n\t\t\t\t\t\t\t\t\t\t\t\t<img decoding=\"async\" src=\"https:\/\/euspaceforum.com\/2025\/wp-content\/uploads\/2022\/09\/Koen-Willems-website.png\" alt=\"Koen Willems\">\r\n\t\t\tKoen Willems, Vice President, EU Programs &amp; Government Relations, ST Engineering iDirect (Europe) \t\t\t\t\t\t\t\t<\/h3>\r\n\t\t\t\t\t\t\t\t\t\t\t\t\t\t\t\t\t\t\t\t\t\t<div class=\"premium-modal-box-close-button-container\">\r\n\t\t\t\t\t\t\t\t\t<button type=\"button\" class=\"premium-modal-box-modal-close\" data-dismiss=\"premium-modal\">&times;<\/button>\r\n\t\t\t\t\t\t\t\t<\/div>\r\n\t\t\t\t\t\t\t\t\t\t\t\t\t<\/div>\r\n\t\t\t\t\t\t\t\t\t\t<div class=\"premium-modal-box-modal-body\">\r\n\t\t\t\t\t\t<p><span style=\"font-weight: 400;\">Koen Willems is the Vice President European Union Programs and Government Relations at ST Engineering iDirect, where he defines and develops the global strategy for the government and defense market.\u00a0<\/span><\/p><p><span style=\"font-weight: 400;\">Before joining ST Engineering iDirect in 2008, he was Product Marketing Manager for Europe at the electronics giant TOSHIBA.<\/span><\/p><p><span style=\"font-weight: 400;\">Willems has more than 25 years\u2019 experience working in the technology industry. His expertise in the government and defense satellite market has grown through his involvement in different large (EU) programs, as well as frequent interactions with the end-user community and a range of topic-related degrees such as the \u2018High Studies in Security and Defence\u2019 degree at the Belgian Royal Higher Institute for Defence; the \u2018European Session for Armament Officials\u2019 degree at the French National Institute of Higher Defense; and the \u2018European Advanced Strategy Course on Security and Defense\u2019 degree at the Egmont Institute, IHEDN and BAKS.<\/span><\/p><p><span style=\"font-weight: 400;\">Willems has a master&#8217;s in English and Scandinavian Languages from Ghent University and a master&#8217;s in Marketing Strategy and Management from Vlekho Business School.\u00a0<\/span><\/p>\t\t\t\t\t<\/div>\r\n\t\t\t\t\t\t\t\t\t\t\t<div class=\"premium-modal-box-modal-footer\">\r\n\t\t\t\t\t\t\t<button type=\"button\" class=\"premium-modal-box-modal-lower-close\" data-dismiss=\"premium-modal\">\r\n\t\t\t\t\t\t\t\tClose\t\t\t\t\t\t\t<\/button>\r\n\t\t\t\t\t\t<\/div>\r\n\t\t\t\t\t\t\t\t\t<\/div>\r\n\t\t\t<\/div>\r\n\t\t<\/div>\r\n\r\n\t\t\t\t\t\t<\/div>\n\t\t\t\t<\/div>\n\t\t\t\t<div class=\"elementor-element elementor-element-75aa42d elementor-widget elementor-widget-heading\" data-id=\"75aa42d\" data-element_type=\"widget\" data-widget_type=\"heading.default\">\n\t\t\t\t<div class=\"elementor-widget-container\">\n\t\t\t\t\t<h3 class=\"elementor-heading-title elementor-size-default\">Koen Willems<\/h3>\t\t\t\t<\/div>\n\t\t\t\t<\/div>\n\t\t\t\t<div class=\"elementor-element elementor-element-9b557b9 elementor-widget elementor-widget-heading\" data-id=\"9b557b9\" data-element_type=\"widget\" data-widget_type=\"heading.default\">\n\t\t\t\t<div class=\"elementor-widget-container\">\n\t\t\t\t\t<p class=\"elementor-heading-title elementor-size-default\">Vice President, EU Programs &amp; Government Relations <\/p>\t\t\t\t<\/div>\n\t\t\t\t<\/div>\n\t\t\t\t<div class=\"elementor-element elementor-element-41c5895 elementor-widget elementor-widget-heading\" data-id=\"41c5895\" data-element_type=\"widget\" data-widget_type=\"heading.default\">\n\t\t\t\t<div class=\"elementor-widget-container\">\n\t\t\t\t\t<p class=\"elementor-heading-title elementor-size-default\">ST Engineering iDirect (Europe)<\/p>\t\t\t\t<\/div>\n\t\t\t\t<\/div>\n\t\t\t\t\t<\/div>\n\t\t<\/div>\n\t\t\t\t<div class=\"elementor-column elementor-col-20 elementor-inner-column elementor-element elementor-element-92d8e7d\" data-id=\"92d8e7d\" data-element_type=\"column\">\n\t\t\t<div class=\"elementor-widget-wrap elementor-element-populated\">\n\t\t\t\t\t\t<div class=\"elementor-element elementor-element-03bb15e premium-modal-dismissible-yes elementor-widget elementor-widget-premium-addon-modal-box\" data-id=\"03bb15e\" data-element_type=\"widget\" data-settings=\"{&quot;premium_modal_box_animation&quot;:&quot;fadeInDown&quot;}\" data-widget_type=\"premium-addon-modal-box.default\">\n\t\t\t\t<div class=\"elementor-widget-container\">\n\t\t\t\t\t\r\n\t\t<div class=\"premium-modal-box-container\" data-settings=\"{&quot;trigger&quot;:&quot;image&quot;,&quot;show_on_exit&quot;:false}\">\r\n\t\t\t<div class=\"premium-modal-trigger-container\">\r\n\t\t\t\t\t\t\t\t\t<img decoding=\"async\" data-toggle=\"premium-modal\" data-target=\"#premium-modal-03bb15e\" class=\"premium-modal-trigger-img\" src=\"https:\/\/euspaceforum.com\/2025\/wp-content\/uploads\/2022\/09\/Holger-Krag-Website.png\" alt=\"Holger Krag\">\r\n\t\t\t\t\t\t\t<\/div>\r\n\r\n\t\t\t<div id=\"premium-modal-03bb15e\" class=\"premium-modal-box-modal\"\r\n\t\t\trole=\"dialog\"\r\n\t\t\tstyle=\"display: none\"\r\n\t\t\t>\r\n\t\t\t\t<div class=\"premium-modal-box-modal-dialog\" data-delay-animation=\"\" data-modal-animation=\"fadeInDown animated-fast\">\r\n\t\t\t\t\t\t\t\t\t\t\t<div class=\"premium-modal-box-modal-header\">\r\n\t\t\t\t\t\t\t\t\t\t\t\t\t\t\t<h3 class=\"premium-modal-box-modal-title\">\r\n\t\t\t\t\t\t\t\t\t\t\t\t<img decoding=\"async\" src=\"https:\/\/euspaceforum.com\/2025\/wp-content\/uploads\/2022\/09\/Holger-Krag-Website.png\" alt=\"Holger Krag\">\r\n\t\t\tHolger Krag, Head of the Space Safety Programme Office, ESA\t\t\t\t\t\t\t\t<\/h3>\r\n\t\t\t\t\t\t\t\t\t\t\t\t\t\t\t\t\t\t\t\t\t\t<div class=\"premium-modal-box-close-button-container\">\r\n\t\t\t\t\t\t\t\t\t<button type=\"button\" class=\"premium-modal-box-modal-close\" data-dismiss=\"premium-modal\">&times;<\/button>\r\n\t\t\t\t\t\t\t\t<\/div>\r\n\t\t\t\t\t\t\t\t\t\t\t\t\t<\/div>\r\n\t\t\t\t\t\t\t\t\t\t<div class=\"premium-modal-box-modal-body\">\r\n\t\t\t\t\t\t<p><span style=\"font-weight: 400;\">Holger Krag joined ESA in 2006 as an Analysist in the Space Debris Office at ESOC. He worked on establishing risk models and an operational collision avoidance system and contributed to first space surveillance studies. In 2014, he took the position of the Head of the Space Debris Office, which, among others, provides fundamental support to ESA\u2019s Space Situational Awareness Programme. In 2019, he took over the position as the head of the programme and prepared the evolution into the new Space Safety Programme which was established at the Space19+ Ministerial in Sevilla. The new programme addresses an enlarged scope within the areas of Space Weather, Planetary Defence and Space Debris including early warning systems and mitigation measures and three ambitious missions (Lagrange, Hera und ADRIOS). He is lecturing on Space Debris at universities in Germany.<\/span><\/p>\t\t\t\t\t<\/div>\r\n\t\t\t\t\t\t\t\t\t\t\t<div class=\"premium-modal-box-modal-footer\">\r\n\t\t\t\t\t\t\t<button type=\"button\" class=\"premium-modal-box-modal-lower-close\" data-dismiss=\"premium-modal\">\r\n\t\t\t\t\t\t\t\tClose\t\t\t\t\t\t\t<\/button>\r\n\t\t\t\t\t\t<\/div>\r\n\t\t\t\t\t\t\t\t\t<\/div>\r\n\t\t\t<\/div>\r\n\t\t<\/div>\r\n\r\n\t\t\t\t\t\t<\/div>\n\t\t\t\t<\/div>\n\t\t\t\t<div class=\"elementor-element elementor-element-a87a447 elementor-widget elementor-widget-heading\" data-id=\"a87a447\" data-element_type=\"widget\" data-widget_type=\"heading.default\">\n\t\t\t\t<div class=\"elementor-widget-container\">\n\t\t\t\t\t<h3 class=\"elementor-heading-title elementor-size-default\">Holger Krag<\/h3>\t\t\t\t<\/div>\n\t\t\t\t<\/div>\n\t\t\t\t<div class=\"elementor-element elementor-element-a371bc1 elementor-widget elementor-widget-heading\" data-id=\"a371bc1\" data-element_type=\"widget\" data-widget_type=\"heading.default\">\n\t\t\t\t<div class=\"elementor-widget-container\">\n\t\t\t\t\t<p class=\"elementor-heading-title elementor-size-default\">Head of Space Safety Programme Office<\/p>\t\t\t\t<\/div>\n\t\t\t\t<\/div>\n\t\t\t\t<div class=\"elementor-element elementor-element-bdb7bf6 elementor-widget elementor-widget-heading\" data-id=\"bdb7bf6\" data-element_type=\"widget\" data-widget_type=\"heading.default\">\n\t\t\t\t<div class=\"elementor-widget-container\">\n\t\t\t\t\t<p class=\"elementor-heading-title elementor-size-default\">ESA<\/p>\t\t\t\t<\/div>\n\t\t\t\t<\/div>\n\t\t\t\t\t<\/div>\n\t\t<\/div>\n\t\t\t\t\t<\/div>\n\t\t<\/section>\n\t\t\t\t<section class=\"elementor-section elementor-inner-section elementor-element elementor-element-50db82d elementor-section-boxed elementor-section-height-default elementor-section-height-default\" data-id=\"50db82d\" data-element_type=\"section\">\n\t\t\t\t\t\t<div class=\"elementor-container elementor-column-gap-default\">\n\t\t\t\t\t<div class=\"elementor-column elementor-col-20 elementor-inner-column elementor-element elementor-element-8baff3d\" data-id=\"8baff3d\" data-element_type=\"column\">\n\t\t\t<div class=\"elementor-widget-wrap elementor-element-populated\">\n\t\t\t\t\t\t<div class=\"elementor-element elementor-element-f325744 premium-modal-dismissible-yes elementor-widget elementor-widget-premium-addon-modal-box\" data-id=\"f325744\" data-element_type=\"widget\" data-settings=\"{&quot;premium_modal_box_animation&quot;:&quot;fadeInDown&quot;}\" data-widget_type=\"premium-addon-modal-box.default\">\n\t\t\t\t<div class=\"elementor-widget-container\">\n\t\t\t\t\t\r\n\t\t<div class=\"premium-modal-box-container\" data-settings=\"{&quot;trigger&quot;:&quot;image&quot;,&quot;show_on_exit&quot;:false}\">\r\n\t\t\t<div class=\"premium-modal-trigger-container\">\r\n\t\t\t\t\t\t\t\t\t<img decoding=\"async\" data-toggle=\"premium-modal\" data-target=\"#premium-modal-f325744\" class=\"premium-modal-trigger-img\" src=\"https:\/\/euspaceforum.com\/2025\/wp-content\/uploads\/2022\/09\/Girish-Chandran-Website.png\" alt=\"Girish Chandran\">\r\n\t\t\t\t\t\t\t<\/div>\r\n\r\n\t\t\t<div id=\"premium-modal-f325744\" class=\"premium-modal-box-modal\"\r\n\t\t\trole=\"dialog\"\r\n\t\t\tstyle=\"display: none\"\r\n\t\t\t>\r\n\t\t\t\t<div class=\"premium-modal-box-modal-dialog\" data-delay-animation=\"\" data-modal-animation=\"fadeInDown animated-fast\">\r\n\t\t\t\t\t\t\t\t\t\t\t<div class=\"premium-modal-box-modal-header\">\r\n\t\t\t\t\t\t\t\t\t\t\t\t\t\t\t<h3 class=\"premium-modal-box-modal-title\">\r\n\t\t\t\t\t\t\t\t\t\t\t\t<img decoding=\"async\" src=\"https:\/\/euspaceforum.com\/2025\/wp-content\/uploads\/2022\/09\/Girish-Chandran-Website.png\" alt=\"Girish Chandran\">\r\n\t\t\tGirish Chandran, CTO, Viasat \t\t\t\t\t\t\t\t<\/h3>\r\n\t\t\t\t\t\t\t\t\t\t\t\t\t\t\t\t\t\t\t\t\t\t<div class=\"premium-modal-box-close-button-container\">\r\n\t\t\t\t\t\t\t\t\t<button type=\"button\" class=\"premium-modal-box-modal-close\" data-dismiss=\"premium-modal\">&times;<\/button>\r\n\t\t\t\t\t\t\t\t<\/div>\r\n\t\t\t\t\t\t\t\t\t\t\t\t\t<\/div>\r\n\t\t\t\t\t\t\t\t\t\t<div class=\"premium-modal-box-modal-body\">\r\n\t\t\t\t\t\t<p><span style=\"font-weight: 400;\">Girish Chandran serves as Corporate Chief Technical Officer and President, Global Space Networks at Viasat, Inc. In this role he oversees the evolution of Viasat\u2019s global network, which is responsible for connecting millions of personal and mobile devices per year\u2014on the ground, in the air, and at sea. He also leads the company&#8217;s central engineering group.<\/span><\/p><p><span style=\"font-weight: 400;\">He has extensive experience in building products and networks on multiple continents and leading change in engineering organizations. Girish and his team focus on how next-generation communications infrastructure, especially software-based technologies, will continue to be an integral part of the digital ecosystem connecting people, places and things.<\/span><\/p><p><span style=\"font-weight: 400;\">Girish has held a number of engineering roles at Viasat since joining the company in October 2007, from Principal Engineer and Chief Technology Officer \u2014 Commercial Networks to his current position, which he assumed in January 2025.<\/span><\/p><p><span style=\"font-weight: 400;\">Prior to joining Viasat, Girish held several senior level engineering roles at various companies including Vice President of Engineering at Newtec America Inc., a satellite communications equipment provider, and Vice President of Systems Engineering at Tiernan Communications Inc. (acquired by Radyne Comstream Inc.), a provider of video compression and transmission solutions.<\/span><\/p><p><span style=\"font-weight: 400;\">Girish earned a Ph.D. degree in Electrical Engineering from the University of California, San Diego, and a Master\u2019s of Science degree in Electrical Communication Engineering from the Indian Institute of Science.<\/span><\/p>\t\t\t\t\t<\/div>\r\n\t\t\t\t\t\t\t\t\t\t\t<div class=\"premium-modal-box-modal-footer\">\r\n\t\t\t\t\t\t\t<button type=\"button\" class=\"premium-modal-box-modal-lower-close\" data-dismiss=\"premium-modal\">\r\n\t\t\t\t\t\t\t\tClose\t\t\t\t\t\t\t<\/button>\r\n\t\t\t\t\t\t<\/div>\r\n\t\t\t\t\t\t\t\t\t<\/div>\r\n\t\t\t<\/div>\r\n\t\t<\/div>\r\n\r\n\t\t\t\t\t\t<\/div>\n\t\t\t\t<\/div>\n\t\t\t\t<div class=\"elementor-element elementor-element-da6be34 elementor-widget elementor-widget-heading\" data-id=\"da6be34\" data-element_type=\"widget\" data-widget_type=\"heading.default\">\n\t\t\t\t<div class=\"elementor-widget-container\">\n\t\t\t\t\t<h3 class=\"elementor-heading-title elementor-size-default\">Girish Chandran<\/h3>\t\t\t\t<\/div>\n\t\t\t\t<\/div>\n\t\t\t\t<div class=\"elementor-element elementor-element-c58cb9d elementor-widget elementor-widget-heading\" data-id=\"c58cb9d\" data-element_type=\"widget\" data-widget_type=\"heading.default\">\n\t\t\t\t<div class=\"elementor-widget-container\">\n\t\t\t\t\t<p class=\"elementor-heading-title elementor-size-default\">CTO<\/p>\t\t\t\t<\/div>\n\t\t\t\t<\/div>\n\t\t\t\t<div class=\"elementor-element elementor-element-88f1772 elementor-widget elementor-widget-heading\" data-id=\"88f1772\" data-element_type=\"widget\" data-widget_type=\"heading.default\">\n\t\t\t\t<div class=\"elementor-widget-container\">\n\t\t\t\t\t<p class=\"elementor-heading-title elementor-size-default\">Viasat <\/p>\t\t\t\t<\/div>\n\t\t\t\t<\/div>\n\t\t\t\t\t<\/div>\n\t\t<\/div>\n\t\t\t\t<div class=\"elementor-column elementor-col-20 elementor-inner-column elementor-element elementor-element-b1dc05c\" data-id=\"b1dc05c\" data-element_type=\"column\">\n\t\t\t<div class=\"elementor-widget-wrap elementor-element-populated\">\n\t\t\t\t\t\t<div class=\"elementor-element elementor-element-10c3770 premium-modal-dismissible-yes elementor-widget elementor-widget-premium-addon-modal-box\" data-id=\"10c3770\" data-element_type=\"widget\" data-settings=\"{&quot;premium_modal_box_animation&quot;:&quot;fadeInDown&quot;}\" data-widget_type=\"premium-addon-modal-box.default\">\n\t\t\t\t<div class=\"elementor-widget-container\">\n\t\t\t\t\t\r\n\t\t<div class=\"premium-modal-box-container\" data-settings=\"{&quot;trigger&quot;:&quot;image&quot;,&quot;show_on_exit&quot;:false}\">\r\n\t\t\t<div class=\"premium-modal-trigger-container\">\r\n\t\t\t\t\t\t\t\t\t<img decoding=\"async\" data-toggle=\"premium-modal\" data-target=\"#premium-modal-10c3770\" class=\"premium-modal-trigger-img\" src=\"https:\/\/euspaceforum.com\/2025\/wp-content\/uploads\/2022\/09\/Zuzana-Mazanova-WebsiteMailing.png\" alt=\"Zuzana Mazanova\">\r\n\t\t\t\t\t\t\t<\/div>\r\n\r\n\t\t\t<div id=\"premium-modal-10c3770\" class=\"premium-modal-box-modal\"\r\n\t\t\trole=\"dialog\"\r\n\t\t\tstyle=\"display: none\"\r\n\t\t\t>\r\n\t\t\t\t<div class=\"premium-modal-box-modal-dialog\" data-delay-animation=\"\" data-modal-animation=\"fadeInDown animated-fast\">\r\n\t\t\t\t\t\t\t\t\t\t\t<div class=\"premium-modal-box-modal-header\">\r\n\t\t\t\t\t\t\t\t\t\t\t\t\t\t\t<h3 class=\"premium-modal-box-modal-title\">\r\n\t\t\t\t\t\t\t\t\t\t\t\t<img decoding=\"async\" src=\"https:\/\/euspaceforum.com\/2025\/wp-content\/uploads\/2022\/09\/Zuzana-Mazanova-WebsiteMailing.png\" alt=\"Zuzana Mazanova\">\r\n\t\t\tZuzana Mazanova, Head of Unit, Space Single Market, DG DEFIS, European Commission\t\t\t\t\t\t\t\t<\/h3>\r\n\t\t\t\t\t\t\t\t\t\t\t\t\t\t\t\t\t\t\t\t\t\t<div class=\"premium-modal-box-close-button-container\">\r\n\t\t\t\t\t\t\t\t\t<button type=\"button\" class=\"premium-modal-box-modal-close\" data-dismiss=\"premium-modal\">&times;<\/button>\r\n\t\t\t\t\t\t\t\t<\/div>\r\n\t\t\t\t\t\t\t\t\t\t\t\t\t<\/div>\r\n\t\t\t\t\t\t\t\t\t\t<div class=\"premium-modal-box-modal-body\">\r\n\t\t\t\t\t\t<p>Bio to follow.\u00a0<\/p>\t\t\t\t\t<\/div>\r\n\t\t\t\t\t\t\t\t\t\t\t<div class=\"premium-modal-box-modal-footer\">\r\n\t\t\t\t\t\t\t<button type=\"button\" class=\"premium-modal-box-modal-lower-close\" data-dismiss=\"premium-modal\">\r\n\t\t\t\t\t\t\t\tClose\t\t\t\t\t\t\t<\/button>\r\n\t\t\t\t\t\t<\/div>\r\n\t\t\t\t\t\t\t\t\t<\/div>\r\n\t\t\t<\/div>\r\n\t\t<\/div>\r\n\r\n\t\t\t\t\t\t<\/div>\n\t\t\t\t<\/div>\n\t\t\t\t<div class=\"elementor-element elementor-element-0f35ad5 elementor-widget elementor-widget-heading\" data-id=\"0f35ad5\" data-element_type=\"widget\" data-widget_type=\"heading.default\">\n\t\t\t\t<div class=\"elementor-widget-container\">\n\t\t\t\t\t<h3 class=\"elementor-heading-title elementor-size-default\">Zuzana Mazanova<\/h3>\t\t\t\t<\/div>\n\t\t\t\t<\/div>\n\t\t\t\t<div class=\"elementor-element elementor-element-ed48a7e elementor-widget elementor-widget-heading\" data-id=\"ed48a7e\" data-element_type=\"widget\" data-widget_type=\"heading.default\">\n\t\t\t\t<div class=\"elementor-widget-container\">\n\t\t\t\t\t<p class=\"elementor-heading-title elementor-size-default\">Head of Unit, Space Single Market, DG DEFIS<\/p>\t\t\t\t<\/div>\n\t\t\t\t<\/div>\n\t\t\t\t<div class=\"elementor-element elementor-element-76d03d2 elementor-widget elementor-widget-heading\" data-id=\"76d03d2\" data-element_type=\"widget\" data-widget_type=\"heading.default\">\n\t\t\t\t<div class=\"elementor-widget-container\">\n\t\t\t\t\t<p class=\"elementor-heading-title elementor-size-default\">European Commission<\/p>\t\t\t\t<\/div>\n\t\t\t\t<\/div>\n\t\t\t\t\t<\/div>\n\t\t<\/div>\n\t\t\t\t<div class=\"elementor-column elementor-col-20 elementor-inner-column elementor-element elementor-element-6ebca9c\" data-id=\"6ebca9c\" data-element_type=\"column\">\n\t\t\t<div class=\"elementor-widget-wrap elementor-element-populated\">\n\t\t\t\t\t\t<div class=\"elementor-element elementor-element-d523af7 premium-modal-dismissible-yes elementor-widget elementor-widget-premium-addon-modal-box\" data-id=\"d523af7\" data-element_type=\"widget\" data-settings=\"{&quot;premium_modal_box_animation&quot;:&quot;fadeInDown&quot;}\" data-widget_type=\"premium-addon-modal-box.default\">\n\t\t\t\t<div class=\"elementor-widget-container\">\n\t\t\t\t\t\r\n\t\t<div class=\"premium-modal-box-container\" data-settings=\"{&quot;trigger&quot;:&quot;image&quot;,&quot;show_on_exit&quot;:false}\">\r\n\t\t\t<div class=\"premium-modal-trigger-container\">\r\n\t\t\t\t\t\t\t\t\t<img decoding=\"async\" data-toggle=\"premium-modal\" data-target=\"#premium-modal-d523af7\" class=\"premium-modal-trigger-img\" src=\"https:\/\/euspaceforum.com\/2025\/wp-content\/uploads\/2022\/09\/Philippe-Glaesener-WebsiteMailing.png\" alt=\"Philippe Glaesener\">\r\n\t\t\t\t\t\t\t<\/div>\r\n\r\n\t\t\t<div id=\"premium-modal-d523af7\" class=\"premium-modal-box-modal\"\r\n\t\t\trole=\"dialog\"\r\n\t\t\tstyle=\"display: none\"\r\n\t\t\t>\r\n\t\t\t\t<div class=\"premium-modal-box-modal-dialog\" data-delay-animation=\"\" data-modal-animation=\"fadeInDown animated-fast\">\r\n\t\t\t\t\t\t\t\t\t\t\t<div class=\"premium-modal-box-modal-header\">\r\n\t\t\t\t\t\t\t\t\t\t\t\t\t\t\t<h3 class=\"premium-modal-box-modal-title\">\r\n\t\t\t\t\t\t\t\t\t\t\t\t<img decoding=\"async\" src=\"https:\/\/euspaceforum.com\/2025\/wp-content\/uploads\/2022\/09\/Philippe-Glaesener-WebsiteMailing.png\" alt=\"Philippe Glaesener\">\r\n\t\t\tPhilippe Glaesener, Senior Vice President of Global Government, SES\t\t\t\t\t\t\t\t<\/h3>\r\n\t\t\t\t\t\t\t\t\t\t\t\t\t\t\t\t\t\t\t\t\t\t<div class=\"premium-modal-box-close-button-container\">\r\n\t\t\t\t\t\t\t\t\t<button type=\"button\" class=\"premium-modal-box-modal-close\" data-dismiss=\"premium-modal\">&times;<\/button>\r\n\t\t\t\t\t\t\t\t<\/div>\r\n\t\t\t\t\t\t\t\t\t\t\t\t\t<\/div>\r\n\t\t\t\t\t\t\t\t\t\t<div class=\"premium-modal-box-modal-body\">\r\n\t\t\t\t\t\t<p><span style=\"font-weight: 400;\">Philippe Glaesener is heading the Space &amp; Defence activities of SES with focus on institutional, governmental and defence actors on a global level outside of the US. During his extensive career in the satellite communications industry, he has been serving in a variety of commercial, business development and planning roles, and has been instrumental in the development and implementation of key government initiatives, extensive corporate projects and satcom services. His extensive professional experience is backed by Commercial as well as Electrical Engineering &amp; Information Technology academic backgrounds. Philippe is also serving on the Board of LuxGovSat, a Public-Private joint-venture between the Government of Luxembourg and SES, which is dedicated to addressing the demand resulting from defence and institutional security applications. Philippe Glaesener is a Luxemburgish national.<\/span><\/p>\t\t\t\t\t<\/div>\r\n\t\t\t\t\t\t\t\t\t\t\t<div class=\"premium-modal-box-modal-footer\">\r\n\t\t\t\t\t\t\t<button type=\"button\" class=\"premium-modal-box-modal-lower-close\" data-dismiss=\"premium-modal\">\r\n\t\t\t\t\t\t\t\tClose\t\t\t\t\t\t\t<\/button>\r\n\t\t\t\t\t\t<\/div>\r\n\t\t\t\t\t\t\t\t\t<\/div>\r\n\t\t\t<\/div>\r\n\t\t<\/div>\r\n\r\n\t\t\t\t\t\t<\/div>\n\t\t\t\t<\/div>\n\t\t\t\t<div class=\"elementor-element elementor-element-7e1ed58 elementor-widget elementor-widget-heading\" data-id=\"7e1ed58\" data-element_type=\"widget\" data-widget_type=\"heading.default\">\n\t\t\t\t<div class=\"elementor-widget-container\">\n\t\t\t\t\t<h3 class=\"elementor-heading-title elementor-size-default\">Philippe Glaesener<\/h3>\t\t\t\t<\/div>\n\t\t\t\t<\/div>\n\t\t\t\t<div class=\"elementor-element elementor-element-3814132 elementor-widget elementor-widget-heading\" data-id=\"3814132\" data-element_type=\"widget\" data-widget_type=\"heading.default\">\n\t\t\t\t<div class=\"elementor-widget-container\">\n\t\t\t\t\t<p class=\"elementor-heading-title elementor-size-default\">Senior Vice President of Global Government<\/p>\t\t\t\t<\/div>\n\t\t\t\t<\/div>\n\t\t\t\t<div class=\"elementor-element elementor-element-2e273cd elementor-widget elementor-widget-heading\" data-id=\"2e273cd\" data-element_type=\"widget\" data-widget_type=\"heading.default\">\n\t\t\t\t<div class=\"elementor-widget-container\">\n\t\t\t\t\t<p class=\"elementor-heading-title elementor-size-default\">SES<\/p>\t\t\t\t<\/div>\n\t\t\t\t<\/div>\n\t\t\t\t\t<\/div>\n\t\t<\/div>\n\t\t\t\t<div class=\"elementor-column elementor-col-20 elementor-inner-column elementor-element elementor-element-f110811\" data-id=\"f110811\" data-element_type=\"column\">\n\t\t\t<div class=\"elementor-widget-wrap elementor-element-populated\">\n\t\t\t\t\t\t<div class=\"elementor-element elementor-element-cb1b097 premium-modal-dismissible-yes elementor-widget elementor-widget-premium-addon-modal-box\" data-id=\"cb1b097\" data-element_type=\"widget\" data-settings=\"{&quot;premium_modal_box_animation&quot;:&quot;fadeInDown&quot;}\" data-widget_type=\"premium-addon-modal-box.default\">\n\t\t\t\t<div class=\"elementor-widget-container\">\n\t\t\t\t\t\r\n\t\t<div class=\"premium-modal-box-container\" data-settings=\"{&quot;trigger&quot;:&quot;image&quot;,&quot;show_on_exit&quot;:false}\">\r\n\t\t\t<div class=\"premium-modal-trigger-container\">\r\n\t\t\t\t\t\t\t\t\t<img decoding=\"async\" data-toggle=\"premium-modal\" data-target=\"#premium-modal-cb1b097\" class=\"premium-modal-trigger-img\" src=\"https:\/\/euspaceforum.com\/2025\/wp-content\/uploads\/2022\/09\/Shruti-Vyas-WebsiteMailing.png\" alt=\"Shruti Vyas\">\r\n\t\t\t\t\t\t\t<\/div>\r\n\r\n\t\t\t<div id=\"premium-modal-cb1b097\" class=\"premium-modal-box-modal\"\r\n\t\t\trole=\"dialog\"\r\n\t\t\tstyle=\"display: none\"\r\n\t\t\t>\r\n\t\t\t\t<div class=\"premium-modal-box-modal-dialog\" data-delay-animation=\"\" data-modal-animation=\"fadeInDown animated-fast\">\r\n\t\t\t\t\t\t\t\t\t\t\t<div class=\"premium-modal-box-modal-header\">\r\n\t\t\t\t\t\t\t\t\t\t\t\t\t\t\t<h3 class=\"premium-modal-box-modal-title\">\r\n\t\t\t\t\t\t\t\t\t\t\t\t<img decoding=\"async\" src=\"https:\/\/euspaceforum.com\/2025\/wp-content\/uploads\/2022\/09\/Shruti-Vyas-WebsiteMailing.png\" alt=\"Shruti Vyas\">\r\n\t\t\tShruti Vyas, Vice President IRIS2 &amp; Next Generation MEO, SES\t\t\t\t\t\t\t\t<\/h3>\r\n\t\t\t\t\t\t\t\t\t\t\t\t\t\t\t\t\t\t\t\t\t\t<div class=\"premium-modal-box-close-button-container\">\r\n\t\t\t\t\t\t\t\t\t<button type=\"button\" class=\"premium-modal-box-modal-close\" data-dismiss=\"premium-modal\">&times;<\/button>\r\n\t\t\t\t\t\t\t\t<\/div>\r\n\t\t\t\t\t\t\t\t\t\t\t\t\t<\/div>\r\n\t\t\t\t\t\t\t\t\t\t<div class=\"premium-modal-box-modal-body\">\r\n\t\t\t\t\t\t<p>Bio to follow<\/p>\t\t\t\t\t<\/div>\r\n\t\t\t\t\t\t\t\t\t\t\t<div class=\"premium-modal-box-modal-footer\">\r\n\t\t\t\t\t\t\t<button type=\"button\" class=\"premium-modal-box-modal-lower-close\" data-dismiss=\"premium-modal\">\r\n\t\t\t\t\t\t\t\tClose\t\t\t\t\t\t\t<\/button>\r\n\t\t\t\t\t\t<\/div>\r\n\t\t\t\t\t\t\t\t\t<\/div>\r\n\t\t\t<\/div>\r\n\t\t<\/div>\r\n\r\n\t\t\t\t\t\t<\/div>\n\t\t\t\t<\/div>\n\t\t\t\t<div class=\"elementor-element elementor-element-f1695b9 elementor-widget elementor-widget-heading\" data-id=\"f1695b9\" data-element_type=\"widget\" data-widget_type=\"heading.default\">\n\t\t\t\t<div class=\"elementor-widget-container\">\n\t\t\t\t\t<h3 class=\"elementor-heading-title elementor-size-default\">Shruti Vyas<\/h3>\t\t\t\t<\/div>\n\t\t\t\t<\/div>\n\t\t\t\t<div class=\"elementor-element elementor-element-88b4f73 elementor-widget elementor-widget-heading\" data-id=\"88b4f73\" data-element_type=\"widget\" data-widget_type=\"heading.default\">\n\t\t\t\t<div class=\"elementor-widget-container\">\n\t\t\t\t\t<p class=\"elementor-heading-title elementor-size-default\">Vice President IRIS2 &amp; Next Generation MEO<\/p>\t\t\t\t<\/div>\n\t\t\t\t<\/div>\n\t\t\t\t<div class=\"elementor-element elementor-element-0556469 elementor-widget elementor-widget-heading\" data-id=\"0556469\" data-element_type=\"widget\" data-widget_type=\"heading.default\">\n\t\t\t\t<div class=\"elementor-widget-container\">\n\t\t\t\t\t<p class=\"elementor-heading-title elementor-size-default\">SES<\/p>\t\t\t\t<\/div>\n\t\t\t\t<\/div>\n\t\t\t\t\t<\/div>\n\t\t<\/div>\n\t\t\t\t<div class=\"elementor-column elementor-col-20 elementor-inner-column elementor-element elementor-element-2f5b121\" data-id=\"2f5b121\" data-element_type=\"column\">\n\t\t\t<div class=\"elementor-widget-wrap elementor-element-populated\">\n\t\t\t\t\t\t<div class=\"elementor-element elementor-element-badea95 premium-modal-dismissible-yes elementor-widget elementor-widget-premium-addon-modal-box\" data-id=\"badea95\" data-element_type=\"widget\" data-settings=\"{&quot;premium_modal_box_animation&quot;:&quot;fadeInDown&quot;}\" data-widget_type=\"premium-addon-modal-box.default\">\n\t\t\t\t<div class=\"elementor-widget-container\">\n\t\t\t\t\t\r\n\t\t<div class=\"premium-modal-box-container\" data-settings=\"{&quot;trigger&quot;:&quot;image&quot;,&quot;show_on_exit&quot;:false}\">\r\n\t\t\t<div class=\"premium-modal-trigger-container\">\r\n\t\t\t\t\t\t\t\t\t<img decoding=\"async\" data-toggle=\"premium-modal\" data-target=\"#premium-modal-badea95\" class=\"premium-modal-trigger-img\" src=\"https:\/\/euspaceforum.com\/2025\/wp-content\/uploads\/2022\/09\/Antonio-Abad-Martin-WebsiteMailing.png\" alt=\"Antonio Abad Mart\u00edn\">\r\n\t\t\t\t\t\t\t<\/div>\r\n\r\n\t\t\t<div id=\"premium-modal-badea95\" class=\"premium-modal-box-modal\"\r\n\t\t\trole=\"dialog\"\r\n\t\t\tstyle=\"display: none\"\r\n\t\t\t>\r\n\t\t\t\t<div class=\"premium-modal-box-modal-dialog\" data-delay-animation=\"\" data-modal-animation=\"fadeInDown animated-fast\">\r\n\t\t\t\t\t\t\t\t\t\t\t<div class=\"premium-modal-box-modal-header\">\r\n\t\t\t\t\t\t\t\t\t\t\t\t\t\t\t<h3 class=\"premium-modal-box-modal-title\">\r\n\t\t\t\t\t\t\t\t\t\t\t\t<img decoding=\"async\" src=\"https:\/\/euspaceforum.com\/2025\/wp-content\/uploads\/2022\/09\/Antonio-Abad-Martin-WebsiteMailing.png\" alt=\"Antonio Abad Mart\u00edn\">\r\n\t\t\tAntonio Abad Mart\u00edn, CTO, Hispasat\t\t\t\t\t\t\t\t<\/h3>\r\n\t\t\t\t\t\t\t\t\t\t\t\t\t\t\t\t\t\t\t\t\t\t<div class=\"premium-modal-box-close-button-container\">\r\n\t\t\t\t\t\t\t\t\t<button type=\"button\" class=\"premium-modal-box-modal-close\" data-dismiss=\"premium-modal\">&times;<\/button>\r\n\t\t\t\t\t\t\t\t<\/div>\r\n\t\t\t\t\t\t\t\t\t\t\t\t\t<\/div>\r\n\t\t\t\t\t\t\t\t\t\t<div class=\"premium-modal-box-modal-body\">\r\n\t\t\t\t\t\t<p><span style=\"font-weight: 400;\">Antonio Abad (Almer\u00eda, Spain, 1963) holds a Master of Sciences in Aeronautical Engineering from the Polytechnic University of Madrid and is graduated in Senior Management in the \u2018General Management Program (GMP)\u2019 and in \u2018Digital Transformation\u2019 from IESE Business School. He completed his training with different Leadership, Talent Development, and Organization and People Empowerment courses, also at IESE, Navarra University.<\/span><\/p><p><span style=\"font-weight: 400;\">In addition, he has been professionally recognized becoming an academician at the International Academy of Astronautics (IAA) and the Academie de l\u2019Air and l\u2018Espace (AAS). He is also a senior member of the American Institute of Aeronautics and Astronautics (AIAA) and the Institute of Electric and Electronic Engineers (IEEE).<\/span><\/p><p><span style=\"font-weight: 400;\">After initiating his professional activities at Telef\u00f3nica Sistemas in 1989, from 1991 up to date he has developed his career at HISPASAT in different engineering and management responsibilities. Since 2003 he is the Chief Technical Officer of HISPASAT, being responsible for the definition and implementation of satellite systems, launchers, control centers, and ground stations, as well as their operation and control. In 2019, he also took over the responsibilities for the development of the future space infrastructure of HISPASAT, analyzing from High Altitude Platforms to Cubesats, Software Defined Satellites, and Constellations. Since 2020 he is promoting the development of Space Quantum Communications, with the first application in Quantum Key Distribution, and the development of a Common Lunar Communications infrastructure.<\/span><\/p><p><span style=\"font-weight: 400;\">He has been a speaker at numerous conferences and seminars, including Washington Satellite and World Satellite Business Week in Paris. He has been the Director of the 11 editions of the \u2018HISPASAT Summit on Space Telecommunications\u2019 in the \u2018Men\u00e9ndez Pelayo International University\u2019.<\/span><\/p>\t\t\t\t\t<\/div>\r\n\t\t\t\t\t\t\t\t\t\t\t<div class=\"premium-modal-box-modal-footer\">\r\n\t\t\t\t\t\t\t<button type=\"button\" class=\"premium-modal-box-modal-lower-close\" data-dismiss=\"premium-modal\">\r\n\t\t\t\t\t\t\t\tClose\t\t\t\t\t\t\t<\/button>\r\n\t\t\t\t\t\t<\/div>\r\n\t\t\t\t\t\t\t\t\t<\/div>\r\n\t\t\t<\/div>\r\n\t\t<\/div>\r\n\r\n\t\t\t\t\t\t<\/div>\n\t\t\t\t<\/div>\n\t\t\t\t<div class=\"elementor-element elementor-element-aacda47 elementor-widget elementor-widget-heading\" data-id=\"aacda47\" data-element_type=\"widget\" data-widget_type=\"heading.default\">\n\t\t\t\t<div class=\"elementor-widget-container\">\n\t\t\t\t\t<h3 class=\"elementor-heading-title elementor-size-default\">Antonio Abad Mart\u00edn<\/h3>\t\t\t\t<\/div>\n\t\t\t\t<\/div>\n\t\t\t\t<div class=\"elementor-element elementor-element-ff20a7d elementor-widget elementor-widget-heading\" data-id=\"ff20a7d\" data-element_type=\"widget\" data-widget_type=\"heading.default\">\n\t\t\t\t<div class=\"elementor-widget-container\">\n\t\t\t\t\t<p class=\"elementor-heading-title elementor-size-default\">CTO<\/p>\t\t\t\t<\/div>\n\t\t\t\t<\/div>\n\t\t\t\t<div class=\"elementor-element elementor-element-2fbfd0f elementor-widget elementor-widget-heading\" data-id=\"2fbfd0f\" data-element_type=\"widget\" data-widget_type=\"heading.default\">\n\t\t\t\t<div class=\"elementor-widget-container\">\n\t\t\t\t\t<p class=\"elementor-heading-title elementor-size-default\">Hispasat<\/p>\t\t\t\t<\/div>\n\t\t\t\t<\/div>\n\t\t\t\t\t<\/div>\n\t\t<\/div>\n\t\t\t\t\t<\/div>\n\t\t<\/section>\n\t\t\t\t<section class=\"elementor-section elementor-inner-section elementor-element elementor-element-39e4000 elementor-section-boxed elementor-section-height-default elementor-section-height-default\" data-id=\"39e4000\" data-element_type=\"section\">\n\t\t\t\t\t\t<div class=\"elementor-container elementor-column-gap-default\">\n\t\t\t\t\t<div class=\"elementor-column elementor-col-20 elementor-inner-column elementor-element elementor-element-e33ff66\" data-id=\"e33ff66\" data-element_type=\"column\">\n\t\t\t<div class=\"elementor-widget-wrap elementor-element-populated\">\n\t\t\t\t\t\t<div class=\"elementor-element elementor-element-98f06d9 premium-modal-dismissible-yes elementor-widget elementor-widget-premium-addon-modal-box\" data-id=\"98f06d9\" data-element_type=\"widget\" data-settings=\"{&quot;premium_modal_box_animation&quot;:&quot;fadeInDown&quot;}\" data-widget_type=\"premium-addon-modal-box.default\">\n\t\t\t\t<div class=\"elementor-widget-container\">\n\t\t\t\t\t\r\n\t\t<div class=\"premium-modal-box-container\" data-settings=\"{&quot;trigger&quot;:&quot;image&quot;,&quot;show_on_exit&quot;:false}\">\r\n\t\t\t<div class=\"premium-modal-trigger-container\">\r\n\t\t\t\t\t\t\t\t\t<img decoding=\"async\" data-toggle=\"premium-modal\" data-target=\"#premium-modal-98f06d9\" class=\"premium-modal-trigger-img\" src=\"https:\/\/euspaceforum.com\/2025\/wp-content\/uploads\/2022\/09\/Sarah-Casenove-WebsiteMailing.png\" alt=\"Sarah Casenove\">\r\n\t\t\t\t\t\t\t<\/div>\r\n\r\n\t\t\t<div id=\"premium-modal-98f06d9\" class=\"premium-modal-box-modal\"\r\n\t\t\trole=\"dialog\"\r\n\t\t\tstyle=\"display: none\"\r\n\t\t\t>\r\n\t\t\t\t<div class=\"premium-modal-box-modal-dialog\" data-delay-animation=\"\" data-modal-animation=\"fadeInDown animated-fast\">\r\n\t\t\t\t\t\t\t\t\t\t\t<div class=\"premium-modal-box-modal-header\">\r\n\t\t\t\t\t\t\t\t\t\t\t\t\t\t\t<h3 class=\"premium-modal-box-modal-title\">\r\n\t\t\t\t\t\t\t\t\t\t\t\t<img decoding=\"async\" src=\"https:\/\/euspaceforum.com\/2025\/wp-content\/uploads\/2022\/09\/Sarah-Casenove-WebsiteMailing.png\" alt=\"Sarah Casenove\">\r\n\t\t\tSarah Casenove, Head of Portfolio and Performance of Space Digital, Airbus Defence and Space\t\t\t\t\t\t\t\t<\/h3>\r\n\t\t\t\t\t\t\t\t\t\t\t\t\t\t\t\t\t\t\t\t\t\t<div class=\"premium-modal-box-close-button-container\">\r\n\t\t\t\t\t\t\t\t\t<button type=\"button\" class=\"premium-modal-box-modal-close\" data-dismiss=\"premium-modal\">&times;<\/button>\r\n\t\t\t\t\t\t\t\t<\/div>\r\n\t\t\t\t\t\t\t\t\t\t\t\t\t<\/div>\r\n\t\t\t\t\t\t\t\t\t\t<div class=\"premium-modal-box-modal-body\">\r\n\t\t\t\t\t\t<p><span style=\"font-weight: 400;\">Sarah Casenove, Head of Portfolio and Performance of Space Digital in Airbus has been working in the Defence and Space domain for over a decade in Sales, Strategy, Future Programmes and Portfolio Positions. She joined Airbus in 2013.\u00a0<\/span><\/p><p><span style=\"font-weight: 400;\">Her main areas of activities have been Satcom based Solutions and innovative partnerships deals in the Satcom and Milsatcom domain, supporting the provision of Satellite Based Capacities for NATO and EU Nations. In her current role she is driving the future of Airbus solutions in Satcom, Military Space and Earth Observation domain to foster the emergence of full End of End solutions able to support the information superiority needs of allied nations, support first responders and crisis managers and foster sustainability initiatives around the globe.\u00a0<\/span><\/p><p><span style=\"font-weight: 400;\">She holds a Master degree in International Relations and Defence Studies from Sciences Po Lille.\u00a0<\/span><\/p>\t\t\t\t\t<\/div>\r\n\t\t\t\t\t\t\t\t\t\t\t<div class=\"premium-modal-box-modal-footer\">\r\n\t\t\t\t\t\t\t<button type=\"button\" class=\"premium-modal-box-modal-lower-close\" data-dismiss=\"premium-modal\">\r\n\t\t\t\t\t\t\t\tClose\t\t\t\t\t\t\t<\/button>\r\n\t\t\t\t\t\t<\/div>\r\n\t\t\t\t\t\t\t\t\t<\/div>\r\n\t\t\t<\/div>\r\n\t\t<\/div>\r\n\r\n\t\t\t\t\t\t<\/div>\n\t\t\t\t<\/div>\n\t\t\t\t<div class=\"elementor-element elementor-element-6041ba3 elementor-widget elementor-widget-heading\" data-id=\"6041ba3\" data-element_type=\"widget\" data-widget_type=\"heading.default\">\n\t\t\t\t<div class=\"elementor-widget-container\">\n\t\t\t\t\t<h3 class=\"elementor-heading-title elementor-size-default\">Sarah Casenove<\/h3>\t\t\t\t<\/div>\n\t\t\t\t<\/div>\n\t\t\t\t<div class=\"elementor-element elementor-element-3e6c918 elementor-widget elementor-widget-heading\" data-id=\"3e6c918\" data-element_type=\"widget\" data-widget_type=\"heading.default\">\n\t\t\t\t<div class=\"elementor-widget-container\">\n\t\t\t\t\t<p class=\"elementor-heading-title elementor-size-default\">Head of Portfolio and Performance of Space Digital<\/p>\t\t\t\t<\/div>\n\t\t\t\t<\/div>\n\t\t\t\t<div class=\"elementor-element elementor-element-55b7d81 elementor-widget elementor-widget-heading\" data-id=\"55b7d81\" data-element_type=\"widget\" data-widget_type=\"heading.default\">\n\t\t\t\t<div class=\"elementor-widget-container\">\n\t\t\t\t\t<p class=\"elementor-heading-title elementor-size-default\">Airbus Defence and Space<\/p>\t\t\t\t<\/div>\n\t\t\t\t<\/div>\n\t\t\t\t\t<\/div>\n\t\t<\/div>\n\t\t\t\t<div class=\"elementor-column elementor-col-20 elementor-inner-column elementor-element elementor-element-7dca50f\" data-id=\"7dca50f\" data-element_type=\"column\">\n\t\t\t<div class=\"elementor-widget-wrap elementor-element-populated\">\n\t\t\t\t\t\t<div class=\"elementor-element elementor-element-f4b78f3 premium-modal-dismissible-yes elementor-widget elementor-widget-premium-addon-modal-box\" data-id=\"f4b78f3\" data-element_type=\"widget\" data-settings=\"{&quot;premium_modal_box_animation&quot;:&quot;fadeInDown&quot;}\" data-widget_type=\"premium-addon-modal-box.default\">\n\t\t\t\t<div class=\"elementor-widget-container\">\n\t\t\t\t\t\r\n\t\t<div class=\"premium-modal-box-container\" data-settings=\"{&quot;trigger&quot;:&quot;image&quot;,&quot;show_on_exit&quot;:false}\">\r\n\t\t\t<div class=\"premium-modal-trigger-container\">\r\n\t\t\t\t\t\t\t\t\t<img decoding=\"async\" data-toggle=\"premium-modal\" data-target=\"#premium-modal-f4b78f3\" class=\"premium-modal-trigger-img\" src=\"https:\/\/euspaceforum.com\/2025\/wp-content\/uploads\/2022\/09\/Stefano-Vaccaro-Website.png\" alt=\"Stefano Vaccaro\">\r\n\t\t\t\t\t\t\t<\/div>\r\n\r\n\t\t\t<div id=\"premium-modal-f4b78f3\" class=\"premium-modal-box-modal\"\r\n\t\t\trole=\"dialog\"\r\n\t\t\tstyle=\"display: none\"\r\n\t\t\t>\r\n\t\t\t\t<div class=\"premium-modal-box-modal-dialog\" data-delay-animation=\"\" data-modal-animation=\"fadeInDown animated-fast\">\r\n\t\t\t\t\t\t\t\t\t\t\t<div class=\"premium-modal-box-modal-header\">\r\n\t\t\t\t\t\t\t\t\t\t\t\t\t\t\t<h3 class=\"premium-modal-box-modal-title\">\r\n\t\t\t\t\t\t\t\t\t\t\t\t<img decoding=\"async\" src=\"https:\/\/euspaceforum.com\/2025\/wp-content\/uploads\/2022\/09\/Stefano-Vaccaro-Website.png\" alt=\"Stefano Vaccaro\">\r\n\t\t\tStefano Vaccaro, Managing Director, Viasat Commercial Networks Europe, Viasat\t\t\t\t\t\t\t\t<\/h3>\r\n\t\t\t\t\t\t\t\t\t\t\t\t\t\t\t\t\t\t\t\t\t\t<div class=\"premium-modal-box-close-button-container\">\r\n\t\t\t\t\t\t\t\t\t<button type=\"button\" class=\"premium-modal-box-modal-close\" data-dismiss=\"premium-modal\">&times;<\/button>\r\n\t\t\t\t\t\t\t\t<\/div>\r\n\t\t\t\t\t\t\t\t\t\t\t\t\t<\/div>\r\n\t\t\t\t\t\t\t\t\t\t<div class=\"premium-modal-box-modal-body\">\r\n\t\t\t\t\t\t<p><span style=\"font-weight: 400;\">Dr. Stefano Vaccaro is the Managing Director of Global Space Networks Europe at Viasat. Amongst his responsibilities, there is the Ground Segment and Terminals development including optical technology.<\/span><\/p><p><span style=\"font-weight: 400;\">Enabling business strategies with technology innovation has been at the core of Stafano\u2019s 25 years career in the satellite industry. This has been applied to various areas of expertise spanning from Satellite Terminals, RF Systems, Phased arrays, Optical Technology and Satellite Ground Infrastructure. Stefano Vaccaro holds a M.Sc. and a Ph. D. degree in electrical engineering from Ecole Polytechnique F\u00e9d\u00e9rale de Lausanne.<\/span><\/p>\t\t\t\t\t<\/div>\r\n\t\t\t\t\t\t\t\t\t\t\t<div class=\"premium-modal-box-modal-footer\">\r\n\t\t\t\t\t\t\t<button type=\"button\" class=\"premium-modal-box-modal-lower-close\" data-dismiss=\"premium-modal\">\r\n\t\t\t\t\t\t\t\tClose\t\t\t\t\t\t\t<\/button>\r\n\t\t\t\t\t\t<\/div>\r\n\t\t\t\t\t\t\t\t\t<\/div>\r\n\t\t\t<\/div>\r\n\t\t<\/div>\r\n\r\n\t\t\t\t\t\t<\/div>\n\t\t\t\t<\/div>\n\t\t\t\t<div class=\"elementor-element elementor-element-530e59b elementor-widget elementor-widget-heading\" data-id=\"530e59b\" data-element_type=\"widget\" data-widget_type=\"heading.default\">\n\t\t\t\t<div class=\"elementor-widget-container\">\n\t\t\t\t\t<h3 class=\"elementor-heading-title elementor-size-default\">Stefano Vaccaro<\/h3>\t\t\t\t<\/div>\n\t\t\t\t<\/div>\n\t\t\t\t<div class=\"elementor-element elementor-element-59336ff elementor-widget elementor-widget-heading\" data-id=\"59336ff\" data-element_type=\"widget\" data-widget_type=\"heading.default\">\n\t\t\t\t<div class=\"elementor-widget-container\">\n\t\t\t\t\t<p class=\"elementor-heading-title elementor-size-default\">Managing Director, Viasat Commercial Networks Europe<\/p>\t\t\t\t<\/div>\n\t\t\t\t<\/div>\n\t\t\t\t<div class=\"elementor-element elementor-element-5322a6b elementor-widget elementor-widget-heading\" data-id=\"5322a6b\" data-element_type=\"widget\" data-widget_type=\"heading.default\">\n\t\t\t\t<div class=\"elementor-widget-container\">\n\t\t\t\t\t<p class=\"elementor-heading-title elementor-size-default\">Viasat<\/p>\t\t\t\t<\/div>\n\t\t\t\t<\/div>\n\t\t\t\t\t<\/div>\n\t\t<\/div>\n\t\t\t\t<div class=\"elementor-column elementor-col-20 elementor-inner-column elementor-element elementor-element-1f63186\" data-id=\"1f63186\" data-element_type=\"column\">\n\t\t\t<div class=\"elementor-widget-wrap elementor-element-populated\">\n\t\t\t\t\t\t<div class=\"elementor-element elementor-element-60c3f41 premium-modal-dismissible-yes elementor-widget elementor-widget-premium-addon-modal-box\" data-id=\"60c3f41\" data-element_type=\"widget\" data-settings=\"{&quot;premium_modal_box_animation&quot;:&quot;fadeInDown&quot;}\" data-widget_type=\"premium-addon-modal-box.default\">\n\t\t\t\t<div class=\"elementor-widget-container\">\n\t\t\t\t\t\r\n\t\t<div class=\"premium-modal-box-container\" data-settings=\"{&quot;trigger&quot;:&quot;image&quot;,&quot;show_on_exit&quot;:false}\">\r\n\t\t\t<div class=\"premium-modal-trigger-container\">\r\n\t\t\t\t\t\t\t\t\t<img decoding=\"async\" data-toggle=\"premium-modal\" data-target=\"#premium-modal-60c3f41\" class=\"premium-modal-trigger-img\" src=\"https:\/\/euspaceforum.com\/2025\/wp-content\/uploads\/2022\/09\/Charlotte-Mathieu-WebsiteMailing-1.png\" alt=\"Charlotte Mathieu\">\r\n\t\t\t\t\t\t\t<\/div>\r\n\r\n\t\t\t<div id=\"premium-modal-60c3f41\" class=\"premium-modal-box-modal\"\r\n\t\t\trole=\"dialog\"\r\n\t\t\tstyle=\"display: none\"\r\n\t\t\t>\r\n\t\t\t\t<div class=\"premium-modal-box-modal-dialog\" data-delay-animation=\"\" data-modal-animation=\"fadeInDown animated-fast\">\r\n\t\t\t\t\t\t\t\t\t\t\t<div class=\"premium-modal-box-modal-header\">\r\n\t\t\t\t\t\t\t\t\t\t\t\t\t\t\t<h3 class=\"premium-modal-box-modal-title\">\r\n\t\t\t\t\t\t\t\t\t\t\t\t<img decoding=\"async\" src=\"https:\/\/euspaceforum.com\/2025\/wp-content\/uploads\/2022\/09\/Charlotte-Mathieu-WebsiteMailing-1.png\" alt=\"Charlotte Mathieu\">\r\n\t\t\tCharlotte Mathieu, Head of the Industrial Policy &amp; Space Economy Division, ESA\t\t\t\t\t\t\t\t<\/h3>\r\n\t\t\t\t\t\t\t\t\t\t\t\t\t\t\t\t\t\t\t\t\t\t<div class=\"premium-modal-box-close-button-container\">\r\n\t\t\t\t\t\t\t\t\t<button type=\"button\" class=\"premium-modal-box-modal-close\" data-dismiss=\"premium-modal\">&times;<\/button>\r\n\t\t\t\t\t\t\t\t<\/div>\r\n\t\t\t\t\t\t\t\t\t\t\t\t\t<\/div>\r\n\t\t\t\t\t\t\t\t\t\t<div class=\"premium-modal-box-modal-body\">\r\n\t\t\t\t\t\t<p><span style=\"font-weight: 400;\">Charlotte Mathieu is the Head of the Industrial Policy and Space Economy Division at the European Space Agency (ESA).<\/span><\/p><p><span style=\"font-weight: 400;\">She holds a Master\u2019s Degree in Aerospace Engineering from the Ecole Centrale Paris, France, and the Royal Institute of Technology (KTH), Sweden, as well as a degree in Economic Analysis and Policy. After a first experience in the launcher industry, she joined ESA and its technical centre, ESTEC, in the Netherlands.\u00a0 She spent then two years at the Massachussetts Institute of Technology (MIT) in the US, where she obtained a Master\u2019s Degree in Technology and Policy and worked on an innovative satellite project for the Defence Advanced Research Project Agency (DARPA). In 2007 she joined the European Space Policy Institute (ESPI) in Austria, where she led several studies and publications. In 2009 she joined ESA\u2019s Headquarters in Paris, where she has worked in the Director General\u2019s Policy Office, in the Director General\u2019s Office for Relations with the European Union, in the Directorate of Telecommunications and Integrated Applications and now in the Directorate of Commercialisation, Industry and Competitiveness.<\/span><\/p>\t\t\t\t\t<\/div>\r\n\t\t\t\t\t\t\t\t\t\t\t<div class=\"premium-modal-box-modal-footer\">\r\n\t\t\t\t\t\t\t<button type=\"button\" class=\"premium-modal-box-modal-lower-close\" data-dismiss=\"premium-modal\">\r\n\t\t\t\t\t\t\t\tClose\t\t\t\t\t\t\t<\/button>\r\n\t\t\t\t\t\t<\/div>\r\n\t\t\t\t\t\t\t\t\t<\/div>\r\n\t\t\t<\/div>\r\n\t\t<\/div>\r\n\r\n\t\t\t\t\t\t<\/div>\n\t\t\t\t<\/div>\n\t\t\t\t<div class=\"elementor-element elementor-element-b4488f9 elementor-widget elementor-widget-heading\" data-id=\"b4488f9\" data-element_type=\"widget\" data-widget_type=\"heading.default\">\n\t\t\t\t<div class=\"elementor-widget-container\">\n\t\t\t\t\t<h3 class=\"elementor-heading-title elementor-size-default\">Charlotte Mathieu<\/h3>\t\t\t\t<\/div>\n\t\t\t\t<\/div>\n\t\t\t\t<div class=\"elementor-element elementor-element-6cf7397 elementor-widget elementor-widget-heading\" data-id=\"6cf7397\" data-element_type=\"widget\" data-widget_type=\"heading.default\">\n\t\t\t\t<div class=\"elementor-widget-container\">\n\t\t\t\t\t<p class=\"elementor-heading-title elementor-size-default\">Head of the Industrial Policy &amp; Space Economy Division<\/p>\t\t\t\t<\/div>\n\t\t\t\t<\/div>\n\t\t\t\t<div class=\"elementor-element elementor-element-381d21c elementor-widget elementor-widget-heading\" data-id=\"381d21c\" data-element_type=\"widget\" data-widget_type=\"heading.default\">\n\t\t\t\t<div class=\"elementor-widget-container\">\n\t\t\t\t\t<p class=\"elementor-heading-title elementor-size-default\">ESA<\/p>\t\t\t\t<\/div>\n\t\t\t\t<\/div>\n\t\t\t\t\t<\/div>\n\t\t<\/div>\n\t\t\t\t<div class=\"elementor-column elementor-col-20 elementor-inner-column elementor-element elementor-element-8147b7a\" data-id=\"8147b7a\" data-element_type=\"column\">\n\t\t\t<div class=\"elementor-widget-wrap elementor-element-populated\">\n\t\t\t\t\t\t<div class=\"elementor-element elementor-element-5494bbd premium-modal-dismissible-yes elementor-widget elementor-widget-premium-addon-modal-box\" data-id=\"5494bbd\" data-element_type=\"widget\" data-settings=\"{&quot;premium_modal_box_animation&quot;:&quot;fadeInDown&quot;}\" data-widget_type=\"premium-addon-modal-box.default\">\n\t\t\t\t<div class=\"elementor-widget-container\">\n\t\t\t\t\t\r\n\t\t<div class=\"premium-modal-box-container\" data-settings=\"{&quot;trigger&quot;:&quot;image&quot;,&quot;show_on_exit&quot;:false}\">\r\n\t\t\t<div class=\"premium-modal-trigger-container\">\r\n\t\t\t\t\t\t\t\t\t<img decoding=\"async\" data-toggle=\"premium-modal\" data-target=\"#premium-modal-5494bbd\" class=\"premium-modal-trigger-img\" src=\"https:\/\/euspaceforum.com\/2025\/wp-content\/uploads\/2022\/09\/James-Cemmell-WebsiteMailing.png\" alt=\"James Cemmell\">\r\n\t\t\t\t\t\t\t<\/div>\r\n\r\n\t\t\t<div id=\"premium-modal-5494bbd\" class=\"premium-modal-box-modal\"\r\n\t\t\trole=\"dialog\"\r\n\t\t\tstyle=\"display: none\"\r\n\t\t\t>\r\n\t\t\t\t<div class=\"premium-modal-box-modal-dialog\" data-delay-animation=\"\" data-modal-animation=\"fadeInDown animated-fast\">\r\n\t\t\t\t\t\t\t\t\t\t\t<div class=\"premium-modal-box-modal-header\">\r\n\t\t\t\t\t\t\t\t\t\t\t\t\t\t\t<h3 class=\"premium-modal-box-modal-title\">\r\n\t\t\t\t\t\t\t\t\t\t\t\t<img decoding=\"async\" src=\"https:\/\/euspaceforum.com\/2025\/wp-content\/uploads\/2022\/09\/James-Cemmell-WebsiteMailing.png\" alt=\"James Cemmell\">\r\n\t\t\tJames Cemmell FRAeS, Vice President Institutional Partnerships, Open Cosmos\t\t\t\t\t\t\t\t<\/h3>\r\n\t\t\t\t\t\t\t\t\t\t\t\t\t\t\t\t\t\t\t\t\t\t<div class=\"premium-modal-box-close-button-container\">\r\n\t\t\t\t\t\t\t\t\t<button type=\"button\" class=\"premium-modal-box-modal-close\" data-dismiss=\"premium-modal\">&times;<\/button>\r\n\t\t\t\t\t\t\t\t<\/div>\r\n\t\t\t\t\t\t\t\t\t\t\t\t\t<\/div>\r\n\t\t\t\t\t\t\t\t\t\t<div class=\"premium-modal-box-modal-body\">\r\n\t\t\t\t\t\t<p><span style=\"font-weight: 400;\">James Cemmell is Vice President, Institutional Partnerships at Open Cosmos, one of Europe&#8217;s fastest growing space businesses.\u00a0 With nearly 20 years&#8217; experience in the European space sector, he has held leadership roles at the nexus of value creation and public policy.\u00a0 James has an MBA from the University of Cambridge, Downing College (awarded Academic Prize), a first class degree in mathematics, and a masters degree in international development.\u00a0 James is a fellow of the Royal Aeronautical Society, interested in governmental space strategy and leveraging space for public benefit.\u00a0 His interest in European public policy started with a four year stint as a student politician with the European Student Union (ESU) many years ago&#8230;<\/span><\/p>\t\t\t\t\t<\/div>\r\n\t\t\t\t\t\t\t\t\t\t\t<div class=\"premium-modal-box-modal-footer\">\r\n\t\t\t\t\t\t\t<button type=\"button\" class=\"premium-modal-box-modal-lower-close\" data-dismiss=\"premium-modal\">\r\n\t\t\t\t\t\t\t\tClose\t\t\t\t\t\t\t<\/button>\r\n\t\t\t\t\t\t<\/div>\r\n\t\t\t\t\t\t\t\t\t<\/div>\r\n\t\t\t<\/div>\r\n\t\t<\/div>\r\n\r\n\t\t\t\t\t\t<\/div>\n\t\t\t\t<\/div>\n\t\t\t\t<div class=\"elementor-element elementor-element-8ad566b elementor-widget elementor-widget-heading\" data-id=\"8ad566b\" data-element_type=\"widget\" data-widget_type=\"heading.default\">\n\t\t\t\t<div class=\"elementor-widget-container\">\n\t\t\t\t\t<h3 class=\"elementor-heading-title elementor-size-default\">James Cemmell FRAeS<\/h3>\t\t\t\t<\/div>\n\t\t\t\t<\/div>\n\t\t\t\t<div class=\"elementor-element elementor-element-febbb64 elementor-widget elementor-widget-heading\" data-id=\"febbb64\" data-element_type=\"widget\" data-widget_type=\"heading.default\">\n\t\t\t\t<div class=\"elementor-widget-container\">\n\t\t\t\t\t<p class=\"elementor-heading-title elementor-size-default\">Vice President Institutional Partnerships<\/p>\t\t\t\t<\/div>\n\t\t\t\t<\/div>\n\t\t\t\t<div class=\"elementor-element elementor-element-85b925e elementor-widget elementor-widget-heading\" data-id=\"85b925e\" data-element_type=\"widget\" data-widget_type=\"heading.default\">\n\t\t\t\t<div class=\"elementor-widget-container\">\n\t\t\t\t\t<p class=\"elementor-heading-title elementor-size-default\">Open Cosmos<\/p>\t\t\t\t<\/div>\n\t\t\t\t<\/div>\n\t\t\t\t\t<\/div>\n\t\t<\/div>\n\t\t\t\t<div class=\"elementor-column elementor-col-20 elementor-inner-column elementor-element elementor-element-fc69792\" data-id=\"fc69792\" data-element_type=\"column\">\n\t\t\t<div class=\"elementor-widget-wrap elementor-element-populated\">\n\t\t\t\t\t\t<div class=\"elementor-element elementor-element-35ca793 premium-modal-dismissible-yes elementor-widget elementor-widget-premium-addon-modal-box\" data-id=\"35ca793\" data-element_type=\"widget\" data-settings=\"{&quot;premium_modal_box_animation&quot;:&quot;fadeInDown&quot;}\" data-widget_type=\"premium-addon-modal-box.default\">\n\t\t\t\t<div class=\"elementor-widget-container\">\n\t\t\t\t\t\r\n\t\t<div class=\"premium-modal-box-container\" data-settings=\"{&quot;trigger&quot;:&quot;image&quot;,&quot;show_on_exit&quot;:false}\">\r\n\t\t\t<div class=\"premium-modal-trigger-container\">\r\n\t\t\t\t\t\t\t\t\t<img decoding=\"async\" data-toggle=\"premium-modal\" data-target=\"#premium-modal-35ca793\" class=\"premium-modal-trigger-img\" src=\"https:\/\/euspaceforum.com\/2025\/wp-content\/uploads\/2022\/09\/Pierre-Alain-Bosc-WebsiteMailing.png\" alt=\"Pierre-Alain Bosc\">\r\n\t\t\t\t\t\t\t<\/div>\r\n\r\n\t\t\t<div id=\"premium-modal-35ca793\" class=\"premium-modal-box-modal\"\r\n\t\t\trole=\"dialog\"\r\n\t\t\tstyle=\"display: none\"\r\n\t\t\t>\r\n\t\t\t\t<div class=\"premium-modal-box-modal-dialog\" data-delay-animation=\"\" data-modal-animation=\"fadeInDown animated-fast\">\r\n\t\t\t\t\t\t\t\t\t\t\t<div class=\"premium-modal-box-modal-header\">\r\n\t\t\t\t\t\t\t\t\t\t\t\t\t\t\t<h3 class=\"premium-modal-box-modal-title\">\r\n\t\t\t\t\t\t\t\t\t\t\t\t<img decoding=\"async\" src=\"https:\/\/euspaceforum.com\/2025\/wp-content\/uploads\/2022\/09\/Pierre-Alain-Bosc-WebsiteMailing.png\" alt=\"Pierre-Alain Bosc\">\r\n\t\t\tPierre-Alain Bosc, Regional Head of Sales for the GeoIntelligence Program Line, Airbus Defence and Space\t\t\t\t\t\t\t\t<\/h3>\r\n\t\t\t\t\t\t\t\t\t\t\t\t\t\t\t\t\t\t\t\t\t\t<div class=\"premium-modal-box-close-button-container\">\r\n\t\t\t\t\t\t\t\t\t<button type=\"button\" class=\"premium-modal-box-modal-close\" data-dismiss=\"premium-modal\">&times;<\/button>\r\n\t\t\t\t\t\t\t\t<\/div>\r\n\t\t\t\t\t\t\t\t\t\t\t\t\t<\/div>\r\n\t\t\t\t\t\t\t\t\t\t<div class=\"premium-modal-box-modal-body\">\r\n\t\t\t\t\t\t<p><span style=\"font-weight: 400;\">After attending the Ecole Nationale des Sciences G\u00e9ographiques, the School of Management d\u2019Aix Marseille Universit\u00e9 and the French Air Force Academy, Pierre-Alain Bosc started his career in the French Military as a combat pilot for the French Air Force. A few years later, he was nominated as \u201cHead of Studies and Assessment\u201d and then \u201cArmement project officer for General Staff\u201d for the French MoD. In total, Pierre-Alain Bosc dedicated 25 years of his life to serve in the French Military.<\/span><\/p><p><span style=\"font-weight: 400;\">He finally joined Astrium and hold several positions, including CEO of Spot Infoterra Hellas SAS, a subsidiary of Astrium in Greece. He, then, became French Defence Key Account Manager for Airbus DS Geo Intelligence and is now the Regional Head of Sales for the program line GeoIntelligence at Airbus Defence and Space.<\/span><\/p><p><span style=\"font-weight: 400;\">In addition of his career in the military and industry, Pierre-Alain served as a director of EARSC from 2018 to 2022, and is currently Chairman of the ENSG Geomatic Foundation.\u00a0<\/span><\/p>\t\t\t\t\t<\/div>\r\n\t\t\t\t\t\t\t\t\t\t\t<div class=\"premium-modal-box-modal-footer\">\r\n\t\t\t\t\t\t\t<button type=\"button\" class=\"premium-modal-box-modal-lower-close\" data-dismiss=\"premium-modal\">\r\n\t\t\t\t\t\t\t\tClose\t\t\t\t\t\t\t<\/button>\r\n\t\t\t\t\t\t<\/div>\r\n\t\t\t\t\t\t\t\t\t<\/div>\r\n\t\t\t<\/div>\r\n\t\t<\/div>\r\n\r\n\t\t\t\t\t\t<\/div>\n\t\t\t\t<\/div>\n\t\t\t\t<div class=\"elementor-element elementor-element-80ca109 elementor-widget elementor-widget-heading\" data-id=\"80ca109\" data-element_type=\"widget\" data-widget_type=\"heading.default\">\n\t\t\t\t<div class=\"elementor-widget-container\">\n\t\t\t\t\t<h3 class=\"elementor-heading-title elementor-size-default\">Pierre-Alain Bosc<\/h3>\t\t\t\t<\/div>\n\t\t\t\t<\/div>\n\t\t\t\t<div class=\"elementor-element elementor-element-27f8cb2 elementor-widget elementor-widget-heading\" data-id=\"27f8cb2\" data-element_type=\"widget\" data-widget_type=\"heading.default\">\n\t\t\t\t<div class=\"elementor-widget-container\">\n\t\t\t\t\t<p class=\"elementor-heading-title elementor-size-default\">Regional Head of Sales for the GeoIntelligence Program Line<\/p>\t\t\t\t<\/div>\n\t\t\t\t<\/div>\n\t\t\t\t<div class=\"elementor-element elementor-element-ceb914d elementor-widget elementor-widget-heading\" data-id=\"ceb914d\" data-element_type=\"widget\" data-widget_type=\"heading.default\">\n\t\t\t\t<div class=\"elementor-widget-container\">\n\t\t\t\t\t<p class=\"elementor-heading-title elementor-size-default\">Airbus Defence and Space<\/p>\t\t\t\t<\/div>\n\t\t\t\t<\/div>\n\t\t\t\t\t<\/div>\n\t\t<\/div>\n\t\t\t\t\t<\/div>\n\t\t<\/section>\n\t\t\t\t<section class=\"elementor-section elementor-inner-section elementor-element elementor-element-3a3b72c elementor-section-boxed elementor-section-height-default elementor-section-height-default\" data-id=\"3a3b72c\" data-element_type=\"section\">\n\t\t\t\t\t\t<div class=\"elementor-container elementor-column-gap-default\">\n\t\t\t\t\t<div class=\"elementor-column elementor-col-20 elementor-inner-column elementor-element elementor-element-ff7ae57\" data-id=\"ff7ae57\" data-element_type=\"column\">\n\t\t\t<div class=\"elementor-widget-wrap elementor-element-populated\">\n\t\t\t\t\t\t<div class=\"elementor-element elementor-element-d0eeae4 premium-modal-dismissible-yes elementor-widget elementor-widget-premium-addon-modal-box\" data-id=\"d0eeae4\" data-element_type=\"widget\" data-settings=\"{&quot;premium_modal_box_animation&quot;:&quot;fadeInDown&quot;}\" data-widget_type=\"premium-addon-modal-box.default\">\n\t\t\t\t<div class=\"elementor-widget-container\">\n\t\t\t\t\t\r\n\t\t<div class=\"premium-modal-box-container\" data-settings=\"{&quot;trigger&quot;:&quot;image&quot;,&quot;show_on_exit&quot;:false}\">\r\n\t\t\t<div class=\"premium-modal-trigger-container\">\r\n\t\t\t\t\t\t\t\t\t<img decoding=\"async\" data-toggle=\"premium-modal\" data-target=\"#premium-modal-d0eeae4\" class=\"premium-modal-trigger-img\" src=\"https:\/\/euspaceforum.com\/2025\/wp-content\/uploads\/2022\/09\/Anica-Huck-WebsiteMailing.png\" alt=\"Anica Huck\">\r\n\t\t\t\t\t\t\t<\/div>\r\n\r\n\t\t\t<div id=\"premium-modal-d0eeae4\" class=\"premium-modal-box-modal\"\r\n\t\t\trole=\"dialog\"\r\n\t\t\tstyle=\"display: none\"\r\n\t\t\t>\r\n\t\t\t\t<div class=\"premium-modal-box-modal-dialog\" data-delay-animation=\"\" data-modal-animation=\"fadeInDown animated-fast\">\r\n\t\t\t\t\t\t\t\t\t\t\t<div class=\"premium-modal-box-modal-header\">\r\n\t\t\t\t\t\t\t\t\t\t\t\t\t\t\t<h3 class=\"premium-modal-box-modal-title\">\r\n\t\t\t\t\t\t\t\t\t\t\t\t<img decoding=\"async\" src=\"https:\/\/euspaceforum.com\/2025\/wp-content\/uploads\/2022\/09\/Anica-Huck-WebsiteMailing.png\" alt=\"Anica Huck\">\r\n\t\t\tAnica Huck, Senior Manager Government Affairs Manager, European Space Imaging\t\t\t\t\t\t\t\t<\/h3>\r\n\t\t\t\t\t\t\t\t\t\t\t\t\t\t\t\t\t\t\t\t\t\t<div class=\"premium-modal-box-close-button-container\">\r\n\t\t\t\t\t\t\t\t\t<button type=\"button\" class=\"premium-modal-box-modal-close\" data-dismiss=\"premium-modal\">&times;<\/button>\r\n\t\t\t\t\t\t\t\t<\/div>\r\n\t\t\t\t\t\t\t\t\t\t\t\t\t<\/div>\r\n\t\t\t\t\t\t\t\t\t\t<div class=\"premium-modal-box-modal-body\">\r\n\t\t\t\t\t\t<p><span style=\"font-weight: 400;\">Ms. Anica Huck joined European Space Imaging in September 2024 taking on the role of the Senior Manager Government Affairs Manager. Her role includes interaction with European Organisations and national government agencies, policy analysis and participation in industry associations. She has more than15 years of experience in Earth Observation (EO) having worked for the Helmholtz Centre for Environmental Research, the European Space Agency, the European Commission and Planet. She has worked across the whole chain from data analytics to policy development helping to untap the potential of EO data to enabling policy makers, scientists, the private sector, and civil society to address social and environmental challenges.<\/span><\/p>\t\t\t\t\t<\/div>\r\n\t\t\t\t\t\t\t\t\t\t\t<div class=\"premium-modal-box-modal-footer\">\r\n\t\t\t\t\t\t\t<button type=\"button\" class=\"premium-modal-box-modal-lower-close\" data-dismiss=\"premium-modal\">\r\n\t\t\t\t\t\t\t\tClose\t\t\t\t\t\t\t<\/button>\r\n\t\t\t\t\t\t<\/div>\r\n\t\t\t\t\t\t\t\t\t<\/div>\r\n\t\t\t<\/div>\r\n\t\t<\/div>\r\n\r\n\t\t\t\t\t\t<\/div>\n\t\t\t\t<\/div>\n\t\t\t\t<div class=\"elementor-element elementor-element-65657b5 elementor-widget elementor-widget-heading\" data-id=\"65657b5\" data-element_type=\"widget\" data-widget_type=\"heading.default\">\n\t\t\t\t<div class=\"elementor-widget-container\">\n\t\t\t\t\t<h3 class=\"elementor-heading-title elementor-size-default\">Anica Huck<\/h3>\t\t\t\t<\/div>\n\t\t\t\t<\/div>\n\t\t\t\t<div class=\"elementor-element elementor-element-60db31a elementor-widget elementor-widget-heading\" data-id=\"60db31a\" data-element_type=\"widget\" data-widget_type=\"heading.default\">\n\t\t\t\t<div class=\"elementor-widget-container\">\n\t\t\t\t\t<p class=\"elementor-heading-title elementor-size-default\">Senior Manager Government Affairs Manager<\/p>\t\t\t\t<\/div>\n\t\t\t\t<\/div>\n\t\t\t\t<div class=\"elementor-element elementor-element-b0d51b6 elementor-widget elementor-widget-heading\" data-id=\"b0d51b6\" data-element_type=\"widget\" data-widget_type=\"heading.default\">\n\t\t\t\t<div class=\"elementor-widget-container\">\n\t\t\t\t\t<p class=\"elementor-heading-title elementor-size-default\">European Space Imaging<\/p>\t\t\t\t<\/div>\n\t\t\t\t<\/div>\n\t\t\t\t\t<\/div>\n\t\t<\/div>\n\t\t\t\t<div class=\"elementor-column elementor-col-20 elementor-inner-column elementor-element elementor-element-88c5730\" data-id=\"88c5730\" data-element_type=\"column\">\n\t\t\t<div class=\"elementor-widget-wrap elementor-element-populated\">\n\t\t\t\t\t\t<div class=\"elementor-element elementor-element-453d653 premium-modal-dismissible-yes elementor-widget elementor-widget-premium-addon-modal-box\" data-id=\"453d653\" data-element_type=\"widget\" data-settings=\"{&quot;premium_modal_box_animation&quot;:&quot;fadeInDown&quot;}\" data-widget_type=\"premium-addon-modal-box.default\">\n\t\t\t\t<div class=\"elementor-widget-container\">\n\t\t\t\t\t\r\n\t\t<div class=\"premium-modal-box-container\" data-settings=\"{&quot;trigger&quot;:&quot;image&quot;,&quot;show_on_exit&quot;:false}\">\r\n\t\t\t<div class=\"premium-modal-trigger-container\">\r\n\t\t\t\t\t\t\t\t\t<img decoding=\"async\" data-toggle=\"premium-modal\" data-target=\"#premium-modal-453d653\" class=\"premium-modal-trigger-img\" src=\"https:\/\/euspaceforum.com\/2025\/wp-content\/uploads\/2022\/09\/Rodolphe-Munoz-Website.png\" alt=\"Rodolphe Mu\u00f1oz\">\r\n\t\t\t\t\t\t\t<\/div>\r\n\r\n\t\t\t<div id=\"premium-modal-453d653\" class=\"premium-modal-box-modal\"\r\n\t\t\trole=\"dialog\"\r\n\t\t\tstyle=\"display: none\"\r\n\t\t\t>\r\n\t\t\t\t<div class=\"premium-modal-box-modal-dialog\" data-delay-animation=\"\" data-modal-animation=\"fadeInDown animated-fast\">\r\n\t\t\t\t\t\t\t\t\t\t\t<div class=\"premium-modal-box-modal-header\">\r\n\t\t\t\t\t\t\t\t\t\t\t\t\t\t\t<h3 class=\"premium-modal-box-modal-title\">\r\n\t\t\t\t\t\t\t\t\t\t\t\t<img decoding=\"async\" src=\"https:\/\/euspaceforum.com\/2025\/wp-content\/uploads\/2022\/09\/Rodolphe-Munoz-Website.png\" alt=\"Rodolphe Mu\u00f1oz\">\r\n\t\t\tRodolphe Mu\u00f1oz, Team Leader, Defence Industrial Programming Coordination, DG DEFIS, European Commission\t\t\t\t\t\t\t\t<\/h3>\r\n\t\t\t\t\t\t\t\t\t\t\t\t\t\t\t\t\t\t\t\t\t\t<div class=\"premium-modal-box-close-button-container\">\r\n\t\t\t\t\t\t\t\t\t<button type=\"button\" class=\"premium-modal-box-modal-close\" data-dismiss=\"premium-modal\">&times;<\/button>\r\n\t\t\t\t\t\t\t\t<\/div>\r\n\t\t\t\t\t\t\t\t\t\t\t\t\t<\/div>\r\n\t\t\t\t\t\t\t\t\t\t<div class=\"premium-modal-box-modal-body\">\r\n\t\t\t\t\t\t<p>Bio to follow<\/p>\t\t\t\t\t<\/div>\r\n\t\t\t\t\t\t\t\t\t\t\t<div class=\"premium-modal-box-modal-footer\">\r\n\t\t\t\t\t\t\t<button type=\"button\" class=\"premium-modal-box-modal-lower-close\" data-dismiss=\"premium-modal\">\r\n\t\t\t\t\t\t\t\tClose\t\t\t\t\t\t\t<\/button>\r\n\t\t\t\t\t\t<\/div>\r\n\t\t\t\t\t\t\t\t\t<\/div>\r\n\t\t\t<\/div>\r\n\t\t<\/div>\r\n\r\n\t\t\t\t\t\t<\/div>\n\t\t\t\t<\/div>\n\t\t\t\t<div class=\"elementor-element elementor-element-5f59cb2 elementor-widget elementor-widget-heading\" data-id=\"5f59cb2\" data-element_type=\"widget\" data-widget_type=\"heading.default\">\n\t\t\t\t<div class=\"elementor-widget-container\">\n\t\t\t\t\t<h3 class=\"elementor-heading-title elementor-size-default\">Rodolphe Mu\u00f1oz<\/h3>\t\t\t\t<\/div>\n\t\t\t\t<\/div>\n\t\t\t\t<div class=\"elementor-element elementor-element-cd5f33a elementor-widget elementor-widget-heading\" data-id=\"cd5f33a\" data-element_type=\"widget\" data-widget_type=\"heading.default\">\n\t\t\t\t<div class=\"elementor-widget-container\">\n\t\t\t\t\t<p class=\"elementor-heading-title elementor-size-default\">Team Leader, Defence Industrial Programming Coordination, DG DEFIS<\/p>\t\t\t\t<\/div>\n\t\t\t\t<\/div>\n\t\t\t\t<div class=\"elementor-element elementor-element-a383d26 elementor-widget elementor-widget-heading\" data-id=\"a383d26\" data-element_type=\"widget\" data-widget_type=\"heading.default\">\n\t\t\t\t<div class=\"elementor-widget-container\">\n\t\t\t\t\t<p class=\"elementor-heading-title elementor-size-default\">European Commission<\/p>\t\t\t\t<\/div>\n\t\t\t\t<\/div>\n\t\t\t\t\t<\/div>\n\t\t<\/div>\n\t\t\t\t<div class=\"elementor-column elementor-col-20 elementor-inner-column elementor-element elementor-element-f7aa120\" data-id=\"f7aa120\" data-element_type=\"column\">\n\t\t\t<div class=\"elementor-widget-wrap elementor-element-populated\">\n\t\t\t\t\t\t<div class=\"elementor-element elementor-element-8b09131 premium-modal-dismissible-yes elementor-widget elementor-widget-premium-addon-modal-box\" data-id=\"8b09131\" data-element_type=\"widget\" data-settings=\"{&quot;premium_modal_box_animation&quot;:&quot;fadeInDown&quot;}\" data-widget_type=\"premium-addon-modal-box.default\">\n\t\t\t\t<div class=\"elementor-widget-container\">\n\t\t\t\t\t\r\n\t\t<div class=\"premium-modal-box-container\" data-settings=\"{&quot;trigger&quot;:&quot;image&quot;,&quot;show_on_exit&quot;:false}\">\r\n\t\t\t<div class=\"premium-modal-trigger-container\">\r\n\t\t\t\t\t\t\t\t\t<img decoding=\"async\" data-toggle=\"premium-modal\" data-target=\"#premium-modal-8b09131\" class=\"premium-modal-trigger-img\" src=\"https:\/\/euspaceforum.com\/2025\/wp-content\/uploads\/2022\/09\/Matija-Rencelj-Website.png\" alt=\"Matija Rencelj\">\r\n\t\t\t\t\t\t\t<\/div>\r\n\r\n\t\t\t<div id=\"premium-modal-8b09131\" class=\"premium-modal-box-modal\"\r\n\t\t\trole=\"dialog\"\r\n\t\t\tstyle=\"display: none\"\r\n\t\t\t>\r\n\t\t\t\t<div class=\"premium-modal-box-modal-dialog\" data-delay-animation=\"\" data-modal-animation=\"fadeInDown animated-fast\">\r\n\t\t\t\t\t\t\t\t\t\t\t<div class=\"premium-modal-box-modal-header\">\r\n\t\t\t\t\t\t\t\t\t\t\t\t\t\t\t<h3 class=\"premium-modal-box-modal-title\">\r\n\t\t\t\t\t\t\t\t\t\t\t\t<img decoding=\"async\" src=\"https:\/\/euspaceforum.com\/2025\/wp-content\/uploads\/2022\/09\/Matija-Rencelj-Website.png\" alt=\"Matija Rencelj\">\r\n\t\t\tMatija Rencelj, Research Manager, ESPI \t\t\t\t\t\t\t\t<\/h3>\r\n\t\t\t\t\t\t\t\t\t\t\t\t\t\t\t\t\t\t\t\t\t\t<div class=\"premium-modal-box-close-button-container\">\r\n\t\t\t\t\t\t\t\t\t<button type=\"button\" class=\"premium-modal-box-modal-close\" data-dismiss=\"premium-modal\">&times;<\/button>\r\n\t\t\t\t\t\t\t\t<\/div>\r\n\t\t\t\t\t\t\t\t\t\t\t\t\t<\/div>\r\n\t\t\t\t\t\t\t\t\t\t<div class=\"premium-modal-box-modal-body\">\r\n\t\t\t\t\t\t<p><span style=\"font-weight: 400;\">Matija Rencelj is the Research Manager at the European Space Policy Institute (ESPI). His work focuses on inter-institutional relations, and European and global policy developments, with studies undertaken on topics ranging from orbital carrying capacity to the history of commercial space. He previously worked with the European Space Agency, the European Commission, in the aviation and commodities sectors, and started his career as a lawyer at a corporate law firm. He holds an LL.M. in Air &amp; Space Law from McGill University and a Law Degree from the University of Ljubljana. At ESPI, he first served as Research Fellow for two years, before taking on the responsibility to oversee the Institute\u2019s research output, manage day-to-day operations, and translate the Institute\u2019s work to real-world impact.<\/span><\/p>\t\t\t\t\t<\/div>\r\n\t\t\t\t\t\t\t\t\t\t\t<div class=\"premium-modal-box-modal-footer\">\r\n\t\t\t\t\t\t\t<button type=\"button\" class=\"premium-modal-box-modal-lower-close\" data-dismiss=\"premium-modal\">\r\n\t\t\t\t\t\t\t\tClose\t\t\t\t\t\t\t<\/button>\r\n\t\t\t\t\t\t<\/div>\r\n\t\t\t\t\t\t\t\t\t<\/div>\r\n\t\t\t<\/div>\r\n\t\t<\/div>\r\n\r\n\t\t\t\t\t\t<\/div>\n\t\t\t\t<\/div>\n\t\t\t\t<div class=\"elementor-element elementor-element-2544eeb elementor-widget elementor-widget-heading\" data-id=\"2544eeb\" data-element_type=\"widget\" data-widget_type=\"heading.default\">\n\t\t\t\t<div class=\"elementor-widget-container\">\n\t\t\t\t\t<h3 class=\"elementor-heading-title elementor-size-default\">Matija Rencelj<\/h3>\t\t\t\t<\/div>\n\t\t\t\t<\/div>\n\t\t\t\t<div class=\"elementor-element elementor-element-2d23cf0 elementor-widget elementor-widget-heading\" data-id=\"2d23cf0\" data-element_type=\"widget\" data-widget_type=\"heading.default\">\n\t\t\t\t<div class=\"elementor-widget-container\">\n\t\t\t\t\t<p class=\"elementor-heading-title elementor-size-default\">Research Manager<\/p>\t\t\t\t<\/div>\n\t\t\t\t<\/div>\n\t\t\t\t<div class=\"elementor-element elementor-element-072c18d elementor-widget elementor-widget-heading\" data-id=\"072c18d\" data-element_type=\"widget\" data-widget_type=\"heading.default\">\n\t\t\t\t<div class=\"elementor-widget-container\">\n\t\t\t\t\t<p class=\"elementor-heading-title elementor-size-default\">European Space Policy Institute (ESPI)<\/p>\t\t\t\t<\/div>\n\t\t\t\t<\/div>\n\t\t\t\t\t<\/div>\n\t\t<\/div>\n\t\t\t\t<div class=\"elementor-column elementor-col-20 elementor-inner-column elementor-element elementor-element-d17b2e7\" data-id=\"d17b2e7\" data-element_type=\"column\">\n\t\t\t<div class=\"elementor-widget-wrap elementor-element-populated\">\n\t\t\t\t\t\t<div class=\"elementor-element elementor-element-06ef759 premium-modal-dismissible-yes elementor-widget elementor-widget-premium-addon-modal-box\" data-id=\"06ef759\" data-element_type=\"widget\" data-settings=\"{&quot;premium_modal_box_animation&quot;:&quot;fadeInDown&quot;}\" data-widget_type=\"premium-addon-modal-box.default\">\n\t\t\t\t<div class=\"elementor-widget-container\">\n\t\t\t\t\t\r\n\t\t<div class=\"premium-modal-box-container\" data-settings=\"{&quot;trigger&quot;:&quot;image&quot;,&quot;show_on_exit&quot;:false}\">\r\n\t\t\t<div class=\"premium-modal-trigger-container\">\r\n\t\t\t\t\t\t\t\t\t<img decoding=\"async\" data-toggle=\"premium-modal\" data-target=\"#premium-modal-06ef759\" class=\"premium-modal-trigger-img\" src=\"https:\/\/euspaceforum.com\/2025\/wp-content\/uploads\/2022\/09\/Christian-Hesmann-Website.png\" alt=\"Christian He\u00dfmann\">\r\n\t\t\t\t\t\t\t<\/div>\r\n\r\n\t\t\t<div id=\"premium-modal-06ef759\" class=\"premium-modal-box-modal\"\r\n\t\t\trole=\"dialog\"\r\n\t\t\tstyle=\"display: none\"\r\n\t\t\t>\r\n\t\t\t\t<div class=\"premium-modal-box-modal-dialog\" data-delay-animation=\"\" data-modal-animation=\"fadeInDown animated-fast\">\r\n\t\t\t\t\t\t\t\t\t\t\t<div class=\"premium-modal-box-modal-header\">\r\n\t\t\t\t\t\t\t\t\t\t\t\t\t\t\t<h3 class=\"premium-modal-box-modal-title\">\r\n\t\t\t\t\t\t\t\t\t\t\t\t<img decoding=\"async\" src=\"https:\/\/euspaceforum.com\/2025\/wp-content\/uploads\/2022\/09\/Christian-Hesmann-Website.png\" alt=\"Christian He\u00dfmann\">\r\n\t\t\tChristian He\u00dfmann, Galileo Project Lead, DLR GfR\t\t\t\t\t\t\t\t<\/h3>\r\n\t\t\t\t\t\t\t\t\t\t\t\t\t\t\t\t\t\t\t\t\t\t<div class=\"premium-modal-box-close-button-container\">\r\n\t\t\t\t\t\t\t\t\t<button type=\"button\" class=\"premium-modal-box-modal-close\" data-dismiss=\"premium-modal\">&times;<\/button>\r\n\t\t\t\t\t\t\t\t<\/div>\r\n\t\t\t\t\t\t\t\t\t\t\t\t\t<\/div>\r\n\t\t\t\t\t\t\t\t\t\t<div class=\"premium-modal-box-modal-body\">\r\n\t\t\t\t\t\t<p><span style=\"font-weight: 400;\">Christian He\u00dfmann is Project Lead for GSOp at DLR GfR, where he oversees operations and service delivery from the Galileo Control Centre Germany in Oberpfaffenhofen, along with global L2\/L3 maintenance of the Galileo Ground Infrastructure.<\/span><\/p><p><span style=\"font-weight: 400;\">With over 20 years of experience in the Galileo Programme, he began as a TeleOp representative in the Galileo Concessionaire (2005\u20132007), later supporting the deployment of the first generation Ground Control Segment for Airbus UK. Since 2012, he has held key roles at DLR GfR and Spaceopal, including IT Manager, GSOp Bid Team member, and Engineering &amp; Evolution Manager at GSOp Prime level. He has been leading GSOp at DLR GfR since 2020.<\/span><\/p><p><span style=\"font-weight: 400;\">Christian holds a Diploma in Computer Science from the Technical University of Munich.<\/span><\/p>\t\t\t\t\t<\/div>\r\n\t\t\t\t\t\t\t\t\t\t\t<div class=\"premium-modal-box-modal-footer\">\r\n\t\t\t\t\t\t\t<button type=\"button\" class=\"premium-modal-box-modal-lower-close\" data-dismiss=\"premium-modal\">\r\n\t\t\t\t\t\t\t\tClose\t\t\t\t\t\t\t<\/button>\r\n\t\t\t\t\t\t<\/div>\r\n\t\t\t\t\t\t\t\t\t<\/div>\r\n\t\t\t<\/div>\r\n\t\t<\/div>\r\n\r\n\t\t\t\t\t\t<\/div>\n\t\t\t\t<\/div>\n\t\t\t\t<div class=\"elementor-element elementor-element-05b5eda elementor-widget elementor-widget-heading\" data-id=\"05b5eda\" data-element_type=\"widget\" data-widget_type=\"heading.default\">\n\t\t\t\t<div class=\"elementor-widget-container\">\n\t\t\t\t\t<h3 class=\"elementor-heading-title elementor-size-default\">Christian He\u00dfmann<\/h3>\t\t\t\t<\/div>\n\t\t\t\t<\/div>\n\t\t\t\t<div class=\"elementor-element elementor-element-b900237 elementor-widget elementor-widget-heading\" data-id=\"b900237\" data-element_type=\"widget\" data-widget_type=\"heading.default\">\n\t\t\t\t<div class=\"elementor-widget-container\">\n\t\t\t\t\t<p class=\"elementor-heading-title elementor-size-default\">Galileo Project Lead<\/p>\t\t\t\t<\/div>\n\t\t\t\t<\/div>\n\t\t\t\t<div class=\"elementor-element elementor-element-650473b elementor-widget elementor-widget-heading\" data-id=\"650473b\" data-element_type=\"widget\" data-widget_type=\"heading.default\">\n\t\t\t\t<div class=\"elementor-widget-container\">\n\t\t\t\t\t<p class=\"elementor-heading-title elementor-size-default\">DLR GfR<\/p>\t\t\t\t<\/div>\n\t\t\t\t<\/div>\n\t\t\t\t\t<\/div>\n\t\t<\/div>\n\t\t\t\t<div class=\"elementor-column elementor-col-20 elementor-inner-column elementor-element elementor-element-4f54bae\" data-id=\"4f54bae\" data-element_type=\"column\">\n\t\t\t<div class=\"elementor-widget-wrap elementor-element-populated\">\n\t\t\t\t\t\t<div class=\"elementor-element elementor-element-4a79a27 premium-modal-dismissible-yes elementor-widget elementor-widget-premium-addon-modal-box\" data-id=\"4a79a27\" data-element_type=\"widget\" data-settings=\"{&quot;premium_modal_box_animation&quot;:&quot;fadeInDown&quot;}\" data-widget_type=\"premium-addon-modal-box.default\">\n\t\t\t\t<div class=\"elementor-widget-container\">\n\t\t\t\t\t\r\n\t\t<div class=\"premium-modal-box-container\" data-settings=\"{&quot;trigger&quot;:&quot;image&quot;,&quot;show_on_exit&quot;:false}\">\r\n\t\t\t<div class=\"premium-modal-trigger-container\">\r\n\t\t\t\t\t\t\t\t\t<img decoding=\"async\" data-toggle=\"premium-modal\" data-target=\"#premium-modal-4a79a27\" class=\"premium-modal-trigger-img\" src=\"https:\/\/euspaceforum.com\/2025\/wp-content\/uploads\/2022\/09\/Florent-Mazurelle-WebsiteMailing.png\" alt=\"Florent Mazurelle\">\r\n\t\t\t\t\t\t\t<\/div>\r\n\r\n\t\t\t<div id=\"premium-modal-4a79a27\" class=\"premium-modal-box-modal\"\r\n\t\t\trole=\"dialog\"\r\n\t\t\tstyle=\"display: none\"\r\n\t\t\t>\r\n\t\t\t\t<div class=\"premium-modal-box-modal-dialog\" data-delay-animation=\"\" data-modal-animation=\"fadeInDown animated-fast\">\r\n\t\t\t\t\t\t\t\t\t\t\t<div class=\"premium-modal-box-modal-header\">\r\n\t\t\t\t\t\t\t\t\t\t\t\t\t\t\t<h3 class=\"premium-modal-box-modal-title\">\r\n\t\t\t\t\t\t\t\t\t\t\t\t<img decoding=\"async\" src=\"https:\/\/euspaceforum.com\/2025\/wp-content\/uploads\/2022\/09\/Florent-Mazurelle-WebsiteMailing.png\" alt=\"Florent Mazurelle\">\r\n\t\t\tFlorent Mazurelle, Principal Security Strategy Officer, ESA\t\t\t\t\t\t\t\t<\/h3>\r\n\t\t\t\t\t\t\t\t\t\t\t\t\t\t\t\t\t\t\t\t\t\t<div class=\"premium-modal-box-close-button-container\">\r\n\t\t\t\t\t\t\t\t\t<button type=\"button\" class=\"premium-modal-box-modal-close\" data-dismiss=\"premium-modal\">&times;<\/button>\r\n\t\t\t\t\t\t\t\t<\/div>\r\n\t\t\t\t\t\t\t\t\t\t\t\t\t<\/div>\r\n\t\t\t\t\t\t\t\t\t\t<div class=\"premium-modal-box-modal-body\">\r\n\t\t\t\t\t\t<p><span style=\"font-weight: 400;\">Two decades of experience in complex international relations analysis and European policy making, with specific emphasis on European affairs and the defence sector, through contributions as both legal and policy officer for the European Space Agency, European Defence Agency and European Commission.<\/span><\/p><p><span style=\"font-weight: 400;\">This experience reinforces an academic background in public international law and international relations (Paris 10 Nanterre and American University\u2019s Washington College of Law).<\/span><\/p><p><i><span style=\"font-weight: 400;\">Current position<\/span><\/i><span style=\"font-weight: 400;\">: Principal Security Strategy Officer, Director General&#8217;s Cabinet, European Space Agency.<\/span><\/p><p><i><span style=\"font-weight: 400;\">Specialties<\/span><\/i><span style=\"font-weight: 400;\">: Policy making, security strategy, governance, international relations and negotiations, legal analysis (international and European law).<\/span><\/p><p><span style=\"font-weight: 400;\">Positions<\/span><\/p><ul><li style=\"font-weight: 400;\" aria-level=\"1\"><i><span style=\"font-weight: 400;\">European Space Agencies: 2001-03, 2008-13, 2017-25<\/span><\/i><\/li><\/ul><ul><li style=\"font-weight: 400;\" aria-level=\"1\"><i><span style=\"font-weight: 400;\">European Defence Agency: 2013-2017<\/span><\/i><\/li><\/ul><ul><li style=\"font-weight: 400;\" aria-level=\"1\"><i><span style=\"font-weight: 400;\">European Commission: 2003-2008<\/span><\/i><\/li><\/ul><p>\u00a0<\/p>\t\t\t\t\t<\/div>\r\n\t\t\t\t\t\t\t\t\t\t\t<div class=\"premium-modal-box-modal-footer\">\r\n\t\t\t\t\t\t\t<button type=\"button\" class=\"premium-modal-box-modal-lower-close\" data-dismiss=\"premium-modal\">\r\n\t\t\t\t\t\t\t\tClose\t\t\t\t\t\t\t<\/button>\r\n\t\t\t\t\t\t<\/div>\r\n\t\t\t\t\t\t\t\t\t<\/div>\r\n\t\t\t<\/div>\r\n\t\t<\/div>\r\n\r\n\t\t\t\t\t\t<\/div>\n\t\t\t\t<\/div>\n\t\t\t\t<div class=\"elementor-element elementor-element-13d1ec2 elementor-widget elementor-widget-heading\" data-id=\"13d1ec2\" data-element_type=\"widget\" data-widget_type=\"heading.default\">\n\t\t\t\t<div class=\"elementor-widget-container\">\n\t\t\t\t\t<h3 class=\"elementor-heading-title elementor-size-default\">Florent Mazurelle<\/h3>\t\t\t\t<\/div>\n\t\t\t\t<\/div>\n\t\t\t\t<div class=\"elementor-element elementor-element-5d16da0 elementor-widget elementor-widget-heading\" data-id=\"5d16da0\" data-element_type=\"widget\" data-widget_type=\"heading.default\">\n\t\t\t\t<div class=\"elementor-widget-container\">\n\t\t\t\t\t<p class=\"elementor-heading-title elementor-size-default\">Principal Security Strategy Officer<\/p>\t\t\t\t<\/div>\n\t\t\t\t<\/div>\n\t\t\t\t<div class=\"elementor-element elementor-element-110c90b elementor-widget elementor-widget-heading\" data-id=\"110c90b\" data-element_type=\"widget\" data-widget_type=\"heading.default\">\n\t\t\t\t<div class=\"elementor-widget-container\">\n\t\t\t\t\t<p class=\"elementor-heading-title elementor-size-default\">ESA<\/p>\t\t\t\t<\/div>\n\t\t\t\t<\/div>\n\t\t\t\t\t<\/div>\n\t\t<\/div>\n\t\t\t\t\t<\/div>\n\t\t<\/section>\n\t\t\t\t<section class=\"elementor-section elementor-inner-section elementor-element elementor-element-71be468 elementor-section-boxed elementor-section-height-default elementor-section-height-default\" data-id=\"71be468\" data-element_type=\"section\">\n\t\t\t\t\t\t<div class=\"elementor-container elementor-column-gap-default\">\n\t\t\t\t\t<div class=\"elementor-column elementor-col-20 elementor-inner-column elementor-element elementor-element-4572ae9\" data-id=\"4572ae9\" data-element_type=\"column\">\n\t\t\t<div class=\"elementor-widget-wrap elementor-element-populated\">\n\t\t\t\t\t\t<div class=\"elementor-element elementor-element-678e49a premium-modal-dismissible-yes elementor-widget elementor-widget-premium-addon-modal-box\" data-id=\"678e49a\" data-element_type=\"widget\" data-settings=\"{&quot;premium_modal_box_animation&quot;:&quot;fadeInDown&quot;}\" data-widget_type=\"premium-addon-modal-box.default\">\n\t\t\t\t<div class=\"elementor-widget-container\">\n\t\t\t\t\t\r\n\t\t<div class=\"premium-modal-box-container\" data-settings=\"{&quot;trigger&quot;:&quot;image&quot;,&quot;show_on_exit&quot;:false}\">\r\n\t\t\t<div class=\"premium-modal-trigger-container\">\r\n\t\t\t\t\t\t\t\t\t<img decoding=\"async\" data-toggle=\"premium-modal\" data-target=\"#premium-modal-678e49a\" class=\"premium-modal-trigger-img\" src=\"https:\/\/euspaceforum.com\/2025\/wp-content\/uploads\/2022\/09\/Torsten-Kriening-website.png\" alt=\"Torsten Kriening\">\r\n\t\t\t\t\t\t\t<\/div>\r\n\r\n\t\t\t<div id=\"premium-modal-678e49a\" class=\"premium-modal-box-modal\"\r\n\t\t\trole=\"dialog\"\r\n\t\t\tstyle=\"display: none\"\r\n\t\t\t>\r\n\t\t\t\t<div class=\"premium-modal-box-modal-dialog\" data-delay-animation=\"\" data-modal-animation=\"fadeInDown animated-fast\">\r\n\t\t\t\t\t\t\t\t\t\t\t<div class=\"premium-modal-box-modal-header\">\r\n\t\t\t\t\t\t\t\t\t\t\t\t\t\t\t<h3 class=\"premium-modal-box-modal-title\">\r\n\t\t\t\t\t\t\t\t\t\t\t\t<img decoding=\"async\" src=\"https:\/\/euspaceforum.com\/2025\/wp-content\/uploads\/2022\/09\/Torsten-Kriening-website.png\" alt=\"Torsten Kriening\">\r\n\t\t\tTorsten Kriening, Publisher and CEO, SpaceWatch.Global\t\t\t\t\t\t\t\t<\/h3>\r\n\t\t\t\t\t\t\t\t\t\t\t\t\t\t\t\t\t\t\t\t\t\t<div class=\"premium-modal-box-close-button-container\">\r\n\t\t\t\t\t\t\t\t\t<button type=\"button\" class=\"premium-modal-box-modal-close\" data-dismiss=\"premium-modal\">&times;<\/button>\r\n\t\t\t\t\t\t\t\t<\/div>\r\n\t\t\t\t\t\t\t\t\t\t\t\t\t<\/div>\r\n\t\t\t\t\t\t\t\t\t\t<div class=\"premium-modal-box-modal-body\">\r\n\t\t\t\t\t\t<p>Torsten Kriening is Publisher and CEO of SpaceWatch.Global, an independent platform for space activities in a geopolitical context.<\/p><p>He is a business executive with academic and professional experience in space management, satellite communications, and broadcast technology. He has an electrical and telecommunications engineering background and studied information technology and computer science at the Technical College Berlin. Torsten began his career as software developer, before moving into sales management and business development, working at companies including 3Com, Lucent Digital Video, SES Astra, Bertelsmann and PTScientists.<\/p><p>A proud Berliner with a global outlook, Torsten expanded his horizons even further by attending the International Space University (ISU) and earning an Executive MBA. His ISU thesis analysed the capacity-building visions and opportunities of countries in the Gulf region, and he brings experience developing strong and lasting business relationships with Middle Eastern countries. With the global Space Caf\u00e9\u00ae talk series and the Space Caf\u00e9\u00ae Podcast he created widely recognized space outreach formats.<\/p>\t\t\t\t\t<\/div>\r\n\t\t\t\t\t\t\t\t\t\t\t<div class=\"premium-modal-box-modal-footer\">\r\n\t\t\t\t\t\t\t<button type=\"button\" class=\"premium-modal-box-modal-lower-close\" data-dismiss=\"premium-modal\">\r\n\t\t\t\t\t\t\t\tClose\t\t\t\t\t\t\t<\/button>\r\n\t\t\t\t\t\t<\/div>\r\n\t\t\t\t\t\t\t\t\t<\/div>\r\n\t\t\t<\/div>\r\n\t\t<\/div>\r\n\r\n\t\t\t\t\t\t<\/div>\n\t\t\t\t<\/div>\n\t\t\t\t<div class=\"elementor-element elementor-element-0031124 elementor-widget elementor-widget-heading\" data-id=\"0031124\" data-element_type=\"widget\" data-widget_type=\"heading.default\">\n\t\t\t\t<div class=\"elementor-widget-container\">\n\t\t\t\t\t<h3 class=\"elementor-heading-title elementor-size-default\">Torsten Kriening<\/h3>\t\t\t\t<\/div>\n\t\t\t\t<\/div>\n\t\t\t\t<div class=\"elementor-element elementor-element-9dcdcff elementor-widget elementor-widget-heading\" data-id=\"9dcdcff\" data-element_type=\"widget\" data-widget_type=\"heading.default\">\n\t\t\t\t<div class=\"elementor-widget-container\">\n\t\t\t\t\t<p class=\"elementor-heading-title elementor-size-default\">Publisher and CEO<\/p>\t\t\t\t<\/div>\n\t\t\t\t<\/div>\n\t\t\t\t<div class=\"elementor-element elementor-element-3033f35 elementor-widget elementor-widget-heading\" data-id=\"3033f35\" data-element_type=\"widget\" data-widget_type=\"heading.default\">\n\t\t\t\t<div class=\"elementor-widget-container\">\n\t\t\t\t\t<p class=\"elementor-heading-title elementor-size-default\">SpaceWatch.Global<\/p>\t\t\t\t<\/div>\n\t\t\t\t<\/div>\n\t\t\t\t\t<\/div>\n\t\t<\/div>\n\t\t\t\t<div class=\"elementor-column elementor-col-20 elementor-inner-column elementor-element elementor-element-da2c3e8\" data-id=\"da2c3e8\" data-element_type=\"column\">\n\t\t\t<div class=\"elementor-widget-wrap elementor-element-populated\">\n\t\t\t\t\t\t<div class=\"elementor-element elementor-element-a5f4b10 premium-modal-dismissible-yes elementor-widget elementor-widget-premium-addon-modal-box\" data-id=\"a5f4b10\" data-element_type=\"widget\" data-settings=\"{&quot;premium_modal_box_animation&quot;:&quot;fadeInDown&quot;}\" data-widget_type=\"premium-addon-modal-box.default\">\n\t\t\t\t<div class=\"elementor-widget-container\">\n\t\t\t\t\t\r\n\t\t<div class=\"premium-modal-box-container\" data-settings=\"{&quot;trigger&quot;:&quot;image&quot;,&quot;show_on_exit&quot;:false}\">\r\n\t\t\t<div class=\"premium-modal-trigger-container\">\r\n\t\t\t\t\t\t\t\t\t<img decoding=\"async\" data-toggle=\"premium-modal\" data-target=\"#premium-modal-a5f4b10\" class=\"premium-modal-trigger-img\" src=\"https:\/\/euspaceforum.com\/2025\/wp-content\/uploads\/2022\/09\/Jaume-Sanpera-WebsiteMailing.png\" alt=\"Jaume Sanpera\">\r\n\t\t\t\t\t\t\t<\/div>\r\n\r\n\t\t\t<div id=\"premium-modal-a5f4b10\" class=\"premium-modal-box-modal\"\r\n\t\t\trole=\"dialog\"\r\n\t\t\tstyle=\"display: none\"\r\n\t\t\t>\r\n\t\t\t\t<div class=\"premium-modal-box-modal-dialog\" data-delay-animation=\"\" data-modal-animation=\"fadeInDown animated-fast\">\r\n\t\t\t\t\t\t\t\t\t\t\t<div class=\"premium-modal-box-modal-header\">\r\n\t\t\t\t\t\t\t\t\t\t\t\t\t\t\t<h3 class=\"premium-modal-box-modal-title\">\r\n\t\t\t\t\t\t\t\t\t\t\t\t<img decoding=\"async\" src=\"https:\/\/euspaceforum.com\/2025\/wp-content\/uploads\/2022\/09\/Jaume-Sanpera-WebsiteMailing.png\" alt=\"Jaume Sanpera\">\r\n\t\t\tJaume Sanpera, CEO, Sateliot\t\t\t\t\t\t\t\t<\/h3>\r\n\t\t\t\t\t\t\t\t\t\t\t\t\t\t\t\t\t\t\t\t\t\t<div class=\"premium-modal-box-close-button-container\">\r\n\t\t\t\t\t\t\t\t\t<button type=\"button\" class=\"premium-modal-box-modal-close\" data-dismiss=\"premium-modal\">&times;<\/button>\r\n\t\t\t\t\t\t\t\t<\/div>\r\n\t\t\t\t\t\t\t\t\t\t\t\t\t<\/div>\r\n\t\t\t\t\t\t\t\t\t\t<div class=\"premium-modal-box-modal-body\">\r\n\t\t\t\t\t\t<p><span style=\"font-weight: 400;\">Jaume Sanpera, Sateliot\u2019s CEO, is a seasoned executive with nearly 30 years of experience in the telecommunications industry. A prominent figure in Spanish technological entrepreneurship, he has founded multiple successful companies, including Eurona, the first telecom satellite operator in Europe listed on the stock market in 2010, and Ambientum, a leader in Spain\u2019s environmental sector. His ventures have gained wide international presence, solidifying his reputation as an expert in telecommunications. Jaume\u2019s achievements have earned him recognition in the media and forums, where he shares insights on innovation and leadership, further establishing his influence in the industry.<\/span><\/p>\t\t\t\t\t<\/div>\r\n\t\t\t\t\t\t\t\t\t\t\t<div class=\"premium-modal-box-modal-footer\">\r\n\t\t\t\t\t\t\t<button type=\"button\" class=\"premium-modal-box-modal-lower-close\" data-dismiss=\"premium-modal\">\r\n\t\t\t\t\t\t\t\tClose\t\t\t\t\t\t\t<\/button>\r\n\t\t\t\t\t\t<\/div>\r\n\t\t\t\t\t\t\t\t\t<\/div>\r\n\t\t\t<\/div>\r\n\t\t<\/div>\r\n\r\n\t\t\t\t\t\t<\/div>\n\t\t\t\t<\/div>\n\t\t\t\t<div class=\"elementor-element elementor-element-2afda2a elementor-widget elementor-widget-heading\" data-id=\"2afda2a\" data-element_type=\"widget\" data-widget_type=\"heading.default\">\n\t\t\t\t<div class=\"elementor-widget-container\">\n\t\t\t\t\t<h3 class=\"elementor-heading-title elementor-size-default\">Jaume Sanpera<\/h3>\t\t\t\t<\/div>\n\t\t\t\t<\/div>\n\t\t\t\t<div class=\"elementor-element elementor-element-ffddbce elementor-widget elementor-widget-heading\" data-id=\"ffddbce\" data-element_type=\"widget\" data-widget_type=\"heading.default\">\n\t\t\t\t<div class=\"elementor-widget-container\">\n\t\t\t\t\t<p class=\"elementor-heading-title elementor-size-default\">CEO<\/p>\t\t\t\t<\/div>\n\t\t\t\t<\/div>\n\t\t\t\t<div class=\"elementor-element elementor-element-fb9b805 elementor-widget elementor-widget-heading\" data-id=\"fb9b805\" data-element_type=\"widget\" data-widget_type=\"heading.default\">\n\t\t\t\t<div class=\"elementor-widget-container\">\n\t\t\t\t\t<p class=\"elementor-heading-title elementor-size-default\">Sateliot<\/p>\t\t\t\t<\/div>\n\t\t\t\t<\/div>\n\t\t\t\t\t<\/div>\n\t\t<\/div>\n\t\t\t\t<div class=\"elementor-column elementor-col-20 elementor-inner-column elementor-element elementor-element-3681980\" data-id=\"3681980\" data-element_type=\"column\">\n\t\t\t<div class=\"elementor-widget-wrap elementor-element-populated\">\n\t\t\t\t\t\t<div class=\"elementor-element elementor-element-163fe6a premium-modal-dismissible-yes elementor-widget elementor-widget-premium-addon-modal-box\" data-id=\"163fe6a\" data-element_type=\"widget\" data-settings=\"{&quot;premium_modal_box_animation&quot;:&quot;fadeInDown&quot;}\" data-widget_type=\"premium-addon-modal-box.default\">\n\t\t\t\t<div class=\"elementor-widget-container\">\n\t\t\t\t\t\r\n\t\t<div class=\"premium-modal-box-container\" data-settings=\"{&quot;trigger&quot;:&quot;image&quot;,&quot;show_on_exit&quot;:false}\">\r\n\t\t\t<div class=\"premium-modal-trigger-container\">\r\n\t\t\t\t\t\t\t\t\t<img decoding=\"async\" data-toggle=\"premium-modal\" data-target=\"#premium-modal-163fe6a\" class=\"premium-modal-trigger-img\" src=\"https:\/\/euspaceforum.com\/2025\/wp-content\/uploads\/2022\/09\/Emma-Marion-WebsiteMailing.png\" alt=\"Emma Marion\">\r\n\t\t\t\t\t\t\t<\/div>\r\n\r\n\t\t\t<div id=\"premium-modal-163fe6a\" class=\"premium-modal-box-modal\"\r\n\t\t\trole=\"dialog\"\r\n\t\t\tstyle=\"display: none\"\r\n\t\t\t>\r\n\t\t\t\t<div class=\"premium-modal-box-modal-dialog\" data-delay-animation=\"\" data-modal-animation=\"fadeInDown animated-fast\">\r\n\t\t\t\t\t\t\t\t\t\t\t<div class=\"premium-modal-box-modal-header\">\r\n\t\t\t\t\t\t\t\t\t\t\t\t\t\t\t<h3 class=\"premium-modal-box-modal-title\">\r\n\t\t\t\t\t\t\t\t\t\t\t\t<img decoding=\"async\" src=\"https:\/\/euspaceforum.com\/2025\/wp-content\/uploads\/2022\/09\/Emma-Marion-WebsiteMailing.png\" alt=\"Emma Marion\">\r\n\t\t\tEmma Marion, Associate, DLA Piper\t\t\t\t\t\t\t\t<\/h3>\r\n\t\t\t\t\t\t\t\t\t\t\t\t\t\t\t\t\t\t\t\t\t\t<div class=\"premium-modal-box-close-button-container\">\r\n\t\t\t\t\t\t\t\t\t<button type=\"button\" class=\"premium-modal-box-modal-close\" data-dismiss=\"premium-modal\">&times;<\/button>\r\n\t\t\t\t\t\t\t\t<\/div>\r\n\t\t\t\t\t\t\t\t\t\t\t\t\t<\/div>\r\n\t\t\t\t\t\t\t\t\t\t<div class=\"premium-modal-box-modal-body\">\r\n\t\t\t\t\t\t<p><span style=\"font-weight: 400;\">Emma Marion advises space, satellite, and telecommunications companies on regulatory and compliance matters before telecommunications regulators, including the United States Federal Communications Commission (FCC) and National Oceanic and Atmospheric Administration (NOAA).\u00a0 She assists companies in obtaining spectrum and imaging licenses, participating in rulemakings, coordinating market entry across multiple jurisdictions, and on issues relating to the International Telecommunication Union (ITU) Radio Regulations governing the international use of spectrum.\u00a0 Emma&#8217;s work spans a number of topics and has particularly focused on: licensing of novel space and satellite services, market access and global expansion, space safety and sustainability, communications equipment and infrastructure, and policy issues.\u00a0<\/span><\/p>\t\t\t\t\t<\/div>\r\n\t\t\t\t\t\t\t\t\t\t\t<div class=\"premium-modal-box-modal-footer\">\r\n\t\t\t\t\t\t\t<button type=\"button\" class=\"premium-modal-box-modal-lower-close\" data-dismiss=\"premium-modal\">\r\n\t\t\t\t\t\t\t\tClose\t\t\t\t\t\t\t<\/button>\r\n\t\t\t\t\t\t<\/div>\r\n\t\t\t\t\t\t\t\t\t<\/div>\r\n\t\t\t<\/div>\r\n\t\t<\/div>\r\n\r\n\t\t\t\t\t\t<\/div>\n\t\t\t\t<\/div>\n\t\t\t\t<div class=\"elementor-element elementor-element-3d999e3 elementor-widget elementor-widget-heading\" data-id=\"3d999e3\" data-element_type=\"widget\" data-widget_type=\"heading.default\">\n\t\t\t\t<div class=\"elementor-widget-container\">\n\t\t\t\t\t<h3 class=\"elementor-heading-title elementor-size-default\">Emma Marion<\/h3>\t\t\t\t<\/div>\n\t\t\t\t<\/div>\n\t\t\t\t<div class=\"elementor-element elementor-element-1d03c66 elementor-widget elementor-widget-heading\" data-id=\"1d03c66\" data-element_type=\"widget\" data-widget_type=\"heading.default\">\n\t\t\t\t<div class=\"elementor-widget-container\">\n\t\t\t\t\t<p class=\"elementor-heading-title elementor-size-default\">Associate<\/p>\t\t\t\t<\/div>\n\t\t\t\t<\/div>\n\t\t\t\t<div class=\"elementor-element elementor-element-157aec6 elementor-widget elementor-widget-heading\" data-id=\"157aec6\" data-element_type=\"widget\" data-widget_type=\"heading.default\">\n\t\t\t\t<div class=\"elementor-widget-container\">\n\t\t\t\t\t<p class=\"elementor-heading-title elementor-size-default\">DLA Piper<\/p>\t\t\t\t<\/div>\n\t\t\t\t<\/div>\n\t\t\t\t\t<\/div>\n\t\t<\/div>\n\t\t\t\t<div class=\"elementor-column elementor-col-20 elementor-inner-column elementor-element elementor-element-6e49a25\" data-id=\"6e49a25\" data-element_type=\"column\">\n\t\t\t<div class=\"elementor-widget-wrap elementor-element-populated\">\n\t\t\t\t\t\t<div class=\"elementor-element elementor-element-489163f premium-modal-dismissible-yes elementor-widget elementor-widget-premium-addon-modal-box\" data-id=\"489163f\" data-element_type=\"widget\" data-settings=\"{&quot;premium_modal_box_animation&quot;:&quot;fadeInDown&quot;}\" data-widget_type=\"premium-addon-modal-box.default\">\n\t\t\t\t<div class=\"elementor-widget-container\">\n\t\t\t\t\t\r\n\t\t<div class=\"premium-modal-box-container\" data-settings=\"{&quot;trigger&quot;:&quot;image&quot;,&quot;show_on_exit&quot;:false}\">\r\n\t\t\t<div class=\"premium-modal-trigger-container\">\r\n\t\t\t\t\t\t\t\t\t<img decoding=\"async\" data-toggle=\"premium-modal\" data-target=\"#premium-modal-489163f\" class=\"premium-modal-trigger-img\" src=\"https:\/\/euspaceforum.com\/2025\/wp-content\/uploads\/2022\/09\/Peng-Zhao-Website-1.png\" alt=\"Peng Zhao\">\r\n\t\t\t\t\t\t\t<\/div>\r\n\r\n\t\t\t<div id=\"premium-modal-489163f\" class=\"premium-modal-box-modal\"\r\n\t\t\trole=\"dialog\"\r\n\t\t\tstyle=\"display: none\"\r\n\t\t\t>\r\n\t\t\t\t<div class=\"premium-modal-box-modal-dialog\" data-delay-animation=\"\" data-modal-animation=\"fadeInDown animated-fast\">\r\n\t\t\t\t\t\t\t\t\t\t\t<div class=\"premium-modal-box-modal-header\">\r\n\t\t\t\t\t\t\t\t\t\t\t\t\t\t\t<h3 class=\"premium-modal-box-modal-title\">\r\n\t\t\t\t\t\t\t\t\t\t\t\t<img decoding=\"async\" src=\"https:\/\/euspaceforum.com\/2025\/wp-content\/uploads\/2022\/09\/Peng-Zhao-Website-1.png\" alt=\"Peng Zhao\">\r\n\t\t\tPeng Zhao, VP Policy and Regulatory, GSOA\t\t\t\t\t\t\t\t<\/h3>\r\n\t\t\t\t\t\t\t\t\t\t\t\t\t\t\t\t\t\t\t\t\t\t<div class=\"premium-modal-box-close-button-container\">\r\n\t\t\t\t\t\t\t\t\t<button type=\"button\" class=\"premium-modal-box-modal-close\" data-dismiss=\"premium-modal\">&times;<\/button>\r\n\t\t\t\t\t\t\t\t<\/div>\r\n\t\t\t\t\t\t\t\t\t\t\t\t\t<\/div>\r\n\t\t\t\t\t\t\t\t\t\t<div class=\"premium-modal-box-modal-body\">\r\n\t\t\t\t\t\t<p><span style=\"font-weight: 400;\">Peng is the Vice President of Policy &amp; Regulatory at GSOA, where he leads advocacy efforts around spectrum management, licencing, and national policy initiatives. With experience in telecoms, mobile, and satellites, he has advised governments and industry players globally.<\/span><\/p><p><span style=\"font-weight: 400;\">Previously at Eutelsat OneWeb, Peng shaped licencing frameworks for Low Earth Orbit constellations and satellite regulatory procedures for WRC-23. At GSMA, he ran a global campaign to improve spectrum licensing conditions for mobile operators, leading a global team of policy expert to engage with policymakers across developing markets.<\/span><\/p><p><span style=\"font-weight: 400;\">Peng holds a Master\u2019s in Telecommunication from the Swiss Federal Institute of Technology and an Executive MBA from London Business School. He speaks English, Mandarin, and French fluently.<\/span><\/p>\t\t\t\t\t<\/div>\r\n\t\t\t\t\t\t\t\t\t\t\t<div class=\"premium-modal-box-modal-footer\">\r\n\t\t\t\t\t\t\t<button type=\"button\" class=\"premium-modal-box-modal-lower-close\" data-dismiss=\"premium-modal\">\r\n\t\t\t\t\t\t\t\tClose\t\t\t\t\t\t\t<\/button>\r\n\t\t\t\t\t\t<\/div>\r\n\t\t\t\t\t\t\t\t\t<\/div>\r\n\t\t\t<\/div>\r\n\t\t<\/div>\r\n\r\n\t\t\t\t\t\t<\/div>\n\t\t\t\t<\/div>\n\t\t\t\t<div class=\"elementor-element elementor-element-6e0c069 elementor-widget elementor-widget-heading\" data-id=\"6e0c069\" data-element_type=\"widget\" data-widget_type=\"heading.default\">\n\t\t\t\t<div class=\"elementor-widget-container\">\n\t\t\t\t\t<h3 class=\"elementor-heading-title elementor-size-default\">Peng Zhao<\/h3>\t\t\t\t<\/div>\n\t\t\t\t<\/div>\n\t\t\t\t<div class=\"elementor-element elementor-element-8ea4dd5 elementor-widget elementor-widget-heading\" data-id=\"8ea4dd5\" data-element_type=\"widget\" data-widget_type=\"heading.default\">\n\t\t\t\t<div class=\"elementor-widget-container\">\n\t\t\t\t\t<p class=\"elementor-heading-title elementor-size-default\">VP Policy and Regulatory<\/p>\t\t\t\t<\/div>\n\t\t\t\t<\/div>\n\t\t\t\t<div class=\"elementor-element elementor-element-b980a2b elementor-widget elementor-widget-heading\" data-id=\"b980a2b\" data-element_type=\"widget\" data-widget_type=\"heading.default\">\n\t\t\t\t<div class=\"elementor-widget-container\">\n\t\t\t\t\t<p class=\"elementor-heading-title elementor-size-default\">GSOA<\/p>\t\t\t\t<\/div>\n\t\t\t\t<\/div>\n\t\t\t\t\t<\/div>\n\t\t<\/div>\n\t\t\t\t<div class=\"elementor-column elementor-col-20 elementor-inner-column elementor-element elementor-element-c27aa3d\" data-id=\"c27aa3d\" data-element_type=\"column\">\n\t\t\t<div class=\"elementor-widget-wrap elementor-element-populated\">\n\t\t\t\t\t\t<div class=\"elementor-element elementor-element-1e9a1a4 premium-modal-dismissible-yes elementor-widget elementor-widget-premium-addon-modal-box\" data-id=\"1e9a1a4\" data-element_type=\"widget\" data-settings=\"{&quot;premium_modal_box_animation&quot;:&quot;fadeInDown&quot;}\" data-widget_type=\"premium-addon-modal-box.default\">\n\t\t\t\t<div class=\"elementor-widget-container\">\n\t\t\t\t\t\r\n\t\t<div class=\"premium-modal-box-container\" data-settings=\"{&quot;trigger&quot;:&quot;image&quot;,&quot;show_on_exit&quot;:false}\">\r\n\t\t\t<div class=\"premium-modal-trigger-container\">\r\n\t\t\t\t\t\t\t\t\t<img decoding=\"async\" data-toggle=\"premium-modal\" data-target=\"#premium-modal-1e9a1a4\" class=\"premium-modal-trigger-img\" src=\"https:\/\/euspaceforum.com\/2025\/wp-content\/uploads\/2022\/09\/Thomas-Weissenberg-WebsiteMailing.png\" alt=\"Thomas Weissenberg\">\r\n\t\t\t\t\t\t\t<\/div>\r\n\r\n\t\t\t<div id=\"premium-modal-1e9a1a4\" class=\"premium-modal-box-modal\"\r\n\t\t\trole=\"dialog\"\r\n\t\t\tstyle=\"display: none\"\r\n\t\t\t>\r\n\t\t\t\t<div class=\"premium-modal-box-modal-dialog\" data-delay-animation=\"\" data-modal-animation=\"fadeInDown animated-fast\">\r\n\t\t\t\t\t\t\t\t\t\t\t<div class=\"premium-modal-box-modal-header\">\r\n\t\t\t\t\t\t\t\t\t\t\t\t\t\t\t<h3 class=\"premium-modal-box-modal-title\">\r\n\t\t\t\t\t\t\t\t\t\t\t\t<img decoding=\"async\" src=\"https:\/\/euspaceforum.com\/2025\/wp-content\/uploads\/2022\/09\/Thomas-Weissenberg-WebsiteMailing.png\" alt=\"Thomas Weissenberg\">\r\n\t\t\tThomas Weissenberg, Administrator, External Relations Department, ESA\t\t\t\t\t\t\t\t<\/h3>\r\n\t\t\t\t\t\t\t\t\t\t\t\t\t\t\t\t\t\t\t\t\t\t<div class=\"premium-modal-box-close-button-container\">\r\n\t\t\t\t\t\t\t\t\t<button type=\"button\" class=\"premium-modal-box-modal-close\" data-dismiss=\"premium-modal\">&times;<\/button>\r\n\t\t\t\t\t\t\t\t<\/div>\r\n\t\t\t\t\t\t\t\t\t\t\t\t\t<\/div>\r\n\t\t\t\t\t\t\t\t\t\t<div class=\"premium-modal-box-modal-body\">\r\n\t\t\t\t\t\t<p><span style=\"font-weight: 400;\">An economist by profession, Thomas Weissenberg entered the space arena in 2002 as an administrator of international relations at the German Aerospace Center, DLR. Following a few years working in the industrial policy domain of the German Space Agency, Thomas became Head of International Relations at DLR in 2010. In 2016, Thomas Weissenberg joined ESA again supporting its relations with international partners. Since then, Thomas served as ESA\u2019s representative at COPUOS, as Secretary of ESA\u2019s International Relations Committee and takes care of partnering with several regions of the world.<\/span><\/p>\t\t\t\t\t<\/div>\r\n\t\t\t\t\t\t\t\t\t\t\t<div class=\"premium-modal-box-modal-footer\">\r\n\t\t\t\t\t\t\t<button type=\"button\" class=\"premium-modal-box-modal-lower-close\" data-dismiss=\"premium-modal\">\r\n\t\t\t\t\t\t\t\tClose\t\t\t\t\t\t\t<\/button>\r\n\t\t\t\t\t\t<\/div>\r\n\t\t\t\t\t\t\t\t\t<\/div>\r\n\t\t\t<\/div>\r\n\t\t<\/div>\r\n\r\n\t\t\t\t\t\t<\/div>\n\t\t\t\t<\/div>\n\t\t\t\t<div class=\"elementor-element elementor-element-9bfaaa8 elementor-widget elementor-widget-heading\" data-id=\"9bfaaa8\" data-element_type=\"widget\" data-widget_type=\"heading.default\">\n\t\t\t\t<div class=\"elementor-widget-container\">\n\t\t\t\t\t<h3 class=\"elementor-heading-title elementor-size-default\">Thomas Weissenberg<\/h3>\t\t\t\t<\/div>\n\t\t\t\t<\/div>\n\t\t\t\t<div class=\"elementor-element elementor-element-60d321c elementor-widget elementor-widget-heading\" data-id=\"60d321c\" data-element_type=\"widget\" data-widget_type=\"heading.default\">\n\t\t\t\t<div class=\"elementor-widget-container\">\n\t\t\t\t\t<p class=\"elementor-heading-title elementor-size-default\">Administrator, External Relations Department<\/p>\t\t\t\t<\/div>\n\t\t\t\t<\/div>\n\t\t\t\t<div class=\"elementor-element elementor-element-c908ce6 elementor-widget elementor-widget-heading\" data-id=\"c908ce6\" data-element_type=\"widget\" data-widget_type=\"heading.default\">\n\t\t\t\t<div class=\"elementor-widget-container\">\n\t\t\t\t\t<p class=\"elementor-heading-title elementor-size-default\">ESA<\/p>\t\t\t\t<\/div>\n\t\t\t\t<\/div>\n\t\t\t\t\t<\/div>\n\t\t<\/div>\n\t\t\t\t\t<\/div>\n\t\t<\/section>\n\t\t\t\t<section class=\"elementor-section elementor-inner-section elementor-element elementor-element-f5b213f elementor-section-boxed elementor-section-height-default elementor-section-height-default\" data-id=\"f5b213f\" data-element_type=\"section\">\n\t\t\t\t\t\t<div class=\"elementor-container elementor-column-gap-default\">\n\t\t\t\t\t<div class=\"elementor-column elementor-col-20 elementor-inner-column elementor-element elementor-element-46c611e\" data-id=\"46c611e\" data-element_type=\"column\">\n\t\t\t<div class=\"elementor-widget-wrap elementor-element-populated\">\n\t\t\t\t\t\t<div class=\"elementor-element elementor-element-06158e7 premium-modal-dismissible-yes elementor-widget elementor-widget-premium-addon-modal-box\" data-id=\"06158e7\" data-element_type=\"widget\" data-settings=\"{&quot;premium_modal_box_animation&quot;:&quot;fadeInDown&quot;}\" data-widget_type=\"premium-addon-modal-box.default\">\n\t\t\t\t<div class=\"elementor-widget-container\">\n\t\t\t\t\t\r\n\t\t<div class=\"premium-modal-box-container\" data-settings=\"{&quot;trigger&quot;:&quot;image&quot;,&quot;show_on_exit&quot;:false}\">\r\n\t\t\t<div class=\"premium-modal-trigger-container\">\r\n\t\t\t\t\t\t\t\t\t<img decoding=\"async\" data-toggle=\"premium-modal\" data-target=\"#premium-modal-06158e7\" class=\"premium-modal-trigger-img\" src=\"https:\/\/euspaceforum.com\/2025\/wp-content\/uploads\/2022\/09\/Kait-Bolongaro-WebsiteMailing-1.png\" alt=\"Kait Bolongaro\">\r\n\t\t\t\t\t\t\t<\/div>\r\n\r\n\t\t\t<div id=\"premium-modal-06158e7\" class=\"premium-modal-box-modal\"\r\n\t\t\trole=\"dialog\"\r\n\t\t\tstyle=\"display: none\"\r\n\t\t\t>\r\n\t\t\t\t<div class=\"premium-modal-box-modal-dialog\" data-delay-animation=\"\" data-modal-animation=\"fadeInDown animated-fast\">\r\n\t\t\t\t\t\t\t\t\t\t\t<div class=\"premium-modal-box-modal-header\">\r\n\t\t\t\t\t\t\t\t\t\t\t\t\t\t\t<h3 class=\"premium-modal-box-modal-title\">\r\n\t\t\t\t\t\t\t\t\t\t\t\t<img decoding=\"async\" src=\"https:\/\/euspaceforum.com\/2025\/wp-content\/uploads\/2022\/09\/Kait-Bolongaro-WebsiteMailing-1.png\" alt=\"Kait Bolongaro\">\r\n\t\t\tKait Bolongaro, Managing Editor for Europe, MLex\t\t\t\t\t\t\t\t<\/h3>\r\n\t\t\t\t\t\t\t\t\t\t\t\t\t\t\t\t\t\t\t\t\t\t<div class=\"premium-modal-box-close-button-container\">\r\n\t\t\t\t\t\t\t\t\t<button type=\"button\" class=\"premium-modal-box-modal-close\" data-dismiss=\"premium-modal\">&times;<\/button>\r\n\t\t\t\t\t\t\t\t<\/div>\r\n\t\t\t\t\t\t\t\t\t\t\t\t\t<\/div>\r\n\t\t\t\t\t\t\t\t\t\t<div class=\"premium-modal-box-modal-body\">\r\n\t\t\t\t\t\t<p><span style=\"font-weight: 400;\">Kait is the Managing Editor at MLex in Europe, where she leads a 25-strong editorial team covering a wide range of policy beats out of Brussels and London. She joined MLex in 2021 as the Senior Editor for the EU and UK. She previously worked as a reporter covering Canadian politics for Bloomberg and EU policy for Politico Europe. She was also a freelancer, reporting on politics, society, business and culture from five continents for outlets such as the BBC, the Guardian, VICE and Al Jazeera. Her reporting has won three prizes, including a silver medal from the United Nations Correspondents Association Global Prize on Climate Change in 2017 and a gold medal at the Canada Best in Business Awards from the Society of American Business Editors and Writers in 2021.<\/span><\/p>\t\t\t\t\t<\/div>\r\n\t\t\t\t\t\t\t\t\t\t\t<div class=\"premium-modal-box-modal-footer\">\r\n\t\t\t\t\t\t\t<button type=\"button\" class=\"premium-modal-box-modal-lower-close\" data-dismiss=\"premium-modal\">\r\n\t\t\t\t\t\t\t\tClose\t\t\t\t\t\t\t<\/button>\r\n\t\t\t\t\t\t<\/div>\r\n\t\t\t\t\t\t\t\t\t<\/div>\r\n\t\t\t<\/div>\r\n\t\t<\/div>\r\n\r\n\t\t\t\t\t\t<\/div>\n\t\t\t\t<\/div>\n\t\t\t\t<div class=\"elementor-element elementor-element-fb7e0d7 elementor-widget elementor-widget-heading\" data-id=\"fb7e0d7\" data-element_type=\"widget\" data-widget_type=\"heading.default\">\n\t\t\t\t<div class=\"elementor-widget-container\">\n\t\t\t\t\t<h3 class=\"elementor-heading-title elementor-size-default\">Kait Bolongaro<\/h3>\t\t\t\t<\/div>\n\t\t\t\t<\/div>\n\t\t\t\t<div class=\"elementor-element elementor-element-20c251b elementor-widget elementor-widget-heading\" data-id=\"20c251b\" data-element_type=\"widget\" data-widget_type=\"heading.default\">\n\t\t\t\t<div class=\"elementor-widget-container\">\n\t\t\t\t\t<p class=\"elementor-heading-title elementor-size-default\">Managing Editor for Europe<\/p>\t\t\t\t<\/div>\n\t\t\t\t<\/div>\n\t\t\t\t<div class=\"elementor-element elementor-element-51daa31 elementor-widget elementor-widget-heading\" data-id=\"51daa31\" data-element_type=\"widget\" data-widget_type=\"heading.default\">\n\t\t\t\t<div class=\"elementor-widget-container\">\n\t\t\t\t\t<p class=\"elementor-heading-title elementor-size-default\">MLex<\/p>\t\t\t\t<\/div>\n\t\t\t\t<\/div>\n\t\t\t\t\t<\/div>\n\t\t<\/div>\n\t\t\t\t<div class=\"elementor-column elementor-col-20 elementor-inner-column elementor-element elementor-element-7f3b15a\" data-id=\"7f3b15a\" data-element_type=\"column\">\n\t\t\t<div class=\"elementor-widget-wrap elementor-element-populated\">\n\t\t\t\t\t\t<div class=\"elementor-element elementor-element-42ca47e premium-modal-dismissible-yes elementor-widget elementor-widget-premium-addon-modal-box\" data-id=\"42ca47e\" data-element_type=\"widget\" data-settings=\"{&quot;premium_modal_box_animation&quot;:&quot;fadeInDown&quot;}\" data-widget_type=\"premium-addon-modal-box.default\">\n\t\t\t\t<div class=\"elementor-widget-container\">\n\t\t\t\t\t\r\n\t\t<div class=\"premium-modal-box-container\" data-settings=\"{&quot;trigger&quot;:&quot;image&quot;,&quot;show_on_exit&quot;:false}\">\r\n\t\t\t<div class=\"premium-modal-trigger-container\">\r\n\t\t\t\t\t\t\t\t\t<img decoding=\"async\" data-toggle=\"premium-modal\" data-target=\"#premium-modal-42ca47e\" class=\"premium-modal-trigger-img\" src=\"https:\/\/euspaceforum.com\/2025\/wp-content\/uploads\/2022\/09\/Tidiane-Ouattara-WebsiteMailing.png\" alt=\"Tidiane Ouattara\">\r\n\t\t\t\t\t\t\t<\/div>\r\n\r\n\t\t\t<div id=\"premium-modal-42ca47e\" class=\"premium-modal-box-modal\"\r\n\t\t\trole=\"dialog\"\r\n\t\t\tstyle=\"display: none\"\r\n\t\t\t>\r\n\t\t\t\t<div class=\"premium-modal-box-modal-dialog\" data-delay-animation=\"\" data-modal-animation=\"fadeInDown animated-fast\">\r\n\t\t\t\t\t\t\t\t\t\t\t<div class=\"premium-modal-box-modal-header\">\r\n\t\t\t\t\t\t\t\t\t\t\t\t\t\t\t<h3 class=\"premium-modal-box-modal-title\">\r\n\t\t\t\t\t\t\t\t\t\t\t\t<img decoding=\"async\" src=\"https:\/\/euspaceforum.com\/2025\/wp-content\/uploads\/2022\/09\/Tidiane-Ouattara-WebsiteMailing.png\" alt=\"Tidiane Ouattara\">\r\n\t\t\tH.E. Dr. Tidiane Ouattara, President, African Space Council\t\t\t\t\t\t\t\t<\/h3>\r\n\t\t\t\t\t\t\t\t\t\t\t\t\t\t\t\t\t\t\t\t\t\t<div class=\"premium-modal-box-close-button-container\">\r\n\t\t\t\t\t\t\t\t\t<button type=\"button\" class=\"premium-modal-box-modal-close\" data-dismiss=\"premium-modal\">&times;<\/button>\r\n\t\t\t\t\t\t\t\t<\/div>\r\n\t\t\t\t\t\t\t\t\t\t\t\t\t<\/div>\r\n\t\t\t\t\t\t\t\t\t\t<div class=\"premium-modal-box-modal-body\">\r\n\t\t\t\t\t\t<p><span style=\"font-weight: 400;\">Versatile bilingual professional with more than 24 years of experience in academia, private and public sectors in Canada, International organisation and abroad. Positions held span across strategic policy, program, research and operational dimensions. Fields of experience include leadership roles in space, program design and delivery, science and policy integration, geospatial data analysis and management (remote sensing and Geographical Information system (GIS)), environment (water erosion, wildlife conservation, landscape assessment and planning), R&amp;D, knowledge management and international relations. Accomplishments include:<\/span><\/p><ul><li><span style=\"font-weight: 400;\"> Mobilized national and international stakeholders with diverging interests;<\/span><\/li><li><span style=\"font-weight: 400;\"> Delivered strategic approaches and innovation in multidisciplinary contexts;<\/span><\/li><li><span style=\"font-weight: 400;\"> Exercised full accountabilities for HR and financial resources (20+ FTEs and $ 40 million) for several years; and<\/span><\/li><li><span style=\"font-weight: 400;\"> Led organizational transformations from inception to full operations<\/span><\/li><\/ul>\t\t\t\t\t<\/div>\r\n\t\t\t\t\t\t\t\t\t\t\t<div class=\"premium-modal-box-modal-footer\">\r\n\t\t\t\t\t\t\t<button type=\"button\" class=\"premium-modal-box-modal-lower-close\" data-dismiss=\"premium-modal\">\r\n\t\t\t\t\t\t\t\tClose\t\t\t\t\t\t\t<\/button>\r\n\t\t\t\t\t\t<\/div>\r\n\t\t\t\t\t\t\t\t\t<\/div>\r\n\t\t\t<\/div>\r\n\t\t<\/div>\r\n\r\n\t\t\t\t\t\t<\/div>\n\t\t\t\t<\/div>\n\t\t\t\t<div class=\"elementor-element elementor-element-6c3d46a elementor-widget elementor-widget-heading\" data-id=\"6c3d46a\" data-element_type=\"widget\" data-widget_type=\"heading.default\">\n\t\t\t\t<div class=\"elementor-widget-container\">\n\t\t\t\t\t<h3 class=\"elementor-heading-title elementor-size-default\">H.E. Dr. Tidiane Ouattara<\/h3>\t\t\t\t<\/div>\n\t\t\t\t<\/div>\n\t\t\t\t<div class=\"elementor-element elementor-element-98a2b96 elementor-widget elementor-widget-heading\" data-id=\"98a2b96\" data-element_type=\"widget\" data-widget_type=\"heading.default\">\n\t\t\t\t<div class=\"elementor-widget-container\">\n\t\t\t\t\t<p class=\"elementor-heading-title elementor-size-default\">President<\/p>\t\t\t\t<\/div>\n\t\t\t\t<\/div>\n\t\t\t\t<div class=\"elementor-element elementor-element-cee21e7 elementor-widget elementor-widget-heading\" data-id=\"cee21e7\" data-element_type=\"widget\" data-widget_type=\"heading.default\">\n\t\t\t\t<div class=\"elementor-widget-container\">\n\t\t\t\t\t<p class=\"elementor-heading-title elementor-size-default\">African Space Council<\/p>\t\t\t\t<\/div>\n\t\t\t\t<\/div>\n\t\t\t\t\t<\/div>\n\t\t<\/div>\n\t\t\t\t<div class=\"elementor-column elementor-col-20 elementor-inner-column elementor-element elementor-element-09eb8d0\" data-id=\"09eb8d0\" data-element_type=\"column\">\n\t\t\t<div class=\"elementor-widget-wrap elementor-element-populated\">\n\t\t\t\t\t\t<div class=\"elementor-element elementor-element-551ccda premium-modal-dismissible-yes elementor-widget elementor-widget-premium-addon-modal-box\" data-id=\"551ccda\" data-element_type=\"widget\" data-settings=\"{&quot;premium_modal_box_animation&quot;:&quot;fadeInDown&quot;}\" data-widget_type=\"premium-addon-modal-box.default\">\n\t\t\t\t<div class=\"elementor-widget-container\">\n\t\t\t\t\t\r\n\t\t<div class=\"premium-modal-box-container\" data-settings=\"{&quot;trigger&quot;:&quot;image&quot;,&quot;show_on_exit&quot;:false}\">\r\n\t\t\t<div class=\"premium-modal-trigger-container\">\r\n\t\t\t\t\t\t\t\t\t<img decoding=\"async\" data-toggle=\"premium-modal\" data-target=\"#premium-modal-551ccda\" class=\"premium-modal-trigger-img\" src=\"https:\/\/euspaceforum.com\/2025\/wp-content\/uploads\/2022\/09\/Alexander-Reissner-WebsiteMailing.png\" alt=\"Alexander Reissner\">\r\n\t\t\t\t\t\t\t<\/div>\r\n\r\n\t\t\t<div id=\"premium-modal-551ccda\" class=\"premium-modal-box-modal\"\r\n\t\t\trole=\"dialog\"\r\n\t\t\tstyle=\"display: none\"\r\n\t\t\t>\r\n\t\t\t\t<div class=\"premium-modal-box-modal-dialog\" data-delay-animation=\"\" data-modal-animation=\"fadeInDown animated-fast\">\r\n\t\t\t\t\t\t\t\t\t\t\t<div class=\"premium-modal-box-modal-header\">\r\n\t\t\t\t\t\t\t\t\t\t\t\t\t\t\t<h3 class=\"premium-modal-box-modal-title\">\r\n\t\t\t\t\t\t\t\t\t\t\t\t<img decoding=\"async\" src=\"https:\/\/euspaceforum.com\/2025\/wp-content\/uploads\/2022\/09\/Alexander-Reissner-WebsiteMailing.png\" alt=\"Alexander Reissner\">\r\n\t\t\tAlexander Reissner, CEO, Enpulsion\t\t\t\t\t\t\t\t<\/h3>\r\n\t\t\t\t\t\t\t\t\t\t\t\t\t\t\t\t\t\t\t\t\t\t<div class=\"premium-modal-box-close-button-container\">\r\n\t\t\t\t\t\t\t\t\t<button type=\"button\" class=\"premium-modal-box-modal-close\" data-dismiss=\"premium-modal\">&times;<\/button>\r\n\t\t\t\t\t\t\t\t<\/div>\r\n\t\t\t\t\t\t\t\t\t\t\t\t\t<\/div>\r\n\t\t\t\t\t\t\t\t\t\t<div class=\"premium-modal-box-modal-body\">\r\n\t\t\t\t\t\t<p><span style=\"font-weight: 400;\">In 2016, Alexander founded the company ENPULSION, which quickly established itself as an industry standard in the field of electric propulsion systems for SmallSats. He started his career in the space business with Beyond Gravity, formerly known as RUAG Space, working in Thermal Hardware and later in Mechanical Engineering on projects like Sentinel or Bepi Colombo. He then joined the Austrian Institute of Technology and became the Team Leader for Electric Propulsion Systems. In 2013, he became Department Head shortly after it was moved to FOTEC, the research subsidiary of the Wiener Neustadt University of Applied Sciences and doubled its size. His personal expertise covers hydrogen-based energy systems, as well as electric propulsion technologies. After graduating from the Technical University of Vienna with a Dpl.Ing. (MSc) in Physics, he started a PhD programme at the Korean Advanced Institute of Science and Technology (KAIST), then followed his supervisor to the Technical University of Dresden to complete the programme.<\/span><\/p>\t\t\t\t\t<\/div>\r\n\t\t\t\t\t\t\t\t\t\t\t<div class=\"premium-modal-box-modal-footer\">\r\n\t\t\t\t\t\t\t<button type=\"button\" class=\"premium-modal-box-modal-lower-close\" data-dismiss=\"premium-modal\">\r\n\t\t\t\t\t\t\t\tClose\t\t\t\t\t\t\t<\/button>\r\n\t\t\t\t\t\t<\/div>\r\n\t\t\t\t\t\t\t\t\t<\/div>\r\n\t\t\t<\/div>\r\n\t\t<\/div>\r\n\r\n\t\t\t\t\t\t<\/div>\n\t\t\t\t<\/div>\n\t\t\t\t<div class=\"elementor-element elementor-element-ebcb156 elementor-widget elementor-widget-heading\" data-id=\"ebcb156\" data-element_type=\"widget\" data-widget_type=\"heading.default\">\n\t\t\t\t<div class=\"elementor-widget-container\">\n\t\t\t\t\t<h3 class=\"elementor-heading-title elementor-size-default\">Alexander Reissner<\/h3>\t\t\t\t<\/div>\n\t\t\t\t<\/div>\n\t\t\t\t<div class=\"elementor-element elementor-element-447aebf elementor-widget elementor-widget-heading\" data-id=\"447aebf\" data-element_type=\"widget\" data-widget_type=\"heading.default\">\n\t\t\t\t<div class=\"elementor-widget-container\">\n\t\t\t\t\t<p class=\"elementor-heading-title elementor-size-default\">CEO<\/p>\t\t\t\t<\/div>\n\t\t\t\t<\/div>\n\t\t\t\t<div class=\"elementor-element elementor-element-0471775 elementor-widget elementor-widget-heading\" data-id=\"0471775\" data-element_type=\"widget\" data-widget_type=\"heading.default\">\n\t\t\t\t<div class=\"elementor-widget-container\">\n\t\t\t\t\t<p class=\"elementor-heading-title elementor-size-default\">Enpulsion<\/p>\t\t\t\t<\/div>\n\t\t\t\t<\/div>\n\t\t\t\t\t<\/div>\n\t\t<\/div>\n\t\t\t\t<div class=\"elementor-column elementor-col-20 elementor-inner-column elementor-element elementor-element-96bec9a\" data-id=\"96bec9a\" data-element_type=\"column\">\n\t\t\t<div class=\"elementor-widget-wrap elementor-element-populated\">\n\t\t\t\t\t\t<div class=\"elementor-element elementor-element-44aceba premium-modal-dismissible-yes elementor-widget elementor-widget-premium-addon-modal-box\" data-id=\"44aceba\" data-element_type=\"widget\" data-settings=\"{&quot;premium_modal_box_animation&quot;:&quot;fadeInDown&quot;}\" data-widget_type=\"premium-addon-modal-box.default\">\n\t\t\t\t<div class=\"elementor-widget-container\">\n\t\t\t\t\t\r\n\t\t<div class=\"premium-modal-box-container\" data-settings=\"{&quot;trigger&quot;:&quot;image&quot;,&quot;show_on_exit&quot;:false}\">\r\n\t\t\t<div class=\"premium-modal-trigger-container\">\r\n\t\t\t\t\t\t\t\t\t<img decoding=\"async\" data-toggle=\"premium-modal\" data-target=\"#premium-modal-44aceba\" class=\"premium-modal-trigger-img\" src=\"https:\/\/euspaceforum.com\/2025\/wp-content\/uploads\/2022\/09\/Jordi-Casanova-Tormo-WebsiteMailing.png\" alt=\"Jordi Casanova Tormo\">\r\n\t\t\t\t\t\t\t<\/div>\r\n\r\n\t\t\t<div id=\"premium-modal-44aceba\" class=\"premium-modal-box-modal\"\r\n\t\t\trole=\"dialog\"\r\n\t\t\tstyle=\"display: none\"\r\n\t\t\t>\r\n\t\t\t\t<div class=\"premium-modal-box-modal-dialog\" data-delay-animation=\"\" data-modal-animation=\"fadeInDown animated-fast\">\r\n\t\t\t\t\t\t\t\t\t\t\t<div class=\"premium-modal-box-modal-header\">\r\n\t\t\t\t\t\t\t\t\t\t\t\t\t\t\t<h3 class=\"premium-modal-box-modal-title\">\r\n\t\t\t\t\t\t\t\t\t\t\t\t<img decoding=\"async\" src=\"https:\/\/euspaceforum.com\/2025\/wp-content\/uploads\/2022\/09\/Jordi-Casanova-Tormo-WebsiteMailing.png\" alt=\"Jordi Casanova Tormo\">\r\n\t\t\tJordi Casanova Tormo, Head of Telecom &amp; Space, EU Public Policy, Amazon\t\t\t\t\t\t\t\t<\/h3>\r\n\t\t\t\t\t\t\t\t\t\t\t\t\t\t\t\t\t\t\t\t\t\t<div class=\"premium-modal-box-close-button-container\">\r\n\t\t\t\t\t\t\t\t\t<button type=\"button\" class=\"premium-modal-box-modal-close\" data-dismiss=\"premium-modal\">&times;<\/button>\r\n\t\t\t\t\t\t\t\t<\/div>\r\n\t\t\t\t\t\t\t\t\t\t\t\t\t<\/div>\r\n\t\t\t\t\t\t\t\t\t\t<div class=\"premium-modal-box-modal-body\">\r\n\t\t\t\t\t\t<p><span style=\"font-weight: 400;\">Currently Head of Telecoms and Space for Amazon\u2019s EU Public Policy team, Jordi Casanova has over a decade of experience in competition and regulatory economics across a wide range of fields. Before joining Amazon in 2023, he was a senior economist at the EFTA Surveillance Authority, following on from roles focusing on telecoms and competition at the European Commission, Ofcom and the Spanish Market and Competition Authority. Jordi holds degrees in economics from the University of Valencia and Universit\u00e9 Libre de Bruxelles, as well as an LLM from the College of Europe in Bruges. In addition to his interest in all things competition, regulation and policy, Jordi enjoys identifying promising startups to invest in and took his interest in viticulture to the next level as a co-owner of a start-up winery in his native Valencia.<\/span><\/p>\t\t\t\t\t<\/div>\r\n\t\t\t\t\t\t\t\t\t\t\t<div class=\"premium-modal-box-modal-footer\">\r\n\t\t\t\t\t\t\t<button type=\"button\" class=\"premium-modal-box-modal-lower-close\" data-dismiss=\"premium-modal\">\r\n\t\t\t\t\t\t\t\tClose\t\t\t\t\t\t\t<\/button>\r\n\t\t\t\t\t\t<\/div>\r\n\t\t\t\t\t\t\t\t\t<\/div>\r\n\t\t\t<\/div>\r\n\t\t<\/div>\r\n\r\n\t\t\t\t\t\t<\/div>\n\t\t\t\t<\/div>\n\t\t\t\t<div class=\"elementor-element elementor-element-5fc6f91 elementor-widget elementor-widget-heading\" data-id=\"5fc6f91\" data-element_type=\"widget\" data-widget_type=\"heading.default\">\n\t\t\t\t<div class=\"elementor-widget-container\">\n\t\t\t\t\t<h3 class=\"elementor-heading-title elementor-size-default\">Jordi Casanova Tormo<\/h3>\t\t\t\t<\/div>\n\t\t\t\t<\/div>\n\t\t\t\t<div class=\"elementor-element elementor-element-b90c2b4 elementor-widget elementor-widget-heading\" data-id=\"b90c2b4\" data-element_type=\"widget\" data-widget_type=\"heading.default\">\n\t\t\t\t<div class=\"elementor-widget-container\">\n\t\t\t\t\t<p class=\"elementor-heading-title elementor-size-default\">Head of Telecom &amp; Space, EU Public Policy<\/p>\t\t\t\t<\/div>\n\t\t\t\t<\/div>\n\t\t\t\t<div class=\"elementor-element elementor-element-7fc7a73 elementor-widget elementor-widget-heading\" data-id=\"7fc7a73\" data-element_type=\"widget\" data-widget_type=\"heading.default\">\n\t\t\t\t<div class=\"elementor-widget-container\">\n\t\t\t\t\t<p class=\"elementor-heading-title elementor-size-default\">Amazon <\/p>\t\t\t\t<\/div>\n\t\t\t\t<\/div>\n\t\t\t\t\t<\/div>\n\t\t<\/div>\n\t\t\t\t<div class=\"elementor-column elementor-col-20 elementor-inner-column elementor-element elementor-element-d2579b7\" data-id=\"d2579b7\" data-element_type=\"column\">\n\t\t\t<div class=\"elementor-widget-wrap elementor-element-populated\">\n\t\t\t\t\t\t<div class=\"elementor-element elementor-element-1976839 premium-modal-dismissible-yes elementor-widget elementor-widget-premium-addon-modal-box\" data-id=\"1976839\" data-element_type=\"widget\" data-settings=\"{&quot;premium_modal_box_animation&quot;:&quot;fadeInDown&quot;}\" data-widget_type=\"premium-addon-modal-box.default\">\n\t\t\t\t<div class=\"elementor-widget-container\">\n\t\t\t\t\t\r\n\t\t<div class=\"premium-modal-box-container\" data-settings=\"{&quot;trigger&quot;:&quot;image&quot;,&quot;show_on_exit&quot;:false}\">\r\n\t\t\t<div class=\"premium-modal-trigger-container\">\r\n\t\t\t\t\t\t\t\t\t<img decoding=\"async\" data-toggle=\"premium-modal\" data-target=\"#premium-modal-1976839\" class=\"premium-modal-trigger-img\" src=\"https:\/\/euspaceforum.com\/2025\/wp-content\/uploads\/2022\/09\/Josef-Koller-WebsiteMailing-1.png\" alt=\"Josef Koller\">\r\n\t\t\t\t\t\t\t<\/div>\r\n\r\n\t\t\t<div id=\"premium-modal-1976839\" class=\"premium-modal-box-modal\"\r\n\t\t\trole=\"dialog\"\r\n\t\t\tstyle=\"display: none\"\r\n\t\t\t>\r\n\t\t\t\t<div class=\"premium-modal-box-modal-dialog\" data-delay-animation=\"\" data-modal-animation=\"fadeInDown animated-fast\">\r\n\t\t\t\t\t\t\t\t\t\t\t<div class=\"premium-modal-box-modal-header\">\r\n\t\t\t\t\t\t\t\t\t\t\t\t\t\t\t<h3 class=\"premium-modal-box-modal-title\">\r\n\t\t\t\t\t\t\t\t\t\t\t\t<img decoding=\"async\" src=\"https:\/\/euspaceforum.com\/2025\/wp-content\/uploads\/2022\/09\/Josef-Koller-WebsiteMailing-1.png\" alt=\"Josef Koller\">\r\n\t\t\tJosef Koller, Principal, Space Safety and Sustainability, Amazon\t\t\t\t\t\t\t\t<\/h3>\r\n\t\t\t\t\t\t\t\t\t\t\t\t\t\t\t\t\t\t\t\t\t\t<div class=\"premium-modal-box-close-button-container\">\r\n\t\t\t\t\t\t\t\t\t<button type=\"button\" class=\"premium-modal-box-modal-close\" data-dismiss=\"premium-modal\">&times;<\/button>\r\n\t\t\t\t\t\t\t\t<\/div>\r\n\t\t\t\t\t\t\t\t\t\t\t\t\t<\/div>\r\n\t\t\t\t\t\t\t\t\t\t<div class=\"premium-modal-box-modal-body\">\r\n\t\t\t\t\t\t<p><span style=\"font-weight: 400;\">Dr. Josef Koller is the Head of Space Safety and Sustainability at Amazon, Project Kuiper, a low Earth orbit (LEO) satellite broadband network with the mission to provide affordable broadband connectivity to underserved communities around the world. Using his decade-long expertise in space sustainability, Koller leads Amazon&#8217;s efforts to promote space safety policies, in the U.S. and around the globe, in support of the sustainable development of satellite operations in space.<\/span><\/p><p><span style=\"font-weight: 400;\">Prior to Amazon, Koller served Systems Director for the Center for Space Policy and Strategy at The Aerospace Corporation and co-founder of the Space Safety Institute. He was also assigned as a senior advisor to the Office of the Secretary of Defense for Space Policy, where he directly supported key national and international strategy efforts for space-related U.S. government and policy matters. His portfolio included commercial remote sensing, space traffic management, and related congressional affairs. Prior to that assignment, Koller managed and co-led more than 40 scientists in the Space Science and Applications Group at Los Alamos National Laboratory. He also established and led the Los Alamos Space Weather Summer School to promote graduate student research and outreach at the laboratory.<\/span><\/p><p><span style=\"font-weight: 400;\">Koller has more than 25 years of experience in space sustainability, space science, space policy, astrophysics, and strategy development. He has authored more than 50 peer-reviewed scientific publications with over 2,000 citations. He is also on the Editorial Board of the Journal of Space Safety Engineering and has been quoted in a variety of media outlets including NBC News, New York Times, NPR Marketplace, Les Echos, SpaceNews, and Popular Science.<\/span><\/p><p><span style=\"font-weight: 400;\">Koller has a Ph.D. in Astrophysics from Rice University and Master\u2019s degrees in Physics and Astronomy from the University of Innsbruck, Austria.<\/span><\/p>\t\t\t\t\t<\/div>\r\n\t\t\t\t\t\t\t\t\t\t\t<div class=\"premium-modal-box-modal-footer\">\r\n\t\t\t\t\t\t\t<button type=\"button\" class=\"premium-modal-box-modal-lower-close\" data-dismiss=\"premium-modal\">\r\n\t\t\t\t\t\t\t\tClose\t\t\t\t\t\t\t<\/button>\r\n\t\t\t\t\t\t<\/div>\r\n\t\t\t\t\t\t\t\t\t<\/div>\r\n\t\t\t<\/div>\r\n\t\t<\/div>\r\n\r\n\t\t\t\t\t\t<\/div>\n\t\t\t\t<\/div>\n\t\t\t\t<div class=\"elementor-element elementor-element-9735e2b elementor-widget elementor-widget-heading\" data-id=\"9735e2b\" data-element_type=\"widget\" data-widget_type=\"heading.default\">\n\t\t\t\t<div class=\"elementor-widget-container\">\n\t\t\t\t\t<h3 class=\"elementor-heading-title elementor-size-default\">Josef Koller<\/h3>\t\t\t\t<\/div>\n\t\t\t\t<\/div>\n\t\t\t\t<div class=\"elementor-element elementor-element-5ef1f7a elementor-widget elementor-widget-heading\" data-id=\"5ef1f7a\" data-element_type=\"widget\" data-widget_type=\"heading.default\">\n\t\t\t\t<div class=\"elementor-widget-container\">\n\t\t\t\t\t<p class=\"elementor-heading-title elementor-size-default\">Principal, Space Safety and Sustainability<\/p>\t\t\t\t<\/div>\n\t\t\t\t<\/div>\n\t\t\t\t<div class=\"elementor-element elementor-element-fdf23a6 elementor-widget elementor-widget-heading\" data-id=\"fdf23a6\" data-element_type=\"widget\" data-widget_type=\"heading.default\">\n\t\t\t\t<div class=\"elementor-widget-container\">\n\t\t\t\t\t<p class=\"elementor-heading-title elementor-size-default\">Amazon<\/p>\t\t\t\t<\/div>\n\t\t\t\t<\/div>\n\t\t\t\t\t<\/div>\n\t\t<\/div>\n\t\t\t\t\t<\/div>\n\t\t<\/section>\n\t\t\t\t<section class=\"elementor-section elementor-inner-section elementor-element elementor-element-fc578b6 elementor-section-boxed elementor-section-height-default elementor-section-height-default\" data-id=\"fc578b6\" data-element_type=\"section\">\n\t\t\t\t\t\t<div class=\"elementor-container elementor-column-gap-default\">\n\t\t\t\t\t<div class=\"elementor-column elementor-col-20 elementor-inner-column elementor-element elementor-element-cfe89cd\" data-id=\"cfe89cd\" data-element_type=\"column\">\n\t\t\t<div class=\"elementor-widget-wrap elementor-element-populated\">\n\t\t\t\t\t\t<div class=\"elementor-element elementor-element-4e8204f premium-modal-dismissible-yes elementor-widget elementor-widget-premium-addon-modal-box\" data-id=\"4e8204f\" data-element_type=\"widget\" data-settings=\"{&quot;premium_modal_box_animation&quot;:&quot;fadeInDown&quot;}\" data-widget_type=\"premium-addon-modal-box.default\">\n\t\t\t\t<div class=\"elementor-widget-container\">\n\t\t\t\t\t\r\n\t\t<div class=\"premium-modal-box-container\" data-settings=\"{&quot;trigger&quot;:&quot;image&quot;,&quot;show_on_exit&quot;:false}\">\r\n\t\t\t<div class=\"premium-modal-trigger-container\">\r\n\t\t\t\t\t\t\t\t\t<img decoding=\"async\" data-toggle=\"premium-modal\" data-target=\"#premium-modal-4e8204f\" class=\"premium-modal-trigger-img\" src=\"https:\/\/euspaceforum.com\/2025\/wp-content\/uploads\/2022\/09\/Caitlin-Poling-WebsiteMailing.png\" alt=\"Caitlin Poling\">\r\n\t\t\t\t\t\t\t<\/div>\r\n\r\n\t\t\t<div id=\"premium-modal-4e8204f\" class=\"premium-modal-box-modal\"\r\n\t\t\trole=\"dialog\"\r\n\t\t\tstyle=\"display: none\"\r\n\t\t\t>\r\n\t\t\t\t<div class=\"premium-modal-box-modal-dialog\" data-delay-animation=\"\" data-modal-animation=\"fadeInDown animated-fast\">\r\n\t\t\t\t\t\t\t\t\t\t\t<div class=\"premium-modal-box-modal-header\">\r\n\t\t\t\t\t\t\t\t\t\t\t\t\t\t\t<h3 class=\"premium-modal-box-modal-title\">\r\n\t\t\t\t\t\t\t\t\t\t\t\t<img decoding=\"async\" src=\"https:\/\/euspaceforum.com\/2025\/wp-content\/uploads\/2022\/09\/Caitlin-Poling-WebsiteMailing.png\" alt=\"Caitlin Poling\">\r\n\t\t\tCaitlin Poling, Foreign Affairs Officer, Office of Space Affairs, U.S. Department of State\t\t\t\t\t\t\t\t<\/h3>\r\n\t\t\t\t\t\t\t\t\t\t\t\t\t\t\t\t\t\t\t\t\t\t<div class=\"premium-modal-box-close-button-container\">\r\n\t\t\t\t\t\t\t\t\t<button type=\"button\" class=\"premium-modal-box-modal-close\" data-dismiss=\"premium-modal\">&times;<\/button>\r\n\t\t\t\t\t\t\t\t<\/div>\r\n\t\t\t\t\t\t\t\t\t\t\t\t\t<\/div>\r\n\t\t\t\t\t\t\t\t\t\t<div class=\"premium-modal-box-modal-body\">\r\n\t\t\t\t\t\t<p><span style=\"font-weight: 400;\">Ms. Caitlin Poling is a Foreign Affairs Officer in the Office of Space Affairs in the U.S. State Department\u2019s Bureau of Oceans, International Environmental, and Scientific Affairs. In this role, she works to advance civil and commercial space diplomacy covering Europe, space resources, and the U.N. Committee on Peaceful Uses of Outer Space (UNCOPUOS).\u00a0 Previously, Ms. Poling served as a Political Specialist for the Multilateral and Technical Affairs Section of the U.S. Mission to International Organizations in Vienna (UNVIE), where she worked on the peaceful uses of outer space and Comprehensive Nuclear Test Ban Treaty Organization portfolios and served on the U.S. delegation to the CTBTO Preparatory Commission and UNCOPUOS. A veteran of Capitol Hill, Ms. Poling most recently served as National Security Advisor to Senator David Perdue (Georgia). In this role, her portfolio included foreign relations, defense, cyber security, and international trade issues. Previously, Ms. Poling served as Director of Government Relations at the Foreign Policy Initiative, a DC-based think tank, where she also wrote on Africa and counterterrorism policy. Her work has been published in <\/span><i><span style=\"font-weight: 400;\">U.S. News and World Report<\/span><\/i><span style=\"font-weight: 400;\">, <\/span><i><span style=\"font-weight: 400;\">The Weekly Standard<\/span><\/i><span style=\"font-weight: 400;\">, <\/span><i><span style=\"font-weight: 400;\">Huffington Post<\/span><\/i><span style=\"font-weight: 400;\">, <\/span><i><span style=\"font-weight: 400;\">State Magazine,<\/span><\/i><span style=\"font-weight: 400;\"> and <\/span><i><span style=\"font-weight: 400;\">e-International Relations<\/span><\/i><span style=\"font-weight: 400;\">. Ms. Poling spent four years in the U.S. House of Representatives, most recently working on foreign policy and homeland security for then-Congressman Mike Pompeo (KS-04).<\/span><\/p><p><span style=\"font-weight: 400;\">Ms. Poling graduated with honors from Georgetown University with a master\u2019s degree in international security studies in 2012. She wrote her master\u2019s thesis on Boko Haram and affiliated terrorist groups in the Sahel. Caitlin graduated <\/span><i><span style=\"font-weight: 400;\">summa cum laude<\/span><\/i><span style=\"font-weight: 400;\"> from Ashland University in Ohio with a Bachelor of Arts in Political Science, International Studies, and French (minor: International Business) and was a John M. Ashbrook Scholar.<\/span><\/p>\t\t\t\t\t<\/div>\r\n\t\t\t\t\t\t\t\t\t\t\t<div class=\"premium-modal-box-modal-footer\">\r\n\t\t\t\t\t\t\t<button type=\"button\" class=\"premium-modal-box-modal-lower-close\" data-dismiss=\"premium-modal\">\r\n\t\t\t\t\t\t\t\tClose\t\t\t\t\t\t\t<\/button>\r\n\t\t\t\t\t\t<\/div>\r\n\t\t\t\t\t\t\t\t\t<\/div>\r\n\t\t\t<\/div>\r\n\t\t<\/div>\r\n\r\n\t\t\t\t\t\t<\/div>\n\t\t\t\t<\/div>\n\t\t\t\t<div class=\"elementor-element elementor-element-a4bb424 elementor-widget elementor-widget-heading\" data-id=\"a4bb424\" data-element_type=\"widget\" data-widget_type=\"heading.default\">\n\t\t\t\t<div class=\"elementor-widget-container\">\n\t\t\t\t\t<h3 class=\"elementor-heading-title elementor-size-default\">Caitlin Poling<\/h3>\t\t\t\t<\/div>\n\t\t\t\t<\/div>\n\t\t\t\t<div class=\"elementor-element elementor-element-3468dbb elementor-widget elementor-widget-heading\" data-id=\"3468dbb\" data-element_type=\"widget\" data-widget_type=\"heading.default\">\n\t\t\t\t<div class=\"elementor-widget-container\">\n\t\t\t\t\t<p class=\"elementor-heading-title elementor-size-default\">Foreign Affairs Officer, Office of Space Affairs<\/p>\t\t\t\t<\/div>\n\t\t\t\t<\/div>\n\t\t\t\t<div class=\"elementor-element elementor-element-e7a49ce elementor-widget elementor-widget-heading\" data-id=\"e7a49ce\" data-element_type=\"widget\" data-widget_type=\"heading.default\">\n\t\t\t\t<div class=\"elementor-widget-container\">\n\t\t\t\t\t<p class=\"elementor-heading-title elementor-size-default\">U.S. Department of State<\/p>\t\t\t\t<\/div>\n\t\t\t\t<\/div>\n\t\t\t\t\t<\/div>\n\t\t<\/div>\n\t\t\t\t<div class=\"elementor-column elementor-col-20 elementor-inner-column elementor-element elementor-element-a226219\" data-id=\"a226219\" data-element_type=\"column\">\n\t\t\t<div class=\"elementor-widget-wrap elementor-element-populated\">\n\t\t\t\t\t\t<div class=\"elementor-element elementor-element-4598967 premium-modal-dismissible-yes elementor-widget elementor-widget-premium-addon-modal-box\" data-id=\"4598967\" data-element_type=\"widget\" data-settings=\"{&quot;premium_modal_box_animation&quot;:&quot;fadeInDown&quot;}\" data-widget_type=\"premium-addon-modal-box.default\">\n\t\t\t\t<div class=\"elementor-widget-container\">\n\t\t\t\t\t\r\n\t\t<div class=\"premium-modal-box-container\" data-settings=\"{&quot;trigger&quot;:&quot;image&quot;,&quot;show_on_exit&quot;:false}\">\r\n\t\t\t<div class=\"premium-modal-trigger-container\">\r\n\t\t\t\t\t\t\t\t\t<img decoding=\"async\" data-toggle=\"premium-modal\" data-target=\"#premium-modal-4598967\" class=\"premium-modal-trigger-img\" src=\"https:\/\/euspaceforum.com\/2025\/wp-content\/uploads\/2022\/09\/Nick-Sinanis-WebsiteMailing.png\" alt=\"Nick Sinanis\">\r\n\t\t\t\t\t\t\t<\/div>\r\n\r\n\t\t\t<div id=\"premium-modal-4598967\" class=\"premium-modal-box-modal\"\r\n\t\t\trole=\"dialog\"\r\n\t\t\tstyle=\"display: none\"\r\n\t\t\t>\r\n\t\t\t\t<div class=\"premium-modal-box-modal-dialog\" data-delay-animation=\"\" data-modal-animation=\"fadeInDown animated-fast\">\r\n\t\t\t\t\t\t\t\t\t\t\t<div class=\"premium-modal-box-modal-header\">\r\n\t\t\t\t\t\t\t\t\t\t\t\t\t\t\t<h3 class=\"premium-modal-box-modal-title\">\r\n\t\t\t\t\t\t\t\t\t\t\t\t<img decoding=\"async\" src=\"https:\/\/euspaceforum.com\/2025\/wp-content\/uploads\/2022\/09\/Nick-Sinanis-WebsiteMailing.png\" alt=\"Nick Sinanis\">\r\n\t\t\tNick Sinanis, Counsellor for ITU-R Study Group 4, ITU\t\t\t\t\t\t\t\t<\/h3>\r\n\t\t\t\t\t\t\t\t\t\t\t\t\t\t\t\t\t\t\t\t\t\t<div class=\"premium-modal-box-close-button-container\">\r\n\t\t\t\t\t\t\t\t\t<button type=\"button\" class=\"premium-modal-box-modal-close\" data-dismiss=\"premium-modal\">&times;<\/button>\r\n\t\t\t\t\t\t\t\t<\/div>\r\n\t\t\t\t\t\t\t\t\t\t\t\t\t<\/div>\r\n\t\t\t\t\t\t\t\t\t\t<div class=\"premium-modal-box-modal-body\">\r\n\t\t\t\t\t\t<p><span style=\"font-weight: 400;\">Nick Sinanis is the Counsellor for ITU-R Study Group 4 which deals with satellite radiocommunication services at ITU, ensuring the efficient collaboration among the ITU membership, facilitating the outcome of the studies of the World Radiocommunication Conference, delivering Recommendations and Reports. Previously he has covered another position in the ITU Space Services Department. He has extensive experience in regulatory telecommunications policy and processes for terrestrial and space radiocommunications.<\/span><\/p><p><span style=\"font-weight: 400;\">Nick holds a master\u2019s degree in physics and a doctorate degree in technical sciences. He has collaborated in the past with numerous universities, research centres and has several technical publications in network modelling and performance evaluation.<\/span><\/p>\t\t\t\t\t<\/div>\r\n\t\t\t\t\t\t\t\t\t\t\t<div class=\"premium-modal-box-modal-footer\">\r\n\t\t\t\t\t\t\t<button type=\"button\" class=\"premium-modal-box-modal-lower-close\" data-dismiss=\"premium-modal\">\r\n\t\t\t\t\t\t\t\tClose\t\t\t\t\t\t\t<\/button>\r\n\t\t\t\t\t\t<\/div>\r\n\t\t\t\t\t\t\t\t\t<\/div>\r\n\t\t\t<\/div>\r\n\t\t<\/div>\r\n\r\n\t\t\t\t\t\t<\/div>\n\t\t\t\t<\/div>\n\t\t\t\t<div class=\"elementor-element elementor-element-cb83f85 elementor-widget elementor-widget-heading\" data-id=\"cb83f85\" data-element_type=\"widget\" data-widget_type=\"heading.default\">\n\t\t\t\t<div class=\"elementor-widget-container\">\n\t\t\t\t\t<h3 class=\"elementor-heading-title elementor-size-default\">Nick Sinanis<\/h3>\t\t\t\t<\/div>\n\t\t\t\t<\/div>\n\t\t\t\t<div class=\"elementor-element elementor-element-d84d1aa elementor-widget elementor-widget-heading\" data-id=\"d84d1aa\" data-element_type=\"widget\" data-widget_type=\"heading.default\">\n\t\t\t\t<div class=\"elementor-widget-container\">\n\t\t\t\t\t<p class=\"elementor-heading-title elementor-size-default\">Counsellor for ITU-R Study Group 4<\/p>\t\t\t\t<\/div>\n\t\t\t\t<\/div>\n\t\t\t\t<div class=\"elementor-element elementor-element-7ca5ced elementor-widget elementor-widget-heading\" data-id=\"7ca5ced\" data-element_type=\"widget\" data-widget_type=\"heading.default\">\n\t\t\t\t<div class=\"elementor-widget-container\">\n\t\t\t\t\t<p class=\"elementor-heading-title elementor-size-default\">ITU<\/p>\t\t\t\t<\/div>\n\t\t\t\t<\/div>\n\t\t\t\t\t<\/div>\n\t\t<\/div>\n\t\t\t\t<div class=\"elementor-column elementor-col-20 elementor-inner-column elementor-element elementor-element-41de6fc\" data-id=\"41de6fc\" data-element_type=\"column\">\n\t\t\t<div class=\"elementor-widget-wrap elementor-element-populated\">\n\t\t\t\t\t\t<div class=\"elementor-element elementor-element-2b22d02 premium-modal-dismissible-yes elementor-widget elementor-widget-premium-addon-modal-box\" data-id=\"2b22d02\" data-element_type=\"widget\" data-settings=\"{&quot;premium_modal_box_animation&quot;:&quot;fadeInDown&quot;}\" data-widget_type=\"premium-addon-modal-box.default\">\n\t\t\t\t<div class=\"elementor-widget-container\">\n\t\t\t\t\t\r\n\t\t<div class=\"premium-modal-box-container\" data-settings=\"{&quot;trigger&quot;:&quot;image&quot;,&quot;show_on_exit&quot;:false}\">\r\n\t\t\t<div class=\"premium-modal-trigger-container\">\r\n\t\t\t\t\t\t\t\t\t<img decoding=\"async\" data-toggle=\"premium-modal\" data-target=\"#premium-modal-2b22d02\" class=\"premium-modal-trigger-img\" src=\"https:\/\/euspaceforum.com\/2025\/wp-content\/uploads\/2022\/09\/Elizabeth-Quintana-WebsiteMailing.png\" alt=\"Elizabeth Quintana\">\r\n\t\t\t\t\t\t\t<\/div>\r\n\r\n\t\t\t<div id=\"premium-modal-2b22d02\" class=\"premium-modal-box-modal\"\r\n\t\t\trole=\"dialog\"\r\n\t\t\tstyle=\"display: none\"\r\n\t\t\t>\r\n\t\t\t\t<div class=\"premium-modal-box-modal-dialog\" data-delay-animation=\"\" data-modal-animation=\"fadeInDown animated-fast\">\r\n\t\t\t\t\t\t\t\t\t\t\t<div class=\"premium-modal-box-modal-header\">\r\n\t\t\t\t\t\t\t\t\t\t\t\t\t\t\t<h3 class=\"premium-modal-box-modal-title\">\r\n\t\t\t\t\t\t\t\t\t\t\t\t<img decoding=\"async\" src=\"https:\/\/euspaceforum.com\/2025\/wp-content\/uploads\/2022\/09\/Elizabeth-Quintana-WebsiteMailing.png\" alt=\"Elizabeth Quintana\">\r\n\t\t\tElizabeth Quintana, Principal, Satellite Industry Engagement, Ofcom\t\t\t\t\t\t\t\t<\/h3>\r\n\t\t\t\t\t\t\t\t\t\t\t\t\t\t\t\t\t\t\t\t\t\t<div class=\"premium-modal-box-close-button-container\">\r\n\t\t\t\t\t\t\t\t\t<button type=\"button\" class=\"premium-modal-box-modal-close\" data-dismiss=\"premium-modal\">&times;<\/button>\r\n\t\t\t\t\t\t\t\t<\/div>\r\n\t\t\t\t\t\t\t\t\t\t\t\t\t<\/div>\r\n\t\t\t\t\t\t\t\t\t\t<div class=\"premium-modal-box-modal-body\">\r\n\t\t\t\t\t\t<p>Bio to follow.<\/p>\t\t\t\t\t<\/div>\r\n\t\t\t\t\t\t\t\t\t\t\t<div class=\"premium-modal-box-modal-footer\">\r\n\t\t\t\t\t\t\t<button type=\"button\" class=\"premium-modal-box-modal-lower-close\" data-dismiss=\"premium-modal\">\r\n\t\t\t\t\t\t\t\tClose\t\t\t\t\t\t\t<\/button>\r\n\t\t\t\t\t\t<\/div>\r\n\t\t\t\t\t\t\t\t\t<\/div>\r\n\t\t\t<\/div>\r\n\t\t<\/div>\r\n\r\n\t\t\t\t\t\t<\/div>\n\t\t\t\t<\/div>\n\t\t\t\t<div class=\"elementor-element elementor-element-482eb24 elementor-widget elementor-widget-heading\" data-id=\"482eb24\" data-element_type=\"widget\" data-widget_type=\"heading.default\">\n\t\t\t\t<div class=\"elementor-widget-container\">\n\t\t\t\t\t<h3 class=\"elementor-heading-title elementor-size-default\">Elizabeth Quintana<\/h3>\t\t\t\t<\/div>\n\t\t\t\t<\/div>\n\t\t\t\t<div class=\"elementor-element elementor-element-be782db elementor-widget elementor-widget-heading\" data-id=\"be782db\" data-element_type=\"widget\" data-widget_type=\"heading.default\">\n\t\t\t\t<div class=\"elementor-widget-container\">\n\t\t\t\t\t<p class=\"elementor-heading-title elementor-size-default\">Principal, Satellite Industry Engagement<\/p>\t\t\t\t<\/div>\n\t\t\t\t<\/div>\n\t\t\t\t<div class=\"elementor-element elementor-element-6c22193 elementor-widget elementor-widget-heading\" data-id=\"6c22193\" data-element_type=\"widget\" data-widget_type=\"heading.default\">\n\t\t\t\t<div class=\"elementor-widget-container\">\n\t\t\t\t\t<p class=\"elementor-heading-title elementor-size-default\">Ofcom<\/p>\t\t\t\t<\/div>\n\t\t\t\t<\/div>\n\t\t\t\t\t<\/div>\n\t\t<\/div>\n\t\t\t\t<div class=\"elementor-column elementor-col-20 elementor-inner-column elementor-element elementor-element-5da6731\" data-id=\"5da6731\" data-element_type=\"column\">\n\t\t\t<div class=\"elementor-widget-wrap elementor-element-populated\">\n\t\t\t\t\t\t<div class=\"elementor-element elementor-element-0338d06 premium-modal-dismissible-yes elementor-widget elementor-widget-premium-addon-modal-box\" data-id=\"0338d06\" data-element_type=\"widget\" data-settings=\"{&quot;premium_modal_box_animation&quot;:&quot;fadeInDown&quot;}\" data-widget_type=\"premium-addon-modal-box.default\">\n\t\t\t\t<div class=\"elementor-widget-container\">\n\t\t\t\t\t\r\n\t\t<div class=\"premium-modal-box-container\" data-settings=\"{&quot;trigger&quot;:&quot;image&quot;,&quot;show_on_exit&quot;:false}\">\r\n\t\t\t<div class=\"premium-modal-trigger-container\">\r\n\t\t\t\t\t\t\t\t\t<img decoding=\"async\" data-toggle=\"premium-modal\" data-target=\"#premium-modal-0338d06\" class=\"premium-modal-trigger-img\" src=\"https:\/\/euspaceforum.com\/2025\/wp-content\/uploads\/2022\/09\/Frederik-C.-Pedersen-WebsiteMailing-1.png\" alt=\"Frederik C. Pedersen\">\r\n\t\t\t\t\t\t\t<\/div>\r\n\r\n\t\t\t<div id=\"premium-modal-0338d06\" class=\"premium-modal-box-modal\"\r\n\t\t\trole=\"dialog\"\r\n\t\t\tstyle=\"display: none\"\r\n\t\t\t>\r\n\t\t\t\t<div class=\"premium-modal-box-modal-dialog\" data-delay-animation=\"\" data-modal-animation=\"fadeInDown animated-fast\">\r\n\t\t\t\t\t\t\t\t\t\t\t<div class=\"premium-modal-box-modal-header\">\r\n\t\t\t\t\t\t\t\t\t\t\t\t\t\t\t<h3 class=\"premium-modal-box-modal-title\">\r\n\t\t\t\t\t\t\t\t\t\t\t\t<img decoding=\"async\" src=\"https:\/\/euspaceforum.com\/2025\/wp-content\/uploads\/2022\/09\/Frederik-C.-Pedersen-WebsiteMailing-1.png\" alt=\"Frederik C. Pedersen\">\r\n\t\t\tFrederik C. Pedersen, Space Counsellor, Denmark\u2019s Permanent Representation to the EU\t\t\t\t\t\t\t\t<\/h3>\r\n\t\t\t\t\t\t\t\t\t\t\t\t\t\t\t\t\t\t\t\t\t\t<div class=\"premium-modal-box-close-button-container\">\r\n\t\t\t\t\t\t\t\t\t<button type=\"button\" class=\"premium-modal-box-modal-close\" data-dismiss=\"premium-modal\">&times;<\/button>\r\n\t\t\t\t\t\t\t\t<\/div>\r\n\t\t\t\t\t\t\t\t\t\t\t\t\t<\/div>\r\n\t\t\t\t\t\t\t\t\t\t<div class=\"premium-modal-box-modal-body\">\r\n\t\t\t\t\t\t<p><span style=\"font-weight: 400;\">Frederik Carsten Pedersen is the Danish Space Counsellor to the EU, and he has been stationed to Denmark&#8217;s Permanent Representation to the EU since January 2024.\u00a0 He has worked at the Danish Ministry of Higher Education and Science in various roles related to policy since 2010. Since 2022 he has focused on EU and space policy. Frederik holds a degree in History and Political Science from the University of Copenhagen. <\/span><\/p>\t\t\t\t\t<\/div>\r\n\t\t\t\t\t\t\t\t\t\t\t<div class=\"premium-modal-box-modal-footer\">\r\n\t\t\t\t\t\t\t<button type=\"button\" class=\"premium-modal-box-modal-lower-close\" data-dismiss=\"premium-modal\">\r\n\t\t\t\t\t\t\t\tClose\t\t\t\t\t\t\t<\/button>\r\n\t\t\t\t\t\t<\/div>\r\n\t\t\t\t\t\t\t\t\t<\/div>\r\n\t\t\t<\/div>\r\n\t\t<\/div>\r\n\r\n\t\t\t\t\t\t<\/div>\n\t\t\t\t<\/div>\n\t\t\t\t<div class=\"elementor-element elementor-element-fd18d74 elementor-widget elementor-widget-heading\" data-id=\"fd18d74\" data-element_type=\"widget\" data-widget_type=\"heading.default\">\n\t\t\t\t<div class=\"elementor-widget-container\">\n\t\t\t\t\t<h3 class=\"elementor-heading-title elementor-size-default\">Frederik C. Pedersen<\/h3>\t\t\t\t<\/div>\n\t\t\t\t<\/div>\n\t\t\t\t<div class=\"elementor-element elementor-element-d9b1984 elementor-widget elementor-widget-heading\" data-id=\"d9b1984\" data-element_type=\"widget\" data-widget_type=\"heading.default\">\n\t\t\t\t<div class=\"elementor-widget-container\">\n\t\t\t\t\t<p class=\"elementor-heading-title elementor-size-default\">Space Counsellor<\/p>\t\t\t\t<\/div>\n\t\t\t\t<\/div>\n\t\t\t\t<div class=\"elementor-element elementor-element-d08dcfe elementor-widget elementor-widget-heading\" data-id=\"d08dcfe\" data-element_type=\"widget\" data-widget_type=\"heading.default\">\n\t\t\t\t<div class=\"elementor-widget-container\">\n\t\t\t\t\t<p class=\"elementor-heading-title elementor-size-default\">Denmark\u2019s Permanent Representation to the EU<\/p>\t\t\t\t<\/div>\n\t\t\t\t<\/div>\n\t\t\t\t\t<\/div>\n\t\t<\/div>\n\t\t\t\t<div class=\"elementor-column elementor-col-20 elementor-inner-column elementor-element elementor-element-40d6bb3\" data-id=\"40d6bb3\" data-element_type=\"column\">\n\t\t\t<div class=\"elementor-widget-wrap elementor-element-populated\">\n\t\t\t\t\t\t<div class=\"elementor-element elementor-element-eba789a premium-modal-dismissible-yes elementor-widget elementor-widget-premium-addon-modal-box\" data-id=\"eba789a\" data-element_type=\"widget\" data-settings=\"{&quot;premium_modal_box_animation&quot;:&quot;fadeInDown&quot;}\" data-widget_type=\"premium-addon-modal-box.default\">\n\t\t\t\t<div class=\"elementor-widget-container\">\n\t\t\t\t\t\r\n\t\t<div class=\"premium-modal-box-container\" data-settings=\"{&quot;trigger&quot;:&quot;image&quot;,&quot;show_on_exit&quot;:false}\">\r\n\t\t\t<div class=\"premium-modal-trigger-container\">\r\n\t\t\t\t\t\t\t\t\t<img decoding=\"async\" data-toggle=\"premium-modal\" data-target=\"#premium-modal-eba789a\" class=\"premium-modal-trigger-img\" src=\"https:\/\/euspaceforum.com\/2025\/wp-content\/uploads\/2022\/09\/Giancarlo-Granero-WebsiteMailing.png\" alt=\"Giancarlo Granero\">\r\n\t\t\t\t\t\t\t<\/div>\r\n\r\n\t\t\t<div id=\"premium-modal-eba789a\" class=\"premium-modal-box-modal\"\r\n\t\t\trole=\"dialog\"\r\n\t\t\tstyle=\"display: none\"\r\n\t\t\t>\r\n\t\t\t\t<div class=\"premium-modal-box-modal-dialog\" data-delay-animation=\"\" data-modal-animation=\"fadeInDown animated-fast\">\r\n\t\t\t\t\t\t\t\t\t\t\t<div class=\"premium-modal-box-modal-header\">\r\n\t\t\t\t\t\t\t\t\t\t\t\t\t\t\t<h3 class=\"premium-modal-box-modal-title\">\r\n\t\t\t\t\t\t\t\t\t\t\t\t<img decoding=\"async\" src=\"https:\/\/euspaceforum.com\/2025\/wp-content\/uploads\/2022\/09\/Giancarlo-Granero-WebsiteMailing.png\" alt=\"Giancarlo Granero\">\r\n\t\t\tGiancarlo Granero, Head of Unit for Space Economy, DG DEFIS, European Commission\t\t\t\t\t\t\t\t<\/h3>\r\n\t\t\t\t\t\t\t\t\t\t\t\t\t\t\t\t\t\t\t\t\t\t<div class=\"premium-modal-box-close-button-container\">\r\n\t\t\t\t\t\t\t\t\t<button type=\"button\" class=\"premium-modal-box-modal-close\" data-dismiss=\"premium-modal\">&times;<\/button>\r\n\t\t\t\t\t\t\t\t<\/div>\r\n\t\t\t\t\t\t\t\t\t\t\t\t\t<\/div>\r\n\t\t\t\t\t\t\t\t\t\t<div class=\"premium-modal-box-modal-body\">\r\n\t\t\t\t\t\t<p><span style=\"font-weight: 400;\">Experienced Head Of Unit with a demonstrated history of working in the government administration industry. Skilled in Government, European Integration, European Studies, Environmental Awareness, and International Relations. Strong business development professional graduated from IMD Business School.<\/span><\/p>\t\t\t\t\t<\/div>\r\n\t\t\t\t\t\t\t\t\t\t\t<div class=\"premium-modal-box-modal-footer\">\r\n\t\t\t\t\t\t\t<button type=\"button\" class=\"premium-modal-box-modal-lower-close\" data-dismiss=\"premium-modal\">\r\n\t\t\t\t\t\t\t\tClose\t\t\t\t\t\t\t<\/button>\r\n\t\t\t\t\t\t<\/div>\r\n\t\t\t\t\t\t\t\t\t<\/div>\r\n\t\t\t<\/div>\r\n\t\t<\/div>\r\n\r\n\t\t\t\t\t\t<\/div>\n\t\t\t\t<\/div>\n\t\t\t\t<div class=\"elementor-element elementor-element-cd0f0ec elementor-widget elementor-widget-heading\" data-id=\"cd0f0ec\" data-element_type=\"widget\" data-widget_type=\"heading.default\">\n\t\t\t\t<div class=\"elementor-widget-container\">\n\t\t\t\t\t<h3 class=\"elementor-heading-title elementor-size-default\">Giancarlo Granero<\/h3>\t\t\t\t<\/div>\n\t\t\t\t<\/div>\n\t\t\t\t<div class=\"elementor-element elementor-element-9de1c77 elementor-widget elementor-widget-heading\" data-id=\"9de1c77\" data-element_type=\"widget\" data-widget_type=\"heading.default\">\n\t\t\t\t<div class=\"elementor-widget-container\">\n\t\t\t\t\t<p class=\"elementor-heading-title elementor-size-default\">Head of Unit for Space Economy, DG DEFIS<\/p>\t\t\t\t<\/div>\n\t\t\t\t<\/div>\n\t\t\t\t<div class=\"elementor-element elementor-element-cbe6993 elementor-widget elementor-widget-heading\" data-id=\"cbe6993\" data-element_type=\"widget\" data-widget_type=\"heading.default\">\n\t\t\t\t<div class=\"elementor-widget-container\">\n\t\t\t\t\t<p class=\"elementor-heading-title elementor-size-default\">European Commission<\/p>\t\t\t\t<\/div>\n\t\t\t\t<\/div>\n\t\t\t\t\t<\/div>\n\t\t<\/div>\n\t\t\t\t\t<\/div>\n\t\t<\/section>\n\t\t\t\t<section class=\"elementor-section elementor-inner-section elementor-element elementor-element-013a496 elementor-section-boxed elementor-section-height-default elementor-section-height-default\" data-id=\"013a496\" data-element_type=\"section\">\n\t\t\t\t\t\t<div class=\"elementor-container elementor-column-gap-default\">\n\t\t\t\t\t<div class=\"elementor-column elementor-col-20 elementor-inner-column elementor-element elementor-element-86dd0dc\" data-id=\"86dd0dc\" data-element_type=\"column\">\n\t\t\t<div class=\"elementor-widget-wrap elementor-element-populated\">\n\t\t\t\t\t\t<div class=\"elementor-element elementor-element-8a7b016 premium-modal-dismissible-yes elementor-widget elementor-widget-premium-addon-modal-box\" data-id=\"8a7b016\" data-element_type=\"widget\" data-settings=\"{&quot;premium_modal_box_animation&quot;:&quot;fadeInDown&quot;}\" data-widget_type=\"premium-addon-modal-box.default\">\n\t\t\t\t<div class=\"elementor-widget-container\">\n\t\t\t\t\t\r\n\t\t<div class=\"premium-modal-box-container\" data-settings=\"{&quot;trigger&quot;:&quot;image&quot;,&quot;show_on_exit&quot;:false}\">\r\n\t\t\t<div class=\"premium-modal-trigger-container\">\r\n\t\t\t\t\t\t\t\t\t<img decoding=\"async\" data-toggle=\"premium-modal\" data-target=\"#premium-modal-8a7b016\" class=\"premium-modal-trigger-img\" src=\"https:\/\/euspaceforum.com\/2025\/wp-content\/uploads\/2022\/09\/Isabella-Poldrugo-website-1.png\" alt=\"Isabella Poldrugo\">\r\n\t\t\t\t\t\t\t<\/div>\r\n\r\n\t\t\t<div id=\"premium-modal-8a7b016\" class=\"premium-modal-box-modal\"\r\n\t\t\trole=\"dialog\"\r\n\t\t\tstyle=\"display: none\"\r\n\t\t\t>\r\n\t\t\t\t<div class=\"premium-modal-box-modal-dialog\" data-delay-animation=\"\" data-modal-animation=\"fadeInDown animated-fast\">\r\n\t\t\t\t\t\t\t\t\t\t\t<div class=\"premium-modal-box-modal-header\">\r\n\t\t\t\t\t\t\t\t\t\t\t\t\t\t\t<h3 class=\"premium-modal-box-modal-title\">\r\n\t\t\t\t\t\t\t\t\t\t\t\t<img decoding=\"async\" src=\"https:\/\/euspaceforum.com\/2025\/wp-content\/uploads\/2022\/09\/Isabella-Poldrugo-website-1.png\" alt=\"Isabella Poldrugo\">\r\n\t\t\tIsabella Poldrugo, Deputy Head of Unit, Space Policy, DG DEFIS, European Commission\t\t\t\t\t\t\t\t<\/h3>\r\n\t\t\t\t\t\t\t\t\t\t\t\t\t\t\t\t\t\t\t\t\t\t<div class=\"premium-modal-box-close-button-container\">\r\n\t\t\t\t\t\t\t\t\t<button type=\"button\" class=\"premium-modal-box-modal-close\" data-dismiss=\"premium-modal\">&times;<\/button>\r\n\t\t\t\t\t\t\t\t<\/div>\r\n\t\t\t\t\t\t\t\t\t\t\t\t\t<\/div>\r\n\t\t\t\t\t\t\t\t\t\t<div class=\"premium-modal-box-modal-body\">\r\n\t\t\t\t\t\t<p><span style=\"font-weight: 400;\">Isabella Poldrugo is Acting Head of Unit the European Commission &#8211; Directorate-General for Defence Industry and Space (DEFIS), responsible for EU Space Policy.\u00a0 Objective of the unit is to design and ensure a coherent and overarching EU Space policy, including regulatory aspects and to foster an innovative and globally competitive EU Space ecosystem.<\/span><\/p><p><span style=\"font-weight: 400;\">Isabella joined the Commission in 2019, where she worked as policy officer in the Unit dealing with space policy in the Directorate-General for Defence Industry and Space (DG DEFIS).<\/span><\/p><p><span style=\"font-weight: 400;\">Before, she spent ten years in the European Parliament as policy advisor to Members of the European Parliament, dealing with dossiers on energy, industry and trade. She served also as policy advisor to the Italian Minister of Defence and to the Undersecretary of State for Defence.<\/span><\/p>\t\t\t\t\t<\/div>\r\n\t\t\t\t\t\t\t\t\t\t\t<div class=\"premium-modal-box-modal-footer\">\r\n\t\t\t\t\t\t\t<button type=\"button\" class=\"premium-modal-box-modal-lower-close\" data-dismiss=\"premium-modal\">\r\n\t\t\t\t\t\t\t\tClose\t\t\t\t\t\t\t<\/button>\r\n\t\t\t\t\t\t<\/div>\r\n\t\t\t\t\t\t\t\t\t<\/div>\r\n\t\t\t<\/div>\r\n\t\t<\/div>\r\n\r\n\t\t\t\t\t\t<\/div>\n\t\t\t\t<\/div>\n\t\t\t\t<div class=\"elementor-element elementor-element-e86827c elementor-widget elementor-widget-heading\" data-id=\"e86827c\" data-element_type=\"widget\" data-widget_type=\"heading.default\">\n\t\t\t\t<div class=\"elementor-widget-container\">\n\t\t\t\t\t<h3 class=\"elementor-heading-title elementor-size-default\">Isabella Poldrugo<\/h3>\t\t\t\t<\/div>\n\t\t\t\t<\/div>\n\t\t\t\t<div class=\"elementor-element elementor-element-56ec826 elementor-widget elementor-widget-heading\" data-id=\"56ec826\" data-element_type=\"widget\" data-widget_type=\"heading.default\">\n\t\t\t\t<div class=\"elementor-widget-container\">\n\t\t\t\t\t<p class=\"elementor-heading-title elementor-size-default\">Deputy Head of Unit, Space Policy, DG DEFIS<\/p>\t\t\t\t<\/div>\n\t\t\t\t<\/div>\n\t\t\t\t<div class=\"elementor-element elementor-element-63aa2fb elementor-widget elementor-widget-heading\" data-id=\"63aa2fb\" data-element_type=\"widget\" data-widget_type=\"heading.default\">\n\t\t\t\t<div class=\"elementor-widget-container\">\n\t\t\t\t\t<p class=\"elementor-heading-title elementor-size-default\">European Commission<\/p>\t\t\t\t<\/div>\n\t\t\t\t<\/div>\n\t\t\t\t\t<\/div>\n\t\t<\/div>\n\t\t\t\t<div class=\"elementor-column elementor-col-20 elementor-inner-column elementor-element elementor-element-23bea82\" data-id=\"23bea82\" data-element_type=\"column\">\n\t\t\t<div class=\"elementor-widget-wrap elementor-element-populated\">\n\t\t\t\t\t\t<div class=\"elementor-element elementor-element-ae705dd premium-modal-dismissible-yes elementor-widget elementor-widget-premium-addon-modal-box\" data-id=\"ae705dd\" data-element_type=\"widget\" data-settings=\"{&quot;premium_modal_box_animation&quot;:&quot;fadeInDown&quot;}\" data-widget_type=\"premium-addon-modal-box.default\">\n\t\t\t\t<div class=\"elementor-widget-container\">\n\t\t\t\t\t\r\n\t\t<div class=\"premium-modal-box-container\" data-settings=\"{&quot;trigger&quot;:&quot;image&quot;,&quot;show_on_exit&quot;:false}\">\r\n\t\t\t<div class=\"premium-modal-trigger-container\">\r\n\t\t\t\t\t\t\t\t\t<img decoding=\"async\" data-toggle=\"premium-modal\" data-target=\"#premium-modal-ae705dd\" class=\"premium-modal-trigger-img\" src=\"https:\/\/euspaceforum.com\/2025\/wp-content\/uploads\/2022\/09\/Laura-Gibson-\u2013-ten-Bloemendal-WebsiteMailing.png\" alt=\"Laura Gibson \u2013 ten Bloemendal\">\r\n\t\t\t\t\t\t\t<\/div>\r\n\r\n\t\t\t<div id=\"premium-modal-ae705dd\" class=\"premium-modal-box-modal\"\r\n\t\t\trole=\"dialog\"\r\n\t\t\tstyle=\"display: none\"\r\n\t\t\t>\r\n\t\t\t\t<div class=\"premium-modal-box-modal-dialog\" data-delay-animation=\"\" data-modal-animation=\"fadeInDown animated-fast\">\r\n\t\t\t\t\t\t\t\t\t\t\t<div class=\"premium-modal-box-modal-header\">\r\n\t\t\t\t\t\t\t\t\t\t\t\t\t\t\t<h3 class=\"premium-modal-box-modal-title\">\r\n\t\t\t\t\t\t\t\t\t\t\t\t<img decoding=\"async\" src=\"https:\/\/euspaceforum.com\/2025\/wp-content\/uploads\/2022\/09\/Laura-Gibson-\u2013-ten-Bloemendal-WebsiteMailing.png\" alt=\"Laura Gibson \u2013 ten Bloemendal\">\r\n\t\t\tLaura Gibson \u2013 ten Bloemendal, Strategic Partnerships Manager, TU Delft \u2013 Aerospace Engineering\t\t\t\t\t\t\t\t<\/h3>\r\n\t\t\t\t\t\t\t\t\t\t\t\t\t\t\t\t\t\t\t\t\t\t<div class=\"premium-modal-box-close-button-container\">\r\n\t\t\t\t\t\t\t\t\t<button type=\"button\" class=\"premium-modal-box-modal-close\" data-dismiss=\"premium-modal\">&times;<\/button>\r\n\t\t\t\t\t\t\t\t<\/div>\r\n\t\t\t\t\t\t\t\t\t\t\t\t\t<\/div>\r\n\t\t\t\t\t\t\t\t\t\t<div class=\"premium-modal-box-modal-body\">\r\n\t\t\t\t\t\t<p><span style=\"font-weight: 400;\">Laura is a strategic partnerships manager with both the analytical skills for strategy and the determination to make things happen. A constant student, she learns easily, adapts quickly, and applies skills with intention.<\/span><\/p><p><span style=\"font-weight: 400;\">She is most comfortable in multi-disciplinary and international environments, and tends to help bring people together who might have more in common than they would have seen on their own. Laura enjoys starting new endeavors, finding new solutions, and exploring new possibilities.<\/span><\/p>\t\t\t\t\t<\/div>\r\n\t\t\t\t\t\t\t\t\t\t\t<div class=\"premium-modal-box-modal-footer\">\r\n\t\t\t\t\t\t\t<button type=\"button\" class=\"premium-modal-box-modal-lower-close\" data-dismiss=\"premium-modal\">\r\n\t\t\t\t\t\t\t\tClose\t\t\t\t\t\t\t<\/button>\r\n\t\t\t\t\t\t<\/div>\r\n\t\t\t\t\t\t\t\t\t<\/div>\r\n\t\t\t<\/div>\r\n\t\t<\/div>\r\n\r\n\t\t\t\t\t\t<\/div>\n\t\t\t\t<\/div>\n\t\t\t\t<div class=\"elementor-element elementor-element-f76992f elementor-widget elementor-widget-heading\" data-id=\"f76992f\" data-element_type=\"widget\" data-widget_type=\"heading.default\">\n\t\t\t\t<div class=\"elementor-widget-container\">\n\t\t\t\t\t<h3 class=\"elementor-heading-title elementor-size-default\">Laura Gibson \u2013 ten Bloemendal<\/h3>\t\t\t\t<\/div>\n\t\t\t\t<\/div>\n\t\t\t\t<div class=\"elementor-element elementor-element-6f2dec6 elementor-widget elementor-widget-heading\" data-id=\"6f2dec6\" data-element_type=\"widget\" data-widget_type=\"heading.default\">\n\t\t\t\t<div class=\"elementor-widget-container\">\n\t\t\t\t\t<p class=\"elementor-heading-title elementor-size-default\">Strategic Partnerships Manager<\/p>\t\t\t\t<\/div>\n\t\t\t\t<\/div>\n\t\t\t\t<div class=\"elementor-element elementor-element-0e4d492 elementor-widget elementor-widget-heading\" data-id=\"0e4d492\" data-element_type=\"widget\" data-widget_type=\"heading.default\">\n\t\t\t\t<div class=\"elementor-widget-container\">\n\t\t\t\t\t<p class=\"elementor-heading-title elementor-size-default\">TU Delft \u2013 Aerospace Engineering <\/p>\t\t\t\t<\/div>\n\t\t\t\t<\/div>\n\t\t\t\t\t<\/div>\n\t\t<\/div>\n\t\t\t\t<div class=\"elementor-column elementor-col-20 elementor-inner-column elementor-element elementor-element-4209344\" data-id=\"4209344\" data-element_type=\"column\">\n\t\t\t<div class=\"elementor-widget-wrap elementor-element-populated\">\n\t\t\t\t\t\t<div class=\"elementor-element elementor-element-b51fb1f premium-modal-dismissible-yes elementor-widget elementor-widget-premium-addon-modal-box\" data-id=\"b51fb1f\" data-element_type=\"widget\" data-settings=\"{&quot;premium_modal_box_animation&quot;:&quot;fadeInDown&quot;}\" data-widget_type=\"premium-addon-modal-box.default\">\n\t\t\t\t<div class=\"elementor-widget-container\">\n\t\t\t\t\t\r\n\t\t<div class=\"premium-modal-box-container\" data-settings=\"{&quot;trigger&quot;:&quot;image&quot;,&quot;show_on_exit&quot;:false}\">\r\n\t\t\t<div class=\"premium-modal-trigger-container\">\r\n\t\t\t\t\t\t\t\t\t<img decoding=\"async\" data-toggle=\"premium-modal\" data-target=\"#premium-modal-b51fb1f\" class=\"premium-modal-trigger-img\" src=\"https:\/\/euspaceforum.com\/2025\/wp-content\/uploads\/2022\/09\/Edgar-Milic-WebsiteMailing.png\" alt=\"Edgar Milic\">\r\n\t\t\t\t\t\t\t<\/div>\r\n\r\n\t\t\t<div id=\"premium-modal-b51fb1f\" class=\"premium-modal-box-modal\"\r\n\t\t\trole=\"dialog\"\r\n\t\t\tstyle=\"display: none\"\r\n\t\t\t>\r\n\t\t\t\t<div class=\"premium-modal-box-modal-dialog\" data-delay-animation=\"\" data-modal-animation=\"fadeInDown animated-fast\">\r\n\t\t\t\t\t\t\t\t\t\t\t<div class=\"premium-modal-box-modal-header\">\r\n\t\t\t\t\t\t\t\t\t\t\t\t\t\t\t<h3 class=\"premium-modal-box-modal-title\">\r\n\t\t\t\t\t\t\t\t\t\t\t\t<img decoding=\"async\" src=\"https:\/\/euspaceforum.com\/2025\/wp-content\/uploads\/2022\/09\/Edgar-Milic-WebsiteMailing.png\" alt=\"Edgar Milic\">\r\n\t\t\tEdgar Milic, Managing Director for GomSpace Luxembourg and Strategic Business Growth Director, GomSpace\t\t\t\t\t\t\t\t<\/h3>\r\n\t\t\t\t\t\t\t\t\t\t\t\t\t\t\t\t\t\t\t\t\t\t<div class=\"premium-modal-box-close-button-container\">\r\n\t\t\t\t\t\t\t\t\t<button type=\"button\" class=\"premium-modal-box-modal-close\" data-dismiss=\"premium-modal\">&times;<\/button>\r\n\t\t\t\t\t\t\t\t<\/div>\r\n\t\t\t\t\t\t\t\t\t\t\t\t\t<\/div>\r\n\t\t\t\t\t\t\t\t\t\t<div class=\"premium-modal-box-modal-body\">\r\n\t\t\t\t\t\t<p><span style=\"font-weight: 400;\">Edgar is a passionate executive and space enthusiast with over 20 years of experience in the space, technology, and governmental sectors. He is currently Managing Director at GomSpace Luxembourg, a leader in small satellite solutions. Previously, he was the CEO of OHB LuxSpace, achieving a significant turnaround in three years. He also held leadership roles in business innovation and development at SES Satellites. Edgar&#8217;s early career includes project management for Earth Observation at GMV and service as an officer in the Italian Air Force. He holds advanced degrees in aerospace engineering and business, mentors startups, and has lectured on space business and entrepreneurship. He is a proud father of three kids.<\/span><\/p>\t\t\t\t\t<\/div>\r\n\t\t\t\t\t\t\t\t\t\t\t<div class=\"premium-modal-box-modal-footer\">\r\n\t\t\t\t\t\t\t<button type=\"button\" class=\"premium-modal-box-modal-lower-close\" data-dismiss=\"premium-modal\">\r\n\t\t\t\t\t\t\t\tClose\t\t\t\t\t\t\t<\/button>\r\n\t\t\t\t\t\t<\/div>\r\n\t\t\t\t\t\t\t\t\t<\/div>\r\n\t\t\t<\/div>\r\n\t\t<\/div>\r\n\r\n\t\t\t\t\t\t<\/div>\n\t\t\t\t<\/div>\n\t\t\t\t<div class=\"elementor-element elementor-element-254907a elementor-widget elementor-widget-heading\" data-id=\"254907a\" data-element_type=\"widget\" data-widget_type=\"heading.default\">\n\t\t\t\t<div class=\"elementor-widget-container\">\n\t\t\t\t\t<h3 class=\"elementor-heading-title elementor-size-default\">Edgar Milic<\/h3>\t\t\t\t<\/div>\n\t\t\t\t<\/div>\n\t\t\t\t<div class=\"elementor-element elementor-element-dab9109 elementor-widget elementor-widget-heading\" data-id=\"dab9109\" data-element_type=\"widget\" data-widget_type=\"heading.default\">\n\t\t\t\t<div class=\"elementor-widget-container\">\n\t\t\t\t\t<p class=\"elementor-heading-title elementor-size-default\">Managing Director for GomSpace Luxembourg and Strategic Business Growth Director<\/p>\t\t\t\t<\/div>\n\t\t\t\t<\/div>\n\t\t\t\t<div class=\"elementor-element elementor-element-dd9ea24 elementor-widget elementor-widget-heading\" data-id=\"dd9ea24\" data-element_type=\"widget\" data-widget_type=\"heading.default\">\n\t\t\t\t<div class=\"elementor-widget-container\">\n\t\t\t\t\t<p class=\"elementor-heading-title elementor-size-default\">GomSpace<\/p>\t\t\t\t<\/div>\n\t\t\t\t<\/div>\n\t\t\t\t\t<\/div>\n\t\t<\/div>\n\t\t\t\t<div class=\"elementor-column elementor-col-20 elementor-inner-column elementor-element elementor-element-03711c0\" data-id=\"03711c0\" data-element_type=\"column\">\n\t\t\t<div class=\"elementor-widget-wrap elementor-element-populated\">\n\t\t\t\t\t\t<div class=\"elementor-element elementor-element-085e5ba premium-modal-dismissible-yes elementor-widget elementor-widget-premium-addon-modal-box\" data-id=\"085e5ba\" data-element_type=\"widget\" data-settings=\"{&quot;premium_modal_box_animation&quot;:&quot;fadeInDown&quot;}\" data-widget_type=\"premium-addon-modal-box.default\">\n\t\t\t\t<div class=\"elementor-widget-container\">\n\t\t\t\t\t\r\n\t\t<div class=\"premium-modal-box-container\" data-settings=\"{&quot;trigger&quot;:&quot;image&quot;,&quot;show_on_exit&quot;:false}\">\r\n\t\t\t<div class=\"premium-modal-trigger-container\">\r\n\t\t\t\t\t\t\t\t\t<img decoding=\"async\" data-toggle=\"premium-modal\" data-target=\"#premium-modal-085e5ba\" class=\"premium-modal-trigger-img\" src=\"https:\/\/euspaceforum.com\/2025\/wp-content\/uploads\/2022\/09\/Ben-Wreschner-WebsiteMailing.png\" alt=\"Ben Wreschner\">\r\n\t\t\t\t\t\t\t<\/div>\r\n\r\n\t\t\t<div id=\"premium-modal-085e5ba\" class=\"premium-modal-box-modal\"\r\n\t\t\trole=\"dialog\"\r\n\t\t\tstyle=\"display: none\"\r\n\t\t\t>\r\n\t\t\t\t<div class=\"premium-modal-box-modal-dialog\" data-delay-animation=\"\" data-modal-animation=\"fadeInDown animated-fast\">\r\n\t\t\t\t\t\t\t\t\t\t\t<div class=\"premium-modal-box-modal-header\">\r\n\t\t\t\t\t\t\t\t\t\t\t\t\t\t\t<h3 class=\"premium-modal-box-modal-title\">\r\n\t\t\t\t\t\t\t\t\t\t\t\t<img decoding=\"async\" src=\"https:\/\/euspaceforum.com\/2025\/wp-content\/uploads\/2022\/09\/Ben-Wreschner-WebsiteMailing.png\" alt=\"Ben Wreschner\">\r\n\t\t\tBen Wreschner, Group Regulatory Policy Director, Vodafone\t\t\t\t\t\t\t\t<\/h3>\r\n\t\t\t\t\t\t\t\t\t\t\t\t\t\t\t\t\t\t\t\t\t\t<div class=\"premium-modal-box-close-button-container\">\r\n\t\t\t\t\t\t\t\t\t<button type=\"button\" class=\"premium-modal-box-modal-close\" data-dismiss=\"premium-modal\">&times;<\/button>\r\n\t\t\t\t\t\t\t\t<\/div>\r\n\t\t\t\t\t\t\t\t\t\t\t\t\t<\/div>\r\n\t\t\t\t\t\t\t\t\t\t<div class=\"premium-modal-box-modal-body\">\r\n\t\t\t\t\t\t<p><span style=\"font-weight: 400;\">Ben Wreschner joined Vodafone in February 2011 and is the Group Regulatory Policy Director for the Vodafone Group. Prior to joining Vodafone Mr Wreschner qualified as a Chartered Accountant with PricewaterhouseCoopers in 1999 and then joined the PwC telecoms consulting practice. In 2009 Ben joined Ovum\u2019s regulatory consulting practice. Mr Wreschner is an expert in regulatory strategy, market analysis, regulated pricing, cost modelling and regulatory accounting overseeing Vodafone\u2019s work in this field across all its territories and having previously advised operators and regulators on such matters in over 25 different countries. He has worked extensively in the Brussels policy environment representing Vodafone at key meetings with policy makers (European Commission, European Parliament, European Council, BEREC) and industry bodies (GSMA, ECTA).<\/span><\/p><p><span style=\"font-weight: 400;\">Mr Wreschner passed the Certified Financial Analyst exams (CFA) in 2003. He holds a BSc (Econ) from the London School of Economics.<\/span><\/p>\t\t\t\t\t<\/div>\r\n\t\t\t\t\t\t\t\t\t\t\t<div class=\"premium-modal-box-modal-footer\">\r\n\t\t\t\t\t\t\t<button type=\"button\" class=\"premium-modal-box-modal-lower-close\" data-dismiss=\"premium-modal\">\r\n\t\t\t\t\t\t\t\tClose\t\t\t\t\t\t\t<\/button>\r\n\t\t\t\t\t\t<\/div>\r\n\t\t\t\t\t\t\t\t\t<\/div>\r\n\t\t\t<\/div>\r\n\t\t<\/div>\r\n\r\n\t\t\t\t\t\t<\/div>\n\t\t\t\t<\/div>\n\t\t\t\t<div class=\"elementor-element elementor-element-5346a2b elementor-widget elementor-widget-heading\" data-id=\"5346a2b\" data-element_type=\"widget\" data-widget_type=\"heading.default\">\n\t\t\t\t<div class=\"elementor-widget-container\">\n\t\t\t\t\t<h3 class=\"elementor-heading-title elementor-size-default\">Ben Wreschner<\/h3>\t\t\t\t<\/div>\n\t\t\t\t<\/div>\n\t\t\t\t<div class=\"elementor-element elementor-element-98b18b8 elementor-widget elementor-widget-heading\" data-id=\"98b18b8\" data-element_type=\"widget\" data-widget_type=\"heading.default\">\n\t\t\t\t<div class=\"elementor-widget-container\">\n\t\t\t\t\t<p class=\"elementor-heading-title elementor-size-default\">Group Regulatory Policy Director<\/p>\t\t\t\t<\/div>\n\t\t\t\t<\/div>\n\t\t\t\t<div class=\"elementor-element elementor-element-8693b89 elementor-widget elementor-widget-heading\" data-id=\"8693b89\" data-element_type=\"widget\" data-widget_type=\"heading.default\">\n\t\t\t\t<div class=\"elementor-widget-container\">\n\t\t\t\t\t<p class=\"elementor-heading-title elementor-size-default\">Vodafone<\/p>\t\t\t\t<\/div>\n\t\t\t\t<\/div>\n\t\t\t\t\t<\/div>\n\t\t<\/div>\n\t\t\t\t<div class=\"elementor-column elementor-col-20 elementor-inner-column elementor-element elementor-element-9c662b0\" data-id=\"9c662b0\" data-element_type=\"column\">\n\t\t\t<div class=\"elementor-widget-wrap elementor-element-populated\">\n\t\t\t\t\t\t<div class=\"elementor-element elementor-element-1526881 premium-modal-dismissible-yes elementor-widget elementor-widget-premium-addon-modal-box\" data-id=\"1526881\" data-element_type=\"widget\" data-settings=\"{&quot;premium_modal_box_animation&quot;:&quot;fadeInDown&quot;}\" data-widget_type=\"premium-addon-modal-box.default\">\n\t\t\t\t<div class=\"elementor-widget-container\">\n\t\t\t\t\t\r\n\t\t<div class=\"premium-modal-box-container\" data-settings=\"{&quot;trigger&quot;:&quot;image&quot;,&quot;show_on_exit&quot;:false}\">\r\n\t\t\t<div class=\"premium-modal-trigger-container\">\r\n\t\t\t\t\t\t\t\t\t<img decoding=\"async\" data-toggle=\"premium-modal\" data-target=\"#premium-modal-1526881\" class=\"premium-modal-trigger-img\" src=\"https:\/\/euspaceforum.com\/2025\/wp-content\/uploads\/2022\/09\/Julien-Martin-WebsiteMailing.png\" alt=\"Julien Martin\">\r\n\t\t\t\t\t\t\t<\/div>\r\n\r\n\t\t\t<div id=\"premium-modal-1526881\" class=\"premium-modal-box-modal\"\r\n\t\t\trole=\"dialog\"\r\n\t\t\tstyle=\"display: none\"\r\n\t\t\t>\r\n\t\t\t\t<div class=\"premium-modal-box-modal-dialog\" data-delay-animation=\"\" data-modal-animation=\"fadeInDown animated-fast\">\r\n\t\t\t\t\t\t\t\t\t\t\t<div class=\"premium-modal-box-modal-header\">\r\n\t\t\t\t\t\t\t\t\t\t\t\t\t\t\t<h3 class=\"premium-modal-box-modal-title\">\r\n\t\t\t\t\t\t\t\t\t\t\t\t<img decoding=\"async\" src=\"https:\/\/euspaceforum.com\/2025\/wp-content\/uploads\/2022\/09\/Julien-Martin-WebsiteMailing.png\" alt=\"Julien Martin\">\r\n\t\t\tJulien Martin, Consultant, NERA\t\t\t\t\t\t\t\t<\/h3>\r\n\t\t\t\t\t\t\t\t\t\t\t\t\t\t\t\t\t\t\t\t\t\t<div class=\"premium-modal-box-close-button-container\">\r\n\t\t\t\t\t\t\t\t\t<button type=\"button\" class=\"premium-modal-box-modal-close\" data-dismiss=\"premium-modal\">&times;<\/button>\r\n\t\t\t\t\t\t\t\t<\/div>\r\n\t\t\t\t\t\t\t\t\t\t\t\t\t<\/div>\r\n\t\t\t\t\t\t\t\t\t\t<div class=\"premium-modal-box-modal-body\">\r\n\t\t\t\t\t\t<p><span style=\"font-weight: 400;\">Julien Martin specializes in game theory and market design, with a focus on facilitating efficient resource allocation. He leverages his expertise to assist governments, regulators, and firms across a range of industries, ensuring optimal outcomes in complex market dynamics.<\/span><\/p>\t\t\t\t\t<\/div>\r\n\t\t\t\t\t\t\t\t\t\t\t<div class=\"premium-modal-box-modal-footer\">\r\n\t\t\t\t\t\t\t<button type=\"button\" class=\"premium-modal-box-modal-lower-close\" data-dismiss=\"premium-modal\">\r\n\t\t\t\t\t\t\t\tClose\t\t\t\t\t\t\t<\/button>\r\n\t\t\t\t\t\t<\/div>\r\n\t\t\t\t\t\t\t\t\t<\/div>\r\n\t\t\t<\/div>\r\n\t\t<\/div>\r\n\r\n\t\t\t\t\t\t<\/div>\n\t\t\t\t<\/div>\n\t\t\t\t<div class=\"elementor-element elementor-element-eff318c elementor-widget elementor-widget-heading\" data-id=\"eff318c\" data-element_type=\"widget\" data-widget_type=\"heading.default\">\n\t\t\t\t<div class=\"elementor-widget-container\">\n\t\t\t\t\t<h3 class=\"elementor-heading-title elementor-size-default\">Julien Martin<\/h3>\t\t\t\t<\/div>\n\t\t\t\t<\/div>\n\t\t\t\t<div class=\"elementor-element elementor-element-193d87c elementor-widget elementor-widget-heading\" data-id=\"193d87c\" data-element_type=\"widget\" data-widget_type=\"heading.default\">\n\t\t\t\t<div class=\"elementor-widget-container\">\n\t\t\t\t\t<p class=\"elementor-heading-title elementor-size-default\">Consultant<\/p>\t\t\t\t<\/div>\n\t\t\t\t<\/div>\n\t\t\t\t<div class=\"elementor-element elementor-element-558d5b4 elementor-widget elementor-widget-heading\" data-id=\"558d5b4\" data-element_type=\"widget\" data-widget_type=\"heading.default\">\n\t\t\t\t<div class=\"elementor-widget-container\">\n\t\t\t\t\t<p class=\"elementor-heading-title elementor-size-default\">NERA<\/p>\t\t\t\t<\/div>\n\t\t\t\t<\/div>\n\t\t\t\t\t<\/div>\n\t\t<\/div>\n\t\t\t\t\t<\/div>\n\t\t<\/section>\n\t\t\t\t<section class=\"elementor-section elementor-inner-section elementor-element elementor-element-b880cb2 elementor-section-boxed elementor-section-height-default elementor-section-height-default\" data-id=\"b880cb2\" data-element_type=\"section\">\n\t\t\t\t\t\t<div class=\"elementor-container elementor-column-gap-default\">\n\t\t\t\t\t<div class=\"elementor-column elementor-col-20 elementor-inner-column elementor-element elementor-element-2384d71\" data-id=\"2384d71\" data-element_type=\"column\">\n\t\t\t<div class=\"elementor-widget-wrap elementor-element-populated\">\n\t\t\t\t\t\t<div class=\"elementor-element elementor-element-c120093 premium-modal-dismissible-yes elementor-widget elementor-widget-premium-addon-modal-box\" data-id=\"c120093\" data-element_type=\"widget\" data-settings=\"{&quot;premium_modal_box_animation&quot;:&quot;fadeInDown&quot;}\" data-widget_type=\"premium-addon-modal-box.default\">\n\t\t\t\t<div class=\"elementor-widget-container\">\n\t\t\t\t\t\r\n\t\t<div class=\"premium-modal-box-container\" data-settings=\"{&quot;trigger&quot;:&quot;image&quot;,&quot;show_on_exit&quot;:false}\">\r\n\t\t\t<div class=\"premium-modal-trigger-container\">\r\n\t\t\t\t\t\t\t\t\t<img decoding=\"async\" data-toggle=\"premium-modal\" data-target=\"#premium-modal-c120093\" class=\"premium-modal-trigger-img\" src=\"https:\/\/euspaceforum.com\/2025\/wp-content\/uploads\/2022\/09\/Damien-Murat-WebsiteMailing.png\" alt=\"Damien Murat\">\r\n\t\t\t\t\t\t\t<\/div>\r\n\r\n\t\t\t<div id=\"premium-modal-c120093\" class=\"premium-modal-box-modal\"\r\n\t\t\trole=\"dialog\"\r\n\t\t\tstyle=\"display: none\"\r\n\t\t\t>\r\n\t\t\t\t<div class=\"premium-modal-box-modal-dialog\" data-delay-animation=\"\" data-modal-animation=\"fadeInDown animated-fast\">\r\n\t\t\t\t\t\t\t\t\t\t\t<div class=\"premium-modal-box-modal-header\">\r\n\t\t\t\t\t\t\t\t\t\t\t\t\t\t\t<h3 class=\"premium-modal-box-modal-title\">\r\n\t\t\t\t\t\t\t\t\t\t\t\t<img decoding=\"async\" src=\"https:\/\/euspaceforum.com\/2025\/wp-content\/uploads\/2022\/09\/Damien-Murat-WebsiteMailing.png\" alt=\"Damien Murat\">\r\n\t\t\tDamien Murat, IRIS\u00b2 Programme Manager, Eutelsat Group\t\t\t\t\t\t\t\t<\/h3>\r\n\t\t\t\t\t\t\t\t\t\t\t\t\t\t\t\t\t\t\t\t\t\t<div class=\"premium-modal-box-close-button-container\">\r\n\t\t\t\t\t\t\t\t\t<button type=\"button\" class=\"premium-modal-box-modal-close\" data-dismiss=\"premium-modal\">&times;<\/button>\r\n\t\t\t\t\t\t\t\t<\/div>\r\n\t\t\t\t\t\t\t\t\t\t\t\t\t<\/div>\r\n\t\t\t\t\t\t\t\t\t\t<div class=\"premium-modal-box-modal-body\">\r\n\t\t\t\t\t\t<p>Bio to follow.<\/p>\t\t\t\t\t<\/div>\r\n\t\t\t\t\t\t\t\t\t\t\t<div class=\"premium-modal-box-modal-footer\">\r\n\t\t\t\t\t\t\t<button type=\"button\" class=\"premium-modal-box-modal-lower-close\" data-dismiss=\"premium-modal\">\r\n\t\t\t\t\t\t\t\tClose\t\t\t\t\t\t\t<\/button>\r\n\t\t\t\t\t\t<\/div>\r\n\t\t\t\t\t\t\t\t\t<\/div>\r\n\t\t\t<\/div>\r\n\t\t<\/div>\r\n\r\n\t\t\t\t\t\t<\/div>\n\t\t\t\t<\/div>\n\t\t\t\t<div class=\"elementor-element elementor-element-686d7b1 elementor-widget elementor-widget-heading\" data-id=\"686d7b1\" data-element_type=\"widget\" data-widget_type=\"heading.default\">\n\t\t\t\t<div class=\"elementor-widget-container\">\n\t\t\t\t\t<h3 class=\"elementor-heading-title elementor-size-default\">Damien Murat<\/h3>\t\t\t\t<\/div>\n\t\t\t\t<\/div>\n\t\t\t\t<div class=\"elementor-element elementor-element-557e0bf elementor-widget elementor-widget-heading\" data-id=\"557e0bf\" data-element_type=\"widget\" data-widget_type=\"heading.default\">\n\t\t\t\t<div class=\"elementor-widget-container\">\n\t\t\t\t\t<p class=\"elementor-heading-title elementor-size-default\">IRIS\u00b2 Programme Manager<\/p>\t\t\t\t<\/div>\n\t\t\t\t<\/div>\n\t\t\t\t<div class=\"elementor-element elementor-element-06eb0a7 elementor-widget elementor-widget-heading\" data-id=\"06eb0a7\" data-element_type=\"widget\" data-widget_type=\"heading.default\">\n\t\t\t\t<div class=\"elementor-widget-container\">\n\t\t\t\t\t<p class=\"elementor-heading-title elementor-size-default\">Eutelsat Group<\/p>\t\t\t\t<\/div>\n\t\t\t\t<\/div>\n\t\t\t\t\t<\/div>\n\t\t<\/div>\n\t\t\t\t<div class=\"elementor-column elementor-col-20 elementor-inner-column elementor-element elementor-element-a818741\" data-id=\"a818741\" data-element_type=\"column\">\n\t\t\t<div class=\"elementor-widget-wrap elementor-element-populated\">\n\t\t\t\t\t\t<div class=\"elementor-element elementor-element-91cb3d2 premium-modal-dismissible-yes elementor-widget elementor-widget-premium-addon-modal-box\" data-id=\"91cb3d2\" data-element_type=\"widget\" data-settings=\"{&quot;premium_modal_box_animation&quot;:&quot;fadeInDown&quot;}\" data-widget_type=\"premium-addon-modal-box.default\">\n\t\t\t\t<div class=\"elementor-widget-container\">\n\t\t\t\t\t\r\n\t\t<div class=\"premium-modal-box-container\" data-settings=\"{&quot;trigger&quot;:&quot;image&quot;,&quot;show_on_exit&quot;:false}\">\r\n\t\t\t<div class=\"premium-modal-trigger-container\">\r\n\t\t\t\t\t\t\t\t\t<img decoding=\"async\" data-toggle=\"premium-modal\" data-target=\"#premium-modal-91cb3d2\" class=\"premium-modal-trigger-img\" src=\"https:\/\/euspaceforum.com\/2025\/wp-content\/uploads\/2022\/09\/Augusto-Caramagno-WebsiteMailing.png\" alt=\"Augusto Caramagno\">\r\n\t\t\t\t\t\t\t<\/div>\r\n\r\n\t\t\t<div id=\"premium-modal-91cb3d2\" class=\"premium-modal-box-modal\"\r\n\t\t\trole=\"dialog\"\r\n\t\t\tstyle=\"display: none\"\r\n\t\t\t>\r\n\t\t\t\t<div class=\"premium-modal-box-modal-dialog\" data-delay-animation=\"\" data-modal-animation=\"fadeInDown animated-fast\">\r\n\t\t\t\t\t\t\t\t\t\t\t<div class=\"premium-modal-box-modal-header\">\r\n\t\t\t\t\t\t\t\t\t\t\t\t\t\t\t<h3 class=\"premium-modal-box-modal-title\">\r\n\t\t\t\t\t\t\t\t\t\t\t\t<img decoding=\"async\" src=\"https:\/\/euspaceforum.com\/2025\/wp-content\/uploads\/2022\/09\/Augusto-Caramagno-WebsiteMailing.png\" alt=\"Augusto Caramagno\">\r\n\t\t\tAugusto Caramagno, Director of Strategy, Cooperation and Growth, Indra Space\t\t\t\t\t\t\t\t<\/h3>\r\n\t\t\t\t\t\t\t\t\t\t\t\t\t\t\t\t\t\t\t\t\t\t<div class=\"premium-modal-box-close-button-container\">\r\n\t\t\t\t\t\t\t\t\t<button type=\"button\" class=\"premium-modal-box-modal-close\" data-dismiss=\"premium-modal\">&times;<\/button>\r\n\t\t\t\t\t\t\t\t<\/div>\r\n\t\t\t\t\t\t\t\t\t\t\t\t\t<\/div>\r\n\t\t\t\t\t\t\t\t\t\t<div class=\"premium-modal-box-modal-body\">\r\n\t\t\t\t\t\t<p>Bio to follow.\u00a0<\/p>\t\t\t\t\t<\/div>\r\n\t\t\t\t\t\t\t\t\t\t\t<div class=\"premium-modal-box-modal-footer\">\r\n\t\t\t\t\t\t\t<button type=\"button\" class=\"premium-modal-box-modal-lower-close\" data-dismiss=\"premium-modal\">\r\n\t\t\t\t\t\t\t\tClose\t\t\t\t\t\t\t<\/button>\r\n\t\t\t\t\t\t<\/div>\r\n\t\t\t\t\t\t\t\t\t<\/div>\r\n\t\t\t<\/div>\r\n\t\t<\/div>\r\n\r\n\t\t\t\t\t\t<\/div>\n\t\t\t\t<\/div>\n\t\t\t\t<div class=\"elementor-element elementor-element-a0f2413 elementor-widget elementor-widget-heading\" data-id=\"a0f2413\" data-element_type=\"widget\" data-widget_type=\"heading.default\">\n\t\t\t\t<div class=\"elementor-widget-container\">\n\t\t\t\t\t<h3 class=\"elementor-heading-title elementor-size-default\">Augusto Caramagno<\/h3>\t\t\t\t<\/div>\n\t\t\t\t<\/div>\n\t\t\t\t<div class=\"elementor-element elementor-element-2336482 elementor-widget elementor-widget-heading\" data-id=\"2336482\" data-element_type=\"widget\" data-widget_type=\"heading.default\">\n\t\t\t\t<div class=\"elementor-widget-container\">\n\t\t\t\t\t<p class=\"elementor-heading-title elementor-size-default\">Director of Strategy, Cooperation and Growth<\/p>\t\t\t\t<\/div>\n\t\t\t\t<\/div>\n\t\t\t\t<div class=\"elementor-element elementor-element-cbb3469 elementor-widget elementor-widget-heading\" data-id=\"cbb3469\" data-element_type=\"widget\" data-widget_type=\"heading.default\">\n\t\t\t\t<div class=\"elementor-widget-container\">\n\t\t\t\t\t<p class=\"elementor-heading-title elementor-size-default\">Indra Space<\/p>\t\t\t\t<\/div>\n\t\t\t\t<\/div>\n\t\t\t\t\t<\/div>\n\t\t<\/div>\n\t\t\t\t<div class=\"elementor-column elementor-col-20 elementor-inner-column elementor-element elementor-element-ea4dfde\" data-id=\"ea4dfde\" data-element_type=\"column\">\n\t\t\t<div class=\"elementor-widget-wrap elementor-element-populated\">\n\t\t\t\t\t\t<div class=\"elementor-element elementor-element-8bf0d55 premium-modal-dismissible-yes elementor-widget elementor-widget-premium-addon-modal-box\" data-id=\"8bf0d55\" data-element_type=\"widget\" data-settings=\"{&quot;premium_modal_box_animation&quot;:&quot;fadeInDown&quot;}\" data-widget_type=\"premium-addon-modal-box.default\">\n\t\t\t\t<div class=\"elementor-widget-container\">\n\t\t\t\t\t\r\n\t\t<div class=\"premium-modal-box-container\" data-settings=\"{&quot;trigger&quot;:&quot;image&quot;,&quot;show_on_exit&quot;:false}\">\r\n\t\t\t<div class=\"premium-modal-trigger-container\">\r\n\t\t\t\t\t\t\t\t\t<img decoding=\"async\" data-toggle=\"premium-modal\" data-target=\"#premium-modal-8bf0d55\" class=\"premium-modal-trigger-img\" src=\"https:\/\/euspaceforum.com\/2025\/wp-content\/uploads\/2022\/09\/Nestor-Zarraoa-WebsiteMailing.png\" alt=\"Nestor Zarraoa\">\r\n\t\t\t\t\t\t\t<\/div>\r\n\r\n\t\t\t<div id=\"premium-modal-8bf0d55\" class=\"premium-modal-box-modal\"\r\n\t\t\trole=\"dialog\"\r\n\t\t\tstyle=\"display: none\"\r\n\t\t\t>\r\n\t\t\t\t<div class=\"premium-modal-box-modal-dialog\" data-delay-animation=\"\" data-modal-animation=\"fadeInDown animated-fast\">\r\n\t\t\t\t\t\t\t\t\t\t\t<div class=\"premium-modal-box-modal-header\">\r\n\t\t\t\t\t\t\t\t\t\t\t\t\t\t\t<h3 class=\"premium-modal-box-modal-title\">\r\n\t\t\t\t\t\t\t\t\t\t\t\t<img decoding=\"async\" src=\"https:\/\/euspaceforum.com\/2025\/wp-content\/uploads\/2022\/09\/Nestor-Zarraoa-WebsiteMailing.png\" alt=\"Nestor Zarraoa\">\r\n\t\t\tN\u00e9stor Zarraoa, Director, Navigation Procurement and Purchases, GMV\t\t\t\t\t\t\t\t<\/h3>\r\n\t\t\t\t\t\t\t\t\t\t\t\t\t\t\t\t\t\t\t\t\t\t<div class=\"premium-modal-box-close-button-container\">\r\n\t\t\t\t\t\t\t\t\t<button type=\"button\" class=\"premium-modal-box-modal-close\" data-dismiss=\"premium-modal\">&times;<\/button>\r\n\t\t\t\t\t\t\t\t<\/div>\r\n\t\t\t\t\t\t\t\t\t\t\t\t\t<\/div>\r\n\t\t\t\t\t\t\t\t\t\t<div class=\"premium-modal-box-modal-body\">\r\n\t\t\t\t\t\t<p><span style=\"font-weight: 400;\">N\u00e9stor Zarraoa holds a Ph.D. in Mathematics by the Universidad Complutense de Madrid. He developed a fruitful 10-year long scientific career in Space Geodesy, particularly on geophysical and atmospheric applications of VLBI and GNSS working for Research Centres in Spain (CSIC), Norway (NMA) and Germany (DLR).<\/span><\/p><p><span style=\"font-weight: 400;\">In 1997 he joins GMV within the GNSS Business Unit, where he will hold different positions, starting as Technical Manager within EGNOS development projects and turning into Division Head managing GMV contributions to both EGNOS and Galileo, among other projects.<\/span><\/p><p><span style=\"font-weight: 400;\">From 2011 to 2018 he becomes the Engineering Department Director within GMV Aerospace, leading a team of close to 100 engineers supporting a wide variety of technical domains transversal to all Aerospace and Defence areas, including Systems Engineering, Critical SW Development, Front and Back-End SW Development, RAMS or specialized AIV.<\/span><\/p><p><span style=\"font-weight: 400;\">When GMV was awarded in 2018 the Galileo Ground Control Segment for the Exploitation Phase, N\u00e9stor, who had led all the process of proposal preparation, is appointed as Business Unit Director and Project Manager of this strategic project for GMV, with full focus on turning this challenging opportunity into a remarkable success, as was demonstrated by the successful and timely deployment of a fully evolved and state of the art Galileo GCS and the subsequent award to GMV of the Galileo Second Generation In-Orbit Validation contract for the Ground Control System, for which he also led the proposal phase.<\/span><\/p><p><span style=\"font-weight: 400;\">Following an internal reorganization, N\u00e9stor becomes in 2022 Director of Procurement and Purchases for GMV Navigation, working close to GMV Navigation Director and holding full responsibility on all contractual aspects affecting GMV Navigation sector as well as Managing the entire ecosystem of Subcontractors and Suppliers which are key to the success of all GMV activities.<\/span><\/p>\t\t\t\t\t<\/div>\r\n\t\t\t\t\t\t\t\t\t\t\t<div class=\"premium-modal-box-modal-footer\">\r\n\t\t\t\t\t\t\t<button type=\"button\" class=\"premium-modal-box-modal-lower-close\" data-dismiss=\"premium-modal\">\r\n\t\t\t\t\t\t\t\tClose\t\t\t\t\t\t\t<\/button>\r\n\t\t\t\t\t\t<\/div>\r\n\t\t\t\t\t\t\t\t\t<\/div>\r\n\t\t\t<\/div>\r\n\t\t<\/div>\r\n\r\n\t\t\t\t\t\t<\/div>\n\t\t\t\t<\/div>\n\t\t\t\t<div class=\"elementor-element elementor-element-44246a4 elementor-widget elementor-widget-heading\" data-id=\"44246a4\" data-element_type=\"widget\" data-widget_type=\"heading.default\">\n\t\t\t\t<div class=\"elementor-widget-container\">\n\t\t\t\t\t<h3 class=\"elementor-heading-title elementor-size-default\">N\u00e9stor Zarraoa<\/h3>\t\t\t\t<\/div>\n\t\t\t\t<\/div>\n\t\t\t\t<div class=\"elementor-element elementor-element-63d64d5 elementor-widget elementor-widget-heading\" data-id=\"63d64d5\" data-element_type=\"widget\" data-widget_type=\"heading.default\">\n\t\t\t\t<div class=\"elementor-widget-container\">\n\t\t\t\t\t<p class=\"elementor-heading-title elementor-size-default\">Director, Navigation Procurement and Purchases<\/p>\t\t\t\t<\/div>\n\t\t\t\t<\/div>\n\t\t\t\t<div class=\"elementor-element elementor-element-0883a65 elementor-widget elementor-widget-heading\" data-id=\"0883a65\" data-element_type=\"widget\" data-widget_type=\"heading.default\">\n\t\t\t\t<div class=\"elementor-widget-container\">\n\t\t\t\t\t<p class=\"elementor-heading-title elementor-size-default\">GMV<\/p>\t\t\t\t<\/div>\n\t\t\t\t<\/div>\n\t\t\t\t\t<\/div>\n\t\t<\/div>\n\t\t\t\t<div class=\"elementor-column elementor-col-20 elementor-inner-column elementor-element elementor-element-7f18d54\" data-id=\"7f18d54\" data-element_type=\"column\">\n\t\t\t<div class=\"elementor-widget-wrap elementor-element-populated\">\n\t\t\t\t\t\t<div class=\"elementor-element elementor-element-6bfda16 premium-modal-dismissible-yes elementor-widget elementor-widget-premium-addon-modal-box\" data-id=\"6bfda16\" data-element_type=\"widget\" data-settings=\"{&quot;premium_modal_box_animation&quot;:&quot;fadeInDown&quot;}\" data-widget_type=\"premium-addon-modal-box.default\">\n\t\t\t\t<div class=\"elementor-widget-container\">\n\t\t\t\t\t\r\n\t\t<div class=\"premium-modal-box-container\" data-settings=\"{&quot;trigger&quot;:&quot;image&quot;,&quot;show_on_exit&quot;:false}\">\r\n\t\t\t<div class=\"premium-modal-trigger-container\">\r\n\t\t\t\t\t\t\t\t\t<img decoding=\"async\" data-toggle=\"premium-modal\" data-target=\"#premium-modal-6bfda16\" class=\"premium-modal-trigger-img\" src=\"https:\/\/euspaceforum.com\/2025\/wp-content\/uploads\/2022\/09\/Henri-van-Soest-WebsiteMailing.png\" alt=\"Henri van Soest\">\r\n\t\t\t\t\t\t\t<\/div>\r\n\r\n\t\t\t<div id=\"premium-modal-6bfda16\" class=\"premium-modal-box-modal\"\r\n\t\t\trole=\"dialog\"\r\n\t\t\tstyle=\"display: none\"\r\n\t\t\t>\r\n\t\t\t\t<div class=\"premium-modal-box-modal-dialog\" data-delay-animation=\"\" data-modal-animation=\"fadeInDown animated-fast\">\r\n\t\t\t\t\t\t\t\t\t\t\t<div class=\"premium-modal-box-modal-header\">\r\n\t\t\t\t\t\t\t\t\t\t\t\t\t\t\t<h3 class=\"premium-modal-box-modal-title\">\r\n\t\t\t\t\t\t\t\t\t\t\t\t<img decoding=\"async\" src=\"https:\/\/euspaceforum.com\/2025\/wp-content\/uploads\/2022\/09\/Henri-van-Soest-WebsiteMailing.png\" alt=\"Henri van Soest\">\r\n\t\t\tHenri van Soest, Senior Analyst, RAND Europe\t\t\t\t\t\t\t\t<\/h3>\r\n\t\t\t\t\t\t\t\t\t\t\t\t\t\t\t\t\t\t\t\t\t\t<div class=\"premium-modal-box-close-button-container\">\r\n\t\t\t\t\t\t\t\t\t<button type=\"button\" class=\"premium-modal-box-modal-close\" data-dismiss=\"premium-modal\">&times;<\/button>\r\n\t\t\t\t\t\t\t\t<\/div>\r\n\t\t\t\t\t\t\t\t\t\t\t\t\t<\/div>\r\n\t\t\t\t\t\t\t\t\t\t<div class=\"premium-modal-box-modal-body\">\r\n\t\t\t\t\t\t<p><span style=\"font-weight: 400;\">Henri van Soest is a senior analyst at RAND Europe and a professor of policy analysis at the RAND School of Public Policy. He focuses on energy and natural resources governance and AI governance. He has also worked on space, cybersecurity, economic security, critical infrastructure protection, and societal resilience. At RAND, he has managed studies involving global teams for a wide range of clients including the European Union, the UK government, and the Dutch government. Van Soest previously worked as a researcher in energy policy and digitalisation at the University of Oslo, as an analyst in the cleantech startup sector, and as a corporate governance and corporate social responsibility analyst in a multinational bank. He completed his Ph.D. at the University of Cambridge, with a thesis on the regulation of cybersecurity in the European electricity system. He also holds a joint LL.M. from KU Leuven in Belgium and the University of Zurich.<\/span><\/p>\t\t\t\t\t<\/div>\r\n\t\t\t\t\t\t\t\t\t\t\t<div class=\"premium-modal-box-modal-footer\">\r\n\t\t\t\t\t\t\t<button type=\"button\" class=\"premium-modal-box-modal-lower-close\" data-dismiss=\"premium-modal\">\r\n\t\t\t\t\t\t\t\tClose\t\t\t\t\t\t\t<\/button>\r\n\t\t\t\t\t\t<\/div>\r\n\t\t\t\t\t\t\t\t\t<\/div>\r\n\t\t\t<\/div>\r\n\t\t<\/div>\r\n\r\n\t\t\t\t\t\t<\/div>\n\t\t\t\t<\/div>\n\t\t\t\t<div class=\"elementor-element elementor-element-fd4ca3d elementor-widget elementor-widget-heading\" data-id=\"fd4ca3d\" data-element_type=\"widget\" data-widget_type=\"heading.default\">\n\t\t\t\t<div class=\"elementor-widget-container\">\n\t\t\t\t\t<h3 class=\"elementor-heading-title elementor-size-default\">Henri van Soest<\/h3>\t\t\t\t<\/div>\n\t\t\t\t<\/div>\n\t\t\t\t<div class=\"elementor-element elementor-element-c150e0a elementor-widget elementor-widget-heading\" data-id=\"c150e0a\" data-element_type=\"widget\" data-widget_type=\"heading.default\">\n\t\t\t\t<div class=\"elementor-widget-container\">\n\t\t\t\t\t<p class=\"elementor-heading-title elementor-size-default\">Senior Analyst<\/p>\t\t\t\t<\/div>\n\t\t\t\t<\/div>\n\t\t\t\t<div class=\"elementor-element elementor-element-beeee50 elementor-widget elementor-widget-heading\" data-id=\"beeee50\" data-element_type=\"widget\" data-widget_type=\"heading.default\">\n\t\t\t\t<div class=\"elementor-widget-container\">\n\t\t\t\t\t<p class=\"elementor-heading-title elementor-size-default\">RAND Europe<\/p>\t\t\t\t<\/div>\n\t\t\t\t<\/div>\n\t\t\t\t\t<\/div>\n\t\t<\/div>\n\t\t\t\t<div class=\"elementor-column elementor-col-20 elementor-inner-column elementor-element elementor-element-1161c6f\" data-id=\"1161c6f\" data-element_type=\"column\">\n\t\t\t<div class=\"elementor-widget-wrap elementor-element-populated\">\n\t\t\t\t\t\t<div class=\"elementor-element elementor-element-dec2498 premium-modal-dismissible-yes elementor-widget elementor-widget-premium-addon-modal-box\" data-id=\"dec2498\" data-element_type=\"widget\" data-settings=\"{&quot;premium_modal_box_animation&quot;:&quot;fadeInDown&quot;}\" data-widget_type=\"premium-addon-modal-box.default\">\n\t\t\t\t<div class=\"elementor-widget-container\">\n\t\t\t\t\t\r\n\t\t<div class=\"premium-modal-box-container\" data-settings=\"{&quot;trigger&quot;:&quot;image&quot;,&quot;show_on_exit&quot;:false}\">\r\n\t\t\t<div class=\"premium-modal-trigger-container\">\r\n\t\t\t\t\t\t\t\t\t<img decoding=\"async\" data-toggle=\"premium-modal\" data-target=\"#premium-modal-dec2498\" class=\"premium-modal-trigger-img\" src=\"https:\/\/euspaceforum.com\/2025\/wp-content\/uploads\/2022\/09\/Alberto-Agueda-WebsiteMailing-1.png\" alt=\"Alberto \u00c1gueda\">\r\n\t\t\t\t\t\t\t<\/div>\r\n\r\n\t\t\t<div id=\"premium-modal-dec2498\" class=\"premium-modal-box-modal\"\r\n\t\t\trole=\"dialog\"\r\n\t\t\tstyle=\"display: none\"\r\n\t\t\t>\r\n\t\t\t\t<div class=\"premium-modal-box-modal-dialog\" data-delay-animation=\"\" data-modal-animation=\"fadeInDown animated-fast\">\r\n\t\t\t\t\t\t\t\t\t\t\t<div class=\"premium-modal-box-modal-header\">\r\n\t\t\t\t\t\t\t\t\t\t\t\t\t\t\t<h3 class=\"premium-modal-box-modal-title\">\r\n\t\t\t\t\t\t\t\t\t\t\t\t<img decoding=\"async\" src=\"https:\/\/euspaceforum.com\/2025\/wp-content\/uploads\/2022\/09\/Alberto-Agueda-WebsiteMailing-1.png\" alt=\"Alberto \u00c1gueda\">\r\n\t\t\tAlberto \u00c1gueda, Director of Space Surveillance and Traffic Management, GMV\t\t\t\t\t\t\t\t<\/h3>\r\n\t\t\t\t\t\t\t\t\t\t\t\t\t\t\t\t\t\t\t\t\t\t<div class=\"premium-modal-box-close-button-container\">\r\n\t\t\t\t\t\t\t\t\t<button type=\"button\" class=\"premium-modal-box-modal-close\" data-dismiss=\"premium-modal\">&times;<\/button>\r\n\t\t\t\t\t\t\t\t<\/div>\r\n\t\t\t\t\t\t\t\t\t\t\t\t\t<\/div>\r\n\t\t\t\t\t\t\t\t\t\t<div class=\"premium-modal-box-modal-body\">\r\n\t\t\t\t\t\t<p><span style=\"font-weight: 400;\">Alberto is an MSc Aerospace Engineer with +20 years of international experience in the space market within GMV and +15 years of managerial and business development experience. He has on significant technical expertise in Space Flight Dynamics, Navigation, (Precise) Orbit Determination, Space Surveillance &amp; Tracking, and Space Traffic Management.<\/span><\/p><p><span style=\"font-weight: 400;\">Currently, he is the Director of Space Surveillance and Traffic Management (SST &amp; STM) at GMV. He is the head of the department\u00b4s operations, including management (+130 engineers in 8 countries: Spain, Germany, France, UK, Poland, Romania, Portugal and USA), accounting (+10 M\u20ac yearly revenue, with average 2-digit annual growth in the last decade), business development (dozens of customers and partners) and contracts.<\/span><\/p><p><span style=\"font-weight: 400;\">\u00a0His mission is to manage the Space Surveillance and Traffic Management (SST &amp; STM) business and its engineering team and ensure their respective growth to strengthen GMV\u2019s leading position and look for new customers, opportunities, and niches for GMV\u2019s advanced technology, systems, products, and services in these fields.<\/span><\/p>\t\t\t\t\t<\/div>\r\n\t\t\t\t\t\t\t\t\t\t\t<div class=\"premium-modal-box-modal-footer\">\r\n\t\t\t\t\t\t\t<button type=\"button\" class=\"premium-modal-box-modal-lower-close\" data-dismiss=\"premium-modal\">\r\n\t\t\t\t\t\t\t\tClose\t\t\t\t\t\t\t<\/button>\r\n\t\t\t\t\t\t<\/div>\r\n\t\t\t\t\t\t\t\t\t<\/div>\r\n\t\t\t<\/div>\r\n\t\t<\/div>\r\n\r\n\t\t\t\t\t\t<\/div>\n\t\t\t\t<\/div>\n\t\t\t\t<div class=\"elementor-element elementor-element-51173b3 elementor-widget elementor-widget-heading\" data-id=\"51173b3\" data-element_type=\"widget\" data-widget_type=\"heading.default\">\n\t\t\t\t<div class=\"elementor-widget-container\">\n\t\t\t\t\t<h3 class=\"elementor-heading-title elementor-size-default\">Alberto \u00c1gueda<\/h3>\t\t\t\t<\/div>\n\t\t\t\t<\/div>\n\t\t\t\t<div class=\"elementor-element elementor-element-1c78772 elementor-widget elementor-widget-heading\" data-id=\"1c78772\" data-element_type=\"widget\" data-widget_type=\"heading.default\">\n\t\t\t\t<div class=\"elementor-widget-container\">\n\t\t\t\t\t<p class=\"elementor-heading-title elementor-size-default\">Director of Space Surveillance and Traffic Management<\/p>\t\t\t\t<\/div>\n\t\t\t\t<\/div>\n\t\t\t\t<div class=\"elementor-element elementor-element-dc8f1f2 elementor-widget elementor-widget-heading\" data-id=\"dc8f1f2\" data-element_type=\"widget\" data-widget_type=\"heading.default\">\n\t\t\t\t<div class=\"elementor-widget-container\">\n\t\t\t\t\t<p class=\"elementor-heading-title elementor-size-default\">GMV<\/p>\t\t\t\t<\/div>\n\t\t\t\t<\/div>\n\t\t\t\t\t<\/div>\n\t\t<\/div>\n\t\t\t\t\t<\/div>\n\t\t<\/section>\n\t\t\t\t<section class=\"elementor-section elementor-inner-section elementor-element elementor-element-abde902 elementor-section-boxed elementor-section-height-default elementor-section-height-default\" data-id=\"abde902\" data-element_type=\"section\">\n\t\t\t\t\t\t<div class=\"elementor-container elementor-column-gap-default\">\n\t\t\t\t\t<div class=\"elementor-column elementor-col-20 elementor-inner-column elementor-element elementor-element-e09e0e4\" data-id=\"e09e0e4\" data-element_type=\"column\">\n\t\t\t<div class=\"elementor-widget-wrap elementor-element-populated\">\n\t\t\t\t\t\t<div class=\"elementor-element elementor-element-c74769f premium-modal-dismissible-yes elementor-widget elementor-widget-premium-addon-modal-box\" data-id=\"c74769f\" data-element_type=\"widget\" data-settings=\"{&quot;premium_modal_box_animation&quot;:&quot;fadeInDown&quot;}\" data-widget_type=\"premium-addon-modal-box.default\">\n\t\t\t\t<div class=\"elementor-widget-container\">\n\t\t\t\t\t\r\n\t\t<div class=\"premium-modal-box-container\" data-settings=\"{&quot;trigger&quot;:&quot;image&quot;,&quot;show_on_exit&quot;:false}\">\r\n\t\t\t<div class=\"premium-modal-trigger-container\">\r\n\t\t\t\t\t\t\t\t\t<img decoding=\"async\" data-toggle=\"premium-modal\" data-target=\"#premium-modal-c74769f\" class=\"premium-modal-trigger-img\" src=\"https:\/\/euspaceforum.com\/2025\/wp-content\/uploads\/2022\/09\/Christine-Leurquin-website-1.png\" alt=\"Christine Leurquin\">\r\n\t\t\t\t\t\t\t<\/div>\r\n\r\n\t\t\t<div id=\"premium-modal-c74769f\" class=\"premium-modal-box-modal\"\r\n\t\t\trole=\"dialog\"\r\n\t\t\tstyle=\"display: none\"\r\n\t\t\t>\r\n\t\t\t\t<div class=\"premium-modal-box-modal-dialog\" data-delay-animation=\"\" data-modal-animation=\"fadeInDown animated-fast\">\r\n\t\t\t\t\t\t\t\t\t\t\t<div class=\"premium-modal-box-modal-header\">\r\n\t\t\t\t\t\t\t\t\t\t\t\t\t\t\t<h3 class=\"premium-modal-box-modal-title\">\r\n\t\t\t\t\t\t\t\t\t\t\t\t<img decoding=\"async\" src=\"https:\/\/euspaceforum.com\/2025\/wp-content\/uploads\/2022\/09\/Christine-Leurquin-website-1.png\" alt=\"Christine Leurquin\">\r\n\t\t\tChristine Leurquin, Director of European &amp; Public Affairs &amp; CEO, Aldoria Belgium\t\t\t\t\t\t\t\t<\/h3>\r\n\t\t\t\t\t\t\t\t\t\t\t\t\t\t\t\t\t\t\t\t\t\t<div class=\"premium-modal-box-close-button-container\">\r\n\t\t\t\t\t\t\t\t\t<button type=\"button\" class=\"premium-modal-box-modal-close\" data-dismiss=\"premium-modal\">&times;<\/button>\r\n\t\t\t\t\t\t\t\t<\/div>\r\n\t\t\t\t\t\t\t\t\t\t\t\t\t<\/div>\r\n\t\t\t\t\t\t\t\t\t\t<div class=\"premium-modal-box-modal-body\">\r\n\t\t\t\t\t\t<p>Christine Leurquin is a successful, result-driven public affairs and business development professional, with extensive experience in both public and private sector. She has a proven track-record of effective advocacy in the field of European Space and Defence Public strategies, Cybersecurity directives, SSA\/SDA, 5G\/6G, Space Policy, Quantum, Government Satcom, ESA projects, and has worked relentlessly to improve digitalization of Africa. She has a valued-based approach to Public Affairs: inspiring trust, leading with the head and the heart, acting like an owner and with integrity.<\/p><p>Since February 2025, she is the CEO of ALDORIA Belgique a subsidiary of French-based ALDORIA for which she works as Senior Director, European &amp; Public Affairs at since October 2024. She created her own company MiThraSpace SRL and consulted in 2024 with ERNST AND YOUNG Brussels Space and Defence practice, and SPACEBEL. Before this she worked for RHEA Group and reported to the CEO of the RHEA Group and to the Chief Strategy Officer and Managing Director of RHEA System Luxembourg S.A. She has been responsible for raising the visibility of RHEA among others with the European Institutions, Belgian and Luxembourg MoD, BELSPO, European Agencies and Luxembourg Space Agency and other national organizations as required. She helped to best-position RHEA into the current opportunities associated to new Space and Cybersecurity European programs, in Cybersecurity and Defense (e.g. EDA Cyber Captech REMUDO project). She was instrumental in developing RHEA Luxembourg business which has moved from two persons in 2020 to 20 end 2023.<\/p><p>In her previous position, she was Vice-President, Institutional Relations at SES S.A. and worked directly under SES CEO\u2019s reporting also to the Board and the General Counsel. She positioned the Company within the European Union, African Union and other international institutions, such as OECD, UEMOA, UNIDO, UNOOSA, ESA or OECD, she engaged in helping the operational companies to develop new governments and institutional markets. She was successful in winning key contracts such but not limited to EGNOS GEO1 and EGNOS GEO2. Before joining SES, she was the CEO of a company which she started, and which introduced new satellite services in Belgium. She turned it into a successful and profitable business.<\/p><p>With her ability to speak various languages, Mrs Leurquin has excellent communication skills, conveying her message clearly, concisely, and accurately impacting policymakers and investors at the highest level. She can bring unity, leadership skills, motivation and fresh new ideas with her management, peers and teammates.<\/p><p><strong>Career Steps:<\/strong><\/p><ul><li>CEO, ALDORIA Belgique (Feb- 2025-)<\/li><li>Senior Director, European &amp; Public Affairs, ALDORIA(Oct 2024-)<\/li><li>Special adviser to EY (May 2024-)<\/li><li>Special Adviser to CEO of SPACEBEL (Feb 2024-)<\/li><li>Director of Strategy, EU, Belgium and Luxembourg, RHEA Group (Jan 2021- Jan 2024 )<\/li><li>Special Adviser to the CEO, RHEA Group (Nov 2020- Jan 2021)<\/li><li>VP, Institutional Relations, EMEA, SES (2014-2020)<\/li><li>VP, Institutional Relations and Communications, Global , SES (2008-2014)<\/li><li>VP,European Programs, SES-GLOBAL (2004-2008)<\/li><li>Senior Manager, European Programs, SES-GLOBAL (1999-2004);<\/li><li>CEO, Sait Videohouse SA (1992-98)<\/li><\/ul><p>\u00a0<\/p><p><strong>Associations and Accomplishments:<\/strong><\/p><ul><li>Board Member of 6GIA (2022- 2024)<\/li><li>Vice-Chair of the Board of 5GIA (5G European Infrastructure Association) (2015-2020)<\/li><li>Member of the private D4D Coalition (SAP, Orange, Nokia, Ericcsson, Philips, Vodafone, Statec) in turn member of the D4D EU Hub (2018-2020)<\/li><li>Member of the Steering Board of the EU-AU Digital Economy Task Force (2019)<\/li><li>Co-Chairperson of the ICT WG at the EU-Africa Business Forum (Since 2010)<\/li><li>Founding Person of ESOA\/GSOA, 2002<\/li><li>Chairman of the Executive Committee of ESOA (European Satellite Operators Association) (2004-2006)<\/li><li>Member of the Board of ESPI<\/li><li>Member of SSIP<\/li><\/ul><p>\u00a0<\/p><p><strong>E<\/strong><strong>ducation:<\/strong><\/p><ul><li>University of Chicago, Management Courses (2001)<\/li><li>H.E.C. of St-Louis, Brussels, M.B.A. (1987-89)<\/li><li>Germanic Languages (English\/ German\/ Passive Dutch\/ American Culture), master\u2019s degree, ULB, (1983)<\/li><\/ul>\t\t\t\t\t<\/div>\r\n\t\t\t\t\t\t\t\t\t\t\t<div class=\"premium-modal-box-modal-footer\">\r\n\t\t\t\t\t\t\t<button type=\"button\" class=\"premium-modal-box-modal-lower-close\" data-dismiss=\"premium-modal\">\r\n\t\t\t\t\t\t\t\tClose\t\t\t\t\t\t\t<\/button>\r\n\t\t\t\t\t\t<\/div>\r\n\t\t\t\t\t\t\t\t\t<\/div>\r\n\t\t\t<\/div>\r\n\t\t<\/div>\r\n\r\n\t\t\t\t\t\t<\/div>\n\t\t\t\t<\/div>\n\t\t\t\t<div class=\"elementor-element elementor-element-b964233 elementor-widget elementor-widget-heading\" data-id=\"b964233\" data-element_type=\"widget\" data-widget_type=\"heading.default\">\n\t\t\t\t<div class=\"elementor-widget-container\">\n\t\t\t\t\t<h3 class=\"elementor-heading-title elementor-size-default\">Christine Leurquin<\/h3>\t\t\t\t<\/div>\n\t\t\t\t<\/div>\n\t\t\t\t<div class=\"elementor-element elementor-element-c8e4fd6 elementor-widget elementor-widget-heading\" data-id=\"c8e4fd6\" data-element_type=\"widget\" data-widget_type=\"heading.default\">\n\t\t\t\t<div class=\"elementor-widget-container\">\n\t\t\t\t\t<p class=\"elementor-heading-title elementor-size-default\">Director of European &amp; Public Affairs &amp; CEO<\/p>\t\t\t\t<\/div>\n\t\t\t\t<\/div>\n\t\t\t\t<div class=\"elementor-element elementor-element-46174e6 elementor-widget elementor-widget-heading\" data-id=\"46174e6\" data-element_type=\"widget\" data-widget_type=\"heading.default\">\n\t\t\t\t<div class=\"elementor-widget-container\">\n\t\t\t\t\t<p class=\"elementor-heading-title elementor-size-default\">Aldoria Belgium<\/p>\t\t\t\t<\/div>\n\t\t\t\t<\/div>\n\t\t\t\t\t<\/div>\n\t\t<\/div>\n\t\t\t\t<div class=\"elementor-column elementor-col-20 elementor-inner-column elementor-element elementor-element-b0a969f\" data-id=\"b0a969f\" data-element_type=\"column\">\n\t\t\t<div class=\"elementor-widget-wrap elementor-element-populated\">\n\t\t\t\t\t\t<div class=\"elementor-element elementor-element-d8ee0ec premium-modal-dismissible-yes elementor-widget elementor-widget-premium-addon-modal-box\" data-id=\"d8ee0ec\" data-element_type=\"widget\" data-settings=\"{&quot;premium_modal_box_animation&quot;:&quot;fadeInDown&quot;}\" data-widget_type=\"premium-addon-modal-box.default\">\n\t\t\t\t<div class=\"elementor-widget-container\">\n\t\t\t\t\t\r\n\t\t<div class=\"premium-modal-box-container\" data-settings=\"{&quot;trigger&quot;:&quot;image&quot;,&quot;show_on_exit&quot;:false}\">\r\n\t\t\t<div class=\"premium-modal-trigger-container\">\r\n\t\t\t\t\t\t\t\t\t<img decoding=\"async\" data-toggle=\"premium-modal\" data-target=\"#premium-modal-d8ee0ec\" class=\"premium-modal-trigger-img\" src=\"https:\/\/euspaceforum.com\/2025\/wp-content\/uploads\/2022\/09\/Javier-Izquierdo-WebsiteMailing.png\" alt=\"Javier Izquierdo\">\r\n\t\t\t\t\t\t\t<\/div>\r\n\r\n\t\t\t<div id=\"premium-modal-d8ee0ec\" class=\"premium-modal-box-modal\"\r\n\t\t\trole=\"dialog\"\r\n\t\t\tstyle=\"display: none\"\r\n\t\t\t>\r\n\t\t\t\t<div class=\"premium-modal-box-modal-dialog\" data-delay-animation=\"\" data-modal-animation=\"fadeInDown animated-fast\">\r\n\t\t\t\t\t\t\t\t\t\t\t<div class=\"premium-modal-box-modal-header\">\r\n\t\t\t\t\t\t\t\t\t\t\t\t\t\t\t<h3 class=\"premium-modal-box-modal-title\">\r\n\t\t\t\t\t\t\t\t\t\t\t\t<img decoding=\"async\" src=\"https:\/\/euspaceforum.com\/2025\/wp-content\/uploads\/2022\/09\/Javier-Izquierdo-WebsiteMailing.png\" alt=\"Javier Izquierdo\">\r\n\t\t\tJavier Izquierdo, Strategy Director, Hispasat\t\t\t\t\t\t\t\t<\/h3>\r\n\t\t\t\t\t\t\t\t\t\t\t\t\t\t\t\t\t\t\t\t\t\t<div class=\"premium-modal-box-close-button-container\">\r\n\t\t\t\t\t\t\t\t\t<button type=\"button\" class=\"premium-modal-box-modal-close\" data-dismiss=\"premium-modal\">&times;<\/button>\r\n\t\t\t\t\t\t\t\t<\/div>\r\n\t\t\t\t\t\t\t\t\t\t\t\t\t<\/div>\r\n\t\t\t\t\t\t\t\t\t\t<div class=\"premium-modal-box-modal-body\">\r\n\t\t\t\t\t\t<p><span style=\"font-weight: 400;\">Wide Experience in THE TELCO AND AUDIO-VISUAL MARKET in EUROPE AN LATINAMERICA<\/span><\/p><p><span style=\"font-weight: 400;\">Leading Operational, Technical and Commercial teams in different companies inside TELEFONICA. The last six years working in the Global Areas of TELEFONICA and till February 2020. Javier was part of the Operations and Customer Experience at GCTIO as Operations Director of Global Platforms (IoT, MVNE, etc..) and Video Services (IPTV, CATV, DTH, OTT), and from that date he lead the Shutdown of the Direct To Home (DTH) service and analysing new possible products and services.<\/span><\/p><p><span style=\"font-weight: 400;\">Javier has<\/span> <span style=\"font-weight: 400;\">always worked in Markets in Competition and depending on the Position, he has been responsible of P&amp;L, business development, Channel strategy and sales strategy.<\/span><\/p><p><span style=\"font-weight: 400;\">Javier considers himself a client-oriented person and has strong team building capabilities. He has excellent negotiation abilities, vision for development of new businesses and strategic analytical skills. He has a robust record of success in achieving complex objectives and timelines while building an exceptional team of professionals.<\/span><\/p><p><span style=\"font-weight: 400;\">Areas of experience<\/span><\/p><p><span style=\"font-weight: 400;\">&#8211; Open new business lines<\/span><\/p><p><span style=\"font-weight: 400;\">&#8211; Management of complete business lines and companies<\/span><\/p><p><span style=\"font-weight: 400;\">&#8211; Development of strategic plans<\/span><\/p><p><span style=\"font-weight: 400;\">&#8211; Create and manage teams<\/span><\/p><p><span style=\"font-weight: 400;\">&#8211; Negociations<\/span><\/p><p><span style=\"font-weight: 400;\">&#8211; Human resources management<\/span><\/p>\t\t\t\t\t<\/div>\r\n\t\t\t\t\t\t\t\t\t\t\t<div class=\"premium-modal-box-modal-footer\">\r\n\t\t\t\t\t\t\t<button type=\"button\" class=\"premium-modal-box-modal-lower-close\" data-dismiss=\"premium-modal\">\r\n\t\t\t\t\t\t\t\tClose\t\t\t\t\t\t\t<\/button>\r\n\t\t\t\t\t\t<\/div>\r\n\t\t\t\t\t\t\t\t\t<\/div>\r\n\t\t\t<\/div>\r\n\t\t<\/div>\r\n\r\n\t\t\t\t\t\t<\/div>\n\t\t\t\t<\/div>\n\t\t\t\t<div class=\"elementor-element elementor-element-93c52ff elementor-widget elementor-widget-heading\" data-id=\"93c52ff\" data-element_type=\"widget\" data-widget_type=\"heading.default\">\n\t\t\t\t<div class=\"elementor-widget-container\">\n\t\t\t\t\t<h3 class=\"elementor-heading-title elementor-size-default\">Javier Izquierdo<\/h3>\t\t\t\t<\/div>\n\t\t\t\t<\/div>\n\t\t\t\t<div class=\"elementor-element elementor-element-d7159d3 elementor-widget elementor-widget-heading\" data-id=\"d7159d3\" data-element_type=\"widget\" data-widget_type=\"heading.default\">\n\t\t\t\t<div class=\"elementor-widget-container\">\n\t\t\t\t\t<p class=\"elementor-heading-title elementor-size-default\">Strategy Director<\/p>\t\t\t\t<\/div>\n\t\t\t\t<\/div>\n\t\t\t\t<div class=\"elementor-element elementor-element-3183a2e elementor-widget elementor-widget-heading\" data-id=\"3183a2e\" data-element_type=\"widget\" data-widget_type=\"heading.default\">\n\t\t\t\t<div class=\"elementor-widget-container\">\n\t\t\t\t\t<p class=\"elementor-heading-title elementor-size-default\">Hispasat<\/p>\t\t\t\t<\/div>\n\t\t\t\t<\/div>\n\t\t\t\t\t<\/div>\n\t\t<\/div>\n\t\t\t\t<div class=\"elementor-column elementor-col-20 elementor-inner-column elementor-element elementor-element-d43eb66\" data-id=\"d43eb66\" data-element_type=\"column\">\n\t\t\t<div class=\"elementor-widget-wrap elementor-element-populated\">\n\t\t\t\t\t\t<div class=\"elementor-element elementor-element-7ce3613 premium-modal-dismissible-yes elementor-widget elementor-widget-premium-addon-modal-box\" data-id=\"7ce3613\" data-element_type=\"widget\" data-settings=\"{&quot;premium_modal_box_animation&quot;:&quot;fadeInDown&quot;}\" data-widget_type=\"premium-addon-modal-box.default\">\n\t\t\t\t<div class=\"elementor-widget-container\">\n\t\t\t\t\t\r\n\t\t<div class=\"premium-modal-box-container\" data-settings=\"{&quot;trigger&quot;:&quot;image&quot;,&quot;show_on_exit&quot;:false}\">\r\n\t\t\t<div class=\"premium-modal-trigger-container\">\r\n\t\t\t\t\t\t\t\t\t<img decoding=\"async\" data-toggle=\"premium-modal\" data-target=\"#premium-modal-7ce3613\" class=\"premium-modal-trigger-img\" src=\"https:\/\/euspaceforum.com\/2025\/wp-content\/uploads\/2022\/09\/Chris-White-Horne-WebsiteMailing.png\" alt=\"Chris White-Horne\">\r\n\t\t\t\t\t\t\t<\/div>\r\n\r\n\t\t\t<div id=\"premium-modal-7ce3613\" class=\"premium-modal-box-modal\"\r\n\t\t\trole=\"dialog\"\r\n\t\t\tstyle=\"display: none\"\r\n\t\t\t>\r\n\t\t\t\t<div class=\"premium-modal-box-modal-dialog\" data-delay-animation=\"\" data-modal-animation=\"fadeInDown animated-fast\">\r\n\t\t\t\t\t\t\t\t\t\t\t<div class=\"premium-modal-box-modal-header\">\r\n\t\t\t\t\t\t\t\t\t\t\t\t\t\t\t<h3 class=\"premium-modal-box-modal-title\">\r\n\t\t\t\t\t\t\t\t\t\t\t\t<img decoding=\"async\" src=\"https:\/\/euspaceforum.com\/2025\/wp-content\/uploads\/2022\/09\/Chris-White-Horne-WebsiteMailing.png\" alt=\"Chris White-Horne\">\r\n\t\t\tChris White-Horne, Space Director - UK Department for Science, Innovation and Technology\t\t\t\t\t\t\t\t<\/h3>\r\n\t\t\t\t\t\t\t\t\t\t\t\t\t\t\t\t\t\t\t\t\t\t<div class=\"premium-modal-box-close-button-container\">\r\n\t\t\t\t\t\t\t\t\t<button type=\"button\" class=\"premium-modal-box-modal-close\" data-dismiss=\"premium-modal\">&times;<\/button>\r\n\t\t\t\t\t\t\t\t<\/div>\r\n\t\t\t\t\t\t\t\t\t\t\t\t\t<\/div>\r\n\t\t\t\t\t\t\t\t\t\t<div class=\"premium-modal-box-modal-body\">\r\n\t\t\t\t\t\t<p><span style=\"font-weight: 400;\">Chris is Deputy CEO (job share) at the UK Space Agency.<\/span><\/p><p><span style=\"font-weight: 400;\">Together with Annelies Look, he is responsible for the delivery of all the UK Space Agency\u2019s major programmes, from space science, exploration and Earth Observation missions, to enabling satellite launch from UK spaceports and improving space sustainability.<\/span><\/p><p><span style=\"font-weight: 400;\">Chris joined the UK Space Agency in 2023, having previously been the Senior Responsible Owner (job share) for the Rail Transformation Programme in the Department for Transport. Previously Chris had a 25-year career in defence and aviation, including as programme director and chief engineer in the international programme office for the Typhoon aircraft programme in Munich.<\/span><\/p><p><span style=\"font-weight: 400;\">Chris lives in Gloucestershire and beyond his day job is a trombone teacher, music charity trustee and non-executive director of a multi-academy school trust.<\/span><\/p>\t\t\t\t\t<\/div>\r\n\t\t\t\t\t\t\t\t\t\t\t<div class=\"premium-modal-box-modal-footer\">\r\n\t\t\t\t\t\t\t<button type=\"button\" class=\"premium-modal-box-modal-lower-close\" data-dismiss=\"premium-modal\">\r\n\t\t\t\t\t\t\t\tClose\t\t\t\t\t\t\t<\/button>\r\n\t\t\t\t\t\t<\/div>\r\n\t\t\t\t\t\t\t\t\t<\/div>\r\n\t\t\t<\/div>\r\n\t\t<\/div>\r\n\r\n\t\t\t\t\t\t<\/div>\n\t\t\t\t<\/div>\n\t\t\t\t<div class=\"elementor-element elementor-element-39779b2 elementor-widget elementor-widget-heading\" data-id=\"39779b2\" data-element_type=\"widget\" data-widget_type=\"heading.default\">\n\t\t\t\t<div class=\"elementor-widget-container\">\n\t\t\t\t\t<h3 class=\"elementor-heading-title elementor-size-default\">Chris White-Horne<\/h3>\t\t\t\t<\/div>\n\t\t\t\t<\/div>\n\t\t\t\t<div class=\"elementor-element elementor-element-8fa0c19 elementor-widget elementor-widget-heading\" data-id=\"8fa0c19\" data-element_type=\"widget\" data-widget_type=\"heading.default\">\n\t\t\t\t<div class=\"elementor-widget-container\">\n\t\t\t\t\t<p class=\"elementor-heading-title elementor-size-default\">Space Director<\/p>\t\t\t\t<\/div>\n\t\t\t\t<\/div>\n\t\t\t\t<div class=\"elementor-element elementor-element-775a63b elementor-widget elementor-widget-heading\" data-id=\"775a63b\" data-element_type=\"widget\" data-widget_type=\"heading.default\">\n\t\t\t\t<div class=\"elementor-widget-container\">\n\t\t\t\t\t<p class=\"elementor-heading-title elementor-size-default\">UK Department for Science, Innovation and Technology<\/p>\t\t\t\t<\/div>\n\t\t\t\t<\/div>\n\t\t\t\t\t<\/div>\n\t\t<\/div>\n\t\t\t\t<div class=\"elementor-column elementor-col-20 elementor-inner-column elementor-element elementor-element-9258950\" data-id=\"9258950\" data-element_type=\"column\">\n\t\t\t<div class=\"elementor-widget-wrap elementor-element-populated\">\n\t\t\t\t\t\t<div class=\"elementor-element elementor-element-442bd54 premium-modal-dismissible-yes elementor-widget elementor-widget-premium-addon-modal-box\" data-id=\"442bd54\" data-element_type=\"widget\" data-settings=\"{&quot;premium_modal_box_animation&quot;:&quot;fadeInDown&quot;}\" data-widget_type=\"premium-addon-modal-box.default\">\n\t\t\t\t<div class=\"elementor-widget-container\">\n\t\t\t\t\t\r\n\t\t<div class=\"premium-modal-box-container\" data-settings=\"{&quot;trigger&quot;:&quot;image&quot;,&quot;show_on_exit&quot;:false}\">\r\n\t\t\t<div class=\"premium-modal-trigger-container\">\r\n\t\t\t\t\t\t\t\t\t<img decoding=\"async\" data-toggle=\"premium-modal\" data-target=\"#premium-modal-442bd54\" class=\"premium-modal-trigger-img\" src=\"https:\/\/euspaceforum.com\/2025\/wp-content\/uploads\/2022\/09\/Astrid-Christina-Koch-WebsiteMailing.png\" alt=\"Astrid-Christina Koch\">\r\n\t\t\t\t\t\t\t<\/div>\r\n\r\n\t\t\t<div id=\"premium-modal-442bd54\" class=\"premium-modal-box-modal\"\r\n\t\t\trole=\"dialog\"\r\n\t\t\tstyle=\"display: none\"\r\n\t\t\t>\r\n\t\t\t\t<div class=\"premium-modal-box-modal-dialog\" data-delay-animation=\"\" data-modal-animation=\"fadeInDown animated-fast\">\r\n\t\t\t\t\t\t\t\t\t\t\t<div class=\"premium-modal-box-modal-header\">\r\n\t\t\t\t\t\t\t\t\t\t\t\t\t\t\t<h3 class=\"premium-modal-box-modal-title\">\r\n\t\t\t\t\t\t\t\t\t\t\t\t<img decoding=\"async\" src=\"https:\/\/euspaceforum.com\/2025\/wp-content\/uploads\/2022\/09\/Astrid-Christina-Koch-WebsiteMailing.png\" alt=\"Astrid-Christina Koch\">\r\n\t\t\tAstrid-Christina Koch, Senior Expert, Space Data Economy and International Cooperation, DG DEFIS, European Commission\t\t\t\t\t\t\t\t<\/h3>\r\n\t\t\t\t\t\t\t\t\t\t\t\t\t\t\t\t\t\t\t\t\t\t<div class=\"premium-modal-box-close-button-container\">\r\n\t\t\t\t\t\t\t\t\t<button type=\"button\" class=\"premium-modal-box-modal-close\" data-dismiss=\"premium-modal\">&times;<\/button>\r\n\t\t\t\t\t\t\t\t<\/div>\r\n\t\t\t\t\t\t\t\t\t\t\t\t\t<\/div>\r\n\t\t\t\t\t\t\t\t\t\t<div class=\"premium-modal-box-modal-body\">\r\n\t\t\t\t\t\t<p><span style=\"font-weight: 400;\">Astrid-Christina Koch is Senior Expert in the DG Defence Industry and Space (DEFIS) of the European Commission. She works on the international dimension of the EU Space Programme together with European and International partners. She is the point of contact for the Committee on Earth Observation Satellites (CEOS) in DG DEFIS and is supporting cooperation on Copernicus worldwide. From 2007 \u2013 2012 she served as science diplomat in the EU Delegation to the United States in Washington DC promoting transatlantic science and space cooperation. She started her career in the Commission in DG RTD in the unit for advanced materials. During that time she developed the instrument of \u2018coordinated\/joint calls\u2019 with third countries within the 7<\/span><span style=\"font-weight: 400;\">th<\/span><span style=\"font-weight: 400;\"> Framework Programme for Research &amp; Innovation (FP7), notably with the U.S. National Science Foundation (NSF). Before joining the Commission, she worked as deputy policy coordinator of the five German Customs Laboratories in Germany at the Ministry of Finance, and was the German Delegate to the TAXUD Customs Nomenclature Committee and the Science Committee of the World Customs Organisation. She promoted the development of the European Customs Chemists Network. Astrid is an organic preparative chemist &amp; and received a Ph.D. in Natural Science from the Christian \u2013 Albrechts University in Kiel\/Germany.<\/span><\/p>\t\t\t\t\t<\/div>\r\n\t\t\t\t\t\t\t\t\t\t\t<div class=\"premium-modal-box-modal-footer\">\r\n\t\t\t\t\t\t\t<button type=\"button\" class=\"premium-modal-box-modal-lower-close\" data-dismiss=\"premium-modal\">\r\n\t\t\t\t\t\t\t\tClose\t\t\t\t\t\t\t<\/button>\r\n\t\t\t\t\t\t<\/div>\r\n\t\t\t\t\t\t\t\t\t<\/div>\r\n\t\t\t<\/div>\r\n\t\t<\/div>\r\n\r\n\t\t\t\t\t\t<\/div>\n\t\t\t\t<\/div>\n\t\t\t\t<div class=\"elementor-element elementor-element-fd85685 elementor-widget elementor-widget-heading\" data-id=\"fd85685\" data-element_type=\"widget\" data-widget_type=\"heading.default\">\n\t\t\t\t<div class=\"elementor-widget-container\">\n\t\t\t\t\t<h3 class=\"elementor-heading-title elementor-size-default\">Astrid-Christina Koch<\/h3>\t\t\t\t<\/div>\n\t\t\t\t<\/div>\n\t\t\t\t<div class=\"elementor-element elementor-element-42fc21f elementor-widget elementor-widget-heading\" data-id=\"42fc21f\" data-element_type=\"widget\" data-widget_type=\"heading.default\">\n\t\t\t\t<div class=\"elementor-widget-container\">\n\t\t\t\t\t<p class=\"elementor-heading-title elementor-size-default\">Senior Expert, Space Data Economy and International Cooperation, DG DEFIS<\/p>\t\t\t\t<\/div>\n\t\t\t\t<\/div>\n\t\t\t\t<div class=\"elementor-element elementor-element-973fd25 elementor-widget elementor-widget-heading\" data-id=\"973fd25\" data-element_type=\"widget\" data-widget_type=\"heading.default\">\n\t\t\t\t<div class=\"elementor-widget-container\">\n\t\t\t\t\t<p class=\"elementor-heading-title elementor-size-default\">European Commission<\/p>\t\t\t\t<\/div>\n\t\t\t\t<\/div>\n\t\t\t\t\t<\/div>\n\t\t<\/div>\n\t\t\t\t<div class=\"elementor-column elementor-col-20 elementor-inner-column elementor-element elementor-element-af80b52\" data-id=\"af80b52\" data-element_type=\"column\">\n\t\t\t<div class=\"elementor-widget-wrap elementor-element-populated\">\n\t\t\t\t\t\t<div class=\"elementor-element elementor-element-a9af682 premium-modal-dismissible-yes elementor-widget elementor-widget-premium-addon-modal-box\" data-id=\"a9af682\" data-element_type=\"widget\" data-settings=\"{&quot;premium_modal_box_animation&quot;:&quot;fadeInDown&quot;}\" data-widget_type=\"premium-addon-modal-box.default\">\n\t\t\t\t<div class=\"elementor-widget-container\">\n\t\t\t\t\t\r\n\t\t<div class=\"premium-modal-box-container\" data-settings=\"{&quot;trigger&quot;:&quot;image&quot;,&quot;show_on_exit&quot;:false}\">\r\n\t\t\t<div class=\"premium-modal-trigger-container\">\r\n\t\t\t\t\t\t\t\t\t<img decoding=\"async\" data-toggle=\"premium-modal\" data-target=\"#premium-modal-a9af682\" class=\"premium-modal-trigger-img\" src=\"https:\/\/euspaceforum.com\/2025\/wp-content\/uploads\/2022\/09\/William-Smith-WebsiteMailing.png\" alt=\"William Smith\">\r\n\t\t\t\t\t\t\t<\/div>\r\n\r\n\t\t\t<div id=\"premium-modal-a9af682\" class=\"premium-modal-box-modal\"\r\n\t\t\trole=\"dialog\"\r\n\t\t\tstyle=\"display: none\"\r\n\t\t\t>\r\n\t\t\t\t<div class=\"premium-modal-box-modal-dialog\" data-delay-animation=\"\" data-modal-animation=\"fadeInDown animated-fast\">\r\n\t\t\t\t\t\t\t\t\t\t\t<div class=\"premium-modal-box-modal-header\">\r\n\t\t\t\t\t\t\t\t\t\t\t\t\t\t\t<h3 class=\"premium-modal-box-modal-title\">\r\n\t\t\t\t\t\t\t\t\t\t\t\t<img decoding=\"async\" src=\"https:\/\/euspaceforum.com\/2025\/wp-content\/uploads\/2022\/09\/William-Smith-WebsiteMailing.png\" alt=\"William Smith\">\r\n\t\t\tWilliam Smith, International Negotiation &amp; Future Partnerships Manager, Space Directorate, United Kingdom\t\t\t\t\t\t\t\t<\/h3>\r\n\t\t\t\t\t\t\t\t\t\t\t\t\t\t\t\t\t\t\t\t\t\t<div class=\"premium-modal-box-close-button-container\">\r\n\t\t\t\t\t\t\t\t\t<button type=\"button\" class=\"premium-modal-box-modal-close\" data-dismiss=\"premium-modal\">&times;<\/button>\r\n\t\t\t\t\t\t\t\t<\/div>\r\n\t\t\t\t\t\t\t\t\t\t\t\t\t<\/div>\r\n\t\t\t\t\t\t\t\t\t\t<div class=\"premium-modal-box-modal-body\">\r\n\t\t\t\t\t\t<p>Bio to follow.\u00a0<\/p>\t\t\t\t\t<\/div>\r\n\t\t\t\t\t\t\t\t\t\t\t<div class=\"premium-modal-box-modal-footer\">\r\n\t\t\t\t\t\t\t<button type=\"button\" class=\"premium-modal-box-modal-lower-close\" data-dismiss=\"premium-modal\">\r\n\t\t\t\t\t\t\t\tClose\t\t\t\t\t\t\t<\/button>\r\n\t\t\t\t\t\t<\/div>\r\n\t\t\t\t\t\t\t\t\t<\/div>\r\n\t\t\t<\/div>\r\n\t\t<\/div>\r\n\r\n\t\t\t\t\t\t<\/div>\n\t\t\t\t<\/div>\n\t\t\t\t<div class=\"elementor-element elementor-element-18458c3 elementor-widget elementor-widget-heading\" data-id=\"18458c3\" data-element_type=\"widget\" data-widget_type=\"heading.default\">\n\t\t\t\t<div class=\"elementor-widget-container\">\n\t\t\t\t\t<h3 class=\"elementor-heading-title elementor-size-default\">William Smith<\/h3>\t\t\t\t<\/div>\n\t\t\t\t<\/div>\n\t\t\t\t<div class=\"elementor-element elementor-element-db9598d elementor-widget elementor-widget-heading\" data-id=\"db9598d\" data-element_type=\"widget\" data-widget_type=\"heading.default\">\n\t\t\t\t<div class=\"elementor-widget-container\">\n\t\t\t\t\t<p class=\"elementor-heading-title elementor-size-default\">International Negotiation &amp; Future Partnerships Manager<\/p>\t\t\t\t<\/div>\n\t\t\t\t<\/div>\n\t\t\t\t<div class=\"elementor-element elementor-element-1315fda elementor-widget elementor-widget-heading\" data-id=\"1315fda\" data-element_type=\"widget\" data-widget_type=\"heading.default\">\n\t\t\t\t<div class=\"elementor-widget-container\">\n\t\t\t\t\t<p class=\"elementor-heading-title elementor-size-default\">Space Directorate, United Kingdom <\/p>\t\t\t\t<\/div>\n\t\t\t\t<\/div>\n\t\t\t\t\t<\/div>\n\t\t<\/div>\n\t\t\t\t\t<\/div>\n\t\t<\/section>\n\t\t\t\t<section class=\"elementor-section elementor-inner-section elementor-element elementor-element-0e19da6 elementor-section-boxed elementor-section-height-default elementor-section-height-default\" data-id=\"0e19da6\" data-element_type=\"section\">\n\t\t\t\t\t\t<div class=\"elementor-container elementor-column-gap-default\">\n\t\t\t\t\t<div class=\"elementor-column elementor-col-20 elementor-inner-column elementor-element elementor-element-0000be2\" data-id=\"0000be2\" data-element_type=\"column\">\n\t\t\t<div class=\"elementor-widget-wrap elementor-element-populated\">\n\t\t\t\t\t\t<div class=\"elementor-element elementor-element-7672c81 premium-modal-dismissible-yes elementor-widget elementor-widget-premium-addon-modal-box\" data-id=\"7672c81\" data-element_type=\"widget\" data-settings=\"{&quot;premium_modal_box_animation&quot;:&quot;fadeInDown&quot;}\" data-widget_type=\"premium-addon-modal-box.default\">\n\t\t\t\t<div class=\"elementor-widget-container\">\n\t\t\t\t\t\r\n\t\t<div class=\"premium-modal-box-container\" data-settings=\"{&quot;trigger&quot;:&quot;image&quot;,&quot;show_on_exit&quot;:false}\">\r\n\t\t\t<div class=\"premium-modal-trigger-container\">\r\n\t\t\t\t\t\t\t\t\t<img decoding=\"async\" data-toggle=\"premium-modal\" data-target=\"#premium-modal-7672c81\" class=\"premium-modal-trigger-img\" src=\"https:\/\/euspaceforum.com\/2025\/wp-content\/uploads\/2022\/09\/Martyna-Perek-WebsiteMailing.png\" alt=\"Martyna Perek\">\r\n\t\t\t\t\t\t\t<\/div>\r\n\r\n\t\t\t<div id=\"premium-modal-7672c81\" class=\"premium-modal-box-modal\"\r\n\t\t\trole=\"dialog\"\r\n\t\t\tstyle=\"display: none\"\r\n\t\t\t>\r\n\t\t\t\t<div class=\"premium-modal-box-modal-dialog\" data-delay-animation=\"\" data-modal-animation=\"fadeInDown animated-fast\">\r\n\t\t\t\t\t\t\t\t\t\t\t<div class=\"premium-modal-box-modal-header\">\r\n\t\t\t\t\t\t\t\t\t\t\t\t\t\t\t<h3 class=\"premium-modal-box-modal-title\">\r\n\t\t\t\t\t\t\t\t\t\t\t\t<img decoding=\"async\" src=\"https:\/\/euspaceforum.com\/2025\/wp-content\/uploads\/2022\/09\/Martyna-Perek-WebsiteMailing.png\" alt=\"Martyna Perek\">\r\n\t\t\tMartyna Perek, Chief Expert, Chair of the Space Working Party, Polish Presidency in the EU Council 2025, Ministry of Economic Development and Technology, Poland\t\t\t\t\t\t\t\t<\/h3>\r\n\t\t\t\t\t\t\t\t\t\t\t\t\t\t\t\t\t\t\t\t\t\t<div class=\"premium-modal-box-close-button-container\">\r\n\t\t\t\t\t\t\t\t\t<button type=\"button\" class=\"premium-modal-box-modal-close\" data-dismiss=\"premium-modal\">&times;<\/button>\r\n\t\t\t\t\t\t\t\t<\/div>\r\n\t\t\t\t\t\t\t\t\t\t\t\t\t<\/div>\r\n\t\t\t\t\t\t\t\t\t\t<div class=\"premium-modal-box-modal-body\">\r\n\t\t\t\t\t\t<p><span style=\"font-weight: 400;\">Martyna Perek has over 15 years of experience in European economic and regulatory affairs, with a particular focus on space policy. She began her public service career in 2009 at the Ministry of Economy and has held various roles related to the EU internal market and regulatory coordination. From 2016 to 2022, she served as First Secretary at the Permanent Representation of Poland to the EU in Brussels, acting as attach\u00e9 for space, industry, and internal market affairs. Following a two-year tenure in the private sector as a regulatory affairs expert in the e-commerce industry, she returned to public administration in 2024 to take up the EU space policy matters in the Department of Defence Industry. She was chairing the EU Council\u2019s Space Working Party during the Polish Presidency 2025. Ms. Perek holds international academic credentials, including programs at MIT (New Space Economy) and Stanford Graduate School of Business (Influence &amp; Negotiation Strategies).<\/span><\/p>\t\t\t\t\t<\/div>\r\n\t\t\t\t\t\t\t\t\t\t\t<div class=\"premium-modal-box-modal-footer\">\r\n\t\t\t\t\t\t\t<button type=\"button\" class=\"premium-modal-box-modal-lower-close\" data-dismiss=\"premium-modal\">\r\n\t\t\t\t\t\t\t\tClose\t\t\t\t\t\t\t<\/button>\r\n\t\t\t\t\t\t<\/div>\r\n\t\t\t\t\t\t\t\t\t<\/div>\r\n\t\t\t<\/div>\r\n\t\t<\/div>\r\n\r\n\t\t\t\t\t\t<\/div>\n\t\t\t\t<\/div>\n\t\t\t\t<div class=\"elementor-element elementor-element-513a4a4 elementor-widget elementor-widget-heading\" data-id=\"513a4a4\" data-element_type=\"widget\" data-widget_type=\"heading.default\">\n\t\t\t\t<div class=\"elementor-widget-container\">\n\t\t\t\t\t<h3 class=\"elementor-heading-title elementor-size-default\">Martyna Perek<\/h3>\t\t\t\t<\/div>\n\t\t\t\t<\/div>\n\t\t\t\t<div class=\"elementor-element elementor-element-1fd4327 elementor-widget elementor-widget-heading\" data-id=\"1fd4327\" data-element_type=\"widget\" data-widget_type=\"heading.default\">\n\t\t\t\t<div class=\"elementor-widget-container\">\n\t\t\t\t\t<p class=\"elementor-heading-title elementor-size-default\">Chief Expert, Chair of the Space Working Party, Polish Presidency in the EU Council 2025<\/p>\t\t\t\t<\/div>\n\t\t\t\t<\/div>\n\t\t\t\t<div class=\"elementor-element elementor-element-41f6ae1 elementor-widget elementor-widget-heading\" data-id=\"41f6ae1\" data-element_type=\"widget\" data-widget_type=\"heading.default\">\n\t\t\t\t<div class=\"elementor-widget-container\">\n\t\t\t\t\t<p class=\"elementor-heading-title elementor-size-default\">Ministry of Economic Development and Technology, Poland<\/p>\t\t\t\t<\/div>\n\t\t\t\t<\/div>\n\t\t\t\t\t<\/div>\n\t\t<\/div>\n\t\t\t\t<div class=\"elementor-column elementor-col-20 elementor-inner-column elementor-element elementor-element-0739da0\" data-id=\"0739da0\" data-element_type=\"column\">\n\t\t\t<div class=\"elementor-widget-wrap elementor-element-populated\">\n\t\t\t\t\t\t<div class=\"elementor-element elementor-element-51333e5 premium-modal-dismissible-yes elementor-widget elementor-widget-premium-addon-modal-box\" data-id=\"51333e5\" data-element_type=\"widget\" data-settings=\"{&quot;premium_modal_box_animation&quot;:&quot;fadeInDown&quot;}\" data-widget_type=\"premium-addon-modal-box.default\">\n\t\t\t\t<div class=\"elementor-widget-container\">\n\t\t\t\t\t\r\n\t\t<div class=\"premium-modal-box-container\" data-settings=\"{&quot;trigger&quot;:&quot;image&quot;,&quot;show_on_exit&quot;:false}\">\r\n\t\t\t<div class=\"premium-modal-trigger-container\">\r\n\t\t\t\t\t\t\t\t\t<img decoding=\"async\" data-toggle=\"premium-modal\" data-target=\"#premium-modal-51333e5\" class=\"premium-modal-trigger-img\" src=\"https:\/\/euspaceforum.com\/2025\/wp-content\/uploads\/2022\/09\/Ivan-Janes-WebsiteMailing.png\" alt=\"Ivan Janes\">\r\n\t\t\t\t\t\t\t<\/div>\r\n\r\n\t\t\t<div id=\"premium-modal-51333e5\" class=\"premium-modal-box-modal\"\r\n\t\t\trole=\"dialog\"\r\n\t\t\tstyle=\"display: none\"\r\n\t\t\t>\r\n\t\t\t\t<div class=\"premium-modal-box-modal-dialog\" data-delay-animation=\"\" data-modal-animation=\"fadeInDown animated-fast\">\r\n\t\t\t\t\t\t\t\t\t\t\t<div class=\"premium-modal-box-modal-header\">\r\n\t\t\t\t\t\t\t\t\t\t\t\t\t\t\t<h3 class=\"premium-modal-box-modal-title\">\r\n\t\t\t\t\t\t\t\t\t\t\t\t<img decoding=\"async\" src=\"https:\/\/euspaceforum.com\/2025\/wp-content\/uploads\/2022\/09\/Ivan-Janes-WebsiteMailing.png\" alt=\"Ivan Janes\">\r\n\t\t\tIvan Janes, Chief Systems &amp; Products Officer, Telespazio Germany\t\t\t\t\t\t\t\t<\/h3>\r\n\t\t\t\t\t\t\t\t\t\t\t\t\t\t\t\t\t\t\t\t\t\t<div class=\"premium-modal-box-close-button-container\">\r\n\t\t\t\t\t\t\t\t\t<button type=\"button\" class=\"premium-modal-box-modal-close\" data-dismiss=\"premium-modal\">&times;<\/button>\r\n\t\t\t\t\t\t\t\t<\/div>\r\n\t\t\t\t\t\t\t\t\t\t\t\t\t<\/div>\r\n\t\t\t\t\t\t\t\t\t\t<div class=\"premium-modal-box-modal-body\">\r\n\t\t\t\t\t\t<p><span style=\"font-weight: 400;\">Dr. Ivan Janes is an accomplished executive with over two decades of leadership experience at the intersection of strategy, systems and innovation in the European Space, Defence, Aviation and Energy sectors. Currently serving as Chief Systems &amp; Products Officer, he oversees mission-critical capabilities spanning, among others, ground infrastructure, cybersecurity, satellite communications and simulation services.<\/span><\/p><p><span style=\"font-weight: 400;\">With a Ph.D. in Computer Science and extensive experience spanning systems engineering and executive commercial leadership, Dr. Janes brings a uniquely strategic perspective, translating technical depth into business value, operational excellence and high-impact solutions that meet real customer needs. He is a regular contributor to executive forums focused on digital resilience, emerging space markets and the future of European industrial collaboration.<\/span><\/p>\t\t\t\t\t<\/div>\r\n\t\t\t\t\t\t\t\t\t\t\t<div class=\"premium-modal-box-modal-footer\">\r\n\t\t\t\t\t\t\t<button type=\"button\" class=\"premium-modal-box-modal-lower-close\" data-dismiss=\"premium-modal\">\r\n\t\t\t\t\t\t\t\tClose\t\t\t\t\t\t\t<\/button>\r\n\t\t\t\t\t\t<\/div>\r\n\t\t\t\t\t\t\t\t\t<\/div>\r\n\t\t\t<\/div>\r\n\t\t<\/div>\r\n\r\n\t\t\t\t\t\t<\/div>\n\t\t\t\t<\/div>\n\t\t\t\t<div class=\"elementor-element elementor-element-823783a elementor-widget elementor-widget-heading\" data-id=\"823783a\" data-element_type=\"widget\" data-widget_type=\"heading.default\">\n\t\t\t\t<div class=\"elementor-widget-container\">\n\t\t\t\t\t<h3 class=\"elementor-heading-title elementor-size-default\">Ivan Janes<\/h3>\t\t\t\t<\/div>\n\t\t\t\t<\/div>\n\t\t\t\t<div class=\"elementor-element elementor-element-229941e elementor-widget elementor-widget-heading\" data-id=\"229941e\" data-element_type=\"widget\" data-widget_type=\"heading.default\">\n\t\t\t\t<div class=\"elementor-widget-container\">\n\t\t\t\t\t<p class=\"elementor-heading-title elementor-size-default\">Chief Systems &amp; Products Officer<\/p>\t\t\t\t<\/div>\n\t\t\t\t<\/div>\n\t\t\t\t<div class=\"elementor-element elementor-element-8cf5e65 elementor-widget elementor-widget-heading\" data-id=\"8cf5e65\" data-element_type=\"widget\" data-widget_type=\"heading.default\">\n\t\t\t\t<div class=\"elementor-widget-container\">\n\t\t\t\t\t<p class=\"elementor-heading-title elementor-size-default\">Telespazio Germany<\/p>\t\t\t\t<\/div>\n\t\t\t\t<\/div>\n\t\t\t\t\t<\/div>\n\t\t<\/div>\n\t\t\t\t<div class=\"elementor-column elementor-col-20 elementor-inner-column elementor-element elementor-element-49dc684\" data-id=\"49dc684\" data-element_type=\"column\">\n\t\t\t<div class=\"elementor-widget-wrap elementor-element-populated\">\n\t\t\t\t\t\t<div class=\"elementor-element elementor-element-3977205 premium-modal-dismissible-yes elementor-widget elementor-widget-premium-addon-modal-box\" data-id=\"3977205\" data-element_type=\"widget\" data-settings=\"{&quot;premium_modal_box_animation&quot;:&quot;fadeInDown&quot;}\" data-widget_type=\"premium-addon-modal-box.default\">\n\t\t\t\t<div class=\"elementor-widget-container\">\n\t\t\t\t\t\r\n\t\t<div class=\"premium-modal-box-container\" data-settings=\"{&quot;trigger&quot;:&quot;image&quot;,&quot;show_on_exit&quot;:false}\">\r\n\t\t\t<div class=\"premium-modal-trigger-container\">\r\n\t\t\t\t\t\t\t\t\t<img decoding=\"async\" data-toggle=\"premium-modal\" data-target=\"#premium-modal-3977205\" class=\"premium-modal-trigger-img\" src=\"https:\/\/euspaceforum.com\/2025\/wp-content\/uploads\/2022\/09\/Vincent-Brison-WebsiteMailing.png\" alt=\"Vincent Brison\">\r\n\t\t\t\t\t\t\t<\/div>\r\n\r\n\t\t\t<div id=\"premium-modal-3977205\" class=\"premium-modal-box-modal\"\r\n\t\t\trole=\"dialog\"\r\n\t\t\tstyle=\"display: none\"\r\n\t\t\t>\r\n\t\t\t\t<div class=\"premium-modal-box-modal-dialog\" data-delay-animation=\"\" data-modal-animation=\"fadeInDown animated-fast\">\r\n\t\t\t\t\t\t\t\t\t\t\t<div class=\"premium-modal-box-modal-header\">\r\n\t\t\t\t\t\t\t\t\t\t\t\t\t\t\t<h3 class=\"premium-modal-box-modal-title\">\r\n\t\t\t\t\t\t\t\t\t\t\t\t<img decoding=\"async\" src=\"https:\/\/euspaceforum.com\/2025\/wp-content\/uploads\/2022\/09\/Vincent-Brison-WebsiteMailing.png\" alt=\"Vincent Brison\">\r\n\t\t\tVincent Brison, Joint Office in Space Navigation in European Commission, European Union Agency for the Space Programme (EUSPA)\t\t\t\t\t\t\t\t<\/h3>\r\n\t\t\t\t\t\t\t\t\t\t\t\t\t\t\t\t\t\t\t\t\t\t<div class=\"premium-modal-box-close-button-container\">\r\n\t\t\t\t\t\t\t\t\t<button type=\"button\" class=\"premium-modal-box-modal-close\" data-dismiss=\"premium-modal\">&times;<\/button>\r\n\t\t\t\t\t\t\t\t<\/div>\r\n\t\t\t\t\t\t\t\t\t\t\t\t\t<\/div>\r\n\t\t\t\t\t\t\t\t\t\t<div class=\"premium-modal-box-modal-body\">\r\n\t\t\t\t\t\t<p><span style=\"font-weight: 400;\">With over 20 years of experience in the field of satellite navigation, Vincent Brison joined the EUSPA (formerly GSA &#8211; European GNSS Agency) in 2013 as EGNOS Operations and Maintenance Manager. Prior to his engagement with the EUSPA, he held various positions in both public and private sectors, namely at the European Commission as Project officer and at the EGNOS Service Provider as Operations Manager. Brison holds a Master\u2019s degree in Civil Engineer in Electronics &amp; Telecommunications. Since 2021 he is EUSPA member of the Joint Office for Galileo and EGNOS at the DG DEFIS.<\/span><\/p>\t\t\t\t\t<\/div>\r\n\t\t\t\t\t\t\t\t\t\t\t<div class=\"premium-modal-box-modal-footer\">\r\n\t\t\t\t\t\t\t<button type=\"button\" class=\"premium-modal-box-modal-lower-close\" data-dismiss=\"premium-modal\">\r\n\t\t\t\t\t\t\t\tClose\t\t\t\t\t\t\t<\/button>\r\n\t\t\t\t\t\t<\/div>\r\n\t\t\t\t\t\t\t\t\t<\/div>\r\n\t\t\t<\/div>\r\n\t\t<\/div>\r\n\r\n\t\t\t\t\t\t<\/div>\n\t\t\t\t<\/div>\n\t\t\t\t<div class=\"elementor-element elementor-element-57833e4 elementor-widget elementor-widget-heading\" data-id=\"57833e4\" data-element_type=\"widget\" data-widget_type=\"heading.default\">\n\t\t\t\t<div class=\"elementor-widget-container\">\n\t\t\t\t\t<h3 class=\"elementor-heading-title elementor-size-default\">Vincent Brison<\/h3>\t\t\t\t<\/div>\n\t\t\t\t<\/div>\n\t\t\t\t<div class=\"elementor-element elementor-element-97b66ff elementor-widget elementor-widget-heading\" data-id=\"97b66ff\" data-element_type=\"widget\" data-widget_type=\"heading.default\">\n\t\t\t\t<div class=\"elementor-widget-container\">\n\t\t\t\t\t<p class=\"elementor-heading-title elementor-size-default\">Joint Office in Space Navigation in European Commission<\/p>\t\t\t\t<\/div>\n\t\t\t\t<\/div>\n\t\t\t\t<div class=\"elementor-element elementor-element-c983d41 elementor-widget elementor-widget-heading\" data-id=\"c983d41\" data-element_type=\"widget\" data-widget_type=\"heading.default\">\n\t\t\t\t<div class=\"elementor-widget-container\">\n\t\t\t\t\t<p class=\"elementor-heading-title elementor-size-default\">European Union Agency for the Space Programme (EUSPA)<\/p>\t\t\t\t<\/div>\n\t\t\t\t<\/div>\n\t\t\t\t\t<\/div>\n\t\t<\/div>\n\t\t\t\t<div class=\"elementor-column elementor-col-20 elementor-inner-column elementor-element elementor-element-9b21d66 elementor-hidden-desktop elementor-hidden-tablet elementor-hidden-mobile\" data-id=\"9b21d66\" data-element_type=\"column\">\n\t\t\t<div class=\"elementor-widget-wrap elementor-element-populated\">\n\t\t\t\t\t\t<div class=\"elementor-element elementor-element-1d6b0b8 premium-modal-dismissible-yes elementor-widget elementor-widget-premium-addon-modal-box\" data-id=\"1d6b0b8\" data-element_type=\"widget\" data-settings=\"{&quot;premium_modal_box_animation&quot;:&quot;fadeInDown&quot;}\" data-widget_type=\"premium-addon-modal-box.default\">\n\t\t\t\t<div class=\"elementor-widget-container\">\n\t\t\t\t\t\r\n\t\t<div class=\"premium-modal-box-container\" data-settings=\"{&quot;trigger&quot;:&quot;image&quot;,&quot;show_on_exit&quot;:false}\">\r\n\t\t\t<div class=\"premium-modal-trigger-container\">\r\n\t\t\t\t\t\t\t\t\t<img decoding=\"async\" data-toggle=\"premium-modal\" data-target=\"#premium-modal-1d6b0b8\" class=\"premium-modal-trigger-img\" src=\"https:\/\/euspaceforum.com\/2025\/wp-content\/uploads\/2022\/09\/Vincent-Brison-WebsiteMailing.png\" alt=\"Vincent Brison\">\r\n\t\t\t\t\t\t\t<\/div>\r\n\r\n\t\t\t<div id=\"premium-modal-1d6b0b8\" class=\"premium-modal-box-modal\"\r\n\t\t\trole=\"dialog\"\r\n\t\t\tstyle=\"display: none\"\r\n\t\t\t>\r\n\t\t\t\t<div class=\"premium-modal-box-modal-dialog\" data-delay-animation=\"\" data-modal-animation=\"fadeInDown animated-fast\">\r\n\t\t\t\t\t\t\t\t\t\t\t<div class=\"premium-modal-box-modal-header\">\r\n\t\t\t\t\t\t\t\t\t\t\t\t\t\t\t<h3 class=\"premium-modal-box-modal-title\">\r\n\t\t\t\t\t\t\t\t\t\t\t\t<img decoding=\"async\" src=\"https:\/\/euspaceforum.com\/2025\/wp-content\/uploads\/2022\/09\/Vincent-Brison-WebsiteMailing.png\" alt=\"Vincent Brison\">\r\n\t\t\tVincent Brison, Joint Office in Space Navigation in European Commission, European Union Agency for the Space Programme (EUSPA)\t\t\t\t\t\t\t\t<\/h3>\r\n\t\t\t\t\t\t\t\t\t\t\t\t\t\t\t\t\t\t\t\t\t\t<div class=\"premium-modal-box-close-button-container\">\r\n\t\t\t\t\t\t\t\t\t<button type=\"button\" class=\"premium-modal-box-modal-close\" data-dismiss=\"premium-modal\">&times;<\/button>\r\n\t\t\t\t\t\t\t\t<\/div>\r\n\t\t\t\t\t\t\t\t\t\t\t\t\t<\/div>\r\n\t\t\t\t\t\t\t\t\t\t<div class=\"premium-modal-box-modal-body\">\r\n\t\t\t\t\t\t<p><span style=\"font-weight: 400;\">With over 20 years of experience in the field of satellite navigation, Vincent Brison joined the EUSPA (formerly GSA &#8211; European GNSS Agency) in 2013 as EGNOS Operations and Maintenance Manager. Prior to his engagement with the EUSPA, he held various positions in both public and private sectors, namely at the European Commission as Project officer and at the EGNOS Service Provider as Operations Manager. Brison holds a Master\u2019s degree in Civil Engineer in Electronics &amp; Telecommunications. Since 2021 he is EUSPA member of the Joint Office for Galileo and EGNOS at the DG DEFIS.<\/span><\/p>\t\t\t\t\t<\/div>\r\n\t\t\t\t\t\t\t\t\t\t\t<div class=\"premium-modal-box-modal-footer\">\r\n\t\t\t\t\t\t\t<button type=\"button\" class=\"premium-modal-box-modal-lower-close\" data-dismiss=\"premium-modal\">\r\n\t\t\t\t\t\t\t\tClose\t\t\t\t\t\t\t<\/button>\r\n\t\t\t\t\t\t<\/div>\r\n\t\t\t\t\t\t\t\t\t<\/div>\r\n\t\t\t<\/div>\r\n\t\t<\/div>\r\n\r\n\t\t\t\t\t\t<\/div>\n\t\t\t\t<\/div>\n\t\t\t\t<div class=\"elementor-element elementor-element-2ada4b5 elementor-widget elementor-widget-heading\" data-id=\"2ada4b5\" data-element_type=\"widget\" data-widget_type=\"heading.default\">\n\t\t\t\t<div class=\"elementor-widget-container\">\n\t\t\t\t\t<h3 class=\"elementor-heading-title elementor-size-default\">Vincent Brison<\/h3>\t\t\t\t<\/div>\n\t\t\t\t<\/div>\n\t\t\t\t<div class=\"elementor-element elementor-element-511cd6c elementor-widget elementor-widget-heading\" data-id=\"511cd6c\" data-element_type=\"widget\" data-widget_type=\"heading.default\">\n\t\t\t\t<div class=\"elementor-widget-container\">\n\t\t\t\t\t<p class=\"elementor-heading-title elementor-size-default\">Joint Office in Space Navigation in European Commission<\/p>\t\t\t\t<\/div>\n\t\t\t\t<\/div>\n\t\t\t\t<div class=\"elementor-element elementor-element-61eaba3 elementor-widget elementor-widget-heading\" data-id=\"61eaba3\" data-element_type=\"widget\" data-widget_type=\"heading.default\">\n\t\t\t\t<div class=\"elementor-widget-container\">\n\t\t\t\t\t<p class=\"elementor-heading-title elementor-size-default\">European Union Agency for the Space Programme (EUSPA)<\/p>\t\t\t\t<\/div>\n\t\t\t\t<\/div>\n\t\t\t\t\t<\/div>\n\t\t<\/div>\n\t\t\t\t<div class=\"elementor-column elementor-col-20 elementor-inner-column elementor-element elementor-element-591c56c elementor-hidden-desktop elementor-hidden-tablet elementor-hidden-mobile\" data-id=\"591c56c\" data-element_type=\"column\">\n\t\t\t<div class=\"elementor-widget-wrap elementor-element-populated\">\n\t\t\t\t\t\t<div class=\"elementor-element elementor-element-cbde259 premium-modal-dismissible-yes elementor-widget elementor-widget-premium-addon-modal-box\" data-id=\"cbde259\" data-element_type=\"widget\" data-settings=\"{&quot;premium_modal_box_animation&quot;:&quot;fadeInDown&quot;}\" data-widget_type=\"premium-addon-modal-box.default\">\n\t\t\t\t<div class=\"elementor-widget-container\">\n\t\t\t\t\t\r\n\t\t<div class=\"premium-modal-box-container\" data-settings=\"{&quot;trigger&quot;:&quot;image&quot;,&quot;show_on_exit&quot;:false}\">\r\n\t\t\t<div class=\"premium-modal-trigger-container\">\r\n\t\t\t\t\t\t\t\t\t<img decoding=\"async\" data-toggle=\"premium-modal\" data-target=\"#premium-modal-cbde259\" class=\"premium-modal-trigger-img\" src=\"https:\/\/euspaceforum.com\/2025\/wp-content\/uploads\/2022\/09\/Vincent-Brison-WebsiteMailing.png\" alt=\"Vincent Brison\">\r\n\t\t\t\t\t\t\t<\/div>\r\n\r\n\t\t\t<div id=\"premium-modal-cbde259\" class=\"premium-modal-box-modal\"\r\n\t\t\trole=\"dialog\"\r\n\t\t\tstyle=\"display: none\"\r\n\t\t\t>\r\n\t\t\t\t<div class=\"premium-modal-box-modal-dialog\" data-delay-animation=\"\" data-modal-animation=\"fadeInDown animated-fast\">\r\n\t\t\t\t\t\t\t\t\t\t\t<div class=\"premium-modal-box-modal-header\">\r\n\t\t\t\t\t\t\t\t\t\t\t\t\t\t\t<h3 class=\"premium-modal-box-modal-title\">\r\n\t\t\t\t\t\t\t\t\t\t\t\t<img decoding=\"async\" src=\"https:\/\/euspaceforum.com\/2025\/wp-content\/uploads\/2022\/09\/Vincent-Brison-WebsiteMailing.png\" alt=\"Vincent Brison\">\r\n\t\t\tVincent Brison, Joint Office in Space Navigation in European Commission, European Union Agency for the Space Programme (EUSPA)\t\t\t\t\t\t\t\t<\/h3>\r\n\t\t\t\t\t\t\t\t\t\t\t\t\t\t\t\t\t\t\t\t\t\t<div class=\"premium-modal-box-close-button-container\">\r\n\t\t\t\t\t\t\t\t\t<button type=\"button\" class=\"premium-modal-box-modal-close\" data-dismiss=\"premium-modal\">&times;<\/button>\r\n\t\t\t\t\t\t\t\t<\/div>\r\n\t\t\t\t\t\t\t\t\t\t\t\t\t<\/div>\r\n\t\t\t\t\t\t\t\t\t\t<div class=\"premium-modal-box-modal-body\">\r\n\t\t\t\t\t\t<p><span style=\"font-weight: 400;\">With over 20 years of experience in the field of satellite navigation, Vincent Brison joined the EUSPA (formerly GSA &#8211; European GNSS Agency) in 2013 as EGNOS Operations and Maintenance Manager. Prior to his engagement with the EUSPA, he held various positions in both public and private sectors, namely at the European Commission as Project officer and at the EGNOS Service Provider as Operations Manager. Brison holds a Master\u2019s degree in Civil Engineer in Electronics &amp; Telecommunications. Since 2021 he is EUSPA member of the Joint Office for Galileo and EGNOS at the DG DEFIS.<\/span><\/p>\t\t\t\t\t<\/div>\r\n\t\t\t\t\t\t\t\t\t\t\t<div class=\"premium-modal-box-modal-footer\">\r\n\t\t\t\t\t\t\t<button type=\"button\" class=\"premium-modal-box-modal-lower-close\" data-dismiss=\"premium-modal\">\r\n\t\t\t\t\t\t\t\tClose\t\t\t\t\t\t\t<\/button>\r\n\t\t\t\t\t\t<\/div>\r\n\t\t\t\t\t\t\t\t\t<\/div>\r\n\t\t\t<\/div>\r\n\t\t<\/div>\r\n\r\n\t\t\t\t\t\t<\/div>\n\t\t\t\t<\/div>\n\t\t\t\t<div class=\"elementor-element elementor-element-d3317c8 elementor-widget elementor-widget-heading\" data-id=\"d3317c8\" data-element_type=\"widget\" data-widget_type=\"heading.default\">\n\t\t\t\t<div class=\"elementor-widget-container\">\n\t\t\t\t\t<h3 class=\"elementor-heading-title elementor-size-default\">Vincent Brison<\/h3>\t\t\t\t<\/div>\n\t\t\t\t<\/div>\n\t\t\t\t<div class=\"elementor-element elementor-element-1606081 elementor-widget elementor-widget-heading\" data-id=\"1606081\" data-element_type=\"widget\" data-widget_type=\"heading.default\">\n\t\t\t\t<div class=\"elementor-widget-container\">\n\t\t\t\t\t<p class=\"elementor-heading-title elementor-size-default\">Joint Office in Space Navigation in European Commission<\/p>\t\t\t\t<\/div>\n\t\t\t\t<\/div>\n\t\t\t\t<div class=\"elementor-element elementor-element-a310ccc elementor-widget elementor-widget-heading\" data-id=\"a310ccc\" data-element_type=\"widget\" data-widget_type=\"heading.default\">\n\t\t\t\t<div class=\"elementor-widget-container\">\n\t\t\t\t\t<p class=\"elementor-heading-title elementor-size-default\">European Union Agency for the Space Programme (EUSPA)<\/p>\t\t\t\t<\/div>\n\t\t\t\t<\/div>\n\t\t\t\t\t<\/div>\n\t\t<\/div>\n\t\t\t\t\t<\/div>\n\t\t<\/section>\n\t\t\t\t\t<\/div>\n\t\t<\/div>\n\t\t\t\t\t<\/div>\n\t\t<\/section>\n\t\t\t\t<\/div>\n\t\t\t\t<\/div>\n\t\t\t\t\t\t<\/div>\n\t\t\t\t<\/div>\n\t\t\t\t\t<\/div>\n\t\t<\/div>\n\t\t\t\t\t<\/div>\n\t\t<\/section>\n\t\t\t\t<section class=\"elementor-section elementor-top-section elementor-element elementor-element-b7457c2 elementor-section-boxed elementor-section-height-default elementor-section-height-default\" data-id=\"b7457c2\" data-element_type=\"section\" data-settings=\"{&quot;background_background&quot;:&quot;classic&quot;}\">\n\t\t\t\t\t\t<div class=\"elementor-container elementor-column-gap-default\">\n\t\t\t\t\t<div class=\"elementor-column elementor-col-100 elementor-top-column elementor-element elementor-element-1cfda20\" data-id=\"1cfda20\" data-element_type=\"column\">\n\t\t\t<div class=\"elementor-widget-wrap elementor-element-populated\">\n\t\t\t\t\t\t<div class=\"elementor-element elementor-element-bb853e1 elementor-hidden-desktop elementor-hidden-tablet elementor-hidden-mobile elementor-widget elementor-widget-text-editor\" data-id=\"bb853e1\" data-element_type=\"widget\" data-widget_type=\"text-editor.default\">\n\t\t\t\t<div class=\"elementor-widget-container\">\n\t\t\t\t\t\t\t\t\t<p><span style=\"font-family: var( --e-global-typography-text-font-family ), Sans-serif; font-weight: var( --e-global-typography-text-font-weight );\">Note: All timings are in Central European Summer Time (CEST).<\/span><\/p>\t\t\t\t\t\t\t\t<\/div>\n\t\t\t\t<\/div>\n\t\t\t\t<div class=\"elementor-element elementor-element-680403f elementor-hidden-desktop elementor-hidden-tablet elementor-hidden-mobile elementor-widget elementor-widget-button\" data-id=\"680403f\" data-element_type=\"widget\" data-widget_type=\"button.default\">\n\t\t\t\t<div class=\"elementor-widget-container\">\n\t\t\t\t\t\t\t\t\t<div class=\"elementor-button-wrapper\">\n\t\t\t\t\t<a class=\"elementor-button elementor-button-link elementor-size-md\" href=\"https:\/\/euspaceforum.com\/2025\/wp-content\/uploads\/2021\/11\/The-European-Space-Forum-Final-Agenda2..pdf\" target=\"_blank\">\n\t\t\t\t\t\t<span class=\"elementor-button-content-wrapper\">\n\t\t\t\t\t\t<span class=\"elementor-button-icon\">\n\t\t\t\t<svg aria-hidden=\"true\" class=\"e-font-icon-svg e-fas-file-pdf\" viewBox=\"0 0 384 512\" xmlns=\"http:\/\/www.w3.org\/2000\/svg\"><path d=\"M181.9 256.1c-5-16-4.9-46.9-2-46.9 8.4 0 7.6 36.9 2 46.9zm-1.7 47.2c-7.7 20.2-17.3 43.3-28.4 62.7 18.3-7 39-17.2 62.9-21.9-12.7-9.6-24.9-23.4-34.5-40.8zM86.1 428.1c0 .8 13.2-5.4 34.9-40.2-6.7 6.3-29.1 24.5-34.9 40.2zM248 160h136v328c0 13.3-10.7 24-24 24H24c-13.3 0-24-10.7-24-24V24C0 10.7 10.7 0 24 0h200v136c0 13.2 10.8 24 24 24zm-8 171.8c-20-12.2-33.3-29-42.7-53.8 4.5-18.5 11.6-46.6 6.2-64.2-4.7-29.4-42.4-26.5-47.8-6.8-5 18.3-.4 44.1 8.1 77-11.6 27.6-28.7 64.6-40.8 85.8-.1 0-.1.1-.2.1-27.1 13.9-73.6 44.5-54.5 68 5.6 6.9 16 10 21.5 10 17.9 0 35.7-18 61.1-61.8 25.8-8.5 54.1-19.1 79-23.2 21.7 11.8 47.1 19.5 64 19.5 29.2 0 31.2-32 19.7-43.4-13.9-13.6-54.3-9.7-73.6-7.2zM377 105L279 7c-4.5-4.5-10.6-7-17-7h-6v128h128v-6.1c0-6.3-2.5-12.4-7-16.9zm-74.1 255.3c4.1-2.7-2.5-11.9-42.8-9 37.1 15.8 42.8 9 42.8 9z\"><\/path><\/svg>\t\t\t<\/span>\n\t\t\t\t\t\t\t\t\t<span class=\"elementor-button-text\">Download Agenda<\/span>\n\t\t\t\t\t<\/span>\n\t\t\t\t\t<\/a>\n\t\t\t\t<\/div>\n\t\t\t\t\t\t\t\t<\/div>\n\t\t\t\t<\/div>\n\t\t\t\t<div class=\"elementor-element elementor-element-bd413f8 elementor-widget elementor-widget-spacer\" data-id=\"bd413f8\" data-element_type=\"widget\" data-widget_type=\"spacer.default\">\n\t\t\t\t<div class=\"elementor-widget-container\">\n\t\t\t\t\t\t\t<div class=\"elementor-spacer\">\n\t\t\t<div class=\"elementor-spacer-inner\"><\/div>\n\t\t<\/div>\n\t\t\t\t\t\t<\/div>\n\t\t\t\t<\/div>\n\t\t\t\t<div class=\"elementor-element elementor-element-11a6914 elementor-widget__width-inherit elementor-widget elementor-widget-heading\" data-id=\"11a6914\" data-element_type=\"widget\" id=\"agenda\" data-widget_type=\"heading.default\">\n\t\t\t\t<div class=\"elementor-widget-container\">\n\t\t\t\t\t<h2 class=\"elementor-heading-title elementor-size-default\">Agenda<\/h2>\t\t\t\t<\/div>\n\t\t\t\t<\/div>\n\t\t\t\t<div class=\"elementor-element elementor-element-e7fde22 elementor-widget elementor-widget-text-editor\" data-id=\"e7fde22\" data-element_type=\"widget\" data-widget_type=\"text-editor.default\">\n\t\t\t\t<div class=\"elementor-widget-container\">\n\t\t\t\t\t\t\t\t\t<p style=\"text-align: center;\"><strong>*** TIMES ARE IN CET ***<\/strong><\/p>\t\t\t\t\t\t\t\t<\/div>\n\t\t\t\t<\/div>\n\t\t\t\t<div class=\"elementor-element elementor-element-15916bc elementor-widget elementor-widget-shortcode\" data-id=\"15916bc\" data-element_type=\"widget\" data-widget_type=\"shortcode.default\">\n\t\t\t\t<div class=\"elementor-widget-container\">\n\t\t\t\t\t\t\t<div class=\"elementor-shortcode\">\r\n<div class=\"container-fluid event-schedule tcode-event-schedule tcode-size-small\">\r\n\r\n    <div id=\"tcode-popup-container\" class=\"mfp-with-anim mfp-hide\">\r\n        <div class=\"scheduled-event\"><\/div>\r\n    <\/div>\r\n    <div class=\"col-xs-12\">\r\n        <div class=\"row scheduled-days\">\r\n                        <div class=\"hidden-mobile\" id=\"days-carousel\">\r\n                                                                                                <div class=\"slick-slide scheduled-day\" data-date=\"2025-07-02\">\r\n                        <div class=\"row\">\r\n                            <div class=\"col-xs-12 row-day\">\r\n                                                                    <span>Day 1<\/span>\r\n                                                            <\/div>\r\n                                                            <div class=\"col-xs-12 row-date\">2025-07-02<\/div>\r\n                                                    <\/div>\r\n                    <\/div>\r\n                                                                                                <div class=\"slick-slide scheduled-day\" data-date=\"2025-07-03\">\r\n                        <div class=\"row\">\r\n                            <div class=\"col-xs-12 row-day\">\r\n                                                                    <span>Day 2<\/span>\r\n                                                            <\/div>\r\n                                                            <div class=\"col-xs-12 row-date\">2025-07-03<\/div>\r\n                                                    <\/div>\r\n                    <\/div>\r\n                            <\/div>\r\n\r\n            <!-- Mobile theme -->\r\n            <div class=\"hidden-desktop\">\r\n                                                                                                <div>\r\n                        <div class=\"days-mobile\">\r\n                            <div class=\"col-xs-12 col-sm-12 scheduled-day mobile active\" data-date=\"2025-07-02\">\r\n                                <div class=\"row\">\r\n                                    <div class=\"col-xs-12 row-day\">\r\n                                                                                    <span>Day 1<\/span>\r\n                                                                            <\/div>\r\n                                                                            <div class=\"col-xs-12 row-date\">2025-07-02<\/div>\r\n                                                                    <\/div>\r\n                            <\/div>\r\n                        <\/div>\r\n                        <div class=\"col-xs-12 scheduled-locations mobile locations-hidden\" data-date=\"2025-07-02\">\r\n                                                    <\/div>\r\n                        <div class=\"col-xs-12 scheduled-events hidden mobile\">\r\n                                                                                                                        <div style=\"background-color: #FFFFFF;\" class=\"row scheduled-event event-collapsed event-hidden event-20250702-0\" data-event=\"event-20250702-0\" data-date=\"2025-07-02\" data-location=\"\">\r\n                                    <div class=\"col-xs-12\">\r\n                                        <div class=\"row\">\r\n                                                                                        <div class=\"col-sm-2 col-xs-12 vcenter hidden-xs\">\r\n                                                                                                                                                            <div class=\"event-time visible-sm\" style=\"color: ;\">\r\n                                                            <span class=\"time-starts\">09:00<\/span>\r\n                                                                                                                            - <span class=\"time-ends\">09:10<\/span>\r\n                                                                                                                    <\/div>\r\n                                                                                                                                                <\/div><div class=\"col-sm-9 col-xs-10 vcenter\">\r\n                                                <div class=\"row\">\r\n                                                                                                            <div class=\"col-xs-12 visible-xs event-time\" style=\"color: ;\">\r\n                                                            <span class=\"time-starts\">09:00<\/span>\r\n                                                                                                                            - <span class=\"time-ends\">09:10<\/span>\r\n                                                                                                                    <\/div>\r\n                                                                                                        <div class=\"col-xs-12 event-title\" style=\"color: ;\">Setting the Scene<\/div>\r\n                                                <\/div>\r\n                                            <\/div><div class=\"col-xs-2 col-sm-1 vcenter\">\r\n                                                <div class=\"event-icon pull-right\">\r\n                                                    <i class=\"tcode-ico-grot-down\" data-state=\"collapsed\" style=\"color: ;\"><\/i>\r\n                                                <\/div>\r\n                                            <\/div>\r\n                                        <\/div>\r\n                                        <div class=\"row event-excerpt\">\r\n                                            <div class=\"col-xs-12\">\r\n                                                                                                                                                                                                            <div class=\"row artist-row mobile\" data-effect=\"mfp-zoom-in\">\r\n                                                            <div class=\"tcode-artist-popover hidden\">\r\n                                                                <div>\r\n                                                                    <div class=\"row\">\r\n                                                                        <div class=\"col-xs-12 col-sm-4\">\r\n                                                                            <div class=\"artist-image center-block\">\r\n                                                                                                                                                                                                                                                        <img decoding=\"async\" class=\"img-responsive center-block\" alt=\"Setting the Scene image\" src=\"https:\/\/euspaceforum.com\/2025\/wp-content\/uploads\/2025\/05\/Matija-Rencelj-Website-120x120.png\" \/>\r\n                                                                                                                                                            <\/div>\r\n                                                                                                                                                                                                                                        <div class=\"row artist-media text-center\">\r\n                                                                                                                                                                            <a href=\"https:\/\/www.linkedin.com\/in\/matija-rencelj\/\" target=\"_blank\" class=\"tcode-social-icon tcode-ico-linkedin\"><\/a>\r\n                                                                                                                                                                    <\/div>\r\n                                                                                                                                                    <\/div>\r\n                                                                        <div class=\"col-xs-12 col-sm-8 artist-details-container\">\r\n                                                                            <div class=\"tcode-es-artist-title\">\r\n                                                                                <a href=\"#\">\r\n                                                                                    Matija Rencelj                                                                                <\/a>\r\n                                                                            <\/div>\r\n                                                                                                                                                            <div class=\"artist-position\">\r\n                                                                                    Research Manager, ESPI                                                                                 <\/div>\r\n                                                                                                                                                        <div class=\"artist-content\">\r\n                                                                                <p><span style=\"font-weight: 400;\">Matija Rencelj is the Research Manager at the European Space Policy Institute (ESPI). His work focuses on inter-institutional relations, and European and global policy developments, with studies undertaken on topics ranging from orbital carrying capacity to the history of commercial space. He previously worked with the European Space Agency, the European Commission, in the aviation and commodities sectors, and started his career as a lawyer at a corporate law firm. He holds an LL.M. in Air &amp; Space Law from McGill University and a Law Degree from the University of Ljubljana. At ESPI, he first served as Research Fellow for two years, before taking on the responsibility to oversee the Institute\u2019s research output, manage day-to-day operations, and translate the Institute\u2019s work to real-world impact.<\/span><\/p>\n                                                                            <\/div>\r\n                                                                        <\/div>\r\n                                                                    <\/div>\r\n                                                                <\/div>\r\n                                                            <\/div>\r\n                                                            <div class=\"col-xs-12 col-sm-10 col-sm-offset-2\">\r\n                                                                <div class=\"vcenter artist-image artist-single-row\">\r\n                                                                                                                                                                                                                    <img decoding=\"async\" class=\"img-responsive\" alt=\"Setting the Scene image\" src=\"https:\/\/euspaceforum.com\/2025\/wp-content\/uploads\/2025\/05\/Matija-Rencelj-Website-90x90.png\" \/>\r\n                                                                                                                                    <\/div>\r\n                                                                <div class=\"vcenter tcode-es-artist-title-container artist-single-row\">\r\n                                                                    <div class=\"tcode-es-artist-title\" style=\"color: ;\">\r\n                                                                        Matija Rencelj                                                                    <\/div>\r\n                                                                                                                                            <div class=\"artist-position\" style=\"color: ;\">\r\n                                                                            Research Manager, ESPI                                                                         <\/div>\r\n                                                                                                                                    <\/div>\r\n                                                                                                                                                                                                    <div class=\"vcenter artist-social artist-single-row\">\r\n                                                                                                                                                    <a href=\"https:\/\/www.linkedin.com\/in\/matija-rencelj\/\" target=\"_blank\" class=\"tcode-social-icon tcode-ico-linkedin\"><\/a>\r\n                                                                                                                                            <\/div>\r\n                                                                                                                            <\/div>\r\n                                                        <\/div>\r\n                                                                                                                                                <\/div>\r\n                                        <\/div>\r\n                                    <\/div>\r\n                                <\/div>\r\n                                                                                                                            <div style=\"background-color: #FFFFFF;\" class=\"row scheduled-event event-collapsed event-hidden event-20250702-1\" data-event=\"event-20250702-1\" data-date=\"2025-07-02\" data-location=\"\">\r\n                                    <div class=\"col-xs-12\">\r\n                                        <div class=\"row\">\r\n                                                                                        <div class=\"col-sm-2 col-xs-12 vcenter hidden-xs\">\r\n                                                                                                                                                            <div class=\"event-time visible-sm\" style=\"color: ;\">\r\n                                                            <span class=\"time-starts\">09:10<\/span>\r\n                                                                                                                            - <span class=\"time-ends\">09:55<\/span>\r\n                                                                                                                    <\/div>\r\n                                                                                                                                                <\/div><div class=\"col-sm-9 col-xs-10 vcenter\">\r\n                                                <div class=\"row\">\r\n                                                                                                            <div class=\"col-xs-12 visible-xs event-time\" style=\"color: ;\">\r\n                                                            <span class=\"time-starts\">09:10<\/span>\r\n                                                                                                                            - <span class=\"time-ends\">09:55<\/span>\r\n                                                                                                                    <\/div>\r\n                                                                                                        <div class=\"col-xs-12 event-title\" style=\"color: ;\">Keynote Visions &#8211; A Blueprint for the European Space Sector<\/div>\r\n                                                <\/div>\r\n                                            <\/div><div class=\"col-xs-2 col-sm-1 vcenter\">\r\n                                                <div class=\"event-icon pull-right\">\r\n                                                    <i class=\"tcode-ico-grot-down\" data-state=\"collapsed\" style=\"color: ;\"><\/i>\r\n                                                <\/div>\r\n                                            <\/div>\r\n                                        <\/div>\r\n                                        <div class=\"row event-excerpt\">\r\n                                            <div class=\"col-xs-12\">\r\n                                                                                                                                                                                                            <div class=\"row artist-row mobile\" data-effect=\"mfp-zoom-in\">\r\n                                                            <div class=\"tcode-artist-popover hidden\">\r\n                                                                <div>\r\n                                                                    <div class=\"row\">\r\n                                                                        <div class=\"col-xs-12 col-sm-4\">\r\n                                                                            <div class=\"artist-image center-block\">\r\n                                                                                                                                                                                                                                                        <img decoding=\"async\" class=\"img-responsive center-block\" alt=\"Keynote Visions &#8211; A Blueprint for the European Space Sector image\" src=\"https:\/\/euspaceforum.com\/2025\/wp-content\/uploads\/2025\/05\/Copy-of-Josef-Aschbacher-Website-Image-120x120.png\" \/>\r\n                                                                                                                                                            <\/div>\r\n                                                                                                                                                                                                                                        <div class=\"row artist-media text-center\">\r\n                                                                                                                                                                            <a href=\"https:\/\/www.linkedin.com\/in\/josef-aschbacher\/\" target=\"_blank\" class=\"tcode-social-icon tcode-ico-linkedin\"><\/a>\r\n                                                                                                                                                                    <\/div>\r\n                                                                                                                                                    <\/div>\r\n                                                                        <div class=\"col-xs-12 col-sm-8 artist-details-container\">\r\n                                                                            <div class=\"tcode-es-artist-title\">\r\n                                                                                <a href=\"#\">\r\n                                                                                    Josef Aschbacher                                                                                <\/a>\r\n                                                                            <\/div>\r\n                                                                                                                                                            <div class=\"artist-position\">\r\n                                                                                    Director General, European Space Agency (ESA)                                                                                <\/div>\r\n                                                                                                                                                        <div class=\"artist-content\">\r\n                                                                                <p><span style=\"font-weight: 400;\">Josef Aschbacher, of Austrian nationality, is a geophysicist by education. He joined ESA in 1990. Throughout his career he held various positions in different locations. He also worked for the European Union. In 2016 he became ESA\u2019s Director of Earth Observation, and in 2021 he took office as ESA\u2019s Director General.<\/span><\/p>\n                                                                            <\/div>\r\n                                                                        <\/div>\r\n                                                                    <\/div>\r\n                                                                <\/div>\r\n                                                            <\/div>\r\n                                                            <div class=\"col-xs-12 col-sm-10 col-sm-offset-2\">\r\n                                                                <div class=\"vcenter artist-image artist-single-row\">\r\n                                                                                                                                                                                                                    <img decoding=\"async\" class=\"img-responsive\" alt=\"Keynote Visions &#8211; A Blueprint for the European Space Sector image\" src=\"https:\/\/euspaceforum.com\/2025\/wp-content\/uploads\/2025\/05\/Copy-of-Josef-Aschbacher-Website-Image-90x90.png\" \/>\r\n                                                                                                                                    <\/div>\r\n                                                                <div class=\"vcenter tcode-es-artist-title-container artist-single-row\">\r\n                                                                    <div class=\"tcode-es-artist-title\" style=\"color: ;\">\r\n                                                                        Josef Aschbacher                                                                    <\/div>\r\n                                                                                                                                            <div class=\"artist-position\" style=\"color: ;\">\r\n                                                                            Director General, European Space Agency (ESA)                                                                        <\/div>\r\n                                                                                                                                    <\/div>\r\n                                                                                                                                                                                                    <div class=\"vcenter artist-social artist-single-row\">\r\n                                                                                                                                                    <a href=\"https:\/\/www.linkedin.com\/in\/josef-aschbacher\/\" target=\"_blank\" class=\"tcode-social-icon tcode-ico-linkedin\"><\/a>\r\n                                                                                                                                            <\/div>\r\n                                                                                                                            <\/div>\r\n                                                        <\/div>\r\n                                                                                                            <div class=\"row artist-row mobile\" data-effect=\"mfp-zoom-in\">\r\n                                                            <div class=\"tcode-artist-popover hidden\">\r\n                                                                <div>\r\n                                                                    <div class=\"row\">\r\n                                                                        <div class=\"col-xs-12 col-sm-4\">\r\n                                                                            <div class=\"artist-image center-block\">\r\n                                                                                                                                                                                                                                                        <img decoding=\"async\" class=\"img-responsive center-block\" alt=\"Keynote Visions &#8211; A Blueprint for the European Space Sector image\" src=\"https:\/\/euspaceforum.com\/2025\/wp-content\/uploads\/2022\/09\/Giancarlo-Granero-WebsiteMailing-120x120.png\" \/>\r\n                                                                                                                                                            <\/div>\r\n                                                                                                                                                                                                                                        <div class=\"row artist-media text-center\">\r\n                                                                                                                                                                            <a href=\"https:\/\/www.linkedin.com\/in\/giancarlo-granero-b193a17\/\" target=\"_blank\" class=\"tcode-social-icon tcode-ico-linkedin\"><\/a>\r\n                                                                                                                                                                    <\/div>\r\n                                                                                                                                                    <\/div>\r\n                                                                        <div class=\"col-xs-12 col-sm-8 artist-details-container\">\r\n                                                                            <div class=\"tcode-es-artist-title\">\r\n                                                                                <a href=\"#\">\r\n                                                                                    Giancarlo Granero                                                                                <\/a>\r\n                                                                            <\/div>\r\n                                                                                                                                                            <div class=\"artist-position\">\r\n                                                                                    Head of Unit for Space Economy, DG DEFIS, European Commission                                                                                <\/div>\r\n                                                                                                                                                        <div class=\"artist-content\">\r\n                                                                                <p><span style=\"font-weight: 400;\">Experienced Head Of Unit with a demonstrated history of working in the government administration industry. Skilled in Government, European Integration, European Studies, Environmental Awareness, and International Relations. Strong business development professional graduated from IMD Business School.<\/span><\/p>\n                                                                            <\/div>\r\n                                                                        <\/div>\r\n                                                                    <\/div>\r\n                                                                <\/div>\r\n                                                            <\/div>\r\n                                                            <div class=\"col-xs-12 col-sm-10 col-sm-offset-2\">\r\n                                                                <div class=\"vcenter artist-image artist-single-row\">\r\n                                                                                                                                                                                                                    <img decoding=\"async\" class=\"img-responsive\" alt=\"Keynote Visions &#8211; A Blueprint for the European Space Sector image\" src=\"https:\/\/euspaceforum.com\/2025\/wp-content\/uploads\/2022\/09\/Giancarlo-Granero-WebsiteMailing-90x90.png\" \/>\r\n                                                                                                                                    <\/div>\r\n                                                                <div class=\"vcenter tcode-es-artist-title-container artist-single-row\">\r\n                                                                    <div class=\"tcode-es-artist-title\" style=\"color: ;\">\r\n                                                                        Giancarlo Granero                                                                    <\/div>\r\n                                                                                                                                            <div class=\"artist-position\" style=\"color: ;\">\r\n                                                                            Head of Unit for Space Economy, DG DEFIS, European Commission                                                                        <\/div>\r\n                                                                                                                                    <\/div>\r\n                                                                                                                                                                                                    <div class=\"vcenter artist-social artist-single-row\">\r\n                                                                                                                                                    <a href=\"https:\/\/www.linkedin.com\/in\/giancarlo-granero-b193a17\/\" target=\"_blank\" class=\"tcode-social-icon tcode-ico-linkedin\"><\/a>\r\n                                                                                                                                            <\/div>\r\n                                                                                                                            <\/div>\r\n                                                        <\/div>\r\n                                                                                                            <div class=\"row artist-row mobile\" data-effect=\"mfp-zoom-in\">\r\n                                                            <div class=\"tcode-artist-popover hidden\">\r\n                                                                <div>\r\n                                                                    <div class=\"row\">\r\n                                                                        <div class=\"col-xs-12 col-sm-4\">\r\n                                                                            <div class=\"artist-image center-block\">\r\n                                                                                                                                                                                                                                                        <img decoding=\"async\" class=\"img-responsive center-block\" alt=\"Keynote Visions &#8211; A Blueprint for the European Space Sector image\" src=\"https:\/\/euspaceforum.com\/2025\/wp-content\/uploads\/2024\/04\/Copy-of-Isabelle-Mauro-website-120x120.png\" \/>\r\n                                                                                                                                                            <\/div>\r\n                                                                                                                                                                                                                                        <div class=\"row artist-media text-center\">\r\n                                                                                                                                                                            <a href=\"https:\/\/www.linkedin.com\/in\/isabelle-mauro-908546\/\" target=\"_blank\" class=\"tcode-social-icon tcode-ico-linkedin\"><\/a>\r\n                                                                                                                                                                    <\/div>\r\n                                                                                                                                                    <\/div>\r\n                                                                        <div class=\"col-xs-12 col-sm-8 artist-details-container\">\r\n                                                                            <div class=\"tcode-es-artist-title\">\r\n                                                                                <a href=\"#\">\r\n                                                                                    Isabelle Mauro                                                                                <\/a>\r\n                                                                            <\/div>\r\n                                                                                                                                                            <div class=\"artist-position\">\r\n                                                                                    Director General, Global Satellite Operators Association (GSOA)                                                                                <\/div>\r\n                                                                                                                                                        <div class=\"artist-content\">\r\n                                                                                <p><span style=\"font-weight: 400;\">Isabelle Mauro is Director General of the Global Satellite Operators Association (GSOA) that represents the interests of 29 global and regional satellite operators. She reports directly to their Chief Executives.<\/span><\/p>\n<p><span style=\"font-weight: 400;\">Under Isabelle\u2019s leadership, GSOA and its member CEOs lead the effort to showcase the benefits of satellite communications for a more inclusive and secure society \u2013 vital to bridging the world\u2019s digital divide, achieving the UN\u2019s Sustainable Development Goals and realizing the 5G ecosystem.<\/span><\/p>\n<p><span style=\"font-weight: 400;\">Isabelle has 25 years experience in the Telecoms and Technology sector, starting at the GSMA, where she was responsible for government and international Affairs. In 2015 she moved to New York to join the World Economic Forum as Head of\u00a0 Information, Communications and Technology Industries, managing the portfolio for 60+ Tech companies globally and leading initiatives on inclusive and sustainable digital transformation.<\/span><\/p>\n<p><span style=\"font-weight: 400;\">Isabelle is passionate about inclusion and sustainability. She is Chair of the High-Level Advisory Board of the DigitalGoesGreen Foundation. She also sits on the Advisory Board of Women in Tech and is a member of the UNESCO Advisory Group for the Declaration on Connectivity for Education.<\/span><\/p>\n<p><span style=\"font-weight: 400;\">Isabelle holds an MSc in European Politics and Policy from the London School of Economics. She is fluent in French, English, Italian and Spanish.<\/span><\/p>\n                                                                            <\/div>\r\n                                                                        <\/div>\r\n                                                                    <\/div>\r\n                                                                <\/div>\r\n                                                            <\/div>\r\n                                                            <div class=\"col-xs-12 col-sm-10 col-sm-offset-2\">\r\n                                                                <div class=\"vcenter artist-image artist-single-row\">\r\n                                                                                                                                                                                                                    <img decoding=\"async\" class=\"img-responsive\" alt=\"Keynote Visions &#8211; A Blueprint for the European Space Sector image\" src=\"https:\/\/euspaceforum.com\/2025\/wp-content\/uploads\/2024\/04\/Copy-of-Isabelle-Mauro-website-90x90.png\" \/>\r\n                                                                                                                                    <\/div>\r\n                                                                <div class=\"vcenter tcode-es-artist-title-container artist-single-row\">\r\n                                                                    <div class=\"tcode-es-artist-title\" style=\"color: ;\">\r\n                                                                        Isabelle Mauro                                                                    <\/div>\r\n                                                                                                                                            <div class=\"artist-position\" style=\"color: ;\">\r\n                                                                            Director General, Global Satellite Operators Association (GSOA)                                                                        <\/div>\r\n                                                                                                                                    <\/div>\r\n                                                                                                                                                                                                    <div class=\"vcenter artist-social artist-single-row\">\r\n                                                                                                                                                    <a href=\"https:\/\/www.linkedin.com\/in\/isabelle-mauro-908546\/\" target=\"_blank\" class=\"tcode-social-icon tcode-ico-linkedin\"><\/a>\r\n                                                                                                                                            <\/div>\r\n                                                                                                                            <\/div>\r\n                                                        <\/div>\r\n                                                                                                            <div class=\"row artist-row mobile\" data-effect=\"mfp-zoom-in\">\r\n                                                            <div class=\"tcode-artist-popover hidden\">\r\n                                                                <div>\r\n                                                                    <div class=\"row\">\r\n                                                                        <div class=\"col-xs-12 col-sm-4\">\r\n                                                                            <div class=\"artist-image center-block\">\r\n                                                                                                                                                                                                                                                        <img decoding=\"async\" class=\"img-responsive center-block\" alt=\"Keynote Visions &#8211; A Blueprint for the European Space Sector image\" src=\"https:\/\/euspaceforum.com\/2025\/wp-content\/uploads\/2024\/04\/Copy-of-Hermann-Ludwig-Moeller-website-120x120.png\" \/>\r\n                                                                                                                                                            <\/div>\r\n                                                                                                                                                                                                                                        <div class=\"row artist-media text-center\">\r\n                                                                                                                                                                            <a href=\"https:\/\/www.linkedin.com\/in\/h-ludwig-moeller-576315206\/\" target=\"_blank\" class=\"tcode-social-icon tcode-ico-linkedin\"><\/a>\r\n                                                                                                                                                                    <\/div>\r\n                                                                                                                                                    <\/div>\r\n                                                                        <div class=\"col-xs-12 col-sm-8 artist-details-container\">\r\n                                                                            <div class=\"tcode-es-artist-title\">\r\n                                                                                <a href=\"#\">\r\n                                                                                    Moderated by: H. Ludwig Moeller                                                                                <\/a>\r\n                                                                            <\/div>\r\n                                                                                                                                                            <div class=\"artist-position\">\r\n                                                                                    Director, European Space Policy Institute (ESPI)                                                                                <\/div>\r\n                                                                                                                                                        <div class=\"artist-content\">\r\n                                                                                <p><span style=\"font-weight: 400;\">Hermann Ludwig Moeller is the Director of European Space Policy Institute since September 2022. Prior to joining ESPI, he held leading positions at ESA in the creation of EU Copernicus and in the preparation of the EU Secure Connectivity initiative as Head of Telecommunications Strategy, Programme and Transformation Office and as Head of Copernicus Space Segment Office. In these functions, Mr. Moeller has been operating with high level leadership in a complex multi-stakeholder policy environment in public-private partnerships with industry, at EU level, with EUMETSAT and with national space agencies and delegations. Prior to that he held the ESA Douglas Marsh Fellow at NASA and contributed to the creation of the European Internet backbone. He acquired early professional experience at the European Patent Office and with Siemens.<\/span><\/p>\n                                                                            <\/div>\r\n                                                                        <\/div>\r\n                                                                    <\/div>\r\n                                                                <\/div>\r\n                                                            <\/div>\r\n                                                            <div class=\"col-xs-12 col-sm-10 col-sm-offset-2\">\r\n                                                                <div class=\"vcenter artist-image artist-single-row\">\r\n                                                                                                                                                                                                                    <img decoding=\"async\" class=\"img-responsive\" alt=\"Keynote Visions &#8211; A Blueprint for the European Space Sector image\" src=\"https:\/\/euspaceforum.com\/2025\/wp-content\/uploads\/2024\/04\/Copy-of-Hermann-Ludwig-Moeller-website-90x90.png\" \/>\r\n                                                                                                                                    <\/div>\r\n                                                                <div class=\"vcenter tcode-es-artist-title-container artist-single-row\">\r\n                                                                    <div class=\"tcode-es-artist-title\" style=\"color: ;\">\r\n                                                                        Moderated by: H. Ludwig Moeller                                                                    <\/div>\r\n                                                                                                                                            <div class=\"artist-position\" style=\"color: ;\">\r\n                                                                            Director, European Space Policy Institute (ESPI)                                                                        <\/div>\r\n                                                                                                                                    <\/div>\r\n                                                                                                                                                                                                    <div class=\"vcenter artist-social artist-single-row\">\r\n                                                                                                                                                    <a href=\"https:\/\/www.linkedin.com\/in\/h-ludwig-moeller-576315206\/\" target=\"_blank\" class=\"tcode-social-icon tcode-ico-linkedin\"><\/a>\r\n                                                                                                                                            <\/div>\r\n                                                                                                                            <\/div>\r\n                                                        <\/div>\r\n                                                                                                                                                <\/div>\r\n                                        <\/div>\r\n                                    <\/div>\r\n                                <\/div>\r\n                                                                                                                            <div style=\"background-color: #FFFFFF;\" class=\"row scheduled-event event-collapsed event-hidden event-20250702-2\" data-event=\"event-20250702-2\" data-date=\"2025-07-02\" data-location=\"\">\r\n                                    <div class=\"col-xs-12\">\r\n                                        <div class=\"row\">\r\n                                                                                        <div class=\"col-sm-2 col-xs-12 vcenter hidden-xs\">\r\n                                                                                                                                                            <div class=\"event-time visible-sm\" style=\"color: ;\">\r\n                                                            <span class=\"time-starts\">09:55<\/span>\r\n                                                                                                                            - <span class=\"time-ends\">11:00<\/span>\r\n                                                                                                                    <\/div>\r\n                                                                                                                                                <\/div><div class=\"col-sm-9 col-xs-10 vcenter\">\r\n                                                <div class=\"row\">\r\n                                                                                                            <div class=\"col-xs-12 visible-xs event-time\" style=\"color: ;\">\r\n                                                            <span class=\"time-starts\">09:55<\/span>\r\n                                                                                                                            - <span class=\"time-ends\">11:00<\/span>\r\n                                                                                                                    <\/div>\r\n                                                                                                        <div class=\"col-xs-12 event-title\" style=\"color: ;\">Session 1: The EU Space Act: Shaping a Unified, Competitive, and Sustainable  Space Market<\/div>\r\n                                                <\/div>\r\n                                            <\/div><div class=\"col-xs-2 col-sm-1 vcenter\">\r\n                                                <div class=\"event-icon pull-right\">\r\n                                                    <i class=\"tcode-ico-grot-down\" data-state=\"collapsed\" style=\"color: ;\"><\/i>\r\n                                                <\/div>\r\n                                            <\/div>\r\n                                        <\/div>\r\n                                        <div class=\"row event-excerpt\">\r\n                                            <div class=\"col-xs-12\">\r\n                                                                                                    <div class=\"row event-content\">\r\n                                                        <div class=\"col-sm-10 col-sm-offset-2 col-xs-12\" style=\"color: ;\">\r\n                                                            <p><span style=\"font-weight: 400;\">Unveiled last week, the EU Space Act (EUSA) has set forth an ambitious vision for the sector. Set to apply from 2030, it is structured around three key pillars: safety, sustainability, and resilience; and aims to replace the current patchwork of national-level laws and create a single market for space activities across the region. This session will explore the primary objectives of the EUSA, and the measures that are being proposed in order to deliver these. It will look at the next steps for stakeholders, as well as the role that the EUSA can play as part of the broader regulatory framework to address competitive disadvantages and foster a unified, dynamic, and resilient space market.<\/span><\/p>\n<ul>\n<li style=\"font-weight: 400;\" aria-level=\"1\"><span style=\"font-weight: 400;\">What are the primary objectives of the EUSA, and how do they align with broader European priorities? How will the act address the varied interests of key stakeholders, including governments, civil society, established industry players, and the SME\/startup community?<\/span><\/li>\n<li style=\"font-weight: 400;\" aria-level=\"1\"><span style=\"font-weight: 400;\">What are the next steps for the development and implementation of the EUSA, and what are the expected timelines ahead?<\/span><\/li>\n<li style=\"font-weight: 400;\" aria-level=\"1\"><span style=\"font-weight: 400;\">What challenges and opportunities lie ahead, and how do actors expect to navigate and overcome these?\u00a0<\/span><\/li>\n<li style=\"font-weight: 400;\" aria-level=\"1\"><span style=\"font-weight: 400;\">How can the EUSA integrate with existing frameworks governing the space sector and related industries to promote strategic coherence?<\/span><\/li>\n<li style=\"font-weight: 400;\" aria-level=\"1\"><span style=\"font-weight: 400;\">How can we strike the right balance between fostering innovation and maintaining regulatory oversight to ensure both compliance and competitiveness across the global space ecosystem?<\/span><\/li>\n<li style=\"font-weight: 400;\" aria-level=\"1\"><span style=\"font-weight: 400;\">What role will the EUSA play in fostering collaboration between the EU, ESA, EUSPA, and other European partners, both private and public? Can it play the role of a regulatory authority?\u00a0<\/span><\/li>\n<li style=\"font-weight: 400;\" aria-level=\"1\"><span style=\"font-weight: 400;\">How is the EUSA being perceived internationally, and to what extent can it serve as a blueprint for future international regulations and global cooperation aligned with its principles?\u00a0<\/span><\/li>\n<li style=\"font-weight: 400;\" aria-level=\"1\"><span style=\"font-weight: 400;\">How will the EUSA support the emergence of new markets in domains such as space surveillance, collision avoidance services, cybersecurity in space, and so forth? How will progress and the impact of the EUSA be measured over time to adapt to these evolving technologies?<\/span><\/li>\n<\/ul>\n                                                        <\/div>\r\n                                                    <\/div>\r\n                                                                                                                                                                                                            <div class=\"row artist-row mobile\" data-effect=\"mfp-zoom-in\">\r\n                                                            <div class=\"tcode-artist-popover hidden\">\r\n                                                                <div>\r\n                                                                    <div class=\"row\">\r\n                                                                        <div class=\"col-xs-12 col-sm-4\">\r\n                                                                            <div class=\"artist-image center-block\">\r\n                                                                                                                                                                                                                                                        <img decoding=\"async\" class=\"img-responsive center-block\" alt=\"Session 1: The EU Space Act: Shaping a Unified, Competitive, and Sustainable  Space Market image\" src=\"https:\/\/euspaceforum.com\/2025\/wp-content\/uploads\/2022\/09\/Zuzana-Mazanova-WebsiteMailing-120x120.png\" \/>\r\n                                                                                                                                                            <\/div>\r\n                                                                                                                                                                                                                                        <div class=\"row artist-media text-center\">\r\n                                                                                                                                                                            <a href=\"https:\/\/www.linkedin.com\/in\/zuzanamazanova\/\" target=\"_blank\" class=\"tcode-social-icon tcode-ico-linkedin\"><\/a>\r\n                                                                                                                                                                    <\/div>\r\n                                                                                                                                                    <\/div>\r\n                                                                        <div class=\"col-xs-12 col-sm-8 artist-details-container\">\r\n                                                                            <div class=\"tcode-es-artist-title\">\r\n                                                                                <a href=\"#\">\r\n                                                                                    Zuzana Mazanova                                                                                <\/a>\r\n                                                                            <\/div>\r\n                                                                                                                                                            <div class=\"artist-position\">\r\n                                                                                    Head of Unit, Space Single Market, DG DEFIS, European Commission                                                                                <\/div>\r\n                                                                                                                                                        <div class=\"artist-content\">\r\n                                                                                <p>Bio to follow.<\/p>\n                                                                            <\/div>\r\n                                                                        <\/div>\r\n                                                                    <\/div>\r\n                                                                <\/div>\r\n                                                            <\/div>\r\n                                                            <div class=\"col-xs-12 col-sm-10 col-sm-offset-2\">\r\n                                                                <div class=\"vcenter artist-image artist-single-row\">\r\n                                                                                                                                                                                                                    <img decoding=\"async\" class=\"img-responsive\" alt=\"Session 1: The EU Space Act: Shaping a Unified, Competitive, and Sustainable  Space Market image\" src=\"https:\/\/euspaceforum.com\/2025\/wp-content\/uploads\/2022\/09\/Zuzana-Mazanova-WebsiteMailing-90x90.png\" \/>\r\n                                                                                                                                    <\/div>\r\n                                                                <div class=\"vcenter tcode-es-artist-title-container artist-single-row\">\r\n                                                                    <div class=\"tcode-es-artist-title\" style=\"color: ;\">\r\n                                                                        Zuzana Mazanova                                                                    <\/div>\r\n                                                                                                                                            <div class=\"artist-position\" style=\"color: ;\">\r\n                                                                            Head of Unit, Space Single Market, DG DEFIS, European Commission                                                                        <\/div>\r\n                                                                                                                                    <\/div>\r\n                                                                                                                                                                                                    <div class=\"vcenter artist-social artist-single-row\">\r\n                                                                                                                                                    <a href=\"https:\/\/www.linkedin.com\/in\/zuzanamazanova\/\" target=\"_blank\" class=\"tcode-social-icon tcode-ico-linkedin\"><\/a>\r\n                                                                                                                                            <\/div>\r\n                                                                                                                            <\/div>\r\n                                                        <\/div>\r\n                                                                                                            <div class=\"row artist-row mobile\" data-effect=\"mfp-zoom-in\">\r\n                                                            <div class=\"tcode-artist-popover hidden\">\r\n                                                                <div>\r\n                                                                    <div class=\"row\">\r\n                                                                        <div class=\"col-xs-12 col-sm-4\">\r\n                                                                            <div class=\"artist-image center-block\">\r\n                                                                                                                                                                                                                                                        <img decoding=\"async\" class=\"img-responsive center-block\" alt=\"Session 1: The EU Space Act: Shaping a Unified, Competitive, and Sustainable  Space Market image\" src=\"https:\/\/euspaceforum.com\/2025\/wp-content\/uploads\/2024\/04\/Christophe-Grudler-website-120x120.png\" \/>\r\n                                                                                                                                                            <\/div>\r\n                                                                                                                                                                                                                                        <div class=\"row artist-media text-center\">\r\n                                                                                                                                                                            <a href=\"https:\/\/www.linkedin.com\/in\/christophe-grudler\/\" target=\"_blank\" class=\"tcode-social-icon tcode-ico-linkedin\"><\/a>\r\n                                                                                                                                                                    <\/div>\r\n                                                                                                                                                    <\/div>\r\n                                                                        <div class=\"col-xs-12 col-sm-8 artist-details-container\">\r\n                                                                            <div class=\"tcode-es-artist-title\">\r\n                                                                                <a href=\"#\">\r\n                                                                                    Christophe Grudler                                                                                <\/a>\r\n                                                                            <\/div>\r\n                                                                                                                                                            <div class=\"artist-position\">\r\n                                                                                    Member & Rapporteur on the EU Secure Connectivity Initiative, European Parliament                                                                                <\/div>\r\n                                                                                                                                                        <div class=\"artist-content\">\r\n                                                                                <p><span style=\"font-weight: 400;\">Christophe Grudler is a French Member of the European Parliament (MEP),member of the Renew Europe group.<\/span><\/p>\n<p><span style=\"font-weight: 400;\">Historian and journalist by training, his political commitment started at an early stage of his career. He is particularly involved at the local level in his hometown, Belfort, where he has been elected as a local representative several times.<\/span><\/p>\n<p><span style=\"font-weight: 400;\">Within the European Parliament, he is Vice-Coordinator of the ITRE Committee (Industry, research and energy) for the Renew Europe group. He is also a member of the Foreign Affairs (AFET) and Security and Defence (SEDE) committees. Furthermore, he is Vice President of the Sky &amp; Space Intergroup of the European <\/span><span style=\"font-weight: 400;\">Parliament.<\/span><\/p>\n<p><span style=\"font-weight: 400;\">MEP Grudler is particularly involved on energy and industry related topics, as well as on space and defence policies. He has been appointed as rapporteur for the European Parliament on the Initiative report on Energy System Integration and recently on the future European secure connectivity. He is also shadow rapporteur for his group on the European Industrial Strategy, the revision of the Renewable Energy Directive (RED) and on the European Space Programme.<\/span><\/p>\n<p>&nbsp;<\/p>\n                                                                            <\/div>\r\n                                                                        <\/div>\r\n                                                                    <\/div>\r\n                                                                <\/div>\r\n                                                            <\/div>\r\n                                                            <div class=\"col-xs-12 col-sm-10 col-sm-offset-2\">\r\n                                                                <div class=\"vcenter artist-image artist-single-row\">\r\n                                                                                                                                                                                                                    <img decoding=\"async\" class=\"img-responsive\" alt=\"Session 1: The EU Space Act: Shaping a Unified, Competitive, and Sustainable  Space Market image\" src=\"https:\/\/euspaceforum.com\/2025\/wp-content\/uploads\/2024\/04\/Christophe-Grudler-website-90x90.png\" \/>\r\n                                                                                                                                    <\/div>\r\n                                                                <div class=\"vcenter tcode-es-artist-title-container artist-single-row\">\r\n                                                                    <div class=\"tcode-es-artist-title\" style=\"color: ;\">\r\n                                                                        Christophe Grudler                                                                    <\/div>\r\n                                                                                                                                            <div class=\"artist-position\" style=\"color: ;\">\r\n                                                                            Member & Rapporteur on the EU Secure Connectivity Initiative, European Parliament                                                                        <\/div>\r\n                                                                                                                                    <\/div>\r\n                                                                                                                                                                                                    <div class=\"vcenter artist-social artist-single-row\">\r\n                                                                                                                                                    <a href=\"https:\/\/www.linkedin.com\/in\/christophe-grudler\/\" target=\"_blank\" class=\"tcode-social-icon tcode-ico-linkedin\"><\/a>\r\n                                                                                                                                            <\/div>\r\n                                                                                                                            <\/div>\r\n                                                        <\/div>\r\n                                                                                                            <div class=\"row artist-row mobile\" data-effect=\"mfp-zoom-in\">\r\n                                                            <div class=\"tcode-artist-popover hidden\">\r\n                                                                <div>\r\n                                                                    <div class=\"row\">\r\n                                                                        <div class=\"col-xs-12 col-sm-4\">\r\n                                                                            <div class=\"artist-image center-block\">\r\n                                                                                                                                                                                                                                                        <img decoding=\"async\" class=\"img-responsive center-block\" alt=\"Session 1: The EU Space Act: Shaping a Unified, Competitive, and Sustainable  Space Market image\" src=\"https:\/\/euspaceforum.com\/2025\/wp-content\/uploads\/2022\/09\/Jordi-Casanova-Tormo-WebsiteMailing-120x120.png\" \/>\r\n                                                                                                                                                            <\/div>\r\n                                                                                                                                                                                                                                        <div class=\"row artist-media text-center\">\r\n                                                                                                                                                                            <a href=\"https:\/\/www.linkedin.com\/in\/jordictormo\/\" target=\"_blank\" class=\"tcode-social-icon tcode-ico-linkedin\"><\/a>\r\n                                                                                                                                                                    <\/div>\r\n                                                                                                                                                    <\/div>\r\n                                                                        <div class=\"col-xs-12 col-sm-8 artist-details-container\">\r\n                                                                            <div class=\"tcode-es-artist-title\">\r\n                                                                                <a href=\"#\">\r\n                                                                                    Jordi Casanova Tormo                                                                                <\/a>\r\n                                                                            <\/div>\r\n                                                                                                                                                            <div class=\"artist-position\">\r\n                                                                                    Head of Telecom & Space, EU Public Policy, Amazon                                                                                <\/div>\r\n                                                                                                                                                        <div class=\"artist-content\">\r\n                                                                                <p><span style=\"font-weight: 400;\">Currently Head of Telecoms and Space for Amazon\u2019s EU Public Policy team, Jordi Casanova has over a decade of experience in competition and regulatory economics across a wide range of fields. Before joining Amazon in 2023, he was a senior economist at the EFTA Surveillance Authority, following on from roles focusing on telecoms and competition at the European Commission, Ofcom and the Spanish Market and Competition Authority. Jordi holds degrees in economics from the University of Valencia and Universit\u00e9 Libre de Bruxelles, as well as an LLM from the College of Europe in Bruges. In addition to his interest in all things competition, regulation and policy, Jordi enjoys identifying promising startups to invest in and took his interest in viticulture to the next level as a co-owner of a start-up winery in his native Valencia.<\/span><\/p>\n                                                                            <\/div>\r\n                                                                        <\/div>\r\n                                                                    <\/div>\r\n                                                                <\/div>\r\n                                                            <\/div>\r\n                                                            <div class=\"col-xs-12 col-sm-10 col-sm-offset-2\">\r\n                                                                <div class=\"vcenter artist-image artist-single-row\">\r\n                                                                                                                                                                                                                    <img decoding=\"async\" class=\"img-responsive\" alt=\"Session 1: The EU Space Act: Shaping a Unified, Competitive, and Sustainable  Space Market image\" src=\"https:\/\/euspaceforum.com\/2025\/wp-content\/uploads\/2022\/09\/Jordi-Casanova-Tormo-WebsiteMailing-90x90.png\" \/>\r\n                                                                                                                                    <\/div>\r\n                                                                <div class=\"vcenter tcode-es-artist-title-container artist-single-row\">\r\n                                                                    <div class=\"tcode-es-artist-title\" style=\"color: ;\">\r\n                                                                        Jordi Casanova Tormo                                                                    <\/div>\r\n                                                                                                                                            <div class=\"artist-position\" style=\"color: ;\">\r\n                                                                            Head of Telecom & Space, EU Public Policy, Amazon                                                                        <\/div>\r\n                                                                                                                                    <\/div>\r\n                                                                                                                                                                                                    <div class=\"vcenter artist-social artist-single-row\">\r\n                                                                                                                                                    <a href=\"https:\/\/www.linkedin.com\/in\/jordictormo\/\" target=\"_blank\" class=\"tcode-social-icon tcode-ico-linkedin\"><\/a>\r\n                                                                                                                                            <\/div>\r\n                                                                                                                            <\/div>\r\n                                                        <\/div>\r\n                                                                                                            <div class=\"row artist-row mobile\" data-effect=\"mfp-zoom-in\">\r\n                                                            <div class=\"tcode-artist-popover hidden\">\r\n                                                                <div>\r\n                                                                    <div class=\"row\">\r\n                                                                        <div class=\"col-xs-12 col-sm-4\">\r\n                                                                            <div class=\"artist-image center-block\">\r\n                                                                                                                                                                                                                                                        <img decoding=\"async\" class=\"img-responsive center-block\" alt=\"Session 1: The EU Space Act: Shaping a Unified, Competitive, and Sustainable  Space Market image\" src=\"https:\/\/euspaceforum.com\/2025\/wp-content\/uploads\/2022\/09\/Javier-Izquierdo-WebsiteMailing-120x120.png\" \/>\r\n                                                                                                                                                            <\/div>\r\n                                                                                                                                                                                                                                        <div class=\"row artist-media text-center\">\r\n                                                                                                                                                                            <a href=\"https:\/\/www.linkedin.com\/in\/javierizquierdomartin\/\" target=\"_blank\" class=\"tcode-social-icon tcode-ico-linkedin\"><\/a>\r\n                                                                                                                                                                    <\/div>\r\n                                                                                                                                                    <\/div>\r\n                                                                        <div class=\"col-xs-12 col-sm-8 artist-details-container\">\r\n                                                                            <div class=\"tcode-es-artist-title\">\r\n                                                                                <a href=\"#\">\r\n                                                                                    Javier Izquierdo                                                                                <\/a>\r\n                                                                            <\/div>\r\n                                                                                                                                                            <div class=\"artist-position\">\r\n                                                                                    Strategy Director, Hispasat                                                                                <\/div>\r\n                                                                                                                                                        <div class=\"artist-content\">\r\n                                                                                <p><span style=\"font-weight: 400;\">Wide Experience in THE TELCO AND AUDIO-VISUAL MARKET in EUROPE AN LATINAMERICA.<\/span><\/p>\n<p><span style=\"font-weight: 400;\">Leading Operational, Technical and Commercial teams in different companies inside TELEFONICA. The last six years working in the Global Areas of TELEFONICA and till February 2020. Javier was part of the Operations and Customer Experience at GCTIO as Operations Director of Global Platforms (IoT, MVNE, etc..) and Video Services (IPTV, CATV, DTH, OTT), and from that date he lead the Shutdown of the Direct To Home (DTH) service and analysing new possible products and services.<\/span><\/p>\n<p><span style=\"font-weight: 400;\">Javier has<\/span> <span style=\"font-weight: 400;\">always worked in Markets in Competition and depending on the Position, he has been responsible of P&amp;L, business development, Channel strategy and sales strategy.<\/span><\/p>\n<p><span style=\"font-weight: 400;\">Javier considers himself a client-oriented person and has strong team building capabilities. He has excellent negotiation abilities, vision for development of new businesses and strategic analytical skills. He has a robust record of success in achieving complex objectives and timelines while building an exceptional team of professionals.<\/span><\/p>\n<p><span style=\"font-weight: 400;\">Areas of experience<\/span><\/p>\n<p><span style=\"font-weight: 400;\">&#8211; Open new business lines<\/span><\/p>\n<p><span style=\"font-weight: 400;\">&#8211; Management of complete business lines and companies<\/span><\/p>\n<p><span style=\"font-weight: 400;\">&#8211; Development of strategic plans<\/span><\/p>\n<p><span style=\"font-weight: 400;\">&#8211; Create and manage teams<\/span><\/p>\n<p><span style=\"font-weight: 400;\">&#8211; Negociations<\/span><\/p>\n<p><span style=\"font-weight: 400;\">&#8211; Human resources management<\/span><\/p>\n                                                                            <\/div>\r\n                                                                        <\/div>\r\n                                                                    <\/div>\r\n                                                                <\/div>\r\n                                                            <\/div>\r\n                                                            <div class=\"col-xs-12 col-sm-10 col-sm-offset-2\">\r\n                                                                <div class=\"vcenter artist-image artist-single-row\">\r\n                                                                                                                                                                                                                    <img decoding=\"async\" class=\"img-responsive\" alt=\"Session 1: The EU Space Act: Shaping a Unified, Competitive, and Sustainable  Space Market image\" src=\"https:\/\/euspaceforum.com\/2025\/wp-content\/uploads\/2022\/09\/Javier-Izquierdo-WebsiteMailing-90x90.png\" \/>\r\n                                                                                                                                    <\/div>\r\n                                                                <div class=\"vcenter tcode-es-artist-title-container artist-single-row\">\r\n                                                                    <div class=\"tcode-es-artist-title\" style=\"color: ;\">\r\n                                                                        Javier Izquierdo                                                                    <\/div>\r\n                                                                                                                                            <div class=\"artist-position\" style=\"color: ;\">\r\n                                                                            Strategy Director, Hispasat                                                                        <\/div>\r\n                                                                                                                                    <\/div>\r\n                                                                                                                                                                                                    <div class=\"vcenter artist-social artist-single-row\">\r\n                                                                                                                                                    <a href=\"https:\/\/www.linkedin.com\/in\/javierizquierdomartin\/\" target=\"_blank\" class=\"tcode-social-icon tcode-ico-linkedin\"><\/a>\r\n                                                                                                                                            <\/div>\r\n                                                                                                                            <\/div>\r\n                                                        <\/div>\r\n                                                                                                            <div class=\"row artist-row mobile\" data-effect=\"mfp-zoom-in\">\r\n                                                            <div class=\"tcode-artist-popover hidden\">\r\n                                                                <div>\r\n                                                                    <div class=\"row\">\r\n                                                                        <div class=\"col-xs-12 col-sm-4\">\r\n                                                                            <div class=\"artist-image center-block\">\r\n                                                                                                                                                                                                                                                        <img decoding=\"async\" class=\"img-responsive center-block\" alt=\"Session 1: The EU Space Act: Shaping a Unified, Competitive, and Sustainable  Space Market image\" src=\"https:\/\/euspaceforum.com\/2025\/wp-content\/uploads\/2022\/09\/Ivan-Janes-WebsiteMailing-120x120.png\" \/>\r\n                                                                                                                                                            <\/div>\r\n                                                                                                                                                                                                                                        <div class=\"row artist-media text-center\">\r\n                                                                                                                                                                            <a href=\"https:\/\/www.linkedin.com\/in\/dr-ivan-janes-0b36751\/\" target=\"_blank\" class=\"tcode-social-icon tcode-ico-linkedin\"><\/a>\r\n                                                                                                                                                                    <\/div>\r\n                                                                                                                                                    <\/div>\r\n                                                                        <div class=\"col-xs-12 col-sm-8 artist-details-container\">\r\n                                                                            <div class=\"tcode-es-artist-title\">\r\n                                                                                <a href=\"#\">\r\n                                                                                    Ivan Janes                                                                                <\/a>\r\n                                                                            <\/div>\r\n                                                                                                                                                            <div class=\"artist-position\">\r\n                                                                                    Chief Systems & Products Officer, Telespazio Germany                                                                                <\/div>\r\n                                                                                                                                                        <div class=\"artist-content\">\r\n                                                                                <p><span style=\"font-weight: 400;\">Dr. Ivan Janes is an accomplished executive with over two decades of leadership experience at the intersection of strategy, systems and innovation in the European Space, Defence, Aviation and Energy sectors. Currently serving as Chief Systems &amp; Products Officer, he oversees mission-critical capabilities spanning, among others, ground infrastructure, cybersecurity, satellite communications and simulation services.<\/span><\/p>\n<p><span style=\"font-weight: 400;\">With a Ph.D. in Computer Science and extensive experience spanning systems engineering and executive commercial leadership, Dr. Janes brings a uniquely strategic perspective, translating technical depth into business value, operational excellence and high-impact solutions that meet real customer needs. He is a regular contributor to executive forums focused on digital resilience, emerging space markets and the future of European industrial collaboration.<\/span><\/p>\n                                                                            <\/div>\r\n                                                                        <\/div>\r\n                                                                    <\/div>\r\n                                                                <\/div>\r\n                                                            <\/div>\r\n                                                            <div class=\"col-xs-12 col-sm-10 col-sm-offset-2\">\r\n                                                                <div class=\"vcenter artist-image artist-single-row\">\r\n                                                                                                                                                                                                                    <img decoding=\"async\" class=\"img-responsive\" alt=\"Session 1: The EU Space Act: Shaping a Unified, Competitive, and Sustainable  Space Market image\" src=\"https:\/\/euspaceforum.com\/2025\/wp-content\/uploads\/2022\/09\/Ivan-Janes-WebsiteMailing-90x90.png\" \/>\r\n                                                                                                                                    <\/div>\r\n                                                                <div class=\"vcenter tcode-es-artist-title-container artist-single-row\">\r\n                                                                    <div class=\"tcode-es-artist-title\" style=\"color: ;\">\r\n                                                                        Ivan Janes                                                                    <\/div>\r\n                                                                                                                                            <div class=\"artist-position\" style=\"color: ;\">\r\n                                                                            Chief Systems & Products Officer, Telespazio Germany                                                                        <\/div>\r\n                                                                                                                                    <\/div>\r\n                                                                                                                                                                                                    <div class=\"vcenter artist-social artist-single-row\">\r\n                                                                                                                                                    <a href=\"https:\/\/www.linkedin.com\/in\/dr-ivan-janes-0b36751\/\" target=\"_blank\" class=\"tcode-social-icon tcode-ico-linkedin\"><\/a>\r\n                                                                                                                                            <\/div>\r\n                                                                                                                            <\/div>\r\n                                                        <\/div>\r\n                                                                                                            <div class=\"row artist-row mobile\" data-effect=\"mfp-zoom-in\">\r\n                                                            <div class=\"tcode-artist-popover hidden\">\r\n                                                                <div>\r\n                                                                    <div class=\"row\">\r\n                                                                        <div class=\"col-xs-12 col-sm-4\">\r\n                                                                            <div class=\"artist-image center-block\">\r\n                                                                                                                                                                                                                                                        <img decoding=\"async\" class=\"img-responsive center-block\" alt=\"Session 1: The EU Space Act: Shaping a Unified, Competitive, and Sustainable  Space Market image\" src=\"https:\/\/euspaceforum.com\/2025\/wp-content\/uploads\/2022\/09\/Torsten-Kriening-website-120x120.png\" \/>\r\n                                                                                                                                                            <\/div>\r\n                                                                                                                                                                                                                                        <div class=\"row artist-media text-center\">\r\n                                                                                                                                                                            <a href=\"https:\/\/www.linkedin.com\/in\/torsten-kriening\/\" target=\"_blank\" class=\"tcode-social-icon tcode-ico-linkedin\"><\/a>\r\n                                                                                                                                                                    <\/div>\r\n                                                                                                                                                    <\/div>\r\n                                                                        <div class=\"col-xs-12 col-sm-8 artist-details-container\">\r\n                                                                            <div class=\"tcode-es-artist-title\">\r\n                                                                                <a href=\"#\">\r\n                                                                                    Moderated by: Torsten Kriening                                                                                <\/a>\r\n                                                                            <\/div>\r\n                                                                                                                                                            <div class=\"artist-position\">\r\n                                                                                    Publisher and CEO, SpaceWatch.Global                                                                                <\/div>\r\n                                                                                                                                                        <div class=\"artist-content\">\r\n                                                                                <p>Torsten Kriening is Publisher and CEO of SpaceWatch.Global, an independent platform for space activities in a geopolitical context.<\/p>\n<p>He is a business executive with academic and professional experience in space management, satellite communications, and broadcast technology. He has an electrical and telecommunications engineering background and studied information technology and computer science at the Technical College Berlin. Torsten began his career as software developer, before moving into sales management and business development, working at companies including 3Com, Lucent Digital Video, SES Astra, Bertelsmann and PTScientists.<\/p>\n<p>A proud Berliner with a global outlook, Torsten expanded his horizons even further by attending the International Space University (ISU) and earning an Executive MBA. His ISU thesis analysed the capacity-building visions and opportunities of countries in the Gulf region, and he brings experience developing strong and lasting business relationships with Middle Eastern countries. With the global Space Caf\u00e9\u00ae talk series and the Space Caf\u00e9\u00ae Podcast he created widely recognized space outreach formats.<\/p>\n                                                                            <\/div>\r\n                                                                        <\/div>\r\n                                                                    <\/div>\r\n                                                                <\/div>\r\n                                                            <\/div>\r\n                                                            <div class=\"col-xs-12 col-sm-10 col-sm-offset-2\">\r\n                                                                <div class=\"vcenter artist-image artist-single-row\">\r\n                                                                                                                                                                                                                    <img decoding=\"async\" class=\"img-responsive\" alt=\"Session 1: The EU Space Act: Shaping a Unified, Competitive, and Sustainable  Space Market image\" src=\"https:\/\/euspaceforum.com\/2025\/wp-content\/uploads\/2022\/09\/Torsten-Kriening-website-90x90.png\" \/>\r\n                                                                                                                                    <\/div>\r\n                                                                <div class=\"vcenter tcode-es-artist-title-container artist-single-row\">\r\n                                                                    <div class=\"tcode-es-artist-title\" style=\"color: ;\">\r\n                                                                        Moderated by: Torsten Kriening                                                                    <\/div>\r\n                                                                                                                                            <div class=\"artist-position\" style=\"color: ;\">\r\n                                                                            Publisher and CEO, SpaceWatch.Global                                                                        <\/div>\r\n                                                                                                                                    <\/div>\r\n                                                                                                                                                                                                    <div class=\"vcenter artist-social artist-single-row\">\r\n                                                                                                                                                    <a href=\"https:\/\/www.linkedin.com\/in\/torsten-kriening\/\" target=\"_blank\" class=\"tcode-social-icon tcode-ico-linkedin\"><\/a>\r\n                                                                                                                                            <\/div>\r\n                                                                                                                            <\/div>\r\n                                                        <\/div>\r\n                                                                                                                                                <\/div>\r\n                                        <\/div>\r\n                                    <\/div>\r\n                                <\/div>\r\n                                                                                                                            <div style=\"background-color: #FFFFFF;\" class=\"row scheduled-event event-collapsed event-hidden event-20250702-3 hideExcerpt\" data-event=\"event-20250702-3\" data-date=\"2025-07-02\" data-location=\"\">\r\n                                    <div class=\"col-xs-12\">\r\n                                        <div class=\"row\">\r\n                                                                                        <div class=\"col-sm-2 col-xs-12 vcenter hidden-xs\">\r\n                                                                                                                                                            <div class=\"event-time visible-sm\" style=\"color: ;\">\r\n                                                            <span class=\"time-starts\">11:15<\/span>\r\n                                                                                                                            - <span class=\"time-ends\">11:40<\/span>\r\n                                                                                                                    <\/div>\r\n                                                                                                                                                <\/div><div class=\"col-sm-9 col-xs-10 vcenter\">\r\n                                                <div class=\"row\">\r\n                                                                                                            <div class=\"col-xs-12 visible-xs event-time\" style=\"color: ;\">\r\n                                                            <span class=\"time-starts\">11:15<\/span>\r\n                                                                                                                            - <span class=\"time-ends\">11:40<\/span>\r\n                                                                                                                    <\/div>\r\n                                                                                                        <div class=\"col-xs-12 event-title\" style=\"color: ;\">Refreshment Break<\/div>\r\n                                                <\/div>\r\n                                            <\/div><div class=\"col-xs-2 col-sm-1 vcenter\">\r\n                                                <div class=\"event-icon pull-right\">\r\n                                                    <i class=\"tcode-ico-grot-down\" data-state=\"collapsed\" style=\"color: ;\"><\/i>\r\n                                                <\/div>\r\n                                            <\/div>\r\n                                        <\/div>\r\n                                        <div class=\"row event-excerpt\">\r\n                                            <div class=\"col-xs-12\">\r\n                                                                                                                                            <\/div>\r\n                                        <\/div>\r\n                                    <\/div>\r\n                                <\/div>\r\n                                                                                                                            <div style=\"background-color: #FFFFFF;\" class=\"row scheduled-event event-collapsed event-hidden event-20250702-4\" data-event=\"event-20250702-4\" data-date=\"2025-07-02\" data-location=\"\">\r\n                                    <div class=\"col-xs-12\">\r\n                                        <div class=\"row\">\r\n                                                                                        <div class=\"col-sm-2 col-xs-12 vcenter hidden-xs\">\r\n                                                                                                                                                            <div class=\"event-time visible-sm\" style=\"color: ;\">\r\n                                                            <span class=\"time-starts\">11:25<\/span>\r\n                                                                                                                            - <span class=\"time-ends\">11:40<\/span>\r\n                                                                                                                    <\/div>\r\n                                                                                                                                                <\/div><div class=\"col-sm-9 col-xs-10 vcenter\">\r\n                                                <div class=\"row\">\r\n                                                                                                            <div class=\"col-xs-12 visible-xs event-time\" style=\"color: ;\">\r\n                                                            <span class=\"time-starts\">11:25<\/span>\r\n                                                                                                                            - <span class=\"time-ends\">11:40<\/span>\r\n                                                                                                                    <\/div>\r\n                                                                                                        <div class=\"col-xs-12 event-title\" style=\"color: ;\">Presentation: Building a collaborative space ecosystem<\/div>\r\n                                                <\/div>\r\n                                            <\/div><div class=\"col-xs-2 col-sm-1 vcenter\">\r\n                                                <div class=\"event-icon pull-right\">\r\n                                                    <i class=\"tcode-ico-grot-down\" data-state=\"collapsed\" style=\"color: ;\"><\/i>\r\n                                                <\/div>\r\n                                            <\/div>\r\n                                        <\/div>\r\n                                        <div class=\"row event-excerpt\">\r\n                                            <div class=\"col-xs-12\">\r\n                                                                                                                                                                                                            <div class=\"row artist-row mobile\" data-effect=\"mfp-zoom-in\">\r\n                                                            <div class=\"tcode-artist-popover hidden\">\r\n                                                                <div>\r\n                                                                    <div class=\"row\">\r\n                                                                        <div class=\"col-xs-12 col-sm-4\">\r\n                                                                            <div class=\"artist-image center-block\">\r\n                                                                                                                                                                                                                                                        <img decoding=\"async\" class=\"img-responsive center-block\" alt=\"Presentation: Building a collaborative space ecosystem image\" src=\"https:\/\/euspaceforum.com\/2025\/wp-content\/uploads\/2025\/05\/Girish-Chandran-Website-120x120.png\" \/>\r\n                                                                                                                                                            <\/div>\r\n                                                                                                                                                                                                                                        <div class=\"row artist-media text-center\">\r\n                                                                                                                                                                            <a href=\"https:\/\/www.linkedin.com\/in\/girish-chandran-1837561\/\" target=\"_blank\" class=\"tcode-social-icon tcode-ico-linkedin\"><\/a>\r\n                                                                                                                                                                    <\/div>\r\n                                                                                                                                                    <\/div>\r\n                                                                        <div class=\"col-xs-12 col-sm-8 artist-details-container\">\r\n                                                                            <div class=\"tcode-es-artist-title\">\r\n                                                                                <a href=\"#\">\r\n                                                                                    Girish Chandran                                                                                <\/a>\r\n                                                                            <\/div>\r\n                                                                                                                                                            <div class=\"artist-position\">\r\n                                                                                    CTO, Viasat                                                                                <\/div>\r\n                                                                                                                                                        <div class=\"artist-content\">\r\n                                                                                <p><span style=\"font-weight: 400;\">Girish Chandran serves as Corporate Chief Technical Officer and President, Global Space Networks at Viasat, Inc. In this role he oversees the evolution of Viasat\u2019s global network, which is responsible for connecting millions of personal and mobile devices per year\u2014on the ground, in the air, and at sea. He also leads the company&#8217;s central engineering group.<\/span><\/p>\n<p><span style=\"font-weight: 400;\">He has extensive experience in building products and networks on multiple continents and leading change in engineering organizations. Girish and his team focus on how next-generation communications infrastructure, especially software-based technologies, will continue to be an integral part of the digital ecosystem connecting people, places and things.<\/span><\/p>\n<p><span style=\"font-weight: 400;\">Girish has held a number of engineering roles at Viasat since joining the company in October 2007, from Principal Engineer and Chief Technology Officer \u2014 Commercial Networks to his current position, which he assumed in January 2025.<\/span><\/p>\n<p><span style=\"font-weight: 400;\">Prior to joining Viasat, Girish held several senior level engineering roles at various companies including Vice President of Engineering at Newtec America Inc., a satellite communications equipment provider, and Vice President of Systems Engineering at Tiernan Communications Inc. (acquired by Radyne Comstream Inc.), a provider of video compression and transmission solutions.<\/span><\/p>\n<p><span style=\"font-weight: 400;\">Girish earned a Ph.D. degree in Electrical Engineering from the University of California, San Diego, and a Master\u2019s of Science degree in Electrical Communication Engineering from the Indian Institute of Science.<\/span><\/p>\n                                                                            <\/div>\r\n                                                                        <\/div>\r\n                                                                    <\/div>\r\n                                                                <\/div>\r\n                                                            <\/div>\r\n                                                            <div class=\"col-xs-12 col-sm-10 col-sm-offset-2\">\r\n                                                                <div class=\"vcenter artist-image artist-single-row\">\r\n                                                                                                                                                                                                                    <img decoding=\"async\" class=\"img-responsive\" alt=\"Presentation: Building a collaborative space ecosystem image\" src=\"https:\/\/euspaceforum.com\/2025\/wp-content\/uploads\/2025\/05\/Girish-Chandran-Website-90x90.png\" \/>\r\n                                                                                                                                    <\/div>\r\n                                                                <div class=\"vcenter tcode-es-artist-title-container artist-single-row\">\r\n                                                                    <div class=\"tcode-es-artist-title\" style=\"color: ;\">\r\n                                                                        Girish Chandran                                                                    <\/div>\r\n                                                                                                                                            <div class=\"artist-position\" style=\"color: ;\">\r\n                                                                            CTO, Viasat                                                                        <\/div>\r\n                                                                                                                                    <\/div>\r\n                                                                                                                                                                                                    <div class=\"vcenter artist-social artist-single-row\">\r\n                                                                                                                                                    <a href=\"https:\/\/www.linkedin.com\/in\/girish-chandran-1837561\/\" target=\"_blank\" class=\"tcode-social-icon tcode-ico-linkedin\"><\/a>\r\n                                                                                                                                            <\/div>\r\n                                                                                                                            <\/div>\r\n                                                        <\/div>\r\n                                                                                                                                                <\/div>\r\n                                        <\/div>\r\n                                    <\/div>\r\n                                <\/div>\r\n                                                                                                                            <div style=\"background-color: #FFFFFF;\" class=\"row scheduled-event event-collapsed event-hidden event-20250702-5\" data-event=\"event-20250702-5\" data-date=\"2025-07-02\" data-location=\"\">\r\n                                    <div class=\"col-xs-12\">\r\n                                        <div class=\"row\">\r\n                                                                                        <div class=\"col-sm-2 col-xs-12 vcenter hidden-xs\">\r\n                                                                                                                                                            <div class=\"event-time visible-sm\" style=\"color: ;\">\r\n                                                            <span class=\"time-starts\">11:40<\/span>\r\n                                                                                                                            - <span class=\"time-ends\">12:45<\/span>\r\n                                                                                                                    <\/div>\r\n                                                                                                                                                <\/div><div class=\"col-sm-9 col-xs-10 vcenter\">\r\n                                                <div class=\"row\">\r\n                                                                                                            <div class=\"col-xs-12 visible-xs event-time\" style=\"color: ;\">\r\n                                                            <span class=\"time-starts\">11:40<\/span>\r\n                                                                                                                            - <span class=\"time-ends\">12:45<\/span>\r\n                                                                                                                    <\/div>\r\n                                                                                                        <div class=\"col-xs-12 event-title\" style=\"color: ;\">Session 2: Industrial Strategies for Space: Building a Competitive and Resilient  Future for the European Space Economy<\/div>\r\n                                                <\/div>\r\n                                            <\/div><div class=\"col-xs-2 col-sm-1 vcenter\">\r\n                                                <div class=\"event-icon pull-right\">\r\n                                                    <i class=\"tcode-ico-grot-down\" data-state=\"collapsed\" style=\"color: ;\"><\/i>\r\n                                                <\/div>\r\n                                            <\/div>\r\n                                        <\/div>\r\n                                        <div class=\"row event-excerpt\">\r\n                                            <div class=\"col-xs-12\">\r\n                                                                                                    <div class=\"row event-content\">\r\n                                                        <div class=\"col-sm-10 col-sm-offset-2 col-xs-12\" style=\"color: ;\">\r\n                                                            <p><span style=\"font-weight: 400;\">The European Commission\u2019s &#8216;Vision for the Space Economy&#8217; was related last week with the aim to position the EU as a global leader in the space economy by 2050. Establishing over 40 targeted actions to strengthen the EU\u2019s space ecosystem, the Vision marks the first time the European space economy is addressed as a comprehensive ecosystem, spanning its industrial base as well as orbital and emerging beyond-orbital domains. This session will examine the objectives and strategic priorities of the Vision and explore how it can build on existing European wide efforts to effectively advance these key goals. Exploring how stakeholders are working to overcome challenges to operationalise their ambition, panelists will outline their expectations for the future of European competitiveness, and how they are accelerating innovation and commercialisation in a rapidly evolving global industry.<\/span><\/p>\n<ul>\n<li style=\"font-weight: 400;\" aria-level=\"1\"><span style=\"font-weight: 400;\">How does the Vision for the European Space Economy aim to tackle the industry&#8217;s long-standing structural challenges, and can it go far enough to deliver meaningful change for Europe&#8217;s space sector?<\/span><span style=\"font-weight: 400;\"><br \/>\n<\/span><\/li>\n<li style=\"font-weight: 400;\" aria-level=\"1\"><span style=\"font-weight: 400;\">What are the next steps in operationalising the Vision, and what is the expected timeframe for measurable progress? How important will the monitoring methodologies proposed in the Vision be in tracking progress and guiding future decisions?<\/span><\/li>\n<li style=\"font-weight: 400;\" aria-level=\"1\"><span style=\"font-weight: 400;\">How do the European Commission&#8217;s efforts to support the space industry align with ESA\u2019s existing industrial policy initiatives and broader strategic frameworks? What synergies can be leveraged to enhance Europe\u2019s competitiveness, resilience, and innovation in the space sector?<\/span><span style=\"font-weight: 400;\"><br \/>\n<\/span><\/li>\n<li style=\"font-weight: 400;\" aria-level=\"1\"><span style=\"font-weight: 400;\">How can Europe continue to lead on innovation and development in key focus areas, and how important will the targeted investments and support mechanisms outlined in the Vision be in scaling this ambition?<\/span><\/li>\n<li style=\"font-weight: 400;\" aria-level=\"1\"><span style=\"font-weight: 400;\">How are stakeholders already working to ensure strategic resilience across the industry, and how can the proposed policy measures contribute to this? How are we <\/span><span style=\"font-weight: 400;\">building robust supply chains and reducing dependence on foreign providers for critical components?<\/span><\/li>\n<li style=\"font-weight: 400;\" aria-level=\"1\"><span style=\"font-weight: 400;\">Are Member States prepared to collaborate and streamline their priorities to consolidate key capabilities, reducing fragmentation and ensuring a sustainable volume of activities for a select group of suppliers?\u00a0<\/span><\/li>\n<li style=\"font-weight: 400;\" aria-level=\"1\"><span style=\"font-weight: 400;\">What role will synergy between public and private actors play in accelerating innovation and commercialisation, fundamentally ensuring a competitive and resilient future?<\/span><span style=\"font-weight: 400;\"><br \/>\n<\/span><\/li>\n<li style=\"font-weight: 400;\" aria-level=\"1\"><span style=\"font-weight: 400;\">How can strategies regarding the commercialisation of space data fit within the context of the industrial policy? What opportunities do <\/span><span style=\"font-weight: 400;\">programmes<\/span><span style=\"font-weight: 400;\"> like Copernicus and Galileo offer in this regard, and how are actors turning this promise into operational reality?<\/span><\/li>\n<li style=\"font-weight: 400;\" aria-level=\"1\"><span style=\"font-weight: 400;\">How important are new players, SME\u2019s, and start-ups in delivering the ambitions of the European space economy? How are actors of \u2018old space\u2019 and \u2018new space\u2019 aligning their ambitions and priorities?<\/span><\/li>\n<li style=\"font-weight: 400;\" aria-level=\"1\"><span style=\"font-weight: 400;\">Bringing together the European Commission, ESA, EUPSA\u00a0 and other key stakeholders, how important might the proposed \u2018Space Team Europe\u2019 be in building a competitive space ecosystem?<\/span><\/li>\n<\/ul>\n                                                        <\/div>\r\n                                                    <\/div>\r\n                                                                                                                                                                                                            <div class=\"row artist-row mobile\" data-effect=\"mfp-zoom-in\">\r\n                                                            <div class=\"tcode-artist-popover hidden\">\r\n                                                                <div>\r\n                                                                    <div class=\"row\">\r\n                                                                        <div class=\"col-xs-12 col-sm-4\">\r\n                                                                            <div class=\"artist-image center-block\">\r\n                                                                                                                                                                                                                                                        <img decoding=\"async\" class=\"img-responsive center-block\" alt=\"Session 2: Industrial Strategies for Space: Building a Competitive and Resilient  Future for the European Space Economy image\" src=\"https:\/\/euspaceforum.com\/2025\/wp-content\/uploads\/2022\/09\/Giancarlo-Granero-WebsiteMailing-120x120.png\" \/>\r\n                                                                                                                                                            <\/div>\r\n                                                                                                                                                                                                                                        <div class=\"row artist-media text-center\">\r\n                                                                                                                                                                            <a href=\"https:\/\/www.linkedin.com\/in\/giancarlo-granero-b193a17\/\" target=\"_blank\" class=\"tcode-social-icon tcode-ico-linkedin\"><\/a>\r\n                                                                                                                                                                    <\/div>\r\n                                                                                                                                                    <\/div>\r\n                                                                        <div class=\"col-xs-12 col-sm-8 artist-details-container\">\r\n                                                                            <div class=\"tcode-es-artist-title\">\r\n                                                                                <a href=\"#\">\r\n                                                                                    Giancarlo Granero                                                                                <\/a>\r\n                                                                            <\/div>\r\n                                                                                                                                                            <div class=\"artist-position\">\r\n                                                                                    Head of Unit for Space Economy, DG DEFIS, European Commission                                                                                <\/div>\r\n                                                                                                                                                        <div class=\"artist-content\">\r\n                                                                                <p><span style=\"font-weight: 400;\">Experienced Head Of Unit with a demonstrated history of working in the government administration industry. Skilled in Government, European Integration, European Studies, Environmental Awareness, and International Relations. Strong business development professional graduated from IMD Business School.<\/span><\/p>\n                                                                            <\/div>\r\n                                                                        <\/div>\r\n                                                                    <\/div>\r\n                                                                <\/div>\r\n                                                            <\/div>\r\n                                                            <div class=\"col-xs-12 col-sm-10 col-sm-offset-2\">\r\n                                                                <div class=\"vcenter artist-image artist-single-row\">\r\n                                                                                                                                                                                                                    <img decoding=\"async\" class=\"img-responsive\" alt=\"Session 2: Industrial Strategies for Space: Building a Competitive and Resilient  Future for the European Space Economy image\" src=\"https:\/\/euspaceforum.com\/2025\/wp-content\/uploads\/2022\/09\/Giancarlo-Granero-WebsiteMailing-90x90.png\" \/>\r\n                                                                                                                                    <\/div>\r\n                                                                <div class=\"vcenter tcode-es-artist-title-container artist-single-row\">\r\n                                                                    <div class=\"tcode-es-artist-title\" style=\"color: ;\">\r\n                                                                        Giancarlo Granero                                                                    <\/div>\r\n                                                                                                                                            <div class=\"artist-position\" style=\"color: ;\">\r\n                                                                            Head of Unit for Space Economy, DG DEFIS, European Commission                                                                        <\/div>\r\n                                                                                                                                    <\/div>\r\n                                                                                                                                                                                                    <div class=\"vcenter artist-social artist-single-row\">\r\n                                                                                                                                                    <a href=\"https:\/\/www.linkedin.com\/in\/giancarlo-granero-b193a17\/\" target=\"_blank\" class=\"tcode-social-icon tcode-ico-linkedin\"><\/a>\r\n                                                                                                                                            <\/div>\r\n                                                                                                                            <\/div>\r\n                                                        <\/div>\r\n                                                                                                            <div class=\"row artist-row mobile\" data-effect=\"mfp-zoom-in\">\r\n                                                            <div class=\"tcode-artist-popover hidden\">\r\n                                                                <div>\r\n                                                                    <div class=\"row\">\r\n                                                                        <div class=\"col-xs-12 col-sm-4\">\r\n                                                                            <div class=\"artist-image center-block\">\r\n                                                                                                                                                                                                                                                        <img decoding=\"async\" class=\"img-responsive center-block\" alt=\"Session 2: Industrial Strategies for Space: Building a Competitive and Resilient  Future for the European Space Economy image\" src=\"https:\/\/euspaceforum.com\/2025\/wp-content\/uploads\/2022\/09\/Charlotte-Mathieu-WebsiteMailing-120x120.png\" \/>\r\n                                                                                                                                                            <\/div>\r\n                                                                                                                                                                                                                                        <div class=\"row artist-media text-center\">\r\n                                                                                                                                                                            <a href=\"https:\/\/www.linkedin.com\/in\/charlottemathieuesa\/\" target=\"_blank\" class=\"tcode-social-icon tcode-ico-linkedin\"><\/a>\r\n                                                                                                                                                                    <\/div>\r\n                                                                                                                                                    <\/div>\r\n                                                                        <div class=\"col-xs-12 col-sm-8 artist-details-container\">\r\n                                                                            <div class=\"tcode-es-artist-title\">\r\n                                                                                <a href=\"#\">\r\n                                                                                    Charlotte Mathieu                                                                                <\/a>\r\n                                                                            <\/div>\r\n                                                                                                                                                            <div class=\"artist-position\">\r\n                                                                                    Head of the Industrial Policy & Space Economy Division, ESA                                                                                <\/div>\r\n                                                                                                                                                        <div class=\"artist-content\">\r\n                                                                                <p><span style=\"font-weight: 400;\">Charlotte Mathieu is the Head of the Industrial Policy and Space Economy Division at the European Space Agency (ESA).<\/span><\/p>\n<p><span style=\"font-weight: 400;\">She holds a Master\u2019s Degree in Aerospace Engineering from the Ecole Centrale Paris, France, and the Royal Institute of Technology (KTH), Sweden, as well as a degree in Economic Analysis and Policy. After a first experience in the launcher industry, she joined ESA and its technical centre, ESTEC, in the Netherlands.\u00a0 She spent then two years at the Massachussetts Institute of Technology (MIT) in the US, where she obtained a Master\u2019s Degree in Technology and Policy and worked on an innovative satellite project for the Defence Advanced Research Project Agency (DARPA). In 2007 she joined the European Space Policy Institute (ESPI) in Austria, where she led several studies and publications. In 2009 she joined ESA\u2019s Headquarters in Paris, where she has worked in the Director General\u2019s Policy Office, in the Director General\u2019s Office for Relations with the European Union, in the Directorate of Telecommunications and Integrated Applications and now in the Directorate of Commercialisation, Industry and Competitiveness.<\/span><\/p>\n<p>&nbsp;<\/p>\n                                                                            <\/div>\r\n                                                                        <\/div>\r\n                                                                    <\/div>\r\n                                                                <\/div>\r\n                                                            <\/div>\r\n                                                            <div class=\"col-xs-12 col-sm-10 col-sm-offset-2\">\r\n                                                                <div class=\"vcenter artist-image artist-single-row\">\r\n                                                                                                                                                                                                                    <img decoding=\"async\" class=\"img-responsive\" alt=\"Session 2: Industrial Strategies for Space: Building a Competitive and Resilient  Future for the European Space Economy image\" src=\"https:\/\/euspaceforum.com\/2025\/wp-content\/uploads\/2022\/09\/Charlotte-Mathieu-WebsiteMailing-90x90.png\" \/>\r\n                                                                                                                                    <\/div>\r\n                                                                <div class=\"vcenter tcode-es-artist-title-container artist-single-row\">\r\n                                                                    <div class=\"tcode-es-artist-title\" style=\"color: ;\">\r\n                                                                        Charlotte Mathieu                                                                    <\/div>\r\n                                                                                                                                            <div class=\"artist-position\" style=\"color: ;\">\r\n                                                                            Head of the Industrial Policy & Space Economy Division, ESA                                                                        <\/div>\r\n                                                                                                                                    <\/div>\r\n                                                                                                                                                                                                    <div class=\"vcenter artist-social artist-single-row\">\r\n                                                                                                                                                    <a href=\"https:\/\/www.linkedin.com\/in\/charlottemathieuesa\/\" target=\"_blank\" class=\"tcode-social-icon tcode-ico-linkedin\"><\/a>\r\n                                                                                                                                            <\/div>\r\n                                                                                                                            <\/div>\r\n                                                        <\/div>\r\n                                                                                                            <div class=\"row artist-row mobile\" data-effect=\"mfp-zoom-in\">\r\n                                                            <div class=\"tcode-artist-popover hidden\">\r\n                                                                <div>\r\n                                                                    <div class=\"row\">\r\n                                                                        <div class=\"col-xs-12 col-sm-4\">\r\n                                                                            <div class=\"artist-image center-block\">\r\n                                                                                                                                                                                                                                                        <img decoding=\"async\" class=\"img-responsive center-block\" alt=\"Session 2: Industrial Strategies for Space: Building a Competitive and Resilient  Future for the European Space Economy image\" src=\"https:\/\/euspaceforum.com\/2025\/wp-content\/uploads\/2022\/09\/Jaume-Sanpera-WebsiteMailing-120x120.png\" \/>\r\n                                                                                                                                                            <\/div>\r\n                                                                                                                                                                                                                                        <div class=\"row artist-media text-center\">\r\n                                                                                                                                                                            <a href=\"https:\/\/www.linkedin.com\/in\/jaumesanpera\/\" target=\"_blank\" class=\"tcode-social-icon tcode-ico-linkedin\"><\/a>\r\n                                                                                                                                                                    <\/div>\r\n                                                                                                                                                    <\/div>\r\n                                                                        <div class=\"col-xs-12 col-sm-8 artist-details-container\">\r\n                                                                            <div class=\"tcode-es-artist-title\">\r\n                                                                                <a href=\"#\">\r\n                                                                                    Jaume Sanpera                                                                                <\/a>\r\n                                                                            <\/div>\r\n                                                                                                                                                            <div class=\"artist-position\">\r\n                                                                                    CEO, Sateliot                                                                                <\/div>\r\n                                                                                                                                                        <div class=\"artist-content\">\r\n                                                                                <p><span style=\"font-weight: 400;\">Jaume Sanpera, Sateliot\u2019s CEO, is a seasoned executive with nearly 30 years of experience in the telecommunications industry. A prominent figure in Spanish technological entrepreneurship, he has founded multiple successful companies, including Eurona, the first telecom satellite operator in Europe listed on the stock market in 2010, and Ambientum, a leader in Spain\u2019s environmental sector. His ventures have gained wide international presence, solidifying his reputation as an expert in telecommunications. Jaume\u2019s achievements have earned him recognition in the media and forums, where he shares insights on innovation and leadership, further establishing his influence in the industry.<\/span><\/p>\n                                                                            <\/div>\r\n                                                                        <\/div>\r\n                                                                    <\/div>\r\n                                                                <\/div>\r\n                                                            <\/div>\r\n                                                            <div class=\"col-xs-12 col-sm-10 col-sm-offset-2\">\r\n                                                                <div class=\"vcenter artist-image artist-single-row\">\r\n                                                                                                                                                                                                                    <img decoding=\"async\" class=\"img-responsive\" alt=\"Session 2: Industrial Strategies for Space: Building a Competitive and Resilient  Future for the European Space Economy image\" src=\"https:\/\/euspaceforum.com\/2025\/wp-content\/uploads\/2022\/09\/Jaume-Sanpera-WebsiteMailing-90x90.png\" \/>\r\n                                                                                                                                    <\/div>\r\n                                                                <div class=\"vcenter tcode-es-artist-title-container artist-single-row\">\r\n                                                                    <div class=\"tcode-es-artist-title\" style=\"color: ;\">\r\n                                                                        Jaume Sanpera                                                                    <\/div>\r\n                                                                                                                                            <div class=\"artist-position\" style=\"color: ;\">\r\n                                                                            CEO, Sateliot                                                                        <\/div>\r\n                                                                                                                                    <\/div>\r\n                                                                                                                                                                                                    <div class=\"vcenter artist-social artist-single-row\">\r\n                                                                                                                                                    <a href=\"https:\/\/www.linkedin.com\/in\/jaumesanpera\/\" target=\"_blank\" class=\"tcode-social-icon tcode-ico-linkedin\"><\/a>\r\n                                                                                                                                            <\/div>\r\n                                                                                                                            <\/div>\r\n                                                        <\/div>\r\n                                                                                                            <div class=\"row artist-row mobile\" data-effect=\"mfp-zoom-in\">\r\n                                                            <div class=\"tcode-artist-popover hidden\">\r\n                                                                <div>\r\n                                                                    <div class=\"row\">\r\n                                                                        <div class=\"col-xs-12 col-sm-4\">\r\n                                                                            <div class=\"artist-image center-block\">\r\n                                                                                                                                                                                                                                                        <img decoding=\"async\" class=\"img-responsive center-block\" alt=\"Session 2: Industrial Strategies for Space: Building a Competitive and Resilient  Future for the European Space Economy image\" src=\"https:\/\/euspaceforum.com\/2025\/wp-content\/uploads\/2022\/09\/Alexander-Reissner-WebsiteMailing-120x120.png\" \/>\r\n                                                                                                                                                            <\/div>\r\n                                                                                                                                                                                                                                        <div class=\"row artist-media text-center\">\r\n                                                                                                                                                                            <a href=\"https:\/\/www.linkedin.com\/in\/alexander-reissner\/\" target=\"_blank\" class=\"tcode-social-icon tcode-ico-linkedin\"><\/a>\r\n                                                                                                                                                                    <\/div>\r\n                                                                                                                                                    <\/div>\r\n                                                                        <div class=\"col-xs-12 col-sm-8 artist-details-container\">\r\n                                                                            <div class=\"tcode-es-artist-title\">\r\n                                                                                <a href=\"#\">\r\n                                                                                    Alexander Reissner                                                                                <\/a>\r\n                                                                            <\/div>\r\n                                                                                                                                                            <div class=\"artist-position\">\r\n                                                                                    CEO, Enpulsion                                                                                <\/div>\r\n                                                                                                                                                        <div class=\"artist-content\">\r\n                                                                                <p><span style=\"font-weight: 400;\">In 2016, Alexander founded the company ENPULSION, which quickly established itself as an industry standard in the field of electric propulsion systems for SmallSats. He started his career in the space business with Beyond Gravity, formerly known as RUAG Space, working in Thermal Hardware and later in Mechanical Engineering on projects like Sentinel or Bepi Colombo. He then joined the Austrian Institute of Technology and became the Team Leader for Electric Propulsion Systems. In 2013, he became Department Head shortly after it was moved to FOTEC, the research subsidiary of the Wiener Neustadt University of Applied Sciences and doubled its size. His personal expertise covers hydrogen-based energy systems, as well as electric propulsion technologies. After graduating from the Technical University of Vienna with a Dpl.Ing. (MSc) in Physics, he started a PhD programme at the Korean Advanced Institute of Science and Technology (KAIST), then followed his supervisor to the Technical University of Dresden to complete the programme.<\/span><\/p>\n                                                                            <\/div>\r\n                                                                        <\/div>\r\n                                                                    <\/div>\r\n                                                                <\/div>\r\n                                                            <\/div>\r\n                                                            <div class=\"col-xs-12 col-sm-10 col-sm-offset-2\">\r\n                                                                <div class=\"vcenter artist-image artist-single-row\">\r\n                                                                                                                                                                                                                    <img decoding=\"async\" class=\"img-responsive\" alt=\"Session 2: Industrial Strategies for Space: Building a Competitive and Resilient  Future for the European Space Economy image\" src=\"https:\/\/euspaceforum.com\/2025\/wp-content\/uploads\/2022\/09\/Alexander-Reissner-WebsiteMailing-90x90.png\" \/>\r\n                                                                                                                                    <\/div>\r\n                                                                <div class=\"vcenter tcode-es-artist-title-container artist-single-row\">\r\n                                                                    <div class=\"tcode-es-artist-title\" style=\"color: ;\">\r\n                                                                        Alexander Reissner                                                                    <\/div>\r\n                                                                                                                                            <div class=\"artist-position\" style=\"color: ;\">\r\n                                                                            CEO, Enpulsion                                                                        <\/div>\r\n                                                                                                                                    <\/div>\r\n                                                                                                                                                                                                    <div class=\"vcenter artist-social artist-single-row\">\r\n                                                                                                                                                    <a href=\"https:\/\/www.linkedin.com\/in\/alexander-reissner\/\" target=\"_blank\" class=\"tcode-social-icon tcode-ico-linkedin\"><\/a>\r\n                                                                                                                                            <\/div>\r\n                                                                                                                            <\/div>\r\n                                                        <\/div>\r\n                                                                                                            <div class=\"row artist-row mobile\" data-effect=\"mfp-zoom-in\">\r\n                                                            <div class=\"tcode-artist-popover hidden\">\r\n                                                                <div>\r\n                                                                    <div class=\"row\">\r\n                                                                        <div class=\"col-xs-12 col-sm-4\">\r\n                                                                            <div class=\"artist-image center-block\">\r\n                                                                                                                                                                                                                                                        <img decoding=\"async\" class=\"img-responsive center-block\" alt=\"Session 2: Industrial Strategies for Space: Building a Competitive and Resilient  Future for the European Space Economy image\" src=\"https:\/\/euspaceforum.com\/2025\/wp-content\/uploads\/2022\/09\/Edgar-Milic-WebsiteMailing-120x120.png\" \/>\r\n                                                                                                                                                            <\/div>\r\n                                                                                                                                                                                                                                        <div class=\"row artist-media text-center\">\r\n                                                                                                                                                                            <a href=\"https:\/\/www.linkedin.com\/in\/edgarmilic\/\" target=\"_blank\" class=\"tcode-social-icon tcode-ico-linkedin\"><\/a>\r\n                                                                                                                                                                    <\/div>\r\n                                                                                                                                                    <\/div>\r\n                                                                        <div class=\"col-xs-12 col-sm-8 artist-details-container\">\r\n                                                                            <div class=\"tcode-es-artist-title\">\r\n                                                                                <a href=\"#\">\r\n                                                                                    Edgar Milic                                                                                <\/a>\r\n                                                                            <\/div>\r\n                                                                                                                                                            <div class=\"artist-position\">\r\n                                                                                    Managing Director for GomSpace Luxembourg and Strategic Business Growth Director, GomSpace                                                                                <\/div>\r\n                                                                                                                                                        <div class=\"artist-content\">\r\n                                                                                <p><span style=\"font-weight: 400;\">Edgar is a passionate executive and space enthusiast with over 20 years of experience in the space, technology, and governmental sectors. He is currently Managing Director at GomSpace Luxembourg, a leader in small satellite solutions. Previously, he was the CEO of OHB LuxSpace, achieving a significant turnaround in three years. He also held leadership roles in business innovation and development at SES Satellites. Edgar&#8217;s early career includes project management for Earth Observation at GMV and service as an officer in the Italian Air Force. He holds advanced degrees in aerospace engineering and business, mentors startups, and has lectured on space business and entrepreneurship. He is a proud father of three kids.<\/span><\/p>\n                                                                            <\/div>\r\n                                                                        <\/div>\r\n                                                                    <\/div>\r\n                                                                <\/div>\r\n                                                            <\/div>\r\n                                                            <div class=\"col-xs-12 col-sm-10 col-sm-offset-2\">\r\n                                                                <div class=\"vcenter artist-image artist-single-row\">\r\n                                                                                                                                                                                                                    <img decoding=\"async\" class=\"img-responsive\" alt=\"Session 2: Industrial Strategies for Space: Building a Competitive and Resilient  Future for the European Space Economy image\" src=\"https:\/\/euspaceforum.com\/2025\/wp-content\/uploads\/2022\/09\/Edgar-Milic-WebsiteMailing-90x90.png\" \/>\r\n                                                                                                                                    <\/div>\r\n                                                                <div class=\"vcenter tcode-es-artist-title-container artist-single-row\">\r\n                                                                    <div class=\"tcode-es-artist-title\" style=\"color: ;\">\r\n                                                                        Edgar Milic                                                                    <\/div>\r\n                                                                                                                                            <div class=\"artist-position\" style=\"color: ;\">\r\n                                                                            Managing Director for GomSpace Luxembourg and Strategic Business Growth Director, GomSpace                                                                        <\/div>\r\n                                                                                                                                    <\/div>\r\n                                                                                                                                                                                                    <div class=\"vcenter artist-social artist-single-row\">\r\n                                                                                                                                                    <a href=\"https:\/\/www.linkedin.com\/in\/edgarmilic\/\" target=\"_blank\" class=\"tcode-social-icon tcode-ico-linkedin\"><\/a>\r\n                                                                                                                                            <\/div>\r\n                                                                                                                            <\/div>\r\n                                                        <\/div>\r\n                                                                                                            <div class=\"row artist-row mobile\" data-effect=\"mfp-zoom-in\">\r\n                                                            <div class=\"tcode-artist-popover hidden\">\r\n                                                                <div>\r\n                                                                    <div class=\"row\">\r\n                                                                        <div class=\"col-xs-12 col-sm-4\">\r\n                                                                            <div class=\"artist-image center-block\">\r\n                                                                                                                                                                                                                                                        <img decoding=\"async\" class=\"img-responsive center-block\" alt=\"Session 2: Industrial Strategies for Space: Building a Competitive and Resilient  Future for the European Space Economy image\" src=\"https:\/\/euspaceforum.com\/2025\/wp-content\/uploads\/2025\/05\/Matija-Rencelj-Website-120x120.png\" \/>\r\n                                                                                                                                                            <\/div>\r\n                                                                                                                                                                                                                                        <div class=\"row artist-media text-center\">\r\n                                                                                                                                                                            <a href=\"https:\/\/www.linkedin.com\/in\/matija-rencelj\/\" target=\"_blank\" class=\"tcode-social-icon tcode-ico-linkedin\"><\/a>\r\n                                                                                                                                                                    <\/div>\r\n                                                                                                                                                    <\/div>\r\n                                                                        <div class=\"col-xs-12 col-sm-8 artist-details-container\">\r\n                                                                            <div class=\"tcode-es-artist-title\">\r\n                                                                                <a href=\"#\">\r\n                                                                                    Moderated by: Matija Rencelj                                                                                <\/a>\r\n                                                                            <\/div>\r\n                                                                                                                                                            <div class=\"artist-position\">\r\n                                                                                    Research Manager, ESPI                                                                                <\/div>\r\n                                                                                                                                                        <div class=\"artist-content\">\r\n                                                                                <p><span style=\"font-weight: 400;\">Matija Rencelj is the Research Manager at the European Space Policy Institute (ESPI). His work focuses on inter-institutional relations, and European and global policy developments, with studies undertaken on topics ranging from orbital carrying capacity to the history of commercial space. He previously worked with the European Space Agency, the European Commission, in the aviation and commodities sectors, and started his career as a lawyer at a corporate law firm. He holds an LL.M. in Air &amp; Space Law from McGill University and a Law Degree from the University of Ljubljana. At ESPI, he first served as Research Fellow for two years, before taking on the responsibility to oversee the Institute\u2019s research output, manage day-to-day operations, and translate the Institute\u2019s work to real-world impact.<\/span><\/p>\n                                                                            <\/div>\r\n                                                                        <\/div>\r\n                                                                    <\/div>\r\n                                                                <\/div>\r\n                                                            <\/div>\r\n                                                            <div class=\"col-xs-12 col-sm-10 col-sm-offset-2\">\r\n                                                                <div class=\"vcenter artist-image artist-single-row\">\r\n                                                                                                                                                                                                                    <img decoding=\"async\" class=\"img-responsive\" alt=\"Session 2: Industrial Strategies for Space: Building a Competitive and Resilient  Future for the European Space Economy image\" src=\"https:\/\/euspaceforum.com\/2025\/wp-content\/uploads\/2025\/05\/Matija-Rencelj-Website-90x90.png\" \/>\r\n                                                                                                                                    <\/div>\r\n                                                                <div class=\"vcenter tcode-es-artist-title-container artist-single-row\">\r\n                                                                    <div class=\"tcode-es-artist-title\" style=\"color: ;\">\r\n                                                                        Moderated by: Matija Rencelj                                                                    <\/div>\r\n                                                                                                                                            <div class=\"artist-position\" style=\"color: ;\">\r\n                                                                            Research Manager, ESPI                                                                        <\/div>\r\n                                                                                                                                    <\/div>\r\n                                                                                                                                                                                                    <div class=\"vcenter artist-social artist-single-row\">\r\n                                                                                                                                                    <a href=\"https:\/\/www.linkedin.com\/in\/matija-rencelj\/\" target=\"_blank\" class=\"tcode-social-icon tcode-ico-linkedin\"><\/a>\r\n                                                                                                                                            <\/div>\r\n                                                                                                                            <\/div>\r\n                                                        <\/div>\r\n                                                                                                                                                <\/div>\r\n                                        <\/div>\r\n                                    <\/div>\r\n                                <\/div>\r\n                                                                                                                            <div style=\"background-color: #FFFFFF;\" class=\"row scheduled-event event-collapsed event-hidden event-20250702-6 hideExcerpt\" data-event=\"event-20250702-6\" data-date=\"2025-07-02\" data-location=\"\">\r\n                                    <div class=\"col-xs-12\">\r\n                                        <div class=\"row\">\r\n                                                                                        <div class=\"col-sm-2 col-xs-12 vcenter hidden-xs\">\r\n                                                                                                                                                            <div class=\"event-time visible-sm\" style=\"color: ;\">\r\n                                                            <span class=\"time-starts\">12:45<\/span>\r\n                                                                                                                            - <span class=\"time-ends\">13:40<\/span>\r\n                                                                                                                    <\/div>\r\n                                                                                                                                                <\/div><div class=\"col-sm-9 col-xs-10 vcenter\">\r\n                                                <div class=\"row\">\r\n                                                                                                            <div class=\"col-xs-12 visible-xs event-time\" style=\"color: ;\">\r\n                                                            <span class=\"time-starts\">12:45<\/span>\r\n                                                                                                                            - <span class=\"time-ends\">13:40<\/span>\r\n                                                                                                                    <\/div>\r\n                                                                                                        <div class=\"col-xs-12 event-title\" style=\"color: ;\">Lunch<\/div>\r\n                                                <\/div>\r\n                                            <\/div><div class=\"col-xs-2 col-sm-1 vcenter\">\r\n                                                <div class=\"event-icon pull-right\">\r\n                                                    <i class=\"tcode-ico-grot-down\" data-state=\"collapsed\" style=\"color: ;\"><\/i>\r\n                                                <\/div>\r\n                                            <\/div>\r\n                                        <\/div>\r\n                                        <div class=\"row event-excerpt\">\r\n                                            <div class=\"col-xs-12\">\r\n                                                                                                                                            <\/div>\r\n                                        <\/div>\r\n                                    <\/div>\r\n                                <\/div>\r\n                                                                                                                            <div style=\"background-color: #FFFFFF;\" class=\"row scheduled-event event-collapsed event-hidden event-20250702-7\" data-event=\"event-20250702-7\" data-date=\"2025-07-02\" data-location=\"\">\r\n                                    <div class=\"col-xs-12\">\r\n                                        <div class=\"row\">\r\n                                                                                        <div class=\"col-sm-2 col-xs-12 vcenter hidden-xs\">\r\n                                                                                                                                                            <div class=\"event-time visible-sm\" style=\"color: ;\">\r\n                                                            <span class=\"time-starts\">13:40<\/span>\r\n                                                                                                                            - <span class=\"time-ends\">13:55<\/span>\r\n                                                                                                                    <\/div>\r\n                                                                                                                                                <\/div><div class=\"col-sm-9 col-xs-10 vcenter\">\r\n                                                <div class=\"row\">\r\n                                                                                                            <div class=\"col-xs-12 visible-xs event-time\" style=\"color: ;\">\r\n                                                            <span class=\"time-starts\">13:40<\/span>\r\n                                                                                                                            - <span class=\"time-ends\">13:55<\/span>\r\n                                                                                                                    <\/div>\r\n                                                                                                        <div class=\"col-xs-12 event-title\" style=\"color: ;\">Setting the Scene &#8211; the EU\u2019s Space Programmes &#8211; View from EUSPA<\/div>\r\n                                                <\/div>\r\n                                            <\/div><div class=\"col-xs-2 col-sm-1 vcenter\">\r\n                                                <div class=\"event-icon pull-right\">\r\n                                                    <i class=\"tcode-ico-grot-down\" data-state=\"collapsed\" style=\"color: ;\"><\/i>\r\n                                                <\/div>\r\n                                            <\/div>\r\n                                        <\/div>\r\n                                        <div class=\"row event-excerpt\">\r\n                                            <div class=\"col-xs-12\">\r\n                                                                                                                                                                                                            <div class=\"row artist-row mobile\" data-effect=\"mfp-zoom-in\">\r\n                                                            <div class=\"tcode-artist-popover hidden\">\r\n                                                                <div>\r\n                                                                    <div class=\"row\">\r\n                                                                        <div class=\"col-xs-12 col-sm-4\">\r\n                                                                            <div class=\"artist-image center-block\">\r\n                                                                                                                                                                                                                                                        <img decoding=\"async\" class=\"img-responsive center-block\" alt=\"Setting the Scene &#8211; the EU\u2019s Space Programmes &#8211; View from EUSPA image\" src=\"https:\/\/euspaceforum.com\/2025\/wp-content\/uploads\/2022\/09\/Vincent-Brison-WebsiteMailing-120x120.png\" \/>\r\n                                                                                                                                                            <\/div>\r\n                                                                                                                                                                                                                                        <div class=\"row artist-media text-center\">\r\n                                                                                                                                                                            <a href=\"https:\/\/www.linkedin.com\/in\/vincent-brison-68920a\/\" target=\"_blank\" class=\"tcode-social-icon tcode-ico-linkedin\"><\/a>\r\n                                                                                                                                                                    <\/div>\r\n                                                                                                                                                    <\/div>\r\n                                                                        <div class=\"col-xs-12 col-sm-8 artist-details-container\">\r\n                                                                            <div class=\"tcode-es-artist-title\">\r\n                                                                                <a href=\"#\">\r\n                                                                                    Vincent Brison                                                                                <\/a>\r\n                                                                            <\/div>\r\n                                                                                                                                                            <div class=\"artist-position\">\r\n                                                                                    Joint Office in Space Navigation in European Commission, European Union Agency for the Space Programme (EUSPA)                                                                                <\/div>\r\n                                                                                                                                                        <div class=\"artist-content\">\r\n                                                                                <p><span style=\"font-weight: 400;\">With over 20 years of experience in the field of satellite navigation, Vincent Brison joined the EUSPA (formerly GSA &#8211; European GNSS Agency) in 2013 as EGNOS Operations and Maintenance Manager. Prior to his engagement with the EUSPA, he held various positions in both public and private sectors, namely at the European Commission as Project officer and at the EGNOS Service Provider as Operations Manager. Brison holds a Master\u2019s degree in Civil Engineer in Electronics &amp; Telecommunications. Since 2021 he is EUSPA member of the Joint Office for Galileo and EGNOS at the DG DEFIS.<\/span><\/p>\n                                                                            <\/div>\r\n                                                                        <\/div>\r\n                                                                    <\/div>\r\n                                                                <\/div>\r\n                                                            <\/div>\r\n                                                            <div class=\"col-xs-12 col-sm-10 col-sm-offset-2\">\r\n                                                                <div class=\"vcenter artist-image artist-single-row\">\r\n                                                                                                                                                                                                                    <img decoding=\"async\" class=\"img-responsive\" alt=\"Setting the Scene &#8211; the EU\u2019s Space Programmes &#8211; View from EUSPA image\" src=\"https:\/\/euspaceforum.com\/2025\/wp-content\/uploads\/2022\/09\/Vincent-Brison-WebsiteMailing-90x90.png\" \/>\r\n                                                                                                                                    <\/div>\r\n                                                                <div class=\"vcenter tcode-es-artist-title-container artist-single-row\">\r\n                                                                    <div class=\"tcode-es-artist-title\" style=\"color: ;\">\r\n                                                                        Vincent Brison                                                                    <\/div>\r\n                                                                                                                                            <div class=\"artist-position\" style=\"color: ;\">\r\n                                                                            Joint Office in Space Navigation in European Commission, European Union Agency for the Space Programme (EUSPA)                                                                        <\/div>\r\n                                                                                                                                    <\/div>\r\n                                                                                                                                                                                                    <div class=\"vcenter artist-social artist-single-row\">\r\n                                                                                                                                                    <a href=\"https:\/\/www.linkedin.com\/in\/vincent-brison-68920a\/\" target=\"_blank\" class=\"tcode-social-icon tcode-ico-linkedin\"><\/a>\r\n                                                                                                                                            <\/div>\r\n                                                                                                                            <\/div>\r\n                                                        <\/div>\r\n                                                                                                                                                <\/div>\r\n                                        <\/div>\r\n                                    <\/div>\r\n                                <\/div>\r\n                                                                                                                            <div style=\"background-color: #FFFFFF;\" class=\"row scheduled-event event-collapsed event-hidden event-20250702-8\" data-event=\"event-20250702-8\" data-date=\"2025-07-02\" data-location=\"\">\r\n                                    <div class=\"col-xs-12\">\r\n                                        <div class=\"row\">\r\n                                                                                        <div class=\"col-sm-2 col-xs-12 vcenter hidden-xs\">\r\n                                                                                                                                                            <div class=\"event-time visible-sm\" style=\"color: ;\">\r\n                                                            <span class=\"time-starts\">13:55<\/span>\r\n                                                                                                                            - <span class=\"time-ends\">15:00<\/span>\r\n                                                                                                                    <\/div>\r\n                                                                                                                                                <\/div><div class=\"col-sm-9 col-xs-10 vcenter\">\r\n                                                <div class=\"row\">\r\n                                                                                                            <div class=\"col-xs-12 visible-xs event-time\" style=\"color: ;\">\r\n                                                            <span class=\"time-starts\">13:55<\/span>\r\n                                                                                                                            - <span class=\"time-ends\">15:00<\/span>\r\n                                                                                                                    <\/div>\r\n                                                                                                        <div class=\"col-xs-12 event-title\" style=\"color: ;\">Session 3i: IRIS2  &#8211; Turning the Vision into a Reality<\/div>\r\n                                                <\/div>\r\n                                            <\/div><div class=\"col-xs-2 col-sm-1 vcenter\">\r\n                                                <div class=\"event-icon pull-right\">\r\n                                                    <i class=\"tcode-ico-grot-down\" data-state=\"collapsed\" style=\"color: ;\"><\/i>\r\n                                                <\/div>\r\n                                            <\/div>\r\n                                        <\/div>\r\n                                        <div class=\"row event-excerpt\">\r\n                                            <div class=\"col-xs-12\">\r\n                                                                                                    <div class=\"row event-content\">\r\n                                                        <div class=\"col-sm-10 col-sm-offset-2 col-xs-12\" style=\"color: ;\">\r\n                                                            <p><span style=\"font-weight: 400;\">In December 2024, the European Commission, with the technical support of the European Space Agency (ESA), achieved a key milestone in Europe\u2019s space ambitions by finalising a concession contract with the SpaceRISE consortium, thus transitioning IRIS\u00b2 from concept to implementation. As efforts now shift towards building a secure and resilient satellite constellation &#8211; set to begin providing services in early 2030 &#8211; this session will examine the next steps for IRIS\u00b2. With the consortium established, it will look at the timeline ahead and how stakeholders are collaborating to achieve the goals of this pivotal ambition.\u00a0<\/span><\/p>\n<p>&nbsp;<\/p>\n<ul>\n<li style=\"font-weight: 400;\" aria-level=\"1\"><span style=\"font-weight: 400;\">With the Consortium in place, what are the next steps in transitioning IRIS<\/span><span style=\"font-weight: 400;\">2<\/span><span style=\"font-weight: 400;\"> from concept to reality?\u00a0<\/span><\/li>\n<li style=\"font-weight: 400;\" aria-level=\"1\"><span style=\"font-weight: 400;\">What is the expected timeframe ahead and what mechanisms will be established to monitor progress and ensure the programme\u2019s timely and efficient delivery?<\/span><span style=\"font-weight: 400;\"><br \/>\n<\/span><\/li>\n<li style=\"font-weight: 400;\" aria-level=\"1\"><span style=\"font-weight: 400;\">With the expected project budget set to rise from approximately \u20ac6 billion to a figure closer to \u20ac10 billion, what strategies are in place to secure the required investment? Is this new budget realistic and compatible with the requirements, the schedule and the maturity of the required technologies?<\/span><\/li>\n<li style=\"font-weight: 400;\" aria-level=\"1\"><span style=\"font-weight: 400;\">How can the European Commission and ESA make best use of their respective strengths to optimise the available resources for IRIS\u00b2?<\/span><\/li>\n<li style=\"font-weight: 400;\" aria-level=\"1\"><span style=\"font-weight: 400;\">What lessons from the development and implementation of Galileo, Copernicus, and other such European space initiatives can stakeholders apply to ensure the success of IRIS\u00b2?<\/span><\/li>\n<li style=\"font-weight: 400;\" aria-level=\"1\"><span style=\"font-weight: 400;\">What are the expected economic and social impacts of IRIS\u00b2, and how can it be ensured that the benefits are maximised for all key stakeholders?<\/span><\/li>\n<li style=\"font-weight: 400;\" aria-level=\"1\"><span style=\"font-weight: 400;\">How can IRIS\u00b2 enhance Europe\u2019s strategic autonomy in critical areas such as secure communications and defence, while implementing measures to protect its infrastructure from cyber threats? How does IRIS\u00b2 balance its dual-use applications for both civilian and military needs?<\/span><\/li>\n<li style=\"font-weight: 400;\" aria-level=\"1\"><span style=\"font-weight: 400;\">How can IRIS\u00b2 leverage emerging technologies like AI, quantum computing, and 6G to enhance its capabilities, maintain long-term competitiveness, and ensure its infrastructure remains future-proof and adaptable to evolving technological demands?<\/span><\/li>\n<li style=\"font-weight: 400;\" aria-level=\"1\"><span style=\"font-weight: 400;\">What disruptive innovations can space industry startups introduce to expand and improve IRIS\u00b2\u00a0 in its future iterations?<\/span><\/li>\n<\/ul>\n                                                        <\/div>\r\n                                                    <\/div>\r\n                                                                                                                                                                                                            <div class=\"row artist-row mobile\" data-effect=\"mfp-zoom-in\">\r\n                                                            <div class=\"tcode-artist-popover hidden\">\r\n                                                                <div>\r\n                                                                    <div class=\"row\">\r\n                                                                        <div class=\"col-xs-12 col-sm-4\">\r\n                                                                            <div class=\"artist-image center-block\">\r\n                                                                                                                                                                                                                                                        <img decoding=\"async\" class=\"img-responsive center-block\" alt=\"Session 3i: IRIS2  &#8211; Turning the Vision into a Reality image\" src=\"https:\/\/euspaceforum.com\/2025\/wp-content\/uploads\/2024\/06\/Copy-of-Jeremie-Godet-Website-120x120.png\" \/>\r\n                                                                                                                                                            <\/div>\r\n                                                                                                                                                                                                                                        <div class=\"row artist-media text-center\">\r\n                                                                                                                                                                            <a href=\"https:\/\/www.linkedin.com\/in\/jeremie-g-7936512b\/\" target=\"_blank\" class=\"tcode-social-icon tcode-ico-linkedin\"><\/a>\r\n                                                                                                                                                                    <\/div>\r\n                                                                                                                                                    <\/div>\r\n                                                                        <div class=\"col-xs-12 col-sm-8 artist-details-container\">\r\n                                                                            <div class=\"tcode-es-artist-title\">\r\n                                                                                <a href=\"#\">\r\n                                                                                    J\u00e9r\u00e9mie Godet                                                                                <\/a>\r\n                                                                            <\/div>\r\n                                                                                                                                                            <div class=\"artist-position\">\r\n                                                                                    Head of Unit for Secure Connectivity & Space Surveillance, DG DEFIS, European Commission                                                                                 <\/div>\r\n                                                                                                                                                        <div class=\"artist-content\">\r\n                                                                                <p><b>Jeremie Godet<\/b><span style=\"font-weight: 400;\"> joined the European Commission in 2003, after an initial career at CNES, the French Space Agency and the European Space Agency. He was involved for 20 years in the Galileo Programme at various positions. He was leading the technical negotiation on the GPS Galileo agreement in 2004. He was also Head of the security department at the European GNSS Agency in Prague. Then he was in charge of overseeing the Galileo infrastructure deployment and deputy to the Head of Unit in charge of EU GNSS programme in DG DEFIS. He is now acting Head of Unit in charge of implementing IRIS\u00b2, Govsatcom and Space Surveillance and Tracking programmes.\u00a0 He has both an engineering degree from National Superior School for Telecommunications in France and a Master&#8217;s degree from the International Space University<\/span><\/p>\n                                                                            <\/div>\r\n                                                                        <\/div>\r\n                                                                    <\/div>\r\n                                                                <\/div>\r\n                                                            <\/div>\r\n                                                            <div class=\"col-xs-12 col-sm-10 col-sm-offset-2\">\r\n                                                                <div class=\"vcenter artist-image artist-single-row\">\r\n                                                                                                                                                                                                                    <img decoding=\"async\" class=\"img-responsive\" alt=\"Session 3i: IRIS2  &#8211; Turning the Vision into a Reality image\" src=\"https:\/\/euspaceforum.com\/2025\/wp-content\/uploads\/2024\/06\/Copy-of-Jeremie-Godet-Website-90x90.png\" \/>\r\n                                                                                                                                    <\/div>\r\n                                                                <div class=\"vcenter tcode-es-artist-title-container artist-single-row\">\r\n                                                                    <div class=\"tcode-es-artist-title\" style=\"color: ;\">\r\n                                                                        J\u00e9r\u00e9mie Godet                                                                    <\/div>\r\n                                                                                                                                            <div class=\"artist-position\" style=\"color: ;\">\r\n                                                                            Head of Unit for Secure Connectivity & Space Surveillance, DG DEFIS, European Commission                                                                         <\/div>\r\n                                                                                                                                    <\/div>\r\n                                                                                                                                                                                                    <div class=\"vcenter artist-social artist-single-row\">\r\n                                                                                                                                                    <a href=\"https:\/\/www.linkedin.com\/in\/jeremie-g-7936512b\/\" target=\"_blank\" class=\"tcode-social-icon tcode-ico-linkedin\"><\/a>\r\n                                                                                                                                            <\/div>\r\n                                                                                                                            <\/div>\r\n                                                        <\/div>\r\n                                                                                                            <div class=\"row artist-row mobile\" data-effect=\"mfp-zoom-in\">\r\n                                                            <div class=\"tcode-artist-popover hidden\">\r\n                                                                <div>\r\n                                                                    <div class=\"row\">\r\n                                                                        <div class=\"col-xs-12 col-sm-4\">\r\n                                                                            <div class=\"artist-image center-block\">\r\n                                                                                                                                                                                                                                                        <img decoding=\"async\" class=\"img-responsive center-block\" alt=\"Session 3i: IRIS2  &#8211; Turning the Vision into a Reality image\" src=\"https:\/\/euspaceforum.com\/2025\/wp-content\/uploads\/2022\/09\/Koen-Willems-website-120x120.png\" \/>\r\n                                                                                                                                                            <\/div>\r\n                                                                                                                                                                                                                                        <div class=\"row artist-media text-center\">\r\n                                                                                                                                                                            <a href=\"https:\/\/www.linkedin.com\/in\/koen-willems-9840481\/\" target=\"_blank\" class=\"tcode-social-icon tcode-ico-linkedin\"><\/a>\r\n                                                                                                                                                                    <\/div>\r\n                                                                                                                                                    <\/div>\r\n                                                                        <div class=\"col-xs-12 col-sm-8 artist-details-container\">\r\n                                                                            <div class=\"tcode-es-artist-title\">\r\n                                                                                <a href=\"#\">\r\n                                                                                    Koen Willems                                                                                <\/a>\r\n                                                                            <\/div>\r\n                                                                                                                                                            <div class=\"artist-position\">\r\n                                                                                    VP of EU Programs and Government Relations, ST Engineering iDirect (Europe)                                                                                <\/div>\r\n                                                                                                                                                        <div class=\"artist-content\">\r\n                                                                                <p><span style=\"font-weight: 400;\">Koen Willems is the Vice President European Union Programs and Government Relations at ST Engineering iDirect, where he defines and develops the global strategy for the government and defense market.\u00a0<\/span><\/p>\n<p><span style=\"font-weight: 400;\">Before joining ST Engineering iDirect in 2008, he was Product Marketing Manager for Europe at the electronics giant TOSHIBA.<\/span><\/p>\n<p><span style=\"font-weight: 400;\">Willems has more than 25 years\u2019 experience working in the technology industry. His expertise in the government and defense satellite market has grown through his involvement in different large (EU) programs, as well as frequent interactions with the end-user community and a range of topic-related degrees such as the \u2018High Studies in Security and Defence\u2019 degree at the Belgian Royal Higher Institute for Defence; the \u2018European Session for Armament Officials\u2019 degree at the French National Institute of Higher Defense; and the \u2018European Advanced Strategy Course on Security and Defense\u2019 degree at the Egmont Institute, IHEDN and BAKS.<\/span><\/p>\n<p><span style=\"font-weight: 400;\">Willems has a master&#8217;s in English and Scandinavian Languages from Ghent University and a master&#8217;s in Marketing Strategy and Management from Vlekho Business School.\u00a0<\/span><\/p>\n                                                                            <\/div>\r\n                                                                        <\/div>\r\n                                                                    <\/div>\r\n                                                                <\/div>\r\n                                                            <\/div>\r\n                                                            <div class=\"col-xs-12 col-sm-10 col-sm-offset-2\">\r\n                                                                <div class=\"vcenter artist-image artist-single-row\">\r\n                                                                                                                                                                                                                    <img decoding=\"async\" class=\"img-responsive\" alt=\"Session 3i: IRIS2  &#8211; Turning the Vision into a Reality image\" src=\"https:\/\/euspaceforum.com\/2025\/wp-content\/uploads\/2022\/09\/Koen-Willems-website-90x90.png\" \/>\r\n                                                                                                                                    <\/div>\r\n                                                                <div class=\"vcenter tcode-es-artist-title-container artist-single-row\">\r\n                                                                    <div class=\"tcode-es-artist-title\" style=\"color: ;\">\r\n                                                                        Koen Willems                                                                    <\/div>\r\n                                                                                                                                            <div class=\"artist-position\" style=\"color: ;\">\r\n                                                                            VP of EU Programs and Government Relations, ST Engineering iDirect (Europe)                                                                        <\/div>\r\n                                                                                                                                    <\/div>\r\n                                                                                                                                                                                                    <div class=\"vcenter artist-social artist-single-row\">\r\n                                                                                                                                                    <a href=\"https:\/\/www.linkedin.com\/in\/koen-willems-9840481\/\" target=\"_blank\" class=\"tcode-social-icon tcode-ico-linkedin\"><\/a>\r\n                                                                                                                                            <\/div>\r\n                                                                                                                            <\/div>\r\n                                                        <\/div>\r\n                                                                                                            <div class=\"row artist-row mobile\" data-effect=\"mfp-zoom-in\">\r\n                                                            <div class=\"tcode-artist-popover hidden\">\r\n                                                                <div>\r\n                                                                    <div class=\"row\">\r\n                                                                        <div class=\"col-xs-12 col-sm-4\">\r\n                                                                            <div class=\"artist-image center-block\">\r\n                                                                                                                                                                                                                                                        <img decoding=\"async\" class=\"img-responsive center-block\" alt=\"Session 3i: IRIS2  &#8211; Turning the Vision into a Reality image\" src=\"https:\/\/euspaceforum.com\/2025\/wp-content\/uploads\/2022\/09\/Antonio-Abad-Martin-WebsiteMailing-120x120.png\" \/>\r\n                                                                                                                                                            <\/div>\r\n                                                                                                                                                                                                                                        <div class=\"row artist-media text-center\">\r\n                                                                                                                                                                            <a href=\"https:\/\/www.linkedin.com\/in\/antonio-abad-8002281\/\" target=\"_blank\" class=\"tcode-social-icon tcode-ico-linkedin\"><\/a>\r\n                                                                                                                                                                    <\/div>\r\n                                                                                                                                                    <\/div>\r\n                                                                        <div class=\"col-xs-12 col-sm-8 artist-details-container\">\r\n                                                                            <div class=\"tcode-es-artist-title\">\r\n                                                                                <a href=\"#\">\r\n                                                                                    Antonio Abad Mart\u00edn                                                                                <\/a>\r\n                                                                            <\/div>\r\n                                                                                                                                                            <div class=\"artist-position\">\r\n                                                                                    CTO, Hispasat                                                                                <\/div>\r\n                                                                                                                                                        <div class=\"artist-content\">\r\n                                                                                <p><span style=\"font-weight: 400;\">Antonio Abad (Almer\u00eda, Spain, 1963) holds a Master of Sciences in Aeronautical Engineering from the Polytechnic University of Madrid and is graduated in Senior Management in the \u2018General Management Program (GMP)\u2019 and in \u2018Digital Transformation\u2019 from IESE Business School. He completed his training with different Leadership, Talent Development, and Organization and People Empowerment courses, also at IESE, Navarra University.<\/span><\/p>\n<p><span style=\"font-weight: 400;\">In addition, he has been professionally recognized becoming an academician at the International Academy of Astronautics (IAA) and the Academie de l\u2019Air and l\u2018Espace (AAS). He is also a senior member of the American Institute of Aeronautics and Astronautics (AIAA) and the Institute of Electric and Electronic Engineers (IEEE).<\/span><\/p>\n<p><span style=\"font-weight: 400;\">After initiating his professional activities at Telef\u00f3nica Sistemas in 1989, from 1991 up to date he has developed his career at HISPASAT in different engineering and management responsibilities. Since 2003 he is the Chief Technical Officer of HISPASAT, being responsible for the definition and implementation of satellite systems, launchers, control centers, and ground stations, as well as their operation and control. In 2019, he also took over the responsibilities for the development of the future space infrastructure of HISPASAT, analyzing from High Altitude Platforms to Cubesats, Software Defined Satellites, and Constellations. Since 2020 he is promoting the development of Space Quantum Communications, with the first application in Quantum Key Distribution, and the development of a Common Lunar Communications infrastructure.<\/span><\/p>\n<p><span style=\"font-weight: 400;\">He has been a speaker at numerous conferences and seminars, including Washington Satellite and World Satellite Business Week in Paris. He has been the Director of the 11 editions of the \u2018HISPASAT Summit on Space Telecommunications\u2019 in the \u2018Men\u00e9ndez Pelayo International University\u2019.<\/span><\/p>\n                                                                            <\/div>\r\n                                                                        <\/div>\r\n                                                                    <\/div>\r\n                                                                <\/div>\r\n                                                            <\/div>\r\n                                                            <div class=\"col-xs-12 col-sm-10 col-sm-offset-2\">\r\n                                                                <div class=\"vcenter artist-image artist-single-row\">\r\n                                                                                                                                                                                                                    <img decoding=\"async\" class=\"img-responsive\" alt=\"Session 3i: IRIS2  &#8211; Turning the Vision into a Reality image\" src=\"https:\/\/euspaceforum.com\/2025\/wp-content\/uploads\/2022\/09\/Antonio-Abad-Martin-WebsiteMailing-90x90.png\" \/>\r\n                                                                                                                                    <\/div>\r\n                                                                <div class=\"vcenter tcode-es-artist-title-container artist-single-row\">\r\n                                                                    <div class=\"tcode-es-artist-title\" style=\"color: ;\">\r\n                                                                        Antonio Abad Mart\u00edn                                                                    <\/div>\r\n                                                                                                                                            <div class=\"artist-position\" style=\"color: ;\">\r\n                                                                            CTO, Hispasat                                                                        <\/div>\r\n                                                                                                                                    <\/div>\r\n                                                                                                                                                                                                    <div class=\"vcenter artist-social artist-single-row\">\r\n                                                                                                                                                    <a href=\"https:\/\/www.linkedin.com\/in\/antonio-abad-8002281\/\" target=\"_blank\" class=\"tcode-social-icon tcode-ico-linkedin\"><\/a>\r\n                                                                                                                                            <\/div>\r\n                                                                                                                            <\/div>\r\n                                                        <\/div>\r\n                                                                                                            <div class=\"row artist-row mobile\" data-effect=\"mfp-zoom-in\">\r\n                                                            <div class=\"tcode-artist-popover hidden\">\r\n                                                                <div>\r\n                                                                    <div class=\"row\">\r\n                                                                        <div class=\"col-xs-12 col-sm-4\">\r\n                                                                            <div class=\"artist-image center-block\">\r\n                                                                                                                                                                                                                                                        <img decoding=\"async\" class=\"img-responsive center-block\" alt=\"Session 3i: IRIS2  &#8211; Turning the Vision into a Reality image\" src=\"https:\/\/euspaceforum.com\/2025\/wp-content\/uploads\/2022\/09\/Damien-Murat-WebsiteMailing-120x120.png\" \/>\r\n                                                                                                                                                            <\/div>\r\n                                                                                                                                                                                                                                        <div class=\"row artist-media text-center\">\r\n                                                                                                                                                                            <a href=\"https:\/\/www.linkedin.com\/in\/damien-murat-86024320\/\" target=\"_blank\" class=\"tcode-social-icon tcode-ico-linkedin\"><\/a>\r\n                                                                                                                                                                    <\/div>\r\n                                                                                                                                                    <\/div>\r\n                                                                        <div class=\"col-xs-12 col-sm-8 artist-details-container\">\r\n                                                                            <div class=\"tcode-es-artist-title\">\r\n                                                                                <a href=\"#\">\r\n                                                                                    Damien Murat                                                                                <\/a>\r\n                                                                            <\/div>\r\n                                                                                                                                                            <div class=\"artist-position\">\r\n                                                                                    IRIS\u00b2 Programme Manager, Eutelsat Group                                                                                <\/div>\r\n                                                                                                                                                        <div class=\"artist-content\">\r\n                                                                                <p>Bio to follow.<\/p>\n                                                                            <\/div>\r\n                                                                        <\/div>\r\n                                                                    <\/div>\r\n                                                                <\/div>\r\n                                                            <\/div>\r\n                                                            <div class=\"col-xs-12 col-sm-10 col-sm-offset-2\">\r\n                                                                <div class=\"vcenter artist-image artist-single-row\">\r\n                                                                                                                                                                                                                    <img decoding=\"async\" class=\"img-responsive\" alt=\"Session 3i: IRIS2  &#8211; Turning the Vision into a Reality image\" src=\"https:\/\/euspaceforum.com\/2025\/wp-content\/uploads\/2022\/09\/Damien-Murat-WebsiteMailing-90x90.png\" \/>\r\n                                                                                                                                    <\/div>\r\n                                                                <div class=\"vcenter tcode-es-artist-title-container artist-single-row\">\r\n                                                                    <div class=\"tcode-es-artist-title\" style=\"color: ;\">\r\n                                                                        Damien Murat                                                                    <\/div>\r\n                                                                                                                                            <div class=\"artist-position\" style=\"color: ;\">\r\n                                                                            IRIS\u00b2 Programme Manager, Eutelsat Group                                                                        <\/div>\r\n                                                                                                                                    <\/div>\r\n                                                                                                                                                                                                    <div class=\"vcenter artist-social artist-single-row\">\r\n                                                                                                                                                    <a href=\"https:\/\/www.linkedin.com\/in\/damien-murat-86024320\/\" target=\"_blank\" class=\"tcode-social-icon tcode-ico-linkedin\"><\/a>\r\n                                                                                                                                            <\/div>\r\n                                                                                                                            <\/div>\r\n                                                        <\/div>\r\n                                                                                                            <div class=\"row artist-row mobile\" data-effect=\"mfp-zoom-in\">\r\n                                                            <div class=\"tcode-artist-popover hidden\">\r\n                                                                <div>\r\n                                                                    <div class=\"row\">\r\n                                                                        <div class=\"col-xs-12 col-sm-4\">\r\n                                                                            <div class=\"artist-image center-block\">\r\n                                                                                                                                                                                                                                                        <img decoding=\"async\" class=\"img-responsive center-block\" alt=\"Session 3i: IRIS2  &#8211; Turning the Vision into a Reality image\" src=\"https:\/\/euspaceforum.com\/2025\/wp-content\/uploads\/2022\/09\/Shruti-Vyas-WebsiteMailing-120x120.png\" \/>\r\n                                                                                                                                                            <\/div>\r\n                                                                                                                                                                                                                                        <div class=\"row artist-media text-center\">\r\n                                                                                                                                                                            <a href=\"https:\/\/www.linkedin.com\/in\/shruti-vyas-9a769b14\/\" target=\"_blank\" class=\"tcode-social-icon tcode-ico-linkedin\"><\/a>\r\n                                                                                                                                                                    <\/div>\r\n                                                                                                                                                    <\/div>\r\n                                                                        <div class=\"col-xs-12 col-sm-8 artist-details-container\">\r\n                                                                            <div class=\"tcode-es-artist-title\">\r\n                                                                                <a href=\"#\">\r\n                                                                                    Shruti Vyas                                                                                <\/a>\r\n                                                                            <\/div>\r\n                                                                                                                                                            <div class=\"artist-position\">\r\n                                                                                    Vice President IRIS2 & Next Generation MEO, SES                                                                                <\/div>\r\n                                                                                                                                                        <div class=\"artist-content\">\r\n                                                                                <p>Bio to follow<\/p>\n                                                                            <\/div>\r\n                                                                        <\/div>\r\n                                                                    <\/div>\r\n                                                                <\/div>\r\n                                                            <\/div>\r\n                                                            <div class=\"col-xs-12 col-sm-10 col-sm-offset-2\">\r\n                                                                <div class=\"vcenter artist-image artist-single-row\">\r\n                                                                                                                                                                                                                    <img decoding=\"async\" class=\"img-responsive\" alt=\"Session 3i: IRIS2  &#8211; Turning the Vision into a Reality image\" src=\"https:\/\/euspaceforum.com\/2025\/wp-content\/uploads\/2022\/09\/Shruti-Vyas-WebsiteMailing-90x90.png\" \/>\r\n                                                                                                                                    <\/div>\r\n                                                                <div class=\"vcenter tcode-es-artist-title-container artist-single-row\">\r\n                                                                    <div class=\"tcode-es-artist-title\" style=\"color: ;\">\r\n                                                                        Shruti Vyas                                                                    <\/div>\r\n                                                                                                                                            <div class=\"artist-position\" style=\"color: ;\">\r\n                                                                            Vice President IRIS2 & Next Generation MEO, SES                                                                        <\/div>\r\n                                                                                                                                    <\/div>\r\n                                                                                                                                                                                                    <div class=\"vcenter artist-social artist-single-row\">\r\n                                                                                                                                                    <a href=\"https:\/\/www.linkedin.com\/in\/shruti-vyas-9a769b14\/\" target=\"_blank\" class=\"tcode-social-icon tcode-ico-linkedin\"><\/a>\r\n                                                                                                                                            <\/div>\r\n                                                                                                                            <\/div>\r\n                                                        <\/div>\r\n                                                                                                            <div class=\"row artist-row mobile\" data-effect=\"mfp-zoom-in\">\r\n                                                            <div class=\"tcode-artist-popover hidden\">\r\n                                                                <div>\r\n                                                                    <div class=\"row\">\r\n                                                                        <div class=\"col-xs-12 col-sm-4\">\r\n                                                                            <div class=\"artist-image center-block\">\r\n                                                                                                                                                                                                                                                        <img decoding=\"async\" class=\"img-responsive center-block\" alt=\"Session 3i: IRIS2  &#8211; Turning the Vision into a Reality image\" src=\"https:\/\/euspaceforum.com\/2025\/wp-content\/uploads\/2022\/09\/Laura-Gibson-\u2013-ten-Bloemendal-WebsiteMailing-120x120.png\" \/>\r\n                                                                                                                                                            <\/div>\r\n                                                                                                                                                                                                                                        <div class=\"row artist-media text-center\">\r\n                                                                                                                                                                            <a href=\"https:\/\/www.linkedin.com\/in\/lauratenbloemendal\/?originalSubdomain=nl\" target=\"_blank\" class=\"tcode-social-icon tcode-ico-linkedin\"><\/a>\r\n                                                                                                                                                                    <\/div>\r\n                                                                                                                                                    <\/div>\r\n                                                                        <div class=\"col-xs-12 col-sm-8 artist-details-container\">\r\n                                                                            <div class=\"tcode-es-artist-title\">\r\n                                                                                <a href=\"#\">\r\n                                                                                    Moderated by: Laura Gibson \u2013 ten Bloemendal                                                                                <\/a>\r\n                                                                            <\/div>\r\n                                                                                                                                                            <div class=\"artist-position\">\r\n                                                                                    Strategic Partnerships Manager, TU Delft \u2013 Aerospace Engineering                                                                                <\/div>\r\n                                                                                                                                                        <div class=\"artist-content\">\r\n                                                                                <p><span style=\"font-weight: 400;\">Laura is a strategic partnerships manager with both the analytical skills for strategy and the determination to make things happen. A constant student, she learns easily, adapts quickly, and applies skills with intention.<\/span><\/p>\n<p><span style=\"font-weight: 400;\">She is most comfortable in multi-disciplinary and international environments, and tends to help bring people together who might have more in common than they would have seen on their own. Laura enjoys starting new endeavors, finding new solutions, and exploring new possibilities.<\/span><\/p>\n                                                                            <\/div>\r\n                                                                        <\/div>\r\n                                                                    <\/div>\r\n                                                                <\/div>\r\n                                                            <\/div>\r\n                                                            <div class=\"col-xs-12 col-sm-10 col-sm-offset-2\">\r\n                                                                <div class=\"vcenter artist-image artist-single-row\">\r\n                                                                                                                                                                                                                    <img decoding=\"async\" class=\"img-responsive\" alt=\"Session 3i: IRIS2  &#8211; Turning the Vision into a Reality image\" src=\"https:\/\/euspaceforum.com\/2025\/wp-content\/uploads\/2022\/09\/Laura-Gibson-\u2013-ten-Bloemendal-WebsiteMailing-90x90.png\" \/>\r\n                                                                                                                                    <\/div>\r\n                                                                <div class=\"vcenter tcode-es-artist-title-container artist-single-row\">\r\n                                                                    <div class=\"tcode-es-artist-title\" style=\"color: ;\">\r\n                                                                        Moderated by: Laura Gibson \u2013 ten Bloemendal                                                                    <\/div>\r\n                                                                                                                                            <div class=\"artist-position\" style=\"color: ;\">\r\n                                                                            Strategic Partnerships Manager, TU Delft \u2013 Aerospace Engineering                                                                        <\/div>\r\n                                                                                                                                    <\/div>\r\n                                                                                                                                                                                                    <div class=\"vcenter artist-social artist-single-row\">\r\n                                                                                                                                                    <a href=\"https:\/\/www.linkedin.com\/in\/lauratenbloemendal\/?originalSubdomain=nl\" target=\"_blank\" class=\"tcode-social-icon tcode-ico-linkedin\"><\/a>\r\n                                                                                                                                            <\/div>\r\n                                                                                                                            <\/div>\r\n                                                        <\/div>\r\n                                                                                                                                                <\/div>\r\n                                        <\/div>\r\n                                    <\/div>\r\n                                <\/div>\r\n                                                                                                                            <div style=\"background-color: #FFFFFF;\" class=\"row scheduled-event event-collapsed event-hidden event-20250702-9\" data-event=\"event-20250702-9\" data-date=\"2025-07-02\" data-location=\"\">\r\n                                    <div class=\"col-xs-12\">\r\n                                        <div class=\"row\">\r\n                                                                                        <div class=\"col-sm-2 col-xs-12 vcenter hidden-xs\">\r\n                                                                                                                                                                                                <\/div><div class=\"col-sm-9 col-xs-10 vcenter\">\r\n                                                <div class=\"row\">\r\n                                                                                                        <div class=\"col-xs-12 event-title\" style=\"color: ;\">Session 3: Taking the Next Steps &#8211; Where Next for the EU\u2019s Space Programme?<\/div>\r\n                                                <\/div>\r\n                                            <\/div><div class=\"col-xs-2 col-sm-1 vcenter\">\r\n                                                <div class=\"event-icon pull-right\">\r\n                                                    <i class=\"tcode-ico-grot-down\" data-state=\"collapsed\" style=\"color: ;\"><\/i>\r\n                                                <\/div>\r\n                                            <\/div>\r\n                                        <\/div>\r\n                                        <div class=\"row event-excerpt\">\r\n                                            <div class=\"col-xs-12\">\r\n                                                                                                    <div class=\"row event-content\">\r\n                                                        <div class=\"col-sm-10 col-sm-offset-2 col-xs-12\" style=\"color: ;\">\r\n                                                            <p><span style=\"font-weight: 400;\">Flagships of the EU Space programme<\/span><span style=\"font-weight: 400;\"> &#8211; <\/span><span style=\"font-weight: 400;\">Copernicus, Galileo, and the newly launched IRIS\u00b2<\/span><span style=\"font-weight: 400;\"> &#8211; <\/span><span style=\"font-weight: 400;\">are critical pillars of the continent\u2019s space presence and ambition. These initiatives not only enhance Europe\u2019s technological and economic competitiveness but also address important defence, security, and sustainability challenges in an evolving global landscape. The following sessions explore the future of these programmes, reflecting on lessons from past successes and identifying strategies to ensure their continued key contributions to Europe\u2019s broader space ambitions.\u00a0<\/span><\/p>\n                                                        <\/div>\r\n                                                    <\/div>\r\n                                                                                                                                            <\/div>\r\n                                        <\/div>\r\n                                    <\/div>\r\n                                <\/div>\r\n                                                                                                                            <div style=\"background-color: #FFFFFF;\" class=\"row scheduled-event event-collapsed event-hidden event-20250702-10\" data-event=\"event-20250702-10\" data-date=\"2025-07-02\" data-location=\"\">\r\n                                    <div class=\"col-xs-12\">\r\n                                        <div class=\"row\">\r\n                                                                                        <div class=\"col-sm-2 col-xs-12 vcenter hidden-xs\">\r\n                                                                                                                                                            <div class=\"event-time visible-sm\" style=\"color: ;\">\r\n                                                            <span class=\"time-starts\">15:00<\/span>\r\n                                                                                                                            - <span class=\"time-ends\">16:05<\/span>\r\n                                                                                                                    <\/div>\r\n                                                                                                                                                <\/div><div class=\"col-sm-9 col-xs-10 vcenter\">\r\n                                                <div class=\"row\">\r\n                                                                                                            <div class=\"col-xs-12 visible-xs event-time\" style=\"color: ;\">\r\n                                                            <span class=\"time-starts\">15:00<\/span>\r\n                                                                                                                            - <span class=\"time-ends\">16:05<\/span>\r\n                                                                                                                    <\/div>\r\n                                                                                                        <div class=\"col-xs-12 event-title\" style=\"color: ;\">Session 3ii: The Future of Copernicus and Galileo &#8211; Strengthening European  Ambition and Leveraging Its Expertise<\/div>\r\n                                                <\/div>\r\n                                            <\/div><div class=\"col-xs-2 col-sm-1 vcenter\">\r\n                                                <div class=\"event-icon pull-right\">\r\n                                                    <i class=\"tcode-ico-grot-down\" data-state=\"collapsed\" style=\"color: ;\"><\/i>\r\n                                                <\/div>\r\n                                            <\/div>\r\n                                        <\/div>\r\n                                        <div class=\"row event-excerpt\">\r\n                                            <div class=\"col-xs-12\">\r\n                                                                                                    <div class=\"row event-content\">\r\n                                                        <div class=\"col-sm-10 col-sm-offset-2 col-xs-12\" style=\"color: ;\">\r\n                                                            <p><span style=\"font-weight: 400;\">Galileo and Copernicus, the existing pillars of the EU Space Programme, remain just as vital to the EU\u2019s space ambitions today as they were at their inception. With the new Commission reaffirming its commitment to these projects, their role in Europe\u2019s strategic landscape seems set to evolve. Amidst an increasingly complex geopolitical landscape &#8211; both on Earth and in Space &#8211; this session will explore Galileo and Copernicus\u2019 growing significance within Europe\u2019s defence and security frameworks. Panelists will assess proposed actions and discuss how these initiatives can be further aligned with broader strategic objectives to enhance autonomy, resilience, and global competitiveness.<\/span><\/p>\n<p>&nbsp;<\/p>\n<ul>\n<li style=\"font-weight: 400;\" aria-level=\"1\"><span style=\"font-weight: 400;\">As Copernicus, Galileo, and the global space ecosystem continue to evolve, what is the future trajectory of these flagship initiatives? What ambitions, opportunities, and challenges lie ahead?\u00a0<\/span><\/li>\n<li style=\"font-weight: 400;\" aria-level=\"1\"><span style=\"font-weight: 400;\">How can the potential of Copernicus and Galileo be maximised to ensure both continued success and foster innovation? How important are these flagships to the future of the European space sector more broadly, particularly in the context of emerging new regulatory actions such as the EU Space Act?<\/span><\/li>\n<li style=\"font-weight: 400;\" aria-level=\"1\"><span style=\"font-weight: 400;\">What funding will be required to deliver on the ambitious goals of these existing space programmes alongside the huge investment that is already being seen with IRIS\u00b2? Where can the necessary resources be found?\u00a0<\/span><\/li>\n<li style=\"font-weight: 400;\" aria-level=\"1\"><span style=\"font-weight: 400;\">How can stakeholders work together to harness the huge potential of data generated by Copernicus and Galileo and drive economic opportunities and innovation across sectors?\u00a0<\/span><\/li>\n<li style=\"font-weight: 400;\" aria-level=\"1\"><span style=\"font-weight: 400;\">What measures are needed to enhance security systems, strengthen resilience, and protect Galileo and related services from emerging cyber threats?\u00a0<\/span><\/li>\n<li style=\"font-weight: 400;\" aria-level=\"1\"><span style=\"font-weight: 400;\">How can these programmes balance their dual-use applications, serving both civilian and security needs without compromising on either?\u00a0<\/span><\/li>\n<li style=\"font-weight: 400;\" aria-level=\"1\"><span style=\"font-weight: 400;\">How can emerging technologies like AI, quantum and 6G connectivity help to ensure these vital programmes remain at the cutting edge of innovation?<\/span><\/li>\n<li style=\"font-weight: 400;\" aria-level=\"1\"><span style=\"font-weight: 400;\">As Copernicus and Galileo continue to evolve and stakeholders drive progress on IRIS\u00b2, what new initiatives should shape the next phase of the EU Space Programme?<\/span><span style=\"font-weight: 400;\"><br \/>\n<\/span><\/li>\n<li><span style=\"font-weight: 400;\">How can the ESA play a key role in developing the next generation of these programmes, driving innovation, and expanding Europe\u2019s capabilities in space?\u00a0<\/span><span style=\"font-weight: 400;\"><br \/>\n<\/span><\/li>\n<\/ul>\n                                                        <\/div>\r\n                                                    <\/div>\r\n                                                                                                                                                                                                            <div class=\"row artist-row mobile\" data-effect=\"mfp-zoom-in\">\r\n                                                            <div class=\"tcode-artist-popover hidden\">\r\n                                                                <div>\r\n                                                                    <div class=\"row\">\r\n                                                                        <div class=\"col-xs-12 col-sm-4\">\r\n                                                                            <div class=\"artist-image center-block\">\r\n                                                                                                                                                                                                                                                        <img decoding=\"async\" class=\"img-responsive center-block\" alt=\"Session 3ii: The Future of Copernicus and Galileo &#8211; Strengthening European  Ambition and Leveraging Its Expertise image\" src=\"https:\/\/euspaceforum.com\/2025\/wp-content\/uploads\/2022\/09\/Paul-Flament-WebsiteMailing-120x120.png\" \/>\r\n                                                                                                                                                            <\/div>\r\n                                                                                                                                                                                                                                        <div class=\"row artist-media text-center\">\r\n                                                                                                                                                                            <a href=\"https:\/\/www.linkedin.com\/in\/paul-flament-00413a1\/\" target=\"_blank\" class=\"tcode-social-icon tcode-ico-linkedin\"><\/a>\r\n                                                                                                                                                                    <\/div>\r\n                                                                                                                                                    <\/div>\r\n                                                                        <div class=\"col-xs-12 col-sm-8 artist-details-container\">\r\n                                                                            <div class=\"tcode-es-artist-title\">\r\n                                                                                <a href=\"#\">\r\n                                                                                    Paul Flament                                                                                <\/a>\r\n                                                                            <\/div>\r\n                                                                                                                                                            <div class=\"artist-position\">\r\n                                                                                    Head of Unit, Satellite Navigation, DG DEFIS, European Commission                                                                                <\/div>\r\n                                                                                                                                                        <div class=\"artist-content\">\r\n                                                                                <p><span style=\"font-weight: 400;\">Paul Flament is a Belgian Civil Engineer, specialised in Telecommunications. He has been working 11 years in the European Space Agency, for space missions control centres and for the design and development of telecommunication satellites. Following a Masters in European Studies, he joined the European Commission in 1998. Paul Flament is Head of the Unit &#8220;Satellite Navigation&#8221; in DG DEFIS. <\/span><\/p>\n                                                                            <\/div>\r\n                                                                        <\/div>\r\n                                                                    <\/div>\r\n                                                                <\/div>\r\n                                                            <\/div>\r\n                                                            <div class=\"col-xs-12 col-sm-10 col-sm-offset-2\">\r\n                                                                <div class=\"vcenter artist-image artist-single-row\">\r\n                                                                                                                                                                                                                    <img decoding=\"async\" class=\"img-responsive\" alt=\"Session 3ii: The Future of Copernicus and Galileo &#8211; Strengthening European  Ambition and Leveraging Its Expertise image\" src=\"https:\/\/euspaceforum.com\/2025\/wp-content\/uploads\/2022\/09\/Paul-Flament-WebsiteMailing-90x90.png\" \/>\r\n                                                                                                                                    <\/div>\r\n                                                                <div class=\"vcenter tcode-es-artist-title-container artist-single-row\">\r\n                                                                    <div class=\"tcode-es-artist-title\" style=\"color: ;\">\r\n                                                                        Paul Flament                                                                    <\/div>\r\n                                                                                                                                            <div class=\"artist-position\" style=\"color: ;\">\r\n                                                                            Head of Unit, Satellite Navigation, DG DEFIS, European Commission                                                                        <\/div>\r\n                                                                                                                                    <\/div>\r\n                                                                                                                                                                                                    <div class=\"vcenter artist-social artist-single-row\">\r\n                                                                                                                                                    <a href=\"https:\/\/www.linkedin.com\/in\/paul-flament-00413a1\/\" target=\"_blank\" class=\"tcode-social-icon tcode-ico-linkedin\"><\/a>\r\n                                                                                                                                            <\/div>\r\n                                                                                                                            <\/div>\r\n                                                        <\/div>\r\n                                                                                                            <div class=\"row artist-row mobile\" data-effect=\"mfp-zoom-in\">\r\n                                                            <div class=\"tcode-artist-popover hidden\">\r\n                                                                <div>\r\n                                                                    <div class=\"row\">\r\n                                                                        <div class=\"col-xs-12 col-sm-4\">\r\n                                                                            <div class=\"artist-image center-block\">\r\n                                                                                                                                                                                                                                                        <img decoding=\"async\" class=\"img-responsive center-block\" alt=\"Session 3ii: The Future of Copernicus and Galileo &#8211; Strengthening European  Ambition and Leveraging Its Expertise image\" src=\"https:\/\/euspaceforum.com\/2025\/wp-content\/uploads\/2025\/05\/Marcin-Mazur-Website-120x120.png\" \/>\r\n                                                                                                                                                            <\/div>\r\n                                                                                                                                                                                                                                        <div class=\"row artist-media text-center\">\r\n                                                                                                                                                                            <a href=\"https:\/\/www.linkedin.com\/in\/marcin-mazur-polsa\/\" target=\"_blank\" class=\"tcode-social-icon tcode-ico-linkedin\"><\/a>\r\n                                                                                                                                                                    <\/div>\r\n                                                                                                                                                    <\/div>\r\n                                                                        <div class=\"col-xs-12 col-sm-8 artist-details-container\">\r\n                                                                            <div class=\"tcode-es-artist-title\">\r\n                                                                                <a href=\"#\">\r\n                                                                                    Marcin Mazur                                                                                <\/a>\r\n                                                                            <\/div>\r\n                                                                                                                                                            <div class=\"artist-position\">\r\n                                                                                    Vice-President, Polish Space Agency (POLSA)                                                                                <\/div>\r\n                                                                                                                                                        <div class=\"artist-content\">\r\n                                                                                <p><span style=\"font-weight: 400;\">Colonel Marcin Mazur is the Vice-President of the Polish Space Agency (POLSA) &#8211; an executive agency of the Ministry of Economic Development and Technology, est. 2014. POLSA supports the Polish space industry, cooperates with international agencies and public administration in the field of exploration and use of Outer Space.<\/span><\/p>\n<p><span style=\"font-weight: 400;\">Col Mazur\u2019s goal is to execute the Polish Space Strategy issued in 2017, which is in compliance with both the Space Strategy for Europe 2016 and the NATO Overarching Space Policy 2019, and implement the National Space Programme 2022-2026.<\/span><\/p>\n<p><span style=\"font-weight: 400;\">Col Mazur\u2019s responsibility in POLSA is to systematize security and defence activities, in particular the development of dual-use capabilities which may apply for military and civilian applications:<\/span><\/p>\n<ul>\n<li style=\"font-weight: 400;\" aria-level=\"1\"><span style=\"font-weight: 400;\">EO \u2013 Earth Observation satellite systems;<\/span><\/li>\n<li style=\"font-weight: 400;\" aria-level=\"1\"><span style=\"font-weight: 400;\">SATCOM \u2013 Satellite Communications systems;<\/span><\/li>\n<li style=\"font-weight: 400;\" aria-level=\"1\"><span style=\"font-weight: 400;\">SSA \/ SST &#8211; Space Situational Awareness \/ Space Surveillance and Tracking;<\/span><\/li>\n<li style=\"font-weight: 400;\" aria-level=\"1\"><span style=\"font-weight: 400;\">Launching technologies.<\/span><\/li>\n<\/ul>\n<p><span style=\"font-weight: 400;\">Colonel Mazur was commissioned in 1998 and promoted to his first officer\u2019s rank, 2nd lieutenant, in 2002. He graduated from the Military University of Technology in Warsaw with a Master\u2019s Degree in Topography and Mapping. He started his career as a Geospatial Officer at the 6 th Independent Geographical Unit in Torun where he became the leader of Mobile Geospatial Support Team dedicated for NATO Response Forces. Following that Colonel Mazur served at the Joint Force Command Brunssum, the Netherlands, in the Geospatial Support Section, J2 Intelligence Division and as an IMINT Officer at the Military Geographical Centre in Warsaw from where he was assigned in 2012 to the General Staff of the Polish Armed Forces, P2 Intelligence Division, Imagery Intelligence Branch. As an Intelligence Officer, he was also appointed as a Part-time Inspector for Treaties on Conventional Arms Control in Europe (CFE) and Vienna Document 2011 (VD11) inspections. In August 2017 he became the IMINT Branch Head and in January 2019 was promoted to Colonel rank. As the IMINT Branch Head he was responsible for defining Earth Observation (EO) and Space Situational Awareness (SSA) military requirements. He was the co-chairman of the Polish-Italian Operational Working Group with regards to the COSMO SkyMed (CSK) and OPTSAT-3000 systems. Nationally he served the Chairman role of the Inter-ministerial Earth Observation Task Group.<\/span><\/p>\n<p><b>EDUCATION<\/b><\/p>\n<p><span style=\"font-weight: 400;\">2003 Master of Science in Topography and Mapping, Military University of Technology, Warsaw<\/span><\/p>\n<p><span style=\"font-weight: 400;\">2013 Military Intelligence Officer Course, Regional Joint Intelligence Training Facility, US European Command \/ US Africa Command, Warsaw<\/span><\/p>\n<p><span style=\"font-weight: 400;\">2016 Postgraduate Studies, GIS, Photogrammetry and Remote Sensing for Defence and Security Purposes, Military University of Technology, Warsaw<\/span><\/p>\n<p><b>ASSIGNMENTS<\/b><\/p>\n<p><span style=\"font-weight: 400;\">1998 \u2013 2003 Officer Cadet, Military University of Technology, Warsaw<\/span><\/p>\n<p><span style=\"font-weight: 400;\">2003 \u2013 2008 Geospatial Officer, 6th Independent Geographical Unit, Torun<\/span><\/p>\n<p><span style=\"font-weight: 400;\">2008 \u2013 2010 Geospatial Officer, Joint Force Command Brunssum, the Netherlands<\/span><\/p>\n<p><span style=\"font-weight: 400;\">2010 \u2013 2012 Imagery Intelligence Officer, Military Geographical Centre, Warsaw<\/span><\/p>\n<p><span style=\"font-weight: 400;\">2012 \u2013 2017 Imagery Intelligence Officer, P2 Intelligence Division, General Staff of the Polish Armed Forces, Warsaw<\/span><\/p>\n<p><span style=\"font-weight: 400;\">2017 \u2013 2021 Imagery Intelligence Branch Head, P2 Intelligence Division, General Staff of the Polish Armed Forces, Warsaw<\/span><\/p>\n<p><span style=\"font-weight: 400;\">2021 \u2013 Vice-President, Polish Space Agency, Warsaw<\/span><\/p>\n                                                                            <\/div>\r\n                                                                        <\/div>\r\n                                                                    <\/div>\r\n                                                                <\/div>\r\n                                                            <\/div>\r\n                                                            <div class=\"col-xs-12 col-sm-10 col-sm-offset-2\">\r\n                                                                <div class=\"vcenter artist-image artist-single-row\">\r\n                                                                                                                                                                                                                    <img decoding=\"async\" class=\"img-responsive\" alt=\"Session 3ii: The Future of Copernicus and Galileo &#8211; Strengthening European  Ambition and Leveraging Its Expertise image\" src=\"https:\/\/euspaceforum.com\/2025\/wp-content\/uploads\/2025\/05\/Marcin-Mazur-Website-90x90.png\" \/>\r\n                                                                                                                                    <\/div>\r\n                                                                <div class=\"vcenter tcode-es-artist-title-container artist-single-row\">\r\n                                                                    <div class=\"tcode-es-artist-title\" style=\"color: ;\">\r\n                                                                        Marcin Mazur                                                                    <\/div>\r\n                                                                                                                                            <div class=\"artist-position\" style=\"color: ;\">\r\n                                                                            Vice-President, Polish Space Agency (POLSA)                                                                        <\/div>\r\n                                                                                                                                    <\/div>\r\n                                                                                                                                                                                                    <div class=\"vcenter artist-social artist-single-row\">\r\n                                                                                                                                                    <a href=\"https:\/\/www.linkedin.com\/in\/marcin-mazur-polsa\/\" target=\"_blank\" class=\"tcode-social-icon tcode-ico-linkedin\"><\/a>\r\n                                                                                                                                            <\/div>\r\n                                                                                                                            <\/div>\r\n                                                        <\/div>\r\n                                                                                                            <div class=\"row artist-row mobile\" data-effect=\"mfp-zoom-in\">\r\n                                                            <div class=\"tcode-artist-popover hidden\">\r\n                                                                <div>\r\n                                                                    <div class=\"row\">\r\n                                                                        <div class=\"col-xs-12 col-sm-4\">\r\n                                                                            <div class=\"artist-image center-block\">\r\n                                                                                                                                                                                                                                                        <img decoding=\"async\" class=\"img-responsive center-block\" alt=\"Session 3ii: The Future of Copernicus and Galileo &#8211; Strengthening European  Ambition and Leveraging Its Expertise image\" src=\"https:\/\/euspaceforum.com\/2025\/wp-content\/uploads\/2022\/09\/James-Cemmell-WebsiteMailing-120x120.png\" \/>\r\n                                                                                                                                                            <\/div>\r\n                                                                                                                                                                                                                                        <div class=\"row artist-media text-center\">\r\n                                                                                                                                                                            <a href=\"https:\/\/www.linkedin.com\/in\/james-cemmell-fraes-534943\/\" target=\"_blank\" class=\"tcode-social-icon tcode-ico-linkedin\"><\/a>\r\n                                                                                                                                                                    <\/div>\r\n                                                                                                                                                    <\/div>\r\n                                                                        <div class=\"col-xs-12 col-sm-8 artist-details-container\">\r\n                                                                            <div class=\"tcode-es-artist-title\">\r\n                                                                                <a href=\"#\">\r\n                                                                                    James Cemmell FRAeS                                                                                <\/a>\r\n                                                                            <\/div>\r\n                                                                                                                                                            <div class=\"artist-position\">\r\n                                                                                    Vice President Institutional Partnerships, Open Cosmos                                                                                <\/div>\r\n                                                                                                                                                        <div class=\"artist-content\">\r\n                                                                                <p><span style=\"font-weight: 400;\">James Cemmell is Vice President, Institutional Partnerships at Open Cosmos, one of Europe&#8217;s fastest growing space businesses.\u00a0 With nearly 20 years&#8217; experience in the European space sector, he has held leadership roles at the nexus of value creation and public policy.\u00a0 James has an MBA from the University of Cambridge, Downing College (awarded Academic Prize), a first class degree in mathematics, and a masters degree in international development.\u00a0 James is a fellow of the Royal Aeronautical Society, interested in governmental space strategy and leveraging space for public benefit.\u00a0 His interest in European public policy started with a four year stint as a student politician with the European Student Union (ESU) many years ago&#8230;<\/span><\/p>\n                                                                            <\/div>\r\n                                                                        <\/div>\r\n                                                                    <\/div>\r\n                                                                <\/div>\r\n                                                            <\/div>\r\n                                                            <div class=\"col-xs-12 col-sm-10 col-sm-offset-2\">\r\n                                                                <div class=\"vcenter artist-image artist-single-row\">\r\n                                                                                                                                                                                                                    <img decoding=\"async\" class=\"img-responsive\" alt=\"Session 3ii: The Future of Copernicus and Galileo &#8211; Strengthening European  Ambition and Leveraging Its Expertise image\" src=\"https:\/\/euspaceforum.com\/2025\/wp-content\/uploads\/2022\/09\/James-Cemmell-WebsiteMailing-90x90.png\" \/>\r\n                                                                                                                                    <\/div>\r\n                                                                <div class=\"vcenter tcode-es-artist-title-container artist-single-row\">\r\n                                                                    <div class=\"tcode-es-artist-title\" style=\"color: ;\">\r\n                                                                        James Cemmell FRAeS                                                                    <\/div>\r\n                                                                                                                                            <div class=\"artist-position\" style=\"color: ;\">\r\n                                                                            Vice President Institutional Partnerships, Open Cosmos                                                                        <\/div>\r\n                                                                                                                                    <\/div>\r\n                                                                                                                                                                                                    <div class=\"vcenter artist-social artist-single-row\">\r\n                                                                                                                                                    <a href=\"https:\/\/www.linkedin.com\/in\/james-cemmell-fraes-534943\/\" target=\"_blank\" class=\"tcode-social-icon tcode-ico-linkedin\"><\/a>\r\n                                                                                                                                            <\/div>\r\n                                                                                                                            <\/div>\r\n                                                        <\/div>\r\n                                                                                                            <div class=\"row artist-row mobile\" data-effect=\"mfp-zoom-in\">\r\n                                                            <div class=\"tcode-artist-popover hidden\">\r\n                                                                <div>\r\n                                                                    <div class=\"row\">\r\n                                                                        <div class=\"col-xs-12 col-sm-4\">\r\n                                                                            <div class=\"artist-image center-block\">\r\n                                                                                                                                                                                                                                                        <img decoding=\"async\" class=\"img-responsive center-block\" alt=\"Session 3ii: The Future of Copernicus and Galileo &#8211; Strengthening European  Ambition and Leveraging Its Expertise image\" src=\"https:\/\/euspaceforum.com\/2025\/wp-content\/uploads\/2022\/09\/Nestor-Zarraoa-WebsiteMailing-120x120.png\" \/>\r\n                                                                                                                                                            <\/div>\r\n                                                                                                                                                                                                                                        <div class=\"row artist-media text-center\">\r\n                                                                                                                                                                            <a href=\"https:\/\/www.linkedin.com\/in\/nestor-zarraoa-87696259\/\" target=\"_blank\" class=\"tcode-social-icon tcode-ico-linkedin\"><\/a>\r\n                                                                                                                                                                    <\/div>\r\n                                                                                                                                                    <\/div>\r\n                                                                        <div class=\"col-xs-12 col-sm-8 artist-details-container\">\r\n                                                                            <div class=\"tcode-es-artist-title\">\r\n                                                                                <a href=\"#\">\r\n                                                                                    N\u00e9stor Zarraoa                                                                                <\/a>\r\n                                                                            <\/div>\r\n                                                                                                                                                            <div class=\"artist-position\">\r\n                                                                                    Director, Navigation Procurement and Purchases, GMV                                                                                <\/div>\r\n                                                                                                                                                        <div class=\"artist-content\">\r\n                                                                                <p>N\u00e9stor Zarraoa holds a Ph.D. in Mathematics by the Universidad Complutense de Madrid. He developed a fruitful 10-year long scientific career in Space Geodesy, particularly on geophysical and atmospheric applications of VLBI and GNSS working for Research Centres in Spain (CSIC), Norway (NMA) and Germany (DLR).<\/p>\n<p>In 1997 he joins GMV within the GNSS Business Unit, where he will hold different positions, starting as Technical Manager within EGNOS development projects and turning into Division Head managing GMV contributions to both EGNOS and Galileo, among other projects.<\/p>\n<p>From 2011 to 2018 he becomes the Engineering Department Director within GMV Aerospace, leading a team of close to 100 engineers supporting a wide variety of technical domains transversal to all Aerospace and Defence areas, including Systems Engineering, Critical SW Development, Front and Back-End SW Development, RAMS or specialized AIV.<\/p>\n<p>When GMV was awarded in 2018 the Galileo Ground Control Segment for the Exploitation Phase, N\u00e9stor, who had led all the process of proposal preparation, is appointed as Business Unit Director and Project Manager of this strategic project for GMV, with full focus on turning this challenging opportunity into a remarkable success, as was demonstrated by the successful and timely deployment of a fully evolved and state of the art Galileo GCS and the subsequent award to GMV of the Galileo Second Generation In-Orbit Validation contract for the Ground Control System, for which he also led the proposal phase.<\/p>\n<p>Following an internal reorganization, N\u00e9stor becomes in 2022 Director of Procurement and Purchases for GMV Navigation, working close to GMV Navigation Director and holding full responsibility on all contractual aspects affecting GMV Navigation sector as well as Managing the entire ecosystem of Subcontractors and Suppliers which are key to the success of all GMV activities.<\/p>\n                                                                            <\/div>\r\n                                                                        <\/div>\r\n                                                                    <\/div>\r\n                                                                <\/div>\r\n                                                            <\/div>\r\n                                                            <div class=\"col-xs-12 col-sm-10 col-sm-offset-2\">\r\n                                                                <div class=\"vcenter artist-image artist-single-row\">\r\n                                                                                                                                                                                                                    <img decoding=\"async\" class=\"img-responsive\" alt=\"Session 3ii: The Future of Copernicus and Galileo &#8211; Strengthening European  Ambition and Leveraging Its Expertise image\" src=\"https:\/\/euspaceforum.com\/2025\/wp-content\/uploads\/2022\/09\/Nestor-Zarraoa-WebsiteMailing-90x90.png\" \/>\r\n                                                                                                                                    <\/div>\r\n                                                                <div class=\"vcenter tcode-es-artist-title-container artist-single-row\">\r\n                                                                    <div class=\"tcode-es-artist-title\" style=\"color: ;\">\r\n                                                                        N\u00e9stor Zarraoa                                                                    <\/div>\r\n                                                                                                                                            <div class=\"artist-position\" style=\"color: ;\">\r\n                                                                            Director, Navigation Procurement and Purchases, GMV                                                                        <\/div>\r\n                                                                                                                                    <\/div>\r\n                                                                                                                                                                                                    <div class=\"vcenter artist-social artist-single-row\">\r\n                                                                                                                                                    <a href=\"https:\/\/www.linkedin.com\/in\/nestor-zarraoa-87696259\/\" target=\"_blank\" class=\"tcode-social-icon tcode-ico-linkedin\"><\/a>\r\n                                                                                                                                            <\/div>\r\n                                                                                                                            <\/div>\r\n                                                        <\/div>\r\n                                                                                                            <div class=\"row artist-row mobile\" data-effect=\"mfp-zoom-in\">\r\n                                                            <div class=\"tcode-artist-popover hidden\">\r\n                                                                <div>\r\n                                                                    <div class=\"row\">\r\n                                                                        <div class=\"col-xs-12 col-sm-4\">\r\n                                                                            <div class=\"artist-image center-block\">\r\n                                                                                                                                                                                                                                                        <img decoding=\"async\" class=\"img-responsive center-block\" alt=\"Session 3ii: The Future of Copernicus and Galileo &#8211; Strengthening European  Ambition and Leveraging Its Expertise image\" src=\"https:\/\/euspaceforum.com\/2025\/wp-content\/uploads\/2025\/05\/Rep-Website-Image-Template-120x120.png\" \/>\r\n                                                                                                                                                            <\/div>\r\n                                                                                                                                                                                                                                <\/div>\r\n                                                                        <div class=\"col-xs-12 col-sm-8 artist-details-container\">\r\n                                                                            <div class=\"tcode-es-artist-title\">\r\n                                                                                <a href=\"#\">\r\n                                                                                    Final speaker to be confirmed                                                                                <\/a>\r\n                                                                            <\/div>\r\n                                                                                                                                                        <div class=\"artist-content\">\r\n                                                                                                                                                            <\/div>\r\n                                                                        <\/div>\r\n                                                                    <\/div>\r\n                                                                <\/div>\r\n                                                            <\/div>\r\n                                                            <div class=\"col-xs-12 col-sm-10 col-sm-offset-2\">\r\n                                                                <div class=\"vcenter artist-image artist-single-row\">\r\n                                                                                                                                                                                                                    <img decoding=\"async\" class=\"img-responsive\" alt=\"Session 3ii: The Future of Copernicus and Galileo &#8211; Strengthening European  Ambition and Leveraging Its Expertise image\" src=\"https:\/\/euspaceforum.com\/2025\/wp-content\/uploads\/2025\/05\/Rep-Website-Image-Template-90x90.png\" \/>\r\n                                                                                                                                    <\/div>\r\n                                                                <div class=\"vcenter tcode-es-artist-title-container artist-single-row\">\r\n                                                                    <div class=\"tcode-es-artist-title\" style=\"color: ;\">\r\n                                                                        Final speaker to be confirmed                                                                    <\/div>\r\n                                                                                                                                    <\/div>\r\n                                                                                                                                                                                            <\/div>\r\n                                                        <\/div>\r\n                                                                                                            <div class=\"row artist-row mobile\" data-effect=\"mfp-zoom-in\">\r\n                                                            <div class=\"tcode-artist-popover hidden\">\r\n                                                                <div>\r\n                                                                    <div class=\"row\">\r\n                                                                        <div class=\"col-xs-12 col-sm-4\">\r\n                                                                            <div class=\"artist-image center-block\">\r\n                                                                                                                                                                                                                                                        <img decoding=\"async\" class=\"img-responsive center-block\" alt=\"Session 3ii: The Future of Copernicus and Galileo &#8211; Strengthening European  Ambition and Leveraging Its Expertise image\" src=\"https:\/\/euspaceforum.com\/2025\/wp-content\/uploads\/2022\/09\/Augusto-Caramagno-WebsiteMailing-120x120.png\" \/>\r\n                                                                                                                                                            <\/div>\r\n                                                                                                                                                                                                                                        <div class=\"row artist-media text-center\">\r\n                                                                                                                                                                            <a href=\"https:\/\/www.linkedin.com\/in\/augusto-caramagno-7b98644\/\" target=\"_blank\" class=\"tcode-social-icon tcode-ico-linkedin\"><\/a>\r\n                                                                                                                                                                    <\/div>\r\n                                                                                                                                                    <\/div>\r\n                                                                        <div class=\"col-xs-12 col-sm-8 artist-details-container\">\r\n                                                                            <div class=\"tcode-es-artist-title\">\r\n                                                                                <a href=\"#\">\r\n                                                                                    Augusto Caramagno                                                                                <\/a>\r\n                                                                            <\/div>\r\n                                                                                                                                                            <div class=\"artist-position\">\r\n                                                                                    Director of Strategy, Cooperation and Growth, Indra Space                                                                                <\/div>\r\n                                                                                                                                                        <div class=\"artist-content\">\r\n                                                                                <p>Bio to follow.<\/p>\n                                                                            <\/div>\r\n                                                                        <\/div>\r\n                                                                    <\/div>\r\n                                                                <\/div>\r\n                                                            <\/div>\r\n                                                            <div class=\"col-xs-12 col-sm-10 col-sm-offset-2\">\r\n                                                                <div class=\"vcenter artist-image artist-single-row\">\r\n                                                                                                                                                                                                                    <img decoding=\"async\" class=\"img-responsive\" alt=\"Session 3ii: The Future of Copernicus and Galileo &#8211; Strengthening European  Ambition and Leveraging Its Expertise image\" src=\"https:\/\/euspaceforum.com\/2025\/wp-content\/uploads\/2022\/09\/Augusto-Caramagno-WebsiteMailing-90x90.png\" \/>\r\n                                                                                                                                    <\/div>\r\n                                                                <div class=\"vcenter tcode-es-artist-title-container artist-single-row\">\r\n                                                                    <div class=\"tcode-es-artist-title\" style=\"color: ;\">\r\n                                                                        Augusto Caramagno                                                                    <\/div>\r\n                                                                                                                                            <div class=\"artist-position\" style=\"color: ;\">\r\n                                                                            Director of Strategy, Cooperation and Growth, Indra Space                                                                        <\/div>\r\n                                                                                                                                    <\/div>\r\n                                                                                                                                                                                                    <div class=\"vcenter artist-social artist-single-row\">\r\n                                                                                                                                                    <a href=\"https:\/\/www.linkedin.com\/in\/augusto-caramagno-7b98644\/\" target=\"_blank\" class=\"tcode-social-icon tcode-ico-linkedin\"><\/a>\r\n                                                                                                                                            <\/div>\r\n                                                                                                                            <\/div>\r\n                                                        <\/div>\r\n                                                                                                            <div class=\"row artist-row mobile\" data-effect=\"mfp-zoom-in\">\r\n                                                            <div class=\"tcode-artist-popover hidden\">\r\n                                                                <div>\r\n                                                                    <div class=\"row\">\r\n                                                                        <div class=\"col-xs-12 col-sm-4\">\r\n                                                                            <div class=\"artist-image center-block\">\r\n                                                                                                                                                                                                                                                        <img decoding=\"async\" class=\"img-responsive center-block\" alt=\"Session 3ii: The Future of Copernicus and Galileo &#8211; Strengthening European  Ambition and Leveraging Its Expertise image\" src=\"https:\/\/euspaceforum.com\/2025\/wp-content\/uploads\/2022\/09\/Torsten-Kriening-website-120x120.png\" \/>\r\n                                                                                                                                                            <\/div>\r\n                                                                                                                                                                                                                                        <div class=\"row artist-media text-center\">\r\n                                                                                                                                                                            <a href=\"https:\/\/www.linkedin.com\/in\/torsten-kriening\/\" target=\"_blank\" class=\"tcode-social-icon tcode-ico-linkedin\"><\/a>\r\n                                                                                                                                                                    <\/div>\r\n                                                                                                                                                    <\/div>\r\n                                                                        <div class=\"col-xs-12 col-sm-8 artist-details-container\">\r\n                                                                            <div class=\"tcode-es-artist-title\">\r\n                                                                                <a href=\"#\">\r\n                                                                                    Moderated by: Torsten Kriening                                                                                <\/a>\r\n                                                                            <\/div>\r\n                                                                                                                                                            <div class=\"artist-position\">\r\n                                                                                    Publisher and CEO, SpaceWatch.Global                                                                                <\/div>\r\n                                                                                                                                                        <div class=\"artist-content\">\r\n                                                                                <p>Torsten Kriening is Publisher and CEO of SpaceWatch.Global, an independent platform for space activities in a geopolitical context.<\/p>\n<p>He is a business executive with academic and professional experience in space management, satellite communications, and broadcast technology. He has an electrical and telecommunications engineering background and studied information technology and computer science at the Technical College Berlin. Torsten began his career as software developer, before moving into sales management and business development, working at companies including 3Com, Lucent Digital Video, SES Astra, Bertelsmann and PTScientists.<\/p>\n<p>A proud Berliner with a global outlook, Torsten expanded his horizons even further by attending the International Space University (ISU) and earning an Executive MBA. His ISU thesis analysed the capacity-building visions and opportunities of countries in the Gulf region, and he brings experience developing strong and lasting business relationships with Middle Eastern countries. With the global Space Caf\u00e9\u00ae talk series and the Space Caf\u00e9\u00ae Podcast he created widely recognized space outreach formats.<\/p>\n                                                                            <\/div>\r\n                                                                        <\/div>\r\n                                                                    <\/div>\r\n                                                                <\/div>\r\n                                                            <\/div>\r\n                                                            <div class=\"col-xs-12 col-sm-10 col-sm-offset-2\">\r\n                                                                <div class=\"vcenter artist-image artist-single-row\">\r\n                                                                                                                                                                                                                    <img decoding=\"async\" class=\"img-responsive\" alt=\"Session 3ii: The Future of Copernicus and Galileo &#8211; Strengthening European  Ambition and Leveraging Its Expertise image\" src=\"https:\/\/euspaceforum.com\/2025\/wp-content\/uploads\/2022\/09\/Torsten-Kriening-website-90x90.png\" \/>\r\n                                                                                                                                    <\/div>\r\n                                                                <div class=\"vcenter tcode-es-artist-title-container artist-single-row\">\r\n                                                                    <div class=\"tcode-es-artist-title\" style=\"color: ;\">\r\n                                                                        Moderated by: Torsten Kriening                                                                    <\/div>\r\n                                                                                                                                            <div class=\"artist-position\" style=\"color: ;\">\r\n                                                                            Publisher and CEO, SpaceWatch.Global                                                                        <\/div>\r\n                                                                                                                                    <\/div>\r\n                                                                                                                                                                                                    <div class=\"vcenter artist-social artist-single-row\">\r\n                                                                                                                                                    <a href=\"https:\/\/www.linkedin.com\/in\/torsten-kriening\/\" target=\"_blank\" class=\"tcode-social-icon tcode-ico-linkedin\"><\/a>\r\n                                                                                                                                            <\/div>\r\n                                                                                                                            <\/div>\r\n                                                        <\/div>\r\n                                                                                                                                                <\/div>\r\n                                        <\/div>\r\n                                    <\/div>\r\n                                <\/div>\r\n                                                                                                                            <div style=\"background-color: #FFFFFF;\" class=\"row scheduled-event event-collapsed event-hidden event-20250702-11 hideExcerpt\" data-event=\"event-20250702-11\" data-date=\"2025-07-02\" data-location=\"\">\r\n                                    <div class=\"col-xs-12\">\r\n                                        <div class=\"row\">\r\n                                                                                        <div class=\"col-sm-2 col-xs-12 vcenter hidden-xs\">\r\n                                                                                                                                                            <div class=\"event-time visible-sm\" style=\"color: ;\">\r\n                                                            <span class=\"time-starts\">16:05<\/span>\r\n                                                                                                                            - <span class=\"time-ends\">16:30<\/span>\r\n                                                                                                                    <\/div>\r\n                                                                                                                                                <\/div><div class=\"col-sm-9 col-xs-10 vcenter\">\r\n                                                <div class=\"row\">\r\n                                                                                                            <div class=\"col-xs-12 visible-xs event-time\" style=\"color: ;\">\r\n                                                            <span class=\"time-starts\">16:05<\/span>\r\n                                                                                                                            - <span class=\"time-ends\">16:30<\/span>\r\n                                                                                                                    <\/div>\r\n                                                                                                        <div class=\"col-xs-12 event-title\" style=\"color: ;\">Refreshment Break<\/div>\r\n                                                <\/div>\r\n                                            <\/div><div class=\"col-xs-2 col-sm-1 vcenter\">\r\n                                                <div class=\"event-icon pull-right\">\r\n                                                    <i class=\"tcode-ico-grot-down\" data-state=\"collapsed\" style=\"color: ;\"><\/i>\r\n                                                <\/div>\r\n                                            <\/div>\r\n                                        <\/div>\r\n                                        <div class=\"row event-excerpt\">\r\n                                            <div class=\"col-xs-12\">\r\n                                                                                                                                            <\/div>\r\n                                        <\/div>\r\n                                    <\/div>\r\n                                <\/div>\r\n                                                                                                                            <div style=\"background-color: #FFFFFF;\" class=\"row scheduled-event event-collapsed event-hidden event-20250702-12\" data-event=\"event-20250702-12\" data-date=\"2025-07-02\" data-location=\"\">\r\n                                    <div class=\"col-xs-12\">\r\n                                        <div class=\"row\">\r\n                                                                                        <div class=\"col-sm-2 col-xs-12 vcenter hidden-xs\">\r\n                                                                                                                                                            <div class=\"event-time visible-sm\" style=\"color: ;\">\r\n                                                            <span class=\"time-starts\">16:30<\/span>\r\n                                                                                                                            - <span class=\"time-ends\">17:15<\/span>\r\n                                                                                                                    <\/div>\r\n                                                                                                                                                <\/div><div class=\"col-sm-9 col-xs-10 vcenter\">\r\n                                                <div class=\"row\">\r\n                                                                                                            <div class=\"col-xs-12 visible-xs event-time\" style=\"color: ;\">\r\n                                                            <span class=\"time-starts\">16:30<\/span>\r\n                                                                                                                            - <span class=\"time-ends\">17:15<\/span>\r\n                                                                                                                    <\/div>\r\n                                                                                                        <div class=\"col-xs-12 event-title\" style=\"color: ;\">Session 4: Preparing Today for the Challenges of Tomorrow: Strategic Resilience in Europe\u2019s Space Sector<\/div>\r\n                                                <\/div>\r\n                                            <\/div><div class=\"col-xs-2 col-sm-1 vcenter\">\r\n                                                <div class=\"event-icon pull-right\">\r\n                                                    <i class=\"tcode-ico-grot-down\" data-state=\"collapsed\" style=\"color: ;\"><\/i>\r\n                                                <\/div>\r\n                                            <\/div>\r\n                                        <\/div>\r\n                                        <div class=\"row event-excerpt\">\r\n                                            <div class=\"col-xs-12\">\r\n                                                                                                    <div class=\"row event-content\">\r\n                                                        <div class=\"col-sm-10 col-sm-offset-2 col-xs-12\" style=\"color: ;\">\r\n                                                            <p><span style=\"font-weight: 400;\">As Europe navigates an era of growing political uncertainty and rapid technological change, it must remain equipped to realise not only its long-term policy ambitions, but also today\u2019s pressing challenges. Indeed, while new legislative and strategic frameworks to this effect emerge at both a Commission and Member State level, this session will ask: what actions can be taken today to prepare for any eventuality tomorrow? From reducing reliance on single operators to enabling rapid operational shifts and enhancing flexibility, panelists will explore how Europe can strengthen, safeguard, and future-proof its space capabilities in an increasingly complex global environment.<\/span><\/p>\n<p>&nbsp;<\/p>\n<ul>\n<li style=\"font-weight: 400;\" aria-level=\"1\"><span style=\"font-weight: 400;\">What are the key vulnerabilities in Europe\u2019s space ecosystem, and how can resilience be strengthened against geopolitical and technological shocks?<\/span><\/li>\n<li style=\"font-weight: 400;\" aria-level=\"1\"><span style=\"font-weight: 400;\">How can Europe reduce over-reliance on single suppliers or systems and build the agility to pivot rapidly between technical, industrial, or strategic solutions?<\/span><\/li>\n<li style=\"font-weight: 400;\" aria-level=\"1\"><span style=\"font-weight: 400;\">Is verticalisation a viable path for Europe, and what insights can be drawn from more integrated or sovereign models adopted by other global space powers?<\/span><\/li>\n<li style=\"font-weight: 400;\" aria-level=\"1\"><span style=\"font-weight: 400;\">How can the EU and its Member States ensure future space legislation remains flexible and responsive, while coordinating more effectively with public and private stakeholders?<\/span><span style=\"font-weight: 400;\"><br \/>\n<\/span><\/li>\n<li style=\"font-weight: 400;\" aria-level=\"1\"><span style=\"font-weight: 400;\">How can Europe attract more private investment and create a more competitive and innovative space industry while ensuring long-term strategic goals are met?<\/span><\/li>\n<li style=\"font-weight: 400;\" aria-level=\"1\"><span style=\"font-weight: 400;\">Should Europe rethink its procurement and programme design models to enable faster iteration, greater adaptability, and shared responsibility for space readiness?<\/span><\/li>\n<\/ul>\n                                                        <\/div>\r\n                                                    <\/div>\r\n                                                                                                                                                                                                            <div class=\"row artist-row mobile\" data-effect=\"mfp-zoom-in\">\r\n                                                            <div class=\"tcode-artist-popover hidden\">\r\n                                                                <div>\r\n                                                                    <div class=\"row\">\r\n                                                                        <div class=\"col-xs-12 col-sm-4\">\r\n                                                                            <div class=\"artist-image center-block\">\r\n                                                                                                                                                                                                                                                        <img decoding=\"async\" class=\"img-responsive center-block\" alt=\"Session 4: Preparing Today for the Challenges of Tomorrow: Strategic Resilience in Europe\u2019s Space Sector image\" src=\"https:\/\/euspaceforum.com\/2025\/wp-content\/uploads\/2022\/09\/Philippe-Glaesener-WebsiteMailing-120x120.png\" \/>\r\n                                                                                                                                                            <\/div>\r\n                                                                                                                                                                                                                                        <div class=\"row artist-media text-center\">\r\n                                                                                                                                                                            <a href=\"https:\/\/www.linkedin.com\/in\/philippe-glaesener-5a9713\/\" target=\"_blank\" class=\"tcode-social-icon tcode-ico-linkedin\"><\/a>\r\n                                                                                                                                                                    <\/div>\r\n                                                                                                                                                    <\/div>\r\n                                                                        <div class=\"col-xs-12 col-sm-8 artist-details-container\">\r\n                                                                            <div class=\"tcode-es-artist-title\">\r\n                                                                                <a href=\"#\">\r\n                                                                                    Philippe Glaesener                                                                                <\/a>\r\n                                                                            <\/div>\r\n                                                                                                                                                            <div class=\"artist-position\">\r\n                                                                                    Senior Vice President of Global Government, SES                                                                                <\/div>\r\n                                                                                                                                                        <div class=\"artist-content\">\r\n                                                                                <p><span style=\"font-weight: 400;\">Philippe Glaesener is heading the Space &amp; Defence activities of SES with focus on institutional, governmental and defence actors on a global level outside of the US. During his extensive career in the satellite communications industry, he has been serving in a variety of commercial, business development and planning roles, and has been instrumental in the development and implementation of key government initiatives, extensive corporate projects and satcom services. His extensive professional experience is backed by Commercial as well as Electrical Engineering &amp; Information Technology academic backgrounds. Philippe is also serving on the Board of LuxGovSat, a Public-Private joint-venture between the Government of Luxembourg and SES, which is dedicated to addressing the demand resulting from defence and institutional security applications. Philippe Glaesener is a Luxemburgish national.<\/span><\/p>\n                                                                            <\/div>\r\n                                                                        <\/div>\r\n                                                                    <\/div>\r\n                                                                <\/div>\r\n                                                            <\/div>\r\n                                                            <div class=\"col-xs-12 col-sm-10 col-sm-offset-2\">\r\n                                                                <div class=\"vcenter artist-image artist-single-row\">\r\n                                                                                                                                                                                                                    <img decoding=\"async\" class=\"img-responsive\" alt=\"Session 4: Preparing Today for the Challenges of Tomorrow: Strategic Resilience in Europe\u2019s Space Sector image\" src=\"https:\/\/euspaceforum.com\/2025\/wp-content\/uploads\/2022\/09\/Philippe-Glaesener-WebsiteMailing-90x90.png\" \/>\r\n                                                                                                                                    <\/div>\r\n                                                                <div class=\"vcenter tcode-es-artist-title-container artist-single-row\">\r\n                                                                    <div class=\"tcode-es-artist-title\" style=\"color: ;\">\r\n                                                                        Philippe Glaesener                                                                    <\/div>\r\n                                                                                                                                            <div class=\"artist-position\" style=\"color: ;\">\r\n                                                                            Senior Vice President of Global Government, SES                                                                        <\/div>\r\n                                                                                                                                    <\/div>\r\n                                                                                                                                                                                                    <div class=\"vcenter artist-social artist-single-row\">\r\n                                                                                                                                                    <a href=\"https:\/\/www.linkedin.com\/in\/philippe-glaesener-5a9713\/\" target=\"_blank\" class=\"tcode-social-icon tcode-ico-linkedin\"><\/a>\r\n                                                                                                                                            <\/div>\r\n                                                                                                                            <\/div>\r\n                                                        <\/div>\r\n                                                                                                            <div class=\"row artist-row mobile\" data-effect=\"mfp-zoom-in\">\r\n                                                            <div class=\"tcode-artist-popover hidden\">\r\n                                                                <div>\r\n                                                                    <div class=\"row\">\r\n                                                                        <div class=\"col-xs-12 col-sm-4\">\r\n                                                                            <div class=\"artist-image center-block\">\r\n                                                                                                                                                                                                                                                        <img decoding=\"async\" class=\"img-responsive center-block\" alt=\"Session 4: Preparing Today for the Challenges of Tomorrow: Strategic Resilience in Europe\u2019s Space Sector image\" src=\"https:\/\/euspaceforum.com\/2025\/wp-content\/uploads\/2022\/09\/Chris-White-Horne-WebsiteMailing-120x120.png\" \/>\r\n                                                                                                                                                            <\/div>\r\n                                                                                                                                                                                                                                        <div class=\"row artist-media text-center\">\r\n                                                                                                                                                                            <a href=\"https:\/\/www.linkedin.com\/in\/chris-white-horne-8888231b4\/\" target=\"_blank\" class=\"tcode-social-icon tcode-ico-linkedin\"><\/a>\r\n                                                                                                                                                                    <\/div>\r\n                                                                                                                                                    <\/div>\r\n                                                                        <div class=\"col-xs-12 col-sm-8 artist-details-container\">\r\n                                                                            <div class=\"tcode-es-artist-title\">\r\n                                                                                <a href=\"#\">\r\n                                                                                    Chris White-Horne                                                                                <\/a>\r\n                                                                            <\/div>\r\n                                                                                                                                                            <div class=\"artist-position\">\r\n                                                                                    Space Director - UK Department for Science, Innovation and Technology                                                                                <\/div>\r\n                                                                                                                                                        <div class=\"artist-content\">\r\n                                                                                <p><span style=\"font-weight: 400;\">Chris is Deputy CEO (job share) at the UK Space Agency.<\/span><\/p>\n<p><span style=\"font-weight: 400;\">Together with Annelies Look, he is responsible for the delivery of all the UK Space Agency\u2019s major programmes, from space science, exploration and Earth Observation missions, to enabling satellite launch from UK spaceports and improving space sustainability.<\/span><\/p>\n<p><span style=\"font-weight: 400;\">Chris joined the UK Space Agency in 2023, having previously been the Senior Responsible Owner (job share) for the Rail Transformation Programme in the Department for Transport. Previously Chris had a 25-year career in defence and aviation, including as programme director and chief engineer in the international programme office for the Typhoon aircraft programme in Munich.<\/span><\/p>\n<p><span style=\"font-weight: 400;\">Chris lives in Gloucestershire and beyond his day job is a trombone teacher, music charity trustee and non-executive director of a multi-academy school trust.<\/span><\/p>\n                                                                            <\/div>\r\n                                                                        <\/div>\r\n                                                                    <\/div>\r\n                                                                <\/div>\r\n                                                            <\/div>\r\n                                                            <div class=\"col-xs-12 col-sm-10 col-sm-offset-2\">\r\n                                                                <div class=\"vcenter artist-image artist-single-row\">\r\n                                                                                                                                                                                                                    <img decoding=\"async\" class=\"img-responsive\" alt=\"Session 4: Preparing Today for the Challenges of Tomorrow: Strategic Resilience in Europe\u2019s Space Sector image\" src=\"https:\/\/euspaceforum.com\/2025\/wp-content\/uploads\/2022\/09\/Chris-White-Horne-WebsiteMailing-90x90.png\" \/>\r\n                                                                                                                                    <\/div>\r\n                                                                <div class=\"vcenter tcode-es-artist-title-container artist-single-row\">\r\n                                                                    <div class=\"tcode-es-artist-title\" style=\"color: ;\">\r\n                                                                        Chris White-Horne                                                                    <\/div>\r\n                                                                                                                                            <div class=\"artist-position\" style=\"color: ;\">\r\n                                                                            Space Director - UK Department for Science, Innovation and Technology                                                                        <\/div>\r\n                                                                                                                                    <\/div>\r\n                                                                                                                                                                                                    <div class=\"vcenter artist-social artist-single-row\">\r\n                                                                                                                                                    <a href=\"https:\/\/www.linkedin.com\/in\/chris-white-horne-8888231b4\/\" target=\"_blank\" class=\"tcode-social-icon tcode-ico-linkedin\"><\/a>\r\n                                                                                                                                            <\/div>\r\n                                                                                                                            <\/div>\r\n                                                        <\/div>\r\n                                                                                                            <div class=\"row artist-row mobile\" data-effect=\"mfp-zoom-in\">\r\n                                                            <div class=\"tcode-artist-popover hidden\">\r\n                                                                <div>\r\n                                                                    <div class=\"row\">\r\n                                                                        <div class=\"col-xs-12 col-sm-4\">\r\n                                                                            <div class=\"artist-image center-block\">\r\n                                                                                                                                                                                                                                                        <img decoding=\"async\" class=\"img-responsive center-block\" alt=\"Session 4: Preparing Today for the Challenges of Tomorrow: Strategic Resilience in Europe\u2019s Space Sector image\" src=\"https:\/\/euspaceforum.com\/2025\/wp-content\/uploads\/2022\/09\/Martyna-Perek-WebsiteMailing-120x120.png\" \/>\r\n                                                                                                                                                            <\/div>\r\n                                                                                                                                                                                                                                        <div class=\"row artist-media text-center\">\r\n                                                                                                                                                                            <a href=\"https:\/\/www.linkedin.com\/in\/martynaperek\/?originalSubdomain=pl\" target=\"_blank\" class=\"tcode-social-icon tcode-ico-linkedin\"><\/a>\r\n                                                                                                                                                                    <\/div>\r\n                                                                                                                                                    <\/div>\r\n                                                                        <div class=\"col-xs-12 col-sm-8 artist-details-container\">\r\n                                                                            <div class=\"tcode-es-artist-title\">\r\n                                                                                <a href=\"#\">\r\n                                                                                    Martyna Perek                                                                                <\/a>\r\n                                                                            <\/div>\r\n                                                                                                                                                            <div class=\"artist-position\">\r\n                                                                                    Chief Expert, Chair of the Space Working Party, Polish Presidency in the EU Council 2025, Ministry of Economic Development and Technology, Poland                                                                                <\/div>\r\n                                                                                                                                                        <div class=\"artist-content\">\r\n                                                                                <p><span style=\"font-weight: 400;\">Martyna Perek has over 15 years of experience in European economic and regulatory affairs, with a particular focus on space policy. She began her public service career in 2009 at the Ministry of Economy and has held various roles related to the EU internal market and regulatory coordination. From 2016 to 2022, she served as First Secretary at the Permanent Representation of Poland to the EU in Brussels, acting as attach\u00e9 for space, industry, and internal market affairs. Following a two-year tenure in the private sector as a regulatory affairs expert in the e-commerce industry, she returned to public administration in 2024 to take up the EU space policy matters in the Department of Defence Industry. She was chairing the EU Council\u2019s Space Working Party during the Polish Presidency 2025. Ms. Perek holds international academic credentials, including programs at MIT (New Space Economy) and Stanford Graduate School of Business (Influence &amp; Negotiation Strategies).<\/span><\/p>\n                                                                            <\/div>\r\n                                                                        <\/div>\r\n                                                                    <\/div>\r\n                                                                <\/div>\r\n                                                            <\/div>\r\n                                                            <div class=\"col-xs-12 col-sm-10 col-sm-offset-2\">\r\n                                                                <div class=\"vcenter artist-image artist-single-row\">\r\n                                                                                                                                                                                                                    <img decoding=\"async\" class=\"img-responsive\" alt=\"Session 4: Preparing Today for the Challenges of Tomorrow: Strategic Resilience in Europe\u2019s Space Sector image\" src=\"https:\/\/euspaceforum.com\/2025\/wp-content\/uploads\/2022\/09\/Martyna-Perek-WebsiteMailing-90x90.png\" \/>\r\n                                                                                                                                    <\/div>\r\n                                                                <div class=\"vcenter tcode-es-artist-title-container artist-single-row\">\r\n                                                                    <div class=\"tcode-es-artist-title\" style=\"color: ;\">\r\n                                                                        Martyna Perek                                                                    <\/div>\r\n                                                                                                                                            <div class=\"artist-position\" style=\"color: ;\">\r\n                                                                            Chief Expert, Chair of the Space Working Party, Polish Presidency in the EU Council 2025, Ministry of Economic Development and Technology, Poland                                                                        <\/div>\r\n                                                                                                                                    <\/div>\r\n                                                                                                                                                                                                    <div class=\"vcenter artist-social artist-single-row\">\r\n                                                                                                                                                    <a href=\"https:\/\/www.linkedin.com\/in\/martynaperek\/?originalSubdomain=pl\" target=\"_blank\" class=\"tcode-social-icon tcode-ico-linkedin\"><\/a>\r\n                                                                                                                                            <\/div>\r\n                                                                                                                            <\/div>\r\n                                                        <\/div>\r\n                                                                                                            <div class=\"row artist-row mobile\" data-effect=\"mfp-zoom-in\">\r\n                                                            <div class=\"tcode-artist-popover hidden\">\r\n                                                                <div>\r\n                                                                    <div class=\"row\">\r\n                                                                        <div class=\"col-xs-12 col-sm-4\">\r\n                                                                            <div class=\"artist-image center-block\">\r\n                                                                                                                                                                                                                                                        <img decoding=\"async\" class=\"img-responsive center-block\" alt=\"Session 4: Preparing Today for the Challenges of Tomorrow: Strategic Resilience in Europe\u2019s Space Sector image\" src=\"https:\/\/euspaceforum.com\/2025\/wp-content\/uploads\/2022\/09\/Olivier-Lemaitre-WebsiteMailing-120x120.png\" \/>\r\n                                                                                                                                                            <\/div>\r\n                                                                                                                                                                                                                                        <div class=\"row artist-media text-center\">\r\n                                                                                                                                                                            <a href=\"https:\/\/www.linkedin.com\/in\/olivier-lemaitre-b4ab62\/\" target=\"_blank\" class=\"tcode-social-icon tcode-ico-linkedin\"><\/a>\r\n                                                                                                                                                                    <\/div>\r\n                                                                                                                                                    <\/div>\r\n                                                                        <div class=\"col-xs-12 col-sm-8 artist-details-container\">\r\n                                                                            <div class=\"tcode-es-artist-title\">\r\n                                                                                <a href=\"#\">\r\n                                                                                    Moderated by: Olivier Lemaitre                                                                                <\/a>\r\n                                                                            <\/div>\r\n                                                                                                                                                            <div class=\"artist-position\">\r\n                                                                                    Secretary General, Eurospace                                                                                <\/div>\r\n                                                                                                                                                        <div class=\"artist-content\">\r\n                                                                                <p><span style=\"font-weight: 400;\">Olivier has a long-standing experience and a strong network in the European space policy sector, at the crossroads of the private and the public sector.<\/span><\/p>\n<p><span style=\"font-weight: 400;\">He has been part of the Belgian delegation to the ESA Council and also advising the Belgian Permanent Representation on space matters, under the authority of E. Beka, High representative of Belgium for space policy. Olivier then moved to Eurospace, as Head of the Brussels Office until 2014, when he has been hired by Thales Alenia Space as director for EU affairs.<\/span><\/p>\n                                                                            <\/div>\r\n                                                                        <\/div>\r\n                                                                    <\/div>\r\n                                                                <\/div>\r\n                                                            <\/div>\r\n                                                            <div class=\"col-xs-12 col-sm-10 col-sm-offset-2\">\r\n                                                                <div class=\"vcenter artist-image artist-single-row\">\r\n                                                                                                                                                                                                                    <img decoding=\"async\" class=\"img-responsive\" alt=\"Session 4: Preparing Today for the Challenges of Tomorrow: Strategic Resilience in Europe\u2019s Space Sector image\" src=\"https:\/\/euspaceforum.com\/2025\/wp-content\/uploads\/2022\/09\/Olivier-Lemaitre-WebsiteMailing-90x90.png\" \/>\r\n                                                                                                                                    <\/div>\r\n                                                                <div class=\"vcenter tcode-es-artist-title-container artist-single-row\">\r\n                                                                    <div class=\"tcode-es-artist-title\" style=\"color: ;\">\r\n                                                                        Moderated by: Olivier Lemaitre                                                                    <\/div>\r\n                                                                                                                                            <div class=\"artist-position\" style=\"color: ;\">\r\n                                                                            Secretary General, Eurospace                                                                        <\/div>\r\n                                                                                                                                    <\/div>\r\n                                                                                                                                                                                                    <div class=\"vcenter artist-social artist-single-row\">\r\n                                                                                                                                                    <a href=\"https:\/\/www.linkedin.com\/in\/olivier-lemaitre-b4ab62\/\" target=\"_blank\" class=\"tcode-social-icon tcode-ico-linkedin\"><\/a>\r\n                                                                                                                                            <\/div>\r\n                                                                                                                            <\/div>\r\n                                                        <\/div>\r\n                                                                                                                                                <\/div>\r\n                                        <\/div>\r\n                                    <\/div>\r\n                                <\/div>\r\n                                                                                                                            <div style=\"background-color: #FFFFFF;\" class=\"row scheduled-event event-collapsed event-hidden event-20250702-13 hideExcerpt\" data-event=\"event-20250702-13\" data-date=\"2025-07-02\" data-location=\"\">\r\n                                    <div class=\"col-xs-12\">\r\n                                        <div class=\"row\">\r\n                                                                                        <div class=\"col-sm-2 col-xs-12 vcenter hidden-xs\">\r\n                                                                                                                                                            <div class=\"event-time visible-sm\" style=\"color: ;\">\r\n                                                            <span class=\"time-starts\">17:15<\/span>\r\n                                                                                                                    <\/div>\r\n                                                                                                                                                <\/div><div class=\"col-sm-9 col-xs-10 vcenter\">\r\n                                                <div class=\"row\">\r\n                                                                                                            <div class=\"col-xs-12 visible-xs event-time\" style=\"color: ;\">\r\n                                                            <span class=\"time-starts\">17:15<\/span>\r\n                                                                                                                    <\/div>\r\n                                                                                                        <div class=\"col-xs-12 event-title\" style=\"color: ;\">Cocktail Reception<\/div>\r\n                                                <\/div>\r\n                                            <\/div><div class=\"col-xs-2 col-sm-1 vcenter\">\r\n                                                <div class=\"event-icon pull-right\">\r\n                                                    <i class=\"tcode-ico-grot-down\" data-state=\"collapsed\" style=\"color: ;\"><\/i>\r\n                                                <\/div>\r\n                                            <\/div>\r\n                                        <\/div>\r\n                                        <div class=\"row event-excerpt\">\r\n                                            <div class=\"col-xs-12\">\r\n                                                                                                                                            <\/div>\r\n                                        <\/div>\r\n                                    <\/div>\r\n                                <\/div>\r\n                                                            \r\n                                                    <\/div>\r\n                    <\/div>\r\n                                                                                                <div>\r\n                        <div class=\"days-mobile\">\r\n                            <div class=\"col-xs-12 col-sm-12 scheduled-day mobile \" data-date=\"2025-07-03\">\r\n                                <div class=\"row\">\r\n                                    <div class=\"col-xs-12 row-day\">\r\n                                                                                    <span>Day 2<\/span>\r\n                                                                            <\/div>\r\n                                                                            <div class=\"col-xs-12 row-date\">2025-07-03<\/div>\r\n                                                                    <\/div>\r\n                            <\/div>\r\n                        <\/div>\r\n                        <div class=\"col-xs-12 scheduled-locations mobile locations-hidden\" data-date=\"2025-07-03\">\r\n                                                    <\/div>\r\n                        <div class=\"col-xs-12 scheduled-events hidden mobile\">\r\n                                                                                                                        <div style=\"background-color: #FFFFFF;\" class=\"row scheduled-event event-collapsed event-hidden event-20250703-0\" data-event=\"event-20250703-0\" data-date=\"2025-07-03\" data-location=\"\">\r\n                                    <div class=\"col-xs-12\">\r\n                                        <div class=\"row\">\r\n                                                                                        <div class=\"col-sm-2 col-xs-12 vcenter hidden-xs\">\r\n                                                                                                                                                            <div class=\"event-time visible-sm\" style=\"color: ;\">\r\n                                                            <span class=\"time-starts\">09:00<\/span>\r\n                                                                                                                            - <span class=\"time-ends\">09:15<\/span>\r\n                                                                                                                    <\/div>\r\n                                                                                                                                                <\/div><div class=\"col-sm-9 col-xs-10 vcenter\">\r\n                                                <div class=\"row\">\r\n                                                                                                            <div class=\"col-xs-12 visible-xs event-time\" style=\"color: ;\">\r\n                                                            <span class=\"time-starts\">09:00<\/span>\r\n                                                                                                                            - <span class=\"time-ends\">09:15<\/span>\r\n                                                                                                                    <\/div>\r\n                                                                                                        <div class=\"col-xs-12 event-title\" style=\"color: ;\">Keynote Presentation &#8211; Strategic Priorities of the Danish Presidency<\/div>\r\n                                                <\/div>\r\n                                            <\/div><div class=\"col-xs-2 col-sm-1 vcenter\">\r\n                                                <div class=\"event-icon pull-right\">\r\n                                                    <i class=\"tcode-ico-grot-down\" data-state=\"collapsed\" style=\"color: ;\"><\/i>\r\n                                                <\/div>\r\n                                            <\/div>\r\n                                        <\/div>\r\n                                        <div class=\"row event-excerpt\">\r\n                                            <div class=\"col-xs-12\">\r\n                                                                                                                                                                                                            <div class=\"row artist-row mobile\" data-effect=\"mfp-zoom-in\">\r\n                                                            <div class=\"tcode-artist-popover hidden\">\r\n                                                                <div>\r\n                                                                    <div class=\"row\">\r\n                                                                        <div class=\"col-xs-12 col-sm-4\">\r\n                                                                            <div class=\"artist-image center-block\">\r\n                                                                                                                                                                                                                                                        <img decoding=\"async\" class=\"img-responsive center-block\" alt=\"Keynote Presentation &#8211; Strategic Priorities of the Danish Presidency image\" src=\"https:\/\/euspaceforum.com\/2025\/wp-content\/uploads\/2022\/09\/Frederik-C.-Pedersen-WebsiteMailing-1-120x120.png\" \/>\r\n                                                                                                                                                            <\/div>\r\n                                                                                                                                                                                                                                        <div class=\"row artist-media text-center\">\r\n                                                                                                                                                                            <a href=\"https:\/\/www.linkedin.com\/in\/frederik-carsten-pedersen-8777102\/\" target=\"_blank\" class=\"tcode-social-icon tcode-ico-linkedin\"><\/a>\r\n                                                                                                                                                                    <\/div>\r\n                                                                                                                                                    <\/div>\r\n                                                                        <div class=\"col-xs-12 col-sm-8 artist-details-container\">\r\n                                                                            <div class=\"tcode-es-artist-title\">\r\n                                                                                <a href=\"#\">\r\n                                                                                    Frederik C. Pedersen                                                                                <\/a>\r\n                                                                            <\/div>\r\n                                                                                                                                                            <div class=\"artist-position\">\r\n                                                                                    Space Counsellor, Denmark\u2019s Permanent Representation to the EU                                                                                <\/div>\r\n                                                                                                                                                        <div class=\"artist-content\">\r\n                                                                                <p><span style=\"font-weight: 400;\">Frederik Carsten Pedersen is the Danish Space Counsellor to the EU, and he has been stationed to Denmark&#8217;s Permanent Representation to the EU since January 2024.\u00a0 He has worked at the Danish Ministry of Higher Education and Science in various roles related to policy since 2010. Since 2022 he has focused on EU and space policy. Frederik holds a degree in History and Political Science from the University of Copenhagen. <\/span><\/p>\n                                                                            <\/div>\r\n                                                                        <\/div>\r\n                                                                    <\/div>\r\n                                                                <\/div>\r\n                                                            <\/div>\r\n                                                            <div class=\"col-xs-12 col-sm-10 col-sm-offset-2\">\r\n                                                                <div class=\"vcenter artist-image artist-single-row\">\r\n                                                                                                                                                                                                                    <img decoding=\"async\" class=\"img-responsive\" alt=\"Keynote Presentation &#8211; Strategic Priorities of the Danish Presidency image\" src=\"https:\/\/euspaceforum.com\/2025\/wp-content\/uploads\/2022\/09\/Frederik-C.-Pedersen-WebsiteMailing-1-90x90.png\" \/>\r\n                                                                                                                                    <\/div>\r\n                                                                <div class=\"vcenter tcode-es-artist-title-container artist-single-row\">\r\n                                                                    <div class=\"tcode-es-artist-title\" style=\"color: ;\">\r\n                                                                        Frederik C. Pedersen                                                                    <\/div>\r\n                                                                                                                                            <div class=\"artist-position\" style=\"color: ;\">\r\n                                                                            Space Counsellor, Denmark\u2019s Permanent Representation to the EU                                                                        <\/div>\r\n                                                                                                                                    <\/div>\r\n                                                                                                                                                                                                    <div class=\"vcenter artist-social artist-single-row\">\r\n                                                                                                                                                    <a href=\"https:\/\/www.linkedin.com\/in\/frederik-carsten-pedersen-8777102\/\" target=\"_blank\" class=\"tcode-social-icon tcode-ico-linkedin\"><\/a>\r\n                                                                                                                                            <\/div>\r\n                                                                                                                            <\/div>\r\n                                                        <\/div>\r\n                                                                                                                                                <\/div>\r\n                                        <\/div>\r\n                                    <\/div>\r\n                                <\/div>\r\n                                                                                                                            <div style=\"background-color: #FFFFFF;\" class=\"row scheduled-event event-collapsed event-hidden event-20250703-1\" data-event=\"event-20250703-1\" data-date=\"2025-07-03\" data-location=\"\">\r\n                                    <div class=\"col-xs-12\">\r\n                                        <div class=\"row\">\r\n                                                                                        <div class=\"col-sm-2 col-xs-12 vcenter hidden-xs\">\r\n                                                                                                                                                            <div class=\"event-time visible-sm\" style=\"color: ;\">\r\n                                                            <span class=\"time-starts\">09:15<\/span>\r\n                                                                                                                            - <span class=\"time-ends\">10:20<\/span>\r\n                                                                                                                    <\/div>\r\n                                                                                                                                                <\/div><div class=\"col-sm-9 col-xs-10 vcenter\">\r\n                                                <div class=\"row\">\r\n                                                                                                            <div class=\"col-xs-12 visible-xs event-time\" style=\"color: ;\">\r\n                                                            <span class=\"time-starts\">09:15<\/span>\r\n                                                                                                                            - <span class=\"time-ends\">10:20<\/span>\r\n                                                                                                                    <\/div>\r\n                                                                                                        <div class=\"col-xs-12 event-title\" style=\"color: ;\">Session 5: Bridging Space and Security: Policies, Partnerships, and Priorities<\/div>\r\n                                                <\/div>\r\n                                            <\/div><div class=\"col-xs-2 col-sm-1 vcenter\">\r\n                                                <div class=\"event-icon pull-right\">\r\n                                                    <i class=\"tcode-ico-grot-down\" data-state=\"collapsed\" style=\"color: ;\"><\/i>\r\n                                                <\/div>\r\n                                            <\/div>\r\n                                        <\/div>\r\n                                        <div class=\"row event-excerpt\">\r\n                                            <div class=\"col-xs-12\">\r\n                                                                                                    <div class=\"row event-content\">\r\n                                                        <div class=\"col-sm-10 col-sm-offset-2 col-xs-12\" style=\"color: ;\">\r\n                                                            <p><span style=\"font-weight: 400;\">Amid ongoing geopolitical tensions, space is increasingly recognised as a critical component of broader security and defence strategies. In light of this, the EU Commission and Commissioner Andrius Kubilius have been active, calling to unify defence strategies, as well as announcing a number of initiatives and pilot schemes. These efforts develop the existing EU Space Strategy for Security and Defence (EUSSSD). This session examines Europe\u2019s evolving approach to space security, exploring the broader synergies between space policy, security and defence. Panellists will assess the challenges and opportunities involved in integrating and exploiting the various dual-use services available, and discuss how member states, European policymakers, and private stakeholders can come together to achieve strategic defence objectives, and utilise the power of space to strengthen its security framework.\u00a0<\/span><\/p>\n<p>&nbsp;<\/p>\n<ul>\n<li style=\"font-weight: 400;\" aria-level=\"1\"><span style=\"font-weight: 400;\">How has the EU Space Strategy for Security and Defence shaped Europe&#8217;s approach to security and defence, and what progress has been made since its launch?\u00a0<\/span><\/li>\n<li style=\"font-weight: 400;\" aria-level=\"1\"><span style=\"font-weight: 400;\">What does the future of European space, security, and defence look like, and what steps must be taken to build on existing frameworks to deliver the Commission and Member States\u2019 goals?\u00a0<\/span><\/li>\n<li style=\"font-weight: 400;\" aria-level=\"1\"><span style=\"font-weight: 400;\">What role should space-based defence capabilities play in European security and NATO operations? How can Europe develop a coordinated EU-wide military space strategy, balancing national interests with collective security goals?<\/span><\/li>\n<li style=\"font-weight: 400;\" aria-level=\"1\"><span style=\"font-weight: 400;\">How can Europe overcome budgetary constraints and fragmented funding to invest in critical space defence initiatives?\u00a0<\/span><\/li>\n<li style=\"font-weight: 400;\" aria-level=\"1\"><span style=\"font-weight: 400;\">How can Europe balance military objectives with international commitments to peaceful and sustainable use of space?\u00a0<\/span><\/li>\n<li style=\"font-weight: 400;\" aria-level=\"1\"><span style=\"font-weight: 400;\">How can Europe foster synergies between space, security, and defence? What lessons can be taken from strategies seen in other regions to integrate space into security and defence policies and what further coordination is necessary?\u00a0<\/span><\/li>\n<li style=\"font-weight: 400;\" aria-level=\"1\"><span style=\"font-weight: 400;\">Following the Commission\u2019s launch of two pilot schemes focused on advancing space domain awareness and Earth observation services, what is the future of European dual-use space capabilities? How do these initiatives enhance existing assets and optimise the use of space for security and defence objectives?<\/span><\/li>\n<\/ul>\n                                                        <\/div>\r\n                                                    <\/div>\r\n                                                                                                                                                                                                            <div class=\"row artist-row mobile\" data-effect=\"mfp-zoom-in\">\r\n                                                            <div class=\"tcode-artist-popover hidden\">\r\n                                                                <div>\r\n                                                                    <div class=\"row\">\r\n                                                                        <div class=\"col-xs-12 col-sm-4\">\r\n                                                                            <div class=\"artist-image center-block\">\r\n                                                                                                                                                                                                                                                        <img decoding=\"async\" class=\"img-responsive center-block\" alt=\"Session 5: Bridging Space and Security: Policies, Partnerships, and Priorities image\" src=\"https:\/\/euspaceforum.com\/2025\/wp-content\/uploads\/2022\/09\/Zuzana-Mazanova-WebsiteMailing-120x120.png\" \/>\r\n                                                                                                                                                            <\/div>\r\n                                                                                                                                                                                                                                        <div class=\"row artist-media text-center\">\r\n                                                                                                                                                                            <a href=\"https:\/\/www.linkedin.com\/in\/zuzanamazanova\/\" target=\"_blank\" class=\"tcode-social-icon tcode-ico-linkedin\"><\/a>\r\n                                                                                                                                                                    <\/div>\r\n                                                                                                                                                    <\/div>\r\n                                                                        <div class=\"col-xs-12 col-sm-8 artist-details-container\">\r\n                                                                            <div class=\"tcode-es-artist-title\">\r\n                                                                                <a href=\"#\">\r\n                                                                                    Zuzana Mazanova                                                                                <\/a>\r\n                                                                            <\/div>\r\n                                                                                                                                                            <div class=\"artist-position\">\r\n                                                                                    Head of Unit, Space Single Market, DG DEFIS, European Commission                                                                                <\/div>\r\n                                                                                                                                                        <div class=\"artist-content\">\r\n                                                                                <p>Bio to follow.<\/p>\n                                                                            <\/div>\r\n                                                                        <\/div>\r\n                                                                    <\/div>\r\n                                                                <\/div>\r\n                                                            <\/div>\r\n                                                            <div class=\"col-xs-12 col-sm-10 col-sm-offset-2\">\r\n                                                                <div class=\"vcenter artist-image artist-single-row\">\r\n                                                                                                                                                                                                                    <img decoding=\"async\" class=\"img-responsive\" alt=\"Session 5: Bridging Space and Security: Policies, Partnerships, and Priorities image\" src=\"https:\/\/euspaceforum.com\/2025\/wp-content\/uploads\/2022\/09\/Zuzana-Mazanova-WebsiteMailing-90x90.png\" \/>\r\n                                                                                                                                    <\/div>\r\n                                                                <div class=\"vcenter tcode-es-artist-title-container artist-single-row\">\r\n                                                                    <div class=\"tcode-es-artist-title\" style=\"color: ;\">\r\n                                                                        Zuzana Mazanova                                                                    <\/div>\r\n                                                                                                                                            <div class=\"artist-position\" style=\"color: ;\">\r\n                                                                            Head of Unit, Space Single Market, DG DEFIS, European Commission                                                                        <\/div>\r\n                                                                                                                                    <\/div>\r\n                                                                                                                                                                                                    <div class=\"vcenter artist-social artist-single-row\">\r\n                                                                                                                                                    <a href=\"https:\/\/www.linkedin.com\/in\/zuzanamazanova\/\" target=\"_blank\" class=\"tcode-social-icon tcode-ico-linkedin\"><\/a>\r\n                                                                                                                                            <\/div>\r\n                                                                                                                            <\/div>\r\n                                                        <\/div>\r\n                                                                                                            <div class=\"row artist-row mobile\" data-effect=\"mfp-zoom-in\">\r\n                                                            <div class=\"tcode-artist-popover hidden\">\r\n                                                                <div>\r\n                                                                    <div class=\"row\">\r\n                                                                        <div class=\"col-xs-12 col-sm-4\">\r\n                                                                            <div class=\"artist-image center-block\">\r\n                                                                                                                                                                                                                                                        <img decoding=\"async\" class=\"img-responsive center-block\" alt=\"Session 5: Bridging Space and Security: Policies, Partnerships, and Priorities image\" src=\"https:\/\/euspaceforum.com\/2025\/wp-content\/uploads\/2022\/09\/Regina-Peldszus-WebsiteMailing-1-120x120.png\" \/>\r\n                                                                                                                                                            <\/div>\r\n                                                                                                                                                                                                                                        <div class=\"row artist-media text-center\">\r\n                                                                                                                                                                            <a href=\"https:\/\/www.linkedin.com\/in\/reginapeldszus\/\" target=\"_blank\" class=\"tcode-social-icon tcode-ico-linkedin\"><\/a>\r\n                                                                                                                                                                    <\/div>\r\n                                                                                                                                                    <\/div>\r\n                                                                        <div class=\"col-xs-12 col-sm-8 artist-details-container\">\r\n                                                                            <div class=\"tcode-es-artist-title\">\r\n                                                                                <a href=\"#\">\r\n                                                                                    Regina Peldszus                                                                                <\/a>\r\n                                                                            <\/div>\r\n                                                                                                                                                            <div class=\"artist-position\">\r\n                                                                                    Policy Officer, European External Action Service (EEAS)                                                                                <\/div>\r\n                                                                                                                                                        <div class=\"artist-content\">\r\n                                                                                <p><span style=\"font-weight: 400;\">Dr Regina Peldszus is a specialist for space security with the European External Action Service, Security &amp; Defence Policy Directorate, where she has been serving on the team of the Special Envoy for Space since 2022. Her focus is on space threats, Space Situational Awareness, and Space Domain Awareness.<\/span><\/p>\n<p><span style=\"font-weight: 400;\">Prior to joining EEAS, Regina advised the German Ministry of Economic Affairs on space security, including civil-military cooperation for SSA and transatlantic wargaming. Until 2020, at the German Space Agency at DLR, she was the Co-Chair of EU Space Surveillance &amp; Tracking (EUSST), and oversaw horizon-scanning studies at the intersection of global sensor architectures and geopolitics. From 2013-2015 she was an Internal Research Fellow at the special studies division at ESA\u2019s space operations centre, analysing high reliability in mission control, and earlier contributed to technical studies at ESA\u2019s astronaut centre on special skills and future systems. She holds a PhD from Kingston University, London, with stints in Kiruna and Mountain View, with a focus on human systems integration and extreme environment analogues for unprecedented space mission scenarios.<\/span><\/p>\n<p><span style=\"font-weight: 400;\">Regina published on space foresight, resilience, and infrastructure from a complex systems perspective in, amongst others, the Handbook for Space Security, Journal of Space Safety Engineering, Palgrave Studies in the History of Science and Technology, New Scientist, and Wired UK. She is a Senior Member of the AIAA, and an affiliate of the IAF Space Security Committee. She occasionally reviews for Space Policy, and lectures including at the European Security &amp; Defence College. In 2024, she was an invited expert at the public hearing on space security strategy at the German Parliament\u2019s Defence Committee, and in 2025 joins the German Space Agency\u2019s inaugural programme board on space security. <\/span><\/p>\n                                                                            <\/div>\r\n                                                                        <\/div>\r\n                                                                    <\/div>\r\n                                                                <\/div>\r\n                                                            <\/div>\r\n                                                            <div class=\"col-xs-12 col-sm-10 col-sm-offset-2\">\r\n                                                                <div class=\"vcenter artist-image artist-single-row\">\r\n                                                                                                                                                                                                                    <img decoding=\"async\" class=\"img-responsive\" alt=\"Session 5: Bridging Space and Security: Policies, Partnerships, and Priorities image\" src=\"https:\/\/euspaceforum.com\/2025\/wp-content\/uploads\/2022\/09\/Regina-Peldszus-WebsiteMailing-1-90x90.png\" \/>\r\n                                                                                                                                    <\/div>\r\n                                                                <div class=\"vcenter tcode-es-artist-title-container artist-single-row\">\r\n                                                                    <div class=\"tcode-es-artist-title\" style=\"color: ;\">\r\n                                                                        Regina Peldszus                                                                    <\/div>\r\n                                                                                                                                            <div class=\"artist-position\" style=\"color: ;\">\r\n                                                                            Policy Officer, European External Action Service (EEAS)                                                                        <\/div>\r\n                                                                                                                                    <\/div>\r\n                                                                                                                                                                                                    <div class=\"vcenter artist-social artist-single-row\">\r\n                                                                                                                                                    <a href=\"https:\/\/www.linkedin.com\/in\/reginapeldszus\/\" target=\"_blank\" class=\"tcode-social-icon tcode-ico-linkedin\"><\/a>\r\n                                                                                                                                            <\/div>\r\n                                                                                                                            <\/div>\r\n                                                        <\/div>\r\n                                                                                                            <div class=\"row artist-row mobile\" data-effect=\"mfp-zoom-in\">\r\n                                                            <div class=\"tcode-artist-popover hidden\">\r\n                                                                <div>\r\n                                                                    <div class=\"row\">\r\n                                                                        <div class=\"col-xs-12 col-sm-4\">\r\n                                                                            <div class=\"artist-image center-block\">\r\n                                                                                                                                                                                                                                                        <img decoding=\"async\" class=\"img-responsive center-block\" alt=\"Session 5: Bridging Space and Security: Policies, Partnerships, and Priorities image\" src=\"https:\/\/euspaceforum.com\/2025\/wp-content\/uploads\/2022\/09\/Florent-Mazurelle-WebsiteMailing-120x120.png\" \/>\r\n                                                                                                                                                            <\/div>\r\n                                                                                                                                                                                                                                        <div class=\"row artist-media text-center\">\r\n                                                                                                                                                                            <a href=\"https:\/\/www.linkedin.com\/in\/florent-mazurelle-66a2177\/\" target=\"_blank\" class=\"tcode-social-icon tcode-ico-linkedin\"><\/a>\r\n                                                                                                                                                                    <\/div>\r\n                                                                                                                                                    <\/div>\r\n                                                                        <div class=\"col-xs-12 col-sm-8 artist-details-container\">\r\n                                                                            <div class=\"tcode-es-artist-title\">\r\n                                                                                <a href=\"#\">\r\n                                                                                    Florent Mazurelle                                                                                <\/a>\r\n                                                                            <\/div>\r\n                                                                                                                                                            <div class=\"artist-position\">\r\n                                                                                    Principal Security Strategy Officer, ESA                                                                                <\/div>\r\n                                                                                                                                                        <div class=\"artist-content\">\r\n                                                                                <p><span style=\"font-weight: 400;\">Two decades of experience in complex international relations analysis and European policy making, with specific emphasis on European affairs and the defence sector, through contributions as both legal and policy officer for the European Space Agency, European Defence Agency and European Commission.<\/span><\/p>\n<p><span style=\"font-weight: 400;\">This experience reinforces an academic background in public international law and international relations (Paris 10 Nanterre and American University\u2019s Washington College of Law).<\/span><\/p>\n<p><i><span style=\"font-weight: 400;\">Current position<\/span><\/i><span style=\"font-weight: 400;\">: Principal Security Strategy Officer, Director General&#8217;s Cabinet, European Space Agency.<\/span><\/p>\n<p><i><span style=\"font-weight: 400;\">Specialties<\/span><\/i><span style=\"font-weight: 400;\">: Policy making, security strategy, governance, international relations and negotiations, legal analysis (international and European law).<\/span><\/p>\n<p><span style=\"font-weight: 400;\">Positions<\/span><\/p>\n<ul>\n<li style=\"font-weight: 400;\" aria-level=\"1\"><i><span style=\"font-weight: 400;\">European Space Agencies: 2001-03, 2008-13, 2017-25<\/span><\/i><\/li>\n<\/ul>\n<ul>\n<li style=\"font-weight: 400;\" aria-level=\"1\"><i><span style=\"font-weight: 400;\">European Defence Agency: 2013-2017<\/span><\/i><\/li>\n<\/ul>\n<ul>\n<li style=\"font-weight: 400;\" aria-level=\"1\"><i><span style=\"font-weight: 400;\">European Commission: 2003-2008<\/span><\/i><\/li>\n<\/ul>\n<p>&nbsp;<\/p>\n                                                                            <\/div>\r\n                                                                        <\/div>\r\n                                                                    <\/div>\r\n                                                                <\/div>\r\n                                                            <\/div>\r\n                                                            <div class=\"col-xs-12 col-sm-10 col-sm-offset-2\">\r\n                                                                <div class=\"vcenter artist-image artist-single-row\">\r\n                                                                                                                                                                                                                    <img decoding=\"async\" class=\"img-responsive\" alt=\"Session 5: Bridging Space and Security: Policies, Partnerships, and Priorities image\" src=\"https:\/\/euspaceforum.com\/2025\/wp-content\/uploads\/2022\/09\/Florent-Mazurelle-WebsiteMailing-90x90.png\" \/>\r\n                                                                                                                                    <\/div>\r\n                                                                <div class=\"vcenter tcode-es-artist-title-container artist-single-row\">\r\n                                                                    <div class=\"tcode-es-artist-title\" style=\"color: ;\">\r\n                                                                        Florent Mazurelle                                                                    <\/div>\r\n                                                                                                                                            <div class=\"artist-position\" style=\"color: ;\">\r\n                                                                            Principal Security Strategy Officer, ESA                                                                        <\/div>\r\n                                                                                                                                    <\/div>\r\n                                                                                                                                                                                                    <div class=\"vcenter artist-social artist-single-row\">\r\n                                                                                                                                                    <a href=\"https:\/\/www.linkedin.com\/in\/florent-mazurelle-66a2177\/\" target=\"_blank\" class=\"tcode-social-icon tcode-ico-linkedin\"><\/a>\r\n                                                                                                                                            <\/div>\r\n                                                                                                                            <\/div>\r\n                                                        <\/div>\r\n                                                                                                            <div class=\"row artist-row mobile\" data-effect=\"mfp-zoom-in\">\r\n                                                            <div class=\"tcode-artist-popover hidden\">\r\n                                                                <div>\r\n                                                                    <div class=\"row\">\r\n                                                                        <div class=\"col-xs-12 col-sm-4\">\r\n                                                                            <div class=\"artist-image center-block\">\r\n                                                                                                                                                                                                                                                        <img decoding=\"async\" class=\"img-responsive center-block\" alt=\"Session 5: Bridging Space and Security: Policies, Partnerships, and Priorities image\" src=\"https:\/\/euspaceforum.com\/2025\/wp-content\/uploads\/2025\/05\/Stefano-Vaccaro-Website-120x120.png\" \/>\r\n                                                                                                                                                            <\/div>\r\n                                                                                                                                                                                                                                        <div class=\"row artist-media text-center\">\r\n                                                                                                                                                                            <a href=\"https:\/\/www.linkedin.com\/in\/stefano-vaccaro-23269b\/\" target=\"_blank\" class=\"tcode-social-icon tcode-ico-linkedin\"><\/a>\r\n                                                                                                                                                                    <\/div>\r\n                                                                                                                                                    <\/div>\r\n                                                                        <div class=\"col-xs-12 col-sm-8 artist-details-container\">\r\n                                                                            <div class=\"tcode-es-artist-title\">\r\n                                                                                <a href=\"#\">\r\n                                                                                    Stefano Vaccaro                                                                                <\/a>\r\n                                                                            <\/div>\r\n                                                                                                                                                            <div class=\"artist-position\">\r\n                                                                                    Managing Director, Viasat Commercial Networks Europe, Viasat                                                                                <\/div>\r\n                                                                                                                                                        <div class=\"artist-content\">\r\n                                                                                <p><span style=\"font-weight: 400;\">Dr. Stefano Vaccaro is the Managing Director of Global Space Networks Europe at Viasat. Amongst his responsibilities, there is the Ground Segment and Terminals development including optical technology.<\/span><\/p>\n<p><span style=\"font-weight: 400;\">Enabling business strategies with technology innovation has been at the core of Stafano\u2019s 25 years career in the satellite industry. This has been applied to various areas of expertise spanning from Satellite Terminals, RF Systems, Phased arrays, Optical Technology and Satellite Ground Infrastructure. Stefano Vaccaro holds a M.Sc. and a Ph. D. degree in electrical engineering from Ecole Polytechnique F\u00e9d\u00e9rale de Lausanne.<\/span><\/p>\n                                                                            <\/div>\r\n                                                                        <\/div>\r\n                                                                    <\/div>\r\n                                                                <\/div>\r\n                                                            <\/div>\r\n                                                            <div class=\"col-xs-12 col-sm-10 col-sm-offset-2\">\r\n                                                                <div class=\"vcenter artist-image artist-single-row\">\r\n                                                                                                                                                                                                                    <img decoding=\"async\" class=\"img-responsive\" alt=\"Session 5: Bridging Space and Security: Policies, Partnerships, and Priorities image\" src=\"https:\/\/euspaceforum.com\/2025\/wp-content\/uploads\/2025\/05\/Stefano-Vaccaro-Website-90x90.png\" \/>\r\n                                                                                                                                    <\/div>\r\n                                                                <div class=\"vcenter tcode-es-artist-title-container artist-single-row\">\r\n                                                                    <div class=\"tcode-es-artist-title\" style=\"color: ;\">\r\n                                                                        Stefano Vaccaro                                                                    <\/div>\r\n                                                                                                                                            <div class=\"artist-position\" style=\"color: ;\">\r\n                                                                            Managing Director, Viasat Commercial Networks Europe, Viasat                                                                        <\/div>\r\n                                                                                                                                    <\/div>\r\n                                                                                                                                                                                                    <div class=\"vcenter artist-social artist-single-row\">\r\n                                                                                                                                                    <a href=\"https:\/\/www.linkedin.com\/in\/stefano-vaccaro-23269b\/\" target=\"_blank\" class=\"tcode-social-icon tcode-ico-linkedin\"><\/a>\r\n                                                                                                                                            <\/div>\r\n                                                                                                                            <\/div>\r\n                                                        <\/div>\r\n                                                                                                            <div class=\"row artist-row mobile\" data-effect=\"mfp-zoom-in\">\r\n                                                            <div class=\"tcode-artist-popover hidden\">\r\n                                                                <div>\r\n                                                                    <div class=\"row\">\r\n                                                                        <div class=\"col-xs-12 col-sm-4\">\r\n                                                                            <div class=\"artist-image center-block\">\r\n                                                                                                                                                                                                                                                        <img decoding=\"async\" class=\"img-responsive center-block\" alt=\"Session 5: Bridging Space and Security: Policies, Partnerships, and Priorities image\" src=\"https:\/\/euspaceforum.com\/2025\/wp-content\/uploads\/2022\/09\/Pierre-Alain-Bosc-WebsiteMailing-120x120.png\" \/>\r\n                                                                                                                                                            <\/div>\r\n                                                                                                                                                                                                                                        <div class=\"row artist-media text-center\">\r\n                                                                                                                                                                            <a href=\"https:\/\/www.linkedin.com\/in\/pierre-alain-bosc-6970a6223\/\" target=\"_blank\" class=\"tcode-social-icon tcode-ico-linkedin\"><\/a>\r\n                                                                                                                                                                    <\/div>\r\n                                                                                                                                                    <\/div>\r\n                                                                        <div class=\"col-xs-12 col-sm-8 artist-details-container\">\r\n                                                                            <div class=\"tcode-es-artist-title\">\r\n                                                                                <a href=\"#\">\r\n                                                                                    Pierre-Alain Bosc                                                                                <\/a>\r\n                                                                            <\/div>\r\n                                                                                                                                                            <div class=\"artist-position\">\r\n                                                                                    Regional Head of Sales for the GeoIntelligence Program Line, Airbus Defence and Space                                                                                <\/div>\r\n                                                                                                                                                        <div class=\"artist-content\">\r\n                                                                                <p><span style=\"font-weight: 400;\">After attending the Ecole Nationale des Sciences G\u00e9ographiques, the School of Management d\u2019Aix Marseille Universit\u00e9 and the French Air Force Academy, Pierre-Alain Bosc started his career in the French Military as a combat pilot for the French Air Force. A few years later, he was nominated as \u201cHead of Studies and Assessment\u201d and then \u201cArmement project officer for General Staff\u201d for the French MoD. In total, Pierre-Alain Bosc dedicated 25 years of his life to serve in the French Military.<\/span><\/p>\n<p><span style=\"font-weight: 400;\">He finally joined Astrium and hold several positions, including CEO of Spot Infoterra Hellas SAS, a subsidiary of Astrium in Greece. He, then, became French Defence Key Account Manager for Airbus DS Geo Intelligence and is now the Regional Head of Sales for the program line GeoIntelligence at Airbus Defence and Space.<\/span><\/p>\n<p><span style=\"font-weight: 400;\">In addition of his career in the military and industry, Pierre-Alain served as a director of EARSC from 2018 to 2022, and is currently Chairman of the ENSG Geomatic Foundation.\u00a0<\/span><\/p>\n                                                                            <\/div>\r\n                                                                        <\/div>\r\n                                                                    <\/div>\r\n                                                                <\/div>\r\n                                                            <\/div>\r\n                                                            <div class=\"col-xs-12 col-sm-10 col-sm-offset-2\">\r\n                                                                <div class=\"vcenter artist-image artist-single-row\">\r\n                                                                                                                                                                                                                    <img decoding=\"async\" class=\"img-responsive\" alt=\"Session 5: Bridging Space and Security: Policies, Partnerships, and Priorities image\" src=\"https:\/\/euspaceforum.com\/2025\/wp-content\/uploads\/2022\/09\/Pierre-Alain-Bosc-WebsiteMailing-90x90.png\" \/>\r\n                                                                                                                                    <\/div>\r\n                                                                <div class=\"vcenter tcode-es-artist-title-container artist-single-row\">\r\n                                                                    <div class=\"tcode-es-artist-title\" style=\"color: ;\">\r\n                                                                        Pierre-Alain Bosc                                                                    <\/div>\r\n                                                                                                                                            <div class=\"artist-position\" style=\"color: ;\">\r\n                                                                            Regional Head of Sales for the GeoIntelligence Program Line, Airbus Defence and Space                                                                        <\/div>\r\n                                                                                                                                    <\/div>\r\n                                                                                                                                                                                                    <div class=\"vcenter artist-social artist-single-row\">\r\n                                                                                                                                                    <a href=\"https:\/\/www.linkedin.com\/in\/pierre-alain-bosc-6970a6223\/\" target=\"_blank\" class=\"tcode-social-icon tcode-ico-linkedin\"><\/a>\r\n                                                                                                                                            <\/div>\r\n                                                                                                                            <\/div>\r\n                                                        <\/div>\r\n                                                                                                            <div class=\"row artist-row mobile\" data-effect=\"mfp-zoom-in\">\r\n                                                            <div class=\"tcode-artist-popover hidden\">\r\n                                                                <div>\r\n                                                                    <div class=\"row\">\r\n                                                                        <div class=\"col-xs-12 col-sm-4\">\r\n                                                                            <div class=\"artist-image center-block\">\r\n                                                                                                                                                                                                                                                        <img decoding=\"async\" class=\"img-responsive center-block\" alt=\"Session 5: Bridging Space and Security: Policies, Partnerships, and Priorities image\" src=\"https:\/\/euspaceforum.com\/2025\/wp-content\/uploads\/2022\/09\/Henri-van-Soest-WebsiteMailing-120x120.png\" \/>\r\n                                                                                                                                                            <\/div>\r\n                                                                                                                                                                                                                                        <div class=\"row artist-media text-center\">\r\n                                                                                                                                                                            <a href=\"https:\/\/www.linkedin.com\/in\/henri-vs-ab714b61\/\" target=\"_blank\" class=\"tcode-social-icon tcode-ico-linkedin\"><\/a>\r\n                                                                                                                                                                    <\/div>\r\n                                                                                                                                                    <\/div>\r\n                                                                        <div class=\"col-xs-12 col-sm-8 artist-details-container\">\r\n                                                                            <div class=\"tcode-es-artist-title\">\r\n                                                                                <a href=\"#\">\r\n                                                                                    Moderated by: Henri van Soest                                                                                <\/a>\r\n                                                                            <\/div>\r\n                                                                                                                                                            <div class=\"artist-position\">\r\n                                                                                    Senior Analyst, RAND Europe                                                                                <\/div>\r\n                                                                                                                                                        <div class=\"artist-content\">\r\n                                                                                <p><span style=\"font-weight: 400;\">Henri van Soest is a senior analyst at RAND Europe and a professor of policy analysis at the RAND School of Public Policy. He focuses on energy and natural resources governance and AI governance. He has also worked on space, cybersecurity, economic security, critical infrastructure protection, and societal resilience. At RAND, he has managed studies involving global teams for a wide range of clients including the European Union, the UK government, and the Dutch government. Van Soest previously worked as a researcher in energy policy and digitalisation at the University of Oslo, as an analyst in the cleantech startup sector, and as a corporate governance and corporate social responsibility analyst in a multinational bank. He completed his Ph.D. at the University of Cambridge, with a thesis on the regulation of cybersecurity in the European electricity system. He also holds a joint LL.M. from KU Leuven in Belgium and the University of Zurich.<\/span><\/p>\n                                                                            <\/div>\r\n                                                                        <\/div>\r\n                                                                    <\/div>\r\n                                                                <\/div>\r\n                                                            <\/div>\r\n                                                            <div class=\"col-xs-12 col-sm-10 col-sm-offset-2\">\r\n                                                                <div class=\"vcenter artist-image artist-single-row\">\r\n                                                                                                                                                                                                                    <img decoding=\"async\" class=\"img-responsive\" alt=\"Session 5: Bridging Space and Security: Policies, Partnerships, and Priorities image\" src=\"https:\/\/euspaceforum.com\/2025\/wp-content\/uploads\/2022\/09\/Henri-van-Soest-WebsiteMailing-90x90.png\" \/>\r\n                                                                                                                                    <\/div>\r\n                                                                <div class=\"vcenter tcode-es-artist-title-container artist-single-row\">\r\n                                                                    <div class=\"tcode-es-artist-title\" style=\"color: ;\">\r\n                                                                        Moderated by: Henri van Soest                                                                    <\/div>\r\n                                                                                                                                            <div class=\"artist-position\" style=\"color: ;\">\r\n                                                                            Senior Analyst, RAND Europe                                                                        <\/div>\r\n                                                                                                                                    <\/div>\r\n                                                                                                                                                                                                    <div class=\"vcenter artist-social artist-single-row\">\r\n                                                                                                                                                    <a href=\"https:\/\/www.linkedin.com\/in\/henri-vs-ab714b61\/\" target=\"_blank\" class=\"tcode-social-icon tcode-ico-linkedin\"><\/a>\r\n                                                                                                                                            <\/div>\r\n                                                                                                                            <\/div>\r\n                                                        <\/div>\r\n                                                                                                                                                <\/div>\r\n                                        <\/div>\r\n                                    <\/div>\r\n                                <\/div>\r\n                                                                                                                            <div style=\"background-color: #FFFFFF;\" class=\"row scheduled-event event-collapsed event-hidden event-20250703-2 hideExcerpt\" data-event=\"event-20250703-2\" data-date=\"2025-07-03\" data-location=\"\">\r\n                                    <div class=\"col-xs-12\">\r\n                                        <div class=\"row\">\r\n                                                                                        <div class=\"col-sm-2 col-xs-12 vcenter hidden-xs\">\r\n                                                                                                                                                            <div class=\"event-time visible-sm\" style=\"color: ;\">\r\n                                                            <span class=\"time-starts\">10:20<\/span>\r\n                                                                                                                            - <span class=\"time-ends\">10:45<\/span>\r\n                                                                                                                    <\/div>\r\n                                                                                                                                                <\/div><div class=\"col-sm-9 col-xs-10 vcenter\">\r\n                                                <div class=\"row\">\r\n                                                                                                            <div class=\"col-xs-12 visible-xs event-time\" style=\"color: ;\">\r\n                                                            <span class=\"time-starts\">10:20<\/span>\r\n                                                                                                                            - <span class=\"time-ends\">10:45<\/span>\r\n                                                                                                                    <\/div>\r\n                                                                                                        <div class=\"col-xs-12 event-title\" style=\"color: ;\">Refreshment Break<\/div>\r\n                                                <\/div>\r\n                                            <\/div><div class=\"col-xs-2 col-sm-1 vcenter\">\r\n                                                <div class=\"event-icon pull-right\">\r\n                                                    <i class=\"tcode-ico-grot-down\" data-state=\"collapsed\" style=\"color: ;\"><\/i>\r\n                                                <\/div>\r\n                                            <\/div>\r\n                                        <\/div>\r\n                                        <div class=\"row event-excerpt\">\r\n                                            <div class=\"col-xs-12\">\r\n                                                                                                                                            <\/div>\r\n                                        <\/div>\r\n                                    <\/div>\r\n                                <\/div>\r\n                                                                                                                            <div style=\"background-color: #FFFFFF;\" class=\"row scheduled-event event-collapsed event-hidden event-20250703-3\" data-event=\"event-20250703-3\" data-date=\"2025-07-03\" data-location=\"\">\r\n                                    <div class=\"col-xs-12\">\r\n                                        <div class=\"row\">\r\n                                                                                        <div class=\"col-sm-2 col-xs-12 vcenter hidden-xs\">\r\n                                                                                                                                                            <div class=\"event-time visible-sm\" style=\"color: ;\">\r\n                                                            <span class=\"time-starts\">10:45<\/span>\r\n                                                                                                                            - <span class=\"time-ends\">11:45<\/span>\r\n                                                                                                                    <\/div>\r\n                                                                                                                                                <\/div><div class=\"col-sm-9 col-xs-10 vcenter\">\r\n                                                <div class=\"row\">\r\n                                                                                                            <div class=\"col-xs-12 visible-xs event-time\" style=\"color: ;\">\r\n                                                            <span class=\"time-starts\">10:45<\/span>\r\n                                                                                                                            - <span class=\"time-ends\">11:45<\/span>\r\n                                                                                                                    <\/div>\r\n                                                                                                        <div class=\"col-xs-12 event-title\" style=\"color: ;\">Session 6: Delivering Autonomy: Ensuring Europe\u2019s Independent Space Capabilities<\/div>\r\n                                                <\/div>\r\n                                            <\/div><div class=\"col-xs-2 col-sm-1 vcenter\">\r\n                                                <div class=\"event-icon pull-right\">\r\n                                                    <i class=\"tcode-ico-grot-down\" data-state=\"collapsed\" style=\"color: ;\"><\/i>\r\n                                                <\/div>\r\n                                            <\/div>\r\n                                        <\/div>\r\n                                        <div class=\"row event-excerpt\">\r\n                                            <div class=\"col-xs-12\">\r\n                                                                                                    <div class=\"row event-content\">\r\n                                                        <div class=\"col-sm-10 col-sm-offset-2 col-xs-12\" style=\"color: ;\">\r\n                                                            <p><span style=\"font-weight: 400;\">Significant challenges still hinder Europe\u2019s pursuit of strategic space autonomy. Delays to the next generation of European launcher, the decline of European markets, a fragmented supply chain, and the rise of emerging players &#8211; issues that have underscored the urgent need for transformative progress &#8211; have seen ambitious responses across the sector. This session will explore these, continuing discussions evaluating the roadmap to an autonomous future. Panelists will reflect on lessons learned and evaluate how industry collaboration, targeted investments, and evolving policies can shape a sustainable and independent European space ecosystem. Stakeholders will consider the additional action required, and how the potential for start-ups and SMEs, aligned with fresh R&amp;D and a new wave of innovation, can help ensure the successful development, launch, and operation of space missions.<\/span><\/p>\n<p>&nbsp;<\/p>\n<ul>\n<li style=\"font-weight: 400;\" aria-level=\"1\"><span style=\"font-weight: 400;\">How are stakeholders navigating the current landscape to ensure an autonomous access to space? What initiatives and investments should be prioritised, and what broad steps are necessary to guarantee efficiency and resilience on the road to autonomy?<\/span><span style=\"font-weight: 400;\"><br \/>\n<\/span><\/li>\n<li style=\"font-weight: 400;\" aria-level=\"1\"><span style=\"font-weight: 400;\">How can the EU, ESA, and national space agencies enhance collaboration to streamline decision-making, align public and private sector goals, and address market fragmentation to guarantee an autonomous access to space?\u00a0<\/span><\/li>\n<li style=\"font-weight: 400;\" aria-level=\"1\"><span style=\"font-weight: 400;\">How can Europe build a robust and diversified supply chain for access to space, support domestic manufacturing to mitigate geopolitical vulnerabilities, and align stakeholder efforts to create a sustainable and integrated space ecosystem?<\/span><\/li>\n<li style=\"font-weight: 400;\" aria-level=\"1\"><span style=\"font-weight: 400;\">What role should public investment, procurement strategies (e.g., &#8220;buy European, buy bulk&#8221;), and industry partnerships play in achieving this goal?<\/span><\/li>\n<li style=\"font-weight: 400;\" aria-level=\"1\"><span style=\"font-weight: 400;\">Considering capability, innovation, and market targets, how can Europe develop a long-term vision for assured access to space?<\/span><\/li>\n<li style=\"font-weight: 400;\" aria-level=\"1\">What role can new players, SMEs, and start-ups play in building an autonomous future for Europe? Should more be done to incentivise the entrance of new players to the industry?<\/li>\n<\/ul>\n                                                        <\/div>\r\n                                                    <\/div>\r\n                                                                                                                                                                                                            <div class=\"row artist-row mobile\" data-effect=\"mfp-zoom-in\">\r\n                                                            <div class=\"tcode-artist-popover hidden\">\r\n                                                                <div>\r\n                                                                    <div class=\"row\">\r\n                                                                        <div class=\"col-xs-12 col-sm-4\">\r\n                                                                            <div class=\"artist-image center-block\">\r\n                                                                                                                                                                                                                                                        <img decoding=\"async\" class=\"img-responsive center-block\" alt=\"Session 6: Delivering Autonomy: Ensuring Europe\u2019s Independent Space Capabilities image\" src=\"https:\/\/euspaceforum.com\/2025\/wp-content\/uploads\/2022\/09\/Isabella-Poldrugo-website-120x120.png\" \/>\r\n                                                                                                                                                            <\/div>\r\n                                                                                                                                                                                                                                        <div class=\"row artist-media text-center\">\r\n                                                                                                                                                                            <a href=\"https:\/\/www.linkedin.com\/in\/isabella-poldrugo-2083213\/\" target=\"_blank\" class=\"tcode-social-icon tcode-ico-linkedin\"><\/a>\r\n                                                                                                                                                                    <\/div>\r\n                                                                                                                                                    <\/div>\r\n                                                                        <div class=\"col-xs-12 col-sm-8 artist-details-container\">\r\n                                                                            <div class=\"tcode-es-artist-title\">\r\n                                                                                <a href=\"#\">\r\n                                                                                    Isabella Poldrugo                                                                                <\/a>\r\n                                                                            <\/div>\r\n                                                                                                                                                            <div class=\"artist-position\">\r\n                                                                                    Acting Head of Unit, Space Policy, DG DEFIS, European Commission                                                                                <\/div>\r\n                                                                                                                                                        <div class=\"artist-content\">\r\n                                                                                <p><span style=\"font-weight: 400;\">Isabella Poldrugo is Acting Head of Unit the European Commission &#8211; Directorate-General for Defence Industry and Space (DEFIS), responsible for EU Space Policy.\u00a0 Objective of the unit is to design and ensure a coherent and overarching EU Space policy, including regulatory aspects and to foster an innovative and globally competitive EU Space ecosystem.<\/span><\/p>\n<p><span style=\"font-weight: 400;\">Isabella joined the Commission in 2019, where she worked as policy officer in the Unit dealing with space policy in the Directorate-General for Defence Industry and Space (DG DEFIS).<\/span><\/p>\n<p><span style=\"font-weight: 400;\">Before, she spent ten years in the European Parliament as policy advisor to Members of the European Parliament, dealing with dossiers on energy, industry and trade. She served also as policy advisor to the Italian Minister of Defence and to the Undersecretary of State for Defence.<\/span><\/p>\n                                                                            <\/div>\r\n                                                                        <\/div>\r\n                                                                    <\/div>\r\n                                                                <\/div>\r\n                                                            <\/div>\r\n                                                            <div class=\"col-xs-12 col-sm-10 col-sm-offset-2\">\r\n                                                                <div class=\"vcenter artist-image artist-single-row\">\r\n                                                                                                                                                                                                                    <img decoding=\"async\" class=\"img-responsive\" alt=\"Session 6: Delivering Autonomy: Ensuring Europe\u2019s Independent Space Capabilities image\" src=\"https:\/\/euspaceforum.com\/2025\/wp-content\/uploads\/2022\/09\/Isabella-Poldrugo-website-90x90.png\" \/>\r\n                                                                                                                                    <\/div>\r\n                                                                <div class=\"vcenter tcode-es-artist-title-container artist-single-row\">\r\n                                                                    <div class=\"tcode-es-artist-title\" style=\"color: ;\">\r\n                                                                        Isabella Poldrugo                                                                    <\/div>\r\n                                                                                                                                            <div class=\"artist-position\" style=\"color: ;\">\r\n                                                                            Acting Head of Unit, Space Policy, DG DEFIS, European Commission                                                                        <\/div>\r\n                                                                                                                                    <\/div>\r\n                                                                                                                                                                                                    <div class=\"vcenter artist-social artist-single-row\">\r\n                                                                                                                                                    <a href=\"https:\/\/www.linkedin.com\/in\/isabella-poldrugo-2083213\/\" target=\"_blank\" class=\"tcode-social-icon tcode-ico-linkedin\"><\/a>\r\n                                                                                                                                            <\/div>\r\n                                                                                                                            <\/div>\r\n                                                        <\/div>\r\n                                                                                                            <div class=\"row artist-row mobile\" data-effect=\"mfp-zoom-in\">\r\n                                                            <div class=\"tcode-artist-popover hidden\">\r\n                                                                <div>\r\n                                                                    <div class=\"row\">\r\n                                                                        <div class=\"col-xs-12 col-sm-4\">\r\n                                                                            <div class=\"artist-image center-block\">\r\n                                                                                                                                                                                                                                                        <img decoding=\"async\" class=\"img-responsive center-block\" alt=\"Session 6: Delivering Autonomy: Ensuring Europe\u2019s Independent Space Capabilities image\" src=\"https:\/\/euspaceforum.com\/2025\/wp-content\/uploads\/2022\/09\/William-Smith-WebsiteMailing-120x120.png\" \/>\r\n                                                                                                                                                            <\/div>\r\n                                                                                                                                                                                                                                        <div class=\"row artist-media text-center\">\r\n                                                                                                                                                                            <a href=\"https:\/\/www.linkedin.com\/in\/whatwilldid\/\" target=\"_blank\" class=\"tcode-social-icon tcode-ico-linkedin\"><\/a>\r\n                                                                                                                                                                    <\/div>\r\n                                                                                                                                                    <\/div>\r\n                                                                        <div class=\"col-xs-12 col-sm-8 artist-details-container\">\r\n                                                                            <div class=\"tcode-es-artist-title\">\r\n                                                                                <a href=\"#\">\r\n                                                                                    William Smith                                                                                <\/a>\r\n                                                                            <\/div>\r\n                                                                                                                                                            <div class=\"artist-position\">\r\n                                                                                    International Negotiation & Future Partnerships Manager, Space Directorate, United Kingdom                                                                                <\/div>\r\n                                                                                                                                                        <div class=\"artist-content\">\r\n                                                                                <p>Bio to follow.<\/p>\n                                                                            <\/div>\r\n                                                                        <\/div>\r\n                                                                    <\/div>\r\n                                                                <\/div>\r\n                                                            <\/div>\r\n                                                            <div class=\"col-xs-12 col-sm-10 col-sm-offset-2\">\r\n                                                                <div class=\"vcenter artist-image artist-single-row\">\r\n                                                                                                                                                                                                                    <img decoding=\"async\" class=\"img-responsive\" alt=\"Session 6: Delivering Autonomy: Ensuring Europe\u2019s Independent Space Capabilities image\" src=\"https:\/\/euspaceforum.com\/2025\/wp-content\/uploads\/2022\/09\/William-Smith-WebsiteMailing-90x90.png\" \/>\r\n                                                                                                                                    <\/div>\r\n                                                                <div class=\"vcenter tcode-es-artist-title-container artist-single-row\">\r\n                                                                    <div class=\"tcode-es-artist-title\" style=\"color: ;\">\r\n                                                                        William Smith                                                                    <\/div>\r\n                                                                                                                                            <div class=\"artist-position\" style=\"color: ;\">\r\n                                                                            International Negotiation & Future Partnerships Manager, Space Directorate, United Kingdom                                                                        <\/div>\r\n                                                                                                                                    <\/div>\r\n                                                                                                                                                                                                    <div class=\"vcenter artist-social artist-single-row\">\r\n                                                                                                                                                    <a href=\"https:\/\/www.linkedin.com\/in\/whatwilldid\/\" target=\"_blank\" class=\"tcode-social-icon tcode-ico-linkedin\"><\/a>\r\n                                                                                                                                            <\/div>\r\n                                                                                                                            <\/div>\r\n                                                        <\/div>\r\n                                                                                                            <div class=\"row artist-row mobile\" data-effect=\"mfp-zoom-in\">\r\n                                                            <div class=\"tcode-artist-popover hidden\">\r\n                                                                <div>\r\n                                                                    <div class=\"row\">\r\n                                                                        <div class=\"col-xs-12 col-sm-4\">\r\n                                                                            <div class=\"artist-image center-block\">\r\n                                                                                                                                                                                                                                                        <img decoding=\"async\" class=\"img-responsive center-block\" alt=\"Session 6: Delivering Autonomy: Ensuring Europe\u2019s Independent Space Capabilities image\" src=\"https:\/\/euspaceforum.com\/2025\/wp-content\/uploads\/2025\/05\/Christian-Hesmann-Website-120x120.png\" \/>\r\n                                                                                                                                                            <\/div>\r\n                                                                                                                                                                                                                                        <div class=\"row artist-media text-center\">\r\n                                                                                                                                                                            <a href=\"https:\/\/www.linkedin.com\/in\/christian-hessmann\/\" target=\"_blank\" class=\"tcode-social-icon tcode-ico-linkedin\"><\/a>\r\n                                                                                                                                                                    <\/div>\r\n                                                                                                                                                    <\/div>\r\n                                                                        <div class=\"col-xs-12 col-sm-8 artist-details-container\">\r\n                                                                            <div class=\"tcode-es-artist-title\">\r\n                                                                                <a href=\"#\">\r\n                                                                                    Christian He\u00dfmann                                                                                <\/a>\r\n                                                                            <\/div>\r\n                                                                                                                                                            <div class=\"artist-position\">\r\n                                                                                    Galileo Project Lead, DLR GfR                                                                                <\/div>\r\n                                                                                                                                                        <div class=\"artist-content\">\r\n                                                                                <p><span style=\"font-weight: 400;\">Christian He\u00dfmann is Project Lead for GSOp at DLR GfR, where he oversees operations and service delivery from the Galileo Control Centre Germany in Oberpfaffenhofen, along with global L2\/L3 maintenance of the Galileo Ground Infrastructure.<\/span><\/p>\n<p><span style=\"font-weight: 400;\">With over 20 years of experience in the Galileo Programme, he began as a TeleOp representative in the Galileo Concessionaire (2005\u20132007), later supporting the deployment of the first generation Ground Control Segment for Airbus UK. Since 2012, he has held key roles at DLR GfR and Spaceopal, including IT Manager, GSOp Bid Team member, and Engineering &amp; Evolution Manager at GSOp Prime level. He has been leading GSOp at DLR GfR since 2020.<\/span><\/p>\n<p><span style=\"font-weight: 400;\">Christian holds a Diploma in Computer Science from the Technical University of Munich.<\/span><\/p>\n                                                                            <\/div>\r\n                                                                        <\/div>\r\n                                                                    <\/div>\r\n                                                                <\/div>\r\n                                                            <\/div>\r\n                                                            <div class=\"col-xs-12 col-sm-10 col-sm-offset-2\">\r\n                                                                <div class=\"vcenter artist-image artist-single-row\">\r\n                                                                                                                                                                                                                    <img decoding=\"async\" class=\"img-responsive\" alt=\"Session 6: Delivering Autonomy: Ensuring Europe\u2019s Independent Space Capabilities image\" src=\"https:\/\/euspaceforum.com\/2025\/wp-content\/uploads\/2025\/05\/Christian-Hesmann-Website-90x90.png\" \/>\r\n                                                                                                                                    <\/div>\r\n                                                                <div class=\"vcenter tcode-es-artist-title-container artist-single-row\">\r\n                                                                    <div class=\"tcode-es-artist-title\" style=\"color: ;\">\r\n                                                                        Christian He\u00dfmann                                                                    <\/div>\r\n                                                                                                                                            <div class=\"artist-position\" style=\"color: ;\">\r\n                                                                            Galileo Project Lead, DLR GfR                                                                        <\/div>\r\n                                                                                                                                    <\/div>\r\n                                                                                                                                                                                                    <div class=\"vcenter artist-social artist-single-row\">\r\n                                                                                                                                                    <a href=\"https:\/\/www.linkedin.com\/in\/christian-hessmann\/\" target=\"_blank\" class=\"tcode-social-icon tcode-ico-linkedin\"><\/a>\r\n                                                                                                                                            <\/div>\r\n                                                                                                                            <\/div>\r\n                                                        <\/div>\r\n                                                                                                            <div class=\"row artist-row mobile\" data-effect=\"mfp-zoom-in\">\r\n                                                            <div class=\"tcode-artist-popover hidden\">\r\n                                                                <div>\r\n                                                                    <div class=\"row\">\r\n                                                                        <div class=\"col-xs-12 col-sm-4\">\r\n                                                                            <div class=\"artist-image center-block\">\r\n                                                                                                                                                                                                                                                        <img decoding=\"async\" class=\"img-responsive center-block\" alt=\"Session 6: Delivering Autonomy: Ensuring Europe\u2019s Independent Space Capabilities image\" src=\"https:\/\/euspaceforum.com\/2025\/wp-content\/uploads\/2022\/09\/Christine-Leurquin-website-1-120x120.png\" \/>\r\n                                                                                                                                                            <\/div>\r\n                                                                                                                                                                                                                                        <div class=\"row artist-media text-center\">\r\n                                                                                                                                                                            <a href=\"https:\/\/www.linkedin.com\/in\/christine-leurquin-4700322\/\" target=\"_blank\" class=\"tcode-social-icon tcode-ico-linkedin\"><\/a>\r\n                                                                                                                                                                    <\/div>\r\n                                                                                                                                                    <\/div>\r\n                                                                        <div class=\"col-xs-12 col-sm-8 artist-details-container\">\r\n                                                                            <div class=\"tcode-es-artist-title\">\r\n                                                                                <a href=\"#\">\r\n                                                                                    Christine Leurquin                                                                                <\/a>\r\n                                                                            <\/div>\r\n                                                                                                                                                            <div class=\"artist-position\">\r\n                                                                                    Director of European & Public Affairs & CEO, Aldoria Belgium                                                                                <\/div>\r\n                                                                                                                                                        <div class=\"artist-content\">\r\n                                                                                <p><span style=\"font-weight: 400;\">Christine Leurquin is a successful, result-driven public affairs and business development professional, with extensive experience in both public and private sector. She has a proven track-record of effective advocacy in the field of European Space and Defence Public strategies, Cybersecurity directives, SSA\/SDA, 5G\/6G, Space Policy, Quantum, Government Satcom, ESA projects, and has worked relentlessly to improve digitalization of Africa. She has a valued-based approach to Public Affairs: inspiring trust, leading with the head and the heart, acting like an owner and with integrity.<\/span><\/p>\n<p><span style=\"font-weight: 400;\">Since February 2025, she is the CEO of ALDORIA Belgique a subsidiary of French-based ALDORIA for which she works as Senior Director, European &amp; Public Affairs at since October 2024. She created her own company MiThraSpace SRL and consulted in 2024 with ERNST AND YOUNG Brussels Space and Defence practice, and SPACEBEL. Before this she worked for RHEA Group and reported to the CEO of the RHEA Group and to the Chief Strategy Officer and Managing Director of RHEA System Luxembourg S.A. She has been responsible for raising the visibility of RHEA among others with the European Institutions, Belgian and Luxembourg MoD, BELSPO, European Agencies and Luxembourg Space Agency and other national organizations as required. She helped to best-position RHEA into the current opportunities associated to new Space and Cybersecurity European programs, in Cybersecurity and Defense (e.g. EDA Cyber Captech REMUDO project). She was instrumental in developing RHEA Luxembourg business which has moved from two persons in 2020 to 20 end 2023.<\/span><\/p>\n<p><span style=\"font-weight: 400;\">In her previous position, she was Vice-President, Institutional Relations at SES S.A. and worked directly under SES CEO\u2019s reporting also to the Board and the General Counsel. She positioned the Company within the European Union, African Union and other international institutions, such as OECD, UEMOA, UNIDO, UNOOSA, ESA or OECD, she engaged in helping the operational companies to develop new governments and institutional markets. She was successful in winning key contracts such but not limited to EGNOS GEO1 and EGNOS GEO2. Before joining SES, she was the CEO of a company which she started, and which introduced new satellite services in Belgium. She turned it into a successful and profitable business.<\/span><\/p>\n<p><span style=\"font-weight: 400;\">With her ability to speak various languages, Mrs Leurquin has excellent communication skills, conveying her message clearly, concisely, and accurately impacting policymakers and investors at the highest level. She can bring unity, leadership skills, motivation and fresh new ideas with her management, peers and teammates.<\/span><\/p>\n<p><b>Career Steps:<\/b><\/p>\n<ul>\n<li style=\"font-weight: 400;\" aria-level=\"1\"><span style=\"font-weight: 400;\">CEO, ALDORIA Belgique (Feb- 2025-)<\/span><\/li>\n<li style=\"font-weight: 400;\" aria-level=\"1\"><span style=\"font-weight: 400;\">Senior Director, European &amp; Public Affairs, ALDORIA(Oct 2024-)<\/span><\/li>\n<li style=\"font-weight: 400;\" aria-level=\"1\"><span style=\"font-weight: 400;\">Special adviser to EY (May 2024-)<\/span><\/li>\n<li style=\"font-weight: 400;\" aria-level=\"1\"><span style=\"font-weight: 400;\">Special Adviser to CEO of SPACEBEL (Feb 2024-)<\/span><\/li>\n<li style=\"font-weight: 400;\" aria-level=\"1\"><span style=\"font-weight: 400;\">Director of Strategy, EU, Belgium and Luxembourg, RHEA Group (Jan 2021- Jan 2024 )<\/span><\/li>\n<li style=\"font-weight: 400;\" aria-level=\"1\"><span style=\"font-weight: 400;\">Special Adviser to the CEO, RHEA Group (Nov 2020- Jan 2021)<\/span><\/li>\n<li style=\"font-weight: 400;\" aria-level=\"1\"><span style=\"font-weight: 400;\">VP, Institutional Relations, EMEA, SES (2014-2020)<\/span><\/li>\n<li style=\"font-weight: 400;\" aria-level=\"1\"><span style=\"font-weight: 400;\">VP, Institutional Relations and Communications, Global , SES (2008-2014)<\/span><\/li>\n<li style=\"font-weight: 400;\" aria-level=\"1\"><span style=\"font-weight: 400;\">VP,European Programs, SES-GLOBAL (2004-2008)<\/span><\/li>\n<li style=\"font-weight: 400;\" aria-level=\"1\"><span style=\"font-weight: 400;\">Senior Manager, European Programs, SES-GLOBAL (1999-2004);<\/span><\/li>\n<li style=\"font-weight: 400;\" aria-level=\"1\"><span style=\"font-weight: 400;\">CEO, Sait Videohouse SA (1992-98)<\/span><\/li>\n<\/ul>\n<p><span style=\"font-weight: 400;\">\u00a0<\/span><b>Associations and Accomplishments:<\/b><\/p>\n<ul>\n<li style=\"font-weight: 400;\" aria-level=\"1\"><span style=\"font-weight: 400;\">Board Member of 6GIA (2022- 2024)<\/span><\/li>\n<li style=\"font-weight: 400;\" aria-level=\"1\"><span style=\"font-weight: 400;\">Vice-Chair of the Board of 5GIA (5G European Infrastructure Association) (2015-2020)<\/span><\/li>\n<li style=\"font-weight: 400;\" aria-level=\"1\"><span style=\"font-weight: 400;\">Member of the private D4D Coalition (SAP, Orange, Nokia, Ericcsson, Philips, Vodafone, Statec) in turn member of the D4D EU Hub (2018-2020)<\/span><\/li>\n<li style=\"font-weight: 400;\" aria-level=\"1\"><span style=\"font-weight: 400;\">Member of the Steering Board of the EU-AU Digital Economy Task Force (2019)<\/span><\/li>\n<li style=\"font-weight: 400;\" aria-level=\"1\"><span style=\"font-weight: 400;\">Co-Chairperson of the ICT WG at the EU-Africa Business Forum (Since 2010)<\/span><\/li>\n<li style=\"font-weight: 400;\" aria-level=\"1\"><span style=\"font-weight: 400;\">Founding Person of ESOA\/GSOA, 2002<\/span><\/li>\n<li style=\"font-weight: 400;\" aria-level=\"1\"><span style=\"font-weight: 400;\">Chairman of the Executive Committee of ESOA (European Satellite Operators Association) (2004-2006)<\/span><\/li>\n<li style=\"font-weight: 400;\" aria-level=\"1\"><span style=\"font-weight: 400;\">Member of the Board of ESPI<\/span><\/li>\n<li style=\"font-weight: 400;\" aria-level=\"1\"><span style=\"font-weight: 400;\">Member of SSIP<\/span><\/li>\n<\/ul>\n<p><b>\u00a0<\/b><b>Education:<\/b><\/p>\n<ul>\n<li style=\"font-weight: 400;\" aria-level=\"1\"><span style=\"font-weight: 400;\">University of Chicago, Management Courses (2001)<\/span><\/li>\n<li style=\"font-weight: 400;\" aria-level=\"1\"><span style=\"font-weight: 400;\">H.E.C. of St-Louis, Brussels, M.B.A. (1987-89)<\/span><\/li>\n<li style=\"font-weight: 400;\" aria-level=\"1\"><span style=\"font-weight: 400;\">Germanic Languages (English\/ German\/ Passive Dutch\/ American Culture), master\u2019s degree, ULB, (1983)<\/span><\/li>\n<\/ul>\n<p><span style=\"font-weight: 400;\">\u00a0<\/span><\/p>\n<p>&nbsp;<\/p>\n                                                                            <\/div>\r\n                                                                        <\/div>\r\n                                                                    <\/div>\r\n                                                                <\/div>\r\n                                                            <\/div>\r\n                                                            <div class=\"col-xs-12 col-sm-10 col-sm-offset-2\">\r\n                                                                <div class=\"vcenter artist-image artist-single-row\">\r\n                                                                                                                                                                                                                    <img decoding=\"async\" class=\"img-responsive\" alt=\"Session 6: Delivering Autonomy: Ensuring Europe\u2019s Independent Space Capabilities image\" src=\"https:\/\/euspaceforum.com\/2025\/wp-content\/uploads\/2022\/09\/Christine-Leurquin-website-1-90x90.png\" \/>\r\n                                                                                                                                    <\/div>\r\n                                                                <div class=\"vcenter tcode-es-artist-title-container artist-single-row\">\r\n                                                                    <div class=\"tcode-es-artist-title\" style=\"color: ;\">\r\n                                                                        Christine Leurquin                                                                    <\/div>\r\n                                                                                                                                            <div class=\"artist-position\" style=\"color: ;\">\r\n                                                                            Director of European & Public Affairs & CEO, Aldoria Belgium                                                                        <\/div>\r\n                                                                                                                                    <\/div>\r\n                                                                                                                                                                                                    <div class=\"vcenter artist-social artist-single-row\">\r\n                                                                                                                                                    <a href=\"https:\/\/www.linkedin.com\/in\/christine-leurquin-4700322\/\" target=\"_blank\" class=\"tcode-social-icon tcode-ico-linkedin\"><\/a>\r\n                                                                                                                                            <\/div>\r\n                                                                                                                            <\/div>\r\n                                                        <\/div>\r\n                                                                                                            <div class=\"row artist-row mobile\" data-effect=\"mfp-zoom-in\">\r\n                                                            <div class=\"tcode-artist-popover hidden\">\r\n                                                                <div>\r\n                                                                    <div class=\"row\">\r\n                                                                        <div class=\"col-xs-12 col-sm-4\">\r\n                                                                            <div class=\"artist-image center-block\">\r\n                                                                                                                                                                                                                                                        <img decoding=\"async\" class=\"img-responsive center-block\" alt=\"Session 6: Delivering Autonomy: Ensuring Europe\u2019s Independent Space Capabilities image\" src=\"https:\/\/euspaceforum.com\/2025\/wp-content\/uploads\/2022\/09\/Olivier-Lemaitre-WebsiteMailing-120x120.png\" \/>\r\n                                                                                                                                                            <\/div>\r\n                                                                                                                                                                                                                                        <div class=\"row artist-media text-center\">\r\n                                                                                                                                                                            <a href=\"https:\/\/www.linkedin.com\/in\/olivier-lemaitre-b4ab62\/\" target=\"_blank\" class=\"tcode-social-icon tcode-ico-linkedin\"><\/a>\r\n                                                                                                                                                                    <\/div>\r\n                                                                                                                                                    <\/div>\r\n                                                                        <div class=\"col-xs-12 col-sm-8 artist-details-container\">\r\n                                                                            <div class=\"tcode-es-artist-title\">\r\n                                                                                <a href=\"#\">\r\n                                                                                    Moderated by: Olivier Lemaitre                                                                                <\/a>\r\n                                                                            <\/div>\r\n                                                                                                                                                            <div class=\"artist-position\">\r\n                                                                                    Secretary General, Eurospace                                                                                <\/div>\r\n                                                                                                                                                        <div class=\"artist-content\">\r\n                                                                                <p><span style=\"font-weight: 400;\">Olivier has a long-standing experience and a strong network in the European space policy sector, at the crossroads of the private and the public sector.<\/span><\/p>\n<p><span style=\"font-weight: 400;\">He has been part of the Belgian delegation to the ESA Council and also advising the Belgian Permanent Representation on space matters, under the authority of E. Beka, High representative of Belgium for space policy. Olivier then moved to Eurospace, as Head of the Brussels Office until 2014, when he has been hired by Thales Alenia Space as director for EU affairs.<\/span><\/p>\n                                                                            <\/div>\r\n                                                                        <\/div>\r\n                                                                    <\/div>\r\n                                                                <\/div>\r\n                                                            <\/div>\r\n                                                            <div class=\"col-xs-12 col-sm-10 col-sm-offset-2\">\r\n                                                                <div class=\"vcenter artist-image artist-single-row\">\r\n                                                                                                                                                                                                                    <img decoding=\"async\" class=\"img-responsive\" alt=\"Session 6: Delivering Autonomy: Ensuring Europe\u2019s Independent Space Capabilities image\" src=\"https:\/\/euspaceforum.com\/2025\/wp-content\/uploads\/2022\/09\/Olivier-Lemaitre-WebsiteMailing-90x90.png\" \/>\r\n                                                                                                                                    <\/div>\r\n                                                                <div class=\"vcenter tcode-es-artist-title-container artist-single-row\">\r\n                                                                    <div class=\"tcode-es-artist-title\" style=\"color: ;\">\r\n                                                                        Moderated by: Olivier Lemaitre                                                                    <\/div>\r\n                                                                                                                                            <div class=\"artist-position\" style=\"color: ;\">\r\n                                                                            Secretary General, Eurospace                                                                        <\/div>\r\n                                                                                                                                    <\/div>\r\n                                                                                                                                                                                                    <div class=\"vcenter artist-social artist-single-row\">\r\n                                                                                                                                                    <a href=\"https:\/\/www.linkedin.com\/in\/olivier-lemaitre-b4ab62\/\" target=\"_blank\" class=\"tcode-social-icon tcode-ico-linkedin\"><\/a>\r\n                                                                                                                                            <\/div>\r\n                                                                                                                            <\/div>\r\n                                                        <\/div>\r\n                                                                                                                                                <\/div>\r\n                                        <\/div>\r\n                                    <\/div>\r\n                                <\/div>\r\n                                                                                                                            <div style=\"background-color: #FFFFFF;\" class=\"row scheduled-event event-collapsed event-hidden event-20250703-4\" data-event=\"event-20250703-4\" data-date=\"2025-07-03\" data-location=\"\">\r\n                                    <div class=\"col-xs-12\">\r\n                                        <div class=\"row\">\r\n                                                                                        <div class=\"col-sm-2 col-xs-12 vcenter hidden-xs\">\r\n                                                                                                                                                            <div class=\"event-time visible-sm\" style=\"color: ;\">\r\n                                                            <span class=\"time-starts\">11:45<\/span>\r\n                                                                                                                            - <span class=\"time-ends\">12:50<\/span>\r\n                                                                                                                    <\/div>\r\n                                                                                                                                                <\/div><div class=\"col-sm-9 col-xs-10 vcenter\">\r\n                                                <div class=\"row\">\r\n                                                                                                            <div class=\"col-xs-12 visible-xs event-time\" style=\"color: ;\">\r\n                                                            <span class=\"time-starts\">11:45<\/span>\r\n                                                                                                                            - <span class=\"time-ends\">12:50<\/span>\r\n                                                                                                                    <\/div>\r\n                                                                                                        <div class=\"col-xs-12 event-title\" style=\"color: ;\">Session 7: Navigating the Evolution of Space Sustainability and Space Traffic  Management<\/div>\r\n                                                <\/div>\r\n                                            <\/div><div class=\"col-xs-2 col-sm-1 vcenter\">\r\n                                                <div class=\"event-icon pull-right\">\r\n                                                    <i class=\"tcode-ico-grot-down\" data-state=\"collapsed\" style=\"color: ;\"><\/i>\r\n                                                <\/div>\r\n                                            <\/div>\r\n                                        <\/div>\r\n                                        <div class=\"row event-excerpt\">\r\n                                            <div class=\"col-xs-12\">\r\n                                                                                                    <div class=\"row event-content\">\r\n                                                        <div class=\"col-sm-10 col-sm-offset-2 col-xs-12\" style=\"color: ;\">\r\n                                                            <p><span style=\"font-weight: 400;\">Space activity is reaching unprecedented levels, with thousands of new satellites launching annually. Combined with over a million debris fragments larger than 1 cm already in orbit, low-Earth orbit (LEO) is becoming increasingly crowded, there is universal recognition of the need for robust action. But what does this entail, and how can Europe contribute to delivering a solution? This session will explore these issues, delving into the pressing challenges of space sustainability and traffic management, examining the current landscape, future outlook, and actionable paths forward for European stakeholders. Panelists will explore measures to ensure the fair, safe, and equitable use of space, especially as private sector activity accelerates. Highlighting the significance of the forthcoming EU Space Act, the panel will discuss how this legislative proposal can anchor Europe\u2019s vision for a sustainable and resilient space future, as well as inform other related initiatives. Additionally, panelists will reflect on the global responsibilities and cooperative efforts required to ensure the effective management of space as a shared domain.<\/span><\/p>\n<p>&nbsp;<\/p>\n<ul>\n<li style=\"font-weight: 400;\" aria-level=\"1\"><span style=\"font-weight: 400;\">What work is being done at a member state, European and global level to ensure a sustainable space ecosystem? How are European actors overcoming hurdles to maintain the momentum created in this area?<\/span><span style=\"font-weight: 400;\"><br \/>\n<\/span><\/li>\n<li style=\"font-weight: 400;\" aria-level=\"1\"><span style=\"font-weight: 400;\">How are nations, private actors, and international agencies fostering cooperation, compliance, and collaboration to better manage space traffic and promote sustainability?<\/span><span style=\"font-weight: 400;\"><br \/>\n<\/span><\/li>\n<li style=\"font-weight: 400;\" aria-level=\"1\"><span style=\"font-weight: 400;\">How can the emergence of the EU Space Act and other key policy actions strengthen European actions in taking the lead globally, and how can it be ensured that international players are being brought along?\u00a0<\/span><span style=\"font-weight: 400;\"><br \/>\n<\/span><\/li>\n<li style=\"font-weight: 400;\" aria-level=\"1\"><span style=\"font-weight: 400;\">How can the EU Space Act complement and reinforce successful existing initiatives such as ESA\u2019s Zero Debris Charter?<\/span><span style=\"font-weight: 400;\"><br \/>\n<\/span><\/li>\n<li style=\"font-weight: 400;\" aria-level=\"1\"><span style=\"font-weight: 400;\">How can emerging technologies, AI, and innovation drive advancements in sustainability and space traffic management?<\/span><span style=\"font-weight: 400;\"><br \/>\n<\/span><\/li>\n<li style=\"font-weight: 400;\" aria-level=\"1\"><span style=\"font-weight: 400;\">Are current international frameworks sufficient to prevent the monopolisation of space by a few dominant players?<\/span><\/li>\n<li style=\"font-weight: 400;\" aria-level=\"1\"><span style=\"font-weight: 400;\">How can we address decreasing spectrum availability in space while ensuring equitable access for satellite networks?<\/span><span style=\"font-weight: 400;\"><br \/>\n<\/span><\/li>\n<li style=\"font-weight: 400;\" aria-level=\"1\"><span style=\"font-weight: 400;\">How can governments and international organisations incentivise private sector investments in sustainability? What mechanisms can be implemented to encourage responsible practices among private operators, particularly those deploying mega-constellations, to ensure the long-term sustainability of the orbital environment?<\/span><span style=\"font-weight: 400;\"><br \/>\n<\/span><\/li>\n<li style=\"font-weight: 400;\" aria-level=\"1\"><span style=\"font-weight: 400;\">Who will fund large-scale STM initiatives and debris mitigation efforts, and how can costs be shared equitably among stakeholders? What economic models can make sustainability and STM financially viable for both private operators and governments?<\/span><\/li>\n<li style=\"font-weight: 400;\" aria-level=\"1\"><span style=\"font-weight: 400;\">What work is being done to progress in-orbit servicing capabilities and technologies, and to what extent can this play a part in the creation of a circular economy in space and the drive towards increased space sustainability? <\/span><\/li>\n<\/ul>\n                                                        <\/div>\r\n                                                    <\/div>\r\n                                                                                                                                                                                                            <div class=\"row artist-row mobile\" data-effect=\"mfp-zoom-in\">\r\n                                                            <div class=\"tcode-artist-popover hidden\">\r\n                                                                <div>\r\n                                                                    <div class=\"row\">\r\n                                                                        <div class=\"col-xs-12 col-sm-4\">\r\n                                                                            <div class=\"artist-image center-block\">\r\n                                                                                                                                                                                                                                                        <img decoding=\"async\" class=\"img-responsive center-block\" alt=\"Session 7: Navigating the Evolution of Space Sustainability and Space Traffic  Management image\" src=\"https:\/\/euspaceforum.com\/2025\/wp-content\/uploads\/2025\/05\/Rodolphe-Munoz-Website-120x120.png\" \/>\r\n                                                                                                                                                            <\/div>\r\n                                                                                                                                                                                                                                        <div class=\"row artist-media text-center\">\r\n                                                                                                                                                                            <a href=\"https:\/\/www.linkedin.com\/in\/rodolphe-mu%C3%B1oz-1149a323\/?originalSubdomain=be\" target=\"_blank\" class=\"tcode-social-icon tcode-ico-linkedin\"><\/a>\r\n                                                                                                                                                                    <\/div>\r\n                                                                                                                                                    <\/div>\r\n                                                                        <div class=\"col-xs-12 col-sm-8 artist-details-container\">\r\n                                                                            <div class=\"tcode-es-artist-title\">\r\n                                                                                <a href=\"#\">\r\n                                                                                    Rodolphe Mu\u00f1oz                                                                                <\/a>\r\n                                                                            <\/div>\r\n                                                                                                                                                            <div class=\"artist-position\">\r\n                                                                                    Team Leader, Defence Industrial Programming Coordination, DG DEFIS, European Commission                                                                                <\/div>\r\n                                                                                                                                                        <div class=\"artist-content\">\r\n                                                                                <p><span style=\"font-weight: 400;\">Rodolphe Mu\u00f1oz, Team Leader, Defence Industrial Programming Coordination, DG DEFIS, European Commission<\/span><\/p>\n<p><span style=\"font-weight: 400;\">As a lawyer by training (College of Europe, Bruges), Rodolphe Mu\u00f1oz has worked for several international organisations (WHO, OSCE, EFTA Surveillance authority \u2026) and taught in different universities (Bruges, Sciences Po Paris, the Law University of Strasbourg \u2026).<\/span><\/p>\n<p><span style=\"font-weight: 400;\">For 8 years, he has been at the European Commission in DG DEFIS Unit B1 (secure connectivity and space surveillance), responsible for implementing the Space Situational Awareness (SSA) component of the Space Regulation, which comprises Space Surveillance and Tracking, Space Weather, and Near-Earth Objects<\/span> <span style=\"font-weight: 400;\">(Head of sector).<\/span><\/p>\n<p><span style=\"font-weight: 400;\">In addition, he oversaw the drafting of the 2022 STM Communication and is now following its implementation, including the development of the EU space law.<\/span><\/p>\n<p>&nbsp;<\/p>\n                                                                            <\/div>\r\n                                                                        <\/div>\r\n                                                                    <\/div>\r\n                                                                <\/div>\r\n                                                            <\/div>\r\n                                                            <div class=\"col-xs-12 col-sm-10 col-sm-offset-2\">\r\n                                                                <div class=\"vcenter artist-image artist-single-row\">\r\n                                                                                                                                                                                                                    <img decoding=\"async\" class=\"img-responsive\" alt=\"Session 7: Navigating the Evolution of Space Sustainability and Space Traffic  Management image\" src=\"https:\/\/euspaceforum.com\/2025\/wp-content\/uploads\/2025\/05\/Rodolphe-Munoz-Website-90x90.png\" \/>\r\n                                                                                                                                    <\/div>\r\n                                                                <div class=\"vcenter tcode-es-artist-title-container artist-single-row\">\r\n                                                                    <div class=\"tcode-es-artist-title\" style=\"color: ;\">\r\n                                                                        Rodolphe Mu\u00f1oz                                                                    <\/div>\r\n                                                                                                                                            <div class=\"artist-position\" style=\"color: ;\">\r\n                                                                            Team Leader, Defence Industrial Programming Coordination, DG DEFIS, European Commission                                                                        <\/div>\r\n                                                                                                                                    <\/div>\r\n                                                                                                                                                                                                    <div class=\"vcenter artist-social artist-single-row\">\r\n                                                                                                                                                    <a href=\"https:\/\/www.linkedin.com\/in\/rodolphe-mu%C3%B1oz-1149a323\/?originalSubdomain=be\" target=\"_blank\" class=\"tcode-social-icon tcode-ico-linkedin\"><\/a>\r\n                                                                                                                                            <\/div>\r\n                                                                                                                            <\/div>\r\n                                                        <\/div>\r\n                                                                                                            <div class=\"row artist-row mobile\" data-effect=\"mfp-zoom-in\">\r\n                                                            <div class=\"tcode-artist-popover hidden\">\r\n                                                                <div>\r\n                                                                    <div class=\"row\">\r\n                                                                        <div class=\"col-xs-12 col-sm-4\">\r\n                                                                            <div class=\"artist-image center-block\">\r\n                                                                                                                                                                                                                                                        <img decoding=\"async\" class=\"img-responsive center-block\" alt=\"Session 7: Navigating the Evolution of Space Sustainability and Space Traffic  Management image\" src=\"https:\/\/euspaceforum.com\/2025\/wp-content\/uploads\/2025\/05\/Holger-Krag-Website-120x120.png\" \/>\r\n                                                                                                                                                            <\/div>\r\n                                                                                                                                                                                                                                <\/div>\r\n                                                                        <div class=\"col-xs-12 col-sm-8 artist-details-container\">\r\n                                                                            <div class=\"tcode-es-artist-title\">\r\n                                                                                <a href=\"#\">\r\n                                                                                    Holger Krag                                                                                <\/a>\r\n                                                                            <\/div>\r\n                                                                                                                                                            <div class=\"artist-position\">\r\n                                                                                    Head of the Space Safety Programme Office, ESA                                                                                <\/div>\r\n                                                                                                                                                        <div class=\"artist-content\">\r\n                                                                                <p><span style=\"font-weight: 400;\">Holger Krag joined ESA in 2006 as an Analysist in the Space Debris Office at ESOC. He worked on establishing risk models and an operational collision avoidance system and contributed to first space surveillance studies. In 2014, he took the position of the Head of the Space Debris Office, which, among others, provides fundamental support to ESA\u2019s Space Situational Awareness Programme. In 2019, he took over the position as the head of the programme and prepared the evolution into the new Space Safety Programme which was established at the Space19+ Ministerial in Sevilla. The new programme addresses an enlarged scope within the areas of Space Weather, Planetary Defence and Space Debris including early warning systems and mitigation measures and three ambitious missions (Lagrange, Hera und ADRIOS). He is lecturing on Space Debris at universities in Germany.<\/span><\/p>\n                                                                            <\/div>\r\n                                                                        <\/div>\r\n                                                                    <\/div>\r\n                                                                <\/div>\r\n                                                            <\/div>\r\n                                                            <div class=\"col-xs-12 col-sm-10 col-sm-offset-2\">\r\n                                                                <div class=\"vcenter artist-image artist-single-row\">\r\n                                                                                                                                                                                                                    <img decoding=\"async\" class=\"img-responsive\" alt=\"Session 7: Navigating the Evolution of Space Sustainability and Space Traffic  Management image\" src=\"https:\/\/euspaceforum.com\/2025\/wp-content\/uploads\/2025\/05\/Holger-Krag-Website-90x90.png\" \/>\r\n                                                                                                                                    <\/div>\r\n                                                                <div class=\"vcenter tcode-es-artist-title-container artist-single-row\">\r\n                                                                    <div class=\"tcode-es-artist-title\" style=\"color: ;\">\r\n                                                                        Holger Krag                                                                    <\/div>\r\n                                                                                                                                            <div class=\"artist-position\" style=\"color: ;\">\r\n                                                                            Head of the Space Safety Programme Office, ESA                                                                        <\/div>\r\n                                                                                                                                    <\/div>\r\n                                                                                                                                                                                            <\/div>\r\n                                                        <\/div>\r\n                                                                                                            <div class=\"row artist-row mobile\" data-effect=\"mfp-zoom-in\">\r\n                                                            <div class=\"tcode-artist-popover hidden\">\r\n                                                                <div>\r\n                                                                    <div class=\"row\">\r\n                                                                        <div class=\"col-xs-12 col-sm-4\">\r\n                                                                            <div class=\"artist-image center-block\">\r\n                                                                                                                                                                                                                                                        <img decoding=\"async\" class=\"img-responsive center-block\" alt=\"Session 7: Navigating the Evolution of Space Sustainability and Space Traffic  Management image\" src=\"https:\/\/euspaceforum.com\/2025\/wp-content\/uploads\/2022\/09\/Alberto-Agueda-WebsiteMailing-1-120x120.png\" \/>\r\n                                                                                                                                                            <\/div>\r\n                                                                                                                                                                                                                                        <div class=\"row artist-media text-center\">\r\n                                                                                                                                                                            <a href=\"https:\/\/www.linkedin.com\/in\/alberto-agueda\/\" target=\"_blank\" class=\"tcode-social-icon tcode-ico-linkedin\"><\/a>\r\n                                                                                                                                                                    <\/div>\r\n                                                                                                                                                    <\/div>\r\n                                                                        <div class=\"col-xs-12 col-sm-8 artist-details-container\">\r\n                                                                            <div class=\"tcode-es-artist-title\">\r\n                                                                                <a href=\"#\">\r\n                                                                                    Alberto \u00c1gueda                                                                                <\/a>\r\n                                                                            <\/div>\r\n                                                                                                                                                            <div class=\"artist-position\">\r\n                                                                                    Director of Space Surveillance and Traffic Management, GMV                                                                                <\/div>\r\n                                                                                                                                                        <div class=\"artist-content\">\r\n                                                                                <p><span style=\"font-weight: 400;\">Alberto is an MSc Aerospace Engineer with +20 years of international experience in the space market within GMV and +15 years of managerial and business development experience. He has on significant technical expertise in Space Flight Dynamics, Navigation, (Precise) Orbit Determination, Space Surveillance &amp; Tracking, and Space Traffic Management.<\/span><\/p>\n<p><span style=\"font-weight: 400;\">Currently, he is the Director of Space Surveillance and Traffic Management (SST &amp; STM) at GMV. He is the head of the department\u00b4s operations, including management (+130 engineers in 8 countries: Spain, Germany, France, UK, Poland, Romania, Portugal and USA), accounting (+10 M\u20ac yearly revenue, with average 2-digit annual growth in the last decade), business development (dozens of customers and partners) and contracts.<\/span><\/p>\n<p><span style=\"font-weight: 400;\">\u00a0His mission is to manage the Space Surveillance and Traffic Management (SST &amp; STM) business and its engineering team and ensure their respective growth to strengthen GMV\u2019s leading position and look for new customers, opportunities, and niches for GMV\u2019s advanced technology, systems, products, and services in these fields.<\/span><\/p>\n                                                                            <\/div>\r\n                                                                        <\/div>\r\n                                                                    <\/div>\r\n                                                                <\/div>\r\n                                                            <\/div>\r\n                                                            <div class=\"col-xs-12 col-sm-10 col-sm-offset-2\">\r\n                                                                <div class=\"vcenter artist-image artist-single-row\">\r\n                                                                                                                                                                                                                    <img decoding=\"async\" class=\"img-responsive\" alt=\"Session 7: Navigating the Evolution of Space Sustainability and Space Traffic  Management image\" src=\"https:\/\/euspaceforum.com\/2025\/wp-content\/uploads\/2022\/09\/Alberto-Agueda-WebsiteMailing-1-90x90.png\" \/>\r\n                                                                                                                                    <\/div>\r\n                                                                <div class=\"vcenter tcode-es-artist-title-container artist-single-row\">\r\n                                                                    <div class=\"tcode-es-artist-title\" style=\"color: ;\">\r\n                                                                        Alberto \u00c1gueda                                                                    <\/div>\r\n                                                                                                                                            <div class=\"artist-position\" style=\"color: ;\">\r\n                                                                            Director of Space Surveillance and Traffic Management, GMV                                                                        <\/div>\r\n                                                                                                                                    <\/div>\r\n                                                                                                                                                                                                    <div class=\"vcenter artist-social artist-single-row\">\r\n                                                                                                                                                    <a href=\"https:\/\/www.linkedin.com\/in\/alberto-agueda\/\" target=\"_blank\" class=\"tcode-social-icon tcode-ico-linkedin\"><\/a>\r\n                                                                                                                                            <\/div>\r\n                                                                                                                            <\/div>\r\n                                                        <\/div>\r\n                                                                                                            <div class=\"row artist-row mobile\" data-effect=\"mfp-zoom-in\">\r\n                                                            <div class=\"tcode-artist-popover hidden\">\r\n                                                                <div>\r\n                                                                    <div class=\"row\">\r\n                                                                        <div class=\"col-xs-12 col-sm-4\">\r\n                                                                            <div class=\"artist-image center-block\">\r\n                                                                                                                                                                                                                                                        <img decoding=\"async\" class=\"img-responsive center-block\" alt=\"Session 7: Navigating the Evolution of Space Sustainability and Space Traffic  Management image\" src=\"https:\/\/euspaceforum.com\/2025\/wp-content\/uploads\/2022\/09\/Emma-Marion-WebsiteMailing-120x120.png\" \/>\r\n                                                                                                                                                            <\/div>\r\n                                                                                                                                                                                                                                        <div class=\"row artist-media text-center\">\r\n                                                                                                                                                                            <a href=\"https:\/\/www.linkedin.com\/in\/emmalmarion\/\" target=\"_blank\" class=\"tcode-social-icon tcode-ico-linkedin\"><\/a>\r\n                                                                                                                                                                    <\/div>\r\n                                                                                                                                                    <\/div>\r\n                                                                        <div class=\"col-xs-12 col-sm-8 artist-details-container\">\r\n                                                                            <div class=\"tcode-es-artist-title\">\r\n                                                                                <a href=\"#\">\r\n                                                                                    Emma Marion                                                                                <\/a>\r\n                                                                            <\/div>\r\n                                                                                                                                                            <div class=\"artist-position\">\r\n                                                                                    Associate, DLA Piper                                                                                <\/div>\r\n                                                                                                                                                        <div class=\"artist-content\">\r\n                                                                                <p><span style=\"font-weight: 400;\">Emma Marion advises space, satellite, and telecommunications companies on regulatory and compliance matters before telecommunications regulators, including the United States Federal Communications Commission (FCC) and National Oceanic and Atmospheric Administration (NOAA).\u00a0 She assists companies in obtaining spectrum and imaging licenses, participating in rulemakings, coordinating market entry across multiple jurisdictions, and on issues relating to the International Telecommunication Union (ITU) Radio Regulations governing the international use of spectrum.\u00a0 Emma&#8217;s work spans a number of topics and has particularly focused on: licensing of novel space and satellite services, market access and global expansion, space safety and sustainability, communications equipment and infrastructure, and policy issues.\u00a0<\/span><\/p>\n<p>&nbsp;<\/p>\n                                                                            <\/div>\r\n                                                                        <\/div>\r\n                                                                    <\/div>\r\n                                                                <\/div>\r\n                                                            <\/div>\r\n                                                            <div class=\"col-xs-12 col-sm-10 col-sm-offset-2\">\r\n                                                                <div class=\"vcenter artist-image artist-single-row\">\r\n                                                                                                                                                                                                                    <img decoding=\"async\" class=\"img-responsive\" alt=\"Session 7: Navigating the Evolution of Space Sustainability and Space Traffic  Management image\" src=\"https:\/\/euspaceforum.com\/2025\/wp-content\/uploads\/2022\/09\/Emma-Marion-WebsiteMailing-90x90.png\" \/>\r\n                                                                                                                                    <\/div>\r\n                                                                <div class=\"vcenter tcode-es-artist-title-container artist-single-row\">\r\n                                                                    <div class=\"tcode-es-artist-title\" style=\"color: ;\">\r\n                                                                        Emma Marion                                                                    <\/div>\r\n                                                                                                                                            <div class=\"artist-position\" style=\"color: ;\">\r\n                                                                            Associate, DLA Piper                                                                        <\/div>\r\n                                                                                                                                    <\/div>\r\n                                                                                                                                                                                                    <div class=\"vcenter artist-social artist-single-row\">\r\n                                                                                                                                                    <a href=\"https:\/\/www.linkedin.com\/in\/emmalmarion\/\" target=\"_blank\" class=\"tcode-social-icon tcode-ico-linkedin\"><\/a>\r\n                                                                                                                                            <\/div>\r\n                                                                                                                            <\/div>\r\n                                                        <\/div>\r\n                                                                                                            <div class=\"row artist-row mobile\" data-effect=\"mfp-zoom-in\">\r\n                                                            <div class=\"tcode-artist-popover hidden\">\r\n                                                                <div>\r\n                                                                    <div class=\"row\">\r\n                                                                        <div class=\"col-xs-12 col-sm-4\">\r\n                                                                            <div class=\"artist-image center-block\">\r\n                                                                                                                                                                                                                                                        <img decoding=\"async\" class=\"img-responsive center-block\" alt=\"Session 7: Navigating the Evolution of Space Sustainability and Space Traffic  Management image\" src=\"https:\/\/euspaceforum.com\/2025\/wp-content\/uploads\/2022\/09\/Josef-Koller-WebsiteMailing-1-120x120.png\" \/>\r\n                                                                                                                                                            <\/div>\r\n                                                                                                                                                                                                                                        <div class=\"row artist-media text-center\">\r\n                                                                                                                                                                            <a href=\"https:\/\/www.linkedin.com\/in\/josefkoller\/\" target=\"_blank\" class=\"tcode-social-icon tcode-ico-linkedin\"><\/a>\r\n                                                                                                                                                                    <\/div>\r\n                                                                                                                                                    <\/div>\r\n                                                                        <div class=\"col-xs-12 col-sm-8 artist-details-container\">\r\n                                                                            <div class=\"tcode-es-artist-title\">\r\n                                                                                <a href=\"#\">\r\n                                                                                    Josef Koller                                                                                <\/a>\r\n                                                                            <\/div>\r\n                                                                                                                                                            <div class=\"artist-position\">\r\n                                                                                    Principal, Space Safety and Sustainability, Amazon                                                                                <\/div>\r\n                                                                                                                                                        <div class=\"artist-content\">\r\n                                                                                <p><span style=\"font-weight: 400;\">Dr. Josef Koller is the Head of Space Safety and Sustainability at Amazon, Project Kuiper, a low Earth orbit (LEO) satellite broadband network with the mission to provide affordable broadband connectivity to underserved communities around the world. Using his decade-long expertise in space sustainability, Koller leads Amazon&#8217;s efforts to promote space safety policies, in the U.S. and around the globe, in support of the sustainable development of satellite operations in space.<\/span><\/p>\n<p><span style=\"font-weight: 400;\">Prior to Amazon, Koller served Systems Director for the Center for Space Policy and Strategy at The Aerospace Corporation and co-founder of the Space Safety Institute. He was also assigned as a senior advisor to the Office of the Secretary of Defense for Space Policy, where he directly supported key national and international strategy efforts for space-related U.S. government and policy matters. His portfolio included commercial remote sensing, space traffic management, and related congressional affairs. Prior to that assignment, Koller managed and co-led more than 40 scientists in the Space Science and Applications Group at Los Alamos National Laboratory. He also established and led the Los Alamos Space Weather Summer School to promote graduate student research and outreach at the laboratory.<\/span><\/p>\n<p><span style=\"font-weight: 400;\">Koller has more than 25 years of experience in space sustainability, space science, space policy, astrophysics, and strategy development. He has authored more than 50 peer-reviewed scientific publications with over 2,000 citations. He is also on the Editorial Board of the Journal of Space Safety Engineering and has been quoted in a variety of media outlets including NBC News, New York Times, NPR Marketplace, Les Echos, SpaceNews, and Popular Science.<\/span><\/p>\n<p><span style=\"font-weight: 400;\">Koller has a Ph.D. in Astrophysics from Rice University and Master\u2019s degrees in Physics and Astronomy from the University of Innsbruck, Austria.<\/span><\/p>\n                                                                            <\/div>\r\n                                                                        <\/div>\r\n                                                                    <\/div>\r\n                                                                <\/div>\r\n                                                            <\/div>\r\n                                                            <div class=\"col-xs-12 col-sm-10 col-sm-offset-2\">\r\n                                                                <div class=\"vcenter artist-image artist-single-row\">\r\n                                                                                                                                                                                                                    <img decoding=\"async\" class=\"img-responsive\" alt=\"Session 7: Navigating the Evolution of Space Sustainability and Space Traffic  Management image\" src=\"https:\/\/euspaceforum.com\/2025\/wp-content\/uploads\/2022\/09\/Josef-Koller-WebsiteMailing-1-90x90.png\" \/>\r\n                                                                                                                                    <\/div>\r\n                                                                <div class=\"vcenter tcode-es-artist-title-container artist-single-row\">\r\n                                                                    <div class=\"tcode-es-artist-title\" style=\"color: ;\">\r\n                                                                        Josef Koller                                                                    <\/div>\r\n                                                                                                                                            <div class=\"artist-position\" style=\"color: ;\">\r\n                                                                            Principal, Space Safety and Sustainability, Amazon                                                                        <\/div>\r\n                                                                                                                                    <\/div>\r\n                                                                                                                                                                                                    <div class=\"vcenter artist-social artist-single-row\">\r\n                                                                                                                                                    <a href=\"https:\/\/www.linkedin.com\/in\/josefkoller\/\" target=\"_blank\" class=\"tcode-social-icon tcode-ico-linkedin\"><\/a>\r\n                                                                                                                                            <\/div>\r\n                                                                                                                            <\/div>\r\n                                                        <\/div>\r\n                                                                                                            <div class=\"row artist-row mobile\" data-effect=\"mfp-zoom-in\">\r\n                                                            <div class=\"tcode-artist-popover hidden\">\r\n                                                                <div>\r\n                                                                    <div class=\"row\">\r\n                                                                        <div class=\"col-xs-12 col-sm-4\">\r\n                                                                            <div class=\"artist-image center-block\">\r\n                                                                                                                                                                                                                                                        <img decoding=\"async\" class=\"img-responsive center-block\" alt=\"Session 7: Navigating the Evolution of Space Sustainability and Space Traffic  Management image\" src=\"https:\/\/euspaceforum.com\/2025\/wp-content\/uploads\/2022\/09\/Sara-Dalledone-website-120x120.png\" \/>\r\n                                                                                                                                                            <\/div>\r\n                                                                                                                                                                                                                                        <div class=\"row artist-media text-center\">\r\n                                                                                                                                                                            <a href=\"https:\/\/www.linkedin.com\/in\/saradalledonne\/\" target=\"_blank\" class=\"tcode-social-icon tcode-ico-linkedin\"><\/a>\r\n                                                                                                                                                                    <\/div>\r\n                                                                                                                                                    <\/div>\r\n                                                                        <div class=\"col-xs-12 col-sm-8 artist-details-container\">\r\n                                                                            <div class=\"tcode-es-artist-title\">\r\n                                                                                <a href=\"#\">\r\n                                                                                    Moderated by: Sara Dalledonne                                                                                <\/a>\r\n                                                                            <\/div>\r\n                                                                                                                                                            <div class=\"artist-position\">\r\n                                                                                    Research Fellow and Lead on Regulatory Affairs, European Space Policy Institute (ESPI)                                                                                <\/div>\r\n                                                                                                                                                        <div class=\"artist-content\">\r\n                                                                                <p><span style=\"font-weight: 400;\">Sara Dalledonne is a Research Fellow with the Lead on Regulatory Affairs at the European Space Policy Institute (ESPI), and she is the ESPI representative in Brussels. She is the Space Law expert reference at the University of Bologna in Italy, and a Member of the Support Committee for the Aviation &amp; Space Journal (ASJ). She is also the Lead for Networking &amp; Events at Women in Aerospace Europe (WIA-E) in Austria.\u00a0 Prior to joining ESPI, she worked as Research Assistant at the Institute of Air and Space Law at McGill University. She holds an L.L.M. in Air and Space Law from the McGill University, an L.L.M. in International Trade Law from ITCILO (University of Turin) and a 5-year Law degree from the University of Bologna. She also completed an ITU Training Course in Satellite Coordination Procedures and Filings.<\/span><\/p>\n                                                                            <\/div>\r\n                                                                        <\/div>\r\n                                                                    <\/div>\r\n                                                                <\/div>\r\n                                                            <\/div>\r\n                                                            <div class=\"col-xs-12 col-sm-10 col-sm-offset-2\">\r\n                                                                <div class=\"vcenter artist-image artist-single-row\">\r\n                                                                                                                                                                                                                    <img decoding=\"async\" class=\"img-responsive\" alt=\"Session 7: Navigating the Evolution of Space Sustainability and Space Traffic  Management image\" src=\"https:\/\/euspaceforum.com\/2025\/wp-content\/uploads\/2022\/09\/Sara-Dalledone-website-90x90.png\" \/>\r\n                                                                                                                                    <\/div>\r\n                                                                <div class=\"vcenter tcode-es-artist-title-container artist-single-row\">\r\n                                                                    <div class=\"tcode-es-artist-title\" style=\"color: ;\">\r\n                                                                        Moderated by: Sara Dalledonne                                                                    <\/div>\r\n                                                                                                                                            <div class=\"artist-position\" style=\"color: ;\">\r\n                                                                            Research Fellow and Lead on Regulatory Affairs, European Space Policy Institute (ESPI)                                                                        <\/div>\r\n                                                                                                                                    <\/div>\r\n                                                                                                                                                                                                    <div class=\"vcenter artist-social artist-single-row\">\r\n                                                                                                                                                    <a href=\"https:\/\/www.linkedin.com\/in\/saradalledonne\/\" target=\"_blank\" class=\"tcode-social-icon tcode-ico-linkedin\"><\/a>\r\n                                                                                                                                            <\/div>\r\n                                                                                                                            <\/div>\r\n                                                        <\/div>\r\n                                                                                                                                                <\/div>\r\n                                        <\/div>\r\n                                    <\/div>\r\n                                <\/div>\r\n                                                                                                                            <div style=\"background-color: #FFFFFF;\" class=\"row scheduled-event event-collapsed event-hidden event-20250703-5\" data-event=\"event-20250703-5\" data-date=\"2025-07-03\" data-location=\"\">\r\n                                    <div class=\"col-xs-12\">\r\n                                        <div class=\"row\">\r\n                                                                                        <div class=\"col-sm-2 col-xs-12 vcenter hidden-xs\">\r\n                                                                                                                                                            <div class=\"event-time visible-sm\" style=\"color: ;\">\r\n                                                            <span class=\"time-starts\">12:50<\/span>\r\n                                                                                                                            - <span class=\"time-ends\">13:05<\/span>\r\n                                                                                                                    <\/div>\r\n                                                                                                                                                <\/div><div class=\"col-sm-9 col-xs-10 vcenter\">\r\n                                                <div class=\"row\">\r\n                                                                                                            <div class=\"col-xs-12 visible-xs event-time\" style=\"color: ;\">\r\n                                                            <span class=\"time-starts\">12:50<\/span>\r\n                                                                                                                            - <span class=\"time-ends\">13:05<\/span>\r\n                                                                                                                    <\/div>\r\n                                                                                                        <div class=\"col-xs-12 event-title\" style=\"color: ;\">Keynote Presentation<\/div>\r\n                                                <\/div>\r\n                                            <\/div><div class=\"col-xs-2 col-sm-1 vcenter\">\r\n                                                <div class=\"event-icon pull-right\">\r\n                                                    <i class=\"tcode-ico-grot-down\" data-state=\"collapsed\" style=\"color: ;\"><\/i>\r\n                                                <\/div>\r\n                                            <\/div>\r\n                                        <\/div>\r\n                                        <div class=\"row event-excerpt\">\r\n                                            <div class=\"col-xs-12\">\r\n                                                                                                                                                                                                            <div class=\"row artist-row mobile\" data-effect=\"mfp-zoom-in\">\r\n                                                            <div class=\"tcode-artist-popover hidden\">\r\n                                                                <div>\r\n                                                                    <div class=\"row\">\r\n                                                                        <div class=\"col-xs-12 col-sm-4\">\r\n                                                                            <div class=\"artist-image center-block\">\r\n                                                                                                                                                                                                                                                        <img decoding=\"async\" class=\"img-responsive center-block\" alt=\"Keynote Presentation image\" src=\"https:\/\/euspaceforum.com\/2025\/wp-content\/uploads\/2022\/09\/Aarti-Holla-Maini-website-120x120.png\" \/>\r\n                                                                                                                                                            <\/div>\r\n                                                                                                                                                                                                                                        <div class=\"row artist-media text-center\">\r\n                                                                                                                                                                            <a href=\"https:\/\/www.linkedin.com\/in\/aarti-holla-maini-a6093a9\/\" target=\"_blank\" class=\"tcode-social-icon tcode-ico-linkedin\"><\/a>\r\n                                                                                                                                                                    <\/div>\r\n                                                                                                                                                    <\/div>\r\n                                                                        <div class=\"col-xs-12 col-sm-8 artist-details-container\">\r\n                                                                            <div class=\"tcode-es-artist-title\">\r\n                                                                                <a href=\"#\">\r\n                                                                                    Aarti Holla Maini                                                                                <\/a>\r\n                                                                            <\/div>\r\n                                                                                                                                                            <div class=\"artist-position\">\r\n                                                                                    Director, United Nations Office for Outer Space Affairs (UNOOSA)                                                                                 <\/div>\r\n                                                                                                                                                        <div class=\"artist-content\">\r\n                                                                                <p><span style=\"font-weight: 400;\">United Nations Secretary-General Ant\u00f3nio Guterres announced on 26 June 2023 the appointment of Aarti Holla-Maini of the United Kingdom as Director of the United Nations Office for Outer Space Affairs (UNOOSA) in Vienna.<\/span><\/p>\n<p><span style=\"font-weight: 400;\">She will succeed Simonetta Di Pippo of Italy, to whom the Secretary-General is grateful for her commitment and dedicated service to the Organization.\u00a0 The Secretary-General also wishes to extend his appreciation to the Chief, Committee, Policy and Legal Affairs Section, Niklas Hedman, who will continue to serve as Acting Director of UNOOSA until Ms. Holla-Maini assumes this position.<\/span><\/p>\n<p><span style=\"font-weight: 400;\">UNOOSA works to promote international cooperation in the peaceful use and exploration of space, and in the utilisation of space science and technology for sustainable economic and social development.<\/span><\/p>\n<p><span style=\"font-weight: 400;\">Ms. Holla-Maini brings to this position over 25 years of professional experience in the space sector including in managerial and advocacy functions.\u00a0 Most recently, she has held the role of Executive Vice-President Sustainability, Policy &amp; Impact at NorthStar Earth &amp; Space; prior to which she spent over 18 years as Secretary-General of the Global Satellite Operators Association.<\/span><\/p>\n<p><span style=\"font-weight: 400;\">Ms. Holla-Maini\u2019s experience includes service as a member of the World Economic Forum&#8217;s Global Future Council on Space; member of the Advisory Group of the Space Sustainability Rating managed by eSpace at the \u00c9cole Polytechnique F\u00e9d\u00e9rale de Lausanne (EPFL) Space Center; member of the Advisory Board of the Satellite Industry Association of India; Senior Space Policy Adviser to Forum Europe and as Expert Adviser on Space Traffic Management for European Union studies 2021-2023.\u00a0 She was also one of the chief architects of the Crisis Connectivity Charter established in 2015 for emergency telecommunications via satellite with the UN World Food Program\u2019s Emergency Telecommunications Cluster.<\/span><\/p>\n<p><span style=\"font-weight: 400;\">Ms. Holla-Maini holds a bachelor\u2019s degree in law with German law from Kings College London, UK, a master\u2019s degree in business administration from HEC Paris, France, and she is also an alumna of the International Space University. She is fluent in English, French, German and Punjabi and has moderate knowledge of Dutch.<\/span><\/p>\n                                                                            <\/div>\r\n                                                                        <\/div>\r\n                                                                    <\/div>\r\n                                                                <\/div>\r\n                                                            <\/div>\r\n                                                            <div class=\"col-xs-12 col-sm-10 col-sm-offset-2\">\r\n                                                                <div class=\"vcenter artist-image artist-single-row\">\r\n                                                                                                                                                                                                                    <img decoding=\"async\" class=\"img-responsive\" alt=\"Keynote Presentation image\" src=\"https:\/\/euspaceforum.com\/2025\/wp-content\/uploads\/2022\/09\/Aarti-Holla-Maini-website-90x90.png\" \/>\r\n                                                                                                                                    <\/div>\r\n                                                                <div class=\"vcenter tcode-es-artist-title-container artist-single-row\">\r\n                                                                    <div class=\"tcode-es-artist-title\" style=\"color: ;\">\r\n                                                                        Aarti Holla Maini                                                                    <\/div>\r\n                                                                                                                                            <div class=\"artist-position\" style=\"color: ;\">\r\n                                                                            Director, United Nations Office for Outer Space Affairs (UNOOSA)                                                                         <\/div>\r\n                                                                                                                                    <\/div>\r\n                                                                                                                                                                                                    <div class=\"vcenter artist-social artist-single-row\">\r\n                                                                                                                                                    <a href=\"https:\/\/www.linkedin.com\/in\/aarti-holla-maini-a6093a9\/\" target=\"_blank\" class=\"tcode-social-icon tcode-ico-linkedin\"><\/a>\r\n                                                                                                                                            <\/div>\r\n                                                                                                                            <\/div>\r\n                                                        <\/div>\r\n                                                                                                                                                <\/div>\r\n                                        <\/div>\r\n                                    <\/div>\r\n                                <\/div>\r\n                                                                                                                            <div style=\"background-color: #FFFFFF;\" class=\"row scheduled-event event-collapsed event-hidden event-20250703-6 hideExcerpt\" data-event=\"event-20250703-6\" data-date=\"2025-07-03\" data-location=\"\">\r\n                                    <div class=\"col-xs-12\">\r\n                                        <div class=\"row\">\r\n                                                                                        <div class=\"col-sm-2 col-xs-12 vcenter hidden-xs\">\r\n                                                                                                                                                            <div class=\"event-time visible-sm\" style=\"color: ;\">\r\n                                                            <span class=\"time-starts\">13:05<\/span>\r\n                                                                                                                            - <span class=\"time-ends\">14:00<\/span>\r\n                                                                                                                    <\/div>\r\n                                                                                                                                                <\/div><div class=\"col-sm-9 col-xs-10 vcenter\">\r\n                                                <div class=\"row\">\r\n                                                                                                            <div class=\"col-xs-12 visible-xs event-time\" style=\"color: ;\">\r\n                                                            <span class=\"time-starts\">13:05<\/span>\r\n                                                                                                                            - <span class=\"time-ends\">14:00<\/span>\r\n                                                                                                                    <\/div>\r\n                                                                                                        <div class=\"col-xs-12 event-title\" style=\"color: ;\">Lunch<\/div>\r\n                                                <\/div>\r\n                                            <\/div><div class=\"col-xs-2 col-sm-1 vcenter\">\r\n                                                <div class=\"event-icon pull-right\">\r\n                                                    <i class=\"tcode-ico-grot-down\" data-state=\"collapsed\" style=\"color: ;\"><\/i>\r\n                                                <\/div>\r\n                                            <\/div>\r\n                                        <\/div>\r\n                                        <div class=\"row event-excerpt\">\r\n                                            <div class=\"col-xs-12\">\r\n                                                                                                                                            <\/div>\r\n                                        <\/div>\r\n                                    <\/div>\r\n                                <\/div>\r\n                                                                                                                            <div style=\"background-color: #FFFFFF;\" class=\"row scheduled-event event-collapsed event-hidden event-20250703-7\" data-event=\"event-20250703-7\" data-date=\"2025-07-03\" data-location=\"\">\r\n                                    <div class=\"col-xs-12\">\r\n                                        <div class=\"row\">\r\n                                                                                        <div class=\"col-sm-2 col-xs-12 vcenter hidden-xs\">\r\n                                                                                                                                                            <div class=\"event-time visible-sm\" style=\"color: ;\">\r\n                                                            <span class=\"time-starts\">14:00<\/span>\r\n                                                                                                                            - <span class=\"time-ends\">15:05<\/span>\r\n                                                                                                                    <\/div>\r\n                                                                                                                                                <\/div><div class=\"col-sm-9 col-xs-10 vcenter\">\r\n                                                <div class=\"row\">\r\n                                                                                                            <div class=\"col-xs-12 visible-xs event-time\" style=\"color: ;\">\r\n                                                            <span class=\"time-starts\">14:00<\/span>\r\n                                                                                                                            - <span class=\"time-ends\">15:05<\/span>\r\n                                                                                                                    <\/div>\r\n                                                                                                        <div class=\"col-xs-12 event-title\" style=\"color: ;\">Session 8: International Space Diplomacy and Partnership: Collaboration for a  Better Tomorrow<\/div>\r\n                                                <\/div>\r\n                                            <\/div><div class=\"col-xs-2 col-sm-1 vcenter\">\r\n                                                <div class=\"event-icon pull-right\">\r\n                                                    <i class=\"tcode-ico-grot-down\" data-state=\"collapsed\" style=\"color: ;\"><\/i>\r\n                                                <\/div>\r\n                                            <\/div>\r\n                                        <\/div>\r\n                                        <div class=\"row event-excerpt\">\r\n                                            <div class=\"col-xs-12\">\r\n                                                                                                    <div class=\"row event-content\">\r\n                                                        <div class=\"col-sm-10 col-sm-offset-2 col-xs-12\" style=\"color: ;\">\r\n                                                            <p><span style=\"font-weight: 400;\">Europe\u2019s role in space is evolving, requiring a balance between collaboration, strategic autonomy, and global influence. Within its ecosystem, nations, firms, and agencies must work together while expanding international partnerships to remain competitive. As private actors gain prominence, public-private cooperation will be key. Meanwhile, Europe must navigate space governance to promote trust, prevent geopolitical tensions, and uphold space as a global commons. This session will explore how Europe can champion space as a domain for global cooperation rather than geopolitical rivalry and what role regulatory frameworks, such as the EU Space Act, might play in shaping the future of international space diplomacy. Looking ahead to 2030 and beyond, how should Europe define its vision, responsibilities and international partnerships in the evolving space ecosystem?<\/span><\/p>\n<p>&nbsp;<\/p>\n<ul>\n<li style=\"font-weight: 400;\" aria-level=\"1\"><span style=\"font-weight: 400;\">What is the state of cooperation and collaboration within the internal European ecosystem? How are nations, firms, and agencies co-existing and collaborating within Europe?\u00a0<\/span><\/li>\n<li style=\"font-weight: 400;\" aria-level=\"1\"><span style=\"font-weight: 400;\">How is Europe expanding partnerships with international actors to advance shared goals and remain a key player in the global space landscape?<\/span><\/li>\n<li style=\"font-weight: 400;\" aria-level=\"1\"><span style=\"font-weight: 400;\">How can Europe strike a balance between maintaining strategic autonomy and embracing the need for international collaborative space governance? How can nations balance strategic interests with the need for trust and transparency in international partnerships?<\/span><\/li>\n<li style=\"font-weight: 400;\" aria-level=\"1\"><span style=\"font-weight: 400;\">How can international partnerships ensure that space remains a global commons rather than a theater for geopolitical competition?<\/span><\/li>\n<li style=\"font-weight: 400;\" aria-level=\"1\"><span style=\"font-weight: 400;\">Amid shifting global space paradigm, how are European partners building relationships with private actors globally? How crucial are these partnerships in maintaining Europe\u2019s seat at the table?\u00a0<\/span><\/li>\n<li style=\"font-weight: 400;\" aria-level=\"1\"><span style=\"font-weight: 400;\">How can space be used to build bridges and usher in a new age of global cooperation, particularly with non-traditional and emerging powers? Should greater priority be attached to these relationships?\u00a0<\/span><\/li>\n<li style=\"font-weight: 400;\" aria-level=\"1\"><span style=\"font-weight: 400;\">What role might the EU Space Act serve in the future of international space diplomacy?\u00a0<\/span><\/li>\n<li style=\"font-weight: 400;\" aria-level=\"1\"><span style=\"font-weight: 400;\">What should Europe\u2019s long-term vision be for its role in international space diplomacy by 2030 and beyond?<\/span><\/li>\n<\/ul>\n                                                        <\/div>\r\n                                                    <\/div>\r\n                                                                                                                                                                                                            <div class=\"row artist-row mobile\" data-effect=\"mfp-zoom-in\">\r\n                                                            <div class=\"tcode-artist-popover hidden\">\r\n                                                                <div>\r\n                                                                    <div class=\"row\">\r\n                                                                        <div class=\"col-xs-12 col-sm-4\">\r\n                                                                            <div class=\"artist-image center-block\">\r\n                                                                                                                                                                                                                                                        <img decoding=\"async\" class=\"img-responsive center-block\" alt=\"Session 8: International Space Diplomacy and Partnership: Collaboration for a  Better Tomorrow image\" src=\"https:\/\/euspaceforum.com\/2025\/wp-content\/uploads\/2022\/09\/Astrid-Christina-Koch-WebsiteMailing-120x120.png\" \/>\r\n                                                                                                                                                            <\/div>\r\n                                                                                                                                                                                                                                        <div class=\"row artist-media text-center\">\r\n                                                                                                                                                                            <a href=\"https:\/\/www.linkedin.com\/in\/astrid-christina-koch-3a7ba513\/?originalSubdomain=be\" target=\"_blank\" class=\"tcode-social-icon tcode-ico-linkedin\"><\/a>\r\n                                                                                                                                                                    <\/div>\r\n                                                                                                                                                    <\/div>\r\n                                                                        <div class=\"col-xs-12 col-sm-8 artist-details-container\">\r\n                                                                            <div class=\"tcode-es-artist-title\">\r\n                                                                                <a href=\"#\">\r\n                                                                                    Astrid-Christina Koch                                                                                <\/a>\r\n                                                                            <\/div>\r\n                                                                                                                                                            <div class=\"artist-position\">\r\n                                                                                    Senior Expert, Space Data Economy and International Cooperation, DG DEFIS, European Commission                                                                                <\/div>\r\n                                                                                                                                                        <div class=\"artist-content\">\r\n                                                                                <p><span style=\"font-weight: 400;\">Astrid-Christina Koch is Senior Expert in the DG Defence Industry and Space (DEFIS) of the European Commission. She works on the international dimension of the EU Space Programme together with European and International partners. She is the point of contact for the Committee on Earth Observation Satellites (CEOS) in DG DEFIS and is supporting cooperation on Copernicus worldwide. From 2007 \u2013 2012 she served as science diplomat in the EU Delegation to the United States in Washington DC promoting transatlantic science and space cooperation. She started her career in the Commission in DG RTD in the unit for advanced materials. During that time she developed the instrument of \u2018coordinated\/joint calls\u2019 with third countries within the 7<\/span><span style=\"font-weight: 400;\">th<\/span><span style=\"font-weight: 400;\"> Framework Programme for Research &amp; Innovation (FP7), notably with the U.S. National Science Foundation (NSF). Before joining the Commission, she worked as deputy policy coordinator of the five German Customs Laboratories in Germany at the Ministry of Finance, and was the German Delegate to the TAXUD Customs Nomenclature Committee and the Science Committee of the World Customs Organisation. She promoted the development of the European Customs Chemists Network. Astrid is an organic preparative chemist &amp; and received a Ph.D. in Natural Science from the Christian \u2013 Albrechts University in Kiel\/Germany.<\/span><\/p>\n                                                                            <\/div>\r\n                                                                        <\/div>\r\n                                                                    <\/div>\r\n                                                                <\/div>\r\n                                                            <\/div>\r\n                                                            <div class=\"col-xs-12 col-sm-10 col-sm-offset-2\">\r\n                                                                <div class=\"vcenter artist-image artist-single-row\">\r\n                                                                                                                                                                                                                    <img decoding=\"async\" class=\"img-responsive\" alt=\"Session 8: International Space Diplomacy and Partnership: Collaboration for a  Better Tomorrow image\" src=\"https:\/\/euspaceforum.com\/2025\/wp-content\/uploads\/2022\/09\/Astrid-Christina-Koch-WebsiteMailing-90x90.png\" \/>\r\n                                                                                                                                    <\/div>\r\n                                                                <div class=\"vcenter tcode-es-artist-title-container artist-single-row\">\r\n                                                                    <div class=\"tcode-es-artist-title\" style=\"color: ;\">\r\n                                                                        Astrid-Christina Koch                                                                    <\/div>\r\n                                                                                                                                            <div class=\"artist-position\" style=\"color: ;\">\r\n                                                                            Senior Expert, Space Data Economy and International Cooperation, DG DEFIS, European Commission                                                                        <\/div>\r\n                                                                                                                                    <\/div>\r\n                                                                                                                                                                                                    <div class=\"vcenter artist-social artist-single-row\">\r\n                                                                                                                                                    <a href=\"https:\/\/www.linkedin.com\/in\/astrid-christina-koch-3a7ba513\/?originalSubdomain=be\" target=\"_blank\" class=\"tcode-social-icon tcode-ico-linkedin\"><\/a>\r\n                                                                                                                                            <\/div>\r\n                                                                                                                            <\/div>\r\n                                                        <\/div>\r\n                                                                                                            <div class=\"row artist-row mobile\" data-effect=\"mfp-zoom-in\">\r\n                                                            <div class=\"tcode-artist-popover hidden\">\r\n                                                                <div>\r\n                                                                    <div class=\"row\">\r\n                                                                        <div class=\"col-xs-12 col-sm-4\">\r\n                                                                            <div class=\"artist-image center-block\">\r\n                                                                                                                                                                                                                                                        <img decoding=\"async\" class=\"img-responsive center-block\" alt=\"Session 8: International Space Diplomacy and Partnership: Collaboration for a  Better Tomorrow image\" src=\"https:\/\/euspaceforum.com\/2025\/wp-content\/uploads\/2022\/09\/Thomas-Weissenberg-WebsiteMailing-120x120.png\" \/>\r\n                                                                                                                                                            <\/div>\r\n                                                                                                                                                                                                                                <\/div>\r\n                                                                        <div class=\"col-xs-12 col-sm-8 artist-details-container\">\r\n                                                                            <div class=\"tcode-es-artist-title\">\r\n                                                                                <a href=\"#\">\r\n                                                                                    Thomas Weissenberg                                                                                <\/a>\r\n                                                                            <\/div>\r\n                                                                                                                                                            <div class=\"artist-position\">\r\n                                                                                    Administrator, External Relations Department, ESA                                                                                <\/div>\r\n                                                                                                                                                        <div class=\"artist-content\">\r\n                                                                                <p><span style=\"font-weight: 400;\">An economist by profession, Thomas Weissenberg entered the space arena in 2002 as an administrator of international relations at the German Aerospace Center, DLR. Following a few years working in the industrial policy domain of the German Space Agency, Thomas became Head of International Relations at DLR in 2010. In 2016, Thomas Weissenberg joined ESA again supporting its relations with international partners. Since then, Thomas served as ESA\u2019s representative at COPUOS, as Secretary of ESA\u2019s International Relations Committee and takes care of partnering with several regions of the world.<\/span><\/p>\n                                                                            <\/div>\r\n                                                                        <\/div>\r\n                                                                    <\/div>\r\n                                                                <\/div>\r\n                                                            <\/div>\r\n                                                            <div class=\"col-xs-12 col-sm-10 col-sm-offset-2\">\r\n                                                                <div class=\"vcenter artist-image artist-single-row\">\r\n                                                                                                                                                                                                                    <img decoding=\"async\" class=\"img-responsive\" alt=\"Session 8: International Space Diplomacy and Partnership: Collaboration for a  Better Tomorrow image\" src=\"https:\/\/euspaceforum.com\/2025\/wp-content\/uploads\/2022\/09\/Thomas-Weissenberg-WebsiteMailing-90x90.png\" \/>\r\n                                                                                                                                    <\/div>\r\n                                                                <div class=\"vcenter tcode-es-artist-title-container artist-single-row\">\r\n                                                                    <div class=\"tcode-es-artist-title\" style=\"color: ;\">\r\n                                                                        Thomas Weissenberg                                                                    <\/div>\r\n                                                                                                                                            <div class=\"artist-position\" style=\"color: ;\">\r\n                                                                            Administrator, External Relations Department, ESA                                                                        <\/div>\r\n                                                                                                                                    <\/div>\r\n                                                                                                                                                                                            <\/div>\r\n                                                        <\/div>\r\n                                                                                                            <div class=\"row artist-row mobile\" data-effect=\"mfp-zoom-in\">\r\n                                                            <div class=\"tcode-artist-popover hidden\">\r\n                                                                <div>\r\n                                                                    <div class=\"row\">\r\n                                                                        <div class=\"col-xs-12 col-sm-4\">\r\n                                                                            <div class=\"artist-image center-block\">\r\n                                                                                                                                                                                                                                                        <img decoding=\"async\" class=\"img-responsive center-block\" alt=\"Session 8: International Space Diplomacy and Partnership: Collaboration for a  Better Tomorrow image\" src=\"https:\/\/euspaceforum.com\/2025\/wp-content\/uploads\/2022\/09\/Tidiane-Ouattara-WebsiteMailing-120x120.png\" \/>\r\n                                                                                                                                                            <\/div>\r\n                                                                                                                                                                                                                                        <div class=\"row artist-media text-center\">\r\n                                                                                                                                                                            <a href=\"https:\/\/www.linkedin.com\/in\/tidianeouattara\/\" target=\"_blank\" class=\"tcode-social-icon tcode-ico-linkedin\"><\/a>\r\n                                                                                                                                                                    <\/div>\r\n                                                                                                                                                    <\/div>\r\n                                                                        <div class=\"col-xs-12 col-sm-8 artist-details-container\">\r\n                                                                            <div class=\"tcode-es-artist-title\">\r\n                                                                                <a href=\"#\">\r\n                                                                                    H.E. Dr. Tidiane Ouattara                                                                                <\/a>\r\n                                                                            <\/div>\r\n                                                                                                                                                            <div class=\"artist-position\">\r\n                                                                                    President, African Space Council                                                                                <\/div>\r\n                                                                                                                                                        <div class=\"artist-content\">\r\n                                                                                <p><span style=\"font-weight: 400;\">Versatile bilingual professional with more than 24 years of experience in academia, private and public sectors in Canada, International organisation and abroad. Positions held span across strategic policy, program, research and operational dimensions. Fields of experience include leadership roles in space, program design and delivery, science and policy integration, geospatial data analysis and management (remote sensing and Geographical Information system (GIS)), environment (water erosion, wildlife conservation, landscape assessment and planning), R&amp;D, knowledge management and international relations. Accomplishments include:<\/span><\/p>\n<ul>\n<li><span style=\"font-weight: 400;\"> Mobilized national and international stakeholders with diverging interests;<\/span><\/li>\n<li><span style=\"font-weight: 400;\"> Delivered strategic approaches and innovation in multidisciplinary contexts;<\/span><\/li>\n<li><span style=\"font-weight: 400;\"> Exercised full accountabilities for HR and financial resources (20+ FTEs and $ 40 million) for several years; and<\/span><\/li>\n<li><span style=\"font-weight: 400;\"> Led organizational transformations from inception to full operations<\/span><\/li>\n<\/ul>\n                                                                            <\/div>\r\n                                                                        <\/div>\r\n                                                                    <\/div>\r\n                                                                <\/div>\r\n                                                            <\/div>\r\n                                                            <div class=\"col-xs-12 col-sm-10 col-sm-offset-2\">\r\n                                                                <div class=\"vcenter artist-image artist-single-row\">\r\n                                                                                                                                                                                                                    <img decoding=\"async\" class=\"img-responsive\" alt=\"Session 8: International Space Diplomacy and Partnership: Collaboration for a  Better Tomorrow image\" src=\"https:\/\/euspaceforum.com\/2025\/wp-content\/uploads\/2022\/09\/Tidiane-Ouattara-WebsiteMailing-90x90.png\" \/>\r\n                                                                                                                                    <\/div>\r\n                                                                <div class=\"vcenter tcode-es-artist-title-container artist-single-row\">\r\n                                                                    <div class=\"tcode-es-artist-title\" style=\"color: ;\">\r\n                                                                        H.E. Dr. Tidiane Ouattara                                                                    <\/div>\r\n                                                                                                                                            <div class=\"artist-position\" style=\"color: ;\">\r\n                                                                            President, African Space Council                                                                        <\/div>\r\n                                                                                                                                    <\/div>\r\n                                                                                                                                                                                                    <div class=\"vcenter artist-social artist-single-row\">\r\n                                                                                                                                                    <a href=\"https:\/\/www.linkedin.com\/in\/tidianeouattara\/\" target=\"_blank\" class=\"tcode-social-icon tcode-ico-linkedin\"><\/a>\r\n                                                                                                                                            <\/div>\r\n                                                                                                                            <\/div>\r\n                                                        <\/div>\r\n                                                                                                            <div class=\"row artist-row mobile\" data-effect=\"mfp-zoom-in\">\r\n                                                            <div class=\"tcode-artist-popover hidden\">\r\n                                                                <div>\r\n                                                                    <div class=\"row\">\r\n                                                                        <div class=\"col-xs-12 col-sm-4\">\r\n                                                                            <div class=\"artist-image center-block\">\r\n                                                                                                                                                                                                                                                        <img decoding=\"async\" class=\"img-responsive center-block\" alt=\"Session 8: International Space Diplomacy and Partnership: Collaboration for a  Better Tomorrow image\" src=\"https:\/\/euspaceforum.com\/2025\/wp-content\/uploads\/2022\/09\/Caitlin-Poling-WebsiteMailing-120x120.png\" \/>\r\n                                                                                                                                                            <\/div>\r\n                                                                                                                                                                                                                                        <div class=\"row artist-media text-center\">\r\n                                                                                                                                                                            <a href=\"https:\/\/www.linkedin.com\/in\/caitlin-poling\/\" target=\"_blank\" class=\"tcode-social-icon tcode-ico-linkedin\"><\/a>\r\n                                                                                                                                                                    <\/div>\r\n                                                                                                                                                    <\/div>\r\n                                                                        <div class=\"col-xs-12 col-sm-8 artist-details-container\">\r\n                                                                            <div class=\"tcode-es-artist-title\">\r\n                                                                                <a href=\"#\">\r\n                                                                                    Caitlin Poling                                                                                <\/a>\r\n                                                                            <\/div>\r\n                                                                                                                                                            <div class=\"artist-position\">\r\n                                                                                    Foreign Affairs Officer, Office of Space Affairs, U.S. Department of State                                                                                <\/div>\r\n                                                                                                                                                        <div class=\"artist-content\">\r\n                                                                                <p><span style=\"font-weight: 400;\">Ms. Caitlin Poling is a Foreign Affairs Officer in the Office of Space Affairs in the U.S. State Department\u2019s Bureau of Oceans, International Environmental, and Scientific Affairs. In this role, she works to advance civil and commercial space diplomacy covering Europe, space resources, and the U.N. Committee on Peaceful Uses of Outer Space (UNCOPUOS).\u00a0 Previously, Ms. Poling served as a Political Specialist for the Multilateral and Technical Affairs Section of the U.S. Mission to International Organizations in Vienna (UNVIE), where she worked on the peaceful uses of outer space and Comprehensive Nuclear Test Ban Treaty Organization portfolios and served on the U.S. delegation to the CTBTO Preparatory Commission and UNCOPUOS. A veteran of Capitol Hill, Ms. Poling most recently served as National Security Advisor to Senator David Perdue (Georgia). In this role, her portfolio included foreign relations, defense, cyber security, and international trade issues. Previously, Ms. Poling served as Director of Government Relations at the Foreign Policy Initiative, a DC-based think tank, where she also wrote on Africa and counterterrorism policy. Her work has been published in <\/span><i><span style=\"font-weight: 400;\">U.S. News and World Report<\/span><\/i><span style=\"font-weight: 400;\">, <\/span><i><span style=\"font-weight: 400;\">The Weekly Standard<\/span><\/i><span style=\"font-weight: 400;\">, <\/span><i><span style=\"font-weight: 400;\">Huffington Post<\/span><\/i><span style=\"font-weight: 400;\">, <\/span><i><span style=\"font-weight: 400;\">State Magazine,<\/span><\/i><span style=\"font-weight: 400;\"> and <\/span><i><span style=\"font-weight: 400;\">e-International Relations<\/span><\/i><span style=\"font-weight: 400;\">. Ms. Poling spent four years in the U.S. House of Representatives, most recently working on foreign policy and homeland security for then-Congressman Mike Pompeo (KS-04).<\/span><\/p>\n<p><span style=\"font-weight: 400;\">Ms. Poling graduated with honors from Georgetown University with a master\u2019s degree in international security studies in 2012. She wrote her master\u2019s thesis on Boko Haram and affiliated terrorist groups in the Sahel. Caitlin graduated <\/span><i><span style=\"font-weight: 400;\">summa cum laude<\/span><\/i><span style=\"font-weight: 400;\"> from Ashland University in Ohio with a Bachelor of Arts in Political Science, International Studies, and French (minor: International Business) and was a John M. Ashbrook Scholar.<\/span><\/p>\n                                                                            <\/div>\r\n                                                                        <\/div>\r\n                                                                    <\/div>\r\n                                                                <\/div>\r\n                                                            <\/div>\r\n                                                            <div class=\"col-xs-12 col-sm-10 col-sm-offset-2\">\r\n                                                                <div class=\"vcenter artist-image artist-single-row\">\r\n                                                                                                                                                                                                                    <img decoding=\"async\" class=\"img-responsive\" alt=\"Session 8: International Space Diplomacy and Partnership: Collaboration for a  Better Tomorrow image\" src=\"https:\/\/euspaceforum.com\/2025\/wp-content\/uploads\/2022\/09\/Caitlin-Poling-WebsiteMailing-90x90.png\" \/>\r\n                                                                                                                                    <\/div>\r\n                                                                <div class=\"vcenter tcode-es-artist-title-container artist-single-row\">\r\n                                                                    <div class=\"tcode-es-artist-title\" style=\"color: ;\">\r\n                                                                        Caitlin Poling                                                                    <\/div>\r\n                                                                                                                                            <div class=\"artist-position\" style=\"color: ;\">\r\n                                                                            Foreign Affairs Officer, Office of Space Affairs, U.S. Department of State                                                                        <\/div>\r\n                                                                                                                                    <\/div>\r\n                                                                                                                                                                                                    <div class=\"vcenter artist-social artist-single-row\">\r\n                                                                                                                                                    <a href=\"https:\/\/www.linkedin.com\/in\/caitlin-poling\/\" target=\"_blank\" class=\"tcode-social-icon tcode-ico-linkedin\"><\/a>\r\n                                                                                                                                            <\/div>\r\n                                                                                                                            <\/div>\r\n                                                        <\/div>\r\n                                                                                                            <div class=\"row artist-row mobile\" data-effect=\"mfp-zoom-in\">\r\n                                                            <div class=\"tcode-artist-popover hidden\">\r\n                                                                <div>\r\n                                                                    <div class=\"row\">\r\n                                                                        <div class=\"col-xs-12 col-sm-4\">\r\n                                                                            <div class=\"artist-image center-block\">\r\n                                                                                                                                                                                                                                                        <img decoding=\"async\" class=\"img-responsive center-block\" alt=\"Session 8: International Space Diplomacy and Partnership: Collaboration for a  Better Tomorrow image\" src=\"https:\/\/euspaceforum.com\/2025\/wp-content\/uploads\/2022\/09\/Anica-Huck-WebsiteMailing-120x120.png\" \/>\r\n                                                                                                                                                            <\/div>\r\n                                                                                                                                                                                                                                        <div class=\"row artist-media text-center\">\r\n                                                                                                                                                                            <a href=\"https:\/\/www.linkedin.com\/in\/anica-huck-255044b\/\" target=\"_blank\" class=\"tcode-social-icon tcode-ico-linkedin\"><\/a>\r\n                                                                                                                                                                    <\/div>\r\n                                                                                                                                                    <\/div>\r\n                                                                        <div class=\"col-xs-12 col-sm-8 artist-details-container\">\r\n                                                                            <div class=\"tcode-es-artist-title\">\r\n                                                                                <a href=\"#\">\r\n                                                                                    Anica Huck                                                                                <\/a>\r\n                                                                            <\/div>\r\n                                                                                                                                                            <div class=\"artist-position\">\r\n                                                                                    Senior Manager Government Affairs Manager, European Space Imaging                                                                                <\/div>\r\n                                                                                                                                                        <div class=\"artist-content\">\r\n                                                                                <p><span style=\"font-weight: 400;\">Ms. Anica Huck joined European Space Imaging in September 2024 taking on the role of the Senior Manager Government Affairs Manager. Her role includes interaction with European Organisations and national government agencies, policy analysis and participation in industry associations. She has more than15 years of experience in Earth Observation (EO) having worked for the Helmholtz Centre for Environmental Research, the European Space Agency, the European Commission and Planet. She has worked across the whole chain from data analytics to policy development helping to untap the potential of EO data to enabling policy makers, scientists, the private sector, and civil society to address social and environmental challenges.<\/span><\/p>\n                                                                            <\/div>\r\n                                                                        <\/div>\r\n                                                                    <\/div>\r\n                                                                <\/div>\r\n                                                            <\/div>\r\n                                                            <div class=\"col-xs-12 col-sm-10 col-sm-offset-2\">\r\n                                                                <div class=\"vcenter artist-image artist-single-row\">\r\n                                                                                                                                                                                                                    <img decoding=\"async\" class=\"img-responsive\" alt=\"Session 8: International Space Diplomacy and Partnership: Collaboration for a  Better Tomorrow image\" src=\"https:\/\/euspaceforum.com\/2025\/wp-content\/uploads\/2022\/09\/Anica-Huck-WebsiteMailing-90x90.png\" \/>\r\n                                                                                                                                    <\/div>\r\n                                                                <div class=\"vcenter tcode-es-artist-title-container artist-single-row\">\r\n                                                                    <div class=\"tcode-es-artist-title\" style=\"color: ;\">\r\n                                                                        Anica Huck                                                                    <\/div>\r\n                                                                                                                                            <div class=\"artist-position\" style=\"color: ;\">\r\n                                                                            Senior Manager Government Affairs Manager, European Space Imaging                                                                        <\/div>\r\n                                                                                                                                    <\/div>\r\n                                                                                                                                                                                                    <div class=\"vcenter artist-social artist-single-row\">\r\n                                                                                                                                                    <a href=\"https:\/\/www.linkedin.com\/in\/anica-huck-255044b\/\" target=\"_blank\" class=\"tcode-social-icon tcode-ico-linkedin\"><\/a>\r\n                                                                                                                                            <\/div>\r\n                                                                                                                            <\/div>\r\n                                                        <\/div>\r\n                                                                                                            <div class=\"row artist-row mobile\" data-effect=\"mfp-zoom-in\">\r\n                                                            <div class=\"tcode-artist-popover hidden\">\r\n                                                                <div>\r\n                                                                    <div class=\"row\">\r\n                                                                        <div class=\"col-xs-12 col-sm-4\">\r\n                                                                            <div class=\"artist-image center-block\">\r\n                                                                                                                                                                                                                                                        <img decoding=\"async\" class=\"img-responsive center-block\" alt=\"Session 8: International Space Diplomacy and Partnership: Collaboration for a  Better Tomorrow image\" src=\"https:\/\/euspaceforum.com\/2025\/wp-content\/uploads\/2022\/09\/Kait-Bolongaro-WebsiteMailing-120x120.png\" \/>\r\n                                                                                                                                                            <\/div>\r\n                                                                                                                                                                                                                                        <div class=\"row artist-media text-center\">\r\n                                                                                                                                                                            <a href=\"https:\/\/www.linkedin.com\/in\/kait-bolongaro-2941362b\/\" target=\"_blank\" class=\"tcode-social-icon tcode-ico-linkedin\"><\/a>\r\n                                                                                                                                                                    <\/div>\r\n                                                                                                                                                    <\/div>\r\n                                                                        <div class=\"col-xs-12 col-sm-8 artist-details-container\">\r\n                                                                            <div class=\"tcode-es-artist-title\">\r\n                                                                                <a href=\"#\">\r\n                                                                                    Moderated by: Kait Bolongaro                                                                                <\/a>\r\n                                                                            <\/div>\r\n                                                                                                                                                            <div class=\"artist-position\">\r\n                                                                                    Managing Editor for Europe, MLex                                                                                <\/div>\r\n                                                                                                                                                        <div class=\"artist-content\">\r\n                                                                                <p><span style=\"font-weight: 400;\">Kait is the Managing Editor at MLex in Europe, where she leads a 25-strong editorial team covering a wide range of policy beats out of Brussels and London. She joined MLex in 2021 as the Senior Editor for the EU and UK. She previously worked as a reporter covering Canadian politics for Bloomberg and EU policy for Politico Europe. She was also a freelancer, reporting on politics, society, business and culture from five continents for outlets such as the BBC, the Guardian, VICE and Al Jazeera. Her reporting has won three prizes, including a silver medal from the United Nations Correspondents Association Global Prize on Climate Change in 2017 and a gold medal at the Canada Best in Business Awards from the Society of American Business Editors and Writers in 2021.<\/span><\/p>\n                                                                            <\/div>\r\n                                                                        <\/div>\r\n                                                                    <\/div>\r\n                                                                <\/div>\r\n                                                            <\/div>\r\n                                                            <div class=\"col-xs-12 col-sm-10 col-sm-offset-2\">\r\n                                                                <div class=\"vcenter artist-image artist-single-row\">\r\n                                                                                                                                                                                                                    <img decoding=\"async\" class=\"img-responsive\" alt=\"Session 8: International Space Diplomacy and Partnership: Collaboration for a  Better Tomorrow image\" src=\"https:\/\/euspaceforum.com\/2025\/wp-content\/uploads\/2022\/09\/Kait-Bolongaro-WebsiteMailing-90x90.png\" \/>\r\n                                                                                                                                    <\/div>\r\n                                                                <div class=\"vcenter tcode-es-artist-title-container artist-single-row\">\r\n                                                                    <div class=\"tcode-es-artist-title\" style=\"color: ;\">\r\n                                                                        Moderated by: Kait Bolongaro                                                                    <\/div>\r\n                                                                                                                                            <div class=\"artist-position\" style=\"color: ;\">\r\n                                                                            Managing Editor for Europe, MLex                                                                        <\/div>\r\n                                                                                                                                    <\/div>\r\n                                                                                                                                                                                                    <div class=\"vcenter artist-social artist-single-row\">\r\n                                                                                                                                                    <a href=\"https:\/\/www.linkedin.com\/in\/kait-bolongaro-2941362b\/\" target=\"_blank\" class=\"tcode-social-icon tcode-ico-linkedin\"><\/a>\r\n                                                                                                                                            <\/div>\r\n                                                                                                                            <\/div>\r\n                                                        <\/div>\r\n                                                                                                                                                <\/div>\r\n                                        <\/div>\r\n                                    <\/div>\r\n                                <\/div>\r\n                                                                                                                            <div style=\"background-color: #FFFFFF;\" class=\"row scheduled-event event-collapsed event-hidden event-20250703-8\" data-event=\"event-20250703-8\" data-date=\"2025-07-03\" data-location=\"\">\r\n                                    <div class=\"col-xs-12\">\r\n                                        <div class=\"row\">\r\n                                                                                        <div class=\"col-sm-2 col-xs-12 vcenter hidden-xs\">\r\n                                                                                                                                                            <div class=\"event-time visible-sm\" style=\"color: ;\">\r\n                                                            <span class=\"time-starts\">15:05<\/span>\r\n                                                                                                                            - <span class=\"time-ends\">15:20<\/span>\r\n                                                                                                                    <\/div>\r\n                                                                                                                                                <\/div><div class=\"col-sm-9 col-xs-10 vcenter\">\r\n                                                <div class=\"row\">\r\n                                                                                                            <div class=\"col-xs-12 visible-xs event-time\" style=\"color: ;\">\r\n                                                            <span class=\"time-starts\">15:05<\/span>\r\n                                                                                                                            - <span class=\"time-ends\">15:20<\/span>\r\n                                                                                                                    <\/div>\r\n                                                                                                        <div class=\"col-xs-12 event-title\" style=\"color: ;\">Keynote Presentation: The Digital Networks Act<\/div>\r\n                                                <\/div>\r\n                                            <\/div><div class=\"col-xs-2 col-sm-1 vcenter\">\r\n                                                <div class=\"event-icon pull-right\">\r\n                                                    <i class=\"tcode-ico-grot-down\" data-state=\"collapsed\" style=\"color: ;\"><\/i>\r\n                                                <\/div>\r\n                                            <\/div>\r\n                                        <\/div>\r\n                                        <div class=\"row event-excerpt\">\r\n                                            <div class=\"col-xs-12\">\r\n                                                                                                                                                                                                            <div class=\"row artist-row mobile\" data-effect=\"mfp-zoom-in\">\r\n                                                            <div class=\"tcode-artist-popover hidden\">\r\n                                                                <div>\r\n                                                                    <div class=\"row\">\r\n                                                                        <div class=\"col-xs-12 col-sm-4\">\r\n                                                                            <div class=\"artist-image center-block\">\r\n                                                                                                                                                                                                                                                        <img decoding=\"async\" class=\"img-responsive center-block\" alt=\"Keynote Presentation: The Digital Networks Act image\" src=\"https:\/\/euspaceforum.com\/2025\/wp-content\/uploads\/2022\/09\/Kamila-Kloc-WebsiteMailing-120x120.png\" \/>\r\n                                                                                                                                                            <\/div>\r\n                                                                                                                                                                                                                                        <div class=\"row artist-media text-center\">\r\n                                                                                                                                                                            <a href=\"https:\/\/www.linkedin.com\/in\/kamakloc\/?originalSubdomain=be\" target=\"_blank\" class=\"tcode-social-icon tcode-ico-linkedin\"><\/a>\r\n                                                                                                                                                                    <\/div>\r\n                                                                                                                                                    <\/div>\r\n                                                                        <div class=\"col-xs-12 col-sm-8 artist-details-container\">\r\n                                                                            <div class=\"tcode-es-artist-title\">\r\n                                                                                <a href=\"#\">\r\n                                                                                    Kamila Kloc                                                                                <\/a>\r\n                                                                            <\/div>\r\n                                                                                                                                                            <div class=\"artist-position\">\r\n                                                                                    Director, Digital Decade and Connectivity, DG CONNECT, European Commission                                                                                <\/div>\r\n                                                                                                                                                        <div class=\"artist-content\">\r\n                                                                                <p><span style=\"font-weight: 400;\">Dr Kamila Kloc joined the European Commission in December 2004.<\/span><\/p>\n<p><span style=\"font-weight: 400;\">As of July 2023 Kamila was nominated as the Director of Directorate B Digital Decade and Connectivity of Directorate General for Communications Networks, Content and Technology (DG CONNECT) after acting in this position from February 2023. She held a position of the Head of Markets&#8217; Unit in the same Directorate from 2019.<\/span><\/p>\n<p><span style=\"font-weight: 400;\">Previously she served as Deputy Head of Cabinet for Vice President Ansip responsible for Digital Single Market. Prior to joining the Cabinet, she worked at Directorate General for Energy coordinating exemptions from regulatory access rules for gas pipelines. During the Polish Presidency in 2011, she was seconded by the Commission to the President\u2019s office of the Polish Energy Regulatory Authority.<\/span><\/p>\n<p><span style=\"font-weight: 400;\">Earlier, she worked for 5 years at the Directorate General for Competition dealing with merger and antitrust cases.<\/span><\/p>\n<p><span style=\"font-weight: 400;\">Prior to joining the Commission, she was employed at the Office for Competition and Consumer Protection in Poland as Adviser to the President. Kamila Kloc started her professional career in academia and taught at the Warsaw School of Economics as Assistant Professor. She has written her PhD on the role of competition policy in the public utilities sector with a special emphasis on telecommunications. She was a Fulbright scholar at the University of California in Berkeley and a Chevening fellow at Oxford University.\u00a0<\/span><\/p>\n<p>&nbsp;<\/p>\n                                                                            <\/div>\r\n                                                                        <\/div>\r\n                                                                    <\/div>\r\n                                                                <\/div>\r\n                                                            <\/div>\r\n                                                            <div class=\"col-xs-12 col-sm-10 col-sm-offset-2\">\r\n                                                                <div class=\"vcenter artist-image artist-single-row\">\r\n                                                                                                                                                                                                                    <img decoding=\"async\" class=\"img-responsive\" alt=\"Keynote Presentation: The Digital Networks Act image\" src=\"https:\/\/euspaceforum.com\/2025\/wp-content\/uploads\/2022\/09\/Kamila-Kloc-WebsiteMailing-90x90.png\" \/>\r\n                                                                                                                                    <\/div>\r\n                                                                <div class=\"vcenter tcode-es-artist-title-container artist-single-row\">\r\n                                                                    <div class=\"tcode-es-artist-title\" style=\"color: ;\">\r\n                                                                        Kamila Kloc                                                                    <\/div>\r\n                                                                                                                                            <div class=\"artist-position\" style=\"color: ;\">\r\n                                                                            Director, Digital Decade and Connectivity, DG CONNECT, European Commission                                                                        <\/div>\r\n                                                                                                                                    <\/div>\r\n                                                                                                                                                                                                    <div class=\"vcenter artist-social artist-single-row\">\r\n                                                                                                                                                    <a href=\"https:\/\/www.linkedin.com\/in\/kamakloc\/?originalSubdomain=be\" target=\"_blank\" class=\"tcode-social-icon tcode-ico-linkedin\"><\/a>\r\n                                                                                                                                            <\/div>\r\n                                                                                                                            <\/div>\r\n                                                        <\/div>\r\n                                                                                                                                                <\/div>\r\n                                        <\/div>\r\n                                    <\/div>\r\n                                <\/div>\r\n                                                                                                                            <div style=\"background-color: #FFFFFF;\" class=\"row scheduled-event event-collapsed event-hidden event-20250703-9\" data-event=\"event-20250703-9\" data-date=\"2025-07-03\" data-location=\"\">\r\n                                    <div class=\"col-xs-12\">\r\n                                        <div class=\"row\">\r\n                                                                                        <div class=\"col-sm-2 col-xs-12 vcenter hidden-xs\">\r\n                                                                                                                                                            <div class=\"event-time visible-sm\" style=\"color: ;\">\r\n                                                            <span class=\"time-starts\">15:20<\/span>\r\n                                                                                                                            - <span class=\"time-ends\">15:35<\/span>\r\n                                                                                                                    <\/div>\r\n                                                                                                                                                <\/div><div class=\"col-sm-9 col-xs-10 vcenter\">\r\n                                                <div class=\"row\">\r\n                                                                                                            <div class=\"col-xs-12 visible-xs event-time\" style=\"color: ;\">\r\n                                                            <span class=\"time-starts\">15:20<\/span>\r\n                                                                                                                            - <span class=\"time-ends\">15:35<\/span>\r\n                                                                                                                    <\/div>\r\n                                                                                                        <div class=\"col-xs-12 event-title\" style=\"color: ;\">Presentation: ITU<\/div>\r\n                                                <\/div>\r\n                                            <\/div><div class=\"col-xs-2 col-sm-1 vcenter\">\r\n                                                <div class=\"event-icon pull-right\">\r\n                                                    <i class=\"tcode-ico-grot-down\" data-state=\"collapsed\" style=\"color: ;\"><\/i>\r\n                                                <\/div>\r\n                                            <\/div>\r\n                                        <\/div>\r\n                                        <div class=\"row event-excerpt\">\r\n                                            <div class=\"col-xs-12\">\r\n                                                                                                                                                                                                            <div class=\"row artist-row mobile\" data-effect=\"mfp-zoom-in\">\r\n                                                            <div class=\"tcode-artist-popover hidden\">\r\n                                                                <div>\r\n                                                                    <div class=\"row\">\r\n                                                                        <div class=\"col-xs-12 col-sm-4\">\r\n                                                                            <div class=\"artist-image center-block\">\r\n                                                                                                                                                                                                                                                        <img decoding=\"async\" class=\"img-responsive center-block\" alt=\"Presentation: ITU image\" src=\"https:\/\/euspaceforum.com\/2025\/wp-content\/uploads\/2022\/09\/Nick-Sinanis-WebsiteMailing-120x120.png\" \/>\r\n                                                                                                                                                            <\/div>\r\n                                                                                                                                                                                                                                        <div class=\"row artist-media text-center\">\r\n                                                                                                                                                                            <a href=\"https:\/\/www.linkedin.com\/in\/sinanis\/\" target=\"_blank\" class=\"tcode-social-icon tcode-ico-linkedin\"><\/a>\r\n                                                                                                                                                                    <\/div>\r\n                                                                                                                                                    <\/div>\r\n                                                                        <div class=\"col-xs-12 col-sm-8 artist-details-container\">\r\n                                                                            <div class=\"tcode-es-artist-title\">\r\n                                                                                <a href=\"#\">\r\n                                                                                    Nick Sinanis                                                                                <\/a>\r\n                                                                            <\/div>\r\n                                                                                                                                                            <div class=\"artist-position\">\r\n                                                                                    Counsellor for ITU-R Study Group 4, ITU                                                                                <\/div>\r\n                                                                                                                                                        <div class=\"artist-content\">\r\n                                                                                <p><span style=\"font-weight: 400;\">Nick Sinanis is the Counsellor for ITU-R Study Group 4 which deals with satellite radiocommunication services at ITU, ensuring the efficient collaboration among the ITU membership, facilitating the outcome of the studies of the World Radiocommunication Conference, delivering Recommendations and Reports. Previously he has covered another position in the ITU Space Services Department. He has extensive experience in regulatory telecommunications policy and processes for terrestrial and space radiocommunications.<\/span><\/p>\n<p><span style=\"font-weight: 400;\">Nick holds a master\u2019s degree in physics and a doctorate degree in technical sciences. He has collaborated in the past with numerous universities, research centres and has several technical publications in network modelling and performance evaluation.<\/span><\/p>\n<p>&nbsp;<\/p>\n                                                                            <\/div>\r\n                                                                        <\/div>\r\n                                                                    <\/div>\r\n                                                                <\/div>\r\n                                                            <\/div>\r\n                                                            <div class=\"col-xs-12 col-sm-10 col-sm-offset-2\">\r\n                                                                <div class=\"vcenter artist-image artist-single-row\">\r\n                                                                                                                                                                                                                    <img decoding=\"async\" class=\"img-responsive\" alt=\"Presentation: ITU image\" src=\"https:\/\/euspaceforum.com\/2025\/wp-content\/uploads\/2022\/09\/Nick-Sinanis-WebsiteMailing-90x90.png\" \/>\r\n                                                                                                                                    <\/div>\r\n                                                                <div class=\"vcenter tcode-es-artist-title-container artist-single-row\">\r\n                                                                    <div class=\"tcode-es-artist-title\" style=\"color: ;\">\r\n                                                                        Nick Sinanis                                                                    <\/div>\r\n                                                                                                                                            <div class=\"artist-position\" style=\"color: ;\">\r\n                                                                            Counsellor for ITU-R Study Group 4, ITU                                                                        <\/div>\r\n                                                                                                                                    <\/div>\r\n                                                                                                                                                                                                    <div class=\"vcenter artist-social artist-single-row\">\r\n                                                                                                                                                    <a href=\"https:\/\/www.linkedin.com\/in\/sinanis\/\" target=\"_blank\" class=\"tcode-social-icon tcode-ico-linkedin\"><\/a>\r\n                                                                                                                                            <\/div>\r\n                                                                                                                            <\/div>\r\n                                                        <\/div>\r\n                                                                                                                                                <\/div>\r\n                                        <\/div>\r\n                                    <\/div>\r\n                                <\/div>\r\n                                                                                                                            <div style=\"background-color: #FFFFFF;\" class=\"row scheduled-event event-collapsed event-hidden event-20250703-10\" data-event=\"event-20250703-10\" data-date=\"2025-07-03\" data-location=\"\">\r\n                                    <div class=\"col-xs-12\">\r\n                                        <div class=\"row\">\r\n                                                                                        <div class=\"col-sm-2 col-xs-12 vcenter hidden-xs\">\r\n                                                                                                                                                            <div class=\"event-time visible-sm\" style=\"color: ;\">\r\n                                                            <span class=\"time-starts\">15:35<\/span>\r\n                                                                                                                            - <span class=\"time-ends\">15:45<\/span>\r\n                                                                                                                    <\/div>\r\n                                                                                                                                                <\/div><div class=\"col-sm-9 col-xs-10 vcenter\">\r\n                                                <div class=\"row\">\r\n                                                                                                            <div class=\"col-xs-12 visible-xs event-time\" style=\"color: ;\">\r\n                                                            <span class=\"time-starts\">15:35<\/span>\r\n                                                                                                                            - <span class=\"time-ends\">15:45<\/span>\r\n                                                                                                                    <\/div>\r\n                                                                                                        <div class=\"col-xs-12 event-title\" style=\"color: ;\">Presentation: Vodafone<\/div>\r\n                                                <\/div>\r\n                                            <\/div><div class=\"col-xs-2 col-sm-1 vcenter\">\r\n                                                <div class=\"event-icon pull-right\">\r\n                                                    <i class=\"tcode-ico-grot-down\" data-state=\"collapsed\" style=\"color: ;\"><\/i>\r\n                                                <\/div>\r\n                                            <\/div>\r\n                                        <\/div>\r\n                                        <div class=\"row event-excerpt\">\r\n                                            <div class=\"col-xs-12\">\r\n                                                                                                                                                                                                            <div class=\"row artist-row mobile\" data-effect=\"mfp-zoom-in\">\r\n                                                            <div class=\"tcode-artist-popover hidden\">\r\n                                                                <div>\r\n                                                                    <div class=\"row\">\r\n                                                                        <div class=\"col-xs-12 col-sm-4\">\r\n                                                                            <div class=\"artist-image center-block\">\r\n                                                                                                                                                                                                                                                        <img decoding=\"async\" class=\"img-responsive center-block\" alt=\"Presentation: Vodafone image\" src=\"https:\/\/euspaceforum.com\/2025\/wp-content\/uploads\/2022\/09\/Ben-Wreschner-WebsiteMailing-120x120.png\" \/>\r\n                                                                                                                                                            <\/div>\r\n                                                                                                                                                                                                                                        <div class=\"row artist-media text-center\">\r\n                                                                                                                                                                            <a href=\"https:\/\/www.linkedin.com\/in\/ben-wreschner-17a1483\/?originalSubdomain=uk\" target=\"_blank\" class=\"tcode-social-icon tcode-ico-linkedin\"><\/a>\r\n                                                                                                                                                                    <\/div>\r\n                                                                                                                                                    <\/div>\r\n                                                                        <div class=\"col-xs-12 col-sm-8 artist-details-container\">\r\n                                                                            <div class=\"tcode-es-artist-title\">\r\n                                                                                <a href=\"#\">\r\n                                                                                    Ben Wreschner                                                                                <\/a>\r\n                                                                            <\/div>\r\n                                                                                                                                                            <div class=\"artist-position\">\r\n                                                                                    Group Regulatory Policy Director, Vodafone                                                                                <\/div>\r\n                                                                                                                                                        <div class=\"artist-content\">\r\n                                                                                <p><span style=\"font-weight: 400;\">Ben Wreschner joined Vodafone in February 2011 and is the Group Regulatory Policy Director for the Vodafone Group. Prior to joining Vodafone Mr Wreschner qualified as a Chartered Accountant with PricewaterhouseCoopers in 1999 and then joined the PwC telecoms consulting practice. In 2009 Ben joined Ovum\u2019s regulatory consulting practice. Mr Wreschner is an expert in regulatory strategy, market analysis, regulated pricing, cost modelling and regulatory accounting overseeing Vodafone\u2019s work in this field across all its territories and having previously advised operators and regulators on such matters in over 25 different countries. He has worked extensively in the Brussels policy environment representing Vodafone at key meetings with policy makers (European Commission, European Parliament, European Council, BEREC) and industry bodies (GSMA, ECTA).<\/span><\/p>\n<p><span style=\"font-weight: 400;\">Mr Wreschner passed the Certified Financial Analyst exams (CFA) in 2003. He holds a BSc (Econ) from the London School of Economics.<\/span><\/p>\n                                                                            <\/div>\r\n                                                                        <\/div>\r\n                                                                    <\/div>\r\n                                                                <\/div>\r\n                                                            <\/div>\r\n                                                            <div class=\"col-xs-12 col-sm-10 col-sm-offset-2\">\r\n                                                                <div class=\"vcenter artist-image artist-single-row\">\r\n                                                                                                                                                                                                                    <img decoding=\"async\" class=\"img-responsive\" alt=\"Presentation: Vodafone image\" src=\"https:\/\/euspaceforum.com\/2025\/wp-content\/uploads\/2022\/09\/Ben-Wreschner-WebsiteMailing-90x90.png\" \/>\r\n                                                                                                                                    <\/div>\r\n                                                                <div class=\"vcenter tcode-es-artist-title-container artist-single-row\">\r\n                                                                    <div class=\"tcode-es-artist-title\" style=\"color: ;\">\r\n                                                                        Ben Wreschner                                                                    <\/div>\r\n                                                                                                                                            <div class=\"artist-position\" style=\"color: ;\">\r\n                                                                            Group Regulatory Policy Director, Vodafone                                                                        <\/div>\r\n                                                                                                                                    <\/div>\r\n                                                                                                                                                                                                    <div class=\"vcenter artist-social artist-single-row\">\r\n                                                                                                                                                    <a href=\"https:\/\/www.linkedin.com\/in\/ben-wreschner-17a1483\/?originalSubdomain=uk\" target=\"_blank\" class=\"tcode-social-icon tcode-ico-linkedin\"><\/a>\r\n                                                                                                                                            <\/div>\r\n                                                                                                                            <\/div>\r\n                                                        <\/div>\r\n                                                                                                                                                <\/div>\r\n                                        <\/div>\r\n                                    <\/div>\r\n                                <\/div>\r\n                                                                                                                            <div style=\"background-color: #FFFFFF;\" class=\"row scheduled-event event-collapsed event-hidden event-20250703-11\" data-event=\"event-20250703-11\" data-date=\"2025-07-03\" data-location=\"\">\r\n                                    <div class=\"col-xs-12\">\r\n                                        <div class=\"row\">\r\n                                                                                        <div class=\"col-sm-2 col-xs-12 vcenter hidden-xs\">\r\n                                                                                                                                                            <div class=\"event-time visible-sm\" style=\"color: ;\">\r\n                                                            <span class=\"time-starts\">15:45<\/span>\r\n                                                                                                                            - <span class=\"time-ends\">16:50<\/span>\r\n                                                                                                                    <\/div>\r\n                                                                                                                                                <\/div><div class=\"col-sm-9 col-xs-10 vcenter\">\r\n                                                <div class=\"row\">\r\n                                                                                                            <div class=\"col-xs-12 visible-xs event-time\" style=\"color: ;\">\r\n                                                            <span class=\"time-starts\">15:45<\/span>\r\n                                                                                                                            - <span class=\"time-ends\">16:50<\/span>\r\n                                                                                                                    <\/div>\r\n                                                                                                        <div class=\"col-xs-12 event-title\" style=\"color: ;\">Session 9: Spectrum, Licencing and the Evolution of Non-Terrestrial Networks<\/div>\r\n                                                <\/div>\r\n                                            <\/div><div class=\"col-xs-2 col-sm-1 vcenter\">\r\n                                                <div class=\"event-icon pull-right\">\r\n                                                    <i class=\"tcode-ico-grot-down\" data-state=\"collapsed\" style=\"color: ;\"><\/i>\r\n                                                <\/div>\r\n                                            <\/div>\r\n                                        <\/div>\r\n                                        <div class=\"row event-excerpt\">\r\n                                            <div class=\"col-xs-12\">\r\n                                                                                                    <div class=\"row event-content\">\r\n                                                        <div class=\"col-sm-10 col-sm-offset-2 col-xs-12\" style=\"color: ;\">\r\n                                                            <p><span style=\"font-weight: 400;\">As the demand for satellite connectivity grows, so does the demand for access to the necessary spectrum that is required to power and support this growth. The challenges of spectrum allocation and licencing for Non-Terrestrial Networks are becoming increasingly complex. This is illustrated by the fact that in the current four-year cycle as we build up to ITU\u2019s 2027 World Radiocommunication Conference (WRC-27), eighty per cent of the agenda items that are being studied are related in some way to satellite and NTN services. This session will examine how the evolution of the satellite sector is reshaping the framework for spectrum licencing and access models, highlighting the regulatory challenges and opportunities that arise as a result. It will explore key issues on the WRC-27 agenda and their potential impact on the future development of various NTN technologies. The discussion will focus on how to establish a sustainable spectrum framework that not only safeguards existing services but also fosters innovation and supports new market entrants.<\/span><\/p>\n<p>&nbsp;<\/p>\n<ul>\n<li style=\"font-weight: 400;\" aria-level=\"1\"><span style=\"font-weight: 400;\">What challenges and opportunities are currently being seen relating to space-based services and NTN connectivity across Europe and globally?<\/span><span style=\"font-weight: 400;\"><br \/>\n<\/span><\/li>\n<li style=\"font-weight: 400;\" aria-level=\"1\"><span style=\"font-weight: 400;\">How is the growth of LEO satellite systems transforming the framework that governs satellite spectrum licencing and access models, and what challenges are their unique deployment models creating for regulators?<\/span><span style=\"font-weight: 400;\"><br \/>\n<\/span><\/li>\n<li style=\"font-weight: 400;\" aria-level=\"1\"><span style=\"font-weight: 400;\">What strategies can regulators adopt to facilitate coexistence among GEO, MEO, and LEO operators while avoiding interference and ensuring equitable access? How can interference with terrestrial systems also be avoided?<\/span><span style=\"font-weight: 400;\"><br \/>\n<\/span><\/li>\n<li style=\"font-weight: 400;\" aria-level=\"1\"><span style=\"font-weight: 400;\">What decisions regarding spectrum licencing and management for satellite operators take place at a member state, European and global level respectively? What level of coordination is seen, and how important is it that a harmonised framework is delivered in order to avoid fragmentation?<\/span><span style=\"font-weight: 400;\"><br \/>\n<\/span><\/li>\n<li style=\"font-weight: 400;\" aria-level=\"1\"><span style=\"font-weight: 400;\">To what extent will decisions at WRC-27 shape the future ecosystem, and help both industry and regulators adapt to the changes that are being seen? What should be the key regional objectives for Europe for WRC-27 regarding the NTN agenda items, and how can it be ensured that these are achieved?<\/span><span style=\"font-weight: 400;\"><br \/>\n<\/span><\/li>\n<li style=\"font-weight: 400;\" aria-level=\"1\"><span style=\"font-weight: 400;\">How could the agenda items that have been put forward potentially affect how direct-to-device connectivity, GSO, ESIMS and other services are delivered? Do these go far enough and to what extent can they help deliver the flexibility required to meet the future connectivity requirements of the evolving satellite sector?<\/span><span style=\"font-weight: 400;\"><br \/>\n<\/span><\/li>\n<li style=\"font-weight: 400;\" aria-level=\"1\"><span style=\"font-weight: 400;\">What role are NTNs set to play as part of the 6G ecosystem, and how can we ensure that the necessary spectrum and connectivity are available to fully realise their potential?<\/span><\/li>\n<\/ul>\n                                                        <\/div>\r\n                                                    <\/div>\r\n                                                                                                                                                                                                            <div class=\"row artist-row mobile\" data-effect=\"mfp-zoom-in\">\r\n                                                            <div class=\"tcode-artist-popover hidden\">\r\n                                                                <div>\r\n                                                                    <div class=\"row\">\r\n                                                                        <div class=\"col-xs-12 col-sm-4\">\r\n                                                                            <div class=\"artist-image center-block\">\r\n                                                                                                                                                                                                                                                        <img decoding=\"async\" class=\"img-responsive center-block\" alt=\"Session 9: Spectrum, Licencing and the Evolution of Non-Terrestrial Networks image\" src=\"https:\/\/euspaceforum.com\/2025\/wp-content\/uploads\/2022\/09\/Gerasimos-Sofianatos-WebsiteMailing-120x120.png\" \/>\r\n                                                                                                                                                            <\/div>\r\n                                                                                                                                                                                                                                        <div class=\"row artist-media text-center\">\r\n                                                                                                                                                                            <a href=\"https:\/\/www.linkedin.com\/in\/gerasimos-sofianatos-b4351298\/?originalSubdomain=be\" target=\"_blank\" class=\"tcode-social-icon tcode-ico-linkedin\"><\/a>\r\n                                                                                                                                                                    <\/div>\r\n                                                                                                                                                    <\/div>\r\n                                                                        <div class=\"col-xs-12 col-sm-8 artist-details-container\">\r\n                                                                            <div class=\"tcode-es-artist-title\">\r\n                                                                                <a href=\"#\">\r\n                                                                                    Gerasimos Sofianatos                                                                                <\/a>\r\n                                                                            <\/div>\r\n                                                                                                                                                            <div class=\"artist-position\">\r\n                                                                                    Head of Unit, Radio Spectrum Policy, DG CONNECT, European Commission                                                                                <\/div>\r\n                                                                                                                                                        <div class=\"artist-content\">\r\n                                                                                <p><span style=\"font-weight: 400;\">Gerasimos Sofianatos is the newly appointed Head of Unit of Connect B5, Radio Spectrum Policy Unit. Previously, he was Deputy Head of DG Connect Unit Connect B5, \u201cInvestment in high-capacity networks\u201d. He has been working for the Commission since 2011, in different positions in DG Connect, in Directorate B, dealing with the policy and implementation of the EU Regulatory Framework for Electronic Communications. Gerasimos led the team monitoring and implementing EU law and in particular the European Electronic Communications Code, a piece of legislation in the drafting and negotiation of which he was actively involved. Prior to joining the Commission, Gerasimos worked as legal officer at the Cypriot National Regulatory Authority for Electronic Communications (OCECPR). Before joining the Commission, he was a Member of the Athens Bar Association and practiced competition law. He holds a Masters degree in Business Law and a PhD in competition law at the Paris 1- Sorbonne University. He holds a law degree from the Aristotle University of Thessaloniki and a post-graduate degree in Economics for Competition law from the King\u2019s College London. Gerasimos is of Greek nationality and speaks Greek, English, and French.<\/span><\/p>\n                                                                            <\/div>\r\n                                                                        <\/div>\r\n                                                                    <\/div>\r\n                                                                <\/div>\r\n                                                            <\/div>\r\n                                                            <div class=\"col-xs-12 col-sm-10 col-sm-offset-2\">\r\n                                                                <div class=\"vcenter artist-image artist-single-row\">\r\n                                                                                                                                                                                                                    <img decoding=\"async\" class=\"img-responsive\" alt=\"Session 9: Spectrum, Licencing and the Evolution of Non-Terrestrial Networks image\" src=\"https:\/\/euspaceforum.com\/2025\/wp-content\/uploads\/2022\/09\/Gerasimos-Sofianatos-WebsiteMailing-90x90.png\" \/>\r\n                                                                                                                                    <\/div>\r\n                                                                <div class=\"vcenter tcode-es-artist-title-container artist-single-row\">\r\n                                                                    <div class=\"tcode-es-artist-title\" style=\"color: ;\">\r\n                                                                        Gerasimos Sofianatos                                                                    <\/div>\r\n                                                                                                                                            <div class=\"artist-position\" style=\"color: ;\">\r\n                                                                            Head of Unit, Radio Spectrum Policy, DG CONNECT, European Commission                                                                        <\/div>\r\n                                                                                                                                    <\/div>\r\n                                                                                                                                                                                                    <div class=\"vcenter artist-social artist-single-row\">\r\n                                                                                                                                                    <a href=\"https:\/\/www.linkedin.com\/in\/gerasimos-sofianatos-b4351298\/?originalSubdomain=be\" target=\"_blank\" class=\"tcode-social-icon tcode-ico-linkedin\"><\/a>\r\n                                                                                                                                            <\/div>\r\n                                                                                                                            <\/div>\r\n                                                        <\/div>\r\n                                                                                                            <div class=\"row artist-row mobile\" data-effect=\"mfp-zoom-in\">\r\n                                                            <div class=\"tcode-artist-popover hidden\">\r\n                                                                <div>\r\n                                                                    <div class=\"row\">\r\n                                                                        <div class=\"col-xs-12 col-sm-4\">\r\n                                                                            <div class=\"artist-image center-block\">\r\n                                                                                                                                                                                                                                                        <img decoding=\"async\" class=\"img-responsive center-block\" alt=\"Session 9: Spectrum, Licencing and the Evolution of Non-Terrestrial Networks image\" src=\"https:\/\/euspaceforum.com\/2025\/wp-content\/uploads\/2022\/09\/Peng-Zhao-Website-1-120x120.png\" \/>\r\n                                                                                                                                                            <\/div>\r\n                                                                                                                                                                                                                                        <div class=\"row artist-media text-center\">\r\n                                                                                                                                                                            <a href=\"https:\/\/www.linkedin.com\/in\/peng-zhao04\/?originalSubdomain=uk\" target=\"_blank\" class=\"tcode-social-icon tcode-ico-linkedin\"><\/a>\r\n                                                                                                                                                                    <\/div>\r\n                                                                                                                                                    <\/div>\r\n                                                                        <div class=\"col-xs-12 col-sm-8 artist-details-container\">\r\n                                                                            <div class=\"tcode-es-artist-title\">\r\n                                                                                <a href=\"#\">\r\n                                                                                    Peng Zhao                                                                                <\/a>\r\n                                                                            <\/div>\r\n                                                                                                                                                            <div class=\"artist-position\">\r\n                                                                                    VP Policy and Regulatory, GSOA                                                                                <\/div>\r\n                                                                                                                                                        <div class=\"artist-content\">\r\n                                                                                <p><span style=\"font-weight: 400;\">Peng is the Vice President of Policy &amp; Regulatory at GSOA, where he leads advocacy efforts around spectrum management, licencing, and national policy initiatives. With experience in telecoms, mobile, and satellites, he has advised governments and industry players globally.<\/span><\/p>\n<p><span style=\"font-weight: 400;\">Previously at Eutelsat OneWeb, Peng shaped licencing frameworks for Low Earth Orbit constellations and satellite regulatory procedures for WRC-23. At GSMA, he ran a global campaign to improve spectrum licensing conditions for mobile operators, leading a global team of policy expert to engage with policymakers across developing markets.<\/span><\/p>\n<p><span style=\"font-weight: 400;\">Peng holds a Master\u2019s in Telecommunication from the Swiss Federal Institute of Technology and an Executive MBA from London Business School. He speaks English, Mandarin, and French fluently.<\/span><\/p>\n                                                                            <\/div>\r\n                                                                        <\/div>\r\n                                                                    <\/div>\r\n                                                                <\/div>\r\n                                                            <\/div>\r\n                                                            <div class=\"col-xs-12 col-sm-10 col-sm-offset-2\">\r\n                                                                <div class=\"vcenter artist-image artist-single-row\">\r\n                                                                                                                                                                                                                    <img decoding=\"async\" class=\"img-responsive\" alt=\"Session 9: Spectrum, Licencing and the Evolution of Non-Terrestrial Networks image\" src=\"https:\/\/euspaceforum.com\/2025\/wp-content\/uploads\/2022\/09\/Peng-Zhao-Website-1-90x90.png\" \/>\r\n                                                                                                                                    <\/div>\r\n                                                                <div class=\"vcenter tcode-es-artist-title-container artist-single-row\">\r\n                                                                    <div class=\"tcode-es-artist-title\" style=\"color: ;\">\r\n                                                                        Peng Zhao                                                                    <\/div>\r\n                                                                                                                                            <div class=\"artist-position\" style=\"color: ;\">\r\n                                                                            VP Policy and Regulatory, GSOA                                                                        <\/div>\r\n                                                                                                                                    <\/div>\r\n                                                                                                                                                                                                    <div class=\"vcenter artist-social artist-single-row\">\r\n                                                                                                                                                    <a href=\"https:\/\/www.linkedin.com\/in\/peng-zhao04\/?originalSubdomain=uk\" target=\"_blank\" class=\"tcode-social-icon tcode-ico-linkedin\"><\/a>\r\n                                                                                                                                            <\/div>\r\n                                                                                                                            <\/div>\r\n                                                        <\/div>\r\n                                                                                                            <div class=\"row artist-row mobile\" data-effect=\"mfp-zoom-in\">\r\n                                                            <div class=\"tcode-artist-popover hidden\">\r\n                                                                <div>\r\n                                                                    <div class=\"row\">\r\n                                                                        <div class=\"col-xs-12 col-sm-4\">\r\n                                                                            <div class=\"artist-image center-block\">\r\n                                                                                                                                                                                                                                                        <img decoding=\"async\" class=\"img-responsive center-block\" alt=\"Session 9: Spectrum, Licencing and the Evolution of Non-Terrestrial Networks image\" src=\"https:\/\/euspaceforum.com\/2025\/wp-content\/uploads\/2022\/09\/Elizabeth-Quintana-WebsiteMailing-120x120.png\" \/>\r\n                                                                                                                                                            <\/div>\r\n                                                                                                                                                                                                                                        <div class=\"row artist-media text-center\">\r\n                                                                                                                                                                            <a href=\"https:\/\/www.linkedin.com\/in\/elizabeth-quintana-79a76314\/\" target=\"_blank\" class=\"tcode-social-icon tcode-ico-linkedin\"><\/a>\r\n                                                                                                                                                                    <\/div>\r\n                                                                                                                                                    <\/div>\r\n                                                                        <div class=\"col-xs-12 col-sm-8 artist-details-container\">\r\n                                                                            <div class=\"tcode-es-artist-title\">\r\n                                                                                <a href=\"#\">\r\n                                                                                    Elizabeth Quintana                                                                                <\/a>\r\n                                                                            <\/div>\r\n                                                                                                                                                            <div class=\"artist-position\">\r\n                                                                                    Principal, Satellite Industry Engagement, Ofcom                                                                                <\/div>\r\n                                                                                                                                                        <div class=\"artist-content\">\r\n                                                                                <p>Bio to follow.<\/p>\n                                                                            <\/div>\r\n                                                                        <\/div>\r\n                                                                    <\/div>\r\n                                                                <\/div>\r\n                                                            <\/div>\r\n                                                            <div class=\"col-xs-12 col-sm-10 col-sm-offset-2\">\r\n                                                                <div class=\"vcenter artist-image artist-single-row\">\r\n                                                                                                                                                                                                                    <img decoding=\"async\" class=\"img-responsive\" alt=\"Session 9: Spectrum, Licencing and the Evolution of Non-Terrestrial Networks image\" src=\"https:\/\/euspaceforum.com\/2025\/wp-content\/uploads\/2022\/09\/Elizabeth-Quintana-WebsiteMailing-90x90.png\" \/>\r\n                                                                                                                                    <\/div>\r\n                                                                <div class=\"vcenter tcode-es-artist-title-container artist-single-row\">\r\n                                                                    <div class=\"tcode-es-artist-title\" style=\"color: ;\">\r\n                                                                        Elizabeth Quintana                                                                    <\/div>\r\n                                                                                                                                            <div class=\"artist-position\" style=\"color: ;\">\r\n                                                                            Principal, Satellite Industry Engagement, Ofcom                                                                        <\/div>\r\n                                                                                                                                    <\/div>\r\n                                                                                                                                                                                                    <div class=\"vcenter artist-social artist-single-row\">\r\n                                                                                                                                                    <a href=\"https:\/\/www.linkedin.com\/in\/elizabeth-quintana-79a76314\/\" target=\"_blank\" class=\"tcode-social-icon tcode-ico-linkedin\"><\/a>\r\n                                                                                                                                            <\/div>\r\n                                                                                                                            <\/div>\r\n                                                        <\/div>\r\n                                                                                                            <div class=\"row artist-row mobile\" data-effect=\"mfp-zoom-in\">\r\n                                                            <div class=\"tcode-artist-popover hidden\">\r\n                                                                <div>\r\n                                                                    <div class=\"row\">\r\n                                                                        <div class=\"col-xs-12 col-sm-4\">\r\n                                                                            <div class=\"artist-image center-block\">\r\n                                                                                                                                                                                                                                                        <img decoding=\"async\" class=\"img-responsive center-block\" alt=\"Session 9: Spectrum, Licencing and the Evolution of Non-Terrestrial Networks image\" src=\"https:\/\/euspaceforum.com\/2025\/wp-content\/uploads\/2022\/09\/Sarah-Casenove-WebsiteMailing-120x120.png\" \/>\r\n                                                                                                                                                            <\/div>\r\n                                                                                                                                                                                                                                        <div class=\"row artist-media text-center\">\r\n                                                                                                                                                                            <a href=\"https:\/\/www.linkedin.com\/in\/sarah-casenove-20947812\/\" target=\"_blank\" class=\"tcode-social-icon tcode-ico-linkedin\"><\/a>\r\n                                                                                                                                                                    <\/div>\r\n                                                                                                                                                    <\/div>\r\n                                                                        <div class=\"col-xs-12 col-sm-8 artist-details-container\">\r\n                                                                            <div class=\"tcode-es-artist-title\">\r\n                                                                                <a href=\"#\">\r\n                                                                                    Sarah Casenove                                                                                <\/a>\r\n                                                                            <\/div>\r\n                                                                                                                                                            <div class=\"artist-position\">\r\n                                                                                    Head of Portfolio and Performance of Space Digital, Airbus Defence and Space                                                                                <\/div>\r\n                                                                                                                                                        <div class=\"artist-content\">\r\n                                                                                <p><span style=\"font-weight: 400;\">Sarah Casenove, Head of Portfolio and Performance of Space Digital in Airbus has been working in the Defence and Space domain for over a decade in Sales, Strategy, Future Programmes and Portfolio Positions. She joined Airbus in 2013.\u00a0<\/span><\/p>\n<p><span style=\"font-weight: 400;\">Her main areas of activities have been Satcom based Solutions and innovative partnerships deals in the Satcom and Milsatcom domain, supporting the provision of Satellite Based Capacities for NATO and EU Nations. In her current role she is driving the future of Airbus solutions in Satcom, Military Space and Earth Observation domain to foster the emergence of full End of End solutions able to support the information superiority needs of allied nations, support first responders and crisis managers and foster sustainability initiatives around the globe.\u00a0<\/span><\/p>\n<p><span style=\"font-weight: 400;\">She holds a Master degree in International Relations and Defence Studies from Sciences Po Lille.\u00a0<\/span><\/p>\n                                                                            <\/div>\r\n                                                                        <\/div>\r\n                                                                    <\/div>\r\n                                                                <\/div>\r\n                                                            <\/div>\r\n                                                            <div class=\"col-xs-12 col-sm-10 col-sm-offset-2\">\r\n                                                                <div class=\"vcenter artist-image artist-single-row\">\r\n                                                                                                                                                                                                                    <img decoding=\"async\" class=\"img-responsive\" alt=\"Session 9: Spectrum, Licencing and the Evolution of Non-Terrestrial Networks image\" src=\"https:\/\/euspaceforum.com\/2025\/wp-content\/uploads\/2022\/09\/Sarah-Casenove-WebsiteMailing-90x90.png\" \/>\r\n                                                                                                                                    <\/div>\r\n                                                                <div class=\"vcenter tcode-es-artist-title-container artist-single-row\">\r\n                                                                    <div class=\"tcode-es-artist-title\" style=\"color: ;\">\r\n                                                                        Sarah Casenove                                                                    <\/div>\r\n                                                                                                                                            <div class=\"artist-position\" style=\"color: ;\">\r\n                                                                            Head of Portfolio and Performance of Space Digital, Airbus Defence and Space                                                                        <\/div>\r\n                                                                                                                                    <\/div>\r\n                                                                                                                                                                                                    <div class=\"vcenter artist-social artist-single-row\">\r\n                                                                                                                                                    <a href=\"https:\/\/www.linkedin.com\/in\/sarah-casenove-20947812\/\" target=\"_blank\" class=\"tcode-social-icon tcode-ico-linkedin\"><\/a>\r\n                                                                                                                                            <\/div>\r\n                                                                                                                            <\/div>\r\n                                                        <\/div>\r\n                                                                                                            <div class=\"row artist-row mobile\" data-effect=\"mfp-zoom-in\">\r\n                                                            <div class=\"tcode-artist-popover hidden\">\r\n                                                                <div>\r\n                                                                    <div class=\"row\">\r\n                                                                        <div class=\"col-xs-12 col-sm-4\">\r\n                                                                            <div class=\"artist-image center-block\">\r\n                                                                                                                                                                                                                                                        <img decoding=\"async\" class=\"img-responsive center-block\" alt=\"Session 9: Spectrum, Licencing and the Evolution of Non-Terrestrial Networks image\" src=\"https:\/\/euspaceforum.com\/2025\/wp-content\/uploads\/2022\/09\/Ben-Wreschner-WebsiteMailing-120x120.png\" \/>\r\n                                                                                                                                                            <\/div>\r\n                                                                                                                                                                                                                                        <div class=\"row artist-media text-center\">\r\n                                                                                                                                                                            <a href=\"https:\/\/www.linkedin.com\/in\/ben-wreschner-17a1483\/?originalSubdomain=uk\" target=\"_blank\" class=\"tcode-social-icon tcode-ico-linkedin\"><\/a>\r\n                                                                                                                                                                    <\/div>\r\n                                                                                                                                                    <\/div>\r\n                                                                        <div class=\"col-xs-12 col-sm-8 artist-details-container\">\r\n                                                                            <div class=\"tcode-es-artist-title\">\r\n                                                                                <a href=\"#\">\r\n                                                                                    Ben Wreschner                                                                                <\/a>\r\n                                                                            <\/div>\r\n                                                                                                                                                            <div class=\"artist-position\">\r\n                                                                                    Group Regulatory Policy Director, Vodafone                                                                                <\/div>\r\n                                                                                                                                                        <div class=\"artist-content\">\r\n                                                                                <p><span style=\"font-weight: 400;\">Ben Wreschner joined Vodafone in February 2011 and is the Group Regulatory Policy Director for the Vodafone Group. Prior to joining Vodafone Mr Wreschner qualified as a Chartered Accountant with PricewaterhouseCoopers in 1999 and then joined the PwC telecoms consulting practice. In 2009 Ben joined Ovum\u2019s regulatory consulting practice. Mr Wreschner is an expert in regulatory strategy, market analysis, regulated pricing, cost modelling and regulatory accounting overseeing Vodafone\u2019s work in this field across all its territories and having previously advised operators and regulators on such matters in over 25 different countries. He has worked extensively in the Brussels policy environment representing Vodafone at key meetings with policy makers (European Commission, European Parliament, European Council, BEREC) and industry bodies (GSMA, ECTA).<\/span><\/p>\n<p><span style=\"font-weight: 400;\">Mr Wreschner passed the Certified Financial Analyst exams (CFA) in 2003. He holds a BSc (Econ) from the London School of Economics.<\/span><\/p>\n                                                                            <\/div>\r\n                                                                        <\/div>\r\n                                                                    <\/div>\r\n                                                                <\/div>\r\n                                                            <\/div>\r\n                                                            <div class=\"col-xs-12 col-sm-10 col-sm-offset-2\">\r\n                                                                <div class=\"vcenter artist-image artist-single-row\">\r\n                                                                                                                                                                                                                    <img decoding=\"async\" class=\"img-responsive\" alt=\"Session 9: Spectrum, Licencing and the Evolution of Non-Terrestrial Networks image\" src=\"https:\/\/euspaceforum.com\/2025\/wp-content\/uploads\/2022\/09\/Ben-Wreschner-WebsiteMailing-90x90.png\" \/>\r\n                                                                                                                                    <\/div>\r\n                                                                <div class=\"vcenter tcode-es-artist-title-container artist-single-row\">\r\n                                                                    <div class=\"tcode-es-artist-title\" style=\"color: ;\">\r\n                                                                        Ben Wreschner                                                                    <\/div>\r\n                                                                                                                                            <div class=\"artist-position\" style=\"color: ;\">\r\n                                                                            Group Regulatory Policy Director, Vodafone                                                                        <\/div>\r\n                                                                                                                                    <\/div>\r\n                                                                                                                                                                                                    <div class=\"vcenter artist-social artist-single-row\">\r\n                                                                                                                                                    <a href=\"https:\/\/www.linkedin.com\/in\/ben-wreschner-17a1483\/?originalSubdomain=uk\" target=\"_blank\" class=\"tcode-social-icon tcode-ico-linkedin\"><\/a>\r\n                                                                                                                                            <\/div>\r\n                                                                                                                            <\/div>\r\n                                                        <\/div>\r\n                                                                                                            <div class=\"row artist-row mobile\" data-effect=\"mfp-zoom-in\">\r\n                                                            <div class=\"tcode-artist-popover hidden\">\r\n                                                                <div>\r\n                                                                    <div class=\"row\">\r\n                                                                        <div class=\"col-xs-12 col-sm-4\">\r\n                                                                            <div class=\"artist-image center-block\">\r\n                                                                                                                                                                                                                                                        <img decoding=\"async\" class=\"img-responsive center-block\" alt=\"Session 9: Spectrum, Licencing and the Evolution of Non-Terrestrial Networks image\" src=\"https:\/\/euspaceforum.com\/2025\/wp-content\/uploads\/2022\/09\/Julien-Martin-WebsiteMailing-120x120.png\" \/>\r\n                                                                                                                                                            <\/div>\r\n                                                                                                                                                                                                                                        <div class=\"row artist-media text-center\">\r\n                                                                                                                                                                            <a href=\"https:\/\/www.linkedin.com\/in\/julien-m-412a451b3\/\" target=\"_blank\" class=\"tcode-social-icon tcode-ico-linkedin\"><\/a>\r\n                                                                                                                                                                    <\/div>\r\n                                                                                                                                                    <\/div>\r\n                                                                        <div class=\"col-xs-12 col-sm-8 artist-details-container\">\r\n                                                                            <div class=\"tcode-es-artist-title\">\r\n                                                                                <a href=\"#\">\r\n                                                                                    Moderated by: Julien Martin                                                                                <\/a>\r\n                                                                            <\/div>\r\n                                                                                                                                                            <div class=\"artist-position\">\r\n                                                                                    Consultant, NERA                                                                                <\/div>\r\n                                                                                                                                                        <div class=\"artist-content\">\r\n                                                                                <p><span style=\"font-weight: 400;\">Julien Martin specializes in game theory and market design, with a focus on facilitating efficient resource allocation. He leverages his expertise to assist governments, regulators, and firms across a range of industries, ensuring optimal outcomes in complex market dynamics.<\/span><\/p>\n                                                                            <\/div>\r\n                                                                        <\/div>\r\n                                                                    <\/div>\r\n                                                                <\/div>\r\n                                                            <\/div>\r\n                                                            <div class=\"col-xs-12 col-sm-10 col-sm-offset-2\">\r\n                                                                <div class=\"vcenter artist-image artist-single-row\">\r\n                                                                                                                                                                                                                    <img decoding=\"async\" class=\"img-responsive\" alt=\"Session 9: Spectrum, Licencing and the Evolution of Non-Terrestrial Networks image\" src=\"https:\/\/euspaceforum.com\/2025\/wp-content\/uploads\/2022\/09\/Julien-Martin-WebsiteMailing-90x90.png\" \/>\r\n                                                                                                                                    <\/div>\r\n                                                                <div class=\"vcenter tcode-es-artist-title-container artist-single-row\">\r\n                                                                    <div class=\"tcode-es-artist-title\" style=\"color: ;\">\r\n                                                                        Moderated by: Julien Martin                                                                    <\/div>\r\n                                                                                                                                            <div class=\"artist-position\" style=\"color: ;\">\r\n                                                                            Consultant, NERA                                                                        <\/div>\r\n                                                                                                                                    <\/div>\r\n                                                                                                                                                                                                    <div class=\"vcenter artist-social artist-single-row\">\r\n                                                                                                                                                    <a href=\"https:\/\/www.linkedin.com\/in\/julien-m-412a451b3\/\" target=\"_blank\" class=\"tcode-social-icon tcode-ico-linkedin\"><\/a>\r\n                                                                                                                                            <\/div>\r\n                                                                                                                            <\/div>\r\n                                                        <\/div>\r\n                                                                                                                                                <\/div>\r\n                                        <\/div>\r\n                                    <\/div>\r\n                                <\/div>\r\n                                                                                                                            <div style=\"background-color: #FFFFFF;\" class=\"row scheduled-event event-collapsed event-hidden event-20250703-12 hideExcerpt\" data-event=\"event-20250703-12\" data-date=\"2025-07-03\" data-location=\"\">\r\n                                    <div class=\"col-xs-12\">\r\n                                        <div class=\"row\">\r\n                                                                                        <div class=\"col-sm-2 col-xs-12 vcenter hidden-xs\">\r\n                                                                                                                                                            <div class=\"event-time visible-sm\" style=\"color: ;\">\r\n                                                            <span class=\"time-starts\">16:50<\/span>\r\n                                                                                                                            - <span class=\"time-ends\">17:00<\/span>\r\n                                                                                                                    <\/div>\r\n                                                                                                                                                <\/div><div class=\"col-sm-9 col-xs-10 vcenter\">\r\n                                                <div class=\"row\">\r\n                                                                                                            <div class=\"col-xs-12 visible-xs event-time\" style=\"color: ;\">\r\n                                                            <span class=\"time-starts\">16:50<\/span>\r\n                                                                                                                            - <span class=\"time-ends\">17:00<\/span>\r\n                                                                                                                    <\/div>\r\n                                                                                                        <div class=\"col-xs-12 event-title\" style=\"color: ;\">Final Conclusions &#038; End of Conference<\/div>\r\n                                                <\/div>\r\n                                            <\/div><div class=\"col-xs-2 col-sm-1 vcenter\">\r\n                                                <div class=\"event-icon pull-right\">\r\n                                                    <i class=\"tcode-ico-grot-down\" data-state=\"collapsed\" style=\"color: ;\"><\/i>\r\n                                                <\/div>\r\n                                            <\/div>\r\n                                        <\/div>\r\n                                        <div class=\"row event-excerpt\">\r\n                                            <div class=\"col-xs-12\">\r\n                                                                                                                                            <\/div>\r\n                                        <\/div>\r\n                                    <\/div>\r\n                                <\/div>\r\n                                                            \r\n                                                    <\/div>\r\n                    <\/div>\r\n                            <\/div>\r\n            <!-- End Mobile theme -->\r\n        <\/div>\r\n\r\n        <!-- Desktop theme -->\r\n        <div class=\"hidden-mobile\">\r\n                            <div class=\"row scheduled-locations desktop locations-hidden\" data-date=\"2025-07-02\">\r\n                                    <\/div>\r\n                            <div class=\"row scheduled-locations desktop locations-hidden\" data-date=\"2025-07-03\">\r\n                                    <\/div>\r\n            \r\n            <div class=\"scheduled-events desktop\">\r\n                                \r\n                                        \r\n                                                                    <div style=\"background-color: #FFFFFF;\" class=\"row scheduled-event event-collapsed event-visible\" data-date=\"2025-07-02\" data-location=\"\">\r\n                            <div class=\"col-md-12\">\r\n                                <div class=\"row\">\r\n                                                                        <div class=\"col-md-2 vcenter \">\r\n                                                                                                                                    <div class=\"event-time text-center\" style=\"color: ;\">\r\n                                                    <span class=\"time-starts\">09:00<\/span>\r\n                                                                                                            - <span class=\"time-ends\">09:10<\/span>\r\n                                                                                                    <\/div>\r\n                                                                                                                        <\/div><div class=\"col-md-9 vcenter\">\r\n                                        <div class=\"row\">\r\n                                                                                        <div class=\"col-md-12 event-title\" style=\"color: ;\">Setting the Scene<\/div>\r\n                                        <\/div>\r\n                                    <\/div><div class=\"col-md-1 vcenter\">\r\n                                        <div class=\"event-icon pull-right\">\r\n                                            <i class=\"tcode-ico-grot-down\" data-state=\"collapsed\" style=\"color: ;\"><\/i>\r\n                                        <\/div>\r\n                                    <\/div>\r\n                                <\/div>\r\n                                <div class=\"row event-excerpt\">\r\n                                    <div class=\"col-md-12\">\r\n                                        <div class=\"row event-content\">\r\n                                            <div class=\"col-md-8 col-md-offset-2\" style=\"color: ;\">\r\n                                                                                            <\/div>\r\n                                        <\/div>\r\n                                                                                                                                    <div class=\"row artist-row\" data-effect=\"mfp-zoom-in\">\r\n                                                    <div class=\"tcode-artist-popover hidden\">\r\n                                                        <div>\r\n                                                            <div class=\"row\">\r\n                                                                <div class=\"col-xs-12 col-sm-4\">\r\n                                                                    <div class=\"artist-image center-block\">\r\n                                                                                                                                                                                                                                <img decoding=\"async\" class=\"img-responsive center-block\" alt=\"Setting the Scene image\" src=\"https:\/\/euspaceforum.com\/2025\/wp-content\/uploads\/2025\/05\/Matija-Rencelj-Website-120x120.png\" \/>\r\n                                                                                                                                            <\/div>\r\n                                                                                                                                                                                                                <div class=\"row artist-media text-center\">\r\n                                                                                                                                                            <a href=\"https:\/\/www.linkedin.com\/in\/matija-rencelj\/\" target=\"_blank\" class=\"tcode-social-icon tcode-ico-linkedin\"><\/a>\r\n                                                                                                                                                    <\/div>\r\n                                                                                                                                    <\/div>\r\n                                                                <div class=\"col-xs-12 col-sm-8 artist-details-container\">\r\n                                                                    <div class=\"tcode-es-artist-title\">\r\n                                                                        <a href=\"#\">\r\n                                                                            Matija Rencelj                                                                        <\/a>\r\n                                                                    <\/div>\r\n                                                                                                                                            <div class=\"artist-position\">\r\n                                                                            Research Manager, ESPI                                                                         <\/div>\r\n                                                                                                                                        <div class=\"artist-content\">\r\n                                                                        <p><span style=\"font-weight: 400;\">Matija Rencelj is the Research Manager at the European Space Policy Institute (ESPI). His work focuses on inter-institutional relations, and European and global policy developments, with studies undertaken on topics ranging from orbital carrying capacity to the history of commercial space. He previously worked with the European Space Agency, the European Commission, in the aviation and commodities sectors, and started his career as a lawyer at a corporate law firm. He holds an LL.M. in Air &amp; Space Law from McGill University and a Law Degree from the University of Ljubljana. At ESPI, he first served as Research Fellow for two years, before taking on the responsibility to oversee the Institute\u2019s research output, manage day-to-day operations, and translate the Institute\u2019s work to real-world impact.<\/span><\/p>\n                                                                    <\/div>\r\n                                                                <\/div>\r\n                                                            <\/div>\r\n                                                        <\/div>\r\n                                                    <\/div>\r\n                                                    <div class=\"col-md-10 col-md-offset-2 tcode-es-artist-title-col vcenter\">\r\n                                                        <div class=\"vcenter artist-image\">\r\n                                                                                                                                                                                            <img decoding=\"async\" class=\"img-responsive\" alt=\"Setting the Scene image\" src=\"https:\/\/euspaceforum.com\/2025\/wp-content\/uploads\/2025\/05\/Matija-Rencelj-Website-90x90.png\" \/>\r\n                                                                                                                    <\/div>\r\n                                                        <div class=\"vcenter tcode-es-artist-title-container\">\r\n                                                            <div class=\"tcode-es-artist-title\" style=\"color: ;\">\r\n                                                                Matija Rencelj                                                            <\/div>\r\n                                                                                                                            <div class=\"artist-position\" style=\"color: ;\">\r\n                                                                    Research Manager, ESPI                                                                 <\/div>\r\n                                                                                                                    <\/div>\r\n                                                                                                                                                                            <div class=\"vcenter\">\r\n                                                                                                                                    <a href=\"https:\/\/www.linkedin.com\/in\/matija-rencelj\/\" target=\"_blank\" class=\"tcode-social-icon tcode-ico-linkedin\"><\/a>\r\n                                                                                                                            <\/div>\r\n                                                                                                            <\/div>\r\n                                                <\/div>\r\n                                                                                                                        <\/div>\r\n                                <\/div>\r\n                            <\/div>\r\n                        <\/div>\r\n                                                                                            <div style=\"background-color: #FFFFFF;\" class=\"row scheduled-event event-collapsed event-visible\" data-date=\"2025-07-02\" data-location=\"\">\r\n                            <div class=\"col-md-12\">\r\n                                <div class=\"row\">\r\n                                                                        <div class=\"col-md-2 vcenter \">\r\n                                                                                                                                    <div class=\"event-time text-center\" style=\"color: ;\">\r\n                                                    <span class=\"time-starts\">09:10<\/span>\r\n                                                                                                            - <span class=\"time-ends\">09:55<\/span>\r\n                                                                                                    <\/div>\r\n                                                                                                                        <\/div><div class=\"col-md-9 vcenter\">\r\n                                        <div class=\"row\">\r\n                                                                                        <div class=\"col-md-12 event-title\" style=\"color: ;\">Keynote Visions &#8211; A Blueprint for the European Space Sector<\/div>\r\n                                        <\/div>\r\n                                    <\/div><div class=\"col-md-1 vcenter\">\r\n                                        <div class=\"event-icon pull-right\">\r\n                                            <i class=\"tcode-ico-grot-down\" data-state=\"collapsed\" style=\"color: ;\"><\/i>\r\n                                        <\/div>\r\n                                    <\/div>\r\n                                <\/div>\r\n                                <div class=\"row event-excerpt\">\r\n                                    <div class=\"col-md-12\">\r\n                                        <div class=\"row event-content\">\r\n                                            <div class=\"col-md-8 col-md-offset-2\" style=\"color: ;\">\r\n                                                                                            <\/div>\r\n                                        <\/div>\r\n                                                                                                                                    <div class=\"row artist-row\" data-effect=\"mfp-zoom-in\">\r\n                                                    <div class=\"tcode-artist-popover hidden\">\r\n                                                        <div>\r\n                                                            <div class=\"row\">\r\n                                                                <div class=\"col-xs-12 col-sm-4\">\r\n                                                                    <div class=\"artist-image center-block\">\r\n                                                                                                                                                                                                                                <img decoding=\"async\" class=\"img-responsive center-block\" alt=\"Keynote Visions &#8211; A Blueprint for the European Space Sector image\" src=\"https:\/\/euspaceforum.com\/2025\/wp-content\/uploads\/2025\/05\/Copy-of-Josef-Aschbacher-Website-Image-120x120.png\" \/>\r\n                                                                                                                                            <\/div>\r\n                                                                                                                                                                                                                <div class=\"row artist-media text-center\">\r\n                                                                                                                                                            <a href=\"https:\/\/www.linkedin.com\/in\/josef-aschbacher\/\" target=\"_blank\" class=\"tcode-social-icon tcode-ico-linkedin\"><\/a>\r\n                                                                                                                                                    <\/div>\r\n                                                                                                                                    <\/div>\r\n                                                                <div class=\"col-xs-12 col-sm-8 artist-details-container\">\r\n                                                                    <div class=\"tcode-es-artist-title\">\r\n                                                                        <a href=\"#\">\r\n                                                                            Josef Aschbacher                                                                        <\/a>\r\n                                                                    <\/div>\r\n                                                                                                                                            <div class=\"artist-position\">\r\n                                                                            Director General, European Space Agency (ESA)                                                                        <\/div>\r\n                                                                                                                                        <div class=\"artist-content\">\r\n                                                                        <p><span style=\"font-weight: 400;\">Josef Aschbacher, of Austrian nationality, is a geophysicist by education. He joined ESA in 1990. Throughout his career he held various positions in different locations. He also worked for the European Union. In 2016 he became ESA\u2019s Director of Earth Observation, and in 2021 he took office as ESA\u2019s Director General.<\/span><\/p>\n                                                                    <\/div>\r\n                                                                <\/div>\r\n                                                            <\/div>\r\n                                                        <\/div>\r\n                                                    <\/div>\r\n                                                    <div class=\"col-md-10 col-md-offset-2 tcode-es-artist-title-col vcenter\">\r\n                                                        <div class=\"vcenter artist-image\">\r\n                                                                                                                                                                                            <img decoding=\"async\" class=\"img-responsive\" alt=\"Keynote Visions &#8211; A Blueprint for the European Space Sector image\" src=\"https:\/\/euspaceforum.com\/2025\/wp-content\/uploads\/2025\/05\/Copy-of-Josef-Aschbacher-Website-Image-90x90.png\" \/>\r\n                                                                                                                    <\/div>\r\n                                                        <div class=\"vcenter tcode-es-artist-title-container\">\r\n                                                            <div class=\"tcode-es-artist-title\" style=\"color: ;\">\r\n                                                                Josef Aschbacher                                                            <\/div>\r\n                                                                                                                            <div class=\"artist-position\" style=\"color: ;\">\r\n                                                                    Director General, European Space Agency (ESA)                                                                <\/div>\r\n                                                                                                                    <\/div>\r\n                                                                                                                                                                            <div class=\"vcenter\">\r\n                                                                                                                                    <a href=\"https:\/\/www.linkedin.com\/in\/josef-aschbacher\/\" target=\"_blank\" class=\"tcode-social-icon tcode-ico-linkedin\"><\/a>\r\n                                                                                                                            <\/div>\r\n                                                                                                            <\/div>\r\n                                                <\/div>\r\n                                                                                            <div class=\"row artist-row\" data-effect=\"mfp-zoom-in\">\r\n                                                    <div class=\"tcode-artist-popover hidden\">\r\n                                                        <div>\r\n                                                            <div class=\"row\">\r\n                                                                <div class=\"col-xs-12 col-sm-4\">\r\n                                                                    <div class=\"artist-image center-block\">\r\n                                                                                                                                                                                                                                <img decoding=\"async\" class=\"img-responsive center-block\" alt=\"Keynote Visions &#8211; A Blueprint for the European Space Sector image\" src=\"https:\/\/euspaceforum.com\/2025\/wp-content\/uploads\/2022\/09\/Giancarlo-Granero-WebsiteMailing-120x120.png\" \/>\r\n                                                                                                                                            <\/div>\r\n                                                                                                                                                                                                                <div class=\"row artist-media text-center\">\r\n                                                                                                                                                            <a href=\"https:\/\/www.linkedin.com\/in\/giancarlo-granero-b193a17\/\" target=\"_blank\" class=\"tcode-social-icon tcode-ico-linkedin\"><\/a>\r\n                                                                                                                                                    <\/div>\r\n                                                                                                                                    <\/div>\r\n                                                                <div class=\"col-xs-12 col-sm-8 artist-details-container\">\r\n                                                                    <div class=\"tcode-es-artist-title\">\r\n                                                                        <a href=\"#\">\r\n                                                                            Giancarlo Granero                                                                        <\/a>\r\n                                                                    <\/div>\r\n                                                                                                                                            <div class=\"artist-position\">\r\n                                                                            Head of Unit for Space Economy, DG DEFIS, European Commission                                                                        <\/div>\r\n                                                                                                                                        <div class=\"artist-content\">\r\n                                                                        <p><span style=\"font-weight: 400;\">Experienced Head Of Unit with a demonstrated history of working in the government administration industry. Skilled in Government, European Integration, European Studies, Environmental Awareness, and International Relations. Strong business development professional graduated from IMD Business School.<\/span><\/p>\n                                                                    <\/div>\r\n                                                                <\/div>\r\n                                                            <\/div>\r\n                                                        <\/div>\r\n                                                    <\/div>\r\n                                                    <div class=\"col-md-10 col-md-offset-2 tcode-es-artist-title-col vcenter\">\r\n                                                        <div class=\"vcenter artist-image\">\r\n                                                                                                                                                                                            <img decoding=\"async\" class=\"img-responsive\" alt=\"Keynote Visions &#8211; A Blueprint for the European Space Sector image\" src=\"https:\/\/euspaceforum.com\/2025\/wp-content\/uploads\/2022\/09\/Giancarlo-Granero-WebsiteMailing-90x90.png\" \/>\r\n                                                                                                                    <\/div>\r\n                                                        <div class=\"vcenter tcode-es-artist-title-container\">\r\n                                                            <div class=\"tcode-es-artist-title\" style=\"color: ;\">\r\n                                                                Giancarlo Granero                                                            <\/div>\r\n                                                                                                                            <div class=\"artist-position\" style=\"color: ;\">\r\n                                                                    Head of Unit for Space Economy, DG DEFIS, European Commission                                                                <\/div>\r\n                                                                                                                    <\/div>\r\n                                                                                                                                                                            <div class=\"vcenter\">\r\n                                                                                                                                    <a href=\"https:\/\/www.linkedin.com\/in\/giancarlo-granero-b193a17\/\" target=\"_blank\" class=\"tcode-social-icon tcode-ico-linkedin\"><\/a>\r\n                                                                                                                            <\/div>\r\n                                                                                                            <\/div>\r\n                                                <\/div>\r\n                                                                                            <div class=\"row artist-row\" data-effect=\"mfp-zoom-in\">\r\n                                                    <div class=\"tcode-artist-popover hidden\">\r\n                                                        <div>\r\n                                                            <div class=\"row\">\r\n                                                                <div class=\"col-xs-12 col-sm-4\">\r\n                                                                    <div class=\"artist-image center-block\">\r\n                                                                                                                                                                                                                                <img decoding=\"async\" class=\"img-responsive center-block\" alt=\"Keynote Visions &#8211; A Blueprint for the European Space Sector image\" src=\"https:\/\/euspaceforum.com\/2025\/wp-content\/uploads\/2024\/04\/Copy-of-Isabelle-Mauro-website-120x120.png\" \/>\r\n                                                                                                                                            <\/div>\r\n                                                                                                                                                                                                                <div class=\"row artist-media text-center\">\r\n                                                                                                                                                            <a href=\"https:\/\/www.linkedin.com\/in\/isabelle-mauro-908546\/\" target=\"_blank\" class=\"tcode-social-icon tcode-ico-linkedin\"><\/a>\r\n                                                                                                                                                    <\/div>\r\n                                                                                                                                    <\/div>\r\n                                                                <div class=\"col-xs-12 col-sm-8 artist-details-container\">\r\n                                                                    <div class=\"tcode-es-artist-title\">\r\n                                                                        <a href=\"#\">\r\n                                                                            Isabelle Mauro                                                                        <\/a>\r\n                                                                    <\/div>\r\n                                                                                                                                            <div class=\"artist-position\">\r\n                                                                            Director General, Global Satellite Operators Association (GSOA)                                                                        <\/div>\r\n                                                                                                                                        <div class=\"artist-content\">\r\n                                                                        <p><span style=\"font-weight: 400;\">Isabelle Mauro is Director General of the Global Satellite Operators Association (GSOA) that represents the interests of 29 global and regional satellite operators. She reports directly to their Chief Executives.<\/span><\/p>\n<p><span style=\"font-weight: 400;\">Under Isabelle\u2019s leadership, GSOA and its member CEOs lead the effort to showcase the benefits of satellite communications for a more inclusive and secure society \u2013 vital to bridging the world\u2019s digital divide, achieving the UN\u2019s Sustainable Development Goals and realizing the 5G ecosystem.<\/span><\/p>\n<p><span style=\"font-weight: 400;\">Isabelle has 25 years experience in the Telecoms and Technology sector, starting at the GSMA, where she was responsible for government and international Affairs. In 2015 she moved to New York to join the World Economic Forum as Head of\u00a0 Information, Communications and Technology Industries, managing the portfolio for 60+ Tech companies globally and leading initiatives on inclusive and sustainable digital transformation.<\/span><\/p>\n<p><span style=\"font-weight: 400;\">Isabelle is passionate about inclusion and sustainability. She is Chair of the High-Level Advisory Board of the DigitalGoesGreen Foundation. She also sits on the Advisory Board of Women in Tech and is a member of the UNESCO Advisory Group for the Declaration on Connectivity for Education.<\/span><\/p>\n<p><span style=\"font-weight: 400;\">Isabelle holds an MSc in European Politics and Policy from the London School of Economics. She is fluent in French, English, Italian and Spanish.<\/span><\/p>\n                                                                    <\/div>\r\n                                                                <\/div>\r\n                                                            <\/div>\r\n                                                        <\/div>\r\n                                                    <\/div>\r\n                                                    <div class=\"col-md-10 col-md-offset-2 tcode-es-artist-title-col vcenter\">\r\n                                                        <div class=\"vcenter artist-image\">\r\n                                                                                                                                                                                            <img decoding=\"async\" class=\"img-responsive\" alt=\"Keynote Visions &#8211; A Blueprint for the European Space Sector image\" src=\"https:\/\/euspaceforum.com\/2025\/wp-content\/uploads\/2024\/04\/Copy-of-Isabelle-Mauro-website-90x90.png\" \/>\r\n                                                                                                                    <\/div>\r\n                                                        <div class=\"vcenter tcode-es-artist-title-container\">\r\n                                                            <div class=\"tcode-es-artist-title\" style=\"color: ;\">\r\n                                                                Isabelle Mauro                                                            <\/div>\r\n                                                                                                                            <div class=\"artist-position\" style=\"color: ;\">\r\n                                                                    Director General, Global Satellite Operators Association (GSOA)                                                                <\/div>\r\n                                                                                                                    <\/div>\r\n                                                                                                                                                                            <div class=\"vcenter\">\r\n                                                                                                                                    <a href=\"https:\/\/www.linkedin.com\/in\/isabelle-mauro-908546\/\" target=\"_blank\" class=\"tcode-social-icon tcode-ico-linkedin\"><\/a>\r\n                                                                                                                            <\/div>\r\n                                                                                                            <\/div>\r\n                                                <\/div>\r\n                                                                                            <div class=\"row artist-row\" data-effect=\"mfp-zoom-in\">\r\n                                                    <div class=\"tcode-artist-popover hidden\">\r\n                                                        <div>\r\n                                                            <div class=\"row\">\r\n                                                                <div class=\"col-xs-12 col-sm-4\">\r\n                                                                    <div class=\"artist-image center-block\">\r\n                                                                                                                                                                                                                                <img decoding=\"async\" class=\"img-responsive center-block\" alt=\"Keynote Visions &#8211; A Blueprint for the European Space Sector image\" src=\"https:\/\/euspaceforum.com\/2025\/wp-content\/uploads\/2024\/04\/Copy-of-Hermann-Ludwig-Moeller-website-120x120.png\" \/>\r\n                                                                                                                                            <\/div>\r\n                                                                                                                                                                                                                <div class=\"row artist-media text-center\">\r\n                                                                                                                                                            <a href=\"https:\/\/www.linkedin.com\/in\/h-ludwig-moeller-576315206\/\" target=\"_blank\" class=\"tcode-social-icon tcode-ico-linkedin\"><\/a>\r\n                                                                                                                                                    <\/div>\r\n                                                                                                                                    <\/div>\r\n                                                                <div class=\"col-xs-12 col-sm-8 artist-details-container\">\r\n                                                                    <div class=\"tcode-es-artist-title\">\r\n                                                                        <a href=\"#\">\r\n                                                                            Moderated by: H. Ludwig Moeller                                                                        <\/a>\r\n                                                                    <\/div>\r\n                                                                                                                                            <div class=\"artist-position\">\r\n                                                                            Director, European Space Policy Institute (ESPI)                                                                        <\/div>\r\n                                                                                                                                        <div class=\"artist-content\">\r\n                                                                        <p><span style=\"font-weight: 400;\">Hermann Ludwig Moeller is the Director of European Space Policy Institute since September 2022. Prior to joining ESPI, he held leading positions at ESA in the creation of EU Copernicus and in the preparation of the EU Secure Connectivity initiative as Head of Telecommunications Strategy, Programme and Transformation Office and as Head of Copernicus Space Segment Office. In these functions, Mr. Moeller has been operating with high level leadership in a complex multi-stakeholder policy environment in public-private partnerships with industry, at EU level, with EUMETSAT and with national space agencies and delegations. Prior to that he held the ESA Douglas Marsh Fellow at NASA and contributed to the creation of the European Internet backbone. He acquired early professional experience at the European Patent Office and with Siemens.<\/span><\/p>\n                                                                    <\/div>\r\n                                                                <\/div>\r\n                                                            <\/div>\r\n                                                        <\/div>\r\n                                                    <\/div>\r\n                                                    <div class=\"col-md-10 col-md-offset-2 tcode-es-artist-title-col vcenter\">\r\n                                                        <div class=\"vcenter artist-image\">\r\n                                                                                                                                                                                            <img decoding=\"async\" class=\"img-responsive\" alt=\"Keynote Visions &#8211; A Blueprint for the European Space Sector image\" src=\"https:\/\/euspaceforum.com\/2025\/wp-content\/uploads\/2024\/04\/Copy-of-Hermann-Ludwig-Moeller-website-90x90.png\" \/>\r\n                                                                                                                    <\/div>\r\n                                                        <div class=\"vcenter tcode-es-artist-title-container\">\r\n                                                            <div class=\"tcode-es-artist-title\" style=\"color: ;\">\r\n                                                                Moderated by: H. Ludwig Moeller                                                            <\/div>\r\n                                                                                                                            <div class=\"artist-position\" style=\"color: ;\">\r\n                                                                    Director, European Space Policy Institute (ESPI)                                                                <\/div>\r\n                                                                                                                    <\/div>\r\n                                                                                                                                                                            <div class=\"vcenter\">\r\n                                                                                                                                    <a href=\"https:\/\/www.linkedin.com\/in\/h-ludwig-moeller-576315206\/\" target=\"_blank\" class=\"tcode-social-icon tcode-ico-linkedin\"><\/a>\r\n                                                                                                                            <\/div>\r\n                                                                                                            <\/div>\r\n                                                <\/div>\r\n                                                                                                                        <\/div>\r\n                                <\/div>\r\n                            <\/div>\r\n                        <\/div>\r\n                                                                                            <div style=\"background-color: #FFFFFF;\" class=\"row scheduled-event event-collapsed event-visible\" data-date=\"2025-07-02\" data-location=\"\">\r\n                            <div class=\"col-md-12\">\r\n                                <div class=\"row\">\r\n                                                                        <div class=\"col-md-2 vcenter \">\r\n                                                                                                                                    <div class=\"event-time text-center\" style=\"color: ;\">\r\n                                                    <span class=\"time-starts\">09:55<\/span>\r\n                                                                                                            - <span class=\"time-ends\">11:00<\/span>\r\n                                                                                                    <\/div>\r\n                                                                                                                        <\/div><div class=\"col-md-9 vcenter\">\r\n                                        <div class=\"row\">\r\n                                                                                        <div class=\"col-md-12 event-title\" style=\"color: ;\">Session 1: The EU Space Act: Shaping a Unified, Competitive, and Sustainable  Space Market<\/div>\r\n                                        <\/div>\r\n                                    <\/div><div class=\"col-md-1 vcenter\">\r\n                                        <div class=\"event-icon pull-right\">\r\n                                            <i class=\"tcode-ico-grot-down\" data-state=\"collapsed\" style=\"color: ;\"><\/i>\r\n                                        <\/div>\r\n                                    <\/div>\r\n                                <\/div>\r\n                                <div class=\"row event-excerpt\">\r\n                                    <div class=\"col-md-12\">\r\n                                        <div class=\"row event-content\">\r\n                                            <div class=\"col-md-8 col-md-offset-2\" style=\"color: ;\">\r\n                                                <p><span style=\"font-weight: 400;\">Unveiled last week, the EU Space Act (EUSA) has set forth an ambitious vision for the sector. Set to apply from 2030, it is structured around three key pillars: safety, sustainability, and resilience; and aims to replace the current patchwork of national-level laws and create a single market for space activities across the region. This session will explore the primary objectives of the EUSA, and the measures that are being proposed in order to deliver these. It will look at the next steps for stakeholders, as well as the role that the EUSA can play as part of the broader regulatory framework to address competitive disadvantages and foster a unified, dynamic, and resilient space market.<\/span><\/p>\n<ul>\n<li style=\"font-weight: 400;\" aria-level=\"1\"><span style=\"font-weight: 400;\">What are the primary objectives of the EUSA, and how do they align with broader European priorities? How will the act address the varied interests of key stakeholders, including governments, civil society, established industry players, and the SME\/startup community?<\/span><\/li>\n<li style=\"font-weight: 400;\" aria-level=\"1\"><span style=\"font-weight: 400;\">What are the next steps for the development and implementation of the EUSA, and what are the expected timelines ahead?<\/span><\/li>\n<li style=\"font-weight: 400;\" aria-level=\"1\"><span style=\"font-weight: 400;\">What challenges and opportunities lie ahead, and how do actors expect to navigate and overcome these?\u00a0<\/span><\/li>\n<li style=\"font-weight: 400;\" aria-level=\"1\"><span style=\"font-weight: 400;\">How can the EUSA integrate with existing frameworks governing the space sector and related industries to promote strategic coherence?<\/span><\/li>\n<li style=\"font-weight: 400;\" aria-level=\"1\"><span style=\"font-weight: 400;\">How can we strike the right balance between fostering innovation and maintaining regulatory oversight to ensure both compliance and competitiveness across the global space ecosystem?<\/span><\/li>\n<li style=\"font-weight: 400;\" aria-level=\"1\"><span style=\"font-weight: 400;\">What role will the EUSA play in fostering collaboration between the EU, ESA, EUSPA, and other European partners, both private and public? Can it play the role of a regulatory authority?\u00a0<\/span><\/li>\n<li style=\"font-weight: 400;\" aria-level=\"1\"><span style=\"font-weight: 400;\">How is the EUSA being perceived internationally, and to what extent can it serve as a blueprint for future international regulations and global cooperation aligned with its principles?\u00a0<\/span><\/li>\n<li style=\"font-weight: 400;\" aria-level=\"1\"><span style=\"font-weight: 400;\">How will the EUSA support the emergence of new markets in domains such as space surveillance, collision avoidance services, cybersecurity in space, and so forth? How will progress and the impact of the EUSA be measured over time to adapt to these evolving technologies?<\/span><\/li>\n<\/ul>\n                                            <\/div>\r\n                                        <\/div>\r\n                                                                                                                                    <div class=\"row artist-row\" data-effect=\"mfp-zoom-in\">\r\n                                                    <div class=\"tcode-artist-popover hidden\">\r\n                                                        <div>\r\n                                                            <div class=\"row\">\r\n                                                                <div class=\"col-xs-12 col-sm-4\">\r\n                                                                    <div class=\"artist-image center-block\">\r\n                                                                                                                                                                                                                                <img decoding=\"async\" class=\"img-responsive center-block\" alt=\"Session 1: The EU Space Act: Shaping a Unified, Competitive, and Sustainable  Space Market image\" src=\"https:\/\/euspaceforum.com\/2025\/wp-content\/uploads\/2022\/09\/Zuzana-Mazanova-WebsiteMailing-120x120.png\" \/>\r\n                                                                                                                                            <\/div>\r\n                                                                                                                                                                                                                <div class=\"row artist-media text-center\">\r\n                                                                                                                                                            <a href=\"https:\/\/www.linkedin.com\/in\/zuzanamazanova\/\" target=\"_blank\" class=\"tcode-social-icon tcode-ico-linkedin\"><\/a>\r\n                                                                                                                                                    <\/div>\r\n                                                                                                                                    <\/div>\r\n                                                                <div class=\"col-xs-12 col-sm-8 artist-details-container\">\r\n                                                                    <div class=\"tcode-es-artist-title\">\r\n                                                                        <a href=\"#\">\r\n                                                                            Zuzana Mazanova                                                                        <\/a>\r\n                                                                    <\/div>\r\n                                                                                                                                            <div class=\"artist-position\">\r\n                                                                            Head of Unit, Space Single Market, DG DEFIS, European Commission                                                                        <\/div>\r\n                                                                                                                                        <div class=\"artist-content\">\r\n                                                                        <p>Bio to follow.<\/p>\n                                                                    <\/div>\r\n                                                                <\/div>\r\n                                                            <\/div>\r\n                                                        <\/div>\r\n                                                    <\/div>\r\n                                                    <div class=\"col-md-10 col-md-offset-2 tcode-es-artist-title-col vcenter\">\r\n                                                        <div class=\"vcenter artist-image\">\r\n                                                                                                                                                                                            <img decoding=\"async\" class=\"img-responsive\" alt=\"Session 1: The EU Space Act: Shaping a Unified, Competitive, and Sustainable  Space Market image\" src=\"https:\/\/euspaceforum.com\/2025\/wp-content\/uploads\/2022\/09\/Zuzana-Mazanova-WebsiteMailing-90x90.png\" \/>\r\n                                                                                                                    <\/div>\r\n                                                        <div class=\"vcenter tcode-es-artist-title-container\">\r\n                                                            <div class=\"tcode-es-artist-title\" style=\"color: ;\">\r\n                                                                Zuzana Mazanova                                                            <\/div>\r\n                                                                                                                            <div class=\"artist-position\" style=\"color: ;\">\r\n                                                                    Head of Unit, Space Single Market, DG DEFIS, European Commission                                                                <\/div>\r\n                                                                                                                    <\/div>\r\n                                                                                                                                                                            <div class=\"vcenter\">\r\n                                                                                                                                    <a href=\"https:\/\/www.linkedin.com\/in\/zuzanamazanova\/\" target=\"_blank\" class=\"tcode-social-icon tcode-ico-linkedin\"><\/a>\r\n                                                                                                                            <\/div>\r\n                                                                                                            <\/div>\r\n                                                <\/div>\r\n                                                                                            <div class=\"row artist-row\" data-effect=\"mfp-zoom-in\">\r\n                                                    <div class=\"tcode-artist-popover hidden\">\r\n                                                        <div>\r\n                                                            <div class=\"row\">\r\n                                                                <div class=\"col-xs-12 col-sm-4\">\r\n                                                                    <div class=\"artist-image center-block\">\r\n                                                                                                                                                                                                                                <img decoding=\"async\" class=\"img-responsive center-block\" alt=\"Session 1: The EU Space Act: Shaping a Unified, Competitive, and Sustainable  Space Market image\" src=\"https:\/\/euspaceforum.com\/2025\/wp-content\/uploads\/2024\/04\/Christophe-Grudler-website-120x120.png\" \/>\r\n                                                                                                                                            <\/div>\r\n                                                                                                                                                                                                                <div class=\"row artist-media text-center\">\r\n                                                                                                                                                            <a href=\"https:\/\/www.linkedin.com\/in\/christophe-grudler\/\" target=\"_blank\" class=\"tcode-social-icon tcode-ico-linkedin\"><\/a>\r\n                                                                                                                                                    <\/div>\r\n                                                                                                                                    <\/div>\r\n                                                                <div class=\"col-xs-12 col-sm-8 artist-details-container\">\r\n                                                                    <div class=\"tcode-es-artist-title\">\r\n                                                                        <a href=\"#\">\r\n                                                                            Christophe Grudler                                                                        <\/a>\r\n                                                                    <\/div>\r\n                                                                                                                                            <div class=\"artist-position\">\r\n                                                                            Member & Rapporteur on the EU Secure Connectivity Initiative, European Parliament                                                                        <\/div>\r\n                                                                                                                                        <div class=\"artist-content\">\r\n                                                                        <p><span style=\"font-weight: 400;\">Christophe Grudler is a French Member of the European Parliament (MEP),member of the Renew Europe group.<\/span><\/p>\n<p><span style=\"font-weight: 400;\">Historian and journalist by training, his political commitment started at an early stage of his career. He is particularly involved at the local level in his hometown, Belfort, where he has been elected as a local representative several times.<\/span><\/p>\n<p><span style=\"font-weight: 400;\">Within the European Parliament, he is Vice-Coordinator of the ITRE Committee (Industry, research and energy) for the Renew Europe group. He is also a member of the Foreign Affairs (AFET) and Security and Defence (SEDE) committees. Furthermore, he is Vice President of the Sky &amp; Space Intergroup of the European <\/span><span style=\"font-weight: 400;\">Parliament.<\/span><\/p>\n<p><span style=\"font-weight: 400;\">MEP Grudler is particularly involved on energy and industry related topics, as well as on space and defence policies. He has been appointed as rapporteur for the European Parliament on the Initiative report on Energy System Integration and recently on the future European secure connectivity. He is also shadow rapporteur for his group on the European Industrial Strategy, the revision of the Renewable Energy Directive (RED) and on the European Space Programme.<\/span><\/p>\n<p>&nbsp;<\/p>\n                                                                    <\/div>\r\n                                                                <\/div>\r\n                                                            <\/div>\r\n                                                        <\/div>\r\n                                                    <\/div>\r\n                                                    <div class=\"col-md-10 col-md-offset-2 tcode-es-artist-title-col vcenter\">\r\n                                                        <div class=\"vcenter artist-image\">\r\n                                                                                                                                                                                            <img decoding=\"async\" class=\"img-responsive\" alt=\"Session 1: The EU Space Act: Shaping a Unified, Competitive, and Sustainable  Space Market image\" src=\"https:\/\/euspaceforum.com\/2025\/wp-content\/uploads\/2024\/04\/Christophe-Grudler-website-90x90.png\" \/>\r\n                                                                                                                    <\/div>\r\n                                                        <div class=\"vcenter tcode-es-artist-title-container\">\r\n                                                            <div class=\"tcode-es-artist-title\" style=\"color: ;\">\r\n                                                                Christophe Grudler                                                            <\/div>\r\n                                                                                                                            <div class=\"artist-position\" style=\"color: ;\">\r\n                                                                    Member & Rapporteur on the EU Secure Connectivity Initiative, European Parliament                                                                <\/div>\r\n                                                                                                                    <\/div>\r\n                                                                                                                                                                            <div class=\"vcenter\">\r\n                                                                                                                                    <a href=\"https:\/\/www.linkedin.com\/in\/christophe-grudler\/\" target=\"_blank\" class=\"tcode-social-icon tcode-ico-linkedin\"><\/a>\r\n                                                                                                                            <\/div>\r\n                                                                                                            <\/div>\r\n                                                <\/div>\r\n                                                                                            <div class=\"row artist-row\" data-effect=\"mfp-zoom-in\">\r\n                                                    <div class=\"tcode-artist-popover hidden\">\r\n                                                        <div>\r\n                                                            <div class=\"row\">\r\n                                                                <div class=\"col-xs-12 col-sm-4\">\r\n                                                                    <div class=\"artist-image center-block\">\r\n                                                                                                                                                                                                                                <img decoding=\"async\" class=\"img-responsive center-block\" alt=\"Session 1: The EU Space Act: Shaping a Unified, Competitive, and Sustainable  Space Market image\" src=\"https:\/\/euspaceforum.com\/2025\/wp-content\/uploads\/2022\/09\/Jordi-Casanova-Tormo-WebsiteMailing-120x120.png\" \/>\r\n                                                                                                                                            <\/div>\r\n                                                                                                                                                                                                                <div class=\"row artist-media text-center\">\r\n                                                                                                                                                            <a href=\"https:\/\/www.linkedin.com\/in\/jordictormo\/\" target=\"_blank\" class=\"tcode-social-icon tcode-ico-linkedin\"><\/a>\r\n                                                                                                                                                    <\/div>\r\n                                                                                                                                    <\/div>\r\n                                                                <div class=\"col-xs-12 col-sm-8 artist-details-container\">\r\n                                                                    <div class=\"tcode-es-artist-title\">\r\n                                                                        <a href=\"#\">\r\n                                                                            Jordi Casanova Tormo                                                                        <\/a>\r\n                                                                    <\/div>\r\n                                                                                                                                            <div class=\"artist-position\">\r\n                                                                            Head of Telecom & Space, EU Public Policy, Amazon                                                                        <\/div>\r\n                                                                                                                                        <div class=\"artist-content\">\r\n                                                                        <p><span style=\"font-weight: 400;\">Currently Head of Telecoms and Space for Amazon\u2019s EU Public Policy team, Jordi Casanova has over a decade of experience in competition and regulatory economics across a wide range of fields. Before joining Amazon in 2023, he was a senior economist at the EFTA Surveillance Authority, following on from roles focusing on telecoms and competition at the European Commission, Ofcom and the Spanish Market and Competition Authority. Jordi holds degrees in economics from the University of Valencia and Universit\u00e9 Libre de Bruxelles, as well as an LLM from the College of Europe in Bruges. In addition to his interest in all things competition, regulation and policy, Jordi enjoys identifying promising startups to invest in and took his interest in viticulture to the next level as a co-owner of a start-up winery in his native Valencia.<\/span><\/p>\n                                                                    <\/div>\r\n                                                                <\/div>\r\n                                                            <\/div>\r\n                                                        <\/div>\r\n                                                    <\/div>\r\n                                                    <div class=\"col-md-10 col-md-offset-2 tcode-es-artist-title-col vcenter\">\r\n                                                        <div class=\"vcenter artist-image\">\r\n                                                                                                                                                                                            <img decoding=\"async\" class=\"img-responsive\" alt=\"Session 1: The EU Space Act: Shaping a Unified, Competitive, and Sustainable  Space Market image\" src=\"https:\/\/euspaceforum.com\/2025\/wp-content\/uploads\/2022\/09\/Jordi-Casanova-Tormo-WebsiteMailing-90x90.png\" \/>\r\n                                                                                                                    <\/div>\r\n                                                        <div class=\"vcenter tcode-es-artist-title-container\">\r\n                                                            <div class=\"tcode-es-artist-title\" style=\"color: ;\">\r\n                                                                Jordi Casanova Tormo                                                            <\/div>\r\n                                                                                                                            <div class=\"artist-position\" style=\"color: ;\">\r\n                                                                    Head of Telecom & Space, EU Public Policy, Amazon                                                                <\/div>\r\n                                                                                                                    <\/div>\r\n                                                                                                                                                                            <div class=\"vcenter\">\r\n                                                                                                                                    <a href=\"https:\/\/www.linkedin.com\/in\/jordictormo\/\" target=\"_blank\" class=\"tcode-social-icon tcode-ico-linkedin\"><\/a>\r\n                                                                                                                            <\/div>\r\n                                                                                                            <\/div>\r\n                                                <\/div>\r\n                                                                                            <div class=\"row artist-row\" data-effect=\"mfp-zoom-in\">\r\n                                                    <div class=\"tcode-artist-popover hidden\">\r\n                                                        <div>\r\n                                                            <div class=\"row\">\r\n                                                                <div class=\"col-xs-12 col-sm-4\">\r\n                                                                    <div class=\"artist-image center-block\">\r\n                                                                                                                                                                                                                                <img decoding=\"async\" class=\"img-responsive center-block\" alt=\"Session 1: The EU Space Act: Shaping a Unified, Competitive, and Sustainable  Space Market image\" src=\"https:\/\/euspaceforum.com\/2025\/wp-content\/uploads\/2022\/09\/Javier-Izquierdo-WebsiteMailing-120x120.png\" \/>\r\n                                                                                                                                            <\/div>\r\n                                                                                                                                                                                                                <div class=\"row artist-media text-center\">\r\n                                                                                                                                                            <a href=\"https:\/\/www.linkedin.com\/in\/javierizquierdomartin\/\" target=\"_blank\" class=\"tcode-social-icon tcode-ico-linkedin\"><\/a>\r\n                                                                                                                                                    <\/div>\r\n                                                                                                                                    <\/div>\r\n                                                                <div class=\"col-xs-12 col-sm-8 artist-details-container\">\r\n                                                                    <div class=\"tcode-es-artist-title\">\r\n                                                                        <a href=\"#\">\r\n                                                                            Javier Izquierdo                                                                        <\/a>\r\n                                                                    <\/div>\r\n                                                                                                                                            <div class=\"artist-position\">\r\n                                                                            Strategy Director, Hispasat                                                                        <\/div>\r\n                                                                                                                                        <div class=\"artist-content\">\r\n                                                                        <p><span style=\"font-weight: 400;\">Wide Experience in THE TELCO AND AUDIO-VISUAL MARKET in EUROPE AN LATINAMERICA.<\/span><\/p>\n<p><span style=\"font-weight: 400;\">Leading Operational, Technical and Commercial teams in different companies inside TELEFONICA. The last six years working in the Global Areas of TELEFONICA and till February 2020. Javier was part of the Operations and Customer Experience at GCTIO as Operations Director of Global Platforms (IoT, MVNE, etc..) and Video Services (IPTV, CATV, DTH, OTT), and from that date he lead the Shutdown of the Direct To Home (DTH) service and analysing new possible products and services.<\/span><\/p>\n<p><span style=\"font-weight: 400;\">Javier has<\/span> <span style=\"font-weight: 400;\">always worked in Markets in Competition and depending on the Position, he has been responsible of P&amp;L, business development, Channel strategy and sales strategy.<\/span><\/p>\n<p><span style=\"font-weight: 400;\">Javier considers himself a client-oriented person and has strong team building capabilities. He has excellent negotiation abilities, vision for development of new businesses and strategic analytical skills. He has a robust record of success in achieving complex objectives and timelines while building an exceptional team of professionals.<\/span><\/p>\n<p><span style=\"font-weight: 400;\">Areas of experience<\/span><\/p>\n<p><span style=\"font-weight: 400;\">&#8211; Open new business lines<\/span><\/p>\n<p><span style=\"font-weight: 400;\">&#8211; Management of complete business lines and companies<\/span><\/p>\n<p><span style=\"font-weight: 400;\">&#8211; Development of strategic plans<\/span><\/p>\n<p><span style=\"font-weight: 400;\">&#8211; Create and manage teams<\/span><\/p>\n<p><span style=\"font-weight: 400;\">&#8211; Negociations<\/span><\/p>\n<p><span style=\"font-weight: 400;\">&#8211; Human resources management<\/span><\/p>\n                                                                    <\/div>\r\n                                                                <\/div>\r\n                                                            <\/div>\r\n                                                        <\/div>\r\n                                                    <\/div>\r\n                                                    <div class=\"col-md-10 col-md-offset-2 tcode-es-artist-title-col vcenter\">\r\n                                                        <div class=\"vcenter artist-image\">\r\n                                                                                                                                                                                            <img decoding=\"async\" class=\"img-responsive\" alt=\"Session 1: The EU Space Act: Shaping a Unified, Competitive, and Sustainable  Space Market image\" src=\"https:\/\/euspaceforum.com\/2025\/wp-content\/uploads\/2022\/09\/Javier-Izquierdo-WebsiteMailing-90x90.png\" \/>\r\n                                                                                                                    <\/div>\r\n                                                        <div class=\"vcenter tcode-es-artist-title-container\">\r\n                                                            <div class=\"tcode-es-artist-title\" style=\"color: ;\">\r\n                                                                Javier Izquierdo                                                            <\/div>\r\n                                                                                                                            <div class=\"artist-position\" style=\"color: ;\">\r\n                                                                    Strategy Director, Hispasat                                                                <\/div>\r\n                                                                                                                    <\/div>\r\n                                                                                                                                                                            <div class=\"vcenter\">\r\n                                                                                                                                    <a href=\"https:\/\/www.linkedin.com\/in\/javierizquierdomartin\/\" target=\"_blank\" class=\"tcode-social-icon tcode-ico-linkedin\"><\/a>\r\n                                                                                                                            <\/div>\r\n                                                                                                            <\/div>\r\n                                                <\/div>\r\n                                                                                            <div class=\"row artist-row\" data-effect=\"mfp-zoom-in\">\r\n                                                    <div class=\"tcode-artist-popover hidden\">\r\n                                                        <div>\r\n                                                            <div class=\"row\">\r\n                                                                <div class=\"col-xs-12 col-sm-4\">\r\n                                                                    <div class=\"artist-image center-block\">\r\n                                                                                                                                                                                                                                <img decoding=\"async\" class=\"img-responsive center-block\" alt=\"Session 1: The EU Space Act: Shaping a Unified, Competitive, and Sustainable  Space Market image\" src=\"https:\/\/euspaceforum.com\/2025\/wp-content\/uploads\/2022\/09\/Ivan-Janes-WebsiteMailing-120x120.png\" \/>\r\n                                                                                                                                            <\/div>\r\n                                                                                                                                                                                                                <div class=\"row artist-media text-center\">\r\n                                                                                                                                                            <a href=\"https:\/\/www.linkedin.com\/in\/dr-ivan-janes-0b36751\/\" target=\"_blank\" class=\"tcode-social-icon tcode-ico-linkedin\"><\/a>\r\n                                                                                                                                                    <\/div>\r\n                                                                                                                                    <\/div>\r\n                                                                <div class=\"col-xs-12 col-sm-8 artist-details-container\">\r\n                                                                    <div class=\"tcode-es-artist-title\">\r\n                                                                        <a href=\"#\">\r\n                                                                            Ivan Janes                                                                        <\/a>\r\n                                                                    <\/div>\r\n                                                                                                                                            <div class=\"artist-position\">\r\n                                                                            Chief Systems & Products Officer, Telespazio Germany                                                                        <\/div>\r\n                                                                                                                                        <div class=\"artist-content\">\r\n                                                                        <p><span style=\"font-weight: 400;\">Dr. Ivan Janes is an accomplished executive with over two decades of leadership experience at the intersection of strategy, systems and innovation in the European Space, Defence, Aviation and Energy sectors. Currently serving as Chief Systems &amp; Products Officer, he oversees mission-critical capabilities spanning, among others, ground infrastructure, cybersecurity, satellite communications and simulation services.<\/span><\/p>\n<p><span style=\"font-weight: 400;\">With a Ph.D. in Computer Science and extensive experience spanning systems engineering and executive commercial leadership, Dr. Janes brings a uniquely strategic perspective, translating technical depth into business value, operational excellence and high-impact solutions that meet real customer needs. He is a regular contributor to executive forums focused on digital resilience, emerging space markets and the future of European industrial collaboration.<\/span><\/p>\n                                                                    <\/div>\r\n                                                                <\/div>\r\n                                                            <\/div>\r\n                                                        <\/div>\r\n                                                    <\/div>\r\n                                                    <div class=\"col-md-10 col-md-offset-2 tcode-es-artist-title-col vcenter\">\r\n                                                        <div class=\"vcenter artist-image\">\r\n                                                                                                                                                                                            <img decoding=\"async\" class=\"img-responsive\" alt=\"Session 1: The EU Space Act: Shaping a Unified, Competitive, and Sustainable  Space Market image\" src=\"https:\/\/euspaceforum.com\/2025\/wp-content\/uploads\/2022\/09\/Ivan-Janes-WebsiteMailing-90x90.png\" \/>\r\n                                                                                                                    <\/div>\r\n                                                        <div class=\"vcenter tcode-es-artist-title-container\">\r\n                                                            <div class=\"tcode-es-artist-title\" style=\"color: ;\">\r\n                                                                Ivan Janes                                                            <\/div>\r\n                                                                                                                            <div class=\"artist-position\" style=\"color: ;\">\r\n                                                                    Chief Systems & Products Officer, Telespazio Germany                                                                <\/div>\r\n                                                                                                                    <\/div>\r\n                                                                                                                                                                            <div class=\"vcenter\">\r\n                                                                                                                                    <a href=\"https:\/\/www.linkedin.com\/in\/dr-ivan-janes-0b36751\/\" target=\"_blank\" class=\"tcode-social-icon tcode-ico-linkedin\"><\/a>\r\n                                                                                                                            <\/div>\r\n                                                                                                            <\/div>\r\n                                                <\/div>\r\n                                                                                            <div class=\"row artist-row\" data-effect=\"mfp-zoom-in\">\r\n                                                    <div class=\"tcode-artist-popover hidden\">\r\n                                                        <div>\r\n                                                            <div class=\"row\">\r\n                                                                <div class=\"col-xs-12 col-sm-4\">\r\n                                                                    <div class=\"artist-image center-block\">\r\n                                                                                                                                                                                                                                <img decoding=\"async\" class=\"img-responsive center-block\" alt=\"Session 1: The EU Space Act: Shaping a Unified, Competitive, and Sustainable  Space Market image\" src=\"https:\/\/euspaceforum.com\/2025\/wp-content\/uploads\/2022\/09\/Torsten-Kriening-website-120x120.png\" \/>\r\n                                                                                                                                            <\/div>\r\n                                                                                                                                                                                                                <div class=\"row artist-media text-center\">\r\n                                                                                                                                                            <a href=\"https:\/\/www.linkedin.com\/in\/torsten-kriening\/\" target=\"_blank\" class=\"tcode-social-icon tcode-ico-linkedin\"><\/a>\r\n                                                                                                                                                    <\/div>\r\n                                                                                                                                    <\/div>\r\n                                                                <div class=\"col-xs-12 col-sm-8 artist-details-container\">\r\n                                                                    <div class=\"tcode-es-artist-title\">\r\n                                                                        <a href=\"#\">\r\n                                                                            Moderated by: Torsten Kriening                                                                        <\/a>\r\n                                                                    <\/div>\r\n                                                                                                                                            <div class=\"artist-position\">\r\n                                                                            Publisher and CEO, SpaceWatch.Global                                                                        <\/div>\r\n                                                                                                                                        <div class=\"artist-content\">\r\n                                                                        <p>Torsten Kriening is Publisher and CEO of SpaceWatch.Global, an independent platform for space activities in a geopolitical context.<\/p>\n<p>He is a business executive with academic and professional experience in space management, satellite communications, and broadcast technology. He has an electrical and telecommunications engineering background and studied information technology and computer science at the Technical College Berlin. Torsten began his career as software developer, before moving into sales management and business development, working at companies including 3Com, Lucent Digital Video, SES Astra, Bertelsmann and PTScientists.<\/p>\n<p>A proud Berliner with a global outlook, Torsten expanded his horizons even further by attending the International Space University (ISU) and earning an Executive MBA. His ISU thesis analysed the capacity-building visions and opportunities of countries in the Gulf region, and he brings experience developing strong and lasting business relationships with Middle Eastern countries. With the global Space Caf\u00e9\u00ae talk series and the Space Caf\u00e9\u00ae Podcast he created widely recognized space outreach formats.<\/p>\n                                                                    <\/div>\r\n                                                                <\/div>\r\n                                                            <\/div>\r\n                                                        <\/div>\r\n                                                    <\/div>\r\n                                                    <div class=\"col-md-10 col-md-offset-2 tcode-es-artist-title-col vcenter\">\r\n                                                        <div class=\"vcenter artist-image\">\r\n                                                                                                                                                                                            <img decoding=\"async\" class=\"img-responsive\" alt=\"Session 1: The EU Space Act: Shaping a Unified, Competitive, and Sustainable  Space Market image\" src=\"https:\/\/euspaceforum.com\/2025\/wp-content\/uploads\/2022\/09\/Torsten-Kriening-website-90x90.png\" \/>\r\n                                                                                                                    <\/div>\r\n                                                        <div class=\"vcenter tcode-es-artist-title-container\">\r\n                                                            <div class=\"tcode-es-artist-title\" style=\"color: ;\">\r\n                                                                Moderated by: Torsten Kriening                                                            <\/div>\r\n                                                                                                                            <div class=\"artist-position\" style=\"color: ;\">\r\n                                                                    Publisher and CEO, SpaceWatch.Global                                                                <\/div>\r\n                                                                                                                    <\/div>\r\n                                                                                                                                                                            <div class=\"vcenter\">\r\n                                                                                                                                    <a href=\"https:\/\/www.linkedin.com\/in\/torsten-kriening\/\" target=\"_blank\" class=\"tcode-social-icon tcode-ico-linkedin\"><\/a>\r\n                                                                                                                            <\/div>\r\n                                                                                                            <\/div>\r\n                                                <\/div>\r\n                                                                                                                        <\/div>\r\n                                <\/div>\r\n                            <\/div>\r\n                        <\/div>\r\n                                                                                            <div style=\"background-color: #FFFFFF;\" class=\"row scheduled-event event-collapsed event-visible hideExcerpt\" data-date=\"2025-07-02\" data-location=\"\">\r\n                            <div class=\"col-md-12\">\r\n                                <div class=\"row\">\r\n                                                                        <div class=\"col-md-2 vcenter \">\r\n                                                                                                                                    <div class=\"event-time text-center\" style=\"color: ;\">\r\n                                                    <span class=\"time-starts\">11:15<\/span>\r\n                                                                                                            - <span class=\"time-ends\">11:40<\/span>\r\n                                                                                                    <\/div>\r\n                                                                                                                        <\/div><div class=\"col-md-9 vcenter\">\r\n                                        <div class=\"row\">\r\n                                                                                        <div class=\"col-md-12 event-title\" style=\"color: ;\">Refreshment Break<\/div>\r\n                                        <\/div>\r\n                                    <\/div><div class=\"col-md-1 vcenter\">\r\n                                        <div class=\"event-icon pull-right\">\r\n                                            <i class=\"tcode-ico-grot-down\" data-state=\"collapsed\" style=\"color: ;\"><\/i>\r\n                                        <\/div>\r\n                                    <\/div>\r\n                                <\/div>\r\n                                <div class=\"row event-excerpt\">\r\n                                    <div class=\"col-md-12\">\r\n                                        <div class=\"row event-content\">\r\n                                            <div class=\"col-md-8 col-md-offset-2\" style=\"color: ;\">\r\n                                                                                            <\/div>\r\n                                        <\/div>\r\n                                                                            <\/div>\r\n                                <\/div>\r\n                            <\/div>\r\n                        <\/div>\r\n                                                                                            <div style=\"background-color: #FFFFFF;\" class=\"row scheduled-event event-collapsed event-visible\" data-date=\"2025-07-02\" data-location=\"\">\r\n                            <div class=\"col-md-12\">\r\n                                <div class=\"row\">\r\n                                                                        <div class=\"col-md-2 vcenter \">\r\n                                                                                                                                    <div class=\"event-time text-center\" style=\"color: ;\">\r\n                                                    <span class=\"time-starts\">11:25<\/span>\r\n                                                                                                            - <span class=\"time-ends\">11:40<\/span>\r\n                                                                                                    <\/div>\r\n                                                                                                                        <\/div><div class=\"col-md-9 vcenter\">\r\n                                        <div class=\"row\">\r\n                                                                                        <div class=\"col-md-12 event-title\" style=\"color: ;\">Presentation: Building a collaborative space ecosystem<\/div>\r\n                                        <\/div>\r\n                                    <\/div><div class=\"col-md-1 vcenter\">\r\n                                        <div class=\"event-icon pull-right\">\r\n                                            <i class=\"tcode-ico-grot-down\" data-state=\"collapsed\" style=\"color: ;\"><\/i>\r\n                                        <\/div>\r\n                                    <\/div>\r\n                                <\/div>\r\n                                <div class=\"row event-excerpt\">\r\n                                    <div class=\"col-md-12\">\r\n                                        <div class=\"row event-content\">\r\n                                            <div class=\"col-md-8 col-md-offset-2\" style=\"color: ;\">\r\n                                                                                            <\/div>\r\n                                        <\/div>\r\n                                                                                                                                    <div class=\"row artist-row\" data-effect=\"mfp-zoom-in\">\r\n                                                    <div class=\"tcode-artist-popover hidden\">\r\n                                                        <div>\r\n                                                            <div class=\"row\">\r\n                                                                <div class=\"col-xs-12 col-sm-4\">\r\n                                                                    <div class=\"artist-image center-block\">\r\n                                                                                                                                                                                                                                <img decoding=\"async\" class=\"img-responsive center-block\" alt=\"Presentation: Building a collaborative space ecosystem image\" src=\"https:\/\/euspaceforum.com\/2025\/wp-content\/uploads\/2025\/05\/Girish-Chandran-Website-120x120.png\" \/>\r\n                                                                                                                                            <\/div>\r\n                                                                                                                                                                                                                <div class=\"row artist-media text-center\">\r\n                                                                                                                                                            <a href=\"https:\/\/www.linkedin.com\/in\/girish-chandran-1837561\/\" target=\"_blank\" class=\"tcode-social-icon tcode-ico-linkedin\"><\/a>\r\n                                                                                                                                                    <\/div>\r\n                                                                                                                                    <\/div>\r\n                                                                <div class=\"col-xs-12 col-sm-8 artist-details-container\">\r\n                                                                    <div class=\"tcode-es-artist-title\">\r\n                                                                        <a href=\"#\">\r\n                                                                            Girish Chandran                                                                        <\/a>\r\n                                                                    <\/div>\r\n                                                                                                                                            <div class=\"artist-position\">\r\n                                                                            CTO, Viasat                                                                        <\/div>\r\n                                                                                                                                        <div class=\"artist-content\">\r\n                                                                        <p><span style=\"font-weight: 400;\">Girish Chandran serves as Corporate Chief Technical Officer and President, Global Space Networks at Viasat, Inc. In this role he oversees the evolution of Viasat\u2019s global network, which is responsible for connecting millions of personal and mobile devices per year\u2014on the ground, in the air, and at sea. He also leads the company&#8217;s central engineering group.<\/span><\/p>\n<p><span style=\"font-weight: 400;\">He has extensive experience in building products and networks on multiple continents and leading change in engineering organizations. Girish and his team focus on how next-generation communications infrastructure, especially software-based technologies, will continue to be an integral part of the digital ecosystem connecting people, places and things.<\/span><\/p>\n<p><span style=\"font-weight: 400;\">Girish has held a number of engineering roles at Viasat since joining the company in October 2007, from Principal Engineer and Chief Technology Officer \u2014 Commercial Networks to his current position, which he assumed in January 2025.<\/span><\/p>\n<p><span style=\"font-weight: 400;\">Prior to joining Viasat, Girish held several senior level engineering roles at various companies including Vice President of Engineering at Newtec America Inc., a satellite communications equipment provider, and Vice President of Systems Engineering at Tiernan Communications Inc. (acquired by Radyne Comstream Inc.), a provider of video compression and transmission solutions.<\/span><\/p>\n<p><span style=\"font-weight: 400;\">Girish earned a Ph.D. degree in Electrical Engineering from the University of California, San Diego, and a Master\u2019s of Science degree in Electrical Communication Engineering from the Indian Institute of Science.<\/span><\/p>\n                                                                    <\/div>\r\n                                                                <\/div>\r\n                                                            <\/div>\r\n                                                        <\/div>\r\n                                                    <\/div>\r\n                                                    <div class=\"col-md-10 col-md-offset-2 tcode-es-artist-title-col vcenter\">\r\n                                                        <div class=\"vcenter artist-image\">\r\n                                                                                                                                                                                            <img decoding=\"async\" class=\"img-responsive\" alt=\"Presentation: Building a collaborative space ecosystem image\" src=\"https:\/\/euspaceforum.com\/2025\/wp-content\/uploads\/2025\/05\/Girish-Chandran-Website-90x90.png\" \/>\r\n                                                                                                                    <\/div>\r\n                                                        <div class=\"vcenter tcode-es-artist-title-container\">\r\n                                                            <div class=\"tcode-es-artist-title\" style=\"color: ;\">\r\n                                                                Girish Chandran                                                            <\/div>\r\n                                                                                                                            <div class=\"artist-position\" style=\"color: ;\">\r\n                                                                    CTO, Viasat                                                                <\/div>\r\n                                                                                                                    <\/div>\r\n                                                                                                                                                                            <div class=\"vcenter\">\r\n                                                                                                                                    <a href=\"https:\/\/www.linkedin.com\/in\/girish-chandran-1837561\/\" target=\"_blank\" class=\"tcode-social-icon tcode-ico-linkedin\"><\/a>\r\n                                                                                                                            <\/div>\r\n                                                                                                            <\/div>\r\n                                                <\/div>\r\n                                                                                                                        <\/div>\r\n                                <\/div>\r\n                            <\/div>\r\n                        <\/div>\r\n                                                                                            <div style=\"background-color: #FFFFFF;\" class=\"row scheduled-event event-collapsed event-visible\" data-date=\"2025-07-02\" data-location=\"\">\r\n                            <div class=\"col-md-12\">\r\n                                <div class=\"row\">\r\n                                                                        <div class=\"col-md-2 vcenter \">\r\n                                                                                                                                    <div class=\"event-time text-center\" style=\"color: ;\">\r\n                                                    <span class=\"time-starts\">11:40<\/span>\r\n                                                                                                            - <span class=\"time-ends\">12:45<\/span>\r\n                                                                                                    <\/div>\r\n                                                                                                                        <\/div><div class=\"col-md-9 vcenter\">\r\n                                        <div class=\"row\">\r\n                                                                                        <div class=\"col-md-12 event-title\" style=\"color: ;\">Session 2: Industrial Strategies for Space: Building a Competitive and Resilient  Future for the European Space Economy<\/div>\r\n                                        <\/div>\r\n                                    <\/div><div class=\"col-md-1 vcenter\">\r\n                                        <div class=\"event-icon pull-right\">\r\n                                            <i class=\"tcode-ico-grot-down\" data-state=\"collapsed\" style=\"color: ;\"><\/i>\r\n                                        <\/div>\r\n                                    <\/div>\r\n                                <\/div>\r\n                                <div class=\"row event-excerpt\">\r\n                                    <div class=\"col-md-12\">\r\n                                        <div class=\"row event-content\">\r\n                                            <div class=\"col-md-8 col-md-offset-2\" style=\"color: ;\">\r\n                                                <p><span style=\"font-weight: 400;\">The European Commission\u2019s &#8216;Vision for the Space Economy&#8217; was related last week with the aim to position the EU as a global leader in the space economy by 2050. Establishing over 40 targeted actions to strengthen the EU\u2019s space ecosystem, the Vision marks the first time the European space economy is addressed as a comprehensive ecosystem, spanning its industrial base as well as orbital and emerging beyond-orbital domains. This session will examine the objectives and strategic priorities of the Vision and explore how it can build on existing European wide efforts to effectively advance these key goals. Exploring how stakeholders are working to overcome challenges to operationalise their ambition, panelists will outline their expectations for the future of European competitiveness, and how they are accelerating innovation and commercialisation in a rapidly evolving global industry.<\/span><\/p>\n<ul>\n<li style=\"font-weight: 400;\" aria-level=\"1\"><span style=\"font-weight: 400;\">How does the Vision for the European Space Economy aim to tackle the industry&#8217;s long-standing structural challenges, and can it go far enough to deliver meaningful change for Europe&#8217;s space sector?<\/span><span style=\"font-weight: 400;\"><br \/>\n<\/span><\/li>\n<li style=\"font-weight: 400;\" aria-level=\"1\"><span style=\"font-weight: 400;\">What are the next steps in operationalising the Vision, and what is the expected timeframe for measurable progress? How important will the monitoring methodologies proposed in the Vision be in tracking progress and guiding future decisions?<\/span><\/li>\n<li style=\"font-weight: 400;\" aria-level=\"1\"><span style=\"font-weight: 400;\">How do the European Commission&#8217;s efforts to support the space industry align with ESA\u2019s existing industrial policy initiatives and broader strategic frameworks? What synergies can be leveraged to enhance Europe\u2019s competitiveness, resilience, and innovation in the space sector?<\/span><span style=\"font-weight: 400;\"><br \/>\n<\/span><\/li>\n<li style=\"font-weight: 400;\" aria-level=\"1\"><span style=\"font-weight: 400;\">How can Europe continue to lead on innovation and development in key focus areas, and how important will the targeted investments and support mechanisms outlined in the Vision be in scaling this ambition?<\/span><\/li>\n<li style=\"font-weight: 400;\" aria-level=\"1\"><span style=\"font-weight: 400;\">How are stakeholders already working to ensure strategic resilience across the industry, and how can the proposed policy measures contribute to this? How are we <\/span><span style=\"font-weight: 400;\">building robust supply chains and reducing dependence on foreign providers for critical components?<\/span><\/li>\n<li style=\"font-weight: 400;\" aria-level=\"1\"><span style=\"font-weight: 400;\">Are Member States prepared to collaborate and streamline their priorities to consolidate key capabilities, reducing fragmentation and ensuring a sustainable volume of activities for a select group of suppliers?\u00a0<\/span><\/li>\n<li style=\"font-weight: 400;\" aria-level=\"1\"><span style=\"font-weight: 400;\">What role will synergy between public and private actors play in accelerating innovation and commercialisation, fundamentally ensuring a competitive and resilient future?<\/span><span style=\"font-weight: 400;\"><br \/>\n<\/span><\/li>\n<li style=\"font-weight: 400;\" aria-level=\"1\"><span style=\"font-weight: 400;\">How can strategies regarding the commercialisation of space data fit within the context of the industrial policy? What opportunities do <\/span><span style=\"font-weight: 400;\">programmes<\/span><span style=\"font-weight: 400;\"> like Copernicus and Galileo offer in this regard, and how are actors turning this promise into operational reality?<\/span><\/li>\n<li style=\"font-weight: 400;\" aria-level=\"1\"><span style=\"font-weight: 400;\">How important are new players, SME\u2019s, and start-ups in delivering the ambitions of the European space economy? How are actors of \u2018old space\u2019 and \u2018new space\u2019 aligning their ambitions and priorities?<\/span><\/li>\n<li style=\"font-weight: 400;\" aria-level=\"1\"><span style=\"font-weight: 400;\">Bringing together the European Commission, ESA, EUPSA\u00a0 and other key stakeholders, how important might the proposed \u2018Space Team Europe\u2019 be in building a competitive space ecosystem?<\/span><\/li>\n<\/ul>\n                                            <\/div>\r\n                                        <\/div>\r\n                                                                                                                                    <div class=\"row artist-row\" data-effect=\"mfp-zoom-in\">\r\n                                                    <div class=\"tcode-artist-popover hidden\">\r\n                                                        <div>\r\n                                                            <div class=\"row\">\r\n                                                                <div class=\"col-xs-12 col-sm-4\">\r\n                                                                    <div class=\"artist-image center-block\">\r\n                                                                                                                                                                                                                                <img decoding=\"async\" class=\"img-responsive center-block\" alt=\"Session 2: Industrial Strategies for Space: Building a Competitive and Resilient  Future for the European Space Economy image\" src=\"https:\/\/euspaceforum.com\/2025\/wp-content\/uploads\/2022\/09\/Giancarlo-Granero-WebsiteMailing-120x120.png\" \/>\r\n                                                                                                                                            <\/div>\r\n                                                                                                                                                                                                                <div class=\"row artist-media text-center\">\r\n                                                                                                                                                            <a href=\"https:\/\/www.linkedin.com\/in\/giancarlo-granero-b193a17\/\" target=\"_blank\" class=\"tcode-social-icon tcode-ico-linkedin\"><\/a>\r\n                                                                                                                                                    <\/div>\r\n                                                                                                                                    <\/div>\r\n                                                                <div class=\"col-xs-12 col-sm-8 artist-details-container\">\r\n                                                                    <div class=\"tcode-es-artist-title\">\r\n                                                                        <a href=\"#\">\r\n                                                                            Giancarlo Granero                                                                        <\/a>\r\n                                                                    <\/div>\r\n                                                                                                                                            <div class=\"artist-position\">\r\n                                                                            Head of Unit for Space Economy, DG DEFIS, European Commission                                                                        <\/div>\r\n                                                                                                                                        <div class=\"artist-content\">\r\n                                                                        <p><span style=\"font-weight: 400;\">Experienced Head Of Unit with a demonstrated history of working in the government administration industry. Skilled in Government, European Integration, European Studies, Environmental Awareness, and International Relations. Strong business development professional graduated from IMD Business School.<\/span><\/p>\n                                                                    <\/div>\r\n                                                                <\/div>\r\n                                                            <\/div>\r\n                                                        <\/div>\r\n                                                    <\/div>\r\n                                                    <div class=\"col-md-10 col-md-offset-2 tcode-es-artist-title-col vcenter\">\r\n                                                        <div class=\"vcenter artist-image\">\r\n                                                                                                                                                                                            <img decoding=\"async\" class=\"img-responsive\" alt=\"Session 2: Industrial Strategies for Space: Building a Competitive and Resilient  Future for the European Space Economy image\" src=\"https:\/\/euspaceforum.com\/2025\/wp-content\/uploads\/2022\/09\/Giancarlo-Granero-WebsiteMailing-90x90.png\" \/>\r\n                                                                                                                    <\/div>\r\n                                                        <div class=\"vcenter tcode-es-artist-title-container\">\r\n                                                            <div class=\"tcode-es-artist-title\" style=\"color: ;\">\r\n                                                                Giancarlo Granero                                                            <\/div>\r\n                                                                                                                            <div class=\"artist-position\" style=\"color: ;\">\r\n                                                                    Head of Unit for Space Economy, DG DEFIS, European Commission                                                                <\/div>\r\n                                                                                                                    <\/div>\r\n                                                                                                                                                                            <div class=\"vcenter\">\r\n                                                                                                                                    <a href=\"https:\/\/www.linkedin.com\/in\/giancarlo-granero-b193a17\/\" target=\"_blank\" class=\"tcode-social-icon tcode-ico-linkedin\"><\/a>\r\n                                                                                                                            <\/div>\r\n                                                                                                            <\/div>\r\n                                                <\/div>\r\n                                                                                            <div class=\"row artist-row\" data-effect=\"mfp-zoom-in\">\r\n                                                    <div class=\"tcode-artist-popover hidden\">\r\n                                                        <div>\r\n                                                            <div class=\"row\">\r\n                                                                <div class=\"col-xs-12 col-sm-4\">\r\n                                                                    <div class=\"artist-image center-block\">\r\n                                                                                                                                                                                                                                <img decoding=\"async\" class=\"img-responsive center-block\" alt=\"Session 2: Industrial Strategies for Space: Building a Competitive and Resilient  Future for the European Space Economy image\" src=\"https:\/\/euspaceforum.com\/2025\/wp-content\/uploads\/2022\/09\/Charlotte-Mathieu-WebsiteMailing-120x120.png\" \/>\r\n                                                                                                                                            <\/div>\r\n                                                                                                                                                                                                                <div class=\"row artist-media text-center\">\r\n                                                                                                                                                            <a href=\"https:\/\/www.linkedin.com\/in\/charlottemathieuesa\/\" target=\"_blank\" class=\"tcode-social-icon tcode-ico-linkedin\"><\/a>\r\n                                                                                                                                                    <\/div>\r\n                                                                                                                                    <\/div>\r\n                                                                <div class=\"col-xs-12 col-sm-8 artist-details-container\">\r\n                                                                    <div class=\"tcode-es-artist-title\">\r\n                                                                        <a href=\"#\">\r\n                                                                            Charlotte Mathieu                                                                        <\/a>\r\n                                                                    <\/div>\r\n                                                                                                                                            <div class=\"artist-position\">\r\n                                                                            Head of the Industrial Policy & Space Economy Division, ESA                                                                        <\/div>\r\n                                                                                                                                        <div class=\"artist-content\">\r\n                                                                        <p><span style=\"font-weight: 400;\">Charlotte Mathieu is the Head of the Industrial Policy and Space Economy Division at the European Space Agency (ESA).<\/span><\/p>\n<p><span style=\"font-weight: 400;\">She holds a Master\u2019s Degree in Aerospace Engineering from the Ecole Centrale Paris, France, and the Royal Institute of Technology (KTH), Sweden, as well as a degree in Economic Analysis and Policy. After a first experience in the launcher industry, she joined ESA and its technical centre, ESTEC, in the Netherlands.\u00a0 She spent then two years at the Massachussetts Institute of Technology (MIT) in the US, where she obtained a Master\u2019s Degree in Technology and Policy and worked on an innovative satellite project for the Defence Advanced Research Project Agency (DARPA). In 2007 she joined the European Space Policy Institute (ESPI) in Austria, where she led several studies and publications. In 2009 she joined ESA\u2019s Headquarters in Paris, where she has worked in the Director General\u2019s Policy Office, in the Director General\u2019s Office for Relations with the European Union, in the Directorate of Telecommunications and Integrated Applications and now in the Directorate of Commercialisation, Industry and Competitiveness.<\/span><\/p>\n<p>&nbsp;<\/p>\n                                                                    <\/div>\r\n                                                                <\/div>\r\n                                                            <\/div>\r\n                                                        <\/div>\r\n                                                    <\/div>\r\n                                                    <div class=\"col-md-10 col-md-offset-2 tcode-es-artist-title-col vcenter\">\r\n                                                        <div class=\"vcenter artist-image\">\r\n                                                                                                                                                                                            <img decoding=\"async\" class=\"img-responsive\" alt=\"Session 2: Industrial Strategies for Space: Building a Competitive and Resilient  Future for the European Space Economy image\" src=\"https:\/\/euspaceforum.com\/2025\/wp-content\/uploads\/2022\/09\/Charlotte-Mathieu-WebsiteMailing-90x90.png\" \/>\r\n                                                                                                                    <\/div>\r\n                                                        <div class=\"vcenter tcode-es-artist-title-container\">\r\n                                                            <div class=\"tcode-es-artist-title\" style=\"color: ;\">\r\n                                                                Charlotte Mathieu                                                            <\/div>\r\n                                                                                                                            <div class=\"artist-position\" style=\"color: ;\">\r\n                                                                    Head of the Industrial Policy & Space Economy Division, ESA                                                                <\/div>\r\n                                                                                                                    <\/div>\r\n                                                                                                                                                                            <div class=\"vcenter\">\r\n                                                                                                                                    <a href=\"https:\/\/www.linkedin.com\/in\/charlottemathieuesa\/\" target=\"_blank\" class=\"tcode-social-icon tcode-ico-linkedin\"><\/a>\r\n                                                                                                                            <\/div>\r\n                                                                                                            <\/div>\r\n                                                <\/div>\r\n                                                                                            <div class=\"row artist-row\" data-effect=\"mfp-zoom-in\">\r\n                                                    <div class=\"tcode-artist-popover hidden\">\r\n                                                        <div>\r\n                                                            <div class=\"row\">\r\n                                                                <div class=\"col-xs-12 col-sm-4\">\r\n                                                                    <div class=\"artist-image center-block\">\r\n                                                                                                                                                                                                                                <img decoding=\"async\" class=\"img-responsive center-block\" alt=\"Session 2: Industrial Strategies for Space: Building a Competitive and Resilient  Future for the European Space Economy image\" src=\"https:\/\/euspaceforum.com\/2025\/wp-content\/uploads\/2022\/09\/Jaume-Sanpera-WebsiteMailing-120x120.png\" \/>\r\n                                                                                                                                            <\/div>\r\n                                                                                                                                                                                                                <div class=\"row artist-media text-center\">\r\n                                                                                                                                                            <a href=\"https:\/\/www.linkedin.com\/in\/jaumesanpera\/\" target=\"_blank\" class=\"tcode-social-icon tcode-ico-linkedin\"><\/a>\r\n                                                                                                                                                    <\/div>\r\n                                                                                                                                    <\/div>\r\n                                                                <div class=\"col-xs-12 col-sm-8 artist-details-container\">\r\n                                                                    <div class=\"tcode-es-artist-title\">\r\n                                                                        <a href=\"#\">\r\n                                                                            Jaume Sanpera                                                                        <\/a>\r\n                                                                    <\/div>\r\n                                                                                                                                            <div class=\"artist-position\">\r\n                                                                            CEO, Sateliot                                                                        <\/div>\r\n                                                                                                                                        <div class=\"artist-content\">\r\n                                                                        <p><span style=\"font-weight: 400;\">Jaume Sanpera, Sateliot\u2019s CEO, is a seasoned executive with nearly 30 years of experience in the telecommunications industry. A prominent figure in Spanish technological entrepreneurship, he has founded multiple successful companies, including Eurona, the first telecom satellite operator in Europe listed on the stock market in 2010, and Ambientum, a leader in Spain\u2019s environmental sector. His ventures have gained wide international presence, solidifying his reputation as an expert in telecommunications. Jaume\u2019s achievements have earned him recognition in the media and forums, where he shares insights on innovation and leadership, further establishing his influence in the industry.<\/span><\/p>\n                                                                    <\/div>\r\n                                                                <\/div>\r\n                                                            <\/div>\r\n                                                        <\/div>\r\n                                                    <\/div>\r\n                                                    <div class=\"col-md-10 col-md-offset-2 tcode-es-artist-title-col vcenter\">\r\n                                                        <div class=\"vcenter artist-image\">\r\n                                                                                                                                                                                            <img decoding=\"async\" class=\"img-responsive\" alt=\"Session 2: Industrial Strategies for Space: Building a Competitive and Resilient  Future for the European Space Economy image\" src=\"https:\/\/euspaceforum.com\/2025\/wp-content\/uploads\/2022\/09\/Jaume-Sanpera-WebsiteMailing-90x90.png\" \/>\r\n                                                                                                                    <\/div>\r\n                                                        <div class=\"vcenter tcode-es-artist-title-container\">\r\n                                                            <div class=\"tcode-es-artist-title\" style=\"color: ;\">\r\n                                                                Jaume Sanpera                                                            <\/div>\r\n                                                                                                                            <div class=\"artist-position\" style=\"color: ;\">\r\n                                                                    CEO, Sateliot                                                                <\/div>\r\n                                                                                                                    <\/div>\r\n                                                                                                                                                                            <div class=\"vcenter\">\r\n                                                                                                                                    <a href=\"https:\/\/www.linkedin.com\/in\/jaumesanpera\/\" target=\"_blank\" class=\"tcode-social-icon tcode-ico-linkedin\"><\/a>\r\n                                                                                                                            <\/div>\r\n                                                                                                            <\/div>\r\n                                                <\/div>\r\n                                                                                            <div class=\"row artist-row\" data-effect=\"mfp-zoom-in\">\r\n                                                    <div class=\"tcode-artist-popover hidden\">\r\n                                                        <div>\r\n                                                            <div class=\"row\">\r\n                                                                <div class=\"col-xs-12 col-sm-4\">\r\n                                                                    <div class=\"artist-image center-block\">\r\n                                                                                                                                                                                                                                <img decoding=\"async\" class=\"img-responsive center-block\" alt=\"Session 2: Industrial Strategies for Space: Building a Competitive and Resilient  Future for the European Space Economy image\" src=\"https:\/\/euspaceforum.com\/2025\/wp-content\/uploads\/2022\/09\/Alexander-Reissner-WebsiteMailing-120x120.png\" \/>\r\n                                                                                                                                            <\/div>\r\n                                                                                                                                                                                                                <div class=\"row artist-media text-center\">\r\n                                                                                                                                                            <a href=\"https:\/\/www.linkedin.com\/in\/alexander-reissner\/\" target=\"_blank\" class=\"tcode-social-icon tcode-ico-linkedin\"><\/a>\r\n                                                                                                                                                    <\/div>\r\n                                                                                                                                    <\/div>\r\n                                                                <div class=\"col-xs-12 col-sm-8 artist-details-container\">\r\n                                                                    <div class=\"tcode-es-artist-title\">\r\n                                                                        <a href=\"#\">\r\n                                                                            Alexander Reissner                                                                        <\/a>\r\n                                                                    <\/div>\r\n                                                                                                                                            <div class=\"artist-position\">\r\n                                                                            CEO, Enpulsion                                                                        <\/div>\r\n                                                                                                                                        <div class=\"artist-content\">\r\n                                                                        <p><span style=\"font-weight: 400;\">In 2016, Alexander founded the company ENPULSION, which quickly established itself as an industry standard in the field of electric propulsion systems for SmallSats. He started his career in the space business with Beyond Gravity, formerly known as RUAG Space, working in Thermal Hardware and later in Mechanical Engineering on projects like Sentinel or Bepi Colombo. He then joined the Austrian Institute of Technology and became the Team Leader for Electric Propulsion Systems. In 2013, he became Department Head shortly after it was moved to FOTEC, the research subsidiary of the Wiener Neustadt University of Applied Sciences and doubled its size. His personal expertise covers hydrogen-based energy systems, as well as electric propulsion technologies. After graduating from the Technical University of Vienna with a Dpl.Ing. (MSc) in Physics, he started a PhD programme at the Korean Advanced Institute of Science and Technology (KAIST), then followed his supervisor to the Technical University of Dresden to complete the programme.<\/span><\/p>\n                                                                    <\/div>\r\n                                                                <\/div>\r\n                                                            <\/div>\r\n                                                        <\/div>\r\n                                                    <\/div>\r\n                                                    <div class=\"col-md-10 col-md-offset-2 tcode-es-artist-title-col vcenter\">\r\n                                                        <div class=\"vcenter artist-image\">\r\n                                                                                                                                                                                            <img decoding=\"async\" class=\"img-responsive\" alt=\"Session 2: Industrial Strategies for Space: Building a Competitive and Resilient  Future for the European Space Economy image\" src=\"https:\/\/euspaceforum.com\/2025\/wp-content\/uploads\/2022\/09\/Alexander-Reissner-WebsiteMailing-90x90.png\" \/>\r\n                                                                                                                    <\/div>\r\n                                                        <div class=\"vcenter tcode-es-artist-title-container\">\r\n                                                            <div class=\"tcode-es-artist-title\" style=\"color: ;\">\r\n                                                                Alexander Reissner                                                            <\/div>\r\n                                                                                                                            <div class=\"artist-position\" style=\"color: ;\">\r\n                                                                    CEO, Enpulsion                                                                <\/div>\r\n                                                                                                                    <\/div>\r\n                                                                                                                                                                            <div class=\"vcenter\">\r\n                                                                                                                                    <a href=\"https:\/\/www.linkedin.com\/in\/alexander-reissner\/\" target=\"_blank\" class=\"tcode-social-icon tcode-ico-linkedin\"><\/a>\r\n                                                                                                                            <\/div>\r\n                                                                                                            <\/div>\r\n                                                <\/div>\r\n                                                                                            <div class=\"row artist-row\" data-effect=\"mfp-zoom-in\">\r\n                                                    <div class=\"tcode-artist-popover hidden\">\r\n                                                        <div>\r\n                                                            <div class=\"row\">\r\n                                                                <div class=\"col-xs-12 col-sm-4\">\r\n                                                                    <div class=\"artist-image center-block\">\r\n                                                                                                                                                                                                                                <img decoding=\"async\" class=\"img-responsive center-block\" alt=\"Session 2: Industrial Strategies for Space: Building a Competitive and Resilient  Future for the European Space Economy image\" src=\"https:\/\/euspaceforum.com\/2025\/wp-content\/uploads\/2022\/09\/Edgar-Milic-WebsiteMailing-120x120.png\" \/>\r\n                                                                                                                                            <\/div>\r\n                                                                                                                                                                                                                <div class=\"row artist-media text-center\">\r\n                                                                                                                                                            <a href=\"https:\/\/www.linkedin.com\/in\/edgarmilic\/\" target=\"_blank\" class=\"tcode-social-icon tcode-ico-linkedin\"><\/a>\r\n                                                                                                                                                    <\/div>\r\n                                                                                                                                    <\/div>\r\n                                                                <div class=\"col-xs-12 col-sm-8 artist-details-container\">\r\n                                                                    <div class=\"tcode-es-artist-title\">\r\n                                                                        <a href=\"#\">\r\n                                                                            Edgar Milic                                                                        <\/a>\r\n                                                                    <\/div>\r\n                                                                                                                                            <div class=\"artist-position\">\r\n                                                                            Managing Director for GomSpace Luxembourg and Strategic Business Growth Director, GomSpace                                                                        <\/div>\r\n                                                                                                                                        <div class=\"artist-content\">\r\n                                                                        <p><span style=\"font-weight: 400;\">Edgar is a passionate executive and space enthusiast with over 20 years of experience in the space, technology, and governmental sectors. He is currently Managing Director at GomSpace Luxembourg, a leader in small satellite solutions. Previously, he was the CEO of OHB LuxSpace, achieving a significant turnaround in three years. He also held leadership roles in business innovation and development at SES Satellites. Edgar&#8217;s early career includes project management for Earth Observation at GMV and service as an officer in the Italian Air Force. He holds advanced degrees in aerospace engineering and business, mentors startups, and has lectured on space business and entrepreneurship. He is a proud father of three kids.<\/span><\/p>\n                                                                    <\/div>\r\n                                                                <\/div>\r\n                                                            <\/div>\r\n                                                        <\/div>\r\n                                                    <\/div>\r\n                                                    <div class=\"col-md-10 col-md-offset-2 tcode-es-artist-title-col vcenter\">\r\n                                                        <div class=\"vcenter artist-image\">\r\n                                                                                                                                                                                            <img decoding=\"async\" class=\"img-responsive\" alt=\"Session 2: Industrial Strategies for Space: Building a Competitive and Resilient  Future for the European Space Economy image\" src=\"https:\/\/euspaceforum.com\/2025\/wp-content\/uploads\/2022\/09\/Edgar-Milic-WebsiteMailing-90x90.png\" \/>\r\n                                                                                                                    <\/div>\r\n                                                        <div class=\"vcenter tcode-es-artist-title-container\">\r\n                                                            <div class=\"tcode-es-artist-title\" style=\"color: ;\">\r\n                                                                Edgar Milic                                                            <\/div>\r\n                                                                                                                            <div class=\"artist-position\" style=\"color: ;\">\r\n                                                                    Managing Director for GomSpace Luxembourg and Strategic Business Growth Director, GomSpace                                                                <\/div>\r\n                                                                                                                    <\/div>\r\n                                                                                                                                                                            <div class=\"vcenter\">\r\n                                                                                                                                    <a href=\"https:\/\/www.linkedin.com\/in\/edgarmilic\/\" target=\"_blank\" class=\"tcode-social-icon tcode-ico-linkedin\"><\/a>\r\n                                                                                                                            <\/div>\r\n                                                                                                            <\/div>\r\n                                                <\/div>\r\n                                                                                            <div class=\"row artist-row\" data-effect=\"mfp-zoom-in\">\r\n                                                    <div class=\"tcode-artist-popover hidden\">\r\n                                                        <div>\r\n                                                            <div class=\"row\">\r\n                                                                <div class=\"col-xs-12 col-sm-4\">\r\n                                                                    <div class=\"artist-image center-block\">\r\n                                                                                                                                                                                                                                <img decoding=\"async\" class=\"img-responsive center-block\" alt=\"Session 2: Industrial Strategies for Space: Building a Competitive and Resilient  Future for the European Space Economy image\" src=\"https:\/\/euspaceforum.com\/2025\/wp-content\/uploads\/2025\/05\/Matija-Rencelj-Website-120x120.png\" \/>\r\n                                                                                                                                            <\/div>\r\n                                                                                                                                                                                                                <div class=\"row artist-media text-center\">\r\n                                                                                                                                                            <a href=\"https:\/\/www.linkedin.com\/in\/matija-rencelj\/\" target=\"_blank\" class=\"tcode-social-icon tcode-ico-linkedin\"><\/a>\r\n                                                                                                                                                    <\/div>\r\n                                                                                                                                    <\/div>\r\n                                                                <div class=\"col-xs-12 col-sm-8 artist-details-container\">\r\n                                                                    <div class=\"tcode-es-artist-title\">\r\n                                                                        <a href=\"#\">\r\n                                                                            Moderated by: Matija Rencelj                                                                        <\/a>\r\n                                                                    <\/div>\r\n                                                                                                                                            <div class=\"artist-position\">\r\n                                                                            Research Manager, ESPI                                                                        <\/div>\r\n                                                                                                                                        <div class=\"artist-content\">\r\n                                                                        <p><span style=\"font-weight: 400;\">Matija Rencelj is the Research Manager at the European Space Policy Institute (ESPI). His work focuses on inter-institutional relations, and European and global policy developments, with studies undertaken on topics ranging from orbital carrying capacity to the history of commercial space. He previously worked with the European Space Agency, the European Commission, in the aviation and commodities sectors, and started his career as a lawyer at a corporate law firm. He holds an LL.M. in Air &amp; Space Law from McGill University and a Law Degree from the University of Ljubljana. At ESPI, he first served as Research Fellow for two years, before taking on the responsibility to oversee the Institute\u2019s research output, manage day-to-day operations, and translate the Institute\u2019s work to real-world impact.<\/span><\/p>\n                                                                    <\/div>\r\n                                                                <\/div>\r\n                                                            <\/div>\r\n                                                        <\/div>\r\n                                                    <\/div>\r\n                                                    <div class=\"col-md-10 col-md-offset-2 tcode-es-artist-title-col vcenter\">\r\n                                                        <div class=\"vcenter artist-image\">\r\n                                                                                                                                                                                            <img decoding=\"async\" class=\"img-responsive\" alt=\"Session 2: Industrial Strategies for Space: Building a Competitive and Resilient  Future for the European Space Economy image\" src=\"https:\/\/euspaceforum.com\/2025\/wp-content\/uploads\/2025\/05\/Matija-Rencelj-Website-90x90.png\" \/>\r\n                                                                                                                    <\/div>\r\n                                                        <div class=\"vcenter tcode-es-artist-title-container\">\r\n                                                            <div class=\"tcode-es-artist-title\" style=\"color: ;\">\r\n                                                                Moderated by: Matija Rencelj                                                            <\/div>\r\n                                                                                                                            <div class=\"artist-position\" style=\"color: ;\">\r\n                                                                    Research Manager, ESPI                                                                <\/div>\r\n                                                                                                                    <\/div>\r\n                                                                                                                                                                            <div class=\"vcenter\">\r\n                                                                                                                                    <a href=\"https:\/\/www.linkedin.com\/in\/matija-rencelj\/\" target=\"_blank\" class=\"tcode-social-icon tcode-ico-linkedin\"><\/a>\r\n                                                                                                                            <\/div>\r\n                                                                                                            <\/div>\r\n                                                <\/div>\r\n                                                                                                                        <\/div>\r\n                                <\/div>\r\n                            <\/div>\r\n                        <\/div>\r\n                                                                                            <div style=\"background-color: #FFFFFF;\" class=\"row scheduled-event event-collapsed event-visible hideExcerpt\" data-date=\"2025-07-02\" data-location=\"\">\r\n                            <div class=\"col-md-12\">\r\n                                <div class=\"row\">\r\n                                                                        <div class=\"col-md-2 vcenter \">\r\n                                                                                                                                    <div class=\"event-time text-center\" style=\"color: ;\">\r\n                                                    <span class=\"time-starts\">12:45<\/span>\r\n                                                                                                            - <span class=\"time-ends\">13:40<\/span>\r\n                                                                                                    <\/div>\r\n                                                                                                                        <\/div><div class=\"col-md-9 vcenter\">\r\n                                        <div class=\"row\">\r\n                                                                                        <div class=\"col-md-12 event-title\" style=\"color: ;\">Lunch<\/div>\r\n                                        <\/div>\r\n                                    <\/div><div class=\"col-md-1 vcenter\">\r\n                                        <div class=\"event-icon pull-right\">\r\n                                            <i class=\"tcode-ico-grot-down\" data-state=\"collapsed\" style=\"color: ;\"><\/i>\r\n                                        <\/div>\r\n                                    <\/div>\r\n                                <\/div>\r\n                                <div class=\"row event-excerpt\">\r\n                                    <div class=\"col-md-12\">\r\n                                        <div class=\"row event-content\">\r\n                                            <div class=\"col-md-8 col-md-offset-2\" style=\"color: ;\">\r\n                                                                                            <\/div>\r\n                                        <\/div>\r\n                                                                            <\/div>\r\n                                <\/div>\r\n                            <\/div>\r\n                        <\/div>\r\n                                                                                            <div style=\"background-color: #FFFFFF;\" class=\"row scheduled-event event-collapsed event-visible\" data-date=\"2025-07-02\" data-location=\"\">\r\n                            <div class=\"col-md-12\">\r\n                                <div class=\"row\">\r\n                                                                        <div class=\"col-md-2 vcenter \">\r\n                                                                                                                                    <div class=\"event-time text-center\" style=\"color: ;\">\r\n                                                    <span class=\"time-starts\">13:40<\/span>\r\n                                                                                                            - <span class=\"time-ends\">13:55<\/span>\r\n                                                                                                    <\/div>\r\n                                                                                                                        <\/div><div class=\"col-md-9 vcenter\">\r\n                                        <div class=\"row\">\r\n                                                                                        <div class=\"col-md-12 event-title\" style=\"color: ;\">Setting the Scene &#8211; the EU\u2019s Space Programmes &#8211; View from EUSPA<\/div>\r\n                                        <\/div>\r\n                                    <\/div><div class=\"col-md-1 vcenter\">\r\n                                        <div class=\"event-icon pull-right\">\r\n                                            <i class=\"tcode-ico-grot-down\" data-state=\"collapsed\" style=\"color: ;\"><\/i>\r\n                                        <\/div>\r\n                                    <\/div>\r\n                                <\/div>\r\n                                <div class=\"row event-excerpt\">\r\n                                    <div class=\"col-md-12\">\r\n                                        <div class=\"row event-content\">\r\n                                            <div class=\"col-md-8 col-md-offset-2\" style=\"color: ;\">\r\n                                                                                            <\/div>\r\n                                        <\/div>\r\n                                                                                                                                    <div class=\"row artist-row\" data-effect=\"mfp-zoom-in\">\r\n                                                    <div class=\"tcode-artist-popover hidden\">\r\n                                                        <div>\r\n                                                            <div class=\"row\">\r\n                                                                <div class=\"col-xs-12 col-sm-4\">\r\n                                                                    <div class=\"artist-image center-block\">\r\n                                                                                                                                                                                                                                <img decoding=\"async\" class=\"img-responsive center-block\" alt=\"Setting the Scene &#8211; the EU\u2019s Space Programmes &#8211; View from EUSPA image\" src=\"https:\/\/euspaceforum.com\/2025\/wp-content\/uploads\/2022\/09\/Vincent-Brison-WebsiteMailing-120x120.png\" \/>\r\n                                                                                                                                            <\/div>\r\n                                                                                                                                                                                                                <div class=\"row artist-media text-center\">\r\n                                                                                                                                                            <a href=\"https:\/\/www.linkedin.com\/in\/vincent-brison-68920a\/\" target=\"_blank\" class=\"tcode-social-icon tcode-ico-linkedin\"><\/a>\r\n                                                                                                                                                    <\/div>\r\n                                                                                                                                    <\/div>\r\n                                                                <div class=\"col-xs-12 col-sm-8 artist-details-container\">\r\n                                                                    <div class=\"tcode-es-artist-title\">\r\n                                                                        <a href=\"#\">\r\n                                                                            Vincent Brison                                                                        <\/a>\r\n                                                                    <\/div>\r\n                                                                                                                                            <div class=\"artist-position\">\r\n                                                                            Joint Office in Space Navigation in European Commission, European Union Agency for the Space Programme (EUSPA)                                                                        <\/div>\r\n                                                                                                                                        <div class=\"artist-content\">\r\n                                                                        <p><span style=\"font-weight: 400;\">With over 20 years of experience in the field of satellite navigation, Vincent Brison joined the EUSPA (formerly GSA &#8211; European GNSS Agency) in 2013 as EGNOS Operations and Maintenance Manager. Prior to his engagement with the EUSPA, he held various positions in both public and private sectors, namely at the European Commission as Project officer and at the EGNOS Service Provider as Operations Manager. Brison holds a Master\u2019s degree in Civil Engineer in Electronics &amp; Telecommunications. Since 2021 he is EUSPA member of the Joint Office for Galileo and EGNOS at the DG DEFIS.<\/span><\/p>\n                                                                    <\/div>\r\n                                                                <\/div>\r\n                                                            <\/div>\r\n                                                        <\/div>\r\n                                                    <\/div>\r\n                                                    <div class=\"col-md-10 col-md-offset-2 tcode-es-artist-title-col vcenter\">\r\n                                                        <div class=\"vcenter artist-image\">\r\n                                                                                                                                                                                            <img decoding=\"async\" class=\"img-responsive\" alt=\"Setting the Scene &#8211; the EU\u2019s Space Programmes &#8211; View from EUSPA image\" src=\"https:\/\/euspaceforum.com\/2025\/wp-content\/uploads\/2022\/09\/Vincent-Brison-WebsiteMailing-90x90.png\" \/>\r\n                                                                                                                    <\/div>\r\n                                                        <div class=\"vcenter tcode-es-artist-title-container\">\r\n                                                            <div class=\"tcode-es-artist-title\" style=\"color: ;\">\r\n                                                                Vincent Brison                                                            <\/div>\r\n                                                                                                                            <div class=\"artist-position\" style=\"color: ;\">\r\n                                                                    Joint Office in Space Navigation in European Commission, European Union Agency for the Space Programme (EUSPA)                                                                <\/div>\r\n                                                                                                                    <\/div>\r\n                                                                                                                                                                            <div class=\"vcenter\">\r\n                                                                                                                                    <a href=\"https:\/\/www.linkedin.com\/in\/vincent-brison-68920a\/\" target=\"_blank\" class=\"tcode-social-icon tcode-ico-linkedin\"><\/a>\r\n                                                                                                                            <\/div>\r\n                                                                                                            <\/div>\r\n                                                <\/div>\r\n                                                                                                                        <\/div>\r\n                                <\/div>\r\n                            <\/div>\r\n                        <\/div>\r\n                                                                                            <div style=\"background-color: #FFFFFF;\" class=\"row scheduled-event event-collapsed event-visible\" data-date=\"2025-07-02\" data-location=\"\">\r\n                            <div class=\"col-md-12\">\r\n                                <div class=\"row\">\r\n                                                                        <div class=\"col-md-2 vcenter \">\r\n                                                                                                                                    <div class=\"event-time text-center\" style=\"color: ;\">\r\n                                                    <span class=\"time-starts\">13:55<\/span>\r\n                                                                                                            - <span class=\"time-ends\">15:00<\/span>\r\n                                                                                                    <\/div>\r\n                                                                                                                        <\/div><div class=\"col-md-9 vcenter\">\r\n                                        <div class=\"row\">\r\n                                                                                        <div class=\"col-md-12 event-title\" style=\"color: ;\">Session 3i: IRIS2  &#8211; Turning the Vision into a Reality<\/div>\r\n                                        <\/div>\r\n                                    <\/div><div class=\"col-md-1 vcenter\">\r\n                                        <div class=\"event-icon pull-right\">\r\n                                            <i class=\"tcode-ico-grot-down\" data-state=\"collapsed\" style=\"color: ;\"><\/i>\r\n                                        <\/div>\r\n                                    <\/div>\r\n                                <\/div>\r\n                                <div class=\"row event-excerpt\">\r\n                                    <div class=\"col-md-12\">\r\n                                        <div class=\"row event-content\">\r\n                                            <div class=\"col-md-8 col-md-offset-2\" style=\"color: ;\">\r\n                                                <p><span style=\"font-weight: 400;\">In December 2024, the European Commission, with the technical support of the European Space Agency (ESA), achieved a key milestone in Europe\u2019s space ambitions by finalising a concession contract with the SpaceRISE consortium, thus transitioning IRIS\u00b2 from concept to implementation. As efforts now shift towards building a secure and resilient satellite constellation &#8211; set to begin providing services in early 2030 &#8211; this session will examine the next steps for IRIS\u00b2. With the consortium established, it will look at the timeline ahead and how stakeholders are collaborating to achieve the goals of this pivotal ambition.\u00a0<\/span><\/p>\n<p>&nbsp;<\/p>\n<ul>\n<li style=\"font-weight: 400;\" aria-level=\"1\"><span style=\"font-weight: 400;\">With the Consortium in place, what are the next steps in transitioning IRIS<\/span><span style=\"font-weight: 400;\">2<\/span><span style=\"font-weight: 400;\"> from concept to reality?\u00a0<\/span><\/li>\n<li style=\"font-weight: 400;\" aria-level=\"1\"><span style=\"font-weight: 400;\">What is the expected timeframe ahead and what mechanisms will be established to monitor progress and ensure the programme\u2019s timely and efficient delivery?<\/span><span style=\"font-weight: 400;\"><br \/>\n<\/span><\/li>\n<li style=\"font-weight: 400;\" aria-level=\"1\"><span style=\"font-weight: 400;\">With the expected project budget set to rise from approximately \u20ac6 billion to a figure closer to \u20ac10 billion, what strategies are in place to secure the required investment? Is this new budget realistic and compatible with the requirements, the schedule and the maturity of the required technologies?<\/span><\/li>\n<li style=\"font-weight: 400;\" aria-level=\"1\"><span style=\"font-weight: 400;\">How can the European Commission and ESA make best use of their respective strengths to optimise the available resources for IRIS\u00b2?<\/span><\/li>\n<li style=\"font-weight: 400;\" aria-level=\"1\"><span style=\"font-weight: 400;\">What lessons from the development and implementation of Galileo, Copernicus, and other such European space initiatives can stakeholders apply to ensure the success of IRIS\u00b2?<\/span><\/li>\n<li style=\"font-weight: 400;\" aria-level=\"1\"><span style=\"font-weight: 400;\">What are the expected economic and social impacts of IRIS\u00b2, and how can it be ensured that the benefits are maximised for all key stakeholders?<\/span><\/li>\n<li style=\"font-weight: 400;\" aria-level=\"1\"><span style=\"font-weight: 400;\">How can IRIS\u00b2 enhance Europe\u2019s strategic autonomy in critical areas such as secure communications and defence, while implementing measures to protect its infrastructure from cyber threats? How does IRIS\u00b2 balance its dual-use applications for both civilian and military needs?<\/span><\/li>\n<li style=\"font-weight: 400;\" aria-level=\"1\"><span style=\"font-weight: 400;\">How can IRIS\u00b2 leverage emerging technologies like AI, quantum computing, and 6G to enhance its capabilities, maintain long-term competitiveness, and ensure its infrastructure remains future-proof and adaptable to evolving technological demands?<\/span><\/li>\n<li style=\"font-weight: 400;\" aria-level=\"1\"><span style=\"font-weight: 400;\">What disruptive innovations can space industry startups introduce to expand and improve IRIS\u00b2\u00a0 in its future iterations?<\/span><\/li>\n<\/ul>\n                                            <\/div>\r\n                                        <\/div>\r\n                                                                                                                                    <div class=\"row artist-row\" data-effect=\"mfp-zoom-in\">\r\n                                                    <div class=\"tcode-artist-popover hidden\">\r\n                                                        <div>\r\n                                                            <div class=\"row\">\r\n                                                                <div class=\"col-xs-12 col-sm-4\">\r\n                                                                    <div class=\"artist-image center-block\">\r\n                                                                                                                                                                                                                                <img decoding=\"async\" class=\"img-responsive center-block\" alt=\"Session 3i: IRIS2  &#8211; Turning the Vision into a Reality image\" src=\"https:\/\/euspaceforum.com\/2025\/wp-content\/uploads\/2024\/06\/Copy-of-Jeremie-Godet-Website-120x120.png\" \/>\r\n                                                                                                                                            <\/div>\r\n                                                                                                                                                                                                                <div class=\"row artist-media text-center\">\r\n                                                                                                                                                            <a href=\"https:\/\/www.linkedin.com\/in\/jeremie-g-7936512b\/\" target=\"_blank\" class=\"tcode-social-icon tcode-ico-linkedin\"><\/a>\r\n                                                                                                                                                    <\/div>\r\n                                                                                                                                    <\/div>\r\n                                                                <div class=\"col-xs-12 col-sm-8 artist-details-container\">\r\n                                                                    <div class=\"tcode-es-artist-title\">\r\n                                                                        <a href=\"#\">\r\n                                                                            J\u00e9r\u00e9mie Godet                                                                        <\/a>\r\n                                                                    <\/div>\r\n                                                                                                                                            <div class=\"artist-position\">\r\n                                                                            Head of Unit for Secure Connectivity & Space Surveillance, DG DEFIS, European Commission                                                                         <\/div>\r\n                                                                                                                                        <div class=\"artist-content\">\r\n                                                                        <p><b>Jeremie Godet<\/b><span style=\"font-weight: 400;\"> joined the European Commission in 2003, after an initial career at CNES, the French Space Agency and the European Space Agency. He was involved for 20 years in the Galileo Programme at various positions. He was leading the technical negotiation on the GPS Galileo agreement in 2004. He was also Head of the security department at the European GNSS Agency in Prague. Then he was in charge of overseeing the Galileo infrastructure deployment and deputy to the Head of Unit in charge of EU GNSS programme in DG DEFIS. He is now acting Head of Unit in charge of implementing IRIS\u00b2, Govsatcom and Space Surveillance and Tracking programmes.\u00a0 He has both an engineering degree from National Superior School for Telecommunications in France and a Master&#8217;s degree from the International Space University<\/span><\/p>\n                                                                    <\/div>\r\n                                                                <\/div>\r\n                                                            <\/div>\r\n                                                        <\/div>\r\n                                                    <\/div>\r\n                                                    <div class=\"col-md-10 col-md-offset-2 tcode-es-artist-title-col vcenter\">\r\n                                                        <div class=\"vcenter artist-image\">\r\n                                                                                                                                                                                            <img decoding=\"async\" class=\"img-responsive\" alt=\"Session 3i: IRIS2  &#8211; Turning the Vision into a Reality image\" src=\"https:\/\/euspaceforum.com\/2025\/wp-content\/uploads\/2024\/06\/Copy-of-Jeremie-Godet-Website-90x90.png\" \/>\r\n                                                                                                                    <\/div>\r\n                                                        <div class=\"vcenter tcode-es-artist-title-container\">\r\n                                                            <div class=\"tcode-es-artist-title\" style=\"color: ;\">\r\n                                                                J\u00e9r\u00e9mie Godet                                                            <\/div>\r\n                                                                                                                            <div class=\"artist-position\" style=\"color: ;\">\r\n                                                                    Head of Unit for Secure Connectivity & Space Surveillance, DG DEFIS, European Commission                                                                 <\/div>\r\n                                                                                                                    <\/div>\r\n                                                                                                                                                                            <div class=\"vcenter\">\r\n                                                                                                                                    <a href=\"https:\/\/www.linkedin.com\/in\/jeremie-g-7936512b\/\" target=\"_blank\" class=\"tcode-social-icon tcode-ico-linkedin\"><\/a>\r\n                                                                                                                            <\/div>\r\n                                                                                                            <\/div>\r\n                                                <\/div>\r\n                                                                                            <div class=\"row artist-row\" data-effect=\"mfp-zoom-in\">\r\n                                                    <div class=\"tcode-artist-popover hidden\">\r\n                                                        <div>\r\n                                                            <div class=\"row\">\r\n                                                                <div class=\"col-xs-12 col-sm-4\">\r\n                                                                    <div class=\"artist-image center-block\">\r\n                                                                                                                                                                                                                                <img decoding=\"async\" class=\"img-responsive center-block\" alt=\"Session 3i: IRIS2  &#8211; Turning the Vision into a Reality image\" src=\"https:\/\/euspaceforum.com\/2025\/wp-content\/uploads\/2022\/09\/Koen-Willems-website-120x120.png\" \/>\r\n                                                                                                                                            <\/div>\r\n                                                                                                                                                                                                                <div class=\"row artist-media text-center\">\r\n                                                                                                                                                            <a href=\"https:\/\/www.linkedin.com\/in\/koen-willems-9840481\/\" target=\"_blank\" class=\"tcode-social-icon tcode-ico-linkedin\"><\/a>\r\n                                                                                                                                                    <\/div>\r\n                                                                                                                                    <\/div>\r\n                                                                <div class=\"col-xs-12 col-sm-8 artist-details-container\">\r\n                                                                    <div class=\"tcode-es-artist-title\">\r\n                                                                        <a href=\"#\">\r\n                                                                            Koen Willems                                                                        <\/a>\r\n                                                                    <\/div>\r\n                                                                                                                                            <div class=\"artist-position\">\r\n                                                                            VP of EU Programs and Government Relations, ST Engineering iDirect (Europe)                                                                        <\/div>\r\n                                                                                                                                        <div class=\"artist-content\">\r\n                                                                        <p><span style=\"font-weight: 400;\">Koen Willems is the Vice President European Union Programs and Government Relations at ST Engineering iDirect, where he defines and develops the global strategy for the government and defense market.\u00a0<\/span><\/p>\n<p><span style=\"font-weight: 400;\">Before joining ST Engineering iDirect in 2008, he was Product Marketing Manager for Europe at the electronics giant TOSHIBA.<\/span><\/p>\n<p><span style=\"font-weight: 400;\">Willems has more than 25 years\u2019 experience working in the technology industry. His expertise in the government and defense satellite market has grown through his involvement in different large (EU) programs, as well as frequent interactions with the end-user community and a range of topic-related degrees such as the \u2018High Studies in Security and Defence\u2019 degree at the Belgian Royal Higher Institute for Defence; the \u2018European Session for Armament Officials\u2019 degree at the French National Institute of Higher Defense; and the \u2018European Advanced Strategy Course on Security and Defense\u2019 degree at the Egmont Institute, IHEDN and BAKS.<\/span><\/p>\n<p><span style=\"font-weight: 400;\">Willems has a master&#8217;s in English and Scandinavian Languages from Ghent University and a master&#8217;s in Marketing Strategy and Management from Vlekho Business School.\u00a0<\/span><\/p>\n                                                                    <\/div>\r\n                                                                <\/div>\r\n                                                            <\/div>\r\n                                                        <\/div>\r\n                                                    <\/div>\r\n                                                    <div class=\"col-md-10 col-md-offset-2 tcode-es-artist-title-col vcenter\">\r\n                                                        <div class=\"vcenter artist-image\">\r\n                                                                                                                                                                                            <img decoding=\"async\" class=\"img-responsive\" alt=\"Session 3i: IRIS2  &#8211; Turning the Vision into a Reality image\" src=\"https:\/\/euspaceforum.com\/2025\/wp-content\/uploads\/2022\/09\/Koen-Willems-website-90x90.png\" \/>\r\n                                                                                                                    <\/div>\r\n                                                        <div class=\"vcenter tcode-es-artist-title-container\">\r\n                                                            <div class=\"tcode-es-artist-title\" style=\"color: ;\">\r\n                                                                Koen Willems                                                            <\/div>\r\n                                                                                                                            <div class=\"artist-position\" style=\"color: ;\">\r\n                                                                    VP of EU Programs and Government Relations, ST Engineering iDirect (Europe)                                                                <\/div>\r\n                                                                                                                    <\/div>\r\n                                                                                                                                                                            <div class=\"vcenter\">\r\n                                                                                                                                    <a href=\"https:\/\/www.linkedin.com\/in\/koen-willems-9840481\/\" target=\"_blank\" class=\"tcode-social-icon tcode-ico-linkedin\"><\/a>\r\n                                                                                                                            <\/div>\r\n                                                                                                            <\/div>\r\n                                                <\/div>\r\n                                                                                            <div class=\"row artist-row\" data-effect=\"mfp-zoom-in\">\r\n                                                    <div class=\"tcode-artist-popover hidden\">\r\n                                                        <div>\r\n                                                            <div class=\"row\">\r\n                                                                <div class=\"col-xs-12 col-sm-4\">\r\n                                                                    <div class=\"artist-image center-block\">\r\n                                                                                                                                                                                                                                <img decoding=\"async\" class=\"img-responsive center-block\" alt=\"Session 3i: IRIS2  &#8211; Turning the Vision into a Reality image\" src=\"https:\/\/euspaceforum.com\/2025\/wp-content\/uploads\/2022\/09\/Antonio-Abad-Martin-WebsiteMailing-120x120.png\" \/>\r\n                                                                                                                                            <\/div>\r\n                                                                                                                                                                                                                <div class=\"row artist-media text-center\">\r\n                                                                                                                                                            <a href=\"https:\/\/www.linkedin.com\/in\/antonio-abad-8002281\/\" target=\"_blank\" class=\"tcode-social-icon tcode-ico-linkedin\"><\/a>\r\n                                                                                                                                                    <\/div>\r\n                                                                                                                                    <\/div>\r\n                                                                <div class=\"col-xs-12 col-sm-8 artist-details-container\">\r\n                                                                    <div class=\"tcode-es-artist-title\">\r\n                                                                        <a href=\"#\">\r\n                                                                            Antonio Abad Mart\u00edn                                                                        <\/a>\r\n                                                                    <\/div>\r\n                                                                                                                                            <div class=\"artist-position\">\r\n                                                                            CTO, Hispasat                                                                        <\/div>\r\n                                                                                                                                        <div class=\"artist-content\">\r\n                                                                        <p><span style=\"font-weight: 400;\">Antonio Abad (Almer\u00eda, Spain, 1963) holds a Master of Sciences in Aeronautical Engineering from the Polytechnic University of Madrid and is graduated in Senior Management in the \u2018General Management Program (GMP)\u2019 and in \u2018Digital Transformation\u2019 from IESE Business School. He completed his training with different Leadership, Talent Development, and Organization and People Empowerment courses, also at IESE, Navarra University.<\/span><\/p>\n<p><span style=\"font-weight: 400;\">In addition, he has been professionally recognized becoming an academician at the International Academy of Astronautics (IAA) and the Academie de l\u2019Air and l\u2018Espace (AAS). He is also a senior member of the American Institute of Aeronautics and Astronautics (AIAA) and the Institute of Electric and Electronic Engineers (IEEE).<\/span><\/p>\n<p><span style=\"font-weight: 400;\">After initiating his professional activities at Telef\u00f3nica Sistemas in 1989, from 1991 up to date he has developed his career at HISPASAT in different engineering and management responsibilities. Since 2003 he is the Chief Technical Officer of HISPASAT, being responsible for the definition and implementation of satellite systems, launchers, control centers, and ground stations, as well as their operation and control. In 2019, he also took over the responsibilities for the development of the future space infrastructure of HISPASAT, analyzing from High Altitude Platforms to Cubesats, Software Defined Satellites, and Constellations. Since 2020 he is promoting the development of Space Quantum Communications, with the first application in Quantum Key Distribution, and the development of a Common Lunar Communications infrastructure.<\/span><\/p>\n<p><span style=\"font-weight: 400;\">He has been a speaker at numerous conferences and seminars, including Washington Satellite and World Satellite Business Week in Paris. He has been the Director of the 11 editions of the \u2018HISPASAT Summit on Space Telecommunications\u2019 in the \u2018Men\u00e9ndez Pelayo International University\u2019.<\/span><\/p>\n                                                                    <\/div>\r\n                                                                <\/div>\r\n                                                            <\/div>\r\n                                                        <\/div>\r\n                                                    <\/div>\r\n                                                    <div class=\"col-md-10 col-md-offset-2 tcode-es-artist-title-col vcenter\">\r\n                                                        <div class=\"vcenter artist-image\">\r\n                                                                                                                                                                                            <img decoding=\"async\" class=\"img-responsive\" alt=\"Session 3i: IRIS2  &#8211; Turning the Vision into a Reality image\" src=\"https:\/\/euspaceforum.com\/2025\/wp-content\/uploads\/2022\/09\/Antonio-Abad-Martin-WebsiteMailing-90x90.png\" \/>\r\n                                                                                                                    <\/div>\r\n                                                        <div class=\"vcenter tcode-es-artist-title-container\">\r\n                                                            <div class=\"tcode-es-artist-title\" style=\"color: ;\">\r\n                                                                Antonio Abad Mart\u00edn                                                            <\/div>\r\n                                                                                                                            <div class=\"artist-position\" style=\"color: ;\">\r\n                                                                    CTO, Hispasat                                                                <\/div>\r\n                                                                                                                    <\/div>\r\n                                                                                                                                                                            <div class=\"vcenter\">\r\n                                                                                                                                    <a href=\"https:\/\/www.linkedin.com\/in\/antonio-abad-8002281\/\" target=\"_blank\" class=\"tcode-social-icon tcode-ico-linkedin\"><\/a>\r\n                                                                                                                            <\/div>\r\n                                                                                                            <\/div>\r\n                                                <\/div>\r\n                                                                                            <div class=\"row artist-row\" data-effect=\"mfp-zoom-in\">\r\n                                                    <div class=\"tcode-artist-popover hidden\">\r\n                                                        <div>\r\n                                                            <div class=\"row\">\r\n                                                                <div class=\"col-xs-12 col-sm-4\">\r\n                                                                    <div class=\"artist-image center-block\">\r\n                                                                                                                                                                                                                                <img decoding=\"async\" class=\"img-responsive center-block\" alt=\"Session 3i: IRIS2  &#8211; Turning the Vision into a Reality image\" src=\"https:\/\/euspaceforum.com\/2025\/wp-content\/uploads\/2022\/09\/Damien-Murat-WebsiteMailing-120x120.png\" \/>\r\n                                                                                                                                            <\/div>\r\n                                                                                                                                                                                                                <div class=\"row artist-media text-center\">\r\n                                                                                                                                                            <a href=\"https:\/\/www.linkedin.com\/in\/damien-murat-86024320\/\" target=\"_blank\" class=\"tcode-social-icon tcode-ico-linkedin\"><\/a>\r\n                                                                                                                                                    <\/div>\r\n                                                                                                                                    <\/div>\r\n                                                                <div class=\"col-xs-12 col-sm-8 artist-details-container\">\r\n                                                                    <div class=\"tcode-es-artist-title\">\r\n                                                                        <a href=\"#\">\r\n                                                                            Damien Murat                                                                        <\/a>\r\n                                                                    <\/div>\r\n                                                                                                                                            <div class=\"artist-position\">\r\n                                                                            IRIS\u00b2 Programme Manager, Eutelsat Group                                                                        <\/div>\r\n                                                                                                                                        <div class=\"artist-content\">\r\n                                                                        <p>Bio to follow.<\/p>\n                                                                    <\/div>\r\n                                                                <\/div>\r\n                                                            <\/div>\r\n                                                        <\/div>\r\n                                                    <\/div>\r\n                                                    <div class=\"col-md-10 col-md-offset-2 tcode-es-artist-title-col vcenter\">\r\n                                                        <div class=\"vcenter artist-image\">\r\n                                                                                                                                                                                            <img decoding=\"async\" class=\"img-responsive\" alt=\"Session 3i: IRIS2  &#8211; Turning the Vision into a Reality image\" src=\"https:\/\/euspaceforum.com\/2025\/wp-content\/uploads\/2022\/09\/Damien-Murat-WebsiteMailing-90x90.png\" \/>\r\n                                                                                                                    <\/div>\r\n                                                        <div class=\"vcenter tcode-es-artist-title-container\">\r\n                                                            <div class=\"tcode-es-artist-title\" style=\"color: ;\">\r\n                                                                Damien Murat                                                            <\/div>\r\n                                                                                                                            <div class=\"artist-position\" style=\"color: ;\">\r\n                                                                    IRIS\u00b2 Programme Manager, Eutelsat Group                                                                <\/div>\r\n                                                                                                                    <\/div>\r\n                                                                                                                                                                            <div class=\"vcenter\">\r\n                                                                                                                                    <a href=\"https:\/\/www.linkedin.com\/in\/damien-murat-86024320\/\" target=\"_blank\" class=\"tcode-social-icon tcode-ico-linkedin\"><\/a>\r\n                                                                                                                            <\/div>\r\n                                                                                                            <\/div>\r\n                                                <\/div>\r\n                                                                                            <div class=\"row artist-row\" data-effect=\"mfp-zoom-in\">\r\n                                                    <div class=\"tcode-artist-popover hidden\">\r\n                                                        <div>\r\n                                                            <div class=\"row\">\r\n                                                                <div class=\"col-xs-12 col-sm-4\">\r\n                                                                    <div class=\"artist-image center-block\">\r\n                                                                                                                                                                                                                                <img decoding=\"async\" class=\"img-responsive center-block\" alt=\"Session 3i: IRIS2  &#8211; Turning the Vision into a Reality image\" src=\"https:\/\/euspaceforum.com\/2025\/wp-content\/uploads\/2022\/09\/Shruti-Vyas-WebsiteMailing-120x120.png\" \/>\r\n                                                                                                                                            <\/div>\r\n                                                                                                                                                                                                                <div class=\"row artist-media text-center\">\r\n                                                                                                                                                            <a href=\"https:\/\/www.linkedin.com\/in\/shruti-vyas-9a769b14\/\" target=\"_blank\" class=\"tcode-social-icon tcode-ico-linkedin\"><\/a>\r\n                                                                                                                                                    <\/div>\r\n                                                                                                                                    <\/div>\r\n                                                                <div class=\"col-xs-12 col-sm-8 artist-details-container\">\r\n                                                                    <div class=\"tcode-es-artist-title\">\r\n                                                                        <a href=\"#\">\r\n                                                                            Shruti Vyas                                                                        <\/a>\r\n                                                                    <\/div>\r\n                                                                                                                                            <div class=\"artist-position\">\r\n                                                                            Vice President IRIS2 & Next Generation MEO, SES                                                                        <\/div>\r\n                                                                                                                                        <div class=\"artist-content\">\r\n                                                                        <p>Bio to follow<\/p>\n                                                                    <\/div>\r\n                                                                <\/div>\r\n                                                            <\/div>\r\n                                                        <\/div>\r\n                                                    <\/div>\r\n                                                    <div class=\"col-md-10 col-md-offset-2 tcode-es-artist-title-col vcenter\">\r\n                                                        <div class=\"vcenter artist-image\">\r\n                                                                                                                                                                                            <img decoding=\"async\" class=\"img-responsive\" alt=\"Session 3i: IRIS2  &#8211; Turning the Vision into a Reality image\" src=\"https:\/\/euspaceforum.com\/2025\/wp-content\/uploads\/2022\/09\/Shruti-Vyas-WebsiteMailing-90x90.png\" \/>\r\n                                                                                                                    <\/div>\r\n                                                        <div class=\"vcenter tcode-es-artist-title-container\">\r\n                                                            <div class=\"tcode-es-artist-title\" style=\"color: ;\">\r\n                                                                Shruti Vyas                                                            <\/div>\r\n                                                                                                                            <div class=\"artist-position\" style=\"color: ;\">\r\n                                                                    Vice President IRIS2 & Next Generation MEO, SES                                                                <\/div>\r\n                                                                                                                    <\/div>\r\n                                                                                                                                                                            <div class=\"vcenter\">\r\n                                                                                                                                    <a href=\"https:\/\/www.linkedin.com\/in\/shruti-vyas-9a769b14\/\" target=\"_blank\" class=\"tcode-social-icon tcode-ico-linkedin\"><\/a>\r\n                                                                                                                            <\/div>\r\n                                                                                                            <\/div>\r\n                                                <\/div>\r\n                                                                                            <div class=\"row artist-row\" data-effect=\"mfp-zoom-in\">\r\n                                                    <div class=\"tcode-artist-popover hidden\">\r\n                                                        <div>\r\n                                                            <div class=\"row\">\r\n                                                                <div class=\"col-xs-12 col-sm-4\">\r\n                                                                    <div class=\"artist-image center-block\">\r\n                                                                                                                                                                                                                                <img decoding=\"async\" class=\"img-responsive center-block\" alt=\"Session 3i: IRIS2  &#8211; Turning the Vision into a Reality image\" src=\"https:\/\/euspaceforum.com\/2025\/wp-content\/uploads\/2022\/09\/Laura-Gibson-\u2013-ten-Bloemendal-WebsiteMailing-120x120.png\" \/>\r\n                                                                                                                                            <\/div>\r\n                                                                                                                                                                                                                <div class=\"row artist-media text-center\">\r\n                                                                                                                                                            <a href=\"https:\/\/www.linkedin.com\/in\/lauratenbloemendal\/?originalSubdomain=nl\" target=\"_blank\" class=\"tcode-social-icon tcode-ico-linkedin\"><\/a>\r\n                                                                                                                                                    <\/div>\r\n                                                                                                                                    <\/div>\r\n                                                                <div class=\"col-xs-12 col-sm-8 artist-details-container\">\r\n                                                                    <div class=\"tcode-es-artist-title\">\r\n                                                                        <a href=\"#\">\r\n                                                                            Moderated by: Laura Gibson \u2013 ten Bloemendal                                                                        <\/a>\r\n                                                                    <\/div>\r\n                                                                                                                                            <div class=\"artist-position\">\r\n                                                                            Strategic Partnerships Manager, TU Delft \u2013 Aerospace Engineering                                                                        <\/div>\r\n                                                                                                                                        <div class=\"artist-content\">\r\n                                                                        <p><span style=\"font-weight: 400;\">Laura is a strategic partnerships manager with both the analytical skills for strategy and the determination to make things happen. A constant student, she learns easily, adapts quickly, and applies skills with intention.<\/span><\/p>\n<p><span style=\"font-weight: 400;\">She is most comfortable in multi-disciplinary and international environments, and tends to help bring people together who might have more in common than they would have seen on their own. Laura enjoys starting new endeavors, finding new solutions, and exploring new possibilities.<\/span><\/p>\n                                                                    <\/div>\r\n                                                                <\/div>\r\n                                                            <\/div>\r\n                                                        <\/div>\r\n                                                    <\/div>\r\n                                                    <div class=\"col-md-10 col-md-offset-2 tcode-es-artist-title-col vcenter\">\r\n                                                        <div class=\"vcenter artist-image\">\r\n                                                                                                                                                                                            <img decoding=\"async\" class=\"img-responsive\" alt=\"Session 3i: IRIS2  &#8211; Turning the Vision into a Reality image\" src=\"https:\/\/euspaceforum.com\/2025\/wp-content\/uploads\/2022\/09\/Laura-Gibson-\u2013-ten-Bloemendal-WebsiteMailing-90x90.png\" \/>\r\n                                                                                                                    <\/div>\r\n                                                        <div class=\"vcenter tcode-es-artist-title-container\">\r\n                                                            <div class=\"tcode-es-artist-title\" style=\"color: ;\">\r\n                                                                Moderated by: Laura Gibson \u2013 ten Bloemendal                                                            <\/div>\r\n                                                                                                                            <div class=\"artist-position\" style=\"color: ;\">\r\n                                                                    Strategic Partnerships Manager, TU Delft \u2013 Aerospace Engineering                                                                <\/div>\r\n                                                                                                                    <\/div>\r\n                                                                                                                                                                            <div class=\"vcenter\">\r\n                                                                                                                                    <a href=\"https:\/\/www.linkedin.com\/in\/lauratenbloemendal\/?originalSubdomain=nl\" target=\"_blank\" class=\"tcode-social-icon tcode-ico-linkedin\"><\/a>\r\n                                                                                                                            <\/div>\r\n                                                                                                            <\/div>\r\n                                                <\/div>\r\n                                                                                                                        <\/div>\r\n                                <\/div>\r\n                            <\/div>\r\n                        <\/div>\r\n                                                                                            <div style=\"background-color: #FFFFFF;\" class=\"row scheduled-event event-collapsed event-visible\" data-date=\"2025-07-02\" data-location=\"\">\r\n                            <div class=\"col-md-12\">\r\n                                <div class=\"row\">\r\n                                                                        <div class=\"col-md-2 vcenter \">\r\n                                                                                                                                                                <\/div><div class=\"col-md-9 vcenter\">\r\n                                        <div class=\"row\">\r\n                                                                                        <div class=\"col-md-12 event-title\" style=\"color: ;\">Session 3: Taking the Next Steps &#8211; Where Next for the EU\u2019s Space Programme?<\/div>\r\n                                        <\/div>\r\n                                    <\/div><div class=\"col-md-1 vcenter\">\r\n                                        <div class=\"event-icon pull-right\">\r\n                                            <i class=\"tcode-ico-grot-down\" data-state=\"collapsed\" style=\"color: ;\"><\/i>\r\n                                        <\/div>\r\n                                    <\/div>\r\n                                <\/div>\r\n                                <div class=\"row event-excerpt\">\r\n                                    <div class=\"col-md-12\">\r\n                                        <div class=\"row event-content\">\r\n                                            <div class=\"col-md-8 col-md-offset-2\" style=\"color: ;\">\r\n                                                <p><span style=\"font-weight: 400;\">Flagships of the EU Space programme<\/span><span style=\"font-weight: 400;\"> &#8211; <\/span><span style=\"font-weight: 400;\">Copernicus, Galileo, and the newly launched IRIS\u00b2<\/span><span style=\"font-weight: 400;\"> &#8211; <\/span><span style=\"font-weight: 400;\">are critical pillars of the continent\u2019s space presence and ambition. These initiatives not only enhance Europe\u2019s technological and economic competitiveness but also address important defence, security, and sustainability challenges in an evolving global landscape. The following sessions explore the future of these programmes, reflecting on lessons from past successes and identifying strategies to ensure their continued key contributions to Europe\u2019s broader space ambitions.\u00a0<\/span><\/p>\n                                            <\/div>\r\n                                        <\/div>\r\n                                                                            <\/div>\r\n                                <\/div>\r\n                            <\/div>\r\n                        <\/div>\r\n                                                                                            <div style=\"background-color: #FFFFFF;\" class=\"row scheduled-event event-collapsed event-visible\" data-date=\"2025-07-02\" data-location=\"\">\r\n                            <div class=\"col-md-12\">\r\n                                <div class=\"row\">\r\n                                                                        <div class=\"col-md-2 vcenter \">\r\n                                                                                                                                    <div class=\"event-time text-center\" style=\"color: ;\">\r\n                                                    <span class=\"time-starts\">15:00<\/span>\r\n                                                                                                            - <span class=\"time-ends\">16:05<\/span>\r\n                                                                                                    <\/div>\r\n                                                                                                                        <\/div><div class=\"col-md-9 vcenter\">\r\n                                        <div class=\"row\">\r\n                                                                                        <div class=\"col-md-12 event-title\" style=\"color: ;\">Session 3ii: The Future of Copernicus and Galileo &#8211; Strengthening European  Ambition and Leveraging Its Expertise<\/div>\r\n                                        <\/div>\r\n                                    <\/div><div class=\"col-md-1 vcenter\">\r\n                                        <div class=\"event-icon pull-right\">\r\n                                            <i class=\"tcode-ico-grot-down\" data-state=\"collapsed\" style=\"color: ;\"><\/i>\r\n                                        <\/div>\r\n                                    <\/div>\r\n                                <\/div>\r\n                                <div class=\"row event-excerpt\">\r\n                                    <div class=\"col-md-12\">\r\n                                        <div class=\"row event-content\">\r\n                                            <div class=\"col-md-8 col-md-offset-2\" style=\"color: ;\">\r\n                                                <p><span style=\"font-weight: 400;\">Galileo and Copernicus, the existing pillars of the EU Space Programme, remain just as vital to the EU\u2019s space ambitions today as they were at their inception. With the new Commission reaffirming its commitment to these projects, their role in Europe\u2019s strategic landscape seems set to evolve. Amidst an increasingly complex geopolitical landscape &#8211; both on Earth and in Space &#8211; this session will explore Galileo and Copernicus\u2019 growing significance within Europe\u2019s defence and security frameworks. Panelists will assess proposed actions and discuss how these initiatives can be further aligned with broader strategic objectives to enhance autonomy, resilience, and global competitiveness.<\/span><\/p>\n<p>&nbsp;<\/p>\n<ul>\n<li style=\"font-weight: 400;\" aria-level=\"1\"><span style=\"font-weight: 400;\">As Copernicus, Galileo, and the global space ecosystem continue to evolve, what is the future trajectory of these flagship initiatives? What ambitions, opportunities, and challenges lie ahead?\u00a0<\/span><\/li>\n<li style=\"font-weight: 400;\" aria-level=\"1\"><span style=\"font-weight: 400;\">How can the potential of Copernicus and Galileo be maximised to ensure both continued success and foster innovation? How important are these flagships to the future of the European space sector more broadly, particularly in the context of emerging new regulatory actions such as the EU Space Act?<\/span><\/li>\n<li style=\"font-weight: 400;\" aria-level=\"1\"><span style=\"font-weight: 400;\">What funding will be required to deliver on the ambitious goals of these existing space programmes alongside the huge investment that is already being seen with IRIS\u00b2? Where can the necessary resources be found?\u00a0<\/span><\/li>\n<li style=\"font-weight: 400;\" aria-level=\"1\"><span style=\"font-weight: 400;\">How can stakeholders work together to harness the huge potential of data generated by Copernicus and Galileo and drive economic opportunities and innovation across sectors?\u00a0<\/span><\/li>\n<li style=\"font-weight: 400;\" aria-level=\"1\"><span style=\"font-weight: 400;\">What measures are needed to enhance security systems, strengthen resilience, and protect Galileo and related services from emerging cyber threats?\u00a0<\/span><\/li>\n<li style=\"font-weight: 400;\" aria-level=\"1\"><span style=\"font-weight: 400;\">How can these programmes balance their dual-use applications, serving both civilian and security needs without compromising on either?\u00a0<\/span><\/li>\n<li style=\"font-weight: 400;\" aria-level=\"1\"><span style=\"font-weight: 400;\">How can emerging technologies like AI, quantum and 6G connectivity help to ensure these vital programmes remain at the cutting edge of innovation?<\/span><\/li>\n<li style=\"font-weight: 400;\" aria-level=\"1\"><span style=\"font-weight: 400;\">As Copernicus and Galileo continue to evolve and stakeholders drive progress on IRIS\u00b2, what new initiatives should shape the next phase of the EU Space Programme?<\/span><span style=\"font-weight: 400;\"><br \/>\n<\/span><\/li>\n<li><span style=\"font-weight: 400;\">How can the ESA play a key role in developing the next generation of these programmes, driving innovation, and expanding Europe\u2019s capabilities in space?\u00a0<\/span><span style=\"font-weight: 400;\"><br \/>\n<\/span><\/li>\n<\/ul>\n                                            <\/div>\r\n                                        <\/div>\r\n                                                                                                                                    <div class=\"row artist-row\" data-effect=\"mfp-zoom-in\">\r\n                                                    <div class=\"tcode-artist-popover hidden\">\r\n                                                        <div>\r\n                                                            <div class=\"row\">\r\n                                                                <div class=\"col-xs-12 col-sm-4\">\r\n                                                                    <div class=\"artist-image center-block\">\r\n                                                                                                                                                                                                                                <img decoding=\"async\" class=\"img-responsive center-block\" alt=\"Session 3ii: The Future of Copernicus and Galileo &#8211; Strengthening European  Ambition and Leveraging Its Expertise image\" src=\"https:\/\/euspaceforum.com\/2025\/wp-content\/uploads\/2022\/09\/Paul-Flament-WebsiteMailing-120x120.png\" \/>\r\n                                                                                                                                            <\/div>\r\n                                                                                                                                                                                                                <div class=\"row artist-media text-center\">\r\n                                                                                                                                                            <a href=\"https:\/\/www.linkedin.com\/in\/paul-flament-00413a1\/\" target=\"_blank\" class=\"tcode-social-icon tcode-ico-linkedin\"><\/a>\r\n                                                                                                                                                    <\/div>\r\n                                                                                                                                    <\/div>\r\n                                                                <div class=\"col-xs-12 col-sm-8 artist-details-container\">\r\n                                                                    <div class=\"tcode-es-artist-title\">\r\n                                                                        <a href=\"#\">\r\n                                                                            Paul Flament                                                                        <\/a>\r\n                                                                    <\/div>\r\n                                                                                                                                            <div class=\"artist-position\">\r\n                                                                            Head of Unit, Satellite Navigation, DG DEFIS, European Commission                                                                        <\/div>\r\n                                                                                                                                        <div class=\"artist-content\">\r\n                                                                        <p><span style=\"font-weight: 400;\">Paul Flament is a Belgian Civil Engineer, specialised in Telecommunications. He has been working 11 years in the European Space Agency, for space missions control centres and for the design and development of telecommunication satellites. Following a Masters in European Studies, he joined the European Commission in 1998. Paul Flament is Head of the Unit &#8220;Satellite Navigation&#8221; in DG DEFIS. <\/span><\/p>\n                                                                    <\/div>\r\n                                                                <\/div>\r\n                                                            <\/div>\r\n                                                        <\/div>\r\n                                                    <\/div>\r\n                                                    <div class=\"col-md-10 col-md-offset-2 tcode-es-artist-title-col vcenter\">\r\n                                                        <div class=\"vcenter artist-image\">\r\n                                                                                                                                                                                            <img decoding=\"async\" class=\"img-responsive\" alt=\"Session 3ii: The Future of Copernicus and Galileo &#8211; Strengthening European  Ambition and Leveraging Its Expertise image\" src=\"https:\/\/euspaceforum.com\/2025\/wp-content\/uploads\/2022\/09\/Paul-Flament-WebsiteMailing-90x90.png\" \/>\r\n                                                                                                                    <\/div>\r\n                                                        <div class=\"vcenter tcode-es-artist-title-container\">\r\n                                                            <div class=\"tcode-es-artist-title\" style=\"color: ;\">\r\n                                                                Paul Flament                                                            <\/div>\r\n                                                                                                                            <div class=\"artist-position\" style=\"color: ;\">\r\n                                                                    Head of Unit, Satellite Navigation, DG DEFIS, European Commission                                                                <\/div>\r\n                                                                                                                    <\/div>\r\n                                                                                                                                                                            <div class=\"vcenter\">\r\n                                                                                                                                    <a href=\"https:\/\/www.linkedin.com\/in\/paul-flament-00413a1\/\" target=\"_blank\" class=\"tcode-social-icon tcode-ico-linkedin\"><\/a>\r\n                                                                                                                            <\/div>\r\n                                                                                                            <\/div>\r\n                                                <\/div>\r\n                                                                                            <div class=\"row artist-row\" data-effect=\"mfp-zoom-in\">\r\n                                                    <div class=\"tcode-artist-popover hidden\">\r\n                                                        <div>\r\n                                                            <div class=\"row\">\r\n                                                                <div class=\"col-xs-12 col-sm-4\">\r\n                                                                    <div class=\"artist-image center-block\">\r\n                                                                                                                                                                                                                                <img decoding=\"async\" class=\"img-responsive center-block\" alt=\"Session 3ii: The Future of Copernicus and Galileo &#8211; Strengthening European  Ambition and Leveraging Its Expertise image\" src=\"https:\/\/euspaceforum.com\/2025\/wp-content\/uploads\/2025\/05\/Marcin-Mazur-Website-120x120.png\" \/>\r\n                                                                                                                                            <\/div>\r\n                                                                                                                                                                                                                <div class=\"row artist-media text-center\">\r\n                                                                                                                                                            <a href=\"https:\/\/www.linkedin.com\/in\/marcin-mazur-polsa\/\" target=\"_blank\" class=\"tcode-social-icon tcode-ico-linkedin\"><\/a>\r\n                                                                                                                                                    <\/div>\r\n                                                                                                                                    <\/div>\r\n                                                                <div class=\"col-xs-12 col-sm-8 artist-details-container\">\r\n                                                                    <div class=\"tcode-es-artist-title\">\r\n                                                                        <a href=\"#\">\r\n                                                                            Marcin Mazur                                                                        <\/a>\r\n                                                                    <\/div>\r\n                                                                                                                                            <div class=\"artist-position\">\r\n                                                                            Vice-President, Polish Space Agency (POLSA)                                                                        <\/div>\r\n                                                                                                                                        <div class=\"artist-content\">\r\n                                                                        <p><span style=\"font-weight: 400;\">Colonel Marcin Mazur is the Vice-President of the Polish Space Agency (POLSA) &#8211; an executive agency of the Ministry of Economic Development and Technology, est. 2014. POLSA supports the Polish space industry, cooperates with international agencies and public administration in the field of exploration and use of Outer Space.<\/span><\/p>\n<p><span style=\"font-weight: 400;\">Col Mazur\u2019s goal is to execute the Polish Space Strategy issued in 2017, which is in compliance with both the Space Strategy for Europe 2016 and the NATO Overarching Space Policy 2019, and implement the National Space Programme 2022-2026.<\/span><\/p>\n<p><span style=\"font-weight: 400;\">Col Mazur\u2019s responsibility in POLSA is to systematize security and defence activities, in particular the development of dual-use capabilities which may apply for military and civilian applications:<\/span><\/p>\n<ul>\n<li style=\"font-weight: 400;\" aria-level=\"1\"><span style=\"font-weight: 400;\">EO \u2013 Earth Observation satellite systems;<\/span><\/li>\n<li style=\"font-weight: 400;\" aria-level=\"1\"><span style=\"font-weight: 400;\">SATCOM \u2013 Satellite Communications systems;<\/span><\/li>\n<li style=\"font-weight: 400;\" aria-level=\"1\"><span style=\"font-weight: 400;\">SSA \/ SST &#8211; Space Situational Awareness \/ Space Surveillance and Tracking;<\/span><\/li>\n<li style=\"font-weight: 400;\" aria-level=\"1\"><span style=\"font-weight: 400;\">Launching technologies.<\/span><\/li>\n<\/ul>\n<p><span style=\"font-weight: 400;\">Colonel Mazur was commissioned in 1998 and promoted to his first officer\u2019s rank, 2nd lieutenant, in 2002. He graduated from the Military University of Technology in Warsaw with a Master\u2019s Degree in Topography and Mapping. He started his career as a Geospatial Officer at the 6 th Independent Geographical Unit in Torun where he became the leader of Mobile Geospatial Support Team dedicated for NATO Response Forces. Following that Colonel Mazur served at the Joint Force Command Brunssum, the Netherlands, in the Geospatial Support Section, J2 Intelligence Division and as an IMINT Officer at the Military Geographical Centre in Warsaw from where he was assigned in 2012 to the General Staff of the Polish Armed Forces, P2 Intelligence Division, Imagery Intelligence Branch. As an Intelligence Officer, he was also appointed as a Part-time Inspector for Treaties on Conventional Arms Control in Europe (CFE) and Vienna Document 2011 (VD11) inspections. In August 2017 he became the IMINT Branch Head and in January 2019 was promoted to Colonel rank. As the IMINT Branch Head he was responsible for defining Earth Observation (EO) and Space Situational Awareness (SSA) military requirements. He was the co-chairman of the Polish-Italian Operational Working Group with regards to the COSMO SkyMed (CSK) and OPTSAT-3000 systems. Nationally he served the Chairman role of the Inter-ministerial Earth Observation Task Group.<\/span><\/p>\n<p><b>EDUCATION<\/b><\/p>\n<p><span style=\"font-weight: 400;\">2003 Master of Science in Topography and Mapping, Military University of Technology, Warsaw<\/span><\/p>\n<p><span style=\"font-weight: 400;\">2013 Military Intelligence Officer Course, Regional Joint Intelligence Training Facility, US European Command \/ US Africa Command, Warsaw<\/span><\/p>\n<p><span style=\"font-weight: 400;\">2016 Postgraduate Studies, GIS, Photogrammetry and Remote Sensing for Defence and Security Purposes, Military University of Technology, Warsaw<\/span><\/p>\n<p><b>ASSIGNMENTS<\/b><\/p>\n<p><span style=\"font-weight: 400;\">1998 \u2013 2003 Officer Cadet, Military University of Technology, Warsaw<\/span><\/p>\n<p><span style=\"font-weight: 400;\">2003 \u2013 2008 Geospatial Officer, 6th Independent Geographical Unit, Torun<\/span><\/p>\n<p><span style=\"font-weight: 400;\">2008 \u2013 2010 Geospatial Officer, Joint Force Command Brunssum, the Netherlands<\/span><\/p>\n<p><span style=\"font-weight: 400;\">2010 \u2013 2012 Imagery Intelligence Officer, Military Geographical Centre, Warsaw<\/span><\/p>\n<p><span style=\"font-weight: 400;\">2012 \u2013 2017 Imagery Intelligence Officer, P2 Intelligence Division, General Staff of the Polish Armed Forces, Warsaw<\/span><\/p>\n<p><span style=\"font-weight: 400;\">2017 \u2013 2021 Imagery Intelligence Branch Head, P2 Intelligence Division, General Staff of the Polish Armed Forces, Warsaw<\/span><\/p>\n<p><span style=\"font-weight: 400;\">2021 \u2013 Vice-President, Polish Space Agency, Warsaw<\/span><\/p>\n                                                                    <\/div>\r\n                                                                <\/div>\r\n                                                            <\/div>\r\n                                                        <\/div>\r\n                                                    <\/div>\r\n                                                    <div class=\"col-md-10 col-md-offset-2 tcode-es-artist-title-col vcenter\">\r\n                                                        <div class=\"vcenter artist-image\">\r\n                                                                                                                                                                                            <img decoding=\"async\" class=\"img-responsive\" alt=\"Session 3ii: The Future of Copernicus and Galileo &#8211; Strengthening European  Ambition and Leveraging Its Expertise image\" src=\"https:\/\/euspaceforum.com\/2025\/wp-content\/uploads\/2025\/05\/Marcin-Mazur-Website-90x90.png\" \/>\r\n                                                                                                                    <\/div>\r\n                                                        <div class=\"vcenter tcode-es-artist-title-container\">\r\n                                                            <div class=\"tcode-es-artist-title\" style=\"color: ;\">\r\n                                                                Marcin Mazur                                                            <\/div>\r\n                                                                                                                            <div class=\"artist-position\" style=\"color: ;\">\r\n                                                                    Vice-President, Polish Space Agency (POLSA)                                                                <\/div>\r\n                                                                                                                    <\/div>\r\n                                                                                                                                                                            <div class=\"vcenter\">\r\n                                                                                                                                    <a href=\"https:\/\/www.linkedin.com\/in\/marcin-mazur-polsa\/\" target=\"_blank\" class=\"tcode-social-icon tcode-ico-linkedin\"><\/a>\r\n                                                                                                                            <\/div>\r\n                                                                                                            <\/div>\r\n                                                <\/div>\r\n                                                                                            <div class=\"row artist-row\" data-effect=\"mfp-zoom-in\">\r\n                                                    <div class=\"tcode-artist-popover hidden\">\r\n                                                        <div>\r\n                                                            <div class=\"row\">\r\n                                                                <div class=\"col-xs-12 col-sm-4\">\r\n                                                                    <div class=\"artist-image center-block\">\r\n                                                                                                                                                                                                                                <img decoding=\"async\" class=\"img-responsive center-block\" alt=\"Session 3ii: The Future of Copernicus and Galileo &#8211; Strengthening European  Ambition and Leveraging Its Expertise image\" src=\"https:\/\/euspaceforum.com\/2025\/wp-content\/uploads\/2022\/09\/James-Cemmell-WebsiteMailing-120x120.png\" \/>\r\n                                                                                                                                            <\/div>\r\n                                                                                                                                                                                                                <div class=\"row artist-media text-center\">\r\n                                                                                                                                                            <a href=\"https:\/\/www.linkedin.com\/in\/james-cemmell-fraes-534943\/\" target=\"_blank\" class=\"tcode-social-icon tcode-ico-linkedin\"><\/a>\r\n                                                                                                                                                    <\/div>\r\n                                                                                                                                    <\/div>\r\n                                                                <div class=\"col-xs-12 col-sm-8 artist-details-container\">\r\n                                                                    <div class=\"tcode-es-artist-title\">\r\n                                                                        <a href=\"#\">\r\n                                                                            James Cemmell FRAeS                                                                        <\/a>\r\n                                                                    <\/div>\r\n                                                                                                                                            <div class=\"artist-position\">\r\n                                                                            Vice President Institutional Partnerships, Open Cosmos                                                                        <\/div>\r\n                                                                                                                                        <div class=\"artist-content\">\r\n                                                                        <p><span style=\"font-weight: 400;\">James Cemmell is Vice President, Institutional Partnerships at Open Cosmos, one of Europe&#8217;s fastest growing space businesses.\u00a0 With nearly 20 years&#8217; experience in the European space sector, he has held leadership roles at the nexus of value creation and public policy.\u00a0 James has an MBA from the University of Cambridge, Downing College (awarded Academic Prize), a first class degree in mathematics, and a masters degree in international development.\u00a0 James is a fellow of the Royal Aeronautical Society, interested in governmental space strategy and leveraging space for public benefit.\u00a0 His interest in European public policy started with a four year stint as a student politician with the European Student Union (ESU) many years ago&#8230;<\/span><\/p>\n                                                                    <\/div>\r\n                                                                <\/div>\r\n                                                            <\/div>\r\n                                                        <\/div>\r\n                                                    <\/div>\r\n                                                    <div class=\"col-md-10 col-md-offset-2 tcode-es-artist-title-col vcenter\">\r\n                                                        <div class=\"vcenter artist-image\">\r\n                                                                                                                                                                                            <img decoding=\"async\" class=\"img-responsive\" alt=\"Session 3ii: The Future of Copernicus and Galileo &#8211; Strengthening European  Ambition and Leveraging Its Expertise image\" src=\"https:\/\/euspaceforum.com\/2025\/wp-content\/uploads\/2022\/09\/James-Cemmell-WebsiteMailing-90x90.png\" \/>\r\n                                                                                                                    <\/div>\r\n                                                        <div class=\"vcenter tcode-es-artist-title-container\">\r\n                                                            <div class=\"tcode-es-artist-title\" style=\"color: ;\">\r\n                                                                James Cemmell FRAeS                                                            <\/div>\r\n                                                                                                                            <div class=\"artist-position\" style=\"color: ;\">\r\n                                                                    Vice President Institutional Partnerships, Open Cosmos                                                                <\/div>\r\n                                                                                                                    <\/div>\r\n                                                                                                                                                                            <div class=\"vcenter\">\r\n                                                                                                                                    <a href=\"https:\/\/www.linkedin.com\/in\/james-cemmell-fraes-534943\/\" target=\"_blank\" class=\"tcode-social-icon tcode-ico-linkedin\"><\/a>\r\n                                                                                                                            <\/div>\r\n                                                                                                            <\/div>\r\n                                                <\/div>\r\n                                                                                            <div class=\"row artist-row\" data-effect=\"mfp-zoom-in\">\r\n                                                    <div class=\"tcode-artist-popover hidden\">\r\n                                                        <div>\r\n                                                            <div class=\"row\">\r\n                                                                <div class=\"col-xs-12 col-sm-4\">\r\n                                                                    <div class=\"artist-image center-block\">\r\n                                                                                                                                                                                                                                <img decoding=\"async\" class=\"img-responsive center-block\" alt=\"Session 3ii: The Future of Copernicus and Galileo &#8211; Strengthening European  Ambition and Leveraging Its Expertise image\" src=\"https:\/\/euspaceforum.com\/2025\/wp-content\/uploads\/2022\/09\/Nestor-Zarraoa-WebsiteMailing-120x120.png\" \/>\r\n                                                                                                                                            <\/div>\r\n                                                                                                                                                                                                                <div class=\"row artist-media text-center\">\r\n                                                                                                                                                            <a href=\"https:\/\/www.linkedin.com\/in\/nestor-zarraoa-87696259\/\" target=\"_blank\" class=\"tcode-social-icon tcode-ico-linkedin\"><\/a>\r\n                                                                                                                                                    <\/div>\r\n                                                                                                                                    <\/div>\r\n                                                                <div class=\"col-xs-12 col-sm-8 artist-details-container\">\r\n                                                                    <div class=\"tcode-es-artist-title\">\r\n                                                                        <a href=\"#\">\r\n                                                                            N\u00e9stor Zarraoa                                                                        <\/a>\r\n                                                                    <\/div>\r\n                                                                                                                                            <div class=\"artist-position\">\r\n                                                                            Director, Navigation Procurement and Purchases, GMV                                                                        <\/div>\r\n                                                                                                                                        <div class=\"artist-content\">\r\n                                                                        <p>N\u00e9stor Zarraoa holds a Ph.D. in Mathematics by the Universidad Complutense de Madrid. He developed a fruitful 10-year long scientific career in Space Geodesy, particularly on geophysical and atmospheric applications of VLBI and GNSS working for Research Centres in Spain (CSIC), Norway (NMA) and Germany (DLR).<\/p>\n<p>In 1997 he joins GMV within the GNSS Business Unit, where he will hold different positions, starting as Technical Manager within EGNOS development projects and turning into Division Head managing GMV contributions to both EGNOS and Galileo, among other projects.<\/p>\n<p>From 2011 to 2018 he becomes the Engineering Department Director within GMV Aerospace, leading a team of close to 100 engineers supporting a wide variety of technical domains transversal to all Aerospace and Defence areas, including Systems Engineering, Critical SW Development, Front and Back-End SW Development, RAMS or specialized AIV.<\/p>\n<p>When GMV was awarded in 2018 the Galileo Ground Control Segment for the Exploitation Phase, N\u00e9stor, who had led all the process of proposal preparation, is appointed as Business Unit Director and Project Manager of this strategic project for GMV, with full focus on turning this challenging opportunity into a remarkable success, as was demonstrated by the successful and timely deployment of a fully evolved and state of the art Galileo GCS and the subsequent award to GMV of the Galileo Second Generation In-Orbit Validation contract for the Ground Control System, for which he also led the proposal phase.<\/p>\n<p>Following an internal reorganization, N\u00e9stor becomes in 2022 Director of Procurement and Purchases for GMV Navigation, working close to GMV Navigation Director and holding full responsibility on all contractual aspects affecting GMV Navigation sector as well as Managing the entire ecosystem of Subcontractors and Suppliers which are key to the success of all GMV activities.<\/p>\n                                                                    <\/div>\r\n                                                                <\/div>\r\n                                                            <\/div>\r\n                                                        <\/div>\r\n                                                    <\/div>\r\n                                                    <div class=\"col-md-10 col-md-offset-2 tcode-es-artist-title-col vcenter\">\r\n                                                        <div class=\"vcenter artist-image\">\r\n                                                                                                                                                                                            <img decoding=\"async\" class=\"img-responsive\" alt=\"Session 3ii: The Future of Copernicus and Galileo &#8211; Strengthening European  Ambition and Leveraging Its Expertise image\" src=\"https:\/\/euspaceforum.com\/2025\/wp-content\/uploads\/2022\/09\/Nestor-Zarraoa-WebsiteMailing-90x90.png\" \/>\r\n                                                                                                                    <\/div>\r\n                                                        <div class=\"vcenter tcode-es-artist-title-container\">\r\n                                                            <div class=\"tcode-es-artist-title\" style=\"color: ;\">\r\n                                                                N\u00e9stor Zarraoa                                                            <\/div>\r\n                                                                                                                            <div class=\"artist-position\" style=\"color: ;\">\r\n                                                                    Director, Navigation Procurement and Purchases, GMV                                                                <\/div>\r\n                                                                                                                    <\/div>\r\n                                                                                                                                                                            <div class=\"vcenter\">\r\n                                                                                                                                    <a href=\"https:\/\/www.linkedin.com\/in\/nestor-zarraoa-87696259\/\" target=\"_blank\" class=\"tcode-social-icon tcode-ico-linkedin\"><\/a>\r\n                                                                                                                            <\/div>\r\n                                                                                                            <\/div>\r\n                                                <\/div>\r\n                                                                                            <div class=\"row artist-row\" data-effect=\"mfp-zoom-in\">\r\n                                                    <div class=\"tcode-artist-popover hidden\">\r\n                                                        <div>\r\n                                                            <div class=\"row\">\r\n                                                                <div class=\"col-xs-12 col-sm-4\">\r\n                                                                    <div class=\"artist-image center-block\">\r\n                                                                                                                                                                                                                                <img decoding=\"async\" class=\"img-responsive center-block\" alt=\"Session 3ii: The Future of Copernicus and Galileo &#8211; Strengthening European  Ambition and Leveraging Its Expertise image\" src=\"https:\/\/euspaceforum.com\/2025\/wp-content\/uploads\/2025\/05\/Rep-Website-Image-Template-120x120.png\" \/>\r\n                                                                                                                                            <\/div>\r\n                                                                                                                                                                                                        <\/div>\r\n                                                                <div class=\"col-xs-12 col-sm-8 artist-details-container\">\r\n                                                                    <div class=\"tcode-es-artist-title\">\r\n                                                                        <a href=\"#\">\r\n                                                                            Final speaker to be confirmed                                                                        <\/a>\r\n                                                                    <\/div>\r\n                                                                                                                                        <div class=\"artist-content\">\r\n                                                                                                                                            <\/div>\r\n                                                                <\/div>\r\n                                                            <\/div>\r\n                                                        <\/div>\r\n                                                    <\/div>\r\n                                                    <div class=\"col-md-10 col-md-offset-2 tcode-es-artist-title-col vcenter\">\r\n                                                        <div class=\"vcenter artist-image\">\r\n                                                                                                                                                                                            <img decoding=\"async\" class=\"img-responsive\" alt=\"Session 3ii: The Future of Copernicus and Galileo &#8211; Strengthening European  Ambition and Leveraging Its Expertise image\" src=\"https:\/\/euspaceforum.com\/2025\/wp-content\/uploads\/2025\/05\/Rep-Website-Image-Template-90x90.png\" \/>\r\n                                                                                                                    <\/div>\r\n                                                        <div class=\"vcenter tcode-es-artist-title-container\">\r\n                                                            <div class=\"tcode-es-artist-title\" style=\"color: ;\">\r\n                                                                Final speaker to be confirmed                                                            <\/div>\r\n                                                                                                                    <\/div>\r\n                                                                                                                                                                    <\/div>\r\n                                                <\/div>\r\n                                                                                            <div class=\"row artist-row\" data-effect=\"mfp-zoom-in\">\r\n                                                    <div class=\"tcode-artist-popover hidden\">\r\n                                                        <div>\r\n                                                            <div class=\"row\">\r\n                                                                <div class=\"col-xs-12 col-sm-4\">\r\n                                                                    <div class=\"artist-image center-block\">\r\n                                                                                                                                                                                                                                <img decoding=\"async\" class=\"img-responsive center-block\" alt=\"Session 3ii: The Future of Copernicus and Galileo &#8211; Strengthening European  Ambition and Leveraging Its Expertise image\" src=\"https:\/\/euspaceforum.com\/2025\/wp-content\/uploads\/2022\/09\/Augusto-Caramagno-WebsiteMailing-120x120.png\" \/>\r\n                                                                                                                                            <\/div>\r\n                                                                                                                                                                                                                <div class=\"row artist-media text-center\">\r\n                                                                                                                                                            <a href=\"https:\/\/www.linkedin.com\/in\/augusto-caramagno-7b98644\/\" target=\"_blank\" class=\"tcode-social-icon tcode-ico-linkedin\"><\/a>\r\n                                                                                                                                                    <\/div>\r\n                                                                                                                                    <\/div>\r\n                                                                <div class=\"col-xs-12 col-sm-8 artist-details-container\">\r\n                                                                    <div class=\"tcode-es-artist-title\">\r\n                                                                        <a href=\"#\">\r\n                                                                            Augusto Caramagno                                                                        <\/a>\r\n                                                                    <\/div>\r\n                                                                                                                                            <div class=\"artist-position\">\r\n                                                                            Director of Strategy, Cooperation and Growth, Indra Space                                                                        <\/div>\r\n                                                                                                                                        <div class=\"artist-content\">\r\n                                                                        <p>Bio to follow.<\/p>\n                                                                    <\/div>\r\n                                                                <\/div>\r\n                                                            <\/div>\r\n                                                        <\/div>\r\n                                                    <\/div>\r\n                                                    <div class=\"col-md-10 col-md-offset-2 tcode-es-artist-title-col vcenter\">\r\n                                                        <div class=\"vcenter artist-image\">\r\n                                                                                                                                                                                            <img decoding=\"async\" class=\"img-responsive\" alt=\"Session 3ii: The Future of Copernicus and Galileo &#8211; Strengthening European  Ambition and Leveraging Its Expertise image\" src=\"https:\/\/euspaceforum.com\/2025\/wp-content\/uploads\/2022\/09\/Augusto-Caramagno-WebsiteMailing-90x90.png\" \/>\r\n                                                                                                                    <\/div>\r\n                                                        <div class=\"vcenter tcode-es-artist-title-container\">\r\n                                                            <div class=\"tcode-es-artist-title\" style=\"color: ;\">\r\n                                                                Augusto Caramagno                                                            <\/div>\r\n                                                                                                                            <div class=\"artist-position\" style=\"color: ;\">\r\n                                                                    Director of Strategy, Cooperation and Growth, Indra Space                                                                <\/div>\r\n                                                                                                                    <\/div>\r\n                                                                                                                                                                            <div class=\"vcenter\">\r\n                                                                                                                                    <a href=\"https:\/\/www.linkedin.com\/in\/augusto-caramagno-7b98644\/\" target=\"_blank\" class=\"tcode-social-icon tcode-ico-linkedin\"><\/a>\r\n                                                                                                                            <\/div>\r\n                                                                                                            <\/div>\r\n                                                <\/div>\r\n                                                                                            <div class=\"row artist-row\" data-effect=\"mfp-zoom-in\">\r\n                                                    <div class=\"tcode-artist-popover hidden\">\r\n                                                        <div>\r\n                                                            <div class=\"row\">\r\n                                                                <div class=\"col-xs-12 col-sm-4\">\r\n                                                                    <div class=\"artist-image center-block\">\r\n                                                                                                                                                                                                                                <img decoding=\"async\" class=\"img-responsive center-block\" alt=\"Session 3ii: The Future of Copernicus and Galileo &#8211; Strengthening European  Ambition and Leveraging Its Expertise image\" src=\"https:\/\/euspaceforum.com\/2025\/wp-content\/uploads\/2022\/09\/Torsten-Kriening-website-120x120.png\" \/>\r\n                                                                                                                                            <\/div>\r\n                                                                                                                                                                                                                <div class=\"row artist-media text-center\">\r\n                                                                                                                                                            <a href=\"https:\/\/www.linkedin.com\/in\/torsten-kriening\/\" target=\"_blank\" class=\"tcode-social-icon tcode-ico-linkedin\"><\/a>\r\n                                                                                                                                                    <\/div>\r\n                                                                                                                                    <\/div>\r\n                                                                <div class=\"col-xs-12 col-sm-8 artist-details-container\">\r\n                                                                    <div class=\"tcode-es-artist-title\">\r\n                                                                        <a href=\"#\">\r\n                                                                            Moderated by: Torsten Kriening                                                                        <\/a>\r\n                                                                    <\/div>\r\n                                                                                                                                            <div class=\"artist-position\">\r\n                                                                            Publisher and CEO, SpaceWatch.Global                                                                        <\/div>\r\n                                                                                                                                        <div class=\"artist-content\">\r\n                                                                        <p>Torsten Kriening is Publisher and CEO of SpaceWatch.Global, an independent platform for space activities in a geopolitical context.<\/p>\n<p>He is a business executive with academic and professional experience in space management, satellite communications, and broadcast technology. He has an electrical and telecommunications engineering background and studied information technology and computer science at the Technical College Berlin. Torsten began his career as software developer, before moving into sales management and business development, working at companies including 3Com, Lucent Digital Video, SES Astra, Bertelsmann and PTScientists.<\/p>\n<p>A proud Berliner with a global outlook, Torsten expanded his horizons even further by attending the International Space University (ISU) and earning an Executive MBA. His ISU thesis analysed the capacity-building visions and opportunities of countries in the Gulf region, and he brings experience developing strong and lasting business relationships with Middle Eastern countries. With the global Space Caf\u00e9\u00ae talk series and the Space Caf\u00e9\u00ae Podcast he created widely recognized space outreach formats.<\/p>\n                                                                    <\/div>\r\n                                                                <\/div>\r\n                                                            <\/div>\r\n                                                        <\/div>\r\n                                                    <\/div>\r\n                                                    <div class=\"col-md-10 col-md-offset-2 tcode-es-artist-title-col vcenter\">\r\n                                                        <div class=\"vcenter artist-image\">\r\n                                                                                                                                                                                            <img decoding=\"async\" class=\"img-responsive\" alt=\"Session 3ii: The Future of Copernicus and Galileo &#8211; Strengthening European  Ambition and Leveraging Its Expertise image\" src=\"https:\/\/euspaceforum.com\/2025\/wp-content\/uploads\/2022\/09\/Torsten-Kriening-website-90x90.png\" \/>\r\n                                                                                                                    <\/div>\r\n                                                        <div class=\"vcenter tcode-es-artist-title-container\">\r\n                                                            <div class=\"tcode-es-artist-title\" style=\"color: ;\">\r\n                                                                Moderated by: Torsten Kriening                                                            <\/div>\r\n                                                                                                                            <div class=\"artist-position\" style=\"color: ;\">\r\n                                                                    Publisher and CEO, SpaceWatch.Global                                                                <\/div>\r\n                                                                                                                    <\/div>\r\n                                                                                                                                                                            <div class=\"vcenter\">\r\n                                                                                                                                    <a href=\"https:\/\/www.linkedin.com\/in\/torsten-kriening\/\" target=\"_blank\" class=\"tcode-social-icon tcode-ico-linkedin\"><\/a>\r\n                                                                                                                            <\/div>\r\n                                                                                                            <\/div>\r\n                                                <\/div>\r\n                                                                                                                        <\/div>\r\n                                <\/div>\r\n                            <\/div>\r\n                        <\/div>\r\n                                                                                            <div style=\"background-color: #FFFFFF;\" class=\"row scheduled-event event-collapsed event-visible hideExcerpt\" data-date=\"2025-07-02\" data-location=\"\">\r\n                            <div class=\"col-md-12\">\r\n                                <div class=\"row\">\r\n                                                                        <div class=\"col-md-2 vcenter \">\r\n                                                                                                                                    <div class=\"event-time text-center\" style=\"color: ;\">\r\n                                                    <span class=\"time-starts\">16:05<\/span>\r\n                                                                                                            - <span class=\"time-ends\">16:30<\/span>\r\n                                                                                                    <\/div>\r\n                                                                                                                        <\/div><div class=\"col-md-9 vcenter\">\r\n                                        <div class=\"row\">\r\n                                                                                        <div class=\"col-md-12 event-title\" style=\"color: ;\">Refreshment Break<\/div>\r\n                                        <\/div>\r\n                                    <\/div><div class=\"col-md-1 vcenter\">\r\n                                        <div class=\"event-icon pull-right\">\r\n                                            <i class=\"tcode-ico-grot-down\" data-state=\"collapsed\" style=\"color: ;\"><\/i>\r\n                                        <\/div>\r\n                                    <\/div>\r\n                                <\/div>\r\n                                <div class=\"row event-excerpt\">\r\n                                    <div class=\"col-md-12\">\r\n                                        <div class=\"row event-content\">\r\n                                            <div class=\"col-md-8 col-md-offset-2\" style=\"color: ;\">\r\n                                                                                            <\/div>\r\n                                        <\/div>\r\n                                                                            <\/div>\r\n                                <\/div>\r\n                            <\/div>\r\n                        <\/div>\r\n                                                                                            <div style=\"background-color: #FFFFFF;\" class=\"row scheduled-event event-collapsed event-visible\" data-date=\"2025-07-02\" data-location=\"\">\r\n                            <div class=\"col-md-12\">\r\n                                <div class=\"row\">\r\n                                                                        <div class=\"col-md-2 vcenter \">\r\n                                                                                                                                    <div class=\"event-time text-center\" style=\"color: ;\">\r\n                                                    <span class=\"time-starts\">16:30<\/span>\r\n                                                                                                            - <span class=\"time-ends\">17:15<\/span>\r\n                                                                                                    <\/div>\r\n                                                                                                                        <\/div><div class=\"col-md-9 vcenter\">\r\n                                        <div class=\"row\">\r\n                                                                                        <div class=\"col-md-12 event-title\" style=\"color: ;\">Session 4: Preparing Today for the Challenges of Tomorrow: Strategic Resilience in Europe\u2019s Space Sector<\/div>\r\n                                        <\/div>\r\n                                    <\/div><div class=\"col-md-1 vcenter\">\r\n                                        <div class=\"event-icon pull-right\">\r\n                                            <i class=\"tcode-ico-grot-down\" data-state=\"collapsed\" style=\"color: ;\"><\/i>\r\n                                        <\/div>\r\n                                    <\/div>\r\n                                <\/div>\r\n                                <div class=\"row event-excerpt\">\r\n                                    <div class=\"col-md-12\">\r\n                                        <div class=\"row event-content\">\r\n                                            <div class=\"col-md-8 col-md-offset-2\" style=\"color: ;\">\r\n                                                <p><span style=\"font-weight: 400;\">As Europe navigates an era of growing political uncertainty and rapid technological change, it must remain equipped to realise not only its long-term policy ambitions, but also today\u2019s pressing challenges. Indeed, while new legislative and strategic frameworks to this effect emerge at both a Commission and Member State level, this session will ask: what actions can be taken today to prepare for any eventuality tomorrow? From reducing reliance on single operators to enabling rapid operational shifts and enhancing flexibility, panelists will explore how Europe can strengthen, safeguard, and future-proof its space capabilities in an increasingly complex global environment.<\/span><\/p>\n<p>&nbsp;<\/p>\n<ul>\n<li style=\"font-weight: 400;\" aria-level=\"1\"><span style=\"font-weight: 400;\">What are the key vulnerabilities in Europe\u2019s space ecosystem, and how can resilience be strengthened against geopolitical and technological shocks?<\/span><\/li>\n<li style=\"font-weight: 400;\" aria-level=\"1\"><span style=\"font-weight: 400;\">How can Europe reduce over-reliance on single suppliers or systems and build the agility to pivot rapidly between technical, industrial, or strategic solutions?<\/span><\/li>\n<li style=\"font-weight: 400;\" aria-level=\"1\"><span style=\"font-weight: 400;\">Is verticalisation a viable path for Europe, and what insights can be drawn from more integrated or sovereign models adopted by other global space powers?<\/span><\/li>\n<li style=\"font-weight: 400;\" aria-level=\"1\"><span style=\"font-weight: 400;\">How can the EU and its Member States ensure future space legislation remains flexible and responsive, while coordinating more effectively with public and private stakeholders?<\/span><span style=\"font-weight: 400;\"><br \/>\n<\/span><\/li>\n<li style=\"font-weight: 400;\" aria-level=\"1\"><span style=\"font-weight: 400;\">How can Europe attract more private investment and create a more competitive and innovative space industry while ensuring long-term strategic goals are met?<\/span><\/li>\n<li style=\"font-weight: 400;\" aria-level=\"1\"><span style=\"font-weight: 400;\">Should Europe rethink its procurement and programme design models to enable faster iteration, greater adaptability, and shared responsibility for space readiness?<\/span><\/li>\n<\/ul>\n                                            <\/div>\r\n                                        <\/div>\r\n                                                                                                                                    <div class=\"row artist-row\" data-effect=\"mfp-zoom-in\">\r\n                                                    <div class=\"tcode-artist-popover hidden\">\r\n                                                        <div>\r\n                                                            <div class=\"row\">\r\n                                                                <div class=\"col-xs-12 col-sm-4\">\r\n                                                                    <div class=\"artist-image center-block\">\r\n                                                                                                                                                                                                                                <img decoding=\"async\" class=\"img-responsive center-block\" alt=\"Session 4: Preparing Today for the Challenges of Tomorrow: Strategic Resilience in Europe\u2019s Space Sector image\" src=\"https:\/\/euspaceforum.com\/2025\/wp-content\/uploads\/2022\/09\/Philippe-Glaesener-WebsiteMailing-120x120.png\" \/>\r\n                                                                                                                                            <\/div>\r\n                                                                                                                                                                                                                <div class=\"row artist-media text-center\">\r\n                                                                                                                                                            <a href=\"https:\/\/www.linkedin.com\/in\/philippe-glaesener-5a9713\/\" target=\"_blank\" class=\"tcode-social-icon tcode-ico-linkedin\"><\/a>\r\n                                                                                                                                                    <\/div>\r\n                                                                                                                                    <\/div>\r\n                                                                <div class=\"col-xs-12 col-sm-8 artist-details-container\">\r\n                                                                    <div class=\"tcode-es-artist-title\">\r\n                                                                        <a href=\"#\">\r\n                                                                            Philippe Glaesener                                                                        <\/a>\r\n                                                                    <\/div>\r\n                                                                                                                                            <div class=\"artist-position\">\r\n                                                                            Senior Vice President of Global Government, SES                                                                        <\/div>\r\n                                                                                                                                        <div class=\"artist-content\">\r\n                                                                        <p><span style=\"font-weight: 400;\">Philippe Glaesener is heading the Space &amp; Defence activities of SES with focus on institutional, governmental and defence actors on a global level outside of the US. During his extensive career in the satellite communications industry, he has been serving in a variety of commercial, business development and planning roles, and has been instrumental in the development and implementation of key government initiatives, extensive corporate projects and satcom services. His extensive professional experience is backed by Commercial as well as Electrical Engineering &amp; Information Technology academic backgrounds. Philippe is also serving on the Board of LuxGovSat, a Public-Private joint-venture between the Government of Luxembourg and SES, which is dedicated to addressing the demand resulting from defence and institutional security applications. Philippe Glaesener is a Luxemburgish national.<\/span><\/p>\n                                                                    <\/div>\r\n                                                                <\/div>\r\n                                                            <\/div>\r\n                                                        <\/div>\r\n                                                    <\/div>\r\n                                                    <div class=\"col-md-10 col-md-offset-2 tcode-es-artist-title-col vcenter\">\r\n                                                        <div class=\"vcenter artist-image\">\r\n                                                                                                                                                                                            <img decoding=\"async\" class=\"img-responsive\" alt=\"Session 4: Preparing Today for the Challenges of Tomorrow: Strategic Resilience in Europe\u2019s Space Sector image\" src=\"https:\/\/euspaceforum.com\/2025\/wp-content\/uploads\/2022\/09\/Philippe-Glaesener-WebsiteMailing-90x90.png\" \/>\r\n                                                                                                                    <\/div>\r\n                                                        <div class=\"vcenter tcode-es-artist-title-container\">\r\n                                                            <div class=\"tcode-es-artist-title\" style=\"color: ;\">\r\n                                                                Philippe Glaesener                                                            <\/div>\r\n                                                                                                                            <div class=\"artist-position\" style=\"color: ;\">\r\n                                                                    Senior Vice President of Global Government, SES                                                                <\/div>\r\n                                                                                                                    <\/div>\r\n                                                                                                                                                                            <div class=\"vcenter\">\r\n                                                                                                                                    <a href=\"https:\/\/www.linkedin.com\/in\/philippe-glaesener-5a9713\/\" target=\"_blank\" class=\"tcode-social-icon tcode-ico-linkedin\"><\/a>\r\n                                                                                                                            <\/div>\r\n                                                                                                            <\/div>\r\n                                                <\/div>\r\n                                                                                            <div class=\"row artist-row\" data-effect=\"mfp-zoom-in\">\r\n                                                    <div class=\"tcode-artist-popover hidden\">\r\n                                                        <div>\r\n                                                            <div class=\"row\">\r\n                                                                <div class=\"col-xs-12 col-sm-4\">\r\n                                                                    <div class=\"artist-image center-block\">\r\n                                                                                                                                                                                                                                <img decoding=\"async\" class=\"img-responsive center-block\" alt=\"Session 4: Preparing Today for the Challenges of Tomorrow: Strategic Resilience in Europe\u2019s Space Sector image\" src=\"https:\/\/euspaceforum.com\/2025\/wp-content\/uploads\/2022\/09\/Chris-White-Horne-WebsiteMailing-120x120.png\" \/>\r\n                                                                                                                                            <\/div>\r\n                                                                                                                                                                                                                <div class=\"row artist-media text-center\">\r\n                                                                                                                                                            <a href=\"https:\/\/www.linkedin.com\/in\/chris-white-horne-8888231b4\/\" target=\"_blank\" class=\"tcode-social-icon tcode-ico-linkedin\"><\/a>\r\n                                                                                                                                                    <\/div>\r\n                                                                                                                                    <\/div>\r\n                                                                <div class=\"col-xs-12 col-sm-8 artist-details-container\">\r\n                                                                    <div class=\"tcode-es-artist-title\">\r\n                                                                        <a href=\"#\">\r\n                                                                            Chris White-Horne                                                                        <\/a>\r\n                                                                    <\/div>\r\n                                                                                                                                            <div class=\"artist-position\">\r\n                                                                            Space Director - UK Department for Science, Innovation and Technology                                                                        <\/div>\r\n                                                                                                                                        <div class=\"artist-content\">\r\n                                                                        <p><span style=\"font-weight: 400;\">Chris is Deputy CEO (job share) at the UK Space Agency.<\/span><\/p>\n<p><span style=\"font-weight: 400;\">Together with Annelies Look, he is responsible for the delivery of all the UK Space Agency\u2019s major programmes, from space science, exploration and Earth Observation missions, to enabling satellite launch from UK spaceports and improving space sustainability.<\/span><\/p>\n<p><span style=\"font-weight: 400;\">Chris joined the UK Space Agency in 2023, having previously been the Senior Responsible Owner (job share) for the Rail Transformation Programme in the Department for Transport. Previously Chris had a 25-year career in defence and aviation, including as programme director and chief engineer in the international programme office for the Typhoon aircraft programme in Munich.<\/span><\/p>\n<p><span style=\"font-weight: 400;\">Chris lives in Gloucestershire and beyond his day job is a trombone teacher, music charity trustee and non-executive director of a multi-academy school trust.<\/span><\/p>\n                                                                    <\/div>\r\n                                                                <\/div>\r\n                                                            <\/div>\r\n                                                        <\/div>\r\n                                                    <\/div>\r\n                                                    <div class=\"col-md-10 col-md-offset-2 tcode-es-artist-title-col vcenter\">\r\n                                                        <div class=\"vcenter artist-image\">\r\n                                                                                                                                                                                            <img decoding=\"async\" class=\"img-responsive\" alt=\"Session 4: Preparing Today for the Challenges of Tomorrow: Strategic Resilience in Europe\u2019s Space Sector image\" src=\"https:\/\/euspaceforum.com\/2025\/wp-content\/uploads\/2022\/09\/Chris-White-Horne-WebsiteMailing-90x90.png\" \/>\r\n                                                                                                                    <\/div>\r\n                                                        <div class=\"vcenter tcode-es-artist-title-container\">\r\n                                                            <div class=\"tcode-es-artist-title\" style=\"color: ;\">\r\n                                                                Chris White-Horne                                                            <\/div>\r\n                                                                                                                            <div class=\"artist-position\" style=\"color: ;\">\r\n                                                                    Space Director - UK Department for Science, Innovation and Technology                                                                <\/div>\r\n                                                                                                                    <\/div>\r\n                                                                                                                                                                            <div class=\"vcenter\">\r\n                                                                                                                                    <a href=\"https:\/\/www.linkedin.com\/in\/chris-white-horne-8888231b4\/\" target=\"_blank\" class=\"tcode-social-icon tcode-ico-linkedin\"><\/a>\r\n                                                                                                                            <\/div>\r\n                                                                                                            <\/div>\r\n                                                <\/div>\r\n                                                                                            <div class=\"row artist-row\" data-effect=\"mfp-zoom-in\">\r\n                                                    <div class=\"tcode-artist-popover hidden\">\r\n                                                        <div>\r\n                                                            <div class=\"row\">\r\n                                                                <div class=\"col-xs-12 col-sm-4\">\r\n                                                                    <div class=\"artist-image center-block\">\r\n                                                                                                                                                                                                                                <img decoding=\"async\" class=\"img-responsive center-block\" alt=\"Session 4: Preparing Today for the Challenges of Tomorrow: Strategic Resilience in Europe\u2019s Space Sector image\" src=\"https:\/\/euspaceforum.com\/2025\/wp-content\/uploads\/2022\/09\/Martyna-Perek-WebsiteMailing-120x120.png\" \/>\r\n                                                                                                                                            <\/div>\r\n                                                                                                                                                                                                                <div class=\"row artist-media text-center\">\r\n                                                                                                                                                            <a href=\"https:\/\/www.linkedin.com\/in\/martynaperek\/?originalSubdomain=pl\" target=\"_blank\" class=\"tcode-social-icon tcode-ico-linkedin\"><\/a>\r\n                                                                                                                                                    <\/div>\r\n                                                                                                                                    <\/div>\r\n                                                                <div class=\"col-xs-12 col-sm-8 artist-details-container\">\r\n                                                                    <div class=\"tcode-es-artist-title\">\r\n                                                                        <a href=\"#\">\r\n                                                                            Martyna Perek                                                                        <\/a>\r\n                                                                    <\/div>\r\n                                                                                                                                            <div class=\"artist-position\">\r\n                                                                            Chief Expert, Chair of the Space Working Party, Polish Presidency in the EU Council 2025, Ministry of Economic Development and Technology, Poland                                                                        <\/div>\r\n                                                                                                                                        <div class=\"artist-content\">\r\n                                                                        <p><span style=\"font-weight: 400;\">Martyna Perek has over 15 years of experience in European economic and regulatory affairs, with a particular focus on space policy. She began her public service career in 2009 at the Ministry of Economy and has held various roles related to the EU internal market and regulatory coordination. From 2016 to 2022, she served as First Secretary at the Permanent Representation of Poland to the EU in Brussels, acting as attach\u00e9 for space, industry, and internal market affairs. Following a two-year tenure in the private sector as a regulatory affairs expert in the e-commerce industry, she returned to public administration in 2024 to take up the EU space policy matters in the Department of Defence Industry. She was chairing the EU Council\u2019s Space Working Party during the Polish Presidency 2025. Ms. Perek holds international academic credentials, including programs at MIT (New Space Economy) and Stanford Graduate School of Business (Influence &amp; Negotiation Strategies).<\/span><\/p>\n                                                                    <\/div>\r\n                                                                <\/div>\r\n                                                            <\/div>\r\n                                                        <\/div>\r\n                                                    <\/div>\r\n                                                    <div class=\"col-md-10 col-md-offset-2 tcode-es-artist-title-col vcenter\">\r\n                                                        <div class=\"vcenter artist-image\">\r\n                                                                                                                                                                                            <img decoding=\"async\" class=\"img-responsive\" alt=\"Session 4: Preparing Today for the Challenges of Tomorrow: Strategic Resilience in Europe\u2019s Space Sector image\" src=\"https:\/\/euspaceforum.com\/2025\/wp-content\/uploads\/2022\/09\/Martyna-Perek-WebsiteMailing-90x90.png\" \/>\r\n                                                                                                                    <\/div>\r\n                                                        <div class=\"vcenter tcode-es-artist-title-container\">\r\n                                                            <div class=\"tcode-es-artist-title\" style=\"color: ;\">\r\n                                                                Martyna Perek                                                            <\/div>\r\n                                                                                                                            <div class=\"artist-position\" style=\"color: ;\">\r\n                                                                    Chief Expert, Chair of the Space Working Party, Polish Presidency in the EU Council 2025, Ministry of Economic Development and Technology, Poland                                                                <\/div>\r\n                                                                                                                    <\/div>\r\n                                                                                                                                                                            <div class=\"vcenter\">\r\n                                                                                                                                    <a href=\"https:\/\/www.linkedin.com\/in\/martynaperek\/?originalSubdomain=pl\" target=\"_blank\" class=\"tcode-social-icon tcode-ico-linkedin\"><\/a>\r\n                                                                                                                            <\/div>\r\n                                                                                                            <\/div>\r\n                                                <\/div>\r\n                                                                                            <div class=\"row artist-row\" data-effect=\"mfp-zoom-in\">\r\n                                                    <div class=\"tcode-artist-popover hidden\">\r\n                                                        <div>\r\n                                                            <div class=\"row\">\r\n                                                                <div class=\"col-xs-12 col-sm-4\">\r\n                                                                    <div class=\"artist-image center-block\">\r\n                                                                                                                                                                                                                                <img decoding=\"async\" class=\"img-responsive center-block\" alt=\"Session 4: Preparing Today for the Challenges of Tomorrow: Strategic Resilience in Europe\u2019s Space Sector image\" src=\"https:\/\/euspaceforum.com\/2025\/wp-content\/uploads\/2022\/09\/Olivier-Lemaitre-WebsiteMailing-120x120.png\" \/>\r\n                                                                                                                                            <\/div>\r\n                                                                                                                                                                                                                <div class=\"row artist-media text-center\">\r\n                                                                                                                                                            <a href=\"https:\/\/www.linkedin.com\/in\/olivier-lemaitre-b4ab62\/\" target=\"_blank\" class=\"tcode-social-icon tcode-ico-linkedin\"><\/a>\r\n                                                                                                                                                    <\/div>\r\n                                                                                                                                    <\/div>\r\n                                                                <div class=\"col-xs-12 col-sm-8 artist-details-container\">\r\n                                                                    <div class=\"tcode-es-artist-title\">\r\n                                                                        <a href=\"#\">\r\n                                                                            Moderated by: Olivier Lemaitre                                                                        <\/a>\r\n                                                                    <\/div>\r\n                                                                                                                                            <div class=\"artist-position\">\r\n                                                                            Secretary General, Eurospace                                                                        <\/div>\r\n                                                                                                                                        <div class=\"artist-content\">\r\n                                                                        <p><span style=\"font-weight: 400;\">Olivier has a long-standing experience and a strong network in the European space policy sector, at the crossroads of the private and the public sector.<\/span><\/p>\n<p><span style=\"font-weight: 400;\">He has been part of the Belgian delegation to the ESA Council and also advising the Belgian Permanent Representation on space matters, under the authority of E. Beka, High representative of Belgium for space policy. Olivier then moved to Eurospace, as Head of the Brussels Office until 2014, when he has been hired by Thales Alenia Space as director for EU affairs.<\/span><\/p>\n                                                                    <\/div>\r\n                                                                <\/div>\r\n                                                            <\/div>\r\n                                                        <\/div>\r\n                                                    <\/div>\r\n                                                    <div class=\"col-md-10 col-md-offset-2 tcode-es-artist-title-col vcenter\">\r\n                                                        <div class=\"vcenter artist-image\">\r\n                                                                                                                                                                                            <img decoding=\"async\" class=\"img-responsive\" alt=\"Session 4: Preparing Today for the Challenges of Tomorrow: Strategic Resilience in Europe\u2019s Space Sector image\" src=\"https:\/\/euspaceforum.com\/2025\/wp-content\/uploads\/2022\/09\/Olivier-Lemaitre-WebsiteMailing-90x90.png\" \/>\r\n                                                                                                                    <\/div>\r\n                                                        <div class=\"vcenter tcode-es-artist-title-container\">\r\n                                                            <div class=\"tcode-es-artist-title\" style=\"color: ;\">\r\n                                                                Moderated by: Olivier Lemaitre                                                            <\/div>\r\n                                                                                                                            <div class=\"artist-position\" style=\"color: ;\">\r\n                                                                    Secretary General, Eurospace                                                                <\/div>\r\n                                                                                                                    <\/div>\r\n                                                                                                                                                                            <div class=\"vcenter\">\r\n                                                                                                                                    <a href=\"https:\/\/www.linkedin.com\/in\/olivier-lemaitre-b4ab62\/\" target=\"_blank\" class=\"tcode-social-icon tcode-ico-linkedin\"><\/a>\r\n                                                                                                                            <\/div>\r\n                                                                                                            <\/div>\r\n                                                <\/div>\r\n                                                                                                                        <\/div>\r\n                                <\/div>\r\n                            <\/div>\r\n                        <\/div>\r\n                                                                                            <div style=\"background-color: #FFFFFF;\" class=\"row scheduled-event event-collapsed event-visible hideExcerpt\" data-date=\"2025-07-02\" data-location=\"\">\r\n                            <div class=\"col-md-12\">\r\n                                <div class=\"row\">\r\n                                                                        <div class=\"col-md-2 vcenter \">\r\n                                                                                                                                    <div class=\"event-time text-center\" style=\"color: ;\">\r\n                                                    <span class=\"time-starts\">17:15<\/span>\r\n                                                                                                    <\/div>\r\n                                                                                                                        <\/div><div class=\"col-md-9 vcenter\">\r\n                                        <div class=\"row\">\r\n                                                                                        <div class=\"col-md-12 event-title\" style=\"color: ;\">Cocktail Reception<\/div>\r\n                                        <\/div>\r\n                                    <\/div><div class=\"col-md-1 vcenter\">\r\n                                        <div class=\"event-icon pull-right\">\r\n                                            <i class=\"tcode-ico-grot-down\" data-state=\"collapsed\" style=\"color: ;\"><\/i>\r\n                                        <\/div>\r\n                                    <\/div>\r\n                                <\/div>\r\n                                <div class=\"row event-excerpt\">\r\n                                    <div class=\"col-md-12\">\r\n                                        <div class=\"row event-content\">\r\n                                            <div class=\"col-md-8 col-md-offset-2\" style=\"color: ;\">\r\n                                                                                            <\/div>\r\n                                        <\/div>\r\n                                                                            <\/div>\r\n                                <\/div>\r\n                            <\/div>\r\n                        <\/div>\r\n                                                            \r\n                                        \r\n                                                                    <div style=\"background-color: #FFFFFF;\" class=\"row scheduled-event event-collapsed event-visible\" data-date=\"2025-07-03\" data-location=\"\">\r\n                            <div class=\"col-md-12\">\r\n                                <div class=\"row\">\r\n                                                                        <div class=\"col-md-2 vcenter \">\r\n                                                                                                                                    <div class=\"event-time text-center\" style=\"color: ;\">\r\n                                                    <span class=\"time-starts\">09:00<\/span>\r\n                                                                                                            - <span class=\"time-ends\">09:15<\/span>\r\n                                                                                                    <\/div>\r\n                                                                                                                        <\/div><div class=\"col-md-9 vcenter\">\r\n                                        <div class=\"row\">\r\n                                                                                        <div class=\"col-md-12 event-title\" style=\"color: ;\">Keynote Presentation &#8211; Strategic Priorities of the Danish Presidency<\/div>\r\n                                        <\/div>\r\n                                    <\/div><div class=\"col-md-1 vcenter\">\r\n                                        <div class=\"event-icon pull-right\">\r\n                                            <i class=\"tcode-ico-grot-down\" data-state=\"collapsed\" style=\"color: ;\"><\/i>\r\n                                        <\/div>\r\n                                    <\/div>\r\n                                <\/div>\r\n                                <div class=\"row event-excerpt\">\r\n                                    <div class=\"col-md-12\">\r\n                                        <div class=\"row event-content\">\r\n                                            <div class=\"col-md-8 col-md-offset-2\" style=\"color: ;\">\r\n                                                                                            <\/div>\r\n                                        <\/div>\r\n                                                                                                                                    <div class=\"row artist-row\" data-effect=\"mfp-zoom-in\">\r\n                                                    <div class=\"tcode-artist-popover hidden\">\r\n                                                        <div>\r\n                                                            <div class=\"row\">\r\n                                                                <div class=\"col-xs-12 col-sm-4\">\r\n                                                                    <div class=\"artist-image center-block\">\r\n                                                                                                                                                                                                                                <img decoding=\"async\" class=\"img-responsive center-block\" alt=\"Keynote Presentation &#8211; Strategic Priorities of the Danish Presidency image\" src=\"https:\/\/euspaceforum.com\/2025\/wp-content\/uploads\/2022\/09\/Frederik-C.-Pedersen-WebsiteMailing-1-120x120.png\" \/>\r\n                                                                                                                                            <\/div>\r\n                                                                                                                                                                                                                <div class=\"row artist-media text-center\">\r\n                                                                                                                                                            <a href=\"https:\/\/www.linkedin.com\/in\/frederik-carsten-pedersen-8777102\/\" target=\"_blank\" class=\"tcode-social-icon tcode-ico-linkedin\"><\/a>\r\n                                                                                                                                                    <\/div>\r\n                                                                                                                                    <\/div>\r\n                                                                <div class=\"col-xs-12 col-sm-8 artist-details-container\">\r\n                                                                    <div class=\"tcode-es-artist-title\">\r\n                                                                        <a href=\"#\">\r\n                                                                            Frederik C. Pedersen                                                                        <\/a>\r\n                                                                    <\/div>\r\n                                                                                                                                            <div class=\"artist-position\">\r\n                                                                            Space Counsellor, Denmark\u2019s Permanent Representation to the EU                                                                        <\/div>\r\n                                                                                                                                        <div class=\"artist-content\">\r\n                                                                        <p><span style=\"font-weight: 400;\">Frederik Carsten Pedersen is the Danish Space Counsellor to the EU, and he has been stationed to Denmark&#8217;s Permanent Representation to the EU since January 2024.\u00a0 He has worked at the Danish Ministry of Higher Education and Science in various roles related to policy since 2010. Since 2022 he has focused on EU and space policy. Frederik holds a degree in History and Political Science from the University of Copenhagen. <\/span><\/p>\n                                                                    <\/div>\r\n                                                                <\/div>\r\n                                                            <\/div>\r\n                                                        <\/div>\r\n                                                    <\/div>\r\n                                                    <div class=\"col-md-10 col-md-offset-2 tcode-es-artist-title-col vcenter\">\r\n                                                        <div class=\"vcenter artist-image\">\r\n                                                                                                                                                                                            <img decoding=\"async\" class=\"img-responsive\" alt=\"Keynote Presentation &#8211; Strategic Priorities of the Danish Presidency image\" src=\"https:\/\/euspaceforum.com\/2025\/wp-content\/uploads\/2022\/09\/Frederik-C.-Pedersen-WebsiteMailing-1-90x90.png\" \/>\r\n                                                                                                                    <\/div>\r\n                                                        <div class=\"vcenter tcode-es-artist-title-container\">\r\n                                                            <div class=\"tcode-es-artist-title\" style=\"color: ;\">\r\n                                                                Frederik C. Pedersen                                                            <\/div>\r\n                                                                                                                            <div class=\"artist-position\" style=\"color: ;\">\r\n                                                                    Space Counsellor, Denmark\u2019s Permanent Representation to the EU                                                                <\/div>\r\n                                                                                                                    <\/div>\r\n                                                                                                                                                                            <div class=\"vcenter\">\r\n                                                                                                                                    <a href=\"https:\/\/www.linkedin.com\/in\/frederik-carsten-pedersen-8777102\/\" target=\"_blank\" class=\"tcode-social-icon tcode-ico-linkedin\"><\/a>\r\n                                                                                                                            <\/div>\r\n                                                                                                            <\/div>\r\n                                                <\/div>\r\n                                                                                                                        <\/div>\r\n                                <\/div>\r\n                            <\/div>\r\n                        <\/div>\r\n                                                                                            <div style=\"background-color: #FFFFFF;\" class=\"row scheduled-event event-collapsed event-visible\" data-date=\"2025-07-03\" data-location=\"\">\r\n                            <div class=\"col-md-12\">\r\n                                <div class=\"row\">\r\n                                                                        <div class=\"col-md-2 vcenter \">\r\n                                                                                                                                    <div class=\"event-time text-center\" style=\"color: ;\">\r\n                                                    <span class=\"time-starts\">09:15<\/span>\r\n                                                                                                            - <span class=\"time-ends\">10:20<\/span>\r\n                                                                                                    <\/div>\r\n                                                                                                                        <\/div><div class=\"col-md-9 vcenter\">\r\n                                        <div class=\"row\">\r\n                                                                                        <div class=\"col-md-12 event-title\" style=\"color: ;\">Session 5: Bridging Space and Security: Policies, Partnerships, and Priorities<\/div>\r\n                                        <\/div>\r\n                                    <\/div><div class=\"col-md-1 vcenter\">\r\n                                        <div class=\"event-icon pull-right\">\r\n                                            <i class=\"tcode-ico-grot-down\" data-state=\"collapsed\" style=\"color: ;\"><\/i>\r\n                                        <\/div>\r\n                                    <\/div>\r\n                                <\/div>\r\n                                <div class=\"row event-excerpt\">\r\n                                    <div class=\"col-md-12\">\r\n                                        <div class=\"row event-content\">\r\n                                            <div class=\"col-md-8 col-md-offset-2\" style=\"color: ;\">\r\n                                                <p><span style=\"font-weight: 400;\">Amid ongoing geopolitical tensions, space is increasingly recognised as a critical component of broader security and defence strategies. In light of this, the EU Commission and Commissioner Andrius Kubilius have been active, calling to unify defence strategies, as well as announcing a number of initiatives and pilot schemes. These efforts develop the existing EU Space Strategy for Security and Defence (EUSSSD). This session examines Europe\u2019s evolving approach to space security, exploring the broader synergies between space policy, security and defence. Panellists will assess the challenges and opportunities involved in integrating and exploiting the various dual-use services available, and discuss how member states, European policymakers, and private stakeholders can come together to achieve strategic defence objectives, and utilise the power of space to strengthen its security framework.\u00a0<\/span><\/p>\n<p>&nbsp;<\/p>\n<ul>\n<li style=\"font-weight: 400;\" aria-level=\"1\"><span style=\"font-weight: 400;\">How has the EU Space Strategy for Security and Defence shaped Europe&#8217;s approach to security and defence, and what progress has been made since its launch?\u00a0<\/span><\/li>\n<li style=\"font-weight: 400;\" aria-level=\"1\"><span style=\"font-weight: 400;\">What does the future of European space, security, and defence look like, and what steps must be taken to build on existing frameworks to deliver the Commission and Member States\u2019 goals?\u00a0<\/span><\/li>\n<li style=\"font-weight: 400;\" aria-level=\"1\"><span style=\"font-weight: 400;\">What role should space-based defence capabilities play in European security and NATO operations? How can Europe develop a coordinated EU-wide military space strategy, balancing national interests with collective security goals?<\/span><\/li>\n<li style=\"font-weight: 400;\" aria-level=\"1\"><span style=\"font-weight: 400;\">How can Europe overcome budgetary constraints and fragmented funding to invest in critical space defence initiatives?\u00a0<\/span><\/li>\n<li style=\"font-weight: 400;\" aria-level=\"1\"><span style=\"font-weight: 400;\">How can Europe balance military objectives with international commitments to peaceful and sustainable use of space?\u00a0<\/span><\/li>\n<li style=\"font-weight: 400;\" aria-level=\"1\"><span style=\"font-weight: 400;\">How can Europe foster synergies between space, security, and defence? What lessons can be taken from strategies seen in other regions to integrate space into security and defence policies and what further coordination is necessary?\u00a0<\/span><\/li>\n<li style=\"font-weight: 400;\" aria-level=\"1\"><span style=\"font-weight: 400;\">Following the Commission\u2019s launch of two pilot schemes focused on advancing space domain awareness and Earth observation services, what is the future of European dual-use space capabilities? How do these initiatives enhance existing assets and optimise the use of space for security and defence objectives?<\/span><\/li>\n<\/ul>\n                                            <\/div>\r\n                                        <\/div>\r\n                                                                                                                                    <div class=\"row artist-row\" data-effect=\"mfp-zoom-in\">\r\n                                                    <div class=\"tcode-artist-popover hidden\">\r\n                                                        <div>\r\n                                                            <div class=\"row\">\r\n                                                                <div class=\"col-xs-12 col-sm-4\">\r\n                                                                    <div class=\"artist-image center-block\">\r\n                                                                                                                                                                                                                                <img decoding=\"async\" class=\"img-responsive center-block\" alt=\"Session 5: Bridging Space and Security: Policies, Partnerships, and Priorities image\" src=\"https:\/\/euspaceforum.com\/2025\/wp-content\/uploads\/2022\/09\/Zuzana-Mazanova-WebsiteMailing-120x120.png\" \/>\r\n                                                                                                                                            <\/div>\r\n                                                                                                                                                                                                                <div class=\"row artist-media text-center\">\r\n                                                                                                                                                            <a href=\"https:\/\/www.linkedin.com\/in\/zuzanamazanova\/\" target=\"_blank\" class=\"tcode-social-icon tcode-ico-linkedin\"><\/a>\r\n                                                                                                                                                    <\/div>\r\n                                                                                                                                    <\/div>\r\n                                                                <div class=\"col-xs-12 col-sm-8 artist-details-container\">\r\n                                                                    <div class=\"tcode-es-artist-title\">\r\n                                                                        <a href=\"#\">\r\n                                                                            Zuzana Mazanova                                                                        <\/a>\r\n                                                                    <\/div>\r\n                                                                                                                                            <div class=\"artist-position\">\r\n                                                                            Head of Unit, Space Single Market, DG DEFIS, European Commission                                                                        <\/div>\r\n                                                                                                                                        <div class=\"artist-content\">\r\n                                                                        <p>Bio to follow.<\/p>\n                                                                    <\/div>\r\n                                                                <\/div>\r\n                                                            <\/div>\r\n                                                        <\/div>\r\n                                                    <\/div>\r\n                                                    <div class=\"col-md-10 col-md-offset-2 tcode-es-artist-title-col vcenter\">\r\n                                                        <div class=\"vcenter artist-image\">\r\n                                                                                                                                                                                            <img decoding=\"async\" class=\"img-responsive\" alt=\"Session 5: Bridging Space and Security: Policies, Partnerships, and Priorities image\" src=\"https:\/\/euspaceforum.com\/2025\/wp-content\/uploads\/2022\/09\/Zuzana-Mazanova-WebsiteMailing-90x90.png\" \/>\r\n                                                                                                                    <\/div>\r\n                                                        <div class=\"vcenter tcode-es-artist-title-container\">\r\n                                                            <div class=\"tcode-es-artist-title\" style=\"color: ;\">\r\n                                                                Zuzana Mazanova                                                            <\/div>\r\n                                                                                                                            <div class=\"artist-position\" style=\"color: ;\">\r\n                                                                    Head of Unit, Space Single Market, DG DEFIS, European Commission                                                                <\/div>\r\n                                                                                                                    <\/div>\r\n                                                                                                                                                                            <div class=\"vcenter\">\r\n                                                                                                                                    <a href=\"https:\/\/www.linkedin.com\/in\/zuzanamazanova\/\" target=\"_blank\" class=\"tcode-social-icon tcode-ico-linkedin\"><\/a>\r\n                                                                                                                            <\/div>\r\n                                                                                                            <\/div>\r\n                                                <\/div>\r\n                                                                                            <div class=\"row artist-row\" data-effect=\"mfp-zoom-in\">\r\n                                                    <div class=\"tcode-artist-popover hidden\">\r\n                                                        <div>\r\n                                                            <div class=\"row\">\r\n                                                                <div class=\"col-xs-12 col-sm-4\">\r\n                                                                    <div class=\"artist-image center-block\">\r\n                                                                                                                                                                                                                                <img decoding=\"async\" class=\"img-responsive center-block\" alt=\"Session 5: Bridging Space and Security: Policies, Partnerships, and Priorities image\" src=\"https:\/\/euspaceforum.com\/2025\/wp-content\/uploads\/2022\/09\/Regina-Peldszus-WebsiteMailing-1-120x120.png\" \/>\r\n                                                                                                                                            <\/div>\r\n                                                                                                                                                                                                                <div class=\"row artist-media text-center\">\r\n                                                                                                                                                            <a href=\"https:\/\/www.linkedin.com\/in\/reginapeldszus\/\" target=\"_blank\" class=\"tcode-social-icon tcode-ico-linkedin\"><\/a>\r\n                                                                                                                                                    <\/div>\r\n                                                                                                                                    <\/div>\r\n                                                                <div class=\"col-xs-12 col-sm-8 artist-details-container\">\r\n                                                                    <div class=\"tcode-es-artist-title\">\r\n                                                                        <a href=\"#\">\r\n                                                                            Regina Peldszus                                                                        <\/a>\r\n                                                                    <\/div>\r\n                                                                                                                                            <div class=\"artist-position\">\r\n                                                                            Policy Officer, European External Action Service (EEAS)                                                                        <\/div>\r\n                                                                                                                                        <div class=\"artist-content\">\r\n                                                                        <p><span style=\"font-weight: 400;\">Dr Regina Peldszus is a specialist for space security with the European External Action Service, Security &amp; Defence Policy Directorate, where she has been serving on the team of the Special Envoy for Space since 2022. Her focus is on space threats, Space Situational Awareness, and Space Domain Awareness.<\/span><\/p>\n<p><span style=\"font-weight: 400;\">Prior to joining EEAS, Regina advised the German Ministry of Economic Affairs on space security, including civil-military cooperation for SSA and transatlantic wargaming. Until 2020, at the German Space Agency at DLR, she was the Co-Chair of EU Space Surveillance &amp; Tracking (EUSST), and oversaw horizon-scanning studies at the intersection of global sensor architectures and geopolitics. From 2013-2015 she was an Internal Research Fellow at the special studies division at ESA\u2019s space operations centre, analysing high reliability in mission control, and earlier contributed to technical studies at ESA\u2019s astronaut centre on special skills and future systems. She holds a PhD from Kingston University, London, with stints in Kiruna and Mountain View, with a focus on human systems integration and extreme environment analogues for unprecedented space mission scenarios.<\/span><\/p>\n<p><span style=\"font-weight: 400;\">Regina published on space foresight, resilience, and infrastructure from a complex systems perspective in, amongst others, the Handbook for Space Security, Journal of Space Safety Engineering, Palgrave Studies in the History of Science and Technology, New Scientist, and Wired UK. She is a Senior Member of the AIAA, and an affiliate of the IAF Space Security Committee. She occasionally reviews for Space Policy, and lectures including at the European Security &amp; Defence College. In 2024, she was an invited expert at the public hearing on space security strategy at the German Parliament\u2019s Defence Committee, and in 2025 joins the German Space Agency\u2019s inaugural programme board on space security. <\/span><\/p>\n                                                                    <\/div>\r\n                                                                <\/div>\r\n                                                            <\/div>\r\n                                                        <\/div>\r\n                                                    <\/div>\r\n                                                    <div class=\"col-md-10 col-md-offset-2 tcode-es-artist-title-col vcenter\">\r\n                                                        <div class=\"vcenter artist-image\">\r\n                                                                                                                                                                                            <img decoding=\"async\" class=\"img-responsive\" alt=\"Session 5: Bridging Space and Security: Policies, Partnerships, and Priorities image\" src=\"https:\/\/euspaceforum.com\/2025\/wp-content\/uploads\/2022\/09\/Regina-Peldszus-WebsiteMailing-1-90x90.png\" \/>\r\n                                                                                                                    <\/div>\r\n                                                        <div class=\"vcenter tcode-es-artist-title-container\">\r\n                                                            <div class=\"tcode-es-artist-title\" style=\"color: ;\">\r\n                                                                Regina Peldszus                                                            <\/div>\r\n                                                                                                                            <div class=\"artist-position\" style=\"color: ;\">\r\n                                                                    Policy Officer, European External Action Service (EEAS)                                                                <\/div>\r\n                                                                                                                    <\/div>\r\n                                                                                                                                                                            <div class=\"vcenter\">\r\n                                                                                                                                    <a href=\"https:\/\/www.linkedin.com\/in\/reginapeldszus\/\" target=\"_blank\" class=\"tcode-social-icon tcode-ico-linkedin\"><\/a>\r\n                                                                                                                            <\/div>\r\n                                                                                                            <\/div>\r\n                                                <\/div>\r\n                                                                                            <div class=\"row artist-row\" data-effect=\"mfp-zoom-in\">\r\n                                                    <div class=\"tcode-artist-popover hidden\">\r\n                                                        <div>\r\n                                                            <div class=\"row\">\r\n                                                                <div class=\"col-xs-12 col-sm-4\">\r\n                                                                    <div class=\"artist-image center-block\">\r\n                                                                                                                                                                                                                                <img decoding=\"async\" class=\"img-responsive center-block\" alt=\"Session 5: Bridging Space and Security: Policies, Partnerships, and Priorities image\" src=\"https:\/\/euspaceforum.com\/2025\/wp-content\/uploads\/2022\/09\/Florent-Mazurelle-WebsiteMailing-120x120.png\" \/>\r\n                                                                                                                                            <\/div>\r\n                                                                                                                                                                                                                <div class=\"row artist-media text-center\">\r\n                                                                                                                                                            <a href=\"https:\/\/www.linkedin.com\/in\/florent-mazurelle-66a2177\/\" target=\"_blank\" class=\"tcode-social-icon tcode-ico-linkedin\"><\/a>\r\n                                                                                                                                                    <\/div>\r\n                                                                                                                                    <\/div>\r\n                                                                <div class=\"col-xs-12 col-sm-8 artist-details-container\">\r\n                                                                    <div class=\"tcode-es-artist-title\">\r\n                                                                        <a href=\"#\">\r\n                                                                            Florent Mazurelle                                                                        <\/a>\r\n                                                                    <\/div>\r\n                                                                                                                                            <div class=\"artist-position\">\r\n                                                                            Principal Security Strategy Officer, ESA                                                                        <\/div>\r\n                                                                                                                                        <div class=\"artist-content\">\r\n                                                                        <p><span style=\"font-weight: 400;\">Two decades of experience in complex international relations analysis and European policy making, with specific emphasis on European affairs and the defence sector, through contributions as both legal and policy officer for the European Space Agency, European Defence Agency and European Commission.<\/span><\/p>\n<p><span style=\"font-weight: 400;\">This experience reinforces an academic background in public international law and international relations (Paris 10 Nanterre and American University\u2019s Washington College of Law).<\/span><\/p>\n<p><i><span style=\"font-weight: 400;\">Current position<\/span><\/i><span style=\"font-weight: 400;\">: Principal Security Strategy Officer, Director General&#8217;s Cabinet, European Space Agency.<\/span><\/p>\n<p><i><span style=\"font-weight: 400;\">Specialties<\/span><\/i><span style=\"font-weight: 400;\">: Policy making, security strategy, governance, international relations and negotiations, legal analysis (international and European law).<\/span><\/p>\n<p><span style=\"font-weight: 400;\">Positions<\/span><\/p>\n<ul>\n<li style=\"font-weight: 400;\" aria-level=\"1\"><i><span style=\"font-weight: 400;\">European Space Agencies: 2001-03, 2008-13, 2017-25<\/span><\/i><\/li>\n<\/ul>\n<ul>\n<li style=\"font-weight: 400;\" aria-level=\"1\"><i><span style=\"font-weight: 400;\">European Defence Agency: 2013-2017<\/span><\/i><\/li>\n<\/ul>\n<ul>\n<li style=\"font-weight: 400;\" aria-level=\"1\"><i><span style=\"font-weight: 400;\">European Commission: 2003-2008<\/span><\/i><\/li>\n<\/ul>\n<p>&nbsp;<\/p>\n                                                                    <\/div>\r\n                                                                <\/div>\r\n                                                            <\/div>\r\n                                                        <\/div>\r\n                                                    <\/div>\r\n                                                    <div class=\"col-md-10 col-md-offset-2 tcode-es-artist-title-col vcenter\">\r\n                                                        <div class=\"vcenter artist-image\">\r\n                                                                                                                                                                                            <img decoding=\"async\" class=\"img-responsive\" alt=\"Session 5: Bridging Space and Security: Policies, Partnerships, and Priorities image\" src=\"https:\/\/euspaceforum.com\/2025\/wp-content\/uploads\/2022\/09\/Florent-Mazurelle-WebsiteMailing-90x90.png\" \/>\r\n                                                                                                                    <\/div>\r\n                                                        <div class=\"vcenter tcode-es-artist-title-container\">\r\n                                                            <div class=\"tcode-es-artist-title\" style=\"color: ;\">\r\n                                                                Florent Mazurelle                                                            <\/div>\r\n                                                                                                                            <div class=\"artist-position\" style=\"color: ;\">\r\n                                                                    Principal Security Strategy Officer, ESA                                                                <\/div>\r\n                                                                                                                    <\/div>\r\n                                                                                                                                                                            <div class=\"vcenter\">\r\n                                                                                                                                    <a href=\"https:\/\/www.linkedin.com\/in\/florent-mazurelle-66a2177\/\" target=\"_blank\" class=\"tcode-social-icon tcode-ico-linkedin\"><\/a>\r\n                                                                                                                            <\/div>\r\n                                                                                                            <\/div>\r\n                                                <\/div>\r\n                                                                                            <div class=\"row artist-row\" data-effect=\"mfp-zoom-in\">\r\n                                                    <div class=\"tcode-artist-popover hidden\">\r\n                                                        <div>\r\n                                                            <div class=\"row\">\r\n                                                                <div class=\"col-xs-12 col-sm-4\">\r\n                                                                    <div class=\"artist-image center-block\">\r\n                                                                                                                                                                                                                                <img decoding=\"async\" class=\"img-responsive center-block\" alt=\"Session 5: Bridging Space and Security: Policies, Partnerships, and Priorities image\" src=\"https:\/\/euspaceforum.com\/2025\/wp-content\/uploads\/2025\/05\/Stefano-Vaccaro-Website-120x120.png\" \/>\r\n                                                                                                                                            <\/div>\r\n                                                                                                                                                                                                                <div class=\"row artist-media text-center\">\r\n                                                                                                                                                            <a href=\"https:\/\/www.linkedin.com\/in\/stefano-vaccaro-23269b\/\" target=\"_blank\" class=\"tcode-social-icon tcode-ico-linkedin\"><\/a>\r\n                                                                                                                                                    <\/div>\r\n                                                                                                                                    <\/div>\r\n                                                                <div class=\"col-xs-12 col-sm-8 artist-details-container\">\r\n                                                                    <div class=\"tcode-es-artist-title\">\r\n                                                                        <a href=\"#\">\r\n                                                                            Stefano Vaccaro                                                                        <\/a>\r\n                                                                    <\/div>\r\n                                                                                                                                            <div class=\"artist-position\">\r\n                                                                            Managing Director, Viasat Commercial Networks Europe, Viasat                                                                        <\/div>\r\n                                                                                                                                        <div class=\"artist-content\">\r\n                                                                        <p><span style=\"font-weight: 400;\">Dr. Stefano Vaccaro is the Managing Director of Global Space Networks Europe at Viasat. Amongst his responsibilities, there is the Ground Segment and Terminals development including optical technology.<\/span><\/p>\n<p><span style=\"font-weight: 400;\">Enabling business strategies with technology innovation has been at the core of Stafano\u2019s 25 years career in the satellite industry. This has been applied to various areas of expertise spanning from Satellite Terminals, RF Systems, Phased arrays, Optical Technology and Satellite Ground Infrastructure. Stefano Vaccaro holds a M.Sc. and a Ph. D. degree in electrical engineering from Ecole Polytechnique F\u00e9d\u00e9rale de Lausanne.<\/span><\/p>\n                                                                    <\/div>\r\n                                                                <\/div>\r\n                                                            <\/div>\r\n                                                        <\/div>\r\n                                                    <\/div>\r\n                                                    <div class=\"col-md-10 col-md-offset-2 tcode-es-artist-title-col vcenter\">\r\n                                                        <div class=\"vcenter artist-image\">\r\n                                                                                                                                                                                            <img decoding=\"async\" class=\"img-responsive\" alt=\"Session 5: Bridging Space and Security: Policies, Partnerships, and Priorities image\" src=\"https:\/\/euspaceforum.com\/2025\/wp-content\/uploads\/2025\/05\/Stefano-Vaccaro-Website-90x90.png\" \/>\r\n                                                                                                                    <\/div>\r\n                                                        <div class=\"vcenter tcode-es-artist-title-container\">\r\n                                                            <div class=\"tcode-es-artist-title\" style=\"color: ;\">\r\n                                                                Stefano Vaccaro                                                            <\/div>\r\n                                                                                                                            <div class=\"artist-position\" style=\"color: ;\">\r\n                                                                    Managing Director, Viasat Commercial Networks Europe, Viasat                                                                <\/div>\r\n                                                                                                                    <\/div>\r\n                                                                                                                                                                            <div class=\"vcenter\">\r\n                                                                                                                                    <a href=\"https:\/\/www.linkedin.com\/in\/stefano-vaccaro-23269b\/\" target=\"_blank\" class=\"tcode-social-icon tcode-ico-linkedin\"><\/a>\r\n                                                                                                                            <\/div>\r\n                                                                                                            <\/div>\r\n                                                <\/div>\r\n                                                                                            <div class=\"row artist-row\" data-effect=\"mfp-zoom-in\">\r\n                                                    <div class=\"tcode-artist-popover hidden\">\r\n                                                        <div>\r\n                                                            <div class=\"row\">\r\n                                                                <div class=\"col-xs-12 col-sm-4\">\r\n                                                                    <div class=\"artist-image center-block\">\r\n                                                                                                                                                                                                                                <img decoding=\"async\" class=\"img-responsive center-block\" alt=\"Session 5: Bridging Space and Security: Policies, Partnerships, and Priorities image\" src=\"https:\/\/euspaceforum.com\/2025\/wp-content\/uploads\/2022\/09\/Pierre-Alain-Bosc-WebsiteMailing-120x120.png\" \/>\r\n                                                                                                                                            <\/div>\r\n                                                                                                                                                                                                                <div class=\"row artist-media text-center\">\r\n                                                                                                                                                            <a href=\"https:\/\/www.linkedin.com\/in\/pierre-alain-bosc-6970a6223\/\" target=\"_blank\" class=\"tcode-social-icon tcode-ico-linkedin\"><\/a>\r\n                                                                                                                                                    <\/div>\r\n                                                                                                                                    <\/div>\r\n                                                                <div class=\"col-xs-12 col-sm-8 artist-details-container\">\r\n                                                                    <div class=\"tcode-es-artist-title\">\r\n                                                                        <a href=\"#\">\r\n                                                                            Pierre-Alain Bosc                                                                        <\/a>\r\n                                                                    <\/div>\r\n                                                                                                                                            <div class=\"artist-position\">\r\n                                                                            Regional Head of Sales for the GeoIntelligence Program Line, Airbus Defence and Space                                                                        <\/div>\r\n                                                                                                                                        <div class=\"artist-content\">\r\n                                                                        <p><span style=\"font-weight: 400;\">After attending the Ecole Nationale des Sciences G\u00e9ographiques, the School of Management d\u2019Aix Marseille Universit\u00e9 and the French Air Force Academy, Pierre-Alain Bosc started his career in the French Military as a combat pilot for the French Air Force. A few years later, he was nominated as \u201cHead of Studies and Assessment\u201d and then \u201cArmement project officer for General Staff\u201d for the French MoD. In total, Pierre-Alain Bosc dedicated 25 years of his life to serve in the French Military.<\/span><\/p>\n<p><span style=\"font-weight: 400;\">He finally joined Astrium and hold several positions, including CEO of Spot Infoterra Hellas SAS, a subsidiary of Astrium in Greece. He, then, became French Defence Key Account Manager for Airbus DS Geo Intelligence and is now the Regional Head of Sales for the program line GeoIntelligence at Airbus Defence and Space.<\/span><\/p>\n<p><span style=\"font-weight: 400;\">In addition of his career in the military and industry, Pierre-Alain served as a director of EARSC from 2018 to 2022, and is currently Chairman of the ENSG Geomatic Foundation.\u00a0<\/span><\/p>\n                                                                    <\/div>\r\n                                                                <\/div>\r\n                                                            <\/div>\r\n                                                        <\/div>\r\n                                                    <\/div>\r\n                                                    <div class=\"col-md-10 col-md-offset-2 tcode-es-artist-title-col vcenter\">\r\n                                                        <div class=\"vcenter artist-image\">\r\n                                                                                                                                                                                            <img decoding=\"async\" class=\"img-responsive\" alt=\"Session 5: Bridging Space and Security: Policies, Partnerships, and Priorities image\" src=\"https:\/\/euspaceforum.com\/2025\/wp-content\/uploads\/2022\/09\/Pierre-Alain-Bosc-WebsiteMailing-90x90.png\" \/>\r\n                                                                                                                    <\/div>\r\n                                                        <div class=\"vcenter tcode-es-artist-title-container\">\r\n                                                            <div class=\"tcode-es-artist-title\" style=\"color: ;\">\r\n                                                                Pierre-Alain Bosc                                                            <\/div>\r\n                                                                                                                            <div class=\"artist-position\" style=\"color: ;\">\r\n                                                                    Regional Head of Sales for the GeoIntelligence Program Line, Airbus Defence and Space                                                                <\/div>\r\n                                                                                                                    <\/div>\r\n                                                                                                                                                                            <div class=\"vcenter\">\r\n                                                                                                                                    <a href=\"https:\/\/www.linkedin.com\/in\/pierre-alain-bosc-6970a6223\/\" target=\"_blank\" class=\"tcode-social-icon tcode-ico-linkedin\"><\/a>\r\n                                                                                                                            <\/div>\r\n                                                                                                            <\/div>\r\n                                                <\/div>\r\n                                                                                            <div class=\"row artist-row\" data-effect=\"mfp-zoom-in\">\r\n                                                    <div class=\"tcode-artist-popover hidden\">\r\n                                                        <div>\r\n                                                            <div class=\"row\">\r\n                                                                <div class=\"col-xs-12 col-sm-4\">\r\n                                                                    <div class=\"artist-image center-block\">\r\n                                                                                                                                                                                                                                <img decoding=\"async\" class=\"img-responsive center-block\" alt=\"Session 5: Bridging Space and Security: Policies, Partnerships, and Priorities image\" src=\"https:\/\/euspaceforum.com\/2025\/wp-content\/uploads\/2022\/09\/Henri-van-Soest-WebsiteMailing-120x120.png\" \/>\r\n                                                                                                                                            <\/div>\r\n                                                                                                                                                                                                                <div class=\"row artist-media text-center\">\r\n                                                                                                                                                            <a href=\"https:\/\/www.linkedin.com\/in\/henri-vs-ab714b61\/\" target=\"_blank\" class=\"tcode-social-icon tcode-ico-linkedin\"><\/a>\r\n                                                                                                                                                    <\/div>\r\n                                                                                                                                    <\/div>\r\n                                                                <div class=\"col-xs-12 col-sm-8 artist-details-container\">\r\n                                                                    <div class=\"tcode-es-artist-title\">\r\n                                                                        <a href=\"#\">\r\n                                                                            Moderated by: Henri van Soest                                                                        <\/a>\r\n                                                                    <\/div>\r\n                                                                                                                                            <div class=\"artist-position\">\r\n                                                                            Senior Analyst, RAND Europe                                                                        <\/div>\r\n                                                                                                                                        <div class=\"artist-content\">\r\n                                                                        <p><span style=\"font-weight: 400;\">Henri van Soest is a senior analyst at RAND Europe and a professor of policy analysis at the RAND School of Public Policy. He focuses on energy and natural resources governance and AI governance. He has also worked on space, cybersecurity, economic security, critical infrastructure protection, and societal resilience. At RAND, he has managed studies involving global teams for a wide range of clients including the European Union, the UK government, and the Dutch government. Van Soest previously worked as a researcher in energy policy and digitalisation at the University of Oslo, as an analyst in the cleantech startup sector, and as a corporate governance and corporate social responsibility analyst in a multinational bank. He completed his Ph.D. at the University of Cambridge, with a thesis on the regulation of cybersecurity in the European electricity system. He also holds a joint LL.M. from KU Leuven in Belgium and the University of Zurich.<\/span><\/p>\n                                                                    <\/div>\r\n                                                                <\/div>\r\n                                                            <\/div>\r\n                                                        <\/div>\r\n                                                    <\/div>\r\n                                                    <div class=\"col-md-10 col-md-offset-2 tcode-es-artist-title-col vcenter\">\r\n                                                        <div class=\"vcenter artist-image\">\r\n                                                                                                                                                                                            <img decoding=\"async\" class=\"img-responsive\" alt=\"Session 5: Bridging Space and Security: Policies, Partnerships, and Priorities image\" src=\"https:\/\/euspaceforum.com\/2025\/wp-content\/uploads\/2022\/09\/Henri-van-Soest-WebsiteMailing-90x90.png\" \/>\r\n                                                                                                                    <\/div>\r\n                                                        <div class=\"vcenter tcode-es-artist-title-container\">\r\n                                                            <div class=\"tcode-es-artist-title\" style=\"color: ;\">\r\n                                                                Moderated by: Henri van Soest                                                            <\/div>\r\n                                                                                                                            <div class=\"artist-position\" style=\"color: ;\">\r\n                                                                    Senior Analyst, RAND Europe                                                                <\/div>\r\n                                                                                                                    <\/div>\r\n                                                                                                                                                                            <div class=\"vcenter\">\r\n                                                                                                                                    <a href=\"https:\/\/www.linkedin.com\/in\/henri-vs-ab714b61\/\" target=\"_blank\" class=\"tcode-social-icon tcode-ico-linkedin\"><\/a>\r\n                                                                                                                            <\/div>\r\n                                                                                                            <\/div>\r\n                                                <\/div>\r\n                                                                                                                        <\/div>\r\n                                <\/div>\r\n                            <\/div>\r\n                        <\/div>\r\n                                                                                            <div style=\"background-color: #FFFFFF;\" class=\"row scheduled-event event-collapsed event-visible hideExcerpt\" data-date=\"2025-07-03\" data-location=\"\">\r\n                            <div class=\"col-md-12\">\r\n                                <div class=\"row\">\r\n                                                                        <div class=\"col-md-2 vcenter \">\r\n                                                                                                                                    <div class=\"event-time text-center\" style=\"color: ;\">\r\n                                                    <span class=\"time-starts\">10:20<\/span>\r\n                                                                                                            - <span class=\"time-ends\">10:45<\/span>\r\n                                                                                                    <\/div>\r\n                                                                                                                        <\/div><div class=\"col-md-9 vcenter\">\r\n                                        <div class=\"row\">\r\n                                                                                        <div class=\"col-md-12 event-title\" style=\"color: ;\">Refreshment Break<\/div>\r\n                                        <\/div>\r\n                                    <\/div><div class=\"col-md-1 vcenter\">\r\n                                        <div class=\"event-icon pull-right\">\r\n                                            <i class=\"tcode-ico-grot-down\" data-state=\"collapsed\" style=\"color: ;\"><\/i>\r\n                                        <\/div>\r\n                                    <\/div>\r\n                                <\/div>\r\n                                <div class=\"row event-excerpt\">\r\n                                    <div class=\"col-md-12\">\r\n                                        <div class=\"row event-content\">\r\n                                            <div class=\"col-md-8 col-md-offset-2\" style=\"color: ;\">\r\n                                                                                            <\/div>\r\n                                        <\/div>\r\n                                                                            <\/div>\r\n                                <\/div>\r\n                            <\/div>\r\n                        <\/div>\r\n                                                                                            <div style=\"background-color: #FFFFFF;\" class=\"row scheduled-event event-collapsed event-visible\" data-date=\"2025-07-03\" data-location=\"\">\r\n                            <div class=\"col-md-12\">\r\n                                <div class=\"row\">\r\n                                                                        <div class=\"col-md-2 vcenter \">\r\n                                                                                                                                    <div class=\"event-time text-center\" style=\"color: ;\">\r\n                                                    <span class=\"time-starts\">10:45<\/span>\r\n                                                                                                            - <span class=\"time-ends\">11:45<\/span>\r\n                                                                                                    <\/div>\r\n                                                                                                                        <\/div><div class=\"col-md-9 vcenter\">\r\n                                        <div class=\"row\">\r\n                                                                                        <div class=\"col-md-12 event-title\" style=\"color: ;\">Session 6: Delivering Autonomy: Ensuring Europe\u2019s Independent Space Capabilities<\/div>\r\n                                        <\/div>\r\n                                    <\/div><div class=\"col-md-1 vcenter\">\r\n                                        <div class=\"event-icon pull-right\">\r\n                                            <i class=\"tcode-ico-grot-down\" data-state=\"collapsed\" style=\"color: ;\"><\/i>\r\n                                        <\/div>\r\n                                    <\/div>\r\n                                <\/div>\r\n                                <div class=\"row event-excerpt\">\r\n                                    <div class=\"col-md-12\">\r\n                                        <div class=\"row event-content\">\r\n                                            <div class=\"col-md-8 col-md-offset-2\" style=\"color: ;\">\r\n                                                <p><span style=\"font-weight: 400;\">Significant challenges still hinder Europe\u2019s pursuit of strategic space autonomy. Delays to the next generation of European launcher, the decline of European markets, a fragmented supply chain, and the rise of emerging players &#8211; issues that have underscored the urgent need for transformative progress &#8211; have seen ambitious responses across the sector. This session will explore these, continuing discussions evaluating the roadmap to an autonomous future. Panelists will reflect on lessons learned and evaluate how industry collaboration, targeted investments, and evolving policies can shape a sustainable and independent European space ecosystem. Stakeholders will consider the additional action required, and how the potential for start-ups and SMEs, aligned with fresh R&amp;D and a new wave of innovation, can help ensure the successful development, launch, and operation of space missions.<\/span><\/p>\n<p>&nbsp;<\/p>\n<ul>\n<li style=\"font-weight: 400;\" aria-level=\"1\"><span style=\"font-weight: 400;\">How are stakeholders navigating the current landscape to ensure an autonomous access to space? What initiatives and investments should be prioritised, and what broad steps are necessary to guarantee efficiency and resilience on the road to autonomy?<\/span><span style=\"font-weight: 400;\"><br \/>\n<\/span><\/li>\n<li style=\"font-weight: 400;\" aria-level=\"1\"><span style=\"font-weight: 400;\">How can the EU, ESA, and national space agencies enhance collaboration to streamline decision-making, align public and private sector goals, and address market fragmentation to guarantee an autonomous access to space?\u00a0<\/span><\/li>\n<li style=\"font-weight: 400;\" aria-level=\"1\"><span style=\"font-weight: 400;\">How can Europe build a robust and diversified supply chain for access to space, support domestic manufacturing to mitigate geopolitical vulnerabilities, and align stakeholder efforts to create a sustainable and integrated space ecosystem?<\/span><\/li>\n<li style=\"font-weight: 400;\" aria-level=\"1\"><span style=\"font-weight: 400;\">What role should public investment, procurement strategies (e.g., &#8220;buy European, buy bulk&#8221;), and industry partnerships play in achieving this goal?<\/span><\/li>\n<li style=\"font-weight: 400;\" aria-level=\"1\"><span style=\"font-weight: 400;\">Considering capability, innovation, and market targets, how can Europe develop a long-term vision for assured access to space?<\/span><\/li>\n<li style=\"font-weight: 400;\" aria-level=\"1\">What role can new players, SMEs, and start-ups play in building an autonomous future for Europe? Should more be done to incentivise the entrance of new players to the industry?<\/li>\n<\/ul>\n                                            <\/div>\r\n                                        <\/div>\r\n                                                                                                                                    <div class=\"row artist-row\" data-effect=\"mfp-zoom-in\">\r\n                                                    <div class=\"tcode-artist-popover hidden\">\r\n                                                        <div>\r\n                                                            <div class=\"row\">\r\n                                                                <div class=\"col-xs-12 col-sm-4\">\r\n                                                                    <div class=\"artist-image center-block\">\r\n                                                                                                                                                                                                                                <img decoding=\"async\" class=\"img-responsive center-block\" alt=\"Session 6: Delivering Autonomy: Ensuring Europe\u2019s Independent Space Capabilities image\" src=\"https:\/\/euspaceforum.com\/2025\/wp-content\/uploads\/2022\/09\/Isabella-Poldrugo-website-120x120.png\" \/>\r\n                                                                                                                                            <\/div>\r\n                                                                                                                                                                                                                <div class=\"row artist-media text-center\">\r\n                                                                                                                                                            <a href=\"https:\/\/www.linkedin.com\/in\/isabella-poldrugo-2083213\/\" target=\"_blank\" class=\"tcode-social-icon tcode-ico-linkedin\"><\/a>\r\n                                                                                                                                                    <\/div>\r\n                                                                                                                                    <\/div>\r\n                                                                <div class=\"col-xs-12 col-sm-8 artist-details-container\">\r\n                                                                    <div class=\"tcode-es-artist-title\">\r\n                                                                        <a href=\"#\">\r\n                                                                            Isabella Poldrugo                                                                        <\/a>\r\n                                                                    <\/div>\r\n                                                                                                                                            <div class=\"artist-position\">\r\n                                                                            Acting Head of Unit, Space Policy, DG DEFIS, European Commission                                                                        <\/div>\r\n                                                                                                                                        <div class=\"artist-content\">\r\n                                                                        <p><span style=\"font-weight: 400;\">Isabella Poldrugo is Acting Head of Unit the European Commission &#8211; Directorate-General for Defence Industry and Space (DEFIS), responsible for EU Space Policy.\u00a0 Objective of the unit is to design and ensure a coherent and overarching EU Space policy, including regulatory aspects and to foster an innovative and globally competitive EU Space ecosystem.<\/span><\/p>\n<p><span style=\"font-weight: 400;\">Isabella joined the Commission in 2019, where she worked as policy officer in the Unit dealing with space policy in the Directorate-General for Defence Industry and Space (DG DEFIS).<\/span><\/p>\n<p><span style=\"font-weight: 400;\">Before, she spent ten years in the European Parliament as policy advisor to Members of the European Parliament, dealing with dossiers on energy, industry and trade. She served also as policy advisor to the Italian Minister of Defence and to the Undersecretary of State for Defence.<\/span><\/p>\n                                                                    <\/div>\r\n                                                                <\/div>\r\n                                                            <\/div>\r\n                                                        <\/div>\r\n                                                    <\/div>\r\n                                                    <div class=\"col-md-10 col-md-offset-2 tcode-es-artist-title-col vcenter\">\r\n                                                        <div class=\"vcenter artist-image\">\r\n                                                                                                                                                                                            <img decoding=\"async\" class=\"img-responsive\" alt=\"Session 6: Delivering Autonomy: Ensuring Europe\u2019s Independent Space Capabilities image\" src=\"https:\/\/euspaceforum.com\/2025\/wp-content\/uploads\/2022\/09\/Isabella-Poldrugo-website-90x90.png\" \/>\r\n                                                                                                                    <\/div>\r\n                                                        <div class=\"vcenter tcode-es-artist-title-container\">\r\n                                                            <div class=\"tcode-es-artist-title\" style=\"color: ;\">\r\n                                                                Isabella Poldrugo                                                            <\/div>\r\n                                                                                                                            <div class=\"artist-position\" style=\"color: ;\">\r\n                                                                    Acting Head of Unit, Space Policy, DG DEFIS, European Commission                                                                <\/div>\r\n                                                                                                                    <\/div>\r\n                                                                                                                                                                            <div class=\"vcenter\">\r\n                                                                                                                                    <a href=\"https:\/\/www.linkedin.com\/in\/isabella-poldrugo-2083213\/\" target=\"_blank\" class=\"tcode-social-icon tcode-ico-linkedin\"><\/a>\r\n                                                                                                                            <\/div>\r\n                                                                                                            <\/div>\r\n                                                <\/div>\r\n                                                                                            <div class=\"row artist-row\" data-effect=\"mfp-zoom-in\">\r\n                                                    <div class=\"tcode-artist-popover hidden\">\r\n                                                        <div>\r\n                                                            <div class=\"row\">\r\n                                                                <div class=\"col-xs-12 col-sm-4\">\r\n                                                                    <div class=\"artist-image center-block\">\r\n                                                                                                                                                                                                                                <img decoding=\"async\" class=\"img-responsive center-block\" alt=\"Session 6: Delivering Autonomy: Ensuring Europe\u2019s Independent Space Capabilities image\" src=\"https:\/\/euspaceforum.com\/2025\/wp-content\/uploads\/2022\/09\/William-Smith-WebsiteMailing-120x120.png\" \/>\r\n                                                                                                                                            <\/div>\r\n                                                                                                                                                                                                                <div class=\"row artist-media text-center\">\r\n                                                                                                                                                            <a href=\"https:\/\/www.linkedin.com\/in\/whatwilldid\/\" target=\"_blank\" class=\"tcode-social-icon tcode-ico-linkedin\"><\/a>\r\n                                                                                                                                                    <\/div>\r\n                                                                                                                                    <\/div>\r\n                                                                <div class=\"col-xs-12 col-sm-8 artist-details-container\">\r\n                                                                    <div class=\"tcode-es-artist-title\">\r\n                                                                        <a href=\"#\">\r\n                                                                            William Smith                                                                        <\/a>\r\n                                                                    <\/div>\r\n                                                                                                                                            <div class=\"artist-position\">\r\n                                                                            International Negotiation & Future Partnerships Manager, Space Directorate, United Kingdom                                                                        <\/div>\r\n                                                                                                                                        <div class=\"artist-content\">\r\n                                                                        <p>Bio to follow.<\/p>\n                                                                    <\/div>\r\n                                                                <\/div>\r\n                                                            <\/div>\r\n                                                        <\/div>\r\n                                                    <\/div>\r\n                                                    <div class=\"col-md-10 col-md-offset-2 tcode-es-artist-title-col vcenter\">\r\n                                                        <div class=\"vcenter artist-image\">\r\n                                                                                                                                                                                            <img decoding=\"async\" class=\"img-responsive\" alt=\"Session 6: Delivering Autonomy: Ensuring Europe\u2019s Independent Space Capabilities image\" src=\"https:\/\/euspaceforum.com\/2025\/wp-content\/uploads\/2022\/09\/William-Smith-WebsiteMailing-90x90.png\" \/>\r\n                                                                                                                    <\/div>\r\n                                                        <div class=\"vcenter tcode-es-artist-title-container\">\r\n                                                            <div class=\"tcode-es-artist-title\" style=\"color: ;\">\r\n                                                                William Smith                                                            <\/div>\r\n                                                                                                                            <div class=\"artist-position\" style=\"color: ;\">\r\n                                                                    International Negotiation & Future Partnerships Manager, Space Directorate, United Kingdom                                                                <\/div>\r\n                                                                                                                    <\/div>\r\n                                                                                                                                                                            <div class=\"vcenter\">\r\n                                                                                                                                    <a href=\"https:\/\/www.linkedin.com\/in\/whatwilldid\/\" target=\"_blank\" class=\"tcode-social-icon tcode-ico-linkedin\"><\/a>\r\n                                                                                                                            <\/div>\r\n                                                                                                            <\/div>\r\n                                                <\/div>\r\n                                                                                            <div class=\"row artist-row\" data-effect=\"mfp-zoom-in\">\r\n                                                    <div class=\"tcode-artist-popover hidden\">\r\n                                                        <div>\r\n                                                            <div class=\"row\">\r\n                                                                <div class=\"col-xs-12 col-sm-4\">\r\n                                                                    <div class=\"artist-image center-block\">\r\n                                                                                                                                                                                                                                <img decoding=\"async\" class=\"img-responsive center-block\" alt=\"Session 6: Delivering Autonomy: Ensuring Europe\u2019s Independent Space Capabilities image\" src=\"https:\/\/euspaceforum.com\/2025\/wp-content\/uploads\/2025\/05\/Christian-Hesmann-Website-120x120.png\" \/>\r\n                                                                                                                                            <\/div>\r\n                                                                                                                                                                                                                <div class=\"row artist-media text-center\">\r\n                                                                                                                                                            <a href=\"https:\/\/www.linkedin.com\/in\/christian-hessmann\/\" target=\"_blank\" class=\"tcode-social-icon tcode-ico-linkedin\"><\/a>\r\n                                                                                                                                                    <\/div>\r\n                                                                                                                                    <\/div>\r\n                                                                <div class=\"col-xs-12 col-sm-8 artist-details-container\">\r\n                                                                    <div class=\"tcode-es-artist-title\">\r\n                                                                        <a href=\"#\">\r\n                                                                            Christian He\u00dfmann                                                                        <\/a>\r\n                                                                    <\/div>\r\n                                                                                                                                            <div class=\"artist-position\">\r\n                                                                            Galileo Project Lead, DLR GfR                                                                        <\/div>\r\n                                                                                                                                        <div class=\"artist-content\">\r\n                                                                        <p><span style=\"font-weight: 400;\">Christian He\u00dfmann is Project Lead for GSOp at DLR GfR, where he oversees operations and service delivery from the Galileo Control Centre Germany in Oberpfaffenhofen, along with global L2\/L3 maintenance of the Galileo Ground Infrastructure.<\/span><\/p>\n<p><span style=\"font-weight: 400;\">With over 20 years of experience in the Galileo Programme, he began as a TeleOp representative in the Galileo Concessionaire (2005\u20132007), later supporting the deployment of the first generation Ground Control Segment for Airbus UK. Since 2012, he has held key roles at DLR GfR and Spaceopal, including IT Manager, GSOp Bid Team member, and Engineering &amp; Evolution Manager at GSOp Prime level. He has been leading GSOp at DLR GfR since 2020.<\/span><\/p>\n<p><span style=\"font-weight: 400;\">Christian holds a Diploma in Computer Science from the Technical University of Munich.<\/span><\/p>\n                                                                    <\/div>\r\n                                                                <\/div>\r\n                                                            <\/div>\r\n                                                        <\/div>\r\n                                                    <\/div>\r\n                                                    <div class=\"col-md-10 col-md-offset-2 tcode-es-artist-title-col vcenter\">\r\n                                                        <div class=\"vcenter artist-image\">\r\n                                                                                                                                                                                            <img decoding=\"async\" class=\"img-responsive\" alt=\"Session 6: Delivering Autonomy: Ensuring Europe\u2019s Independent Space Capabilities image\" src=\"https:\/\/euspaceforum.com\/2025\/wp-content\/uploads\/2025\/05\/Christian-Hesmann-Website-90x90.png\" \/>\r\n                                                                                                                    <\/div>\r\n                                                        <div class=\"vcenter tcode-es-artist-title-container\">\r\n                                                            <div class=\"tcode-es-artist-title\" style=\"color: ;\">\r\n                                                                Christian He\u00dfmann                                                            <\/div>\r\n                                                                                                                            <div class=\"artist-position\" style=\"color: ;\">\r\n                                                                    Galileo Project Lead, DLR GfR                                                                <\/div>\r\n                                                                                                                    <\/div>\r\n                                                                                                                                                                            <div class=\"vcenter\">\r\n                                                                                                                                    <a href=\"https:\/\/www.linkedin.com\/in\/christian-hessmann\/\" target=\"_blank\" class=\"tcode-social-icon tcode-ico-linkedin\"><\/a>\r\n                                                                                                                            <\/div>\r\n                                                                                                            <\/div>\r\n                                                <\/div>\r\n                                                                                            <div class=\"row artist-row\" data-effect=\"mfp-zoom-in\">\r\n                                                    <div class=\"tcode-artist-popover hidden\">\r\n                                                        <div>\r\n                                                            <div class=\"row\">\r\n                                                                <div class=\"col-xs-12 col-sm-4\">\r\n                                                                    <div class=\"artist-image center-block\">\r\n                                                                                                                                                                                                                                <img decoding=\"async\" class=\"img-responsive center-block\" alt=\"Session 6: Delivering Autonomy: Ensuring Europe\u2019s Independent Space Capabilities image\" src=\"https:\/\/euspaceforum.com\/2025\/wp-content\/uploads\/2022\/09\/Christine-Leurquin-website-1-120x120.png\" \/>\r\n                                                                                                                                            <\/div>\r\n                                                                                                                                                                                                                <div class=\"row artist-media text-center\">\r\n                                                                                                                                                            <a href=\"https:\/\/www.linkedin.com\/in\/christine-leurquin-4700322\/\" target=\"_blank\" class=\"tcode-social-icon tcode-ico-linkedin\"><\/a>\r\n                                                                                                                                                    <\/div>\r\n                                                                                                                                    <\/div>\r\n                                                                <div class=\"col-xs-12 col-sm-8 artist-details-container\">\r\n                                                                    <div class=\"tcode-es-artist-title\">\r\n                                                                        <a href=\"#\">\r\n                                                                            Christine Leurquin                                                                        <\/a>\r\n                                                                    <\/div>\r\n                                                                                                                                            <div class=\"artist-position\">\r\n                                                                            Director of European & Public Affairs & CEO, Aldoria Belgium                                                                        <\/div>\r\n                                                                                                                                        <div class=\"artist-content\">\r\n                                                                        <p><span style=\"font-weight: 400;\">Christine Leurquin is a successful, result-driven public affairs and business development professional, with extensive experience in both public and private sector. She has a proven track-record of effective advocacy in the field of European Space and Defence Public strategies, Cybersecurity directives, SSA\/SDA, 5G\/6G, Space Policy, Quantum, Government Satcom, ESA projects, and has worked relentlessly to improve digitalization of Africa. She has a valued-based approach to Public Affairs: inspiring trust, leading with the head and the heart, acting like an owner and with integrity.<\/span><\/p>\n<p><span style=\"font-weight: 400;\">Since February 2025, she is the CEO of ALDORIA Belgique a subsidiary of French-based ALDORIA for which she works as Senior Director, European &amp; Public Affairs at since October 2024. She created her own company MiThraSpace SRL and consulted in 2024 with ERNST AND YOUNG Brussels Space and Defence practice, and SPACEBEL. Before this she worked for RHEA Group and reported to the CEO of the RHEA Group and to the Chief Strategy Officer and Managing Director of RHEA System Luxembourg S.A. She has been responsible for raising the visibility of RHEA among others with the European Institutions, Belgian and Luxembourg MoD, BELSPO, European Agencies and Luxembourg Space Agency and other national organizations as required. She helped to best-position RHEA into the current opportunities associated to new Space and Cybersecurity European programs, in Cybersecurity and Defense (e.g. EDA Cyber Captech REMUDO project). She was instrumental in developing RHEA Luxembourg business which has moved from two persons in 2020 to 20 end 2023.<\/span><\/p>\n<p><span style=\"font-weight: 400;\">In her previous position, she was Vice-President, Institutional Relations at SES S.A. and worked directly under SES CEO\u2019s reporting also to the Board and the General Counsel. She positioned the Company within the European Union, African Union and other international institutions, such as OECD, UEMOA, UNIDO, UNOOSA, ESA or OECD, she engaged in helping the operational companies to develop new governments and institutional markets. She was successful in winning key contracts such but not limited to EGNOS GEO1 and EGNOS GEO2. Before joining SES, she was the CEO of a company which she started, and which introduced new satellite services in Belgium. She turned it into a successful and profitable business.<\/span><\/p>\n<p><span style=\"font-weight: 400;\">With her ability to speak various languages, Mrs Leurquin has excellent communication skills, conveying her message clearly, concisely, and accurately impacting policymakers and investors at the highest level. She can bring unity, leadership skills, motivation and fresh new ideas with her management, peers and teammates.<\/span><\/p>\n<p><b>Career Steps:<\/b><\/p>\n<ul>\n<li style=\"font-weight: 400;\" aria-level=\"1\"><span style=\"font-weight: 400;\">CEO, ALDORIA Belgique (Feb- 2025-)<\/span><\/li>\n<li style=\"font-weight: 400;\" aria-level=\"1\"><span style=\"font-weight: 400;\">Senior Director, European &amp; Public Affairs, ALDORIA(Oct 2024-)<\/span><\/li>\n<li style=\"font-weight: 400;\" aria-level=\"1\"><span style=\"font-weight: 400;\">Special adviser to EY (May 2024-)<\/span><\/li>\n<li style=\"font-weight: 400;\" aria-level=\"1\"><span style=\"font-weight: 400;\">Special Adviser to CEO of SPACEBEL (Feb 2024-)<\/span><\/li>\n<li style=\"font-weight: 400;\" aria-level=\"1\"><span style=\"font-weight: 400;\">Director of Strategy, EU, Belgium and Luxembourg, RHEA Group (Jan 2021- Jan 2024 )<\/span><\/li>\n<li style=\"font-weight: 400;\" aria-level=\"1\"><span style=\"font-weight: 400;\">Special Adviser to the CEO, RHEA Group (Nov 2020- Jan 2021)<\/span><\/li>\n<li style=\"font-weight: 400;\" aria-level=\"1\"><span style=\"font-weight: 400;\">VP, Institutional Relations, EMEA, SES (2014-2020)<\/span><\/li>\n<li style=\"font-weight: 400;\" aria-level=\"1\"><span style=\"font-weight: 400;\">VP, Institutional Relations and Communications, Global , SES (2008-2014)<\/span><\/li>\n<li style=\"font-weight: 400;\" aria-level=\"1\"><span style=\"font-weight: 400;\">VP,European Programs, SES-GLOBAL (2004-2008)<\/span><\/li>\n<li style=\"font-weight: 400;\" aria-level=\"1\"><span style=\"font-weight: 400;\">Senior Manager, European Programs, SES-GLOBAL (1999-2004);<\/span><\/li>\n<li style=\"font-weight: 400;\" aria-level=\"1\"><span style=\"font-weight: 400;\">CEO, Sait Videohouse SA (1992-98)<\/span><\/li>\n<\/ul>\n<p><span style=\"font-weight: 400;\">\u00a0<\/span><b>Associations and Accomplishments:<\/b><\/p>\n<ul>\n<li style=\"font-weight: 400;\" aria-level=\"1\"><span style=\"font-weight: 400;\">Board Member of 6GIA (2022- 2024)<\/span><\/li>\n<li style=\"font-weight: 400;\" aria-level=\"1\"><span style=\"font-weight: 400;\">Vice-Chair of the Board of 5GIA (5G European Infrastructure Association) (2015-2020)<\/span><\/li>\n<li style=\"font-weight: 400;\" aria-level=\"1\"><span style=\"font-weight: 400;\">Member of the private D4D Coalition (SAP, Orange, Nokia, Ericcsson, Philips, Vodafone, Statec) in turn member of the D4D EU Hub (2018-2020)<\/span><\/li>\n<li style=\"font-weight: 400;\" aria-level=\"1\"><span style=\"font-weight: 400;\">Member of the Steering Board of the EU-AU Digital Economy Task Force (2019)<\/span><\/li>\n<li style=\"font-weight: 400;\" aria-level=\"1\"><span style=\"font-weight: 400;\">Co-Chairperson of the ICT WG at the EU-Africa Business Forum (Since 2010)<\/span><\/li>\n<li style=\"font-weight: 400;\" aria-level=\"1\"><span style=\"font-weight: 400;\">Founding Person of ESOA\/GSOA, 2002<\/span><\/li>\n<li style=\"font-weight: 400;\" aria-level=\"1\"><span style=\"font-weight: 400;\">Chairman of the Executive Committee of ESOA (European Satellite Operators Association) (2004-2006)<\/span><\/li>\n<li style=\"font-weight: 400;\" aria-level=\"1\"><span style=\"font-weight: 400;\">Member of the Board of ESPI<\/span><\/li>\n<li style=\"font-weight: 400;\" aria-level=\"1\"><span style=\"font-weight: 400;\">Member of SSIP<\/span><\/li>\n<\/ul>\n<p><b>\u00a0<\/b><b>Education:<\/b><\/p>\n<ul>\n<li style=\"font-weight: 400;\" aria-level=\"1\"><span style=\"font-weight: 400;\">University of Chicago, Management Courses (2001)<\/span><\/li>\n<li style=\"font-weight: 400;\" aria-level=\"1\"><span style=\"font-weight: 400;\">H.E.C. of St-Louis, Brussels, M.B.A. (1987-89)<\/span><\/li>\n<li style=\"font-weight: 400;\" aria-level=\"1\"><span style=\"font-weight: 400;\">Germanic Languages (English\/ German\/ Passive Dutch\/ American Culture), master\u2019s degree, ULB, (1983)<\/span><\/li>\n<\/ul>\n<p><span style=\"font-weight: 400;\">\u00a0<\/span><\/p>\n<p>&nbsp;<\/p>\n                                                                    <\/div>\r\n                                                                <\/div>\r\n                                                            <\/div>\r\n                                                        <\/div>\r\n                                                    <\/div>\r\n                                                    <div class=\"col-md-10 col-md-offset-2 tcode-es-artist-title-col vcenter\">\r\n                                                        <div class=\"vcenter artist-image\">\r\n                                                                                                                                                                                            <img decoding=\"async\" class=\"img-responsive\" alt=\"Session 6: Delivering Autonomy: Ensuring Europe\u2019s Independent Space Capabilities image\" src=\"https:\/\/euspaceforum.com\/2025\/wp-content\/uploads\/2022\/09\/Christine-Leurquin-website-1-90x90.png\" \/>\r\n                                                                                                                    <\/div>\r\n                                                        <div class=\"vcenter tcode-es-artist-title-container\">\r\n                                                            <div class=\"tcode-es-artist-title\" style=\"color: ;\">\r\n                                                                Christine Leurquin                                                            <\/div>\r\n                                                                                                                            <div class=\"artist-position\" style=\"color: ;\">\r\n                                                                    Director of European & Public Affairs & CEO, Aldoria Belgium                                                                <\/div>\r\n                                                                                                                    <\/div>\r\n                                                                                                                                                                            <div class=\"vcenter\">\r\n                                                                                                                                    <a href=\"https:\/\/www.linkedin.com\/in\/christine-leurquin-4700322\/\" target=\"_blank\" class=\"tcode-social-icon tcode-ico-linkedin\"><\/a>\r\n                                                                                                                            <\/div>\r\n                                                                                                            <\/div>\r\n                                                <\/div>\r\n                                                                                            <div class=\"row artist-row\" data-effect=\"mfp-zoom-in\">\r\n                                                    <div class=\"tcode-artist-popover hidden\">\r\n                                                        <div>\r\n                                                            <div class=\"row\">\r\n                                                                <div class=\"col-xs-12 col-sm-4\">\r\n                                                                    <div class=\"artist-image center-block\">\r\n                                                                                                                                                                                                                                <img decoding=\"async\" class=\"img-responsive center-block\" alt=\"Session 6: Delivering Autonomy: Ensuring Europe\u2019s Independent Space Capabilities image\" src=\"https:\/\/euspaceforum.com\/2025\/wp-content\/uploads\/2022\/09\/Olivier-Lemaitre-WebsiteMailing-120x120.png\" \/>\r\n                                                                                                                                            <\/div>\r\n                                                                                                                                                                                                                <div class=\"row artist-media text-center\">\r\n                                                                                                                                                            <a href=\"https:\/\/www.linkedin.com\/in\/olivier-lemaitre-b4ab62\/\" target=\"_blank\" class=\"tcode-social-icon tcode-ico-linkedin\"><\/a>\r\n                                                                                                                                                    <\/div>\r\n                                                                                                                                    <\/div>\r\n                                                                <div class=\"col-xs-12 col-sm-8 artist-details-container\">\r\n                                                                    <div class=\"tcode-es-artist-title\">\r\n                                                                        <a href=\"#\">\r\n                                                                            Moderated by: Olivier Lemaitre                                                                        <\/a>\r\n                                                                    <\/div>\r\n                                                                                                                                            <div class=\"artist-position\">\r\n                                                                            Secretary General, Eurospace                                                                        <\/div>\r\n                                                                                                                                        <div class=\"artist-content\">\r\n                                                                        <p><span style=\"font-weight: 400;\">Olivier has a long-standing experience and a strong network in the European space policy sector, at the crossroads of the private and the public sector.<\/span><\/p>\n<p><span style=\"font-weight: 400;\">He has been part of the Belgian delegation to the ESA Council and also advising the Belgian Permanent Representation on space matters, under the authority of E. Beka, High representative of Belgium for space policy. Olivier then moved to Eurospace, as Head of the Brussels Office until 2014, when he has been hired by Thales Alenia Space as director for EU affairs.<\/span><\/p>\n                                                                    <\/div>\r\n                                                                <\/div>\r\n                                                            <\/div>\r\n                                                        <\/div>\r\n                                                    <\/div>\r\n                                                    <div class=\"col-md-10 col-md-offset-2 tcode-es-artist-title-col vcenter\">\r\n                                                        <div class=\"vcenter artist-image\">\r\n                                                                                                                                                                                            <img decoding=\"async\" class=\"img-responsive\" alt=\"Session 6: Delivering Autonomy: Ensuring Europe\u2019s Independent Space Capabilities image\" src=\"https:\/\/euspaceforum.com\/2025\/wp-content\/uploads\/2022\/09\/Olivier-Lemaitre-WebsiteMailing-90x90.png\" \/>\r\n                                                                                                                    <\/div>\r\n                                                        <div class=\"vcenter tcode-es-artist-title-container\">\r\n                                                            <div class=\"tcode-es-artist-title\" style=\"color: ;\">\r\n                                                                Moderated by: Olivier Lemaitre                                                            <\/div>\r\n                                                                                                                            <div class=\"artist-position\" style=\"color: ;\">\r\n                                                                    Secretary General, Eurospace                                                                <\/div>\r\n                                                                                                                    <\/div>\r\n                                                                                                                                                                            <div class=\"vcenter\">\r\n                                                                                                                                    <a href=\"https:\/\/www.linkedin.com\/in\/olivier-lemaitre-b4ab62\/\" target=\"_blank\" class=\"tcode-social-icon tcode-ico-linkedin\"><\/a>\r\n                                                                                                                            <\/div>\r\n                                                                                                            <\/div>\r\n                                                <\/div>\r\n                                                                                                                        <\/div>\r\n                                <\/div>\r\n                            <\/div>\r\n                        <\/div>\r\n                                                                                            <div style=\"background-color: #FFFFFF;\" class=\"row scheduled-event event-collapsed event-visible\" data-date=\"2025-07-03\" data-location=\"\">\r\n                            <div class=\"col-md-12\">\r\n                                <div class=\"row\">\r\n                                                                        <div class=\"col-md-2 vcenter \">\r\n                                                                                                                                    <div class=\"event-time text-center\" style=\"color: ;\">\r\n                                                    <span class=\"time-starts\">11:45<\/span>\r\n                                                                                                            - <span class=\"time-ends\">12:50<\/span>\r\n                                                                                                    <\/div>\r\n                                                                                                                        <\/div><div class=\"col-md-9 vcenter\">\r\n                                        <div class=\"row\">\r\n                                                                                        <div class=\"col-md-12 event-title\" style=\"color: ;\">Session 7: Navigating the Evolution of Space Sustainability and Space Traffic  Management<\/div>\r\n                                        <\/div>\r\n                                    <\/div><div class=\"col-md-1 vcenter\">\r\n                                        <div class=\"event-icon pull-right\">\r\n                                            <i class=\"tcode-ico-grot-down\" data-state=\"collapsed\" style=\"color: ;\"><\/i>\r\n                                        <\/div>\r\n                                    <\/div>\r\n                                <\/div>\r\n                                <div class=\"row event-excerpt\">\r\n                                    <div class=\"col-md-12\">\r\n                                        <div class=\"row event-content\">\r\n                                            <div class=\"col-md-8 col-md-offset-2\" style=\"color: ;\">\r\n                                                <p><span style=\"font-weight: 400;\">Space activity is reaching unprecedented levels, with thousands of new satellites launching annually. Combined with over a million debris fragments larger than 1 cm already in orbit, low-Earth orbit (LEO) is becoming increasingly crowded, there is universal recognition of the need for robust action. But what does this entail, and how can Europe contribute to delivering a solution? This session will explore these issues, delving into the pressing challenges of space sustainability and traffic management, examining the current landscape, future outlook, and actionable paths forward for European stakeholders. Panelists will explore measures to ensure the fair, safe, and equitable use of space, especially as private sector activity accelerates. Highlighting the significance of the forthcoming EU Space Act, the panel will discuss how this legislative proposal can anchor Europe\u2019s vision for a sustainable and resilient space future, as well as inform other related initiatives. Additionally, panelists will reflect on the global responsibilities and cooperative efforts required to ensure the effective management of space as a shared domain.<\/span><\/p>\n<p>&nbsp;<\/p>\n<ul>\n<li style=\"font-weight: 400;\" aria-level=\"1\"><span style=\"font-weight: 400;\">What work is being done at a member state, European and global level to ensure a sustainable space ecosystem? How are European actors overcoming hurdles to maintain the momentum created in this area?<\/span><span style=\"font-weight: 400;\"><br \/>\n<\/span><\/li>\n<li style=\"font-weight: 400;\" aria-level=\"1\"><span style=\"font-weight: 400;\">How are nations, private actors, and international agencies fostering cooperation, compliance, and collaboration to better manage space traffic and promote sustainability?<\/span><span style=\"font-weight: 400;\"><br \/>\n<\/span><\/li>\n<li style=\"font-weight: 400;\" aria-level=\"1\"><span style=\"font-weight: 400;\">How can the emergence of the EU Space Act and other key policy actions strengthen European actions in taking the lead globally, and how can it be ensured that international players are being brought along?\u00a0<\/span><span style=\"font-weight: 400;\"><br \/>\n<\/span><\/li>\n<li style=\"font-weight: 400;\" aria-level=\"1\"><span style=\"font-weight: 400;\">How can the EU Space Act complement and reinforce successful existing initiatives such as ESA\u2019s Zero Debris Charter?<\/span><span style=\"font-weight: 400;\"><br \/>\n<\/span><\/li>\n<li style=\"font-weight: 400;\" aria-level=\"1\"><span style=\"font-weight: 400;\">How can emerging technologies, AI, and innovation drive advancements in sustainability and space traffic management?<\/span><span style=\"font-weight: 400;\"><br \/>\n<\/span><\/li>\n<li style=\"font-weight: 400;\" aria-level=\"1\"><span style=\"font-weight: 400;\">Are current international frameworks sufficient to prevent the monopolisation of space by a few dominant players?<\/span><\/li>\n<li style=\"font-weight: 400;\" aria-level=\"1\"><span style=\"font-weight: 400;\">How can we address decreasing spectrum availability in space while ensuring equitable access for satellite networks?<\/span><span style=\"font-weight: 400;\"><br \/>\n<\/span><\/li>\n<li style=\"font-weight: 400;\" aria-level=\"1\"><span style=\"font-weight: 400;\">How can governments and international organisations incentivise private sector investments in sustainability? What mechanisms can be implemented to encourage responsible practices among private operators, particularly those deploying mega-constellations, to ensure the long-term sustainability of the orbital environment?<\/span><span style=\"font-weight: 400;\"><br \/>\n<\/span><\/li>\n<li style=\"font-weight: 400;\" aria-level=\"1\"><span style=\"font-weight: 400;\">Who will fund large-scale STM initiatives and debris mitigation efforts, and how can costs be shared equitably among stakeholders? What economic models can make sustainability and STM financially viable for both private operators and governments?<\/span><\/li>\n<li style=\"font-weight: 400;\" aria-level=\"1\"><span style=\"font-weight: 400;\">What work is being done to progress in-orbit servicing capabilities and technologies, and to what extent can this play a part in the creation of a circular economy in space and the drive towards increased space sustainability? <\/span><\/li>\n<\/ul>\n                                            <\/div>\r\n                                        <\/div>\r\n                                                                                                                                    <div class=\"row artist-row\" data-effect=\"mfp-zoom-in\">\r\n                                                    <div class=\"tcode-artist-popover hidden\">\r\n                                                        <div>\r\n                                                            <div class=\"row\">\r\n                                                                <div class=\"col-xs-12 col-sm-4\">\r\n                                                                    <div class=\"artist-image center-block\">\r\n                                                                                                                                                                                                                                <img decoding=\"async\" class=\"img-responsive center-block\" alt=\"Session 7: Navigating the Evolution of Space Sustainability and Space Traffic  Management image\" src=\"https:\/\/euspaceforum.com\/2025\/wp-content\/uploads\/2025\/05\/Rodolphe-Munoz-Website-120x120.png\" \/>\r\n                                                                                                                                            <\/div>\r\n                                                                                                                                                                                                                <div class=\"row artist-media text-center\">\r\n                                                                                                                                                            <a href=\"https:\/\/www.linkedin.com\/in\/rodolphe-mu%C3%B1oz-1149a323\/?originalSubdomain=be\" target=\"_blank\" class=\"tcode-social-icon tcode-ico-linkedin\"><\/a>\r\n                                                                                                                                                    <\/div>\r\n                                                                                                                                    <\/div>\r\n                                                                <div class=\"col-xs-12 col-sm-8 artist-details-container\">\r\n                                                                    <div class=\"tcode-es-artist-title\">\r\n                                                                        <a href=\"#\">\r\n                                                                            Rodolphe Mu\u00f1oz                                                                        <\/a>\r\n                                                                    <\/div>\r\n                                                                                                                                            <div class=\"artist-position\">\r\n                                                                            Team Leader, Defence Industrial Programming Coordination, DG DEFIS, European Commission                                                                        <\/div>\r\n                                                                                                                                        <div class=\"artist-content\">\r\n                                                                        <p><span style=\"font-weight: 400;\">Rodolphe Mu\u00f1oz, Team Leader, Defence Industrial Programming Coordination, DG DEFIS, European Commission<\/span><\/p>\n<p><span style=\"font-weight: 400;\">As a lawyer by training (College of Europe, Bruges), Rodolphe Mu\u00f1oz has worked for several international organisations (WHO, OSCE, EFTA Surveillance authority \u2026) and taught in different universities (Bruges, Sciences Po Paris, the Law University of Strasbourg \u2026).<\/span><\/p>\n<p><span style=\"font-weight: 400;\">For 8 years, he has been at the European Commission in DG DEFIS Unit B1 (secure connectivity and space surveillance), responsible for implementing the Space Situational Awareness (SSA) component of the Space Regulation, which comprises Space Surveillance and Tracking, Space Weather, and Near-Earth Objects<\/span> <span style=\"font-weight: 400;\">(Head of sector).<\/span><\/p>\n<p><span style=\"font-weight: 400;\">In addition, he oversaw the drafting of the 2022 STM Communication and is now following its implementation, including the development of the EU space law.<\/span><\/p>\n<p>&nbsp;<\/p>\n                                                                    <\/div>\r\n                                                                <\/div>\r\n                                                            <\/div>\r\n                                                        <\/div>\r\n                                                    <\/div>\r\n                                                    <div class=\"col-md-10 col-md-offset-2 tcode-es-artist-title-col vcenter\">\r\n                                                        <div class=\"vcenter artist-image\">\r\n                                                                                                                                                                                            <img decoding=\"async\" class=\"img-responsive\" alt=\"Session 7: Navigating the Evolution of Space Sustainability and Space Traffic  Management image\" src=\"https:\/\/euspaceforum.com\/2025\/wp-content\/uploads\/2025\/05\/Rodolphe-Munoz-Website-90x90.png\" \/>\r\n                                                                                                                    <\/div>\r\n                                                        <div class=\"vcenter tcode-es-artist-title-container\">\r\n                                                            <div class=\"tcode-es-artist-title\" style=\"color: ;\">\r\n                                                                Rodolphe Mu\u00f1oz                                                            <\/div>\r\n                                                                                                                            <div class=\"artist-position\" style=\"color: ;\">\r\n                                                                    Team Leader, Defence Industrial Programming Coordination, DG DEFIS, European Commission                                                                <\/div>\r\n                                                                                                                    <\/div>\r\n                                                                                                                                                                            <div class=\"vcenter\">\r\n                                                                                                                                    <a href=\"https:\/\/www.linkedin.com\/in\/rodolphe-mu%C3%B1oz-1149a323\/?originalSubdomain=be\" target=\"_blank\" class=\"tcode-social-icon tcode-ico-linkedin\"><\/a>\r\n                                                                                                                            <\/div>\r\n                                                                                                            <\/div>\r\n                                                <\/div>\r\n                                                                                            <div class=\"row artist-row\" data-effect=\"mfp-zoom-in\">\r\n                                                    <div class=\"tcode-artist-popover hidden\">\r\n                                                        <div>\r\n                                                            <div class=\"row\">\r\n                                                                <div class=\"col-xs-12 col-sm-4\">\r\n                                                                    <div class=\"artist-image center-block\">\r\n                                                                                                                                                                                                                                <img decoding=\"async\" class=\"img-responsive center-block\" alt=\"Session 7: Navigating the Evolution of Space Sustainability and Space Traffic  Management image\" src=\"https:\/\/euspaceforum.com\/2025\/wp-content\/uploads\/2025\/05\/Holger-Krag-Website-120x120.png\" \/>\r\n                                                                                                                                            <\/div>\r\n                                                                                                                                                                                                        <\/div>\r\n                                                                <div class=\"col-xs-12 col-sm-8 artist-details-container\">\r\n                                                                    <div class=\"tcode-es-artist-title\">\r\n                                                                        <a href=\"#\">\r\n                                                                            Holger Krag                                                                        <\/a>\r\n                                                                    <\/div>\r\n                                                                                                                                            <div class=\"artist-position\">\r\n                                                                            Head of the Space Safety Programme Office, ESA                                                                        <\/div>\r\n                                                                                                                                        <div class=\"artist-content\">\r\n                                                                        <p><span style=\"font-weight: 400;\">Holger Krag joined ESA in 2006 as an Analysist in the Space Debris Office at ESOC. He worked on establishing risk models and an operational collision avoidance system and contributed to first space surveillance studies. In 2014, he took the position of the Head of the Space Debris Office, which, among others, provides fundamental support to ESA\u2019s Space Situational Awareness Programme. In 2019, he took over the position as the head of the programme and prepared the evolution into the new Space Safety Programme which was established at the Space19+ Ministerial in Sevilla. The new programme addresses an enlarged scope within the areas of Space Weather, Planetary Defence and Space Debris including early warning systems and mitigation measures and three ambitious missions (Lagrange, Hera und ADRIOS). He is lecturing on Space Debris at universities in Germany.<\/span><\/p>\n                                                                    <\/div>\r\n                                                                <\/div>\r\n                                                            <\/div>\r\n                                                        <\/div>\r\n                                                    <\/div>\r\n                                                    <div class=\"col-md-10 col-md-offset-2 tcode-es-artist-title-col vcenter\">\r\n                                                        <div class=\"vcenter artist-image\">\r\n                                                                                                                                                                                            <img decoding=\"async\" class=\"img-responsive\" alt=\"Session 7: Navigating the Evolution of Space Sustainability and Space Traffic  Management image\" src=\"https:\/\/euspaceforum.com\/2025\/wp-content\/uploads\/2025\/05\/Holger-Krag-Website-90x90.png\" \/>\r\n                                                                                                                    <\/div>\r\n                                                        <div class=\"vcenter tcode-es-artist-title-container\">\r\n                                                            <div class=\"tcode-es-artist-title\" style=\"color: ;\">\r\n                                                                Holger Krag                                                            <\/div>\r\n                                                                                                                            <div class=\"artist-position\" style=\"color: ;\">\r\n                                                                    Head of the Space Safety Programme Office, ESA                                                                <\/div>\r\n                                                                                                                    <\/div>\r\n                                                                                                                                                                    <\/div>\r\n                                                <\/div>\r\n                                                                                            <div class=\"row artist-row\" data-effect=\"mfp-zoom-in\">\r\n                                                    <div class=\"tcode-artist-popover hidden\">\r\n                                                        <div>\r\n                                                            <div class=\"row\">\r\n                                                                <div class=\"col-xs-12 col-sm-4\">\r\n                                                                    <div class=\"artist-image center-block\">\r\n                                                                                                                                                                                                                                <img decoding=\"async\" class=\"img-responsive center-block\" alt=\"Session 7: Navigating the Evolution of Space Sustainability and Space Traffic  Management image\" src=\"https:\/\/euspaceforum.com\/2025\/wp-content\/uploads\/2022\/09\/Alberto-Agueda-WebsiteMailing-1-120x120.png\" \/>\r\n                                                                                                                                            <\/div>\r\n                                                                                                                                                                                                                <div class=\"row artist-media text-center\">\r\n                                                                                                                                                            <a href=\"https:\/\/www.linkedin.com\/in\/alberto-agueda\/\" target=\"_blank\" class=\"tcode-social-icon tcode-ico-linkedin\"><\/a>\r\n                                                                                                                                                    <\/div>\r\n                                                                                                                                    <\/div>\r\n                                                                <div class=\"col-xs-12 col-sm-8 artist-details-container\">\r\n                                                                    <div class=\"tcode-es-artist-title\">\r\n                                                                        <a href=\"#\">\r\n                                                                            Alberto \u00c1gueda                                                                        <\/a>\r\n                                                                    <\/div>\r\n                                                                                                                                            <div class=\"artist-position\">\r\n                                                                            Director of Space Surveillance and Traffic Management, GMV                                                                        <\/div>\r\n                                                                                                                                        <div class=\"artist-content\">\r\n                                                                        <p><span style=\"font-weight: 400;\">Alberto is an MSc Aerospace Engineer with +20 years of international experience in the space market within GMV and +15 years of managerial and business development experience. He has on significant technical expertise in Space Flight Dynamics, Navigation, (Precise) Orbit Determination, Space Surveillance &amp; Tracking, and Space Traffic Management.<\/span><\/p>\n<p><span style=\"font-weight: 400;\">Currently, he is the Director of Space Surveillance and Traffic Management (SST &amp; STM) at GMV. He is the head of the department\u00b4s operations, including management (+130 engineers in 8 countries: Spain, Germany, France, UK, Poland, Romania, Portugal and USA), accounting (+10 M\u20ac yearly revenue, with average 2-digit annual growth in the last decade), business development (dozens of customers and partners) and contracts.<\/span><\/p>\n<p><span style=\"font-weight: 400;\">\u00a0His mission is to manage the Space Surveillance and Traffic Management (SST &amp; STM) business and its engineering team and ensure their respective growth to strengthen GMV\u2019s leading position and look for new customers, opportunities, and niches for GMV\u2019s advanced technology, systems, products, and services in these fields.<\/span><\/p>\n                                                                    <\/div>\r\n                                                                <\/div>\r\n                                                            <\/div>\r\n                                                        <\/div>\r\n                                                    <\/div>\r\n                                                    <div class=\"col-md-10 col-md-offset-2 tcode-es-artist-title-col vcenter\">\r\n                                                        <div class=\"vcenter artist-image\">\r\n                                                                                                                                                                                            <img decoding=\"async\" class=\"img-responsive\" alt=\"Session 7: Navigating the Evolution of Space Sustainability and Space Traffic  Management image\" src=\"https:\/\/euspaceforum.com\/2025\/wp-content\/uploads\/2022\/09\/Alberto-Agueda-WebsiteMailing-1-90x90.png\" \/>\r\n                                                                                                                    <\/div>\r\n                                                        <div class=\"vcenter tcode-es-artist-title-container\">\r\n                                                            <div class=\"tcode-es-artist-title\" style=\"color: ;\">\r\n                                                                Alberto \u00c1gueda                                                            <\/div>\r\n                                                                                                                            <div class=\"artist-position\" style=\"color: ;\">\r\n                                                                    Director of Space Surveillance and Traffic Management, GMV                                                                <\/div>\r\n                                                                                                                    <\/div>\r\n                                                                                                                                                                            <div class=\"vcenter\">\r\n                                                                                                                                    <a href=\"https:\/\/www.linkedin.com\/in\/alberto-agueda\/\" target=\"_blank\" class=\"tcode-social-icon tcode-ico-linkedin\"><\/a>\r\n                                                                                                                            <\/div>\r\n                                                                                                            <\/div>\r\n                                                <\/div>\r\n                                                                                            <div class=\"row artist-row\" data-effect=\"mfp-zoom-in\">\r\n                                                    <div class=\"tcode-artist-popover hidden\">\r\n                                                        <div>\r\n                                                            <div class=\"row\">\r\n                                                                <div class=\"col-xs-12 col-sm-4\">\r\n                                                                    <div class=\"artist-image center-block\">\r\n                                                                                                                                                                                                                                <img decoding=\"async\" class=\"img-responsive center-block\" alt=\"Session 7: Navigating the Evolution of Space Sustainability and Space Traffic  Management image\" src=\"https:\/\/euspaceforum.com\/2025\/wp-content\/uploads\/2022\/09\/Emma-Marion-WebsiteMailing-120x120.png\" \/>\r\n                                                                                                                                            <\/div>\r\n                                                                                                                                                                                                                <div class=\"row artist-media text-center\">\r\n                                                                                                                                                            <a href=\"https:\/\/www.linkedin.com\/in\/emmalmarion\/\" target=\"_blank\" class=\"tcode-social-icon tcode-ico-linkedin\"><\/a>\r\n                                                                                                                                                    <\/div>\r\n                                                                                                                                    <\/div>\r\n                                                                <div class=\"col-xs-12 col-sm-8 artist-details-container\">\r\n                                                                    <div class=\"tcode-es-artist-title\">\r\n                                                                        <a href=\"#\">\r\n                                                                            Emma Marion                                                                        <\/a>\r\n                                                                    <\/div>\r\n                                                                                                                                            <div class=\"artist-position\">\r\n                                                                            Associate, DLA Piper                                                                        <\/div>\r\n                                                                                                                                        <div class=\"artist-content\">\r\n                                                                        <p><span style=\"font-weight: 400;\">Emma Marion advises space, satellite, and telecommunications companies on regulatory and compliance matters before telecommunications regulators, including the United States Federal Communications Commission (FCC) and National Oceanic and Atmospheric Administration (NOAA).\u00a0 She assists companies in obtaining spectrum and imaging licenses, participating in rulemakings, coordinating market entry across multiple jurisdictions, and on issues relating to the International Telecommunication Union (ITU) Radio Regulations governing the international use of spectrum.\u00a0 Emma&#8217;s work spans a number of topics and has particularly focused on: licensing of novel space and satellite services, market access and global expansion, space safety and sustainability, communications equipment and infrastructure, and policy issues.\u00a0<\/span><\/p>\n<p>&nbsp;<\/p>\n                                                                    <\/div>\r\n                                                                <\/div>\r\n                                                            <\/div>\r\n                                                        <\/div>\r\n                                                    <\/div>\r\n                                                    <div class=\"col-md-10 col-md-offset-2 tcode-es-artist-title-col vcenter\">\r\n                                                        <div class=\"vcenter artist-image\">\r\n                                                                                                                                                                                            <img decoding=\"async\" class=\"img-responsive\" alt=\"Session 7: Navigating the Evolution of Space Sustainability and Space Traffic  Management image\" src=\"https:\/\/euspaceforum.com\/2025\/wp-content\/uploads\/2022\/09\/Emma-Marion-WebsiteMailing-90x90.png\" \/>\r\n                                                                                                                    <\/div>\r\n                                                        <div class=\"vcenter tcode-es-artist-title-container\">\r\n                                                            <div class=\"tcode-es-artist-title\" style=\"color: ;\">\r\n                                                                Emma Marion                                                            <\/div>\r\n                                                                                                                            <div class=\"artist-position\" style=\"color: ;\">\r\n                                                                    Associate, DLA Piper                                                                <\/div>\r\n                                                                                                                    <\/div>\r\n                                                                                                                                                                            <div class=\"vcenter\">\r\n                                                                                                                                    <a href=\"https:\/\/www.linkedin.com\/in\/emmalmarion\/\" target=\"_blank\" class=\"tcode-social-icon tcode-ico-linkedin\"><\/a>\r\n                                                                                                                            <\/div>\r\n                                                                                                            <\/div>\r\n                                                <\/div>\r\n                                                                                            <div class=\"row artist-row\" data-effect=\"mfp-zoom-in\">\r\n                                                    <div class=\"tcode-artist-popover hidden\">\r\n                                                        <div>\r\n                                                            <div class=\"row\">\r\n                                                                <div class=\"col-xs-12 col-sm-4\">\r\n                                                                    <div class=\"artist-image center-block\">\r\n                                                                                                                                                                                                                                <img decoding=\"async\" class=\"img-responsive center-block\" alt=\"Session 7: Navigating the Evolution of Space Sustainability and Space Traffic  Management image\" src=\"https:\/\/euspaceforum.com\/2025\/wp-content\/uploads\/2022\/09\/Josef-Koller-WebsiteMailing-1-120x120.png\" \/>\r\n                                                                                                                                            <\/div>\r\n                                                                                                                                                                                                                <div class=\"row artist-media text-center\">\r\n                                                                                                                                                            <a href=\"https:\/\/www.linkedin.com\/in\/josefkoller\/\" target=\"_blank\" class=\"tcode-social-icon tcode-ico-linkedin\"><\/a>\r\n                                                                                                                                                    <\/div>\r\n                                                                                                                                    <\/div>\r\n                                                                <div class=\"col-xs-12 col-sm-8 artist-details-container\">\r\n                                                                    <div class=\"tcode-es-artist-title\">\r\n                                                                        <a href=\"#\">\r\n                                                                            Josef Koller                                                                        <\/a>\r\n                                                                    <\/div>\r\n                                                                                                                                            <div class=\"artist-position\">\r\n                                                                            Principal, Space Safety and Sustainability, Amazon                                                                        <\/div>\r\n                                                                                                                                        <div class=\"artist-content\">\r\n                                                                        <p><span style=\"font-weight: 400;\">Dr. Josef Koller is the Head of Space Safety and Sustainability at Amazon, Project Kuiper, a low Earth orbit (LEO) satellite broadband network with the mission to provide affordable broadband connectivity to underserved communities around the world. Using his decade-long expertise in space sustainability, Koller leads Amazon&#8217;s efforts to promote space safety policies, in the U.S. and around the globe, in support of the sustainable development of satellite operations in space.<\/span><\/p>\n<p><span style=\"font-weight: 400;\">Prior to Amazon, Koller served Systems Director for the Center for Space Policy and Strategy at The Aerospace Corporation and co-founder of the Space Safety Institute. He was also assigned as a senior advisor to the Office of the Secretary of Defense for Space Policy, where he directly supported key national and international strategy efforts for space-related U.S. government and policy matters. His portfolio included commercial remote sensing, space traffic management, and related congressional affairs. Prior to that assignment, Koller managed and co-led more than 40 scientists in the Space Science and Applications Group at Los Alamos National Laboratory. He also established and led the Los Alamos Space Weather Summer School to promote graduate student research and outreach at the laboratory.<\/span><\/p>\n<p><span style=\"font-weight: 400;\">Koller has more than 25 years of experience in space sustainability, space science, space policy, astrophysics, and strategy development. He has authored more than 50 peer-reviewed scientific publications with over 2,000 citations. He is also on the Editorial Board of the Journal of Space Safety Engineering and has been quoted in a variety of media outlets including NBC News, New York Times, NPR Marketplace, Les Echos, SpaceNews, and Popular Science.<\/span><\/p>\n<p><span style=\"font-weight: 400;\">Koller has a Ph.D. in Astrophysics from Rice University and Master\u2019s degrees in Physics and Astronomy from the University of Innsbruck, Austria.<\/span><\/p>\n                                                                    <\/div>\r\n                                                                <\/div>\r\n                                                            <\/div>\r\n                                                        <\/div>\r\n                                                    <\/div>\r\n                                                    <div class=\"col-md-10 col-md-offset-2 tcode-es-artist-title-col vcenter\">\r\n                                                        <div class=\"vcenter artist-image\">\r\n                                                                                                                                                                                            <img decoding=\"async\" class=\"img-responsive\" alt=\"Session 7: Navigating the Evolution of Space Sustainability and Space Traffic  Management image\" src=\"https:\/\/euspaceforum.com\/2025\/wp-content\/uploads\/2022\/09\/Josef-Koller-WebsiteMailing-1-90x90.png\" \/>\r\n                                                                                                                    <\/div>\r\n                                                        <div class=\"vcenter tcode-es-artist-title-container\">\r\n                                                            <div class=\"tcode-es-artist-title\" style=\"color: ;\">\r\n                                                                Josef Koller                                                            <\/div>\r\n                                                                                                                            <div class=\"artist-position\" style=\"color: ;\">\r\n                                                                    Principal, Space Safety and Sustainability, Amazon                                                                <\/div>\r\n                                                                                                                    <\/div>\r\n                                                                                                                                                                            <div class=\"vcenter\">\r\n                                                                                                                                    <a href=\"https:\/\/www.linkedin.com\/in\/josefkoller\/\" target=\"_blank\" class=\"tcode-social-icon tcode-ico-linkedin\"><\/a>\r\n                                                                                                                            <\/div>\r\n                                                                                                            <\/div>\r\n                                                <\/div>\r\n                                                                                            <div class=\"row artist-row\" data-effect=\"mfp-zoom-in\">\r\n                                                    <div class=\"tcode-artist-popover hidden\">\r\n                                                        <div>\r\n                                                            <div class=\"row\">\r\n                                                                <div class=\"col-xs-12 col-sm-4\">\r\n                                                                    <div class=\"artist-image center-block\">\r\n                                                                                                                                                                                                                                <img decoding=\"async\" class=\"img-responsive center-block\" alt=\"Session 7: Navigating the Evolution of Space Sustainability and Space Traffic  Management image\" src=\"https:\/\/euspaceforum.com\/2025\/wp-content\/uploads\/2022\/09\/Sara-Dalledone-website-120x120.png\" \/>\r\n                                                                                                                                            <\/div>\r\n                                                                                                                                                                                                                <div class=\"row artist-media text-center\">\r\n                                                                                                                                                            <a href=\"https:\/\/www.linkedin.com\/in\/saradalledonne\/\" target=\"_blank\" class=\"tcode-social-icon tcode-ico-linkedin\"><\/a>\r\n                                                                                                                                                    <\/div>\r\n                                                                                                                                    <\/div>\r\n                                                                <div class=\"col-xs-12 col-sm-8 artist-details-container\">\r\n                                                                    <div class=\"tcode-es-artist-title\">\r\n                                                                        <a href=\"#\">\r\n                                                                            Moderated by: Sara Dalledonne                                                                        <\/a>\r\n                                                                    <\/div>\r\n                                                                                                                                            <div class=\"artist-position\">\r\n                                                                            Research Fellow and Lead on Regulatory Affairs, European Space Policy Institute (ESPI)                                                                        <\/div>\r\n                                                                                                                                        <div class=\"artist-content\">\r\n                                                                        <p><span style=\"font-weight: 400;\">Sara Dalledonne is a Research Fellow with the Lead on Regulatory Affairs at the European Space Policy Institute (ESPI), and she is the ESPI representative in Brussels. She is the Space Law expert reference at the University of Bologna in Italy, and a Member of the Support Committee for the Aviation &amp; Space Journal (ASJ). She is also the Lead for Networking &amp; Events at Women in Aerospace Europe (WIA-E) in Austria.\u00a0 Prior to joining ESPI, she worked as Research Assistant at the Institute of Air and Space Law at McGill University. She holds an L.L.M. in Air and Space Law from the McGill University, an L.L.M. in International Trade Law from ITCILO (University of Turin) and a 5-year Law degree from the University of Bologna. She also completed an ITU Training Course in Satellite Coordination Procedures and Filings.<\/span><\/p>\n                                                                    <\/div>\r\n                                                                <\/div>\r\n                                                            <\/div>\r\n                                                        <\/div>\r\n                                                    <\/div>\r\n                                                    <div class=\"col-md-10 col-md-offset-2 tcode-es-artist-title-col vcenter\">\r\n                                                        <div class=\"vcenter artist-image\">\r\n                                                                                                                                                                                            <img decoding=\"async\" class=\"img-responsive\" alt=\"Session 7: Navigating the Evolution of Space Sustainability and Space Traffic  Management image\" src=\"https:\/\/euspaceforum.com\/2025\/wp-content\/uploads\/2022\/09\/Sara-Dalledone-website-90x90.png\" \/>\r\n                                                                                                                    <\/div>\r\n                                                        <div class=\"vcenter tcode-es-artist-title-container\">\r\n                                                            <div class=\"tcode-es-artist-title\" style=\"color: ;\">\r\n                                                                Moderated by: Sara Dalledonne                                                            <\/div>\r\n                                                                                                                            <div class=\"artist-position\" style=\"color: ;\">\r\n                                                                    Research Fellow and Lead on Regulatory Affairs, European Space Policy Institute (ESPI)                                                                <\/div>\r\n                                                                                                                    <\/div>\r\n                                                                                                                                                                            <div class=\"vcenter\">\r\n                                                                                                                                    <a href=\"https:\/\/www.linkedin.com\/in\/saradalledonne\/\" target=\"_blank\" class=\"tcode-social-icon tcode-ico-linkedin\"><\/a>\r\n                                                                                                                            <\/div>\r\n                                                                                                            <\/div>\r\n                                                <\/div>\r\n                                                                                                                        <\/div>\r\n                                <\/div>\r\n                            <\/div>\r\n                        <\/div>\r\n                                                                                            <div style=\"background-color: #FFFFFF;\" class=\"row scheduled-event event-collapsed event-visible\" data-date=\"2025-07-03\" data-location=\"\">\r\n                            <div class=\"col-md-12\">\r\n                                <div class=\"row\">\r\n                                                                        <div class=\"col-md-2 vcenter \">\r\n                                                                                                                                    <div class=\"event-time text-center\" style=\"color: ;\">\r\n                                                    <span class=\"time-starts\">12:50<\/span>\r\n                                                                                                            - <span class=\"time-ends\">13:05<\/span>\r\n                                                                                                    <\/div>\r\n                                                                                                                        <\/div><div class=\"col-md-9 vcenter\">\r\n                                        <div class=\"row\">\r\n                                                                                        <div class=\"col-md-12 event-title\" style=\"color: ;\">Keynote Presentation<\/div>\r\n                                        <\/div>\r\n                                    <\/div><div class=\"col-md-1 vcenter\">\r\n                                        <div class=\"event-icon pull-right\">\r\n                                            <i class=\"tcode-ico-grot-down\" data-state=\"collapsed\" style=\"color: ;\"><\/i>\r\n                                        <\/div>\r\n                                    <\/div>\r\n                                <\/div>\r\n                                <div class=\"row event-excerpt\">\r\n                                    <div class=\"col-md-12\">\r\n                                        <div class=\"row event-content\">\r\n                                            <div class=\"col-md-8 col-md-offset-2\" style=\"color: ;\">\r\n                                                                                            <\/div>\r\n                                        <\/div>\r\n                                                                                                                                    <div class=\"row artist-row\" data-effect=\"mfp-zoom-in\">\r\n                                                    <div class=\"tcode-artist-popover hidden\">\r\n                                                        <div>\r\n                                                            <div class=\"row\">\r\n                                                                <div class=\"col-xs-12 col-sm-4\">\r\n                                                                    <div class=\"artist-image center-block\">\r\n                                                                                                                                                                                                                                <img decoding=\"async\" class=\"img-responsive center-block\" alt=\"Keynote Presentation image\" src=\"https:\/\/euspaceforum.com\/2025\/wp-content\/uploads\/2022\/09\/Aarti-Holla-Maini-website-120x120.png\" \/>\r\n                                                                                                                                            <\/div>\r\n                                                                                                                                                                                                                <div class=\"row artist-media text-center\">\r\n                                                                                                                                                            <a href=\"https:\/\/www.linkedin.com\/in\/aarti-holla-maini-a6093a9\/\" target=\"_blank\" class=\"tcode-social-icon tcode-ico-linkedin\"><\/a>\r\n                                                                                                                                                    <\/div>\r\n                                                                                                                                    <\/div>\r\n                                                                <div class=\"col-xs-12 col-sm-8 artist-details-container\">\r\n                                                                    <div class=\"tcode-es-artist-title\">\r\n                                                                        <a href=\"#\">\r\n                                                                            Aarti Holla Maini                                                                        <\/a>\r\n                                                                    <\/div>\r\n                                                                                                                                            <div class=\"artist-position\">\r\n                                                                            Director, United Nations Office for Outer Space Affairs (UNOOSA)                                                                         <\/div>\r\n                                                                                                                                        <div class=\"artist-content\">\r\n                                                                        <p><span style=\"font-weight: 400;\">United Nations Secretary-General Ant\u00f3nio Guterres announced on 26 June 2023 the appointment of Aarti Holla-Maini of the United Kingdom as Director of the United Nations Office for Outer Space Affairs (UNOOSA) in Vienna.<\/span><\/p>\n<p><span style=\"font-weight: 400;\">She will succeed Simonetta Di Pippo of Italy, to whom the Secretary-General is grateful for her commitment and dedicated service to the Organization.\u00a0 The Secretary-General also wishes to extend his appreciation to the Chief, Committee, Policy and Legal Affairs Section, Niklas Hedman, who will continue to serve as Acting Director of UNOOSA until Ms. Holla-Maini assumes this position.<\/span><\/p>\n<p><span style=\"font-weight: 400;\">UNOOSA works to promote international cooperation in the peaceful use and exploration of space, and in the utilisation of space science and technology for sustainable economic and social development.<\/span><\/p>\n<p><span style=\"font-weight: 400;\">Ms. Holla-Maini brings to this position over 25 years of professional experience in the space sector including in managerial and advocacy functions.\u00a0 Most recently, she has held the role of Executive Vice-President Sustainability, Policy &amp; Impact at NorthStar Earth &amp; Space; prior to which she spent over 18 years as Secretary-General of the Global Satellite Operators Association.<\/span><\/p>\n<p><span style=\"font-weight: 400;\">Ms. Holla-Maini\u2019s experience includes service as a member of the World Economic Forum&#8217;s Global Future Council on Space; member of the Advisory Group of the Space Sustainability Rating managed by eSpace at the \u00c9cole Polytechnique F\u00e9d\u00e9rale de Lausanne (EPFL) Space Center; member of the Advisory Board of the Satellite Industry Association of India; Senior Space Policy Adviser to Forum Europe and as Expert Adviser on Space Traffic Management for European Union studies 2021-2023.\u00a0 She was also one of the chief architects of the Crisis Connectivity Charter established in 2015 for emergency telecommunications via satellite with the UN World Food Program\u2019s Emergency Telecommunications Cluster.<\/span><\/p>\n<p><span style=\"font-weight: 400;\">Ms. Holla-Maini holds a bachelor\u2019s degree in law with German law from Kings College London, UK, a master\u2019s degree in business administration from HEC Paris, France, and she is also an alumna of the International Space University. She is fluent in English, French, German and Punjabi and has moderate knowledge of Dutch.<\/span><\/p>\n                                                                    <\/div>\r\n                                                                <\/div>\r\n                                                            <\/div>\r\n                                                        <\/div>\r\n                                                    <\/div>\r\n                                                    <div class=\"col-md-10 col-md-offset-2 tcode-es-artist-title-col vcenter\">\r\n                                                        <div class=\"vcenter artist-image\">\r\n                                                                                                                                                                                            <img decoding=\"async\" class=\"img-responsive\" alt=\"Keynote Presentation image\" src=\"https:\/\/euspaceforum.com\/2025\/wp-content\/uploads\/2022\/09\/Aarti-Holla-Maini-website-90x90.png\" \/>\r\n                                                                                                                    <\/div>\r\n                                                        <div class=\"vcenter tcode-es-artist-title-container\">\r\n                                                            <div class=\"tcode-es-artist-title\" style=\"color: ;\">\r\n                                                                Aarti Holla Maini                                                            <\/div>\r\n                                                                                                                            <div class=\"artist-position\" style=\"color: ;\">\r\n                                                                    Director, United Nations Office for Outer Space Affairs (UNOOSA)                                                                 <\/div>\r\n                                                                                                                    <\/div>\r\n                                                                                                                                                                            <div class=\"vcenter\">\r\n                                                                                                                                    <a href=\"https:\/\/www.linkedin.com\/in\/aarti-holla-maini-a6093a9\/\" target=\"_blank\" class=\"tcode-social-icon tcode-ico-linkedin\"><\/a>\r\n                                                                                                                            <\/div>\r\n                                                                                                            <\/div>\r\n                                                <\/div>\r\n                                                                                                                        <\/div>\r\n                                <\/div>\r\n                            <\/div>\r\n                        <\/div>\r\n                                                                                            <div style=\"background-color: #FFFFFF;\" class=\"row scheduled-event event-collapsed event-visible hideExcerpt\" data-date=\"2025-07-03\" data-location=\"\">\r\n                            <div class=\"col-md-12\">\r\n                                <div class=\"row\">\r\n                                                                        <div class=\"col-md-2 vcenter \">\r\n                                                                                                                                    <div class=\"event-time text-center\" style=\"color: ;\">\r\n                                                    <span class=\"time-starts\">13:05<\/span>\r\n                                                                                                            - <span class=\"time-ends\">14:00<\/span>\r\n                                                                                                    <\/div>\r\n                                                                                                                        <\/div><div class=\"col-md-9 vcenter\">\r\n                                        <div class=\"row\">\r\n                                                                                        <div class=\"col-md-12 event-title\" style=\"color: ;\">Lunch<\/div>\r\n                                        <\/div>\r\n                                    <\/div><div class=\"col-md-1 vcenter\">\r\n                                        <div class=\"event-icon pull-right\">\r\n                                            <i class=\"tcode-ico-grot-down\" data-state=\"collapsed\" style=\"color: ;\"><\/i>\r\n                                        <\/div>\r\n                                    <\/div>\r\n                                <\/div>\r\n                                <div class=\"row event-excerpt\">\r\n                                    <div class=\"col-md-12\">\r\n                                        <div class=\"row event-content\">\r\n                                            <div class=\"col-md-8 col-md-offset-2\" style=\"color: ;\">\r\n                                                                                            <\/div>\r\n                                        <\/div>\r\n                                                                            <\/div>\r\n                                <\/div>\r\n                            <\/div>\r\n                        <\/div>\r\n                                                                                            <div style=\"background-color: #FFFFFF;\" class=\"row scheduled-event event-collapsed event-visible\" data-date=\"2025-07-03\" data-location=\"\">\r\n                            <div class=\"col-md-12\">\r\n                                <div class=\"row\">\r\n                                                                        <div class=\"col-md-2 vcenter \">\r\n                                                                                                                                    <div class=\"event-time text-center\" style=\"color: ;\">\r\n                                                    <span class=\"time-starts\">14:00<\/span>\r\n                                                                                                            - <span class=\"time-ends\">15:05<\/span>\r\n                                                                                                    <\/div>\r\n                                                                                                                        <\/div><div class=\"col-md-9 vcenter\">\r\n                                        <div class=\"row\">\r\n                                                                                        <div class=\"col-md-12 event-title\" style=\"color: ;\">Session 8: International Space Diplomacy and Partnership: Collaboration for a  Better Tomorrow<\/div>\r\n                                        <\/div>\r\n                                    <\/div><div class=\"col-md-1 vcenter\">\r\n                                        <div class=\"event-icon pull-right\">\r\n                                            <i class=\"tcode-ico-grot-down\" data-state=\"collapsed\" style=\"color: ;\"><\/i>\r\n                                        <\/div>\r\n                                    <\/div>\r\n                                <\/div>\r\n                                <div class=\"row event-excerpt\">\r\n                                    <div class=\"col-md-12\">\r\n                                        <div class=\"row event-content\">\r\n                                            <div class=\"col-md-8 col-md-offset-2\" style=\"color: ;\">\r\n                                                <p><span style=\"font-weight: 400;\">Europe\u2019s role in space is evolving, requiring a balance between collaboration, strategic autonomy, and global influence. Within its ecosystem, nations, firms, and agencies must work together while expanding international partnerships to remain competitive. As private actors gain prominence, public-private cooperation will be key. Meanwhile, Europe must navigate space governance to promote trust, prevent geopolitical tensions, and uphold space as a global commons. This session will explore how Europe can champion space as a domain for global cooperation rather than geopolitical rivalry and what role regulatory frameworks, such as the EU Space Act, might play in shaping the future of international space diplomacy. Looking ahead to 2030 and beyond, how should Europe define its vision, responsibilities and international partnerships in the evolving space ecosystem?<\/span><\/p>\n<p>&nbsp;<\/p>\n<ul>\n<li style=\"font-weight: 400;\" aria-level=\"1\"><span style=\"font-weight: 400;\">What is the state of cooperation and collaboration within the internal European ecosystem? How are nations, firms, and agencies co-existing and collaborating within Europe?\u00a0<\/span><\/li>\n<li style=\"font-weight: 400;\" aria-level=\"1\"><span style=\"font-weight: 400;\">How is Europe expanding partnerships with international actors to advance shared goals and remain a key player in the global space landscape?<\/span><\/li>\n<li style=\"font-weight: 400;\" aria-level=\"1\"><span style=\"font-weight: 400;\">How can Europe strike a balance between maintaining strategic autonomy and embracing the need for international collaborative space governance? How can nations balance strategic interests with the need for trust and transparency in international partnerships?<\/span><\/li>\n<li style=\"font-weight: 400;\" aria-level=\"1\"><span style=\"font-weight: 400;\">How can international partnerships ensure that space remains a global commons rather than a theater for geopolitical competition?<\/span><\/li>\n<li style=\"font-weight: 400;\" aria-level=\"1\"><span style=\"font-weight: 400;\">Amid shifting global space paradigm, how are European partners building relationships with private actors globally? How crucial are these partnerships in maintaining Europe\u2019s seat at the table?\u00a0<\/span><\/li>\n<li style=\"font-weight: 400;\" aria-level=\"1\"><span style=\"font-weight: 400;\">How can space be used to build bridges and usher in a new age of global cooperation, particularly with non-traditional and emerging powers? Should greater priority be attached to these relationships?\u00a0<\/span><\/li>\n<li style=\"font-weight: 400;\" aria-level=\"1\"><span style=\"font-weight: 400;\">What role might the EU Space Act serve in the future of international space diplomacy?\u00a0<\/span><\/li>\n<li style=\"font-weight: 400;\" aria-level=\"1\"><span style=\"font-weight: 400;\">What should Europe\u2019s long-term vision be for its role in international space diplomacy by 2030 and beyond?<\/span><\/li>\n<\/ul>\n                                            <\/div>\r\n                                        <\/div>\r\n                                                                                                                                    <div class=\"row artist-row\" data-effect=\"mfp-zoom-in\">\r\n                                                    <div class=\"tcode-artist-popover hidden\">\r\n                                                        <div>\r\n                                                            <div class=\"row\">\r\n                                                                <div class=\"col-xs-12 col-sm-4\">\r\n                                                                    <div class=\"artist-image center-block\">\r\n                                                                                                                                                                                                                                <img decoding=\"async\" class=\"img-responsive center-block\" alt=\"Session 8: International Space Diplomacy and Partnership: Collaboration for a  Better Tomorrow image\" src=\"https:\/\/euspaceforum.com\/2025\/wp-content\/uploads\/2022\/09\/Astrid-Christina-Koch-WebsiteMailing-120x120.png\" \/>\r\n                                                                                                                                            <\/div>\r\n                                                                                                                                                                                                                <div class=\"row artist-media text-center\">\r\n                                                                                                                                                            <a href=\"https:\/\/www.linkedin.com\/in\/astrid-christina-koch-3a7ba513\/?originalSubdomain=be\" target=\"_blank\" class=\"tcode-social-icon tcode-ico-linkedin\"><\/a>\r\n                                                                                                                                                    <\/div>\r\n                                                                                                                                    <\/div>\r\n                                                                <div class=\"col-xs-12 col-sm-8 artist-details-container\">\r\n                                                                    <div class=\"tcode-es-artist-title\">\r\n                                                                        <a href=\"#\">\r\n                                                                            Astrid-Christina Koch                                                                        <\/a>\r\n                                                                    <\/div>\r\n                                                                                                                                            <div class=\"artist-position\">\r\n                                                                            Senior Expert, Space Data Economy and International Cooperation, DG DEFIS, European Commission                                                                        <\/div>\r\n                                                                                                                                        <div class=\"artist-content\">\r\n                                                                        <p><span style=\"font-weight: 400;\">Astrid-Christina Koch is Senior Expert in the DG Defence Industry and Space (DEFIS) of the European Commission. She works on the international dimension of the EU Space Programme together with European and International partners. She is the point of contact for the Committee on Earth Observation Satellites (CEOS) in DG DEFIS and is supporting cooperation on Copernicus worldwide. From 2007 \u2013 2012 she served as science diplomat in the EU Delegation to the United States in Washington DC promoting transatlantic science and space cooperation. She started her career in the Commission in DG RTD in the unit for advanced materials. During that time she developed the instrument of \u2018coordinated\/joint calls\u2019 with third countries within the 7<\/span><span style=\"font-weight: 400;\">th<\/span><span style=\"font-weight: 400;\"> Framework Programme for Research &amp; Innovation (FP7), notably with the U.S. National Science Foundation (NSF). Before joining the Commission, she worked as deputy policy coordinator of the five German Customs Laboratories in Germany at the Ministry of Finance, and was the German Delegate to the TAXUD Customs Nomenclature Committee and the Science Committee of the World Customs Organisation. She promoted the development of the European Customs Chemists Network. Astrid is an organic preparative chemist &amp; and received a Ph.D. in Natural Science from the Christian \u2013 Albrechts University in Kiel\/Germany.<\/span><\/p>\n                                                                    <\/div>\r\n                                                                <\/div>\r\n                                                            <\/div>\r\n                                                        <\/div>\r\n                                                    <\/div>\r\n                                                    <div class=\"col-md-10 col-md-offset-2 tcode-es-artist-title-col vcenter\">\r\n                                                        <div class=\"vcenter artist-image\">\r\n                                                                                                                                                                                            <img decoding=\"async\" class=\"img-responsive\" alt=\"Session 8: International Space Diplomacy and Partnership: Collaboration for a  Better Tomorrow image\" src=\"https:\/\/euspaceforum.com\/2025\/wp-content\/uploads\/2022\/09\/Astrid-Christina-Koch-WebsiteMailing-90x90.png\" \/>\r\n                                                                                                                    <\/div>\r\n                                                        <div class=\"vcenter tcode-es-artist-title-container\">\r\n                                                            <div class=\"tcode-es-artist-title\" style=\"color: ;\">\r\n                                                                Astrid-Christina Koch                                                            <\/div>\r\n                                                                                                                            <div class=\"artist-position\" style=\"color: ;\">\r\n                                                                    Senior Expert, Space Data Economy and International Cooperation, DG DEFIS, European Commission                                                                <\/div>\r\n                                                                                                                    <\/div>\r\n                                                                                                                                                                            <div class=\"vcenter\">\r\n                                                                                                                                    <a href=\"https:\/\/www.linkedin.com\/in\/astrid-christina-koch-3a7ba513\/?originalSubdomain=be\" target=\"_blank\" class=\"tcode-social-icon tcode-ico-linkedin\"><\/a>\r\n                                                                                                                            <\/div>\r\n                                                                                                            <\/div>\r\n                                                <\/div>\r\n                                                                                            <div class=\"row artist-row\" data-effect=\"mfp-zoom-in\">\r\n                                                    <div class=\"tcode-artist-popover hidden\">\r\n                                                        <div>\r\n                                                            <div class=\"row\">\r\n                                                                <div class=\"col-xs-12 col-sm-4\">\r\n                                                                    <div class=\"artist-image center-block\">\r\n                                                                                                                                                                                                                                <img decoding=\"async\" class=\"img-responsive center-block\" alt=\"Session 8: International Space Diplomacy and Partnership: Collaboration for a  Better Tomorrow image\" src=\"https:\/\/euspaceforum.com\/2025\/wp-content\/uploads\/2022\/09\/Thomas-Weissenberg-WebsiteMailing-120x120.png\" \/>\r\n                                                                                                                                            <\/div>\r\n                                                                                                                                                                                                        <\/div>\r\n                                                                <div class=\"col-xs-12 col-sm-8 artist-details-container\">\r\n                                                                    <div class=\"tcode-es-artist-title\">\r\n                                                                        <a href=\"#\">\r\n                                                                            Thomas Weissenberg                                                                        <\/a>\r\n                                                                    <\/div>\r\n                                                                                                                                            <div class=\"artist-position\">\r\n                                                                            Administrator, External Relations Department, ESA                                                                        <\/div>\r\n                                                                                                                                        <div class=\"artist-content\">\r\n                                                                        <p><span style=\"font-weight: 400;\">An economist by profession, Thomas Weissenberg entered the space arena in 2002 as an administrator of international relations at the German Aerospace Center, DLR. Following a few years working in the industrial policy domain of the German Space Agency, Thomas became Head of International Relations at DLR in 2010. In 2016, Thomas Weissenberg joined ESA again supporting its relations with international partners. Since then, Thomas served as ESA\u2019s representative at COPUOS, as Secretary of ESA\u2019s International Relations Committee and takes care of partnering with several regions of the world.<\/span><\/p>\n                                                                    <\/div>\r\n                                                                <\/div>\r\n                                                            <\/div>\r\n                                                        <\/div>\r\n                                                    <\/div>\r\n                                                    <div class=\"col-md-10 col-md-offset-2 tcode-es-artist-title-col vcenter\">\r\n                                                        <div class=\"vcenter artist-image\">\r\n                                                                                                                                                                                            <img decoding=\"async\" class=\"img-responsive\" alt=\"Session 8: International Space Diplomacy and Partnership: Collaboration for a  Better Tomorrow image\" src=\"https:\/\/euspaceforum.com\/2025\/wp-content\/uploads\/2022\/09\/Thomas-Weissenberg-WebsiteMailing-90x90.png\" \/>\r\n                                                                                                                    <\/div>\r\n                                                        <div class=\"vcenter tcode-es-artist-title-container\">\r\n                                                            <div class=\"tcode-es-artist-title\" style=\"color: ;\">\r\n                                                                Thomas Weissenberg                                                            <\/div>\r\n                                                                                                                            <div class=\"artist-position\" style=\"color: ;\">\r\n                                                                    Administrator, External Relations Department, ESA                                                                <\/div>\r\n                                                                                                                    <\/div>\r\n                                                                                                                                                                    <\/div>\r\n                                                <\/div>\r\n                                                                                            <div class=\"row artist-row\" data-effect=\"mfp-zoom-in\">\r\n                                                    <div class=\"tcode-artist-popover hidden\">\r\n                                                        <div>\r\n                                                            <div class=\"row\">\r\n                                                                <div class=\"col-xs-12 col-sm-4\">\r\n                                                                    <div class=\"artist-image center-block\">\r\n                                                                                                                                                                                                                                <img decoding=\"async\" class=\"img-responsive center-block\" alt=\"Session 8: International Space Diplomacy and Partnership: Collaboration for a  Better Tomorrow image\" src=\"https:\/\/euspaceforum.com\/2025\/wp-content\/uploads\/2022\/09\/Tidiane-Ouattara-WebsiteMailing-120x120.png\" \/>\r\n                                                                                                                                            <\/div>\r\n                                                                                                                                                                                                                <div class=\"row artist-media text-center\">\r\n                                                                                                                                                            <a href=\"https:\/\/www.linkedin.com\/in\/tidianeouattara\/\" target=\"_blank\" class=\"tcode-social-icon tcode-ico-linkedin\"><\/a>\r\n                                                                                                                                                    <\/div>\r\n                                                                                                                                    <\/div>\r\n                                                                <div class=\"col-xs-12 col-sm-8 artist-details-container\">\r\n                                                                    <div class=\"tcode-es-artist-title\">\r\n                                                                        <a href=\"#\">\r\n                                                                            H.E. Dr. Tidiane Ouattara                                                                        <\/a>\r\n                                                                    <\/div>\r\n                                                                                                                                            <div class=\"artist-position\">\r\n                                                                            President, African Space Council                                                                        <\/div>\r\n                                                                                                                                        <div class=\"artist-content\">\r\n                                                                        <p><span style=\"font-weight: 400;\">Versatile bilingual professional with more than 24 years of experience in academia, private and public sectors in Canada, International organisation and abroad. Positions held span across strategic policy, program, research and operational dimensions. Fields of experience include leadership roles in space, program design and delivery, science and policy integration, geospatial data analysis and management (remote sensing and Geographical Information system (GIS)), environment (water erosion, wildlife conservation, landscape assessment and planning), R&amp;D, knowledge management and international relations. Accomplishments include:<\/span><\/p>\n<ul>\n<li><span style=\"font-weight: 400;\"> Mobilized national and international stakeholders with diverging interests;<\/span><\/li>\n<li><span style=\"font-weight: 400;\"> Delivered strategic approaches and innovation in multidisciplinary contexts;<\/span><\/li>\n<li><span style=\"font-weight: 400;\"> Exercised full accountabilities for HR and financial resources (20+ FTEs and $ 40 million) for several years; and<\/span><\/li>\n<li><span style=\"font-weight: 400;\"> Led organizational transformations from inception to full operations<\/span><\/li>\n<\/ul>\n                                                                    <\/div>\r\n                                                                <\/div>\r\n                                                            <\/div>\r\n                                                        <\/div>\r\n                                                    <\/div>\r\n                                                    <div class=\"col-md-10 col-md-offset-2 tcode-es-artist-title-col vcenter\">\r\n                                                        <div class=\"vcenter artist-image\">\r\n                                                                                                                                                                                            <img decoding=\"async\" class=\"img-responsive\" alt=\"Session 8: International Space Diplomacy and Partnership: Collaboration for a  Better Tomorrow image\" src=\"https:\/\/euspaceforum.com\/2025\/wp-content\/uploads\/2022\/09\/Tidiane-Ouattara-WebsiteMailing-90x90.png\" \/>\r\n                                                                                                                    <\/div>\r\n                                                        <div class=\"vcenter tcode-es-artist-title-container\">\r\n                                                            <div class=\"tcode-es-artist-title\" style=\"color: ;\">\r\n                                                                H.E. Dr. Tidiane Ouattara                                                            <\/div>\r\n                                                                                                                            <div class=\"artist-position\" style=\"color: ;\">\r\n                                                                    President, African Space Council                                                                <\/div>\r\n                                                                                                                    <\/div>\r\n                                                                                                                                                                            <div class=\"vcenter\">\r\n                                                                                                                                    <a href=\"https:\/\/www.linkedin.com\/in\/tidianeouattara\/\" target=\"_blank\" class=\"tcode-social-icon tcode-ico-linkedin\"><\/a>\r\n                                                                                                                            <\/div>\r\n                                                                                                            <\/div>\r\n                                                <\/div>\r\n                                                                                            <div class=\"row artist-row\" data-effect=\"mfp-zoom-in\">\r\n                                                    <div class=\"tcode-artist-popover hidden\">\r\n                                                        <div>\r\n                                                            <div class=\"row\">\r\n                                                                <div class=\"col-xs-12 col-sm-4\">\r\n                                                                    <div class=\"artist-image center-block\">\r\n                                                                                                                                                                                                                                <img decoding=\"async\" class=\"img-responsive center-block\" alt=\"Session 8: International Space Diplomacy and Partnership: Collaboration for a  Better Tomorrow image\" src=\"https:\/\/euspaceforum.com\/2025\/wp-content\/uploads\/2022\/09\/Caitlin-Poling-WebsiteMailing-120x120.png\" \/>\r\n                                                                                                                                            <\/div>\r\n                                                                                                                                                                                                                <div class=\"row artist-media text-center\">\r\n                                                                                                                                                            <a href=\"https:\/\/www.linkedin.com\/in\/caitlin-poling\/\" target=\"_blank\" class=\"tcode-social-icon tcode-ico-linkedin\"><\/a>\r\n                                                                                                                                                    <\/div>\r\n                                                                                                                                    <\/div>\r\n                                                                <div class=\"col-xs-12 col-sm-8 artist-details-container\">\r\n                                                                    <div class=\"tcode-es-artist-title\">\r\n                                                                        <a href=\"#\">\r\n                                                                            Caitlin Poling                                                                        <\/a>\r\n                                                                    <\/div>\r\n                                                                                                                                            <div class=\"artist-position\">\r\n                                                                            Foreign Affairs Officer, Office of Space Affairs, U.S. Department of State                                                                        <\/div>\r\n                                                                                                                                        <div class=\"artist-content\">\r\n                                                                        <p><span style=\"font-weight: 400;\">Ms. Caitlin Poling is a Foreign Affairs Officer in the Office of Space Affairs in the U.S. State Department\u2019s Bureau of Oceans, International Environmental, and Scientific Affairs. In this role, she works to advance civil and commercial space diplomacy covering Europe, space resources, and the U.N. Committee on Peaceful Uses of Outer Space (UNCOPUOS).\u00a0 Previously, Ms. Poling served as a Political Specialist for the Multilateral and Technical Affairs Section of the U.S. Mission to International Organizations in Vienna (UNVIE), where she worked on the peaceful uses of outer space and Comprehensive Nuclear Test Ban Treaty Organization portfolios and served on the U.S. delegation to the CTBTO Preparatory Commission and UNCOPUOS. A veteran of Capitol Hill, Ms. Poling most recently served as National Security Advisor to Senator David Perdue (Georgia). In this role, her portfolio included foreign relations, defense, cyber security, and international trade issues. Previously, Ms. Poling served as Director of Government Relations at the Foreign Policy Initiative, a DC-based think tank, where she also wrote on Africa and counterterrorism policy. Her work has been published in <\/span><i><span style=\"font-weight: 400;\">U.S. News and World Report<\/span><\/i><span style=\"font-weight: 400;\">, <\/span><i><span style=\"font-weight: 400;\">The Weekly Standard<\/span><\/i><span style=\"font-weight: 400;\">, <\/span><i><span style=\"font-weight: 400;\">Huffington Post<\/span><\/i><span style=\"font-weight: 400;\">, <\/span><i><span style=\"font-weight: 400;\">State Magazine,<\/span><\/i><span style=\"font-weight: 400;\"> and <\/span><i><span style=\"font-weight: 400;\">e-International Relations<\/span><\/i><span style=\"font-weight: 400;\">. Ms. Poling spent four years in the U.S. House of Representatives, most recently working on foreign policy and homeland security for then-Congressman Mike Pompeo (KS-04).<\/span><\/p>\n<p><span style=\"font-weight: 400;\">Ms. Poling graduated with honors from Georgetown University with a master\u2019s degree in international security studies in 2012. She wrote her master\u2019s thesis on Boko Haram and affiliated terrorist groups in the Sahel. Caitlin graduated <\/span><i><span style=\"font-weight: 400;\">summa cum laude<\/span><\/i><span style=\"font-weight: 400;\"> from Ashland University in Ohio with a Bachelor of Arts in Political Science, International Studies, and French (minor: International Business) and was a John M. Ashbrook Scholar.<\/span><\/p>\n                                                                    <\/div>\r\n                                                                <\/div>\r\n                                                            <\/div>\r\n                                                        <\/div>\r\n                                                    <\/div>\r\n                                                    <div class=\"col-md-10 col-md-offset-2 tcode-es-artist-title-col vcenter\">\r\n                                                        <div class=\"vcenter artist-image\">\r\n                                                                                                                                                                                            <img decoding=\"async\" class=\"img-responsive\" alt=\"Session 8: International Space Diplomacy and Partnership: Collaboration for a  Better Tomorrow image\" src=\"https:\/\/euspaceforum.com\/2025\/wp-content\/uploads\/2022\/09\/Caitlin-Poling-WebsiteMailing-90x90.png\" \/>\r\n                                                                                                                    <\/div>\r\n                                                        <div class=\"vcenter tcode-es-artist-title-container\">\r\n                                                            <div class=\"tcode-es-artist-title\" style=\"color: ;\">\r\n                                                                Caitlin Poling                                                            <\/div>\r\n                                                                                                                            <div class=\"artist-position\" style=\"color: ;\">\r\n                                                                    Foreign Affairs Officer, Office of Space Affairs, U.S. Department of State                                                                <\/div>\r\n                                                                                                                    <\/div>\r\n                                                                                                                                                                            <div class=\"vcenter\">\r\n                                                                                                                                    <a href=\"https:\/\/www.linkedin.com\/in\/caitlin-poling\/\" target=\"_blank\" class=\"tcode-social-icon tcode-ico-linkedin\"><\/a>\r\n                                                                                                                            <\/div>\r\n                                                                                                            <\/div>\r\n                                                <\/div>\r\n                                                                                            <div class=\"row artist-row\" data-effect=\"mfp-zoom-in\">\r\n                                                    <div class=\"tcode-artist-popover hidden\">\r\n                                                        <div>\r\n                                                            <div class=\"row\">\r\n                                                                <div class=\"col-xs-12 col-sm-4\">\r\n                                                                    <div class=\"artist-image center-block\">\r\n                                                                                                                                                                                                                                <img decoding=\"async\" class=\"img-responsive center-block\" alt=\"Session 8: International Space Diplomacy and Partnership: Collaboration for a  Better Tomorrow image\" src=\"https:\/\/euspaceforum.com\/2025\/wp-content\/uploads\/2022\/09\/Anica-Huck-WebsiteMailing-120x120.png\" \/>\r\n                                                                                                                                            <\/div>\r\n                                                                                                                                                                                                                <div class=\"row artist-media text-center\">\r\n                                                                                                                                                            <a href=\"https:\/\/www.linkedin.com\/in\/anica-huck-255044b\/\" target=\"_blank\" class=\"tcode-social-icon tcode-ico-linkedin\"><\/a>\r\n                                                                                                                                                    <\/div>\r\n                                                                                                                                    <\/div>\r\n                                                                <div class=\"col-xs-12 col-sm-8 artist-details-container\">\r\n                                                                    <div class=\"tcode-es-artist-title\">\r\n                                                                        <a href=\"#\">\r\n                                                                            Anica Huck                                                                        <\/a>\r\n                                                                    <\/div>\r\n                                                                                                                                            <div class=\"artist-position\">\r\n                                                                            Senior Manager Government Affairs Manager, European Space Imaging                                                                        <\/div>\r\n                                                                                                                                        <div class=\"artist-content\">\r\n                                                                        <p><span style=\"font-weight: 400;\">Ms. Anica Huck joined European Space Imaging in September 2024 taking on the role of the Senior Manager Government Affairs Manager. Her role includes interaction with European Organisations and national government agencies, policy analysis and participation in industry associations. She has more than15 years of experience in Earth Observation (EO) having worked for the Helmholtz Centre for Environmental Research, the European Space Agency, the European Commission and Planet. She has worked across the whole chain from data analytics to policy development helping to untap the potential of EO data to enabling policy makers, scientists, the private sector, and civil society to address social and environmental challenges.<\/span><\/p>\n                                                                    <\/div>\r\n                                                                <\/div>\r\n                                                            <\/div>\r\n                                                        <\/div>\r\n                                                    <\/div>\r\n                                                    <div class=\"col-md-10 col-md-offset-2 tcode-es-artist-title-col vcenter\">\r\n                                                        <div class=\"vcenter artist-image\">\r\n                                                                                                                                                                                            <img decoding=\"async\" class=\"img-responsive\" alt=\"Session 8: International Space Diplomacy and Partnership: Collaboration for a  Better Tomorrow image\" src=\"https:\/\/euspaceforum.com\/2025\/wp-content\/uploads\/2022\/09\/Anica-Huck-WebsiteMailing-90x90.png\" \/>\r\n                                                                                                                    <\/div>\r\n                                                        <div class=\"vcenter tcode-es-artist-title-container\">\r\n                                                            <div class=\"tcode-es-artist-title\" style=\"color: ;\">\r\n                                                                Anica Huck                                                            <\/div>\r\n                                                                                                                            <div class=\"artist-position\" style=\"color: ;\">\r\n                                                                    Senior Manager Government Affairs Manager, European Space Imaging                                                                <\/div>\r\n                                                                                                                    <\/div>\r\n                                                                                                                                                                            <div class=\"vcenter\">\r\n                                                                                                                                    <a href=\"https:\/\/www.linkedin.com\/in\/anica-huck-255044b\/\" target=\"_blank\" class=\"tcode-social-icon tcode-ico-linkedin\"><\/a>\r\n                                                                                                                            <\/div>\r\n                                                                                                            <\/div>\r\n                                                <\/div>\r\n                                                                                            <div class=\"row artist-row\" data-effect=\"mfp-zoom-in\">\r\n                                                    <div class=\"tcode-artist-popover hidden\">\r\n                                                        <div>\r\n                                                            <div class=\"row\">\r\n                                                                <div class=\"col-xs-12 col-sm-4\">\r\n                                                                    <div class=\"artist-image center-block\">\r\n                                                                                                                                                                                                                                <img decoding=\"async\" class=\"img-responsive center-block\" alt=\"Session 8: International Space Diplomacy and Partnership: Collaboration for a  Better Tomorrow image\" src=\"https:\/\/euspaceforum.com\/2025\/wp-content\/uploads\/2022\/09\/Kait-Bolongaro-WebsiteMailing-120x120.png\" \/>\r\n                                                                                                                                            <\/div>\r\n                                                                                                                                                                                                                <div class=\"row artist-media text-center\">\r\n                                                                                                                                                            <a href=\"https:\/\/www.linkedin.com\/in\/kait-bolongaro-2941362b\/\" target=\"_blank\" class=\"tcode-social-icon tcode-ico-linkedin\"><\/a>\r\n                                                                                                                                                    <\/div>\r\n                                                                                                                                    <\/div>\r\n                                                                <div class=\"col-xs-12 col-sm-8 artist-details-container\">\r\n                                                                    <div class=\"tcode-es-artist-title\">\r\n                                                                        <a href=\"#\">\r\n                                                                            Moderated by: Kait Bolongaro                                                                        <\/a>\r\n                                                                    <\/div>\r\n                                                                                                                                            <div class=\"artist-position\">\r\n                                                                            Managing Editor for Europe, MLex                                                                        <\/div>\r\n                                                                                                                                        <div class=\"artist-content\">\r\n                                                                        <p><span style=\"font-weight: 400;\">Kait is the Managing Editor at MLex in Europe, where she leads a 25-strong editorial team covering a wide range of policy beats out of Brussels and London. She joined MLex in 2021 as the Senior Editor for the EU and UK. She previously worked as a reporter covering Canadian politics for Bloomberg and EU policy for Politico Europe. She was also a freelancer, reporting on politics, society, business and culture from five continents for outlets such as the BBC, the Guardian, VICE and Al Jazeera. Her reporting has won three prizes, including a silver medal from the United Nations Correspondents Association Global Prize on Climate Change in 2017 and a gold medal at the Canada Best in Business Awards from the Society of American Business Editors and Writers in 2021.<\/span><\/p>\n                                                                    <\/div>\r\n                                                                <\/div>\r\n                                                            <\/div>\r\n                                                        <\/div>\r\n                                                    <\/div>\r\n                                                    <div class=\"col-md-10 col-md-offset-2 tcode-es-artist-title-col vcenter\">\r\n                                                        <div class=\"vcenter artist-image\">\r\n                                                                                                                                                                                            <img decoding=\"async\" class=\"img-responsive\" alt=\"Session 8: International Space Diplomacy and Partnership: Collaboration for a  Better Tomorrow image\" src=\"https:\/\/euspaceforum.com\/2025\/wp-content\/uploads\/2022\/09\/Kait-Bolongaro-WebsiteMailing-90x90.png\" \/>\r\n                                                                                                                    <\/div>\r\n                                                        <div class=\"vcenter tcode-es-artist-title-container\">\r\n                                                            <div class=\"tcode-es-artist-title\" style=\"color: ;\">\r\n                                                                Moderated by: Kait Bolongaro                                                            <\/div>\r\n                                                                                                                            <div class=\"artist-position\" style=\"color: ;\">\r\n                                                                    Managing Editor for Europe, MLex                                                                <\/div>\r\n                                                                                                                    <\/div>\r\n                                                                                                                                                                            <div class=\"vcenter\">\r\n                                                                                                                                    <a href=\"https:\/\/www.linkedin.com\/in\/kait-bolongaro-2941362b\/\" target=\"_blank\" class=\"tcode-social-icon tcode-ico-linkedin\"><\/a>\r\n                                                                                                                            <\/div>\r\n                                                                                                            <\/div>\r\n                                                <\/div>\r\n                                                                                                                        <\/div>\r\n                                <\/div>\r\n                            <\/div>\r\n                        <\/div>\r\n                                                                                            <div style=\"background-color: #FFFFFF;\" class=\"row scheduled-event event-collapsed event-visible\" data-date=\"2025-07-03\" data-location=\"\">\r\n                            <div class=\"col-md-12\">\r\n                                <div class=\"row\">\r\n                                                                        <div class=\"col-md-2 vcenter \">\r\n                                                                                                                                    <div class=\"event-time text-center\" style=\"color: ;\">\r\n                                                    <span class=\"time-starts\">15:05<\/span>\r\n                                                                                                            - <span class=\"time-ends\">15:20<\/span>\r\n                                                                                                    <\/div>\r\n                                                                                                                        <\/div><div class=\"col-md-9 vcenter\">\r\n                                        <div class=\"row\">\r\n                                                                                        <div class=\"col-md-12 event-title\" style=\"color: ;\">Keynote Presentation: The Digital Networks Act<\/div>\r\n                                        <\/div>\r\n                                    <\/div><div class=\"col-md-1 vcenter\">\r\n                                        <div class=\"event-icon pull-right\">\r\n                                            <i class=\"tcode-ico-grot-down\" data-state=\"collapsed\" style=\"color: ;\"><\/i>\r\n                                        <\/div>\r\n                                    <\/div>\r\n                                <\/div>\r\n                                <div class=\"row event-excerpt\">\r\n                                    <div class=\"col-md-12\">\r\n                                        <div class=\"row event-content\">\r\n                                            <div class=\"col-md-8 col-md-offset-2\" style=\"color: ;\">\r\n                                                                                            <\/div>\r\n                                        <\/div>\r\n                                                                                                                                    <div class=\"row artist-row\" data-effect=\"mfp-zoom-in\">\r\n                                                    <div class=\"tcode-artist-popover hidden\">\r\n                                                        <div>\r\n                                                            <div class=\"row\">\r\n                                                                <div class=\"col-xs-12 col-sm-4\">\r\n                                                                    <div class=\"artist-image center-block\">\r\n                                                                                                                                                                                                                                <img decoding=\"async\" class=\"img-responsive center-block\" alt=\"Keynote Presentation: The Digital Networks Act image\" src=\"https:\/\/euspaceforum.com\/2025\/wp-content\/uploads\/2022\/09\/Kamila-Kloc-WebsiteMailing-120x120.png\" \/>\r\n                                                                                                                                            <\/div>\r\n                                                                                                                                                                                                                <div class=\"row artist-media text-center\">\r\n                                                                                                                                                            <a href=\"https:\/\/www.linkedin.com\/in\/kamakloc\/?originalSubdomain=be\" target=\"_blank\" class=\"tcode-social-icon tcode-ico-linkedin\"><\/a>\r\n                                                                                                                                                    <\/div>\r\n                                                                                                                                    <\/div>\r\n                                                                <div class=\"col-xs-12 col-sm-8 artist-details-container\">\r\n                                                                    <div class=\"tcode-es-artist-title\">\r\n                                                                        <a href=\"#\">\r\n                                                                            Kamila Kloc                                                                        <\/a>\r\n                                                                    <\/div>\r\n                                                                                                                                            <div class=\"artist-position\">\r\n                                                                            Director, Digital Decade and Connectivity, DG CONNECT, European Commission                                                                        <\/div>\r\n                                                                                                                                        <div class=\"artist-content\">\r\n                                                                        <p><span style=\"font-weight: 400;\">Dr Kamila Kloc joined the European Commission in December 2004.<\/span><\/p>\n<p><span style=\"font-weight: 400;\">As of July 2023 Kamila was nominated as the Director of Directorate B Digital Decade and Connectivity of Directorate General for Communications Networks, Content and Technology (DG CONNECT) after acting in this position from February 2023. She held a position of the Head of Markets&#8217; Unit in the same Directorate from 2019.<\/span><\/p>\n<p><span style=\"font-weight: 400;\">Previously she served as Deputy Head of Cabinet for Vice President Ansip responsible for Digital Single Market. Prior to joining the Cabinet, she worked at Directorate General for Energy coordinating exemptions from regulatory access rules for gas pipelines. During the Polish Presidency in 2011, she was seconded by the Commission to the President\u2019s office of the Polish Energy Regulatory Authority.<\/span><\/p>\n<p><span style=\"font-weight: 400;\">Earlier, she worked for 5 years at the Directorate General for Competition dealing with merger and antitrust cases.<\/span><\/p>\n<p><span style=\"font-weight: 400;\">Prior to joining the Commission, she was employed at the Office for Competition and Consumer Protection in Poland as Adviser to the President. Kamila Kloc started her professional career in academia and taught at the Warsaw School of Economics as Assistant Professor. She has written her PhD on the role of competition policy in the public utilities sector with a special emphasis on telecommunications. She was a Fulbright scholar at the University of California in Berkeley and a Chevening fellow at Oxford University.\u00a0<\/span><\/p>\n<p>&nbsp;<\/p>\n                                                                    <\/div>\r\n                                                                <\/div>\r\n                                                            <\/div>\r\n                                                        <\/div>\r\n                                                    <\/div>\r\n                                                    <div class=\"col-md-10 col-md-offset-2 tcode-es-artist-title-col vcenter\">\r\n                                                        <div class=\"vcenter artist-image\">\r\n                                                                                                                                                                                            <img decoding=\"async\" class=\"img-responsive\" alt=\"Keynote Presentation: The Digital Networks Act image\" src=\"https:\/\/euspaceforum.com\/2025\/wp-content\/uploads\/2022\/09\/Kamila-Kloc-WebsiteMailing-90x90.png\" \/>\r\n                                                                                                                    <\/div>\r\n                                                        <div class=\"vcenter tcode-es-artist-title-container\">\r\n                                                            <div class=\"tcode-es-artist-title\" style=\"color: ;\">\r\n                                                                Kamila Kloc                                                            <\/div>\r\n                                                                                                                            <div class=\"artist-position\" style=\"color: ;\">\r\n                                                                    Director, Digital Decade and Connectivity, DG CONNECT, European Commission                                                                <\/div>\r\n                                                                                                                    <\/div>\r\n                                                                                                                                                                            <div class=\"vcenter\">\r\n                                                                                                                                    <a href=\"https:\/\/www.linkedin.com\/in\/kamakloc\/?originalSubdomain=be\" target=\"_blank\" class=\"tcode-social-icon tcode-ico-linkedin\"><\/a>\r\n                                                                                                                            <\/div>\r\n                                                                                                            <\/div>\r\n                                                <\/div>\r\n                                                                                                                        <\/div>\r\n                                <\/div>\r\n                            <\/div>\r\n                        <\/div>\r\n                                                                                            <div style=\"background-color: #FFFFFF;\" class=\"row scheduled-event event-collapsed event-visible\" data-date=\"2025-07-03\" data-location=\"\">\r\n                            <div class=\"col-md-12\">\r\n                                <div class=\"row\">\r\n                                                                        <div class=\"col-md-2 vcenter \">\r\n                                                                                                                                    <div class=\"event-time text-center\" style=\"color: ;\">\r\n                                                    <span class=\"time-starts\">15:20<\/span>\r\n                                                                                                            - <span class=\"time-ends\">15:35<\/span>\r\n                                                                                                    <\/div>\r\n                                                                                                                        <\/div><div class=\"col-md-9 vcenter\">\r\n                                        <div class=\"row\">\r\n                                                                                        <div class=\"col-md-12 event-title\" style=\"color: ;\">Presentation: ITU<\/div>\r\n                                        <\/div>\r\n                                    <\/div><div class=\"col-md-1 vcenter\">\r\n                                        <div class=\"event-icon pull-right\">\r\n                                            <i class=\"tcode-ico-grot-down\" data-state=\"collapsed\" style=\"color: ;\"><\/i>\r\n                                        <\/div>\r\n                                    <\/div>\r\n                                <\/div>\r\n                                <div class=\"row event-excerpt\">\r\n                                    <div class=\"col-md-12\">\r\n                                        <div class=\"row event-content\">\r\n                                            <div class=\"col-md-8 col-md-offset-2\" style=\"color: ;\">\r\n                                                                                            <\/div>\r\n                                        <\/div>\r\n                                                                                                                                    <div class=\"row artist-row\" data-effect=\"mfp-zoom-in\">\r\n                                                    <div class=\"tcode-artist-popover hidden\">\r\n                                                        <div>\r\n                                                            <div class=\"row\">\r\n                                                                <div class=\"col-xs-12 col-sm-4\">\r\n                                                                    <div class=\"artist-image center-block\">\r\n                                                                                                                                                                                                                                <img decoding=\"async\" class=\"img-responsive center-block\" alt=\"Presentation: ITU image\" src=\"https:\/\/euspaceforum.com\/2025\/wp-content\/uploads\/2022\/09\/Nick-Sinanis-WebsiteMailing-120x120.png\" \/>\r\n                                                                                                                                            <\/div>\r\n                                                                                                                                                                                                                <div class=\"row artist-media text-center\">\r\n                                                                                                                                                            <a href=\"https:\/\/www.linkedin.com\/in\/sinanis\/\" target=\"_blank\" class=\"tcode-social-icon tcode-ico-linkedin\"><\/a>\r\n                                                                                                                                                    <\/div>\r\n                                                                                                                                    <\/div>\r\n                                                                <div class=\"col-xs-12 col-sm-8 artist-details-container\">\r\n                                                                    <div class=\"tcode-es-artist-title\">\r\n                                                                        <a href=\"#\">\r\n                                                                            Nick Sinanis                                                                        <\/a>\r\n                                                                    <\/div>\r\n                                                                                                                                            <div class=\"artist-position\">\r\n                                                                            Counsellor for ITU-R Study Group 4, ITU                                                                        <\/div>\r\n                                                                                                                                        <div class=\"artist-content\">\r\n                                                                        <p><span style=\"font-weight: 400;\">Nick Sinanis is the Counsellor for ITU-R Study Group 4 which deals with satellite radiocommunication services at ITU, ensuring the efficient collaboration among the ITU membership, facilitating the outcome of the studies of the World Radiocommunication Conference, delivering Recommendations and Reports. Previously he has covered another position in the ITU Space Services Department. He has extensive experience in regulatory telecommunications policy and processes for terrestrial and space radiocommunications.<\/span><\/p>\n<p><span style=\"font-weight: 400;\">Nick holds a master\u2019s degree in physics and a doctorate degree in technical sciences. He has collaborated in the past with numerous universities, research centres and has several technical publications in network modelling and performance evaluation.<\/span><\/p>\n<p>&nbsp;<\/p>\n                                                                    <\/div>\r\n                                                                <\/div>\r\n                                                            <\/div>\r\n                                                        <\/div>\r\n                                                    <\/div>\r\n                                                    <div class=\"col-md-10 col-md-offset-2 tcode-es-artist-title-col vcenter\">\r\n                                                        <div class=\"vcenter artist-image\">\r\n                                                                                                                                                                                            <img decoding=\"async\" class=\"img-responsive\" alt=\"Presentation: ITU image\" src=\"https:\/\/euspaceforum.com\/2025\/wp-content\/uploads\/2022\/09\/Nick-Sinanis-WebsiteMailing-90x90.png\" \/>\r\n                                                                                                                    <\/div>\r\n                                                        <div class=\"vcenter tcode-es-artist-title-container\">\r\n                                                            <div class=\"tcode-es-artist-title\" style=\"color: ;\">\r\n                                                                Nick Sinanis                                                            <\/div>\r\n                                                                                                                            <div class=\"artist-position\" style=\"color: ;\">\r\n                                                                    Counsellor for ITU-R Study Group 4, ITU                                                                <\/div>\r\n                                                                                                                    <\/div>\r\n                                                                                                                                                                            <div class=\"vcenter\">\r\n                                                                                                                                    <a href=\"https:\/\/www.linkedin.com\/in\/sinanis\/\" target=\"_blank\" class=\"tcode-social-icon tcode-ico-linkedin\"><\/a>\r\n                                                                                                                            <\/div>\r\n                                                                                                            <\/div>\r\n                                                <\/div>\r\n                                                                                                                        <\/div>\r\n                                <\/div>\r\n                            <\/div>\r\n                        <\/div>\r\n                                                                                            <div style=\"background-color: #FFFFFF;\" class=\"row scheduled-event event-collapsed event-visible\" data-date=\"2025-07-03\" data-location=\"\">\r\n                            <div class=\"col-md-12\">\r\n                                <div class=\"row\">\r\n                                                                        <div class=\"col-md-2 vcenter \">\r\n                                                                                                                                    <div class=\"event-time text-center\" style=\"color: ;\">\r\n                                                    <span class=\"time-starts\">15:35<\/span>\r\n                                                                                                            - <span class=\"time-ends\">15:45<\/span>\r\n                                                                                                    <\/div>\r\n                                                                                                                        <\/div><div class=\"col-md-9 vcenter\">\r\n                                        <div class=\"row\">\r\n                                                                                        <div class=\"col-md-12 event-title\" style=\"color: ;\">Presentation: Vodafone<\/div>\r\n                                        <\/div>\r\n                                    <\/div><div class=\"col-md-1 vcenter\">\r\n                                        <div class=\"event-icon pull-right\">\r\n                                            <i class=\"tcode-ico-grot-down\" data-state=\"collapsed\" style=\"color: ;\"><\/i>\r\n                                        <\/div>\r\n                                    <\/div>\r\n                                <\/div>\r\n                                <div class=\"row event-excerpt\">\r\n                                    <div class=\"col-md-12\">\r\n                                        <div class=\"row event-content\">\r\n                                            <div class=\"col-md-8 col-md-offset-2\" style=\"color: ;\">\r\n                                                                                            <\/div>\r\n                                        <\/div>\r\n                                                                                                                                    <div class=\"row artist-row\" data-effect=\"mfp-zoom-in\">\r\n                                                    <div class=\"tcode-artist-popover hidden\">\r\n                                                        <div>\r\n                                                            <div class=\"row\">\r\n                                                                <div class=\"col-xs-12 col-sm-4\">\r\n                                                                    <div class=\"artist-image center-block\">\r\n                                                                                                                                                                                                                                <img decoding=\"async\" class=\"img-responsive center-block\" alt=\"Presentation: Vodafone image\" src=\"https:\/\/euspaceforum.com\/2025\/wp-content\/uploads\/2022\/09\/Ben-Wreschner-WebsiteMailing-120x120.png\" \/>\r\n                                                                                                                                            <\/div>\r\n                                                                                                                                                                                                                <div class=\"row artist-media text-center\">\r\n                                                                                                                                                            <a href=\"https:\/\/www.linkedin.com\/in\/ben-wreschner-17a1483\/?originalSubdomain=uk\" target=\"_blank\" class=\"tcode-social-icon tcode-ico-linkedin\"><\/a>\r\n                                                                                                                                                    <\/div>\r\n                                                                                                                                    <\/div>\r\n                                                                <div class=\"col-xs-12 col-sm-8 artist-details-container\">\r\n                                                                    <div class=\"tcode-es-artist-title\">\r\n                                                                        <a href=\"#\">\r\n                                                                            Ben Wreschner                                                                        <\/a>\r\n                                                                    <\/div>\r\n                                                                                                                                            <div class=\"artist-position\">\r\n                                                                            Group Regulatory Policy Director, Vodafone                                                                        <\/div>\r\n                                                                                                                                        <div class=\"artist-content\">\r\n                                                                        <p><span style=\"font-weight: 400;\">Ben Wreschner joined Vodafone in February 2011 and is the Group Regulatory Policy Director for the Vodafone Group. Prior to joining Vodafone Mr Wreschner qualified as a Chartered Accountant with PricewaterhouseCoopers in 1999 and then joined the PwC telecoms consulting practice. In 2009 Ben joined Ovum\u2019s regulatory consulting practice. Mr Wreschner is an expert in regulatory strategy, market analysis, regulated pricing, cost modelling and regulatory accounting overseeing Vodafone\u2019s work in this field across all its territories and having previously advised operators and regulators on such matters in over 25 different countries. He has worked extensively in the Brussels policy environment representing Vodafone at key meetings with policy makers (European Commission, European Parliament, European Council, BEREC) and industry bodies (GSMA, ECTA).<\/span><\/p>\n<p><span style=\"font-weight: 400;\">Mr Wreschner passed the Certified Financial Analyst exams (CFA) in 2003. He holds a BSc (Econ) from the London School of Economics.<\/span><\/p>\n                                                                    <\/div>\r\n                                                                <\/div>\r\n                                                            <\/div>\r\n                                                        <\/div>\r\n                                                    <\/div>\r\n                                                    <div class=\"col-md-10 col-md-offset-2 tcode-es-artist-title-col vcenter\">\r\n                                                        <div class=\"vcenter artist-image\">\r\n                                                                                                                                                                                            <img decoding=\"async\" class=\"img-responsive\" alt=\"Presentation: Vodafone image\" src=\"https:\/\/euspaceforum.com\/2025\/wp-content\/uploads\/2022\/09\/Ben-Wreschner-WebsiteMailing-90x90.png\" \/>\r\n                                                                                                                    <\/div>\r\n                                                        <div class=\"vcenter tcode-es-artist-title-container\">\r\n                                                            <div class=\"tcode-es-artist-title\" style=\"color: ;\">\r\n                                                                Ben Wreschner                                                            <\/div>\r\n                                                                                                                            <div class=\"artist-position\" style=\"color: ;\">\r\n                                                                    Group Regulatory Policy Director, Vodafone                                                                <\/div>\r\n                                                                                                                    <\/div>\r\n                                                                                                                                                                            <div class=\"vcenter\">\r\n                                                                                                                                    <a href=\"https:\/\/www.linkedin.com\/in\/ben-wreschner-17a1483\/?originalSubdomain=uk\" target=\"_blank\" class=\"tcode-social-icon tcode-ico-linkedin\"><\/a>\r\n                                                                                                                            <\/div>\r\n                                                                                                            <\/div>\r\n                                                <\/div>\r\n                                                                                                                        <\/div>\r\n                                <\/div>\r\n                            <\/div>\r\n                        <\/div>\r\n                                                                                            <div style=\"background-color: #FFFFFF;\" class=\"row scheduled-event event-collapsed event-visible\" data-date=\"2025-07-03\" data-location=\"\">\r\n                            <div class=\"col-md-12\">\r\n                                <div class=\"row\">\r\n                                                                        <div class=\"col-md-2 vcenter \">\r\n                                                                                                                                    <div class=\"event-time text-center\" style=\"color: ;\">\r\n                                                    <span class=\"time-starts\">15:45<\/span>\r\n                                                                                                            - <span class=\"time-ends\">16:50<\/span>\r\n                                                                                                    <\/div>\r\n                                                                                                                        <\/div><div class=\"col-md-9 vcenter\">\r\n                                        <div class=\"row\">\r\n                                                                                        <div class=\"col-md-12 event-title\" style=\"color: ;\">Session 9: Spectrum, Licencing and the Evolution of Non-Terrestrial Networks<\/div>\r\n                                        <\/div>\r\n                                    <\/div><div class=\"col-md-1 vcenter\">\r\n                                        <div class=\"event-icon pull-right\">\r\n                                            <i class=\"tcode-ico-grot-down\" data-state=\"collapsed\" style=\"color: ;\"><\/i>\r\n                                        <\/div>\r\n                                    <\/div>\r\n                                <\/div>\r\n                                <div class=\"row event-excerpt\">\r\n                                    <div class=\"col-md-12\">\r\n                                        <div class=\"row event-content\">\r\n                                            <div class=\"col-md-8 col-md-offset-2\" style=\"color: ;\">\r\n                                                <p><span style=\"font-weight: 400;\">As the demand for satellite connectivity grows, so does the demand for access to the necessary spectrum that is required to power and support this growth. The challenges of spectrum allocation and licencing for Non-Terrestrial Networks are becoming increasingly complex. This is illustrated by the fact that in the current four-year cycle as we build up to ITU\u2019s 2027 World Radiocommunication Conference (WRC-27), eighty per cent of the agenda items that are being studied are related in some way to satellite and NTN services. This session will examine how the evolution of the satellite sector is reshaping the framework for spectrum licencing and access models, highlighting the regulatory challenges and opportunities that arise as a result. It will explore key issues on the WRC-27 agenda and their potential impact on the future development of various NTN technologies. The discussion will focus on how to establish a sustainable spectrum framework that not only safeguards existing services but also fosters innovation and supports new market entrants.<\/span><\/p>\n<p>&nbsp;<\/p>\n<ul>\n<li style=\"font-weight: 400;\" aria-level=\"1\"><span style=\"font-weight: 400;\">What challenges and opportunities are currently being seen relating to space-based services and NTN connectivity across Europe and globally?<\/span><span style=\"font-weight: 400;\"><br \/>\n<\/span><\/li>\n<li style=\"font-weight: 400;\" aria-level=\"1\"><span style=\"font-weight: 400;\">How is the growth of LEO satellite systems transforming the framework that governs satellite spectrum licencing and access models, and what challenges are their unique deployment models creating for regulators?<\/span><span style=\"font-weight: 400;\"><br \/>\n<\/span><\/li>\n<li style=\"font-weight: 400;\" aria-level=\"1\"><span style=\"font-weight: 400;\">What strategies can regulators adopt to facilitate coexistence among GEO, MEO, and LEO operators while avoiding interference and ensuring equitable access? How can interference with terrestrial systems also be avoided?<\/span><span style=\"font-weight: 400;\"><br \/>\n<\/span><\/li>\n<li style=\"font-weight: 400;\" aria-level=\"1\"><span style=\"font-weight: 400;\">What decisions regarding spectrum licencing and management for satellite operators take place at a member state, European and global level respectively? What level of coordination is seen, and how important is it that a harmonised framework is delivered in order to avoid fragmentation?<\/span><span style=\"font-weight: 400;\"><br \/>\n<\/span><\/li>\n<li style=\"font-weight: 400;\" aria-level=\"1\"><span style=\"font-weight: 400;\">To what extent will decisions at WRC-27 shape the future ecosystem, and help both industry and regulators adapt to the changes that are being seen? What should be the key regional objectives for Europe for WRC-27 regarding the NTN agenda items, and how can it be ensured that these are achieved?<\/span><span style=\"font-weight: 400;\"><br \/>\n<\/span><\/li>\n<li style=\"font-weight: 400;\" aria-level=\"1\"><span style=\"font-weight: 400;\">How could the agenda items that have been put forward potentially affect how direct-to-device connectivity, GSO, ESIMS and other services are delivered? Do these go far enough and to what extent can they help deliver the flexibility required to meet the future connectivity requirements of the evolving satellite sector?<\/span><span style=\"font-weight: 400;\"><br \/>\n<\/span><\/li>\n<li style=\"font-weight: 400;\" aria-level=\"1\"><span style=\"font-weight: 400;\">What role are NTNs set to play as part of the 6G ecosystem, and how can we ensure that the necessary spectrum and connectivity are available to fully realise their potential?<\/span><\/li>\n<\/ul>\n                                            <\/div>\r\n                                        <\/div>\r\n                                                                                                                                    <div class=\"row artist-row\" data-effect=\"mfp-zoom-in\">\r\n                                                    <div class=\"tcode-artist-popover hidden\">\r\n                                                        <div>\r\n                                                            <div class=\"row\">\r\n                                                                <div class=\"col-xs-12 col-sm-4\">\r\n                                                                    <div class=\"artist-image center-block\">\r\n                                                                                                                                                                                                                                <img decoding=\"async\" class=\"img-responsive center-block\" alt=\"Session 9: Spectrum, Licencing and the Evolution of Non-Terrestrial Networks image\" src=\"https:\/\/euspaceforum.com\/2025\/wp-content\/uploads\/2022\/09\/Gerasimos-Sofianatos-WebsiteMailing-120x120.png\" \/>\r\n                                                                                                                                            <\/div>\r\n                                                                                                                                                                                                                <div class=\"row artist-media text-center\">\r\n                                                                                                                                                            <a href=\"https:\/\/www.linkedin.com\/in\/gerasimos-sofianatos-b4351298\/?originalSubdomain=be\" target=\"_blank\" class=\"tcode-social-icon tcode-ico-linkedin\"><\/a>\r\n                                                                                                                                                    <\/div>\r\n                                                                                                                                    <\/div>\r\n                                                                <div class=\"col-xs-12 col-sm-8 artist-details-container\">\r\n                                                                    <div class=\"tcode-es-artist-title\">\r\n                                                                        <a href=\"#\">\r\n                                                                            Gerasimos Sofianatos                                                                        <\/a>\r\n                                                                    <\/div>\r\n                                                                                                                                            <div class=\"artist-position\">\r\n                                                                            Head of Unit, Radio Spectrum Policy, DG CONNECT, European Commission                                                                        <\/div>\r\n                                                                                                                                        <div class=\"artist-content\">\r\n                                                                        <p><span style=\"font-weight: 400;\">Gerasimos Sofianatos is the newly appointed Head of Unit of Connect B5, Radio Spectrum Policy Unit. Previously, he was Deputy Head of DG Connect Unit Connect B5, \u201cInvestment in high-capacity networks\u201d. He has been working for the Commission since 2011, in different positions in DG Connect, in Directorate B, dealing with the policy and implementation of the EU Regulatory Framework for Electronic Communications. Gerasimos led the team monitoring and implementing EU law and in particular the European Electronic Communications Code, a piece of legislation in the drafting and negotiation of which he was actively involved. Prior to joining the Commission, Gerasimos worked as legal officer at the Cypriot National Regulatory Authority for Electronic Communications (OCECPR). Before joining the Commission, he was a Member of the Athens Bar Association and practiced competition law. He holds a Masters degree in Business Law and a PhD in competition law at the Paris 1- Sorbonne University. He holds a law degree from the Aristotle University of Thessaloniki and a post-graduate degree in Economics for Competition law from the King\u2019s College London. Gerasimos is of Greek nationality and speaks Greek, English, and French.<\/span><\/p>\n                                                                    <\/div>\r\n                                                                <\/div>\r\n                                                            <\/div>\r\n                                                        <\/div>\r\n                                                    <\/div>\r\n                                                    <div class=\"col-md-10 col-md-offset-2 tcode-es-artist-title-col vcenter\">\r\n                                                        <div class=\"vcenter artist-image\">\r\n                                                                                                                                                                                            <img decoding=\"async\" class=\"img-responsive\" alt=\"Session 9: Spectrum, Licencing and the Evolution of Non-Terrestrial Networks image\" src=\"https:\/\/euspaceforum.com\/2025\/wp-content\/uploads\/2022\/09\/Gerasimos-Sofianatos-WebsiteMailing-90x90.png\" \/>\r\n                                                                                                                    <\/div>\r\n                                                        <div class=\"vcenter tcode-es-artist-title-container\">\r\n                                                            <div class=\"tcode-es-artist-title\" style=\"color: ;\">\r\n                                                                Gerasimos Sofianatos                                                            <\/div>\r\n                                                                                                                            <div class=\"artist-position\" style=\"color: ;\">\r\n                                                                    Head of Unit, Radio Spectrum Policy, DG CONNECT, European Commission                                                                <\/div>\r\n                                                                                                                    <\/div>\r\n                                                                                                                                                                            <div class=\"vcenter\">\r\n                                                                                                                                    <a href=\"https:\/\/www.linkedin.com\/in\/gerasimos-sofianatos-b4351298\/?originalSubdomain=be\" target=\"_blank\" class=\"tcode-social-icon tcode-ico-linkedin\"><\/a>\r\n                                                                                                                            <\/div>\r\n                                                                                                            <\/div>\r\n                                                <\/div>\r\n                                                                                            <div class=\"row artist-row\" data-effect=\"mfp-zoom-in\">\r\n                                                    <div class=\"tcode-artist-popover hidden\">\r\n                                                        <div>\r\n                                                            <div class=\"row\">\r\n                                                                <div class=\"col-xs-12 col-sm-4\">\r\n                                                                    <div class=\"artist-image center-block\">\r\n                                                                                                                                                                                                                                <img decoding=\"async\" class=\"img-responsive center-block\" alt=\"Session 9: Spectrum, Licencing and the Evolution of Non-Terrestrial Networks image\" src=\"https:\/\/euspaceforum.com\/2025\/wp-content\/uploads\/2022\/09\/Peng-Zhao-Website-1-120x120.png\" \/>\r\n                                                                                                                                            <\/div>\r\n                                                                                                                                                                                                                <div class=\"row artist-media text-center\">\r\n                                                                                                                                                            <a href=\"https:\/\/www.linkedin.com\/in\/peng-zhao04\/?originalSubdomain=uk\" target=\"_blank\" class=\"tcode-social-icon tcode-ico-linkedin\"><\/a>\r\n                                                                                                                                                    <\/div>\r\n                                                                                                                                    <\/div>\r\n                                                                <div class=\"col-xs-12 col-sm-8 artist-details-container\">\r\n                                                                    <div class=\"tcode-es-artist-title\">\r\n                                                                        <a href=\"#\">\r\n                                                                            Peng Zhao                                                                        <\/a>\r\n                                                                    <\/div>\r\n                                                                                                                                            <div class=\"artist-position\">\r\n                                                                            VP Policy and Regulatory, GSOA                                                                        <\/div>\r\n                                                                                                                                        <div class=\"artist-content\">\r\n                                                                        <p><span style=\"font-weight: 400;\">Peng is the Vice President of Policy &amp; Regulatory at GSOA, where he leads advocacy efforts around spectrum management, licencing, and national policy initiatives. With experience in telecoms, mobile, and satellites, he has advised governments and industry players globally.<\/span><\/p>\n<p><span style=\"font-weight: 400;\">Previously at Eutelsat OneWeb, Peng shaped licencing frameworks for Low Earth Orbit constellations and satellite regulatory procedures for WRC-23. At GSMA, he ran a global campaign to improve spectrum licensing conditions for mobile operators, leading a global team of policy expert to engage with policymakers across developing markets.<\/span><\/p>\n<p><span style=\"font-weight: 400;\">Peng holds a Master\u2019s in Telecommunication from the Swiss Federal Institute of Technology and an Executive MBA from London Business School. He speaks English, Mandarin, and French fluently.<\/span><\/p>\n                                                                    <\/div>\r\n                                                                <\/div>\r\n                                                            <\/div>\r\n                                                        <\/div>\r\n                                                    <\/div>\r\n                                                    <div class=\"col-md-10 col-md-offset-2 tcode-es-artist-title-col vcenter\">\r\n                                                        <div class=\"vcenter artist-image\">\r\n                                                                                                                                                                                            <img decoding=\"async\" class=\"img-responsive\" alt=\"Session 9: Spectrum, Licencing and the Evolution of Non-Terrestrial Networks image\" src=\"https:\/\/euspaceforum.com\/2025\/wp-content\/uploads\/2022\/09\/Peng-Zhao-Website-1-90x90.png\" \/>\r\n                                                                                                                    <\/div>\r\n                                                        <div class=\"vcenter tcode-es-artist-title-container\">\r\n                                                            <div class=\"tcode-es-artist-title\" style=\"color: ;\">\r\n                                                                Peng Zhao                                                            <\/div>\r\n                                                                                                                            <div class=\"artist-position\" style=\"color: ;\">\r\n                                                                    VP Policy and Regulatory, GSOA                                                                <\/div>\r\n                                                                                                                    <\/div>\r\n                                                                                                                                                                            <div class=\"vcenter\">\r\n                                                                                                                                    <a href=\"https:\/\/www.linkedin.com\/in\/peng-zhao04\/?originalSubdomain=uk\" target=\"_blank\" class=\"tcode-social-icon tcode-ico-linkedin\"><\/a>\r\n                                                                                                                            <\/div>\r\n                                                                                                            <\/div>\r\n                                                <\/div>\r\n                                                                                            <div class=\"row artist-row\" data-effect=\"mfp-zoom-in\">\r\n                                                    <div class=\"tcode-artist-popover hidden\">\r\n                                                        <div>\r\n                                                            <div class=\"row\">\r\n                                                                <div class=\"col-xs-12 col-sm-4\">\r\n                                                                    <div class=\"artist-image center-block\">\r\n                                                                                                                                                                                                                                <img decoding=\"async\" class=\"img-responsive center-block\" alt=\"Session 9: Spectrum, Licencing and the Evolution of Non-Terrestrial Networks image\" src=\"https:\/\/euspaceforum.com\/2025\/wp-content\/uploads\/2022\/09\/Elizabeth-Quintana-WebsiteMailing-120x120.png\" \/>\r\n                                                                                                                                            <\/div>\r\n                                                                                                                                                                                                                <div class=\"row artist-media text-center\">\r\n                                                                                                                                                            <a href=\"https:\/\/www.linkedin.com\/in\/elizabeth-quintana-79a76314\/\" target=\"_blank\" class=\"tcode-social-icon tcode-ico-linkedin\"><\/a>\r\n                                                                                                                                                    <\/div>\r\n                                                                                                                                    <\/div>\r\n                                                                <div class=\"col-xs-12 col-sm-8 artist-details-container\">\r\n                                                                    <div class=\"tcode-es-artist-title\">\r\n                                                                        <a href=\"#\">\r\n                                                                            Elizabeth Quintana                                                                        <\/a>\r\n                                                                    <\/div>\r\n                                                                                                                                            <div class=\"artist-position\">\r\n                                                                            Principal, Satellite Industry Engagement, Ofcom                                                                        <\/div>\r\n                                                                                                                                        <div class=\"artist-content\">\r\n                                                                        <p>Bio to follow.<\/p>\n                                                                    <\/div>\r\n                                                                <\/div>\r\n                                                            <\/div>\r\n                                                        <\/div>\r\n                                                    <\/div>\r\n                                                    <div class=\"col-md-10 col-md-offset-2 tcode-es-artist-title-col vcenter\">\r\n                                                        <div class=\"vcenter artist-image\">\r\n                                                                                                                                                                                            <img decoding=\"async\" class=\"img-responsive\" alt=\"Session 9: Spectrum, Licencing and the Evolution of Non-Terrestrial Networks image\" src=\"https:\/\/euspaceforum.com\/2025\/wp-content\/uploads\/2022\/09\/Elizabeth-Quintana-WebsiteMailing-90x90.png\" \/>\r\n                                                                                                                    <\/div>\r\n                                                        <div class=\"vcenter tcode-es-artist-title-container\">\r\n                                                            <div class=\"tcode-es-artist-title\" style=\"color: ;\">\r\n                                                                Elizabeth Quintana                                                            <\/div>\r\n                                                                                                                            <div class=\"artist-position\" style=\"color: ;\">\r\n                                                                    Principal, Satellite Industry Engagement, Ofcom                                                                <\/div>\r\n                                                                                                                    <\/div>\r\n                                                                                                                                                                            <div class=\"vcenter\">\r\n                                                                                                                                    <a href=\"https:\/\/www.linkedin.com\/in\/elizabeth-quintana-79a76314\/\" target=\"_blank\" class=\"tcode-social-icon tcode-ico-linkedin\"><\/a>\r\n                                                                                                                            <\/div>\r\n                                                                                                            <\/div>\r\n                                                <\/div>\r\n                                                                                            <div class=\"row artist-row\" data-effect=\"mfp-zoom-in\">\r\n                                                    <div class=\"tcode-artist-popover hidden\">\r\n                                                        <div>\r\n                                                            <div class=\"row\">\r\n                                                                <div class=\"col-xs-12 col-sm-4\">\r\n                                                                    <div class=\"artist-image center-block\">\r\n                                                                                                                                                                                                                                <img decoding=\"async\" class=\"img-responsive center-block\" alt=\"Session 9: Spectrum, Licencing and the Evolution of Non-Terrestrial Networks image\" src=\"https:\/\/euspaceforum.com\/2025\/wp-content\/uploads\/2022\/09\/Sarah-Casenove-WebsiteMailing-120x120.png\" \/>\r\n                                                                                                                                            <\/div>\r\n                                                                                                                                                                                                                <div class=\"row artist-media text-center\">\r\n                                                                                                                                                            <a href=\"https:\/\/www.linkedin.com\/in\/sarah-casenove-20947812\/\" target=\"_blank\" class=\"tcode-social-icon tcode-ico-linkedin\"><\/a>\r\n                                                                                                                                                    <\/div>\r\n                                                                                                                                    <\/div>\r\n                                                                <div class=\"col-xs-12 col-sm-8 artist-details-container\">\r\n                                                                    <div class=\"tcode-es-artist-title\">\r\n                                                                        <a href=\"#\">\r\n                                                                            Sarah Casenove                                                                        <\/a>\r\n                                                                    <\/div>\r\n                                                                                                                                            <div class=\"artist-position\">\r\n                                                                            Head of Portfolio and Performance of Space Digital, Airbus Defence and Space                                                                        <\/div>\r\n                                                                                                                                        <div class=\"artist-content\">\r\n                                                                        <p><span style=\"font-weight: 400;\">Sarah Casenove, Head of Portfolio and Performance of Space Digital in Airbus has been working in the Defence and Space domain for over a decade in Sales, Strategy, Future Programmes and Portfolio Positions. She joined Airbus in 2013.\u00a0<\/span><\/p>\n<p><span style=\"font-weight: 400;\">Her main areas of activities have been Satcom based Solutions and innovative partnerships deals in the Satcom and Milsatcom domain, supporting the provision of Satellite Based Capacities for NATO and EU Nations. In her current role she is driving the future of Airbus solutions in Satcom, Military Space and Earth Observation domain to foster the emergence of full End of End solutions able to support the information superiority needs of allied nations, support first responders and crisis managers and foster sustainability initiatives around the globe.\u00a0<\/span><\/p>\n<p><span style=\"font-weight: 400;\">She holds a Master degree in International Relations and Defence Studies from Sciences Po Lille.\u00a0<\/span><\/p>\n                                                                    <\/div>\r\n                                                                <\/div>\r\n                                                            <\/div>\r\n                                                        <\/div>\r\n                                                    <\/div>\r\n                                                    <div class=\"col-md-10 col-md-offset-2 tcode-es-artist-title-col vcenter\">\r\n                                                        <div class=\"vcenter artist-image\">\r\n                                                                                                                                                                                            <img decoding=\"async\" class=\"img-responsive\" alt=\"Session 9: Spectrum, Licencing and the Evolution of Non-Terrestrial Networks image\" src=\"https:\/\/euspaceforum.com\/2025\/wp-content\/uploads\/2022\/09\/Sarah-Casenove-WebsiteMailing-90x90.png\" \/>\r\n                                                                                                                    <\/div>\r\n                                                        <div class=\"vcenter tcode-es-artist-title-container\">\r\n                                                            <div class=\"tcode-es-artist-title\" style=\"color: ;\">\r\n                                                                Sarah Casenove                                                            <\/div>\r\n                                                                                                                            <div class=\"artist-position\" style=\"color: ;\">\r\n                                                                    Head of Portfolio and Performance of Space Digital, Airbus Defence and Space                                                                <\/div>\r\n                                                                                                                    <\/div>\r\n                                                                                                                                                                            <div class=\"vcenter\">\r\n                                                                                                                                    <a href=\"https:\/\/www.linkedin.com\/in\/sarah-casenove-20947812\/\" target=\"_blank\" class=\"tcode-social-icon tcode-ico-linkedin\"><\/a>\r\n                                                                                                                            <\/div>\r\n                                                                                                            <\/div>\r\n                                                <\/div>\r\n                                                                                            <div class=\"row artist-row\" data-effect=\"mfp-zoom-in\">\r\n                                                    <div class=\"tcode-artist-popover hidden\">\r\n                                                        <div>\r\n                                                            <div class=\"row\">\r\n                                                                <div class=\"col-xs-12 col-sm-4\">\r\n                                                                    <div class=\"artist-image center-block\">\r\n                                                                                                                                                                                                                                <img decoding=\"async\" class=\"img-responsive center-block\" alt=\"Session 9: Spectrum, Licencing and the Evolution of Non-Terrestrial Networks image\" src=\"https:\/\/euspaceforum.com\/2025\/wp-content\/uploads\/2022\/09\/Ben-Wreschner-WebsiteMailing-120x120.png\" \/>\r\n                                                                                                                                            <\/div>\r\n                                                                                                                                                                                                                <div class=\"row artist-media text-center\">\r\n                                                                                                                                                            <a href=\"https:\/\/www.linkedin.com\/in\/ben-wreschner-17a1483\/?originalSubdomain=uk\" target=\"_blank\" class=\"tcode-social-icon tcode-ico-linkedin\"><\/a>\r\n                                                                                                                                                    <\/div>\r\n                                                                                                                                    <\/div>\r\n                                                                <div class=\"col-xs-12 col-sm-8 artist-details-container\">\r\n                                                                    <div class=\"tcode-es-artist-title\">\r\n                                                                        <a href=\"#\">\r\n                                                                            Ben Wreschner                                                                        <\/a>\r\n                                                                    <\/div>\r\n                                                                                                                                            <div class=\"artist-position\">\r\n                                                                            Group Regulatory Policy Director, Vodafone                                                                        <\/div>\r\n                                                                                                                                        <div class=\"artist-content\">\r\n                                                                        <p><span style=\"font-weight: 400;\">Ben Wreschner joined Vodafone in February 2011 and is the Group Regulatory Policy Director for the Vodafone Group. Prior to joining Vodafone Mr Wreschner qualified as a Chartered Accountant with PricewaterhouseCoopers in 1999 and then joined the PwC telecoms consulting practice. In 2009 Ben joined Ovum\u2019s regulatory consulting practice. Mr Wreschner is an expert in regulatory strategy, market analysis, regulated pricing, cost modelling and regulatory accounting overseeing Vodafone\u2019s work in this field across all its territories and having previously advised operators and regulators on such matters in over 25 different countries. He has worked extensively in the Brussels policy environment representing Vodafone at key meetings with policy makers (European Commission, European Parliament, European Council, BEREC) and industry bodies (GSMA, ECTA).<\/span><\/p>\n<p><span style=\"font-weight: 400;\">Mr Wreschner passed the Certified Financial Analyst exams (CFA) in 2003. He holds a BSc (Econ) from the London School of Economics.<\/span><\/p>\n                                                                    <\/div>\r\n                                                                <\/div>\r\n                                                            <\/div>\r\n                                                        <\/div>\r\n                                                    <\/div>\r\n                                                    <div class=\"col-md-10 col-md-offset-2 tcode-es-artist-title-col vcenter\">\r\n                                                        <div class=\"vcenter artist-image\">\r\n                                                                                                                                                                                            <img decoding=\"async\" class=\"img-responsive\" alt=\"Session 9: Spectrum, Licencing and the Evolution of Non-Terrestrial Networks image\" src=\"https:\/\/euspaceforum.com\/2025\/wp-content\/uploads\/2022\/09\/Ben-Wreschner-WebsiteMailing-90x90.png\" \/>\r\n                                                                                                                    <\/div>\r\n                                                        <div class=\"vcenter tcode-es-artist-title-container\">\r\n                                                            <div class=\"tcode-es-artist-title\" style=\"color: ;\">\r\n                                                                Ben Wreschner                                                            <\/div>\r\n                                                                                                                            <div class=\"artist-position\" style=\"color: ;\">\r\n                                                                    Group Regulatory Policy Director, Vodafone                                                                <\/div>\r\n                                                                                                                    <\/div>\r\n                                                                                                                                                                            <div class=\"vcenter\">\r\n                                                                                                                                    <a href=\"https:\/\/www.linkedin.com\/in\/ben-wreschner-17a1483\/?originalSubdomain=uk\" target=\"_blank\" class=\"tcode-social-icon tcode-ico-linkedin\"><\/a>\r\n                                                                                                                            <\/div>\r\n                                                                                                            <\/div>\r\n                                                <\/div>\r\n                                                                                            <div class=\"row artist-row\" data-effect=\"mfp-zoom-in\">\r\n                                                    <div class=\"tcode-artist-popover hidden\">\r\n                                                        <div>\r\n                                                            <div class=\"row\">\r\n                                                                <div class=\"col-xs-12 col-sm-4\">\r\n                                                                    <div class=\"artist-image center-block\">\r\n                                                                                                                                                                                                                                <img decoding=\"async\" class=\"img-responsive center-block\" alt=\"Session 9: Spectrum, Licencing and the Evolution of Non-Terrestrial Networks image\" src=\"https:\/\/euspaceforum.com\/2025\/wp-content\/uploads\/2022\/09\/Julien-Martin-WebsiteMailing-120x120.png\" \/>\r\n                                                                                                                                            <\/div>\r\n                                                                                                                                                                                                                <div class=\"row artist-media text-center\">\r\n                                                                                                                                                            <a href=\"https:\/\/www.linkedin.com\/in\/julien-m-412a451b3\/\" target=\"_blank\" class=\"tcode-social-icon tcode-ico-linkedin\"><\/a>\r\n                                                                                                                                                    <\/div>\r\n                                                                                                                                    <\/div>\r\n                                                                <div class=\"col-xs-12 col-sm-8 artist-details-container\">\r\n                                                                    <div class=\"tcode-es-artist-title\">\r\n                                                                        <a href=\"#\">\r\n                                                                            Moderated by: Julien Martin                                                                        <\/a>\r\n                                                                    <\/div>\r\n                                                                                                                                            <div class=\"artist-position\">\r\n                                                                            Consultant, NERA                                                                        <\/div>\r\n                                                                                                                                        <div class=\"artist-content\">\r\n                                                                        <p><span style=\"font-weight: 400;\">Julien Martin specializes in game theory and market design, with a focus on facilitating efficient resource allocation. He leverages his expertise to assist governments, regulators, and firms across a range of industries, ensuring optimal outcomes in complex market dynamics.<\/span><\/p>\n                                                                    <\/div>\r\n                                                                <\/div>\r\n                                                            <\/div>\r\n                                                        <\/div>\r\n                                                    <\/div>\r\n                                                    <div class=\"col-md-10 col-md-offset-2 tcode-es-artist-title-col vcenter\">\r\n                                                        <div class=\"vcenter artist-image\">\r\n                                                                                                                                                                                            <img decoding=\"async\" class=\"img-responsive\" alt=\"Session 9: Spectrum, Licencing and the Evolution of Non-Terrestrial Networks image\" src=\"https:\/\/euspaceforum.com\/2025\/wp-content\/uploads\/2022\/09\/Julien-Martin-WebsiteMailing-90x90.png\" \/>\r\n                                                                                                                    <\/div>\r\n                                                        <div class=\"vcenter tcode-es-artist-title-container\">\r\n                                                            <div class=\"tcode-es-artist-title\" style=\"color: ;\">\r\n                                                                Moderated by: Julien Martin                                                            <\/div>\r\n                                                                                                                            <div class=\"artist-position\" style=\"color: ;\">\r\n                                                                    Consultant, NERA                                                                <\/div>\r\n                                                                                                                    <\/div>\r\n                                                                                                                                                                            <div class=\"vcenter\">\r\n                                                                                                                                    <a href=\"https:\/\/www.linkedin.com\/in\/julien-m-412a451b3\/\" target=\"_blank\" class=\"tcode-social-icon tcode-ico-linkedin\"><\/a>\r\n                                                                                                                            <\/div>\r\n                                                                                                            <\/div>\r\n                                                <\/div>\r\n                                                                                                                        <\/div>\r\n                                <\/div>\r\n                            <\/div>\r\n                        <\/div>\r\n                                                                                            <div style=\"background-color: #FFFFFF;\" class=\"row scheduled-event event-collapsed event-visible hideExcerpt\" data-date=\"2025-07-03\" data-location=\"\">\r\n                            <div class=\"col-md-12\">\r\n                                <div class=\"row\">\r\n                                                                        <div class=\"col-md-2 vcenter \">\r\n                                                                                                                                    <div class=\"event-time text-center\" style=\"color: ;\">\r\n                                                    <span class=\"time-starts\">16:50<\/span>\r\n                                                                                                            - <span class=\"time-ends\">17:00<\/span>\r\n                                                                                                    <\/div>\r\n                                                                                                                        <\/div><div class=\"col-md-9 vcenter\">\r\n                                        <div class=\"row\">\r\n                                                                                        <div class=\"col-md-12 event-title\" style=\"color: ;\">Final Conclusions &#038; End of Conference<\/div>\r\n                                        <\/div>\r\n                                    <\/div><div class=\"col-md-1 vcenter\">\r\n                                        <div class=\"event-icon pull-right\">\r\n                                            <i class=\"tcode-ico-grot-down\" data-state=\"collapsed\" style=\"color: ;\"><\/i>\r\n                                        <\/div>\r\n                                    <\/div>\r\n                                <\/div>\r\n                                <div class=\"row event-excerpt\">\r\n                                    <div class=\"col-md-12\">\r\n                                        <div class=\"row event-content\">\r\n                                            <div class=\"col-md-8 col-md-offset-2\" style=\"color: ;\">\r\n                                                                                            <\/div>\r\n                                        <\/div>\r\n                                                                            <\/div>\r\n                                <\/div>\r\n                            <\/div>\r\n                        <\/div>\r\n                                                            \r\n                                <div class=\"row no-events text-center\">\r\n                    <div class=\"col-xs-12\">Select date to see events.<\/div>\r\n                <\/div>\r\n            <\/div>\r\n        <\/div>\r\n        <!-- End Desktop theme -->\r\n    <\/div>\r\n<\/div>\r\n\r\n\r\n<script type=\"text\/javascript\">\r\n    jQuery(document).ready(function($) {\r\n        \/\/ Init schedule script\r\n        $('.event-schedule').schedule({\r\n            showLocations: false,\r\n            keepAccordionsOpen: false,\r\n            openFirstAccordion: false        });\r\n        $('#days-carousel').tcodeslick({\r\n            slidesToShow: 2,\r\n            slidesToScroll: 2,\r\n            infinite: false,\r\n            prevArrow: '<a href=\"#\" class=\"slick-prev\"><\/a>',\r\n            nextArrow: '<a href=\"#\" class=\"slick-next\"><\/a>',\r\n            speed: 800,\r\n            easing: 'swing'\r\n        });\r\n    });\r\n<\/script>\r\n<\/div>\n\t\t\t\t\t\t<\/div>\n\t\t\t\t<\/div>\n\t\t\t\t<div class=\"elementor-element elementor-element-e150576 elementor-widget elementor-widget-spacer\" data-id=\"e150576\" data-element_type=\"widget\" data-widget_type=\"spacer.default\">\n\t\t\t\t<div class=\"elementor-widget-container\">\n\t\t\t\t\t\t\t<div class=\"elementor-spacer\">\n\t\t\t<div class=\"elementor-spacer-inner\"><\/div>\n\t\t<\/div>\n\t\t\t\t\t\t<\/div>\n\t\t\t\t<\/div>\n\t\t\t\t\t<\/div>\n\t\t<\/div>\n\t\t\t\t\t<\/div>\n\t\t<\/section>\n\t\t<div class=\"elementor-element elementor-element-937f509 elementor-hidden-desktop elementor-hidden-tablet elementor-hidden-mobile e-flex e-con-boxed e-con e-parent\" data-id=\"937f509\" data-element_type=\"container\" data-settings=\"{&quot;background_background&quot;:&quot;classic&quot;}\">\n\t\t\t\t\t<div class=\"e-con-inner\">\n\t\t<div class=\"elementor-element elementor-element-8d0d4b4 e-con-full e-flex e-con e-child\" data-id=\"8d0d4b4\" data-element_type=\"container\">\n\t\t\t\t<div class=\"elementor-element elementor-element-9e241d2 elementor-widget elementor-widget-heading\" data-id=\"9e241d2\" data-element_type=\"widget\" data-widget_type=\"heading.default\">\n\t\t\t\t<div class=\"elementor-widget-container\">\n\t\t\t\t\t<h2 class=\"elementor-heading-title elementor-size-default\">Agenda<\/h2>\t\t\t\t<\/div>\n\t\t\t\t<\/div>\n\t\t\t\t<div class=\"elementor-element elementor-element-f28c190 elementor-widget elementor-widget-text-editor\" data-id=\"f28c190\" data-element_type=\"widget\" data-widget_type=\"text-editor.default\">\n\t\t\t\t<div class=\"elementor-widget-container\">\n\t\t\t\t\t\t\t\t\t<p>The full conference agenda will be available soon, offering an in-depth overview of all sessions, speakers, and activities. Stay tuned for exciting updates!<\/p>\t\t\t\t\t\t\t\t<\/div>\n\t\t\t\t<\/div>\n\t\t\t\t<\/div>\n\t\t\t\t\t<\/div>\n\t\t\t\t<\/div>\n\t\t\t\t<section class=\"elementor-section elementor-top-section elementor-element elementor-element-272ce6a elementor-section-boxed elementor-section-height-default elementor-section-height-default\" data-id=\"272ce6a\" data-element_type=\"section\" id=\"sponsorshipopportunities\" data-settings=\"{&quot;background_background&quot;:&quot;classic&quot;}\">\n\t\t\t\t\t\t\t<div class=\"elementor-background-overlay\"><\/div>\n\t\t\t\t\t\t\t<div class=\"elementor-container elementor-column-gap-default\">\n\t\t\t\t\t<div class=\"elementor-column elementor-col-100 elementor-top-column elementor-element elementor-element-9fabbac\" data-id=\"9fabbac\" data-element_type=\"column\" id=\"sponsorshipopportunities\">\n\t\t\t<div class=\"elementor-widget-wrap elementor-element-populated\">\n\t\t\t\t\t\t<div class=\"elementor-element elementor-element-d17b028 elementor-widget elementor-widget-heading\" data-id=\"d17b028\" data-element_type=\"widget\" data-widget_type=\"heading.default\">\n\t\t\t\t<div class=\"elementor-widget-container\">\n\t\t\t\t\t<h2 class=\"elementor-heading-title elementor-size-default\">WORK WITH US<\/h2>\t\t\t\t<\/div>\n\t\t\t\t<\/div>\n\t\t\t\t<div class=\"elementor-element elementor-element-2441354 elementor-widget__width-inherit elementor-widget elementor-widget-heading\" data-id=\"2441354\" data-element_type=\"widget\" data-widget_type=\"heading.default\">\n\t\t\t\t<div class=\"elementor-widget-container\">\n\t\t\t\t\t<h2 class=\"elementor-heading-title elementor-size-default\">Sponsorship Opportunities<\/h2>\t\t\t\t<\/div>\n\t\t\t\t<\/div>\n\t\t\t\t<div class=\"elementor-element elementor-element-80227c9 elementor-widget elementor-widget-text-editor\" data-id=\"80227c9\" data-element_type=\"widget\" data-widget_type=\"text-editor.default\">\n\t\t\t\t<div class=\"elementor-widget-container\">\n\t\t\t\t\t\t\t\t\t<p>We have various speaking, sponsor, and wider visibility opportunities available at the event. Should you be interested in becoming involved at the <strong>European Space Forum<\/strong> please contact Tom Chinnock on <strong><span style=\"color: #8fd4f6;\"><span style=\"text-decoration: underline;\"><a href=\"mailto:space@forum-global.com\" target=\"_blank\" rel=\"noopener\">space@forum-global.com <\/a><\/span><\/span><\/strong>\/ +44 (0) 7785 795 015.\u00a0<\/p>\t\t\t\t\t\t\t\t<\/div>\n\t\t\t\t<\/div>\n\t\t\t\t<div class=\"elementor-element elementor-element-a988c4a elementor-align-center elementor-widget elementor-widget-button\" data-id=\"a988c4a\" data-element_type=\"widget\" data-widget_type=\"button.default\">\n\t\t\t\t<div class=\"elementor-widget-container\">\n\t\t\t\t\t\t\t\t\t<div class=\"elementor-button-wrapper\">\n\t\t\t\t\t<a class=\"elementor-button elementor-button-link elementor-size-sm\" href=\"https:\/\/euspaceforum.com\/2025\/wp-content\/uploads\/2025\/04\/The-European-Space-Forum-2025-Sponsorship-Brochure.pdf\" target=\"_blank\">\n\t\t\t\t\t\t<span class=\"elementor-button-content-wrapper\">\n\t\t\t\t\t\t<span class=\"elementor-button-icon\">\n\t\t\t\t<svg xmlns=\"http:\/\/www.w3.org\/2000\/svg\" height=\"512\" viewBox=\"0 0 512 512\" width=\"512\"><g id=\"Solid\"><path d=\"m239.029 384.97a24 24 0 0 0 33.942 0l90.509-90.509a24 24 0 0 0 0-33.941 24 24 0 0 0 -33.941 0l-49.539 49.539v-262.059a24 24 0 0 0 -48 0v262.059l-49.539-49.539a24 24 0 0 0 -33.941 0 24 24 0 0 0 0 33.941z\"><\/path><path d=\"m464 232a24 24 0 0 0 -24 24v184h-368v-184a24 24 0 0 0 -48 0v192a40 40 0 0 0 40 40h384a40 40 0 0 0 40-40v-192a24 24 0 0 0 -24-24z\"><\/path><\/g><\/svg>\t\t\t<\/span>\n\t\t\t\t\t\t\t\t\t<span class=\"elementor-button-text\">Download sponsorship brochure<\/span>\n\t\t\t\t\t<\/span>\n\t\t\t\t\t<\/a>\n\t\t\t\t<\/div>\n\t\t\t\t\t\t\t\t<\/div>\n\t\t\t\t<\/div>\n\t\t\t\t<section class=\"elementor-section elementor-inner-section elementor-element elementor-element-8f3cd7d elementor-section-boxed elementor-section-height-default elementor-section-height-default\" data-id=\"8f3cd7d\" data-element_type=\"section\">\n\t\t\t\t\t\t<div class=\"elementor-container elementor-column-gap-default\">\n\t\t\t\t\t<div class=\"elementor-column elementor-col-50 elementor-inner-column elementor-element elementor-element-654f4d3\" data-id=\"654f4d3\" data-element_type=\"column\">\n\t\t\t<div class=\"elementor-widget-wrap elementor-element-populated\">\n\t\t\t\t\t\t<div class=\"elementor-element elementor-element-10a1b9f elementor-hidden-mobile elementor-widget elementor-widget-image\" data-id=\"10a1b9f\" data-element_type=\"widget\" data-widget_type=\"image.default\">\n\t\t\t\t<div class=\"elementor-widget-container\">\n\t\t\t\t\t\t\t\t\t\t\t\t\t\t\t<img decoding=\"async\" width=\"128\" height=\"128\" src=\"https:\/\/euspaceforum.com\/2025\/wp-content\/uploads\/2024\/01\/checked-1.png\" class=\"attachment-thumbnail size-thumbnail wp-image-5973\" alt=\"\" srcset=\"https:\/\/euspaceforum.com\/2025\/wp-content\/uploads\/2024\/01\/checked-1.png 128w, https:\/\/euspaceforum.com\/2025\/wp-content\/uploads\/2024\/01\/checked-1-90x90.png 90w, https:\/\/euspaceforum.com\/2025\/wp-content\/uploads\/2024\/01\/checked-1-120x120.png 120w\" sizes=\"(max-width: 128px) 100vw, 128px\" loading=\"eager\" \/>\t\t\t\t\t\t\t\t\t\t\t\t\t\t\t<\/div>\n\t\t\t\t<\/div>\n\t\t\t\t\t<\/div>\n\t\t<\/div>\n\t\t\t\t<div class=\"elementor-column elementor-col-50 elementor-inner-column elementor-element elementor-element-e084e72\" data-id=\"e084e72\" data-element_type=\"column\">\n\t\t\t<div class=\"elementor-widget-wrap elementor-element-populated\">\n\t\t\t\t\t\t<div class=\"elementor-element elementor-element-d668384 elementor-widget elementor-widget-text-editor\" data-id=\"d668384\" data-element_type=\"widget\" data-widget_type=\"text-editor.default\">\n\t\t\t\t<div class=\"elementor-widget-container\">\n\t\t\t\t\t\t\t\t\t<p><span style=\"color: #8fd4f6;\"><strong>Exclusive speaking positions<\/strong><\/span> | Your organisation can contribute to the discussion.<\/p>\t\t\t\t\t\t\t\t<\/div>\n\t\t\t\t<\/div>\n\t\t\t\t\t<\/div>\n\t\t<\/div>\n\t\t\t\t\t<\/div>\n\t\t<\/section>\n\t\t\t\t<section class=\"elementor-section elementor-inner-section elementor-element elementor-element-c5de7de elementor-section-boxed elementor-section-height-default elementor-section-height-default\" data-id=\"c5de7de\" data-element_type=\"section\">\n\t\t\t\t\t\t<div class=\"elementor-container elementor-column-gap-default\">\n\t\t\t\t\t<div class=\"elementor-column elementor-col-50 elementor-inner-column elementor-element elementor-element-a5f42af elementor-hidden-mobile\" data-id=\"a5f42af\" data-element_type=\"column\">\n\t\t\t<div class=\"elementor-widget-wrap elementor-element-populated\">\n\t\t\t\t\t\t<div class=\"elementor-element elementor-element-5d251da elementor-widget elementor-widget-image\" data-id=\"5d251da\" data-element_type=\"widget\" data-widget_type=\"image.default\">\n\t\t\t\t<div class=\"elementor-widget-container\">\n\t\t\t\t\t\t\t\t\t\t\t\t\t\t\t<img decoding=\"async\" width=\"128\" height=\"128\" src=\"https:\/\/euspaceforum.com\/2025\/wp-content\/uploads\/2024\/01\/checked-1.png\" class=\"attachment-thumbnail size-thumbnail wp-image-5973\" alt=\"\" srcset=\"https:\/\/euspaceforum.com\/2025\/wp-content\/uploads\/2024\/01\/checked-1.png 128w, https:\/\/euspaceforum.com\/2025\/wp-content\/uploads\/2024\/01\/checked-1-90x90.png 90w, https:\/\/euspaceforum.com\/2025\/wp-content\/uploads\/2024\/01\/checked-1-120x120.png 120w\" sizes=\"(max-width: 128px) 100vw, 128px\" loading=\"eager\" \/>\t\t\t\t\t\t\t\t\t\t\t\t\t\t\t<\/div>\n\t\t\t\t<\/div>\n\t\t\t\t\t<\/div>\n\t\t<\/div>\n\t\t\t\t<div class=\"elementor-column elementor-col-50 elementor-inner-column elementor-element elementor-element-0b26dcf\" data-id=\"0b26dcf\" data-element_type=\"column\">\n\t\t\t<div class=\"elementor-widget-wrap elementor-element-populated\">\n\t\t\t\t\t\t<div class=\"elementor-element elementor-element-ce098c2 elementor-widget elementor-widget-text-editor\" data-id=\"ce098c2\" data-element_type=\"widget\" data-widget_type=\"text-editor.default\">\n\t\t\t\t<div class=\"elementor-widget-container\">\n\t\t\t\t\t\t\t\t\t<p><strong><span style=\"color: #8fd4f6;\">Engaging and interactive format<\/span> |<\/strong> Engage in a fully immersive and interactive debate with decision makers, businesses and policymakers.<\/p>\t\t\t\t\t\t\t\t<\/div>\n\t\t\t\t<\/div>\n\t\t\t\t\t<\/div>\n\t\t<\/div>\n\t\t\t\t\t<\/div>\n\t\t<\/section>\n\t\t\t\t<section class=\"elementor-section elementor-inner-section elementor-element elementor-element-1bcb2e4 elementor-section-boxed elementor-section-height-default elementor-section-height-default\" data-id=\"1bcb2e4\" data-element_type=\"section\">\n\t\t\t\t\t\t<div class=\"elementor-container elementor-column-gap-default\">\n\t\t\t\t\t<div class=\"elementor-column elementor-col-50 elementor-inner-column elementor-element elementor-element-ba789e1 elementor-hidden-mobile\" data-id=\"ba789e1\" data-element_type=\"column\">\n\t\t\t<div class=\"elementor-widget-wrap elementor-element-populated\">\n\t\t\t\t\t\t<div class=\"elementor-element elementor-element-efec4a9 elementor-widget elementor-widget-image\" data-id=\"efec4a9\" data-element_type=\"widget\" data-widget_type=\"image.default\">\n\t\t\t\t<div class=\"elementor-widget-container\">\n\t\t\t\t\t\t\t\t\t\t\t\t\t\t\t<img decoding=\"async\" width=\"128\" height=\"128\" src=\"https:\/\/euspaceforum.com\/2025\/wp-content\/uploads\/2024\/01\/checked-1.png\" class=\"attachment-thumbnail size-thumbnail wp-image-5973\" alt=\"\" srcset=\"https:\/\/euspaceforum.com\/2025\/wp-content\/uploads\/2024\/01\/checked-1.png 128w, https:\/\/euspaceforum.com\/2025\/wp-content\/uploads\/2024\/01\/checked-1-90x90.png 90w, https:\/\/euspaceforum.com\/2025\/wp-content\/uploads\/2024\/01\/checked-1-120x120.png 120w\" sizes=\"(max-width: 128px) 100vw, 128px\" loading=\"eager\" \/>\t\t\t\t\t\t\t\t\t\t\t\t\t\t\t<\/div>\n\t\t\t\t<\/div>\n\t\t\t\t\t<\/div>\n\t\t<\/div>\n\t\t\t\t<div class=\"elementor-column elementor-col-50 elementor-inner-column elementor-element elementor-element-6ef9d87\" data-id=\"6ef9d87\" data-element_type=\"column\">\n\t\t\t<div class=\"elementor-widget-wrap elementor-element-populated\">\n\t\t\t\t\t\t<div class=\"elementor-element elementor-element-41c93b8 elementor-widget elementor-widget-text-editor\" data-id=\"41c93b8\" data-element_type=\"widget\" data-widget_type=\"text-editor.default\">\n\t\t\t\t<div class=\"elementor-widget-container\">\n\t\t\t\t\t\t\t\t\t<p><strong><span style=\"color: #8fd4f6;\">EU and Global Outreach<\/span>\u00a0|<\/strong> Convey your message to a broad and international audience.<\/p>\t\t\t\t\t\t\t\t<\/div>\n\t\t\t\t<\/div>\n\t\t\t\t\t<\/div>\n\t\t<\/div>\n\t\t\t\t\t<\/div>\n\t\t<\/section>\n\t\t\t\t<section class=\"elementor-section elementor-inner-section elementor-element elementor-element-a6b1ea1 elementor-section-boxed elementor-section-height-default elementor-section-height-default\" data-id=\"a6b1ea1\" data-element_type=\"section\">\n\t\t\t\t\t\t<div class=\"elementor-container elementor-column-gap-default\">\n\t\t\t\t\t<div class=\"elementor-column elementor-col-50 elementor-inner-column elementor-element elementor-element-7986a0f elementor-hidden-mobile\" data-id=\"7986a0f\" data-element_type=\"column\">\n\t\t\t<div class=\"elementor-widget-wrap elementor-element-populated\">\n\t\t\t\t\t\t<div class=\"elementor-element elementor-element-986087b elementor-widget elementor-widget-image\" data-id=\"986087b\" data-element_type=\"widget\" data-widget_type=\"image.default\">\n\t\t\t\t<div class=\"elementor-widget-container\">\n\t\t\t\t\t\t\t\t\t\t\t\t\t\t\t<img decoding=\"async\" width=\"128\" height=\"128\" src=\"https:\/\/euspaceforum.com\/2025\/wp-content\/uploads\/2024\/01\/checked-1.png\" class=\"attachment-thumbnail size-thumbnail wp-image-5973\" alt=\"\" srcset=\"https:\/\/euspaceforum.com\/2025\/wp-content\/uploads\/2024\/01\/checked-1.png 128w, https:\/\/euspaceforum.com\/2025\/wp-content\/uploads\/2024\/01\/checked-1-90x90.png 90w, https:\/\/euspaceforum.com\/2025\/wp-content\/uploads\/2024\/01\/checked-1-120x120.png 120w\" sizes=\"(max-width: 128px) 100vw, 128px\" loading=\"eager\" \/>\t\t\t\t\t\t\t\t\t\t\t\t\t\t\t<\/div>\n\t\t\t\t<\/div>\n\t\t\t\t\t<\/div>\n\t\t<\/div>\n\t\t\t\t<div class=\"elementor-column elementor-col-50 elementor-inner-column elementor-element elementor-element-b64e7f9\" data-id=\"b64e7f9\" data-element_type=\"column\">\n\t\t\t<div class=\"elementor-widget-wrap elementor-element-populated\">\n\t\t\t\t\t\t<div class=\"elementor-element elementor-element-8f16867 elementor-widget elementor-widget-text-editor\" data-id=\"8f16867\" data-element_type=\"widget\" data-widget_type=\"text-editor.default\">\n\t\t\t\t<div class=\"elementor-widget-container\">\n\t\t\t\t\t\t\t\t\t<p><span style=\"color: #8fd4f6;\"><strong>Networking opportunities<\/strong><\/span> | Networking opportunities will be available to all in person attendees throughout the day.\u00a0<\/p>\t\t\t\t\t\t\t\t<\/div>\n\t\t\t\t<\/div>\n\t\t\t\t\t<\/div>\n\t\t<\/div>\n\t\t\t\t\t<\/div>\n\t\t<\/section>\n\t\t\t\t<section class=\"elementor-section elementor-inner-section elementor-element elementor-element-1bc02c4 elementor-section-boxed elementor-section-height-default elementor-section-height-default\" data-id=\"1bc02c4\" data-element_type=\"section\">\n\t\t\t\t\t\t<div class=\"elementor-container elementor-column-gap-default\">\n\t\t\t\t\t<div class=\"elementor-column elementor-col-50 elementor-inner-column elementor-element elementor-element-02af172 elementor-hidden-phone\" data-id=\"02af172\" data-element_type=\"column\">\n\t\t\t<div class=\"elementor-widget-wrap elementor-element-populated\">\n\t\t\t\t\t\t<div class=\"elementor-element elementor-element-8d0a87d elementor-widget elementor-widget-image\" data-id=\"8d0a87d\" data-element_type=\"widget\" data-widget_type=\"image.default\">\n\t\t\t\t<div class=\"elementor-widget-container\">\n\t\t\t\t\t\t\t\t\t\t\t\t\t\t\t<img decoding=\"async\" width=\"128\" height=\"128\" src=\"https:\/\/euspaceforum.com\/2025\/wp-content\/uploads\/2024\/01\/checked-1.png\" class=\"attachment-thumbnail size-thumbnail wp-image-5973\" alt=\"\" srcset=\"https:\/\/euspaceforum.com\/2025\/wp-content\/uploads\/2024\/01\/checked-1.png 128w, https:\/\/euspaceforum.com\/2025\/wp-content\/uploads\/2024\/01\/checked-1-90x90.png 90w, https:\/\/euspaceforum.com\/2025\/wp-content\/uploads\/2024\/01\/checked-1-120x120.png 120w\" sizes=\"(max-width: 128px) 100vw, 128px\" loading=\"eager\" \/>\t\t\t\t\t\t\t\t\t\t\t\t\t\t\t<\/div>\n\t\t\t\t<\/div>\n\t\t\t\t\t<\/div>\n\t\t<\/div>\n\t\t\t\t<div class=\"elementor-column elementor-col-50 elementor-inner-column elementor-element elementor-element-beecb99\" data-id=\"beecb99\" data-element_type=\"column\">\n\t\t\t<div class=\"elementor-widget-wrap elementor-element-populated\">\n\t\t\t\t\t\t<div class=\"elementor-element elementor-element-f65c187 elementor-widget elementor-widget-text-editor\" data-id=\"f65c187\" data-element_type=\"widget\" data-widget_type=\"text-editor.default\">\n\t\t\t\t<div class=\"elementor-widget-container\">\n\t\t\t\t\t\t\t\t\t<p><span style=\"color: #8fd4f6;\"><strong>Visibility opportunities<\/strong><\/span> | Ensure maximum visibility through branding in the room, on the event website and marketing activities.<\/p>\t\t\t\t\t\t\t\t<\/div>\n\t\t\t\t<\/div>\n\t\t\t\t\t<\/div>\n\t\t<\/div>\n\t\t\t\t\t<\/div>\n\t\t<\/section>\n\t\t\t\t<section class=\"elementor-section elementor-inner-section elementor-element elementor-element-2b7774c elementor-section-boxed elementor-section-height-default elementor-section-height-default\" data-id=\"2b7774c\" data-element_type=\"section\">\n\t\t\t\t\t\t<div class=\"elementor-container elementor-column-gap-default\">\n\t\t\t\t\t<div class=\"elementor-column elementor-col-50 elementor-inner-column elementor-element elementor-element-27760df\" data-id=\"27760df\" data-element_type=\"column\">\n\t\t\t<div class=\"elementor-widget-wrap elementor-element-populated\">\n\t\t\t\t\t\t<div class=\"elementor-element elementor-element-9e24651 elementor-hidden-mobile elementor-widget elementor-widget-image\" data-id=\"9e24651\" data-element_type=\"widget\" data-widget_type=\"image.default\">\n\t\t\t\t<div class=\"elementor-widget-container\">\n\t\t\t\t\t\t\t\t\t\t\t\t\t\t\t<img decoding=\"async\" width=\"128\" height=\"128\" src=\"https:\/\/euspaceforum.com\/2025\/wp-content\/uploads\/2024\/01\/checked-1.png\" class=\"attachment-thumbnail size-thumbnail wp-image-5973\" alt=\"\" srcset=\"https:\/\/euspaceforum.com\/2025\/wp-content\/uploads\/2024\/01\/checked-1.png 128w, https:\/\/euspaceforum.com\/2025\/wp-content\/uploads\/2024\/01\/checked-1-90x90.png 90w, https:\/\/euspaceforum.com\/2025\/wp-content\/uploads\/2024\/01\/checked-1-120x120.png 120w\" sizes=\"(max-width: 128px) 100vw, 128px\" loading=\"eager\" \/>\t\t\t\t\t\t\t\t\t\t\t\t\t\t\t<\/div>\n\t\t\t\t<\/div>\n\t\t\t\t\t<\/div>\n\t\t<\/div>\n\t\t\t\t<div class=\"elementor-column elementor-col-50 elementor-inner-column elementor-element elementor-element-f166173\" data-id=\"f166173\" data-element_type=\"column\">\n\t\t\t<div class=\"elementor-widget-wrap elementor-element-populated\">\n\t\t\t\t\t\t<div class=\"elementor-element elementor-element-adf00a2 elementor-widget elementor-widget-text-editor\" data-id=\"adf00a2\" data-element_type=\"widget\" data-widget_type=\"text-editor.default\">\n\t\t\t\t<div class=\"elementor-widget-container\">\n\t\t\t\t\t\t\t\t\t<p><span style=\"color: #8fd4f6;\"><strong>Exhibition and demos area<\/strong> <\/span>| Showcase your products and solutions or share a position paper with the audience at\u00a0 onsite exhibition booths.<\/p>\t\t\t\t\t\t\t\t<\/div>\n\t\t\t\t<\/div>\n\t\t\t\t\t<\/div>\n\t\t<\/div>\n\t\t\t\t\t<\/div>\n\t\t<\/section>\n\t\t\t\t\t<\/div>\n\t\t<\/div>\n\t\t\t\t\t<\/div>\n\t\t<\/section>\n\t\t\t\t<section class=\"elementor-section elementor-top-section elementor-element elementor-element-273e655 elementor-section-boxed elementor-section-height-default elementor-section-height-default\" data-id=\"273e655\" data-element_type=\"section\" id=\"costs\" data-settings=\"{&quot;background_background&quot;:&quot;classic&quot;}\">\n\t\t\t\t\t\t\t<div class=\"elementor-background-overlay\"><\/div>\n\t\t\t\t\t\t\t<div class=\"elementor-container elementor-column-gap-default\">\n\t\t\t\t\t<div class=\"elementor-column elementor-col-100 elementor-top-column elementor-element elementor-element-a9cd693\" data-id=\"a9cd693\" data-element_type=\"column\">\n\t\t\t<div class=\"elementor-widget-wrap elementor-element-populated\">\n\t\t\t\t\t\t<div class=\"elementor-element elementor-element-913e3d7 elementor-widget elementor-widget-heading\" data-id=\"913e3d7\" data-element_type=\"widget\" data-widget_type=\"heading.default\">\n\t\t\t\t<div class=\"elementor-widget-container\">\n\t\t\t\t\t<h2 class=\"elementor-heading-title elementor-size-default\">JOIN US<\/h2>\t\t\t\t<\/div>\n\t\t\t\t<\/div>\n\t\t\t\t<div class=\"elementor-element elementor-element-fd8edcc elementor-widget__width-auto elementor-widget elementor-widget-heading\" data-id=\"fd8edcc\" data-element_type=\"widget\" data-widget_type=\"heading.default\">\n\t\t\t\t<div class=\"elementor-widget-container\">\n\t\t\t\t\t<h2 class=\"elementor-heading-title elementor-size-default\">Costs<\/h2>\t\t\t\t<\/div>\n\t\t\t\t<\/div>\n\t\t\t\t<div class=\"elementor-element elementor-element-4c07815 elementor-widget elementor-widget-text-editor\" data-id=\"4c07815\" data-element_type=\"widget\" data-widget_type=\"text-editor.default\">\n\t\t\t\t<div class=\"elementor-widget-container\">\n\t\t\t\t\t\t\t\t\t<p>Please kindly note that this is <strong>a fully in-person event<\/strong>, taking place at the <strong>Hotel nhow Brussels Bloom<\/strong>. There will be <strong>no virtual element to this event.<\/strong><\/p>\t\t\t\t\t\t\t\t<\/div>\n\t\t\t\t<\/div>\n\t\t\t\t<div class=\"elementor-element elementor-element-9aaccd0 elementor-align-left elementor-hidden-desktop elementor-hidden-tablet elementor-hidden-mobile elementor-widget elementor-widget-button\" data-id=\"9aaccd0\" data-element_type=\"widget\" data-widget_type=\"button.default\">\n\t\t\t\t<div class=\"elementor-widget-container\">\n\t\t\t\t\t\t\t\t\t<div class=\"elementor-button-wrapper\">\n\t\t\t\t\t<a class=\"elementor-button elementor-button-link elementor-size-lg\" href=\"https:\/\/eu-ems.com\/register.asp?event_id=4797\" target=\"_blank\">\n\t\t\t\t\t\t<span class=\"elementor-button-content-wrapper\">\n\t\t\t\t\t\t<span class=\"elementor-button-icon\">\n\t\t\t\t<svg aria-hidden=\"true\" class=\"e-font-icon-svg e-far-arrow-alt-circle-right\" viewBox=\"0 0 512 512\" xmlns=\"http:\/\/www.w3.org\/2000\/svg\"><path d=\"M504 256C504 119 393 8 256 8S8 119 8 256s111 248 248 248 248-111 248-248zm-448 0c0-110.5 89.5-200 200-200s200 89.5 200 200-89.5 200-200 200S56 366.5 56 256zm72 20v-40c0-6.6 5.4-12 12-12h116v-67c0-10.7 12.9-16 20.5-8.5l99 99c4.7 4.7 4.7 12.3 0 17l-99 99c-7.6 7.6-20.5 2.2-20.5-8.5v-67H140c-6.6 0-12-5.4-12-12z\"><\/path><\/svg>\t\t\t<\/span>\n\t\t\t\t\t\t\t\t\t<span class=\"elementor-button-text\">Apply to be on the waiting list<\/span>\n\t\t\t\t\t<\/span>\n\t\t\t\t\t<\/a>\n\t\t\t\t<\/div>\n\t\t\t\t\t\t\t\t<\/div>\n\t\t\t\t<\/div>\n\t\t\t\t<section class=\"elementor-section elementor-inner-section elementor-element elementor-element-5a69b20 elementor-section-full_width elementor-section-height-default elementor-section-height-default\" data-id=\"5a69b20\" data-element_type=\"section\">\n\t\t\t\t\t\t<div class=\"elementor-container elementor-column-gap-default\">\n\t\t\t\t\t<div class=\"elementor-column elementor-col-50 elementor-inner-column elementor-element elementor-element-9e1988a\" data-id=\"9e1988a\" data-element_type=\"column\">\n\t\t\t<div class=\"elementor-widget-wrap elementor-element-populated\">\n\t\t\t\t\t\t<div class=\"elementor-element elementor-element-c78576b elementor-widget__width-auto elementor-widget elementor-widget-heading\" data-id=\"c78576b\" data-element_type=\"widget\" data-widget_type=\"heading.default\">\n\t\t\t\t<div class=\"elementor-widget-container\">\n\t\t\t\t\t<h2 class=\"elementor-heading-title elementor-size-default\">Organisation Type<\/h2>\t\t\t\t<\/div>\n\t\t\t\t<\/div>\n\t\t\t\t\t<\/div>\n\t\t<\/div>\n\t\t\t\t<div class=\"elementor-column elementor-col-50 elementor-inner-column elementor-element elementor-element-99578ac\" data-id=\"99578ac\" data-element_type=\"column\">\n\t\t\t<div class=\"elementor-widget-wrap elementor-element-populated\">\n\t\t\t\t\t\t<div class=\"elementor-element elementor-element-de03ac3 elementor-widget__width-auto elementor-widget elementor-widget-heading\" data-id=\"de03ac3\" data-element_type=\"widget\" data-widget_type=\"heading.default\">\n\t\t\t\t<div class=\"elementor-widget-container\">\n\t\t\t\t\t<h2 class=\"elementor-heading-title elementor-size-default\">Cost*<\/h2>\t\t\t\t<\/div>\n\t\t\t\t<\/div>\n\t\t\t\t\t<\/div>\n\t\t<\/div>\n\t\t\t\t\t<\/div>\n\t\t<\/section>\n\t\t\t\t<section class=\"elementor-section elementor-inner-section elementor-element elementor-element-5d667e3 elementor-section-content-bottom elementor-section-boxed elementor-section-height-default elementor-section-height-default\" data-id=\"5d667e3\" data-element_type=\"section\" data-settings=\"{&quot;background_background&quot;:&quot;classic&quot;}\">\n\t\t\t\t\t\t<div class=\"elementor-container elementor-column-gap-default\">\n\t\t\t\t\t<div class=\"elementor-column elementor-col-50 elementor-inner-column elementor-element elementor-element-b7cd862\" data-id=\"b7cd862\" data-element_type=\"column\">\n\t\t\t<div class=\"elementor-widget-wrap elementor-element-populated\">\n\t\t\t\t\t\t<div class=\"elementor-element elementor-element-99d68e3 elementor-widget elementor-widget-text-editor\" data-id=\"99d68e3\" data-element_type=\"widget\" data-widget_type=\"text-editor.default\">\n\t\t\t\t<div class=\"elementor-widget-container\">\n\t\t\t\t\t\t\t\t\t<p><strong>Standard<\/strong><\/p><p>Applies to: Corporate, Trade Association, Law Firm\/Public affairs firm<\/p>\t\t\t\t\t\t\t\t<\/div>\n\t\t\t\t<\/div>\n\t\t\t\t\t<\/div>\n\t\t<\/div>\n\t\t\t\t<div class=\"elementor-column elementor-col-50 elementor-inner-column elementor-element elementor-element-f6e7250\" data-id=\"f6e7250\" data-element_type=\"column\">\n\t\t\t<div class=\"elementor-widget-wrap elementor-element-populated\">\n\t\t\t\t\t\t<div class=\"elementor-element elementor-element-f7c67f5 elementor-widget elementor-widget-text-editor\" data-id=\"f7c67f5\" data-element_type=\"widget\" data-widget_type=\"text-editor.default\">\n\t\t\t\t<div class=\"elementor-widget-container\">\n\t\t\t\t\t\t\t\t\t<p><br><\/p><p>\u20ac295<\/p>\t\t\t\t\t\t\t\t<\/div>\n\t\t\t\t<\/div>\n\t\t\t\t\t<\/div>\n\t\t<\/div>\n\t\t\t\t\t<\/div>\n\t\t<\/section>\n\t\t\t\t<section class=\"elementor-section elementor-inner-section elementor-element elementor-element-69ff96e elementor-section-content-bottom elementor-section-boxed elementor-section-height-default elementor-section-height-default\" data-id=\"69ff96e\" data-element_type=\"section\">\n\t\t\t\t\t\t<div class=\"elementor-container elementor-column-gap-default\">\n\t\t\t\t\t<div class=\"elementor-column elementor-col-50 elementor-inner-column elementor-element elementor-element-5a6fa45\" data-id=\"5a6fa45\" data-element_type=\"column\">\n\t\t\t<div class=\"elementor-widget-wrap elementor-element-populated\">\n\t\t\t\t\t\t<div class=\"elementor-element elementor-element-c7040e5 elementor-widget elementor-widget-text-editor\" data-id=\"c7040e5\" data-element_type=\"widget\" data-widget_type=\"text-editor.default\">\n\t\t\t\t<div class=\"elementor-widget-container\">\n\t\t\t\t\t\t\t\t\t<p><strong>Reduced<\/strong><\/p><p>Applies to: NGO\/Not for profit<\/p>\t\t\t\t\t\t\t\t<\/div>\n\t\t\t\t<\/div>\n\t\t\t\t\t<\/div>\n\t\t<\/div>\n\t\t\t\t<div class=\"elementor-column elementor-col-50 elementor-inner-column elementor-element elementor-element-9103c16\" data-id=\"9103c16\" data-element_type=\"column\">\n\t\t\t<div class=\"elementor-widget-wrap elementor-element-populated\">\n\t\t\t\t\t\t<div class=\"elementor-element elementor-element-4d63641 elementor-widget elementor-widget-text-editor\" data-id=\"4d63641\" data-element_type=\"widget\" data-widget_type=\"text-editor.default\">\n\t\t\t\t<div class=\"elementor-widget-container\">\n\t\t\t\t\t\t\t\t\t<p>\u00a0<\/p><p>\u20ac195<\/p>\t\t\t\t\t\t\t\t<\/div>\n\t\t\t\t<\/div>\n\t\t\t\t\t<\/div>\n\t\t<\/div>\n\t\t\t\t\t<\/div>\n\t\t<\/section>\n\t\t\t\t<section class=\"elementor-section elementor-inner-section elementor-element elementor-element-0743f25 elementor-section-boxed elementor-section-height-default elementor-section-height-default\" data-id=\"0743f25\" data-element_type=\"section\" data-settings=\"{&quot;background_background&quot;:&quot;classic&quot;}\">\n\t\t\t\t\t\t<div class=\"elementor-container elementor-column-gap-default\">\n\t\t\t\t\t<div class=\"elementor-column elementor-col-50 elementor-inner-column elementor-element elementor-element-21d3c4e\" data-id=\"21d3c4e\" data-element_type=\"column\">\n\t\t\t<div class=\"elementor-widget-wrap elementor-element-populated\">\n\t\t\t\t\t\t<div class=\"elementor-element elementor-element-d848661 elementor-widget elementor-widget-text-editor\" data-id=\"d848661\" data-element_type=\"widget\" data-widget_type=\"text-editor.default\">\n\t\t\t\t<div class=\"elementor-widget-container\">\n\t\t\t\t\t\t\t\t\t<p><strong>Academic \/ Student<\/strong><\/p><p>Applies to: Academic \/ Student<\/p>\t\t\t\t\t\t\t\t<\/div>\n\t\t\t\t<\/div>\n\t\t\t\t\t<\/div>\n\t\t<\/div>\n\t\t\t\t<div class=\"elementor-column elementor-col-50 elementor-inner-column elementor-element elementor-element-84b2125\" data-id=\"84b2125\" data-element_type=\"column\">\n\t\t\t<div class=\"elementor-widget-wrap elementor-element-populated\">\n\t\t\t\t\t\t<div class=\"elementor-element elementor-element-9bf4d5f elementor-widget elementor-widget-text-editor\" data-id=\"9bf4d5f\" data-element_type=\"widget\" data-widget_type=\"text-editor.default\">\n\t\t\t\t<div class=\"elementor-widget-container\">\n\t\t\t\t\t\t\t\t\t<p>\u20ac150<\/p>\t\t\t\t\t\t\t\t<\/div>\n\t\t\t\t<\/div>\n\t\t\t\t\t<\/div>\n\t\t<\/div>\n\t\t\t\t\t<\/div>\n\t\t<\/section>\n\t\t\t\t<section class=\"elementor-section elementor-inner-section elementor-element elementor-element-7b5dc4d elementor-section-boxed elementor-section-height-default elementor-section-height-default\" data-id=\"7b5dc4d\" data-element_type=\"section\">\n\t\t\t\t\t\t<div class=\"elementor-container elementor-column-gap-default\">\n\t\t\t\t\t<div class=\"elementor-column elementor-col-50 elementor-inner-column elementor-element elementor-element-7b78b8a\" data-id=\"7b78b8a\" data-element_type=\"column\">\n\t\t\t<div class=\"elementor-widget-wrap elementor-element-populated\">\n\t\t\t\t\t\t<div class=\"elementor-element elementor-element-d208900 elementor-widget elementor-widget-text-editor\" data-id=\"d208900\" data-element_type=\"widget\" data-widget_type=\"text-editor.default\">\n\t\t\t\t<div class=\"elementor-widget-container\">\n\t\t\t\t\t\t\t\t\t<p><strong>Free<\/strong><\/p><p>Applies to: National Government \/ Regulator &amp; Diplomatic Mission to the EU, European Commission \/ Parliament \/ Council, EU Permanent Representatives, National Space Agencies\/ESA, Accredited Journalists<\/p>\t\t\t\t\t\t\t\t<\/div>\n\t\t\t\t<\/div>\n\t\t\t\t\t<\/div>\n\t\t<\/div>\n\t\t\t\t<div class=\"elementor-column elementor-col-50 elementor-inner-column elementor-element elementor-element-ea37c97\" data-id=\"ea37c97\" data-element_type=\"column\">\n\t\t\t<div class=\"elementor-widget-wrap elementor-element-populated\">\n\t\t\t\t\t\t<div class=\"elementor-element elementor-element-c6d5fbc elementor-widget elementor-widget-text-editor\" data-id=\"c6d5fbc\" data-element_type=\"widget\" data-widget_type=\"text-editor.default\">\n\t\t\t\t<div class=\"elementor-widget-container\">\n\t\t\t\t\t\t\t\t\t<p>FREE<\/p>\t\t\t\t\t\t\t\t<\/div>\n\t\t\t\t<\/div>\n\t\t\t\t\t<\/div>\n\t\t<\/div>\n\t\t\t\t\t<\/div>\n\t\t<\/section>\n\t\t\t\t<div class=\"elementor-element elementor-element-4cf0b63 elementor-widget elementor-widget-text-editor\" data-id=\"4cf0b63\" data-element_type=\"widget\" data-widget_type=\"text-editor.default\">\n\t\t\t\t<div class=\"elementor-widget-container\">\n\t\t\t\t\t\t\t\t\t<p>* Fees do not include Belgian VAT @ 21%, and this amount will be added to the total price when you are invoiced.<\/p><p>Please note that all registrations are subject to review by the organisers. The organisational categories listed reflect the most common participant profiles from previous editions and may not cover every individual circumstance. If you are unsure which category applies to you, please contact us via the Contact section before completing your registration. Selecting an incorrect category may delay or prevent confirmation of your place at the event. We are always happy to assist to ensure the correct category is selected.<\/p>\t\t\t\t\t\t\t\t<\/div>\n\t\t\t\t<\/div>\n\t\t\t\t\t<\/div>\n\t\t<\/div>\n\t\t\t\t\t<\/div>\n\t\t<\/section>\n\t\t\t\t<section class=\"elementor-section elementor-top-section elementor-element elementor-element-b4ae3e4 elementor-section-boxed elementor-section-height-default elementor-section-height-default\" data-id=\"b4ae3e4\" data-element_type=\"section\" id=\"sponsorship\" data-settings=\"{&quot;background_background&quot;:&quot;classic&quot;}\">\n\t\t\t\t\t\t<div class=\"elementor-container elementor-column-gap-default\">\n\t\t\t\t\t<div class=\"elementor-column elementor-col-100 elementor-top-column elementor-element elementor-element-579fd5f\" data-id=\"579fd5f\" data-element_type=\"column\">\n\t\t\t<div class=\"elementor-widget-wrap elementor-element-populated\">\n\t\t\t\t\t\t<section class=\"elementor-section elementor-inner-section elementor-element elementor-element-f117406 elementor-section-content-middle elementor-section-boxed elementor-section-height-default elementor-section-height-default\" data-id=\"f117406\" data-element_type=\"section\">\n\t\t\t\t\t\t<div class=\"elementor-container elementor-column-gap-extended\">\n\t\t\t\t\t<div class=\"elementor-column elementor-col-25 elementor-inner-column elementor-element elementor-element-8cf82a0\" data-id=\"8cf82a0\" data-element_type=\"column\">\n\t\t\t<div class=\"elementor-widget-wrap elementor-element-populated\">\n\t\t\t\t\t\t<div class=\"elementor-element elementor-element-1bec52c elementor-widget elementor-widget-spacer\" data-id=\"1bec52c\" data-element_type=\"widget\" data-widget_type=\"spacer.default\">\n\t\t\t\t<div class=\"elementor-widget-container\">\n\t\t\t\t\t\t\t<div class=\"elementor-spacer\">\n\t\t\t<div class=\"elementor-spacer-inner\"><\/div>\n\t\t<\/div>\n\t\t\t\t\t\t<\/div>\n\t\t\t\t<\/div>\n\t\t\t\t<div class=\"elementor-element elementor-element-dba360f premium-modal-dismissible-yes elementor-widget elementor-widget-premium-addon-modal-box\" data-id=\"dba360f\" data-element_type=\"widget\" data-settings=\"{&quot;premium_modal_box_animation&quot;:&quot;fadeInDown&quot;}\" data-widget_type=\"premium-addon-modal-box.default\">\n\t\t\t\t<div class=\"elementor-widget-container\">\n\t\t\t\t\t\r\n\t\t<div class=\"premium-modal-box-container\" data-settings=\"{&quot;trigger&quot;:&quot;image&quot;,&quot;show_on_exit&quot;:false}\">\r\n\t\t\t<div class=\"premium-modal-trigger-container\">\r\n\t\t\t\t\t\t\t\t\t<img decoding=\"async\" data-toggle=\"premium-modal\" data-target=\"#premium-modal-dba360f\" class=\"premium-modal-trigger-img\" src=\"https:\/\/euspaceforum.com\/2025\/wp-content\/uploads\/2025\/03\/EC-350x194-1.png\" alt=\"European Commission\">\r\n\t\t\t\t\t\t\t<\/div>\r\n\r\n\t\t\t<div id=\"premium-modal-dba360f\" class=\"premium-modal-box-modal\"\r\n\t\t\trole=\"dialog\"\r\n\t\t\tstyle=\"display: none\"\r\n\t\t\t>\r\n\t\t\t\t<div class=\"premium-modal-box-modal-dialog\" data-delay-animation=\"\" data-modal-animation=\"fadeInDown animated-fast\">\r\n\t\t\t\t\t\t\t\t\t\t\t<div class=\"premium-modal-box-modal-header\">\r\n\t\t\t\t\t\t\t\t\t\t\t\t\t\t\t<h3 class=\"premium-modal-box-modal-title\">\r\n\t\t\t\t\t\t\t\t\tWith the participation of\t\t\t\t\t\t\t\t<\/h3>\r\n\t\t\t\t\t\t\t\t\t\t\t\t\t\t\t\t\t\t\t\t\t\t<div class=\"premium-modal-box-close-button-container\">\r\n\t\t\t\t\t\t\t\t\t<button type=\"button\" class=\"premium-modal-box-modal-close\" data-dismiss=\"premium-modal\">&times;<\/button>\r\n\t\t\t\t\t\t\t\t<\/div>\r\n\t\t\t\t\t\t\t\t\t\t\t\t\t<\/div>\r\n\t\t\t\t\t\t\t\t\t\t<div class=\"premium-modal-box-modal-body\">\r\n\t\t\t\t\t\t<p><img decoding=\"async\" class=\"alignnone wp-image-7555 size-medium\" src=\"https:\/\/euspaceforum.com\/2025\/wp-content\/uploads\/2025\/03\/EC-350x194-1-300x166.png\" alt=\"European Commission\" width=\"300\" height=\"166\" srcset=\"https:\/\/euspaceforum.com\/2025\/wp-content\/uploads\/2025\/03\/EC-350x194-1-300x166.png 300w, https:\/\/euspaceforum.com\/2025\/wp-content\/uploads\/2025\/03\/EC-350x194-1.png 350w\" sizes=\"(max-width: 300px) 100vw, 300px\" \/><\/p><div class=\"smls-first-content-wrap clearfix\"><div class=\"smls-only-content-wrap\">\u00a0<\/div><\/div>\t\t\t\t\t<\/div>\r\n\t\t\t\t\t\t\t\t\t\t\t<div class=\"premium-modal-box-modal-footer\">\r\n\t\t\t\t\t\t\t<button type=\"button\" class=\"premium-modal-box-modal-lower-close\" data-dismiss=\"premium-modal\">\r\n\t\t\t\t\t\t\t\tClose\t\t\t\t\t\t\t<\/button>\r\n\t\t\t\t\t\t<\/div>\r\n\t\t\t\t\t\t\t\t\t<\/div>\r\n\t\t\t<\/div>\r\n\t\t<\/div>\r\n\r\n\t\t\t\t\t\t<\/div>\n\t\t\t\t<\/div>\n\t\t\t\t\t<\/div>\n\t\t<\/div>\n\t\t\t\t<div class=\"elementor-column elementor-col-25 elementor-inner-column elementor-element elementor-element-486646a\" data-id=\"486646a\" data-element_type=\"column\">\n\t\t\t<div class=\"elementor-widget-wrap elementor-element-populated\">\n\t\t\t\t\t\t<div class=\"elementor-element elementor-element-1f851f6 elementor-widget__width-initial elementor-widget elementor-widget-image\" data-id=\"1f851f6\" data-element_type=\"widget\" data-widget_type=\"image.default\">\n\t\t\t\t<div class=\"elementor-widget-container\">\n\t\t\t\t\t\t\t\t\t\t\t\t\t\t\t<img decoding=\"async\" width=\"452\" height=\"84\" src=\"https:\/\/euspaceforum.com\/2025\/wp-content\/uploads\/2025\/03\/with-the-participarion-of-1.png\" class=\"attachment-large size-large wp-image-7592\" alt=\"\" srcset=\"https:\/\/euspaceforum.com\/2025\/wp-content\/uploads\/2025\/03\/with-the-participarion-of-1.png 452w, https:\/\/euspaceforum.com\/2025\/wp-content\/uploads\/2025\/03\/with-the-participarion-of-1-300x56.png 300w\" sizes=\"(max-width: 452px) 100vw, 452px\" loading=\"eager\" \/>\t\t\t\t\t\t\t\t\t\t\t\t\t\t\t<\/div>\n\t\t\t\t<\/div>\n\t\t\t\t<div class=\"elementor-element elementor-element-ae1cf5b premium-modal-dismissible-yes elementor-widget elementor-widget-premium-addon-modal-box\" data-id=\"ae1cf5b\" data-element_type=\"widget\" data-settings=\"{&quot;premium_modal_box_animation&quot;:&quot;fadeInDown&quot;}\" data-widget_type=\"premium-addon-modal-box.default\">\n\t\t\t\t<div class=\"elementor-widget-container\">\n\t\t\t\t\t\r\n\t\t<div class=\"premium-modal-box-container\" data-settings=\"{&quot;trigger&quot;:&quot;image&quot;,&quot;show_on_exit&quot;:false}\">\r\n\t\t\t<div class=\"premium-modal-trigger-container\">\r\n\t\t\t\t\t\t\t\t\t<img decoding=\"async\" data-toggle=\"premium-modal\" data-target=\"#premium-modal-ae1cf5b\" class=\"premium-modal-trigger-img\" src=\"https:\/\/euspaceforum.com\/2025\/wp-content\/uploads\/2025\/01\/1.-ESA_logo_2020_Deep.png\" alt=\"ESA\">\r\n\t\t\t\t\t\t\t<\/div>\r\n\r\n\t\t\t<div id=\"premium-modal-ae1cf5b\" class=\"premium-modal-box-modal\"\r\n\t\t\trole=\"dialog\"\r\n\t\t\tstyle=\"display: none\"\r\n\t\t\t>\r\n\t\t\t\t<div class=\"premium-modal-box-modal-dialog\" data-delay-animation=\"\" data-modal-animation=\"fadeInDown animated-fast\">\r\n\t\t\t\t\t\t\t\t\t\t\t<div class=\"premium-modal-box-modal-header\">\r\n\t\t\t\t\t\t\t\t\t\t\t\t\t\t\t<h3 class=\"premium-modal-box-modal-title\">\r\n\t\t\t\t\t\t\t\t\tWith the participation of\t\t\t\t\t\t\t\t<\/h3>\r\n\t\t\t\t\t\t\t\t\t\t\t\t\t\t\t\t\t\t\t\t\t\t<div class=\"premium-modal-box-close-button-container\">\r\n\t\t\t\t\t\t\t\t\t<button type=\"button\" class=\"premium-modal-box-modal-close\" data-dismiss=\"premium-modal\">&times;<\/button>\r\n\t\t\t\t\t\t\t\t<\/div>\r\n\t\t\t\t\t\t\t\t\t\t\t\t\t<\/div>\r\n\t\t\t\t\t\t\t\t\t\t<div class=\"premium-modal-box-modal-body\">\r\n\t\t\t\t\t\t<p><a href=\"https:\/\/www.esa.int\/\"><img decoding=\"async\" class=\"alignnone size-medium wp-image-6952\" src=\"https:\/\/euspaceforum.com\/2025\/wp-content\/uploads\/2025\/01\/1.-ESA_logo_2020_Deep-300x188.png\" alt=\"ESA\" width=\"300\" height=\"188\" srcset=\"https:\/\/euspaceforum.com\/2025\/wp-content\/uploads\/2025\/01\/1.-ESA_logo_2020_Deep-300x188.png 300w, https:\/\/euspaceforum.com\/2025\/wp-content\/uploads\/2025\/01\/1.-ESA_logo_2020_Deep-1024x643.png 1024w, https:\/\/euspaceforum.com\/2025\/wp-content\/uploads\/2025\/01\/1.-ESA_logo_2020_Deep-768x482.png 768w, https:\/\/euspaceforum.com\/2025\/wp-content\/uploads\/2025\/01\/1.-ESA_logo_2020_Deep-1536x964.png 1536w, https:\/\/euspaceforum.com\/2025\/wp-content\/uploads\/2025\/01\/1.-ESA_logo_2020_Deep-2048x1286.png 2048w\" sizes=\"(max-width: 300px) 100vw, 300px\" \/><\/a><\/p>\t\t\t\t\t<\/div>\r\n\t\t\t\t\t\t\t\t\t\t\t<div class=\"premium-modal-box-modal-footer\">\r\n\t\t\t\t\t\t\t<button type=\"button\" class=\"premium-modal-box-modal-lower-close\" data-dismiss=\"premium-modal\">\r\n\t\t\t\t\t\t\t\tClose\t\t\t\t\t\t\t<\/button>\r\n\t\t\t\t\t\t<\/div>\r\n\t\t\t\t\t\t\t\t\t<\/div>\r\n\t\t\t<\/div>\r\n\t\t<\/div>\r\n\r\n\t\t\t\t\t\t<\/div>\n\t\t\t\t<\/div>\n\t\t\t\t\t<\/div>\n\t\t<\/div>\n\t\t\t\t<div class=\"elementor-column elementor-col-25 elementor-inner-column elementor-element elementor-element-58d13ca\" data-id=\"58d13ca\" data-element_type=\"column\">\n\t\t\t<div class=\"elementor-widget-wrap elementor-element-populated\">\n\t\t\t\t\t\t<div class=\"elementor-element elementor-element-598dc77 elementor-widget__width-initial elementor-widget elementor-widget-spacer\" data-id=\"598dc77\" data-element_type=\"widget\" data-widget_type=\"spacer.default\">\n\t\t\t\t<div class=\"elementor-widget-container\">\n\t\t\t\t\t\t\t<div class=\"elementor-spacer\">\n\t\t\t<div class=\"elementor-spacer-inner\"><\/div>\n\t\t<\/div>\n\t\t\t\t\t\t<\/div>\n\t\t\t\t<\/div>\n\t\t\t\t<div class=\"elementor-element elementor-element-f50998e premium-modal-dismissible-yes elementor-widget elementor-widget-premium-addon-modal-box\" data-id=\"f50998e\" data-element_type=\"widget\" data-settings=\"{&quot;premium_modal_box_animation&quot;:&quot;fadeInDown&quot;}\" data-widget_type=\"premium-addon-modal-box.default\">\n\t\t\t\t<div class=\"elementor-widget-container\">\n\t\t\t\t\t\r\n\t\t<div class=\"premium-modal-box-container\" data-settings=\"{&quot;trigger&quot;:&quot;image&quot;,&quot;show_on_exit&quot;:false}\">\r\n\t\t\t<div class=\"premium-modal-trigger-container\">\r\n\t\t\t\t\t\t\t\t\t<img decoding=\"async\" data-toggle=\"premium-modal\" data-target=\"#premium-modal-f50998e\" class=\"premium-modal-trigger-img\" src=\"https:\/\/euspaceforum.com\/2025\/wp-content\/uploads\/2025\/03\/EUSPA-350x194-1.png\" alt=\"EUSPA\">\r\n\t\t\t\t\t\t\t<\/div>\r\n\r\n\t\t\t<div id=\"premium-modal-f50998e\" class=\"premium-modal-box-modal\"\r\n\t\t\trole=\"dialog\"\r\n\t\t\tstyle=\"display: none\"\r\n\t\t\t>\r\n\t\t\t\t<div class=\"premium-modal-box-modal-dialog\" data-delay-animation=\"\" data-modal-animation=\"fadeInDown animated-fast\">\r\n\t\t\t\t\t\t\t\t\t\t\t<div class=\"premium-modal-box-modal-header\">\r\n\t\t\t\t\t\t\t\t\t\t\t\t\t\t\t<h3 class=\"premium-modal-box-modal-title\">\r\n\t\t\t\t\t\t\t\t\tWith the participation of\t\t\t\t\t\t\t\t<\/h3>\r\n\t\t\t\t\t\t\t\t\t\t\t\t\t\t\t\t\t\t\t\t\t\t<div class=\"premium-modal-box-close-button-container\">\r\n\t\t\t\t\t\t\t\t\t<button type=\"button\" class=\"premium-modal-box-modal-close\" data-dismiss=\"premium-modal\">&times;<\/button>\r\n\t\t\t\t\t\t\t\t<\/div>\r\n\t\t\t\t\t\t\t\t\t\t\t\t\t<\/div>\r\n\t\t\t\t\t\t\t\t\t\t<div class=\"premium-modal-box-modal-body\">\r\n\t\t\t\t\t\t<div><img decoding=\"async\" class=\"alignnone wp-image-7556 size-medium\" src=\"https:\/\/euspaceforum.com\/2025\/wp-content\/uploads\/2025\/03\/EUSPA-350x194-1-300x166.png\" alt=\"EUSPA\" width=\"300\" height=\"166\" srcset=\"https:\/\/euspaceforum.com\/2025\/wp-content\/uploads\/2025\/03\/EUSPA-350x194-1-300x166.png 300w, https:\/\/euspaceforum.com\/2025\/wp-content\/uploads\/2025\/03\/EUSPA-350x194-1.png 350w\" sizes=\"(max-width: 300px) 100vw, 300px\" \/><\/div>\t\t\t\t\t<\/div>\r\n\t\t\t\t\t\t\t\t\t\t\t<div class=\"premium-modal-box-modal-footer\">\r\n\t\t\t\t\t\t\t<button type=\"button\" class=\"premium-modal-box-modal-lower-close\" data-dismiss=\"premium-modal\">\r\n\t\t\t\t\t\t\t\tClose\t\t\t\t\t\t\t<\/button>\r\n\t\t\t\t\t\t<\/div>\r\n\t\t\t\t\t\t\t\t\t<\/div>\r\n\t\t\t<\/div>\r\n\t\t<\/div>\r\n\r\n\t\t\t\t\t\t<\/div>\n\t\t\t\t<\/div>\n\t\t\t\t\t<\/div>\n\t\t<\/div>\n\t\t\t\t<div class=\"elementor-column elementor-col-25 elementor-inner-column elementor-element elementor-element-3cf2133\" data-id=\"3cf2133\" data-element_type=\"column\">\n\t\t\t<div class=\"elementor-widget-wrap elementor-element-populated\">\n\t\t\t\t\t\t<div class=\"elementor-element elementor-element-bb6c2af elementor-widget elementor-widget-image\" data-id=\"bb6c2af\" data-element_type=\"widget\" data-widget_type=\"image.default\">\n\t\t\t\t<div class=\"elementor-widget-container\">\n\t\t\t\t\t\t\t\t\t\t\t\t\t\t\t<img decoding=\"async\" width=\"289\" height=\"75\" src=\"https:\/\/euspaceforum.com\/2025\/wp-content\/uploads\/2025\/03\/patronage.png\" class=\"attachment-large size-large wp-image-7590\" alt=\"\" loading=\"eager\" \/>\t\t\t\t\t\t\t\t\t\t\t\t\t\t\t<\/div>\n\t\t\t\t<\/div>\n\t\t\t\t<div class=\"elementor-element elementor-element-c7fcc74 premium-modal-dismissible-yes elementor-widget elementor-widget-premium-addon-modal-box\" data-id=\"c7fcc74\" data-element_type=\"widget\" data-settings=\"{&quot;premium_modal_box_animation&quot;:&quot;fadeInDown&quot;}\" data-widget_type=\"premium-addon-modal-box.default\">\n\t\t\t\t<div class=\"elementor-widget-container\">\n\t\t\t\t\t\r\n\t\t<div class=\"premium-modal-box-container\" data-settings=\"{&quot;trigger&quot;:&quot;image&quot;,&quot;show_on_exit&quot;:false}\">\r\n\t\t\t<div class=\"premium-modal-trigger-container\">\r\n\t\t\t\t\t\t\t\t\t<img decoding=\"async\" data-toggle=\"premium-modal\" data-target=\"#premium-modal-c7fcc74\" class=\"premium-modal-trigger-img\" src=\"https:\/\/euspaceforum.com\/2025\/wp-content\/uploads\/2025\/03\/PL-350x194-1.png\" alt=\"Polish Presidency\">\r\n\t\t\t\t\t\t\t<\/div>\r\n\r\n\t\t\t<div id=\"premium-modal-c7fcc74\" class=\"premium-modal-box-modal\"\r\n\t\t\trole=\"dialog\"\r\n\t\t\tstyle=\"display: none\"\r\n\t\t\t>\r\n\t\t\t\t<div class=\"premium-modal-box-modal-dialog\" data-delay-animation=\"\" data-modal-animation=\"fadeInDown animated-fast\">\r\n\t\t\t\t\t\t\t\t\t\t\t<div class=\"premium-modal-box-modal-header\">\r\n\t\t\t\t\t\t\t\t\t\t\t\t\t\t\t<h3 class=\"premium-modal-box-modal-title\">\r\n\t\t\t\t\t\t\t\t\tUnder the patronage of\t\t\t\t\t\t\t\t<\/h3>\r\n\t\t\t\t\t\t\t\t\t\t\t\t\t\t\t\t\t\t\t\t\t\t<div class=\"premium-modal-box-close-button-container\">\r\n\t\t\t\t\t\t\t\t\t<button type=\"button\" class=\"premium-modal-box-modal-close\" data-dismiss=\"premium-modal\">&times;<\/button>\r\n\t\t\t\t\t\t\t\t<\/div>\r\n\t\t\t\t\t\t\t\t\t\t\t\t\t<\/div>\r\n\t\t\t\t\t\t\t\t\t\t<div class=\"premium-modal-box-modal-body\">\r\n\t\t\t\t\t\t<div><img loading=\"lazy\" decoding=\"async\" class=\"alignnone wp-image-7557 size-medium\" src=\"https:\/\/euspaceforum.com\/2025\/wp-content\/uploads\/2025\/03\/PL-350x194-1-300x166.png\" alt=\"Polish Presidency \" width=\"300\" height=\"166\" srcset=\"https:\/\/euspaceforum.com\/2025\/wp-content\/uploads\/2025\/03\/PL-350x194-1-300x166.png 300w, https:\/\/euspaceforum.com\/2025\/wp-content\/uploads\/2025\/03\/PL-350x194-1.png 350w\" sizes=\"(max-width: 300px) 100vw, 300px\" \/><\/div>\t\t\t\t\t<\/div>\r\n\t\t\t\t\t\t\t\t\t\t\t<div class=\"premium-modal-box-modal-footer\">\r\n\t\t\t\t\t\t\t<button type=\"button\" class=\"premium-modal-box-modal-lower-close\" data-dismiss=\"premium-modal\">\r\n\t\t\t\t\t\t\t\tClose\t\t\t\t\t\t\t<\/button>\r\n\t\t\t\t\t\t<\/div>\r\n\t\t\t\t\t\t\t\t\t<\/div>\r\n\t\t\t<\/div>\r\n\t\t<\/div>\r\n\r\n\t\t\t\t\t\t<\/div>\n\t\t\t\t<\/div>\n\t\t\t\t\t<\/div>\n\t\t<\/div>\n\t\t\t\t\t<\/div>\n\t\t<\/section>\n\t\t\t\t<div class=\"elementor-element elementor-element-dfa0653 elementor-widget elementor-widget-heading\" data-id=\"dfa0653\" data-element_type=\"widget\" data-widget_type=\"heading.default\">\n\t\t\t\t<div class=\"elementor-widget-container\">\n\t\t\t\t\t<h2 class=\"elementor-heading-title elementor-size-default\">     WHO WE WORK WITH<\/h2>\t\t\t\t<\/div>\n\t\t\t\t<\/div>\n\t\t\t\t<div class=\"elementor-element elementor-element-b2d5cba elementor-widget__width-auto elementor-widget elementor-widget-heading\" data-id=\"b2d5cba\" data-element_type=\"widget\" data-widget_type=\"heading.default\">\n\t\t\t\t<div class=\"elementor-widget-container\">\n\t\t\t\t\t<h2 class=\"elementor-heading-title elementor-size-default\">Sponsors<\/h2>\t\t\t\t<\/div>\n\t\t\t\t<\/div>\n\t\t\t\t<section class=\"elementor-section elementor-inner-section elementor-element elementor-element-0836527 elementor-section-content-middle elementor-section-boxed elementor-section-height-default elementor-section-height-default\" data-id=\"0836527\" data-element_type=\"section\">\n\t\t\t\t\t\t<div class=\"elementor-container elementor-column-gap-extended\">\n\t\t\t\t\t<div class=\"elementor-column elementor-col-25 elementor-inner-column elementor-element elementor-element-f62aece\" data-id=\"f62aece\" data-element_type=\"column\">\n\t\t\t<div class=\"elementor-widget-wrap elementor-element-populated\">\n\t\t\t\t\t\t<div class=\"elementor-element elementor-element-06ef193 premium-modal-dismissible-yes elementor-widget elementor-widget-premium-addon-modal-box\" data-id=\"06ef193\" data-element_type=\"widget\" data-settings=\"{&quot;premium_modal_box_animation&quot;:&quot;fadeInDown&quot;}\" data-widget_type=\"premium-addon-modal-box.default\">\n\t\t\t\t<div class=\"elementor-widget-container\">\n\t\t\t\t\t\r\n\t\t<div class=\"premium-modal-box-container\" data-settings=\"{&quot;trigger&quot;:&quot;image&quot;,&quot;show_on_exit&quot;:false}\">\r\n\t\t\t<div class=\"premium-modal-trigger-container\">\r\n\t\t\t\t\t\t\t\t\t<img decoding=\"async\" data-toggle=\"premium-modal\" data-target=\"#premium-modal-06ef193\" class=\"premium-modal-trigger-img\" src=\"https:\/\/euspaceforum.com\/2025\/wp-content\/uploads\/2024\/06\/6_Airbus_Defence_and_Space-removebg-preview.png\" alt=\"Airbus Defence and Space\">\r\n\t\t\t\t\t\t\t<\/div>\r\n\r\n\t\t\t<div id=\"premium-modal-06ef193\" class=\"premium-modal-box-modal\"\r\n\t\t\trole=\"dialog\"\r\n\t\t\tstyle=\"display: none\"\r\n\t\t\t>\r\n\t\t\t\t<div class=\"premium-modal-box-modal-dialog\" data-delay-animation=\"\" data-modal-animation=\"fadeInDown animated-fast\">\r\n\t\t\t\t\t\t\t\t\t\t\t<div class=\"premium-modal-box-modal-header\">\r\n\t\t\t\t\t\t\t\t\t\t\t\t\t\t\t<h3 class=\"premium-modal-box-modal-title\">\r\n\t\t\t\t\t\t\t\t\tPlatinum Sponsor\t\t\t\t\t\t\t\t<\/h3>\r\n\t\t\t\t\t\t\t\t\t\t\t\t\t\t\t\t\t\t\t\t\t\t<div class=\"premium-modal-box-close-button-container\">\r\n\t\t\t\t\t\t\t\t\t<button type=\"button\" class=\"premium-modal-box-modal-close\" data-dismiss=\"premium-modal\">&times;<\/button>\r\n\t\t\t\t\t\t\t\t<\/div>\r\n\t\t\t\t\t\t\t\t\t\t\t\t\t<\/div>\r\n\t\t\t\t\t\t\t\t\t\t<div class=\"premium-modal-box-modal-body\">\r\n\t\t\t\t\t\t<p><img loading=\"lazy\" decoding=\"async\" class=\"alignnone size-medium wp-image-6466\" src=\"https:\/\/euspaceforum.com\/2025\/wp-content\/uploads\/2024\/06\/6_Airbus_Defence_and_Space-removebg-preview-300x166.png\" alt=\"Airbus Defence and Space\" width=\"300\" height=\"166\" srcset=\"https:\/\/euspaceforum.com\/2025\/wp-content\/uploads\/2024\/06\/6_Airbus_Defence_and_Space-removebg-preview-300x166.png 300w, https:\/\/euspaceforum.com\/2025\/wp-content\/uploads\/2024\/06\/6_Airbus_Defence_and_Space-removebg-preview.png 350w\" sizes=\"(max-width: 300px) 100vw, 300px\" \/><\/p><p>The Integrated Space Solution Programme Unit of Airbus enable trusted space-related information superiority to support national security and business critical operations.<\/p><p>We operate the largest constellation of optical and radar Earth observation satellites commercially available today, with unprecedented accuracy. Derived from our unrivalled data, we process a comprehensive portfolio of high-quality elevation models, global reference layers and grids to provide our customers and partners with information that perfectly matches their needs.<\/p><p>We\u2019re also a world leader in satellite communications and ground infrastructure networks. As Secure Connectivity, we provide governments, militaries and International Agencies with mission-critical voice and high-speed data communications on land, at sea and in the air. We are a key provider of secure communications services, bringing together the most comprehensive satellite communications bandwidth and the best-in-class capabilities for network services and solutions.<\/p><p>As part of Airbus, we benefit from the power of a global leader in aerospace. This guarantees financial stability, intellectual capital and instills confidence in our commitment to being your long-term partner, delivering sustainable geospatial imagery products and services with trust.<\/p><p><a href=\"https:\/\/intelligence.airbus.com\/\" target=\"_blank\" rel=\"noopener\">https:\/\/intelligence.airbus.com\/<\/a><\/p>\t\t\t\t\t<\/div>\r\n\t\t\t\t\t\t\t\t\t\t\t<div class=\"premium-modal-box-modal-footer\">\r\n\t\t\t\t\t\t\t<button type=\"button\" class=\"premium-modal-box-modal-lower-close\" data-dismiss=\"premium-modal\">\r\n\t\t\t\t\t\t\t\tClose\t\t\t\t\t\t\t<\/button>\r\n\t\t\t\t\t\t<\/div>\r\n\t\t\t\t\t\t\t\t\t<\/div>\r\n\t\t\t<\/div>\r\n\t\t<\/div>\r\n\r\n\t\t\t\t\t\t<\/div>\n\t\t\t\t<\/div>\n\t\t\t\t\t<\/div>\n\t\t<\/div>\n\t\t\t\t<div class=\"elementor-column elementor-col-25 elementor-inner-column elementor-element elementor-element-66279d1\" data-id=\"66279d1\" data-element_type=\"column\">\n\t\t\t<div class=\"elementor-widget-wrap elementor-element-populated\">\n\t\t\t\t\t\t<div class=\"elementor-element elementor-element-ef42a16 premium-modal-dismissible-yes elementor-widget elementor-widget-premium-addon-modal-box\" data-id=\"ef42a16\" data-element_type=\"widget\" data-settings=\"{&quot;premium_modal_box_animation&quot;:&quot;fadeInDown&quot;}\" data-widget_type=\"premium-addon-modal-box.default\">\n\t\t\t\t<div class=\"elementor-widget-container\">\n\t\t\t\t\t\r\n\t\t<div class=\"premium-modal-box-container\" data-settings=\"{&quot;trigger&quot;:&quot;image&quot;,&quot;show_on_exit&quot;:false}\">\r\n\t\t\t<div class=\"premium-modal-trigger-container\">\r\n\t\t\t\t\t\t\t\t\t<img decoding=\"async\" data-toggle=\"premium-modal\" data-target=\"#premium-modal-ef42a16\" class=\"premium-modal-trigger-img\" src=\"https:\/\/euspaceforum.com\/2025\/wp-content\/uploads\/2025\/06\/Aldoria_logo_350x194.png\" alt=\"Aldoria\">\r\n\t\t\t\t\t\t\t<\/div>\r\n\r\n\t\t\t<div id=\"premium-modal-ef42a16\" class=\"premium-modal-box-modal\"\r\n\t\t\trole=\"dialog\"\r\n\t\t\tstyle=\"display: none\"\r\n\t\t\t>\r\n\t\t\t\t<div class=\"premium-modal-box-modal-dialog\" data-delay-animation=\"\" data-modal-animation=\"fadeInDown animated-fast\">\r\n\t\t\t\t\t\t\t\t\t\t\t<div class=\"premium-modal-box-modal-header\">\r\n\t\t\t\t\t\t\t\t\t\t\t\t\t\t\t<h3 class=\"premium-modal-box-modal-title\">\r\n\t\t\t\t\t\t\t\t\tSilver Sponsor\t\t\t\t\t\t\t\t<\/h3>\r\n\t\t\t\t\t\t\t\t\t\t\t\t\t\t\t\t\t\t\t\t\t\t<div class=\"premium-modal-box-close-button-container\">\r\n\t\t\t\t\t\t\t\t\t<button type=\"button\" class=\"premium-modal-box-modal-close\" data-dismiss=\"premium-modal\">&times;<\/button>\r\n\t\t\t\t\t\t\t\t<\/div>\r\n\t\t\t\t\t\t\t\t\t\t\t\t\t<\/div>\r\n\t\t\t\t\t\t\t\t\t\t<div class=\"premium-modal-box-modal-body\">\r\n\t\t\t\t\t\t<p><img loading=\"lazy\" decoding=\"async\" class=\"alignnone size-medium wp-image-8096\" src=\"https:\/\/euspaceforum.com\/2025\/wp-content\/uploads\/2025\/06\/Aldoria_logo_350x194-300x166.png\" alt=\"Aldoria\" width=\"300\" height=\"166\" srcset=\"https:\/\/euspaceforum.com\/2025\/wp-content\/uploads\/2025\/06\/Aldoria_logo_350x194-300x166.png 300w, https:\/\/euspaceforum.com\/2025\/wp-content\/uploads\/2025\/06\/Aldoria_logo_350x194.png 350w\" sizes=\"(max-width: 300px) 100vw, 300px\" \/><\/p><p><span style=\"font-weight: 400;\">Aldoria collects, processes and leverages space situational awareness data to protect critical assets in space.<\/span><\/p><p><span style=\"font-weight: 400;\">By actively monitoring space debris, satellites and derelicts, Aldoria helps operators and space agencies proactively avoid threats and adjust orbital paths.<\/span><\/p><p><a href=\"https:\/\/www.aldoria.com\/\" target=\"_blank\" rel=\"noopener\">https:\/\/www.aldoria.com\/<\/a><\/p>\t\t\t\t\t<\/div>\r\n\t\t\t\t\t\t\t\t\t\t\t<div class=\"premium-modal-box-modal-footer\">\r\n\t\t\t\t\t\t\t<button type=\"button\" class=\"premium-modal-box-modal-lower-close\" data-dismiss=\"premium-modal\">\r\n\t\t\t\t\t\t\t\tClose\t\t\t\t\t\t\t<\/button>\r\n\t\t\t\t\t\t<\/div>\r\n\t\t\t\t\t\t\t\t\t<\/div>\r\n\t\t\t<\/div>\r\n\t\t<\/div>\r\n\r\n\t\t\t\t\t\t<\/div>\n\t\t\t\t<\/div>\n\t\t\t\t\t<\/div>\n\t\t<\/div>\n\t\t\t\t<div class=\"elementor-column elementor-col-25 elementor-inner-column elementor-element elementor-element-364baa8\" data-id=\"364baa8\" data-element_type=\"column\">\n\t\t\t<div class=\"elementor-widget-wrap elementor-element-populated\">\n\t\t\t\t\t\t<div class=\"elementor-element elementor-element-c9598cd premium-modal-dismissible-yes elementor-widget elementor-widget-premium-addon-modal-box\" data-id=\"c9598cd\" data-element_type=\"widget\" data-settings=\"{&quot;premium_modal_box_animation&quot;:&quot;fadeInDown&quot;}\" data-widget_type=\"premium-addon-modal-box.default\">\n\t\t\t\t<div class=\"elementor-widget-container\">\n\t\t\t\t\t\r\n\t\t<div class=\"premium-modal-box-container\" data-settings=\"{&quot;trigger&quot;:&quot;image&quot;,&quot;show_on_exit&quot;:false}\">\r\n\t\t\t<div class=\"premium-modal-trigger-container\">\r\n\t\t\t\t\t\t\t\t\t<img decoding=\"async\" data-toggle=\"premium-modal\" data-target=\"#premium-modal-c9598cd\" class=\"premium-modal-trigger-img\" src=\"https:\/\/euspaceforum.com\/2025\/wp-content\/uploads\/2025\/05\/Amazon-Project-Kuiper-350x194px-1.png\" alt=\"Amazon Project Kuiper\">\r\n\t\t\t\t\t\t\t<\/div>\r\n\r\n\t\t\t<div id=\"premium-modal-c9598cd\" class=\"premium-modal-box-modal\"\r\n\t\t\trole=\"dialog\"\r\n\t\t\tstyle=\"display: none\"\r\n\t\t\t>\r\n\t\t\t\t<div class=\"premium-modal-box-modal-dialog\" data-delay-animation=\"\" data-modal-animation=\"fadeInDown animated-fast\">\r\n\t\t\t\t\t\t\t\t\t\t\t<div class=\"premium-modal-box-modal-header\">\r\n\t\t\t\t\t\t\t\t\t\t\t\t\t\t\t<h3 class=\"premium-modal-box-modal-title\">\r\n\t\t\t\t\t\t\t\t\tPlatinum Sponsor\t\t\t\t\t\t\t\t<\/h3>\r\n\t\t\t\t\t\t\t\t\t\t\t\t\t\t\t\t\t\t\t\t\t\t<div class=\"premium-modal-box-close-button-container\">\r\n\t\t\t\t\t\t\t\t\t<button type=\"button\" class=\"premium-modal-box-modal-close\" data-dismiss=\"premium-modal\">&times;<\/button>\r\n\t\t\t\t\t\t\t\t<\/div>\r\n\t\t\t\t\t\t\t\t\t\t\t\t\t<\/div>\r\n\t\t\t\t\t\t\t\t\t\t<div class=\"premium-modal-box-modal-body\">\r\n\t\t\t\t\t\t<p><img loading=\"lazy\" decoding=\"async\" class=\"alignnone size-medium wp-image-7938\" src=\"https:\/\/euspaceforum.com\/2025\/wp-content\/uploads\/2025\/05\/Amazon-Project-Kuiper-350x194px-300x166.png\" alt=\"Amazon Project Kuiper\" width=\"300\" height=\"166\" srcset=\"https:\/\/euspaceforum.com\/2025\/wp-content\/uploads\/2025\/05\/Amazon-Project-Kuiper-350x194px-300x166.png 300w, https:\/\/euspaceforum.com\/2025\/wp-content\/uploads\/2025\/05\/Amazon-Project-Kuiper-350x194px.png 350w\" sizes=\"(max-width: 300px) 100vw, 300px\" \/><\/p><p>Project Kuiper is an initiative to increase global broadband access through a constellation of more than 3,000 satellites in low Earth orbit. Its mission is to bring fast, affordable broadband to unserved and underserved communities around the world.<\/p><p><a href=\"https:\/\/www.aboutamazon.com\/what-we-do\/devices-services\/project-kuiper\" target=\"_blank\" rel=\"noopener\">https:\/\/www.aboutamazon.com\/what-we-do\/devices-services\/project-kuiper<\/a><\/p>\t\t\t\t\t<\/div>\r\n\t\t\t\t\t\t\t\t\t\t\t<div class=\"premium-modal-box-modal-footer\">\r\n\t\t\t\t\t\t\t<button type=\"button\" class=\"premium-modal-box-modal-lower-close\" data-dismiss=\"premium-modal\">\r\n\t\t\t\t\t\t\t\tClose\t\t\t\t\t\t\t<\/button>\r\n\t\t\t\t\t\t<\/div>\r\n\t\t\t\t\t\t\t\t\t<\/div>\r\n\t\t\t<\/div>\r\n\t\t<\/div>\r\n\r\n\t\t\t\t\t\t<\/div>\n\t\t\t\t<\/div>\n\t\t\t\t\t<\/div>\n\t\t<\/div>\n\t\t\t\t<div class=\"elementor-column elementor-col-25 elementor-inner-column elementor-element elementor-element-01533b6\" data-id=\"01533b6\" data-element_type=\"column\">\n\t\t\t<div class=\"elementor-widget-wrap elementor-element-populated\">\n\t\t\t\t\t\t<div class=\"elementor-element elementor-element-0e2b344 premium-modal-dismissible-yes elementor-widget elementor-widget-premium-addon-modal-box\" data-id=\"0e2b344\" data-element_type=\"widget\" data-settings=\"{&quot;premium_modal_box_animation&quot;:&quot;fadeInDown&quot;}\" data-widget_type=\"premium-addon-modal-box.default\">\n\t\t\t\t<div class=\"elementor-widget-container\">\n\t\t\t\t\t\r\n\t\t<div class=\"premium-modal-box-container\" data-settings=\"{&quot;trigger&quot;:&quot;image&quot;,&quot;show_on_exit&quot;:false}\">\r\n\t\t\t<div class=\"premium-modal-trigger-container\">\r\n\t\t\t\t\t\t\t\t\t<img decoding=\"async\" data-toggle=\"premium-modal\" data-target=\"#premium-modal-0e2b344\" class=\"premium-modal-trigger-img\" src=\"https:\/\/euspaceforum.com\/2025\/wp-content\/uploads\/2025\/05\/DLA-Piper.png\" alt=\"DLA-Piper\">\r\n\t\t\t\t\t\t\t<\/div>\r\n\r\n\t\t\t<div id=\"premium-modal-0e2b344\" class=\"premium-modal-box-modal\"\r\n\t\t\trole=\"dialog\"\r\n\t\t\tstyle=\"display: none\"\r\n\t\t\t>\r\n\t\t\t\t<div class=\"premium-modal-box-modal-dialog\" data-delay-animation=\"\" data-modal-animation=\"fadeInDown animated-fast\">\r\n\t\t\t\t\t\t\t\t\t\t\t<div class=\"premium-modal-box-modal-header\">\r\n\t\t\t\t\t\t\t\t\t\t\t\t\t\t\t<h3 class=\"premium-modal-box-modal-title\">\r\n\t\t\t\t\t\t\t\t\tPlatinum Sponsor\t\t\t\t\t\t\t\t<\/h3>\r\n\t\t\t\t\t\t\t\t\t\t\t\t\t\t\t\t\t\t\t\t\t\t<div class=\"premium-modal-box-close-button-container\">\r\n\t\t\t\t\t\t\t\t\t<button type=\"button\" class=\"premium-modal-box-modal-close\" data-dismiss=\"premium-modal\">&times;<\/button>\r\n\t\t\t\t\t\t\t\t<\/div>\r\n\t\t\t\t\t\t\t\t\t\t\t\t\t<\/div>\r\n\t\t\t\t\t\t\t\t\t\t<div class=\"premium-modal-box-modal-body\">\r\n\t\t\t\t\t\t<p><img loading=\"lazy\" decoding=\"async\" class=\"alignnone size-medium wp-image-7933\" src=\"https:\/\/euspaceforum.com\/2025\/wp-content\/uploads\/2025\/05\/DLA-Piper-300x171.png\" alt=\"DLA-Piper\" width=\"300\" height=\"171\" srcset=\"https:\/\/euspaceforum.com\/2025\/wp-content\/uploads\/2025\/05\/DLA-Piper-300x171.png 300w, https:\/\/euspaceforum.com\/2025\/wp-content\/uploads\/2025\/05\/DLA-Piper.png 340w\" sizes=\"(max-width: 300px) 100vw, 300px\" \/><\/p><p class=\"break-words white-space-pre-wrap t-black--light text-body-medium\">DLA Piper is a global law firm helping our clients achieve their goals wherever they do business. Our pursuit of innovation has transformed our delivery of legal services. With offices in the Americas, Europe, the Middle East, Africa and Asia Pacific, we deliver exceptional outcomes on cross-border projects, critical transactions and high-stakes disputes. Every day we help trailblazing organizations seize business opportunities and successfully manage growth and change at speed. Through our pro bono work and community investment around the world, we help create a more just and sustainable future. Visit dlapiper.com to discover more.<\/p><p class=\"break-words white-space-pre-wrap t-black--light text-body-medium\"><a id=\"ember879\" class=\"link-without-visited-state ember-view\" tabindex=\"0\" href=\"http:\/\/www.dlapiper.com\/\" target=\"_blank\" rel=\"noopener noreferrer\"><span class=\"link-without-visited-state\" dir=\"ltr\">http:\/\/www.dlapiper.com<\/span><\/a><\/p>\t\t\t\t\t<\/div>\r\n\t\t\t\t\t\t\t\t\t\t\t<div class=\"premium-modal-box-modal-footer\">\r\n\t\t\t\t\t\t\t<button type=\"button\" class=\"premium-modal-box-modal-lower-close\" data-dismiss=\"premium-modal\">\r\n\t\t\t\t\t\t\t\tClose\t\t\t\t\t\t\t<\/button>\r\n\t\t\t\t\t\t<\/div>\r\n\t\t\t\t\t\t\t\t\t<\/div>\r\n\t\t\t<\/div>\r\n\t\t<\/div>\r\n\r\n\t\t\t\t\t\t<\/div>\n\t\t\t\t<\/div>\n\t\t\t\t\t<\/div>\n\t\t<\/div>\n\t\t\t\t\t<\/div>\n\t\t<\/section>\n\t\t\t\t<section class=\"elementor-section elementor-inner-section elementor-element elementor-element-a152b3a elementor-section-content-middle elementor-section-boxed elementor-section-height-default elementor-section-height-default\" data-id=\"a152b3a\" data-element_type=\"section\">\n\t\t\t\t\t\t<div class=\"elementor-container elementor-column-gap-extended\">\n\t\t\t\t\t<div class=\"elementor-column elementor-col-25 elementor-inner-column elementor-element elementor-element-cd4a6ef\" data-id=\"cd4a6ef\" data-element_type=\"column\">\n\t\t\t<div class=\"elementor-widget-wrap elementor-element-populated\">\n\t\t\t\t\t\t<div class=\"elementor-element elementor-element-c8f4bab premium-modal-dismissible-yes elementor-widget elementor-widget-premium-addon-modal-box\" data-id=\"c8f4bab\" data-element_type=\"widget\" data-settings=\"{&quot;premium_modal_box_animation&quot;:&quot;fadeInDown&quot;}\" data-widget_type=\"premium-addon-modal-box.default\">\n\t\t\t\t<div class=\"elementor-widget-container\">\n\t\t\t\t\t\r\n\t\t<div class=\"premium-modal-box-container\" data-settings=\"{&quot;trigger&quot;:&quot;image&quot;,&quot;show_on_exit&quot;:false}\">\r\n\t\t\t<div class=\"premium-modal-trigger-container\">\r\n\t\t\t\t\t\t\t\t\t<img decoding=\"async\" data-toggle=\"premium-modal\" data-target=\"#premium-modal-c8f4bab\" class=\"premium-modal-trigger-img\" src=\"https:\/\/euspaceforum.com\/2025\/wp-content\/uploads\/2023\/05\/DLR-GfR-350x194-1.png\" alt=\"DLR GfR 350x194\">\r\n\t\t\t\t\t\t\t<\/div>\r\n\r\n\t\t\t<div id=\"premium-modal-c8f4bab\" class=\"premium-modal-box-modal\"\r\n\t\t\trole=\"dialog\"\r\n\t\t\tstyle=\"display: none\"\r\n\t\t\t>\r\n\t\t\t\t<div class=\"premium-modal-box-modal-dialog\" data-delay-animation=\"\" data-modal-animation=\"fadeInDown animated-fast\">\r\n\t\t\t\t\t\t\t\t\t\t\t<div class=\"premium-modal-box-modal-header\">\r\n\t\t\t\t\t\t\t\t\t\t\t\t\t\t\t<h3 class=\"premium-modal-box-modal-title\">\r\n\t\t\t\t\t\t\t\t\tPlatinum Sponsor\t\t\t\t\t\t\t\t<\/h3>\r\n\t\t\t\t\t\t\t\t\t\t\t\t\t\t\t\t\t\t\t\t\t\t<div class=\"premium-modal-box-close-button-container\">\r\n\t\t\t\t\t\t\t\t\t<button type=\"button\" class=\"premium-modal-box-modal-close\" data-dismiss=\"premium-modal\">&times;<\/button>\r\n\t\t\t\t\t\t\t\t<\/div>\r\n\t\t\t\t\t\t\t\t\t\t\t\t\t<\/div>\r\n\t\t\t\t\t\t\t\t\t\t<div class=\"premium-modal-box-modal-body\">\r\n\t\t\t\t\t\t<p><img loading=\"lazy\" decoding=\"async\" class=\"alignnone size-medium wp-image-5095\" src=\"https:\/\/euspaceforum.com\/2025\/wp-content\/uploads\/2023\/05\/DLR-GfR-350x194-1-300x166.png\" alt=\"\" width=\"300\" height=\"166\" srcset=\"https:\/\/euspaceforum.com\/2025\/wp-content\/uploads\/2023\/05\/DLR-GfR-350x194-1-300x166.png 300w, https:\/\/euspaceforum.com\/2025\/wp-content\/uploads\/2023\/05\/DLR-GfR-350x194-1.png 350w\" sizes=\"(max-width: 300px) 100vw, 300px\" \/><\/p><p><strong>Navigating the Future.<\/strong><\/p><p><span style=\"font-weight: 400;\">Providing reliable, safe and secure space services is our daily business &#8211; and our passion. We are responsible for managing Europe\u00b4s biggest spacecraft constellation: the European Satellite Navigation System GALILEO. On behalf of the European Commission we operate from our headquarters at the Galileo Control Center (GCC-D) in Oberpfaffenhofen, Germany.<\/span><\/p><p><b>The Sky is not the Limit.<\/b><\/p><p><span style=\"font-weight: 400;\">Thanks to the technical infrastructure we have implemented, we ensure 99,99% service availability. DLR GfR\u2019s constellation operations services at GCC-D comprise 24\/7 routine operations and maintenance the Galileo satellites and of the related ground segment infrastructure.<\/span><\/p><p><span style=\"font-weight: 400;\">From GCC-D we organise the operation of the globally distributed Galileo infrastructure, both on-ground and in-orbit, throughout all mission phases. This includes mission planning and flight dynamics services, efficient team training and management, reliable configuration monitoring and global service-level tracking and monitoring.<\/span><\/p><p><b>International and diverse.<\/b><\/p><p><span style=\"font-weight: 400;\">With our international team of more than 270 experts, we offer our customers excellent service and navigate the Galileo project with foresight into the future.<\/span><\/p><p><a href=\"https:\/\/www.dlr-gfr.com\/en\/\" target=\"_blank\" rel=\"noopener\">https:\/\/www.dlr-gfr.com\/en\/<\/a><\/p>\t\t\t\t\t<\/div>\r\n\t\t\t\t\t\t\t\t\t\t\t<div class=\"premium-modal-box-modal-footer\">\r\n\t\t\t\t\t\t\t<button type=\"button\" class=\"premium-modal-box-modal-lower-close\" data-dismiss=\"premium-modal\">\r\n\t\t\t\t\t\t\t\tClose\t\t\t\t\t\t\t<\/button>\r\n\t\t\t\t\t\t<\/div>\r\n\t\t\t\t\t\t\t\t\t<\/div>\r\n\t\t\t<\/div>\r\n\t\t<\/div>\r\n\r\n\t\t\t\t\t\t<\/div>\n\t\t\t\t<\/div>\n\t\t\t\t\t<\/div>\n\t\t<\/div>\n\t\t\t\t<div class=\"elementor-column elementor-col-25 elementor-inner-column elementor-element elementor-element-7b285fa\" data-id=\"7b285fa\" data-element_type=\"column\">\n\t\t\t<div class=\"elementor-widget-wrap elementor-element-populated\">\n\t\t\t\t\t\t<div class=\"elementor-element elementor-element-3e883b9 premium-modal-dismissible-yes elementor-widget elementor-widget-premium-addon-modal-box\" data-id=\"3e883b9\" data-element_type=\"widget\" data-settings=\"{&quot;premium_modal_box_animation&quot;:&quot;fadeInDown&quot;}\" data-widget_type=\"premium-addon-modal-box.default\">\n\t\t\t\t<div class=\"elementor-widget-container\">\n\t\t\t\t\t\r\n\t\t<div class=\"premium-modal-box-container\" data-settings=\"{&quot;trigger&quot;:&quot;image&quot;,&quot;show_on_exit&quot;:false}\">\r\n\t\t\t<div class=\"premium-modal-trigger-container\">\r\n\t\t\t\t\t\t\t\t\t<img decoding=\"async\" data-toggle=\"premium-modal\" data-target=\"#premium-modal-3e883b9\" class=\"premium-modal-trigger-img\" src=\"https:\/\/euspaceforum.com\/2025\/wp-content\/uploads\/2025\/06\/Enpulsion-small.png\" alt=\"Enpulsion small\">\r\n\t\t\t\t\t\t\t<\/div>\r\n\r\n\t\t\t<div id=\"premium-modal-3e883b9\" class=\"premium-modal-box-modal\"\r\n\t\t\trole=\"dialog\"\r\n\t\t\tstyle=\"display: none\"\r\n\t\t\t>\r\n\t\t\t\t<div class=\"premium-modal-box-modal-dialog\" data-delay-animation=\"\" data-modal-animation=\"fadeInDown animated-fast\">\r\n\t\t\t\t\t\t\t\t\t\t\t<div class=\"premium-modal-box-modal-header\">\r\n\t\t\t\t\t\t\t\t\t\t\t\t\t\t\t<h3 class=\"premium-modal-box-modal-title\">\r\n\t\t\t\t\t\t\t\t\tPlatinum Sponsor\t\t\t\t\t\t\t\t<\/h3>\r\n\t\t\t\t\t\t\t\t\t\t\t\t\t\t\t\t\t\t\t\t\t\t<div class=\"premium-modal-box-close-button-container\">\r\n\t\t\t\t\t\t\t\t\t<button type=\"button\" class=\"premium-modal-box-modal-close\" data-dismiss=\"premium-modal\">&times;<\/button>\r\n\t\t\t\t\t\t\t\t<\/div>\r\n\t\t\t\t\t\t\t\t\t\t\t\t\t<\/div>\r\n\t\t\t\t\t\t\t\t\t\t<div class=\"premium-modal-box-modal-body\">\r\n\t\t\t\t\t\t<p><img loading=\"lazy\" decoding=\"async\" class=\"alignnone size-medium wp-image-7977\" src=\"https:\/\/euspaceforum.com\/2025\/wp-content\/uploads\/2025\/06\/Enpulsion-small-300x111.png\" alt=\"\" width=\"300\" height=\"111\" srcset=\"https:\/\/euspaceforum.com\/2025\/wp-content\/uploads\/2025\/06\/Enpulsion-small-300x111.png 300w, https:\/\/euspaceforum.com\/2025\/wp-content\/uploads\/2025\/06\/Enpulsion-small.png 350w\" sizes=\"(max-width: 300px) 100vw, 300px\" \/>ENPULSION is the world\u2019s leading manufacturer of electric propulsion systems for nano- and microsatellites. The company is based in Wiener Neustadt, Austria, and has a business development office in the USA. Its products are based on the company\u2019s proprietary Field-Emission Electric Propulsion (FEEP) technology, behind which are more than 30 years of research and development work in cooperation with the European Space Agency (ESA) and the Research Facility FOTEC.<\/p><p>In its own semi-automated production facility ENPULSION manufactures the ENPULSION MICRO and the ENPULSION NANO Thruster (formerly IFM NANO) families \u2013 the only compact, scalable, and modular electric propulsion systems worldwide. The ENPULSION NANO Thruster became the first European electric propulsion thruster to fly on a constellation of satellites.<\/p><p>As of May 2023, there are more than 170+ ENPULSION active thrusters in space with more than 300 units delivered to customers. The company is ISO 9001:2015 quality certified for the development, testing, serial production, and distribution of space propulsion systems.<\/p><p><a href=\"https:\/\/www.enpulsion.com\" target=\"_blank\" rel=\"noopener\">https:\/\/www.enpulsion.com<\/a><\/p>\t\t\t\t\t<\/div>\r\n\t\t\t\t\t\t\t\t\t\t\t<div class=\"premium-modal-box-modal-footer\">\r\n\t\t\t\t\t\t\t<button type=\"button\" class=\"premium-modal-box-modal-lower-close\" data-dismiss=\"premium-modal\">\r\n\t\t\t\t\t\t\t\tClose\t\t\t\t\t\t\t<\/button>\r\n\t\t\t\t\t\t<\/div>\r\n\t\t\t\t\t\t\t\t\t<\/div>\r\n\t\t\t<\/div>\r\n\t\t<\/div>\r\n\r\n\t\t\t\t\t\t<\/div>\n\t\t\t\t<\/div>\n\t\t\t\t\t<\/div>\n\t\t<\/div>\n\t\t\t\t<div class=\"elementor-column elementor-col-25 elementor-inner-column elementor-element elementor-element-7b8688b\" data-id=\"7b8688b\" data-element_type=\"column\">\n\t\t\t<div class=\"elementor-widget-wrap elementor-element-populated\">\n\t\t\t\t\t\t<div class=\"elementor-element elementor-element-a35dcca premium-modal-dismissible-yes elementor-widget elementor-widget-premium-addon-modal-box\" data-id=\"a35dcca\" data-element_type=\"widget\" data-settings=\"{&quot;premium_modal_box_animation&quot;:&quot;fadeInDown&quot;}\" data-widget_type=\"premium-addon-modal-box.default\">\n\t\t\t\t<div class=\"elementor-widget-container\">\n\t\t\t\t\t\r\n\t\t<div class=\"premium-modal-box-container\" data-settings=\"{&quot;trigger&quot;:&quot;image&quot;,&quot;show_on_exit&quot;:false}\">\r\n\t\t\t<div class=\"premium-modal-trigger-container\">\r\n\t\t\t\t\t\t\t\t\t<img decoding=\"async\" data-toggle=\"premium-modal\" data-target=\"#premium-modal-a35dcca\" class=\"premium-modal-trigger-img\" src=\"https:\/\/euspaceforum.com\/2025\/wp-content\/uploads\/2024\/04\/ESPI-350x194-1.png\" alt=\"ESPI\">\r\n\t\t\t\t\t\t\t<\/div>\r\n\r\n\t\t\t<div id=\"premium-modal-a35dcca\" class=\"premium-modal-box-modal\"\r\n\t\t\trole=\"dialog\"\r\n\t\t\tstyle=\"display: none\"\r\n\t\t\t>\r\n\t\t\t\t<div class=\"premium-modal-box-modal-dialog\" data-delay-animation=\"\" data-modal-animation=\"fadeInDown animated-fast\">\r\n\t\t\t\t\t\t\t\t\t\t\t<div class=\"premium-modal-box-modal-header\">\r\n\t\t\t\t\t\t\t\t\t\t\t\t\t\t\t<h3 class=\"premium-modal-box-modal-title\">\r\n\t\t\t\t\t\t\t\t\tStrategic Partner \t\t\t\t\t\t\t\t<\/h3>\r\n\t\t\t\t\t\t\t\t\t\t\t\t\t\t\t\t\t\t\t\t\t\t<div class=\"premium-modal-box-close-button-container\">\r\n\t\t\t\t\t\t\t\t\t<button type=\"button\" class=\"premium-modal-box-modal-close\" data-dismiss=\"premium-modal\">&times;<\/button>\r\n\t\t\t\t\t\t\t\t<\/div>\r\n\t\t\t\t\t\t\t\t\t\t\t\t\t<\/div>\r\n\t\t\t\t\t\t\t\t\t\t<div class=\"premium-modal-box-modal-body\">\r\n\t\t\t\t\t\t<p><span style=\"font-weight: 400;\"><img loading=\"lazy\" decoding=\"async\" class=\"alignnone size-medium wp-image-6057\" src=\"https:\/\/euspaceforum.com\/2025\/wp-content\/uploads\/2024\/04\/ESPI-350x194-1-300x166.png\" alt=\"ESPI\" width=\"300\" height=\"166\" srcset=\"https:\/\/euspaceforum.com\/2025\/wp-content\/uploads\/2024\/04\/ESPI-350x194-1-300x166.png 300w, https:\/\/euspaceforum.com\/2025\/wp-content\/uploads\/2024\/04\/ESPI-350x194-1.png 350w\" sizes=\"(max-width: 300px) 100vw, 300px\" \/><\/span><\/p><p><span style=\"font-weight: 400;\">Founded in 2003, European Space Policy Institute (ESPI) is Europe\u2019s independent think tank for space based in Vienna, Austria \u2013 the world\u2019s capital of space diplomacy. Working in non-profit capacity, ESPI promotes European space policy on a global level, facilitates an active forum for the analysis and discussion of European needs, capabilities, and long-term prospects in space activities, and makes proposals and recommendations to European decision-makers. In line with its policy vision, ESPI2040: Space for Prosperity, Peace and Future Generations, ESPI advocates for a strong Europe as a partner to the world.<\/span><\/p><p><a href=\"https:\/\/www.espi.or.at\/\" target=\"_blank\" rel=\"noopener\">https:\/\/www.espi.or.at\/<\/a><\/p>\t\t\t\t\t<\/div>\r\n\t\t\t\t\t\t\t\t\t\t\t<div class=\"premium-modal-box-modal-footer\">\r\n\t\t\t\t\t\t\t<button type=\"button\" class=\"premium-modal-box-modal-lower-close\" data-dismiss=\"premium-modal\">\r\n\t\t\t\t\t\t\t\tClose\t\t\t\t\t\t\t<\/button>\r\n\t\t\t\t\t\t<\/div>\r\n\t\t\t\t\t\t\t\t\t<\/div>\r\n\t\t\t<\/div>\r\n\t\t<\/div>\r\n\r\n\t\t\t\t\t\t<\/div>\n\t\t\t\t<\/div>\n\t\t\t\t\t<\/div>\n\t\t<\/div>\n\t\t\t\t<div class=\"elementor-column elementor-col-25 elementor-inner-column elementor-element elementor-element-0904e01\" data-id=\"0904e01\" data-element_type=\"column\">\n\t\t\t<div class=\"elementor-widget-wrap elementor-element-populated\">\n\t\t\t\t\t\t<div class=\"elementor-element elementor-element-6783a77 premium-modal-dismissible-yes elementor-widget elementor-widget-premium-addon-modal-box\" data-id=\"6783a77\" data-element_type=\"widget\" data-settings=\"{&quot;premium_modal_box_animation&quot;:&quot;fadeInDown&quot;}\" data-widget_type=\"premium-addon-modal-box.default\">\n\t\t\t\t<div class=\"elementor-widget-container\">\n\t\t\t\t\t\r\n\t\t<div class=\"premium-modal-box-container\" data-settings=\"{&quot;trigger&quot;:&quot;image&quot;,&quot;show_on_exit&quot;:false}\">\r\n\t\t\t<div class=\"premium-modal-trigger-container\">\r\n\t\t\t\t\t\t\t\t\t<img decoding=\"async\" data-toggle=\"premium-modal\" data-target=\"#premium-modal-6783a77\" class=\"premium-modal-trigger-img\" src=\"https:\/\/euspaceforum.com\/2025\/wp-content\/uploads\/2025\/04\/EUSI-350x194-1.png\" alt=\"European Space Imaging (EUSI )\">\r\n\t\t\t\t\t\t\t<\/div>\r\n\r\n\t\t\t<div id=\"premium-modal-6783a77\" class=\"premium-modal-box-modal\"\r\n\t\t\trole=\"dialog\"\r\n\t\t\tstyle=\"display: none\"\r\n\t\t\t>\r\n\t\t\t\t<div class=\"premium-modal-box-modal-dialog\" data-delay-animation=\"\" data-modal-animation=\"fadeInDown animated-fast\">\r\n\t\t\t\t\t\t\t\t\t\t\t<div class=\"premium-modal-box-modal-header\">\r\n\t\t\t\t\t\t\t\t\t\t\t\t\t\t\t<h3 class=\"premium-modal-box-modal-title\">\r\n\t\t\t\t\t\t\t\t\tPlatinum Sponsor\t\t\t\t\t\t\t\t<\/h3>\r\n\t\t\t\t\t\t\t\t\t\t\t\t\t\t\t\t\t\t\t\t\t\t<div class=\"premium-modal-box-close-button-container\">\r\n\t\t\t\t\t\t\t\t\t<button type=\"button\" class=\"premium-modal-box-modal-close\" data-dismiss=\"premium-modal\">&times;<\/button>\r\n\t\t\t\t\t\t\t\t<\/div>\r\n\t\t\t\t\t\t\t\t\t\t\t\t\t<\/div>\r\n\t\t\t\t\t\t\t\t\t\t<div class=\"premium-modal-box-modal-body\">\r\n\t\t\t\t\t\t<p><img loading=\"lazy\" decoding=\"async\" class=\"alignnone size-medium wp-image-7644\" src=\"https:\/\/euspaceforum.com\/2025\/wp-content\/uploads\/2025\/04\/EUSI-350x194-1-300x166.png\" alt=\"European Space Imaging (EUSI )\" width=\"300\" height=\"166\" srcset=\"https:\/\/euspaceforum.com\/2025\/wp-content\/uploads\/2025\/04\/EUSI-350x194-1-300x166.png 300w, https:\/\/euspaceforum.com\/2025\/wp-content\/uploads\/2025\/04\/EUSI-350x194-1.png 350w\" sizes=\"(max-width: 300px) 100vw, 300px\" \/><\/p><p>European Space Imaging (EUSI) is Europe\u2019s leading provider of advanced geospatial data solutions, delivering the highest quality satellite imagery with unparalleled speed, capacity and reliability. Operating for over 20 years from their ground segment in Munich, EUSI supports European Earth Observation objectives through rapid and flexible satellite tasking for security, civil, environmental and commercial applications.<\/p><p><a href=\"https:\/\/www.euspaceimaging.com\/\" target=\"_blank\" rel=\"noopener\">https:\/\/www.euspaceimaging.com\/<\/a><\/p>\t\t\t\t\t<\/div>\r\n\t\t\t\t\t\t\t\t\t\t\t<div class=\"premium-modal-box-modal-footer\">\r\n\t\t\t\t\t\t\t<button type=\"button\" class=\"premium-modal-box-modal-lower-close\" data-dismiss=\"premium-modal\">\r\n\t\t\t\t\t\t\t\tClose\t\t\t\t\t\t\t<\/button>\r\n\t\t\t\t\t\t<\/div>\r\n\t\t\t\t\t\t\t\t\t<\/div>\r\n\t\t\t<\/div>\r\n\t\t<\/div>\r\n\r\n\t\t\t\t\t\t<\/div>\n\t\t\t\t<\/div>\n\t\t\t\t\t<\/div>\n\t\t<\/div>\n\t\t\t\t\t<\/div>\n\t\t<\/section>\n\t\t\t\t<section class=\"elementor-section elementor-inner-section elementor-element elementor-element-37a390a elementor-section-content-middle elementor-section-boxed elementor-section-height-default elementor-section-height-default\" data-id=\"37a390a\" data-element_type=\"section\">\n\t\t\t\t\t\t<div class=\"elementor-container elementor-column-gap-extended\">\n\t\t\t\t\t<div class=\"elementor-column elementor-col-25 elementor-inner-column elementor-element elementor-element-fdc30f9\" data-id=\"fdc30f9\" data-element_type=\"column\">\n\t\t\t<div class=\"elementor-widget-wrap elementor-element-populated\">\n\t\t\t\t\t\t<div class=\"elementor-element elementor-element-08f5d82 premium-modal-dismissible-yes elementor-widget elementor-widget-premium-addon-modal-box\" data-id=\"08f5d82\" data-element_type=\"widget\" data-settings=\"{&quot;premium_modal_box_animation&quot;:&quot;fadeInDown&quot;}\" data-widget_type=\"premium-addon-modal-box.default\">\n\t\t\t\t<div class=\"elementor-widget-container\">\n\t\t\t\t\t\r\n\t\t<div class=\"premium-modal-box-container\" data-settings=\"{&quot;trigger&quot;:&quot;image&quot;,&quot;show_on_exit&quot;:false}\">\r\n\t\t\t<div class=\"premium-modal-trigger-container\">\r\n\t\t\t\t\t\t\t\t\t<img decoding=\"async\" data-toggle=\"premium-modal\" data-target=\"#premium-modal-08f5d82\" class=\"premium-modal-trigger-img\" src=\"https:\/\/euspaceforum.com\/2025\/wp-content\/uploads\/2024\/04\/Eutelsat-Group-350x194-1.png\" alt=\"Eutelsat Group 350x194\">\r\n\t\t\t\t\t\t\t<\/div>\r\n\r\n\t\t\t<div id=\"premium-modal-08f5d82\" class=\"premium-modal-box-modal\"\r\n\t\t\trole=\"dialog\"\r\n\t\t\tstyle=\"display: none\"\r\n\t\t\t>\r\n\t\t\t\t<div class=\"premium-modal-box-modal-dialog\" data-delay-animation=\"\" data-modal-animation=\"fadeInDown animated-fast\">\r\n\t\t\t\t\t\t\t\t\t\t\t<div class=\"premium-modal-box-modal-header\">\r\n\t\t\t\t\t\t\t\t\t\t\t\t\t\t\t<h3 class=\"premium-modal-box-modal-title\">\r\n\t\t\t\t\t\t\t\t\tPlatinum Sponsor\t\t\t\t\t\t\t\t<\/h3>\r\n\t\t\t\t\t\t\t\t\t\t\t\t\t\t\t\t\t\t\t\t\t\t<div class=\"premium-modal-box-close-button-container\">\r\n\t\t\t\t\t\t\t\t\t<button type=\"button\" class=\"premium-modal-box-modal-close\" data-dismiss=\"premium-modal\">&times;<\/button>\r\n\t\t\t\t\t\t\t\t<\/div>\r\n\t\t\t\t\t\t\t\t\t\t\t\t\t<\/div>\r\n\t\t\t\t\t\t\t\t\t\t<div class=\"premium-modal-box-modal-body\">\r\n\t\t\t\t\t\t<p><img loading=\"lazy\" decoding=\"async\" class=\"alignnone size-medium wp-image-6060\" src=\"https:\/\/euspaceforum.com\/2025\/wp-content\/uploads\/2024\/04\/Eutelsat-Group-350x194-1-300x166.png\" alt=\"\" width=\"300\" height=\"166\" srcset=\"https:\/\/euspaceforum.com\/2025\/wp-content\/uploads\/2024\/04\/Eutelsat-Group-350x194-1-300x166.png 300w, https:\/\/euspaceforum.com\/2025\/wp-content\/uploads\/2024\/04\/Eutelsat-Group-350x194-1.png 350w\" sizes=\"(max-width: 300px) 100vw, 300px\" \/><\/p><p><span style=\"font-weight: 400;\">Eutelsat Group is a global leader in satellite communications, delivering connectivity and broadcast services worldwide. The Group was formed through the combination of the Company and OneWeb in 2023, becoming the first fully integrated GEO-LEO satellite operator with a fleet of 36 Geostationary satellites and a Low Earth Orbit (LEO) constellation of more than 600 satellites. The Group addresses the needs of customers in four key verticals of Video, where it distributes more than 6,500 television channels, and the high-growth connectivity markets of Mobile Connectivity, Fixed Connectivity, and Government Services. Eutelsat Group\u2019s unique suite of in-orbit assets and ground infrastructure enables it to deliver integrated solutions to meet the needs of global customers. The Company is headquartered in Paris and the Eutelsat Group employs more than 1,700 people across more than 50 countries. The Group is committed to delivering safe, resilient, and environmentally sustainable connectivity to help bridge the digital divide. The Company is listed on the Euronext Paris Stock Exchange (ticker: ETL) and the London Stock Exchange (ticker: ETL)<\/span><\/p><p><a href=\"https:\/\/www.eutelsat.com\" target=\"_blank\" rel=\"noopener\"><span style=\"font-weight: 400;\">https:\/\/www.eutelsat.com<\/span><\/a><\/p>\t\t\t\t\t<\/div>\r\n\t\t\t\t\t\t\t\t\t\t\t<div class=\"premium-modal-box-modal-footer\">\r\n\t\t\t\t\t\t\t<button type=\"button\" class=\"premium-modal-box-modal-lower-close\" data-dismiss=\"premium-modal\">\r\n\t\t\t\t\t\t\t\tClose\t\t\t\t\t\t\t<\/button>\r\n\t\t\t\t\t\t<\/div>\r\n\t\t\t\t\t\t\t\t\t<\/div>\r\n\t\t\t<\/div>\r\n\t\t<\/div>\r\n\r\n\t\t\t\t\t\t<\/div>\n\t\t\t\t<\/div>\n\t\t\t\t\t<\/div>\n\t\t<\/div>\n\t\t\t\t<div class=\"elementor-column elementor-col-25 elementor-inner-column elementor-element elementor-element-d6abac5\" data-id=\"d6abac5\" data-element_type=\"column\">\n\t\t\t<div class=\"elementor-widget-wrap elementor-element-populated\">\n\t\t\t\t\t\t<div class=\"elementor-element elementor-element-f9c4b93 premium-modal-dismissible-yes elementor-widget elementor-widget-premium-addon-modal-box\" data-id=\"f9c4b93\" data-element_type=\"widget\" data-settings=\"{&quot;premium_modal_box_animation&quot;:&quot;fadeInDown&quot;}\" data-widget_type=\"premium-addon-modal-box.default\">\n\t\t\t\t<div class=\"elementor-widget-container\">\n\t\t\t\t\t\r\n\t\t<div class=\"premium-modal-box-container\" data-settings=\"{&quot;trigger&quot;:&quot;image&quot;,&quot;show_on_exit&quot;:false}\">\r\n\t\t\t<div class=\"premium-modal-trigger-container\">\r\n\t\t\t\t\t\t\t\t\t<img decoding=\"async\" data-toggle=\"premium-modal\" data-target=\"#premium-modal-f9c4b93\" class=\"premium-modal-trigger-img\" src=\"https:\/\/euspaceforum.com\/2025\/wp-content\/uploads\/2023\/05\/GMV-350x194-1.png\" alt=\"GMV 350x194\">\r\n\t\t\t\t\t\t\t<\/div>\r\n\r\n\t\t\t<div id=\"premium-modal-f9c4b93\" class=\"premium-modal-box-modal\"\r\n\t\t\trole=\"dialog\"\r\n\t\t\tstyle=\"display: none\"\r\n\t\t\t>\r\n\t\t\t\t<div class=\"premium-modal-box-modal-dialog\" data-delay-animation=\"\" data-modal-animation=\"fadeInDown animated-fast\">\r\n\t\t\t\t\t\t\t\t\t\t\t<div class=\"premium-modal-box-modal-header\">\r\n\t\t\t\t\t\t\t\t\t\t\t\t\t\t\t<h3 class=\"premium-modal-box-modal-title\">\r\n\t\t\t\t\t\t\t\t\tPlatinum Sponsor\t\t\t\t\t\t\t\t<\/h3>\r\n\t\t\t\t\t\t\t\t\t\t\t\t\t\t\t\t\t\t\t\t\t\t<div class=\"premium-modal-box-close-button-container\">\r\n\t\t\t\t\t\t\t\t\t<button type=\"button\" class=\"premium-modal-box-modal-close\" data-dismiss=\"premium-modal\">&times;<\/button>\r\n\t\t\t\t\t\t\t\t<\/div>\r\n\t\t\t\t\t\t\t\t\t\t\t\t\t<\/div>\r\n\t\t\t\t\t\t\t\t\t\t<div class=\"premium-modal-box-modal-body\">\r\n\t\t\t\t\t\t<div><img loading=\"lazy\" decoding=\"async\" class=\"alignnone size-medium wp-image-5097\" src=\"https:\/\/euspaceforum.com\/2025\/wp-content\/uploads\/2023\/05\/GMV-350x194-1-300x166.png\" alt=\"\" width=\"300\" height=\"166\" srcset=\"https:\/\/euspaceforum.com\/2025\/wp-content\/uploads\/2023\/05\/GMV-350x194-1-300x166.png 300w, https:\/\/euspaceforum.com\/2025\/wp-content\/uploads\/2023\/05\/GMV-350x194-1.png 350w\" sizes=\"(max-width: 300px) 100vw, 300px\" \/><\/div><div><p><span style=\"font-weight: 400;\">GMV is a trusted partner of leading Satellite Operators, Satellite Manufacturers and Space Agencies worldwide. Since 1984, we provide engineering, software &amp; hardware development and systems integration in the areas of mission analysis, GNC, avionics, satellite and mission control, flight dynamics, data processing, mission planning, fleet management, navigation, on board software, robotics and applications. Involved in more than 1,000 satellite missions and having a large portfolio of flight proven products.<\/span><\/p><p><span style=\"font-weight: 400;\">Today we are a worldwide leader in satellite-navigation systems (including a major role on European Galileo\/EGNOS, international SBAS systems and GNSS applications), a worldwide leader of ground systems for telecommunications operators (Eutelsat, Hispasat, SES, Intelsat, Inmarsat\u2026more than 40 operators worldwide), a European leader of ground control systems and data processing for Earth observation and meteorology (Earth Explorers, Copernicus, Paz, Microcarb, MTG, EPS SG), a European leader of avionics and advanced GNC systems for planetary defense (Hera), technology demonstration missions (PROBA-3), launchers (VEGA, PLD) and space exploration (Moon missions, MSR), a European leader of space surveillance (SSA and EUSST\/STM) and robotics (Exomars), a European reference in satellite operations engineering (DLR, ESA, CNES) and user applications (security, agriculture, maritime\u2026 among others).<\/span><\/p><p><span style=\"font-weight: 400;\">GMV is one of the strongest worldwide players in Satellite Navigation particularly through our contribution to EGNOS\/Galileo, being today the responsible for the maintenance and evolution of the Galileo Control System (GCS), having the responsibility of the critical subsystems in the Galileo Mission System (GMS) and procuring the infrastructure\/services of the major Galileo Service centers (GSC, GRC, TGVF, SAR-RLSP, GSMC, GSSC, HADG).<\/span><\/p><\/div><div class=\"smls-first-content-wrap clearfix\"><div class=\"smls-only-content-wrap\"><div class=\"smls-logo-description\"><a href=\"https:\/\/www.gmv.com\" target=\"_blank\" rel=\"noopener\">https:\/\/www.gmv.com<\/a><\/div><\/div><\/div>\t\t\t\t\t<\/div>\r\n\t\t\t\t\t\t\t\t\t\t\t<div class=\"premium-modal-box-modal-footer\">\r\n\t\t\t\t\t\t\t<button type=\"button\" class=\"premium-modal-box-modal-lower-close\" data-dismiss=\"premium-modal\">\r\n\t\t\t\t\t\t\t\tClose\t\t\t\t\t\t\t<\/button>\r\n\t\t\t\t\t\t<\/div>\r\n\t\t\t\t\t\t\t\t\t<\/div>\r\n\t\t\t<\/div>\r\n\t\t<\/div>\r\n\r\n\t\t\t\t\t\t<\/div>\n\t\t\t\t<\/div>\n\t\t\t\t\t<\/div>\n\t\t<\/div>\n\t\t\t\t<div class=\"elementor-column elementor-col-25 elementor-inner-column elementor-element elementor-element-5392275\" data-id=\"5392275\" data-element_type=\"column\">\n\t\t\t<div class=\"elementor-widget-wrap elementor-element-populated\">\n\t\t\t\t\t\t<div class=\"elementor-element elementor-element-27bb98d premium-modal-dismissible-yes elementor-widget elementor-widget-premium-addon-modal-box\" data-id=\"27bb98d\" data-element_type=\"widget\" data-settings=\"{&quot;premium_modal_box_animation&quot;:&quot;fadeInDown&quot;}\" data-widget_type=\"premium-addon-modal-box.default\">\n\t\t\t\t<div class=\"elementor-widget-container\">\n\t\t\t\t\t\r\n\t\t<div class=\"premium-modal-box-container\" data-settings=\"{&quot;trigger&quot;:&quot;image&quot;,&quot;show_on_exit&quot;:false}\">\r\n\t\t\t<div class=\"premium-modal-trigger-container\">\r\n\t\t\t\t\t\t\t\t\t<img decoding=\"async\" data-toggle=\"premium-modal\" data-target=\"#premium-modal-27bb98d\" class=\"premium-modal-trigger-img\" src=\"https:\/\/euspaceforum.com\/2025\/wp-content\/uploads\/2025\/06\/GomSpace-LOGO-350x194-1.png\" alt=\"GomSpace\">\r\n\t\t\t\t\t\t\t<\/div>\r\n\r\n\t\t\t<div id=\"premium-modal-27bb98d\" class=\"premium-modal-box-modal\"\r\n\t\t\trole=\"dialog\"\r\n\t\t\tstyle=\"display: none\"\r\n\t\t\t>\r\n\t\t\t\t<div class=\"premium-modal-box-modal-dialog\" data-delay-animation=\"\" data-modal-animation=\"fadeInDown animated-fast\">\r\n\t\t\t\t\t\t\t\t\t\t\t<div class=\"premium-modal-box-modal-header\">\r\n\t\t\t\t\t\t\t\t\t\t\t\t\t\t\t<h3 class=\"premium-modal-box-modal-title\">\r\n\t\t\t\t\t\t\t\t\tPlatinum Sponsor\t\t\t\t\t\t\t\t<\/h3>\r\n\t\t\t\t\t\t\t\t\t\t\t\t\t\t\t\t\t\t\t\t\t\t<div class=\"premium-modal-box-close-button-container\">\r\n\t\t\t\t\t\t\t\t\t<button type=\"button\" class=\"premium-modal-box-modal-close\" data-dismiss=\"premium-modal\">&times;<\/button>\r\n\t\t\t\t\t\t\t\t<\/div>\r\n\t\t\t\t\t\t\t\t\t\t\t\t\t<\/div>\r\n\t\t\t\t\t\t\t\t\t\t<div class=\"premium-modal-box-modal-body\">\r\n\t\t\t\t\t\t<p><img loading=\"lazy\" decoding=\"async\" class=\"alignnone size-medium wp-image-8070\" src=\"https:\/\/euspaceforum.com\/2025\/wp-content\/uploads\/2025\/06\/GomSpace-LOGO-350x194-1-300x166.png\" alt=\"GomSpace\" width=\"300\" height=\"166\" srcset=\"https:\/\/euspaceforum.com\/2025\/wp-content\/uploads\/2025\/06\/GomSpace-LOGO-350x194-1-300x166.png 300w, https:\/\/euspaceforum.com\/2025\/wp-content\/uploads\/2025\/06\/GomSpace-LOGO-350x194-1.png 350w\" sizes=\"(max-width: 300px) 100vw, 300px\" \/><\/p><p>GomSpace is a globally leading designer, integrator and manufacturer of high-end nanosatellites for customers in the academic, government and commercial markets. We\u2019re not just building satellites\u2014we\u2019re building opportunities. We\u2019re not just enabling missions\u2014we\u2019re enabling dreams by helping and guiding our customers in fulfilling their space ambitions. GomSpace mission is to offer all clients a sustainable approach and a smooth continuity of their business needs. Whether you\u2019re a startup launching your first satellite, an ambitious government deploying national strengths or an established enterprise building a global network \u201cWe make space YOURS. Affordable \u2013 Useful \u2013 Accessible.\u201d Our positions of strength include systems integration, nanosatellite subsystems and advanced miniaturised radio technology. Our international team is devoted to understanding our customers&#8217;\u200b requirements and deliver flawlessly. We are listed at Nasdaq in Stockholm (GOMX), headquartered in Denmark, have offices in the US, Singapore, Luxembourg and Sweden and we service our customers in more than 50 countries.<\/p><p><a href=\"http:\/\/www.gomspace.com\" target=\"_blank\" rel=\"noopener\">www.gomspace.com<\/a><\/p>\t\t\t\t\t<\/div>\r\n\t\t\t\t\t\t\t\t\t\t\t<div class=\"premium-modal-box-modal-footer\">\r\n\t\t\t\t\t\t\t<button type=\"button\" class=\"premium-modal-box-modal-lower-close\" data-dismiss=\"premium-modal\">\r\n\t\t\t\t\t\t\t\tClose\t\t\t\t\t\t\t<\/button>\r\n\t\t\t\t\t\t<\/div>\r\n\t\t\t\t\t\t\t\t\t<\/div>\r\n\t\t\t<\/div>\r\n\t\t<\/div>\r\n\r\n\t\t\t\t\t\t<\/div>\n\t\t\t\t<\/div>\n\t\t\t\t\t<\/div>\n\t\t<\/div>\n\t\t\t\t<div class=\"elementor-column elementor-col-25 elementor-inner-column elementor-element elementor-element-62b29fc\" data-id=\"62b29fc\" data-element_type=\"column\">\n\t\t\t<div class=\"elementor-widget-wrap elementor-element-populated\">\n\t\t\t\t\t\t<div class=\"elementor-element elementor-element-fa700f8 premium-modal-dismissible-yes elementor-widget elementor-widget-premium-addon-modal-box\" data-id=\"fa700f8\" data-element_type=\"widget\" data-settings=\"{&quot;premium_modal_box_animation&quot;:&quot;fadeInDown&quot;}\" data-widget_type=\"premium-addon-modal-box.default\">\n\t\t\t\t<div class=\"elementor-widget-container\">\n\t\t\t\t\t\r\n\t\t<div class=\"premium-modal-box-container\" data-settings=\"{&quot;trigger&quot;:&quot;image&quot;,&quot;show_on_exit&quot;:false}\">\r\n\t\t\t<div class=\"premium-modal-trigger-container\">\r\n\t\t\t\t\t\t\t\t\t<img decoding=\"async\" data-toggle=\"premium-modal\" data-target=\"#premium-modal-fa700f8\" class=\"premium-modal-trigger-img\" src=\"https:\/\/euspaceforum.com\/2025\/wp-content\/uploads\/2023\/05\/GSOA-350x194-1.png\" alt=\"GSOA 350x194\">\r\n\t\t\t\t\t\t\t<\/div>\r\n\r\n\t\t\t<div id=\"premium-modal-fa700f8\" class=\"premium-modal-box-modal\"\r\n\t\t\trole=\"dialog\"\r\n\t\t\tstyle=\"display: none\"\r\n\t\t\t>\r\n\t\t\t\t<div class=\"premium-modal-box-modal-dialog\" data-delay-animation=\"\" data-modal-animation=\"fadeInDown animated-fast\">\r\n\t\t\t\t\t\t\t\t\t\t\t<div class=\"premium-modal-box-modal-header\">\r\n\t\t\t\t\t\t\t\t\t\t\t\t\t\t\t<h3 class=\"premium-modal-box-modal-title\">\r\n\t\t\t\t\t\t\t\t\tPlatinum Sponsor &amp; Dinner Host\t\t\t\t\t\t\t\t<\/h3>\r\n\t\t\t\t\t\t\t\t\t\t\t\t\t\t\t\t\t\t\t\t\t\t<div class=\"premium-modal-box-close-button-container\">\r\n\t\t\t\t\t\t\t\t\t<button type=\"button\" class=\"premium-modal-box-modal-close\" data-dismiss=\"premium-modal\">&times;<\/button>\r\n\t\t\t\t\t\t\t\t<\/div>\r\n\t\t\t\t\t\t\t\t\t\t\t\t\t<\/div>\r\n\t\t\t\t\t\t\t\t\t\t<div class=\"premium-modal-box-modal-body\">\r\n\t\t\t\t\t\t<div><img loading=\"lazy\" decoding=\"async\" class=\"alignnone size-medium wp-image-5093\" src=\"https:\/\/euspaceforum.com\/2025\/wp-content\/uploads\/2023\/05\/GSOA-350x194-1-300x166.png\" alt=\"\" width=\"300\" height=\"166\" srcset=\"https:\/\/euspaceforum.com\/2025\/wp-content\/uploads\/2023\/05\/GSOA-350x194-1-300x166.png 300w, https:\/\/euspaceforum.com\/2025\/wp-content\/uploads\/2023\/05\/GSOA-350x194-1.png 350w\" sizes=\"(max-width: 300px) 100vw, 300px\" \/><\/div><div>GSOA is the global CEO-driven association representing global and regional satellite operators. GSOA provides a platform for collaboration between satellite operators globally and a unified voice for the sector. Our vision is to help policymakers improve the state of the world by continuously bridging digital, education, health, social, gender and economic divides across diverse geographies and across mature and developing economies.<\/div><div class=\"smls-first-content-wrap clearfix\"><div class=\"smls-only-content-wrap\"><div>\u00a0<\/div><div class=\"smls-logo-description\"><a href=\"https:\/\/gsoasatellite.com\" target=\"_blank\" rel=\"noopener\">https:\/\/gsoasatellite.com<\/a><\/div><\/div><\/div>\t\t\t\t\t<\/div>\r\n\t\t\t\t\t\t\t\t\t\t\t<div class=\"premium-modal-box-modal-footer\">\r\n\t\t\t\t\t\t\t<button type=\"button\" class=\"premium-modal-box-modal-lower-close\" data-dismiss=\"premium-modal\">\r\n\t\t\t\t\t\t\t\tClose\t\t\t\t\t\t\t<\/button>\r\n\t\t\t\t\t\t<\/div>\r\n\t\t\t\t\t\t\t\t\t<\/div>\r\n\t\t\t<\/div>\r\n\t\t<\/div>\r\n\r\n\t\t\t\t\t\t<\/div>\n\t\t\t\t<\/div>\n\t\t\t\t\t<\/div>\n\t\t<\/div>\n\t\t\t\t\t<\/div>\n\t\t<\/section>\n\t\t\t\t<section class=\"elementor-section elementor-inner-section elementor-element elementor-element-a991624 elementor-section-content-middle elementor-section-boxed elementor-section-height-default elementor-section-height-default\" data-id=\"a991624\" data-element_type=\"section\">\n\t\t\t\t\t\t<div class=\"elementor-container elementor-column-gap-extended\">\n\t\t\t\t\t<div class=\"elementor-column elementor-col-25 elementor-inner-column elementor-element elementor-element-62b15ed\" data-id=\"62b15ed\" data-element_type=\"column\">\n\t\t\t<div class=\"elementor-widget-wrap elementor-element-populated\">\n\t\t\t\t\t\t<div class=\"elementor-element elementor-element-51d22ba premium-modal-dismissible-yes elementor-widget elementor-widget-premium-addon-modal-box\" data-id=\"51d22ba\" data-element_type=\"widget\" data-settings=\"{&quot;premium_modal_box_animation&quot;:&quot;fadeInDown&quot;}\" data-widget_type=\"premium-addon-modal-box.default\">\n\t\t\t\t<div class=\"elementor-widget-container\">\n\t\t\t\t\t\r\n\t\t<div class=\"premium-modal-box-container\" data-settings=\"{&quot;trigger&quot;:&quot;image&quot;,&quot;show_on_exit&quot;:false}\">\r\n\t\t\t<div class=\"premium-modal-trigger-container\">\r\n\t\t\t\t\t\t\t\t\t<img decoding=\"async\" data-toggle=\"premium-modal\" data-target=\"#premium-modal-51d22ba\" class=\"premium-modal-trigger-img\" src=\"https:\/\/euspaceforum.com\/2025\/wp-content\/uploads\/2023\/05\/Hispasat-for-website-1.png\" alt=\"Hispasat for website\">\r\n\t\t\t\t\t\t\t<\/div>\r\n\r\n\t\t\t<div id=\"premium-modal-51d22ba\" class=\"premium-modal-box-modal\"\r\n\t\t\trole=\"dialog\"\r\n\t\t\tstyle=\"display: none\"\r\n\t\t\t>\r\n\t\t\t\t<div class=\"premium-modal-box-modal-dialog\" data-delay-animation=\"\" data-modal-animation=\"fadeInDown animated-fast\">\r\n\t\t\t\t\t\t\t\t\t\t\t<div class=\"premium-modal-box-modal-header\">\r\n\t\t\t\t\t\t\t\t\t\t\t\t\t\t\t<h3 class=\"premium-modal-box-modal-title\">\r\n\t\t\t\t\t\t\t\t\tPlatinum Sponsor\t\t\t\t\t\t\t\t<\/h3>\r\n\t\t\t\t\t\t\t\t\t\t\t\t\t\t\t\t\t\t\t\t\t\t<div class=\"premium-modal-box-close-button-container\">\r\n\t\t\t\t\t\t\t\t\t<button type=\"button\" class=\"premium-modal-box-modal-close\" data-dismiss=\"premium-modal\">&times;<\/button>\r\n\t\t\t\t\t\t\t\t<\/div>\r\n\t\t\t\t\t\t\t\t\t\t\t\t\t<\/div>\r\n\t\t\t\t\t\t\t\t\t\t<div class=\"premium-modal-box-modal-body\">\r\n\t\t\t\t\t\t<div><img loading=\"lazy\" decoding=\"async\" class=\"alignnone size-medium wp-image-5211\" src=\"https:\/\/euspaceforum.com\/2025\/wp-content\/uploads\/2023\/05\/Hispasat-for-website-1-300x166.png\" alt=\"\" width=\"300\" height=\"166\" srcset=\"https:\/\/euspaceforum.com\/2025\/wp-content\/uploads\/2023\/05\/Hispasat-for-website-1-300x166.png 300w, https:\/\/euspaceforum.com\/2025\/wp-content\/uploads\/2023\/05\/Hispasat-for-website-1.png 350w\" sizes=\"(max-width: 300px) 100vw, 300px\" \/><\/div><div>HISPASAT, Red El\u00e9ctrica Group\u2019s satellite services operator and provider, offers satellite broadband and connectivity solutions including Internet access, mobility and the expansion of cellular networks, as well as other added-value proposals, to governments, corporations and telecommunications operators in the Americas, Europe and North Africa. It is also a leader in distributing Spanish and Portuguese audio-visual content and broadcasting important digital platforms such as Direct To Home (DTH) television and High Definition Television (HDTV), in addition to managing transportation and audio-visual signals from HISPASAT Peru\u2019s teleport in Lur\u00edn. HISPASAT, which is comprised of companies that have a presence in Spain as well as in Latin America, where its Brazilian affiliate HISPAMAR is based, is one of the world\u2019s largest companies in its sector in terms of revenue, and the main communications bridge between Europe and the Americas.<\/div><div class=\"smls-first-content-wrap clearfix\"><div class=\"smls-only-content-wrap\"><div class=\"smls-logo-description\"><div class=\"smls-first-content-wrap clearfix\"><div class=\"smls-only-content-wrap\"><div>\u00a0<\/div><div class=\"smls-logo-description\"><a href=\"https:\/\/www.hispasat.com\/\" target=\"_blank\" rel=\"noopener\">https:\/\/www.hispasat.com<\/a><\/div><\/div><\/div><\/div><\/div><\/div>\t\t\t\t\t<\/div>\r\n\t\t\t\t\t\t\t\t\t\t\t<div class=\"premium-modal-box-modal-footer\">\r\n\t\t\t\t\t\t\t<button type=\"button\" class=\"premium-modal-box-modal-lower-close\" data-dismiss=\"premium-modal\">\r\n\t\t\t\t\t\t\t\tClose\t\t\t\t\t\t\t<\/button>\r\n\t\t\t\t\t\t<\/div>\r\n\t\t\t\t\t\t\t\t\t<\/div>\r\n\t\t\t<\/div>\r\n\t\t<\/div>\r\n\r\n\t\t\t\t\t\t<\/div>\n\t\t\t\t<\/div>\n\t\t\t\t\t<\/div>\n\t\t<\/div>\n\t\t\t\t<div class=\"elementor-column elementor-col-25 elementor-inner-column elementor-element elementor-element-d832519\" data-id=\"d832519\" data-element_type=\"column\">\n\t\t\t<div class=\"elementor-widget-wrap elementor-element-populated\">\n\t\t\t\t\t\t<div class=\"elementor-element elementor-element-5c738f2 premium-modal-dismissible-yes elementor-widget elementor-widget-premium-addon-modal-box\" data-id=\"5c738f2\" data-element_type=\"widget\" data-settings=\"{&quot;premium_modal_box_animation&quot;:&quot;fadeInDown&quot;}\" data-widget_type=\"premium-addon-modal-box.default\">\n\t\t\t\t<div class=\"elementor-widget-container\">\n\t\t\t\t\t\r\n\t\t<div class=\"premium-modal-box-container\" data-settings=\"{&quot;trigger&quot;:&quot;image&quot;,&quot;show_on_exit&quot;:false}\">\r\n\t\t\t<div class=\"premium-modal-trigger-container\">\r\n\t\t\t\t\t\t\t\t\t<img decoding=\"async\" data-toggle=\"premium-modal\" data-target=\"#premium-modal-5c738f2\" class=\"premium-modal-trigger-img\" src=\"https:\/\/euspaceforum.com\/2025\/wp-content\/uploads\/2025\/06\/Indra-350x194-1.png\" alt=\"Indra\">\r\n\t\t\t\t\t\t\t<\/div>\r\n\r\n\t\t\t<div id=\"premium-modal-5c738f2\" class=\"premium-modal-box-modal\"\r\n\t\t\trole=\"dialog\"\r\n\t\t\tstyle=\"display: none\"\r\n\t\t\t>\r\n\t\t\t\t<div class=\"premium-modal-box-modal-dialog\" data-delay-animation=\"\" data-modal-animation=\"fadeInDown animated-fast\">\r\n\t\t\t\t\t\t\t\t\t\t\t<div class=\"premium-modal-box-modal-header\">\r\n\t\t\t\t\t\t\t\t\t\t\t\t\t\t\t<h3 class=\"premium-modal-box-modal-title\">\r\n\t\t\t\t\t\t\t\t\tPlatinum Sponsor\t\t\t\t\t\t\t\t<\/h3>\r\n\t\t\t\t\t\t\t\t\t\t\t\t\t\t\t\t\t\t\t\t\t\t<div class=\"premium-modal-box-close-button-container\">\r\n\t\t\t\t\t\t\t\t\t<button type=\"button\" class=\"premium-modal-box-modal-close\" data-dismiss=\"premium-modal\">&times;<\/button>\r\n\t\t\t\t\t\t\t\t<\/div>\r\n\t\t\t\t\t\t\t\t\t\t\t\t\t<\/div>\r\n\t\t\t\t\t\t\t\t\t\t<div class=\"premium-modal-box-modal-body\">\r\n\t\t\t\t\t\t<p><img loading=\"lazy\" decoding=\"async\" class=\"alignnone size-medium wp-image-8175\" src=\"https:\/\/euspaceforum.com\/2025\/wp-content\/uploads\/2025\/06\/Indra-350x194-1-300x166.png\" alt=\"Indra\" width=\"300\" height=\"166\" srcset=\"https:\/\/euspaceforum.com\/2025\/wp-content\/uploads\/2025\/06\/Indra-350x194-1-300x166.png 300w, https:\/\/euspaceforum.com\/2025\/wp-content\/uploads\/2025\/06\/Indra-350x194-1.png 350w\" sizes=\"(max-width: 300px) 100vw, 300px\" \/><\/p><p><span style=\"font-weight: 400;\">Indra is one of the leading global defence, aerospace and technology companies, and a world leader in digital transformation and information technologies in Spain and Latin America through its subsidiary, Minsait. Its business model is based on a comprehensive range of proprietary products, with high-value approach and a significant innovative component, making it the technological partner for the digitalization and key operations of its clients around the world. Sustainability forms part of its strategy and culture in order to overcome current-day and future social and environmental challenges. In the 2023 fiscal year, Indra achieved revenue totaling \u20ac4.343 billion, with more than 57,000 employees, a local presence in 46 countries and business operations in over 140 countries.<\/span><\/p><p><a href=\"https:\/\/www.indracompany.com\/\" target=\"_blank\" rel=\"noopener\">https:\/\/www.indracompany.com\/<\/a><\/p>\t\t\t\t\t<\/div>\r\n\t\t\t\t\t\t\t\t\t\t\t<div class=\"premium-modal-box-modal-footer\">\r\n\t\t\t\t\t\t\t<button type=\"button\" class=\"premium-modal-box-modal-lower-close\" data-dismiss=\"premium-modal\">\r\n\t\t\t\t\t\t\t\tClose\t\t\t\t\t\t\t<\/button>\r\n\t\t\t\t\t\t<\/div>\r\n\t\t\t\t\t\t\t\t\t<\/div>\r\n\t\t\t<\/div>\r\n\t\t<\/div>\r\n\r\n\t\t\t\t\t\t<\/div>\n\t\t\t\t<\/div>\n\t\t\t\t\t<\/div>\n\t\t<\/div>\n\t\t\t\t<div class=\"elementor-column elementor-col-25 elementor-inner-column elementor-element elementor-element-a1e7433\" data-id=\"a1e7433\" data-element_type=\"column\">\n\t\t\t<div class=\"elementor-widget-wrap elementor-element-populated\">\n\t\t\t\t\t\t<div class=\"elementor-element elementor-element-3390d9f premium-modal-dismissible-yes elementor-widget elementor-widget-premium-addon-modal-box\" data-id=\"3390d9f\" data-element_type=\"widget\" data-settings=\"{&quot;premium_modal_box_animation&quot;:&quot;fadeInDown&quot;}\" data-widget_type=\"premium-addon-modal-box.default\">\n\t\t\t\t<div class=\"elementor-widget-container\">\n\t\t\t\t\t\r\n\t\t<div class=\"premium-modal-box-container\" data-settings=\"{&quot;trigger&quot;:&quot;image&quot;,&quot;show_on_exit&quot;:false}\">\r\n\t\t\t<div class=\"premium-modal-trigger-container\">\r\n\t\t\t\t\t\t\t\t\t<img decoding=\"async\" data-toggle=\"premium-modal\" data-target=\"#premium-modal-3390d9f\" class=\"premium-modal-trigger-img\" src=\"https:\/\/euspaceforum.com\/2025\/wp-content\/uploads\/2025\/05\/Oesia-350x194-1.png\" alt=\"Oesia\">\r\n\t\t\t\t\t\t\t<\/div>\r\n\r\n\t\t\t<div id=\"premium-modal-3390d9f\" class=\"premium-modal-box-modal\"\r\n\t\t\trole=\"dialog\"\r\n\t\t\tstyle=\"display: none\"\r\n\t\t\t>\r\n\t\t\t\t<div class=\"premium-modal-box-modal-dialog\" data-delay-animation=\"\" data-modal-animation=\"fadeInDown animated-fast\">\r\n\t\t\t\t\t\t\t\t\t\t\t<div class=\"premium-modal-box-modal-header\">\r\n\t\t\t\t\t\t\t\t\t\t\t\t\t\t\t<h3 class=\"premium-modal-box-modal-title\">\r\n\t\t\t\t\t\t\t\t\tExhibitor\t\t\t\t\t\t\t\t<\/h3>\r\n\t\t\t\t\t\t\t\t\t\t\t\t\t\t\t\t\t\t\t\t\t\t<div class=\"premium-modal-box-close-button-container\">\r\n\t\t\t\t\t\t\t\t\t<button type=\"button\" class=\"premium-modal-box-modal-close\" data-dismiss=\"premium-modal\">&times;<\/button>\r\n\t\t\t\t\t\t\t\t<\/div>\r\n\t\t\t\t\t\t\t\t\t\t\t\t\t<\/div>\r\n\t\t\t\t\t\t\t\t\t\t<div class=\"premium-modal-box-modal-body\">\r\n\t\t\t\t\t\t<p><img loading=\"lazy\" decoding=\"async\" class=\"alignnone size-medium wp-image-7929\" src=\"https:\/\/euspaceforum.com\/2025\/wp-content\/uploads\/2025\/05\/Oesia-350x194-1-300x166.png\" alt=\"Oesia\" width=\"300\" height=\"166\" srcset=\"https:\/\/euspaceforum.com\/2025\/wp-content\/uploads\/2025\/05\/Oesia-350x194-1-300x166.png 300w, https:\/\/euspaceforum.com\/2025\/wp-content\/uploads\/2025\/05\/Oesia-350x194-1.png 350w\" sizes=\"(max-width: 300px) 100vw, 300px\" \/><\/p><p><span style=\"font-weight: 400;\">Inster, group Oesia, is a Spanish company and European leader of satcoms terminals. Based near Madrid, it has full expertise and capabilities to design, develop, manufacture and test customized terminals for GEO satellites ( X, Ka, Ku bands) and LEO constellations (Eutelsat OneWeb). Its terminals are manpack, nomadic or On-The-Move for all platforms.<\/span><\/p><p><a href=\"http:\/\/www.grupooesia.com\/\" target=\"_blank\" rel=\"noopener\"><span style=\"font-weight: 400;\">www.grupooesia.com<\/span><\/a><\/p>\t\t\t\t\t<\/div>\r\n\t\t\t\t\t\t\t\t\t\t\t<div class=\"premium-modal-box-modal-footer\">\r\n\t\t\t\t\t\t\t<button type=\"button\" class=\"premium-modal-box-modal-lower-close\" data-dismiss=\"premium-modal\">\r\n\t\t\t\t\t\t\t\tClose\t\t\t\t\t\t\t<\/button>\r\n\t\t\t\t\t\t<\/div>\r\n\t\t\t\t\t\t\t\t\t<\/div>\r\n\t\t\t<\/div>\r\n\t\t<\/div>\r\n\r\n\t\t\t\t\t\t<\/div>\n\t\t\t\t<\/div>\n\t\t\t\t\t<\/div>\n\t\t<\/div>\n\t\t\t\t<div class=\"elementor-column elementor-col-25 elementor-inner-column elementor-element elementor-element-4303e97\" data-id=\"4303e97\" data-element_type=\"column\">\n\t\t\t<div class=\"elementor-widget-wrap elementor-element-populated\">\n\t\t\t\t\t\t<div class=\"elementor-element elementor-element-fee72cc premium-modal-dismissible-yes elementor-widget elementor-widget-premium-addon-modal-box\" data-id=\"fee72cc\" data-element_type=\"widget\" data-settings=\"{&quot;premium_modal_box_animation&quot;:&quot;fadeInDown&quot;}\" data-widget_type=\"premium-addon-modal-box.default\">\n\t\t\t\t<div class=\"elementor-widget-container\">\n\t\t\t\t\t\r\n\t\t<div class=\"premium-modal-box-container\" data-settings=\"{&quot;trigger&quot;:&quot;image&quot;,&quot;show_on_exit&quot;:false}\">\r\n\t\t\t<div class=\"premium-modal-trigger-container\">\r\n\t\t\t\t\t\t\t\t\t<img decoding=\"async\" data-toggle=\"premium-modal\" data-target=\"#premium-modal-fee72cc\" class=\"premium-modal-trigger-img\" src=\"https:\/\/euspaceforum.com\/2025\/wp-content\/uploads\/2025\/04\/Open-Cosmos-350x194-1.png\" alt=\"Open Cosmos\">\r\n\t\t\t\t\t\t\t<\/div>\r\n\r\n\t\t\t<div id=\"premium-modal-fee72cc\" class=\"premium-modal-box-modal\"\r\n\t\t\trole=\"dialog\"\r\n\t\t\tstyle=\"display: none\"\r\n\t\t\t>\r\n\t\t\t\t<div class=\"premium-modal-box-modal-dialog\" data-delay-animation=\"\" data-modal-animation=\"fadeInDown animated-fast\">\r\n\t\t\t\t\t\t\t\t\t\t\t<div class=\"premium-modal-box-modal-header\">\r\n\t\t\t\t\t\t\t\t\t\t\t\t\t\t\t<h3 class=\"premium-modal-box-modal-title\">\r\n\t\t\t\t\t\t\t\t\tInnovation Partner\t\t\t\t\t\t\t\t<\/h3>\r\n\t\t\t\t\t\t\t\t\t\t\t\t\t\t\t\t\t\t\t\t\t\t<div class=\"premium-modal-box-close-button-container\">\r\n\t\t\t\t\t\t\t\t\t<button type=\"button\" class=\"premium-modal-box-modal-close\" data-dismiss=\"premium-modal\">&times;<\/button>\r\n\t\t\t\t\t\t\t\t<\/div>\r\n\t\t\t\t\t\t\t\t\t\t\t\t\t<\/div>\r\n\t\t\t\t\t\t\t\t\t\t<div class=\"premium-modal-box-modal-body\">\r\n\t\t\t\t\t\t<p><img loading=\"lazy\" decoding=\"async\" class=\"alignnone size-medium wp-image-7672\" src=\"https:\/\/euspaceforum.com\/2025\/wp-content\/uploads\/2025\/04\/Open-Cosmos-350x194-1-300x171.png\" alt=\"Open Cosmos\" width=\"300\" height=\"171\" srcset=\"https:\/\/euspaceforum.com\/2025\/wp-content\/uploads\/2025\/04\/Open-Cosmos-350x194-1-300x171.png 300w, https:\/\/euspaceforum.com\/2025\/wp-content\/uploads\/2025\/04\/Open-Cosmos-350x194-1.png 340w\" sizes=\"(max-width: 300px) 100vw, 300px\" \/><\/p><p>Open Cosmos is a business focused on solving the world&#8217;s biggest challenges through the delivery of satellite missions and the data of the world they can gather from space. This includes designing, building, launching and operating small satellites as well as providing data and services through an innovative platform. Since its creation in 2015, it has developed multiple advanced satellites for telecommunications, earth observation, navigation and science.<\/p><p><a href=\"http:\/\/www.open-cosmos.com\" target=\"_blank\" rel=\"noopener\">http:\/\/www.open-cosmos.com<\/a><\/p>\t\t\t\t\t<\/div>\r\n\t\t\t\t\t\t\t\t\t\t\t<div class=\"premium-modal-box-modal-footer\">\r\n\t\t\t\t\t\t\t<button type=\"button\" class=\"premium-modal-box-modal-lower-close\" data-dismiss=\"premium-modal\">\r\n\t\t\t\t\t\t\t\tClose\t\t\t\t\t\t\t<\/button>\r\n\t\t\t\t\t\t<\/div>\r\n\t\t\t\t\t\t\t\t\t<\/div>\r\n\t\t\t<\/div>\r\n\t\t<\/div>\r\n\r\n\t\t\t\t\t\t<\/div>\n\t\t\t\t<\/div>\n\t\t\t\t\t<\/div>\n\t\t<\/div>\n\t\t\t\t\t<\/div>\n\t\t<\/section>\n\t\t\t\t<section class=\"elementor-section elementor-inner-section elementor-element elementor-element-d9bdced elementor-section-content-middle elementor-section-boxed elementor-section-height-default elementor-section-height-default\" data-id=\"d9bdced\" data-element_type=\"section\">\n\t\t\t\t\t\t<div class=\"elementor-container elementor-column-gap-extended\">\n\t\t\t\t\t<div class=\"elementor-column elementor-col-25 elementor-inner-column elementor-element elementor-element-47052c2\" data-id=\"47052c2\" data-element_type=\"column\">\n\t\t\t<div class=\"elementor-widget-wrap elementor-element-populated\">\n\t\t\t\t\t\t<div class=\"elementor-element elementor-element-5a9d9e8 premium-modal-dismissible-yes elementor-widget elementor-widget-premium-addon-modal-box\" data-id=\"5a9d9e8\" data-element_type=\"widget\" data-settings=\"{&quot;premium_modal_box_animation&quot;:&quot;fadeInDown&quot;}\" data-widget_type=\"premium-addon-modal-box.default\">\n\t\t\t\t<div class=\"elementor-widget-container\">\n\t\t\t\t\t\r\n\t\t<div class=\"premium-modal-box-container\" data-settings=\"{&quot;trigger&quot;:&quot;image&quot;,&quot;show_on_exit&quot;:false}\">\r\n\t\t\t<div class=\"premium-modal-trigger-container\">\r\n\t\t\t\t\t\t\t\t\t<img decoding=\"async\" data-toggle=\"premium-modal\" data-target=\"#premium-modal-5a9d9e8\" class=\"premium-modal-trigger-img\" src=\"https:\/\/euspaceforum.com\/2025\/wp-content\/uploads\/2025\/05\/Sateliot-350x194-copy.png\" alt=\"Sateliot\">\r\n\t\t\t\t\t\t\t<\/div>\r\n\r\n\t\t\t<div id=\"premium-modal-5a9d9e8\" class=\"premium-modal-box-modal\"\r\n\t\t\trole=\"dialog\"\r\n\t\t\tstyle=\"display: none\"\r\n\t\t\t>\r\n\t\t\t\t<div class=\"premium-modal-box-modal-dialog\" data-delay-animation=\"\" data-modal-animation=\"fadeInDown animated-fast\">\r\n\t\t\t\t\t\t\t\t\t\t\t<div class=\"premium-modal-box-modal-header\">\r\n\t\t\t\t\t\t\t\t\t\t\t\t\t\t\t<h3 class=\"premium-modal-box-modal-title\">\r\n\t\t\t\t\t\t\t\t\tPlatinum Sponsor\t\t\t\t\t\t\t\t<\/h3>\r\n\t\t\t\t\t\t\t\t\t\t\t\t\t\t\t\t\t\t\t\t\t\t<div class=\"premium-modal-box-close-button-container\">\r\n\t\t\t\t\t\t\t\t\t<button type=\"button\" class=\"premium-modal-box-modal-close\" data-dismiss=\"premium-modal\">&times;<\/button>\r\n\t\t\t\t\t\t\t\t<\/div>\r\n\t\t\t\t\t\t\t\t\t\t\t\t\t<\/div>\r\n\t\t\t\t\t\t\t\t\t\t<div class=\"premium-modal-box-modal-body\">\r\n\t\t\t\t\t\t<p><img loading=\"lazy\" decoding=\"async\" class=\"alignnone size-medium wp-image-7881\" src=\"https:\/\/euspaceforum.com\/2025\/wp-content\/uploads\/2025\/05\/Sateliot-350x194-copy-300x166.png\" alt=\"Sateliot \" width=\"300\" height=\"166\" srcset=\"https:\/\/euspaceforum.com\/2025\/wp-content\/uploads\/2025\/05\/Sateliot-350x194-copy-300x166.png 300w, https:\/\/euspaceforum.com\/2025\/wp-content\/uploads\/2025\/05\/Sateliot-350x194-copy.png 350w\" sizes=\"(max-width: 300px) 100vw, 300px\" \/><\/p><p class=\"break-words white-space-pre-wrap t-black--light text-body-medium\">Pioneering the first LEO satellite constellation delivering NB-IoT connectivity from space, extending Mobile Telecom coverage to 100% of the planet. We\u2019re enabling seamless, affordable, and truly global IoT communications by addressing the critical gaps in terrestrial networks: At Sateliot, we\u2019re not just launching satellites\u2014we\u2019re shaping the future of global connectivity. By bridging the digital divide and powering worldwide digitalization, we\u2019re laying the foundation for a resilient and strategic European infrastructure. \ud83d\udd17 Get in touch with our sales team: www.sateliot.com<\/p><dl class=\"overflow-hidden\"><dt class=\"mb1\"><p class=\"text-heading-medium\"><a href=\"http:\/\/www.sateliot.com\" target=\"_blank\" rel=\"noopener\"><span class=\"link-without-visited-state\" dir=\"ltr\">www.sateliot.com<\/span><\/a><\/p><\/dt><\/dl>\t\t\t\t\t<\/div>\r\n\t\t\t\t\t\t\t\t\t\t\t<div class=\"premium-modal-box-modal-footer\">\r\n\t\t\t\t\t\t\t<button type=\"button\" class=\"premium-modal-box-modal-lower-close\" data-dismiss=\"premium-modal\">\r\n\t\t\t\t\t\t\t\tClose\t\t\t\t\t\t\t<\/button>\r\n\t\t\t\t\t\t<\/div>\r\n\t\t\t\t\t\t\t\t\t<\/div>\r\n\t\t\t<\/div>\r\n\t\t<\/div>\r\n\r\n\t\t\t\t\t\t<\/div>\n\t\t\t\t<\/div>\n\t\t\t\t\t<\/div>\n\t\t<\/div>\n\t\t\t\t<div class=\"elementor-column elementor-col-25 elementor-inner-column elementor-element elementor-element-ae5d6ee\" data-id=\"ae5d6ee\" data-element_type=\"column\">\n\t\t\t<div class=\"elementor-widget-wrap elementor-element-populated\">\n\t\t\t\t\t\t<div class=\"elementor-element elementor-element-41052eb premium-modal-dismissible-yes elementor-widget elementor-widget-premium-addon-modal-box\" data-id=\"41052eb\" data-element_type=\"widget\" data-settings=\"{&quot;premium_modal_box_animation&quot;:&quot;fadeInDown&quot;}\" data-widget_type=\"premium-addon-modal-box.default\">\n\t\t\t\t<div class=\"elementor-widget-container\">\n\t\t\t\t\t\r\n\t\t<div class=\"premium-modal-box-container\" data-settings=\"{&quot;trigger&quot;:&quot;image&quot;,&quot;show_on_exit&quot;:false}\">\r\n\t\t\t<div class=\"premium-modal-trigger-container\">\r\n\t\t\t\t\t\t\t\t\t<img decoding=\"async\" data-toggle=\"premium-modal\" data-target=\"#premium-modal-41052eb\" class=\"premium-modal-trigger-img\" src=\"https:\/\/euspaceforum.com\/2025\/wp-content\/uploads\/2025\/01\/35.-SES_edited.png\" alt=\"SES\">\r\n\t\t\t\t\t\t\t<\/div>\r\n\r\n\t\t\t<div id=\"premium-modal-41052eb\" class=\"premium-modal-box-modal\"\r\n\t\t\trole=\"dialog\"\r\n\t\t\tstyle=\"display: none\"\r\n\t\t\t>\r\n\t\t\t\t<div class=\"premium-modal-box-modal-dialog\" data-delay-animation=\"\" data-modal-animation=\"fadeInDown animated-fast\">\r\n\t\t\t\t\t\t\t\t\t\t\t<div class=\"premium-modal-box-modal-header\">\r\n\t\t\t\t\t\t\t\t\t\t\t\t\t\t\t<h3 class=\"premium-modal-box-modal-title\">\r\n\t\t\t\t\t\t\t\t\tPlatinum Sponsor\t\t\t\t\t\t\t\t<\/h3>\r\n\t\t\t\t\t\t\t\t\t\t\t\t\t\t\t\t\t\t\t\t\t\t<div class=\"premium-modal-box-close-button-container\">\r\n\t\t\t\t\t\t\t\t\t<button type=\"button\" class=\"premium-modal-box-modal-close\" data-dismiss=\"premium-modal\">&times;<\/button>\r\n\t\t\t\t\t\t\t\t<\/div>\r\n\t\t\t\t\t\t\t\t\t\t\t\t\t<\/div>\r\n\t\t\t\t\t\t\t\t\t\t<div class=\"premium-modal-box-modal-body\">\r\n\t\t\t\t\t\t<div><img loading=\"lazy\" decoding=\"async\" class=\"alignnone size-medium wp-image-7029\" src=\"https:\/\/euspaceforum.com\/2025\/wp-content\/uploads\/2025\/01\/35.-SES_edited-300x88.png\" alt=\"SES\" width=\"300\" height=\"88\" srcset=\"https:\/\/euspaceforum.com\/2025\/wp-content\/uploads\/2025\/01\/35.-SES_edited-300x88.png 300w, https:\/\/euspaceforum.com\/2025\/wp-content\/uploads\/2025\/01\/35.-SES_edited-1024x301.png 1024w, https:\/\/euspaceforum.com\/2025\/wp-content\/uploads\/2025\/01\/35.-SES_edited-768x226.png 768w, https:\/\/euspaceforum.com\/2025\/wp-content\/uploads\/2025\/01\/35.-SES_edited.png 1194w\" sizes=\"(max-width: 300px) 100vw, 300px\" \/><\/div><div>SES is the world-leading satellite operator and the first to deliver a differentiated and scalable GEO-MEO offering worldwide, with more than 50 satellites in Geostationary Earth Orbit (GEO) and 16 in Medium Earth Orbit (MEO). SES focuses on value-added, end-to-end solutions in two key business units: SES Video and SES Networks. The company provides satellite communications services to broadcasters, content and internet service providers, mobile and fixed network operators, governments and institutions. SES\u2019s portfolio includes SES Americom, one of the earliest operators of commercial GEO satellites, SES Government Solutions, which is exclusively focused on the needs of the U.S. Government, as well as GovSat, a 50\/50 public-private partnership between SES and the Luxembourg government. SES also owns the ASTRA satellite system, which has the largest DTH television reach in Europe, MX1, a leading media service provider offering a full suite of innovative services for both linear and digital distribution, and O3b, the only non-geostationary system delivering fibre-like broadband services.<\/div><div class=\"smls-first-content-wrap clearfix\"><div class=\"smls-only-content-wrap\"><div class=\"smls-logo-description\"><div class=\"smls-first-content-wrap clearfix\"><div class=\"smls-only-content-wrap\"><div>\u00a0<\/div><\/div><div><a href=\"https:\/\/www.ses.com\/\" target=\"_blank\" rel=\"noopener\">https:\/\/www.ses.com\/<\/a><\/div><\/div><\/div><\/div><\/div>\t\t\t\t\t<\/div>\r\n\t\t\t\t\t\t\t\t\t\t\t<div class=\"premium-modal-box-modal-footer\">\r\n\t\t\t\t\t\t\t<button type=\"button\" class=\"premium-modal-box-modal-lower-close\" data-dismiss=\"premium-modal\">\r\n\t\t\t\t\t\t\t\tClose\t\t\t\t\t\t\t<\/button>\r\n\t\t\t\t\t\t<\/div>\r\n\t\t\t\t\t\t\t\t\t<\/div>\r\n\t\t\t<\/div>\r\n\t\t<\/div>\r\n\r\n\t\t\t\t\t\t<\/div>\n\t\t\t\t<\/div>\n\t\t\t\t\t<\/div>\n\t\t<\/div>\n\t\t\t\t<div class=\"elementor-column elementor-col-25 elementor-inner-column elementor-element elementor-element-257baa3\" data-id=\"257baa3\" data-element_type=\"column\">\n\t\t\t<div class=\"elementor-widget-wrap elementor-element-populated\">\n\t\t\t\t\t\t<div class=\"elementor-element elementor-element-a1cfa96 premium-modal-dismissible-yes elementor-widget elementor-widget-premium-addon-modal-box\" data-id=\"a1cfa96\" data-element_type=\"widget\" data-settings=\"{&quot;premium_modal_box_animation&quot;:&quot;fadeInDown&quot;}\" data-widget_type=\"premium-addon-modal-box.default\">\n\t\t\t\t<div class=\"elementor-widget-container\">\n\t\t\t\t\t\r\n\t\t<div class=\"premium-modal-box-container\" data-settings=\"{&quot;trigger&quot;:&quot;image&quot;,&quot;show_on_exit&quot;:false}\">\r\n\t\t\t<div class=\"premium-modal-trigger-container\">\r\n\t\t\t\t\t\t\t\t\t<img decoding=\"async\" data-toggle=\"premium-modal\" data-target=\"#premium-modal-a1cfa96\" class=\"premium-modal-trigger-img\" src=\"https:\/\/euspaceforum.com\/2025\/wp-content\/uploads\/2025\/06\/Skylo_logo_350x194-removebg-preview.png\" alt=\"Skylo\">\r\n\t\t\t\t\t\t\t<\/div>\r\n\r\n\t\t\t<div id=\"premium-modal-a1cfa96\" class=\"premium-modal-box-modal\"\r\n\t\t\trole=\"dialog\"\r\n\t\t\tstyle=\"display: none\"\r\n\t\t\t>\r\n\t\t\t\t<div class=\"premium-modal-box-modal-dialog\" data-delay-animation=\"\" data-modal-animation=\"fadeInDown animated-fast\">\r\n\t\t\t\t\t\t\t\t\t\t\t<div class=\"premium-modal-box-modal-header\">\r\n\t\t\t\t\t\t\t\t\t\t\t\t\t\t\t<h3 class=\"premium-modal-box-modal-title\">\r\n\t\t\t\t\t\t\t\t\tExhibitor\t\t\t\t\t\t\t\t<\/h3>\r\n\t\t\t\t\t\t\t\t\t\t\t\t\t\t\t\t\t\t\t\t\t\t<div class=\"premium-modal-box-close-button-container\">\r\n\t\t\t\t\t\t\t\t\t<button type=\"button\" class=\"premium-modal-box-modal-close\" data-dismiss=\"premium-modal\">&times;<\/button>\r\n\t\t\t\t\t\t\t\t<\/div>\r\n\t\t\t\t\t\t\t\t\t\t\t\t\t<\/div>\r\n\t\t\t\t\t\t\t\t\t\t<div class=\"premium-modal-box-modal-body\">\r\n\t\t\t\t\t\t<p><img loading=\"lazy\" decoding=\"async\" class=\"alignnone size-medium wp-image-8043\" src=\"https:\/\/euspaceforum.com\/2025\/wp-content\/uploads\/2025\/06\/Skylo_logo_350x194-removebg-preview-300x166.png\" alt=\"Skylo\" width=\"300\" height=\"166\" srcset=\"https:\/\/euspaceforum.com\/2025\/wp-content\/uploads\/2025\/06\/Skylo_logo_350x194-removebg-preview-300x166.png 300w, https:\/\/euspaceforum.com\/2025\/wp-content\/uploads\/2025\/06\/Skylo_logo_350x194-removebg-preview.png 350w\" sizes=\"(max-width: 300px) 100vw, 300px\" \/><\/p><p><span style=\"font-weight: 400;\">Skylo Technologies is a global Non-Terrestrial Network service provider based in Mountain View, CA, offering a service that allows smartphones and IoT cellular devices to connect directly over existing satellites. Devices connected over satellite are managed and served by Skylo&#8217;s commercial NTN vRAN, featuring a 3GPP standards-based cloud-native base station and core. Skylo works with existing satellite operators, network operators, and device makers to provide subscribers an anywhere, anytime connectivity solution between terrestrial and satellite networks. Skylo&#8217;s focus is on enabling connected services for people outdoors and connected workflows for machines at work across critical industries such as agriculture, maritime, logistics, mining, and others, in addition to mass-market consumer devices.<\/span><\/p><p><span style=\"font-weight: 400;\">We\u2019re a global, fast-growing team, with offices in California, India and Finland. For more information, visit <\/span><a href=\"http:\/\/www.skylo.tech\" target=\"_blank\" rel=\"noopener\"><span style=\"font-weight: 400;\">www.skylo.tech<\/span><\/a><span style=\"font-weight: 400;\">.<\/span><\/p>\t\t\t\t\t<\/div>\r\n\t\t\t\t\t\t\t\t\t\t\t<div class=\"premium-modal-box-modal-footer\">\r\n\t\t\t\t\t\t\t<button type=\"button\" class=\"premium-modal-box-modal-lower-close\" data-dismiss=\"premium-modal\">\r\n\t\t\t\t\t\t\t\tClose\t\t\t\t\t\t\t<\/button>\r\n\t\t\t\t\t\t<\/div>\r\n\t\t\t\t\t\t\t\t\t<\/div>\r\n\t\t\t<\/div>\r\n\t\t<\/div>\r\n\r\n\t\t\t\t\t\t<\/div>\n\t\t\t\t<\/div>\n\t\t\t\t\t<\/div>\n\t\t<\/div>\n\t\t\t\t<div class=\"elementor-column elementor-col-25 elementor-inner-column elementor-element elementor-element-c3beee7\" data-id=\"c3beee7\" data-element_type=\"column\">\n\t\t\t<div class=\"elementor-widget-wrap elementor-element-populated\">\n\t\t\t\t\t\t<div class=\"elementor-element elementor-element-9b4dafb premium-modal-dismissible-yes elementor-widget elementor-widget-premium-addon-modal-box\" data-id=\"9b4dafb\" data-element_type=\"widget\" data-settings=\"{&quot;premium_modal_box_animation&quot;:&quot;fadeInDown&quot;}\" data-widget_type=\"premium-addon-modal-box.default\">\n\t\t\t\t<div class=\"elementor-widget-container\">\n\t\t\t\t\t\r\n\t\t<div class=\"premium-modal-box-container\" data-settings=\"{&quot;trigger&quot;:&quot;image&quot;,&quot;show_on_exit&quot;:false}\">\r\n\t\t\t<div class=\"premium-modal-trigger-container\">\r\n\t\t\t\t\t\t\t\t\t<img decoding=\"async\" data-toggle=\"premium-modal\" data-target=\"#premium-modal-9b4dafb\" class=\"premium-modal-trigger-img\" src=\"https:\/\/euspaceforum.com\/2025\/wp-content\/uploads\/2023\/05\/STiDirect-350x194-1.png\" alt=\"STiDirect 350x194\">\r\n\t\t\t\t\t\t\t<\/div>\r\n\r\n\t\t\t<div id=\"premium-modal-9b4dafb\" class=\"premium-modal-box-modal\"\r\n\t\t\trole=\"dialog\"\r\n\t\t\tstyle=\"display: none\"\r\n\t\t\t>\r\n\t\t\t\t<div class=\"premium-modal-box-modal-dialog\" data-delay-animation=\"\" data-modal-animation=\"fadeInDown animated-fast\">\r\n\t\t\t\t\t\t\t\t\t\t\t<div class=\"premium-modal-box-modal-header\">\r\n\t\t\t\t\t\t\t\t\t\t\t\t\t\t\t<h3 class=\"premium-modal-box-modal-title\">\r\n\t\t\t\t\t\t\t\t\tPlatinum Sponsor\t\t\t\t\t\t\t\t<\/h3>\r\n\t\t\t\t\t\t\t\t\t\t\t\t\t\t\t\t\t\t\t\t\t\t<div class=\"premium-modal-box-close-button-container\">\r\n\t\t\t\t\t\t\t\t\t<button type=\"button\" class=\"premium-modal-box-modal-close\" data-dismiss=\"premium-modal\">&times;<\/button>\r\n\t\t\t\t\t\t\t\t<\/div>\r\n\t\t\t\t\t\t\t\t\t\t\t\t\t<\/div>\r\n\t\t\t\t\t\t\t\t\t\t<div class=\"premium-modal-box-modal-body\">\r\n\t\t\t\t\t\t<div><img loading=\"lazy\" decoding=\"async\" class=\"alignnone size-medium wp-image-5102\" src=\"https:\/\/euspaceforum.com\/2025\/wp-content\/uploads\/2023\/05\/STiDirect-350x194-1-300x166.png\" alt=\"\" width=\"300\" height=\"166\" srcset=\"https:\/\/euspaceforum.com\/2025\/wp-content\/uploads\/2023\/05\/STiDirect-350x194-1-300x166.png 300w, https:\/\/euspaceforum.com\/2025\/wp-content\/uploads\/2023\/05\/STiDirect-350x194-1.png 350w\" sizes=\"(max-width: 300px) 100vw, 300px\" \/><\/div><div>ST Engineering iDirect is a global leader in satellite communications (satcom) providing technology and solutions that enable our customers to expand their business, differentiate their services and optimize their satcom networks. We are the market leader in satellite ground infrastructure and solutions for government and defense networks. For more than 35 years, our VSAT platforms have featured superior standards for performance, efficiency, security and mobility for government and defense agencies that rely on satellite to achieve mission success with the highest degree of visibility, coordination and safety. Regardless of whether a ministry of defense prefers to own its sovereign satellite infrastructure, rely on allied capacity, acquire managed services or employ a mix of capabilities, ST Engineering iDirect\u2019s VSAT platforms are built to support its satellite programs now and into the future \u2014 no matter how complex the configuration.<\/div><div>\u00a0<\/div><div><a href=\"https:\/\/www.idirect.net\/st-engineering-idirect-europe\/\" target=\"_blank\" rel=\"noopener\">https:\/\/www.idirect.net\/st-engineering-idirect-europe\/<\/a><\/div>\t\t\t\t\t<\/div>\r\n\t\t\t\t\t\t\t\t\t\t\t<div class=\"premium-modal-box-modal-footer\">\r\n\t\t\t\t\t\t\t<button type=\"button\" class=\"premium-modal-box-modal-lower-close\" data-dismiss=\"premium-modal\">\r\n\t\t\t\t\t\t\t\tClose\t\t\t\t\t\t\t<\/button>\r\n\t\t\t\t\t\t<\/div>\r\n\t\t\t\t\t\t\t\t\t<\/div>\r\n\t\t\t<\/div>\r\n\t\t<\/div>\r\n\r\n\t\t\t\t\t\t<\/div>\n\t\t\t\t<\/div>\n\t\t\t\t\t<\/div>\n\t\t<\/div>\n\t\t\t\t\t<\/div>\n\t\t<\/section>\n\t\t\t\t<section class=\"elementor-section elementor-inner-section elementor-element elementor-element-87fd86a elementor-section-content-middle elementor-section-boxed elementor-section-height-default elementor-section-height-default\" data-id=\"87fd86a\" data-element_type=\"section\">\n\t\t\t\t\t\t<div class=\"elementor-container elementor-column-gap-extended\">\n\t\t\t\t\t<div class=\"elementor-column elementor-col-25 elementor-inner-column elementor-element elementor-element-6b8ba59\" data-id=\"6b8ba59\" data-element_type=\"column\">\n\t\t\t<div class=\"elementor-widget-wrap elementor-element-populated\">\n\t\t\t\t\t\t<div class=\"elementor-element elementor-element-64505ca premium-modal-dismissible-yes elementor-widget elementor-widget-premium-addon-modal-box\" data-id=\"64505ca\" data-element_type=\"widget\" data-settings=\"{&quot;premium_modal_box_animation&quot;:&quot;fadeInDown&quot;}\" data-widget_type=\"premium-addon-modal-box.default\">\n\t\t\t\t<div class=\"elementor-widget-container\">\n\t\t\t\t\t\r\n\t\t<div class=\"premium-modal-box-container\" data-settings=\"{&quot;trigger&quot;:&quot;image&quot;,&quot;show_on_exit&quot;:false}\">\r\n\t\t\t<div class=\"premium-modal-trigger-container\">\r\n\t\t\t\t\t\t\t\t\t<img decoding=\"async\" data-toggle=\"premium-modal\" data-target=\"#premium-modal-64505ca\" class=\"premium-modal-trigger-img\" src=\"https:\/\/euspaceforum.com\/2025\/wp-content\/uploads\/2025\/04\/Viasat-350x194-1.png\" alt=\"Viasat\">\r\n\t\t\t\t\t\t\t<\/div>\r\n\r\n\t\t\t<div id=\"premium-modal-64505ca\" class=\"premium-modal-box-modal\"\r\n\t\t\trole=\"dialog\"\r\n\t\t\tstyle=\"display: none\"\r\n\t\t\t>\r\n\t\t\t\t<div class=\"premium-modal-box-modal-dialog\" data-delay-animation=\"\" data-modal-animation=\"fadeInDown animated-fast\">\r\n\t\t\t\t\t\t\t\t\t\t\t<div class=\"premium-modal-box-modal-header\">\r\n\t\t\t\t\t\t\t\t\t\t\t\t\t\t\t<h3 class=\"premium-modal-box-modal-title\">\r\n\t\t\t\t\t\t\t\t\tPlatinum Sponsor\t\t\t\t\t\t\t\t<\/h3>\r\n\t\t\t\t\t\t\t\t\t\t\t\t\t\t\t\t\t\t\t\t\t\t<div class=\"premium-modal-box-close-button-container\">\r\n\t\t\t\t\t\t\t\t\t<button type=\"button\" class=\"premium-modal-box-modal-close\" data-dismiss=\"premium-modal\">&times;<\/button>\r\n\t\t\t\t\t\t\t\t<\/div>\r\n\t\t\t\t\t\t\t\t\t\t\t\t\t<\/div>\r\n\t\t\t\t\t\t\t\t\t\t<div class=\"premium-modal-box-modal-body\">\r\n\t\t\t\t\t\t<p><img loading=\"lazy\" decoding=\"async\" class=\"alignnone size-medium wp-image-7675\" src=\"https:\/\/euspaceforum.com\/2025\/wp-content\/uploads\/2025\/04\/Viasat-350x194-1-300x166.png\" alt=\"Viasat\" width=\"300\" height=\"166\" srcset=\"https:\/\/euspaceforum.com\/2025\/wp-content\/uploads\/2025\/04\/Viasat-350x194-1-300x166.png 300w, https:\/\/euspaceforum.com\/2025\/wp-content\/uploads\/2025\/04\/Viasat-350x194-1.png 350w\" sizes=\"(max-width: 300px) 100vw, 300px\" \/><\/p><p><span style=\"font-weight: 400;\">Viasat\u202fis a global communications company that believes everyone and everything in the world can be connected. With offices in 24 countries around the world, our mission shapes how consumers, businesses, governments and militaries around the world communicate and connect. Viasat is developing the ultimate global communications network to power high-quality, reliable, secure, affordable, fast connections to positively impact people&#8217;s lives anywhere they are\u2014on the ground, in the air or at sea, while building a sustainable future in space. In May 2023, Viasat completed its acquisition of Inmarsat, combining the teams, technologies and resources of the two companies to create a new global communications partner.<\/span><\/p><p><a href=\"http:\/\/www.viasat.com\" target=\"_blank\" rel=\"noopener\"><span style=\"font-weight: 400;\">www.viasat.com<\/span><\/a><\/p>\t\t\t\t\t<\/div>\r\n\t\t\t\t\t\t\t\t\t\t\t<div class=\"premium-modal-box-modal-footer\">\r\n\t\t\t\t\t\t\t<button type=\"button\" class=\"premium-modal-box-modal-lower-close\" data-dismiss=\"premium-modal\">\r\n\t\t\t\t\t\t\t\tClose\t\t\t\t\t\t\t<\/button>\r\n\t\t\t\t\t\t<\/div>\r\n\t\t\t\t\t\t\t\t\t<\/div>\r\n\t\t\t<\/div>\r\n\t\t<\/div>\r\n\r\n\t\t\t\t\t\t<\/div>\n\t\t\t\t<\/div>\n\t\t\t\t\t<\/div>\n\t\t<\/div>\n\t\t\t\t<div class=\"elementor-column elementor-col-25 elementor-inner-column elementor-element elementor-element-e44f9e1\" data-id=\"e44f9e1\" data-element_type=\"column\">\n\t\t\t<div class=\"elementor-widget-wrap elementor-element-populated\">\n\t\t\t\t\t\t<div class=\"elementor-element elementor-element-da36b5d premium-modal-dismissible-yes elementor-widget elementor-widget-premium-addon-modal-box\" data-id=\"da36b5d\" data-element_type=\"widget\" data-settings=\"{&quot;premium_modal_box_animation&quot;:&quot;fadeInDown&quot;}\" data-widget_type=\"premium-addon-modal-box.default\">\n\t\t\t\t<div class=\"elementor-widget-container\">\n\t\t\t\t\t\r\n\t\t<div class=\"premium-modal-box-container\" data-settings=\"{&quot;trigger&quot;:&quot;image&quot;,&quot;show_on_exit&quot;:false}\">\r\n\t\t\t<div class=\"premium-modal-trigger-container\">\r\n\t\t\t\t\t\t\t\t\t<img decoding=\"async\" data-toggle=\"premium-modal\" data-target=\"#premium-modal-da36b5d\" class=\"premium-modal-trigger-img\" src=\"https:\/\/euspaceforum.com\/2025\/wp-content\/uploads\/2025\/06\/Vodafone-logo-350x194-1.png\" alt=\"Vodafone-logo-350x194-1\">\r\n\t\t\t\t\t\t\t<\/div>\r\n\r\n\t\t\t<div id=\"premium-modal-da36b5d\" class=\"premium-modal-box-modal\"\r\n\t\t\trole=\"dialog\"\r\n\t\t\tstyle=\"display: none\"\r\n\t\t\t>\r\n\t\t\t\t<div class=\"premium-modal-box-modal-dialog\" data-delay-animation=\"\" data-modal-animation=\"fadeInDown animated-fast\">\r\n\t\t\t\t\t\t\t\t\t\t\t<div class=\"premium-modal-box-modal-header\">\r\n\t\t\t\t\t\t\t\t\t\t\t\t\t\t\t<h3 class=\"premium-modal-box-modal-title\">\r\n\t\t\t\t\t\t\t\t\tPlatinum Sponsor\t\t\t\t\t\t\t\t<\/h3>\r\n\t\t\t\t\t\t\t\t\t\t\t\t\t\t\t\t\t\t\t\t\t\t<div class=\"premium-modal-box-close-button-container\">\r\n\t\t\t\t\t\t\t\t\t<button type=\"button\" class=\"premium-modal-box-modal-close\" data-dismiss=\"premium-modal\">&times;<\/button>\r\n\t\t\t\t\t\t\t\t<\/div>\r\n\t\t\t\t\t\t\t\t\t\t\t\t\t<\/div>\r\n\t\t\t\t\t\t\t\t\t\t<div class=\"premium-modal-box-modal-body\">\r\n\t\t\t\t\t\t<p><img loading=\"lazy\" decoding=\"async\" class=\"alignnone size-medium wp-image-8101\" src=\"https:\/\/euspaceforum.com\/2025\/wp-content\/uploads\/2025\/06\/Vodafone-logo-350x194-1-300x166.png\" alt=\"\" width=\"300\" height=\"166\" srcset=\"https:\/\/euspaceforum.com\/2025\/wp-content\/uploads\/2025\/06\/Vodafone-logo-350x194-1-300x166.png 300w, https:\/\/euspaceforum.com\/2025\/wp-content\/uploads\/2025\/06\/Vodafone-logo-350x194-1.png 350w\" sizes=\"(max-width: 300px) 100vw, 300px\" \/><\/p><p>At Vodafone, we believe that connectivity is a force for good. If we use it for the things that really matter, it can improve people&#8217;s lives and the world around us. Through our technology we empower people, connecting everyone regardless of who they are or where they live, we protect the planet and help our customers do the same. But we\u2019re not just shaping the future of technology for our customers \u2013 we\u2019re shaping the future for everyone who joins our team too. When you work with us, you\u2019re part of a global mission to connect people, solve complex challenges, and create a sustainable, more inclusive world. If you want to grow your career whilst finding the perfect balance between work and life, Vodafone offers the opportunities and support to help you belong and make a real impact. #TogetherWeCan<\/p><p><a href=\"https:\/\/www.vodafone.com\/\" target=\"_blank\" rel=\"noopener\">https:\/\/www.vodafone.com\/<\/a><\/p>\t\t\t\t\t<\/div>\r\n\t\t\t\t\t\t\t\t\t\t\t<div class=\"premium-modal-box-modal-footer\">\r\n\t\t\t\t\t\t\t<button type=\"button\" class=\"premium-modal-box-modal-lower-close\" data-dismiss=\"premium-modal\">\r\n\t\t\t\t\t\t\t\tClose\t\t\t\t\t\t\t<\/button>\r\n\t\t\t\t\t\t<\/div>\r\n\t\t\t\t\t\t\t\t\t<\/div>\r\n\t\t\t<\/div>\r\n\t\t<\/div>\r\n\r\n\t\t\t\t\t\t<\/div>\n\t\t\t\t<\/div>\n\t\t\t\t\t<\/div>\n\t\t<\/div>\n\t\t\t\t<div class=\"elementor-column elementor-col-25 elementor-inner-column elementor-element elementor-element-25997b7\" data-id=\"25997b7\" data-element_type=\"column\">\n\t\t\t<div class=\"elementor-widget-wrap\">\n\t\t\t\t\t\t\t<\/div>\n\t\t<\/div>\n\t\t\t\t<div class=\"elementor-column elementor-col-25 elementor-inner-column elementor-element elementor-element-592e982\" data-id=\"592e982\" data-element_type=\"column\">\n\t\t\t<div class=\"elementor-widget-wrap\">\n\t\t\t\t\t\t\t<\/div>\n\t\t<\/div>\n\t\t\t\t\t<\/div>\n\t\t<\/section>\n\t\t\t\t<section class=\"elementor-section elementor-inner-section elementor-element elementor-element-720c682 elementor-section-content-middle elementor-hidden-desktop elementor-hidden-tablet elementor-hidden-mobile elementor-section-boxed elementor-section-height-default elementor-section-height-default\" data-id=\"720c682\" data-element_type=\"section\">\n\t\t\t\t\t\t<div class=\"elementor-container elementor-column-gap-extended\">\n\t\t\t\t\t<div class=\"elementor-column elementor-col-20 elementor-inner-column elementor-element elementor-element-e052897\" data-id=\"e052897\" data-element_type=\"column\">\n\t\t\t<div class=\"elementor-widget-wrap elementor-element-populated\">\n\t\t\t\t\t\t<div class=\"elementor-element elementor-element-d99fe49 premium-modal-dismissible-yes elementor-widget elementor-widget-premium-addon-modal-box\" data-id=\"d99fe49\" data-element_type=\"widget\" data-settings=\"{&quot;premium_modal_box_animation&quot;:&quot;fadeInDown&quot;}\" data-widget_type=\"premium-addon-modal-box.default\">\n\t\t\t\t<div class=\"elementor-widget-container\">\n\t\t\t\t\t\r\n\t\t<div class=\"premium-modal-box-container\" data-settings=\"{&quot;trigger&quot;:&quot;image&quot;,&quot;show_on_exit&quot;:false}\">\r\n\t\t\t<div class=\"premium-modal-trigger-container\">\r\n\t\t\t\t\t\t\t\t\t<img decoding=\"async\" data-toggle=\"premium-modal\" data-target=\"#premium-modal-d99fe49\" class=\"premium-modal-trigger-img\" src=\"https:\/\/euspaceforum.com\/2025\/wp-content\/uploads\/2024\/05\/Aalyria-350x195-1.png\" alt=\"Aalyria\">\r\n\t\t\t\t\t\t\t<\/div>\r\n\r\n\t\t\t<div id=\"premium-modal-d99fe49\" class=\"premium-modal-box-modal\"\r\n\t\t\trole=\"dialog\"\r\n\t\t\tstyle=\"display: none\"\r\n\t\t\t>\r\n\t\t\t\t<div class=\"premium-modal-box-modal-dialog\" data-delay-animation=\"\" data-modal-animation=\"fadeInDown animated-fast\">\r\n\t\t\t\t\t\t\t\t\t\t\t<div class=\"premium-modal-box-modal-header\">\r\n\t\t\t\t\t\t\t\t\t\t\t\t\t\t\t<h3 class=\"premium-modal-box-modal-title\">\r\n\t\t\t\t\t\t\t\t\tSponsor\t\t\t\t\t\t\t\t<\/h3>\r\n\t\t\t\t\t\t\t\t\t\t\t\t\t\t\t\t\t\t\t\t\t\t<div class=\"premium-modal-box-close-button-container\">\r\n\t\t\t\t\t\t\t\t\t<button type=\"button\" class=\"premium-modal-box-modal-close\" data-dismiss=\"premium-modal\">&times;<\/button>\r\n\t\t\t\t\t\t\t\t<\/div>\r\n\t\t\t\t\t\t\t\t\t\t\t\t\t<\/div>\r\n\t\t\t\t\t\t\t\t\t\t<div class=\"premium-modal-box-modal-body\">\r\n\t\t\t\t\t\t<p><img loading=\"lazy\" decoding=\"async\" class=\"alignnone size-medium wp-image-6352\" src=\"https:\/\/euspaceforum.com\/2025\/wp-content\/uploads\/2024\/05\/Aalyria-350x195-1-300x166.png\" alt=\"Aalyria\" width=\"300\" height=\"166\" srcset=\"https:\/\/euspaceforum.com\/2025\/wp-content\/uploads\/2024\/05\/Aalyria-350x195-1-300x166.png 300w, https:\/\/euspaceforum.com\/2025\/wp-content\/uploads\/2024\/05\/Aalyria-350x195-1.png 350w\" sizes=\"(max-width: 300px) 100vw, 300px\" \/><\/p><p><span style=\"font-weight: 400;\">Aalyria is a venture-backed startup that creates and manages the world\u2019s most advanced networks to enable connectivity everywhere at the speed of discovery. Originally developed at Google as part of Project Loon, Aalyria brings together a software platform that orchestrates networks across land, sea, air, space and beyond and an atmosphere laser communications platform. Aalyria works with Telesat, Intelsat, the Defense Innovation Unit, Naval Research Labs, Space Development Agency among many others to realize its mission.<\/span><\/p><p><a href=\"http:\/\/aalyria.com\/\" target=\"_blank\" rel=\"noopener\"><span style=\"font-weight: 400;\">aalyria.com<\/span><\/a><\/p>\t\t\t\t\t<\/div>\r\n\t\t\t\t\t\t\t\t\t\t\t<div class=\"premium-modal-box-modal-footer\">\r\n\t\t\t\t\t\t\t<button type=\"button\" class=\"premium-modal-box-modal-lower-close\" data-dismiss=\"premium-modal\">\r\n\t\t\t\t\t\t\t\tClose\t\t\t\t\t\t\t<\/button>\r\n\t\t\t\t\t\t<\/div>\r\n\t\t\t\t\t\t\t\t\t<\/div>\r\n\t\t\t<\/div>\r\n\t\t<\/div>\r\n\r\n\t\t\t\t\t\t<\/div>\n\t\t\t\t<\/div>\n\t\t\t\t\t<\/div>\n\t\t<\/div>\n\t\t\t\t<div class=\"elementor-column elementor-col-20 elementor-inner-column elementor-element elementor-element-c68bf1f\" data-id=\"c68bf1f\" data-element_type=\"column\">\n\t\t\t<div class=\"elementor-widget-wrap elementor-element-populated\">\n\t\t\t\t\t\t<div class=\"elementor-element elementor-element-885e8eb premium-modal-dismissible-yes elementor-widget elementor-widget-premium-addon-modal-box\" data-id=\"885e8eb\" data-element_type=\"widget\" data-settings=\"{&quot;premium_modal_box_animation&quot;:&quot;fadeInDown&quot;}\" data-widget_type=\"premium-addon-modal-box.default\">\n\t\t\t\t<div class=\"elementor-widget-container\">\n\t\t\t\t\t\r\n\t\t<div class=\"premium-modal-box-container\" data-settings=\"{&quot;trigger&quot;:&quot;image&quot;,&quot;show_on_exit&quot;:false}\">\r\n\t\t\t<div class=\"premium-modal-trigger-container\">\r\n\t\t\t\t\t\t\t\t\t<img decoding=\"async\" data-toggle=\"premium-modal\" data-target=\"#premium-modal-885e8eb\" class=\"premium-modal-trigger-img\" src=\"https:\/\/euspaceforum.com\/2025\/wp-content\/uploads\/2024\/06\/Logo_HorizontalBrandmark_LightBG.jpg\" alt=\"Aero Space Lab\">\r\n\t\t\t\t\t\t\t<\/div>\r\n\r\n\t\t\t<div id=\"premium-modal-885e8eb\" class=\"premium-modal-box-modal\"\r\n\t\t\trole=\"dialog\"\r\n\t\t\tstyle=\"display: none\"\r\n\t\t\t>\r\n\t\t\t\t<div class=\"premium-modal-box-modal-dialog\" data-delay-animation=\"\" data-modal-animation=\"fadeInDown animated-fast\">\r\n\t\t\t\t\t\t\t\t\t\t\t<div class=\"premium-modal-box-modal-header\">\r\n\t\t\t\t\t\t\t\t\t\t\t\t\t\t\t<h3 class=\"premium-modal-box-modal-title\">\r\n\t\t\t\t\t\t\t\t\tSponsor\t\t\t\t\t\t\t\t<\/h3>\r\n\t\t\t\t\t\t\t\t\t\t\t\t\t\t\t\t\t\t\t\t\t\t<div class=\"premium-modal-box-close-button-container\">\r\n\t\t\t\t\t\t\t\t\t<button type=\"button\" class=\"premium-modal-box-modal-close\" data-dismiss=\"premium-modal\">&times;<\/button>\r\n\t\t\t\t\t\t\t\t<\/div>\r\n\t\t\t\t\t\t\t\t\t\t\t\t\t<\/div>\r\n\t\t\t\t\t\t\t\t\t\t<div class=\"premium-modal-box-modal-body\">\r\n\t\t\t\t\t\t<p><img loading=\"lazy\" decoding=\"async\" class=\"alignnone size-medium wp-image-6494\" src=\"https:\/\/euspaceforum.com\/2025\/wp-content\/uploads\/2024\/06\/Logo_HorizontalBrandmark_LightBG-300x40.jpg\" alt=\"Aero Space Lab\" width=\"300\" height=\"40\" srcset=\"https:\/\/euspaceforum.com\/2025\/wp-content\/uploads\/2024\/06\/Logo_HorizontalBrandmark_LightBG-300x40.jpg 300w, https:\/\/euspaceforum.com\/2025\/wp-content\/uploads\/2024\/06\/Logo_HorizontalBrandmark_LightBG.jpg 501w\" sizes=\"(max-width: 300px) 100vw, 300px\" \/><\/p><p><span style=\"font-weight: 400;\">Founded in 2018, Aerospacelab is an emerging figure in the aerospace sector, showcasing a remarkable achievement of 8 satellites successfully deployed in orbit. We pride ourselves on our dedication to vertical integration and TRL-9 implementation, solidifying our commitment to driving innovation in the space industry.\u202fWith our operations strategically placed in various locations, including the U.S., Aerospacelab remains steadfast in its mission to deliver pioneering solutions for our diverse customer community.\u202fAerospacelab recently broke ground on its Megafactory, the world\u2019s third largest satellite manufacturing facility, scheduled to begin operations in 2026.\u00a0<\/span><\/p><p><a href=\"https:\/\/www.aerospacelab.com\/\" target=\"_blank\" rel=\"noopener\"><span style=\"font-weight: 400;\">https:\/\/www.aerospacelab.com<\/span><\/a><\/p>\t\t\t\t\t<\/div>\r\n\t\t\t\t\t\t\t\t\t\t\t<div class=\"premium-modal-box-modal-footer\">\r\n\t\t\t\t\t\t\t<button type=\"button\" class=\"premium-modal-box-modal-lower-close\" data-dismiss=\"premium-modal\">\r\n\t\t\t\t\t\t\t\tClose\t\t\t\t\t\t\t<\/button>\r\n\t\t\t\t\t\t<\/div>\r\n\t\t\t\t\t\t\t\t\t<\/div>\r\n\t\t\t<\/div>\r\n\t\t<\/div>\r\n\r\n\t\t\t\t\t\t<\/div>\n\t\t\t\t<\/div>\n\t\t\t\t\t<\/div>\n\t\t<\/div>\n\t\t\t\t<div class=\"elementor-column elementor-col-20 elementor-inner-column elementor-element elementor-element-56b95a3\" data-id=\"56b95a3\" data-element_type=\"column\">\n\t\t\t<div class=\"elementor-widget-wrap elementor-element-populated\">\n\t\t\t\t\t\t<div class=\"elementor-element elementor-element-0e9a3fa premium-modal-dismissible-yes elementor-widget elementor-widget-premium-addon-modal-box\" data-id=\"0e9a3fa\" data-element_type=\"widget\" data-settings=\"{&quot;premium_modal_box_animation&quot;:&quot;fadeInDown&quot;}\" data-widget_type=\"premium-addon-modal-box.default\">\n\t\t\t\t<div class=\"elementor-widget-container\">\n\t\t\t\t\t\r\n\t\t<div class=\"premium-modal-box-container\" data-settings=\"{&quot;trigger&quot;:&quot;image&quot;,&quot;show_on_exit&quot;:false}\">\r\n\t\t\t<div class=\"premium-modal-trigger-container\">\r\n\t\t\t\t\t\t\t\t\t<img decoding=\"async\" data-toggle=\"premium-modal\" data-target=\"#premium-modal-0e9a3fa\" class=\"premium-modal-trigger-img\" src=\"https:\/\/euspaceforum.com\/2025\/wp-content\/uploads\/2024\/04\/Amazon-350x194-1.png\" alt=\"Amazon\">\r\n\t\t\t\t\t\t\t<\/div>\r\n\r\n\t\t\t<div id=\"premium-modal-0e9a3fa\" class=\"premium-modal-box-modal\"\r\n\t\t\trole=\"dialog\"\r\n\t\t\tstyle=\"display: none\"\r\n\t\t\t>\r\n\t\t\t\t<div class=\"premium-modal-box-modal-dialog\" data-delay-animation=\"\" data-modal-animation=\"fadeInDown animated-fast\">\r\n\t\t\t\t\t\t\t\t\t\t\t<div class=\"premium-modal-box-modal-header\">\r\n\t\t\t\t\t\t\t\t\t\t\t\t\t\t\t<h3 class=\"premium-modal-box-modal-title\">\r\n\t\t\t\t\t\t\t\t\tSponsor\t\t\t\t\t\t\t\t<\/h3>\r\n\t\t\t\t\t\t\t\t\t\t\t\t\t\t\t\t\t\t\t\t\t\t<div class=\"premium-modal-box-close-button-container\">\r\n\t\t\t\t\t\t\t\t\t<button type=\"button\" class=\"premium-modal-box-modal-close\" data-dismiss=\"premium-modal\">&times;<\/button>\r\n\t\t\t\t\t\t\t\t<\/div>\r\n\t\t\t\t\t\t\t\t\t\t\t\t\t<\/div>\r\n\t\t\t\t\t\t\t\t\t\t<div class=\"premium-modal-box-modal-body\">\r\n\t\t\t\t\t\t<p><img loading=\"lazy\" decoding=\"async\" class=\"alignnone size-medium wp-image-6178\" src=\"https:\/\/euspaceforum.com\/2025\/wp-content\/uploads\/2024\/04\/Amazon-350x194-1-300x166.png\" alt=\"Amazon \" width=\"300\" height=\"166\" srcset=\"https:\/\/euspaceforum.com\/2025\/wp-content\/uploads\/2024\/04\/Amazon-350x194-1-300x166.png 300w, https:\/\/euspaceforum.com\/2025\/wp-content\/uploads\/2024\/04\/Amazon-350x194-1.png 350w\" sizes=\"(max-width: 300px) 100vw, 300px\" \/><\/p><p>Amazon is guided by four principles: customer obsession rather than competitor focus, passion for invention, commitment to operational excellence, and long-term thinking. Amazon strives to be Earth\u2019s most customer-centric company, Earth\u2019s best employer, and Earth\u2019s safest place to work. Amazon has been in Europe since 1998 and has over 220.000 employees and 350+ logistics sites across Europe, with over \u20ac215 billion invested since 2010. Amazon\u2019s Project Kuiper is a Low Earth Orbit constellation with the mission to connect unserved and underserved communities around the globe.<\/p><p><a href=\"https:\/\/www.aboutamazon.com\/\" target=\"_blank\" rel=\"noopener\">https:\/\/www.aboutamazon.com\/<\/a><\/p>\t\t\t\t\t<\/div>\r\n\t\t\t\t\t\t\t\t\t\t\t<div class=\"premium-modal-box-modal-footer\">\r\n\t\t\t\t\t\t\t<button type=\"button\" class=\"premium-modal-box-modal-lower-close\" data-dismiss=\"premium-modal\">\r\n\t\t\t\t\t\t\t\tClose\t\t\t\t\t\t\t<\/button>\r\n\t\t\t\t\t\t<\/div>\r\n\t\t\t\t\t\t\t\t\t<\/div>\r\n\t\t\t<\/div>\r\n\t\t<\/div>\r\n\r\n\t\t\t\t\t\t<\/div>\n\t\t\t\t<\/div>\n\t\t\t\t\t<\/div>\n\t\t<\/div>\n\t\t\t\t<div class=\"elementor-column elementor-col-20 elementor-inner-column elementor-element elementor-element-fa36dab\" data-id=\"fa36dab\" data-element_type=\"column\">\n\t\t\t<div class=\"elementor-widget-wrap elementor-element-populated\">\n\t\t\t\t\t\t<div class=\"elementor-element elementor-element-7dabd57 premium-modal-dismissible-yes elementor-widget elementor-widget-premium-addon-modal-box\" data-id=\"7dabd57\" data-element_type=\"widget\" data-settings=\"{&quot;premium_modal_box_animation&quot;:&quot;fadeInDown&quot;}\" data-widget_type=\"premium-addon-modal-box.default\">\n\t\t\t\t<div class=\"elementor-widget-container\">\n\t\t\t\t\t\r\n\t\t<div class=\"premium-modal-box-container\" data-settings=\"{&quot;trigger&quot;:&quot;image&quot;,&quot;show_on_exit&quot;:false}\">\r\n\t\t\t<div class=\"premium-modal-trigger-container\">\r\n\t\t\t\t\t\t\t\t\t<img decoding=\"async\" data-toggle=\"premium-modal\" data-target=\"#premium-modal-7dabd57\" class=\"premium-modal-trigger-img\" src=\"https:\/\/euspaceforum.com\/2025\/wp-content\/uploads\/2025\/01\/6.-arianespace-logo.png\" alt=\"Arianespace\">\r\n\t\t\t\t\t\t\t<\/div>\r\n\r\n\t\t\t<div id=\"premium-modal-7dabd57\" class=\"premium-modal-box-modal\"\r\n\t\t\trole=\"dialog\"\r\n\t\t\tstyle=\"display: none\"\r\n\t\t\t>\r\n\t\t\t\t<div class=\"premium-modal-box-modal-dialog\" data-delay-animation=\"\" data-modal-animation=\"fadeInDown animated-fast\">\r\n\t\t\t\t\t\t\t\t\t\t\t<div class=\"premium-modal-box-modal-header\">\r\n\t\t\t\t\t\t\t\t\t\t\t\t\t\t\t<h3 class=\"premium-modal-box-modal-title\">\r\n\t\t\t\t\t\t\t\t\tSponsor\t\t\t\t\t\t\t\t<\/h3>\r\n\t\t\t\t\t\t\t\t\t\t\t\t\t\t\t\t\t\t\t\t\t\t<div class=\"premium-modal-box-close-button-container\">\r\n\t\t\t\t\t\t\t\t\t<button type=\"button\" class=\"premium-modal-box-modal-close\" data-dismiss=\"premium-modal\">&times;<\/button>\r\n\t\t\t\t\t\t\t\t<\/div>\r\n\t\t\t\t\t\t\t\t\t\t\t\t\t<\/div>\r\n\t\t\t\t\t\t\t\t\t\t<div class=\"premium-modal-box-modal-body\">\r\n\t\t\t\t\t\t<p><img loading=\"lazy\" decoding=\"async\" class=\"alignnone size-medium wp-image-6990\" src=\"https:\/\/euspaceforum.com\/2025\/wp-content\/uploads\/2025\/01\/6.-arianespace-logo-300x49.png\" alt=\"Arianespace\" width=\"300\" height=\"49\" srcset=\"https:\/\/euspaceforum.com\/2025\/wp-content\/uploads\/2025\/01\/6.-arianespace-logo-300x49.png 300w, https:\/\/euspaceforum.com\/2025\/wp-content\/uploads\/2025\/01\/6.-arianespace-logo-768x125.png 768w, https:\/\/euspaceforum.com\/2025\/wp-content\/uploads\/2025\/01\/6.-arianespace-logo.png 997w\" sizes=\"(max-width: 300px) 100vw, 300px\" \/><\/p><p>Since its creation in 1980 as the world&#8217;s first commercial space transportation company, Arianespace has led the launch services industry with many operational firsts and numerous record-setting missions. \ud83d\ude80 Arianespace uses space to make life better on Earth by providing launch services for all types of satellites into all orbits. \ud83d\udef0 It has orbited more than 1,100 satellites since 1980, using its family of launchers. \ud83d\ude80 Arianespace is headquartered in Evry, near Paris, and has a technical facility at the Guiana Space Center, Europe\u2019s Spaceport in French Guiana, plus local offices in Washington, D.C., Tokyo and Singapore. The company operates the Ariane and Vega family of launchers to ensure Europe\u2019s sovereign access to Space and for the benefit of both institutional and commercial customers worldwide. \ud83c\udf0d Arianespace is a subsidiary of ArianeGroup, which holds 74% of its share capital, with the balance held by 15 other shareholders from the European launcher industry. \ud83c\uddea\ud83c\uddfa #MissionToSuccess #DestinationSpace<\/p><p><a href=\"https:\/\/www.arianespace.com\/\" target=\"_blank\" rel=\"noopener\">https:\/\/www.arianespace.com\/<\/a><\/p>\t\t\t\t\t<\/div>\r\n\t\t\t\t\t\t\t\t\t\t\t<div class=\"premium-modal-box-modal-footer\">\r\n\t\t\t\t\t\t\t<button type=\"button\" class=\"premium-modal-box-modal-lower-close\" data-dismiss=\"premium-modal\">\r\n\t\t\t\t\t\t\t\tClose\t\t\t\t\t\t\t<\/button>\r\n\t\t\t\t\t\t<\/div>\r\n\t\t\t\t\t\t\t\t\t<\/div>\r\n\t\t\t<\/div>\r\n\t\t<\/div>\r\n\r\n\t\t\t\t\t\t<\/div>\n\t\t\t\t<\/div>\n\t\t\t\t\t<\/div>\n\t\t<\/div>\n\t\t\t\t<div class=\"elementor-column elementor-col-20 elementor-inner-column elementor-element elementor-element-8607d3d\" data-id=\"8607d3d\" data-element_type=\"column\">\n\t\t\t<div class=\"elementor-widget-wrap elementor-element-populated\">\n\t\t\t\t\t\t<div class=\"elementor-element elementor-element-b9106d7 premium-modal-dismissible-yes elementor-widget elementor-widget-premium-addon-modal-box\" data-id=\"b9106d7\" data-element_type=\"widget\" data-settings=\"{&quot;premium_modal_box_animation&quot;:&quot;fadeInDown&quot;}\" data-widget_type=\"premium-addon-modal-box.default\">\n\t\t\t\t<div class=\"elementor-widget-container\">\n\t\t\t\t\t\r\n\t\t<div class=\"premium-modal-box-container\" data-settings=\"{&quot;trigger&quot;:&quot;image&quot;,&quot;show_on_exit&quot;:false}\">\r\n\t\t\t<div class=\"premium-modal-trigger-container\">\r\n\t\t\t\t\t\t\t\t\t<img decoding=\"async\" data-toggle=\"premium-modal\" data-target=\"#premium-modal-b9106d7\" class=\"premium-modal-trigger-img\" src=\"https:\/\/euspaceforum.com\/2025\/wp-content\/uploads\/2025\/01\/7.-Astroscale-Main-Logo_RGB.png\" alt=\"Astroscale\">\r\n\t\t\t\t\t\t\t<\/div>\r\n\r\n\t\t\t<div id=\"premium-modal-b9106d7\" class=\"premium-modal-box-modal\"\r\n\t\t\trole=\"dialog\"\r\n\t\t\tstyle=\"display: none\"\r\n\t\t\t>\r\n\t\t\t\t<div class=\"premium-modal-box-modal-dialog\" data-delay-animation=\"\" data-modal-animation=\"fadeInDown animated-fast\">\r\n\t\t\t\t\t\t\t\t\t\t\t<div class=\"premium-modal-box-modal-header\">\r\n\t\t\t\t\t\t\t\t\t\t\t\t\t\t\t<h3 class=\"premium-modal-box-modal-title\">\r\n\t\t\t\t\t\t\t\t\tSponsor\t\t\t\t\t\t\t\t<\/h3>\r\n\t\t\t\t\t\t\t\t\t\t\t\t\t\t\t\t\t\t\t\t\t\t<div class=\"premium-modal-box-close-button-container\">\r\n\t\t\t\t\t\t\t\t\t<button type=\"button\" class=\"premium-modal-box-modal-close\" data-dismiss=\"premium-modal\">&times;<\/button>\r\n\t\t\t\t\t\t\t\t<\/div>\r\n\t\t\t\t\t\t\t\t\t\t\t\t\t<\/div>\r\n\t\t\t\t\t\t\t\t\t\t<div class=\"premium-modal-box-modal-body\">\r\n\t\t\t\t\t\t<div><img loading=\"lazy\" decoding=\"async\" class=\"alignnone size-medium wp-image-6994\" src=\"https:\/\/euspaceforum.com\/2025\/wp-content\/uploads\/2025\/01\/7.-Astroscale-Main-Logo_RGB-300x95.png\" alt=\"Astroscale\" width=\"300\" height=\"95\" srcset=\"https:\/\/euspaceforum.com\/2025\/wp-content\/uploads\/2025\/01\/7.-Astroscale-Main-Logo_RGB-300x95.png 300w, https:\/\/euspaceforum.com\/2025\/wp-content\/uploads\/2025\/01\/7.-Astroscale-Main-Logo_RGB-1024x326.png 1024w, https:\/\/euspaceforum.com\/2025\/wp-content\/uploads\/2025\/01\/7.-Astroscale-Main-Logo_RGB-768x244.png 768w, https:\/\/euspaceforum.com\/2025\/wp-content\/uploads\/2025\/01\/7.-Astroscale-Main-Logo_RGB.png 1100w\" sizes=\"(max-width: 300px) 100vw, 300px\" \/><\/div><div>\u00a0<\/div><div>Astroscale is the first private company with a vision for the safe and sustainable development of space for the benefit of future generations, and the leading company solely dedicated to on-orbit servicing across all orbits.<\/div><div class=\"smls-first-content-wrap clearfix\"><div class=\"smls-only-content-wrap\"><div class=\"smls-logo-description\"><p>Astroscale is developing innovative and scalable solutions across the spectrum of on-orbit servicing, including life extension, in situ space situational awareness, end of life, and active debris removal, to create sustainable space systems and mitigate the growing and hazardous build-up of debris in space.<\/p><p>Astroscale is also defining business cases and working with government and commercial stakeholders to develop norms, regulations, and incentives for the responsible use of space.<\/p><\/div><\/div><\/div><div><a href=\"https:\/\/astroscale.com\/\">https:\/\/astroscale.com\/<\/a><\/div>\t\t\t\t\t<\/div>\r\n\t\t\t\t\t\t\t\t\t\t\t<div class=\"premium-modal-box-modal-footer\">\r\n\t\t\t\t\t\t\t<button type=\"button\" class=\"premium-modal-box-modal-lower-close\" data-dismiss=\"premium-modal\">\r\n\t\t\t\t\t\t\t\tClose\t\t\t\t\t\t\t<\/button>\r\n\t\t\t\t\t\t<\/div>\r\n\t\t\t\t\t\t\t\t\t<\/div>\r\n\t\t\t<\/div>\r\n\t\t<\/div>\r\n\r\n\t\t\t\t\t\t<\/div>\n\t\t\t\t<\/div>\n\t\t\t\t\t<\/div>\n\t\t<\/div>\n\t\t\t\t\t<\/div>\n\t\t<\/section>\n\t\t\t\t<section data-pa-eq-height=\"{&quot;targetType&quot;:&quot;widget&quot;,&quot;target&quot;:&quot;&quot;,&quot;trigger&quot;:&quot;load&quot;,&quot;enableOn&quot;:[&quot;desktop&quot;,&quot;tablet&quot;,&quot;mobile&quot;]}\" class=\"elementor-section elementor-inner-section elementor-element elementor-element-c80306a elementor-section-content-middle premium-equal-height-yes elementor-hidden-desktop elementor-hidden-tablet elementor-hidden-mobile elementor-section-boxed elementor-section-height-default elementor-section-height-default\" data-id=\"c80306a\" data-element_type=\"section\" data-settings=\"{&quot;premium_eq_height_switcher&quot;:&quot;yes&quot;}\">\n\t\t\t\t\t\t<div class=\"elementor-container elementor-column-gap-extended\">\n\t\t\t\t\t<div class=\"elementor-column elementor-col-33 elementor-inner-column elementor-element elementor-element-97ce2b6\" data-id=\"97ce2b6\" data-element_type=\"column\">\n\t\t\t<div class=\"elementor-widget-wrap elementor-element-populated\">\n\t\t\t\t\t\t<div class=\"elementor-element elementor-element-ec11293 premium-modal-dismissible-yes elementor-widget elementor-widget-premium-addon-modal-box\" data-id=\"ec11293\" data-element_type=\"widget\" data-settings=\"{&quot;premium_modal_box_animation&quot;:&quot;fadeInDown&quot;}\" data-widget_type=\"premium-addon-modal-box.default\">\n\t\t\t\t<div class=\"elementor-widget-container\">\n\t\t\t\t\t\r\n\t\t<div class=\"premium-modal-box-container\" data-settings=\"{&quot;trigger&quot;:&quot;image&quot;,&quot;show_on_exit&quot;:false}\">\r\n\t\t\t<div class=\"premium-modal-trigger-container\">\r\n\t\t\t\t\t\t\t\t\t<img decoding=\"async\" data-toggle=\"premium-modal\" data-target=\"#premium-modal-ec11293\" class=\"premium-modal-trigger-img\" src=\"https:\/\/euspaceforum.com\/2025\/wp-content\/uploads\/2025\/01\/8.-Avio_edited-1.png\" alt=\"Avio\">\r\n\t\t\t\t\t\t\t<\/div>\r\n\r\n\t\t\t<div id=\"premium-modal-ec11293\" class=\"premium-modal-box-modal\"\r\n\t\t\trole=\"dialog\"\r\n\t\t\tstyle=\"display: none\"\r\n\t\t\t>\r\n\t\t\t\t<div class=\"premium-modal-box-modal-dialog\" data-delay-animation=\"\" data-modal-animation=\"fadeInDown animated-fast\">\r\n\t\t\t\t\t\t\t\t\t\t\t<div class=\"premium-modal-box-modal-header\">\r\n\t\t\t\t\t\t\t\t\t\t\t\t\t\t\t<h3 class=\"premium-modal-box-modal-title\">\r\n\t\t\t\t\t\t\t\t\tSponsor\t\t\t\t\t\t\t\t<\/h3>\r\n\t\t\t\t\t\t\t\t\t\t\t\t\t\t\t\t\t\t\t\t\t\t<div class=\"premium-modal-box-close-button-container\">\r\n\t\t\t\t\t\t\t\t\t<button type=\"button\" class=\"premium-modal-box-modal-close\" data-dismiss=\"premium-modal\">&times;<\/button>\r\n\t\t\t\t\t\t\t\t<\/div>\r\n\t\t\t\t\t\t\t\t\t\t\t\t\t<\/div>\r\n\t\t\t\t\t\t\t\t\t\t<div class=\"premium-modal-box-modal-body\">\r\n\t\t\t\t\t\t<div><img loading=\"lazy\" decoding=\"async\" class=\"alignnone size-medium wp-image-6998\" src=\"https:\/\/euspaceforum.com\/2025\/wp-content\/uploads\/2025\/01\/8.-Avio_edited-1-300x88.png\" alt=\"Avio\" width=\"300\" height=\"88\" srcset=\"https:\/\/euspaceforum.com\/2025\/wp-content\/uploads\/2025\/01\/8.-Avio_edited-1-300x88.png 300w, https:\/\/euspaceforum.com\/2025\/wp-content\/uploads\/2025\/01\/8.-Avio_edited-1-1024x301.png 1024w, https:\/\/euspaceforum.com\/2025\/wp-content\/uploads\/2025\/01\/8.-Avio_edited-1-768x226.png 768w, https:\/\/euspaceforum.com\/2025\/wp-content\/uploads\/2025\/01\/8.-Avio_edited-1.png 1194w\" sizes=\"(max-width: 300px) 100vw, 300px\" \/><\/div><div>\u00a0<\/div><div>Avio is a leading international group operating in the manufacturing and development of space launchers and propulsion systems. The experience and knowhow built up over more than 50 years puts Avio at the cutting edge of the space launcher sector, solid, liquid and cryogenic propulsion and tactical propulsion. Avio operates 5 industrial facilities in Italy, France and France Guyana, employing approx. 1,100 highly-qualified personnel, of which approx. 30% involved in research and development. Avio is a prime contractor for the Vega and Vega C programmes and a sub-contractor for the Ariane programme, both funded by the European Space Agency (\u201cESA\u201d), placing Italy among the limited number of countries capable of producing a complete spacecraft.<\/div><div>\u00a0<\/div><div><a href=\"https:\/\/www.avio.com\/\">https:\/\/www.avio.com\/\u00a0<\/a><\/div>\t\t\t\t\t<\/div>\r\n\t\t\t\t\t\t\t\t\t\t\t<div class=\"premium-modal-box-modal-footer\">\r\n\t\t\t\t\t\t\t<button type=\"button\" class=\"premium-modal-box-modal-lower-close\" data-dismiss=\"premium-modal\">\r\n\t\t\t\t\t\t\t\tClose\t\t\t\t\t\t\t<\/button>\r\n\t\t\t\t\t\t<\/div>\r\n\t\t\t\t\t\t\t\t\t<\/div>\r\n\t\t\t<\/div>\r\n\t\t<\/div>\r\n\r\n\t\t\t\t\t\t<\/div>\n\t\t\t\t<\/div>\n\t\t\t\t\t<\/div>\n\t\t<\/div>\n\t\t\t\t<div class=\"elementor-column elementor-col-33 elementor-inner-column elementor-element elementor-element-18e63bd\" data-id=\"18e63bd\" data-element_type=\"column\">\n\t\t\t<div class=\"elementor-widget-wrap elementor-element-populated\">\n\t\t\t\t\t\t<div class=\"elementor-element elementor-element-c182bf4 premium-modal-dismissible-yes elementor-widget elementor-widget-premium-addon-modal-box\" data-id=\"c182bf4\" data-element_type=\"widget\" data-settings=\"{&quot;premium_modal_box_animation&quot;:&quot;fadeInDown&quot;}\" data-widget_type=\"premium-addon-modal-box.default\">\n\t\t\t\t<div class=\"elementor-widget-container\">\n\t\t\t\t\t\r\n\t\t<div class=\"premium-modal-box-container\" data-settings=\"{&quot;trigger&quot;:&quot;image&quot;,&quot;show_on_exit&quot;:false}\">\r\n\t\t\t<div class=\"premium-modal-trigger-container\">\r\n\t\t\t\t\t\t\t\t\t<img decoding=\"async\" data-toggle=\"premium-modal\" data-target=\"#premium-modal-c182bf4\" class=\"premium-modal-trigger-img\" src=\"https:\/\/euspaceforum.com\/2025\/wp-content\/uploads\/2025\/01\/9.-CGI_logo.svg.png\" alt=\"CGI\">\r\n\t\t\t\t\t\t\t<\/div>\r\n\r\n\t\t\t<div id=\"premium-modal-c182bf4\" class=\"premium-modal-box-modal\"\r\n\t\t\trole=\"dialog\"\r\n\t\t\tstyle=\"display: none\"\r\n\t\t\t>\r\n\t\t\t\t<div class=\"premium-modal-box-modal-dialog\" data-delay-animation=\"\" data-modal-animation=\"fadeInDown animated-fast\">\r\n\t\t\t\t\t\t\t\t\t\t\t<div class=\"premium-modal-box-modal-header\">\r\n\t\t\t\t\t\t\t\t\t\t\t\t\t\t\t<h3 class=\"premium-modal-box-modal-title\">\r\n\t\t\t\t\t\t\t\t\tSponsor\t\t\t\t\t\t\t\t<\/h3>\r\n\t\t\t\t\t\t\t\t\t\t\t\t\t\t\t\t\t\t\t\t\t\t<div class=\"premium-modal-box-close-button-container\">\r\n\t\t\t\t\t\t\t\t\t<button type=\"button\" class=\"premium-modal-box-modal-close\" data-dismiss=\"premium-modal\">&times;<\/button>\r\n\t\t\t\t\t\t\t\t<\/div>\r\n\t\t\t\t\t\t\t\t\t\t\t\t\t<\/div>\r\n\t\t\t\t\t\t\t\t\t\t<div class=\"premium-modal-box-modal-body\">\r\n\t\t\t\t\t\t<p><img loading=\"lazy\" decoding=\"async\" class=\"alignnone  wp-image-6999\" src=\"https:\/\/euspaceforum.com\/2025\/wp-content\/uploads\/2025\/01\/9.-CGI_logo.svg-300x141.png\" alt=\"CGI\" width=\"132\" height=\"62\" srcset=\"https:\/\/euspaceforum.com\/2025\/wp-content\/uploads\/2025\/01\/9.-CGI_logo.svg-300x141.png 300w, https:\/\/euspaceforum.com\/2025\/wp-content\/uploads\/2025\/01\/9.-CGI_logo.svg-1024x480.png 1024w, https:\/\/euspaceforum.com\/2025\/wp-content\/uploads\/2025\/01\/9.-CGI_logo.svg-768x360.png 768w, https:\/\/euspaceforum.com\/2025\/wp-content\/uploads\/2025\/01\/9.-CGI_logo.svg-1536x720.png 1536w, https:\/\/euspaceforum.com\/2025\/wp-content\/uploads\/2025\/01\/9.-CGI_logo.svg-2048x960.png 2048w\" sizes=\"(max-width: 132px) 100vw, 132px\" \/><\/p><p class=\"break-words white-space-pre-wrap t-black--light text-body-medium\">Insights you can act on to achieve trusted outcomes. We are insights-driven and outcomes-focused to help accelerate returns on your investments. Across 21 industry sectors and 400 locations worldwide, we provide comprehensive, scalable and sustainable IT and business consulting services that are informed globally and delivered locally. We value your opinions and welcome your comments and questions on our posts here on LinkedIn. Please keep a polite, professional and constructive tone. We remove comments containing objectionable language and derogatory views. We do not allow content that is unrelated to the subject, and we remove discriminatory and racist comments as well as spam and advertising. Note that content on this page contains general information regarding CGI\u2019s services and initiatives and should not be considered direct business advice.\u00a0<\/p><p class=\"break-words white-space-pre-wrap t-black--light text-body-medium\"><a id=\"ember1929\" class=\"link-without-visited-state ember-view\" tabindex=\"0\" href=\"https:\/\/cgi.com\/\" target=\"_blank\" rel=\"noopener noreferrer\"><span class=\"link-without-visited-state\" dir=\"ltr\">https:\/\/cgi.com<\/span><\/a><\/p>\t\t\t\t\t<\/div>\r\n\t\t\t\t\t\t\t\t\t\t\t<div class=\"premium-modal-box-modal-footer\">\r\n\t\t\t\t\t\t\t<button type=\"button\" class=\"premium-modal-box-modal-lower-close\" data-dismiss=\"premium-modal\">\r\n\t\t\t\t\t\t\t\tClose\t\t\t\t\t\t\t<\/button>\r\n\t\t\t\t\t\t<\/div>\r\n\t\t\t\t\t\t\t\t\t<\/div>\r\n\t\t\t<\/div>\r\n\t\t<\/div>\r\n\r\n\t\t\t\t\t\t<\/div>\n\t\t\t\t<\/div>\n\t\t\t\t\t<\/div>\n\t\t<\/div>\n\t\t\t\t<div class=\"elementor-column elementor-col-33 elementor-inner-column elementor-element elementor-element-7e305e7\" data-id=\"7e305e7\" data-element_type=\"column\">\n\t\t\t<div class=\"elementor-widget-wrap elementor-element-populated\">\n\t\t\t\t\t\t<div class=\"elementor-element elementor-element-f32fde1 premium-modal-dismissible-yes elementor-widget elementor-widget-premium-addon-modal-box\" data-id=\"f32fde1\" data-element_type=\"widget\" data-settings=\"{&quot;premium_modal_box_animation&quot;:&quot;fadeInDown&quot;}\" data-widget_type=\"premium-addon-modal-box.default\">\n\t\t\t\t<div class=\"elementor-widget-container\">\n\t\t\t\t\t\r\n\t\t<div class=\"premium-modal-box-container\" data-settings=\"{&quot;trigger&quot;:&quot;image&quot;,&quot;show_on_exit&quot;:false}\">\r\n\t\t\t<div class=\"premium-modal-trigger-container\">\r\n\t\t\t\t\t\t\t\t\t<img decoding=\"async\" data-toggle=\"premium-modal\" data-target=\"#premium-modal-f32fde1\" class=\"premium-modal-trigger-img\" src=\"https:\/\/euspaceforum.com\/2025\/wp-content\/uploads\/2024\/04\/EUMETSAT-350x194-1.png\" alt=\"Eumetsat\">\r\n\t\t\t\t\t\t\t<\/div>\r\n\r\n\t\t\t<div id=\"premium-modal-f32fde1\" class=\"premium-modal-box-modal\"\r\n\t\t\trole=\"dialog\"\r\n\t\t\tstyle=\"display: none\"\r\n\t\t\t>\r\n\t\t\t\t<div class=\"premium-modal-box-modal-dialog\" data-delay-animation=\"\" data-modal-animation=\"fadeInDown animated-fast\">\r\n\t\t\t\t\t\t\t\t\t\t\t<div class=\"premium-modal-box-modal-header\">\r\n\t\t\t\t\t\t\t\t\t\t\t\t\t\t\t<h3 class=\"premium-modal-box-modal-title\">\r\n\t\t\t\t\t\t\t\t\tSponsor\t\t\t\t\t\t\t\t<\/h3>\r\n\t\t\t\t\t\t\t\t\t\t\t\t\t\t\t\t\t\t\t\t\t\t<div class=\"premium-modal-box-close-button-container\">\r\n\t\t\t\t\t\t\t\t\t<button type=\"button\" class=\"premium-modal-box-modal-close\" data-dismiss=\"premium-modal\">&times;<\/button>\r\n\t\t\t\t\t\t\t\t<\/div>\r\n\t\t\t\t\t\t\t\t\t\t\t\t\t<\/div>\r\n\t\t\t\t\t\t\t\t\t\t<div class=\"premium-modal-box-modal-body\">\r\n\t\t\t\t\t\t<p><img loading=\"lazy\" decoding=\"async\" class=\"alignnone size-medium wp-image-6059\" src=\"https:\/\/euspaceforum.com\/2025\/wp-content\/uploads\/2024\/04\/EUMETSAT-350x194-1-300x166.png\" alt=\"Eumetsat\" width=\"300\" height=\"166\" srcset=\"https:\/\/euspaceforum.com\/2025\/wp-content\/uploads\/2024\/04\/EUMETSAT-350x194-1-300x166.png 300w, https:\/\/euspaceforum.com\/2025\/wp-content\/uploads\/2024\/04\/EUMETSAT-350x194-1.png 350w\" sizes=\"(max-width: 300px) 100vw, 300px\" \/><\/p><p><span style=\"font-weight: 400;\">EUMETSAT, Europe\u2019s meteorological satellite agency, monitors the weather and climate from space. Based in Darmstadt, Germany, EUMETSAT provides its 30 member states with meteorological imagery and data that are essential for keeping their communities safe and for the benefit of critical sectors of their economies.<\/span><\/p><p><span style=\"font-weight: 400;\">Four Meteosat satellites in geostationary orbit deliver continuous observations of fast developing severe weather events over Europe, Africa and the Indian Ocean. Two polar-orbiting Metop satellites provide data of pivotal importance for forecasts up to 10 days ahead. The first of the next-generations satellites in these systems will be launched in 2022 and 2023, respectively.<\/span><\/p><p><span style=\"font-weight: 400;\">EUMETSAT\u2019s archive of satellite observations over more than 40 years provides climate scientists around the world with long-term, homogenous data necessary for monitoring climate change.<\/span><\/p><p><span style=\"font-weight: 400;\">EUMETSAT is a key partner in the European Union\u2019s Copernicus Earth observation programme. It operates the Copernicus Sentinel-3 and -6 ocean-monitoring missions, and will operate the upcoming CO2M mission, to monitor carbon dioxide emissions. Data from these, and EUMETSAT\u2019s own missions, are provided to the Copernicus climate, atmosphere monitoring and marine environment services.<\/span><\/p><p><span style=\"font-weight: 400;\">Together with NASA, NOAA, the EU, ESA and with support from the French Space Agency, CNES, EUMETSAT is a partner in the Jason ocean-monitoring mission.<\/span><\/p><p><span style=\"font-weight: 400;\">EUMETSAT cooperates with agencies around the world, securing additional satellite data of benefit to weather forecasting and climate monitoring.<\/span><\/p><p><a href=\"https:\/\/www.eumetsat.int\/\" target=\"_blank\" rel=\"noopener\"><span style=\"font-weight: 400;\">https:\/\/www.eumetsat.int\/<\/span><\/a><\/p>\t\t\t\t\t<\/div>\r\n\t\t\t\t\t\t\t\t\t\t\t<div class=\"premium-modal-box-modal-footer\">\r\n\t\t\t\t\t\t\t<button type=\"button\" class=\"premium-modal-box-modal-lower-close\" data-dismiss=\"premium-modal\">\r\n\t\t\t\t\t\t\t\tClose\t\t\t\t\t\t\t<\/button>\r\n\t\t\t\t\t\t<\/div>\r\n\t\t\t\t\t\t\t\t\t<\/div>\r\n\t\t\t<\/div>\r\n\t\t<\/div>\r\n\r\n\t\t\t\t\t\t<\/div>\n\t\t\t\t<\/div>\n\t\t\t\t\t<\/div>\n\t\t<\/div>\n\t\t\t\t\t<\/div>\n\t\t<\/section>\n\t\t\t\t<section class=\"elementor-section elementor-inner-section elementor-element elementor-element-c9f9654 elementor-section-content-middle elementor-hidden-desktop elementor-hidden-tablet elementor-hidden-mobile elementor-section-boxed elementor-section-height-default elementor-section-height-default\" data-id=\"c9f9654\" data-element_type=\"section\">\n\t\t\t\t\t\t<div class=\"elementor-container elementor-column-gap-extended\">\n\t\t\t\t\t<div class=\"elementor-column elementor-col-20 elementor-inner-column elementor-element elementor-element-5af7391\" data-id=\"5af7391\" data-element_type=\"column\">\n\t\t\t<div class=\"elementor-widget-wrap elementor-element-populated\">\n\t\t\t\t\t\t<div class=\"elementor-element elementor-element-911d81e premium-modal-dismissible-yes elementor-widget elementor-widget-premium-addon-modal-box\" data-id=\"911d81e\" data-element_type=\"widget\" data-settings=\"{&quot;premium_modal_box_animation&quot;:&quot;fadeInDown&quot;}\" data-widget_type=\"premium-addon-modal-box.default\">\n\t\t\t\t<div class=\"elementor-widget-container\">\n\t\t\t\t\t\r\n\t\t<div class=\"premium-modal-box-container\" data-settings=\"{&quot;trigger&quot;:&quot;image&quot;,&quot;show_on_exit&quot;:false}\">\r\n\t\t\t<div class=\"premium-modal-trigger-container\">\r\n\t\t\t\t\t\t\t\t\t<img decoding=\"async\" data-toggle=\"premium-modal\" data-target=\"#premium-modal-911d81e\" class=\"premium-modal-trigger-img\" src=\"https:\/\/euspaceforum.com\/2025\/wp-content\/uploads\/2024\/05\/HPE-350x194px.png\" alt=\"HPE\">\r\n\t\t\t\t\t\t\t<\/div>\r\n\r\n\t\t\t<div id=\"premium-modal-911d81e\" class=\"premium-modal-box-modal\"\r\n\t\t\trole=\"dialog\"\r\n\t\t\tstyle=\"display: none\"\r\n\t\t\t>\r\n\t\t\t\t<div class=\"premium-modal-box-modal-dialog\" data-delay-animation=\"\" data-modal-animation=\"fadeInDown animated-fast\">\r\n\t\t\t\t\t\t\t\t\t\t\t<div class=\"premium-modal-box-modal-header\">\r\n\t\t\t\t\t\t\t\t\t\t\t\t\t\t\t<h3 class=\"premium-modal-box-modal-title\">\r\n\t\t\t\t\t\t\t\t\tSponsor\t\t\t\t\t\t\t\t<\/h3>\r\n\t\t\t\t\t\t\t\t\t\t\t\t\t\t\t\t\t\t\t\t\t\t<div class=\"premium-modal-box-close-button-container\">\r\n\t\t\t\t\t\t\t\t\t<button type=\"button\" class=\"premium-modal-box-modal-close\" data-dismiss=\"premium-modal\">&times;<\/button>\r\n\t\t\t\t\t\t\t\t<\/div>\r\n\t\t\t\t\t\t\t\t\t\t\t\t\t<\/div>\r\n\t\t\t\t\t\t\t\t\t\t<div class=\"premium-modal-box-modal-body\">\r\n\t\t\t\t\t\t<p><img loading=\"lazy\" decoding=\"async\" class=\"alignnone size-medium wp-image-6363\" src=\"https:\/\/euspaceforum.com\/2025\/wp-content\/uploads\/2024\/05\/HPE-350x194px-300x166.png\" alt=\"HPE\" width=\"300\" height=\"166\" srcset=\"https:\/\/euspaceforum.com\/2025\/wp-content\/uploads\/2024\/05\/HPE-350x194px-300x166.png 300w, https:\/\/euspaceforum.com\/2025\/wp-content\/uploads\/2024\/05\/HPE-350x194px.png 350w\" sizes=\"(max-width: 300px) 100vw, 300px\" \/><\/p><p>HPE is the global edge-to-cloud company built to transform your business. How? By helping you connect, protect, analyze, and act on all your data and applications wherever they live, from edge to cloud, so you can turn insights into outcomes at the speed required to thrive in today\u2019s complex world.<\/p><p><a href=\"https:\/\/www.hpe.com\/\" target=\"_blank\" rel=\"noopener\">https:\/\/www.hpe.com\/<\/a><\/p>\t\t\t\t\t<\/div>\r\n\t\t\t\t\t\t\t\t\t\t\t<div class=\"premium-modal-box-modal-footer\">\r\n\t\t\t\t\t\t\t<button type=\"button\" class=\"premium-modal-box-modal-lower-close\" data-dismiss=\"premium-modal\">\r\n\t\t\t\t\t\t\t\tClose\t\t\t\t\t\t\t<\/button>\r\n\t\t\t\t\t\t<\/div>\r\n\t\t\t\t\t\t\t\t\t<\/div>\r\n\t\t\t<\/div>\r\n\t\t<\/div>\r\n\r\n\t\t\t\t\t\t<\/div>\n\t\t\t\t<\/div>\n\t\t\t\t\t<\/div>\n\t\t<\/div>\n\t\t\t\t<div class=\"elementor-column elementor-col-20 elementor-inner-column elementor-element elementor-element-6ae7360\" data-id=\"6ae7360\" data-element_type=\"column\">\n\t\t\t<div class=\"elementor-widget-wrap elementor-element-populated\">\n\t\t\t\t\t\t<div class=\"elementor-element elementor-element-3ff272a premium-modal-dismissible-yes elementor-widget elementor-widget-premium-addon-modal-box\" data-id=\"3ff272a\" data-element_type=\"widget\" data-settings=\"{&quot;premium_modal_box_animation&quot;:&quot;fadeInDown&quot;}\" data-widget_type=\"premium-addon-modal-box.default\">\n\t\t\t\t<div class=\"elementor-widget-container\">\n\t\t\t\t\t\r\n\t\t<div class=\"premium-modal-box-container\" data-settings=\"{&quot;trigger&quot;:&quot;image&quot;,&quot;show_on_exit&quot;:false}\">\r\n\t\t\t<div class=\"premium-modal-trigger-container\">\r\n\t\t\t\t\t\t\t\t\t<img decoding=\"async\" data-toggle=\"premium-modal\" data-target=\"#premium-modal-3ff272a\" class=\"premium-modal-trigger-img\" src=\"https:\/\/euspaceforum.com\/2025\/wp-content\/uploads\/2024\/04\/ICEYE-350x194-1.png\" alt=\"ICEYE 350x194\">\r\n\t\t\t\t\t\t\t<\/div>\r\n\r\n\t\t\t<div id=\"premium-modal-3ff272a\" class=\"premium-modal-box-modal\"\r\n\t\t\trole=\"dialog\"\r\n\t\t\tstyle=\"display: none\"\r\n\t\t\t>\r\n\t\t\t\t<div class=\"premium-modal-box-modal-dialog\" data-delay-animation=\"\" data-modal-animation=\"fadeInDown animated-fast\">\r\n\t\t\t\t\t\t\t\t\t\t\t<div class=\"premium-modal-box-modal-header\">\r\n\t\t\t\t\t\t\t\t\t\t\t\t\t\t\t<h3 class=\"premium-modal-box-modal-title\">\r\n\t\t\t\t\t\t\t\t\tSponsor\t\t\t\t\t\t\t\t<\/h3>\r\n\t\t\t\t\t\t\t\t\t\t\t\t\t\t\t\t\t\t\t\t\t\t<div class=\"premium-modal-box-close-button-container\">\r\n\t\t\t\t\t\t\t\t\t<button type=\"button\" class=\"premium-modal-box-modal-close\" data-dismiss=\"premium-modal\">&times;<\/button>\r\n\t\t\t\t\t\t\t\t<\/div>\r\n\t\t\t\t\t\t\t\t\t\t\t\t\t<\/div>\r\n\t\t\t\t\t\t\t\t\t\t<div class=\"premium-modal-box-modal-body\">\r\n\t\t\t\t\t\t<p><img loading=\"lazy\" decoding=\"async\" class=\"alignnone size-medium wp-image-6221\" src=\"https:\/\/euspaceforum.com\/2025\/wp-content\/uploads\/2024\/04\/ICEYE-350x194-1-300x166.png\" alt=\"\" width=\"300\" height=\"166\" srcset=\"https:\/\/euspaceforum.com\/2025\/wp-content\/uploads\/2024\/04\/ICEYE-350x194-1-300x166.png 300w, https:\/\/euspaceforum.com\/2025\/wp-content\/uploads\/2024\/04\/ICEYE-350x194-1.png 350w\" sizes=\"(max-width: 300px) 100vw, 300px\" \/><\/p><p><span style=\"font-weight: 400;\">ICEYE delivers unparalleled persistent monitoring capabilities to detect and respond to changes in any location on Earth, faster and more accurately than ever before.<\/span><\/p><p><span style=\"font-weight: 400;\">Owning the world&#8217;s largest synthetic aperture radar (SAR) satellite constellation, ICEYE provides objective, near real-time insights, ensuring that customers have unmatched access to actionable data, day or night, even in challenging environmental conditions. As a trusted partner to governments and commercial industries, ICEYE delivers intelligence in sectors such as insurance, natural catastrophe response and recovery, security, maritime monitoring, and finance, enabling decision-making that contributes to community resilience and sustainable development.<\/span><\/p><p><span style=\"font-weight: 400;\">ICEYE is headquartered in Finland and operates from five international locations. ICEYE has more than 600 employees, inspired by the shared vision of improving life on Earth by becoming the global source of truth in Earth Observation.<\/span><\/p><p><a href=\"https:\/\/www.iceye.com\/\" target=\"_blank\" rel=\"noopener\"><span style=\"font-weight: 400;\">https:\/\/www.iceye.com\/<\/span><\/a><\/p>\t\t\t\t\t<\/div>\r\n\t\t\t\t\t\t\t\t\t\t\t<div class=\"premium-modal-box-modal-footer\">\r\n\t\t\t\t\t\t\t<button type=\"button\" class=\"premium-modal-box-modal-lower-close\" data-dismiss=\"premium-modal\">\r\n\t\t\t\t\t\t\t\tClose\t\t\t\t\t\t\t<\/button>\r\n\t\t\t\t\t\t<\/div>\r\n\t\t\t\t\t\t\t\t\t<\/div>\r\n\t\t\t<\/div>\r\n\t\t<\/div>\r\n\r\n\t\t\t\t\t\t<\/div>\n\t\t\t\t<\/div>\n\t\t\t\t\t<\/div>\n\t\t<\/div>\n\t\t\t\t<div class=\"elementor-column elementor-col-20 elementor-inner-column elementor-element elementor-element-2b949e6\" data-id=\"2b949e6\" data-element_type=\"column\">\n\t\t\t<div class=\"elementor-widget-wrap elementor-element-populated\">\n\t\t\t\t\t\t<div class=\"elementor-element elementor-element-389df0c premium-modal-dismissible-yes elementor-widget elementor-widget-premium-addon-modal-box\" data-id=\"389df0c\" data-element_type=\"widget\" data-settings=\"{&quot;premium_modal_box_animation&quot;:&quot;fadeInDown&quot;}\" data-widget_type=\"premium-addon-modal-box.default\">\n\t\t\t\t<div class=\"elementor-widget-container\">\n\t\t\t\t\t\r\n\t\t<div class=\"premium-modal-box-container\" data-settings=\"{&quot;trigger&quot;:&quot;image&quot;,&quot;show_on_exit&quot;:false}\">\r\n\t\t\t<div class=\"premium-modal-trigger-container\">\r\n\t\t\t\t\t\t\t\t\t<img decoding=\"async\" data-toggle=\"premium-modal\" data-target=\"#premium-modal-389df0c\" class=\"premium-modal-trigger-img\" src=\"https:\/\/euspaceforum.com\/2025\/wp-content\/uploads\/2025\/01\/20.-Indra-for-WS.png\" alt=\"Indra\">\r\n\t\t\t\t\t\t\t<\/div>\r\n\r\n\t\t\t<div id=\"premium-modal-389df0c\" class=\"premium-modal-box-modal\"\r\n\t\t\trole=\"dialog\"\r\n\t\t\tstyle=\"display: none\"\r\n\t\t\t>\r\n\t\t\t\t<div class=\"premium-modal-box-modal-dialog\" data-delay-animation=\"\" data-modal-animation=\"fadeInDown animated-fast\">\r\n\t\t\t\t\t\t\t\t\t\t\t<div class=\"premium-modal-box-modal-header\">\r\n\t\t\t\t\t\t\t\t\t\t\t\t\t\t\t<h3 class=\"premium-modal-box-modal-title\">\r\n\t\t\t\t\t\t\t\t\tSponsor\t\t\t\t\t\t\t\t<\/h3>\r\n\t\t\t\t\t\t\t\t\t\t\t\t\t\t\t\t\t\t\t\t\t\t<div class=\"premium-modal-box-close-button-container\">\r\n\t\t\t\t\t\t\t\t\t<button type=\"button\" class=\"premium-modal-box-modal-close\" data-dismiss=\"premium-modal\">&times;<\/button>\r\n\t\t\t\t\t\t\t\t<\/div>\r\n\t\t\t\t\t\t\t\t\t\t\t\t\t<\/div>\r\n\t\t\t\t\t\t\t\t\t\t<div class=\"premium-modal-box-modal-body\">\r\n\t\t\t\t\t\t<p><img loading=\"lazy\" decoding=\"async\" class=\"alignnone size-medium wp-image-7003\" src=\"https:\/\/euspaceforum.com\/2025\/wp-content\/uploads\/2025\/01\/20.-Indra-for-WS-300x166.png\" alt=\"Indra\" width=\"300\" height=\"166\" srcset=\"https:\/\/euspaceforum.com\/2025\/wp-content\/uploads\/2025\/01\/20.-Indra-for-WS-300x166.png 300w, https:\/\/euspaceforum.com\/2025\/wp-content\/uploads\/2025\/01\/20.-Indra-for-WS.png 350w\" sizes=\"(max-width: 300px) 100vw, 300px\" \/><\/p><p>Indra is one of the leading global technology and consulting companies and the technological partner for core business operations of its customers worldwide. It is a world-leader in providing proprietary solutions in specific segments in Transport and Defence markets, and a leading firm in Digital Transformation and Information Technologies in Spain and Latin America through its affiliate Minsait. Its business model is based on a comprehensive range of proprietary products, with a high-value, end-to-end focus and with a high innovation component. In the 2022 financial year, Indra achieved revenue totaling \u20ac3.851 million, with almost 57,000 employees, a local presence in 46 countries and business operations in over 140 countries.<\/p><p>Indra has a strong technological and engineering background and expertise with operations in the space sector for more than 30 years. Indra has played a relevant role in the development of major EU space programs, specifically focusing on the ground segment (command and control, security, antennas, communications, etc.), as the Copernicus Earth observation system and the Galileo global geo-positioning system. It has also deployed the ground segment of Paz, the Spanish Earth observation satellite, and, in partnership with ENAIRE, a company linked to the new space, it has launched Startical, which is working on the development of a constellation with more than 200 small satellites for providing air traffic management services around the globe.<\/p><p>Indra has developed the S3T Surveillance Radar. It is a ground-based radar, based in a close monostatic configuration, operating at L band and capable of providing positional information of orbital objects. The radar provides automatic surveillance and tracking of space objects in Low Earth Orbit (from 200 km to 2000 Km of orbit height above Earth). Currently operated by the Spanish Air and Space Force in the Space Surveillance Operations Center (COVE), it supplies daily data to the European Union Space Surveillance and Tracking Partnership (EU-SST) consortium network, to which it has contributed with a substantial increase in its capacity to detect and aware.<\/p><p><a href=\"http:\/\/www.indracompany.com\/en\/\">www.indracompany.com\/en\/<\/a><\/p>\t\t\t\t\t<\/div>\r\n\t\t\t\t\t\t\t\t\t\t\t<div class=\"premium-modal-box-modal-footer\">\r\n\t\t\t\t\t\t\t<button type=\"button\" class=\"premium-modal-box-modal-lower-close\" data-dismiss=\"premium-modal\">\r\n\t\t\t\t\t\t\t\tClose\t\t\t\t\t\t\t<\/button>\r\n\t\t\t\t\t\t<\/div>\r\n\t\t\t\t\t\t\t\t\t<\/div>\r\n\t\t\t<\/div>\r\n\t\t<\/div>\r\n\r\n\t\t\t\t\t\t<\/div>\n\t\t\t\t<\/div>\n\t\t\t\t\t<\/div>\n\t\t<\/div>\n\t\t\t\t<div class=\"elementor-column elementor-col-20 elementor-inner-column elementor-element elementor-element-3e5a962\" data-id=\"3e5a962\" data-element_type=\"column\">\n\t\t\t<div class=\"elementor-widget-wrap elementor-element-populated\">\n\t\t\t\t\t\t<div class=\"elementor-element elementor-element-523b0c8 premium-modal-dismissible-yes elementor-widget elementor-widget-premium-addon-modal-box\" data-id=\"523b0c8\" data-element_type=\"widget\" data-settings=\"{&quot;premium_modal_box_animation&quot;:&quot;fadeInDown&quot;}\" data-widget_type=\"premium-addon-modal-box.default\">\n\t\t\t\t<div class=\"elementor-widget-container\">\n\t\t\t\t\t\r\n\t\t<div class=\"premium-modal-box-container\" data-settings=\"{&quot;trigger&quot;:&quot;image&quot;,&quot;show_on_exit&quot;:false}\">\r\n\t\t\t<div class=\"premium-modal-trigger-container\">\r\n\t\t\t\t\t\t\t\t\t<img decoding=\"async\" data-toggle=\"premium-modal\" data-target=\"#premium-modal-523b0c8\" class=\"premium-modal-trigger-img\" src=\"https:\/\/euspaceforum.com\/2025\/wp-content\/uploads\/2025\/01\/22.-MethaneSAT_EDF_logo_color.png\" alt=\"MethaneSAT\">\r\n\t\t\t\t\t\t\t<\/div>\r\n\r\n\t\t\t<div id=\"premium-modal-523b0c8\" class=\"premium-modal-box-modal\"\r\n\t\t\trole=\"dialog\"\r\n\t\t\tstyle=\"display: none\"\r\n\t\t\t>\r\n\t\t\t\t<div class=\"premium-modal-box-modal-dialog\" data-delay-animation=\"\" data-modal-animation=\"fadeInDown animated-fast\">\r\n\t\t\t\t\t\t\t\t\t\t\t<div class=\"premium-modal-box-modal-header\">\r\n\t\t\t\t\t\t\t\t\t\t\t\t\t\t\t<h3 class=\"premium-modal-box-modal-title\">\r\n\t\t\t\t\t\t\t\t\tSponsor\t\t\t\t\t\t\t\t<\/h3>\r\n\t\t\t\t\t\t\t\t\t\t\t\t\t\t\t\t\t\t\t\t\t\t<div class=\"premium-modal-box-close-button-container\">\r\n\t\t\t\t\t\t\t\t\t<button type=\"button\" class=\"premium-modal-box-modal-close\" data-dismiss=\"premium-modal\">&times;<\/button>\r\n\t\t\t\t\t\t\t\t<\/div>\r\n\t\t\t\t\t\t\t\t\t\t\t\t\t<\/div>\r\n\t\t\t\t\t\t\t\t\t\t<div class=\"premium-modal-box-modal-body\">\r\n\t\t\t\t\t\t<p><img loading=\"lazy\" decoding=\"async\" class=\"alignnone size-medium wp-image-7008\" src=\"https:\/\/euspaceforum.com\/2025\/wp-content\/uploads\/2025\/01\/22.-MethaneSAT_EDF_logo_color-300x77.png\" alt=\"MethaneSAT\" width=\"300\" height=\"77\" srcset=\"https:\/\/euspaceforum.com\/2025\/wp-content\/uploads\/2025\/01\/22.-MethaneSAT_EDF_logo_color-300x77.png 300w, https:\/\/euspaceforum.com\/2025\/wp-content\/uploads\/2025\/01\/22.-MethaneSAT_EDF_logo_color-1024x262.png 1024w, https:\/\/euspaceforum.com\/2025\/wp-content\/uploads\/2025\/01\/22.-MethaneSAT_EDF_logo_color-768x197.png 768w, https:\/\/euspaceforum.com\/2025\/wp-content\/uploads\/2025\/01\/22.-MethaneSAT_EDF_logo_color.png 1098w\" sizes=\"(max-width: 300px) 100vw, 300px\" \/><\/p><p class=\"break-words white-space-pre-wrap t-black--light text-body-medium\">MethaneSAT is the most advanced methane tracker in space. By end of 2024, it will measure emissions almost anywhere on Earth with greater precision than any other satellite &#8211; from large leaks to sources too small for other satellites to see. Its initial mission is to quantify methane coming from the global oil &amp; gas industry. MethaneSAT data will be free and publicly available to catalyze faster action by countries and companies to fix problems faster and more effectively. With high precision measurement capabilities and a wide view path, MethaneSAT will track not only the rate at which methane is being emitted and from where, but how those emissions are changing \u2013 making it easier to prioritize solutions for maximum benefit. It will quantify emission rates from the global level on down to sites as small as one kilometer.<\/p><dl class=\"overflow-hidden\"><dt class=\"mb1\"><h3 class=\"text-heading-medium\"><a id=\"ember2852\" class=\"link-without-visited-state ember-view\" style=\"font-size: 16px;\" tabindex=\"0\" href=\"https:\/\/www.methanesat.org\/\" target=\"_blank\" rel=\"noopener noreferrer\"><span class=\"link-without-visited-state\" dir=\"ltr\">https:\/\/www.methanesat.org\/<\/span><\/a><\/h3><\/dt><\/dl>\t\t\t\t\t<\/div>\r\n\t\t\t\t\t\t\t\t\t\t\t<div class=\"premium-modal-box-modal-footer\">\r\n\t\t\t\t\t\t\t<button type=\"button\" class=\"premium-modal-box-modal-lower-close\" data-dismiss=\"premium-modal\">\r\n\t\t\t\t\t\t\t\tClose\t\t\t\t\t\t\t<\/button>\r\n\t\t\t\t\t\t<\/div>\r\n\t\t\t\t\t\t\t\t\t<\/div>\r\n\t\t\t<\/div>\r\n\t\t<\/div>\r\n\r\n\t\t\t\t\t\t<\/div>\n\t\t\t\t<\/div>\n\t\t\t\t\t<\/div>\n\t\t<\/div>\n\t\t\t\t<div class=\"elementor-column elementor-col-20 elementor-inner-column elementor-element elementor-element-7d9f69d\" data-id=\"7d9f69d\" data-element_type=\"column\">\n\t\t\t<div class=\"elementor-widget-wrap elementor-element-populated\">\n\t\t\t\t\t\t<div class=\"elementor-element elementor-element-6faccff premium-modal-dismissible-yes elementor-widget elementor-widget-premium-addon-modal-box\" data-id=\"6faccff\" data-element_type=\"widget\" data-settings=\"{&quot;premium_modal_box_animation&quot;:&quot;fadeInDown&quot;}\" data-widget_type=\"premium-addon-modal-box.default\">\n\t\t\t\t<div class=\"elementor-widget-container\">\n\t\t\t\t\t\r\n\t\t<div class=\"premium-modal-box-container\" data-settings=\"{&quot;trigger&quot;:&quot;image&quot;,&quot;show_on_exit&quot;:false}\">\r\n\t\t\t<div class=\"premium-modal-trigger-container\">\r\n\t\t\t\t\t\t\t\t\t<img decoding=\"async\" data-toggle=\"premium-modal\" data-target=\"#premium-modal-6faccff\" class=\"premium-modal-trigger-img\" src=\"https:\/\/euspaceforum.com\/2025\/wp-content\/uploads\/2023\/05\/Neuraspace-350x194-1.png\" alt=\"Neuraspace 350x194\">\r\n\t\t\t\t\t\t\t<\/div>\r\n\r\n\t\t\t<div id=\"premium-modal-6faccff\" class=\"premium-modal-box-modal\"\r\n\t\t\trole=\"dialog\"\r\n\t\t\tstyle=\"display: none\"\r\n\t\t\t>\r\n\t\t\t\t<div class=\"premium-modal-box-modal-dialog\" data-delay-animation=\"\" data-modal-animation=\"fadeInDown animated-fast\">\r\n\t\t\t\t\t\t\t\t\t\t\t<div class=\"premium-modal-box-modal-header\">\r\n\t\t\t\t\t\t\t\t\t\t\t\t\t\t\t<h3 class=\"premium-modal-box-modal-title\">\r\n\t\t\t\t\t\t\t\t\tSponsor\t\t\t\t\t\t\t\t<\/h3>\r\n\t\t\t\t\t\t\t\t\t\t\t\t\t\t\t\t\t\t\t\t\t\t<div class=\"premium-modal-box-close-button-container\">\r\n\t\t\t\t\t\t\t\t\t<button type=\"button\" class=\"premium-modal-box-modal-close\" data-dismiss=\"premium-modal\">&times;<\/button>\r\n\t\t\t\t\t\t\t\t<\/div>\r\n\t\t\t\t\t\t\t\t\t\t\t\t\t<\/div>\r\n\t\t\t\t\t\t\t\t\t\t<div class=\"premium-modal-box-modal-body\">\r\n\t\t\t\t\t\t<div><img loading=\"lazy\" decoding=\"async\" class=\"alignnone size-medium wp-image-5100\" src=\"https:\/\/euspaceforum.com\/2025\/wp-content\/uploads\/2023\/05\/Neuraspace-350x194-1-300x166.png\" alt=\"\" width=\"300\" height=\"166\" srcset=\"https:\/\/euspaceforum.com\/2025\/wp-content\/uploads\/2023\/05\/Neuraspace-350x194-1-300x166.png 300w, https:\/\/euspaceforum.com\/2025\/wp-content\/uploads\/2023\/05\/Neuraspace-350x194-1.png 350w\" sizes=\"(max-width: 300px) 100vw, 300px\" \/><\/div><div><p><span style=\"font-weight: 400;\">Neuraspace is a pioneer company in the use of AI\/ML to fight Space Debris and collisions that can destroy satellites, enabling satellite operators to detect up to 50% more high-risk collisions that have been so far undetected and reducing the need for human intervention up to 2\/3.\u00a0<\/span><\/p><p><span style=\"font-weight: 400;\">Neuraspace allows satellite operators to reduce operational manpower efforts, in particular for large constellations. The number of false alerts will be fewer, and the time between close approach and manoeuvre decision will be less. Thus, you will save on fuel and time, while collisions and the menace of space debris will be minimized.<\/span><\/p><p><span style=\"font-weight: 400;\">Neuraspace provides an end-to-end solution centered around: (1) Data Fusion; (2) AI and Machine Learning; and (3) Manoeuvring Automation.\u00a0<\/span><\/p><p><span style=\"font-weight: 400;\">To contribute to the evolution of spacecraft operations, Neuraspace aims to solve the space debris problem by protecting satellites operators from the losses caused by collisions, liabilities from leaving debris in orbit and allowing insurance companies to better price the risk that each satellite poses.<\/span><\/p><p><span style=\"font-weight: 400;\">The continuous increase in space traffic and debris in the last years lead to a significant increase in the amount of information related to conjunction events. This situation poses a very complex challenge to space operators as the conjunction events need a careful \u201cmanual\u201d analysis, which is time, cost and effort consuming. AI (specifically ML) algorithms represent an essential technique in the automation of this process, mainly due to its ability to handle big amounts of data.<\/span><\/p><p><span style=\"font-weight: 400;\">By using a data driven approach with state of the art Machine Learning techniques, Neuraspace is able to outperform the current methods, while automating the process of collision risk avoidance. Neuraspace enables the timely detection of up to 33% more high-risk collisions that have been so far undetected, thus securing space operations.<\/span><\/p><p><a href=\"https:\/\/www.neuraspace.com\/\"><span style=\"font-weight: 400;\">https:\/\/www.neuraspace.com<\/span><\/a><\/p><\/div>\t\t\t\t\t<\/div>\r\n\t\t\t\t\t\t\t\t\t\t\t<div class=\"premium-modal-box-modal-footer\">\r\n\t\t\t\t\t\t\t<button type=\"button\" class=\"premium-modal-box-modal-lower-close\" data-dismiss=\"premium-modal\">\r\n\t\t\t\t\t\t\t\tClose\t\t\t\t\t\t\t<\/button>\r\n\t\t\t\t\t\t<\/div>\r\n\t\t\t\t\t\t\t\t\t<\/div>\r\n\t\t\t<\/div>\r\n\t\t<\/div>\r\n\r\n\t\t\t\t\t\t<\/div>\n\t\t\t\t<\/div>\n\t\t\t\t\t<\/div>\n\t\t<\/div>\n\t\t\t\t\t<\/div>\n\t\t<\/section>\n\t\t\t\t<section class=\"elementor-section elementor-inner-section elementor-element elementor-element-7dcabc7 elementor-section-content-middle elementor-hidden-desktop elementor-hidden-tablet elementor-hidden-mobile elementor-section-boxed elementor-section-height-default elementor-section-height-default\" data-id=\"7dcabc7\" data-element_type=\"section\">\n\t\t\t\t\t\t<div class=\"elementor-container elementor-column-gap-extended\">\n\t\t\t\t\t<div class=\"elementor-column elementor-col-20 elementor-inner-column elementor-element elementor-element-dae1301\" data-id=\"dae1301\" data-element_type=\"column\">\n\t\t\t<div class=\"elementor-widget-wrap elementor-element-populated\">\n\t\t\t\t\t\t<div class=\"elementor-element elementor-element-8bc4044 premium-modal-dismissible-yes elementor-widget elementor-widget-premium-addon-modal-box\" data-id=\"8bc4044\" data-element_type=\"widget\" data-settings=\"{&quot;premium_modal_box_animation&quot;:&quot;fadeInDown&quot;}\" data-widget_type=\"premium-addon-modal-box.default\">\n\t\t\t\t<div class=\"elementor-widget-container\">\n\t\t\t\t\t\r\n\t\t<div class=\"premium-modal-box-container\" data-settings=\"{&quot;trigger&quot;:&quot;image&quot;,&quot;show_on_exit&quot;:false}\">\r\n\t\t\t<div class=\"premium-modal-trigger-container\">\r\n\t\t\t\t\t\t\t\t\t<img decoding=\"async\" data-toggle=\"premium-modal\" data-target=\"#premium-modal-8bc4044\" class=\"premium-modal-trigger-img\" src=\"https:\/\/euspaceforum.com\/2025\/wp-content\/uploads\/2025\/01\/24.-OHB_logo-removebg-preview.png\" alt=\"OHB\">\r\n\t\t\t\t\t\t\t<\/div>\r\n\r\n\t\t\t<div id=\"premium-modal-8bc4044\" class=\"premium-modal-box-modal\"\r\n\t\t\trole=\"dialog\"\r\n\t\t\tstyle=\"display: none\"\r\n\t\t\t>\r\n\t\t\t\t<div class=\"premium-modal-box-modal-dialog\" data-delay-animation=\"\" data-modal-animation=\"fadeInDown animated-fast\">\r\n\t\t\t\t\t\t\t\t\t\t\t<div class=\"premium-modal-box-modal-header\">\r\n\t\t\t\t\t\t\t\t\t\t\t\t\t\t\t<h3 class=\"premium-modal-box-modal-title\">\r\n\t\t\t\t\t\t\t\t\tSponsor\t\t\t\t\t\t\t\t<\/h3>\r\n\t\t\t\t\t\t\t\t\t\t\t\t\t\t\t\t\t\t\t\t\t\t<div class=\"premium-modal-box-close-button-container\">\r\n\t\t\t\t\t\t\t\t\t<button type=\"button\" class=\"premium-modal-box-modal-close\" data-dismiss=\"premium-modal\">&times;<\/button>\r\n\t\t\t\t\t\t\t\t<\/div>\r\n\t\t\t\t\t\t\t\t\t\t\t\t\t<\/div>\r\n\t\t\t\t\t\t\t\t\t\t<div class=\"premium-modal-box-modal-body\">\r\n\t\t\t\t\t\t<div><img loading=\"lazy\" decoding=\"async\" class=\"alignnone size-medium wp-image-7009\" src=\"https:\/\/euspaceforum.com\/2025\/wp-content\/uploads\/2025\/01\/24.-OHB_logo-removebg-preview-300x86.png\" alt=\"OHB\" width=\"300\" height=\"86\" srcset=\"https:\/\/euspaceforum.com\/2025\/wp-content\/uploads\/2025\/01\/24.-OHB_logo-removebg-preview-300x86.png 300w, https:\/\/euspaceforum.com\/2025\/wp-content\/uploads\/2025\/01\/24.-OHB_logo-removebg-preview-350x100.png 350w, https:\/\/euspaceforum.com\/2025\/wp-content\/uploads\/2025\/01\/24.-OHB_logo-removebg-preview.png 419w\" sizes=\"(max-width: 300px) 100vw, 300px\" \/><\/div><div>\u00a0<\/div><div>OHB SE is one of the major space systems companies in Europe. We belong to the listed space and high-tech group OHB SE. Some 2.900 committed and creative minds work here on all the current major European space programs such as the Galileo navigation satellites, the SARah reconnaissance system, the MTG meteorological satellites, the EnMAP environment satellite, the TET-1 technology testing vehicle and the HispaSat, ELECTRA and EDRS-C telecommunications satellites.<br \/>With two strong sites in Bremen and Munich and 40 years of experience, OHB specializes in high-tech solutions for space. These include besides the low-orbiting and geostationary satellites also dedicated systems for manned space flight, aerial reconnaissance and process control.<\/div><div>\u00a0<\/div><div><a href=\"http:\/\/www.ohb.de\/\">http:\/\/www.ohb.de\u00a0<\/a><\/div>\t\t\t\t\t<\/div>\r\n\t\t\t\t\t\t\t\t\t\t\t<div class=\"premium-modal-box-modal-footer\">\r\n\t\t\t\t\t\t\t<button type=\"button\" class=\"premium-modal-box-modal-lower-close\" data-dismiss=\"premium-modal\">\r\n\t\t\t\t\t\t\t\tClose\t\t\t\t\t\t\t<\/button>\r\n\t\t\t\t\t\t<\/div>\r\n\t\t\t\t\t\t\t\t\t<\/div>\r\n\t\t\t<\/div>\r\n\t\t<\/div>\r\n\r\n\t\t\t\t\t\t<\/div>\n\t\t\t\t<\/div>\n\t\t\t\t\t<\/div>\n\t\t<\/div>\n\t\t\t\t<div class=\"elementor-column elementor-col-20 elementor-inner-column elementor-element elementor-element-34f9c84\" data-id=\"34f9c84\" data-element_type=\"column\">\n\t\t\t<div class=\"elementor-widget-wrap elementor-element-populated\">\n\t\t\t\t\t\t<div class=\"elementor-element elementor-element-dd24ade premium-modal-dismissible-yes elementor-widget elementor-widget-premium-addon-modal-box\" data-id=\"dd24ade\" data-element_type=\"widget\" data-settings=\"{&quot;premium_modal_box_animation&quot;:&quot;fadeInDown&quot;}\" data-widget_type=\"premium-addon-modal-box.default\">\n\t\t\t\t<div class=\"elementor-widget-container\">\n\t\t\t\t\t\r\n\t\t<div class=\"premium-modal-box-container\" data-settings=\"{&quot;trigger&quot;:&quot;image&quot;,&quot;show_on_exit&quot;:false}\">\r\n\t\t\t<div class=\"premium-modal-trigger-container\">\r\n\t\t\t\t\t\t\t\t\t<img decoding=\"async\" data-toggle=\"premium-modal\" data-target=\"#premium-modal-dd24ade\" class=\"premium-modal-trigger-img\" src=\"https:\/\/euspaceforum.com\/2025\/wp-content\/uploads\/2023\/06\/okapi-for-ws.png\" alt=\"okapi for ws\">\r\n\t\t\t\t\t\t\t<\/div>\r\n\r\n\t\t\t<div id=\"premium-modal-dd24ade\" class=\"premium-modal-box-modal\"\r\n\t\t\trole=\"dialog\"\r\n\t\t\tstyle=\"display: none\"\r\n\t\t\t>\r\n\t\t\t\t<div class=\"premium-modal-box-modal-dialog\" data-delay-animation=\"\" data-modal-animation=\"fadeInDown animated-fast\">\r\n\t\t\t\t\t\t\t\t\t\t\t<div class=\"premium-modal-box-modal-header\">\r\n\t\t\t\t\t\t\t\t\t\t\t\t\t\t\t<h3 class=\"premium-modal-box-modal-title\">\r\n\t\t\t\t\t\t\t\t\tSponsor\t\t\t\t\t\t\t\t<\/h3>\r\n\t\t\t\t\t\t\t\t\t\t\t\t\t\t\t\t\t\t\t\t\t\t<div class=\"premium-modal-box-close-button-container\">\r\n\t\t\t\t\t\t\t\t\t<button type=\"button\" class=\"premium-modal-box-modal-close\" data-dismiss=\"premium-modal\">&times;<\/button>\r\n\t\t\t\t\t\t\t\t<\/div>\r\n\t\t\t\t\t\t\t\t\t\t\t\t\t<\/div>\r\n\t\t\t\t\t\t\t\t\t\t<div class=\"premium-modal-box-modal-body\">\r\n\t\t\t\t\t\t<p><img loading=\"lazy\" decoding=\"async\" class=\"alignnone size-medium wp-image-5346\" src=\"https:\/\/euspaceforum.com\/2025\/wp-content\/uploads\/2023\/06\/okapi-for-ws-300x166.png\" alt=\"\" width=\"300\" height=\"166\" srcset=\"https:\/\/euspaceforum.com\/2025\/wp-content\/uploads\/2023\/06\/okapi-for-ws-300x166.png 300w, https:\/\/euspaceforum.com\/2025\/wp-content\/uploads\/2023\/06\/okapi-for-ws.png 350w\" sizes=\"(max-width: 300px) 100vw, 300px\" \/><\/p><p>OKAPI:Orbits is an innovative German SaaS startup dedicated to making space travel more sustainable through Collision Avoidance Software for satellites. The OKAPI:Orbits team envisions a safe and sustainable space environment, truly accessible to everyone. We are laser-focused on creating innovative and efficient products to enable safe and secure satellite operations and seamless ground segment integration. As experts in Space Situational Awareness (SSA) and Space Surveillance and Tracking (SST), we offer platform services based on standardized interfaces with a wide range of flexible modules to meet the specific needs of our customers.<\/p><p><a href=\"https:\/\/okapiorbits.space\/\">https:\/\/okapiorbits.space\/<\/a>\u00a0<\/p>\t\t\t\t\t<\/div>\r\n\t\t\t\t\t\t\t\t\t\t\t<div class=\"premium-modal-box-modal-footer\">\r\n\t\t\t\t\t\t\t<button type=\"button\" class=\"premium-modal-box-modal-lower-close\" data-dismiss=\"premium-modal\">\r\n\t\t\t\t\t\t\t\tClose\t\t\t\t\t\t\t<\/button>\r\n\t\t\t\t\t\t<\/div>\r\n\t\t\t\t\t\t\t\t\t<\/div>\r\n\t\t\t<\/div>\r\n\t\t<\/div>\r\n\r\n\t\t\t\t\t\t<\/div>\n\t\t\t\t<\/div>\n\t\t\t\t\t<\/div>\n\t\t<\/div>\n\t\t\t\t<div class=\"elementor-column elementor-col-20 elementor-inner-column elementor-element elementor-element-c49e345\" data-id=\"c49e345\" data-element_type=\"column\">\n\t\t\t<div class=\"elementor-widget-wrap elementor-element-populated\">\n\t\t\t\t\t\t<div class=\"elementor-element elementor-element-1353001 premium-modal-dismissible-yes elementor-widget elementor-widget-premium-addon-modal-box\" data-id=\"1353001\" data-element_type=\"widget\" data-settings=\"{&quot;premium_modal_box_animation&quot;:&quot;fadeInDown&quot;}\" data-widget_type=\"premium-addon-modal-box.default\">\n\t\t\t\t<div class=\"elementor-widget-container\">\n\t\t\t\t\t\r\n\t\t<div class=\"premium-modal-box-container\" data-settings=\"{&quot;trigger&quot;:&quot;image&quot;,&quot;show_on_exit&quot;:false}\">\r\n\t\t\t<div class=\"premium-modal-trigger-container\">\r\n\t\t\t\t\t\t\t\t\t<img decoding=\"async\" data-toggle=\"premium-modal\" data-target=\"#premium-modal-1353001\" class=\"premium-modal-trigger-img\" src=\"https:\/\/euspaceforum.com\/2025\/wp-content\/uploads\/2025\/01\/27.-OroraTech_edited-1.png\" alt=\"Orora Technologies\">\r\n\t\t\t\t\t\t\t<\/div>\r\n\r\n\t\t\t<div id=\"premium-modal-1353001\" class=\"premium-modal-box-modal\"\r\n\t\t\trole=\"dialog\"\r\n\t\t\tstyle=\"display: none\"\r\n\t\t\t>\r\n\t\t\t\t<div class=\"premium-modal-box-modal-dialog\" data-delay-animation=\"\" data-modal-animation=\"fadeInDown animated-fast\">\r\n\t\t\t\t\t\t\t\t\t\t\t<div class=\"premium-modal-box-modal-header\">\r\n\t\t\t\t\t\t\t\t\t\t\t\t\t\t\t<h3 class=\"premium-modal-box-modal-title\">\r\n\t\t\t\t\t\t\t\t\tSponsor\t\t\t\t\t\t\t\t<\/h3>\r\n\t\t\t\t\t\t\t\t\t\t\t\t\t\t\t\t\t\t\t\t\t\t<div class=\"premium-modal-box-close-button-container\">\r\n\t\t\t\t\t\t\t\t\t<button type=\"button\" class=\"premium-modal-box-modal-close\" data-dismiss=\"premium-modal\">&times;<\/button>\r\n\t\t\t\t\t\t\t\t<\/div>\r\n\t\t\t\t\t\t\t\t\t\t\t\t\t<\/div>\r\n\t\t\t\t\t\t\t\t\t\t<div class=\"premium-modal-box-modal-body\">\r\n\t\t\t\t\t\t<p><img loading=\"lazy\" decoding=\"async\" class=\"alignnone size-medium wp-image-7011\" src=\"https:\/\/euspaceforum.com\/2025\/wp-content\/uploads\/2025\/01\/27.-OroraTech_edited-1-300x88.png\" alt=\"Orora Technologies\" width=\"300\" height=\"88\" srcset=\"https:\/\/euspaceforum.com\/2025\/wp-content\/uploads\/2025\/01\/27.-OroraTech_edited-1-300x88.png 300w, https:\/\/euspaceforum.com\/2025\/wp-content\/uploads\/2025\/01\/27.-OroraTech_edited-1-1024x301.png 1024w, https:\/\/euspaceforum.com\/2025\/wp-content\/uploads\/2025\/01\/27.-OroraTech_edited-1-768x226.png 768w, https:\/\/euspaceforum.com\/2025\/wp-content\/uploads\/2025\/01\/27.-OroraTech_edited-1.png 1194w\" sizes=\"(max-width: 300px) 100vw, 300px\" \/><\/p><p class=\"break-words white-space-pre-wrap t-black--light text-body-medium\">OroraTech is a thermal data intelligence company headquartered in Munich, Germany, with the mission to create truth for a net-zero economy and protect our environment. Their leading Wildfire Solution is used by clients all over the globe, monitoring more than 160 million ha of forest. The service will be complemented by multipurpose thermal-infrared sensing nanosatellites with in-space artificial intelligence to improve real-time response and to improve continuous coverage. The first of its kind satellite was successfully launched in January 2022 and will be expanded to a fleet of 100 satellites over the following years. Founded in 2018, the company has grown to an international team of over 80 employees supported by private and institutional investors, the European Space Agency, and the governments of Germany and Bavaria.<\/p><p class=\"break-words white-space-pre-wrap t-black--light text-body-medium\"><a id=\"ember3560\" class=\"link-without-visited-state ember-view\" tabindex=\"0\" href=\"https:\/\/www.ororatech.com\/\" target=\"_blank\" rel=\"noopener noreferrer\"><span class=\"link-without-visited-state\" dir=\"ltr\">https:\/\/www.ororatech.com<\/span><\/a><\/p>\t\t\t\t\t<\/div>\r\n\t\t\t\t\t\t\t\t\t\t\t<div class=\"premium-modal-box-modal-footer\">\r\n\t\t\t\t\t\t\t<button type=\"button\" class=\"premium-modal-box-modal-lower-close\" data-dismiss=\"premium-modal\">\r\n\t\t\t\t\t\t\t\tClose\t\t\t\t\t\t\t<\/button>\r\n\t\t\t\t\t\t<\/div>\r\n\t\t\t\t\t\t\t\t\t<\/div>\r\n\t\t\t<\/div>\r\n\t\t<\/div>\r\n\r\n\t\t\t\t\t\t<\/div>\n\t\t\t\t<\/div>\n\t\t\t\t\t<\/div>\n\t\t<\/div>\n\t\t\t\t<div class=\"elementor-column elementor-col-20 elementor-inner-column elementor-element elementor-element-933f648\" data-id=\"933f648\" data-element_type=\"column\">\n\t\t\t<div class=\"elementor-widget-wrap elementor-element-populated\">\n\t\t\t\t\t\t<div class=\"elementor-element elementor-element-612f45c premium-modal-dismissible-yes elementor-widget elementor-widget-premium-addon-modal-box\" data-id=\"612f45c\" data-element_type=\"widget\" data-settings=\"{&quot;premium_modal_box_animation&quot;:&quot;fadeInDown&quot;}\" data-widget_type=\"premium-addon-modal-box.default\">\n\t\t\t\t<div class=\"elementor-widget-container\">\n\t\t\t\t\t\r\n\t\t<div class=\"premium-modal-box-container\" data-settings=\"{&quot;trigger&quot;:&quot;image&quot;,&quot;show_on_exit&quot;:false}\">\r\n\t\t\t<div class=\"premium-modal-trigger-container\">\r\n\t\t\t\t\t\t\t\t\t<img decoding=\"async\" data-toggle=\"premium-modal\" data-target=\"#premium-modal-612f45c\" class=\"premium-modal-trigger-img\" src=\"https:\/\/euspaceforum.com\/2025\/wp-content\/uploads\/2024\/05\/PLD-Space-350x194-1.png\" alt=\"PLD Space\">\r\n\t\t\t\t\t\t\t<\/div>\r\n\r\n\t\t\t<div id=\"premium-modal-612f45c\" class=\"premium-modal-box-modal\"\r\n\t\t\trole=\"dialog\"\r\n\t\t\tstyle=\"display: none\"\r\n\t\t\t>\r\n\t\t\t\t<div class=\"premium-modal-box-modal-dialog\" data-delay-animation=\"\" data-modal-animation=\"fadeInDown animated-fast\">\r\n\t\t\t\t\t\t\t\t\t\t\t<div class=\"premium-modal-box-modal-header\">\r\n\t\t\t\t\t\t\t\t\t\t\t\t\t\t\t<h3 class=\"premium-modal-box-modal-title\">\r\n\t\t\t\t\t\t\t\t\tSponsor\t\t\t\t\t\t\t\t<\/h3>\r\n\t\t\t\t\t\t\t\t\t\t\t\t\t\t\t\t\t\t\t\t\t\t<div class=\"premium-modal-box-close-button-container\">\r\n\t\t\t\t\t\t\t\t\t<button type=\"button\" class=\"premium-modal-box-modal-close\" data-dismiss=\"premium-modal\">&times;<\/button>\r\n\t\t\t\t\t\t\t\t<\/div>\r\n\t\t\t\t\t\t\t\t\t\t\t\t\t<\/div>\r\n\t\t\t\t\t\t\t\t\t\t<div class=\"premium-modal-box-modal-body\">\r\n\t\t\t\t\t\t<p><img loading=\"lazy\" decoding=\"async\" class=\"alignnone size-medium wp-image-6368\" src=\"https:\/\/euspaceforum.com\/2025\/wp-content\/uploads\/2024\/05\/PLD-Space-350x194-1-300x166.png\" alt=\"PLD Space\" width=\"300\" height=\"166\" srcset=\"https:\/\/euspaceforum.com\/2025\/wp-content\/uploads\/2024\/05\/PLD-Space-350x194-1-300x166.png 300w, https:\/\/euspaceforum.com\/2025\/wp-content\/uploads\/2024\/05\/PLD-Space-350x194-1.png 350w\" sizes=\"(max-width: 300px) 100vw, 300px\" \/><\/p><p><span style=\"font-weight: 400;\">PLD SPACE \u2013 Opening Space for Everyone<\/span><\/p><p><span style=\"font-weight: 400;\">We are an engineering, manufacturing and service company, with deep expertise in space launch technologies, and with the aim of becoming a leading player in the space launch services on the international market through an affordable, first-class and highly-flexible small satellite launch service experience. Our vision is to unleash the power of exploration and discovery to improve life down here on Earth.<\/span><\/p><p><a href=\"https:\/\/www.pldspace.com\/en\/\" target=\"_blank\" rel=\"noopener\">https:\/\/www.pldspace.com\/en\/<\/a><\/p>\t\t\t\t\t<\/div>\r\n\t\t\t\t\t\t\t\t\t\t\t<div class=\"premium-modal-box-modal-footer\">\r\n\t\t\t\t\t\t\t<button type=\"button\" class=\"premium-modal-box-modal-lower-close\" data-dismiss=\"premium-modal\">\r\n\t\t\t\t\t\t\t\tClose\t\t\t\t\t\t\t<\/button>\r\n\t\t\t\t\t\t<\/div>\r\n\t\t\t\t\t\t\t\t\t<\/div>\r\n\t\t\t<\/div>\r\n\t\t<\/div>\r\n\r\n\t\t\t\t\t\t<\/div>\n\t\t\t\t<\/div>\n\t\t\t\t\t<\/div>\n\t\t<\/div>\n\t\t\t\t<div class=\"elementor-column elementor-col-20 elementor-inner-column elementor-element elementor-element-882536b\" data-id=\"882536b\" data-element_type=\"column\">\n\t\t\t<div class=\"elementor-widget-wrap elementor-element-populated\">\n\t\t\t\t\t\t<div class=\"elementor-element elementor-element-1ea5474 premium-modal-dismissible-yes elementor-widget elementor-widget-premium-addon-modal-box\" data-id=\"1ea5474\" data-element_type=\"widget\" data-settings=\"{&quot;premium_modal_box_animation&quot;:&quot;fadeInDown&quot;}\" data-widget_type=\"premium-addon-modal-box.default\">\n\t\t\t\t<div class=\"elementor-widget-container\">\n\t\t\t\t\t\r\n\t\t<div class=\"premium-modal-box-container\" data-settings=\"{&quot;trigger&quot;:&quot;image&quot;,&quot;show_on_exit&quot;:false}\">\r\n\t\t\t<div class=\"premium-modal-trigger-container\">\r\n\t\t\t\t\t\t\t\t\t<img decoding=\"async\" data-toggle=\"premium-modal\" data-target=\"#premium-modal-1ea5474\" class=\"premium-modal-trigger-img\" src=\"https:\/\/euspaceforum.com\/2025\/wp-content\/uploads\/2024\/06\/NEW_Black-Reflex-Logo-with-X-Clean1.png\" alt=\"Reflex Aerospace\">\r\n\t\t\t\t\t\t\t<\/div>\r\n\r\n\t\t\t<div id=\"premium-modal-1ea5474\" class=\"premium-modal-box-modal\"\r\n\t\t\trole=\"dialog\"\r\n\t\t\tstyle=\"display: none\"\r\n\t\t\t>\r\n\t\t\t\t<div class=\"premium-modal-box-modal-dialog\" data-delay-animation=\"\" data-modal-animation=\"fadeInDown animated-fast\">\r\n\t\t\t\t\t\t\t\t\t\t\t<div class=\"premium-modal-box-modal-header\">\r\n\t\t\t\t\t\t\t\t\t\t\t\t\t\t\t<h3 class=\"premium-modal-box-modal-title\">\r\n\t\t\t\t\t\t\t\t\tSponsor\t\t\t\t\t\t\t\t<\/h3>\r\n\t\t\t\t\t\t\t\t\t\t\t\t\t\t\t\t\t\t\t\t\t\t<div class=\"premium-modal-box-close-button-container\">\r\n\t\t\t\t\t\t\t\t\t<button type=\"button\" class=\"premium-modal-box-modal-close\" data-dismiss=\"premium-modal\">&times;<\/button>\r\n\t\t\t\t\t\t\t\t<\/div>\r\n\t\t\t\t\t\t\t\t\t\t\t\t\t<\/div>\r\n\t\t\t\t\t\t\t\t\t\t<div class=\"premium-modal-box-modal-body\">\r\n\t\t\t\t\t\t<p><img loading=\"lazy\" decoding=\"async\" class=\"alignnone size-medium wp-image-6502\" src=\"https:\/\/euspaceforum.com\/2025\/wp-content\/uploads\/2024\/06\/NEW_Black-Reflex-Logo-with-X-Clean1-300x60.png\" alt=\"Reflex Aerospace\" width=\"300\" height=\"60\" srcset=\"https:\/\/euspaceforum.com\/2025\/wp-content\/uploads\/2024\/06\/NEW_Black-Reflex-Logo-with-X-Clean1-300x60.png 300w, https:\/\/euspaceforum.com\/2025\/wp-content\/uploads\/2024\/06\/NEW_Black-Reflex-Logo-with-X-Clean1-1024x204.png 1024w, https:\/\/euspaceforum.com\/2025\/wp-content\/uploads\/2024\/06\/NEW_Black-Reflex-Logo-with-X-Clean1-768x153.png 768w, https:\/\/euspaceforum.com\/2025\/wp-content\/uploads\/2024\/06\/NEW_Black-Reflex-Logo-with-X-Clean1-1536x305.png 1536w, https:\/\/euspaceforum.com\/2025\/wp-content\/uploads\/2024\/06\/NEW_Black-Reflex-Logo-with-X-Clean1-2048x407.png 2048w\" sizes=\"(max-width: 300px) 100vw, 300px\" \/><\/p><p>\u00a0<\/p><p class=\"break-words white-space-pre-wrap t-black--light text-body-medium\">Reflex Aerospace, a NewSpace startup founded in 2021 and headquartered in Munich and Berlin, offers rapid, payload-centric, dual-use, secure-by-design small satellite solutions. They apply modern manufacturing advancements to a unique design process resulting in enhanced reliability, the highest-performing core avionics in class, and improved delivery times.<\/p><p class=\"break-words white-space-pre-wrap t-black--light text-body-medium\"><a id=\"ember4209\" class=\"link-without-visited-state ember-view\" tabindex=\"0\" href=\"https:\/\/www.reflexaerospace.com\/\" target=\"_blank\" rel=\"noopener noreferrer\"><span class=\"link-without-visited-state\" dir=\"ltr\">https:\/\/www.reflexaerospace.com\/<\/span><\/a><\/p><p>\u00a0<\/p>\t\t\t\t\t<\/div>\r\n\t\t\t\t\t\t\t\t\t\t\t<div class=\"premium-modal-box-modal-footer\">\r\n\t\t\t\t\t\t\t<button type=\"button\" class=\"premium-modal-box-modal-lower-close\" data-dismiss=\"premium-modal\">\r\n\t\t\t\t\t\t\t\tClose\t\t\t\t\t\t\t<\/button>\r\n\t\t\t\t\t\t<\/div>\r\n\t\t\t\t\t\t\t\t\t<\/div>\r\n\t\t\t<\/div>\r\n\t\t<\/div>\r\n\r\n\t\t\t\t\t\t<\/div>\n\t\t\t\t<\/div>\n\t\t\t\t\t<\/div>\n\t\t<\/div>\n\t\t\t\t\t<\/div>\n\t\t<\/section>\n\t\t\t\t<section class=\"elementor-section elementor-inner-section elementor-element elementor-element-365635b elementor-section-content-middle elementor-hidden-desktop elementor-hidden-tablet elementor-hidden-mobile elementor-section-boxed elementor-section-height-default elementor-section-height-default\" data-id=\"365635b\" data-element_type=\"section\">\n\t\t\t\t\t\t<div class=\"elementor-container elementor-column-gap-extended\">\n\t\t\t\t\t<div class=\"elementor-column elementor-col-20 elementor-inner-column elementor-element elementor-element-3497014\" data-id=\"3497014\" data-element_type=\"column\">\n\t\t\t<div class=\"elementor-widget-wrap elementor-element-populated\">\n\t\t\t\t\t\t<div class=\"elementor-element elementor-element-d3ccd7f premium-modal-dismissible-yes elementor-widget elementor-widget-premium-addon-modal-box\" data-id=\"d3ccd7f\" data-element_type=\"widget\" data-settings=\"{&quot;premium_modal_box_animation&quot;:&quot;fadeInDown&quot;}\" data-widget_type=\"premium-addon-modal-box.default\">\n\t\t\t\t<div class=\"elementor-widget-container\">\n\t\t\t\t\t\r\n\t\t<div class=\"premium-modal-box-container\" data-settings=\"{&quot;trigger&quot;:&quot;image&quot;,&quot;show_on_exit&quot;:false}\">\r\n\t\t\t<div class=\"premium-modal-trigger-container\">\r\n\t\t\t\t\t\t\t\t\t<img decoding=\"async\" data-toggle=\"premium-modal\" data-target=\"#premium-modal-d3ccd7f\" class=\"premium-modal-trigger-img\" src=\"https:\/\/euspaceforum.com\/2025\/wp-content\/uploads\/2025\/01\/31.-Rhea_Group_logo-removebg-preview.png\" alt=\"Rhea Group\">\r\n\t\t\t\t\t\t\t<\/div>\r\n\r\n\t\t\t<div id=\"premium-modal-d3ccd7f\" class=\"premium-modal-box-modal\"\r\n\t\t\trole=\"dialog\"\r\n\t\t\tstyle=\"display: none\"\r\n\t\t\t>\r\n\t\t\t\t<div class=\"premium-modal-box-modal-dialog\" data-delay-animation=\"\" data-modal-animation=\"fadeInDown animated-fast\">\r\n\t\t\t\t\t\t\t\t\t\t\t<div class=\"premium-modal-box-modal-header\">\r\n\t\t\t\t\t\t\t\t\t\t\t\t\t\t\t<h3 class=\"premium-modal-box-modal-title\">\r\n\t\t\t\t\t\t\t\t\tSponsor\t\t\t\t\t\t\t\t<\/h3>\r\n\t\t\t\t\t\t\t\t\t\t\t\t\t\t\t\t\t\t\t\t\t\t<div class=\"premium-modal-box-close-button-container\">\r\n\t\t\t\t\t\t\t\t\t<button type=\"button\" class=\"premium-modal-box-modal-close\" data-dismiss=\"premium-modal\">&times;<\/button>\r\n\t\t\t\t\t\t\t\t<\/div>\r\n\t\t\t\t\t\t\t\t\t\t\t\t\t<\/div>\r\n\t\t\t\t\t\t\t\t\t\t<div class=\"premium-modal-box-modal-body\">\r\n\t\t\t\t\t\t<p><img loading=\"lazy\" decoding=\"async\" class=\"alignnone size-medium wp-image-7019\" src=\"https:\/\/euspaceforum.com\/2025\/wp-content\/uploads\/2025\/01\/31.-Rhea_Group_logo-removebg-preview-300x225.png\" alt=\"Rhea Group\" width=\"300\" height=\"225\" srcset=\"https:\/\/euspaceforum.com\/2025\/wp-content\/uploads\/2025\/01\/31.-Rhea_Group_logo-removebg-preview-300x225.png 300w, https:\/\/euspaceforum.com\/2025\/wp-content\/uploads\/2025\/01\/31.-Rhea_Group_logo-removebg-preview.png 577w\" sizes=\"(max-width: 300px) 100vw, 300px\" \/><\/p><p class=\"break-words white-space-pre-wrap t-black--light text-body-medium\">RHEA Group is a professional engineering and solutions company, offering engineering solutions, system development and security services for space, government, defence and other critical infrastructure organizations across Europe and North America. Over the past 30 years, we have built a reputation as a trusted partner. We develop solutions that help drive organizational and cultural initiatives, leading to sustainable added value for our clients. Headquartered in Belgium, RHEA also works in Czech Republic, France, Germany, Italy, Luxembourg, The Netherlands, Spain, UK, Switzerland and Canada. RHEA has supported over 120 space missions, including CubeSats, SmallSats, complex science spacecraft, Earth observation and communications satellites, and multi-satellite constellations. Our clients include the European Space Agency (ESA), EUMETSAT, European Commission, EU Agency for the Space Programme (EUSPA) and national space agencies. Our experts in areas such as cybersecurity and concurrent design are recognized as global leaders in their domains. As a fast-growing company, we offer our employees the chance to grow within a supportive environment and to work on some of the most diverse and interesting programmes that contribute to the changing space, security and engineering sectors. Visit our website to learn more about how working for RHEA could be rewarding for your career.<\/p><p class=\"break-words white-space-pre-wrap t-black--light text-body-medium\"><a id=\"ember4801\" class=\"link-without-visited-state ember-view\" tabindex=\"0\" href=\"http:\/\/www.rheagroup.com\/\" target=\"_blank\" rel=\"noopener noreferrer\"><span class=\"link-without-visited-state\" dir=\"ltr\">http:\/\/www.rheagroup.com\/<\/span><\/a><\/p>\t\t\t\t\t<\/div>\r\n\t\t\t\t\t\t\t\t\t\t\t<div class=\"premium-modal-box-modal-footer\">\r\n\t\t\t\t\t\t\t<button type=\"button\" class=\"premium-modal-box-modal-lower-close\" data-dismiss=\"premium-modal\">\r\n\t\t\t\t\t\t\t\tClose\t\t\t\t\t\t\t<\/button>\r\n\t\t\t\t\t\t<\/div>\r\n\t\t\t\t\t\t\t\t\t<\/div>\r\n\t\t\t<\/div>\r\n\t\t<\/div>\r\n\r\n\t\t\t\t\t\t<\/div>\n\t\t\t\t<\/div>\n\t\t\t\t\t<\/div>\n\t\t<\/div>\n\t\t\t\t<div class=\"elementor-column elementor-col-20 elementor-inner-column elementor-element elementor-element-5bfb0b7\" data-id=\"5bfb0b7\" data-element_type=\"column\">\n\t\t\t<div class=\"elementor-widget-wrap elementor-element-populated\">\n\t\t\t\t\t\t<div class=\"elementor-element elementor-element-d75e32b premium-modal-dismissible-yes elementor-widget elementor-widget-premium-addon-modal-box\" data-id=\"d75e32b\" data-element_type=\"widget\" data-settings=\"{&quot;premium_modal_box_animation&quot;:&quot;fadeInDown&quot;}\" data-widget_type=\"premium-addon-modal-box.default\">\n\t\t\t\t<div class=\"elementor-widget-container\">\n\t\t\t\t\t\r\n\t\t<div class=\"premium-modal-box-container\" data-settings=\"{&quot;trigger&quot;:&quot;image&quot;,&quot;show_on_exit&quot;:false}\">\r\n\t\t\t<div class=\"premium-modal-trigger-container\">\r\n\t\t\t\t\t\t\t\t\t<img decoding=\"async\" data-toggle=\"premium-modal\" data-target=\"#premium-modal-d75e32b\" class=\"premium-modal-trigger-img\" src=\"https:\/\/euspaceforum.com\/2025\/wp-content\/uploads\/2025\/01\/Rivada-dark_edited.png\" alt=\"Rivada Space Networks\">\r\n\t\t\t\t\t\t\t<\/div>\r\n\r\n\t\t\t<div id=\"premium-modal-d75e32b\" class=\"premium-modal-box-modal\"\r\n\t\t\trole=\"dialog\"\r\n\t\t\tstyle=\"display: none\"\r\n\t\t\t>\r\n\t\t\t\t<div class=\"premium-modal-box-modal-dialog\" data-delay-animation=\"\" data-modal-animation=\"fadeInDown animated-fast\">\r\n\t\t\t\t\t\t\t\t\t\t\t<div class=\"premium-modal-box-modal-header\">\r\n\t\t\t\t\t\t\t\t\t\t\t\t\t\t\t<h3 class=\"premium-modal-box-modal-title\">\r\n\t\t\t\t\t\t\t\t\tSponsor \t\t\t\t\t\t\t\t<\/h3>\r\n\t\t\t\t\t\t\t\t\t\t\t\t\t\t\t\t\t\t\t\t\t\t<div class=\"premium-modal-box-close-button-container\">\r\n\t\t\t\t\t\t\t\t\t<button type=\"button\" class=\"premium-modal-box-modal-close\" data-dismiss=\"premium-modal\">&times;<\/button>\r\n\t\t\t\t\t\t\t\t<\/div>\r\n\t\t\t\t\t\t\t\t\t\t\t\t\t<\/div>\r\n\t\t\t\t\t\t\t\t\t\t<div class=\"premium-modal-box-modal-body\">\r\n\t\t\t\t\t\t<p><img loading=\"lazy\" decoding=\"async\" class=\"alignnone size-medium wp-image-7117\" src=\"https:\/\/euspaceforum.com\/2025\/wp-content\/uploads\/2025\/01\/Rivada-dark_edited-300x88.png\" alt=\"Rivada Space Networks\" width=\"300\" height=\"88\" srcset=\"https:\/\/euspaceforum.com\/2025\/wp-content\/uploads\/2025\/01\/Rivada-dark_edited-300x88.png 300w, https:\/\/euspaceforum.com\/2025\/wp-content\/uploads\/2025\/01\/Rivada-dark_edited-1024x301.png 1024w, https:\/\/euspaceforum.com\/2025\/wp-content\/uploads\/2025\/01\/Rivada-dark_edited-768x226.png 768w, https:\/\/euspaceforum.com\/2025\/wp-content\/uploads\/2025\/01\/Rivada-dark_edited.png 1194w\" sizes=\"(max-width: 300px) 100vw, 300px\" \/><\/p><p class=\"break-words white-space-pre-wrap t-black--light text-body-medium\">Rivada Space Networks is set to establish and operate the Rivada Outernet: a global low latency point-to-point connectivity network of LEO satellites. By connecting its satellites with lasers, Rivada Space Networks will provide resellers and B2B customers with the ability to securely connect any two points on the globe with low latency and high bandwidth. The constellations, comprising 600\u202flow-earth-orbit communications satellites, will represent a fundamental change in the availability of secure, global, end-to-end enterprise-grade connectivity for Telecom, Enterprise, Maritime, Energy and Government Services markets.<\/p><p class=\"break-words white-space-pre-wrap t-black--light text-body-medium\"><a id=\"ember5427\" class=\"link-without-visited-state ember-view\" tabindex=\"0\" href=\"https:\/\/rivadaspace.com\/\" target=\"_blank\" rel=\"noopener noreferrer\"><span class=\"link-without-visited-state\" dir=\"ltr\">https:\/\/rivadaspace.com\/<\/span><\/a><\/p>\t\t\t\t\t<\/div>\r\n\t\t\t\t\t\t\t\t\t\t\t<div class=\"premium-modal-box-modal-footer\">\r\n\t\t\t\t\t\t\t<button type=\"button\" class=\"premium-modal-box-modal-lower-close\" data-dismiss=\"premium-modal\">\r\n\t\t\t\t\t\t\t\tClose\t\t\t\t\t\t\t<\/button>\r\n\t\t\t\t\t\t<\/div>\r\n\t\t\t\t\t\t\t\t\t<\/div>\r\n\t\t\t<\/div>\r\n\t\t<\/div>\r\n\r\n\t\t\t\t\t\t<\/div>\n\t\t\t\t<\/div>\n\t\t\t\t\t<\/div>\n\t\t<\/div>\n\t\t\t\t<div class=\"elementor-column elementor-col-20 elementor-inner-column elementor-element elementor-element-5ab01d1\" data-id=\"5ab01d1\" data-element_type=\"column\">\n\t\t\t<div class=\"elementor-widget-wrap elementor-element-populated\">\n\t\t\t\t\t\t<div class=\"elementor-element elementor-element-c0515b6 premium-modal-dismissible-yes elementor-widget elementor-widget-premium-addon-modal-box\" data-id=\"c0515b6\" data-element_type=\"widget\" data-settings=\"{&quot;premium_modal_box_animation&quot;:&quot;fadeInDown&quot;}\" data-widget_type=\"premium-addon-modal-box.default\">\n\t\t\t\t<div class=\"elementor-widget-container\">\n\t\t\t\t\t\r\n\t\t<div class=\"premium-modal-box-container\" data-settings=\"{&quot;trigger&quot;:&quot;image&quot;,&quot;show_on_exit&quot;:false}\">\r\n\t\t\t<div class=\"premium-modal-trigger-container\">\r\n\t\t\t\t\t\t\t\t\t<img decoding=\"async\" data-toggle=\"premium-modal\" data-target=\"#premium-modal-c0515b6\" class=\"premium-modal-trigger-img\" src=\"https:\/\/euspaceforum.com\/2025\/wp-content\/uploads\/2025\/01\/Sener_edited.png\" alt=\"Sener_edited\">\r\n\t\t\t\t\t\t\t<\/div>\r\n\r\n\t\t\t<div id=\"premium-modal-c0515b6\" class=\"premium-modal-box-modal\"\r\n\t\t\trole=\"dialog\"\r\n\t\t\tstyle=\"display: none\"\r\n\t\t\t>\r\n\t\t\t\t<div class=\"premium-modal-box-modal-dialog\" data-delay-animation=\"\" data-modal-animation=\"fadeInDown animated-fast\">\r\n\t\t\t\t\t\t\t\t\t\t\t<div class=\"premium-modal-box-modal-header\">\r\n\t\t\t\t\t\t\t\t\t\t\t\t\t\t\t<h3 class=\"premium-modal-box-modal-title\">\r\n\t\t\t\t\t\t\t\t\tSponsor\t\t\t\t\t\t\t\t<\/h3>\r\n\t\t\t\t\t\t\t\t\t\t\t\t\t\t\t\t\t\t\t\t\t\t<div class=\"premium-modal-box-close-button-container\">\r\n\t\t\t\t\t\t\t\t\t<button type=\"button\" class=\"premium-modal-box-modal-close\" data-dismiss=\"premium-modal\">&times;<\/button>\r\n\t\t\t\t\t\t\t\t<\/div>\r\n\t\t\t\t\t\t\t\t\t\t\t\t\t<\/div>\r\n\t\t\t\t\t\t\t\t\t\t<div class=\"premium-modal-box-modal-body\">\r\n\t\t\t\t\t\t<div><img loading=\"lazy\" decoding=\"async\" class=\"alignnone size-medium wp-image-7118\" src=\"https:\/\/euspaceforum.com\/2025\/wp-content\/uploads\/2025\/01\/Sener_edited-300x88.png\" alt=\"SENER\" width=\"300\" height=\"88\" srcset=\"https:\/\/euspaceforum.com\/2025\/wp-content\/uploads\/2025\/01\/Sener_edited-300x88.png 300w, https:\/\/euspaceforum.com\/2025\/wp-content\/uploads\/2025\/01\/Sener_edited-1024x301.png 1024w, https:\/\/euspaceforum.com\/2025\/wp-content\/uploads\/2025\/01\/Sener_edited-768x226.png 768w, https:\/\/euspaceforum.com\/2025\/wp-content\/uploads\/2025\/01\/Sener_edited.png 1194w\" sizes=\"(max-width: 300px) 100vw, 300px\" \/><\/div><div>Sener Aeroespacial is a Spanish private company, part of Sener Group and with 50+ years of experience in Space. Sener delivers a wide range of products and engineering services, including actuators and mechanical assemblies for platforms and payloads; attitude controls systems and navigation units for satellites and launchers and communications equipment and assemblies for all kind of space infrastructures.<\/div><div>\u00a0<\/div><div><a href=\"https:\/\/www.aeroespacial.sener\/\" target=\"_blank\" rel=\"noopener\">https:\/\/www.aeroespacial.sener\/<\/a><\/div>\t\t\t\t\t<\/div>\r\n\t\t\t\t\t\t\t\t\t\t\t<div class=\"premium-modal-box-modal-footer\">\r\n\t\t\t\t\t\t\t<button type=\"button\" class=\"premium-modal-box-modal-lower-close\" data-dismiss=\"premium-modal\">\r\n\t\t\t\t\t\t\t\tClose\t\t\t\t\t\t\t<\/button>\r\n\t\t\t\t\t\t<\/div>\r\n\t\t\t\t\t\t\t\t\t<\/div>\r\n\t\t\t<\/div>\r\n\t\t<\/div>\r\n\r\n\t\t\t\t\t\t<\/div>\n\t\t\t\t<\/div>\n\t\t\t\t\t<\/div>\n\t\t<\/div>\n\t\t\t\t<div class=\"elementor-column elementor-col-20 elementor-inner-column elementor-element elementor-element-a5aad47\" data-id=\"a5aad47\" data-element_type=\"column\">\n\t\t\t<div class=\"elementor-widget-wrap elementor-element-populated\">\n\t\t\t\t\t\t<div class=\"elementor-element elementor-element-5ec3587 premium-modal-dismissible-yes elementor-widget elementor-widget-premium-addon-modal-box\" data-id=\"5ec3587\" data-element_type=\"widget\" data-settings=\"{&quot;premium_modal_box_animation&quot;:&quot;fadeInDown&quot;}\" data-widget_type=\"premium-addon-modal-box.default\">\n\t\t\t\t<div class=\"elementor-widget-container\">\n\t\t\t\t\t\r\n\t\t<div class=\"premium-modal-box-container\" data-settings=\"{&quot;trigger&quot;:&quot;image&quot;,&quot;show_on_exit&quot;:false}\">\r\n\t\t\t<div class=\"premium-modal-trigger-container\">\r\n\t\t\t\t\t\t\t\t\t<img decoding=\"async\" data-toggle=\"premium-modal\" data-target=\"#premium-modal-5ec3587\" class=\"premium-modal-trigger-img\" src=\"https:\/\/euspaceforum.com\/2025\/wp-content\/uploads\/2025\/01\/34.-Serco-logo-350.png\" alt=\"Serco\">\r\n\t\t\t\t\t\t\t<\/div>\r\n\r\n\t\t\t<div id=\"premium-modal-5ec3587\" class=\"premium-modal-box-modal\"\r\n\t\t\trole=\"dialog\"\r\n\t\t\tstyle=\"display: none\"\r\n\t\t\t>\r\n\t\t\t\t<div class=\"premium-modal-box-modal-dialog\" data-delay-animation=\"\" data-modal-animation=\"fadeInDown animated-fast\">\r\n\t\t\t\t\t\t\t\t\t\t\t<div class=\"premium-modal-box-modal-header\">\r\n\t\t\t\t\t\t\t\t\t\t\t\t\t\t\t<h3 class=\"premium-modal-box-modal-title\">\r\n\t\t\t\t\t\t\t\t\tSponsor\t\t\t\t\t\t\t\t<\/h3>\r\n\t\t\t\t\t\t\t\t\t\t\t\t\t\t\t\t\t\t\t\t\t\t<div class=\"premium-modal-box-close-button-container\">\r\n\t\t\t\t\t\t\t\t\t<button type=\"button\" class=\"premium-modal-box-modal-close\" data-dismiss=\"premium-modal\">&times;<\/button>\r\n\t\t\t\t\t\t\t\t<\/div>\r\n\t\t\t\t\t\t\t\t\t\t\t\t\t<\/div>\r\n\t\t\t\t\t\t\t\t\t\t<div class=\"premium-modal-box-modal-body\">\r\n\t\t\t\t\t\t<p><img loading=\"lazy\" decoding=\"async\" class=\"alignnone size-medium wp-image-7028\" src=\"https:\/\/euspaceforum.com\/2025\/wp-content\/uploads\/2025\/01\/34.-Serco-logo-350-300x166.png\" alt=\"Serco\" width=\"300\" height=\"166\" srcset=\"https:\/\/euspaceforum.com\/2025\/wp-content\/uploads\/2025\/01\/34.-Serco-logo-350-300x166.png 300w, https:\/\/euspaceforum.com\/2025\/wp-content\/uploads\/2025\/01\/34.-Serco-logo-350.png 350w\" sizes=\"(max-width: 300px) 100vw, 300px\" \/>We bring together the right people, the right technology and the right partners to create innovative solutions that make positive impact and address some of the most urgent and complex challenges facing the modern world. With a focus on serving governments globally, Serco\u2019s services span justice, migration, defence, space, customer services, health, and transport. Our core capabilities include service design and advisory, resourcing, complex programme management, systems integration, case management, engineering, and asset &amp; facilities management.<\/p><dl class=\"overflow-hidden\"><dt class=\"mb1\"><h3 class=\"text-heading-medium\"><a id=\"ember6116\" class=\"link-without-visited-state ember-view\" style=\"font-size: 16px;\" tabindex=\"0\" href=\"http:\/\/www.serco.com\/\" target=\"_blank\" rel=\"noopener noreferrer\"><span class=\"link-without-visited-state\" dir=\"ltr\">http:\/\/www.serco.com\/<\/span><\/a><\/h3><\/dt><\/dl>\t\t\t\t\t<\/div>\r\n\t\t\t\t\t\t\t\t\t\t\t<div class=\"premium-modal-box-modal-footer\">\r\n\t\t\t\t\t\t\t<button type=\"button\" class=\"premium-modal-box-modal-lower-close\" data-dismiss=\"premium-modal\">\r\n\t\t\t\t\t\t\t\tClose\t\t\t\t\t\t\t<\/button>\r\n\t\t\t\t\t\t<\/div>\r\n\t\t\t\t\t\t\t\t\t<\/div>\r\n\t\t\t<\/div>\r\n\t\t<\/div>\r\n\r\n\t\t\t\t\t\t<\/div>\n\t\t\t\t<\/div>\n\t\t\t\t\t<\/div>\n\t\t<\/div>\n\t\t\t\t<div class=\"elementor-column elementor-col-20 elementor-inner-column elementor-element elementor-element-f53e8b0\" data-id=\"f53e8b0\" data-element_type=\"column\">\n\t\t\t<div class=\"elementor-widget-wrap elementor-element-populated\">\n\t\t\t\t\t\t<div class=\"elementor-element elementor-element-b901090 premium-modal-dismissible-yes elementor-widget elementor-widget-premium-addon-modal-box\" data-id=\"b901090\" data-element_type=\"widget\" data-settings=\"{&quot;premium_modal_box_animation&quot;:&quot;fadeInDown&quot;}\" data-widget_type=\"premium-addon-modal-box.default\">\n\t\t\t\t<div class=\"elementor-widget-container\">\n\t\t\t\t\t\r\n\t\t<div class=\"premium-modal-box-container\" data-settings=\"{&quot;trigger&quot;:&quot;image&quot;,&quot;show_on_exit&quot;:false}\">\r\n\t\t\t<div class=\"premium-modal-trigger-container\">\r\n\t\t\t\t\t\t\t\t\t<img decoding=\"async\" data-toggle=\"premium-modal\" data-target=\"#premium-modal-b901090\" class=\"premium-modal-trigger-img\" src=\"https:\/\/euspaceforum.com\/2025\/wp-content\/uploads\/2025\/01\/36.-SpaceTech-Logo-350.png\" alt=\"SpaceTech\">\r\n\t\t\t\t\t\t\t<\/div>\r\n\r\n\t\t\t<div id=\"premium-modal-b901090\" class=\"premium-modal-box-modal\"\r\n\t\t\trole=\"dialog\"\r\n\t\t\tstyle=\"display: none\"\r\n\t\t\t>\r\n\t\t\t\t<div class=\"premium-modal-box-modal-dialog\" data-delay-animation=\"\" data-modal-animation=\"fadeInDown animated-fast\">\r\n\t\t\t\t\t\t\t\t\t\t\t<div class=\"premium-modal-box-modal-header\">\r\n\t\t\t\t\t\t\t\t\t\t\t\t\t\t\t<h3 class=\"premium-modal-box-modal-title\">\r\n\t\t\t\t\t\t\t\t\tSponsor\t\t\t\t\t\t\t\t<\/h3>\r\n\t\t\t\t\t\t\t\t\t\t\t\t\t\t\t\t\t\t\t\t\t\t<div class=\"premium-modal-box-close-button-container\">\r\n\t\t\t\t\t\t\t\t\t<button type=\"button\" class=\"premium-modal-box-modal-close\" data-dismiss=\"premium-modal\">&times;<\/button>\r\n\t\t\t\t\t\t\t\t<\/div>\r\n\t\t\t\t\t\t\t\t\t\t\t\t\t<\/div>\r\n\t\t\t\t\t\t\t\t\t\t<div class=\"premium-modal-box-modal-body\">\r\n\t\t\t\t\t\t<p><img loading=\"lazy\" decoding=\"async\" class=\"alignnone size-medium wp-image-7031\" src=\"https:\/\/euspaceforum.com\/2025\/wp-content\/uploads\/2025\/01\/36.-SpaceTech-Logo-350-300x166.png\" alt=\"SpaceTech\" width=\"300\" height=\"166\" srcset=\"https:\/\/euspaceforum.com\/2025\/wp-content\/uploads\/2025\/01\/36.-SpaceTech-Logo-350-300x166.png 300w, https:\/\/euspaceforum.com\/2025\/wp-content\/uploads\/2025\/01\/36.-SpaceTech-Logo-350.png 350w\" sizes=\"(max-width: 300px) 100vw, 300px\" \/><\/p>\t\t\t\t\t<\/div>\r\n\t\t\t\t\t\t\t\t\t\t\t<div class=\"premium-modal-box-modal-footer\">\r\n\t\t\t\t\t\t\t<button type=\"button\" class=\"premium-modal-box-modal-lower-close\" data-dismiss=\"premium-modal\">\r\n\t\t\t\t\t\t\t\tClose\t\t\t\t\t\t\t<\/button>\r\n\t\t\t\t\t\t<\/div>\r\n\t\t\t\t\t\t\t\t\t<\/div>\r\n\t\t\t<\/div>\r\n\t\t<\/div>\r\n\r\n\t\t\t\t\t\t<\/div>\n\t\t\t\t<\/div>\n\t\t\t\t\t<\/div>\n\t\t<\/div>\n\t\t\t\t\t<\/div>\n\t\t<\/section>\n\t\t\t\t<section class=\"elementor-section elementor-inner-section elementor-element elementor-element-ea7cf75 elementor-section-content-middle elementor-hidden-desktop elementor-hidden-tablet elementor-hidden-mobile elementor-section-boxed elementor-section-height-default elementor-section-height-default\" data-id=\"ea7cf75\" data-element_type=\"section\">\n\t\t\t\t\t\t<div class=\"elementor-container elementor-column-gap-extended\">\n\t\t\t\t\t<div class=\"elementor-column elementor-col-33 elementor-inner-column elementor-element elementor-element-c5873f2\" data-id=\"c5873f2\" data-element_type=\"column\">\n\t\t\t<div class=\"elementor-widget-wrap elementor-element-populated\">\n\t\t\t\t\t\t<div class=\"elementor-element elementor-element-86c706f premium-modal-dismissible-yes elementor-widget elementor-widget-premium-addon-modal-box\" data-id=\"86c706f\" data-element_type=\"widget\" data-settings=\"{&quot;premium_modal_box_animation&quot;:&quot;fadeInDown&quot;}\" data-widget_type=\"premium-addon-modal-box.default\">\n\t\t\t\t<div class=\"elementor-widget-container\">\n\t\t\t\t\t\r\n\t\t<div class=\"premium-modal-box-container\" data-settings=\"{&quot;trigger&quot;:&quot;image&quot;,&quot;show_on_exit&quot;:false}\">\r\n\t\t\t<div class=\"premium-modal-trigger-container\">\r\n\t\t\t\t\t\t\t\t\t<img decoding=\"async\" data-toggle=\"premium-modal\" data-target=\"#premium-modal-86c706f\" class=\"premium-modal-trigger-img\" src=\"https:\/\/euspaceforum.com\/2025\/wp-content\/uploads\/2025\/01\/37.-Spaceopal-black_edited-1.png\" alt=\"Spaceopal\">\r\n\t\t\t\t\t\t\t<\/div>\r\n\r\n\t\t\t<div id=\"premium-modal-86c706f\" class=\"premium-modal-box-modal\"\r\n\t\t\trole=\"dialog\"\r\n\t\t\tstyle=\"display: none\"\r\n\t\t\t>\r\n\t\t\t\t<div class=\"premium-modal-box-modal-dialog\" data-delay-animation=\"\" data-modal-animation=\"fadeInDown animated-fast\">\r\n\t\t\t\t\t\t\t\t\t\t\t<div class=\"premium-modal-box-modal-header\">\r\n\t\t\t\t\t\t\t\t\t\t\t\t\t\t\t<h3 class=\"premium-modal-box-modal-title\">\r\n\t\t\t\t\t\t\t\t\tSponsor\t\t\t\t\t\t\t\t<\/h3>\r\n\t\t\t\t\t\t\t\t\t\t\t\t\t\t\t\t\t\t\t\t\t\t<div class=\"premium-modal-box-close-button-container\">\r\n\t\t\t\t\t\t\t\t\t<button type=\"button\" class=\"premium-modal-box-modal-close\" data-dismiss=\"premium-modal\">&times;<\/button>\r\n\t\t\t\t\t\t\t\t<\/div>\r\n\t\t\t\t\t\t\t\t\t\t\t\t\t<\/div>\r\n\t\t\t\t\t\t\t\t\t\t<div class=\"premium-modal-box-modal-body\">\r\n\t\t\t\t\t\t<div class=\"smls-logo-description\"><img loading=\"lazy\" decoding=\"async\" class=\"alignnone size-medium wp-image-7032\" src=\"https:\/\/euspaceforum.com\/2025\/wp-content\/uploads\/2025\/01\/37.-Spaceopal-black_edited-1-300x88.png\" alt=\"Spaceopal\" width=\"300\" height=\"88\" srcset=\"https:\/\/euspaceforum.com\/2025\/wp-content\/uploads\/2025\/01\/37.-Spaceopal-black_edited-1-300x88.png 300w, https:\/\/euspaceforum.com\/2025\/wp-content\/uploads\/2025\/01\/37.-Spaceopal-black_edited-1-1024x301.png 1024w, https:\/\/euspaceforum.com\/2025\/wp-content\/uploads\/2025\/01\/37.-Spaceopal-black_edited-1-768x226.png 768w, https:\/\/euspaceforum.com\/2025\/wp-content\/uploads\/2025\/01\/37.-Spaceopal-black_edited-1.png 1194w\" sizes=\"(max-width: 300px) 100vw, 300px\" \/><\/div><div class=\"smls-logo-description\">Spaceopal, a joint venture by DLR Gesellschaft f\u00fcr Raumfahrtanwendungen (GfR) mbH and Telespazio, a Leonardo and Thales Company, is the prime contractor for the operational services of Galileo, the satellite navigation program of the European Union, and is the world\u2019s largest navigation satellite service operator. As Service Operator of Galileo, Spaceopal is the key partner of European Global Navigation Satellite Systems Agency (EUSPA), and provides best in class quality navigation services, enhancing position, and precise timing for users worldwide. The entire Galileo constellation, composed by 30 satellites, and the GNSS services are managed through two satellite Control Centers (in Oberpfaffenhofen, Bavaria, Germany and in Fucino, Abruzzo, Italy), the GNSS Service Center in Torrej\u00f3n de Ardoz (Spain), several mission-uplink stations and satellite control transmitting stations as well as a growing number of distributed sensor stations worldwide, dedicated to the monitoring the navigation signals. In addition to its core activity, through the years Spaceopal has created, together with its shareholders, a technology framework dedicated to innovation, research and development for new solutions, applications and services. The aim of this so called tech lab is building a long-term view of all the opportunities in the GNSS sector and to create concrete paths of innovation.<\/div><div>\u00a0<\/div><div><a href=\"https:\/\/spaceopal.com\/\" target=\"_blank\" rel=\"noopener\">https:\/\/spaceopal.com\/<\/a><\/div>\t\t\t\t\t<\/div>\r\n\t\t\t\t\t\t\t\t\t\t\t<div class=\"premium-modal-box-modal-footer\">\r\n\t\t\t\t\t\t\t<button type=\"button\" class=\"premium-modal-box-modal-lower-close\" data-dismiss=\"premium-modal\">\r\n\t\t\t\t\t\t\t\tClose\t\t\t\t\t\t\t<\/button>\r\n\t\t\t\t\t\t<\/div>\r\n\t\t\t\t\t\t\t\t\t<\/div>\r\n\t\t\t<\/div>\r\n\t\t<\/div>\r\n\r\n\t\t\t\t\t\t<\/div>\n\t\t\t\t<\/div>\n\t\t\t\t\t<\/div>\n\t\t<\/div>\n\t\t\t\t<div class=\"elementor-column elementor-col-33 elementor-inner-column elementor-element elementor-element-4c0e49f\" data-id=\"4c0e49f\" data-element_type=\"column\">\n\t\t\t<div class=\"elementor-widget-wrap elementor-element-populated\">\n\t\t\t\t\t\t<div class=\"elementor-element elementor-element-eded345 premium-modal-dismissible-yes elementor-widget elementor-widget-premium-addon-modal-box\" data-id=\"eded345\" data-element_type=\"widget\" data-settings=\"{&quot;premium_modal_box_animation&quot;:&quot;fadeInDown&quot;}\" data-widget_type=\"premium-addon-modal-box.default\">\n\t\t\t\t<div class=\"elementor-widget-container\">\n\t\t\t\t\t\r\n\t\t<div class=\"premium-modal-box-container\" data-settings=\"{&quot;trigger&quot;:&quot;image&quot;,&quot;show_on_exit&quot;:false}\">\r\n\t\t\t<div class=\"premium-modal-trigger-container\">\r\n\t\t\t\t\t\t\t\t\t<img decoding=\"async\" data-toggle=\"premium-modal\" data-target=\"#premium-modal-eded345\" class=\"premium-modal-trigger-img\" src=\"https:\/\/euspaceforum.com\/2025\/wp-content\/uploads\/2025\/01\/39.-telespazio_edited-2.png\" alt=\"Telespazio\">\r\n\t\t\t\t\t\t\t<\/div>\r\n\r\n\t\t\t<div id=\"premium-modal-eded345\" class=\"premium-modal-box-modal\"\r\n\t\t\trole=\"dialog\"\r\n\t\t\tstyle=\"display: none\"\r\n\t\t\t>\r\n\t\t\t\t<div class=\"premium-modal-box-modal-dialog\" data-delay-animation=\"\" data-modal-animation=\"fadeInDown animated-fast\">\r\n\t\t\t\t\t\t\t\t\t\t\t<div class=\"premium-modal-box-modal-header\">\r\n\t\t\t\t\t\t\t\t\t\t\t\t\t\t\t<h3 class=\"premium-modal-box-modal-title\">\r\n\t\t\t\t\t\t\t\t\tSponsor\t\t\t\t\t\t\t\t<\/h3>\r\n\t\t\t\t\t\t\t\t\t\t\t\t\t\t\t\t\t\t\t\t\t\t<div class=\"premium-modal-box-close-button-container\">\r\n\t\t\t\t\t\t\t\t\t<button type=\"button\" class=\"premium-modal-box-modal-close\" data-dismiss=\"premium-modal\">&times;<\/button>\r\n\t\t\t\t\t\t\t\t<\/div>\r\n\t\t\t\t\t\t\t\t\t\t\t\t\t<\/div>\r\n\t\t\t\t\t\t\t\t\t\t<div class=\"premium-modal-box-modal-body\">\r\n\t\t\t\t\t\t<div class=\"smls-logo-description\"><img loading=\"lazy\" decoding=\"async\" class=\"alignnone size-medium wp-image-7040\" src=\"https:\/\/euspaceforum.com\/2025\/wp-content\/uploads\/2025\/01\/39.-telespazio_edited-2-300x88.png\" alt=\"Telespazio\" width=\"300\" height=\"88\" srcset=\"https:\/\/euspaceforum.com\/2025\/wp-content\/uploads\/2025\/01\/39.-telespazio_edited-2-300x88.png 300w, https:\/\/euspaceforum.com\/2025\/wp-content\/uploads\/2025\/01\/39.-telespazio_edited-2-1024x301.png 1024w, https:\/\/euspaceforum.com\/2025\/wp-content\/uploads\/2025\/01\/39.-telespazio_edited-2-768x226.png 768w, https:\/\/euspaceforum.com\/2025\/wp-content\/uploads\/2025\/01\/39.-telespazio_edited-2.png 1194w\" sizes=\"(max-width: 300px) 100vw, 300px\" \/><\/div><div>\u00a0<\/div><div class=\"smls-logo-description\">Telespazio, a Leonardo and Thales 67\/33 joint venture, is one of the world\u2019s leading operators in satellite services. Its activities range from the design and development of space systems to the management of launch services, from in-orbit satellite control to Earth observation, from integrated communications, satellite navigation and localisation services to scientific programmes. Telespazio plays a leading role in the reference markets harnessing technological experience acquired over the years. Since its establishment, the company has participated in major European space programmes such as Galileo, EGNOS, Copernicus and COSMO-SkyMed. In 2021, Telespazio generated sales of EUR 605 million while employing 3,000 people in nine countries.<\/div><div>\u00a0<\/div><div><a href=\"https:\/\/www.telespazio.com\/\" target=\"_blank\" rel=\"noopener\">https:\/\/www.telespazio.com\/<\/a><\/div>\t\t\t\t\t<\/div>\r\n\t\t\t\t\t\t\t\t\t\t\t<div class=\"premium-modal-box-modal-footer\">\r\n\t\t\t\t\t\t\t<button type=\"button\" class=\"premium-modal-box-modal-lower-close\" data-dismiss=\"premium-modal\">\r\n\t\t\t\t\t\t\t\tClose\t\t\t\t\t\t\t<\/button>\r\n\t\t\t\t\t\t<\/div>\r\n\t\t\t\t\t\t\t\t\t<\/div>\r\n\t\t\t<\/div>\r\n\t\t<\/div>\r\n\r\n\t\t\t\t\t\t<\/div>\n\t\t\t\t<\/div>\n\t\t\t\t\t<\/div>\n\t\t<\/div>\n\t\t\t\t<div class=\"elementor-column elementor-col-33 elementor-inner-column elementor-element elementor-element-890c0bb\" data-id=\"890c0bb\" data-element_type=\"column\">\n\t\t\t<div class=\"elementor-widget-wrap elementor-element-populated\">\n\t\t\t\t\t\t<div class=\"elementor-element elementor-element-014b09d premium-modal-dismissible-yes elementor-widget elementor-widget-premium-addon-modal-box\" data-id=\"014b09d\" data-element_type=\"widget\" data-settings=\"{&quot;premium_modal_box_animation&quot;:&quot;fadeInDown&quot;}\" data-widget_type=\"premium-addon-modal-box.default\">\n\t\t\t\t<div class=\"elementor-widget-container\">\n\t\t\t\t\t\r\n\t\t<div class=\"premium-modal-box-container\" data-settings=\"{&quot;trigger&quot;:&quot;image&quot;,&quot;show_on_exit&quot;:false}\">\r\n\t\t\t<div class=\"premium-modal-trigger-container\">\r\n\t\t\t\t\t\t\t\t\t<img decoding=\"async\" data-toggle=\"premium-modal\" data-target=\"#premium-modal-014b09d\" class=\"premium-modal-trigger-img\" src=\"https:\/\/euspaceforum.com\/2025\/wp-content\/uploads\/2025\/01\/40.-Thales-Alenia-Space_edited-1.png\" alt=\"Thales Alenia Space\">\r\n\t\t\t\t\t\t\t<\/div>\r\n\r\n\t\t\t<div id=\"premium-modal-014b09d\" class=\"premium-modal-box-modal\"\r\n\t\t\trole=\"dialog\"\r\n\t\t\tstyle=\"display: none\"\r\n\t\t\t>\r\n\t\t\t\t<div class=\"premium-modal-box-modal-dialog\" data-delay-animation=\"\" data-modal-animation=\"fadeInDown animated-fast\">\r\n\t\t\t\t\t\t\t\t\t\t\t<div class=\"premium-modal-box-modal-header\">\r\n\t\t\t\t\t\t\t\t\t\t\t\t\t\t\t<h3 class=\"premium-modal-box-modal-title\">\r\n\t\t\t\t\t\t\t\t\tSponsor\t\t\t\t\t\t\t\t<\/h3>\r\n\t\t\t\t\t\t\t\t\t\t\t\t\t\t\t\t\t\t\t\t\t\t<div class=\"premium-modal-box-close-button-container\">\r\n\t\t\t\t\t\t\t\t\t<button type=\"button\" class=\"premium-modal-box-modal-close\" data-dismiss=\"premium-modal\">&times;<\/button>\r\n\t\t\t\t\t\t\t\t<\/div>\r\n\t\t\t\t\t\t\t\t\t\t\t\t\t<\/div>\r\n\t\t\t\t\t\t\t\t\t\t<div class=\"premium-modal-box-modal-body\">\r\n\t\t\t\t\t\t<p><img loading=\"lazy\" decoding=\"async\" class=\"alignnone size-medium wp-image-7044\" src=\"https:\/\/euspaceforum.com\/2025\/wp-content\/uploads\/2025\/01\/40.-Thales-Alenia-Space_edited-1-300x88.png\" alt=\"Thales Alenia Space\" width=\"300\" height=\"88\" srcset=\"https:\/\/euspaceforum.com\/2025\/wp-content\/uploads\/2025\/01\/40.-Thales-Alenia-Space_edited-1-300x88.png 300w, https:\/\/euspaceforum.com\/2025\/wp-content\/uploads\/2025\/01\/40.-Thales-Alenia-Space_edited-1-1024x301.png 1024w, https:\/\/euspaceforum.com\/2025\/wp-content\/uploads\/2025\/01\/40.-Thales-Alenia-Space_edited-1-768x226.png 768w, https:\/\/euspaceforum.com\/2025\/wp-content\/uploads\/2025\/01\/40.-Thales-Alenia-Space_edited-1.png 1194w\" sizes=\"(max-width: 300px) 100vw, 300px\" \/>Drawing on over 40 years of experience and a unique combination of skills, expertise and cultures, Thales Alenia Space delivers cost-effective solutions for telecommunications, navigation, Earth observation, environmental management, exploration, science and orbital infrastructures. Governments and private industry alike count on Thales Alenia Space to design satellite-based systems that provide anytime, anywhere connections and positioning, monitor our planet, enhance management of its resources, and explore our Solar System and beyond. Thales Alenia Space sees space as a new horizon, helping to build a better, more sustainable life on Earth. A joint venture between Thales (67%) and Leonardo (33%), Thales Alenia Space also teams up with Telespazio to form the parent companies\u2019 Space Alliance, which offers a complete range of services. Thales Alenia Space posted consolidated revenues of approximately 2.15 billion euros in 2021 and has around 8,900 employees in 10 countries with 17 sites in Europe and a plant in the US.<\/p><p><a href=\"https:\/\/www.thalesaleniaspace.com\/\" target=\"_blank\" rel=\"noopener\">https:\/\/www.thalesaleniaspace.com<\/a><\/p>\t\t\t\t\t<\/div>\r\n\t\t\t\t\t\t\t\t\t\t\t<div class=\"premium-modal-box-modal-footer\">\r\n\t\t\t\t\t\t\t<button type=\"button\" class=\"premium-modal-box-modal-lower-close\" data-dismiss=\"premium-modal\">\r\n\t\t\t\t\t\t\t\tClose\t\t\t\t\t\t\t<\/button>\r\n\t\t\t\t\t\t<\/div>\r\n\t\t\t\t\t\t\t\t\t<\/div>\r\n\t\t\t<\/div>\r\n\t\t<\/div>\r\n\r\n\t\t\t\t\t\t<\/div>\n\t\t\t\t<\/div>\n\t\t\t\t\t<\/div>\n\t\t<\/div>\n\t\t\t\t\t<\/div>\n\t\t<\/section>\n\t\t\t\t<div class=\"elementor-element elementor-element-9d489ae elementor-widget elementor-widget-heading\" data-id=\"9d489ae\" data-element_type=\"widget\" data-widget_type=\"heading.default\">\n\t\t\t\t<div class=\"elementor-widget-container\">\n\t\t\t\t\t<h2 class=\"elementor-heading-title elementor-size-default\">WHO WE WORK WITH<\/h2>\t\t\t\t<\/div>\n\t\t\t\t<\/div>\n\t\t\t\t<div class=\"elementor-element elementor-element-7ae723c elementor-widget__width-auto elementor-widget elementor-widget-heading\" data-id=\"7ae723c\" data-element_type=\"widget\" data-widget_type=\"heading.default\">\n\t\t\t\t<div class=\"elementor-widget-container\">\n\t\t\t\t\t<h2 class=\"elementor-heading-title elementor-size-default\">Partners <\/h2>\t\t\t\t<\/div>\n\t\t\t\t<\/div>\n\t\t\t\t<section class=\"elementor-section elementor-inner-section elementor-element elementor-element-064b17f elementor-section-content-middle elementor-section-boxed elementor-section-height-default elementor-section-height-default\" data-id=\"064b17f\" data-element_type=\"section\">\n\t\t\t\t\t\t<div class=\"elementor-container elementor-column-gap-extended\">\n\t\t\t\t\t<div class=\"elementor-column elementor-col-25 elementor-inner-column elementor-element elementor-element-7b8aa7e\" data-id=\"7b8aa7e\" data-element_type=\"column\">\n\t\t\t<div class=\"elementor-widget-wrap\">\n\t\t\t\t\t\t\t<\/div>\n\t\t<\/div>\n\t\t\t\t<div class=\"elementor-column elementor-col-25 elementor-inner-column elementor-element elementor-element-42891ca\" data-id=\"42891ca\" data-element_type=\"column\">\n\t\t\t<div class=\"elementor-widget-wrap elementor-element-populated\">\n\t\t\t\t\t\t<div class=\"elementor-element elementor-element-2965f8d premium-modal-dismissible-yes elementor-widget elementor-widget-premium-addon-modal-box\" data-id=\"2965f8d\" data-element_type=\"widget\" data-settings=\"{&quot;premium_modal_box_animation&quot;:&quot;fadeInDown&quot;}\" data-widget_type=\"premium-addon-modal-box.default\">\n\t\t\t\t<div class=\"elementor-widget-container\">\n\t\t\t\t\t\r\n\t\t<div class=\"premium-modal-box-container\" data-settings=\"{&quot;trigger&quot;:&quot;image&quot;,&quot;show_on_exit&quot;:false}\">\r\n\t\t\t<div class=\"premium-modal-trigger-container\">\r\n\t\t\t\t\t\t\t\t\t<img decoding=\"async\" data-toggle=\"premium-modal\" data-target=\"#premium-modal-2965f8d\" class=\"premium-modal-trigger-img\" src=\"https:\/\/euspaceforum.com\/2025\/wp-content\/uploads\/2025\/05\/MLexColor-350x194px.png\" alt=\"MLex\">\r\n\t\t\t\t\t\t\t<\/div>\r\n\r\n\t\t\t<div id=\"premium-modal-2965f8d\" class=\"premium-modal-box-modal\"\r\n\t\t\trole=\"dialog\"\r\n\t\t\tstyle=\"display: none\"\r\n\t\t\t>\r\n\t\t\t\t<div class=\"premium-modal-box-modal-dialog\" data-delay-animation=\"\" data-modal-animation=\"fadeInDown animated-fast\">\r\n\t\t\t\t\t\t\t\t\t\t\t<div class=\"premium-modal-box-modal-header\">\r\n\t\t\t\t\t\t\t\t\t\t\t\t\t\t\t<h3 class=\"premium-modal-box-modal-title\">\r\n\t\t\t\t\t\t\t\t\tMedia Partner\t\t\t\t\t\t\t\t<\/h3>\r\n\t\t\t\t\t\t\t\t\t\t\t\t\t\t\t\t\t\t\t\t\t\t<div class=\"premium-modal-box-close-button-container\">\r\n\t\t\t\t\t\t\t\t\t<button type=\"button\" class=\"premium-modal-box-modal-close\" data-dismiss=\"premium-modal\">&times;<\/button>\r\n\t\t\t\t\t\t\t\t<\/div>\r\n\t\t\t\t\t\t\t\t\t\t\t\t\t<\/div>\r\n\t\t\t\t\t\t\t\t\t\t<div class=\"premium-modal-box-modal-body\">\r\n\t\t\t\t\t\t<p><img loading=\"lazy\" decoding=\"async\" class=\"alignnone size-medium wp-image-7885\" src=\"https:\/\/euspaceforum.com\/2025\/wp-content\/uploads\/2025\/05\/MLexColor-350x194px-300x166.png\" alt=\"MLex\" width=\"300\" height=\"166\" srcset=\"https:\/\/euspaceforum.com\/2025\/wp-content\/uploads\/2025\/05\/MLexColor-350x194px-300x166.png 300w, https:\/\/euspaceforum.com\/2025\/wp-content\/uploads\/2025\/05\/MLexColor-350x194px.png 350w\" sizes=\"(max-width: 300px) 100vw, 300px\" \/><\/p><p class=\"break-words white-space-pre-wrap t-black--light text-body-medium\">An independent news organization with a global reach, MLex is focused on identifying regulatory risk as and wherever it emerges, empowering our customers \u2014 the world\u2019s leading law firms, corporations, hedge funds, advisory firms and regulators \u2014 to navigate threats and opportunities in a world where regulation is increasingly complex and interconnected. We have a track record of uncovering regulatory risk before it breaks in other news outlets, with specialist reporting across Antitrust, M&amp;A, State Aid, Trade, Data Privacy &amp; Security, Technology, Artificial Intelligence, Intellectual Property, Energy, Financial Services and Financial Crime.<\/p><p class=\"break-words white-space-pre-wrap t-black--light text-body-medium\"><a id=\"ember892\" class=\"link-without-visited-state ember-view\" tabindex=\"0\" href=\"http:\/\/www.mlex.com\/\" target=\"_blank\" rel=\"noopener noreferrer\"><span class=\"link-without-visited-state\" dir=\"ltr\">http:\/\/www.mlex.com<\/span><\/a><\/p>\t\t\t\t\t<\/div>\r\n\t\t\t\t\t\t\t\t\t\t\t<div class=\"premium-modal-box-modal-footer\">\r\n\t\t\t\t\t\t\t<button type=\"button\" class=\"premium-modal-box-modal-lower-close\" data-dismiss=\"premium-modal\">\r\n\t\t\t\t\t\t\t\tClose\t\t\t\t\t\t\t<\/button>\r\n\t\t\t\t\t\t<\/div>\r\n\t\t\t\t\t\t\t\t\t<\/div>\r\n\t\t\t<\/div>\r\n\t\t<\/div>\r\n\r\n\t\t\t\t\t\t<\/div>\n\t\t\t\t<\/div>\n\t\t\t\t\t<\/div>\n\t\t<\/div>\n\t\t\t\t<div class=\"elementor-column elementor-col-25 elementor-inner-column elementor-element elementor-element-c8ee7ca\" data-id=\"c8ee7ca\" data-element_type=\"column\">\n\t\t\t<div class=\"elementor-widget-wrap elementor-element-populated\">\n\t\t\t\t\t\t<div class=\"elementor-element elementor-element-56205eb premium-modal-dismissible-yes elementor-widget elementor-widget-premium-addon-modal-box\" data-id=\"56205eb\" data-element_type=\"widget\" data-settings=\"{&quot;premium_modal_box_animation&quot;:&quot;fadeInDown&quot;}\" data-widget_type=\"premium-addon-modal-box.default\">\n\t\t\t\t<div class=\"elementor-widget-container\">\n\t\t\t\t\t\r\n\t\t<div class=\"premium-modal-box-container\" data-settings=\"{&quot;trigger&quot;:&quot;image&quot;,&quot;show_on_exit&quot;:false}\">\r\n\t\t\t<div class=\"premium-modal-trigger-container\">\r\n\t\t\t\t\t\t\t\t\t<img decoding=\"async\" data-toggle=\"premium-modal\" data-target=\"#premium-modal-56205eb\" class=\"premium-modal-trigger-img\" src=\"https:\/\/euspaceforum.com\/2025\/wp-content\/uploads\/2024\/04\/Spacewatch-Global-350x194-1.png\" alt=\"Spacewatch Global\">\r\n\t\t\t\t\t\t\t<\/div>\r\n\r\n\t\t\t<div id=\"premium-modal-56205eb\" class=\"premium-modal-box-modal\"\r\n\t\t\trole=\"dialog\"\r\n\t\t\tstyle=\"display: none\"\r\n\t\t\t>\r\n\t\t\t\t<div class=\"premium-modal-box-modal-dialog\" data-delay-animation=\"\" data-modal-animation=\"fadeInDown animated-fast\">\r\n\t\t\t\t\t\t\t\t\t\t\t<div class=\"premium-modal-box-modal-header\">\r\n\t\t\t\t\t\t\t\t\t\t\t\t\t\t\t<h3 class=\"premium-modal-box-modal-title\">\r\n\t\t\t\t\t\t\t\t\tMedia Partner\t\t\t\t\t\t\t\t<\/h3>\r\n\t\t\t\t\t\t\t\t\t\t\t\t\t\t\t\t\t\t\t\t\t\t<div class=\"premium-modal-box-close-button-container\">\r\n\t\t\t\t\t\t\t\t\t<button type=\"button\" class=\"premium-modal-box-modal-close\" data-dismiss=\"premium-modal\">&times;<\/button>\r\n\t\t\t\t\t\t\t\t<\/div>\r\n\t\t\t\t\t\t\t\t\t\t\t\t\t<\/div>\r\n\t\t\t\t\t\t\t\t\t\t<div class=\"premium-modal-box-modal-body\">\r\n\t\t\t\t\t\t<p><img loading=\"lazy\" decoding=\"async\" class=\"alignnone size-medium wp-image-6234\" src=\"https:\/\/euspaceforum.com\/2025\/wp-content\/uploads\/2024\/04\/Spacewatch-Global-350x194-1-300x166.png\" alt=\"Spacewatch Global\" width=\"300\" height=\"166\" srcset=\"https:\/\/euspaceforum.com\/2025\/wp-content\/uploads\/2024\/04\/Spacewatch-Global-350x194-1-300x166.png 300w, https:\/\/euspaceforum.com\/2025\/wp-content\/uploads\/2024\/04\/Spacewatch-Global-350x194-1.png 350w\" sizes=\"(max-width: 300px) 100vw, 300px\" \/><\/p><p class=\"break-words white-space-pre-wrap t-black--light text-body-medium\">SpaceWatch.Global is a digital magazine and portal for those interested in space and the far-reaching impact that space developments have. While showcasing the technology that enables the industry to edge closer to the next frontier, SpaceWatch.Global also provides analysis, forecasts and insight into the geopolitical implications of space developments. From space policy, exploration and missions to space weapons and technology, we provide a complete perspective on the Middle East, Europe, Africa, Asia-Pacific, American and Russian space sector. The team behind SpaceWatch.Global comprises a dynamic mix of space geeks, tech junkies, space policy experts, regional market specialists and passionate writers. We fully believe that space should be used for humanity; that it enables knowledge and enriches societies. SpaceWatch.Global GmbH, headquartered in Berlin, Germany. In the true journalistic spirit, neutrality, ethics, and integrity are at our core. SpaceWatch.Global abides by the Society of Professional Journalists\u2019 code of ethics; we seek truth and report it.<\/p><p class=\"break-words white-space-pre-wrap t-black--light text-body-medium\"><span style=\"text-decoration: underline;\"><a id=\"ember1346\" class=\"link-without-visited-state ember-view\" tabindex=\"0\" href=\"http:\/\/spacewatch.global\/\" target=\"_blank\" rel=\"noopener noreferrer\"><span class=\"link-without-visited-state\" dir=\"ltr\">http:\/\/spacewatch.global<\/span><\/a><\/span><\/p>\t\t\t\t\t<\/div>\r\n\t\t\t\t\t\t\t\t\t\t\t<div class=\"premium-modal-box-modal-footer\">\r\n\t\t\t\t\t\t\t<button type=\"button\" class=\"premium-modal-box-modal-lower-close\" data-dismiss=\"premium-modal\">\r\n\t\t\t\t\t\t\t\tClose\t\t\t\t\t\t\t<\/button>\r\n\t\t\t\t\t\t<\/div>\r\n\t\t\t\t\t\t\t\t\t<\/div>\r\n\t\t\t<\/div>\r\n\t\t<\/div>\r\n\r\n\t\t\t\t\t\t<\/div>\n\t\t\t\t<\/div>\n\t\t\t\t\t<\/div>\n\t\t<\/div>\n\t\t\t\t<div class=\"elementor-column elementor-col-25 elementor-inner-column elementor-element elementor-element-8291a24\" data-id=\"8291a24\" data-element_type=\"column\">\n\t\t\t<div class=\"elementor-widget-wrap\">\n\t\t\t\t\t\t\t<\/div>\n\t\t<\/div>\n\t\t\t\t\t<\/div>\n\t\t<\/section>\n\t\t\t\t\t<\/div>\n\t\t<\/div>\n\t\t\t\t\t<\/div>\n\t\t<\/section>\n\t\t\t\t<section class=\"elementor-section elementor-top-section elementor-element elementor-element-9b78fd2 elementor-section-boxed elementor-section-height-default elementor-section-height-default\" data-id=\"9b78fd2\" data-element_type=\"section\" id=\"contact\" data-settings=\"{&quot;background_background&quot;:&quot;classic&quot;}\">\n\t\t\t\t\t\t\t<div class=\"elementor-background-overlay\"><\/div>\n\t\t\t\t\t\t\t<div class=\"elementor-container elementor-column-gap-default\">\n\t\t\t\t\t<div class=\"elementor-column elementor-col-100 elementor-top-column elementor-element elementor-element-0117cc0\" data-id=\"0117cc0\" data-element_type=\"column\">\n\t\t\t<div class=\"elementor-widget-wrap elementor-element-populated\">\n\t\t\t\t\t\t<section class=\"elementor-section elementor-inner-section elementor-element elementor-element-3ed76fa elementor-section-boxed elementor-section-height-default elementor-section-height-default\" data-id=\"3ed76fa\" data-element_type=\"section\">\n\t\t\t\t\t\t<div class=\"elementor-container elementor-column-gap-default\">\n\t\t\t\t\t<div class=\"elementor-column elementor-col-100 elementor-inner-column elementor-element elementor-element-8744a97\" data-id=\"8744a97\" data-element_type=\"column\">\n\t\t\t<div class=\"elementor-widget-wrap elementor-element-populated\">\n\t\t\t\t\t\t<div class=\"elementor-element elementor-element-b87031d elementor-widget__width-auto elementor-widget-mobile__width-inherit elementor-widget elementor-widget-heading\" data-id=\"b87031d\" data-element_type=\"widget\" data-widget_type=\"heading.default\">\n\t\t\t\t<div class=\"elementor-widget-container\">\n\t\t\t\t\t<h2 class=\"elementor-heading-title elementor-size-default\">Practical Information<\/h2>\t\t\t\t<\/div>\n\t\t\t\t<\/div>\n\t\t\t\t\t<\/div>\n\t\t<\/div>\n\t\t\t\t\t<\/div>\n\t\t<\/section>\n\t\t\t\t<div class=\"elementor-element elementor-element-7713191 elementor-widget elementor-widget-spacer\" data-id=\"7713191\" data-element_type=\"widget\" data-widget_type=\"spacer.default\">\n\t\t\t\t<div class=\"elementor-widget-container\">\n\t\t\t\t\t\t\t<div class=\"elementor-spacer\">\n\t\t\t<div class=\"elementor-spacer-inner\"><\/div>\n\t\t<\/div>\n\t\t\t\t\t\t<\/div>\n\t\t\t\t<\/div>\n\t\t\t\t<section class=\"elementor-section elementor-inner-section elementor-element elementor-element-7b68a24 elementor-section-boxed elementor-section-height-default elementor-section-height-default\" data-id=\"7b68a24\" data-element_type=\"section\">\n\t\t\t\t\t\t<div class=\"elementor-container elementor-column-gap-default\">\n\t\t\t\t\t<div class=\"elementor-column elementor-col-50 elementor-inner-column elementor-element elementor-element-f9427ee\" data-id=\"f9427ee\" data-element_type=\"column\">\n\t\t\t<div class=\"elementor-widget-wrap elementor-element-populated\">\n\t\t\t\t\t\t<div class=\"elementor-element elementor-element-616baa2 elementor-widget elementor-widget-heading\" data-id=\"616baa2\" data-element_type=\"widget\" data-widget_type=\"heading.default\">\n\t\t\t\t<div class=\"elementor-widget-container\">\n\t\t\t\t\t<h3 class=\"elementor-heading-title elementor-size-default\">Event Venue<\/h3>\t\t\t\t<\/div>\n\t\t\t\t<\/div>\n\t\t\t\t<section class=\"elementor-section elementor-inner-section elementor-element elementor-element-a5126c7 elementor-section-boxed elementor-section-height-default elementor-section-height-default\" data-id=\"a5126c7\" data-element_type=\"section\">\n\t\t\t\t\t\t<div class=\"elementor-container elementor-column-gap-default\">\n\t\t\t\t\t<div class=\"elementor-column elementor-col-100 elementor-inner-column elementor-element elementor-element-fa07367\" data-id=\"fa07367\" data-element_type=\"column\">\n\t\t\t<div class=\"elementor-widget-wrap elementor-element-populated\">\n\t\t\t\t\t\t<div class=\"elementor-element elementor-element-f672995 elementor-widget elementor-widget-html\" data-id=\"f672995\" data-element_type=\"widget\" data-widget_type=\"html.default\">\n\t\t\t\t<div class=\"elementor-widget-container\">\n\t\t\t\t\t<iframe src=\"https:\/\/www.google.com\/maps\/embed?pb=!1m18!1m12!1m3!1d2518.69930026016!2d4.364281415610038!3d50.85525237953326!2m3!1f0!2f0!3f0!3m2!1i1024!2i768!4f13.1!3m3!1m2!1s0x47c3c37bd34ca35f%3A0xd0f57b16a819e4a8!2sHotel%20nhow%20Brussels%20Bloom!5e0!3m2!1sen!2suk!4v1674581340309!5m2!1sen!2suk\" width=\"400\" height=\"300\" style=\"border:0;\" allowfullscreen=\"\" loading=\"lazy\" referrerpolicy=\"no-referrer-when-downgrade\"><\/iframe>\t\t\t\t<\/div>\n\t\t\t\t<\/div>\n\t\t\t\t<div class=\"elementor-element elementor-element-4a344e8 elementor-widget elementor-widget-text-editor\" data-id=\"4a344e8\" data-element_type=\"widget\" data-widget_type=\"text-editor.default\">\n\t\t\t\t<div class=\"elementor-widget-container\">\n\t\t\t\t\t\t\t\t\t<p><strong>Hotel nhow Brussels Bloom<\/strong><br \/>Rue Royale 250, 1210 Bruxelles, Belgium<\/p>\t\t\t\t\t\t\t\t<\/div>\n\t\t\t\t<\/div>\n\t\t\t\t<div class=\"elementor-element elementor-element-0b01d9a elementor-widget elementor-widget-text-editor\" data-id=\"0b01d9a\" data-element_type=\"widget\" data-widget_type=\"text-editor.default\">\n\t\t\t\t<div class=\"elementor-widget-container\">\n\t\t\t\t\t\t\t\t\tIf you and your team need a hotel bedroom for the duration of the event, we negotiated a special rate for accommodation at the Hotel nhow Brussels Bloom. Please click<span style=\"color: #8fd4f6;\"><strong> <span style=\"text-decoration: underline;\"><a style=\"text-decoration: underline; color: #8fd4f6;\" href=\"https:\/\/www.nh-hotels.com\/en\/event\/d2d-policy-forum-and-eu-space-forum\" target=\"_blank\" rel=\"noopener\">here<\/a><\/span><\/strong><\/span> to book your room.\t\t\t\t\t\t\t\t<\/div>\n\t\t\t\t<\/div>\n\t\t\t\t\t<\/div>\n\t\t<\/div>\n\t\t\t\t\t<\/div>\n\t\t<\/section>\n\t\t\t\t\t<\/div>\n\t\t<\/div>\n\t\t\t\t<div class=\"elementor-column elementor-col-50 elementor-inner-column elementor-element elementor-element-12f2115\" data-id=\"12f2115\" data-element_type=\"column\">\n\t\t\t<div class=\"elementor-widget-wrap elementor-element-populated\">\n\t\t\t\t\t\t<div class=\"elementor-element elementor-element-b72fc2e elementor-widget elementor-widget-heading\" data-id=\"b72fc2e\" data-element_type=\"widget\" data-widget_type=\"heading.default\">\n\t\t\t\t<div class=\"elementor-widget-container\">\n\t\t\t\t\t<h3 class=\"elementor-heading-title elementor-size-default\">Contact<\/h3>\t\t\t\t<\/div>\n\t\t\t\t<\/div>\n\t\t\t\t<div class=\"elementor-element elementor-element-4bd3a9d elementor-widget elementor-widget-text-editor\" data-id=\"4bd3a9d\" data-element_type=\"widget\" data-widget_type=\"text-editor.default\">\n\t\t\t\t<div class=\"elementor-widget-container\">\n\t\t\t\t\t\t\t\t\t<p>For more information on any aspect of this event, please contact Karolina Stankiewicz using any of the details below.<\/p><p><img loading=\"lazy\" decoding=\"async\" class=\"alignnone size-full wp-image-6740\" src=\"https:\/\/euspaceforum.com\/2025\/wp-content\/uploads\/2024\/12\/Karolina-Stankiewicz-150x150-1.png\" alt=\"Karolina Stankiewicz\" width=\"150\" height=\"150\" srcset=\"https:\/\/euspaceforum.com\/2025\/wp-content\/uploads\/2024\/12\/Karolina-Stankiewicz-150x150-1.png 150w, https:\/\/euspaceforum.com\/2025\/wp-content\/uploads\/2024\/12\/Karolina-Stankiewicz-150x150-1-90x90.png 90w, https:\/\/euspaceforum.com\/2025\/wp-content\/uploads\/2024\/12\/Karolina-Stankiewicz-150x150-1-120x120.png 120w\" sizes=\"(max-width: 150px) 100vw, 150px\" \/><\/p><p><strong>Karolina Stankiewicz<\/strong><br \/>Event Manager<br \/><strong>Forum Global<\/strong><\/p><p><span style=\"text-decoration: underline;\"><strong><span style=\"color: #ffffff;\"><a style=\"color: #ffffff; text-decoration: underline;\" href=\"mailto:space@forum-global.com\" target=\"_blank\" rel=\"noopener\">space@forum-global.com<\/a><\/span><\/strong><\/span><\/p><p><strong>+44 (0) 7845 645853<\/strong><\/p>\t\t\t\t\t\t\t\t<\/div>\n\t\t\t\t<\/div>\n\t\t\t\t<div class=\"elementor-element elementor-element-12d5c1d elementor-grid-3 e-grid-align-left elementor-shape-rounded elementor-widget elementor-widget-social-icons\" data-id=\"12d5c1d\" data-element_type=\"widget\" data-widget_type=\"social-icons.default\">\n\t\t\t\t<div class=\"elementor-widget-container\">\n\t\t\t\t\t\t\t<div class=\"elementor-social-icons-wrapper elementor-grid\" role=\"list\">\n\t\t\t\t\t\t\t<span class=\"elementor-grid-item\" role=\"listitem\">\n\t\t\t\t\t<a class=\"elementor-icon elementor-social-icon elementor-social-icon-Twitter elementor-repeater-item-7e82cfb\" href=\"https:\/\/x.com\/Forum_Global\" target=\"_blank\">\n\t\t\t\t\t\t<span class=\"elementor-screen-only\">Twitter<\/span>\n\t\t\t\t\t\t<svg xmlns=\"http:\/\/www.w3.org\/2000\/svg\" xmlns:xlink=\"http:\/\/www.w3.org\/1999\/xlink\" width=\"512\" height=\"512\" x=\"0\" y=\"0\" viewBox=\"0 0 1226.37 1226.37\" style=\"enable-background:new 0 0 512 512\" xml:space=\"preserve\"><g><path d=\"M727.348 519.284 1174.075 0h-105.86L680.322 450.887 370.513 0H13.185l468.492 681.821L13.185 1226.37h105.866l409.625-476.152 327.181 476.152h357.328L727.322 519.284zM582.35 687.828l-47.468-67.894-377.686-540.24H319.8l304.797 435.991 47.468 67.894 396.2 566.721H905.661L582.35 687.854z\" fill=\"#ffffff\" opacity=\"1\" data-original=\"#000000\"><\/path><\/g><\/svg>\t\t\t\t\t<\/a>\n\t\t\t\t<\/span>\n\t\t\t\t\t\t\t<span class=\"elementor-grid-item\" role=\"listitem\">\n\t\t\t\t\t<a class=\"elementor-icon elementor-social-icon elementor-social-icon-youtube elementor-repeater-item-ac08186\" href=\"https:\/\/www.youtube.com\/@forumglobalevents\" target=\"_blank\">\n\t\t\t\t\t\t<span class=\"elementor-screen-only\">Youtube<\/span>\n\t\t\t\t\t\t<svg aria-hidden=\"true\" class=\"e-font-icon-svg e-fab-youtube\" viewBox=\"0 0 576 512\" xmlns=\"http:\/\/www.w3.org\/2000\/svg\"><path d=\"M549.655 124.083c-6.281-23.65-24.787-42.276-48.284-48.597C458.781 64 288 64 288 64S117.22 64 74.629 75.486c-23.497 6.322-42.003 24.947-48.284 48.597-11.412 42.867-11.412 132.305-11.412 132.305s0 89.438 11.412 132.305c6.281 23.65 24.787 41.5 48.284 47.821C117.22 448 288 448 288 448s170.78 0 213.371-11.486c23.497-6.321 42.003-24.171 48.284-47.821 11.412-42.867 11.412-132.305 11.412-132.305s0-89.438-11.412-132.305zm-317.51 213.508V175.185l142.739 81.205-142.739 81.201z\"><\/path><\/svg>\t\t\t\t\t<\/a>\n\t\t\t\t<\/span>\n\t\t\t\t\t\t\t<span class=\"elementor-grid-item\" role=\"listitem\">\n\t\t\t\t\t<a class=\"elementor-icon elementor-social-icon elementor-social-icon-linkedin elementor-repeater-item-4121460\" href=\"https:\/\/www.linkedin.com\/company\/forum-global-events\/\" target=\"_blank\">\n\t\t\t\t\t\t<span class=\"elementor-screen-only\">Linkedin<\/span>\n\t\t\t\t\t\t<svg aria-hidden=\"true\" class=\"e-font-icon-svg e-fab-linkedin\" viewBox=\"0 0 448 512\" xmlns=\"http:\/\/www.w3.org\/2000\/svg\"><path d=\"M416 32H31.9C14.3 32 0 46.5 0 64.3v383.4C0 465.5 14.3 480 31.9 480H416c17.6 0 32-14.5 32-32.3V64.3c0-17.8-14.4-32.3-32-32.3zM135.4 416H69V202.2h66.5V416zm-33.2-243c-21.3 0-38.5-17.3-38.5-38.5S80.9 96 102.2 96c21.2 0 38.5 17.3 38.5 38.5 0 21.3-17.2 38.5-38.5 38.5zm282.1 243h-66.4V312c0-24.8-.5-56.7-34.5-56.7-34.6 0-39.9 27-39.9 54.9V416h-66.4V202.2h63.7v29.2h.9c8.9-16.8 30.6-34.5 62.9-34.5 67.2 0 79.7 44.3 79.7 101.9V416z\"><\/path><\/svg>\t\t\t\t\t<\/a>\n\t\t\t\t<\/span>\n\t\t\t\t\t<\/div>\n\t\t\t\t\t\t<\/div>\n\t\t\t\t<\/div>\n\t\t\t\t<div class=\"elementor-element elementor-element-ebafe16 elementor-widget elementor-widget-text-editor\" data-id=\"ebafe16\" data-element_type=\"widget\" data-widget_type=\"text-editor.default\">\n\t\t\t\t<div class=\"elementor-widget-container\">\n\t\t\t\t\t\t\t\t\t<p style=\"text-align: left;\"><span style=\"color: #ffffff;\"><a style=\"color: #ffffff;\" href=\"https:\/\/twitter.com\/hashtag\/EUSpaceForum?src=hashtag_click\" target=\"_blank\" rel=\"noopener\"><strong>#EUSpaceForum<\/strong><\/a><\/span><\/p><p style=\"text-align: left;\">\u00a0<\/p>\t\t\t\t\t\t\t\t<\/div>\n\t\t\t\t<\/div>\n\t\t\t\t<div class=\"elementor-element elementor-element-9b379ec elementor-widget elementor-widget-image\" data-id=\"9b379ec\" data-element_type=\"widget\" data-widget_type=\"image.default\">\n\t\t\t\t<div class=\"elementor-widget-container\">\n\t\t\t\t\t\t\t\t\t\t\t\t\t\t\t\t<a href=\"https:\/\/forum-europe.com\/\" target=\"_blank\">\n\t\t\t\t\t\t\t<img decoding=\"async\" width=\"300\" height=\"51\" src=\"https:\/\/euspaceforum.com\/2025\/wp-content\/uploads\/2025\/04\/Forum-Global-white-colour@2x-300x51.png\" class=\"attachment-medium size-medium wp-image-7663\" alt=\"Forum Global\" srcset=\"https:\/\/euspaceforum.com\/2025\/wp-content\/uploads\/2025\/04\/Forum-Global-white-colour@2x-300x51.png 300w, https:\/\/euspaceforum.com\/2025\/wp-content\/uploads\/2025\/04\/Forum-Global-white-colour@2x-1024x173.png 1024w, https:\/\/euspaceforum.com\/2025\/wp-content\/uploads\/2025\/04\/Forum-Global-white-colour@2x-768x130.png 768w, https:\/\/euspaceforum.com\/2025\/wp-content\/uploads\/2025\/04\/Forum-Global-white-colour@2x.png 1502w\" sizes=\"(max-width: 300px) 100vw, 300px\" loading=\"eager\" \/>\t\t\t\t\t\t\t\t<\/a>\n\t\t\t\t\t\t\t\t\t\t\t\t\t\t\t<\/div>\n\t\t\t\t<\/div>\n\t\t\t\t\t<\/div>\n\t\t<\/div>\n\t\t\t\t\t<\/div>\n\t\t<\/section>\n\t\t\t\t<div class=\"elementor-element elementor-element-acfcd82 elementor-widget elementor-widget-spacer\" data-id=\"acfcd82\" data-element_type=\"widget\" data-widget_type=\"spacer.default\">\n\t\t\t\t<div class=\"elementor-widget-container\">\n\t\t\t\t\t\t\t<div class=\"elementor-spacer\">\n\t\t\t<div class=\"elementor-spacer-inner\"><\/div>\n\t\t<\/div>\n\t\t\t\t\t\t<\/div>\n\t\t\t\t<\/div>\n\t\t\t\t<div class=\"elementor-element elementor-element-f131b09 elementor-widget elementor-widget-heading\" data-id=\"f131b09\" data-element_type=\"widget\" data-widget_type=\"heading.default\">\n\t\t\t\t<div class=\"elementor-widget-container\">\n\t\t\t\t\t<h3 class=\"elementor-heading-title elementor-size-default\">Receive our event updates<\/h3>\t\t\t\t<\/div>\n\t\t\t\t<\/div>\n\t\t\t\t<div class=\"elementor-element elementor-element-109aa15 elementor-widget elementor-widget-text-editor\" data-id=\"109aa15\" data-element_type=\"widget\" data-widget_type=\"text-editor.default\">\n\t\t\t\t<div class=\"elementor-widget-container\">\n\t\t\t\t\t\t\t\t\t<p>Sign up to receive updates on our upcoming policy events. We will only send you emails about the conferences and topics that interest you, and you can unsubscribe at any time.\u00a0<\/p>\t\t\t\t\t\t\t\t<\/div>\n\t\t\t\t<\/div>\n\t\t\t\t<div class=\"elementor-element elementor-element-376349a elementor-align-center elementor-widget elementor-widget-button\" data-id=\"376349a\" data-element_type=\"widget\" data-widget_type=\"button.default\">\n\t\t\t\t<div class=\"elementor-widget-container\">\n\t\t\t\t\t\t\t\t\t<div class=\"elementor-button-wrapper\">\n\t\t\t\t\t<a class=\"elementor-button elementor-button-link elementor-size-sm\" href=\"https:\/\/forum-global.com\/newsletter-signup\/\" target=\"_blank\">\n\t\t\t\t\t\t<span class=\"elementor-button-content-wrapper\">\n\t\t\t\t\t\t<span class=\"elementor-button-icon\">\n\t\t\t\t<svg aria-hidden=\"true\" class=\"e-font-icon-svg e-far-arrow-alt-circle-right\" viewBox=\"0 0 512 512\" xmlns=\"http:\/\/www.w3.org\/2000\/svg\"><path d=\"M504 256C504 119 393 8 256 8S8 119 8 256s111 248 248 248 248-111 248-248zm-448 0c0-110.5 89.5-200 200-200s200 89.5 200 200-89.5 200-200 200S56 366.5 56 256zm72 20v-40c0-6.6 5.4-12 12-12h116v-67c0-10.7 12.9-16 20.5-8.5l99 99c4.7 4.7 4.7 12.3 0 17l-99 99c-7.6 7.6-20.5 2.2-20.5-8.5v-67H140c-6.6 0-12-5.4-12-12z\"><\/path><\/svg>\t\t\t<\/span>\n\t\t\t\t\t\t\t\t\t<span class=\"elementor-button-text\">Recieve our newsletter <\/span>\n\t\t\t\t\t<\/span>\n\t\t\t\t\t<\/a>\n\t\t\t\t<\/div>\n\t\t\t\t\t\t\t\t<\/div>\n\t\t\t\t<\/div>\n\t\t\t\t\t<\/div>\n\t\t<\/div>\n\t\t\t\t\t<\/div>\n\t\t<\/section>\n\t\t\t\t<\/div>\n\t\t","protected":false},"excerpt":{"rendered":"<p>This event has now taken place! Thank you to all speakers, sponsors, partners &amp; delegates who joined us. We look forward to seeing you at the 2026 edition. In the meantime, should you wish to find out more about speaking and sponsorship opportunities at next year\u2019s event, please contact\u00a0anne-lise.simon@forum-global.com Keep Informed for 2026 Event Highlights [&hellip;]<\/p>\n","protected":false},"author":1,"featured_media":7220,"parent":0,"menu_order":0,"comment_status":"closed","ping_status":"closed","template":"elementor_header_footer","meta":{"footnotes":""},"class_list":["post-2","page","type-page","status-publish","has-post-thumbnail","hentry"],"yoast_head":"<!-- This site is optimized with the Yoast SEO plugin v27.4 - https:\/\/yoast.com\/product\/yoast-seo-wordpress\/ -->\n<title>The European Space Forum 2025 | 02 &amp; 03 July, Brussels<\/title>\n<meta name=\"description\" content=\"The European Space Forum will return in July 2025 for its 5th edition, bringing together key industry leaders, policymakers, and experts for two full days of in-person, face-to-face discussions.\" \/>\n<meta name=\"robots\" content=\"index, follow, max-snippet:-1, max-image-preview:large, max-video-preview:-1\" \/>\n<link rel=\"canonical\" href=\"https:\/\/euspaceforum.com\/2025\/\" \/>\n<meta property=\"og:locale\" content=\"en_GB\" \/>\n<meta property=\"og:type\" content=\"article\" \/>\n<meta property=\"og:title\" content=\"The European Space Forum 2025\" \/>\n<meta property=\"og:description\" content=\"The European Space Forum will return in July 2025 for its 5th edition, bringing together key industry leaders, policymakers, and experts for two full days of in-person, face-to-face discussions.\" \/>\n<meta property=\"og:url\" content=\"https:\/\/euspaceforum.com\/2025\/\" \/>\n<meta property=\"og:site_name\" content=\"The European Space Forum 2025\" \/>\n<meta property=\"article:modified_time\" content=\"2025-08-20T07:54:16+00:00\" \/>\n<meta property=\"og:image\" content=\"https:\/\/euspaceforum.com\/2025\/wp-content\/uploads\/2025\/01\/3246-EU-Space-Forum-2025-FE-Site-Banner-July-1024x507.png\" \/>\n\t<meta property=\"og:image:width\" content=\"1024\" \/>\n\t<meta property=\"og:image:height\" content=\"507\" \/>\n\t<meta property=\"og:image:type\" content=\"image\/png\" \/>\n<meta name=\"twitter:card\" content=\"summary_large_image\" \/>\n<meta name=\"twitter:title\" content=\"European Space Forum 2025\" \/>\n<meta name=\"twitter:description\" content=\"The European Space Forum will return in July 2025 for its 5th edition, bringing together key industry leaders, policymakers, and experts for two full days of in-person, face-to-face discussions.\" \/>\n<meta name=\"twitter:image\" content=\"https:\/\/euspaceforum.com\/2025\/wp-content\/uploads\/2023\/01\/European-Space-Forum-2023_Twitter-Banner.jpg\" \/>\n<meta name=\"twitter:label1\" content=\"Estimated reading time\" \/>\n\t<meta name=\"twitter:data1\" content=\"204 minutes\" \/>\n<script type=\"application\/ld+json\" class=\"yoast-schema-graph\">{\"@context\":\"https:\\\/\\\/schema.org\",\"@graph\":[{\"@type\":\"WebPage\",\"@id\":\"https:\\\/\\\/euspaceforum.com\\\/2025\\\/\",\"url\":\"https:\\\/\\\/euspaceforum.com\\\/2025\\\/\",\"name\":\"The European Space Forum 2025 | 02 & 03 July, Brussels\",\"isPartOf\":{\"@id\":\"https:\\\/\\\/euspaceforum.com\\\/2025\\\/#website\"},\"primaryImageOfPage\":{\"@id\":\"https:\\\/\\\/euspaceforum.com\\\/2025\\\/#primaryimage\"},\"image\":{\"@id\":\"https:\\\/\\\/euspaceforum.com\\\/2025\\\/#primaryimage\"},\"thumbnailUrl\":\"https:\\\/\\\/euspaceforum.com\\\/2025\\\/wp-content\\\/uploads\\\/2025\\\/01\\\/3246-EU-SPACE-Forum-25-Twitter-800x418-Updated-Date.png\",\"datePublished\":\"2021-06-18T07:42:00+00:00\",\"dateModified\":\"2025-08-20T07:54:16+00:00\",\"description\":\"The European Space Forum will return in July 2025 for its 5th edition, bringing together key industry leaders, policymakers, and experts for two full days of in-person, face-to-face discussions.\",\"breadcrumb\":{\"@id\":\"https:\\\/\\\/euspaceforum.com\\\/2025\\\/#breadcrumb\"},\"inLanguage\":\"en-GB\",\"potentialAction\":[{\"@type\":\"ReadAction\",\"target\":[\"https:\\\/\\\/euspaceforum.com\\\/2025\\\/\"]}]},{\"@type\":\"ImageObject\",\"inLanguage\":\"en-GB\",\"@id\":\"https:\\\/\\\/euspaceforum.com\\\/2025\\\/#primaryimage\",\"url\":\"https:\\\/\\\/euspaceforum.com\\\/2025\\\/wp-content\\\/uploads\\\/2025\\\/01\\\/3246-EU-SPACE-Forum-25-Twitter-800x418-Updated-Date.png\",\"contentUrl\":\"https:\\\/\\\/euspaceforum.com\\\/2025\\\/wp-content\\\/uploads\\\/2025\\\/01\\\/3246-EU-SPACE-Forum-25-Twitter-800x418-Updated-Date.png\",\"width\":1600,\"height\":836},{\"@type\":\"BreadcrumbList\",\"@id\":\"https:\\\/\\\/euspaceforum.com\\\/2025\\\/#breadcrumb\",\"itemListElement\":[{\"@type\":\"ListItem\",\"position\":1,\"name\":\"Home\",\"item\":\"https:\\\/\\\/euspaceforum.com\\\/2025\\\/\"},{\"@type\":\"ListItem\",\"position\":2,\"name\":\"Home\"}]},{\"@type\":\"WebSite\",\"@id\":\"https:\\\/\\\/euspaceforum.com\\\/2025\\\/#website\",\"url\":\"https:\\\/\\\/euspaceforum.com\\\/2025\\\/\",\"name\":\"The European Space Forum 2025\",\"description\":\"\",\"potentialAction\":[{\"@type\":\"SearchAction\",\"target\":{\"@type\":\"EntryPoint\",\"urlTemplate\":\"https:\\\/\\\/euspaceforum.com\\\/2025\\\/?s={search_term_string}\"},\"query-input\":{\"@type\":\"PropertyValueSpecification\",\"valueRequired\":true,\"valueName\":\"search_term_string\"}}],\"inLanguage\":\"en-GB\"}]}<\/script>\n<!-- \/ Yoast SEO plugin. -->","yoast_head_json":{"title":"The European Space Forum 2025 | 02 & 03 July, Brussels","description":"The European Space Forum will return in July 2025 for its 5th edition, bringing together key industry leaders, policymakers, and experts for two full days of in-person, face-to-face discussions.","robots":{"index":"index","follow":"follow","max-snippet":"max-snippet:-1","max-image-preview":"max-image-preview:large","max-video-preview":"max-video-preview:-1"},"canonical":"https:\/\/euspaceforum.com\/2025\/","og_locale":"en_GB","og_type":"article","og_title":"The European Space Forum 2025","og_description":"The European Space Forum will return in July 2025 for its 5th edition, bringing together key industry leaders, policymakers, and experts for two full days of in-person, face-to-face discussions.","og_url":"https:\/\/euspaceforum.com\/2025\/","og_site_name":"The European Space Forum 2025","article_modified_time":"2025-08-20T07:54:16+00:00","og_image":[{"width":1024,"height":507,"url":"https:\/\/euspaceforum.com\/2025\/wp-content\/uploads\/2025\/01\/3246-EU-Space-Forum-2025-FE-Site-Banner-July-1024x507.png","type":"image\/png"}],"twitter_card":"summary_large_image","twitter_title":"European Space Forum 2025","twitter_description":"The European Space Forum will return in July 2025 for its 5th edition, bringing together key industry leaders, policymakers, and experts for two full days of in-person, face-to-face discussions.","twitter_image":"https:\/\/euspaceforum.com\/2025\/wp-content\/uploads\/2023\/01\/European-Space-Forum-2023_Twitter-Banner.jpg","twitter_misc":{"Estimated reading time":"204 minutes"},"schema":{"@context":"https:\/\/schema.org","@graph":[{"@type":"WebPage","@id":"https:\/\/euspaceforum.com\/2025\/","url":"https:\/\/euspaceforum.com\/2025\/","name":"The European Space Forum 2025 | 02 & 03 July, Brussels","isPartOf":{"@id":"https:\/\/euspaceforum.com\/2025\/#website"},"primaryImageOfPage":{"@id":"https:\/\/euspaceforum.com\/2025\/#primaryimage"},"image":{"@id":"https:\/\/euspaceforum.com\/2025\/#primaryimage"},"thumbnailUrl":"https:\/\/euspaceforum.com\/2025\/wp-content\/uploads\/2025\/01\/3246-EU-SPACE-Forum-25-Twitter-800x418-Updated-Date.png","datePublished":"2021-06-18T07:42:00+00:00","dateModified":"2025-08-20T07:54:16+00:00","description":"The European Space Forum will return in July 2025 for its 5th edition, bringing together key industry leaders, policymakers, and experts for two full days of in-person, face-to-face discussions.","breadcrumb":{"@id":"https:\/\/euspaceforum.com\/2025\/#breadcrumb"},"inLanguage":"en-GB","potentialAction":[{"@type":"ReadAction","target":["https:\/\/euspaceforum.com\/2025\/"]}]},{"@type":"ImageObject","inLanguage":"en-GB","@id":"https:\/\/euspaceforum.com\/2025\/#primaryimage","url":"https:\/\/euspaceforum.com\/2025\/wp-content\/uploads\/2025\/01\/3246-EU-SPACE-Forum-25-Twitter-800x418-Updated-Date.png","contentUrl":"https:\/\/euspaceforum.com\/2025\/wp-content\/uploads\/2025\/01\/3246-EU-SPACE-Forum-25-Twitter-800x418-Updated-Date.png","width":1600,"height":836},{"@type":"BreadcrumbList","@id":"https:\/\/euspaceforum.com\/2025\/#breadcrumb","itemListElement":[{"@type":"ListItem","position":1,"name":"Home","item":"https:\/\/euspaceforum.com\/2025\/"},{"@type":"ListItem","position":2,"name":"Home"}]},{"@type":"WebSite","@id":"https:\/\/euspaceforum.com\/2025\/#website","url":"https:\/\/euspaceforum.com\/2025\/","name":"The European Space Forum 2025","description":"","potentialAction":[{"@type":"SearchAction","target":{"@type":"EntryPoint","urlTemplate":"https:\/\/euspaceforum.com\/2025\/?s={search_term_string}"},"query-input":{"@type":"PropertyValueSpecification","valueRequired":true,"valueName":"search_term_string"}}],"inLanguage":"en-GB"}]}},"_links":{"self":[{"href":"https:\/\/euspaceforum.com\/2025\/wp-json\/wp\/v2\/pages\/2","targetHints":{"allow":["GET"]}}],"collection":[{"href":"https:\/\/euspaceforum.com\/2025\/wp-json\/wp\/v2\/pages"}],"about":[{"href":"https:\/\/euspaceforum.com\/2025\/wp-json\/wp\/v2\/types\/page"}],"author":[{"embeddable":true,"href":"https:\/\/euspaceforum.com\/2025\/wp-json\/wp\/v2\/users\/1"}],"replies":[{"embeddable":true,"href":"https:\/\/euspaceforum.com\/2025\/wp-json\/wp\/v2\/comments?post=2"}],"version-history":[{"count":0,"href":"https:\/\/euspaceforum.com\/2025\/wp-json\/wp\/v2\/pages\/2\/revisions"}],"wp:featuredmedia":[{"embeddable":true,"href":"https:\/\/euspaceforum.com\/2025\/wp-json\/wp\/v2\/media\/7220"}],"wp:attachment":[{"href":"https:\/\/euspaceforum.com\/2025\/wp-json\/wp\/v2\/media?parent=2"}],"curies":[{"name":"wp","href":"https:\/\/api.w.org\/{rel}","templated":true}]}}